{"id":2313,"date":"2020-02-10T05:23:50","date_gmt":"2020-02-10T03:23:50","guid":{"rendered":"https:\/\/www.wochen-zur-demokratie.de\/?page_id=2313"},"modified":"2020-03-23T14:26:41","modified_gmt":"2020-03-23T12:26:41","slug":"programm-2019","status":"publish","type":"page","link":"https:\/\/www.wochen-zur-demokratie.de\/archiv\/programm-2019\/","title":{"rendered":"Programm 2019"},"content":{"rendered":"<p>[et_pb_section fb_built=&#8220;1&#8243; disabled_on=&#8220;off|off|off&#8220; admin_label=&#8220;Section Logo dt&#8220; _builder_version=&#8220;3.27.2&#8243; custom_padding=&#8220;0px||0px||false|false&#8220; locked=&#8220;off&#8220;][et_pb_row _builder_version=&#8220;3.27.2&#8243; width=&#8220;100%&#8220; max_width=&#8220;none&#8220; custom_margin=&#8220;||||false|false&#8220; custom_padding=&#8220;0px||0px||false|false&#8220;][et_pb_column type=&#8220;4_4&#8243; _builder_version=&#8220;3.27.2&#8243;][et_pb_image src=&#8220;https:\/\/www.wochen-zur-demokratie.de\/archiv\/wp-content\/uploads\/2019\/08\/wzd-video-button.png&#8220; url=&#8220;#divi-sos-1824&#8243; show_bottom_space=&#8220;off&#8220; admin_label=&#8220;Image Datum Video&#8220; _builder_version=&#8220;3.27.4&#8243; width=&#8220;26%&#8220; max_width=&#8220;430px&#8220; custom_margin=&#8220;-6vw|||48%|false|false&#8220; custom_padding=&#8220;||||false|false&#8220;][\/et_pb_image][\/et_pb_column][\/et_pb_row][\/et_pb_section][et_pb_section fb_built=&#8220;1&#8243; admin_label=&#8220;Section Programm&#8220; module_id=&#8220;programm&#8220; _builder_version=&#8220;3.27.2&#8243; background_color=&#8220;#ffffff&#8220; custom_padding=&#8220;0px||0px||false|false&#8220; locked=&#8220;off&#8220;][et_pb_row _builder_version=&#8220;3.26.3&#8243; width=&#8220;100%&#8220; max_width=&#8220;none&#8220; custom_padding=&#8220;0px||0px||false|false&#8220;][et_pb_column type=&#8220;4_4&#8243; _builder_version=&#8220;3.26.3&#8243;][et_pb_image src=&#8220;https:\/\/www.wochen-zur-demokratie.de\/archiv\/wp-content\/uploads\/2020\/02\/wzd_divider-programm-2019-dt_1920.png&#8220; show_bottom_space=&#8220;off&#8220; force_fullwidth=&#8220;on&#8220; src_tablet=&#8220;&#8220; src_phone=&#8220;https:\/\/www.wochen-zur-demokratie.de\/archiv\/wp-content\/uploads\/2020\/02\/wzd_divider-programm-2019-ph_1080.png&#8220; src_last_edited=&#8220;on|desktop&#8220; _builder_version=&#8220;4.3.2&#8243; custom_margin=&#8220;||||false|false&#8220;][\/et_pb_image][\/et_pb_column][\/et_pb_row][et_pb_row _builder_version=&#8220;4.3.2&#8243; max_width=&#8220;1180px&#8220; custom_padding=&#8220;60px||0px||false|false&#8220; locked=&#8220;off&#8220;][et_pb_column type=&#8220;4_4&#8243; _builder_version=&#8220;4.3.2&#8243;][et_pb_text admin_label=&#8220;Einleitung&#8220; _builder_version=&#8220;4.3.2&#8243; header_font=&#8220;|600|||||||&#8220; header_font_size=&#8220;24px&#8220; custom_margin_tablet=&#8220;&#8220; custom_margin_phone=&#8220;&#8220; custom_margin_last_edited=&#8220;on|tablet&#8220; custom_padding=&#8220;||||false|false&#8220; custom_padding_tablet=&#8220;&#8220; custom_padding_phone=&#8220;&#8220; custom_padding_last_edited=&#8220;on|desktop&#8220; locked=&#8220;off&#8220;]<\/p>\n<h1>Wochen zur Demokratie 2019<\/h1>\n<p>2019 fanden die Wochen zur Demokratie erstmals in Passau statt. Sie gehen auf eine Idee zur\u00fcck, die ein Jahr zuvor in Koblenz (Rheinland-Pfalz) entstanden ist. Am Anfang stand die Frage: Wie k\u00f6nnen wir in Stadt und Region zu einer Verlebendigung unserer Demokratie beitragen? Klar war: Wir m\u00fcssen selbst Sorge daf\u00fcr tragen, einen \u00f6ffentlichen Raum f\u00fcr die demokratische Selbstbestimmung zu schaffen. Um gemeinsam zu neuen Ideen f\u00fcr unsere Demokratie, aber auch zu informierten Entscheidungen f\u00fcr unsere Zukunft kommen.<\/p>\n<p>Vom 2. bis zum 20. Oktober konnten wir die Wochen zur Demokratie gemeinsam mit Stadt und Landkreis Passau sowie der bundesweiten Initiative Die offene Gesellschaft veranstalten. Entstanden ist ein vielf\u00e4ltiges Programm zur Demokratief\u00f6rderung mit mehr als 40 Events und rund 50 Partnern \u2013 quer durch alle gesellschaftlichen Gruppierungen. Teilhabe und Mitbestimmung in einer offenen Gesellschaft, eine Atmosph\u00e4re der gegenseitigen Anerkennung sowie gesellschaftlicher Zusammenhalt standen hierbei im Fokus.<\/p>\n<p>Die Veranstaltungen rufen aber nicht nur demokratische Grundwerte ins \u00f6ffentliche Bewusstsein, sondern setzen auch eine Diskussion \u00fcber aktuelle Herausforderungen und m\u00f6gliche L\u00f6sungen in Gang \u2013 etwa durch ein Ideenlabor. Zugleich aktivieren die Wochen zur Demokratie viele engagierte B\u00fcrger und B\u00fcrgerinnen in unserer Region. Gemeinsam konnten wir im Herbst 2019 drei intensive Veranstaltungswochen erleben.<\/p>\n<p>[\/et_pb_text][\/et_pb_column][\/et_pb_row][et_pb_row _builder_version=&#8220;3.26.3&#8243; width=&#8220;100%&#8220; max_width=&#8220;1180px&#8220; custom_padding=&#8220;35px|||||&#8220;][et_pb_column type=&#8220;4_4&#8243; _builder_version=&#8220;3.26.3&#8243;][et_pb_text admin_label=&#8220;EventOn Shortcode Tiles&#8220; _builder_version=&#8220;3.29.2&#8243;]<div id='evcal_calendar_468' class='ajde_evcal_calendar boxy boxstyle0 box_4 evoEL' ><div class='evo-data' data-cyear=\"2026\" data-cmonth=\"5\" data-runajax=\"1\" data-evc_open=\"0\" data-cal_ver=\"2.7.3\" data-mapscroll=\"true\" data-mapformat=\"roadmap\" data-mapzoom=\"18\" data-mapiconurl=\"\" data-ev_cnt=\"0\" data-show_limit=\"no\" data-tiles=\"yes\" data-sort_by=\"sort_date\" data-filters_on=\"false\" data-range_start=\"1559174400\" data-range_end=\"1577664000\" data-send_unix=\"1\" data-ux_val=\"0\" data-accord=\"0\" data-rtl=\"no\"  ><\/div><div id='evcal_head' class='calendar_header evcal_nosort' ><div class='evo_cal_above_content'><\/div><div class='cal_arguments' style='display:none' data-hide_past=\"no\" data-show_et_ft_img=\"no\" data-event_order=\"ASC\" data-ft_event_priority=\"no\" data-lang=\"L1\" data-month_incre=\"0\" data-only_ft=\"no\" data-hide_ft=\"no\" data-evc_open=\"no\" data-show_limit=\"no\" data-etc_override=\"no\" data-show_limit_redir=\"0\" data-tiles=\"yes\" data-tile_height=\"275\" data-tile_bg=\"0\" data-tile_count=\"4\" data-tile_style=\"0\" data-s=\"\" data-members_only=\"no\" data-ux_val=\"0\" data-show_limit_ajax=\"no\" data-show_limit_paged=\"1\" data-hide_mult_occur=\"yes\" data-show_repeats=\"no\" data-hide_end_time=\"no\" data-eventtop_style=\"0\" data-sep_month=\"no\" data-number_of_months=\"2\" ><\/div><div class='clear'><\/div><\/div><div class='eventon_sorting_section' style='display:none'><div class='eventon_filter_line '><div class='eventon_filter' data-filter_field='event_type' data-filter_val='all' data-filter_type='tax' data-fl_o='IN'><\/div><div class='eventon_filter' data-filter_field='event_type_2' data-filter_val='all' data-filter_type='tax' data-fl_o='IN'><\/div><div class='eventon_filter' data-filter_field='event_type_3' data-filter_val='all' data-filter_type='tax' data-fl_o='IN'><\/div><div class='eventon_filter' data-filter_field='event_type_4' data-filter_val='all' data-filter_type='tax' data-fl_o='IN'><\/div><div class='eventon_filter' data-filter_field='event_type_5' data-filter_val='all' data-filter_type='tax' data-fl_o='IN'><\/div><div class='eventon_filter' data-filter_field='event_location' data-filter_val='all' data-filter_type='tax' data-fl_o='IN'><\/div><div class='eventon_filter' data-filter_field='event_organizer' data-filter_val='all' data-filter_type='tax' data-fl_o='IN'><\/div><div class='eventon_filter' data-filter_field='event_tag' data-filter_val='all' data-filter_type='tax' data-fl_o='IN'><\/div><\/div><div class='clear'><\/div><\/div><div id='eventon_loadbar_section'><div id='eventon_loadbar'><\/div><\/div><div id='evcal_list' class='eventon_events_list'><div style=\"background-color: #c766a4;height: 275px;\" id=\"event_211\" class=\"eventon_list_event evo_eventtop past_event event event_211_0\" data-event_id=\"211\" data-ri=\"0r\" data-time=\"1562371201-1569801599\" data-colr=\"#c766a4\" itemscope itemtype='http:\/\/schema.org\/Event'><div class=\"evo_event_schema\" style=\"display:none\" ><a itemprop='url'  href='https:\/\/www.wochen-zur-demokratie.de\/archiv\/events\/verstrichene-zeit-elfolyo-ido\/'><\/a><span itemprop='name'  >Verstrichene Zeit \u2013 Elfoly\u00f3 id\u0151<\/span><meta itemprop='image' content=\"https:\/\/www.wochen-zur-demokratie.de\/archiv\/wp-content\/uploads\/2019\/07\/Verstrichene-Zeit.jpg\" \/><meta itemprop='description' content=\"Datum: bis Sonntag, 29. September  Uhrzeit: Di\u2013So, 10:00\u201318:00 Uhr  Ort:\u00a0 Passau, Museum Moderner Kunst W\u00f6rlen  Eintritt: Erw. 6 Euro, erm. 4 Euro, Familien 12 Euro, Kinder unter 6 Jahren frei  2019 j\u00e4hrt sich\" \/><meta itemprop='startDate' content=\"2019-7-6\" \/><meta itemprop='endDate' content=\"2019-9-29\" \/><meta itemprop='eventStatus' content=\"on-schedule\" \/><script type=\"application\/ld+json\">{\t\"@context\": \"http:\/\/schema.org\",\n\t\t\t\t\t\t\t  \t\"@type\": \"Event\",\n\t\t\t\t\t\t\t  \t\"name\": \"Verstrichene Zeit \u2013 Elfoly\u00f3 id\u0151\",\n\t\t\t\t\t\t\t  \t\"startDate\": \"2019-7-6T00-00-00-00\",\n\t\t\t\t\t\t\t  \t\"endDate\": \"2019-9-29T23-23-59-00\",\n\t\t\t\t\t\t\t  \t\"image\":\"https:\/\/www.wochen-zur-demokratie.de\/archiv\/wp-content\/uploads\/2019\/07\/Verstrichene-Zeit.jpg\",\n\t\t\t\t\t\t\t  \t\"description\":\"Datum: bis Sonntag, 29. September  Uhrzeit: Di\u2013So, 10:00\u201318:00 Uhr  Ort:\u00a0 Passau, Museum Moderner Kunst W\u00f6rlen  Eintritt: Erw. 6 Euro, erm. 4 Euro, Familien 12 Euro, Kinder unter 6 Jahren frei  2019 j\u00e4hrt sich\"\n\t\t\t\t\t\t\t  \t\n\t\t\t\t\t\t\t }<\/script><\/div>\n\t\t\t\t<p class=\"desc_trig_outter\"><a data-gmap_status=\"null\" data-exlk=\"0\" id=\"evc_1562371201211\" class=\"desc_trig mul_val evcal_list_a allday\" data-ux_val=\"3\"  ><span class='evcal_cblock ' data-bgcolor='#c766a4' data-smon='Juli' data-syr='2019'><span class='evo_start '><em class='date'>06<\/em><em class='month'>Juli<\/em><em class='time'>ganzt\u00e4gig<\/em><\/span><span class='evo_end '><em class='date'>29<\/em><em class='month'>Sept.<\/em><\/span><em class='clear'><\/em><\/span><span class='evcal_desc evo_info hide_eventtopdata '  data-location_status=\"false\" ><span class='evo_above_title'><\/span><span class='evcal_desc2 evcal_event_title' itemprop='name'>Verstrichene Zeit \u2013 Elfoly\u00f3 id\u0151<\/span><span class='evo_below_title'><span class='evcal_event_subtitle' >Kunstausstellung im MMK Passau<\/span><\/span><span class='evcal_desc_info' ><em class='evcal_time'><em class='evcal_alldayevent_text'>(ganzt\u00e4gig)<\/em><\/em> <em class=\"evcal_location\"  data-add_str=\"\"><em class=\"event_location_name\">Museum Moderner Kunst<\/em><\/em><\/span><span class='evcal_desc3'><\/span><\/span><em class='clear'><\/em><\/a><\/p><div class='event_description evcal_eventcard ' style=\"display:none\"><div class='evo_metarow_directimg'><img class='evo_event_main_img' src='https:\/\/www.wochen-zur-demokratie.de\/archiv\/wp-content\/uploads\/2019\/07\/Verstrichene-Zeit.jpg' \/><\/div><div class='evo_metarow_details evorow evcal_evdata_row bordb evcal_event_details'>\n\t\t\t\t\t\t\t<div class=\"event_excerpt\" style=\"display:none\"><h3 class=\"padb5 evo_h3\">Event Details<\/h3><p>Datum: bis Sonntag, 29. September\r\nUhrzeit: Di\u2013So, 10:00\u201318:00 Uhr\r\nOrt:\u00a0 Passau, Museum Moderner Kunst W\u00f6rlen\r\nEintritt: Erw. 6 Euro, erm. 4 Euro, Familien 12 Euro, Kinder unter 6 Jahren frei\r\n2019 j\u00e4hrt sich<\/p><\/div><span class='evcal_evdata_icons'><i class='fa fa-align-justify'><\/i><\/span>\n\t\t\t\t\t\t\t\n\t\t\t\t\t\t\t<div class='evcal_evdata_cell shorter_desc'><div class='eventon_details_shading_bot'>\n\t\t\t\t\t\t\t\t<p class='eventon_shad_p' content='less'><span class='ev_more_text' data-txt='Weniger anzeigen'>Mehr anzeigen<\/span><span class='ev_more_arrow'><\/span><\/p>\n\t\t\t\t\t\t\t<\/div><div class='eventon_full_description'>\n\t\t\t\t\t\t\t\t\t<h3 class='padb5 evo_h3'><span class='evcal_evdata_icons'><i class='fa fa-align-justify'><\/i><\/span>Event Details<\/h3><div class='eventon_desc_in' itemprop='description'>\n\t\t\t\t\t\t\t\t\t<p class=\"eventdaten\"><strong>Datum:<\/strong> bis Sonntag, 29. September<br \/>\n<strong>Uhrzeit:<\/strong> Di\u2013So, 10:00\u201318:00 Uhr<br \/>\n<strong>Ort:\u00a0<\/strong> Passau, Museum Moderner Kunst W\u00f6rlen<br \/>\n<strong>Eintritt:<\/strong> Erw. 6 Euro, erm. 4 Euro, Familien 12 Euro, Kinder unter 6 Jahren frei<\/p>\n<p>2019 j\u00e4hrt sich der Fall des Eisernen Vorhangs zum 30. Mal. Aus diesem Anlass zeigte das MMK in Kooperation mit dem Generalkonsulat von Ungarn in Bayern und mit der Ungarischen Akademie der K\u00fcnste in Budapest die Ausstellung \u201eVerstrichene Zeit \u2013 Elfoly\u00f3 id\u0151\u201c.<\/p>\n<p>1989 leitet die Grenz\u00f6ffnung in Ungarn das Ende des sozialistischen Regierungssystems in Europa und damit die Wiedervereinigung Deutschlands ein. Mit der anfangs nur tempor\u00e4r beabsichtigten \u00d6ffnung des Eisernen Vorhangs zwischen Ungarn und \u00d6sterreich beginnt eine friedliche Revolution, die Deutschland und Europa wieder einen wird. Dabei kam \u2013 und kommt \u2013 den St\u00e4dten Passau und Budapest eine besondere Rolle zu: Sie verbindet seit jeher ein kultureller Austausch entlang der Donauufer, der auch in dieser Ausstellung zum Tragen kommt.<\/p>\n<p><strong>23 ungarische K\u00fcnstler<\/strong> zeigten in ihren Werken r\u00fcckblickend ihre Sicht auf das Ende des Sozialismus. Kuratiert wurde die Ausstellung von L\u00e1szl\u00f3 Alapfy und P\u00e9ter Stefanovits von der Ungarischen Akademie der K\u00fcnste in Budapest.<\/p>\n<\/div><div class='clear'><\/div>\n\t\t\t\t\t\t\t\t<\/div>\n\t\t\t\t\t\t\t<\/div>\n\t\t\t\t\t\t<\/div><div class='evo_metarow_organizer evorow evcal_evdata_row bordb evcal_evrow_sm '>\n\t\t\t\t\t\t\t<span class='evcal_evdata_icons'><i class='fa fa-address-book-o'><\/i><\/span>\n\t\t\t\t\t\t\t<div class='evcal_evdata_cell'>\t\t\t\t\t\t\t\n\t\t\t\t\t\t\t\t<h3 class='evo_h3'>Mitveranstalter \/ Partner<\/h3>\n\t\t\t\t\t\t\t\t<p class='evo_data_val evo_card_organizer_image'><img src='https:\/\/www.wochen-zur-demokratie.de\/archiv\/wp-content\/uploads\/2019\/07\/Logo-MMK-Passau-300x121.jpg'\/><\/p>\n\t\t\t\t\t\t\t\t<div class='evo_card_organizer'><p class='evo_data_val evo_card_organizer_name'>\n\t\t\t\t\t\t\t\t\t<span class='evo_card_organizer_name_t'>Museum Moderner Kunst<\/span>\n\t\t\t\t\t\t\t\t\t\n\t\t\t\t\t\t\t\t\t<\/p><\/div><div class='clear'><\/div>\t\t\t\t\t\t\t\n\t\t\t\t\t\t\t<\/div>\n\t\t\t\t\t\t<\/div>\t\t\t\t\t\t<div class='evo_metarow_ICS evorow bordb evcal_evdata_row'>\n\t\t\t\t\t\t\t<span class=\"evcal_evdata_icons\"><i class=\"fa fa-calendar\"><\/i><\/span>\n\t\t\t\t\t\t\t<div class='evcal_evdata_cell'>\n\t\t\t\t\t\t\t\t<p><a href='https:\/\/www.wochen-zur-demokratie.de\/archiv\/wp-admin\/admin-ajax.php?action=eventon_ics_download&amp;event_id=211&amp;ri=0' class='evo_ics_nCal' title='Zum Ihrem Kalender hinzuf\u00fcgen'>Zum Kalender hinzuf\u00fcgen<\/a><a href='\/\/www.google.com\/calendar\/event?action=TEMPLATE&amp;text=Verstrichene+Zeit+%E2%80%93+Elfoly%C3%B3+id%C5%91&amp;dates=20190705T220000Z\/20190929T215900Z&amp;details=Datum%3A+bis+Sonntag%2C+29.+September%0D%0AUhrzeit%3A+Di%E2%80%93So%2C+10%3A00%E2%80%9318%3A00+Uhr%0D%0AOrt%3A%C2%A0+Passau%2C+Museum+Moderner+Kunst+W%C3%B6rlen%0D%0AEintritt%3A+Erw.+6+Euro%2C+erm.+4+Euro%2C+Familien+12+Euro%2C+Kinder+unter+6+Jahren+frei%0D%0A2019+j%C3%A4hrt+sich&amp;location=Museum+Moderner+Kunst - ' target='_blank' class='evo_ics_gCal' title='Zum Ihrem Google-Kalender hinzuf\u00fcgen'>GoogleCal<\/a><\/p>\t\n\t\t\t\t\t\t\t<\/div>\n\t\t\t\t\t\t<\/div>\n\t\t\t\t\t\t<div class='bordb evo_metarow_socialmedia evcal_evdata_row  lastrow'><div class='evo_sm FacebookShare'><a class=\" evo_ss\" target=\"_blank\" onclick=\"javascript:window.open(this.href, '', 'left=50,top=50,width=600,height=350,toolbar=0');return false;\"\n\t\t\t\t\t\t\t\thref=\"http:\/\/www.facebook.com\/sharer.php?u=https%3A%2F%2Fwww.wochen-zur-demokratie.de%2Farchiv%2Fevents%2Fverstrichene-zeit-elfolyo-ido%2F\" title=\"Diese Veranstaltung auf Facebook teilen\"><i class=\"fa fa-facebook\"><\/i><\/a><\/div><div class='evo_sm Twitter'><a class=\"tw evo_ss\" onclick=\"javascript:window.open(this.href, '', 'menubar=no,toolbar=no,resizable=yes,scrollbars=yes,height=300,width=600');return false;\" href=\"http:\/\/twitter.com\/intent\/tweet?text=Verstrichene Zeit \u2013 Elfoly\u00f3 id\u0151&#32;-&#32;&url=https%3A%2F%2Fwww.wochen-zur-demokratie.de%2Farchiv%2Fevents%2Fverstrichene-zeit-elfolyo-ido%2F\" title=\"Diese Veranstaltung auf Twitter teilen\" rel=\"nofollow\" target=\"_blank\" data-url=\"https%3A%2F%2Fwww.wochen-zur-demokratie.de%2Farchiv%2Fevents%2Fverstrichene-zeit-elfolyo-ido%2F\"><i class=\"fa fa-twitter\"><\/i><\/a><\/div><div class='evo_sm LinkedIn'><a class=\"li evo_ss\" href=\"http:\/\/www.linkedin.com\/shareArticle?mini=true&url=https%3A%2F%2Fwww.wochen-zur-demokratie.de%2Farchiv%2Fevents%2Fverstrichene-zeit-elfolyo-ido%2F&title=Verstrichene%20Zeit%20%E2%80%93%20Elfoly%C3%B3%20id%C5%91&summary=Datum%3A+bis+Sonntag%2C+29.+September%0AUhrzeit%3A+Di%E2%80%93So%2C+10%3A00%E2%80%9318%3A00+Uhr%0AOrt%3A%C2%A0+Passau%2C+Museum+Moderner+Kunst+W%C3%B6rlen\" target=\"_blank\" title=\"Diese Veranstaltung auf Linkedin teilen\"><i class=\"fa fa-linkedin\"><\/i><\/a><\/div><div class='evo_sm EmailShare'><a class=\"em evo_ss\" href=\"mailto:?subject=Verstrichene Zeit \u2013 Elfoly\u00f3 id\u0151&body=Event Name: Verstrichene Zeit \u2013 Elfoly\u00f3 id\u0151%0AEvent Date: 06\/07\/2019 (ganzt\u00e4gig) - 29\/09\/2019 (ganzt\u00e4gig)%0ALink: https%3A%2F%2Fwww.wochen-zur-demokratie.de%2Farchiv%2Fevents%2Fverstrichene-zeit-elfolyo-ido%2F%0A\" target=\"_blank\"><i class=\"fa fa-envelope\"><\/i><\/a><\/div><div class='clear'><\/div><div class='evcal_evdata_row evcal_close' title='Close'><\/div><\/div><div class='evo_card_row_end evcal_close' title='Close'><\/div><\/div><div class='clear end'><\/div><\/div><div style=\"background-color: #c766a4;height: 275px;\" id=\"event_398\" class=\"eventon_list_event evo_eventtop past_event event event_398_0\" data-event_id=\"398\" data-ri=\"0r\" data-time=\"1569974401-1571529599\" data-colr=\"#c766a4\" itemscope itemtype='http:\/\/schema.org\/Event'><div class=\"evo_event_schema\" style=\"display:none\" ><a itemprop='url'  href='https:\/\/www.wochen-zur-demokratie.de\/archiv\/events\/zwischen-rechts-und-links-ist-nicht-die-mitte\/'><\/a><span itemprop='name'  >Zwischen rechts und links ist nicht die Mitte<\/span><meta itemprop='image' content=\"https:\/\/www.wochen-zur-demokratie.de\/archiv\/wp-content\/uploads\/2019\/08\/buechertisch-henke.jpg\" \/><meta itemprop='description' content=\"W\u00e4hrend der Wochen zur Demokratie pr\u00e4sentierte Antiquariat und Buchhandlung Heiner Henke einen Thementisch mit ausgew\u00e4hlten B\u00fcchern aus dem Spektrum des Verlags Matthes &amp; Seitz:  Gef\u00e4hrliche B\u00fccher und kompromisslose Analysen zu\" \/><meta itemprop='startDate' content=\"2019-10-2\" \/><meta itemprop='endDate' content=\"2019-10-19\" \/><meta itemprop='eventStatus' content=\"on-schedule\" \/>\n\t\t\t\t\t\t\t\t\t<item style=\"display:none\" itemprop=\"location\" itemscope itemtype=\"http:\/\/schema.org\/Place\">\n\t\t\t\t\t\t\t\t\t\t<span itemprop=\"name\">Antiquariat und Buchhandlung Heiner Henke, Passau, Domplatz<\/span>\n\t\t\t\t\t\t\t\t\t\t<span itemprop=\"address\" itemscope itemtype=\"http:\/\/schema.org\/PostalAddress\">\n\t\t\t\t\t\t\t\t\t\t\t<item itemprop=\"streetAddress\">Luragogasse 5, 94032 Passau<\/item>\n\t\t\t\t\t\t\t\t\t\t<\/span><\/item><script type=\"application\/ld+json\">{\t\"@context\": \"http:\/\/schema.org\",\n\t\t\t\t\t\t\t  \t\"@type\": \"Event\",\n\t\t\t\t\t\t\t  \t\"name\": \"Zwischen rechts und links ist nicht die Mitte\",\n\t\t\t\t\t\t\t  \t\"startDate\": \"2019-10-2T00-00-00-00\",\n\t\t\t\t\t\t\t  \t\"endDate\": \"2019-10-19T23-23-59-00\",\n\t\t\t\t\t\t\t  \t\"image\":\"https:\/\/www.wochen-zur-demokratie.de\/archiv\/wp-content\/uploads\/2019\/08\/buechertisch-henke.jpg\",\n\t\t\t\t\t\t\t  \t\"description\":\"W\u00e4hrend der Wochen zur Demokratie pr\u00e4sentierte Antiquariat und Buchhandlung Heiner Henke einen Thementisch mit ausgew\u00e4hlten B\u00fcchern aus dem Spektrum des Verlags Matthes &amp; Seitz:  Gef\u00e4hrliche B\u00fccher und kompromisslose Analysen zu\"\n\t\t\t\t\t\t\t  \t,\"location\":{\n\t\t\t\t\t\t\t\t\t\t\"@type\":\"Place\",\n\t\t\t\t\t\t\t\t\t\t\"name\":\"Antiquariat und Buchhandlung Heiner Henke, Passau, Domplatz\",\n\t\t\t\t\t\t\t\t\t\t\"address\":{\n\t\t\t\t\t\t\t\t\t\t\t\"@type\": \"PostalAddress\"\n\t\t\t\t\t\t\t\t\t\t\t\"streetAddress\":\"Luragogasse 5, 94032 Passau\"\n\t\t\t\t\t\t\t\t\t\t}\n\t\t\t\t\t\t\t  \t\t}\n\t\t\t\t\t\t\t }<\/script><\/div>\n\t\t\t\t<p class=\"desc_trig_outter\"><a data-gmap_status=\"null\" data-gmtrig=\"1\" data-exlk=\"0\" id=\"evc_1569974401398\" class=\"desc_trig mul_val evcal_list_a allday\" data-ux_val=\"3\"  ><span class='evcal_cblock ' data-bgcolor='#c766a4' data-smon='Oktober' data-syr='2019'><span class='evo_start '><em class='date'>02<\/em><em class='month'>Okt.<\/em><em class='time'>ganzt\u00e4gig<\/em><\/span><span class='evo_end '><em class='date'>19<\/em><\/span><em class='clear'><\/em><\/span><span class='evcal_desc evo_info hide_eventtopdata '  data-location_address=\"Luragogasse 5, 94032 Passau\" data-location_type=\"address\" data-location_name=\"Antiquariat und Buchhandlung Heiner Henke, Passau, Domplatz\" data-location_url=\"https:\/\/www.wochen-zur-demokratie.de\/archiv\/event-location\/antiquariat-und-buchhandlung-heiner-henke\/\" data-location_status=\"true\" ><span class='evo_above_title'><\/span><span class='evcal_desc2 evcal_event_title' itemprop='name'>Zwischen rechts und links ist nicht die Mitte<\/span><span class='evo_below_title'><span class='evcal_event_subtitle' >Thematischer B\u00fcchertisch vom Verlag Matthes & Seitz Berlin im Antiquariat Heiner Henke<\/span><\/span><span class='evcal_desc_info' ><em class='evcal_time'><em class='evcal_alldayevent_text'>(ganzt\u00e4gig)<\/em><\/em> <em class=\"evcal_location\"  data-add_str=\"\"><em class=\"event_location_name\">Antiquariat und Buchhandlung Heiner Henke, Passau, Domplatz<\/em><\/em><\/span><span class='evcal_desc3'><\/span><\/span><em class='clear'><\/em><\/a><\/p><div class='event_description evcal_eventcard ' style=\"display:none\"><div class='evo_metarow_directimg'><img class='evo_event_main_img' src='https:\/\/www.wochen-zur-demokratie.de\/archiv\/wp-content\/uploads\/2019\/08\/buechertisch-henke.jpg' \/><\/div><div class='evo_metarow_details evorow evcal_evdata_row bordb evcal_event_details'>\n\t\t\t\t\t\t\t<div class=\"event_excerpt\" style=\"display:none\"><h3 class=\"padb5 evo_h3\">Event Details<\/h3><p>W\u00e4hrend der Wochen zur Demokratie pr\u00e4sentierte Antiquariat und Buchhandlung Heiner Henke einen Thementisch mit ausgew\u00e4hlten B\u00fcchern aus dem Spektrum des Verlags Matthes &amp; Seitz:\r\nGef\u00e4hrliche B\u00fccher und kompromisslose Analysen zu<\/p><\/div><span class='evcal_evdata_icons'><i class='fa fa-align-justify'><\/i><\/span>\n\t\t\t\t\t\t\t\n\t\t\t\t\t\t\t<div class='evcal_evdata_cell shorter_desc'><div class='eventon_details_shading_bot'>\n\t\t\t\t\t\t\t\t<p class='eventon_shad_p' content='less'><span class='ev_more_text' data-txt='Weniger anzeigen'>Mehr anzeigen<\/span><span class='ev_more_arrow'><\/span><\/p>\n\t\t\t\t\t\t\t<\/div><div class='eventon_full_description'>\n\t\t\t\t\t\t\t\t\t<h3 class='padb5 evo_h3'><span class='evcal_evdata_icons'><i class='fa fa-align-justify'><\/i><\/span>Event Details<\/h3><div class='eventon_desc_in' itemprop='description'>\n\t\t\t\t\t\t\t\t\t<p class=\"eventdaten\">W\u00e4hrend der Wochen zur Demokratie pr\u00e4sentierte <strong>Antiquariat und Buchhandlung Heiner Henke<\/strong> einen Thementisch mit ausgew\u00e4hlten B\u00fcchern aus dem Spektrum des Verlags Matthes &amp; Seitz:<\/p>\n<p><strong>Gef\u00e4hrliche B\u00fccher und kompromisslose Analysen zu Politik und Gegenwart: Rivarol, Chateaubriand, Defoe und Thoreau im Gespr\u00e4ch mit Jean-Claude Michea, Luise Meier, Marc Auge, Guillaume Paoli, Bernd Stegemann, Felwine Sarr, Philipp Mirowski und Mark Sedgwick.<\/strong><\/p>\n<p><strong>Der Verlag Matthes &amp; Seitz Berlin<\/strong> wurde 2004 in Berlin gegr\u00fcndet. Er setzt die verlegerische Tradition fort, die 1977 mit der Gr\u00fcndung des Verlags Matthes &amp; Seitz in M\u00fcnchen durch Axel Matthes und Claus Seitz begann. Verleger ist seit 2004 Andreas R\u00f6tzer, derzeit erscheinen j\u00e4hrlich ca. 95 Neuerscheinungen aus den Bereichen Literatur und Sachbuch und Essayistik. Wichtige Reihen des Programms sind die Naturkunden, Fr\u00f6hliche Wissenschaft, Franz\u00f6sische Bibliothek, die Reihe punctum und seit Herbst 2018 die eigene Taschenbuchreihe MSB Paperback.<\/p>\n<p>In der Literatur erscheinen neben Klassikern in Neu\u00fcbersetzungen viele deutschsprachige Gegenwartsautorinnen und -autoren aus Deutschland wie Frank Witzel, der 2015 f\u00fcr seinen Roman \u00bbDie Erfindung der Roten Armee Fraktion durch einen manisch-depressiven Teenager im Sommer 1969\u00ab den Deutschen Buchpreis erhielt, Anna Weidenholzer, Angela Steidele, Philipp Sch\u00f6nthaler, Jakob Nolte, Matthias Senkel und Stefan Sch\u00fctz. Franz\u00f6sische Gegenwartsautoren wie Emmanuel Carr\u00e8re und \u00c9ric Vuillard (Prix Goncourt 2017) bilden neben der russischen Literatur (Alexander Ilitschewski, Alexander Goldstein, Zakhar Prilepin, Olga Slawnikowa) einen weiteren Schwerpunkt im literarischen Programm des Verlags. Hinzu kommen mehrb\u00e4ndige Werkausgaben von Autoren wie Warlam Schalamow, Jean-Henri Fabre, Georges Bataille, Antonin Artaud und Henry David Thoreau sowie eine Reihe weiterer englischsprachiger Autorinnen und Autoren wie Chris Kraus, James Gordon Farrell oder Eileen Myles.<\/p>\n<p>Im umfangreichen geisteswissenschaftlichen Sachbuchprogramm mit den Schwerpunkten Philosophie, politische Theorie, Kunst- und Kulturwissenschaften erscheinen Autoren wie J\u00fcrgen Goldstein, der 2016 mit seinem Buch \u00fcber Georg Forster den Leipziger Buchpreis gewann, L\u00e1szl\u00f3 F. F\u00f6ld\u00e9nyi, Felwine Sarr, B\u00e9n\u00e9dicte Savoy und Rebecca Solnit. Daneben leistet die Reihe Fr\u00f6hliche Wissenschaft mit essayistischen Texten u.a. von Byung-Chul Han, Peter Trawny, Marcus Steinweg, Hannah Arendt oder Roberto Simanowski einen Beitrag zu aktuellen politischen, philosophischen und gesellschaftlichen Debatten.<\/p>\n<p>Seit 2013 gibt der Verlag die von Judith Schalansky kuratierte Reihe Naturkunden heraus: aufwendig gestaltete B\u00fccher, die eine leidenschaftliche Erkundung der Natur vornehmen und damit den inhaltlichen Programmschwerpunkt Natur, \u00d6kologie und Anthropoz\u00e4n prominent markieren.<\/p>\n<p>Passend dazu vergibt der Verlag seit 2017 in Kooperation mit dem Bundesamt f\u00fcr Naturschutz den Deutschen Preis f\u00fcr Nature Writing, um ein neues deutschsprachiges literarisch-essayistisches Schreiben \u00fcber Natur anzuregen.<\/p>\n<p>&nbsp;<\/p>\n<\/div><div class='clear'><\/div>\n\t\t\t\t\t\t\t\t<\/div>\n\t\t\t\t\t\t\t<\/div>\n\t\t\t\t\t\t<\/div><div class='evo_metarow_organizer evorow evcal_evdata_row bordb evcal_evrow_sm '>\n\t\t\t\t\t\t\t<span class='evcal_evdata_icons'><i class='fa fa-address-book-o'><\/i><\/span>\n\t\t\t\t\t\t\t<div class='evcal_evdata_cell'>\t\t\t\t\t\t\t\n\t\t\t\t\t\t\t\t<h3 class='evo_h3'>Mitveranstalter \/ Partner<\/h3>\n\t\t\t\t\t\t\t\t<p class='evo_data_val evo_card_organizer_image'><img src='https:\/\/www.wochen-zur-demokratie.de\/archiv\/wp-content\/uploads\/2019\/08\/logo-matthes-henke-300x72.jpg'\/><\/p>\n\t\t\t\t\t\t\t\t<div class='evo_card_organizer'><p class='evo_data_val evo_card_organizer_name'>\n\t\t\t\t\t\t\t\t\t<span class='evo_card_organizer_name_t'><a target=\"_blank\" href='https:\/\/antiquariat-henke.de\/'>Verlag Matthes &amp; Seitz Berlin \/ Antiquariat und Buchhandlung Heiner Henke<\/a><\/span>\n\t\t\t\t\t\t\t\t\t\n\t\t\t\t\t\t\t\t\t<\/p><\/div><div class='clear'><\/div>\t\t\t\t\t\t\t\n\t\t\t\t\t\t\t<\/div>\n\t\t\t\t\t\t<\/div>\t\t\t\t\t\t<div class='evo_metarow_ICS evorow bordb evcal_evdata_row'>\n\t\t\t\t\t\t\t<span class=\"evcal_evdata_icons\"><i class=\"fa fa-calendar\"><\/i><\/span>\n\t\t\t\t\t\t\t<div class='evcal_evdata_cell'>\n\t\t\t\t\t\t\t\t<p><a href='https:\/\/www.wochen-zur-demokratie.de\/archiv\/wp-admin\/admin-ajax.php?action=eventon_ics_download&amp;event_id=398&amp;ri=0' class='evo_ics_nCal' title='Zum Ihrem Kalender hinzuf\u00fcgen'>Zum Kalender hinzuf\u00fcgen<\/a><a href='\/\/www.google.com\/calendar\/event?action=TEMPLATE&amp;text=Zwischen+rechts+und+links+ist+nicht+die+Mitte&amp;dates=20191001T220000Z\/20191019T215900Z&amp;details=W%C3%A4hrend+der+Wochen+zur+Demokratie+pr%C3%A4sentierte+Antiquariat+und+Buchhandlung+Heiner+Henke+einen+Thementisch+mit+ausgew%C3%A4hlten+B%C3%BCchern+aus+dem+Spektrum+des+Verlags+Matthes+%26amp%3B+Seitz%3A%0D%0AGef%C3%A4hrliche+B%C3%BCcher+und+kompromisslose+Analysen+zu&amp;location=Antiquariat+und+Buchhandlung+Heiner+Henke%2C+Passau%2C+Domplatz - Luragogasse+5%2C+94032+Passau' target='_blank' class='evo_ics_gCal' title='Zum Ihrem Google-Kalender hinzuf\u00fcgen'>GoogleCal<\/a><\/p>\t\n\t\t\t\t\t\t\t<\/div>\n\t\t\t\t\t\t<\/div>\n\t\t\t\t\t\t<div class='bordb evo_metarow_socialmedia evcal_evdata_row  lastrow'><div class='evo_sm FacebookShare'><a class=\" evo_ss\" target=\"_blank\" onclick=\"javascript:window.open(this.href, '', 'left=50,top=50,width=600,height=350,toolbar=0');return false;\"\n\t\t\t\t\t\t\t\thref=\"http:\/\/www.facebook.com\/sharer.php?u=https%3A%2F%2Fwww.wochen-zur-demokratie.de%2Farchiv%2Fevents%2Fzwischen-rechts-und-links-ist-nicht-die-mitte%2F\" title=\"Diese Veranstaltung auf Facebook teilen\"><i class=\"fa fa-facebook\"><\/i><\/a><\/div><div class='evo_sm Twitter'><a class=\"tw evo_ss\" onclick=\"javascript:window.open(this.href, '', 'menubar=no,toolbar=no,resizable=yes,scrollbars=yes,height=300,width=600');return false;\" href=\"http:\/\/twitter.com\/intent\/tweet?text=Zwischen rechts und links ist nicht die Mitte&#32;-&#32;&url=https%3A%2F%2Fwww.wochen-zur-demokratie.de%2Farchiv%2Fevents%2Fzwischen-rechts-und-links-ist-nicht-die-mitte%2F\" title=\"Diese Veranstaltung auf Twitter teilen\" rel=\"nofollow\" target=\"_blank\" data-url=\"https%3A%2F%2Fwww.wochen-zur-demokratie.de%2Farchiv%2Fevents%2Fzwischen-rechts-und-links-ist-nicht-die-mitte%2F\"><i class=\"fa fa-twitter\"><\/i><\/a><\/div><div class='evo_sm LinkedIn'><a class=\"li evo_ss\" href=\"http:\/\/www.linkedin.com\/shareArticle?mini=true&url=https%3A%2F%2Fwww.wochen-zur-demokratie.de%2Farchiv%2Fevents%2Fzwischen-rechts-und-links-ist-nicht-die-mitte%2F&title=Zwischen%20rechts%20und%20links%20ist%20nicht%20die%20Mitte&summary=W%C3%A4hrend+der+Wochen+zur+Demokratie+pr%C3%A4sentierte+Antiquariat+und+Buchhandlung+Heiner+Henke+einen+Thementisch+mit+ausgew%C3%A4hlten\" target=\"_blank\" title=\"Diese Veranstaltung auf Linkedin teilen\"><i class=\"fa fa-linkedin\"><\/i><\/a><\/div><div class='evo_sm EmailShare'><a class=\"em evo_ss\" href=\"mailto:?subject=Zwischen rechts und links ist nicht die Mitte&body=Event Name: Zwischen rechts und links ist nicht die Mitte%0AEvent Date: 02\/10\/2019 (ganzt\u00e4gig) - 19\/10\/2019 (ganzt\u00e4gig)%0ALink: https%3A%2F%2Fwww.wochen-zur-demokratie.de%2Farchiv%2Fevents%2Fzwischen-rechts-und-links-ist-nicht-die-mitte%2F%0A\" target=\"_blank\"><i class=\"fa fa-envelope\"><\/i><\/a><\/div><div class='clear'><\/div><div class='evcal_evdata_row evcal_close' title='Close'><\/div><\/div><div class='evo_card_row_end evcal_close' title='Close'><\/div><\/div><div class='clear end'><\/div><\/div><div style=\"background-color: #c766a4;height: 275px;\" id=\"event_402\" class=\"eventon_list_event evo_eventtop past_event event event_402_0\" data-event_id=\"402\" data-ri=\"0r\" data-time=\"1569974401-1571702399\" data-colr=\"#c766a4\" itemscope itemtype='http:\/\/schema.org\/Event'><div class=\"evo_event_schema\" style=\"display:none\" ><a itemprop='url'  href='https:\/\/www.wochen-zur-demokratie.de\/archiv\/events\/literatur-zum-thema-demokratie\/'><\/a><span itemprop='name'  >Literatur zum Thema Demokratie<\/span><meta itemprop='image' content=\"https:\/\/www.wochen-zur-demokratie.de\/archiv\/wp-content\/uploads\/2019\/09\/buechertisch-web.jpg\" \/><meta itemprop='description' content=\"Die Buchhandlungen Pustet und Rupprecht r\u00e4umten in ihren Filialen dem Thema Demokratie einen besonderen Bereich ein. Hier konnte man sich w\u00e4hrend der Wochen zur Demokratie an B\u00fcchertischen mit ausgew\u00e4hlter Literatur\" \/><meta itemprop='startDate' content=\"2019-10-2\" \/><meta itemprop='endDate' content=\"2019-10-21\" \/><meta itemprop='eventStatus' content=\"on-schedule\" \/>\n\t\t\t\t\t\t\t\t\t<item style=\"display:none\" itemprop=\"location\" itemscope itemtype=\"http:\/\/schema.org\/Place\">\n\t\t\t\t\t\t\t\t\t\t<span itemprop=\"name\">B\u00fccher Pustet \/ Rupprecht Buchhandlung<\/span>\n\t\t\t\t\t\t\t\t\t\t<span itemprop=\"address\" itemscope itemtype=\"http:\/\/schema.org\/PostalAddress\">\n\t\t\t\t\t\t\t\t\t\t\t<item itemprop=\"streetAddress\">94032 Passau<\/item>\n\t\t\t\t\t\t\t\t\t\t<\/span><\/item><script type=\"application\/ld+json\">{\t\"@context\": \"http:\/\/schema.org\",\n\t\t\t\t\t\t\t  \t\"@type\": \"Event\",\n\t\t\t\t\t\t\t  \t\"name\": \"Literatur zum Thema Demokratie\",\n\t\t\t\t\t\t\t  \t\"startDate\": \"2019-10-2T00-00-00-00\",\n\t\t\t\t\t\t\t  \t\"endDate\": \"2019-10-21T23-23-59-00\",\n\t\t\t\t\t\t\t  \t\"image\":\"https:\/\/www.wochen-zur-demokratie.de\/archiv\/wp-content\/uploads\/2019\/09\/buechertisch-web.jpg\",\n\t\t\t\t\t\t\t  \t\"description\":\"Die Buchhandlungen Pustet und Rupprecht r\u00e4umten in ihren Filialen dem Thema Demokratie einen besonderen Bereich ein. Hier konnte man sich w\u00e4hrend der Wochen zur Demokratie an B\u00fcchertischen mit ausgew\u00e4hlter Literatur\"\n\t\t\t\t\t\t\t  \t,\"location\":{\n\t\t\t\t\t\t\t\t\t\t\"@type\":\"Place\",\n\t\t\t\t\t\t\t\t\t\t\"name\":\"B\u00fccher Pustet \/ Rupprecht Buchhandlung\",\n\t\t\t\t\t\t\t\t\t\t\"address\":{\n\t\t\t\t\t\t\t\t\t\t\t\"@type\": \"PostalAddress\"\n\t\t\t\t\t\t\t\t\t\t\t\"streetAddress\":\"94032 Passau\"\n\t\t\t\t\t\t\t\t\t\t}\n\t\t\t\t\t\t\t  \t\t}\n\t\t\t\t\t\t\t }<\/script><\/div>\n\t\t\t\t<p class=\"desc_trig_outter\"><a data-gmap_status=\"null\" data-gmtrig=\"1\" data-exlk=\"0\" id=\"evc_1569974401402\" class=\"desc_trig mul_val evcal_list_a allday\" data-ux_val=\"3\"  ><span class='evcal_cblock ' data-bgcolor='#c766a4' data-smon='Oktober' data-syr='2019'><span class='evo_start '><em class='date'>02<\/em><em class='month'>Okt.<\/em><em class='time'>ganzt\u00e4gig<\/em><\/span><span class='evo_end '><em class='date'>21<\/em><\/span><em class='clear'><\/em><\/span><span class='evcal_desc evo_info hide_eventtopdata '  data-location_address=\"94032 Passau\" data-location_type=\"address\" data-location_name=\"B\u00fccher Pustet \/ Rupprecht Buchhandlung\" data-location_url=\"https:\/\/www.wochen-zur-demokratie.de\/archiv\/event-location\/buecher-pustet-rupprecht-buchhandlung\/\" data-location_status=\"true\" ><span class='evo_above_title'><\/span><span class='evcal_desc2 evcal_event_title' itemprop='name'>Literatur zum Thema Demokratie<\/span><span class='evo_below_title'><span class='evcal_event_subtitle' >Zwei Passauer Buchhandlungen gestalten B\u00fcchertische <\/span><\/span><span class='evcal_desc_info' ><em class='evcal_time'><em class='evcal_alldayevent_text'>(ganzt\u00e4gig)<\/em><\/em> <em class=\"evcal_location\"  data-add_str=\"\"><em class=\"event_location_name\">B\u00fccher Pustet \/ Rupprecht Buchhandlung<\/em><\/em><\/span><span class='evcal_desc3'><\/span><\/span><em class='clear'><\/em><\/a><\/p><div class='event_description evcal_eventcard ' style=\"display:none\"><div class='evo_metarow_directimg'><img class='evo_event_main_img' src='https:\/\/www.wochen-zur-demokratie.de\/archiv\/wp-content\/uploads\/2019\/09\/buechertisch-web.jpg' \/><\/div><div class='evo_metarow_details evorow evcal_evdata_row bordb evcal_event_details'>\n\t\t\t\t\t\t\t<div class=\"event_excerpt\" style=\"display:none\"><h3 class=\"padb5 evo_h3\">Event Details<\/h3><p>Die Buchhandlungen Pustet und Rupprecht r\u00e4umten in ihren Filialen dem Thema Demokratie einen besonderen Bereich ein. Hier konnte man sich w\u00e4hrend der Wochen zur Demokratie an B\u00fcchertischen mit ausgew\u00e4hlter Literatur<\/p><\/div><span class='evcal_evdata_icons'><i class='fa fa-align-justify'><\/i><\/span>\n\t\t\t\t\t\t\t\n\t\t\t\t\t\t\t<div class='evcal_evdata_cell '><div class='eventon_full_description'>\n\t\t\t\t\t\t\t\t\t<h3 class='padb5 evo_h3'><span class='evcal_evdata_icons'><i class='fa fa-align-justify'><\/i><\/span>Event Details<\/h3><div class='eventon_desc_in' itemprop='description'>\n\t\t\t\t\t\t\t\t\t<p>Die Buchhandlungen Pustet und Rupprecht r\u00e4umten in ihren Filialen dem Thema Demokratie einen besonderen Bereich ein. Hier konnte man sich w\u00e4hrend der Wochen zur Demokratie an B\u00fcchertischen mit ausgew\u00e4hlter Literatur einen \u00dcberblick \u00fcber das Thema mit allen seinen Facetten verschaffen.<\/p>\n<\/div><div class='clear'><\/div>\n\t\t\t\t\t\t\t\t<\/div>\n\t\t\t\t\t\t\t<\/div>\n\t\t\t\t\t\t<\/div><div class='evo_metarow_organizer evorow evcal_evdata_row bordb evcal_evrow_sm '>\n\t\t\t\t\t\t\t<span class='evcal_evdata_icons'><i class='fa fa-address-book-o'><\/i><\/span>\n\t\t\t\t\t\t\t<div class='evcal_evdata_cell'>\t\t\t\t\t\t\t\n\t\t\t\t\t\t\t\t<h3 class='evo_h3'>Mitveranstalter \/ Partner<\/h3>\n\t\t\t\t\t\t\t\t<p class='evo_data_val evo_card_organizer_image'><img src='https:\/\/www.wochen-zur-demokratie.de\/archiv\/wp-content\/uploads\/2019\/08\/buechertisch-logos-pustet-rupprecht-300x80.jpg'\/><\/p>\n\t\t\t\t\t\t\t\t<div class='evo_card_organizer'><p class='evo_data_val evo_card_organizer_name'>\n\t\t\t\t\t\t\t\t\t<span class='evo_card_organizer_name_t'>B\u00fccher Pustet \/ Rupprecht Buchhandlung<\/span>\n\t\t\t\t\t\t\t\t\t\n\t\t\t\t\t\t\t\t\t<\/p><\/div><div class='clear'><\/div>\t\t\t\t\t\t\t\n\t\t\t\t\t\t\t<\/div>\n\t\t\t\t\t\t<\/div>\t\t\t\t\t\t<div class='evo_metarow_ICS evorow bordb evcal_evdata_row'>\n\t\t\t\t\t\t\t<span class=\"evcal_evdata_icons\"><i class=\"fa fa-calendar\"><\/i><\/span>\n\t\t\t\t\t\t\t<div class='evcal_evdata_cell'>\n\t\t\t\t\t\t\t\t<p><a href='https:\/\/www.wochen-zur-demokratie.de\/archiv\/wp-admin\/admin-ajax.php?action=eventon_ics_download&amp;event_id=402&amp;ri=0' class='evo_ics_nCal' title='Zum Ihrem Kalender hinzuf\u00fcgen'>Zum Kalender hinzuf\u00fcgen<\/a><a href='\/\/www.google.com\/calendar\/event?action=TEMPLATE&amp;text=Literatur+zum+Thema+Demokratie&amp;dates=20191001T220000Z\/20191021T215900Z&amp;details=Die+Buchhandlungen+Pustet+und+Rupprecht+r%C3%A4umten+in+ihren+Filialen+dem+Thema+Demokratie+einen+besonderen+Bereich+ein.+Hier+konnte+man+sich+w%C3%A4hrend+der+Wochen+zur+Demokratie+an+B%C3%BCchertischen+mit+ausgew%C3%A4hlter+Literatur&amp;location=B%C3%BCcher+Pustet+%2F+Rupprecht+Buchhandlung - 94032+Passau' target='_blank' class='evo_ics_gCal' title='Zum Ihrem Google-Kalender hinzuf\u00fcgen'>GoogleCal<\/a><\/p>\t\n\t\t\t\t\t\t\t<\/div>\n\t\t\t\t\t\t<\/div>\n\t\t\t\t\t\t<div class='bordb evo_metarow_socialmedia evcal_evdata_row  lastrow'><div class='evo_sm FacebookShare'><a class=\" evo_ss\" target=\"_blank\" onclick=\"javascript:window.open(this.href, '', 'left=50,top=50,width=600,height=350,toolbar=0');return false;\"\n\t\t\t\t\t\t\t\thref=\"http:\/\/www.facebook.com\/sharer.php?u=https%3A%2F%2Fwww.wochen-zur-demokratie.de%2Farchiv%2Fevents%2Fliteratur-zum-thema-demokratie%2F\" title=\"Diese Veranstaltung auf Facebook teilen\"><i class=\"fa fa-facebook\"><\/i><\/a><\/div><div class='evo_sm Twitter'><a class=\"tw evo_ss\" onclick=\"javascript:window.open(this.href, '', 'menubar=no,toolbar=no,resizable=yes,scrollbars=yes,height=300,width=600');return false;\" href=\"http:\/\/twitter.com\/intent\/tweet?text=Literatur zum Thema Demokratie&#32;-&#32;&url=https%3A%2F%2Fwww.wochen-zur-demokratie.de%2Farchiv%2Fevents%2Fliteratur-zum-thema-demokratie%2F\" title=\"Diese Veranstaltung auf Twitter teilen\" rel=\"nofollow\" target=\"_blank\" data-url=\"https%3A%2F%2Fwww.wochen-zur-demokratie.de%2Farchiv%2Fevents%2Fliteratur-zum-thema-demokratie%2F\"><i class=\"fa fa-twitter\"><\/i><\/a><\/div><div class='evo_sm LinkedIn'><a class=\"li evo_ss\" href=\"http:\/\/www.linkedin.com\/shareArticle?mini=true&url=https%3A%2F%2Fwww.wochen-zur-demokratie.de%2Farchiv%2Fevents%2Fliteratur-zum-thema-demokratie%2F&title=Literatur%20zum%20Thema%20Demokratie&summary=Die+Buchhandlungen+Pustet+und+Rupprecht+r%C3%A4umten+in+ihren+Filialen+dem+Thema+Demokratie+einen+besonderen+Bereich+ein.\" target=\"_blank\" title=\"Diese Veranstaltung auf Linkedin teilen\"><i class=\"fa fa-linkedin\"><\/i><\/a><\/div><div class='evo_sm EmailShare'><a class=\"em evo_ss\" href=\"mailto:?subject=Literatur zum Thema Demokratie&body=Event Name: Literatur zum Thema Demokratie%0AEvent Date: 02\/10\/2019 (ganzt\u00e4gig) - 21\/10\/2019 (ganzt\u00e4gig)%0ALink: https%3A%2F%2Fwww.wochen-zur-demokratie.de%2Farchiv%2Fevents%2Fliteratur-zum-thema-demokratie%2F%0A\" target=\"_blank\"><i class=\"fa fa-envelope\"><\/i><\/a><\/div><div class='clear'><\/div><div class='evcal_evdata_row evcal_close' title='Close'><\/div><\/div><div class='evo_card_row_end evcal_close' title='Close'><\/div><\/div><div class='clear end'><\/div><\/div><div style=\"background-color: #c766a4;height: 275px;\" id=\"event_66\" class=\"eventon_list_event evo_eventtop past_event event event_66_0\" data-event_id=\"66\" data-ri=\"0r\" data-time=\"1570042800-1570060200\" data-colr=\"#c766a4\" itemscope itemtype='http:\/\/schema.org\/Event'><div class=\"evo_event_schema\" style=\"display:none\" ><a itemprop='url'  href='https:\/\/www.wochen-zur-demokratie.de\/archiv\/events\/was-bedeutet-europa-fuer-mich-und-fuer-alle-anderen\/'><\/a><span itemprop='name'  >Was bedeutet Europa f\u00fcr mich und f\u00fcr alle anderen?<\/span><meta itemprop='image' content=\"https:\/\/www.wochen-zur-demokratie.de\/archiv\/wp-content\/uploads\/2019\/10\/foto-191002-zeughaus.jpg\" \/><meta itemprop='description' content=\"\u201eAnd the winner is.......\u201c hie\u00df es gestern im Zeughaus bei der Preisverleihung des Europa Videowettbewerbs 2019 \u201eWas bedeutet Europe f\u00fcr mich und f\u00fcr alle anderen\u201c durch den Stadtjugendring.    \u00a0Das Zeughaus war\" \/><meta itemprop='startDate' content=\"2019-10-2T19:00\" \/><meta itemprop='endDate' content=\"2019-10-2T23:50\" \/><meta itemprop='eventStatus' content=\"on-schedule\" \/><script type=\"application\/ld+json\">{\t\"@context\": \"http:\/\/schema.org\",\n\t\t\t\t\t\t\t  \t\"@type\": \"Event\",\n\t\t\t\t\t\t\t  \t\"name\": \"Was bedeutet Europa f\u00fcr mich und f\u00fcr alle anderen?\",\n\t\t\t\t\t\t\t  \t\"startDate\": \"2019-10-2T19-19-00-00\",\n\t\t\t\t\t\t\t  \t\"endDate\": \"2019-10-2T23-23-50-00\",\n\t\t\t\t\t\t\t  \t\"image\":\"https:\/\/www.wochen-zur-demokratie.de\/archiv\/wp-content\/uploads\/2019\/10\/foto-191002-zeughaus.jpg\",\n\t\t\t\t\t\t\t  \t\"description\":\"\u201eAnd the winner is.......\u201c hie\u00df es gestern im Zeughaus bei der Preisverleihung des Europa Videowettbewerbs 2019 \u201eWas bedeutet Europe f\u00fcr mich und f\u00fcr alle anderen\u201c durch den Stadtjugendring.    \u00a0Das Zeughaus war\"\n\t\t\t\t\t\t\t  \t\n\t\t\t\t\t\t\t }<\/script><\/div>\n\t\t\t\t<p class=\"desc_trig_outter\"><a data-gmap_status=\"null\" data-exlk=\"0\" id=\"evc_157004280066\" class=\"desc_trig sin_val evcal_list_a\" data-ux_val=\"3\"  ><span class='evcal_cblock ' data-bgcolor='#c766a4' data-smon='Oktober' data-syr='2019'><span class='evo_start '><em class='date'>02<\/em><em class='month'>Okt.<\/em><em class='time'>19:00<\/em><\/span><em class='clear'><\/em><\/span><span class='evcal_desc evo_info hide_eventtopdata '  data-location_status=\"false\" ><span class='evo_above_title'><\/span><span class='evcal_desc2 evcal_event_title' itemprop='name'>Was bedeutet Europa f\u00fcr mich und f\u00fcr alle anderen?<\/span><span class='evo_below_title'><span class='evcal_event_subtitle' >Filmvorf\u00fchrung und Preisverleihung<\/span><\/span><span class='evcal_desc_info' ><em class='evcal_time'>19:00<\/em> <em class=\"evcal_location\"  data-add_str=\"\"><em class=\"event_location_name\">Zeughaus Passau<\/em><\/em><\/span><span class='evcal_desc3'><\/span><\/span><em class='clear'><\/em><\/a><\/p><div class='event_description evcal_eventcard ' style=\"display:none\"><div class='evo_metarow_directimg'><img class='evo_event_main_img' src='https:\/\/www.wochen-zur-demokratie.de\/archiv\/wp-content\/uploads\/2019\/10\/foto-191002-zeughaus.jpg' \/><\/div><div class='evo_metarow_details evorow evcal_evdata_row bordb evcal_event_details'>\n\t\t\t\t\t\t\t<div class=\"event_excerpt\" style=\"display:none\"><h3 class=\"padb5 evo_h3\">Event Details<\/h3><p>\u201eAnd the winner is.......\u201c hie\u00df es gestern im Zeughaus bei der Preisverleihung des Europa Videowettbewerbs 2019 \u201eWas bedeutet Europe f\u00fcr mich und f\u00fcr alle anderen\u201c durch den Stadtjugendring.\r\n\r\n\u00a0Das Zeughaus war<\/p><\/div><span class='evcal_evdata_icons'><i class='fa fa-align-justify'><\/i><\/span>\n\t\t\t\t\t\t\t\n\t\t\t\t\t\t\t<div class='evcal_evdata_cell shorter_desc'><div class='eventon_details_shading_bot'>\n\t\t\t\t\t\t\t\t<p class='eventon_shad_p' content='less'><span class='ev_more_text' data-txt='Weniger anzeigen'>Mehr anzeigen<\/span><span class='ev_more_arrow'><\/span><\/p>\n\t\t\t\t\t\t\t<\/div><div class='eventon_full_description'>\n\t\t\t\t\t\t\t\t\t<h3 class='padb5 evo_h3'><span class='evcal_evdata_icons'><i class='fa fa-align-justify'><\/i><\/span>Event Details<\/h3><div class='eventon_desc_in' itemprop='description'>\n\t\t\t\t\t\t\t\t\t<p><em>\u201eAnd the winner is&#8230;&#8230;.\u201c<\/em> hie\u00df es gestern im Zeughaus bei der Preisverleihung des Europa Videowettbewerbs 2019 <strong>\u201eWas bedeutet Europe f\u00fcr mich und f\u00fcr alle anderen\u201c <\/strong>durch den Stadtjugendring.<\/p>\n<p><strong>\u00a0<\/strong>Das Zeughaus war gut gef\u00fcllt als Edmund Kriegl f\u00fcr das Zeughaus und Franziska Raith f\u00fcr den Stadtjugendring die Veranstaltung er\u00f6ffneten.<br \/>\nNach der Vorf\u00fchrung des witzigen Wettbewerbs-Trailers wurden die eingereichten Kurzvideos des Wettbewerbs gezeigt. Bequem in gem\u00fctlichen Kinosesseln machten sich die Mitglieder der Jury bestehend aus Stadtr\u00e4tin <strong>Katja Reitmaier<\/strong>, <strong>Peter Saam<\/strong> vom Zeughaus und <strong>Dominik Trippensee<\/strong> vom Stadtjugendring erste Gedanken \u00fcber den m\u00f6glichen pers\u00f6nlichen Favoriten.<br \/>\nW\u00e4hrend die Jury sich zur Beratung zur\u00fcckzog, wurden die rund 50 Besucher mit einem Pub-Quiz zu Europa aufgeheitert. Die Siegergruppe mit dem bescheidenen Namen \u201eSimply The Best\u201d nahm gemeinsam auf der B\u00fchne ihren Preis entgegen: eine stattliche Torte.<\/p>\n<p>Die drei <strong>Gewinner des Kurzfilm-Wettbewerbs<\/strong> konnten sich \u00fcber <strong>Geldgewinne von \u20ac 100,-, \u20ac 200,- und \u20ac 500,- f\u00fcr die Gruppenkasse<\/strong> freuen:<\/p>\n<ol>\n<li>Preis: Evangelisches Jugendwerk Passau<\/li>\n<li>Preis: Junge Europ\u00e4ische F\u00f6deralisten Passau<\/li>\n<li>Preis: Das 1. Passauer Akkordeonorchester<\/li>\n<\/ol>\n<p>Nach der Preisverleihung gab es noch feinsten DJ &#8211; Sound aus ganz Europa.<\/p>\n<p>Die Veranstaltung f\u00fchrte der <strong>Stadtjugendring\u00a0 Passau<\/strong> in Zusammenarbeit mit dem <strong>Jugendzentrum Zeughaus<\/strong> durch und ist gleichzeitig der erste Termin im Programm der <strong>Wochen zur Demokratie<\/strong>.<\/p>\n<p>&nbsp;<\/p>\n<\/div><div class='clear'><\/div>\n\t\t\t\t\t\t\t\t<\/div>\n\t\t\t\t\t\t\t<\/div>\n\t\t\t\t\t\t<\/div><div class='evo_metarow_organizer evorow evcal_evdata_row bordb evcal_evrow_sm '>\n\t\t\t\t\t\t\t<span class='evcal_evdata_icons'><i class='fa fa-address-book-o'><\/i><\/span>\n\t\t\t\t\t\t\t<div class='evcal_evdata_cell'>\t\t\t\t\t\t\t\n\t\t\t\t\t\t\t\t<h3 class='evo_h3'>Mitveranstalter \/ Partner<\/h3>\n\t\t\t\t\t\t\t\t<p class='evo_data_val evo_card_organizer_image'><img src='https:\/\/www.wochen-zur-demokratie.de\/archiv\/wp-content\/uploads\/2019\/07\/Logo-Stadtjugendring-300x176.jpg'\/><\/p>\n\t\t\t\t\t\t\t\t<div class='evo_card_organizer'><p class='evo_data_val evo_card_organizer_name'>\n\t\t\t\t\t\t\t\t\t<span class='evo_card_organizer_name_t'>Stadtjugendring Passau<\/span>\n\t\t\t\t\t\t\t\t\t\n\t\t\t\t\t\t\t\t\t<\/p><\/div><div class='clear'><\/div>\t\t\t\t\t\t\t\n\t\t\t\t\t\t\t<\/div>\n\t\t\t\t\t\t<\/div>\t\t\t\t\t\t<div class='evo_metarow_ICS evorow bordb evcal_evdata_row'>\n\t\t\t\t\t\t\t<span class=\"evcal_evdata_icons\"><i class=\"fa fa-calendar\"><\/i><\/span>\n\t\t\t\t\t\t\t<div class='evcal_evdata_cell'>\n\t\t\t\t\t\t\t\t<p><a href='https:\/\/www.wochen-zur-demokratie.de\/archiv\/wp-admin\/admin-ajax.php?action=eventon_ics_download&amp;event_id=66&amp;ri=0' class='evo_ics_nCal' title='Zum Ihrem Kalender hinzuf\u00fcgen'>Zum Kalender hinzuf\u00fcgen<\/a><a href='\/\/www.google.com\/calendar\/event?action=TEMPLATE&amp;text=Was+bedeutet+Europa+f%C3%BCr+mich+und+f%C3%BCr+alle+anderen%3F&amp;dates=20191002T170000Z\/20191002T215000Z&amp;details=%E2%80%9EAnd+the+winner+is.......%E2%80%9C+hie%C3%9F+es+gestern+im+Zeughaus+bei+der+Preisverleihung+des+Europa+Videowettbewerbs+2019+%E2%80%9EWas+bedeutet+Europe+f%C3%BCr+mich+und+f%C3%BCr+alle+anderen%E2%80%9C+durch+den+Stadtjugendring.%0D%0A%0D%0A%C2%A0Das+Zeughaus+war&amp;location=Zeughaus+Passau - ' target='_blank' class='evo_ics_gCal' title='Zum Ihrem Google-Kalender hinzuf\u00fcgen'>GoogleCal<\/a><\/p>\t\n\t\t\t\t\t\t\t<\/div>\n\t\t\t\t\t\t<\/div>\n\t\t\t\t\t\t<div class='bordb evo_metarow_socialmedia evcal_evdata_row  lastrow'><div class='evo_sm FacebookShare'><a class=\" evo_ss\" target=\"_blank\" onclick=\"javascript:window.open(this.href, '', 'left=50,top=50,width=600,height=350,toolbar=0');return false;\"\n\t\t\t\t\t\t\t\thref=\"http:\/\/www.facebook.com\/sharer.php?u=https%3A%2F%2Fwww.wochen-zur-demokratie.de%2Farchiv%2Fevents%2Fwas-bedeutet-europa-fuer-mich-und-fuer-alle-anderen%2F\" title=\"Diese Veranstaltung auf Facebook teilen\"><i class=\"fa fa-facebook\"><\/i><\/a><\/div><div class='evo_sm Twitter'><a class=\"tw evo_ss\" onclick=\"javascript:window.open(this.href, '', 'menubar=no,toolbar=no,resizable=yes,scrollbars=yes,height=300,width=600');return false;\" href=\"http:\/\/twitter.com\/intent\/tweet?text=Was bedeutet Europa f\u00fcr mich und f\u00fcr alle anderen?&#32;-&#32;&url=https%3A%2F%2Fwww.wochen-zur-demokratie.de%2Farchiv%2Fevents%2Fwas-bedeutet-europa-fuer-mich-und-fuer-alle-anderen%2F\" title=\"Diese Veranstaltung auf Twitter teilen\" rel=\"nofollow\" target=\"_blank\" data-url=\"https%3A%2F%2Fwww.wochen-zur-demokratie.de%2Farchiv%2Fevents%2Fwas-bedeutet-europa-fuer-mich-und-fuer-alle-anderen%2F\"><i class=\"fa fa-twitter\"><\/i><\/a><\/div><div class='evo_sm LinkedIn'><a class=\"li evo_ss\" href=\"http:\/\/www.linkedin.com\/shareArticle?mini=true&url=https%3A%2F%2Fwww.wochen-zur-demokratie.de%2Farchiv%2Fevents%2Fwas-bedeutet-europa-fuer-mich-und-fuer-alle-anderen%2F&title=Was%20bedeutet%20Europa%20f%C3%BCr%20mich%20und%20f%C3%BCr%20alle%20anderen%3F&summary=%E2%80%9EAnd+the+winner+is%26%238230%3B%26%238230%3B.%E2%80%9C+hie%C3%9F+es+gestern+im+Zeughaus+bei+der+Preisverleihung+des+Europa+Videowettbewerbs+2019\" target=\"_blank\" title=\"Diese Veranstaltung auf Linkedin teilen\"><i class=\"fa fa-linkedin\"><\/i><\/a><\/div><div class='evo_sm EmailShare'><a class=\"em evo_ss\" href=\"mailto:?subject=Was bedeutet Europa f\u00fcr mich und f\u00fcr alle anderen?&body=Event Name: Was bedeutet Europa f\u00fcr mich und f\u00fcr alle anderen?%0AEvent Date: 02\/10\/2019 19:00%0ALink: https%3A%2F%2Fwww.wochen-zur-demokratie.de%2Farchiv%2Fevents%2Fwas-bedeutet-europa-fuer-mich-und-fuer-alle-anderen%2F%0A\" target=\"_blank\"><i class=\"fa fa-envelope\"><\/i><\/a><\/div><div class='clear'><\/div><div class='evcal_evdata_row evcal_close' title='Close'><\/div><\/div><div class='evo_card_row_end evcal_close' title='Close'><\/div><\/div><div class='clear end'><\/div><\/div><div style=\"background-color: #c766a4;height: 275px;\" id=\"event_116\" class=\"eventon_list_event evo_eventtop past_event event event_116_0\" data-event_id=\"116\" data-ri=\"0r\" data-time=\"1570111200-1570118400\" data-colr=\"#c766a4\" itemscope itemtype='http:\/\/schema.org\/Event'><div class=\"evo_event_schema\" style=\"display:none\" ><a itemprop='url'  href='https:\/\/www.wochen-zur-demokratie.de\/archiv\/events\/picknick-an-demokratischen\/'><\/a><span itemprop='name'  >DemokraTISCH<\/span><meta itemprop='image' content=\"https:\/\/www.wochen-zur-demokratie.de\/archiv\/wp-content\/uploads\/2019\/10\/wzd-auftakt-1.jpg\" \/><meta itemprop='description' content=\"Zum Auftakt der Wochen zur Demokratie waren alle Freundinnen und Freunde der Demokratie zum gemeinsamen Nachmittags-Picknick eingeladen. Deutlich mehr als 100 G\u00e4ste nahmen die Gelegenheit wahr und fanden sich zum\" \/><meta itemprop='startDate' content=\"2019-10-3T14:00\" \/><meta itemprop='endDate' content=\"2019-10-3T16:00\" \/><meta itemprop='eventStatus' content=\"on-schedule\" \/><script type=\"application\/ld+json\">{\t\"@context\": \"http:\/\/schema.org\",\n\t\t\t\t\t\t\t  \t\"@type\": \"Event\",\n\t\t\t\t\t\t\t  \t\"name\": \"DemokraTISCH\",\n\t\t\t\t\t\t\t  \t\"startDate\": \"2019-10-3T14-14-00-00\",\n\t\t\t\t\t\t\t  \t\"endDate\": \"2019-10-3T16-16-00-00\",\n\t\t\t\t\t\t\t  \t\"image\":\"https:\/\/www.wochen-zur-demokratie.de\/archiv\/wp-content\/uploads\/2019\/10\/wzd-auftakt-1.jpg\",\n\t\t\t\t\t\t\t  \t\"description\":\"Zum Auftakt der Wochen zur Demokratie waren alle Freundinnen und Freunde der Demokratie zum gemeinsamen Nachmittags-Picknick eingeladen. Deutlich mehr als 100 G\u00e4ste nahmen die Gelegenheit wahr und fanden sich zum\"\n\t\t\t\t\t\t\t  \t\n\t\t\t\t\t\t\t }<\/script><\/div>\n\t\t\t\t<p class=\"desc_trig_outter\"><a data-gmap_status=\"null\" data-exlk=\"0\" id=\"evc_1570111200116\" class=\"desc_trig sin_val evcal_list_a\" data-ux_val=\"3\"  ><span class='evcal_cblock ' data-bgcolor='#c766a4' data-smon='Oktober' data-syr='2019'><span class='evo_start '><em class='date'>03<\/em><em class='month'>Okt.<\/em><em class='time'>14:00<\/em><\/span><span class='evo_end only_time'><em class='time'>16:00<\/em><\/span><em class='clear'><\/em><\/span><span class='evcal_desc evo_info hide_eventtopdata '  data-location_status=\"false\" ><span class='evo_above_title'><\/span><span class='evcal_desc2 evcal_event_title' itemprop='name'>DemokraTISCH<\/span><span class='evo_below_title'><span class='evcal_event_subtitle' >B\u00fcrgerpicknick<\/span><\/span><span class='evcal_desc_info' ><em class='evcal_time'>14:00 - 16:00<\/em> <em class=\"evcal_location\"  data-add_str=\"\"><em class=\"event_location_name\">Gelungener Auftakt der Wochen zur Demokratie im und vor dem Theatercaf\u00e9<\/em><\/em><\/span><span class='evcal_desc3'><\/span><\/span><em class='clear'><\/em><\/a><\/p><div class='event_description evcal_eventcard ' style=\"display:none\"><div class='evo_metarow_directimg'><img class='evo_event_main_img' src='https:\/\/www.wochen-zur-demokratie.de\/archiv\/wp-content\/uploads\/2019\/10\/wzd-auftakt-1.jpg' \/><\/div><div class='evo_event_images'><span class='evo_event_more_img select'><img title='' src='https:\/\/www.wochen-zur-demokratie.de\/archiv\/wp-content\/uploads\/2019\/10\/wzd-auftakt-1.jpg' data-f='https:\/\/www.wochen-zur-demokratie.de\/archiv\/wp-content\/uploads\/2019\/10\/wzd-auftakt-1.jpg'\/><\/span><span class='evo_event_more_img '><img title='' src='https:\/\/www.wochen-zur-demokratie.de\/archiv\/wp-content\/uploads\/2019\/10\/191003-auftakt-1-150x150.jpg' data-f='https:\/\/www.wochen-zur-demokratie.de\/archiv\/wp-content\/uploads\/2019\/10\/191003-auftakt-1.jpg' data-h='366' data-w='650'\/><\/span><span class='evo_event_more_img '><img title='' src='https:\/\/www.wochen-zur-demokratie.de\/archiv\/wp-content\/uploads\/2019\/10\/191003-auftakt-6-150x150.jpg' data-f='https:\/\/www.wochen-zur-demokratie.de\/archiv\/wp-content\/uploads\/2019\/10\/191003-auftakt-6.jpg' data-h='366' data-w='650'\/><\/span><span class='evo_event_more_img '><img title='' src='https:\/\/www.wochen-zur-demokratie.de\/archiv\/wp-content\/uploads\/2019\/10\/191003-auftakt-5-150x150.jpg' data-f='https:\/\/www.wochen-zur-demokratie.de\/archiv\/wp-content\/uploads\/2019\/10\/191003-auftakt-5.jpg' data-h='366' data-w='650'\/><\/span><span class='evo_event_more_img '><img title='' src='https:\/\/www.wochen-zur-demokratie.de\/archiv\/wp-content\/uploads\/2019\/10\/191003-auftakt-4-150x150.jpg' data-f='https:\/\/www.wochen-zur-demokratie.de\/archiv\/wp-content\/uploads\/2019\/10\/191003-auftakt-4.jpg' data-h='366' data-w='650'\/><\/span><span class='evo_event_more_img '><img title='' src='https:\/\/www.wochen-zur-demokratie.de\/archiv\/wp-content\/uploads\/2019\/10\/191003-auftakt-3-150x150.jpg' data-f='https:\/\/www.wochen-zur-demokratie.de\/archiv\/wp-content\/uploads\/2019\/10\/191003-auftakt-3.jpg' data-h='366' data-w='650'\/><\/span><span class='evo_event_more_img '><img title='' src='https:\/\/www.wochen-zur-demokratie.de\/archiv\/wp-content\/uploads\/2019\/10\/191003-auftakt-2-150x150.jpg' data-f='https:\/\/www.wochen-zur-demokratie.de\/archiv\/wp-content\/uploads\/2019\/10\/191003-auftakt-2.jpg' data-h='366' data-w='650'\/><\/span><\/div><div class='evo_metarow_details evorow evcal_evdata_row bordb evcal_event_details'>\n\t\t\t\t\t\t\t<div class=\"event_excerpt\" style=\"display:none\"><h3 class=\"padb5 evo_h3\">Event Details<\/h3><p>Zum Auftakt der Wochen zur Demokratie waren alle Freundinnen und Freunde der Demokratie zum gemeinsamen Nachmittags-Picknick eingeladen. Deutlich mehr als 100 G\u00e4ste nahmen die Gelegenheit wahr und fanden sich zum<\/p><\/div><span class='evcal_evdata_icons'><i class='fa fa-align-justify'><\/i><\/span>\n\t\t\t\t\t\t\t\n\t\t\t\t\t\t\t<div class='evcal_evdata_cell shorter_desc'><div class='eventon_details_shading_bot'>\n\t\t\t\t\t\t\t\t<p class='eventon_shad_p' content='less'><span class='ev_more_text' data-txt='Weniger anzeigen'>Mehr anzeigen<\/span><span class='ev_more_arrow'><\/span><\/p>\n\t\t\t\t\t\t\t<\/div><div class='eventon_full_description'>\n\t\t\t\t\t\t\t\t\t<h3 class='padb5 evo_h3'><span class='evcal_evdata_icons'><i class='fa fa-align-justify'><\/i><\/span>Event Details<\/h3><div class='eventon_desc_in' itemprop='description'>\n\t\t\t\t\t\t\t\t\t<p>Zum Auftakt der Wochen zur Demokratie waren alle Freundinnen und Freunde der Demokratie zum gemeinsamen Nachmittags-Picknick eingeladen. Deutlich <strong>mehr als 100 G\u00e4ste<\/strong> nahmen die Gelegenheit wahr und fanden sich zum gem\u00fctlichen Austausch bei Kaffee und Kuchen im und vor dem Theatercaf\u00e9 ein.<\/p>\n<p>Nachdem die Initiative ihr Projekt vorgestellt und den Veranstaltern und Partnern gedankt hatte, <strong>er\u00f6ffnete Oberb\u00fcrgermeister J\u00fcrgen Dupper die Wochen zur Demokratie<\/strong>, indem er gekonnt einen weiten thematischen Bogen von der griechischen Antike bis in unsere Zeit spannte. Er bedankte sich bei der Initiative, freute sich bereits auf die Abschlussveranstaltung, die f\u00fcr ihn aber kein Ende, sondern eher der Anfang weiterer und auch notwendiger Aktionen zur Demokratief\u00f6rderung darstelle.<\/p>\n<p>Die G\u00e4ste nutzten eifrig die Gelegenheit, ihr Wissen anhand eines Demokratie-Quiz auf die Probe zu stellen. In einer Verlosung wurden attraktive Preise vergeben, die jeweils mit einer besonderen Ausgabe des Grundgesetzes verbunden waren. Der Stadtjugendring begl\u00fcckte viele der kleinen G\u00e4ste mit einem kreativen Kinderprogramm. Die Besucher genossen sichtlich die entspannte und kommunikative Atmosph\u00e4re, die musikalisch trefflich vom <strong>1. Akkordeon-Orchester Passau e.V. <\/strong>getragen wurde.<\/p>\n<p>Nach gut drei Stunden konnten die Initiatorinnen und Initiatoren auf einen gelungenen Start in die Wochen zur Demokratie ansto\u00dfen. Gro\u00dfen Dank zollen sie der <strong>Wirtin Regina vom Theatercaf\u00e9<\/strong>, die dem im Freien geplanten B\u00fcrgerpicknick einen optimalen R\u00fcckzugsort vor K\u00e4lte und N\u00e4sse bot.<\/p>\n<\/div><div class='clear'><\/div>\n\t\t\t\t\t\t\t\t<\/div>\n\t\t\t\t\t\t\t<\/div>\n\t\t\t\t\t\t<\/div><div class='evo_metarow_organizer evorow evcal_evdata_row bordb evcal_evrow_sm '>\n\t\t\t\t\t\t\t<span class='evcal_evdata_icons'><i class='fa fa-address-book-o'><\/i><\/span>\n\t\t\t\t\t\t\t<div class='evcal_evdata_cell'>\t\t\t\t\t\t\t\n\t\t\t\t\t\t\t\t<h3 class='evo_h3'>Mitveranstalter \/ Partner<\/h3>\n\t\t\t\t\t\t\t\t<p class='evo_data_val evo_card_organizer_image'><img src='https:\/\/www.wochen-zur-demokratie.de\/archiv\/wp-content\/uploads\/2022\/02\/WzD-Logo-2022-mittel-278x300.jpg'\/><\/p>\n\t\t\t\t\t\t\t\t<div class='evo_card_organizer'><p class='evo_data_val evo_card_organizer_name'>\n\t\t\t\t\t\t\t\t\t<span class='evo_card_organizer_name_t'>Initiative Wochen zur Demokratie<\/span>\n\t\t\t\t\t\t\t\t\t\n\t\t\t\t\t\t\t\t\t<\/p><\/div><div class='clear'><\/div>\t\t\t\t\t\t\t\n\t\t\t\t\t\t\t<\/div>\n\t\t\t\t\t\t<\/div>\t\t\t\t\t\t<div class='evo_metarow_ICS evorow bordb evcal_evdata_row'>\n\t\t\t\t\t\t\t<span class=\"evcal_evdata_icons\"><i class=\"fa fa-calendar\"><\/i><\/span>\n\t\t\t\t\t\t\t<div class='evcal_evdata_cell'>\n\t\t\t\t\t\t\t\t<p><a href='https:\/\/www.wochen-zur-demokratie.de\/archiv\/wp-admin\/admin-ajax.php?action=eventon_ics_download&amp;event_id=116&amp;ri=0' class='evo_ics_nCal' title='Zum Ihrem Kalender hinzuf\u00fcgen'>Zum Kalender hinzuf\u00fcgen<\/a><a href='\/\/www.google.com\/calendar\/event?action=TEMPLATE&amp;text=DemokraTISCH&amp;dates=20191003T120000Z\/20191003T140000Z&amp;details=Zum+Auftakt+der+Wochen+zur+Demokratie+waren+alle+Freundinnen+und+Freunde+der+Demokratie+zum+gemeinsamen+Nachmittags-Picknick+eingeladen.+Deutlich+mehr+als+100+G%C3%A4ste+nahmen+die+Gelegenheit+wahr+und+fanden+sich+zum&amp;location=Gelungener+Auftakt+der+Wochen+zur+Demokratie+im+und+vor+dem+Theatercaf%C3%A9 - ' target='_blank' class='evo_ics_gCal' title='Zum Ihrem Google-Kalender hinzuf\u00fcgen'>GoogleCal<\/a><\/p>\t\n\t\t\t\t\t\t\t<\/div>\n\t\t\t\t\t\t<\/div>\n\t\t\t\t\t\t<div class='bordb evo_metarow_socialmedia evcal_evdata_row  lastrow'><div class='evo_sm FacebookShare'><a class=\" evo_ss\" target=\"_blank\" onclick=\"javascript:window.open(this.href, '', 'left=50,top=50,width=600,height=350,toolbar=0');return false;\"\n\t\t\t\t\t\t\t\thref=\"http:\/\/www.facebook.com\/sharer.php?u=https%3A%2F%2Fwww.wochen-zur-demokratie.de%2Farchiv%2Fevents%2Fpicknick-an-demokratischen%2F\" title=\"Diese Veranstaltung auf Facebook teilen\"><i class=\"fa fa-facebook\"><\/i><\/a><\/div><div class='evo_sm Twitter'><a class=\"tw evo_ss\" onclick=\"javascript:window.open(this.href, '', 'menubar=no,toolbar=no,resizable=yes,scrollbars=yes,height=300,width=600');return false;\" href=\"http:\/\/twitter.com\/intent\/tweet?text=DemokraTISCH&#32;-&#32;&url=https%3A%2F%2Fwww.wochen-zur-demokratie.de%2Farchiv%2Fevents%2Fpicknick-an-demokratischen%2F\" title=\"Diese Veranstaltung auf Twitter teilen\" rel=\"nofollow\" target=\"_blank\" data-url=\"https%3A%2F%2Fwww.wochen-zur-demokratie.de%2Farchiv%2Fevents%2Fpicknick-an-demokratischen%2F\"><i class=\"fa fa-twitter\"><\/i><\/a><\/div><div class='evo_sm LinkedIn'><a class=\"li evo_ss\" href=\"http:\/\/www.linkedin.com\/shareArticle?mini=true&url=https%3A%2F%2Fwww.wochen-zur-demokratie.de%2Farchiv%2Fevents%2Fpicknick-an-demokratischen%2F&title=DemokraTISCH&summary=Zum+Auftakt+der+Wochen+zur+Demokratie+waren+alle+Freundinnen+und+Freunde+der+Demokratie+zum+gemeinsamen+Nachmittags-Picknick\" target=\"_blank\" title=\"Diese Veranstaltung auf Linkedin teilen\"><i class=\"fa fa-linkedin\"><\/i><\/a><\/div><div class='evo_sm EmailShare'><a class=\"em evo_ss\" href=\"mailto:?subject=DemokraTISCH&body=Event Name: DemokraTISCH%0AEvent Date: 03\/10\/2019 14:00 - 16:00%0ALink: https%3A%2F%2Fwww.wochen-zur-demokratie.de%2Farchiv%2Fevents%2Fpicknick-an-demokratischen%2F%0A\" target=\"_blank\"><i class=\"fa fa-envelope\"><\/i><\/a><\/div><div class='clear'><\/div><div class='evcal_evdata_row evcal_close' title='Close'><\/div><\/div><div class='evo_card_row_end evcal_close' title='Close'><\/div><\/div><div class='clear end'><\/div><\/div><div style=\"background-color: #c766a4;height: 275px;\" id=\"event_132\" class=\"eventon_list_event evo_eventtop past_event event event_132_0\" data-event_id=\"132\" data-ri=\"0r\" data-time=\"1570176000-1570194000\" data-colr=\"#c766a4\" itemscope itemtype='http:\/\/schema.org\/Event'><div class=\"evo_event_schema\" style=\"display:none\" ><a itemprop='url'  href='https:\/\/www.wochen-zur-demokratie.de\/archiv\/events\/theater-eigenart-praesentiert-nebensache\/'><\/a><span itemprop='name'  >Theater EigenArt pr\u00e4sentierte: Nebensache<\/span><meta itemprop='image' content=\"https:\/\/www.wochen-zur-demokratie.de\/archiv\/wp-content\/uploads\/2019\/10\/wzd-nebensache-1.jpg\" \/><meta itemprop='description' content=\"    P\u00fcnktlich um 10 Uhr liefen an die 100 Sch\u00fclerinnen und Sch\u00fcler der 6. Klassen der Maria Ward Realschule in Neuhaus am Inn in die Aula des neugebauten Josefshaus und nahmen\" \/><meta itemprop='startDate' content=\"2019-10-4T08:00\" \/><meta itemprop='endDate' content=\"2019-10-4T13:00\" \/><meta itemprop='eventStatus' content=\"on-schedule\" \/><script type=\"application\/ld+json\">{\t\"@context\": \"http:\/\/schema.org\",\n\t\t\t\t\t\t\t  \t\"@type\": \"Event\",\n\t\t\t\t\t\t\t  \t\"name\": \"Theater EigenArt pr\u00e4sentierte: Nebensache\",\n\t\t\t\t\t\t\t  \t\"startDate\": \"2019-10-4T08-08-00-00\",\n\t\t\t\t\t\t\t  \t\"endDate\": \"2019-10-4T13-13-00-00\",\n\t\t\t\t\t\t\t  \t\"image\":\"https:\/\/www.wochen-zur-demokratie.de\/archiv\/wp-content\/uploads\/2019\/10\/wzd-nebensache-1.jpg\",\n\t\t\t\t\t\t\t  \t\"description\":\"    P\u00fcnktlich um 10 Uhr liefen an die 100 Sch\u00fclerinnen und Sch\u00fcler der 6. Klassen der Maria Ward Realschule in Neuhaus am Inn in die Aula des neugebauten Josefshaus und nahmen\"\n\t\t\t\t\t\t\t  \t\n\t\t\t\t\t\t\t }<\/script><\/div>\n\t\t\t\t<p class=\"desc_trig_outter\"><a data-gmap_status=\"null\" data-exlk=\"0\" id=\"evc_1570176000132\" class=\"desc_trig sin_val evcal_list_a\" data-ux_val=\"3\"  ><span class='evcal_cblock ' data-bgcolor='#c766a4' data-smon='Oktober' data-syr='2019'><span class='evo_start '><em class='date'>04<\/em><em class='month'>Okt.<\/em><em class='time'>08:00<\/em><\/span><span class='evo_end only_time'><em class='time'>13:00<\/em><\/span><em class='clear'><\/em><\/span><span class='evcal_desc evo_info hide_eventtopdata '  data-location_status=\"false\" ><span class='evo_above_title'><\/span><span class='evcal_desc2 evcal_event_title' itemprop='name'>Theater EigenArt pr\u00e4sentierte: Nebensache<\/span><span class='evo_below_title'><span class='evcal_event_subtitle' >Ein Landstreicher erz\u00e4hlt eine Geschichte<\/span><\/span><span class='evcal_desc_info' ><em class='evcal_time'>08:00 - 13:00<\/em> <em class=\"evcal_location\"  data-add_str=\"\"><em class=\"event_location_name\">Realschule Neuhaus am Inn<\/em><\/em><\/span><span class='evcal_desc3'><\/span><\/span><em class='clear'><\/em><\/a><\/p><div class='event_description evcal_eventcard ' style=\"display:none\"><div class='evo_metarow_directimg'><img class='evo_event_main_img' src='https:\/\/www.wochen-zur-demokratie.de\/archiv\/wp-content\/uploads\/2019\/10\/wzd-nebensache-1.jpg' \/><\/div><div class='evo_event_images'><span class='evo_event_more_img select'><img title='' src='https:\/\/www.wochen-zur-demokratie.de\/archiv\/wp-content\/uploads\/2019\/10\/wzd-nebensache-1.jpg' data-f='https:\/\/www.wochen-zur-demokratie.de\/archiv\/wp-content\/uploads\/2019\/10\/wzd-nebensache-1.jpg'\/><\/span><span class='evo_event_more_img '><img title='' src='https:\/\/www.wochen-zur-demokratie.de\/archiv\/wp-content\/uploads\/2019\/10\/wzd-nebensache-2-150x150.jpg' data-f='https:\/\/www.wochen-zur-demokratie.de\/archiv\/wp-content\/uploads\/2019\/10\/wzd-nebensache-2.jpg' data-h='366' data-w='650'\/><\/span><span class='evo_event_more_img '><img title='' src='https:\/\/www.wochen-zur-demokratie.de\/archiv\/wp-content\/uploads\/2019\/10\/wzd-nebensache-6-150x150.jpg' data-f='https:\/\/www.wochen-zur-demokratie.de\/archiv\/wp-content\/uploads\/2019\/10\/wzd-nebensache-6.jpg' data-h='366' data-w='650'\/><\/span><span class='evo_event_more_img '><img title='' src='https:\/\/www.wochen-zur-demokratie.de\/archiv\/wp-content\/uploads\/2019\/10\/wzd-nebensache-5-150x150.jpg' data-f='https:\/\/www.wochen-zur-demokratie.de\/archiv\/wp-content\/uploads\/2019\/10\/wzd-nebensache-5.jpg' data-h='366' data-w='650'\/><\/span><span class='evo_event_more_img '><img title='' src='https:\/\/www.wochen-zur-demokratie.de\/archiv\/wp-content\/uploads\/2019\/10\/wzd-nebensache-4-150x150.jpg' data-f='https:\/\/www.wochen-zur-demokratie.de\/archiv\/wp-content\/uploads\/2019\/10\/wzd-nebensache-4.jpg' data-h='366' data-w='650'\/><\/span><span class='evo_event_more_img '><img title='' src='https:\/\/www.wochen-zur-demokratie.de\/archiv\/wp-content\/uploads\/2019\/10\/wzd-nebensache-3-150x150.jpg' data-f='https:\/\/www.wochen-zur-demokratie.de\/archiv\/wp-content\/uploads\/2019\/10\/wzd-nebensache-3.jpg' data-h='366' data-w='650'\/><\/span><\/div><div class='evo_metarow_details evorow evcal_evdata_row bordb evcal_event_details'>\n\t\t\t\t\t\t\t<div class=\"event_excerpt\" style=\"display:none\"><h3 class=\"padb5 evo_h3\">Event Details<\/h3><p>\r\n\r\nP\u00fcnktlich um 10 Uhr liefen an die 100 Sch\u00fclerinnen und Sch\u00fcler der 6. Klassen der Maria Ward Realschule in Neuhaus am Inn in die Aula des neugebauten Josefshaus und nahmen<\/p><\/div><span class='evcal_evdata_icons'><i class='fa fa-align-justify'><\/i><\/span>\n\t\t\t\t\t\t\t\n\t\t\t\t\t\t\t<div class='evcal_evdata_cell shorter_desc'><div class='eventon_details_shading_bot'>\n\t\t\t\t\t\t\t\t<p class='eventon_shad_p' content='less'><span class='ev_more_text' data-txt='Weniger anzeigen'>Mehr anzeigen<\/span><span class='ev_more_arrow'><\/span><\/p>\n\t\t\t\t\t\t\t<\/div><div class='eventon_full_description'>\n\t\t\t\t\t\t\t\t\t<h3 class='padb5 evo_h3'><span class='evcal_evdata_icons'><i class='fa fa-align-justify'><\/i><\/span>Event Details<\/h3><div class='eventon_desc_in' itemprop='description'>\n\t\t\t\t\t\t\t\t\t<div>\n<p>P\u00fcnktlich um 10 Uhr liefen an die 100 Sch\u00fclerinnen und Sch\u00fcler der 6. Klassen der Maria Ward Realschule in Neuhaus am Inn in die Aula des neugebauten Josefshaus und nahmen schnell auf den Turnmatten vor der B\u00fchne Platz. Nach kurzen einf\u00fchrenden Worten der Schulleiterin Astrid Schmid begann auch schon das St\u00fcck. Mit wenigen b\u00fchnenbildnerischen Mitteln gelingt es <strong>Gerhard Bruckner<\/strong> das Publikum in die Welt eines niederbayerischen Bauern eintauchen zu lassen. R\u00fcckblickend erz\u00e4hlt er ber\u00fchrend und humorvoll das tragische Schicksal eines Bauern: Von der harten Arbeit am Hof, dem Wandel vom Kleinbauern zu einem Gro\u00dfbetrieb, von den Schulden bei der Bank, der Zerr\u00fcttung der Ehe und dem Verlust seines Bauernhofs nach einem Brand. Von dem Hof bleibt ihm zum Schluss nur mehr sein Bienenstock \u00fcbrig mit dem er nun alleine als Landstreicher durch die Gegend zieht.<\/p>\n<p>Bei allen Stationen wurde das Publikum von Gerhard Bruckner aktiv in das Geschehen und in die Entwicklung des St\u00fccks mit einbezogen und die Sch\u00fclerinnen und Sch\u00fcler waren begeistert dabei. Im Anschluss lie\u00df Gerhard Bruckner das Publikum hinter die Kulissen blicken, beantwortete alle neugierigen Fragen zu b\u00fchnentechnischen Tricks und lotete <strong>gemeinsam mit Eva Gei\u00dfler von der Initiative \u201eWochen zur Demokratie\u201c<\/strong> Ankn\u00fcpfungspunkte zur Demokratie im St\u00fcck aus.<\/p>\n<p>Theater EigenART wurde von Gerhard Bruckner als<strong> freies Tourneetheater<\/strong> mit dem Hauptzielpublikum Kinder\/Jugendliche 1995 gegr\u00fcndet. Gerhard Bruckner erhielt 2011 f\u00fcr seine Leistungen den <strong>bayerischen Kulturpreis<\/strong>. Seit 2014 ist er Lehrbeauftragter f\u00fcr Schulspiel\/Szenisches Spiel im Fach Kunstp\u00e4dagogik\/\u00c4sthetische Erziehung an der Universit\u00e4t Passau.<\/p>\n<\/div>\n<\/div><div class='clear'><\/div>\n\t\t\t\t\t\t\t\t<\/div>\n\t\t\t\t\t\t\t<\/div>\n\t\t\t\t\t\t<\/div><div class='evo_metarow_organizer evorow evcal_evdata_row bordb evcal_evrow_sm '>\n\t\t\t\t\t\t\t<span class='evcal_evdata_icons'><i class='fa fa-address-book-o'><\/i><\/span>\n\t\t\t\t\t\t\t<div class='evcal_evdata_cell'>\t\t\t\t\t\t\t\n\t\t\t\t\t\t\t\t<h3 class='evo_h3'>Mitveranstalter \/ Partner<\/h3>\n\t\t\t\t\t\t\t\t<p class='evo_data_val evo_card_organizer_image'><img src='https:\/\/www.wochen-zur-demokratie.de\/archiv\/wp-content\/uploads\/2019\/09\/logo-maria-ward-264x300.jpg'\/><\/p>\n\t\t\t\t\t\t\t\t<div class='evo_card_organizer'><p class='evo_data_val evo_card_organizer_name'>\n\t\t\t\t\t\t\t\t\t<span class='evo_card_organizer_name_t'>Realschule Neuhaus am Inn<\/span><span class='evo_card_organizer_description'>Gef\u00f6rdert vom Kulturf\u00f6rderverein Neuhaus\/Inn<\/span>\n\t\t\t\t\t\t\t\t\t\n\t\t\t\t\t\t\t\t\t<\/p><\/div><div class='clear'><\/div>\t\t\t\t\t\t\t\n\t\t\t\t\t\t\t<\/div>\n\t\t\t\t\t\t<\/div>\t\t\t\t\t\t<div class='evo_metarow_ICS evorow bordb evcal_evdata_row'>\n\t\t\t\t\t\t\t<span class=\"evcal_evdata_icons\"><i class=\"fa fa-calendar\"><\/i><\/span>\n\t\t\t\t\t\t\t<div class='evcal_evdata_cell'>\n\t\t\t\t\t\t\t\t<p><a href='https:\/\/www.wochen-zur-demokratie.de\/archiv\/wp-admin\/admin-ajax.php?action=eventon_ics_download&amp;event_id=132&amp;ri=0' class='evo_ics_nCal' title='Zum Ihrem Kalender hinzuf\u00fcgen'>Zum Kalender hinzuf\u00fcgen<\/a><a href='\/\/www.google.com\/calendar\/event?action=TEMPLATE&amp;text=Theater+EigenArt+pr%C3%A4sentierte%3A+Nebensache&amp;dates=20191004T060000Z\/20191004T110000Z&amp;details=%0D%0A%0D%0AP%C3%BCnktlich+um+10+Uhr+liefen+an+die+100+Sch%C3%BClerinnen+und+Sch%C3%BCler+der+6.+Klassen+der+Maria+Ward+Realschule+in+Neuhaus+am+Inn+in+die+Aula+des+neugebauten+Josefshaus+und+nahmen&amp;location=Realschule+Neuhaus+am+Inn - ' target='_blank' class='evo_ics_gCal' title='Zum Ihrem Google-Kalender hinzuf\u00fcgen'>GoogleCal<\/a><\/p>\t\n\t\t\t\t\t\t\t<\/div>\n\t\t\t\t\t\t<\/div>\n\t\t\t\t\t\t<div class='bordb evo_metarow_socialmedia evcal_evdata_row  lastrow'><div class='evo_sm FacebookShare'><a class=\" evo_ss\" target=\"_blank\" onclick=\"javascript:window.open(this.href, '', 'left=50,top=50,width=600,height=350,toolbar=0');return false;\"\n\t\t\t\t\t\t\t\thref=\"http:\/\/www.facebook.com\/sharer.php?u=https%3A%2F%2Fwww.wochen-zur-demokratie.de%2Farchiv%2Fevents%2Ftheater-eigenart-praesentiert-nebensache%2F\" title=\"Diese Veranstaltung auf Facebook teilen\"><i class=\"fa fa-facebook\"><\/i><\/a><\/div><div class='evo_sm Twitter'><a class=\"tw evo_ss\" onclick=\"javascript:window.open(this.href, '', 'menubar=no,toolbar=no,resizable=yes,scrollbars=yes,height=300,width=600');return false;\" href=\"http:\/\/twitter.com\/intent\/tweet?text=Theater EigenArt pr\u00e4sentierte: Nebensache&#32;-&#32;&url=https%3A%2F%2Fwww.wochen-zur-demokratie.de%2Farchiv%2Fevents%2Ftheater-eigenart-praesentiert-nebensache%2F\" title=\"Diese Veranstaltung auf Twitter teilen\" rel=\"nofollow\" target=\"_blank\" data-url=\"https%3A%2F%2Fwww.wochen-zur-demokratie.de%2Farchiv%2Fevents%2Ftheater-eigenart-praesentiert-nebensache%2F\"><i class=\"fa fa-twitter\"><\/i><\/a><\/div><div class='evo_sm LinkedIn'><a class=\"li evo_ss\" href=\"http:\/\/www.linkedin.com\/shareArticle?mini=true&url=https%3A%2F%2Fwww.wochen-zur-demokratie.de%2Farchiv%2Fevents%2Ftheater-eigenart-praesentiert-nebensache%2F&title=Theater%20EigenArt%20pr%C3%A4sentierte%3A%20Nebensache&summary=%0AP%C3%BCnktlich+um+10+Uhr+liefen+an+die+100+Sch%C3%BClerinnen+und+Sch%C3%BCler+der+6.+Klassen+der+Maria\" target=\"_blank\" title=\"Diese Veranstaltung auf Linkedin teilen\"><i class=\"fa fa-linkedin\"><\/i><\/a><\/div><div class='evo_sm EmailShare'><a class=\"em evo_ss\" href=\"mailto:?subject=Theater EigenArt pr\u00e4sentierte: Nebensache&body=Event Name: Theater EigenArt pr\u00e4sentierte: Nebensache%0AEvent Date: 04\/10\/2019 08:00 - 13:00%0ALink: https%3A%2F%2Fwww.wochen-zur-demokratie.de%2Farchiv%2Fevents%2Ftheater-eigenart-praesentiert-nebensache%2F%0A\" target=\"_blank\"><i class=\"fa fa-envelope\"><\/i><\/a><\/div><div class='clear'><\/div><div class='evcal_evdata_row evcal_close' title='Close'><\/div><\/div><div class='evo_card_row_end evcal_close' title='Close'><\/div><\/div><div class='clear end'><\/div><\/div><div style=\"background-color: #c766a4;height: 275px;\" id=\"event_122\" class=\"eventon_list_event evo_eventtop past_event event event_122_0\" data-event_id=\"122\" data-ri=\"0r\" data-time=\"1570212000-1570219200\" data-colr=\"#c766a4\" itemscope itemtype='http:\/\/schema.org\/Event'><div class=\"evo_event_schema\" style=\"display:none\" ><a itemprop='url'  href='https:\/\/www.wochen-zur-demokratie.de\/archiv\/events\/was-bedeutet-demokratie-eigentlich\/'><\/a><span itemprop='name'  >Was bedeutet Demokratie eigentlich?<\/span><meta itemprop='image' content=\"https:\/\/www.wochen-zur-demokratie.de\/archiv\/wp-content\/uploads\/2019\/10\/191004-diskussion.jpg\" \/><meta itemprop='description' content=\"Was bedeutet Demokratie eigentlich?     Ausgehend von dieser Frage diskutierten 16 Teilnehmer*innen in den R\u00e4umen des Vereins \u201eGemeinsam leben &amp; lernen in Europa\u201c. Gute drei Stunden lang drehte sich das lebhafte\" \/><meta itemprop='startDate' content=\"2019-10-4T18:00\" \/><meta itemprop='endDate' content=\"2019-10-4T20:00\" \/><meta itemprop='eventStatus' content=\"on-schedule\" \/><script type=\"application\/ld+json\">{\t\"@context\": \"http:\/\/schema.org\",\n\t\t\t\t\t\t\t  \t\"@type\": \"Event\",\n\t\t\t\t\t\t\t  \t\"name\": \"Was bedeutet Demokratie eigentlich?\",\n\t\t\t\t\t\t\t  \t\"startDate\": \"2019-10-4T18-18-00-00\",\n\t\t\t\t\t\t\t  \t\"endDate\": \"2019-10-4T20-20-00-00\",\n\t\t\t\t\t\t\t  \t\"image\":\"https:\/\/www.wochen-zur-demokratie.de\/archiv\/wp-content\/uploads\/2019\/10\/191004-diskussion.jpg\",\n\t\t\t\t\t\t\t  \t\"description\":\"Was bedeutet Demokratie eigentlich?     Ausgehend von dieser Frage diskutierten 16 Teilnehmer*innen in den R\u00e4umen des Vereins \u201eGemeinsam leben &amp; lernen in Europa\u201c. Gute drei Stunden lang drehte sich das lebhafte\"\n\t\t\t\t\t\t\t  \t\n\t\t\t\t\t\t\t }<\/script><\/div>\n\t\t\t\t<p class=\"desc_trig_outter\"><a data-gmap_status=\"null\" data-exlk=\"0\" id=\"evc_1570212000122\" class=\"desc_trig sin_val evcal_list_a\" data-ux_val=\"3\"  ><span class='evcal_cblock ' data-bgcolor='#c766a4' data-smon='Oktober' data-syr='2019'><span class='evo_start '><em class='date'>04<\/em><em class='month'>Okt.<\/em><em class='time'>18:00<\/em><\/span><span class='evo_end only_time'><em class='time'>20:00<\/em><\/span><em class='clear'><\/em><\/span><span class='evcal_desc evo_info hide_eventtopdata '  data-location_status=\"false\" ><span class='evo_above_title'><\/span><span class='evcal_desc2 evcal_event_title' itemprop='name'>Was bedeutet Demokratie eigentlich?<\/span><span class='evo_below_title'><span class='evcal_event_subtitle' >Diskussionsrunde<\/span><\/span><span class='evcal_desc_info' ><em class='evcal_time'>18:00 - 20:00<\/em> <em class=\"evcal_location\"  data-add_str=\"\"><em class=\"event_location_name\">Seminarr\u00e4ume Lederergasse 1, Passau<\/em><\/em><\/span><span class='evcal_desc3'><\/span><\/span><em class='clear'><\/em><\/a><\/p><div class='event_description evcal_eventcard ' style=\"display:none\"><div class='evo_metarow_directimg'><img class='evo_event_main_img' src='https:\/\/www.wochen-zur-demokratie.de\/archiv\/wp-content\/uploads\/2019\/10\/191004-diskussion.jpg' \/><\/div><div class='evo_metarow_details evorow evcal_evdata_row bordb evcal_event_details'>\n\t\t\t\t\t\t\t<div class=\"event_excerpt\" style=\"display:none\"><h3 class=\"padb5 evo_h3\">Event Details<\/h3><p>Was bedeutet Demokratie eigentlich? \r\n\r\nAusgehend von dieser Frage diskutierten 16 Teilnehmer*innen in den R\u00e4umen des Vereins \u201eGemeinsam leben &amp; lernen in Europa\u201c. Gute drei Stunden lang drehte sich das lebhafte<\/p><\/div><span class='evcal_evdata_icons'><i class='fa fa-align-justify'><\/i><\/span>\n\t\t\t\t\t\t\t\n\t\t\t\t\t\t\t<div class='evcal_evdata_cell shorter_desc'><div class='eventon_details_shading_bot'>\n\t\t\t\t\t\t\t\t<p class='eventon_shad_p' content='less'><span class='ev_more_text' data-txt='Weniger anzeigen'>Mehr anzeigen<\/span><span class='ev_more_arrow'><\/span><\/p>\n\t\t\t\t\t\t\t<\/div><div class='eventon_full_description'>\n\t\t\t\t\t\t\t\t\t<h3 class='padb5 evo_h3'><span class='evcal_evdata_icons'><i class='fa fa-align-justify'><\/i><\/span>Event Details<\/h3><div class='eventon_desc_in' itemprop='description'>\n\t\t\t\t\t\t\t\t\t<p><strong>Was bedeutet Demokratie eigentlich? <\/strong><\/p>\n<p>Ausgehend von dieser Frage diskutierten 16 Teilnehmer*innen in den R\u00e4umen des <strong>Vereins \u201eGemeinsam leben &amp; lernen in Europa\u201c<\/strong>. Gute drei Stunden lang drehte sich das lebhafte Gespr\u00e4ch um pers\u00f6nliche Erfahrungen mit demokratischen, aber auch nicht-demokratischen Systemen, um M\u00f6glichkeiten, Herausforderungen und Grenzen b\u00fcrgerschaftlichen Engagements z.B. in Vereinen oder Parteien.<\/p>\n<p><strong>Was k\u00f6nnen wir \u00fcberhaupt bewegen, durch ehrenamtliches Engagement, durch Proteste auf der Stra\u00dfe oder durch Petitionen? <\/strong>Welche alternativen Formen der politischen Mitbestimmung sind denkbar, um die politische Landschaft in Deutschland zu bewegen? Diese und weitere Fragen bestimmten die Diskussionsrunde.<\/p>\n<p><strong>Was es bedeutet, seine Meinung frei \u00e4u\u00dfern zu k\u00f6nnen<\/strong>, ohne Angst vor \u201eden Ohren in der Wand\u201c, frei \u00fcber den eigenen Beruf oder die Wahl der Kleidung entscheiden zu d\u00fcrfen \u2013 dies wurde den Anwesenden sp\u00e4testens nach Erz\u00e4hlungen von Gefl\u00fcchteten aus \u00c4gypten und Syrien, aber auch von Internationalen Studierenden aus Honduras und Ecuador bewusst. Sie lie\u00dfen die Anwesenden an ihren \u00c4ngsten und Sorgen \u00fcber die politischen Umbr\u00fcche in ihren Herkunftsl\u00e4ndern teilhaben.<\/p>\n<p>Der Workshop machte deutlich: <strong>Demokratie ist nicht nur ein politisches System, sondern wesentlicher Bestandteil unseres Alltagslebens<\/strong> \u2013 immer dann wenn es um gemeinschaftliches Leben und Lernen geht.<\/p>\n<p>Besonderer Dank gilt den Leiter*innen des Workshops f\u00fcr die respektvolle und anerkennende Diskussionsrunde. Wir freuen uns darauf den <strong>Dialog zum n\u00e4chsten gemeinsamen Workshop am 8. Oktober<\/strong>, in der Zeit von 16 bis 18 Uhr, zum Thema \u201ePopulismus und Fake News\u201c fortsetzen zu k\u00f6nnen.<\/p>\n<\/div><div class='clear'><\/div>\n\t\t\t\t\t\t\t\t<\/div>\n\t\t\t\t\t\t\t<\/div>\n\t\t\t\t\t\t<\/div><div class='evo_metarow_organizer evorow evcal_evdata_row bordb evcal_evrow_sm '>\n\t\t\t\t\t\t\t<span class='evcal_evdata_icons'><i class='fa fa-address-book-o'><\/i><\/span>\n\t\t\t\t\t\t\t<div class='evcal_evdata_cell'>\t\t\t\t\t\t\t\n\t\t\t\t\t\t\t\t<h3 class='evo_h3'>Mitveranstalter \/ Partner<\/h3>\n\t\t\t\t\t\t\t\t<p class='evo_data_val evo_card_organizer_image'><img src='https:\/\/www.wochen-zur-demokratie.de\/archiv\/wp-content\/uploads\/2019\/07\/logo-lebenundlernenineuropa.jpg'\/><\/p>\n\t\t\t\t\t\t\t\t<div class='evo_card_organizer'><p class='evo_data_val evo_card_organizer_name'>\n\t\t\t\t\t\t\t\t\t<span class='evo_card_organizer_name_t'>Gemeinsam leben und lernen in Europa e.V.<\/span>\n\t\t\t\t\t\t\t\t\t\n\t\t\t\t\t\t\t\t\t<\/p><\/div><div class='clear'><\/div>\t\t\t\t\t\t\t\n\t\t\t\t\t\t\t<\/div>\n\t\t\t\t\t\t<\/div>\t\t\t\t\t\t<div class='evo_metarow_ICS evorow bordb evcal_evdata_row'>\n\t\t\t\t\t\t\t<span class=\"evcal_evdata_icons\"><i class=\"fa fa-calendar\"><\/i><\/span>\n\t\t\t\t\t\t\t<div class='evcal_evdata_cell'>\n\t\t\t\t\t\t\t\t<p><a href='https:\/\/www.wochen-zur-demokratie.de\/archiv\/wp-admin\/admin-ajax.php?action=eventon_ics_download&amp;event_id=122&amp;ri=0' class='evo_ics_nCal' title='Zum Ihrem Kalender hinzuf\u00fcgen'>Zum Kalender hinzuf\u00fcgen<\/a><a href='\/\/www.google.com\/calendar\/event?action=TEMPLATE&amp;text=Was+bedeutet+Demokratie+eigentlich%3F&amp;dates=20191004T160000Z\/20191004T180000Z&amp;details=Was+bedeutet+Demokratie+eigentlich%3F+%0D%0A%0D%0AAusgehend+von+dieser+Frage+diskutierten+16+Teilnehmer%2Ainnen+in+den+R%C3%A4umen+des+Vereins+%E2%80%9EGemeinsam+leben+%26amp%3B+lernen+in+Europa%E2%80%9C.+Gute+drei+Stunden+lang+drehte+sich+das+lebhafte&amp;location=Seminarr%C3%A4ume+Lederergasse+1%2C+Passau - ' target='_blank' class='evo_ics_gCal' title='Zum Ihrem Google-Kalender hinzuf\u00fcgen'>GoogleCal<\/a><\/p>\t\n\t\t\t\t\t\t\t<\/div>\n\t\t\t\t\t\t<\/div>\n\t\t\t\t\t\t<div class='bordb evo_metarow_socialmedia evcal_evdata_row  lastrow'><div class='evo_sm FacebookShare'><a class=\" evo_ss\" target=\"_blank\" onclick=\"javascript:window.open(this.href, '', 'left=50,top=50,width=600,height=350,toolbar=0');return false;\"\n\t\t\t\t\t\t\t\thref=\"http:\/\/www.facebook.com\/sharer.php?u=https%3A%2F%2Fwww.wochen-zur-demokratie.de%2Farchiv%2Fevents%2Fwas-bedeutet-demokratie-eigentlich%2F\" title=\"Diese Veranstaltung auf Facebook teilen\"><i class=\"fa fa-facebook\"><\/i><\/a><\/div><div class='evo_sm Twitter'><a class=\"tw evo_ss\" onclick=\"javascript:window.open(this.href, '', 'menubar=no,toolbar=no,resizable=yes,scrollbars=yes,height=300,width=600');return false;\" href=\"http:\/\/twitter.com\/intent\/tweet?text=Was bedeutet Demokratie eigentlich?&#32;-&#32;&url=https%3A%2F%2Fwww.wochen-zur-demokratie.de%2Farchiv%2Fevents%2Fwas-bedeutet-demokratie-eigentlich%2F\" title=\"Diese Veranstaltung auf Twitter teilen\" rel=\"nofollow\" target=\"_blank\" data-url=\"https%3A%2F%2Fwww.wochen-zur-demokratie.de%2Farchiv%2Fevents%2Fwas-bedeutet-demokratie-eigentlich%2F\"><i class=\"fa fa-twitter\"><\/i><\/a><\/div><div class='evo_sm LinkedIn'><a class=\"li evo_ss\" href=\"http:\/\/www.linkedin.com\/shareArticle?mini=true&url=https%3A%2F%2Fwww.wochen-zur-demokratie.de%2Farchiv%2Fevents%2Fwas-bedeutet-demokratie-eigentlich%2F&title=Was%20bedeutet%20Demokratie%20eigentlich%3F&summary=Was+bedeutet+Demokratie+eigentlich%3F+%0AAusgehend+von+dieser+Frage+diskutierten+16+Teilnehmer%2Ainnen+in+den+R%C3%A4umen+des+Vereins\" target=\"_blank\" title=\"Diese Veranstaltung auf Linkedin teilen\"><i class=\"fa fa-linkedin\"><\/i><\/a><\/div><div class='evo_sm EmailShare'><a class=\"em evo_ss\" href=\"mailto:?subject=Was bedeutet Demokratie eigentlich?&body=Event Name: Was bedeutet Demokratie eigentlich?%0AEvent Date: 04\/10\/2019 18:00 - 20:00%0ALink: https%3A%2F%2Fwww.wochen-zur-demokratie.de%2Farchiv%2Fevents%2Fwas-bedeutet-demokratie-eigentlich%2F%0A\" target=\"_blank\"><i class=\"fa fa-envelope\"><\/i><\/a><\/div><div class='clear'><\/div><div class='evcal_evdata_row evcal_close' title='Close'><\/div><\/div><div class='evo_card_row_end evcal_close' title='Close'><\/div><\/div><div class='clear end'><\/div><\/div><div style=\"background-color: #c766a4;height: 275px;\" id=\"event_296\" class=\"eventon_list_event evo_eventtop past_event event event_296_0\" data-event_id=\"296\" data-ri=\"0r\" data-time=\"1570219200-1570222800\" data-colr=\"#c766a4\" itemscope itemtype='http:\/\/schema.org\/Event'><div class=\"evo_event_schema\" style=\"display:none\" ><a itemprop='url'  href='https:\/\/www.wochen-zur-demokratie.de\/archiv\/events\/marie-juchacz\/'><\/a><span itemprop='name'  >\"Mir geht so vieles durch Kopf und Herz\"<\/span><meta itemprop='image' content=\"https:\/\/www.wochen-zur-demokratie.de\/archiv\/wp-content\/uploads\/2019\/10\/191004-juchaczweb.jpg\" \/><meta itemprop='description' content=\"Am 19. Februar 1919 \u2013 vor gut 100 Jahren \u2013 sprach Marie Juchacz als erste Frau in einem deutschen Parlament. Gemeinsam mit ihr waren kurz zuvor 36 weitere Frauen in\" \/><meta itemprop='startDate' content=\"2019-10-4T20:00\" \/><meta itemprop='endDate' content=\"2019-10-4T21:00\" \/><meta itemprop='eventStatus' content=\"on-schedule\" \/><script type=\"application\/ld+json\">{\t\"@context\": \"http:\/\/schema.org\",\n\t\t\t\t\t\t\t  \t\"@type\": \"Event\",\n\t\t\t\t\t\t\t  \t\"name\": \"\"Mir geht so vieles durch Kopf und Herz\"\",\n\t\t\t\t\t\t\t  \t\"startDate\": \"2019-10-4T20-20-00-00\",\n\t\t\t\t\t\t\t  \t\"endDate\": \"2019-10-4T21-21-00-00\",\n\t\t\t\t\t\t\t  \t\"image\":\"https:\/\/www.wochen-zur-demokratie.de\/archiv\/wp-content\/uploads\/2019\/10\/191004-juchaczweb.jpg\",\n\t\t\t\t\t\t\t  \t\"description\":\"Am 19. Februar 1919 \u2013 vor gut 100 Jahren \u2013 sprach Marie Juchacz als erste Frau in einem deutschen Parlament. Gemeinsam mit ihr waren kurz zuvor 36 weitere Frauen in\"\n\t\t\t\t\t\t\t  \t\n\t\t\t\t\t\t\t }<\/script><\/div>\n\t\t\t\t<p class=\"desc_trig_outter\"><a data-gmap_status=\"null\" data-exlk=\"0\" id=\"evc_1570219200296\" class=\"desc_trig sin_val evcal_list_a\" data-ux_val=\"3\"  ><span class='evcal_cblock ' data-bgcolor='#c766a4' data-smon='Oktober' data-syr='2019'><span class='evo_start '><em class='date'>04<\/em><em class='month'>Okt.<\/em><em class='time'>20:00<\/em><\/span><span class='evo_end only_time'><em class='time'>21:00<\/em><\/span><em class='clear'><\/em><\/span><span class='evcal_desc evo_info hide_eventtopdata '  data-location_status=\"false\" ><span class='evo_above_title'><\/span><span class='evcal_desc2 evcal_event_title' itemprop='name'>\"Mir geht so vieles durch Kopf und Herz\"<\/span><span class='evo_below_title'><span class='evcal_event_subtitle' >Musikalische Lesung zur Frauenrechtlerin Marie Juchacz<\/span><\/span><span class='evcal_desc_info' ><em class='evcal_time'>20:00 - 21:00<\/em> <em class=\"evcal_location\"  data-add_str=\"\"><em class=\"event_location_name\">Kulturmodell Passau<\/em><\/em><\/span><span class='evcal_desc3'><\/span><\/span><em class='clear'><\/em><\/a><\/p><div class='event_description evcal_eventcard ' style=\"display:none\"><div class='evo_metarow_directimg'><img class='evo_event_main_img' src='https:\/\/www.wochen-zur-demokratie.de\/archiv\/wp-content\/uploads\/2019\/10\/191004-juchaczweb.jpg' \/><\/div><div class='evo_metarow_details evorow evcal_evdata_row bordb evcal_event_details'>\n\t\t\t\t\t\t\t<div class=\"event_excerpt\" style=\"display:none\"><h3 class=\"padb5 evo_h3\">Event Details<\/h3><p>Am 19. Februar 1919 \u2013 vor gut 100 Jahren \u2013 sprach Marie Juchacz als erste Frau in einem deutschen Parlament. Gemeinsam mit ihr waren kurz zuvor 36 weitere Frauen in<\/p><\/div><span class='evcal_evdata_icons'><i class='fa fa-align-justify'><\/i><\/span>\n\t\t\t\t\t\t\t\n\t\t\t\t\t\t\t<div class='evcal_evdata_cell shorter_desc'><div class='eventon_details_shading_bot'>\n\t\t\t\t\t\t\t\t<p class='eventon_shad_p' content='less'><span class='ev_more_text' data-txt='Weniger anzeigen'>Mehr anzeigen<\/span><span class='ev_more_arrow'><\/span><\/p>\n\t\t\t\t\t\t\t<\/div><div class='eventon_full_description'>\n\t\t\t\t\t\t\t\t\t<h3 class='padb5 evo_h3'><span class='evcal_evdata_icons'><i class='fa fa-align-justify'><\/i><\/span>Event Details<\/h3><div class='eventon_desc_in' itemprop='description'>\n\t\t\t\t\t\t\t\t\t<p><strong>Am 19. Februar 1919 \u2013 vor gut 100 Jahren \u2013 sprach Marie Juchacz als erste Frau in einem deutschen Parlament<\/strong>. Gemeinsam mit ihr waren kurz zuvor 36 weitere Frauen in die Weimarer Nationalversammlung gew\u00e4hlt worden. Seit November 1918 galt erstmals das aktive und passive Wahlrecht f\u00fcr Frauen.<\/p>\n<p><strong>Paula Maria Kirschner, Schauspielerin am Landestheater Niederbayern<\/strong>, lie\u00df die Person Marie Juchacz zu den Wochen zur Demokratie nun in einer Lesung wieder lebendig werden. Die Zuh\u00f6rerinnen und Zuh\u00f6rer durchlebten gemeinsam mit Juchacz die ersten Jahrzehnte des 20. Jahrhunderts. Kirschners Lesung war dabei\u00a0<strong>Psychogramm und Panorama der Zeitl\u00e4ufte zugleich<\/strong>. In ihrer Textauswahl zeichnete sie das dichte und eindringliche Bild einer Frau, deren Leben mit den politischen Ereignissen und Entwicklungen der damaligen Zeit eng verbunden, das immer wieder aber auch von pers\u00f6nlichen Umst\u00e4nden und Schicksalsschl\u00e4gen gepr\u00e4gt war.<\/p>\n<p>Die Lesung zeigte eindr\u00fccklich: Marie Juchacz war nicht nur die Frauenrechtlerin, Sozialdemokratin und Begr\u00fcnderin der Arbeitswohlfahrt, als die sie heute bekannt ist, sondern etwa auch alleinerziehende Mutter, die in ihrer Schwester Elisabeth eine wichtige Wegbegleiterin hatte \u2013 bis diese 1930 pl\u00f6tzlich verstarb. Noch 1932 hielt sie eine flammende Rede gegen die aufziehende Herrschaft des Nationalsozialismus, die in erschreckender Klarheit die Zukunft Deutschlands prophezeite. Mit Beginn des zweiten Weltkrieges floh sie dann nach Paris, sp\u00e4ter weiter nach New York, wo sie 60-j\u00e4hrig noch einmal eine neue Sprache erlernen musste.<\/p>\n<p><strong>Peter Tilch \u2013 der die Lesung an Saxophon und Klarinette begleitete<\/strong>\u00a0\u2013 vermittelte den G\u00e4sten die Stationen ihres Lebens, den Weg in das Berlin der Jahrhundertwende, die goldenen 1920er Jahre bis zur Weltwirtschaftskrise, aber auch das Exil in New York immer wieder in atmosph\u00e4risch dichten Klangbildern.<\/p>\n<p>Nach Abschluss der Lesung hatten die rund 40 G\u00e4ste bei einem Glas Wein Gelegenheit zum weiteren Austausch.<\/p>\n<\/div><div class='clear'><\/div>\n\t\t\t\t\t\t\t\t<\/div>\n\t\t\t\t\t\t\t<\/div>\n\t\t\t\t\t\t<\/div><div class='evo_metarow_organizer evorow evcal_evdata_row bordb evcal_evrow_sm '>\n\t\t\t\t\t\t\t<span class='evcal_evdata_icons'><i class='fa fa-address-book-o'><\/i><\/span>\n\t\t\t\t\t\t\t<div class='evcal_evdata_cell'>\t\t\t\t\t\t\t\n\t\t\t\t\t\t\t\t<h3 class='evo_h3'>Mitveranstalter \/ Partner<\/h3>\n\t\t\t\t\t\t\t\t<p class='evo_data_val evo_card_organizer_image'><img src='https:\/\/www.wochen-zur-demokratie.de\/archiv\/wp-content\/uploads\/2019\/07\/logo_landestheater.jpg'\/><\/p>\n\t\t\t\t\t\t\t\t<div class='evo_card_organizer'><p class='evo_data_val evo_card_organizer_name'>\n\t\t\t\t\t\t\t\t\t<span class='evo_card_organizer_name_t'>Landestheater Niederbayern<\/span>\n\t\t\t\t\t\t\t\t\t\n\t\t\t\t\t\t\t\t\t<\/p><\/div><div class='clear'><\/div>\t\t\t\t\t\t\t\n\t\t\t\t\t\t\t<\/div>\n\t\t\t\t\t\t<\/div>\t\t\t\t\t\t<div class='evo_metarow_ICS evorow bordb evcal_evdata_row'>\n\t\t\t\t\t\t\t<span class=\"evcal_evdata_icons\"><i class=\"fa fa-calendar\"><\/i><\/span>\n\t\t\t\t\t\t\t<div class='evcal_evdata_cell'>\n\t\t\t\t\t\t\t\t<p><a href='https:\/\/www.wochen-zur-demokratie.de\/archiv\/wp-admin\/admin-ajax.php?action=eventon_ics_download&amp;event_id=296&amp;ri=0' class='evo_ics_nCal' title='Zum Ihrem Kalender hinzuf\u00fcgen'>Zum Kalender hinzuf\u00fcgen<\/a><a href='\/\/www.google.com\/calendar\/event?action=TEMPLATE&amp;text=%22Mir+geht+so+vieles+durch+Kopf+und+Herz%22&amp;dates=20191004T180000Z\/20191004T190000Z&amp;details=Am+19.+Februar+1919+%E2%80%93+vor+gut+100+Jahren+%E2%80%93+sprach+Marie+Juchacz+als+erste+Frau+in+einem+deutschen+Parlament.+Gemeinsam+mit+ihr+waren+kurz+zuvor+36+weitere+Frauen+in&amp;location=Kulturmodell+Passau - ' target='_blank' class='evo_ics_gCal' title='Zum Ihrem Google-Kalender hinzuf\u00fcgen'>GoogleCal<\/a><\/p>\t\n\t\t\t\t\t\t\t<\/div>\n\t\t\t\t\t\t<\/div>\n\t\t\t\t\t\t<div class='bordb evo_metarow_socialmedia evcal_evdata_row  lastrow'><div class='evo_sm FacebookShare'><a class=\" evo_ss\" target=\"_blank\" onclick=\"javascript:window.open(this.href, '', 'left=50,top=50,width=600,height=350,toolbar=0');return false;\"\n\t\t\t\t\t\t\t\thref=\"http:\/\/www.facebook.com\/sharer.php?u=https%3A%2F%2Fwww.wochen-zur-demokratie.de%2Farchiv%2Fevents%2Fmarie-juchacz%2F\" title=\"Diese Veranstaltung auf Facebook teilen\"><i class=\"fa fa-facebook\"><\/i><\/a><\/div><div class='evo_sm Twitter'><a class=\"tw evo_ss\" onclick=\"javascript:window.open(this.href, '', 'menubar=no,toolbar=no,resizable=yes,scrollbars=yes,height=300,width=600');return false;\" href=\"http:\/\/twitter.com\/intent\/tweet?text=&#8222;Mir geht so vieles durch Kopf und Herz&#8220;&#32;-&#32;&url=https%3A%2F%2Fwww.wochen-zur-demokratie.de%2Farchiv%2Fevents%2Fmarie-juchacz%2F\" title=\"Diese Veranstaltung auf Twitter teilen\" rel=\"nofollow\" target=\"_blank\" data-url=\"https%3A%2F%2Fwww.wochen-zur-demokratie.de%2Farchiv%2Fevents%2Fmarie-juchacz%2F\"><i class=\"fa fa-twitter\"><\/i><\/a><\/div><div class='evo_sm LinkedIn'><a class=\"li evo_ss\" href=\"http:\/\/www.linkedin.com\/shareArticle?mini=true&url=https%3A%2F%2Fwww.wochen-zur-demokratie.de%2Farchiv%2Fevents%2Fmarie-juchacz%2F&title=%26%238222%3BMir%20geht%20so%20vieles%20durch%20Kopf%20und%20Herz%26%238220%3B&summary=Am+19.+Februar+1919+%E2%80%93+vor+gut+100+Jahren+%E2%80%93+sprach+Marie+Juchacz+als+erste+Frau\" target=\"_blank\" title=\"Diese Veranstaltung auf Linkedin teilen\"><i class=\"fa fa-linkedin\"><\/i><\/a><\/div><div class='evo_sm EmailShare'><a class=\"em evo_ss\" href=\"mailto:?subject=%26#8222;Mir geht so vieles durch Kopf und Herz%26#8220;&body=Event Name: %26#8222;Mir geht so vieles durch Kopf und Herz%26#8220;%0AEvent Date: 04\/10\/2019 20:00 - 21:00%0ALink: https%3A%2F%2Fwww.wochen-zur-demokratie.de%2Farchiv%2Fevents%2Fmarie-juchacz%2F%0A\" target=\"_blank\"><i class=\"fa fa-envelope\"><\/i><\/a><\/div><div class='clear'><\/div><div class='evcal_evdata_row evcal_close' title='Close'><\/div><\/div><div class='evo_card_row_end evcal_close' title='Close'><\/div><\/div><div class='clear end'><\/div><\/div><div style=\"background-color: #c766a4;height: 275px;\" id=\"event_125\" class=\"eventon_list_event evo_eventtop past_event event event_125_0\" data-event_id=\"125\" data-ri=\"0r\" data-time=\"1570381200-1570388400\" data-colr=\"#c766a4\" itemscope itemtype='http:\/\/schema.org\/Event'><div class=\"evo_event_schema\" style=\"display:none\" ><a itemprop='url'  href='https:\/\/www.wochen-zur-demokratie.de\/archiv\/events\/rotes-bayern-es-lebe-der-freistaat\/'><\/a><span itemprop='name'  >Rotes Bayern \u2013 es lebe der Freistaat!<\/span><meta itemprop='image' content=\"https:\/\/www.wochen-zur-demokratie.de\/archiv\/wp-content\/uploads\/2019\/10\/191006-rotesbayern-web.jpg\" \/><meta itemprop='description' content=\"Es war ein hochkar\u00e4tiger Abend mit herausragenden Schauspielern und Musikern, einer meisterhaften Inszenierung sowie einer tief bewegenden, tragischen Geschichte.    Am 7. November 1918 wurde in Bayern die Wittelsbacher Monarchie abgeschafft und\" \/><meta itemprop='startDate' content=\"2019-10-6T17:00\" \/><meta itemprop='endDate' content=\"2019-10-6T19:00\" \/><meta itemprop='eventStatus' content=\"on-schedule\" \/><script type=\"application\/ld+json\">{\t\"@context\": \"http:\/\/schema.org\",\n\t\t\t\t\t\t\t  \t\"@type\": \"Event\",\n\t\t\t\t\t\t\t  \t\"name\": \"Rotes Bayern \u2013 es lebe der Freistaat!\",\n\t\t\t\t\t\t\t  \t\"startDate\": \"2019-10-6T17-17-00-00\",\n\t\t\t\t\t\t\t  \t\"endDate\": \"2019-10-6T19-19-00-00\",\n\t\t\t\t\t\t\t  \t\"image\":\"https:\/\/www.wochen-zur-demokratie.de\/archiv\/wp-content\/uploads\/2019\/10\/191006-rotesbayern-web.jpg\",\n\t\t\t\t\t\t\t  \t\"description\":\"Es war ein hochkar\u00e4tiger Abend mit herausragenden Schauspielern und Musikern, einer meisterhaften Inszenierung sowie einer tief bewegenden, tragischen Geschichte.    Am 7. November 1918 wurde in Bayern die Wittelsbacher Monarchie abgeschafft und\"\n\t\t\t\t\t\t\t  \t\n\t\t\t\t\t\t\t }<\/script><\/div>\n\t\t\t\t<p class=\"desc_trig_outter\"><a data-gmap_status=\"null\" data-exlk=\"0\" id=\"evc_1570381200125\" class=\"desc_trig sin_val evcal_list_a\" data-ux_val=\"3\"  ><span class='evcal_cblock ' data-bgcolor='#c766a4' data-smon='Oktober' data-syr='2019'><span class='evo_start '><em class='date'>06<\/em><em class='month'>Okt.<\/em><em class='time'>17:00<\/em><\/span><span class='evo_end only_time'><em class='time'>19:00<\/em><\/span><em class='clear'><\/em><\/span><span class='evcal_desc evo_info hide_eventtopdata '  data-location_status=\"false\" ><span class='evo_above_title'><\/span><span class='evcal_desc2 evcal_event_title' itemprop='name'>Rotes Bayern \u2013 es lebe der Freistaat!<\/span><span class='evo_below_title'><span class='evcal_event_subtitle' >Szenisches H\u00f6rspiel mit Hans Well, Gisela Schneeberger u.a.<\/span><\/span><span class='evcal_desc_info' ><em class='evcal_time'>17:00 - 19:00<\/em> <em class=\"evcal_location\"  data-add_str=\"\"><em class=\"event_location_name\">Kurg\u00e4stehaus Kellberg<\/em><\/em><\/span><span class='evcal_desc3'><\/span><\/span><em class='clear'><\/em><\/a><\/p><div class='event_description evcal_eventcard ' style=\"display:none\"><div class='evo_metarow_directimg'><img class='evo_event_main_img' src='https:\/\/www.wochen-zur-demokratie.de\/archiv\/wp-content\/uploads\/2019\/10\/191006-rotesbayern-web.jpg' \/><\/div><div class='evo_metarow_details evorow evcal_evdata_row bordb evcal_event_details'>\n\t\t\t\t\t\t\t<div class=\"event_excerpt\" style=\"display:none\"><h3 class=\"padb5 evo_h3\">Event Details<\/h3><p>Es war ein hochkar\u00e4tiger Abend mit herausragenden Schauspielern und Musikern, einer meisterhaften Inszenierung sowie einer tief bewegenden, tragischen Geschichte.\r\n\r\nAm 7. November 1918 wurde in Bayern die Wittelsbacher Monarchie abgeschafft und<\/p><\/div><span class='evcal_evdata_icons'><i class='fa fa-align-justify'><\/i><\/span>\n\t\t\t\t\t\t\t\n\t\t\t\t\t\t\t<div class='evcal_evdata_cell shorter_desc'><div class='eventon_details_shading_bot'>\n\t\t\t\t\t\t\t\t<p class='eventon_shad_p' content='less'><span class='ev_more_text' data-txt='Weniger anzeigen'>Mehr anzeigen<\/span><span class='ev_more_arrow'><\/span><\/p>\n\t\t\t\t\t\t\t<\/div><div class='eventon_full_description'>\n\t\t\t\t\t\t\t\t\t<h3 class='padb5 evo_h3'><span class='evcal_evdata_icons'><i class='fa fa-align-justify'><\/i><\/span>Event Details<\/h3><div class='eventon_desc_in' itemprop='description'>\n\t\t\t\t\t\t\t\t\t<p>Es war ein hochkar\u00e4tiger Abend mit herausragenden Schauspielern und Musikern, einer meisterhaften Inszenierung sowie einer tief bewegenden, tragischen Geschichte.<\/p>\n<p>Am 7. November 1918 wurde in Bayern die Wittelsbacher <strong>Monarchie abgeschafft und der Freistaat Bayern ausgerufen<\/strong>. Dass der Freistaat, der von konservativen Kreisen so stolz im Munde getragen wird, ausgerechnet von dem Sozialisten Kurt Eisner proklamiert wurde, wird hierzulande gerne unter den Tisch gekehrt. Viele Details der wirren Vorg\u00e4nge bis zur Niederschlagung der R\u00e4terepublik sind wenig bekannt. Ein Grund mehr f\u00fcr Hans und Sabeeka Gangjee-Well, anl\u00e4sslich des 100. Jubil\u00e4ums der Ausrufung des Freistaats Bayern genau zu recherchieren und mit einer szenischen Lesung samt Musik eindrucksvoll an eine der spannendsten Phasen der Demokratiegeschichte zu erinnern.<\/p>\n<p>Als erz\u00e4hlerischen Rahmen w\u00e4hlen Hans Well und seine Frau Sabeeka \u2013 die beiden haben das Drehbuch geschrieben \u2013 den Gang einer kleinen Besuchergruppe unter der resoluten F\u00fchrung von Gisela Schneeberger in die Katakomben des Museums der Bayerischen Geschichte, in die \u00f6ffentlich kaum zug\u00e4ngliche \u201eAbstellkammer der M\u00fcnchner Revolution 1918\/19\u201c.<\/p>\n<p><strong>Gert Heidenreich, Gisela Schneeberger, Bernhard Butz, Maria Peschek (sie war kurzfristig f\u00fcr Johanna Bittenbinder eingesprungen) und Heinz-Josef Braun lasen die Texte. Hans, Sarah, Tabea und Jonas Well sowie Lukas Berk<\/strong> musizierten. Die 400 Besucher im Kellberger Kurg\u00e4stehaus zollten den Akteuren frenetischen Beifall.<\/p>\n<p><strong>\u201eRotes Bayern \u2013 es lebe der Freistaat!\u201c hat 2019 den Deutschen H\u00f6rbuchpreis gewonnen.<\/strong><\/p>\n<\/div><div class='clear'><\/div>\n\t\t\t\t\t\t\t\t<\/div>\n\t\t\t\t\t\t\t<\/div>\n\t\t\t\t\t\t<\/div><div class='evo_metarow_organizer evorow evcal_evdata_row bordb evcal_evrow_sm '>\n\t\t\t\t\t\t\t<span class='evcal_evdata_icons'><i class='fa fa-address-book-o'><\/i><\/span>\n\t\t\t\t\t\t\t<div class='evcal_evdata_cell'>\t\t\t\t\t\t\t\n\t\t\t\t\t\t\t\t<h3 class='evo_h3'>Mitveranstalter \/ Partner<\/h3>\n\t\t\t\t\t\t\t\t<p class='evo_data_val evo_card_organizer_image'><img src='https:\/\/www.wochen-zur-demokratie.de\/archiv\/wp-content\/uploads\/2019\/07\/logo-kabrettl-300x78.jpg'\/><\/p>\n\t\t\t\t\t\t\t\t<div class='evo_card_organizer'><p class='evo_data_val evo_card_organizer_name'>\n\t\t\t\t\t\t\t\t\t<span class='evo_card_organizer_name_t'>Kabrettl Kellberg<\/span>\n\t\t\t\t\t\t\t\t\t\n\t\t\t\t\t\t\t\t\t<\/p><\/div><div class='clear'><\/div>\t\t\t\t\t\t\t\n\t\t\t\t\t\t\t<\/div>\n\t\t\t\t\t\t<\/div>\t\t\t\t\t\t<div class='evo_metarow_ICS evorow bordb evcal_evdata_row'>\n\t\t\t\t\t\t\t<span class=\"evcal_evdata_icons\"><i class=\"fa fa-calendar\"><\/i><\/span>\n\t\t\t\t\t\t\t<div class='evcal_evdata_cell'>\n\t\t\t\t\t\t\t\t<p><a href='https:\/\/www.wochen-zur-demokratie.de\/archiv\/wp-admin\/admin-ajax.php?action=eventon_ics_download&amp;event_id=125&amp;ri=0' class='evo_ics_nCal' title='Zum Ihrem Kalender hinzuf\u00fcgen'>Zum Kalender hinzuf\u00fcgen<\/a><a href='\/\/www.google.com\/calendar\/event?action=TEMPLATE&amp;text=Rotes+Bayern+%E2%80%93+es+lebe+der+Freistaat%21&amp;dates=20191006T150000Z\/20191006T170000Z&amp;details=Es+war+ein+hochkar%C3%A4tiger+Abend+mit+herausragenden+Schauspielern+und+Musikern%2C+einer+meisterhaften+Inszenierung+sowie+einer+tief+bewegenden%2C+tragischen+Geschichte.%0D%0A%0D%0AAm+7.+November+1918+wurde+in+Bayern+die+Wittelsbacher+Monarchie+abgeschafft+und&amp;location=Kurg%C3%A4stehaus+Kellberg - ' target='_blank' class='evo_ics_gCal' title='Zum Ihrem Google-Kalender hinzuf\u00fcgen'>GoogleCal<\/a><\/p>\t\n\t\t\t\t\t\t\t<\/div>\n\t\t\t\t\t\t<\/div>\n\t\t\t\t\t\t<div class='bordb evo_metarow_socialmedia evcal_evdata_row  lastrow'><div class='evo_sm FacebookShare'><a class=\" evo_ss\" target=\"_blank\" onclick=\"javascript:window.open(this.href, '', 'left=50,top=50,width=600,height=350,toolbar=0');return false;\"\n\t\t\t\t\t\t\t\thref=\"http:\/\/www.facebook.com\/sharer.php?u=https%3A%2F%2Fwww.wochen-zur-demokratie.de%2Farchiv%2Fevents%2Frotes-bayern-es-lebe-der-freistaat%2F\" title=\"Diese Veranstaltung auf Facebook teilen\"><i class=\"fa fa-facebook\"><\/i><\/a><\/div><div class='evo_sm Twitter'><a class=\"tw evo_ss\" onclick=\"javascript:window.open(this.href, '', 'menubar=no,toolbar=no,resizable=yes,scrollbars=yes,height=300,width=600');return false;\" href=\"http:\/\/twitter.com\/intent\/tweet?text=Rotes Bayern \u2013 es lebe der Freistaat!&#32;-&#32;&url=https%3A%2F%2Fwww.wochen-zur-demokratie.de%2Farchiv%2Fevents%2Frotes-bayern-es-lebe-der-freistaat%2F\" title=\"Diese Veranstaltung auf Twitter teilen\" rel=\"nofollow\" target=\"_blank\" data-url=\"https%3A%2F%2Fwww.wochen-zur-demokratie.de%2Farchiv%2Fevents%2Frotes-bayern-es-lebe-der-freistaat%2F\"><i class=\"fa fa-twitter\"><\/i><\/a><\/div><div class='evo_sm LinkedIn'><a class=\"li evo_ss\" href=\"http:\/\/www.linkedin.com\/shareArticle?mini=true&url=https%3A%2F%2Fwww.wochen-zur-demokratie.de%2Farchiv%2Fevents%2Frotes-bayern-es-lebe-der-freistaat%2F&title=Rotes%20Bayern%20%E2%80%93%20es%20lebe%20der%20Freistaat%21&summary=Es+war+ein+hochkar%C3%A4tiger+Abend+mit+herausragenden+Schauspielern+und+Musikern%2C+einer+meisterhaften+Inszenierung+sowie+einer+tief\" target=\"_blank\" title=\"Diese Veranstaltung auf Linkedin teilen\"><i class=\"fa fa-linkedin\"><\/i><\/a><\/div><div class='evo_sm EmailShare'><a class=\"em evo_ss\" href=\"mailto:?subject=Rotes Bayern \u2013 es lebe der Freistaat!&body=Event Name: Rotes Bayern \u2013 es lebe der Freistaat!%0AEvent Date: 06\/10\/2019 17:00 - 19:00%0ALink: https%3A%2F%2Fwww.wochen-zur-demokratie.de%2Farchiv%2Fevents%2Frotes-bayern-es-lebe-der-freistaat%2F%0A\" target=\"_blank\"><i class=\"fa fa-envelope\"><\/i><\/a><\/div><div class='clear'><\/div><div class='evcal_evdata_row evcal_close' title='Close'><\/div><\/div><div class='evo_card_row_end evcal_close' title='Close'><\/div><\/div><div class='clear end'><\/div><\/div><div style=\"background-color: #c766a4;height: 275px;\" id=\"event_135\" class=\"eventon_list_event evo_eventtop past_event event event_135_0\" data-event_id=\"135\" data-ri=\"0r\" data-time=\"1570474800-1570482000\" data-colr=\"#c766a4\" itemscope itemtype='http:\/\/schema.org\/Event'><div class=\"evo_event_schema\" style=\"display:none\" ><a itemprop='url'  href='https:\/\/www.wochen-zur-demokratie.de\/archiv\/events\/ein-sicherer-ort\/'><\/a><span itemprop='name'  >Ein sicherer Ort?<\/span><meta itemprop='image' content=\"https:\/\/www.wochen-zur-demokratie.de\/archiv\/wp-content\/uploads\/2019\/10\/191007-granitzentrum-1.jpg\" \/><meta itemprop='description' content=\"Der Startschuss ist gefallen... das Ziel l\u00e4ngst verfehlt.     Diese Aussage war f\u00fcr \u00fcber 50 Interessierte als \u00dcberschrift des Abends \u00fcber die Atomm\u00fcll Standortsuche zu lesen. Das Energienetzwerk Passau und die\" \/><meta itemprop='startDate' content=\"2019-10-7T19:00\" \/><meta itemprop='endDate' content=\"2019-10-7T21:00\" \/><meta itemprop='eventStatus' content=\"on-schedule\" \/><script type=\"application\/ld+json\">{\t\"@context\": \"http:\/\/schema.org\",\n\t\t\t\t\t\t\t  \t\"@type\": \"Event\",\n\t\t\t\t\t\t\t  \t\"name\": \"Ein sicherer Ort?\",\n\t\t\t\t\t\t\t  \t\"startDate\": \"2019-10-7T19-19-00-00\",\n\t\t\t\t\t\t\t  \t\"endDate\": \"2019-10-7T21-21-00-00\",\n\t\t\t\t\t\t\t  \t\"image\":\"https:\/\/www.wochen-zur-demokratie.de\/archiv\/wp-content\/uploads\/2019\/10\/191007-granitzentrum-1.jpg\",\n\t\t\t\t\t\t\t  \t\"description\":\"Der Startschuss ist gefallen... das Ziel l\u00e4ngst verfehlt.     Diese Aussage war f\u00fcr \u00fcber 50 Interessierte als \u00dcberschrift des Abends \u00fcber die Atomm\u00fcll Standortsuche zu lesen. Das Energienetzwerk Passau und die\"\n\t\t\t\t\t\t\t  \t\n\t\t\t\t\t\t\t }<\/script><\/div>\n\t\t\t\t<p class=\"desc_trig_outter\"><a data-gmap_status=\"null\" data-exlk=\"0\" id=\"evc_1570474800135\" class=\"desc_trig sin_val evcal_list_a\" data-ux_val=\"3\"  ><span class='evcal_cblock ' data-bgcolor='#c766a4' data-smon='Oktober' data-syr='2019'><span class='evo_start '><em class='date'>07<\/em><em class='month'>Okt.<\/em><em class='time'>19:00<\/em><\/span><span class='evo_end only_time'><em class='time'>21:00<\/em><\/span><em class='clear'><\/em><\/span><span class='evcal_desc evo_info hide_eventtopdata '  data-location_status=\"false\" ><span class='evo_above_title'><\/span><span class='evcal_desc2 evcal_event_title' itemprop='name'>Ein sicherer Ort?<\/span><span class='evo_below_title'><span class='evcal_event_subtitle' >Vortrag  zur Atomm\u00fcll-Lager-Suche im Bayerwald mit Gelegenheit zu Publikumsfragen<\/span><\/span><span class='evcal_desc_info' ><em class='evcal_time'>19:00 - 21:00<\/em> <em class=\"evcal_location\"  data-add_str=\"\"><em class=\"event_location_name\">Granitzentrum Hauzenberg<\/em><\/em><\/span><span class='evcal_desc3'><\/span><\/span><em class='clear'><\/em><\/a><\/p><div class='event_description evcal_eventcard ' style=\"display:none\"><div class='evo_metarow_directimg'><img class='evo_event_main_img' src='https:\/\/www.wochen-zur-demokratie.de\/archiv\/wp-content\/uploads\/2019\/10\/191007-granitzentrum-1.jpg' \/><\/div><div class='evo_event_images'><span class='evo_event_more_img select'><img title='' src='https:\/\/www.wochen-zur-demokratie.de\/archiv\/wp-content\/uploads\/2019\/10\/191007-granitzentrum-1.jpg' data-f='https:\/\/www.wochen-zur-demokratie.de\/archiv\/wp-content\/uploads\/2019\/10\/191007-granitzentrum-1.jpg'\/><\/span><span class='evo_event_more_img '><img title='' src='https:\/\/www.wochen-zur-demokratie.de\/archiv\/wp-content\/uploads\/2019\/10\/191007-granitzentrum-2-150x150.jpg' data-f='https:\/\/www.wochen-zur-demokratie.de\/archiv\/wp-content\/uploads\/2019\/10\/191007-granitzentrum-2.jpg' data-h='432' data-w='650'\/><\/span><span class='evo_event_more_img '><img title='' src='https:\/\/www.wochen-zur-demokratie.de\/archiv\/wp-content\/uploads\/2019\/10\/191007-granitzentrum-3-150x150.jpg' data-f='https:\/\/www.wochen-zur-demokratie.de\/archiv\/wp-content\/uploads\/2019\/10\/191007-granitzentrum-3.jpg' data-h='417' data-w='650'\/><\/span><\/div><div class='evo_metarow_details evorow evcal_evdata_row bordb evcal_event_details'>\n\t\t\t\t\t\t\t<div class=\"event_excerpt\" style=\"display:none\"><h3 class=\"padb5 evo_h3\">Event Details<\/h3><p>Der Startschuss ist gefallen... das Ziel l\u00e4ngst verfehlt. \r\n\r\nDiese Aussage war f\u00fcr \u00fcber 50 Interessierte als \u00dcberschrift des Abends \u00fcber die Atomm\u00fcll Standortsuche zu lesen. Das Energienetzwerk Passau und die<\/p><\/div><span class='evcal_evdata_icons'><i class='fa fa-align-justify'><\/i><\/span>\n\t\t\t\t\t\t\t\n\t\t\t\t\t\t\t<div class='evcal_evdata_cell shorter_desc'><div class='eventon_details_shading_bot'>\n\t\t\t\t\t\t\t\t<p class='eventon_shad_p' content='less'><span class='ev_more_text' data-txt='Weniger anzeigen'>Mehr anzeigen<\/span><span class='ev_more_arrow'><\/span><\/p>\n\t\t\t\t\t\t\t<\/div><div class='eventon_full_description'>\n\t\t\t\t\t\t\t\t\t<h3 class='padb5 evo_h3'><span class='evcal_evdata_icons'><i class='fa fa-align-justify'><\/i><\/span>Event Details<\/h3><div class='eventon_desc_in' itemprop='description'>\n\t\t\t\t\t\t\t\t\t<p><strong><u>Der Startschuss ist gefallen&#8230; das Ziel l\u00e4ngst verfehlt. <\/u><\/strong><\/p>\n<p>Diese Aussage war f\u00fcr \u00fcber 50 Interessierte als \u00dcberschrift des Abends \u00fcber die Atomm\u00fcll Standortsuche zu lesen. Das Energienetzwerk Passau und die Plattform gegen Atomgefahr hatten zu einem brisanten Thema geladen.<\/p>\n<p>Vor dem eigentlichen Programm fanden sich bereits zahlreiche Teilnehmer*innen zu einer <strong>geologischen F\u00fchrung mit Ludwig Bauer<\/strong> ein, der souver\u00e4n Zusammenh\u00e4nge aufzeigte und den heimischen Granit aus einem besonderen Blickwinkel pr\u00e4sentierte.<\/p>\n<p>Im Anschluss an den aufschlussreichen <strong>Vortrag des Referenten Helge Bauer<\/strong> von der Initiative .ausgestrahlt \u00fcber den Kontext um die <strong>Standortsuche zur Atomm\u00fclllagerung<\/strong> entspann sich eine lebhafte Diskussion. Die Frage, wie eine Standortauswahl einer unvorstellbaren zeitlichen Dimension demokratisch verlaufen k\u00f6nnte, blieb wie zu erwarten unbeantwortet. Der Referent wusste zu berichten, dass sich an verschiedenen Zwischenlagerstandorten die Bev\u00f6lkerung zusammen mit Wissenschaftlern und Politik dar\u00fcber einigte, der Verl\u00e4ngerung der Lagerzeit zuzustimmen, nach Abw\u00e4gung der immensen Risiken eines wiederholten Transportes.<\/p>\n<p>Neben nostalgischen Gef\u00fchlen \u00fcber vergangene erfolgreiche Aktionen wie in Wackersdorf oder Gorleben wurden diverse alternative bis kuriose Vorschl\u00e4ge und Prognosen in den Ring geworfen: \u201eMan soll den deutschen Atomm\u00fcll nach Finnland oder Sibirien verfrachten. \u201c \u2013 \u201eViel Beton \u00fcber die Castoren in den Zwischenlagern kippen.\u201c \u2013 \u201eEs wird viel Widerstand geben.\u201c \u2013 \u201eJede*r einzelne kann Atomm\u00fcll vermeiden, wenn \u00f6kologisch vertretbare Stromanbieter gew\u00e4hlt werden.\u201c &#8230;<\/p>\n<p>Die Diskussion f\u00fchrte nicht zu einem Konsens der Meinungen, was der Referent ausdr\u00fccklich begr\u00fc\u00dfte! Und doch wehte eine Mischung aus Kampfgeist und Skepsis gegen\u00fcber der Politik durch den Raum. <strong>Demokratische Beteiligung w\u00fcnsche man sich<\/strong>, es stelle sich nur noch die Frage, ob diesem Wunsch von Politik und Atomlobby Rechnung getragen werden wird&#8230;<\/p>\n<\/div><div class='clear'><\/div>\n\t\t\t\t\t\t\t\t<\/div>\n\t\t\t\t\t\t\t<\/div>\n\t\t\t\t\t\t<\/div>\t\t\t\t\t\t<div class='evo_metarow_ICS evorow bordb evcal_evdata_row'>\n\t\t\t\t\t\t\t<span class=\"evcal_evdata_icons\"><i class=\"fa fa-calendar\"><\/i><\/span>\n\t\t\t\t\t\t\t<div class='evcal_evdata_cell'>\n\t\t\t\t\t\t\t\t<p><a href='https:\/\/www.wochen-zur-demokratie.de\/archiv\/wp-admin\/admin-ajax.php?action=eventon_ics_download&amp;event_id=135&amp;ri=0' class='evo_ics_nCal' title='Zum Ihrem Kalender hinzuf\u00fcgen'>Zum Kalender hinzuf\u00fcgen<\/a><a href='\/\/www.google.com\/calendar\/event?action=TEMPLATE&amp;text=Ein+sicherer+Ort%3F&amp;dates=20191007T170000Z\/20191007T190000Z&amp;details=Der+Startschuss+ist+gefallen...+das+Ziel+l%C3%A4ngst+verfehlt.+%0D%0A%0D%0ADiese+Aussage+war+f%C3%BCr+%C3%BCber+50+Interessierte+als+%C3%9Cberschrift+des+Abends+%C3%BCber+die+Atomm%C3%BCll+Standortsuche+zu+lesen.+Das+Energienetzwerk+Passau+und+die&amp;location=Granitzentrum+Hauzenberg - ' target='_blank' class='evo_ics_gCal' title='Zum Ihrem Google-Kalender hinzuf\u00fcgen'>GoogleCal<\/a><\/p>\t\n\t\t\t\t\t\t\t<\/div>\n\t\t\t\t\t\t<\/div>\n\t\t\t\t\t\t<div class='bordb evo_metarow_socialmedia evcal_evdata_row  lastrow'><div class='evo_sm FacebookShare'><a class=\" evo_ss\" target=\"_blank\" onclick=\"javascript:window.open(this.href, '', 'left=50,top=50,width=600,height=350,toolbar=0');return false;\"\n\t\t\t\t\t\t\t\thref=\"http:\/\/www.facebook.com\/sharer.php?u=https%3A%2F%2Fwww.wochen-zur-demokratie.de%2Farchiv%2Fevents%2Fein-sicherer-ort%2F\" title=\"Diese Veranstaltung auf Facebook teilen\"><i class=\"fa fa-facebook\"><\/i><\/a><\/div><div class='evo_sm Twitter'><a class=\"tw evo_ss\" onclick=\"javascript:window.open(this.href, '', 'menubar=no,toolbar=no,resizable=yes,scrollbars=yes,height=300,width=600');return false;\" href=\"http:\/\/twitter.com\/intent\/tweet?text=Ein sicherer Ort?&#32;-&#32;&url=https%3A%2F%2Fwww.wochen-zur-demokratie.de%2Farchiv%2Fevents%2Fein-sicherer-ort%2F\" title=\"Diese Veranstaltung auf Twitter teilen\" rel=\"nofollow\" target=\"_blank\" data-url=\"https%3A%2F%2Fwww.wochen-zur-demokratie.de%2Farchiv%2Fevents%2Fein-sicherer-ort%2F\"><i class=\"fa fa-twitter\"><\/i><\/a><\/div><div class='evo_sm LinkedIn'><a class=\"li evo_ss\" href=\"http:\/\/www.linkedin.com\/shareArticle?mini=true&url=https%3A%2F%2Fwww.wochen-zur-demokratie.de%2Farchiv%2Fevents%2Fein-sicherer-ort%2F&title=Ein%20sicherer%20Ort%3F&summary=Der+Startschuss+ist+gefallen%26%238230%3B+das+Ziel+l%C3%A4ngst+verfehlt.+%0ADiese+Aussage+war+f%C3%BCr+%C3%BCber+50+Interessierte+als\" target=\"_blank\" title=\"Diese Veranstaltung auf Linkedin teilen\"><i class=\"fa fa-linkedin\"><\/i><\/a><\/div><div class='evo_sm EmailShare'><a class=\"em evo_ss\" href=\"mailto:?subject=Ein sicherer Ort?&body=Event Name: Ein sicherer Ort?%0AEvent Date: 07\/10\/2019 19:00 - 21:00%0ALink: https%3A%2F%2Fwww.wochen-zur-demokratie.de%2Farchiv%2Fevents%2Fein-sicherer-ort%2F%0A\" target=\"_blank\"><i class=\"fa fa-envelope\"><\/i><\/a><\/div><div class='clear'><\/div><div class='evcal_evdata_row evcal_close' title='Close'><\/div><\/div><div class='evo_card_row_end evcal_close' title='Close'><\/div><\/div><div class='clear end'><\/div><\/div><div style=\"background-color: #c766a4;height: 275px;\" id=\"event_138\" class=\"eventon_list_event evo_eventtop past_event event event_138_0\" data-event_id=\"138\" data-ri=\"0r\" data-time=\"1570550400-1570557600\" data-colr=\"#c766a4\" itemscope itemtype='http:\/\/schema.org\/Event'><div class=\"evo_event_schema\" style=\"display:none\" ><a itemprop='url'  href='https:\/\/www.wochen-zur-demokratie.de\/archiv\/events\/workshop-mit-lena-kollmuss\/'><\/a><span itemprop='name'  >Populismus und Fake News<\/span><meta itemprop='image' content=\"https:\/\/www.wochen-zur-demokratie.de\/archiv\/wp-content\/uploads\/2019\/10\/191008-populismus-1.jpg\" \/><meta itemprop='description' content=\"Der Workshop von Merlin Schmitt ging auf den richtigen Umgang mit den klassischen Medien, Social-Media-Plattformen und Filterblasen ein. Wie erkenne ich Fake News und was ist eine Filterblase? Was ist\" \/><meta itemprop='startDate' content=\"2019-10-8T16:00\" \/><meta itemprop='endDate' content=\"2019-10-8T18:00\" \/><meta itemprop='eventStatus' content=\"on-schedule\" \/><script type=\"application\/ld+json\">{\t\"@context\": \"http:\/\/schema.org\",\n\t\t\t\t\t\t\t  \t\"@type\": \"Event\",\n\t\t\t\t\t\t\t  \t\"name\": \"Populismus und Fake News\",\n\t\t\t\t\t\t\t  \t\"startDate\": \"2019-10-8T16-16-00-00\",\n\t\t\t\t\t\t\t  \t\"endDate\": \"2019-10-8T18-18-00-00\",\n\t\t\t\t\t\t\t  \t\"image\":\"https:\/\/www.wochen-zur-demokratie.de\/archiv\/wp-content\/uploads\/2019\/10\/191008-populismus-1.jpg\",\n\t\t\t\t\t\t\t  \t\"description\":\"Der Workshop von Merlin Schmitt ging auf den richtigen Umgang mit den klassischen Medien, Social-Media-Plattformen und Filterblasen ein. Wie erkenne ich Fake News und was ist eine Filterblase? Was ist\"\n\t\t\t\t\t\t\t  \t\n\t\t\t\t\t\t\t }<\/script><\/div>\n\t\t\t\t<p class=\"desc_trig_outter\"><a data-gmap_status=\"null\" data-exlk=\"0\" id=\"evc_1570550400138\" class=\"desc_trig sin_val evcal_list_a\" data-ux_val=\"3\"  ><span class='evcal_cblock ' data-bgcolor='#c766a4' data-smon='Oktober' data-syr='2019'><span class='evo_start '><em class='date'>08<\/em><em class='month'>Okt.<\/em><em class='time'>16:00<\/em><\/span><span class='evo_end only_time'><em class='time'>18:00<\/em><\/span><em class='clear'><\/em><\/span><span class='evcal_desc evo_info hide_eventtopdata '  data-location_status=\"false\" ><span class='evo_above_title'><\/span><span class='evcal_desc2 evcal_event_title' itemprop='name'>Populismus und Fake News<\/span><span class='evo_below_title'><span class='evcal_event_subtitle' >Workshop mit Merlin Schmitt<\/span><\/span><span class='evcal_desc_info' ><em class='evcal_time'>16:00 - 18:00<\/em> <em class=\"evcal_location\"  data-add_str=\"\"><em class=\"event_location_name\">Seminarr\u00e4ume Lederergasse 1, Passau<\/em><\/em><\/span><span class='evcal_desc3'><\/span><\/span><em class='clear'><\/em><\/a><\/p><div class='event_description evcal_eventcard ' style=\"display:none\"><div class='evo_metarow_directimg'><img class='evo_event_main_img' src='https:\/\/www.wochen-zur-demokratie.de\/archiv\/wp-content\/uploads\/2019\/10\/191008-populismus-1.jpg' \/><\/div><div class='evo_event_images'><span class='evo_event_more_img select'><img title='' src='https:\/\/www.wochen-zur-demokratie.de\/archiv\/wp-content\/uploads\/2019\/10\/191008-populismus-1.jpg' data-f='https:\/\/www.wochen-zur-demokratie.de\/archiv\/wp-content\/uploads\/2019\/10\/191008-populismus-1.jpg'\/><\/span><span class='evo_event_more_img '><img title='' src='https:\/\/www.wochen-zur-demokratie.de\/archiv\/wp-content\/uploads\/2019\/10\/191008-populismus-2-150x150.jpg' data-f='https:\/\/www.wochen-zur-demokratie.de\/archiv\/wp-content\/uploads\/2019\/10\/191008-populismus-2.jpg' data-h='2269' data-w='3648'\/><\/span><span class='evo_event_more_img '><img title='' src='https:\/\/www.wochen-zur-demokratie.de\/archiv\/wp-content\/uploads\/2019\/10\/191008-populismus-3-150x150.jpg' data-f='https:\/\/www.wochen-zur-demokratie.de\/archiv\/wp-content\/uploads\/2019\/10\/191008-populismus-3.jpg' data-h='2268' data-w='3648'\/><\/span><span class='evo_event_more_img '><img title='' src='https:\/\/www.wochen-zur-demokratie.de\/archiv\/wp-content\/uploads\/2019\/10\/191008-populismus-4-150x150.jpg' data-f='https:\/\/www.wochen-zur-demokratie.de\/archiv\/wp-content\/uploads\/2019\/10\/191008-populismus-4.jpg' data-h='2270' data-w='3648'\/><\/span><\/div><div class='evo_metarow_details evorow evcal_evdata_row bordb evcal_event_details'>\n\t\t\t\t\t\t\t<div class=\"event_excerpt\" style=\"display:none\"><h3 class=\"padb5 evo_h3\">Event Details<\/h3><p>Der Workshop von Merlin Schmitt ging auf den richtigen Umgang mit den klassischen Medien, Social-Media-Plattformen und Filterblasen ein. Wie erkenne ich Fake News und was ist eine Filterblase? Was ist<\/p><\/div><span class='evcal_evdata_icons'><i class='fa fa-align-justify'><\/i><\/span>\n\t\t\t\t\t\t\t\n\t\t\t\t\t\t\t<div class='evcal_evdata_cell shorter_desc'><div class='eventon_details_shading_bot'>\n\t\t\t\t\t\t\t\t<p class='eventon_shad_p' content='less'><span class='ev_more_text' data-txt='Weniger anzeigen'>Mehr anzeigen<\/span><span class='ev_more_arrow'><\/span><\/p>\n\t\t\t\t\t\t\t<\/div><div class='eventon_full_description'>\n\t\t\t\t\t\t\t\t\t<h3 class='padb5 evo_h3'><span class='evcal_evdata_icons'><i class='fa fa-align-justify'><\/i><\/span>Event Details<\/h3><div class='eventon_desc_in' itemprop='description'>\n\t\t\t\t\t\t\t\t\t<p>Der Workshop von <b>Merlin Schmitt<\/b> ging auf den richtigen <strong>Umgang mit den klassischen Medien, Social-Media-Plattformen und Filterblasen<\/strong> ein. Wie erkenne ich Fake News und was ist eine Filterblase? Was ist Populismus und wie funktioniert er?<\/p>\n<p>An die 12 TeilnehmerInnen diskutierten zu Themen wie Populismus, Propaganda, Fake News oder Social Bots. Bei einem Quiz haben die TeilnehmerInnen sich in Teams aufgeteilt und vom Workshopleiter sechs ausgew\u00e4hlte Zeitungsartikel zur Untersuchung vorgelegt bekommen. Es galt herauszufinden, welche davon Fake News sind und welche nicht. Abschlie\u00dfend erl\u00e4uterte Merlin Schmitt noch acht Schritte um Nachrichten auf Fake News hin zu untersuchen.<\/p>\n<\/div><div class='clear'><\/div>\n\t\t\t\t\t\t\t\t<\/div>\n\t\t\t\t\t\t\t<\/div>\n\t\t\t\t\t\t<\/div><div class='evo_metarow_organizer evorow evcal_evdata_row bordb evcal_evrow_sm '>\n\t\t\t\t\t\t\t<span class='evcal_evdata_icons'><i class='fa fa-address-book-o'><\/i><\/span>\n\t\t\t\t\t\t\t<div class='evcal_evdata_cell'>\t\t\t\t\t\t\t\n\t\t\t\t\t\t\t\t<h3 class='evo_h3'>Mitveranstalter \/ Partner<\/h3>\n\t\t\t\t\t\t\t\t<p class='evo_data_val evo_card_organizer_image'><img src='https:\/\/www.wochen-zur-demokratie.de\/archiv\/wp-content\/uploads\/2019\/07\/logo-lebenundlernenineuropa.jpg'\/><\/p>\n\t\t\t\t\t\t\t\t<div class='evo_card_organizer'><p class='evo_data_val evo_card_organizer_name'>\n\t\t\t\t\t\t\t\t\t<span class='evo_card_organizer_name_t'>Gemeinsam leben und lernen in Europa e.V.<\/span>\n\t\t\t\t\t\t\t\t\t\n\t\t\t\t\t\t\t\t\t<\/p><\/div><div class='clear'><\/div>\t\t\t\t\t\t\t\n\t\t\t\t\t\t\t<\/div>\n\t\t\t\t\t\t<\/div>\t\t\t\t\t\t<div class='evo_metarow_ICS evorow bordb evcal_evdata_row'>\n\t\t\t\t\t\t\t<span class=\"evcal_evdata_icons\"><i class=\"fa fa-calendar\"><\/i><\/span>\n\t\t\t\t\t\t\t<div class='evcal_evdata_cell'>\n\t\t\t\t\t\t\t\t<p><a href='https:\/\/www.wochen-zur-demokratie.de\/archiv\/wp-admin\/admin-ajax.php?action=eventon_ics_download&amp;event_id=138&amp;ri=0' class='evo_ics_nCal' title='Zum Ihrem Kalender hinzuf\u00fcgen'>Zum Kalender hinzuf\u00fcgen<\/a><a href='\/\/www.google.com\/calendar\/event?action=TEMPLATE&amp;text=Populismus+und+Fake+News&amp;dates=20191008T140000Z\/20191008T160000Z&amp;details=Der+Workshop+von+Merlin+Schmitt+ging+auf+den+richtigen+Umgang+mit+den+klassischen+Medien%2C+Social-Media-Plattformen+und+Filterblasen+ein.+Wie+erkenne+ich+Fake+News+und+was+ist+eine+Filterblase%3F+Was+ist&amp;location=Seminarr%C3%A4ume+Lederergasse+1%2C+Passau - ' target='_blank' class='evo_ics_gCal' title='Zum Ihrem Google-Kalender hinzuf\u00fcgen'>GoogleCal<\/a><\/p>\t\n\t\t\t\t\t\t\t<\/div>\n\t\t\t\t\t\t<\/div>\n\t\t\t\t\t\t<div class='bordb evo_metarow_socialmedia evcal_evdata_row  lastrow'><div class='evo_sm FacebookShare'><a class=\" evo_ss\" target=\"_blank\" onclick=\"javascript:window.open(this.href, '', 'left=50,top=50,width=600,height=350,toolbar=0');return false;\"\n\t\t\t\t\t\t\t\thref=\"http:\/\/www.facebook.com\/sharer.php?u=https%3A%2F%2Fwww.wochen-zur-demokratie.de%2Farchiv%2Fevents%2Fworkshop-mit-lena-kollmuss%2F\" title=\"Diese Veranstaltung auf Facebook teilen\"><i class=\"fa fa-facebook\"><\/i><\/a><\/div><div class='evo_sm Twitter'><a class=\"tw evo_ss\" onclick=\"javascript:window.open(this.href, '', 'menubar=no,toolbar=no,resizable=yes,scrollbars=yes,height=300,width=600');return false;\" href=\"http:\/\/twitter.com\/intent\/tweet?text=Populismus und Fake News&#32;-&#32;&url=https%3A%2F%2Fwww.wochen-zur-demokratie.de%2Farchiv%2Fevents%2Fworkshop-mit-lena-kollmuss%2F\" title=\"Diese Veranstaltung auf Twitter teilen\" rel=\"nofollow\" target=\"_blank\" data-url=\"https%3A%2F%2Fwww.wochen-zur-demokratie.de%2Farchiv%2Fevents%2Fworkshop-mit-lena-kollmuss%2F\"><i class=\"fa fa-twitter\"><\/i><\/a><\/div><div class='evo_sm LinkedIn'><a class=\"li evo_ss\" href=\"http:\/\/www.linkedin.com\/shareArticle?mini=true&url=https%3A%2F%2Fwww.wochen-zur-demokratie.de%2Farchiv%2Fevents%2Fworkshop-mit-lena-kollmuss%2F&title=Populismus%20und%20Fake%20News&summary=Der+Workshop+von+Merlin+Schmitt+ging+auf+den+richtigen+Umgang+mit+den+klassischen+Medien%2C+Social-Media-Plattformen+und\" target=\"_blank\" title=\"Diese Veranstaltung auf Linkedin teilen\"><i class=\"fa fa-linkedin\"><\/i><\/a><\/div><div class='evo_sm EmailShare'><a class=\"em evo_ss\" href=\"mailto:?subject=Populismus und Fake News&body=Event Name: Populismus und Fake News%0AEvent Date: 08\/10\/2019 16:00 - 18:00%0ALink: https%3A%2F%2Fwww.wochen-zur-demokratie.de%2Farchiv%2Fevents%2Fworkshop-mit-lena-kollmuss%2F%0A\" target=\"_blank\"><i class=\"fa fa-envelope\"><\/i><\/a><\/div><div class='clear'><\/div><div class='evcal_evdata_row evcal_close' title='Close'><\/div><\/div><div class='evo_card_row_end evcal_close' title='Close'><\/div><\/div><div class='clear end'><\/div><\/div><div style=\"background-color: #c766a4;height: 275px;\" id=\"event_252\" class=\"eventon_list_event evo_eventtop past_event event event_252_0\" data-event_id=\"252\" data-ri=\"0r\" data-time=\"1570557600-1570564800\" data-colr=\"#c766a4\" itemscope itemtype='http:\/\/schema.org\/Event'><div class=\"evo_event_schema\" style=\"display:none\" ><a itemprop='url'  href='https:\/\/www.wochen-zur-demokratie.de\/archiv\/events\/wir-haben-es-satt-demokratische-lebensmittelpolitik-als-zukunftsvision\/'><\/a><span itemprop='name'  >Wir haben es satt! Demokratische Lebensmittelpolitik als Zukunftsvision<\/span><meta itemprop='image' content=\"https:\/\/www.wochen-zur-demokratie.de\/archiv\/wp-content\/uploads\/2019\/10\/191008-lebensmitteldemo-web.jpg\" \/><meta itemprop='description' content=\"Demokratische Lebensmittelpolitik als Zukunftsvision \u2014 dar\u00fcber referierte unser Gastredner Franziskus Forster im Langlebenhof. Die derzeitige Agrarpolitik w\u00fcrde in eine Sackgasse f\u00fchren, so der Referent f\u00fcr \u00d6ffentlichkeitsarbeit bei der \u00d6BV (\u00d6sterreichische\" \/><meta itemprop='startDate' content=\"2019-10-8T18:00\" \/><meta itemprop='endDate' content=\"2019-10-8T20:00\" \/><meta itemprop='eventStatus' content=\"on-schedule\" \/><script type=\"application\/ld+json\">{\t\"@context\": \"http:\/\/schema.org\",\n\t\t\t\t\t\t\t  \t\"@type\": \"Event\",\n\t\t\t\t\t\t\t  \t\"name\": \"Wir haben es satt! Demokratische Lebensmittelpolitik als Zukunftsvision\",\n\t\t\t\t\t\t\t  \t\"startDate\": \"2019-10-8T18-18-00-00\",\n\t\t\t\t\t\t\t  \t\"endDate\": \"2019-10-8T20-20-00-00\",\n\t\t\t\t\t\t\t  \t\"image\":\"https:\/\/www.wochen-zur-demokratie.de\/archiv\/wp-content\/uploads\/2019\/10\/191008-lebensmitteldemo-web.jpg\",\n\t\t\t\t\t\t\t  \t\"description\":\"Demokratische Lebensmittelpolitik als Zukunftsvision \u2014 dar\u00fcber referierte unser Gastredner Franziskus Forster im Langlebenhof. Die derzeitige Agrarpolitik w\u00fcrde in eine Sackgasse f\u00fchren, so der Referent f\u00fcr \u00d6ffentlichkeitsarbeit bei der \u00d6BV (\u00d6sterreichische\"\n\t\t\t\t\t\t\t  \t\n\t\t\t\t\t\t\t }<\/script><\/div>\n\t\t\t\t<p class=\"desc_trig_outter\"><a data-gmap_status=\"null\" data-exlk=\"0\" id=\"evc_1570557600252\" class=\"desc_trig sin_val evcal_list_a\" data-ux_val=\"3\"  ><span class='evcal_cblock ' data-bgcolor='#c766a4' data-smon='Oktober' data-syr='2019'><span class='evo_start '><em class='date'>08<\/em><em class='month'>Okt.<\/em><em class='time'>18:00<\/em><\/span><span class='evo_end only_time'><em class='time'>20:00<\/em><\/span><em class='clear'><\/em><\/span><span class='evcal_desc evo_info hide_eventtopdata '  data-location_status=\"false\" ><span class='evo_above_title'><\/span><span class='evcal_desc2 evcal_event_title' itemprop='name'>Wir haben es satt! Demokratische Lebensmittelpolitik als Zukunftsvision<\/span><span class='evo_below_title'><span class='evcal_event_subtitle' >Vortrag von Franziskus Forster<\/span><\/span><span class='evcal_desc_info' ><em class='evcal_time'>18:00 - 20:00<\/em> <em class=\"evcal_location\"  data-add_str=\"\"><em class=\"event_location_name\">Langlebenhof, Passau, Alte Rieser Str.<\/em><\/em><\/span><span class='evcal_desc3'><\/span><\/span><em class='clear'><\/em><\/a><\/p><div class='event_description evcal_eventcard ' style=\"display:none\"><div class='evo_metarow_directimg'><img class='evo_event_main_img' src='https:\/\/www.wochen-zur-demokratie.de\/archiv\/wp-content\/uploads\/2019\/10\/191008-lebensmitteldemo-web.jpg' \/><\/div><div class='evo_metarow_details evorow evcal_evdata_row bordb evcal_event_details'>\n\t\t\t\t\t\t\t<div class=\"event_excerpt\" style=\"display:none\"><h3 class=\"padb5 evo_h3\">Event Details<\/h3><p>Demokratische Lebensmittelpolitik als Zukunftsvision \u2014 dar\u00fcber referierte unser Gastredner Franziskus Forster im Langlebenhof. Die derzeitige Agrarpolitik w\u00fcrde in eine Sackgasse f\u00fchren, so der Referent f\u00fcr \u00d6ffentlichkeitsarbeit bei der \u00d6BV (\u00d6sterreichische<\/p><\/div><span class='evcal_evdata_icons'><i class='fa fa-align-justify'><\/i><\/span>\n\t\t\t\t\t\t\t\n\t\t\t\t\t\t\t<div class='evcal_evdata_cell shorter_desc'><div class='eventon_details_shading_bot'>\n\t\t\t\t\t\t\t\t<p class='eventon_shad_p' content='less'><span class='ev_more_text' data-txt='Weniger anzeigen'>Mehr anzeigen<\/span><span class='ev_more_arrow'><\/span><\/p>\n\t\t\t\t\t\t\t<\/div><div class='eventon_full_description'>\n\t\t\t\t\t\t\t\t\t<h3 class='padb5 evo_h3'><span class='evcal_evdata_icons'><i class='fa fa-align-justify'><\/i><\/span>Event Details<\/h3><div class='eventon_desc_in' itemprop='description'>\n\t\t\t\t\t\t\t\t\t<p><strong>Demokratische Lebensmittelpolitik als Zukunftsvision<\/strong> \u2014 dar\u00fcber referierte unser Gastredner Franziskus Forster im Langlebenhof. Die derzeitige Agrarpolitik w\u00fcrde in eine Sackgasse f\u00fchren, so der Referent f\u00fcr \u00d6ffentlichkeitsarbeit bei der \u00d6BV (\u00d6sterreichische Berg- und Kleinbauernvereinigung), Via Campesina Austria. Wichtige Entscheidungen hinsichtlich des Lebensmittelsystems w\u00fcrden nur von einigen wenigen Entscheidern getroffen werden.<\/p>\n<p>Problematisch fand er beispielsweise f\u00fcr Landwirte die Doppelanforderung, nach den W\u00fcnschen der Konsumenten zu prodzuieren und gleichzeitig den Anspr\u00fcchen der Handelspolitik Gen\u00fcge zu tragen. Einerseits sollen sie also den Druck ertragen, \u00f6kologisch nachhaltig zu produzieren, andererseits m\u00fcssen sie wettbewerbsf\u00e4hig bleiben. Eine sogenannte demokratische Lebensmittelpolitik sei die L\u00f6sung. Bauern und Konsumenten sollen Mitspracherecht bekommen, denn das fehle derzeit noch. So sollen Antworten auf globale Probleme wie Hunger, Klimakrise, Landraub und H\u00f6festerben gefunden werden.<\/p>\n<p>Die rund 45 G\u00e4ste diskutierten im Anschlu\u00df an den knapp zwei Stunden dauernden Vortrag mit dem Referenten die Inhalte.<\/p>\n<p>Pr\u00e4sentiert wurde dieser grenz\u00fcbergreifende Vortrag von den <strong>Vereinten Wurzelwerken<\/strong>, der Solidarischen Landwirtschaft in Passau, die engagierten Menschen aus der Region die M\u00f6glichkeit zum Anbauen und Ernten von regionalem Biogem\u00fcse bietet.<\/p>\n<\/div><div class='clear'><\/div>\n\t\t\t\t\t\t\t\t<\/div>\n\t\t\t\t\t\t\t<\/div>\n\t\t\t\t\t\t<\/div><div class='evo_metarow_organizer evorow evcal_evdata_row bordb evcal_evrow_sm '>\n\t\t\t\t\t\t\t<span class='evcal_evdata_icons'><i class='fa fa-address-book-o'><\/i><\/span>\n\t\t\t\t\t\t\t<div class='evcal_evdata_cell'>\t\t\t\t\t\t\t\n\t\t\t\t\t\t\t\t<h3 class='evo_h3'>Mitveranstalter \/ Partner<\/h3>\n\t\t\t\t\t\t\t\t<p class='evo_data_val evo_card_organizer_image'><img src='https:\/\/www.wochen-zur-demokratie.de\/archiv\/wp-content\/uploads\/2019\/07\/logo-wurzelwerke-300x140.jpg'\/><\/p>\n\t\t\t\t\t\t\t\t<div class='evo_card_organizer'><p class='evo_data_val evo_card_organizer_name'>\n\t\t\t\t\t\t\t\t\t<span class='evo_card_organizer_name_t'><a target=\"_blank\" href='https:\/\/www.vereinte-wurzelwerke.de\/'>Vereinte Wurzelwerke Ilztal e.V. Solawi in Passau<\/a><\/span>\n\t\t\t\t\t\t\t\t\t\n\t\t\t\t\t\t\t\t\t<\/p><\/div><div class='clear'><\/div>\t\t\t\t\t\t\t\n\t\t\t\t\t\t\t<\/div>\n\t\t\t\t\t\t<\/div>\t\t\t\t\t\t<div class='evo_metarow_ICS evorow bordb evcal_evdata_row'>\n\t\t\t\t\t\t\t<span class=\"evcal_evdata_icons\"><i class=\"fa fa-calendar\"><\/i><\/span>\n\t\t\t\t\t\t\t<div class='evcal_evdata_cell'>\n\t\t\t\t\t\t\t\t<p><a href='https:\/\/www.wochen-zur-demokratie.de\/archiv\/wp-admin\/admin-ajax.php?action=eventon_ics_download&amp;event_id=252&amp;ri=0' class='evo_ics_nCal' title='Zum Ihrem Kalender hinzuf\u00fcgen'>Zum Kalender hinzuf\u00fcgen<\/a><a href='\/\/www.google.com\/calendar\/event?action=TEMPLATE&amp;text=Wir+haben+es+satt%21+Demokratische+Lebensmittelpolitik+als+Zukunftsvision&amp;dates=20191008T160000Z\/20191008T180000Z&amp;details=Demokratische+Lebensmittelpolitik+als+Zukunftsvision+%E2%80%94+dar%C3%BCber+referierte+unser+Gastredner+Franziskus+Forster+im+Langlebenhof.+Die+derzeitige+Agrarpolitik+w%C3%BCrde+in+eine+Sackgasse+f%C3%BChren%2C+so+der+Referent+f%C3%BCr+%C3%96ffentlichkeitsarbeit+bei+der+%C3%96BV+%28%C3%96sterreichische&amp;location=Langlebenhof%2C+Passau%2C+Alte+Rieser+Str. - ' target='_blank' class='evo_ics_gCal' title='Zum Ihrem Google-Kalender hinzuf\u00fcgen'>GoogleCal<\/a><\/p>\t\n\t\t\t\t\t\t\t<\/div>\n\t\t\t\t\t\t<\/div>\n\t\t\t\t\t\t<div class='bordb evo_metarow_socialmedia evcal_evdata_row  lastrow'><div class='evo_sm FacebookShare'><a class=\" evo_ss\" target=\"_blank\" onclick=\"javascript:window.open(this.href, '', 'left=50,top=50,width=600,height=350,toolbar=0');return false;\"\n\t\t\t\t\t\t\t\thref=\"http:\/\/www.facebook.com\/sharer.php?u=https%3A%2F%2Fwww.wochen-zur-demokratie.de%2Farchiv%2Fevents%2Fwir-haben-es-satt-demokratische-lebensmittelpolitik-als-zukunftsvision%2F\" title=\"Diese Veranstaltung auf Facebook teilen\"><i class=\"fa fa-facebook\"><\/i><\/a><\/div><div class='evo_sm Twitter'><a class=\"tw evo_ss\" onclick=\"javascript:window.open(this.href, '', 'menubar=no,toolbar=no,resizable=yes,scrollbars=yes,height=300,width=600');return false;\" href=\"http:\/\/twitter.com\/intent\/tweet?text=Wir haben es satt! Demokratische Lebensmittelpolitik als Zukunftsvision&#32;-&#32;&url=https%3A%2F%2Fwww.wochen-zur-demokratie.de%2Farchiv%2Fevents%2Fwir-haben-es-satt-demokratische-lebensmittelpolitik-als-zukunftsvision%2F\" title=\"Diese Veranstaltung auf Twitter teilen\" rel=\"nofollow\" target=\"_blank\" data-url=\"https%3A%2F%2Fwww.wochen-zur-demokratie.de%2Farchiv%2Fevents%2Fwir-haben-es-satt-demokratische-lebensmittelpolitik-als-zukunftsvision%2F\"><i class=\"fa fa-twitter\"><\/i><\/a><\/div><div class='evo_sm LinkedIn'><a class=\"li evo_ss\" href=\"http:\/\/www.linkedin.com\/shareArticle?mini=true&url=https%3A%2F%2Fwww.wochen-zur-demokratie.de%2Farchiv%2Fevents%2Fwir-haben-es-satt-demokratische-lebensmittelpolitik-als-zukunftsvision%2F&title=Wir%20haben%20es%20satt%21%20Demokratische%20Lebensmittelpolitik%20als%20Zukunftsvision&summary=Demokratische+Lebensmittelpolitik+als+Zukunftsvision+%E2%80%94+dar%C3%BCber+referierte+unser+Gastredner+Franziskus+Forster+im+Langlebenhof.+Die+derzeitige+Agrarpolitik\" target=\"_blank\" title=\"Diese Veranstaltung auf Linkedin teilen\"><i class=\"fa fa-linkedin\"><\/i><\/a><\/div><div class='evo_sm EmailShare'><a class=\"em evo_ss\" href=\"mailto:?subject=Wir haben es satt! Demokratische Lebensmittelpolitik als Zukunftsvision&body=Event Name: Wir haben es satt! Demokratische Lebensmittelpolitik als Zukunftsvision%0AEvent Date: 08\/10\/2019 18:00 - 20:00%0ALink: https%3A%2F%2Fwww.wochen-zur-demokratie.de%2Farchiv%2Fevents%2Fwir-haben-es-satt-demokratische-lebensmittelpolitik-als-zukunftsvision%2F%0A\" target=\"_blank\"><i class=\"fa fa-envelope\"><\/i><\/a><\/div><div class='clear'><\/div><div class='evcal_evdata_row evcal_close' title='Close'><\/div><\/div><div class='evo_card_row_end evcal_close' title='Close'><\/div><\/div><div class='clear end'><\/div><\/div><div style=\"background-color: #c766a4;height: 275px;\" id=\"event_139\" class=\"eventon_list_event evo_eventtop past_event event event_139_0\" data-event_id=\"139\" data-ri=\"0r\" data-time=\"1570564800-1570570200\" data-colr=\"#c766a4\" itemscope itemtype='http:\/\/schema.org\/Event'><div class=\"evo_event_schema\" style=\"display:none\" ><a itemprop='url'  href='https:\/\/www.wochen-zur-demokratie.de\/archiv\/events\/bon-mots-ein-lesereigen-fuer-sprachbegeisterte-zum-thema-demokratie\/'><\/a><span itemprop='name'  >Bon Mots \u2013 Ein Lesereigen f\u00fcr Sprachbegeisterte zum Thema Demokratie<\/span><meta itemprop='image' content=\"https:\/\/www.wochen-zur-demokratie.de\/archiv\/wp-content\/uploads\/2019\/10\/191008-bonmots-1.jpg\" \/><meta itemprop='description' content=\"Ein tiefsinniger wie humoriger Abend erwartete die gut 40 G\u00e4ste im Caf\u00e9 Museum. Auf Wunsch der Wochen zur Demokratie hat die Gruppe Bon Mots ihre Lesung diesmal literarischen Beitr\u00e4gen zum\" \/><meta itemprop='startDate' content=\"2019-10-8T20:00\" \/><meta itemprop='endDate' content=\"2019-10-8T21:30\" \/><meta itemprop='eventStatus' content=\"on-schedule\" \/><script type=\"application\/ld+json\">{\t\"@context\": \"http:\/\/schema.org\",\n\t\t\t\t\t\t\t  \t\"@type\": \"Event\",\n\t\t\t\t\t\t\t  \t\"name\": \"Bon Mots \u2013 Ein Lesereigen f\u00fcr Sprachbegeisterte zum Thema Demokratie\",\n\t\t\t\t\t\t\t  \t\"startDate\": \"2019-10-8T20-20-00-00\",\n\t\t\t\t\t\t\t  \t\"endDate\": \"2019-10-8T21-21-30-00\",\n\t\t\t\t\t\t\t  \t\"image\":\"https:\/\/www.wochen-zur-demokratie.de\/archiv\/wp-content\/uploads\/2019\/10\/191008-bonmots-1.jpg\",\n\t\t\t\t\t\t\t  \t\"description\":\"Ein tiefsinniger wie humoriger Abend erwartete die gut 40 G\u00e4ste im Caf\u00e9 Museum. Auf Wunsch der Wochen zur Demokratie hat die Gruppe Bon Mots ihre Lesung diesmal literarischen Beitr\u00e4gen zum\"\n\t\t\t\t\t\t\t  \t\n\t\t\t\t\t\t\t }<\/script><\/div>\n\t\t\t\t<p class=\"desc_trig_outter\"><a data-gmap_status=\"null\" data-gmtrig=\"1\" data-exlk=\"0\" id=\"evc_1570564800139\" class=\"desc_trig sin_val evcal_list_a\" data-ux_val=\"3\"  ><span class='evcal_cblock ' data-bgcolor='#c766a4' data-smon='Oktober' data-syr='2019'><span class='evo_start '><em class='date'>08<\/em><em class='month'>Okt.<\/em><em class='time'>20:00<\/em><\/span><span class='evo_end only_time'><em class='time'>21:30<\/em><\/span><em class='clear'><\/em><\/span><span class='evcal_desc evo_info hide_eventtopdata '  data-location_status=\"false\" ><span class='evo_above_title'><\/span><span class='evcal_desc2 evcal_event_title' itemprop='name'>Bon Mots \u2013 Ein Lesereigen f\u00fcr Sprachbegeisterte zum Thema Demokratie<\/span><span class='evo_below_title'><span class='evcal_event_subtitle' >Lesung mit Musik<\/span><\/span><span class='evcal_desc_info' ><em class='evcal_time'>20:00 - 21:30<\/em> <em class=\"evcal_location\"  data-add_str=\"\"><em class=\"event_location_name\">Caf\u00e9 Museum, Passau, Br\u00e4ugasse<\/em><\/em><\/span><span class='evcal_desc3'><\/span><\/span><em class='clear'><\/em><\/a><\/p><div class='event_description evcal_eventcard ' style=\"display:none\"><div class='evo_metarow_directimg'><img class='evo_event_main_img' src='https:\/\/www.wochen-zur-demokratie.de\/archiv\/wp-content\/uploads\/2019\/10\/191008-bonmots-1.jpg' \/><\/div><div class='evo_event_images'><span class='evo_event_more_img select'><img title='' src='https:\/\/www.wochen-zur-demokratie.de\/archiv\/wp-content\/uploads\/2019\/10\/191008-bonmots-1.jpg' data-f='https:\/\/www.wochen-zur-demokratie.de\/archiv\/wp-content\/uploads\/2019\/10\/191008-bonmots-1.jpg'\/><\/span><span class='evo_event_more_img '><img title='' src='https:\/\/www.wochen-zur-demokratie.de\/archiv\/wp-content\/uploads\/2019\/10\/191008-bonmots-2-150x150.jpg' data-f='https:\/\/www.wochen-zur-demokratie.de\/archiv\/wp-content\/uploads\/2019\/10\/191008-bonmots-2.jpg' data-h='401' data-w='650'\/><\/span><span class='evo_event_more_img '><img title='' src='https:\/\/www.wochen-zur-demokratie.de\/archiv\/wp-content\/uploads\/2019\/08\/BonMots-CafeMuseum-150x150.jpg' data-f='https:\/\/www.wochen-zur-demokratie.de\/archiv\/wp-content\/uploads\/2019\/08\/BonMots-CafeMuseum.jpg' data-h='433' data-w='650'\/><\/span><\/div><div class='evo_metarow_details evorow evcal_evdata_row bordb evcal_event_details'>\n\t\t\t\t\t\t\t<div class=\"event_excerpt\" style=\"display:none\"><h3 class=\"padb5 evo_h3\">Event Details<\/h3><p>Ein tiefsinniger wie humoriger Abend erwartete die gut 40 G\u00e4ste im Caf\u00e9 Museum. Auf Wunsch der Wochen zur Demokratie hat die Gruppe Bon Mots ihre Lesung diesmal literarischen Beitr\u00e4gen zum<\/p><\/div><span class='evcal_evdata_icons'><i class='fa fa-align-justify'><\/i><\/span>\n\t\t\t\t\t\t\t\n\t\t\t\t\t\t\t<div class='evcal_evdata_cell shorter_desc'><div class='eventon_details_shading_bot'>\n\t\t\t\t\t\t\t\t<p class='eventon_shad_p' content='less'><span class='ev_more_text' data-txt='Weniger anzeigen'>Mehr anzeigen<\/span><span class='ev_more_arrow'><\/span><\/p>\n\t\t\t\t\t\t\t<\/div><div class='eventon_full_description'>\n\t\t\t\t\t\t\t\t\t<h3 class='padb5 evo_h3'><span class='evcal_evdata_icons'><i class='fa fa-align-justify'><\/i><\/span>Event Details<\/h3><div class='eventon_desc_in' itemprop='description'>\n\t\t\t\t\t\t\t\t\t<p>Ein tiefsinniger wie humoriger Abend erwartete die gut 40 G\u00e4ste im Caf\u00e9 Museum. Auf Wunsch der Wochen zur Demokratie hat die Gruppe Bon Mots ihre Lesung diesmal literarischen Beitr\u00e4gen zum Thema Demokratie gewidmet. <strong>Gabi Blachnik, Karl Krieg und Martin Ortmeier lasen, <\/strong>die Passauer Allroundmusikerin <strong>Christiane \u00d6ttl<\/strong> begleitete sie mit Improvisationen am Klavier.<\/p>\n<p>Martin Ortmeier w\u00e4hlte eine Passage aus dem Werk \u201e\u00c4sthetik des Widerstands\u201c von Peter Weiss. Die Handlung spielt in den 1930er-Jahren. Drei politisch engagierte und bildungshungrige Proletarier \u2013 zu ihrer W\u00fcrdigung trug Martin Ortmeier ein rotes Einstecktuch \u2013 deuten im Pergamon-Museum vor einem hellenistischen Altarfries diese einem hierarchischen System dienende Kunst.<\/p>\n<p>Gabi Blachnik las einen autobiographischen, res\u00fcmierenden Text \u2013 ein \u201ekurzes Nachwort\u201c \u2013 von Wolf Biermann. In der eigenwilligen und durchaus erhellenden Sichtweise Biermanns wird das f\u00fcr ihn misslungene Aufgehen der DDR in das wiedervereinigte Deutschland sprachlich inszeniert. Der Text bewegt sich schlie\u00dflich zur\u00fcck zu seinem traumatischen, alles weitere bestimmenden Erlebnis einer Bombennacht gegen Ende des Zweiten Weltkriegs, um davon ausgehend den 8. Mai 1945 als Befreiung feiern zu k\u00f6nnen.<\/p>\n<p>Karl Krieg stellte in der Vorbereitung auf die Lesung die bereits auf dem Tisch liegenden B\u00fccher von Oskar Maria Graf und Erich M\u00fchsam zur\u00fcck ins Regal, und griff \u2013 durchaus zum Amusement der Zuh\u00f6rer \u2013 auf Reden der Intellektuellen Peter Turrini und Michael K\u00f6hlmeier zur\u00fcck, die typisch \u00f6sterreichisch mit Charme und Derbheit fundamentale Gesellschaftskritik betreiben. Der mit bayerischer Urgewalt daherpolternde kabarettistische Text \u201eDemocracy\u201c von Gerhard Polt schloss den Lesereigen.<\/p>\n<p>Der gekonnt gespannte Textbogen wurde von Christiane \u00d6ttl kongenial musikalisch erg\u00e4nzt. Sie setzte das Wort \u201eDemokratie\u201c in ein melancholisches und bezauberndes Klavierst\u00fcck um. Und zweimal bat sie G\u00e4ste zu sich auf die Bank, um zu deren Klimpereien zu improvisieren: ein am\u00fcsantes H\u00f6rerlebnis!<\/p>\n<p>Markus Muckenschnabl bedankte sich im Namen der Wochen zur Demokratie abschlie\u00dfend bei den Akteuren mit gesunden Getr\u00e4nken aus der Region.<\/p>\n<\/div><div class='clear'><\/div>\n\t\t\t\t\t\t\t\t<\/div>\n\t\t\t\t\t\t\t<\/div>\n\t\t\t\t\t\t<\/div><div class='evo_metarow_organizer evorow evcal_evdata_row bordb evcal_evrow_sm '>\n\t\t\t\t\t\t\t<span class='evcal_evdata_icons'><i class='fa fa-address-book-o'><\/i><\/span>\n\t\t\t\t\t\t\t<div class='evcal_evdata_cell'>\t\t\t\t\t\t\t\n\t\t\t\t\t\t\t\t<h3 class='evo_h3'>Mitveranstalter \/ Partner<\/h3>\n\t\t\t\t\t\t\t\t<p class='evo_data_val evo_card_organizer_image'><img src='https:\/\/www.wochen-zur-demokratie.de\/archiv\/wp-content\/uploads\/2019\/08\/Logo-CafeM-bonmots-300x100.jpg'\/><\/p>\n\t\t\t\t\t\t\t\t<div class='evo_card_organizer'><p class='evo_data_val evo_card_organizer_name'>\n\t\t\t\t\t\t\t\t\t<span class='evo_card_organizer_name_t'>Cafe Museum und Gruppe \u201eBon\u00a0Mots\u201c<\/span>\n\t\t\t\t\t\t\t\t\t\n\t\t\t\t\t\t\t\t\t<\/p><\/div><div class='clear'><\/div>\t\t\t\t\t\t\t\n\t\t\t\t\t\t\t<\/div>\n\t\t\t\t\t\t<\/div>\t\t\t\t\t\t<div class='evo_metarow_ICS evorow bordb evcal_evdata_row'>\n\t\t\t\t\t\t\t<span class=\"evcal_evdata_icons\"><i class=\"fa fa-calendar\"><\/i><\/span>\n\t\t\t\t\t\t\t<div class='evcal_evdata_cell'>\n\t\t\t\t\t\t\t\t<p><a href='https:\/\/www.wochen-zur-demokratie.de\/archiv\/wp-admin\/admin-ajax.php?action=eventon_ics_download&amp;event_id=139&amp;ri=0' class='evo_ics_nCal' title='Zum Ihrem Kalender hinzuf\u00fcgen'>Zum Kalender hinzuf\u00fcgen<\/a><a href='\/\/www.google.com\/calendar\/event?action=TEMPLATE&amp;text=Bon+Mots+%E2%80%93+Ein+Lesereigen+f%C3%BCr+Sprachbegeisterte+zum+Thema+Demokratie&amp;dates=20191008T180000Z\/20191008T193000Z&amp;details=Ein+tiefsinniger+wie+humoriger+Abend+erwartete+die+gut+40+G%C3%A4ste+im+Caf%C3%A9+Museum.+Auf+Wunsch+der+Wochen+zur+Demokratie+hat+die+Gruppe+Bon+Mots+ihre+Lesung+diesmal+literarischen+Beitr%C3%A4gen+zum&amp;location=Caf%C3%A9+Museum%2C+Passau%2C+Br%C3%A4ugasse - ' target='_blank' class='evo_ics_gCal' title='Zum Ihrem Google-Kalender hinzuf\u00fcgen'>GoogleCal<\/a><\/p>\t\n\t\t\t\t\t\t\t<\/div>\n\t\t\t\t\t\t<\/div>\n\t\t\t\t\t\t<div class='bordb evo_metarow_socialmedia evcal_evdata_row  lastrow'><div class='evo_sm FacebookShare'><a class=\" evo_ss\" target=\"_blank\" onclick=\"javascript:window.open(this.href, '', 'left=50,top=50,width=600,height=350,toolbar=0');return false;\"\n\t\t\t\t\t\t\t\thref=\"http:\/\/www.facebook.com\/sharer.php?u=https%3A%2F%2Fwww.wochen-zur-demokratie.de%2Farchiv%2Fevents%2Fbon-mots-ein-lesereigen-fuer-sprachbegeisterte-zum-thema-demokratie%2F\" title=\"Diese Veranstaltung auf Facebook teilen\"><i class=\"fa fa-facebook\"><\/i><\/a><\/div><div class='evo_sm Twitter'><a class=\"tw evo_ss\" onclick=\"javascript:window.open(this.href, '', 'menubar=no,toolbar=no,resizable=yes,scrollbars=yes,height=300,width=600');return false;\" href=\"http:\/\/twitter.com\/intent\/tweet?text=Bon Mots \u2013 Ein Lesereigen f\u00fcr Sprachbegeisterte zum Thema Demokratie&#32;-&#32;&url=https%3A%2F%2Fwww.wochen-zur-demokratie.de%2Farchiv%2Fevents%2Fbon-mots-ein-lesereigen-fuer-sprachbegeisterte-zum-thema-demokratie%2F\" title=\"Diese Veranstaltung auf Twitter teilen\" rel=\"nofollow\" target=\"_blank\" data-url=\"https%3A%2F%2Fwww.wochen-zur-demokratie.de%2Farchiv%2Fevents%2Fbon-mots-ein-lesereigen-fuer-sprachbegeisterte-zum-thema-demokratie%2F\"><i class=\"fa fa-twitter\"><\/i><\/a><\/div><div class='evo_sm LinkedIn'><a class=\"li evo_ss\" href=\"http:\/\/www.linkedin.com\/shareArticle?mini=true&url=https%3A%2F%2Fwww.wochen-zur-demokratie.de%2Farchiv%2Fevents%2Fbon-mots-ein-lesereigen-fuer-sprachbegeisterte-zum-thema-demokratie%2F&title=Bon%20Mots%20%E2%80%93%20Ein%20Lesereigen%20f%C3%BCr%20Sprachbegeisterte%20zum%20Thema%20Demokratie&summary=Ein+tiefsinniger+wie+humoriger+Abend+erwartete+die+gut+40+G%C3%A4ste+im+Caf%C3%A9+Museum.+Auf+Wunsch+der\" target=\"_blank\" title=\"Diese Veranstaltung auf Linkedin teilen\"><i class=\"fa fa-linkedin\"><\/i><\/a><\/div><div class='evo_sm EmailShare'><a class=\"em evo_ss\" href=\"mailto:?subject=Bon Mots \u2013 Ein Lesereigen f\u00fcr Sprachbegeisterte zum Thema Demokratie&body=Event Name: Bon Mots \u2013 Ein Lesereigen f\u00fcr Sprachbegeisterte zum Thema Demokratie%0AEvent Date: 08\/10\/2019 20:00 - 21:30%0ALink: https%3A%2F%2Fwww.wochen-zur-demokratie.de%2Farchiv%2Fevents%2Fbon-mots-ein-lesereigen-fuer-sprachbegeisterte-zum-thema-demokratie%2F%0A\" target=\"_blank\"><i class=\"fa fa-envelope\"><\/i><\/a><\/div><div class='clear'><\/div><div class='evcal_evdata_row evcal_close' title='Close'><\/div><\/div><div class='evo_card_row_end evcal_close' title='Close'><\/div><\/div><div class='clear end'><\/div><\/div><div style=\"background-color: #c766a4;height: 275px;\" id=\"event_403\" class=\"eventon_list_event evo_eventtop past_event event event_403_0\" data-event_id=\"403\" data-ri=\"0r\" data-time=\"1570644000-1570653000\" data-colr=\"#c766a4\" itemscope itemtype='http:\/\/schema.org\/Event'><div class=\"evo_event_schema\" style=\"display:none\" ><a itemprop='url'  href='https:\/\/www.wochen-zur-demokratie.de\/archiv\/events\/klimaschutz-oder-demokratie\/'><\/a><span itemprop='name'  >Klimaschutz oder Demokratie?<\/span><meta itemprop='image' content=\"https:\/\/www.wochen-zur-demokratie.de\/archiv\/wp-content\/uploads\/2019\/08\/klima-demokratie-2.jpg\" \/><meta itemprop='description' content=\"Der Klimawandel schreitet, trotz internationaler politischer Bem\u00fchungen, unaufhaltsam voran. Auch in S\u00fcddeutschland sind die Auswirkungen zunehmend deutlicher sp\u00fcrbar. Angesichts der zunehmenden Dringlichkeit stellt sich die Frage: Wie\" \/><meta itemprop='startDate' content=\"2019-10-9T18:00\" \/><meta itemprop='endDate' content=\"2019-10-9T20:30\" \/><meta itemprop='eventStatus' content=\"on-schedule\" \/>\n\t\t\t\t\t\t\t\t\t<item style=\"display:none\" itemprop=\"location\" itemscope itemtype=\"http:\/\/schema.org\/Place\">\n\t\t\t\t\t\t\t\t\t\t<span itemprop=\"name\">Universit\u00e4t Passau, ITZ 017<\/span>\n\t\t\t\t\t\t\t\t\t\t<span itemprop=\"address\" itemscope itemtype=\"http:\/\/schema.org\/PostalAddress\">\n\t\t\t\t\t\t\t\t\t\t\t<item itemprop=\"streetAddress\">Innstra\u00dfe 43, 94032 Passau<\/item>\n\t\t\t\t\t\t\t\t\t\t<\/span><\/item><script type=\"application\/ld+json\">{\t\"@context\": \"http:\/\/schema.org\",\n\t\t\t\t\t\t\t  \t\"@type\": \"Event\",\n\t\t\t\t\t\t\t  \t\"name\": \"Klimaschutz oder Demokratie?\",\n\t\t\t\t\t\t\t  \t\"startDate\": \"2019-10-9T18-18-00-00\",\n\t\t\t\t\t\t\t  \t\"endDate\": \"2019-10-9T20-20-30-00\",\n\t\t\t\t\t\t\t  \t\"image\":\"https:\/\/www.wochen-zur-demokratie.de\/archiv\/wp-content\/uploads\/2019\/08\/klima-demokratie-2.jpg\",\n\t\t\t\t\t\t\t  \t\"description\":\"Der Klimawandel schreitet, trotz internationaler politischer Bem\u00fchungen, unaufhaltsam voran. Auch in S\u00fcddeutschland sind die Auswirkungen zunehmend deutlicher sp\u00fcrbar. Angesichts der zunehmenden Dringlichkeit stellt sich die Frage: Wie\"\n\t\t\t\t\t\t\t  \t,\"location\":{\n\t\t\t\t\t\t\t\t\t\t\"@type\":\"Place\",\n\t\t\t\t\t\t\t\t\t\t\"name\":\"Universit\u00e4t Passau, ITZ 017\",\n\t\t\t\t\t\t\t\t\t\t\"address\":{\n\t\t\t\t\t\t\t\t\t\t\t\"@type\": \"PostalAddress\"\n\t\t\t\t\t\t\t\t\t\t\t\"streetAddress\":\"Innstra\u00dfe 43, 94032 Passau\"\n\t\t\t\t\t\t\t\t\t\t}\n\t\t\t\t\t\t\t  \t\t}\n\t\t\t\t\t\t\t }<\/script><\/div>\n\t\t\t\t<p class=\"desc_trig_outter\"><a data-gmap_status=\"null\" data-gmtrig=\"1\" data-exlk=\"0\" id=\"evc_1570644000403\" class=\"desc_trig sin_val evcal_list_a\" data-ux_val=\"3\"  ><span class='evcal_cblock ' data-bgcolor='#c766a4' data-smon='Oktober' data-syr='2019'><span class='evo_start '><em class='date'>09<\/em><em class='month'>Okt.<\/em><em class='time'>18:00<\/em><\/span><span class='evo_end only_time'><em class='time'>20:30<\/em><\/span><em class='clear'><\/em><\/span><span class='evcal_desc evo_info hide_eventtopdata '  data-location_address=\"Innstra\u00dfe 43, 94032 Passau\" data-location_type=\"address\" data-location_name=\"Universit\u00e4t Passau, ITZ 017\" data-location_url=\"https:\/\/www.wochen-zur-demokratie.de\/archiv\/event-location\/universitaet-passau-itz-017-innstrasse-43\/\" data-location_status=\"true\" ><span class='evo_above_title'><\/span><span class='evcal_desc2 evcal_event_title' itemprop='name'>Klimaschutz oder Demokratie?<\/span><span class='evo_below_title'><span class='evcal_event_subtitle' >Wie wir den Klimawandel stoppen k\u00f6nnen \u2013 Impulsvortrag und Podiumsdiskussion<\/span><\/span><span class='evcal_desc_info' ><em class='evcal_time'>18:00 - 20:30<\/em> <em class=\"evcal_location\"  data-add_str=\"\"><em class=\"event_location_name\">Universit\u00e4t Passau, ITZ 017<\/em><\/em><\/span><span class='evcal_desc3'><\/span><\/span><em class='clear'><\/em><\/a><\/p><div class='event_description evcal_eventcard ' style=\"display:none\"><div class='evo_metarow_directimg'><img class='evo_event_main_img' src='https:\/\/www.wochen-zur-demokratie.de\/archiv\/wp-content\/uploads\/2019\/08\/klima-demokratie-2.jpg' \/><\/div><div class='evo_metarow_details evorow evcal_evdata_row bordb evcal_event_details'>\n\t\t\t\t\t\t\t<div class=\"event_excerpt\" style=\"display:none\"><h3 class=\"padb5 evo_h3\">Event Details<\/h3><p>Der Klimawandel schreitet, trotz internationaler politischer Bem\u00fchungen, unaufhaltsam voran. Auch in S\u00fcddeutschland sind die Auswirkungen zunehmend deutlicher sp\u00fcrbar. Angesichts der zunehmenden Dringlichkeit stellt sich die Frage: Wie<\/p><\/div><span class='evcal_evdata_icons'><i class='fa fa-align-justify'><\/i><\/span>\n\t\t\t\t\t\t\t\n\t\t\t\t\t\t\t<div class='evcal_evdata_cell shorter_desc'><div class='eventon_details_shading_bot'>\n\t\t\t\t\t\t\t\t<p class='eventon_shad_p' content='less'><span class='ev_more_text' data-txt='Weniger anzeigen'>Mehr anzeigen<\/span><span class='ev_more_arrow'><\/span><\/p>\n\t\t\t\t\t\t\t<\/div><div class='eventon_full_description'>\n\t\t\t\t\t\t\t\t\t<h3 class='padb5 evo_h3'><span class='evcal_evdata_icons'><i class='fa fa-align-justify'><\/i><\/span>Event Details<\/h3><div class='eventon_desc_in' itemprop='description'>\n\t\t\t\t\t\t\t\t\t<p class=\"\"><b class=\"\"><span class=\"\">Der Klimawandel schreitet, trotz internationaler politischer Bem\u00fchungen, unaufhaltsam voran. Auch in S\u00fcddeutschland sind die Auswirkungen zunehmend deutlicher sp\u00fcrbar. Angesichts der zunehmenden Dringlichkeit stellt sich die Frage: Wie ist der Klimawandel politisch gestaltbar?<\/span><\/b><\/p>\n<p class=\"\"><span class=\"\">Angesichts des Handlungsdrucks erscheinen demokratische Prozesse zu langsam, um Entscheidungen schnell durchsetzen zu k\u00f6nnen. Skeptiker gehen daher davon aus, dass die Demokratie im Kampf gegen den Klimawandel eingeschr\u00e4nkt werden muss. Dem wird entgegengehalten, dass sich Werte und Einstellungen nicht \u201evon oben\u201c ver\u00e4ndern lassen. Der Einschr\u00e4nkung individueller Freiheiten wird ein Mehr an B\u00fcrgerbeteiligung entgegengesetzt.<\/span><\/p>\n<p class=\"\"><span class=\"\">Zur Podiumsdiskussion wurde die Frage diskutiert: M\u00fcssen gesellschaftliche Freiheiten k\u00fcnftig drastisch eingeschr\u00e4nkt werden? Oder l\u00e4sst sich die Klimawende nur \u201evon unten\u201c \u2013 durch ein h\u00f6heres Ma\u00df an gesellschaftlicher Beteiligung \u2013 durchsetzen?<\/span><\/p>\n<p class=\"\"><span class=\"\">Die Diskussion wurde durch einen <b class=\"\">Impulsvortrag<\/b> von <b class=\"\">Prof. Dr. Harald Kunstmann<\/b> (S\u00fcddt. Klimab\u00fcro, KIT Campus-Alpine u. Universit\u00e4t Augsburg) mit dem Titel \u201eDie Erde schwitzt! Darf uns das kalt lassen?\u201c er\u00f6ffnet, der u.a. den Stand des Klimawandels in S\u00fcddeutschland darstellt.<\/span><\/p>\n<p class=\"\"><span class=\"\">Anschlie\u00dfend diskutierten miteinander:<br \/>\n<\/span><span class=\"\">\u00b7\u00a0\u00a0\u00a0\u00a0\u00a0 <\/span><b class=\"\"><span class=\"\">Maria Deingruber<\/span><\/b><span class=\"\"> (ADFC M\u00fcnchen, B\u00fcrgerbegehren \u201eRadentscheid M\u00fcnchen\u201c)<br \/>\n<\/span><span class=\"\">\u00b7\u00a0\u00a0\u00a0\u00a0\u00a0 <\/span><span class=\"\">Prof. Dr. <b class=\"\">Harald Kunstmann<\/b> (S\u00fcddt. Klimab\u00fcro, KIT Campus-Alpine u. Universit\u00e4t Augsburg)<br \/>\n<\/span><span class=\"\" lang=\"EN-US\">\u00b7<span class=\"\">\u00a0\u00a0\u00a0\u00a0\u00a0 <\/span><\/span><b class=\"\"><span class=\"\" lang=\"EN-US\">Angelika Lauber<\/span><\/b><span class=\"\" lang=\"EN-US\"> (Fridays For Future, Wien)<br \/>\n<\/span><span class=\"\">\u00b7\u00a0\u00a0\u00a0\u00a0\u00a0 <\/span><b class=\"\"><span class=\"\">Peter Ranzinger<\/span><\/b><span class=\"\"> (Klimaschutzbeauftragter, Landkreis Passau)<br \/>\n<\/span><span class=\"\">Die Diskussion wurde moderiert von <b class=\"\">Helmuth R\u00fccker<\/b> (Passauer Neue Presse).<br \/>\n<\/span><span class=\"\">Die rund 45 Teilnehmerinnen und Teilnehmer der Veranstaltung nahmen an der anschlie\u00dfenden Diskussion teil.<\/span><\/p>\n<p>Veranstalter:<\/p>\n<ul>\n<li><strong>Regionale Netzstelle Nachhaltigkeitsstrategie, RENN-S\u00fcd<\/strong><\/li>\n<li><strong>Werkstattgespr\u00e4che Nachhaltigkeit, Ref. I\/2, Universit\u00e4t Passau<\/strong><\/li>\n<li><strong>Studentische Hochschulgruppe Nachhaltigkeit, Universit\u00e4t Passau<\/strong><\/li>\n<li><strong>Wochen zur Demokratie in Passau 2019<\/strong><\/li>\n<\/ul>\n<p>&nbsp;<\/p>\n<\/div><div class='clear'><\/div>\n\t\t\t\t\t\t\t\t<\/div>\n\t\t\t\t\t\t\t<\/div>\n\t\t\t\t\t\t<\/div><div class='evo_metarow_organizer evorow evcal_evdata_row bordb evcal_evrow_sm '>\n\t\t\t\t\t\t\t<span class='evcal_evdata_icons'><i class='fa fa-address-book-o'><\/i><\/span>\n\t\t\t\t\t\t\t<div class='evcal_evdata_cell'>\t\t\t\t\t\t\t\n\t\t\t\t\t\t\t\t<h3 class='evo_h3'>Mitveranstalter \/ Partner<\/h3>\n\t\t\t\t\t\t\t\t<p class='evo_data_val evo_card_organizer_image'><img src='https:\/\/www.wochen-zur-demokratie.de\/archiv\/wp-content\/uploads\/2019\/08\/Logo-wzd-renn-uni-300x115.jpg'\/><\/p>\n\t\t\t\t\t\t\t\t<div class='evo_card_organizer'><p class='evo_data_val evo_card_organizer_name'>\n\t\t\t\t\t\t\t\t\t<span class='evo_card_organizer_name_t'>RENN.s\u00fcd \/ Universit\u00e4t Passau \/ Wochen zur Demokratie<\/span>\n\t\t\t\t\t\t\t\t\t\n\t\t\t\t\t\t\t\t\t<\/p><\/div><div class='clear'><\/div>\t\t\t\t\t\t\t\n\t\t\t\t\t\t\t<\/div>\n\t\t\t\t\t\t<\/div>\t\t\t\t\t\t<div class='evo_metarow_ICS evorow bordb evcal_evdata_row'>\n\t\t\t\t\t\t\t<span class=\"evcal_evdata_icons\"><i class=\"fa fa-calendar\"><\/i><\/span>\n\t\t\t\t\t\t\t<div class='evcal_evdata_cell'>\n\t\t\t\t\t\t\t\t<p><a href='https:\/\/www.wochen-zur-demokratie.de\/archiv\/wp-admin\/admin-ajax.php?action=eventon_ics_download&amp;event_id=403&amp;ri=0' class='evo_ics_nCal' title='Zum Ihrem Kalender hinzuf\u00fcgen'>Zum Kalender hinzuf\u00fcgen<\/a><a href='\/\/www.google.com\/calendar\/event?action=TEMPLATE&amp;text=Klimaschutz+oder+Demokratie%3F&amp;dates=20191009T160000Z\/20191009T183000Z&amp;details=Der+Klimawandel+schreitet%2C+trotz+internationaler+politischer+Bem%C3%BChungen%2C+unaufhaltsam+voran.+Auch+in+S%C3%BCddeutschland+sind+die+Auswirkungen+zunehmend+deutlicher+sp%C3%BCrbar.+Angesichts+der+zunehmenden+Dringlichkeit+stellt+sich+die+Frage%3A+Wie&amp;location=Universit%C3%A4t+Passau%2C+ITZ+017 - Innstra%C3%9Fe+43%2C+94032+Passau' target='_blank' class='evo_ics_gCal' title='Zum Ihrem Google-Kalender hinzuf\u00fcgen'>GoogleCal<\/a><\/p>\t\n\t\t\t\t\t\t\t<\/div>\n\t\t\t\t\t\t<\/div>\n\t\t\t\t\t\t<div class='bordb evo_metarow_socialmedia evcal_evdata_row  lastrow'><div class='evo_sm FacebookShare'><a class=\" evo_ss\" target=\"_blank\" onclick=\"javascript:window.open(this.href, '', 'left=50,top=50,width=600,height=350,toolbar=0');return false;\"\n\t\t\t\t\t\t\t\thref=\"http:\/\/www.facebook.com\/sharer.php?u=https%3A%2F%2Fwww.wochen-zur-demokratie.de%2Farchiv%2Fevents%2Fklimaschutz-oder-demokratie%2F\" title=\"Diese Veranstaltung auf Facebook teilen\"><i class=\"fa fa-facebook\"><\/i><\/a><\/div><div class='evo_sm Twitter'><a class=\"tw evo_ss\" onclick=\"javascript:window.open(this.href, '', 'menubar=no,toolbar=no,resizable=yes,scrollbars=yes,height=300,width=600');return false;\" href=\"http:\/\/twitter.com\/intent\/tweet?text=Klimaschutz oder Demokratie?&#32;-&#32;&url=https%3A%2F%2Fwww.wochen-zur-demokratie.de%2Farchiv%2Fevents%2Fklimaschutz-oder-demokratie%2F\" title=\"Diese Veranstaltung auf Twitter teilen\" rel=\"nofollow\" target=\"_blank\" data-url=\"https%3A%2F%2Fwww.wochen-zur-demokratie.de%2Farchiv%2Fevents%2Fklimaschutz-oder-demokratie%2F\"><i class=\"fa fa-twitter\"><\/i><\/a><\/div><div class='evo_sm LinkedIn'><a class=\"li evo_ss\" href=\"http:\/\/www.linkedin.com\/shareArticle?mini=true&url=https%3A%2F%2Fwww.wochen-zur-demokratie.de%2Farchiv%2Fevents%2Fklimaschutz-oder-demokratie%2F&title=Klimaschutz%20oder%20Demokratie%3F&summary=Der+Klimawandel+schreitet%2C+trotz+internationaler+politischer+Bem%C3%BChungen%2C+unaufhaltsam+voran.+Auch+in+S%C3%BCddeutschland+sind\" target=\"_blank\" title=\"Diese Veranstaltung auf Linkedin teilen\"><i class=\"fa fa-linkedin\"><\/i><\/a><\/div><div class='evo_sm EmailShare'><a class=\"em evo_ss\" href=\"mailto:?subject=Klimaschutz oder Demokratie?&body=Event Name: Klimaschutz oder Demokratie?%0AEvent Date: 09\/10\/2019 18:00 - 20:30%0ALink: https%3A%2F%2Fwww.wochen-zur-demokratie.de%2Farchiv%2Fevents%2Fklimaschutz-oder-demokratie%2F%0A\" target=\"_blank\"><i class=\"fa fa-envelope\"><\/i><\/a><\/div><div class='clear'><\/div><div class='evcal_evdata_row evcal_close' title='Close'><\/div><\/div><div class='evo_card_row_end evcal_close' title='Close'><\/div><\/div><div class='clear end'><\/div><\/div><div style=\"background-color: #c766a4;height: 275px;\" id=\"event_142\" class=\"eventon_list_event evo_eventtop past_event event event_142_0\" data-event_id=\"142\" data-ri=\"0r\" data-time=\"1570649400-1570653000\" data-colr=\"#c766a4\" itemscope itemtype='http:\/\/schema.org\/Event'><div class=\"evo_event_schema\" style=\"display:none\" ><a itemprop='url'  href='https:\/\/www.wochen-zur-demokratie.de\/archiv\/events\/sind-christen-gute-demokraten\/'><\/a><span itemprop='name'  >Sind Christen gute Demokraten?<\/span><meta itemprop='image' content=\"https:\/\/www.wochen-zur-demokratie.de\/archiv\/wp-content\/uploads\/2019\/10\/Zulehner_6179-web.jpg\" \/><meta itemprop='description' content=\"Der \u00f6sterreichische Theologe und katholische Priester Paul Michael Zulehner zog die 70 Zuh\u00f6rer im Vortragssaal des Gymnasiums Untergriesbach an die zwei Stunden lang in seinen Bann. Dass der emeritierte Universit\u00e4tsprofessor\" \/><meta itemprop='startDate' content=\"2019-10-9T19:30\" \/><meta itemprop='endDate' content=\"2019-10-9T20:30\" \/><meta itemprop='eventStatus' content=\"on-schedule\" \/><script type=\"application\/ld+json\">{\t\"@context\": \"http:\/\/schema.org\",\n\t\t\t\t\t\t\t  \t\"@type\": \"Event\",\n\t\t\t\t\t\t\t  \t\"name\": \"Sind Christen gute Demokraten?\",\n\t\t\t\t\t\t\t  \t\"startDate\": \"2019-10-9T19-19-30-00\",\n\t\t\t\t\t\t\t  \t\"endDate\": \"2019-10-9T20-20-30-00\",\n\t\t\t\t\t\t\t  \t\"image\":\"https:\/\/www.wochen-zur-demokratie.de\/archiv\/wp-content\/uploads\/2019\/10\/Zulehner_6179-web.jpg\",\n\t\t\t\t\t\t\t  \t\"description\":\"Der \u00f6sterreichische Theologe und katholische Priester Paul Michael Zulehner zog die 70 Zuh\u00f6rer im Vortragssaal des Gymnasiums Untergriesbach an die zwei Stunden lang in seinen Bann. Dass der emeritierte Universit\u00e4tsprofessor\"\n\t\t\t\t\t\t\t  \t\n\t\t\t\t\t\t\t }<\/script><\/div>\n\t\t\t\t<p class=\"desc_trig_outter\"><a data-gmap_status=\"null\" data-exlk=\"0\" id=\"evc_1570649400142\" class=\"desc_trig sin_val evcal_list_a\" data-ux_val=\"3\"  ><span class='evcal_cblock ' data-bgcolor='#c766a4' data-smon='Oktober' data-syr='2019'><span class='evo_start '><em class='date'>09<\/em><em class='month'>Okt.<\/em><em class='time'>19:30<\/em><\/span><span class='evo_end only_time'><em class='time'>20:30<\/em><\/span><em class='clear'><\/em><\/span><span class='evcal_desc evo_info hide_eventtopdata '  data-location_status=\"false\" ><span class='evo_above_title'><\/span><span class='evcal_desc2 evcal_event_title' itemprop='name'>Sind Christen gute Demokraten?<\/span><span class='evo_below_title'><span class='evcal_event_subtitle' >Das Evangelium im Ringen um Freiheit und Gerechtigkeit \u2013 Vortrag von Prof. Paul M. Zulehner<\/span><\/span><span class='evcal_desc_info' ><em class='evcal_time'>19:30 - 20:30<\/em> <em class=\"evcal_location\"  data-add_str=\"\"><em class=\"event_location_name\">Gymnasium Untergriesbach<\/em><\/em><\/span><span class='evcal_desc3'><\/span><\/span><em class='clear'><\/em><\/a><\/p><div class='event_description evcal_eventcard ' style=\"display:none\"><div class='evo_metarow_directimg'><img class='evo_event_main_img' src='https:\/\/www.wochen-zur-demokratie.de\/archiv\/wp-content\/uploads\/2019\/10\/Zulehner_6179-web.jpg' \/><\/div><div class='evo_event_images'><span class='evo_event_more_img select'><img title='' src='https:\/\/www.wochen-zur-demokratie.de\/archiv\/wp-content\/uploads\/2019\/10\/Zulehner_6179-web.jpg' data-f='https:\/\/www.wochen-zur-demokratie.de\/archiv\/wp-content\/uploads\/2019\/10\/Zulehner_6179-web.jpg'\/><\/span><span class='evo_event_more_img '><img title='' src='https:\/\/www.wochen-zur-demokratie.de\/archiv\/wp-content\/uploads\/2019\/10\/PM_Zulehner_6190m-web-150x150.jpg' data-f='https:\/\/www.wochen-zur-demokratie.de\/archiv\/wp-content\/uploads\/2019\/10\/PM_Zulehner_6190m-web.jpg' data-h='429' data-w='650'\/><\/span><span class='evo_event_more_img '><img title='' src='https:\/\/www.wochen-zur-demokratie.de\/archiv\/wp-content\/uploads\/2019\/10\/PM-Zulehner_6189m-web-150x150.jpg' data-f='https:\/\/www.wochen-zur-demokratie.de\/archiv\/wp-content\/uploads\/2019\/10\/PM-Zulehner_6189m-web.jpg' data-h='429' data-w='651'\/><\/span><\/div><div class='evo_metarow_details evorow evcal_evdata_row bordb evcal_event_details'>\n\t\t\t\t\t\t\t<div class=\"event_excerpt\" style=\"display:none\"><h3 class=\"padb5 evo_h3\">Event Details<\/h3><p>Der \u00f6sterreichische Theologe und katholische Priester Paul Michael Zulehner zog die 70 Zuh\u00f6rer im Vortragssaal des Gymnasiums Untergriesbach an die zwei Stunden lang in seinen Bann. Dass der emeritierte Universit\u00e4tsprofessor<\/p><\/div><span class='evcal_evdata_icons'><i class='fa fa-align-justify'><\/i><\/span>\n\t\t\t\t\t\t\t\n\t\t\t\t\t\t\t<div class='evcal_evdata_cell shorter_desc'><div class='eventon_details_shading_bot'>\n\t\t\t\t\t\t\t\t<p class='eventon_shad_p' content='less'><span class='ev_more_text' data-txt='Weniger anzeigen'>Mehr anzeigen<\/span><span class='ev_more_arrow'><\/span><\/p>\n\t\t\t\t\t\t\t<\/div><div class='eventon_full_description'>\n\t\t\t\t\t\t\t\t\t<h3 class='padb5 evo_h3'><span class='evcal_evdata_icons'><i class='fa fa-align-justify'><\/i><\/span>Event Details<\/h3><div class='eventon_desc_in' itemprop='description'>\n\t\t\t\t\t\t\t\t\t<p>Der \u00f6sterreichische Theologe und katholische Priester Paul Michael Zulehner zog die 70 Zuh\u00f6rer im Vortragssaal des Gymnasiums Untergriesbach an die zwei Stunden lang in seinen Bann. Dass der emeritierte Universit\u00e4tsprofessor zu den bekanntesten Religionssoziologen Europas geh\u00f6rt, das hat er mit seinem fulminanten Vortrag eindrucksvoll belegt. Zulehner hat Profundes zu Kirche und Gesellschaft zu sagen, und er wird in Politik und Gesellschaft geh\u00f6rt. Den G\u00e4sten wird dieser Abend lange in Erinnerung bleiben, denn der Referent versteht es meisterhaft, zuzuspitzen und komplexe Zusammenh\u00e4nge in eing\u00e4ngige Worte zu kleiden.<\/p>\n<p>Im Mittelpunkt seines Vortrags stand <strong>die dramatische Entwicklung unserer Gesellschaften hin zum Autoritarismus<\/strong>. Zulehner hatte ganz frische Statistikdaten aus \u00d6sterreich dabei. Und die sind alarmierend: bei jungen Menschen (bis zum Alter von 29 Jahren) steigt der Hang zum Autoritarismus in den letzten 20 Jahren bedenklich stark an.<\/p>\n<p>Zulehner benannte wichtige <strong>Ursachen der neuen Freiheitsflucht<\/strong> auf pers\u00f6nlicher Ebene:<\/p>\n<p>Die Welt wird un\u00fcbersichtlich, die unbezogene, privatisierte Freiheit wird immer riskanter und die familial geschaffene Daseinskompetenz sinkt. Wollte man in den 1968ern die Freiheit vor repressiven Fremdbestimmungen sichern, muss man sie heute vor depressiver Vereinsamung sch\u00fctzen.<\/p>\n<p>Und die Christen? Die evangelische Kirche nennt sich eine \u201eKirche der Freiheit\u201c. Diesen Begriff zu w\u00e4hlen ist der katholischen Kirche am Beginn der modernen Freiheitsgeschichte nicht leicht gefallen. Die von der liberalen Bewegung formulierten Freiheiten wurden von Papst Pius IX. verworfen. Erst mit dem Zweiten Vatikanum (1962\u20131965) wurden die modernen Freiheitsrechte von der Kirche gutgehei\u00dfen. Blickt man auf die Mitglieder der christlichen Kirchen, dann zeigen diese sich als stark polarisiert. Christen haben sich nach dem Zweiten Weltkrieg f\u00fcr ein freiheitliches Europa eingesetzt. Inzwischen aber finden wir Politiker, die sich auf das Christentum berufen und f\u00fcr eine \u201eilliberale Demokratie\u201c eintreten. Und auch in der Bev\u00f6lkerung nimmt die Zahl jener, gerade auch jungen Personen zu, welche die l\u00e4stige Last der Freiheit wieder loswerden wollen.<\/p>\n<p>F\u00fcr Zulehner steht fest: <strong>Auftrag der christlichen Kirchen muss sein, Anw\u00e4ltinnen der Freiheit und der Demokratie zu sein. Und er strahlte bei seinem Vortrag durchaus Optimismus aus. Ein grandioser Abend \u2013 und ein Pl\u00e4doyer, das an m\u00f6glichst viele Ohren dringen sollte.<\/strong><\/p>\n<p>Die Folien der Untergriesbacher Pr\u00e4sentation finden Sie auf unserer Homepage unter \u201eMedien\u201c. Einen Audiomitschnitt des gestrigen Vortrags sowie weitere Vortr\u00e4ge von Paul M. Zulehner kann man auf seiner Homepage <strong><a href=\"http:\/\/www.zulehner.org\" target=\"_blank\" rel=\"noopener noreferrer\">www.zulehner.org<\/a><\/strong> entdecken.<\/p>\n<\/div><div class='clear'><\/div>\n\t\t\t\t\t\t\t\t<\/div>\n\t\t\t\t\t\t\t<\/div>\n\t\t\t\t\t\t<\/div><div class='evo_metarow_organizer evorow evcal_evdata_row bordb evcal_evrow_sm '>\n\t\t\t\t\t\t\t<span class='evcal_evdata_icons'><i class='fa fa-address-book-o'><\/i><\/span>\n\t\t\t\t\t\t\t<div class='evcal_evdata_cell'>\t\t\t\t\t\t\t\n\t\t\t\t\t\t\t\t<h3 class='evo_h3'>Mitveranstalter \/ Partner<\/h3>\n\t\t\t\t\t\t\t\t<p class='evo_data_val evo_card_organizer_image'><img src='https:\/\/www.wochen-zur-demokratie.de\/archiv\/wp-content\/uploads\/2019\/08\/Logo-dioezesanrat-KEB-300x82.jpg'\/><\/p>\n\t\t\t\t\t\t\t\t<div class='evo_card_organizer'><p class='evo_data_val evo_card_organizer_name'>\n\t\t\t\t\t\t\t\t\t<span class='evo_card_organizer_name_t'>Di\u00f6zesanrat Passau und Katholische Erwachsenenbildung in Stadt und Landkreis Passau e.V.<\/span>\n\t\t\t\t\t\t\t\t\t\n\t\t\t\t\t\t\t\t\t<\/p><\/div><div class='clear'><\/div>\t\t\t\t\t\t\t\n\t\t\t\t\t\t\t<\/div>\n\t\t\t\t\t\t<\/div>\t\t\t\t\t\t<div class='evo_metarow_ICS evorow bordb evcal_evdata_row'>\n\t\t\t\t\t\t\t<span class=\"evcal_evdata_icons\"><i class=\"fa fa-calendar\"><\/i><\/span>\n\t\t\t\t\t\t\t<div class='evcal_evdata_cell'>\n\t\t\t\t\t\t\t\t<p><a href='https:\/\/www.wochen-zur-demokratie.de\/archiv\/wp-admin\/admin-ajax.php?action=eventon_ics_download&amp;event_id=142&amp;ri=0' class='evo_ics_nCal' title='Zum Ihrem Kalender hinzuf\u00fcgen'>Zum Kalender hinzuf\u00fcgen<\/a><a href='\/\/www.google.com\/calendar\/event?action=TEMPLATE&amp;text=Sind+Christen+gute+Demokraten%3F&amp;dates=20191009T173000Z\/20191009T183000Z&amp;details=Der+%C3%B6sterreichische+Theologe+und+katholische+Priester+Paul+Michael+Zulehner+zog+die+70+Zuh%C3%B6rer+im+Vortragssaal+des+Gymnasiums+Untergriesbach+an+die+zwei+Stunden+lang+in+seinen+Bann.+Dass+der+emeritierte+Universit%C3%A4tsprofessor&amp;location=Gymnasium+Untergriesbach - ' target='_blank' class='evo_ics_gCal' title='Zum Ihrem Google-Kalender hinzuf\u00fcgen'>GoogleCal<\/a><\/p>\t\n\t\t\t\t\t\t\t<\/div>\n\t\t\t\t\t\t<\/div>\n\t\t\t\t\t\t<div class='bordb evo_metarow_socialmedia evcal_evdata_row  lastrow'><div class='evo_sm FacebookShare'><a class=\" evo_ss\" target=\"_blank\" onclick=\"javascript:window.open(this.href, '', 'left=50,top=50,width=600,height=350,toolbar=0');return false;\"\n\t\t\t\t\t\t\t\thref=\"http:\/\/www.facebook.com\/sharer.php?u=https%3A%2F%2Fwww.wochen-zur-demokratie.de%2Farchiv%2Fevents%2Fsind-christen-gute-demokraten%2F\" title=\"Diese Veranstaltung auf Facebook teilen\"><i class=\"fa fa-facebook\"><\/i><\/a><\/div><div class='evo_sm Twitter'><a class=\"tw evo_ss\" onclick=\"javascript:window.open(this.href, '', 'menubar=no,toolbar=no,resizable=yes,scrollbars=yes,height=300,width=600');return false;\" href=\"http:\/\/twitter.com\/intent\/tweet?text=Sind Christen gute Demokraten?&#32;-&#32;&url=https%3A%2F%2Fwww.wochen-zur-demokratie.de%2Farchiv%2Fevents%2Fsind-christen-gute-demokraten%2F\" title=\"Diese Veranstaltung auf Twitter teilen\" rel=\"nofollow\" target=\"_blank\" data-url=\"https%3A%2F%2Fwww.wochen-zur-demokratie.de%2Farchiv%2Fevents%2Fsind-christen-gute-demokraten%2F\"><i class=\"fa fa-twitter\"><\/i><\/a><\/div><div class='evo_sm LinkedIn'><a class=\"li evo_ss\" href=\"http:\/\/www.linkedin.com\/shareArticle?mini=true&url=https%3A%2F%2Fwww.wochen-zur-demokratie.de%2Farchiv%2Fevents%2Fsind-christen-gute-demokraten%2F&title=Sind%20Christen%20gute%20Demokraten%3F&summary=Der+%C3%B6sterreichische+Theologe+und+katholische+Priester+Paul+Michael+Zulehner+zog+die+70+Zuh%C3%B6rer+im+Vortragssaal+des\" target=\"_blank\" title=\"Diese Veranstaltung auf Linkedin teilen\"><i class=\"fa fa-linkedin\"><\/i><\/a><\/div><div class='evo_sm EmailShare'><a class=\"em evo_ss\" href=\"mailto:?subject=Sind Christen gute Demokraten?&body=Event Name: Sind Christen gute Demokraten?%0AEvent Date: 09\/10\/2019 19:30 - 20:30%0ALink: https%3A%2F%2Fwww.wochen-zur-demokratie.de%2Farchiv%2Fevents%2Fsind-christen-gute-demokraten%2F%0A\" target=\"_blank\"><i class=\"fa fa-envelope\"><\/i><\/a><\/div><div class='clear'><\/div><div class='evcal_evdata_row evcal_close' title='Close'><\/div><\/div><div class='evo_card_row_end evcal_close' title='Close'><\/div><\/div><div class='clear end'><\/div><\/div><div style=\"background-color: #c766a4;height: 275px;\" id=\"event_262\" class=\"eventon_list_event evo_eventtop past_event event event_262_0\" data-event_id=\"262\" data-ri=\"0r\" data-time=\"1570665601-1571183999\" data-colr=\"#c766a4\" itemscope itemtype='http:\/\/schema.org\/Event'><div class=\"evo_event_schema\" style=\"display:none\" ><a itemprop='url'  href='https:\/\/www.wochen-zur-demokratie.de\/archiv\/events\/die-offene-gesellschaft-in-bewegung-welches-passau-wollen-wir-sein\/'><\/a><span itemprop='name'  >Welches Passau wollen wir sein?<\/span><meta itemprop='image' content=\"https:\/\/www.wochen-zur-demokratie.de\/archiv\/wp-content\/uploads\/2019\/10\/191015-ausstellung1.jpg\" \/><meta itemprop='description' content=\"Mitten in Passau, genau genommen am Nibelungenplatz, stand eine interaktive Ausstellung im \u00f6ffentlichen Raum. Sie bot die M\u00f6glichkeit, Demokratie neu zu erleben.    Seit Mai 2019 reist die Wanderausstellung durch die Republik:\" \/><meta itemprop='startDate' content=\"2019-10-10\" \/><meta itemprop='endDate' content=\"2019-10-15\" \/><meta itemprop='eventStatus' content=\"on-schedule\" \/><script type=\"application\/ld+json\">{\t\"@context\": \"http:\/\/schema.org\",\n\t\t\t\t\t\t\t  \t\"@type\": \"Event\",\n\t\t\t\t\t\t\t  \t\"name\": \"Welches Passau wollen wir sein?\",\n\t\t\t\t\t\t\t  \t\"startDate\": \"2019-10-10T00-00-00-00\",\n\t\t\t\t\t\t\t  \t\"endDate\": \"2019-10-15T23-23-59-00\",\n\t\t\t\t\t\t\t  \t\"image\":\"https:\/\/www.wochen-zur-demokratie.de\/archiv\/wp-content\/uploads\/2019\/10\/191015-ausstellung1.jpg\",\n\t\t\t\t\t\t\t  \t\"description\":\"Mitten in Passau, genau genommen am Nibelungenplatz, stand eine interaktive Ausstellung im \u00f6ffentlichen Raum. Sie bot die M\u00f6glichkeit, Demokratie neu zu erleben.    Seit Mai 2019 reist die Wanderausstellung durch die Republik:\"\n\t\t\t\t\t\t\t  \t\n\t\t\t\t\t\t\t }<\/script><\/div>\n\t\t\t\t<p class=\"desc_trig_outter\"><a data-gmap_status=\"null\" data-exlk=\"0\" id=\"evc_1570665601262\" class=\"desc_trig mul_val evcal_list_a allday\" data-ux_val=\"3\"  ><span class='evcal_cblock ' data-bgcolor='#c766a4' data-smon='Oktober' data-syr='2019'><span class='evo_start '><em class='date'>10<\/em><em class='month'>Okt.<\/em><em class='time'>ganzt\u00e4gig<\/em><\/span><span class='evo_end '><em class='date'>15<\/em><\/span><em class='clear'><\/em><\/span><span class='evcal_desc evo_info hide_eventtopdata '  data-location_status=\"false\" ><span class='evo_above_title'><\/span><span class='evcal_desc2 evcal_event_title' itemprop='name'>Welches Passau wollen wir sein?<\/span><span class='evo_below_title'><span class='evcal_event_subtitle' >Interaktive Ausstellung der Initiative Offene Gesellschaft e.V.<\/span><\/span><span class='evcal_desc_info' ><em class='evcal_time'><em class='evcal_alldayevent_text'>(ganzt\u00e4gig)<\/em><\/em> <em class=\"evcal_location\"  data-add_str=\"\"><em class=\"event_location_name\">Nibelungenplatz, Passau<\/em><\/em><\/span><span class='evcal_desc3'><\/span><\/span><em class='clear'><\/em><\/a><\/p><div class='event_description evcal_eventcard ' style=\"display:none\"><div class='evo_metarow_directimg'><img class='evo_event_main_img' src='https:\/\/www.wochen-zur-demokratie.de\/archiv\/wp-content\/uploads\/2019\/10\/191015-ausstellung1.jpg' \/><\/div><div class='evo_event_images'><span class='evo_event_more_img select'><img title='' src='https:\/\/www.wochen-zur-demokratie.de\/archiv\/wp-content\/uploads\/2019\/10\/191015-ausstellung1.jpg' data-f='https:\/\/www.wochen-zur-demokratie.de\/archiv\/wp-content\/uploads\/2019\/10\/191015-ausstellung1.jpg'\/><\/span><span class='evo_event_more_img '><img title='' src='https:\/\/www.wochen-zur-demokratie.de\/archiv\/wp-content\/uploads\/2019\/10\/191015-ausstellung2-1-150x150.jpg' data-f='https:\/\/www.wochen-zur-demokratie.de\/archiv\/wp-content\/uploads\/2019\/10\/191015-ausstellung2-1.jpg' data-h='385' data-w='650'\/><\/span><span class='evo_event_more_img '><img title='' src='https:\/\/www.wochen-zur-demokratie.de\/archiv\/wp-content\/uploads\/2019\/10\/191015-ausstellung5-150x150.jpg' data-f='https:\/\/www.wochen-zur-demokratie.de\/archiv\/wp-content\/uploads\/2019\/10\/191015-ausstellung5.jpg' data-h='384' data-w='650'\/><\/span><span class='evo_event_more_img '><img title='' src='https:\/\/www.wochen-zur-demokratie.de\/archiv\/wp-content\/uploads\/2019\/10\/191015-ausstellung4-150x150.jpg' data-f='https:\/\/www.wochen-zur-demokratie.de\/archiv\/wp-content\/uploads\/2019\/10\/191015-ausstellung4.jpg' data-h='384' data-w='650'\/><\/span><span class='evo_event_more_img '><img title='' src='https:\/\/www.wochen-zur-demokratie.de\/archiv\/wp-content\/uploads\/2019\/10\/191015-ausstellung3-150x150.jpg' data-f='https:\/\/www.wochen-zur-demokratie.de\/archiv\/wp-content\/uploads\/2019\/10\/191015-ausstellung3.jpg' data-h='384' data-w='650'\/><\/span><\/div><div class='evo_metarow_details evorow evcal_evdata_row bordb evcal_event_details'>\n\t\t\t\t\t\t\t<div class=\"event_excerpt\" style=\"display:none\"><h3 class=\"padb5 evo_h3\">Event Details<\/h3><p>Mitten in Passau, genau genommen am Nibelungenplatz, stand eine interaktive Ausstellung im \u00f6ffentlichen Raum. Sie bot die M\u00f6glichkeit, Demokratie neu zu erleben.\r\n\r\nSeit Mai 2019 reist die Wanderausstellung durch die Republik:<\/p><\/div><span class='evcal_evdata_icons'><i class='fa fa-align-justify'><\/i><\/span>\n\t\t\t\t\t\t\t\n\t\t\t\t\t\t\t<div class='evcal_evdata_cell shorter_desc'><div class='eventon_details_shading_bot'>\n\t\t\t\t\t\t\t\t<p class='eventon_shad_p' content='less'><span class='ev_more_text' data-txt='Weniger anzeigen'>Mehr anzeigen<\/span><span class='ev_more_arrow'><\/span><\/p>\n\t\t\t\t\t\t\t<\/div><div class='eventon_full_description'>\n\t\t\t\t\t\t\t\t\t<h3 class='padb5 evo_h3'><span class='evcal_evdata_icons'><i class='fa fa-align-justify'><\/i><\/span>Event Details<\/h3><div class='eventon_desc_in' itemprop='description'>\n\t\t\t\t\t\t\t\t\t<p>Mitten in Passau, genau genommen am Nibelungenplatz, stand eine interaktive Ausstellung im \u00f6ffentlichen Raum. Sie bot die M\u00f6glichkeit, Demokratie neu zu erleben.<\/p>\n<p>Seit Mai 2019 reist die Wanderausstellung durch die Republik: auf der Suche nach positiven Ideen und Zukunftsvisionen. Sechs interaktive Module lassen <strong>Ideen und Prinzipien einer offenen Gesellschaft<\/strong> im Sinne des Grundgesetzes erleb- und erfahrbar werden: Partizipation und Protest, Meinungs- und Pressefreiheit, Gerechtigkeit und individuelle Entfaltung, das Verh\u00e4ltnis von Freiheit und Sicherheit. <strong>Die Themen k\u00f6nnen nicht nur theoretisch entdeckt, sondern aktiv mitgestaltet werden<\/strong>: vom Entwerfen eines eigenen Protestplakates bis hin zu Zeitungsheadlines, die den st\u00e4ndigen Aushandlungsprozess unseres Miteinanders illustrieren.<\/p>\n<p>Alle B\u00fcrgerinnen und B\u00fcrger waren zum Schauen und Ins-Gespr\u00e4ch-kommen eingeladen. Viele nahmen die Einladung wahr. Im Zentrum stand die Frage: Welches Passau wollen wir sein?<\/p>\n<\/div><div class='clear'><\/div>\n\t\t\t\t\t\t\t\t<\/div>\n\t\t\t\t\t\t\t<\/div>\n\t\t\t\t\t\t<\/div><div class='evo_metarow_organizer evorow evcal_evdata_row bordb evcal_evrow_sm '>\n\t\t\t\t\t\t\t<span class='evcal_evdata_icons'><i class='fa fa-address-book-o'><\/i><\/span>\n\t\t\t\t\t\t\t<div class='evcal_evdata_cell'>\t\t\t\t\t\t\t\n\t\t\t\t\t\t\t\t<h3 class='evo_h3'>Mitveranstalter \/ Partner<\/h3>\n\t\t\t\t\t\t\t\t<p class='evo_data_val evo_card_organizer_image'><img src='https:\/\/www.wochen-zur-demokratie.de\/archiv\/wp-content\/uploads\/2019\/07\/logo-offene-gesellschaft.jpg'\/><\/p>\n\t\t\t\t\t\t\t\t<div class='evo_card_organizer'><p class='evo_data_val evo_card_organizer_name'>\n\t\t\t\t\t\t\t\t\t<span class='evo_card_organizer_name_t'>Initiative Offene Gesellschaft e.V.<\/span>\n\t\t\t\t\t\t\t\t\t\n\t\t\t\t\t\t\t\t\t<\/p><\/div><div class='clear'><\/div>\t\t\t\t\t\t\t\n\t\t\t\t\t\t\t<\/div>\n\t\t\t\t\t\t<\/div>\t\t\t\t\t\t<div class='evo_metarow_ICS evorow bordb evcal_evdata_row'>\n\t\t\t\t\t\t\t<span class=\"evcal_evdata_icons\"><i class=\"fa fa-calendar\"><\/i><\/span>\n\t\t\t\t\t\t\t<div class='evcal_evdata_cell'>\n\t\t\t\t\t\t\t\t<p><a href='https:\/\/www.wochen-zur-demokratie.de\/archiv\/wp-admin\/admin-ajax.php?action=eventon_ics_download&amp;event_id=262&amp;ri=0' class='evo_ics_nCal' title='Zum Ihrem Kalender hinzuf\u00fcgen'>Zum Kalender hinzuf\u00fcgen<\/a><a href='\/\/www.google.com\/calendar\/event?action=TEMPLATE&amp;text=Welches+Passau+wollen+wir+sein%3F&amp;dates=20191009T220000Z\/20191015T215900Z&amp;details=Mitten+in+Passau%2C+genau+genommen+am+Nibelungenplatz%2C+stand+eine+interaktive+Ausstellung+im+%C3%B6ffentlichen+Raum.+Sie+bot+die+M%C3%B6glichkeit%2C+Demokratie+neu+zu+erleben.%0D%0A%0D%0ASeit+Mai+2019+reist+die+Wanderausstellung+durch+die+Republik%3A&amp;location=Nibelungenplatz%2C+Passau - ' target='_blank' class='evo_ics_gCal' title='Zum Ihrem Google-Kalender hinzuf\u00fcgen'>GoogleCal<\/a><\/p>\t\n\t\t\t\t\t\t\t<\/div>\n\t\t\t\t\t\t<\/div>\n\t\t\t\t\t\t<div class='bordb evo_metarow_socialmedia evcal_evdata_row  lastrow'><div class='evo_sm FacebookShare'><a class=\" evo_ss\" target=\"_blank\" onclick=\"javascript:window.open(this.href, '', 'left=50,top=50,width=600,height=350,toolbar=0');return false;\"\n\t\t\t\t\t\t\t\thref=\"http:\/\/www.facebook.com\/sharer.php?u=https%3A%2F%2Fwww.wochen-zur-demokratie.de%2Farchiv%2Fevents%2Fdie-offene-gesellschaft-in-bewegung-welches-passau-wollen-wir-sein%2F\" title=\"Diese Veranstaltung auf Facebook teilen\"><i class=\"fa fa-facebook\"><\/i><\/a><\/div><div class='evo_sm Twitter'><a class=\"tw evo_ss\" onclick=\"javascript:window.open(this.href, '', 'menubar=no,toolbar=no,resizable=yes,scrollbars=yes,height=300,width=600');return false;\" href=\"http:\/\/twitter.com\/intent\/tweet?text=Welches Passau wollen wir sein?&#32;-&#32;&url=https%3A%2F%2Fwww.wochen-zur-demokratie.de%2Farchiv%2Fevents%2Fdie-offene-gesellschaft-in-bewegung-welches-passau-wollen-wir-sein%2F\" title=\"Diese Veranstaltung auf Twitter teilen\" rel=\"nofollow\" target=\"_blank\" data-url=\"https%3A%2F%2Fwww.wochen-zur-demokratie.de%2Farchiv%2Fevents%2Fdie-offene-gesellschaft-in-bewegung-welches-passau-wollen-wir-sein%2F\"><i class=\"fa fa-twitter\"><\/i><\/a><\/div><div class='evo_sm LinkedIn'><a class=\"li evo_ss\" href=\"http:\/\/www.linkedin.com\/shareArticle?mini=true&url=https%3A%2F%2Fwww.wochen-zur-demokratie.de%2Farchiv%2Fevents%2Fdie-offene-gesellschaft-in-bewegung-welches-passau-wollen-wir-sein%2F&title=Welches%20Passau%20wollen%20wir%20sein%3F&summary=Mitten+in+Passau%2C+genau+genommen+am+Nibelungenplatz%2C+stand+eine+interaktive+Ausstellung+im+%C3%B6ffentlichen+Raum.+Sie+bot\" target=\"_blank\" title=\"Diese Veranstaltung auf Linkedin teilen\"><i class=\"fa fa-linkedin\"><\/i><\/a><\/div><div class='evo_sm EmailShare'><a class=\"em evo_ss\" href=\"mailto:?subject=Welches Passau wollen wir sein?&body=Event Name: Welches Passau wollen wir sein?%0AEvent Date: 10\/10\/2019 (ganzt\u00e4gig) - 15\/10\/2019 (ganzt\u00e4gig)%0ALink: https%3A%2F%2Fwww.wochen-zur-demokratie.de%2Farchiv%2Fevents%2Fdie-offene-gesellschaft-in-bewegung-welches-passau-wollen-wir-sein%2F%0A\" target=\"_blank\"><i class=\"fa fa-envelope\"><\/i><\/a><\/div><div class='clear'><\/div><div class='evcal_evdata_row evcal_close' title='Close'><\/div><\/div><div class='evo_card_row_end evcal_close' title='Close'><\/div><\/div><div class='clear end'><\/div><\/div><div style=\"background-color: #c766a4;height: 275px;\" id=\"event_405\" class=\"eventon_list_event evo_eventtop past_event event event_405_0\" data-event_id=\"405\" data-ri=\"0r\" data-time=\"1570696200-1570751400\" data-colr=\"#c766a4\" itemscope itemtype='http:\/\/schema.org\/Event'><div class=\"evo_event_schema\" style=\"display:none\" ><a itemprop='url'  href='https:\/\/www.wochen-zur-demokratie.de\/archiv\/events\/aktionstag-demokratie\/'><\/a><span itemprop='name'  >Aktionstag Demokratie<\/span><meta itemprop='image' content=\"https:\/\/www.wochen-zur-demokratie.de\/archiv\/wp-content\/uploads\/2019\/08\/Nikolaschule-web.jpg\" \/><meta itemprop='description' content=\"Die Sch\u00fcler und Sch\u00fclerinnen der Mittelschule St. Nikola setzten sich in Workshops mit verschiedenen Aspekten der Demokratie auseinander. Zus\u00e4tzlich werden ausgew\u00e4hlte Veranstaltungen aus dem Programm \u201eWochen zur Demokratie \u2013 Passau\" \/><meta itemprop='startDate' content=\"2019-10-10T08:30\" \/><meta itemprop='endDate' content=\"2019-10-10T23:50\" \/><meta itemprop='eventStatus' content=\"on-schedule\" \/><script type=\"application\/ld+json\">{\t\"@context\": \"http:\/\/schema.org\",\n\t\t\t\t\t\t\t  \t\"@type\": \"Event\",\n\t\t\t\t\t\t\t  \t\"name\": \"Aktionstag Demokratie\",\n\t\t\t\t\t\t\t  \t\"startDate\": \"2019-10-10T08-08-30-00\",\n\t\t\t\t\t\t\t  \t\"endDate\": \"2019-10-10T23-23-50-00\",\n\t\t\t\t\t\t\t  \t\"image\":\"https:\/\/www.wochen-zur-demokratie.de\/archiv\/wp-content\/uploads\/2019\/08\/Nikolaschule-web.jpg\",\n\t\t\t\t\t\t\t  \t\"description\":\"Die Sch\u00fcler und Sch\u00fclerinnen der Mittelschule St. Nikola setzten sich in Workshops mit verschiedenen Aspekten der Demokratie auseinander. Zus\u00e4tzlich werden ausgew\u00e4hlte Veranstaltungen aus dem Programm \u201eWochen zur Demokratie \u2013 Passau\"\n\t\t\t\t\t\t\t  \t\n\t\t\t\t\t\t\t }<\/script><\/div>\n\t\t\t\t<p class=\"desc_trig_outter\"><a data-gmap_status=\"null\" data-gmtrig=\"1\" data-exlk=\"0\" id=\"evc_1570696200405\" class=\"desc_trig sin_val evcal_list_a\" data-ux_val=\"3\"  ><span class='evcal_cblock ' data-bgcolor='#c766a4' data-smon='Oktober' data-syr='2019'><span class='evo_start '><em class='date'>10<\/em><em class='month'>Okt.<\/em><em class='time'>08:30<\/em><\/span><em class='clear'><\/em><\/span><span class='evcal_desc evo_info hide_eventtopdata '  data-location_status=\"false\" ><span class='evo_above_title'><\/span><span class='evcal_desc2 evcal_event_title' itemprop='name'>Aktionstag Demokratie<\/span><span class='evo_below_title'><span class='evcal_event_subtitle' >Schulischer Workshop<\/span><\/span><span class='evcal_desc_info' ><em class='evcal_time'>08:30<\/em> <em class=\"evcal_location\"  data-add_str=\"\"><em class=\"event_location_name\">Mittelschule St. Nikola<\/em><\/em><\/span><span class='evcal_desc3'><\/span><\/span><em class='clear'><\/em><\/a><\/p><div class='event_description evcal_eventcard ' style=\"display:none\"><div class='evo_metarow_directimg'><img class='evo_event_main_img' src='https:\/\/www.wochen-zur-demokratie.de\/archiv\/wp-content\/uploads\/2019\/08\/Nikolaschule-web.jpg' \/><\/div><div class='evo_metarow_details evorow evcal_evdata_row bordb evcal_event_details'>\n\t\t\t\t\t\t\t<div class=\"event_excerpt\" style=\"display:none\"><h3 class=\"padb5 evo_h3\">Event Details<\/h3><p>Die Sch\u00fcler und Sch\u00fclerinnen der Mittelschule St. Nikola setzten sich in Workshops mit verschiedenen Aspekten der Demokratie auseinander. Zus\u00e4tzlich werden ausgew\u00e4hlte Veranstaltungen aus dem Programm \u201eWochen zur Demokratie \u2013 Passau<\/p><\/div><span class='evcal_evdata_icons'><i class='fa fa-align-justify'><\/i><\/span>\n\t\t\t\t\t\t\t\n\t\t\t\t\t\t\t<div class='evcal_evdata_cell '><div class='eventon_full_description'>\n\t\t\t\t\t\t\t\t\t<h3 class='padb5 evo_h3'><span class='evcal_evdata_icons'><i class='fa fa-align-justify'><\/i><\/span>Event Details<\/h3><div class='eventon_desc_in' itemprop='description'>\n\t\t\t\t\t\t\t\t\t<p>Die Sch\u00fcler und Sch\u00fclerinnen der Mittelschule St. Nikola setzten sich in Workshops mit verschiedenen Aspekten der Demokratie auseinander. Zus\u00e4tzlich werden ausgew\u00e4hlte Veranstaltungen aus dem Programm \u201eWochen zur Demokratie \u2013 Passau 2019\u201c besucht.<\/p>\n<\/div><div class='clear'><\/div>\n\t\t\t\t\t\t\t\t<\/div>\n\t\t\t\t\t\t\t<\/div>\n\t\t\t\t\t\t<\/div><div class='evo_metarow_organizer evorow evcal_evdata_row bordb evcal_evrow_sm '>\n\t\t\t\t\t\t\t<span class='evcal_evdata_icons'><i class='fa fa-address-book-o'><\/i><\/span>\n\t\t\t\t\t\t\t<div class='evcal_evdata_cell'>\t\t\t\t\t\t\t\n\t\t\t\t\t\t\t\t<h3 class='evo_h3'>Mitveranstalter \/ Partner<\/h3>\n\t\t\t\t\t\t\t\t<p class='evo_data_val evo_card_organizer_image'><img src='https:\/\/www.wochen-zur-demokratie.de\/archiv\/wp-content\/uploads\/2019\/08\/Logo-st-nikola-300x66.jpg'\/><\/p>\n\t\t\t\t\t\t\t\t<div class='evo_card_organizer'><p class='evo_data_val evo_card_organizer_name'>\n\t\t\t\t\t\t\t\t\t<span class='evo_card_organizer_name_t'>Mittelschule St. Nikola<\/span>\n\t\t\t\t\t\t\t\t\t\n\t\t\t\t\t\t\t\t\t<\/p><\/div><div class='clear'><\/div>\t\t\t\t\t\t\t\n\t\t\t\t\t\t\t<\/div>\n\t\t\t\t\t\t<\/div>\t\t\t\t\t\t<div class='evo_metarow_ICS evorow bordb evcal_evdata_row'>\n\t\t\t\t\t\t\t<span class=\"evcal_evdata_icons\"><i class=\"fa fa-calendar\"><\/i><\/span>\n\t\t\t\t\t\t\t<div class='evcal_evdata_cell'>\n\t\t\t\t\t\t\t\t<p><a href='https:\/\/www.wochen-zur-demokratie.de\/archiv\/wp-admin\/admin-ajax.php?action=eventon_ics_download&amp;event_id=405&amp;ri=0' class='evo_ics_nCal' title='Zum Ihrem Kalender hinzuf\u00fcgen'>Zum Kalender hinzuf\u00fcgen<\/a><a href='\/\/www.google.com\/calendar\/event?action=TEMPLATE&amp;text=Aktionstag+Demokratie&amp;dates=20191010T063000Z\/20191010T215000Z&amp;details=Die+Sch%C3%BCler+und+Sch%C3%BClerinnen+der+Mittelschule+St.+Nikola+setzten+sich+in+Workshops+mit+verschiedenen+Aspekten+der+Demokratie+auseinander.+Zus%C3%A4tzlich+werden+ausgew%C3%A4hlte+Veranstaltungen+aus+dem+Programm+%E2%80%9EWochen+zur+Demokratie+%E2%80%93+Passau&amp;location=Mittelschule+St.+Nikola - ' target='_blank' class='evo_ics_gCal' title='Zum Ihrem Google-Kalender hinzuf\u00fcgen'>GoogleCal<\/a><\/p>\t\n\t\t\t\t\t\t\t<\/div>\n\t\t\t\t\t\t<\/div>\n\t\t\t\t\t\t<div class='bordb evo_metarow_socialmedia evcal_evdata_row  lastrow'><div class='evo_sm FacebookShare'><a class=\" evo_ss\" target=\"_blank\" onclick=\"javascript:window.open(this.href, '', 'left=50,top=50,width=600,height=350,toolbar=0');return false;\"\n\t\t\t\t\t\t\t\thref=\"http:\/\/www.facebook.com\/sharer.php?u=https%3A%2F%2Fwww.wochen-zur-demokratie.de%2Farchiv%2Fevents%2Faktionstag-demokratie%2F\" title=\"Diese Veranstaltung auf Facebook teilen\"><i class=\"fa fa-facebook\"><\/i><\/a><\/div><div class='evo_sm Twitter'><a class=\"tw evo_ss\" onclick=\"javascript:window.open(this.href, '', 'menubar=no,toolbar=no,resizable=yes,scrollbars=yes,height=300,width=600');return false;\" href=\"http:\/\/twitter.com\/intent\/tweet?text=Aktionstag Demokratie&#32;-&#32;&url=https%3A%2F%2Fwww.wochen-zur-demokratie.de%2Farchiv%2Fevents%2Faktionstag-demokratie%2F\" title=\"Diese Veranstaltung auf Twitter teilen\" rel=\"nofollow\" target=\"_blank\" data-url=\"https%3A%2F%2Fwww.wochen-zur-demokratie.de%2Farchiv%2Fevents%2Faktionstag-demokratie%2F\"><i class=\"fa fa-twitter\"><\/i><\/a><\/div><div class='evo_sm LinkedIn'><a class=\"li evo_ss\" href=\"http:\/\/www.linkedin.com\/shareArticle?mini=true&url=https%3A%2F%2Fwww.wochen-zur-demokratie.de%2Farchiv%2Fevents%2Faktionstag-demokratie%2F&title=Aktionstag%20Demokratie&summary=Die+Sch%C3%BCler+und+Sch%C3%BClerinnen+der+Mittelschule+St.+Nikola+setzten+sich+in+Workshops+mit+verschiedenen+Aspekten+der\" target=\"_blank\" title=\"Diese Veranstaltung auf Linkedin teilen\"><i class=\"fa fa-linkedin\"><\/i><\/a><\/div><div class='evo_sm EmailShare'><a class=\"em evo_ss\" href=\"mailto:?subject=Aktionstag Demokratie&body=Event Name: Aktionstag Demokratie%0AEvent Date: 10\/10\/2019 08:30%0ALink: https%3A%2F%2Fwww.wochen-zur-demokratie.de%2Farchiv%2Fevents%2Faktionstag-demokratie%2F%0A\" target=\"_blank\"><i class=\"fa fa-envelope\"><\/i><\/a><\/div><div class='clear'><\/div><div class='evcal_evdata_row evcal_close' title='Close'><\/div><\/div><div class='evo_card_row_end evcal_close' title='Close'><\/div><\/div><div class='clear end'><\/div><\/div><div style=\"background-color: #c766a4;height: 275px;\" id=\"event_408\" class=\"eventon_list_event evo_eventtop past_event event event_408_0\" data-event_id=\"408\" data-ri=\"0r\" data-time=\"1570696200-1570751400\" data-colr=\"#c766a4\" itemscope itemtype='http:\/\/schema.org\/Event'><div class=\"evo_event_schema\" style=\"display:none\" ><a itemprop='url'  href='https:\/\/www.wochen-zur-demokratie.de\/archiv\/events\/kinderrechte-und-demokratie-3\/'><\/a><span itemprop='name'  >Kinderrechte und Demokratie<\/span><meta itemprop='image' content=\"https:\/\/www.wochen-zur-demokratie.de\/archiv\/wp-content\/uploads\/2019\/07\/UnicefKInderrechte.jpg\" \/><meta itemprop='description' content=\"2019 feiern wir 30 Jahre Kinderrechte! Aus diesem Anlass bot die UNICEF-Hochschulgruppe (Universit\u00e4t Passau) einen Workshop zu Kinderrechten an. Nach einer kurzen Einf\u00fchrung konnten Sch\u00fcler und Sch\u00fclerinnen gemeinsam erarbeiten, wie\" \/><meta itemprop='startDate' content=\"2019-10-10T08:30\" \/><meta itemprop='endDate' content=\"2019-10-10T23:50\" \/><meta itemprop='eventStatus' content=\"on-schedule\" \/><script type=\"application\/ld+json\">{\t\"@context\": \"http:\/\/schema.org\",\n\t\t\t\t\t\t\t  \t\"@type\": \"Event\",\n\t\t\t\t\t\t\t  \t\"name\": \"Kinderrechte und Demokratie\",\n\t\t\t\t\t\t\t  \t\"startDate\": \"2019-10-10T08-08-30-00\",\n\t\t\t\t\t\t\t  \t\"endDate\": \"2019-10-10T23-23-50-00\",\n\t\t\t\t\t\t\t  \t\"image\":\"https:\/\/www.wochen-zur-demokratie.de\/archiv\/wp-content\/uploads\/2019\/07\/UnicefKInderrechte.jpg\",\n\t\t\t\t\t\t\t  \t\"description\":\"2019 feiern wir 30 Jahre Kinderrechte! Aus diesem Anlass bot die UNICEF-Hochschulgruppe (Universit\u00e4t Passau) einen Workshop zu Kinderrechten an. Nach einer kurzen Einf\u00fchrung konnten Sch\u00fcler und Sch\u00fclerinnen gemeinsam erarbeiten, wie\"\n\t\t\t\t\t\t\t  \t\n\t\t\t\t\t\t\t }<\/script><\/div>\n\t\t\t\t<p class=\"desc_trig_outter\"><a data-gmap_status=\"null\" data-gmtrig=\"1\" data-exlk=\"0\" id=\"evc_1570696200408\" class=\"desc_trig sin_val evcal_list_a\" data-ux_val=\"3\"  ><span class='evcal_cblock ' data-bgcolor='#c766a4' data-smon='Oktober' data-syr='2019'><span class='evo_start '><em class='date'>10<\/em><em class='month'>Okt.<\/em><em class='time'>08:30<\/em><\/span><em class='clear'><\/em><\/span><span class='evcal_desc evo_info hide_eventtopdata '  data-location_status=\"false\" ><span class='evo_above_title'><\/span><span class='evcal_desc2 evcal_event_title' itemprop='name'>Kinderrechte und Demokratie<\/span><span class='evo_below_title'><span class='evcal_event_subtitle' >Workshop der UNICEF Hochschulgruppe<\/span><\/span><span class='evcal_desc_info' ><em class='evcal_time'>08:30<\/em> <em class=\"evcal_location\"  data-add_str=\"\"><em class=\"event_location_name\">Mittelschule St. Nikola<\/em><\/em><\/span><span class='evcal_desc3'><\/span><\/span><em class='clear'><\/em><\/a><\/p><div class='event_description evcal_eventcard ' style=\"display:none\"><div class='evo_metarow_directimg'><img class='evo_event_main_img' src='https:\/\/www.wochen-zur-demokratie.de\/archiv\/wp-content\/uploads\/2019\/07\/UnicefKInderrechte.jpg' \/><\/div><div class='evo_metarow_details evorow evcal_evdata_row bordb evcal_event_details'>\n\t\t\t\t\t\t\t<div class=\"event_excerpt\" style=\"display:none\"><h3 class=\"padb5 evo_h3\">Event Details<\/h3><p>2019 feiern wir 30 Jahre Kinderrechte! Aus diesem Anlass bot die UNICEF-Hochschulgruppe (Universit\u00e4t Passau) einen Workshop zu Kinderrechten an. Nach einer kurzen Einf\u00fchrung konnten Sch\u00fcler und Sch\u00fclerinnen gemeinsam erarbeiten, wie<\/p><\/div><span class='evcal_evdata_icons'><i class='fa fa-align-justify'><\/i><\/span>\n\t\t\t\t\t\t\t\n\t\t\t\t\t\t\t<div class='evcal_evdata_cell shorter_desc'><div class='eventon_details_shading_bot'>\n\t\t\t\t\t\t\t\t<p class='eventon_shad_p' content='less'><span class='ev_more_text' data-txt='Weniger anzeigen'>Mehr anzeigen<\/span><span class='ev_more_arrow'><\/span><\/p>\n\t\t\t\t\t\t\t<\/div><div class='eventon_full_description'>\n\t\t\t\t\t\t\t\t\t<h3 class='padb5 evo_h3'><span class='evcal_evdata_icons'><i class='fa fa-align-justify'><\/i><\/span>Event Details<\/h3><div class='eventon_desc_in' itemprop='description'>\n\t\t\t\t\t\t\t\t\t<p>2019 feiern wir <strong>30 Jahre Kinderrechte!<\/strong> Aus diesem Anlass bot die UNICEF-Hochschulgruppe (Universit\u00e4t Passau) einen Workshop zu Kinderrechten an. Nach einer kurzen Einf\u00fchrung konnten Sch\u00fcler und Sch\u00fclerinnen gemeinsam erarbeiten, wie gegenw\u00e4rtig die <strong>Umsetzung der Kinderrechte in verschiedenen L\u00e4ndern<\/strong> (u.a. Jemen, Nigeria, Deutschland, China) erfolgt. Vor diesem Hintergrund wurden Ideen entwickelt, wie Kinderrechte k\u00fcnftig besser ber\u00fccksichtigt und umgesetzt werden k\u00f6nnen.<\/p>\n<p>Es handelte sich um eine <strong>nicht-\u00f6ffentliche Veranstaltung<\/strong> der Mittelschule St. Nikola.<\/p>\n<\/div><div class='clear'><\/div>\n\t\t\t\t\t\t\t\t<\/div>\n\t\t\t\t\t\t\t<\/div>\n\t\t\t\t\t\t<\/div><div class='evo_metarow_organizer evorow evcal_evdata_row bordb evcal_evrow_sm '>\n\t\t\t\t\t\t\t<span class='evcal_evdata_icons'><i class='fa fa-address-book-o'><\/i><\/span>\n\t\t\t\t\t\t\t<div class='evcal_evdata_cell'>\t\t\t\t\t\t\t\n\t\t\t\t\t\t\t\t<h3 class='evo_h3'>Mitveranstalter \/ Partner<\/h3>\n\t\t\t\t\t\t\t\t<p class='evo_data_val evo_card_organizer_image'><img src='https:\/\/www.wochen-zur-demokratie.de\/archiv\/wp-content\/uploads\/2019\/08\/Logo-UNICEF-300x175.jpg'\/><\/p>\n\t\t\t\t\t\t\t\t<div class='evo_card_organizer'><p class='evo_data_val evo_card_organizer_name'>\n\t\t\t\t\t\t\t\t\t<span class='evo_card_organizer_name_t'><a target=\"_blank\" href='https:\/\/www.hochschulgruppe-passau.unicef.de'>UNICEF Hochschulgruppe<\/a><\/span>\n\t\t\t\t\t\t\t\t\t\n\t\t\t\t\t\t\t\t\t<\/p><\/div><div class='clear'><\/div>\t\t\t\t\t\t\t\n\t\t\t\t\t\t\t<\/div>\n\t\t\t\t\t\t<\/div>\t\t\t\t\t\t<div class='evo_metarow_ICS evorow bordb evcal_evdata_row'>\n\t\t\t\t\t\t\t<span class=\"evcal_evdata_icons\"><i class=\"fa fa-calendar\"><\/i><\/span>\n\t\t\t\t\t\t\t<div class='evcal_evdata_cell'>\n\t\t\t\t\t\t\t\t<p><a href='https:\/\/www.wochen-zur-demokratie.de\/archiv\/wp-admin\/admin-ajax.php?action=eventon_ics_download&amp;event_id=408&amp;ri=0' class='evo_ics_nCal' title='Zum Ihrem Kalender hinzuf\u00fcgen'>Zum Kalender hinzuf\u00fcgen<\/a><a href='\/\/www.google.com\/calendar\/event?action=TEMPLATE&amp;text=Kinderrechte+und+Demokratie&amp;dates=20191010T063000Z\/20191010T215000Z&amp;details=2019+feiern+wir+30+Jahre+Kinderrechte%21+Aus+diesem+Anlass+bot+die+UNICEF-Hochschulgruppe+%28Universit%C3%A4t+Passau%29+einen+Workshop+zu+Kinderrechten+an.+Nach+einer+kurzen+Einf%C3%BChrung+konnten+Sch%C3%BCler+und+Sch%C3%BClerinnen+gemeinsam+erarbeiten%2C+wie&amp;location=Mittelschule+St.+Nikola - ' target='_blank' class='evo_ics_gCal' title='Zum Ihrem Google-Kalender hinzuf\u00fcgen'>GoogleCal<\/a><\/p>\t\n\t\t\t\t\t\t\t<\/div>\n\t\t\t\t\t\t<\/div>\n\t\t\t\t\t\t<div class='bordb evo_metarow_socialmedia evcal_evdata_row  lastrow'><div class='evo_sm FacebookShare'><a class=\" evo_ss\" target=\"_blank\" onclick=\"javascript:window.open(this.href, '', 'left=50,top=50,width=600,height=350,toolbar=0');return false;\"\n\t\t\t\t\t\t\t\thref=\"http:\/\/www.facebook.com\/sharer.php?u=https%3A%2F%2Fwww.wochen-zur-demokratie.de%2Farchiv%2Fevents%2Fkinderrechte-und-demokratie-3%2F\" title=\"Diese Veranstaltung auf Facebook teilen\"><i class=\"fa fa-facebook\"><\/i><\/a><\/div><div class='evo_sm Twitter'><a class=\"tw evo_ss\" onclick=\"javascript:window.open(this.href, '', 'menubar=no,toolbar=no,resizable=yes,scrollbars=yes,height=300,width=600');return false;\" href=\"http:\/\/twitter.com\/intent\/tweet?text=Kinderrechte und Demokratie&#32;-&#32;&url=https%3A%2F%2Fwww.wochen-zur-demokratie.de%2Farchiv%2Fevents%2Fkinderrechte-und-demokratie-3%2F\" title=\"Diese Veranstaltung auf Twitter teilen\" rel=\"nofollow\" target=\"_blank\" data-url=\"https%3A%2F%2Fwww.wochen-zur-demokratie.de%2Farchiv%2Fevents%2Fkinderrechte-und-demokratie-3%2F\"><i class=\"fa fa-twitter\"><\/i><\/a><\/div><div class='evo_sm LinkedIn'><a class=\"li evo_ss\" href=\"http:\/\/www.linkedin.com\/shareArticle?mini=true&url=https%3A%2F%2Fwww.wochen-zur-demokratie.de%2Farchiv%2Fevents%2Fkinderrechte-und-demokratie-3%2F&title=Kinderrechte%20und%20Demokratie&summary=2019+feiern+wir+30+Jahre+Kinderrechte%21+Aus+diesem+Anlass+bot+die+UNICEF-Hochschulgruppe+%28Universit%C3%A4t+Passau%29+einen+Workshop\" target=\"_blank\" title=\"Diese Veranstaltung auf Linkedin teilen\"><i class=\"fa fa-linkedin\"><\/i><\/a><\/div><div class='evo_sm EmailShare'><a class=\"em evo_ss\" href=\"mailto:?subject=Kinderrechte und Demokratie&body=Event Name: Kinderrechte und Demokratie%0AEvent Date: 10\/10\/2019 08:30%0ALink: https%3A%2F%2Fwww.wochen-zur-demokratie.de%2Farchiv%2Fevents%2Fkinderrechte-und-demokratie-3%2F%0A\" target=\"_blank\"><i class=\"fa fa-envelope\"><\/i><\/a><\/div><div class='clear'><\/div><div class='evcal_evdata_row evcal_close' title='Close'><\/div><\/div><div class='evo_card_row_end evcal_close' title='Close'><\/div><\/div><div class='clear end'><\/div><\/div><div style=\"background-color: #c766a4;height: 275px;\" id=\"event_145\" class=\"eventon_list_event evo_eventtop past_event event event_145_0\" data-event_id=\"145\" data-ri=\"0r\" data-time=\"1570730400-1570751400\" data-colr=\"#c766a4\" itemscope itemtype='http:\/\/schema.org\/Event'><div class=\"evo_event_schema\" style=\"display:none\" ><a itemprop='url'  href='https:\/\/www.wochen-zur-demokratie.de\/archiv\/events\/musikalisch-theatralische-revolutionslesung\/'><\/a><span itemprop='name'  >Revolution in Bayern<\/span><meta itemprop='image' content=\"https:\/\/www.wochen-zur-demokratie.de\/archiv\/wp-content\/uploads\/2019\/10\/191010-revolution-3.jpg\" \/><meta itemprop='description' content=\"Erich und Zenzi M\u00fchsam in Passau? Und dann auch noch Schikanen und Drohungen ausgesetzt! Das und noch einige weitere weitgehend unbekannte Geschehnisse zur Zeit der Bayerischen Revolution brachten Barbara Dorsch\" \/><meta itemprop='startDate' content=\"2019-10-10T18:00\" \/><meta itemprop='endDate' content=\"2019-10-10T23:50\" \/><meta itemprop='eventStatus' content=\"on-schedule\" \/>\n\t\t\t\t\t\t\t\t\t<item style=\"display:none\" itemprop=\"location\" itemscope itemtype=\"http:\/\/schema.org\/Place\">\n\t\t\t\t\t\t\t\t\t\t<span itemprop=\"name\">Cafe Duftleben<\/span>\n\t\t\t\t\t\t\t\t\t\t<span itemprop=\"address\" itemscope itemtype=\"http:\/\/schema.org\/PostalAddress\">\n\t\t\t\t\t\t\t\t\t\t\t<item itemprop=\"streetAddress\">94032 Passau, Theresienstra\u00dfe 22<\/item>\n\t\t\t\t\t\t\t\t\t\t<\/span><\/item><script type=\"application\/ld+json\">{\t\"@context\": \"http:\/\/schema.org\",\n\t\t\t\t\t\t\t  \t\"@type\": \"Event\",\n\t\t\t\t\t\t\t  \t\"name\": \"Revolution in Bayern\",\n\t\t\t\t\t\t\t  \t\"startDate\": \"2019-10-10T18-18-00-00\",\n\t\t\t\t\t\t\t  \t\"endDate\": \"2019-10-10T23-23-50-00\",\n\t\t\t\t\t\t\t  \t\"image\":\"https:\/\/www.wochen-zur-demokratie.de\/archiv\/wp-content\/uploads\/2019\/10\/191010-revolution-3.jpg\",\n\t\t\t\t\t\t\t  \t\"description\":\"Erich und Zenzi M\u00fchsam in Passau? Und dann auch noch Schikanen und Drohungen ausgesetzt! Das und noch einige weitere weitgehend unbekannte Geschehnisse zur Zeit der Bayerischen Revolution brachten Barbara Dorsch\"\n\t\t\t\t\t\t\t  \t,\"location\":{\n\t\t\t\t\t\t\t\t\t\t\"@type\":\"Place\",\n\t\t\t\t\t\t\t\t\t\t\"name\":\"Cafe Duftleben\",\n\t\t\t\t\t\t\t\t\t\t\"address\":{\n\t\t\t\t\t\t\t\t\t\t\t\"@type\": \"PostalAddress\"\n\t\t\t\t\t\t\t\t\t\t\t\"streetAddress\":\"94032 Passau, Theresienstra\u00dfe 22\"\n\t\t\t\t\t\t\t\t\t\t}\n\t\t\t\t\t\t\t  \t\t}\n\t\t\t\t\t\t\t }<\/script><\/div>\n\t\t\t\t<p class=\"desc_trig_outter\"><a data-gmap_status=\"null\" data-exlk=\"0\" id=\"evc_1570730400145\" class=\"desc_trig sin_val evcal_list_a\" data-ux_val=\"3\"  ><span class='evcal_cblock ' data-bgcolor='#c766a4' data-smon='Oktober' data-syr='2019'><span class='evo_start '><em class='date'>10<\/em><em class='month'>Okt.<\/em><em class='time'>18:00<\/em><\/span><em class='clear'><\/em><\/span><span class='evcal_desc evo_info hide_eventtopdata '  data-location_address=\"94032 Passau, Theresienstra\u00dfe 22\" data-location_type=\"address\" data-location_name=\"Cafe Duftleben\" data-location_url=\"https:\/\/www.wochen-zur-demokratie.de\/archiv\/event-location\/cafe-duftleben\/\" data-location_status=\"true\" ><span class='evo_above_title'><\/span><span class='evcal_desc2 evcal_event_title' itemprop='name'>Revolution in Bayern<\/span><span class='evo_below_title'><span class='evcal_event_subtitle' >Musikalisch-theatralische Lesung mit Barbara Dorsch und Sebastian Goller<\/span><\/span><span class='evcal_desc_info' ><em class='evcal_time'>18:00<\/em> <em class=\"evcal_location\"  data-add_str=\"\"><em class=\"event_location_name\">Cafe Duftleben<\/em><\/em><\/span><span class='evcal_desc3'><\/span><\/span><em class='clear'><\/em><\/a><\/p><div class='event_description evcal_eventcard ' style=\"display:none\"><div class='evo_metarow_directimg'><img class='evo_event_main_img' src='https:\/\/www.wochen-zur-demokratie.de\/archiv\/wp-content\/uploads\/2019\/10\/191010-revolution-3.jpg' \/><\/div><div class='evo_event_images'><span class='evo_event_more_img select'><img title='' src='https:\/\/www.wochen-zur-demokratie.de\/archiv\/wp-content\/uploads\/2019\/10\/191010-revolution-3.jpg' data-f='https:\/\/www.wochen-zur-demokratie.de\/archiv\/wp-content\/uploads\/2019\/10\/191010-revolution-3.jpg'\/><\/span><span class='evo_event_more_img '><img title='' src='https:\/\/www.wochen-zur-demokratie.de\/archiv\/wp-content\/uploads\/2019\/10\/191010-revolution-2-150x150.jpg' data-f='https:\/\/www.wochen-zur-demokratie.de\/archiv\/wp-content\/uploads\/2019\/10\/191010-revolution-2.jpg' data-h='375' data-w='650'\/><\/span><span class='evo_event_more_img '><img title='' src='https:\/\/www.wochen-zur-demokratie.de\/archiv\/wp-content\/uploads\/2019\/10\/191010-revolution-1-150x150.jpg' data-f='https:\/\/www.wochen-zur-demokratie.de\/archiv\/wp-content\/uploads\/2019\/10\/191010-revolution-1.jpg' data-h='375' data-w='650'\/><\/span><\/div><div class='evo_metarow_details evorow evcal_evdata_row bordb evcal_event_details'>\n\t\t\t\t\t\t\t<div class=\"event_excerpt\" style=\"display:none\"><h3 class=\"padb5 evo_h3\">Event Details<\/h3><p>Erich und Zenzi M\u00fchsam in Passau? Und dann auch noch Schikanen und Drohungen ausgesetzt! Das und noch einige weitere weitgehend unbekannte Geschehnisse zur Zeit der Bayerischen Revolution brachten Barbara Dorsch<\/p><\/div><span class='evcal_evdata_icons'><i class='fa fa-align-justify'><\/i><\/span>\n\t\t\t\t\t\t\t\n\t\t\t\t\t\t\t<div class='evcal_evdata_cell shorter_desc'><div class='eventon_details_shading_bot'>\n\t\t\t\t\t\t\t\t<p class='eventon_shad_p' content='less'><span class='ev_more_text' data-txt='Weniger anzeigen'>Mehr anzeigen<\/span><span class='ev_more_arrow'><\/span><\/p>\n\t\t\t\t\t\t\t<\/div><div class='eventon_full_description'>\n\t\t\t\t\t\t\t\t\t<h3 class='padb5 evo_h3'><span class='evcal_evdata_icons'><i class='fa fa-align-justify'><\/i><\/span>Event Details<\/h3><div class='eventon_desc_in' itemprop='description'>\n\t\t\t\t\t\t\t\t\t<p>Erich und Zenzi M\u00fchsam in Passau? Und dann auch noch Schikanen und Drohungen ausgesetzt! Das und noch einige weitere weitgehend unbekannte <strong>Geschehnisse zur Zeit der Bayerischen Revolution<\/strong> brachten <strong>Barbara Dorsch und Sebastian Goller<\/strong> im Caf\u00e9 Duftleben zum besten. Dass bei manchen Pers\u00f6nlichkeiten dieser zerbrechlichen Zeit Passau eine Rolle in ihrem Leben spielte, verwunderte und erstaunte die Zuh\u00f6rer*innen, die zu der bayerischen Revolutionslesung gekommen waren.<\/p>\n<p>In gem\u00fctlicher Atmosph\u00e4re umrundeten die Besucher*innen die beiden Akteure an ihren wei\u00dfen Stehtischen.<\/p>\n<p>Sebastian Goller (Leiter der Athanor Schauspielschule in Passau) wurde bisweilen von seiner Partner*in unterbrochen mit Gesangsfragmenten, die Reibung erzeugten, etwas befremdeten und dennoch die W\u00fcrze des Anfangstextes ausmachten.<\/p>\n<p>Emerenz Meier, eremitierte Bayerwald-Schriftstellerin, wurde als Zugabe mit dem bekannten Gedicht \u201eW\u00f6daschw\u00fcln\u201c von ihrer Bewundererin Barbara Dorsch als Schlussakzent einer beklatschten Darbietung gesetzt. Ein gelungener Abend!<\/p>\n<p>&nbsp;<\/p>\n<\/div><div class='clear'><\/div>\n\t\t\t\t\t\t\t\t<\/div>\n\t\t\t\t\t\t\t<\/div>\n\t\t\t\t\t\t<\/div><div class='evo_metarow_organizer evorow evcal_evdata_row bordb evcal_evrow_sm '>\n\t\t\t\t\t\t\t<span class='evcal_evdata_icons'><i class='fa fa-address-book-o'><\/i><\/span>\n\t\t\t\t\t\t\t<div class='evcal_evdata_cell'>\t\t\t\t\t\t\t\n\t\t\t\t\t\t\t\t<h3 class='evo_h3'>Mitveranstalter \/ Partner<\/h3>\n\t\t\t\t\t\t\t\t<p class='evo_data_val evo_card_organizer_image'><img src='https:\/\/www.wochen-zur-demokratie.de\/archiv\/wp-content\/uploads\/2019\/07\/Logo-duftleben-300x164.jpg'\/><\/p>\n\t\t\t\t\t\t\t\t<div class='evo_card_organizer'><p class='evo_data_val evo_card_organizer_name'>\n\t\t\t\t\t\t\t\t\t<span class='evo_card_organizer_name_t'>Cafe Duftleben<\/span>\n\t\t\t\t\t\t\t\t\t\n\t\t\t\t\t\t\t\t\t<\/p><\/div><div class='clear'><\/div>\t\t\t\t\t\t\t\n\t\t\t\t\t\t\t<\/div>\n\t\t\t\t\t\t<\/div>\t\t\t\t\t\t<div class='evo_metarow_ICS evorow bordb evcal_evdata_row'>\n\t\t\t\t\t\t\t<span class=\"evcal_evdata_icons\"><i class=\"fa fa-calendar\"><\/i><\/span>\n\t\t\t\t\t\t\t<div class='evcal_evdata_cell'>\n\t\t\t\t\t\t\t\t<p><a href='https:\/\/www.wochen-zur-demokratie.de\/archiv\/wp-admin\/admin-ajax.php?action=eventon_ics_download&amp;event_id=145&amp;ri=0' class='evo_ics_nCal' title='Zum Ihrem Kalender hinzuf\u00fcgen'>Zum Kalender hinzuf\u00fcgen<\/a><a href='\/\/www.google.com\/calendar\/event?action=TEMPLATE&amp;text=Revolution+in+Bayern&amp;dates=20191010T160000Z\/20191010T215000Z&amp;details=Erich+und+Zenzi+M%C3%BChsam+in+Passau%3F+Und+dann+auch+noch+Schikanen+und+Drohungen+ausgesetzt%21+Das+und+noch+einige+weitere+weitgehend+unbekannte+Geschehnisse+zur+Zeit+der+Bayerischen+Revolution+brachten+Barbara+Dorsch&amp;location=Cafe+Duftleben - 94032+Passau%2C+Theresienstra%C3%9Fe+22' target='_blank' class='evo_ics_gCal' title='Zum Ihrem Google-Kalender hinzuf\u00fcgen'>GoogleCal<\/a><\/p>\t\n\t\t\t\t\t\t\t<\/div>\n\t\t\t\t\t\t<\/div>\n\t\t\t\t\t\t<div class='bordb evo_metarow_socialmedia evcal_evdata_row  lastrow'><div class='evo_sm FacebookShare'><a class=\" evo_ss\" target=\"_blank\" onclick=\"javascript:window.open(this.href, '', 'left=50,top=50,width=600,height=350,toolbar=0');return false;\"\n\t\t\t\t\t\t\t\thref=\"http:\/\/www.facebook.com\/sharer.php?u=https%3A%2F%2Fwww.wochen-zur-demokratie.de%2Farchiv%2Fevents%2Fmusikalisch-theatralische-revolutionslesung%2F\" title=\"Diese Veranstaltung auf Facebook teilen\"><i class=\"fa fa-facebook\"><\/i><\/a><\/div><div class='evo_sm Twitter'><a class=\"tw evo_ss\" onclick=\"javascript:window.open(this.href, '', 'menubar=no,toolbar=no,resizable=yes,scrollbars=yes,height=300,width=600');return false;\" href=\"http:\/\/twitter.com\/intent\/tweet?text=Revolution in Bayern&#32;-&#32;&url=https%3A%2F%2Fwww.wochen-zur-demokratie.de%2Farchiv%2Fevents%2Fmusikalisch-theatralische-revolutionslesung%2F\" title=\"Diese Veranstaltung auf Twitter teilen\" rel=\"nofollow\" target=\"_blank\" data-url=\"https%3A%2F%2Fwww.wochen-zur-demokratie.de%2Farchiv%2Fevents%2Fmusikalisch-theatralische-revolutionslesung%2F\"><i class=\"fa fa-twitter\"><\/i><\/a><\/div><div class='evo_sm LinkedIn'><a class=\"li evo_ss\" href=\"http:\/\/www.linkedin.com\/shareArticle?mini=true&url=https%3A%2F%2Fwww.wochen-zur-demokratie.de%2Farchiv%2Fevents%2Fmusikalisch-theatralische-revolutionslesung%2F&title=Revolution%20in%20Bayern&summary=Erich+und+Zenzi+M%C3%BChsam+in+Passau%3F+Und+dann+auch+noch+Schikanen+und+Drohungen+ausgesetzt%21+Das+und\" target=\"_blank\" title=\"Diese Veranstaltung auf Linkedin teilen\"><i class=\"fa fa-linkedin\"><\/i><\/a><\/div><div class='evo_sm EmailShare'><a class=\"em evo_ss\" href=\"mailto:?subject=Revolution in Bayern&body=Event Name: Revolution in Bayern%0AEvent Date: 10\/10\/2019 18:00%0ALink: https%3A%2F%2Fwww.wochen-zur-demokratie.de%2Farchiv%2Fevents%2Fmusikalisch-theatralische-revolutionslesung%2F%0A\" target=\"_blank\"><i class=\"fa fa-envelope\"><\/i><\/a><\/div><div class='clear'><\/div><div class='evcal_evdata_row evcal_close' title='Close'><\/div><\/div><div class='evo_card_row_end evcal_close' title='Close'><\/div><\/div><div class='clear end'><\/div><\/div><div style=\"background-color: #c766a4;height: 275px;\" id=\"event_148\" class=\"eventon_list_event evo_eventtop past_event event event_148_0\" data-event_id=\"148\" data-ri=\"0r\" data-time=\"1570738500-1570748400\" data-colr=\"#c766a4\" itemscope itemtype='http:\/\/schema.org\/Event'><div class=\"evo_event_schema\" style=\"display:none\" ><a itemprop='url'  href='https:\/\/www.wochen-zur-demokratie.de\/archiv\/events\/aggregat-2018\/'><\/a><span itemprop='name'  >Aggregat (2018)<\/span><meta itemprop='image' content=\"https:\/\/www.wochen-zur-demokratie.de\/archiv\/wp-content\/uploads\/2019\/07\/aggregat-film.jpg\" \/><meta itemprop='description' content=\"\u00a0\u201eAggregat\u201c analysiert die Demokratie in Deutschland. Marie Wilkes Dokumentarfilm zeigt, wo Politik gemacht wird: Im Bundestag, auf Parteitagen, in Nachrichtenredaktionen, auf Pressekonferenzen und auf der Stra\u00dfe. Szenen aus dem\" \/><meta itemprop='startDate' content=\"2019-10-10T20:15\" \/><meta itemprop='endDate' content=\"2019-10-10T23:00\" \/><meta itemprop='eventStatus' content=\"on-schedule\" \/><script type=\"application\/ld+json\">{\t\"@context\": \"http:\/\/schema.org\",\n\t\t\t\t\t\t\t  \t\"@type\": \"Event\",\n\t\t\t\t\t\t\t  \t\"name\": \"Aggregat (2018)\",\n\t\t\t\t\t\t\t  \t\"startDate\": \"2019-10-10T20-20-15-00\",\n\t\t\t\t\t\t\t  \t\"endDate\": \"2019-10-10T23-23-00-00\",\n\t\t\t\t\t\t\t  \t\"image\":\"https:\/\/www.wochen-zur-demokratie.de\/archiv\/wp-content\/uploads\/2019\/07\/aggregat-film.jpg\",\n\t\t\t\t\t\t\t  \t\"description\":\"\u00a0\u201eAggregat\u201c analysiert die Demokratie in Deutschland. Marie Wilkes Dokumentarfilm zeigt, wo Politik gemacht wird: Im Bundestag, auf Parteitagen, in Nachrichtenredaktionen, auf Pressekonferenzen und auf der Stra\u00dfe. Szenen aus dem\"\n\t\t\t\t\t\t\t  \t\n\t\t\t\t\t\t\t }<\/script><\/div>\n\t\t\t\t<p class=\"desc_trig_outter\"><a data-gmap_status=\"null\" data-exlk=\"0\" id=\"evc_1570738500148\" class=\"desc_trig sin_val evcal_list_a\" data-ux_val=\"3\"  ><span class='evcal_cblock ' data-bgcolor='#c766a4' data-smon='Oktober' data-syr='2019'><span class='evo_start '><em class='date'>10<\/em><em class='month'>Okt.<\/em><em class='time'>20:15<\/em><\/span><span class='evo_end only_time'><em class='time'>23:00<\/em><\/span><em class='clear'><\/em><\/span><span class='evcal_desc evo_info hide_eventtopdata '  data-location_status=\"false\" ><span class='evo_above_title'><\/span><span class='evcal_desc2 evcal_event_title' itemprop='name'>Aggregat (2018)<\/span><span class='evo_below_title'><span class='evcal_event_subtitle' >Filmreihe zur Demokratie #1<\/span><\/span><span class='evcal_desc_info' ><em class='evcal_time'>20:15 - 23:00<\/em> <em class=\"evcal_location\"  data-add_str=\"\"><em class=\"event_location_name\">ProLi Caf\u00e9 &amp; Kino, Passau<\/em><\/em><\/span><span class='evcal_desc3'><\/span><\/span><em class='clear'><\/em><\/a><\/p><div class='event_description evcal_eventcard ' style=\"display:none\"><div class='evo_metarow_directimg'><img class='evo_event_main_img' src='https:\/\/www.wochen-zur-demokratie.de\/archiv\/wp-content\/uploads\/2019\/07\/aggregat-film.jpg' \/><\/div><div class='evo_metarow_details evorow evcal_evdata_row bordb evcal_event_details'>\n\t\t\t\t\t\t\t<div class=\"event_excerpt\" style=\"display:none\"><h3 class=\"padb5 evo_h3\">Event Details<\/h3><p>\u00a0\u201eAggregat\u201c analysiert die Demokratie in Deutschland. Marie Wilkes Dokumentarfilm zeigt, wo Politik gemacht wird: Im Bundestag, auf Parteitagen, in Nachrichtenredaktionen, auf Pressekonferenzen und auf der Stra\u00dfe. Szenen aus dem<\/p><\/div><span class='evcal_evdata_icons'><i class='fa fa-align-justify'><\/i><\/span>\n\t\t\t\t\t\t\t\n\t\t\t\t\t\t\t<div class='evcal_evdata_cell shorter_desc'><div class='eventon_details_shading_bot'>\n\t\t\t\t\t\t\t\t<p class='eventon_shad_p' content='less'><span class='ev_more_text' data-txt='Weniger anzeigen'>Mehr anzeigen<\/span><span class='ev_more_arrow'><\/span><\/p>\n\t\t\t\t\t\t\t<\/div><div class='eventon_full_description'>\n\t\t\t\t\t\t\t\t\t<h3 class='padb5 evo_h3'><span class='evcal_evdata_icons'><i class='fa fa-align-justify'><\/i><\/span>Event Details<\/h3><div class='eventon_desc_in' itemprop='description'>\n\t\t\t\t\t\t\t\t\t<p class=\"eventdaten\"><strong>\u00a0<\/strong>\u201eAggregat\u201c analysiert die Demokratie in Deutschland. <strong>Marie Wilkes<\/strong> Dokumentarfilm zeigt, <strong>wo Politik gemacht wird<\/strong>: Im Bundestag, auf Parteitagen, in Nachrichtenredaktionen, auf Pressekonferenzen und auf der Stra\u00dfe. Szenen aus dem politischen und medialen Alltag der Jahre 2016 und 2017 werden mit Schwarzbildern und harten Schnitten verbunden zu einer deutschen Momentaufnahme. Es stellt sich die Frage: Muss man das Volk gelegentlich vor sich selbst sch\u00fctzen?<\/p>\n<p>Nach dem Film gab es f\u00fcr die 21 Besucher Gelegenheit zur Diskussion.<\/p>\n<\/div><div class='clear'><\/div>\n\t\t\t\t\t\t\t\t<\/div>\n\t\t\t\t\t\t\t<\/div>\n\t\t\t\t\t\t<\/div><div class='evo_metarow_organizer evorow evcal_evdata_row bordb evcal_evrow_sm '>\n\t\t\t\t\t\t\t<span class='evcal_evdata_icons'><i class='fa fa-address-book-o'><\/i><\/span>\n\t\t\t\t\t\t\t<div class='evcal_evdata_cell'>\t\t\t\t\t\t\t\n\t\t\t\t\t\t\t\t<h3 class='evo_h3'>Mitveranstalter \/ Partner<\/h3>\n\t\t\t\t\t\t\t\t<p class='evo_data_val evo_card_organizer_image'><img src='https:\/\/www.wochen-zur-demokratie.de\/archiv\/wp-content\/uploads\/2019\/09\/Logo-ProLi.jpg'\/><\/p>\n\t\t\t\t\t\t\t\t<div class='evo_card_organizer'><p class='evo_data_val evo_card_organizer_name'>\n\t\t\t\t\t\t\t\t\t<span class='evo_card_organizer_name_t'>ProLi Caf\u00e9 &amp; Kino<\/span>\n\t\t\t\t\t\t\t\t\t\n\t\t\t\t\t\t\t\t\t<\/p><\/div><div class='clear'><\/div>\t\t\t\t\t\t\t\n\t\t\t\t\t\t\t<\/div>\n\t\t\t\t\t\t<\/div>\t\t\t\t\t\t<div class='evo_metarow_ICS evorow bordb evcal_evdata_row'>\n\t\t\t\t\t\t\t<span class=\"evcal_evdata_icons\"><i class=\"fa fa-calendar\"><\/i><\/span>\n\t\t\t\t\t\t\t<div class='evcal_evdata_cell'>\n\t\t\t\t\t\t\t\t<p><a href='https:\/\/www.wochen-zur-demokratie.de\/archiv\/wp-admin\/admin-ajax.php?action=eventon_ics_download&amp;event_id=148&amp;ri=0' class='evo_ics_nCal' title='Zum Ihrem Kalender hinzuf\u00fcgen'>Zum Kalender hinzuf\u00fcgen<\/a><a href='\/\/www.google.com\/calendar\/event?action=TEMPLATE&amp;text=Aggregat+%282018%29&amp;dates=20191010T181500Z\/20191010T210000Z&amp;details=%C2%A0%E2%80%9EAggregat%E2%80%9C+analysiert+die+Demokratie+in+Deutschland.+Marie+Wilkes+Dokumentarfilm+zeigt%2C+wo+Politik+gemacht+wird%3A+Im+Bundestag%2C+auf+Parteitagen%2C+in+Nachrichtenredaktionen%2C+auf+Pressekonferenzen+und+auf+der+Stra%C3%9Fe.+Szenen+aus+dem&amp;location=ProLi+Caf%C3%A9+%26amp%3B+Kino%2C+Passau - ' target='_blank' class='evo_ics_gCal' title='Zum Ihrem Google-Kalender hinzuf\u00fcgen'>GoogleCal<\/a><\/p>\t\n\t\t\t\t\t\t\t<\/div>\n\t\t\t\t\t\t<\/div>\n\t\t\t\t\t\t<div class='bordb evo_metarow_socialmedia evcal_evdata_row  lastrow'><div class='evo_sm FacebookShare'><a class=\" evo_ss\" target=\"_blank\" onclick=\"javascript:window.open(this.href, '', 'left=50,top=50,width=600,height=350,toolbar=0');return false;\"\n\t\t\t\t\t\t\t\thref=\"http:\/\/www.facebook.com\/sharer.php?u=https%3A%2F%2Fwww.wochen-zur-demokratie.de%2Farchiv%2Fevents%2Faggregat-2018%2F\" title=\"Diese Veranstaltung auf Facebook teilen\"><i class=\"fa fa-facebook\"><\/i><\/a><\/div><div class='evo_sm Twitter'><a class=\"tw evo_ss\" onclick=\"javascript:window.open(this.href, '', 'menubar=no,toolbar=no,resizable=yes,scrollbars=yes,height=300,width=600');return false;\" href=\"http:\/\/twitter.com\/intent\/tweet?text=Aggregat (2018)&#32;-&#32;&url=https%3A%2F%2Fwww.wochen-zur-demokratie.de%2Farchiv%2Fevents%2Faggregat-2018%2F\" title=\"Diese Veranstaltung auf Twitter teilen\" rel=\"nofollow\" target=\"_blank\" data-url=\"https%3A%2F%2Fwww.wochen-zur-demokratie.de%2Farchiv%2Fevents%2Faggregat-2018%2F\"><i class=\"fa fa-twitter\"><\/i><\/a><\/div><div class='evo_sm LinkedIn'><a class=\"li evo_ss\" href=\"http:\/\/www.linkedin.com\/shareArticle?mini=true&url=https%3A%2F%2Fwww.wochen-zur-demokratie.de%2Farchiv%2Fevents%2Faggregat-2018%2F&title=Aggregat%20%282018%29&summary=%C2%A0%E2%80%9EAggregat%E2%80%9C+analysiert+die+Demokratie+in+Deutschland.+Marie+Wilkes+Dokumentarfilm+zeigt%2C+wo+Politik+gemacht+wird%3A+Im\" target=\"_blank\" title=\"Diese Veranstaltung auf Linkedin teilen\"><i class=\"fa fa-linkedin\"><\/i><\/a><\/div><div class='evo_sm EmailShare'><a class=\"em evo_ss\" href=\"mailto:?subject=Aggregat (2018)&body=Event Name: Aggregat (2018)%0AEvent Date: 10\/10\/2019 20:15 - 23:00%0ALink: https%3A%2F%2Fwww.wochen-zur-demokratie.de%2Farchiv%2Fevents%2Faggregat-2018%2F%0A\" target=\"_blank\"><i class=\"fa fa-envelope\"><\/i><\/a><\/div><div class='clear'><\/div><div class='evcal_evdata_row evcal_close' title='Close'><\/div><\/div><div class='evo_card_row_end evcal_close' title='Close'><\/div><\/div><div class='clear end'><\/div><\/div><div style=\"background-color: #c766a4;height: 275px;\" id=\"event_151\" class=\"eventon_list_event evo_eventtop past_event event event_151_0\" data-event_id=\"151\" data-ri=\"0r\" data-time=\"1570806000-1570816800\" data-colr=\"#c766a4\" itemscope itemtype='http:\/\/schema.org\/Event'><div class=\"evo_event_schema\" style=\"display:none\" ><a itemprop='url'  href='https:\/\/www.wochen-zur-demokratie.de\/archiv\/events\/haltung-zeigen-selbst-bewusst-und-couragiert\/'><\/a><span itemprop='name'  >Haltung zeigen!<\/span><meta itemprop='image' content=\"https:\/\/www.wochen-zur-demokratie.de\/archiv\/wp-content\/uploads\/2019\/08\/haltungzeigen-illu.jpg\" \/><meta itemprop='description' content=\"9 Teilnehmende waren angemeldet, 9 kamen und stellten sich den einzelnen Arbeitsschritten, die Maria Tr\u00e4ger f\u00fcr sie vorbereitet hatte.    Ehrenamtliche, die sich f\u00fcr Minderheiten wie Gefl\u00fcchtete, Obdachlose oder Strafgefangene engagieren, sind\" \/><meta itemprop='startDate' content=\"2019-10-11T15:00\" \/><meta itemprop='endDate' content=\"2019-10-11T18:00\" \/><meta itemprop='eventStatus' content=\"on-schedule\" \/><script type=\"application\/ld+json\">{\t\"@context\": \"http:\/\/schema.org\",\n\t\t\t\t\t\t\t  \t\"@type\": \"Event\",\n\t\t\t\t\t\t\t  \t\"name\": \"Haltung zeigen!\",\n\t\t\t\t\t\t\t  \t\"startDate\": \"2019-10-11T15-15-00-00\",\n\t\t\t\t\t\t\t  \t\"endDate\": \"2019-10-11T18-18-00-00\",\n\t\t\t\t\t\t\t  \t\"image\":\"https:\/\/www.wochen-zur-demokratie.de\/archiv\/wp-content\/uploads\/2019\/08\/haltungzeigen-illu.jpg\",\n\t\t\t\t\t\t\t  \t\"description\":\"9 Teilnehmende waren angemeldet, 9 kamen und stellten sich den einzelnen Arbeitsschritten, die Maria Tr\u00e4ger f\u00fcr sie vorbereitet hatte.    Ehrenamtliche, die sich f\u00fcr Minderheiten wie Gefl\u00fcchtete, Obdachlose oder Strafgefangene engagieren, sind\"\n\t\t\t\t\t\t\t  \t\n\t\t\t\t\t\t\t }<\/script><\/div>\n\t\t\t\t<p class=\"desc_trig_outter\"><a data-gmap_status=\"null\" data-exlk=\"0\" id=\"evc_1570806000151\" class=\"desc_trig sin_val evcal_list_a\" data-ux_val=\"3\"  ><span class='evcal_cblock ' data-bgcolor='#c766a4' data-smon='Oktober' data-syr='2019'><span class='evo_start '><em class='date'>11<\/em><em class='month'>Okt.<\/em><em class='time'>15:00<\/em><\/span><span class='evo_end only_time'><em class='time'>18:00<\/em><\/span><em class='clear'><\/em><\/span><span class='evcal_desc evo_info hide_eventtopdata '  data-location_status=\"false\" ><span class='evo_above_title'><\/span><span class='evcal_desc2 evcal_event_title' itemprop='name'>Haltung zeigen!<\/span><span class='evo_below_title'><span class='evcal_event_subtitle' >Workshop: Selbstbewusst und couragiert handeln<\/span><\/span><span class='evcal_desc_info' ><em class='evcal_time'>15:00 - 18:00<\/em> <em class=\"evcal_location\"  data-add_str=\"\"><em class=\"event_location_name\">Seminarr\u00e4ume Lederergasse 1, Passau<\/em><\/em><\/span><span class='evcal_desc3'><\/span><\/span><em class='clear'><\/em><\/a><\/p><div class='event_description evcal_eventcard ' style=\"display:none\"><div class='evo_metarow_directimg'><img class='evo_event_main_img' src='https:\/\/www.wochen-zur-demokratie.de\/archiv\/wp-content\/uploads\/2019\/08\/haltungzeigen-illu.jpg' \/><\/div><div class='evo_metarow_details evorow evcal_evdata_row bordb evcal_event_details'>\n\t\t\t\t\t\t\t<div class=\"event_excerpt\" style=\"display:none\"><h3 class=\"padb5 evo_h3\">Event Details<\/h3><p>9 Teilnehmende waren angemeldet, 9 kamen und stellten sich den einzelnen Arbeitsschritten, die Maria Tr\u00e4ger f\u00fcr sie vorbereitet hatte.\r\n\r\nEhrenamtliche, die sich f\u00fcr Minderheiten wie Gefl\u00fcchtete, Obdachlose oder Strafgefangene engagieren, sind<\/p><\/div><span class='evcal_evdata_icons'><i class='fa fa-align-justify'><\/i><\/span>\n\t\t\t\t\t\t\t\n\t\t\t\t\t\t\t<div class='evcal_evdata_cell shorter_desc'><div class='eventon_details_shading_bot'>\n\t\t\t\t\t\t\t\t<p class='eventon_shad_p' content='less'><span class='ev_more_text' data-txt='Weniger anzeigen'>Mehr anzeigen<\/span><span class='ev_more_arrow'><\/span><\/p>\n\t\t\t\t\t\t\t<\/div><div class='eventon_full_description'>\n\t\t\t\t\t\t\t\t\t<h3 class='padb5 evo_h3'><span class='evcal_evdata_icons'><i class='fa fa-align-justify'><\/i><\/span>Event Details<\/h3><div class='eventon_desc_in' itemprop='description'>\n\t\t\t\t\t\t\t\t\t<p>9 Teilnehmende waren angemeldet, 9 kamen und stellten sich den einzelnen Arbeitsschritten, die Maria Tr\u00e4ger f\u00fcr sie vorbereitet hatte.<\/p>\n<p>Ehrenamtliche, die sich f\u00fcr Minderheiten wie Gefl\u00fcchtete, Obdachlose oder Strafgefangene engagieren, sind manchmal pers\u00f6nlichen Anfeindungen ausgesetzt. Sie treffen auf Unverst\u00e4ndnis oder Vorurteile und m\u00fcssen sich f\u00fcr Ihr Engagement rechtfertigen. Nicht selten sind die Anfeindungen rassistisch motiviert und zeugen von einem fehlenden demokratischen Bewusstsein. Im interaktiven Workshop \u201eHaltung zeigen!\u201c wurden Handlungsoptionen vorgestellt und getestet, um mit diesen Situationen besser umzugehen. Ziel des Projekts \u201eEhrenamt st\u00e4rken\u201c ist es, Freiwilligen in ihrer Arbeit Handlungskompetenz mit auf den Weg zu geben und sie in ihrer Haltung f\u00fcr B\u00fcrgerschaftliches Engagement zu ermutigen.<\/p>\n<h6>Der Workshop wurde durchgef\u00fchrt von <b class=\"\">Maria Tr\u00e4ger<\/b>, Integrationslotsin fala und Trainerin LBE<\/h6>\n<\/div><div class='clear'><\/div>\n\t\t\t\t\t\t\t\t<\/div>\n\t\t\t\t\t\t\t<\/div>\n\t\t\t\t\t\t<\/div><div class='evo_metarow_organizer evorow evcal_evdata_row bordb evcal_evrow_sm '>\n\t\t\t\t\t\t\t<span class='evcal_evdata_icons'><i class='fa fa-address-book-o'><\/i><\/span>\n\t\t\t\t\t\t\t<div class='evcal_evdata_cell'>\t\t\t\t\t\t\t\n\t\t\t\t\t\t\t\t<h3 class='evo_h3'>Mitveranstalter \/ Partner<\/h3>\n\t\t\t\t\t\t\t\t<p class='evo_data_val evo_card_organizer_image'><img src='https:\/\/www.wochen-zur-demokratie.de\/archiv\/wp-content\/uploads\/2019\/07\/Logo-LBE-300x121.jpg'\/><\/p>\n\t\t\t\t\t\t\t\t<div class='evo_card_organizer'><p class='evo_data_val evo_card_organizer_name'>\n\t\t\t\t\t\t\t\t\t<span class='evo_card_organizer_name_t'>LBE Landesnetzwerk b\u00fcrgerschaftliches Engagement Bayern<\/span>\n\t\t\t\t\t\t\t\t\t\n\t\t\t\t\t\t\t\t\t<\/p><\/div><div class='clear'><\/div>\t\t\t\t\t\t\t\n\t\t\t\t\t\t\t<\/div>\n\t\t\t\t\t\t<\/div>\t\t\t\t\t\t<div class='evo_metarow_ICS evorow bordb evcal_evdata_row'>\n\t\t\t\t\t\t\t<span class=\"evcal_evdata_icons\"><i class=\"fa fa-calendar\"><\/i><\/span>\n\t\t\t\t\t\t\t<div class='evcal_evdata_cell'>\n\t\t\t\t\t\t\t\t<p><a href='https:\/\/www.wochen-zur-demokratie.de\/archiv\/wp-admin\/admin-ajax.php?action=eventon_ics_download&amp;event_id=151&amp;ri=0' class='evo_ics_nCal' title='Zum Ihrem Kalender hinzuf\u00fcgen'>Zum Kalender hinzuf\u00fcgen<\/a><a href='\/\/www.google.com\/calendar\/event?action=TEMPLATE&amp;text=Haltung+zeigen%21&amp;dates=20191011T130000Z\/20191011T160000Z&amp;details=9+Teilnehmende+waren+angemeldet%2C+9+kamen+und+stellten+sich+den+einzelnen+Arbeitsschritten%2C+die+Maria+Tr%C3%A4ger+f%C3%BCr+sie+vorbereitet+hatte.%0D%0A%0D%0AEhrenamtliche%2C+die+sich+f%C3%BCr+Minderheiten+wie+Gefl%C3%BCchtete%2C+Obdachlose+oder+Strafgefangene+engagieren%2C+sind&amp;location=Seminarr%C3%A4ume+Lederergasse+1%2C+Passau - ' target='_blank' class='evo_ics_gCal' title='Zum Ihrem Google-Kalender hinzuf\u00fcgen'>GoogleCal<\/a><\/p>\t\n\t\t\t\t\t\t\t<\/div>\n\t\t\t\t\t\t<\/div>\n\t\t\t\t\t\t<div class='bordb evo_metarow_socialmedia evcal_evdata_row  lastrow'><div class='evo_sm FacebookShare'><a class=\" evo_ss\" target=\"_blank\" onclick=\"javascript:window.open(this.href, '', 'left=50,top=50,width=600,height=350,toolbar=0');return false;\"\n\t\t\t\t\t\t\t\thref=\"http:\/\/www.facebook.com\/sharer.php?u=https%3A%2F%2Fwww.wochen-zur-demokratie.de%2Farchiv%2Fevents%2Fhaltung-zeigen-selbst-bewusst-und-couragiert%2F\" title=\"Diese Veranstaltung auf Facebook teilen\"><i class=\"fa fa-facebook\"><\/i><\/a><\/div><div class='evo_sm Twitter'><a class=\"tw evo_ss\" onclick=\"javascript:window.open(this.href, '', 'menubar=no,toolbar=no,resizable=yes,scrollbars=yes,height=300,width=600');return false;\" href=\"http:\/\/twitter.com\/intent\/tweet?text=Haltung zeigen!&#32;-&#32;&url=https%3A%2F%2Fwww.wochen-zur-demokratie.de%2Farchiv%2Fevents%2Fhaltung-zeigen-selbst-bewusst-und-couragiert%2F\" title=\"Diese Veranstaltung auf Twitter teilen\" rel=\"nofollow\" target=\"_blank\" data-url=\"https%3A%2F%2Fwww.wochen-zur-demokratie.de%2Farchiv%2Fevents%2Fhaltung-zeigen-selbst-bewusst-und-couragiert%2F\"><i class=\"fa fa-twitter\"><\/i><\/a><\/div><div class='evo_sm LinkedIn'><a class=\"li evo_ss\" href=\"http:\/\/www.linkedin.com\/shareArticle?mini=true&url=https%3A%2F%2Fwww.wochen-zur-demokratie.de%2Farchiv%2Fevents%2Fhaltung-zeigen-selbst-bewusst-und-couragiert%2F&title=Haltung%20zeigen%21&summary=9+Teilnehmende+waren+angemeldet%2C+9+kamen+und+stellten+sich+den+einzelnen+Arbeitsschritten%2C+die+Maria+Tr%C3%A4ger+f%C3%BCr\" target=\"_blank\" title=\"Diese Veranstaltung auf Linkedin teilen\"><i class=\"fa fa-linkedin\"><\/i><\/a><\/div><div class='evo_sm EmailShare'><a class=\"em evo_ss\" href=\"mailto:?subject=Haltung zeigen!&body=Event Name: Haltung zeigen!%0AEvent Date: 11\/10\/2019 15:00 - 18:00%0ALink: https%3A%2F%2Fwww.wochen-zur-demokratie.de%2Farchiv%2Fevents%2Fhaltung-zeigen-selbst-bewusst-und-couragiert%2F%0A\" target=\"_blank\"><i class=\"fa fa-envelope\"><\/i><\/a><\/div><div class='clear'><\/div><div class='evcal_evdata_row evcal_close' title='Close'><\/div><\/div><div class='evo_card_row_end evcal_close' title='Close'><\/div><\/div><div class='clear end'><\/div><\/div><div style=\"background-color: #c766a4;height: 275px;\" id=\"event_410\" class=\"eventon_list_event evo_eventtop past_event event event_410_0\" data-event_id=\"410\" data-ri=\"0r\" data-time=\"1570818600-1570824000\" data-colr=\"#c766a4\" itemscope itemtype='http:\/\/schema.org\/Event'><div class=\"evo_event_schema\" style=\"display:none\" ><a itemprop='url'  href='https:\/\/www.wochen-zur-demokratie.de\/archiv\/events\/von-big-brother-zur-digitalen-dystopie\/'><\/a><span itemprop='name'  >Von Big Brother zur digitalen Dystopie<\/span><meta itemprop='image' content=\"https:\/\/www.wochen-zur-demokratie.de\/archiv\/wp-content\/uploads\/2019\/08\/ueberwachung.jpg\" \/><meta itemprop='description' content=\"Privatheit und \u00dcberwachung sind angesichts kontinuierlicher Datenskandale aktuell allgegenw\u00e4rtige Themen in Politik und Gesellschaft. Der digitale Wandel und die scheinbare Omnipr\u00e4senz von \u00dcberwachung ver\u00e4ndert aber auch die Wahrnehmung dessen, was\" \/><meta itemprop='startDate' content=\"2019-10-11T18:30\" \/><meta itemprop='endDate' content=\"2019-10-11T20:00\" \/><meta itemprop='eventStatus' content=\"on-schedule\" \/><script type=\"application\/ld+json\">{\t\"@context\": \"http:\/\/schema.org\",\n\t\t\t\t\t\t\t  \t\"@type\": \"Event\",\n\t\t\t\t\t\t\t  \t\"name\": \"Von Big Brother zur digitalen Dystopie\",\n\t\t\t\t\t\t\t  \t\"startDate\": \"2019-10-11T18-18-30-00\",\n\t\t\t\t\t\t\t  \t\"endDate\": \"2019-10-11T20-20-00-00\",\n\t\t\t\t\t\t\t  \t\"image\":\"https:\/\/www.wochen-zur-demokratie.de\/archiv\/wp-content\/uploads\/2019\/08\/ueberwachung.jpg\",\n\t\t\t\t\t\t\t  \t\"description\":\"Privatheit und \u00dcberwachung sind angesichts kontinuierlicher Datenskandale aktuell allgegenw\u00e4rtige Themen in Politik und Gesellschaft. Der digitale Wandel und die scheinbare Omnipr\u00e4senz von \u00dcberwachung ver\u00e4ndert aber auch die Wahrnehmung dessen, was\"\n\t\t\t\t\t\t\t  \t\n\t\t\t\t\t\t\t }<\/script><\/div>\n\t\t\t\t<p class=\"desc_trig_outter\"><a data-gmap_status=\"null\" data-gmtrig=\"1\" data-exlk=\"0\" id=\"evc_1570818600410\" class=\"desc_trig sin_val evcal_list_a\" data-ux_val=\"3\"  ><span class='evcal_cblock ' data-bgcolor='#c766a4' data-smon='Oktober' data-syr='2019'><span class='evo_start '><em class='date'>11<\/em><em class='month'>Okt.<\/em><em class='time'>18:30<\/em><\/span><span class='evo_end only_time'><em class='time'>20:00<\/em><\/span><em class='clear'><\/em><\/span><span class='evcal_desc evo_info hide_eventtopdata '  data-location_status=\"false\" ><span class='evo_above_title'><\/span><span class='evcal_desc2 evcal_event_title' itemprop='name'>Von Big Brother zur digitalen Dystopie<\/span><span class='evo_below_title'><span class='evcal_event_subtitle' >Eine Geschichte der \u00dcberwachung im Film \u2013 Vortrag und Diskussion<\/span><\/span><span class='evcal_desc_info' ><em class='evcal_time'>18:30 - 20:00<\/em> <em class=\"evcal_location\"  data-add_str=\"\"><em class=\"event_location_name\">Zeughaus Passau<\/em><\/em><\/span><span class='evcal_desc3'><\/span><\/span><em class='clear'><\/em><\/a><\/p><div class='event_description evcal_eventcard ' style=\"display:none\"><div class='evo_metarow_directimg'><img class='evo_event_main_img' src='https:\/\/www.wochen-zur-demokratie.de\/archiv\/wp-content\/uploads\/2019\/08\/ueberwachung.jpg' \/><\/div><div class='evo_metarow_details evorow evcal_evdata_row bordb evcal_event_details'>\n\t\t\t\t\t\t\t<div class=\"event_excerpt\" style=\"display:none\"><h3 class=\"padb5 evo_h3\">Event Details<\/h3><p>Privatheit und \u00dcberwachung sind angesichts kontinuierlicher Datenskandale aktuell allgegenw\u00e4rtige Themen in Politik und Gesellschaft. Der digitale Wandel und die scheinbare Omnipr\u00e4senz von \u00dcberwachung ver\u00e4ndert aber auch die Wahrnehmung dessen, was<\/p><\/div><span class='evcal_evdata_icons'><i class='fa fa-align-justify'><\/i><\/span>\n\t\t\t\t\t\t\t\n\t\t\t\t\t\t\t<div class='evcal_evdata_cell shorter_desc'><div class='eventon_details_shading_bot'>\n\t\t\t\t\t\t\t\t<p class='eventon_shad_p' content='less'><span class='ev_more_text' data-txt='Weniger anzeigen'>Mehr anzeigen<\/span><span class='ev_more_arrow'><\/span><\/p>\n\t\t\t\t\t\t\t<\/div><div class='eventon_full_description'>\n\t\t\t\t\t\t\t\t\t<h3 class='padb5 evo_h3'><span class='evcal_evdata_icons'><i class='fa fa-align-justify'><\/i><\/span>Event Details<\/h3><div class='eventon_desc_in' itemprop='description'>\n\t\t\t\t\t\t\t\t\t<p>Privatheit und \u00dcberwachung sind angesichts kontinuierlicher Datenskandale aktuell allgegenw\u00e4rtige Themen in Politik und Gesellschaft. Der digitale Wandel und die scheinbare Omnipr\u00e4senz von \u00dcberwachung ver\u00e4ndert aber auch die Wahrnehmung dessen, was als privat gilt und was nicht. Anhand von bekannten Filmbeispielen \u2013 von Hitchcocks \u201eFenster zum Hof\u201c bis zur Netflix-Serie \u201eBlack Mirror\u201c \u2013 wurde gezeigt und gemeinsam mit dem Publikum diskutiert, wie sich das kulturelle Verst\u00e4ndnis von Privatheit und \u00dcberwachung im Laufe der Filmgeschichte ver\u00e4ndert hat.<\/p>\n<p>Vortrag und Diskussion wurden geleitet durch Dr. Martin Hennig und Kilian Hauptmann (Universit\u00e4t Passau)<\/p>\n<p>&nbsp;<\/p>\n<\/div><div class='clear'><\/div>\n\t\t\t\t\t\t\t\t<\/div>\n\t\t\t\t\t\t\t<\/div>\n\t\t\t\t\t\t<\/div><div class='evo_metarow_organizer evorow evcal_evdata_row bordb evcal_evrow_sm '>\n\t\t\t\t\t\t\t<span class='evcal_evdata_icons'><i class='fa fa-address-book-o'><\/i><\/span>\n\t\t\t\t\t\t\t<div class='evcal_evdata_cell'>\t\t\t\t\t\t\t\n\t\t\t\t\t\t\t\t<h3 class='evo_h3'>Mitveranstalter \/ Partner<\/h3>\n\t\t\t\t\t\t\t\t<p class='evo_data_val evo_card_organizer_image'><img src='https:\/\/www.wochen-zur-demokratie.de\/archiv\/wp-content\/uploads\/2019\/08\/Logo-Zeughaus-Uni-300x139.jpg'\/><\/p>\n\t\t\t\t\t\t\t\t<div class='evo_card_organizer'><p class='evo_data_val evo_card_organizer_name'>\n\t\t\t\t\t\t\t\t\t<span class='evo_card_organizer_name_t'>Jugendzentrum Zeughaus und Universit\u00e4t Passau<\/span>\n\t\t\t\t\t\t\t\t\t\n\t\t\t\t\t\t\t\t\t<\/p><\/div><div class='clear'><\/div>\t\t\t\t\t\t\t\n\t\t\t\t\t\t\t<\/div>\n\t\t\t\t\t\t<\/div>\t\t\t\t\t\t<div class='evo_metarow_ICS evorow bordb evcal_evdata_row'>\n\t\t\t\t\t\t\t<span class=\"evcal_evdata_icons\"><i class=\"fa fa-calendar\"><\/i><\/span>\n\t\t\t\t\t\t\t<div class='evcal_evdata_cell'>\n\t\t\t\t\t\t\t\t<p><a href='https:\/\/www.wochen-zur-demokratie.de\/archiv\/wp-admin\/admin-ajax.php?action=eventon_ics_download&amp;event_id=410&amp;ri=0' class='evo_ics_nCal' title='Zum Ihrem Kalender hinzuf\u00fcgen'>Zum Kalender hinzuf\u00fcgen<\/a><a href='\/\/www.google.com\/calendar\/event?action=TEMPLATE&amp;text=Von+Big+Brother+zur+digitalen+Dystopie&amp;dates=20191011T163000Z\/20191011T180000Z&amp;details=Privatheit+und+%C3%9Cberwachung+sind+angesichts+kontinuierlicher+Datenskandale+aktuell+allgegenw%C3%A4rtige+Themen+in+Politik+und+Gesellschaft.+Der+digitale+Wandel+und+die+scheinbare+Omnipr%C3%A4senz+von+%C3%9Cberwachung+ver%C3%A4ndert+aber+auch+die+Wahrnehmung+dessen%2C+was&amp;location=Zeughaus+Passau - ' target='_blank' class='evo_ics_gCal' title='Zum Ihrem Google-Kalender hinzuf\u00fcgen'>GoogleCal<\/a><\/p>\t\n\t\t\t\t\t\t\t<\/div>\n\t\t\t\t\t\t<\/div>\n\t\t\t\t\t\t<div class='bordb evo_metarow_socialmedia evcal_evdata_row  lastrow'><div class='evo_sm FacebookShare'><a class=\" evo_ss\" target=\"_blank\" onclick=\"javascript:window.open(this.href, '', 'left=50,top=50,width=600,height=350,toolbar=0');return false;\"\n\t\t\t\t\t\t\t\thref=\"http:\/\/www.facebook.com\/sharer.php?u=https%3A%2F%2Fwww.wochen-zur-demokratie.de%2Farchiv%2Fevents%2Fvon-big-brother-zur-digitalen-dystopie%2F\" title=\"Diese Veranstaltung auf Facebook teilen\"><i class=\"fa fa-facebook\"><\/i><\/a><\/div><div class='evo_sm Twitter'><a class=\"tw evo_ss\" onclick=\"javascript:window.open(this.href, '', 'menubar=no,toolbar=no,resizable=yes,scrollbars=yes,height=300,width=600');return false;\" href=\"http:\/\/twitter.com\/intent\/tweet?text=Von Big Brother zur digitalen Dystopie&#32;-&#32;&url=https%3A%2F%2Fwww.wochen-zur-demokratie.de%2Farchiv%2Fevents%2Fvon-big-brother-zur-digitalen-dystopie%2F\" title=\"Diese Veranstaltung auf Twitter teilen\" rel=\"nofollow\" target=\"_blank\" data-url=\"https%3A%2F%2Fwww.wochen-zur-demokratie.de%2Farchiv%2Fevents%2Fvon-big-brother-zur-digitalen-dystopie%2F\"><i class=\"fa fa-twitter\"><\/i><\/a><\/div><div class='evo_sm LinkedIn'><a class=\"li evo_ss\" href=\"http:\/\/www.linkedin.com\/shareArticle?mini=true&url=https%3A%2F%2Fwww.wochen-zur-demokratie.de%2Farchiv%2Fevents%2Fvon-big-brother-zur-digitalen-dystopie%2F&title=Von%20Big%20Brother%20zur%20digitalen%20Dystopie&summary=Privatheit+und+%C3%9Cberwachung+sind+angesichts+kontinuierlicher+Datenskandale+aktuell+allgegenw%C3%A4rtige+Themen+in+Politik+und+Gesellschaft.+Der+digitale\" target=\"_blank\" title=\"Diese Veranstaltung auf Linkedin teilen\"><i class=\"fa fa-linkedin\"><\/i><\/a><\/div><div class='evo_sm EmailShare'><a class=\"em evo_ss\" href=\"mailto:?subject=Von Big Brother zur digitalen Dystopie&body=Event Name: Von Big Brother zur digitalen Dystopie%0AEvent Date: 11\/10\/2019 18:30 - 20:00%0ALink: https%3A%2F%2Fwww.wochen-zur-demokratie.de%2Farchiv%2Fevents%2Fvon-big-brother-zur-digitalen-dystopie%2F%0A\" target=\"_blank\"><i class=\"fa fa-envelope\"><\/i><\/a><\/div><div class='clear'><\/div><div class='evcal_evdata_row evcal_close' title='Close'><\/div><\/div><div class='evo_card_row_end evcal_close' title='Close'><\/div><\/div><div class='clear end'><\/div><\/div><div style=\"background-color: #c766a4;height: 275px;\" id=\"event_255\" class=\"eventon_list_event evo_eventtop past_event event event_255_0\" data-event_id=\"255\" data-ri=\"0r\" data-time=\"1570874400-1570924200\" data-colr=\"#c766a4\" itemscope itemtype='http:\/\/schema.org\/Event'><div class=\"evo_event_schema\" style=\"display:none\" ><a itemprop='url'  href='https:\/\/www.wochen-zur-demokratie.de\/archiv\/events\/ideenlabor-welches-passau-wollen-wir-sein\/'><\/a><span itemprop='name'  >Ideenlabor \u2013 Welches Passau wollen wir sein?<\/span><meta itemprop='image' content=\"https:\/\/www.wochen-zur-demokratie.de\/archiv\/wp-content\/uploads\/2019\/07\/Ideenlabor-Die-offene-Gesellschaft.jpg\" \/><meta itemprop='description' content=\"Nicht erst seit dem Hochwasser 2013 und der Versorgung Tausender Gefl\u00fcchteter 2015 wei\u00df Passau, was es hei\u00dft, zusammen zu halten. Doch im Alltag bleibt der Austausch zwischen Studierenden und Alteingesessenen,\" \/><meta itemprop='startDate' content=\"2019-10-12T10:00\" \/><meta itemprop='endDate' content=\"2019-10-12T23:50\" \/><meta itemprop='eventStatus' content=\"on-schedule\" \/>\n\t\t\t\t\t\t\t\t\t<item style=\"display:none\" itemprop=\"location\" itemscope itemtype=\"http:\/\/schema.org\/Place\">\n\t\t\t\t\t\t\t\t\t\t<span itemprop=\"name\">KulturSalon<\/span>\n\t\t\t\t\t\t\t\t\t\t<span itemprop=\"address\" itemscope itemtype=\"http:\/\/schema.org\/PostalAddress\">\n\t\t\t\t\t\t\t\t\t\t\t<item itemprop=\"streetAddress\">Franz-Stockbauer-Weg 3, Passau<\/item>\n\t\t\t\t\t\t\t\t\t\t<\/span><\/item><script type=\"application\/ld+json\">{\t\"@context\": \"http:\/\/schema.org\",\n\t\t\t\t\t\t\t  \t\"@type\": \"Event\",\n\t\t\t\t\t\t\t  \t\"name\": \"Ideenlabor \u2013 Welches Passau wollen wir sein?\",\n\t\t\t\t\t\t\t  \t\"startDate\": \"2019-10-12T10-10-00-00\",\n\t\t\t\t\t\t\t  \t\"endDate\": \"2019-10-12T23-23-50-00\",\n\t\t\t\t\t\t\t  \t\"image\":\"https:\/\/www.wochen-zur-demokratie.de\/archiv\/wp-content\/uploads\/2019\/07\/Ideenlabor-Die-offene-Gesellschaft.jpg\",\n\t\t\t\t\t\t\t  \t\"description\":\"Nicht erst seit dem Hochwasser 2013 und der Versorgung Tausender Gefl\u00fcchteter 2015 wei\u00df Passau, was es hei\u00dft, zusammen zu halten. Doch im Alltag bleibt der Austausch zwischen Studierenden und Alteingesessenen,\"\n\t\t\t\t\t\t\t  \t,\"location\":{\n\t\t\t\t\t\t\t\t\t\t\"@type\":\"Place\",\n\t\t\t\t\t\t\t\t\t\t\"name\":\"KulturSalon\",\n\t\t\t\t\t\t\t\t\t\t\"address\":{\n\t\t\t\t\t\t\t\t\t\t\t\"@type\": \"PostalAddress\"\n\t\t\t\t\t\t\t\t\t\t\t\"streetAddress\":\"Franz-Stockbauer-Weg 3, Passau\"\n\t\t\t\t\t\t\t\t\t\t}\n\t\t\t\t\t\t\t  \t\t}\n\t\t\t\t\t\t\t }<\/script><\/div>\n\t\t\t\t<p class=\"desc_trig_outter\"><a data-gmap_status=\"null\" data-exlk=\"0\" id=\"evc_1570874400255\" class=\"desc_trig sin_val evcal_list_a\" data-ux_val=\"3\"  ><span class='evcal_cblock ' data-bgcolor='#c766a4' data-smon='Oktober' data-syr='2019'><span class='evo_start '><em class='date'>12<\/em><em class='month'>Okt.<\/em><em class='time'>10:00<\/em><\/span><em class='clear'><\/em><\/span><span class='evcal_desc evo_info hide_eventtopdata '  data-location_address=\"Franz-Stockbauer-Weg 3, Passau\" data-location_type=\"address\" data-location_name=\"KulturSalon\" data-location_url=\"https:\/\/www.wochen-zur-demokratie.de\/archiv\/event-location\/kultursalon\/\" data-location_status=\"true\" ><span class='evo_above_title'><\/span><span class='evcal_desc2 evcal_event_title' itemprop='name'>Ideenlabor \u2013 Welches Passau wollen wir sein?<\/span><span class='evo_below_title'><span class='evcal_event_subtitle' >Workshop der Initiative Offene Gesellschaft e.V.<\/span><\/span><span class='evcal_desc_info' ><em class='evcal_time'>10:00<\/em> <em class=\"evcal_location\"  data-add_str=\"\"><em class=\"event_location_name\">KulturSalon<\/em><\/em><\/span><span class='evcal_desc3'><\/span><\/span><em class='clear'><\/em><\/a><\/p><div class='event_description evcal_eventcard ' style=\"display:none\"><div class='evo_metarow_directimg'><img class='evo_event_main_img' src='https:\/\/www.wochen-zur-demokratie.de\/archiv\/wp-content\/uploads\/2019\/07\/Ideenlabor-Die-offene-Gesellschaft.jpg' \/><\/div><div class='evo_metarow_details evorow evcal_evdata_row bordb evcal_event_details'>\n\t\t\t\t\t\t\t<div class=\"event_excerpt\" style=\"display:none\"><h3 class=\"padb5 evo_h3\">Event Details<\/h3><p>Nicht erst seit dem Hochwasser 2013 und der Versorgung Tausender Gefl\u00fcchteter 2015 wei\u00df Passau, was es hei\u00dft, zusammen zu halten. Doch im Alltag bleibt der Austausch zwischen Studierenden und Alteingesessenen,<\/p><\/div><span class='evcal_evdata_icons'><i class='fa fa-align-justify'><\/i><\/span>\n\t\t\t\t\t\t\t\n\t\t\t\t\t\t\t<div class='evcal_evdata_cell shorter_desc'><div class='eventon_details_shading_bot'>\n\t\t\t\t\t\t\t\t<p class='eventon_shad_p' content='less'><span class='ev_more_text' data-txt='Weniger anzeigen'>Mehr anzeigen<\/span><span class='ev_more_arrow'><\/span><\/p>\n\t\t\t\t\t\t\t<\/div><div class='eventon_full_description'>\n\t\t\t\t\t\t\t\t\t<h3 class='padb5 evo_h3'><span class='evcal_evdata_icons'><i class='fa fa-align-justify'><\/i><\/span>Event Details<\/h3><div class='eventon_desc_in' itemprop='description'>\n\t\t\t\t\t\t\t\t\t<p>Nicht erst seit dem Hochwasser 2013 und der Versorgung Tausender Gefl\u00fcchteter 2015 wei\u00df Passau, was es hei\u00dft, zusammen zu halten. Doch im Alltag bleibt der Austausch zwischen Studierenden und Alteingesessenen, zwischen Jung und Alt, zwischen liberal und konservativ h\u00e4ufig aus. Stattdessen haben viele das Gef\u00fchl, mit ihren Ideen und Anregungen f\u00fcr Passau auf geschlossene Gesellschaften zu treffen. Wie kann das Miteinander zwischen den Gruppen verbessert und die Stadtgesellschaft offener werden f\u00fcr neue Ideen und Innovationen?<\/p>\n<p>Im Ideenlabor schalteten die rund 10 Teilnehmenden vom Problem- in den L\u00f6sungsmodus: Sie suchten gemeinsam mit den drei ModeratorInnen von der Offenen Gesellschaft radikal konstruktiv nach Antworten und entwickelten konkrete Ideen, die zeitnah umgesetzt werden k\u00f6nnen. In Anlehnung an die Methode Design Thinking standen Kreativit\u00e4t, Spa\u00df an der L\u00f6sungssuche und echte nutzbare Ergebnisse im Mittelpunkt. F\u00fcr gute Ideen braucht es kein Vorwissen, nur die Lust etwas zu ver\u00e4ndern. Daf\u00fcr suchten wir Ans\u00e4tze!<\/p>\n<p>F\u00fcr Snacks und Drinks war prima gesorgt.<\/p>\n<\/div><div class='clear'><\/div>\n\t\t\t\t\t\t\t\t<\/div>\n\t\t\t\t\t\t\t<\/div>\n\t\t\t\t\t\t<\/div><div class='evo_metarow_organizer evorow evcal_evdata_row bordb evcal_evrow_sm '>\n\t\t\t\t\t\t\t<span class='evcal_evdata_icons'><i class='fa fa-address-book-o'><\/i><\/span>\n\t\t\t\t\t\t\t<div class='evcal_evdata_cell'>\t\t\t\t\t\t\t\n\t\t\t\t\t\t\t\t<h3 class='evo_h3'>Mitveranstalter \/ Partner<\/h3>\n\t\t\t\t\t\t\t\t<p class='evo_data_val evo_card_organizer_image'><img src='https:\/\/www.wochen-zur-demokratie.de\/archiv\/wp-content\/uploads\/2019\/07\/logo-offene-gesellschaft.jpg'\/><\/p>\n\t\t\t\t\t\t\t\t<div class='evo_card_organizer'><p class='evo_data_val evo_card_organizer_name'>\n\t\t\t\t\t\t\t\t\t<span class='evo_card_organizer_name_t'>Initiative Offene Gesellschaft e.V.<\/span>\n\t\t\t\t\t\t\t\t\t\n\t\t\t\t\t\t\t\t\t<\/p><\/div><div class='clear'><\/div>\t\t\t\t\t\t\t\n\t\t\t\t\t\t\t<\/div>\n\t\t\t\t\t\t<\/div>\t\t\t\t\t\t<div class='evo_metarow_ICS evorow bordb evcal_evdata_row'>\n\t\t\t\t\t\t\t<span class=\"evcal_evdata_icons\"><i class=\"fa fa-calendar\"><\/i><\/span>\n\t\t\t\t\t\t\t<div class='evcal_evdata_cell'>\n\t\t\t\t\t\t\t\t<p><a href='https:\/\/www.wochen-zur-demokratie.de\/archiv\/wp-admin\/admin-ajax.php?action=eventon_ics_download&amp;event_id=255&amp;ri=0' class='evo_ics_nCal' title='Zum Ihrem Kalender hinzuf\u00fcgen'>Zum Kalender hinzuf\u00fcgen<\/a><a href='\/\/www.google.com\/calendar\/event?action=TEMPLATE&amp;text=Ideenlabor+%E2%80%93+Welches+Passau+wollen+wir+sein%3F&amp;dates=20191012T080000Z\/20191012T215000Z&amp;details=Nicht+erst+seit+dem+Hochwasser+2013+und+der+Versorgung+Tausender+Gefl%C3%BCchteter+2015+wei%C3%9F+Passau%2C+was+es+hei%C3%9Ft%2C+zusammen+zu+halten.+Doch+im+Alltag+bleibt+der+Austausch+zwischen+Studierenden+und+Alteingesessenen%2C&amp;location=KulturSalon - Franz-Stockbauer-Weg+3%2C+Passau' target='_blank' class='evo_ics_gCal' title='Zum Ihrem Google-Kalender hinzuf\u00fcgen'>GoogleCal<\/a><\/p>\t\n\t\t\t\t\t\t\t<\/div>\n\t\t\t\t\t\t<\/div>\n\t\t\t\t\t\t<div class='bordb evo_metarow_socialmedia evcal_evdata_row  lastrow'><div class='evo_sm FacebookShare'><a class=\" evo_ss\" target=\"_blank\" onclick=\"javascript:window.open(this.href, '', 'left=50,top=50,width=600,height=350,toolbar=0');return false;\"\n\t\t\t\t\t\t\t\thref=\"http:\/\/www.facebook.com\/sharer.php?u=https%3A%2F%2Fwww.wochen-zur-demokratie.de%2Farchiv%2Fevents%2Fideenlabor-welches-passau-wollen-wir-sein%2F\" title=\"Diese Veranstaltung auf Facebook teilen\"><i class=\"fa fa-facebook\"><\/i><\/a><\/div><div class='evo_sm Twitter'><a class=\"tw evo_ss\" onclick=\"javascript:window.open(this.href, '', 'menubar=no,toolbar=no,resizable=yes,scrollbars=yes,height=300,width=600');return false;\" href=\"http:\/\/twitter.com\/intent\/tweet?text=Ideenlabor \u2013 Welches Passau wollen wir sein?&#32;-&#32;&url=https%3A%2F%2Fwww.wochen-zur-demokratie.de%2Farchiv%2Fevents%2Fideenlabor-welches-passau-wollen-wir-sein%2F\" title=\"Diese Veranstaltung auf Twitter teilen\" rel=\"nofollow\" target=\"_blank\" data-url=\"https%3A%2F%2Fwww.wochen-zur-demokratie.de%2Farchiv%2Fevents%2Fideenlabor-welches-passau-wollen-wir-sein%2F\"><i class=\"fa fa-twitter\"><\/i><\/a><\/div><div class='evo_sm LinkedIn'><a class=\"li evo_ss\" href=\"http:\/\/www.linkedin.com\/shareArticle?mini=true&url=https%3A%2F%2Fwww.wochen-zur-demokratie.de%2Farchiv%2Fevents%2Fideenlabor-welches-passau-wollen-wir-sein%2F&title=Ideenlabor%20%E2%80%93%20Welches%20Passau%20wollen%20wir%20sein%3F&summary=Nicht+erst+seit+dem+Hochwasser+2013+und+der+Versorgung+Tausender+Gefl%C3%BCchteter+2015+wei%C3%9F+Passau%2C+was+es\" target=\"_blank\" title=\"Diese Veranstaltung auf Linkedin teilen\"><i class=\"fa fa-linkedin\"><\/i><\/a><\/div><div class='evo_sm EmailShare'><a class=\"em evo_ss\" href=\"mailto:?subject=Ideenlabor \u2013 Welches Passau wollen wir sein?&body=Event Name: Ideenlabor \u2013 Welches Passau wollen wir sein?%0AEvent Date: 12\/10\/2019 10:00%0ALink: https%3A%2F%2Fwww.wochen-zur-demokratie.de%2Farchiv%2Fevents%2Fideenlabor-welches-passau-wollen-wir-sein%2F%0A\" target=\"_blank\"><i class=\"fa fa-envelope\"><\/i><\/a><\/div><div class='clear'><\/div><div class='evcal_evdata_row evcal_close' title='Close'><\/div><\/div><div class='evo_card_row_end evcal_close' title='Close'><\/div><\/div><div class='clear end'><\/div><\/div><div style=\"background-color: #c766a4;height: 275px;\" id=\"event_157\" class=\"eventon_list_event evo_eventtop past_event event event_157_0\" data-event_id=\"157\" data-ri=\"0r\" data-time=\"1570910400-1570924200\" data-colr=\"#c766a4\" itemscope itemtype='http:\/\/schema.org\/Event'><div class=\"evo_event_schema\" style=\"display:none\" ><a itemprop='url'  href='https:\/\/www.wochen-zur-demokratie.de\/archiv\/events\/human-rights-blue\/'><\/a><span itemprop='name'  >Human Rights Blue<\/span><meta itemprop='image' content=\"https:\/\/www.wochen-zur-demokratie.de\/archiv\/wp-content\/uploads\/2019\/10\/191012-humanrights.jpg\" \/><meta itemprop='description' content=\"    Am Samstag Abend tauchten die G\u00e4ste am Fu\u00dfe des Georgsbergs in die Katakomben des Nachtcaf\u00e9 zur Spinne ab. Lu Laumer (Electronics) und Jack Oby (Saxophon\/Querfl\u00f6te) kombinierten ihre Klangbilder mit einer\" \/><meta itemprop='startDate' content=\"2019-10-12T20:00\" \/><meta itemprop='endDate' content=\"2019-10-12T23:50\" \/><meta itemprop='eventStatus' content=\"on-schedule\" \/><script type=\"application\/ld+json\">{\t\"@context\": \"http:\/\/schema.org\",\n\t\t\t\t\t\t\t  \t\"@type\": \"Event\",\n\t\t\t\t\t\t\t  \t\"name\": \"Human Rights Blue\",\n\t\t\t\t\t\t\t  \t\"startDate\": \"2019-10-12T20-20-00-00\",\n\t\t\t\t\t\t\t  \t\"endDate\": \"2019-10-12T23-23-50-00\",\n\t\t\t\t\t\t\t  \t\"image\":\"https:\/\/www.wochen-zur-demokratie.de\/archiv\/wp-content\/uploads\/2019\/10\/191012-humanrights.jpg\",\n\t\t\t\t\t\t\t  \t\"description\":\"    Am Samstag Abend tauchten die G\u00e4ste am Fu\u00dfe des Georgsbergs in die Katakomben des Nachtcaf\u00e9 zur Spinne ab. Lu Laumer (Electronics) und Jack Oby (Saxophon\/Querfl\u00f6te) kombinierten ihre Klangbilder mit einer\"\n\t\t\t\t\t\t\t  \t\n\t\t\t\t\t\t\t }<\/script><\/div>\n\t\t\t\t<p class=\"desc_trig_outter\"><a data-gmap_status=\"null\" data-gmtrig=\"1\" data-exlk=\"0\" id=\"evc_1570910400157\" class=\"desc_trig sin_val evcal_list_a\" data-ux_val=\"3\"  ><span class='evcal_cblock ' data-bgcolor='#c766a4' data-smon='Oktober' data-syr='2019'><span class='evo_start '><em class='date'>12<\/em><em class='month'>Okt.<\/em><em class='time'>20:00<\/em><\/span><em class='clear'><\/em><\/span><span class='evcal_desc evo_info hide_eventtopdata '  data-location_status=\"false\" ><span class='evo_above_title'><\/span><span class='evcal_desc2 evcal_event_title' itemprop='name'>Human Rights Blue<\/span><span class='evo_below_title'><span class='evcal_event_subtitle' >Freie Improvisation \u00fcber die \"Allgemeine Erkl\u00e4rung der Menschenrechte\" \u2013 Konzert mit Aftershow<\/span><\/span><span class='evcal_desc_info' ><em class='evcal_time'>20:00<\/em> <\/span><span class='evcal_desc3'><\/span><\/span><em class='clear'><\/em><\/a><\/p><div class='event_description evcal_eventcard ' style=\"display:none\"><div class='evo_metarow_directimg'><img class='evo_event_main_img' src='https:\/\/www.wochen-zur-demokratie.de\/archiv\/wp-content\/uploads\/2019\/10\/191012-humanrights.jpg' \/><\/div><div class='evo_metarow_details evorow evcal_evdata_row bordb evcal_event_details'>\n\t\t\t\t\t\t\t<div class=\"event_excerpt\" style=\"display:none\"><h3 class=\"padb5 evo_h3\">Event Details<\/h3><p>\r\n\r\nAm Samstag Abend tauchten die G\u00e4ste am Fu\u00dfe des Georgsbergs in die Katakomben des Nachtcaf\u00e9 zur Spinne ab. Lu Laumer (Electronics) und Jack Oby (Saxophon\/Querfl\u00f6te) kombinierten ihre Klangbilder mit einer<\/p><\/div><span class='evcal_evdata_icons'><i class='fa fa-align-justify'><\/i><\/span>\n\t\t\t\t\t\t\t\n\t\t\t\t\t\t\t<div class='evcal_evdata_cell shorter_desc'><div class='eventon_details_shading_bot'>\n\t\t\t\t\t\t\t\t<p class='eventon_shad_p' content='less'><span class='ev_more_text' data-txt='Weniger anzeigen'>Mehr anzeigen<\/span><span class='ev_more_arrow'><\/span><\/p>\n\t\t\t\t\t\t\t<\/div><div class='eventon_full_description'>\n\t\t\t\t\t\t\t\t\t<h3 class='padb5 evo_h3'><span class='evcal_evdata_icons'><i class='fa fa-align-justify'><\/i><\/span>Event Details<\/h3><div class='eventon_desc_in' itemprop='description'>\n\t\t\t\t\t\t\t\t\t<div>\n<p>Am Samstag Abend tauchten die G\u00e4ste am Fu\u00dfe des Georgsbergs in die Katakomben des Nachtcaf\u00e9 zur Spinne ab. Lu Laumer (Electronics) und Jack Oby (Saxophon\/Querfl\u00f6te) kombinierten ihre Klangbilder mit einer von Anita Strasser zugespielten <strong>Lesung des Menschenrechts-Katalogs<\/strong>. Mit offenen Ohren und viel improvisatorischem K\u00f6nnen sorgte das Trio dabei f\u00fcr erstaunliche akustische Erlebnisse. Die Artikel der Menschenrechtscharta geballt in dieser musikalischen Bearbeitung zu erfahren, machte dem Publikum deutlich, wie oft im In- und Ausland Menschenrechte verletzt und nicht geachtet werden. Im Anschluss daran griffen DJ <strong>Maze Hofer<\/strong> &amp; DJ <strong>Claudio Taratufolo<\/strong> tief in ihre Vinylkisten und brachte das Publikum im Berg zum Tanzen.<\/p>\n<\/div>\n<\/div><div class='clear'><\/div>\n\t\t\t\t\t\t\t\t<\/div>\n\t\t\t\t\t\t\t<\/div>\n\t\t\t\t\t\t<\/div><div class='evo_metarow_organizer evorow evcal_evdata_row bordb evcal_evrow_sm '>\n\t\t\t\t\t\t\t<span class='evcal_evdata_icons'><i class='fa fa-address-book-o'><\/i><\/span>\n\t\t\t\t\t\t\t<div class='evcal_evdata_cell'>\t\t\t\t\t\t\t\n\t\t\t\t\t\t\t\t<h3 class='evo_h3'>Mitveranstalter \/ Partner<\/h3>\n\t\t\t\t\t\t\t\t<p class='evo_data_val evo_card_organizer_image'><img src='https:\/\/www.wochen-zur-demokratie.de\/archiv\/wp-content\/uploads\/2019\/07\/logo-wozudemokratie-passau-2019.jpg'\/><\/p>\n\t\t\t\t\t\t\t\t<div class='evo_card_organizer'><p class='evo_data_val evo_card_organizer_name'>\n\t\t\t\t\t\t\t\t\t<span class='evo_card_organizer_name_t'>Matthias Hofer<\/span>\n\t\t\t\t\t\t\t\t\t\n\t\t\t\t\t\t\t\t\t<\/p><\/div><div class='clear'><\/div>\t\t\t\t\t\t\t\n\t\t\t\t\t\t\t<\/div>\n\t\t\t\t\t\t<\/div>\t\t\t\t\t\t<div class='evo_metarow_ICS evorow bordb evcal_evdata_row'>\n\t\t\t\t\t\t\t<span class=\"evcal_evdata_icons\"><i class=\"fa fa-calendar\"><\/i><\/span>\n\t\t\t\t\t\t\t<div class='evcal_evdata_cell'>\n\t\t\t\t\t\t\t\t<p><a href='https:\/\/www.wochen-zur-demokratie.de\/archiv\/wp-admin\/admin-ajax.php?action=eventon_ics_download&amp;event_id=157&amp;ri=0' class='evo_ics_nCal' title='Zum Ihrem Kalender hinzuf\u00fcgen'>Zum Kalender hinzuf\u00fcgen<\/a><a href='\/\/www.google.com\/calendar\/event?action=TEMPLATE&amp;text=Human+Rights+Blue&amp;dates=20191012T180000Z\/20191012T215000Z&amp;details=%0D%0A%0D%0AAm+Samstag+Abend+tauchten+die+G%C3%A4ste+am+Fu%C3%9Fe+des+Georgsbergs+in+die+Katakomben+des+Nachtcaf%C3%A9+zur+Spinne+ab.+Lu+Laumer+%28Electronics%29+und+Jack+Oby+%28Saxophon%2FQuerfl%C3%B6te%29+kombinierten+ihre+Klangbilder+mit+einer&amp;location= - ' target='_blank' class='evo_ics_gCal' title='Zum Ihrem Google-Kalender hinzuf\u00fcgen'>GoogleCal<\/a><\/p>\t\n\t\t\t\t\t\t\t<\/div>\n\t\t\t\t\t\t<\/div>\n\t\t\t\t\t\t<div class='bordb evo_metarow_socialmedia evcal_evdata_row  lastrow'><div class='evo_sm FacebookShare'><a class=\" evo_ss\" target=\"_blank\" onclick=\"javascript:window.open(this.href, '', 'left=50,top=50,width=600,height=350,toolbar=0');return false;\"\n\t\t\t\t\t\t\t\thref=\"http:\/\/www.facebook.com\/sharer.php?u=https%3A%2F%2Fwww.wochen-zur-demokratie.de%2Farchiv%2Fevents%2Fhuman-rights-blue%2F\" title=\"Diese Veranstaltung auf Facebook teilen\"><i class=\"fa fa-facebook\"><\/i><\/a><\/div><div class='evo_sm Twitter'><a class=\"tw evo_ss\" onclick=\"javascript:window.open(this.href, '', 'menubar=no,toolbar=no,resizable=yes,scrollbars=yes,height=300,width=600');return false;\" href=\"http:\/\/twitter.com\/intent\/tweet?text=Human Rights Blue&#32;-&#32;&url=https%3A%2F%2Fwww.wochen-zur-demokratie.de%2Farchiv%2Fevents%2Fhuman-rights-blue%2F\" title=\"Diese Veranstaltung auf Twitter teilen\" rel=\"nofollow\" target=\"_blank\" data-url=\"https%3A%2F%2Fwww.wochen-zur-demokratie.de%2Farchiv%2Fevents%2Fhuman-rights-blue%2F\"><i class=\"fa fa-twitter\"><\/i><\/a><\/div><div class='evo_sm LinkedIn'><a class=\"li evo_ss\" href=\"http:\/\/www.linkedin.com\/shareArticle?mini=true&url=https%3A%2F%2Fwww.wochen-zur-demokratie.de%2Farchiv%2Fevents%2Fhuman-rights-blue%2F&title=Human%20Rights%20Blue&summary=%0AAm+Samstag+Abend+tauchten+die+G%C3%A4ste+am+Fu%C3%9Fe+des+Georgsbergs+in+die+Katakomben+des+Nachtcaf%C3%A9+zur\" target=\"_blank\" title=\"Diese Veranstaltung auf Linkedin teilen\"><i class=\"fa fa-linkedin\"><\/i><\/a><\/div><div class='evo_sm EmailShare'><a class=\"em evo_ss\" href=\"mailto:?subject=Human Rights Blue&body=Event Name: Human Rights Blue%0AEvent Date: 12\/10\/2019 20:00%0ALink: https%3A%2F%2Fwww.wochen-zur-demokratie.de%2Farchiv%2Fevents%2Fhuman-rights-blue%2F%0A\" target=\"_blank\"><i class=\"fa fa-envelope\"><\/i><\/a><\/div><div class='clear'><\/div><div class='evcal_evdata_row evcal_close' title='Close'><\/div><\/div><div class='evo_card_row_end evcal_close' title='Close'><\/div><\/div><div class='clear end'><\/div><\/div><div style=\"background-color: #c766a4;height: 275px;\" id=\"event_413\" class=\"eventon_list_event evo_eventtop past_event event event_413_0\" data-event_id=\"413\" data-ri=\"0r\" data-time=\"1570993200-1571010600\" data-colr=\"#c766a4\" itemscope itemtype='http:\/\/schema.org\/Event'><div class=\"evo_event_schema\" style=\"display:none\" ><a itemprop='url'  href='https:\/\/www.wochen-zur-demokratie.de\/archiv\/events\/verboten-mystifiziert-und-wiederaufgelegt\/'><\/a><span itemprop='name'  >Verboten, mystifiziert und wiederaufgelegt<\/span><meta itemprop='image' content=\"https:\/\/www.wochen-zur-demokratie.de\/archiv\/wp-content\/uploads\/2019\/08\/Lesung-MeinKampf-Peer-Geulen-Baumgaertner-1.jpg\" \/><meta itemprop='description' content=\"Der Schauspieler Reinhard Peer las den rund 70 G\u00e4sten Ausz\u00fcge aus einem der gleichzeitig erfolgreichsten und widerlichsten B\u00fccher der deutschen Geschichte vor: Adolf Hitlers \u201eMein Kampf\u201c. Der Mystifizierung durch die\" \/><meta itemprop='startDate' content=\"2019-10-13T19:00\" \/><meta itemprop='endDate' content=\"2019-10-13T23:50\" \/><meta itemprop='eventStatus' content=\"on-schedule\" \/><script type=\"application\/ld+json\">{\t\"@context\": \"http:\/\/schema.org\",\n\t\t\t\t\t\t\t  \t\"@type\": \"Event\",\n\t\t\t\t\t\t\t  \t\"name\": \"Verboten, mystifiziert und wiederaufgelegt\",\n\t\t\t\t\t\t\t  \t\"startDate\": \"2019-10-13T19-19-00-00\",\n\t\t\t\t\t\t\t  \t\"endDate\": \"2019-10-13T23-23-50-00\",\n\t\t\t\t\t\t\t  \t\"image\":\"https:\/\/www.wochen-zur-demokratie.de\/archiv\/wp-content\/uploads\/2019\/08\/Lesung-MeinKampf-Peer-Geulen-Baumgaertner-1.jpg\",\n\t\t\t\t\t\t\t  \t\"description\":\"Der Schauspieler Reinhard Peer las den rund 70 G\u00e4sten Ausz\u00fcge aus einem der gleichzeitig erfolgreichsten und widerlichsten B\u00fccher der deutschen Geschichte vor: Adolf Hitlers \u201eMein Kampf\u201c. Der Mystifizierung durch die\"\n\t\t\t\t\t\t\t  \t\n\t\t\t\t\t\t\t }<\/script><\/div>\n\t\t\t\t<p class=\"desc_trig_outter\"><a data-gmap_status=\"null\" data-exlk=\"0\" id=\"evc_1570993200413\" class=\"desc_trig sin_val evcal_list_a\" data-ux_val=\"3\"  ><span class='evcal_cblock ' data-bgcolor='#c766a4' data-smon='Oktober' data-syr='2019'><span class='evo_start '><em class='date'>13<\/em><em class='month'>Okt.<\/em><em class='time'>19:00<\/em><\/span><em class='clear'><\/em><\/span><span class='evcal_desc evo_info hide_eventtopdata '  data-location_status=\"false\" ><span class='evo_above_title'><\/span><span class='evcal_desc2 evcal_event_title' itemprop='name'>Verboten, mystifiziert und wiederaufgelegt<\/span><span class='evo_below_title'><span class='evcal_event_subtitle' >Lesung aus dem Buch des B\u00f6sen \u2013 eine kritische Auseinandersetzung mit Hitlers \u201eMein Kampf\u201c<\/span><\/span><span class='evcal_desc_info' ><em class='evcal_time'>19:00<\/em> <em class=\"evcal_location\"  data-add_str=\"\"><em class=\"event_location_name\">Neue Galerie im Museum Oberhaus<\/em><\/em><\/span><span class='evcal_desc3'><\/span><\/span><em class='clear'><\/em><\/a><\/p><div class='event_description evcal_eventcard ' style=\"display:none\"><div class='evo_metarow_directimg'><img class='evo_event_main_img' src='https:\/\/www.wochen-zur-demokratie.de\/archiv\/wp-content\/uploads\/2019\/08\/Lesung-MeinKampf-Peer-Geulen-Baumgaertner-1.jpg' \/><\/div><div class='evo_metarow_details evorow evcal_evdata_row bordb evcal_event_details'>\n\t\t\t\t\t\t\t<div class=\"event_excerpt\" style=\"display:none\"><h3 class=\"padb5 evo_h3\">Event Details<\/h3><p>Der Schauspieler Reinhard Peer las den rund 70 G\u00e4sten Ausz\u00fcge aus einem der gleichzeitig erfolgreichsten und widerlichsten B\u00fccher der deutschen Geschichte vor: Adolf Hitlers \u201eMein Kampf\u201c. Der Mystifizierung durch die<\/p><\/div><span class='evcal_evdata_icons'><i class='fa fa-align-justify'><\/i><\/span>\n\t\t\t\t\t\t\t\n\t\t\t\t\t\t\t<div class='evcal_evdata_cell shorter_desc'><div class='eventon_details_shading_bot'>\n\t\t\t\t\t\t\t\t<p class='eventon_shad_p' content='less'><span class='ev_more_text' data-txt='Weniger anzeigen'>Mehr anzeigen<\/span><span class='ev_more_arrow'><\/span><\/p>\n\t\t\t\t\t\t\t<\/div><div class='eventon_full_description'>\n\t\t\t\t\t\t\t\t\t<h3 class='padb5 evo_h3'><span class='evcal_evdata_icons'><i class='fa fa-align-justify'><\/i><\/span>Event Details<\/h3><div class='eventon_desc_in' itemprop='description'>\n\t\t\t\t\t\t\t\t\t<p>Der Schauspieler <strong>Reinhard Peer<\/strong> las den rund 70 G\u00e4sten Ausz\u00fcge aus einem der gleichzeitig erfolgreichsten und widerlichsten B\u00fccher der deutschen Geschichte vor: <strong>Adolf Hitlers \u201eMein Kampf\u201c<\/strong>. Der Mystifizierung durch die rechte Szene wirkte Peer entgegen mit einem \u00dcberblick, der das Werk als schw\u00fclstig, pathetisch, unsystematisch, stellenweise grotesk, brutal, fanatisch, aber auch unfreiwillig komisch enttarnt. Nicht neu, aber immer wieder verbl\u00fcffend ist die Einsicht f\u00fcr die Nachgeborenen, dass alle Schrecken der zw\u00f6lf Jahre dauernden NS-Herrschaft in Hiltlers 1925 erschienenen \u201eMein Kampf\u201c bereits enthalten sind: Rassenwahn, Genozid, Russlandfeldzug und \u2013 im Fall des Scheiterns \u2013 die Vernichtung Deutschlands.<\/p>\n<p>An die Lesung schlo\u00df ein Talk an. Gemeinsam diskutierten Reinhard Peer (Landestheater Niederbayern), der Historiker <strong>Prof. Dr. Christian Geulen<\/strong> (Universit\u00e4t Koblenz-Landau) und der Geschichtsdidaktiker <strong>Prof. Dr. Ulrich Baumg\u00e4rtner<\/strong> (LMU M\u00fcnchen) die Entstehung und Rezeption des Textes sowie seine Bedeutung f\u00fcr die gegenw\u00e4rtige Auseinandersetzung mit dem Nationalsozialismus. Der Talk wurde kompetent moderiert von <strong>Konstantin K\u00f6nig<\/strong> vom Bayerischen Rundfunk.<\/p>\n<p><span class=\"\">Vor der Lesung f\u00fchrte Museumsleiterin Dr. Stefanie Buchhold (Museum Veste Oberhaus) Interessierte <strong>in die Zeit des Nationalsozialismus innerhalb der aktuellen Ausstellung 800 Jahre Veste Oberhaus.<\/strong><\/span><\/p>\n<\/div><div class='clear'><\/div>\n\t\t\t\t\t\t\t\t<\/div>\n\t\t\t\t\t\t\t<\/div>\n\t\t\t\t\t\t<\/div><div class='evo_metarow_organizer evorow evcal_evdata_row bordb evcal_evrow_sm '>\n\t\t\t\t\t\t\t<span class='evcal_evdata_icons'><i class='fa fa-address-book-o'><\/i><\/span>\n\t\t\t\t\t\t\t<div class='evcal_evdata_cell'>\t\t\t\t\t\t\t\n\t\t\t\t\t\t\t\t<h3 class='evo_h3'>Mitveranstalter \/ Partner<\/h3>\n\t\t\t\t\t\t\t\t<p class='evo_data_val evo_card_organizer_image'><img src='https:\/\/www.wochen-zur-demokratie.de\/archiv\/wp-content\/uploads\/2019\/08\/Logo-wzd-landestheater-300x112.jpg'\/><\/p>\n\t\t\t\t\t\t\t\t<div class='evo_card_organizer'><p class='evo_data_val evo_card_organizer_name'>\n\t\t\t\t\t\t\t\t\t<span class='evo_card_organizer_name_t'>Landestheater Niederbayern und Wochen zur Demokratie<\/span>\n\t\t\t\t\t\t\t\t\t\n\t\t\t\t\t\t\t\t\t<\/p><\/div><div class='clear'><\/div>\t\t\t\t\t\t\t\n\t\t\t\t\t\t\t<\/div>\n\t\t\t\t\t\t<\/div>\t\t\t\t\t\t<div class='evo_metarow_ICS evorow bordb evcal_evdata_row'>\n\t\t\t\t\t\t\t<span class=\"evcal_evdata_icons\"><i class=\"fa fa-calendar\"><\/i><\/span>\n\t\t\t\t\t\t\t<div class='evcal_evdata_cell'>\n\t\t\t\t\t\t\t\t<p><a href='https:\/\/www.wochen-zur-demokratie.de\/archiv\/wp-admin\/admin-ajax.php?action=eventon_ics_download&amp;event_id=413&amp;ri=0' class='evo_ics_nCal' title='Zum Ihrem Kalender hinzuf\u00fcgen'>Zum Kalender hinzuf\u00fcgen<\/a><a href='\/\/www.google.com\/calendar\/event?action=TEMPLATE&amp;text=Verboten%2C+mystifiziert+und+wiederaufgelegt&amp;dates=20191013T170000Z\/20191013T215000Z&amp;details=Der+Schauspieler+Reinhard+Peer+las+den+rund+70+G%C3%A4sten+Ausz%C3%BCge+aus+einem+der+gleichzeitig+erfolgreichsten+und+widerlichsten+B%C3%BCcher+der+deutschen+Geschichte+vor%3A+Adolf+Hitlers+%E2%80%9EMein+Kampf%E2%80%9C.+Der+Mystifizierung+durch+die&amp;location=Neue+Galerie+im+Museum+Oberhaus - ' target='_blank' class='evo_ics_gCal' title='Zum Ihrem Google-Kalender hinzuf\u00fcgen'>GoogleCal<\/a><\/p>\t\n\t\t\t\t\t\t\t<\/div>\n\t\t\t\t\t\t<\/div>\n\t\t\t\t\t\t<div class='bordb evo_metarow_socialmedia evcal_evdata_row  lastrow'><div class='evo_sm FacebookShare'><a class=\" evo_ss\" target=\"_blank\" onclick=\"javascript:window.open(this.href, '', 'left=50,top=50,width=600,height=350,toolbar=0');return false;\"\n\t\t\t\t\t\t\t\thref=\"http:\/\/www.facebook.com\/sharer.php?u=https%3A%2F%2Fwww.wochen-zur-demokratie.de%2Farchiv%2Fevents%2Fverboten-mystifiziert-und-wiederaufgelegt%2F\" title=\"Diese Veranstaltung auf Facebook teilen\"><i class=\"fa fa-facebook\"><\/i><\/a><\/div><div class='evo_sm Twitter'><a class=\"tw evo_ss\" onclick=\"javascript:window.open(this.href, '', 'menubar=no,toolbar=no,resizable=yes,scrollbars=yes,height=300,width=600');return false;\" href=\"http:\/\/twitter.com\/intent\/tweet?text=Verboten, mystifiziert und wiederaufgelegt&#32;-&#32;&url=https%3A%2F%2Fwww.wochen-zur-demokratie.de%2Farchiv%2Fevents%2Fverboten-mystifiziert-und-wiederaufgelegt%2F\" title=\"Diese Veranstaltung auf Twitter teilen\" rel=\"nofollow\" target=\"_blank\" data-url=\"https%3A%2F%2Fwww.wochen-zur-demokratie.de%2Farchiv%2Fevents%2Fverboten-mystifiziert-und-wiederaufgelegt%2F\"><i class=\"fa fa-twitter\"><\/i><\/a><\/div><div class='evo_sm LinkedIn'><a class=\"li evo_ss\" href=\"http:\/\/www.linkedin.com\/shareArticle?mini=true&url=https%3A%2F%2Fwww.wochen-zur-demokratie.de%2Farchiv%2Fevents%2Fverboten-mystifiziert-und-wiederaufgelegt%2F&title=Verboten%2C%20mystifiziert%20und%20wiederaufgelegt&summary=Der+Schauspieler+Reinhard+Peer+las+den+rund+70+G%C3%A4sten+Ausz%C3%BCge+aus+einem+der+gleichzeitig+erfolgreichsten+und\" target=\"_blank\" title=\"Diese Veranstaltung auf Linkedin teilen\"><i class=\"fa fa-linkedin\"><\/i><\/a><\/div><div class='evo_sm EmailShare'><a class=\"em evo_ss\" href=\"mailto:?subject=Verboten, mystifiziert und wiederaufgelegt&body=Event Name: Verboten, mystifiziert und wiederaufgelegt%0AEvent Date: 13\/10\/2019 19:00%0ALink: https%3A%2F%2Fwww.wochen-zur-demokratie.de%2Farchiv%2Fevents%2Fverboten-mystifiziert-und-wiederaufgelegt%2F%0A\" target=\"_blank\"><i class=\"fa fa-envelope\"><\/i><\/a><\/div><div class='clear'><\/div><div class='evcal_evdata_row evcal_close' title='Close'><\/div><\/div><div class='evo_card_row_end evcal_close' title='Close'><\/div><\/div><div class='clear end'><\/div><\/div><div style=\"background-color: #c766a4;height: 275px;\" id=\"event_258\" class=\"eventon_list_event evo_eventtop past_event event event_258_0\" data-event_id=\"258\" data-ri=\"0r\" data-time=\"1571041800-1571058000\" data-colr=\"#c766a4\" itemscope itemtype='http:\/\/schema.org\/Event'><div class=\"evo_event_schema\" style=\"display:none\" ><a itemprop='url'  href='https:\/\/www.wochen-zur-demokratie.de\/archiv\/events\/ich-will-das-was-du-nicht-willst\/'><\/a><span itemprop='name'  >Ich will das, was du nicht willst<\/span><meta itemprop='image' content=\"https:\/\/www.wochen-zur-demokratie.de\/archiv\/wp-content\/uploads\/2019\/10\/191014-puppenspiel-1.jpg\" \/><meta itemprop='description' content=\"Wer bekommt im neuen Haus das gr\u00f6\u00dfte Zimmer? Diese Frage stellt sich f\u00fcr Familie K\u00f6nig, die dieser Herausforderung auf demokratische Weise gerecht werden will. Da wird diskutiert, abgestimmt, argumentiert, erneut\" \/><meta itemprop='startDate' content=\"2019-10-14T08:30\" \/><meta itemprop='endDate' content=\"2019-10-14T13:00\" \/><meta itemprop='eventStatus' content=\"on-schedule\" \/><script type=\"application\/ld+json\">{\t\"@context\": \"http:\/\/schema.org\",\n\t\t\t\t\t\t\t  \t\"@type\": \"Event\",\n\t\t\t\t\t\t\t  \t\"name\": \"Ich will das, was du nicht willst\",\n\t\t\t\t\t\t\t  \t\"startDate\": \"2019-10-14T08-08-30-00\",\n\t\t\t\t\t\t\t  \t\"endDate\": \"2019-10-14T13-13-00-00\",\n\t\t\t\t\t\t\t  \t\"image\":\"https:\/\/www.wochen-zur-demokratie.de\/archiv\/wp-content\/uploads\/2019\/10\/191014-puppenspiel-1.jpg\",\n\t\t\t\t\t\t\t  \t\"description\":\"Wer bekommt im neuen Haus das gr\u00f6\u00dfte Zimmer? Diese Frage stellt sich f\u00fcr Familie K\u00f6nig, die dieser Herausforderung auf demokratische Weise gerecht werden will. Da wird diskutiert, abgestimmt, argumentiert, erneut\"\n\t\t\t\t\t\t\t  \t\n\t\t\t\t\t\t\t }<\/script><\/div>\n\t\t\t\t<p class=\"desc_trig_outter\"><a data-gmap_status=\"null\" data-exlk=\"0\" id=\"evc_1571041800258\" class=\"desc_trig sin_val evcal_list_a\" data-ux_val=\"3\"  ><span class='evcal_cblock ' data-bgcolor='#c766a4' data-smon='Oktober' data-syr='2019'><span class='evo_start '><em class='date'>14<\/em><em class='month'>Okt.<\/em><em class='time'>08:30<\/em><\/span><span class='evo_end only_time'><em class='time'>13:00<\/em><\/span><em class='clear'><\/em><\/span><span class='evcal_desc evo_info hide_eventtopdata '  data-location_status=\"false\" ><span class='evo_above_title'><\/span><span class='evcal_desc2 evcal_event_title' itemprop='name'>Ich will das, was du nicht willst<\/span><span class='evo_below_title'><span class='evcal_event_subtitle' >Theaterst\u00fcck mit anschlie\u00dfendem Gespr\u00e4ch<\/span><\/span><span class='evcal_desc_info' ><em class='evcal_time'>08:30 - 13:00<\/em> <em class=\"evcal_location\"  data-add_str=\"\"><em class=\"event_location_name\">Montessori Schule Passau<\/em><\/em><\/span><span class='evcal_desc3'><\/span><\/span><em class='clear'><\/em><\/a><\/p><div class='event_description evcal_eventcard ' style=\"display:none\"><div class='evo_metarow_directimg'><img class='evo_event_main_img' src='https:\/\/www.wochen-zur-demokratie.de\/archiv\/wp-content\/uploads\/2019\/10\/191014-puppenspiel-1.jpg' \/><\/div><div class='evo_event_images'><span class='evo_event_more_img select'><img title='' src='https:\/\/www.wochen-zur-demokratie.de\/archiv\/wp-content\/uploads\/2019\/10\/191014-puppenspiel-1.jpg' data-f='https:\/\/www.wochen-zur-demokratie.de\/archiv\/wp-content\/uploads\/2019\/10\/191014-puppenspiel-1.jpg'\/><\/span><span class='evo_event_more_img '><img title='' src='https:\/\/www.wochen-zur-demokratie.de\/archiv\/wp-content\/uploads\/2019\/07\/erfreuliches-theater-150x150.jpg' data-f='https:\/\/www.wochen-zur-demokratie.de\/archiv\/wp-content\/uploads\/2019\/07\/erfreuliches-theater.jpg' data-h='431' data-w='650'\/><\/span><\/div><div class='evo_metarow_details evorow evcal_evdata_row bordb evcal_event_details'>\n\t\t\t\t\t\t\t<div class=\"event_excerpt\" style=\"display:none\"><h3 class=\"padb5 evo_h3\">Event Details<\/h3><p>Wer bekommt im neuen Haus das gr\u00f6\u00dfte Zimmer? Diese Frage stellt sich f\u00fcr Familie K\u00f6nig, die dieser Herausforderung auf demokratische Weise gerecht werden will. Da wird diskutiert, abgestimmt, argumentiert, erneut<\/p><\/div><span class='evcal_evdata_icons'><i class='fa fa-align-justify'><\/i><\/span>\n\t\t\t\t\t\t\t\n\t\t\t\t\t\t\t<div class='evcal_evdata_cell shorter_desc'><div class='eventon_details_shading_bot'>\n\t\t\t\t\t\t\t\t<p class='eventon_shad_p' content='less'><span class='ev_more_text' data-txt='Weniger anzeigen'>Mehr anzeigen<\/span><span class='ev_more_arrow'><\/span><\/p>\n\t\t\t\t\t\t\t<\/div><div class='eventon_full_description'>\n\t\t\t\t\t\t\t\t\t<h3 class='padb5 evo_h3'><span class='evcal_evdata_icons'><i class='fa fa-align-justify'><\/i><\/span>Event Details<\/h3><div class='eventon_desc_in' itemprop='description'>\n\t\t\t\t\t\t\t\t\t<p>Wer bekommt im neuen Haus das gr\u00f6\u00dfte Zimmer? Diese Frage stellt sich f\u00fcr Familie K\u00f6nig, die dieser Herausforderung auf demokratische Weise gerecht werden will. Da wird diskutiert, abgestimmt, argumentiert, erneut abgestimmt&#8230;auch die Sch\u00fcler*nnen k\u00f6nnen Argumente einbringen, dar\u00fcber abstimmen \u2013 und sind dann (fast) alle zufrieden mit dem Ergebnis.<\/p>\n<p>Mit dem analogen Medium Puppenspiel ist es <strong>Katrin Heinke und Harald Mernitz<\/strong> gelungen, alle Kinder auf unterhaltsame Art und Weise miteinzubeziehen.<\/p>\n<p>Demokratische Grundprinzipien zum \u201eAnfassen\u201c \u2013 Die Kinder hatten ihren Spa\u00df daran!<\/p>\n<\/div><div class='clear'><\/div>\n\t\t\t\t\t\t\t\t<\/div>\n\t\t\t\t\t\t\t<\/div>\n\t\t\t\t\t\t<\/div><div class='evo_metarow_organizer evorow evcal_evdata_row bordb evcal_evrow_sm '>\n\t\t\t\t\t\t\t<span class='evcal_evdata_icons'><i class='fa fa-address-book-o'><\/i><\/span>\n\t\t\t\t\t\t\t<div class='evcal_evdata_cell'>\t\t\t\t\t\t\t\n\t\t\t\t\t\t\t\t<h3 class='evo_h3'>Mitveranstalter \/ Partner<\/h3>\n\t\t\t\t\t\t\t\t<p class='evo_data_val evo_card_organizer_image'><img src='https:\/\/www.wochen-zur-demokratie.de\/archiv\/wp-content\/uploads\/2019\/10\/Logo-TLS-erfreulichestheater-300x113.jpg'\/><\/p>\n\t\t\t\t\t\t\t\t<div class='evo_card_organizer'><p class='evo_data_val evo_card_organizer_name'>\n\t\t\t\t\t\t\t\t\t<span class='evo_card_organizer_name_t'>TLS ErfreulichesTheater<\/span>\n\t\t\t\t\t\t\t\t\t\n\t\t\t\t\t\t\t\t\t<\/p><\/div><div class='clear'><\/div>\t\t\t\t\t\t\t\n\t\t\t\t\t\t\t<\/div>\n\t\t\t\t\t\t<\/div>\t\t\t\t\t\t<div class='evo_metarow_ICS evorow bordb evcal_evdata_row'>\n\t\t\t\t\t\t\t<span class=\"evcal_evdata_icons\"><i class=\"fa fa-calendar\"><\/i><\/span>\n\t\t\t\t\t\t\t<div class='evcal_evdata_cell'>\n\t\t\t\t\t\t\t\t<p><a href='https:\/\/www.wochen-zur-demokratie.de\/archiv\/wp-admin\/admin-ajax.php?action=eventon_ics_download&amp;event_id=258&amp;ri=0' class='evo_ics_nCal' title='Zum Ihrem Kalender hinzuf\u00fcgen'>Zum Kalender hinzuf\u00fcgen<\/a><a href='\/\/www.google.com\/calendar\/event?action=TEMPLATE&amp;text=Ich+will+das%2C+was+du+nicht+willst&amp;dates=20191014T063000Z\/20191014T110000Z&amp;details=Wer+bekommt+im+neuen+Haus+das+gr%C3%B6%C3%9Fte+Zimmer%3F+Diese+Frage+stellt+sich+f%C3%BCr+Familie+K%C3%B6nig%2C+die+dieser+Herausforderung+auf+demokratische+Weise+gerecht+werden+will.+Da+wird+diskutiert%2C+abgestimmt%2C+argumentiert%2C+erneut&amp;location=Montessori+Schule+Passau - ' target='_blank' class='evo_ics_gCal' title='Zum Ihrem Google-Kalender hinzuf\u00fcgen'>GoogleCal<\/a><\/p>\t\n\t\t\t\t\t\t\t<\/div>\n\t\t\t\t\t\t<\/div>\n\t\t\t\t\t\t<div class='bordb evo_metarow_socialmedia evcal_evdata_row  lastrow'><div class='evo_sm FacebookShare'><a class=\" evo_ss\" target=\"_blank\" onclick=\"javascript:window.open(this.href, '', 'left=50,top=50,width=600,height=350,toolbar=0');return false;\"\n\t\t\t\t\t\t\t\thref=\"http:\/\/www.facebook.com\/sharer.php?u=https%3A%2F%2Fwww.wochen-zur-demokratie.de%2Farchiv%2Fevents%2Fich-will-das-was-du-nicht-willst%2F\" title=\"Diese Veranstaltung auf Facebook teilen\"><i class=\"fa fa-facebook\"><\/i><\/a><\/div><div class='evo_sm Twitter'><a class=\"tw evo_ss\" onclick=\"javascript:window.open(this.href, '', 'menubar=no,toolbar=no,resizable=yes,scrollbars=yes,height=300,width=600');return false;\" href=\"http:\/\/twitter.com\/intent\/tweet?text=Ich will das, was du nicht willst&#32;-&#32;&url=https%3A%2F%2Fwww.wochen-zur-demokratie.de%2Farchiv%2Fevents%2Fich-will-das-was-du-nicht-willst%2F\" title=\"Diese Veranstaltung auf Twitter teilen\" rel=\"nofollow\" target=\"_blank\" data-url=\"https%3A%2F%2Fwww.wochen-zur-demokratie.de%2Farchiv%2Fevents%2Fich-will-das-was-du-nicht-willst%2F\"><i class=\"fa fa-twitter\"><\/i><\/a><\/div><div class='evo_sm LinkedIn'><a class=\"li evo_ss\" href=\"http:\/\/www.linkedin.com\/shareArticle?mini=true&url=https%3A%2F%2Fwww.wochen-zur-demokratie.de%2Farchiv%2Fevents%2Fich-will-das-was-du-nicht-willst%2F&title=Ich%20will%20das%2C%20was%20du%20nicht%20willst&summary=Wer+bekommt+im+neuen+Haus+das+gr%C3%B6%C3%9Fte+Zimmer%3F+Diese+Frage+stellt+sich+f%C3%BCr+Familie+K%C3%B6nig%2C+die\" target=\"_blank\" title=\"Diese Veranstaltung auf Linkedin teilen\"><i class=\"fa fa-linkedin\"><\/i><\/a><\/div><div class='evo_sm EmailShare'><a class=\"em evo_ss\" href=\"mailto:?subject=Ich will das, was du nicht willst&body=Event Name: Ich will das, was du nicht willst%0AEvent Date: 14\/10\/2019 08:30 - 13:00%0ALink: https%3A%2F%2Fwww.wochen-zur-demokratie.de%2Farchiv%2Fevents%2Fich-will-das-was-du-nicht-willst%2F%0A\" target=\"_blank\"><i class=\"fa fa-envelope\"><\/i><\/a><\/div><div class='clear'><\/div><div class='evcal_evdata_row evcal_close' title='Close'><\/div><\/div><div class='evo_card_row_end evcal_close' title='Close'><\/div><\/div><div class='clear end'><\/div><\/div><div style=\"background-color: #c766a4;height: 275px;\" id=\"event_392\" class=\"eventon_list_event evo_eventtop past_event event event_392_0\" data-event_id=\"392\" data-ri=\"0r\" data-time=\"1571046300-1571051700\" data-colr=\"#c766a4\" itemscope itemtype='http:\/\/schema.org\/Event'><div class=\"evo_event_schema\" style=\"display:none\" ><a itemprop='url'  href='https:\/\/www.wochen-zur-demokratie.de\/archiv\/events\/die-tuerkei-demokratie-in-gefahr-vor-der-haustuer-der-eu\/'><\/a><span itemprop='name'  >Die T\u00fcrkei \u2013 Demokratie in Gefahr vor der Haust\u00fcr der EU?<\/span><meta itemprop='image' content=\"https:\/\/www.wochen-zur-demokratie.de\/archiv\/wp-content\/uploads\/2019\/10\/191014-Popp-1.jpg\" \/><meta itemprop='description' content=\"Der ehemalige ASG-Abiturient und heutige Spiegel-Redakteur Maximilian Popp stand den Sch\u00fclerinnen und Sch\u00fclern der q11 und Teilen der q12 in der Bibliothek des Adalbert-Stifter-Gymnasiums Rede und Antwort. Eindrucksvoll\" \/><meta itemprop='startDate' content=\"2019-10-14T09:45\" \/><meta itemprop='endDate' content=\"2019-10-14T11:15\" \/><meta itemprop='eventStatus' content=\"on-schedule\" \/>\n\t\t\t\t\t\t\t\t\t<item style=\"display:none\" itemprop=\"location\" itemscope itemtype=\"http:\/\/schema.org\/Place\">\n\t\t\t\t\t\t\t\t\t\t<span itemprop=\"name\">Adalbert-Stifter-Gymnasium Passau<\/span>\n\t\t\t\t\t\t\t\t\t\t<span itemprop=\"address\" itemscope itemtype=\"http:\/\/schema.org\/PostalAddress\">\n\t\t\t\t\t\t\t\t\t\t\t<item itemprop=\"streetAddress\">Innstra\u00dfe 69, 94032 Passau<\/item>\n\t\t\t\t\t\t\t\t\t\t<\/span><\/item><script type=\"application\/ld+json\">{\t\"@context\": \"http:\/\/schema.org\",\n\t\t\t\t\t\t\t  \t\"@type\": \"Event\",\n\t\t\t\t\t\t\t  \t\"name\": \"Die T\u00fcrkei \u2013 Demokratie in Gefahr vor der Haust\u00fcr der EU?\",\n\t\t\t\t\t\t\t  \t\"startDate\": \"2019-10-14T09-09-45-00\",\n\t\t\t\t\t\t\t  \t\"endDate\": \"2019-10-14T11-11-15-00\",\n\t\t\t\t\t\t\t  \t\"image\":\"https:\/\/www.wochen-zur-demokratie.de\/archiv\/wp-content\/uploads\/2019\/10\/191014-Popp-1.jpg\",\n\t\t\t\t\t\t\t  \t\"description\":\"Der ehemalige ASG-Abiturient und heutige Spiegel-Redakteur Maximilian Popp stand den Sch\u00fclerinnen und Sch\u00fclern der q11 und Teilen der q12 in der Bibliothek des Adalbert-Stifter-Gymnasiums Rede und Antwort. Eindrucksvoll\"\n\t\t\t\t\t\t\t  \t,\"location\":{\n\t\t\t\t\t\t\t\t\t\t\"@type\":\"Place\",\n\t\t\t\t\t\t\t\t\t\t\"name\":\"Adalbert-Stifter-Gymnasium Passau\",\n\t\t\t\t\t\t\t\t\t\t\"address\":{\n\t\t\t\t\t\t\t\t\t\t\t\"@type\": \"PostalAddress\"\n\t\t\t\t\t\t\t\t\t\t\t\"streetAddress\":\"Innstra\u00dfe 69, 94032 Passau\"\n\t\t\t\t\t\t\t\t\t\t}\n\t\t\t\t\t\t\t  \t\t}\n\t\t\t\t\t\t\t }<\/script><\/div>\n\t\t\t\t<p class=\"desc_trig_outter\"><a data-gmap_status=\"null\" data-gmtrig=\"1\" data-exlk=\"0\" id=\"evc_1571046300392\" class=\"desc_trig sin_val evcal_list_a\" data-ux_val=\"3\"  ><span class='evcal_cblock ' data-bgcolor='#c766a4' data-smon='Oktober' data-syr='2019'><span class='evo_start '><em class='date'>14<\/em><em class='month'>Okt.<\/em><em class='time'>09:45<\/em><\/span><span class='evo_end only_time'><em class='time'>11:15<\/em><\/span><em class='clear'><\/em><\/span><span class='evcal_desc evo_info hide_eventtopdata '  data-location_address=\"Innstra\u00dfe 69, 94032 Passau\" data-location_type=\"address\" data-location_name=\"Adalbert-Stifter-Gymnasium Passau\" data-location_url=\"https:\/\/www.wochen-zur-demokratie.de\/archiv\/event-location\/asg-passau\/\" data-location_status=\"true\" ><span class='evo_above_title'><\/span><span class='evcal_desc2 evcal_event_title' itemprop='name'>Die T\u00fcrkei \u2013 Demokratie in Gefahr vor der Haust\u00fcr der EU?<\/span><span class='evo_below_title'><span class='evcal_event_subtitle' >Ein Erfahrungsbericht aus Korrespondenten-Sicht \u2013 mit Maximilian Popp<\/span><\/span><span class='evcal_desc_info' ><em class='evcal_time'>09:45 - 11:15<\/em> <em class=\"evcal_location\"  data-add_str=\"\"><em class=\"event_location_name\">Adalbert-Stifter-Gymnasium Passau<\/em><\/em><\/span><span class='evcal_desc3'><\/span><\/span><em class='clear'><\/em><\/a><\/p><div class='event_description evcal_eventcard ' style=\"display:none\"><div class='evo_metarow_directimg'><img class='evo_event_main_img' src='https:\/\/www.wochen-zur-demokratie.de\/archiv\/wp-content\/uploads\/2019\/10\/191014-Popp-1.jpg' \/><\/div><div class='evo_event_images'><span class='evo_event_more_img select'><img title='' src='https:\/\/www.wochen-zur-demokratie.de\/archiv\/wp-content\/uploads\/2019\/10\/191014-Popp-1.jpg' data-f='https:\/\/www.wochen-zur-demokratie.de\/archiv\/wp-content\/uploads\/2019\/10\/191014-Popp-1.jpg'\/><\/span><span class='evo_event_more_img '><img title='' src='https:\/\/www.wochen-zur-demokratie.de\/archiv\/wp-content\/uploads\/2019\/10\/191014-Popp-2-150x150.jpg' data-f='https:\/\/www.wochen-zur-demokratie.de\/archiv\/wp-content\/uploads\/2019\/10\/191014-Popp-2.jpg' data-h='433' data-w='650'\/><\/span><span class='evo_event_more_img '><img title='' src='https:\/\/www.wochen-zur-demokratie.de\/archiv\/wp-content\/uploads\/2019\/10\/191014-Popp-3-150x150.jpg' data-f='https:\/\/www.wochen-zur-demokratie.de\/archiv\/wp-content\/uploads\/2019\/10\/191014-Popp-3.jpg' data-h='433' data-w='650'\/><\/span><span class='evo_event_more_img '><img title='' src='https:\/\/www.wochen-zur-demokratie.de\/archiv\/wp-content\/uploads\/2019\/10\/191014-Popp-5-150x150.jpg' data-f='https:\/\/www.wochen-zur-demokratie.de\/archiv\/wp-content\/uploads\/2019\/10\/191014-Popp-5.jpg' data-h='433' data-w='650'\/><\/span><\/div><div class='evo_metarow_details evorow evcal_evdata_row bordb evcal_event_details'>\n\t\t\t\t\t\t\t<div class=\"event_excerpt\" style=\"display:none\"><h3 class=\"padb5 evo_h3\">Event Details<\/h3><p>Der ehemalige ASG-Abiturient und heutige Spiegel-Redakteur Maximilian Popp stand den Sch\u00fclerinnen und Sch\u00fclern der q11 und Teilen der q12 in der Bibliothek des Adalbert-Stifter-Gymnasiums Rede und Antwort. Eindrucksvoll<\/p><\/div><span class='evcal_evdata_icons'><i class='fa fa-align-justify'><\/i><\/span>\n\t\t\t\t\t\t\t\n\t\t\t\t\t\t\t<div class='evcal_evdata_cell shorter_desc'><div class='eventon_details_shading_bot'>\n\t\t\t\t\t\t\t\t<p class='eventon_shad_p' content='less'><span class='ev_more_text' data-txt='Weniger anzeigen'>Mehr anzeigen<\/span><span class='ev_more_arrow'><\/span><\/p>\n\t\t\t\t\t\t\t<\/div><div class='eventon_full_description'>\n\t\t\t\t\t\t\t\t\t<h3 class='padb5 evo_h3'><span class='evcal_evdata_icons'><i class='fa fa-align-justify'><\/i><\/span>Event Details<\/h3><div class='eventon_desc_in' itemprop='description'>\n\t\t\t\t\t\t\t\t\t<p>Der <strong><span style=\"font-family: Times;\">ehemalige ASG-Abiturient und heutige Spiegel-Redakteur Maximilian Popp<\/span> <\/strong>stand den Sch\u00fclerinnen und Sch\u00fclern der q11 und Teilen der q12 in der Bibliothek des Adalbert-Stifter-Gymnasiums Rede und Antwort. Eindrucksvoll und ohne technische Hilfsmittel oder Aufzeichnungen zu gebrauchen fesselte er die rund 80 jungen Zuh\u00f6rer sowie eine Reihe erwachsener G\u00e4ste, denen der Gastgeber Guntram Kraus, Direktor des ASG, die Teilnahme erm\u00f6glichte. Nachdem Max seinen Werdegang geschildert hatte, kam er zum Hauptthema des Vormittags. Er berichtete von den beruflichen und pers\u00f6nlichen Erfahrungen, die er in der von Pr\u00e4sident Erdo\u011fan regierten T\u00fcrkei machte.\u00a0Dabei schuf er zwischendurch immer wieder stimmige Bez\u00fcge zur gegenw\u00e4rtigen Situation in Deutschland und betonte mehrmals die Wichtigkeit, f\u00fcr die Demokratie im eigenen Land einzustehen und solche Entwicklungen wie in der T\u00fcrkei, aber auch in anderen westlichen L\u00e4ndern unbedingt aufzuhalten. Nie war in seinem Vortrag ein Funken Eitelkeit zu sp\u00fcren; dabei h\u00e4tte er einige Preise aufzuz\u00e4hlen gehabt. Er befand sich selber mehrmals kurz vor der Verhaftung. Doch immer standen in seinem Vortrag die sanktionierten t\u00fcrkischen Berufskolleginnen und Kollegen im Mittelpunkt seiner Empathie.<\/p>\n<p>So war es kein Wunder, dass die jungen Zuh\u00f6rerInnen seinen Ausf\u00fchrungen bis zum Schlu\u00df gespannt folgten und noch manche Frage zur Thematik anbrachten. Auch Max selber richtete \u2014 wie er meinte \u2014gewohnte Fragen an sein Publikum, wie denn ihr Lese- und Informationsverhalten sei, insbesondere in Bezug auf seinen Arbeitgeber Spiegel und Spiegel Online. Das Ergebnis der Befragung bleibt den dankbaren Teilnehmern an dem gelungen Vortragsvormittag vorbehalten.<\/p>\n<p>Besonders dankbar sind die Initiatoren der Wochen zur Demokratie f\u00fcr Popps Versprechen, in einer zuk\u00fcnftigen Veranstaltungsreihe wieder mitzuwirken, dann mit einem zus\u00e4tzlichen zweiten, einem au\u00dferschulischen Format.<\/p>\n<\/div><div class='clear'><\/div>\n\t\t\t\t\t\t\t\t<\/div>\n\t\t\t\t\t\t\t<\/div>\n\t\t\t\t\t\t<\/div><div class='evo_metarow_organizer evorow evcal_evdata_row bordb evcal_evrow_sm '>\n\t\t\t\t\t\t\t<span class='evcal_evdata_icons'><i class='fa fa-address-book-o'><\/i><\/span>\n\t\t\t\t\t\t\t<div class='evcal_evdata_cell'>\t\t\t\t\t\t\t\n\t\t\t\t\t\t\t\t<h3 class='evo_h3'>Mitveranstalter \/ Partner<\/h3>\n\t\t\t\t\t\t\t\t<p class='evo_data_val evo_card_organizer_image'><img src='https:\/\/www.wochen-zur-demokratie.de\/archiv\/wp-content\/uploads\/2019\/08\/Logo-ASG.jpg'\/><\/p>\n\t\t\t\t\t\t\t\t<div class='evo_card_organizer'><p class='evo_data_val evo_card_organizer_name'>\n\t\t\t\t\t\t\t\t\t<span class='evo_card_organizer_name_t'>ASG Passau<\/span>\n\t\t\t\t\t\t\t\t\t\n\t\t\t\t\t\t\t\t\t<\/p><\/div><div class='clear'><\/div>\t\t\t\t\t\t\t\n\t\t\t\t\t\t\t<\/div>\n\t\t\t\t\t\t<\/div>\t\t\t\t\t\t<div class='evo_metarow_ICS evorow bordb evcal_evdata_row'>\n\t\t\t\t\t\t\t<span class=\"evcal_evdata_icons\"><i class=\"fa fa-calendar\"><\/i><\/span>\n\t\t\t\t\t\t\t<div class='evcal_evdata_cell'>\n\t\t\t\t\t\t\t\t<p><a href='https:\/\/www.wochen-zur-demokratie.de\/archiv\/wp-admin\/admin-ajax.php?action=eventon_ics_download&amp;event_id=392&amp;ri=0' class='evo_ics_nCal' title='Zum Ihrem Kalender hinzuf\u00fcgen'>Zum Kalender hinzuf\u00fcgen<\/a><a href='\/\/www.google.com\/calendar\/event?action=TEMPLATE&amp;text=Die+T%C3%BCrkei+%E2%80%93+Demokratie+in+Gefahr+vor+der+Haust%C3%BCr+der+EU%3F&amp;dates=20191014T074500Z\/20191014T091500Z&amp;details=Der+ehemalige+ASG-Abiturient+und+heutige+Spiegel-Redakteur+Maximilian+Popp+stand+den+Sch%C3%BClerinnen+und+Sch%C3%BClern+der+q11+und+Teilen+der+q12+in+der+Bibliothek+des+Adalbert-Stifter-Gymnasiums+Rede+und+Antwort.+Eindrucksvoll&amp;location=Adalbert-Stifter-Gymnasium+Passau - Innstra%C3%9Fe+69%2C+94032+Passau' target='_blank' class='evo_ics_gCal' title='Zum Ihrem Google-Kalender hinzuf\u00fcgen'>GoogleCal<\/a><\/p>\t\n\t\t\t\t\t\t\t<\/div>\n\t\t\t\t\t\t<\/div>\n\t\t\t\t\t\t<div class='bordb evo_metarow_socialmedia evcal_evdata_row  lastrow'><div class='evo_sm FacebookShare'><a class=\" evo_ss\" target=\"_blank\" onclick=\"javascript:window.open(this.href, '', 'left=50,top=50,width=600,height=350,toolbar=0');return false;\"\n\t\t\t\t\t\t\t\thref=\"http:\/\/www.facebook.com\/sharer.php?u=https%3A%2F%2Fwww.wochen-zur-demokratie.de%2Farchiv%2Fevents%2Fdie-tuerkei-demokratie-in-gefahr-vor-der-haustuer-der-eu%2F\" title=\"Diese Veranstaltung auf Facebook teilen\"><i class=\"fa fa-facebook\"><\/i><\/a><\/div><div class='evo_sm Twitter'><a class=\"tw evo_ss\" onclick=\"javascript:window.open(this.href, '', 'menubar=no,toolbar=no,resizable=yes,scrollbars=yes,height=300,width=600');return false;\" href=\"http:\/\/twitter.com\/intent\/tweet?text=Die T\u00fcrkei \u2013 Demokratie in Gefahr vor der Haust\u00fcr der EU?&#32;-&#32;&url=https%3A%2F%2Fwww.wochen-zur-demokratie.de%2Farchiv%2Fevents%2Fdie-tuerkei-demokratie-in-gefahr-vor-der-haustuer-der-eu%2F\" title=\"Diese Veranstaltung auf Twitter teilen\" rel=\"nofollow\" target=\"_blank\" data-url=\"https%3A%2F%2Fwww.wochen-zur-demokratie.de%2Farchiv%2Fevents%2Fdie-tuerkei-demokratie-in-gefahr-vor-der-haustuer-der-eu%2F\"><i class=\"fa fa-twitter\"><\/i><\/a><\/div><div class='evo_sm LinkedIn'><a class=\"li evo_ss\" href=\"http:\/\/www.linkedin.com\/shareArticle?mini=true&url=https%3A%2F%2Fwww.wochen-zur-demokratie.de%2Farchiv%2Fevents%2Fdie-tuerkei-demokratie-in-gefahr-vor-der-haustuer-der-eu%2F&title=Die%20T%C3%BCrkei%20%E2%80%93%20Demokratie%20in%20Gefahr%20vor%20der%20Haust%C3%BCr%20der%20EU%3F&summary=Der+ehemalige+ASG-Abiturient+und+heutige+Spiegel-Redakteur+Maximilian+Popp+stand+den+Sch%C3%BClerinnen+und+Sch%C3%BClern+der\" target=\"_blank\" title=\"Diese Veranstaltung auf Linkedin teilen\"><i class=\"fa fa-linkedin\"><\/i><\/a><\/div><div class='evo_sm EmailShare'><a class=\"em evo_ss\" href=\"mailto:?subject=Die T\u00fcrkei \u2013 Demokratie in Gefahr vor der Haust\u00fcr der EU?&body=Event Name: Die T\u00fcrkei \u2013 Demokratie in Gefahr vor der Haust\u00fcr der EU?%0AEvent Date: 14\/10\/2019 09:45 - 11:15%0ALink: https%3A%2F%2Fwww.wochen-zur-demokratie.de%2Farchiv%2Fevents%2Fdie-tuerkei-demokratie-in-gefahr-vor-der-haustuer-der-eu%2F%0A\" target=\"_blank\"><i class=\"fa fa-envelope\"><\/i><\/a><\/div><div class='clear'><\/div><div class='evcal_evdata_row evcal_close' title='Close'><\/div><\/div><div class='evo_card_row_end evcal_close' title='Close'><\/div><\/div><div class='clear end'><\/div><\/div><div style=\"background-color: #c766a4;height: 275px;\" id=\"event_158\" class=\"eventon_list_event evo_eventtop past_event event event_158_0\" data-event_id=\"158\" data-ri=\"0r\" data-time=\"1571076000-1571083200\" data-colr=\"#c766a4\" itemscope itemtype='http:\/\/schema.org\/Event'><div class=\"evo_event_schema\" style=\"display:none\" ><a itemprop='url'  href='https:\/\/www.wochen-zur-demokratie.de\/archiv\/events\/eldorado-2018\/'><\/a><span itemprop='name'  >Eldorado (2018)<\/span><meta itemprop='image' content=\"https:\/\/www.wochen-zur-demokratie.de\/archiv\/wp-content\/uploads\/2019\/10\/191014-eldorado-1.jpg\" \/><meta itemprop='description' content=\"Giovanna, ein italienisches Fl\u00fcchtlingskind wird in der Familie des Regisseurs Markus Imhof in den 40er Jahren aufgenommen. Die pers\u00f6nliche Auseinandersetzung mit Giovanna verkn\u00fcpft er \u00e4u\u00dferst gelungen mit den Geschehnissen der\" \/><meta itemprop='startDate' content=\"2019-10-14T18:00\" \/><meta itemprop='endDate' content=\"2019-10-14T20:00\" \/><meta itemprop='eventStatus' content=\"on-schedule\" \/><script type=\"application\/ld+json\">{\t\"@context\": \"http:\/\/schema.org\",\n\t\t\t\t\t\t\t  \t\"@type\": \"Event\",\n\t\t\t\t\t\t\t  \t\"name\": \"Eldorado (2018)\",\n\t\t\t\t\t\t\t  \t\"startDate\": \"2019-10-14T18-18-00-00\",\n\t\t\t\t\t\t\t  \t\"endDate\": \"2019-10-14T20-20-00-00\",\n\t\t\t\t\t\t\t  \t\"image\":\"https:\/\/www.wochen-zur-demokratie.de\/archiv\/wp-content\/uploads\/2019\/10\/191014-eldorado-1.jpg\",\n\t\t\t\t\t\t\t  \t\"description\":\"Giovanna, ein italienisches Fl\u00fcchtlingskind wird in der Familie des Regisseurs Markus Imhof in den 40er Jahren aufgenommen. Die pers\u00f6nliche Auseinandersetzung mit Giovanna verkn\u00fcpft er \u00e4u\u00dferst gelungen mit den Geschehnissen der\"\n\t\t\t\t\t\t\t  \t\n\t\t\t\t\t\t\t }<\/script><\/div>\n\t\t\t\t<p class=\"desc_trig_outter\"><a data-gmap_status=\"null\" data-exlk=\"0\" id=\"evc_1571076000158\" class=\"desc_trig sin_val evcal_list_a\" data-ux_val=\"3\"  ><span class='evcal_cblock ' data-bgcolor='#c766a4' data-smon='Oktober' data-syr='2019'><span class='evo_start '><em class='date'>14<\/em><em class='month'>Okt.<\/em><em class='time'>18:00<\/em><\/span><span class='evo_end only_time'><em class='time'>20:00<\/em><\/span><em class='clear'><\/em><\/span><span class='evcal_desc evo_info hide_eventtopdata '  data-location_status=\"false\" ><span class='evo_above_title'><\/span><span class='evcal_desc2 evcal_event_title' itemprop='name'>Eldorado (2018)<\/span><span class='evo_below_title'><span class='evcal_event_subtitle' >Filmreihe zur Demokratie #2<\/span><\/span><span class='evcal_desc_info' ><em class='evcal_time'>18:00 - 20:00<\/em> <em class=\"evcal_location\"  data-add_str=\"\"><em class=\"event_location_name\">ProLi Caf\u00e9 &amp; Kino, Passau<\/em><\/em><\/span><span class='evcal_desc3'><\/span><\/span><em class='clear'><\/em><\/a><\/p><div class='event_description evcal_eventcard ' style=\"display:none\"><div class='evo_metarow_directimg'><img class='evo_event_main_img' src='https:\/\/www.wochen-zur-demokratie.de\/archiv\/wp-content\/uploads\/2019\/10\/191014-eldorado-1.jpg' \/><\/div><div class='evo_event_images'><span class='evo_event_more_img select'><img title='' src='https:\/\/www.wochen-zur-demokratie.de\/archiv\/wp-content\/uploads\/2019\/10\/191014-eldorado-1.jpg' data-f='https:\/\/www.wochen-zur-demokratie.de\/archiv\/wp-content\/uploads\/2019\/10\/191014-eldorado-1.jpg'\/><\/span><span class='evo_event_more_img '><img title='' src='https:\/\/www.wochen-zur-demokratie.de\/archiv\/wp-content\/uploads\/2019\/07\/eldorado-150x150.jpg' data-f='https:\/\/www.wochen-zur-demokratie.de\/archiv\/wp-content\/uploads\/2019\/07\/eldorado.jpg' data-h='342' data-w='650'\/><\/span><\/div><div class='evo_metarow_details evorow evcal_evdata_row bordb evcal_event_details'>\n\t\t\t\t\t\t\t<div class=\"event_excerpt\" style=\"display:none\"><h3 class=\"padb5 evo_h3\">Event Details<\/h3><p>Giovanna, ein italienisches Fl\u00fcchtlingskind wird in der Familie des Regisseurs Markus Imhof in den 40er Jahren aufgenommen. Die pers\u00f6nliche Auseinandersetzung mit Giovanna verkn\u00fcpft er \u00e4u\u00dferst gelungen mit den Geschehnissen der<\/p><\/div><span class='evcal_evdata_icons'><i class='fa fa-align-justify'><\/i><\/span>\n\t\t\t\t\t\t\t\n\t\t\t\t\t\t\t<div class='evcal_evdata_cell shorter_desc'><div class='eventon_details_shading_bot'>\n\t\t\t\t\t\t\t\t<p class='eventon_shad_p' content='less'><span class='ev_more_text' data-txt='Weniger anzeigen'>Mehr anzeigen<\/span><span class='ev_more_arrow'><\/span><\/p>\n\t\t\t\t\t\t\t<\/div><div class='eventon_full_description'>\n\t\t\t\t\t\t\t\t\t<h3 class='padb5 evo_h3'><span class='evcal_evdata_icons'><i class='fa fa-align-justify'><\/i><\/span>Event Details<\/h3><div class='eventon_desc_in' itemprop='description'>\n\t\t\t\t\t\t\t\t\t<p>Giovanna, ein italienisches Fl\u00fcchtlingskind wird in der Familie des <strong>Regisseurs Markus Imhof<\/strong> in den 40er Jahren aufgenommen. Die pers\u00f6nliche Auseinandersetzung mit Giovanna verkn\u00fcpft er \u00e4u\u00dferst gelungen mit den Geschehnissen der heutigen Zeit, in der wieder viele Menschen waghalsige Gefahren auf dem Weg in eine unbekannte Zukunft auf sich nehmen. Die Emotionalit\u00e4t des Films entsteht dadurch, dass er unkommentiert Einzelschicksale einbettet in Bilder von rational handelnden Institutionen, wie der Mare Nostrum, der italienischen Seenotrettung.<\/p>\n<p>Im anschlie\u00dfenden Filmgespr\u00e4ch gew\u00e4hrte Maria Kalin Einblicke in ihre Erfahrungen aus der Arbeit als Anw\u00e4ltin f\u00fcr Asylrecht und ihren Aufenthalten auf Lesbos. Wolfgang Schwenk (Cineplex) und Tobias Schmidt (Koordinierungsstelle Ehrenamt f\u00fcr Integrationsarbeit und Fl\u00fcchtlingshilfe der Stadt Passau) schilderten Erlebnisse aus dem Jahr 2015 als in Passau bis zu 8000 Gefl\u00fcchteten t\u00e4glich erste Versorgung gew\u00e4hrt und Gesten der Menschlichkeit gezeigt wurden. Ohne b\u00fcrgerschaftliches Engagement und gemeinschaftliches Anpacken undenkbar&#8230;<\/p>\n<p>Abschlie\u00dfend appellierte Tobias Schmidt an die Kinobesucher sich immer wieder um Dialoge und Kontakte zu Gefl\u00fcchteten zu bem\u00fchen. Man bekomme mehr zur\u00fcck als man gibt!<\/p>\n<\/div><div class='clear'><\/div>\n\t\t\t\t\t\t\t\t<\/div>\n\t\t\t\t\t\t\t<\/div>\n\t\t\t\t\t\t<\/div><div class='evo_metarow_organizer evorow evcal_evdata_row bordb evcal_evrow_sm '>\n\t\t\t\t\t\t\t<span class='evcal_evdata_icons'><i class='fa fa-address-book-o'><\/i><\/span>\n\t\t\t\t\t\t\t<div class='evcal_evdata_cell'>\t\t\t\t\t\t\t\n\t\t\t\t\t\t\t\t<h3 class='evo_h3'>Mitveranstalter \/ Partner<\/h3>\n\t\t\t\t\t\t\t\t<p class='evo_data_val evo_card_organizer_image'><img src='https:\/\/www.wochen-zur-demokratie.de\/archiv\/wp-content\/uploads\/2019\/09\/Logo-ProLi.jpg'\/><\/p>\n\t\t\t\t\t\t\t\t<div class='evo_card_organizer'><p class='evo_data_val evo_card_organizer_name'>\n\t\t\t\t\t\t\t\t\t<span class='evo_card_organizer_name_t'>ProLi Caf\u00e9 &amp; Kino<\/span>\n\t\t\t\t\t\t\t\t\t\n\t\t\t\t\t\t\t\t\t<\/p><\/div><div class='clear'><\/div>\t\t\t\t\t\t\t\n\t\t\t\t\t\t\t<\/div>\n\t\t\t\t\t\t<\/div>\t\t\t\t\t\t<div class='evo_metarow_ICS evorow bordb evcal_evdata_row'>\n\t\t\t\t\t\t\t<span class=\"evcal_evdata_icons\"><i class=\"fa fa-calendar\"><\/i><\/span>\n\t\t\t\t\t\t\t<div class='evcal_evdata_cell'>\n\t\t\t\t\t\t\t\t<p><a href='https:\/\/www.wochen-zur-demokratie.de\/archiv\/wp-admin\/admin-ajax.php?action=eventon_ics_download&amp;event_id=158&amp;ri=0' class='evo_ics_nCal' title='Zum Ihrem Kalender hinzuf\u00fcgen'>Zum Kalender hinzuf\u00fcgen<\/a><a href='\/\/www.google.com\/calendar\/event?action=TEMPLATE&amp;text=Eldorado+%282018%29&amp;dates=20191014T160000Z\/20191014T180000Z&amp;details=Giovanna%2C+ein+italienisches+Fl%C3%BCchtlingskind+wird+in+der+Familie+des+Regisseurs+Markus+Imhof+in+den+40er+Jahren+aufgenommen.+Die+pers%C3%B6nliche+Auseinandersetzung+mit+Giovanna+verkn%C3%BCpft+er+%C3%A4u%C3%9Ferst+gelungen+mit+den+Geschehnissen+der&amp;location=ProLi+Caf%C3%A9+%26amp%3B+Kino%2C+Passau - ' target='_blank' class='evo_ics_gCal' title='Zum Ihrem Google-Kalender hinzuf\u00fcgen'>GoogleCal<\/a><\/p>\t\n\t\t\t\t\t\t\t<\/div>\n\t\t\t\t\t\t<\/div>\n\t\t\t\t\t\t<div class='bordb evo_metarow_socialmedia evcal_evdata_row  lastrow'><div class='evo_sm FacebookShare'><a class=\" evo_ss\" target=\"_blank\" onclick=\"javascript:window.open(this.href, '', 'left=50,top=50,width=600,height=350,toolbar=0');return false;\"\n\t\t\t\t\t\t\t\thref=\"http:\/\/www.facebook.com\/sharer.php?u=https%3A%2F%2Fwww.wochen-zur-demokratie.de%2Farchiv%2Fevents%2Feldorado-2018%2F\" title=\"Diese Veranstaltung auf Facebook teilen\"><i class=\"fa fa-facebook\"><\/i><\/a><\/div><div class='evo_sm Twitter'><a class=\"tw evo_ss\" onclick=\"javascript:window.open(this.href, '', 'menubar=no,toolbar=no,resizable=yes,scrollbars=yes,height=300,width=600');return false;\" href=\"http:\/\/twitter.com\/intent\/tweet?text=Eldorado (2018)&#32;-&#32;&url=https%3A%2F%2Fwww.wochen-zur-demokratie.de%2Farchiv%2Fevents%2Feldorado-2018%2F\" title=\"Diese Veranstaltung auf Twitter teilen\" rel=\"nofollow\" target=\"_blank\" data-url=\"https%3A%2F%2Fwww.wochen-zur-demokratie.de%2Farchiv%2Fevents%2Feldorado-2018%2F\"><i class=\"fa fa-twitter\"><\/i><\/a><\/div><div class='evo_sm LinkedIn'><a class=\"li evo_ss\" href=\"http:\/\/www.linkedin.com\/shareArticle?mini=true&url=https%3A%2F%2Fwww.wochen-zur-demokratie.de%2Farchiv%2Fevents%2Feldorado-2018%2F&title=Eldorado%20%282018%29&summary=Giovanna%2C+ein+italienisches+Fl%C3%BCchtlingskind+wird+in+der+Familie+des+Regisseurs+Markus+Imhof+in+den+40er+Jahren\" target=\"_blank\" title=\"Diese Veranstaltung auf Linkedin teilen\"><i class=\"fa fa-linkedin\"><\/i><\/a><\/div><div class='evo_sm EmailShare'><a class=\"em evo_ss\" href=\"mailto:?subject=Eldorado (2018)&body=Event Name: Eldorado (2018)%0AEvent Date: 14\/10\/2019 18:00 - 20:00%0ALink: https%3A%2F%2Fwww.wochen-zur-demokratie.de%2Farchiv%2Fevents%2Feldorado-2018%2F%0A\" target=\"_blank\"><i class=\"fa fa-envelope\"><\/i><\/a><\/div><div class='clear'><\/div><div class='evcal_evdata_row evcal_close' title='Close'><\/div><\/div><div class='evo_card_row_end evcal_close' title='Close'><\/div><\/div><div class='clear end'><\/div><\/div><div style=\"background-color: #c766a4;height: 275px;\" id=\"event_306\" class=\"eventon_list_event evo_eventtop past_event event event_306_0\" data-event_id=\"306\" data-ri=\"0r\" data-time=\"1571137200-1571142600\" data-colr=\"#c766a4\" itemscope itemtype='http:\/\/schema.org\/Event'><div class=\"evo_event_schema\" style=\"display:none\" ><a itemprop='url'  href='https:\/\/www.wochen-zur-demokratie.de\/archiv\/events\/kinderrechte-und-demokratie\/'><\/a><span itemprop='name'  >Kinderrechte und Demokratie<\/span><meta itemprop='image' content=\"https:\/\/www.wochen-zur-demokratie.de\/archiv\/wp-content\/uploads\/2019\/07\/UnicefKInderrechte.jpg\" \/><meta itemprop='description' content=\"Kinderrechte an der Montessori-Schule werden GROSS geschrieben!    Es scheint so vieles selbstverst\u00e4ndlich, Recht auf Bildung, gute gesundheitliche Versorgung, Mitbestimmung in der eigenen Familie, Geh\u00f6r finden mit einer eigenen Meinung, Zeit zum\" \/><meta itemprop='startDate' content=\"2019-10-15T11:00\" \/><meta itemprop='endDate' content=\"2019-10-15T12:30\" \/><meta itemprop='eventStatus' content=\"on-schedule\" \/><script type=\"application\/ld+json\">{\t\"@context\": \"http:\/\/schema.org\",\n\t\t\t\t\t\t\t  \t\"@type\": \"Event\",\n\t\t\t\t\t\t\t  \t\"name\": \"Kinderrechte und Demokratie\",\n\t\t\t\t\t\t\t  \t\"startDate\": \"2019-10-15T11-11-00-00\",\n\t\t\t\t\t\t\t  \t\"endDate\": \"2019-10-15T12-12-30-00\",\n\t\t\t\t\t\t\t  \t\"image\":\"https:\/\/www.wochen-zur-demokratie.de\/archiv\/wp-content\/uploads\/2019\/07\/UnicefKInderrechte.jpg\",\n\t\t\t\t\t\t\t  \t\"description\":\"Kinderrechte an der Montessori-Schule werden GROSS geschrieben!    Es scheint so vieles selbstverst\u00e4ndlich, Recht auf Bildung, gute gesundheitliche Versorgung, Mitbestimmung in der eigenen Familie, Geh\u00f6r finden mit einer eigenen Meinung, Zeit zum\"\n\t\t\t\t\t\t\t  \t\n\t\t\t\t\t\t\t }<\/script><\/div>\n\t\t\t\t<p class=\"desc_trig_outter\"><a data-gmap_status=\"null\" data-exlk=\"0\" id=\"evc_1571137200306\" class=\"desc_trig sin_val evcal_list_a\" data-ux_val=\"3\"  ><span class='evcal_cblock ' data-bgcolor='#c766a4' data-smon='Oktober' data-syr='2019'><span class='evo_start '><em class='date'>15<\/em><em class='month'>Okt.<\/em><em class='time'>11:00<\/em><\/span><span class='evo_end only_time'><em class='time'>12:30<\/em><\/span><em class='clear'><\/em><\/span><span class='evcal_desc evo_info hide_eventtopdata '  data-location_status=\"false\" ><span class='evo_above_title'><\/span><span class='evcal_desc2 evcal_event_title' itemprop='name'>Kinderrechte und Demokratie<\/span><span class='evo_below_title'><span class='evcal_event_subtitle' >Ein Workshop der UNICEF Hochschulgruppe<\/span><\/span><span class='evcal_desc_info' ><em class='evcal_time'>11:00 - 12:30<\/em> <em class=\"evcal_location\"  data-add_str=\"\"><em class=\"event_location_name\">Montessori Schule Passau<\/em><\/em><\/span><span class='evcal_desc3'><\/span><\/span><em class='clear'><\/em><\/a><\/p><div class='event_description evcal_eventcard ' style=\"display:none\"><div class='evo_metarow_directimg'><img class='evo_event_main_img' src='https:\/\/www.wochen-zur-demokratie.de\/archiv\/wp-content\/uploads\/2019\/07\/UnicefKInderrechte.jpg' \/><\/div><div class='evo_metarow_details evorow evcal_evdata_row bordb evcal_event_details'>\n\t\t\t\t\t\t\t<div class=\"event_excerpt\" style=\"display:none\"><h3 class=\"padb5 evo_h3\">Event Details<\/h3><p>Kinderrechte an der Montessori-Schule werden GROSS geschrieben!\r\n\r\nEs scheint so vieles selbstverst\u00e4ndlich, Recht auf Bildung, gute gesundheitliche Versorgung, Mitbestimmung in der eigenen Familie, Geh\u00f6r finden mit einer eigenen Meinung, Zeit zum<\/p><\/div><span class='evcal_evdata_icons'><i class='fa fa-align-justify'><\/i><\/span>\n\t\t\t\t\t\t\t\n\t\t\t\t\t\t\t<div class='evcal_evdata_cell shorter_desc'><div class='eventon_details_shading_bot'>\n\t\t\t\t\t\t\t\t<p class='eventon_shad_p' content='less'><span class='ev_more_text' data-txt='Weniger anzeigen'>Mehr anzeigen<\/span><span class='ev_more_arrow'><\/span><\/p>\n\t\t\t\t\t\t\t<\/div><div class='eventon_full_description'>\n\t\t\t\t\t\t\t\t\t<h3 class='padb5 evo_h3'><span class='evcal_evdata_icons'><i class='fa fa-align-justify'><\/i><\/span>Event Details<\/h3><div class='eventon_desc_in' itemprop='description'>\n\t\t\t\t\t\t\t\t\t<p>Kinderrechte an der Montessori-Schule werden GROSS geschrieben!<\/p>\n<p>Es scheint so vieles selbstverst\u00e4ndlich, Recht auf Bildung, gute gesundheitliche Versorgung, Mitbestimmung in der eigenen Familie, Geh\u00f6r finden mit einer eigenen Meinung, Zeit zum Spielen und vieles mehr. Nach einem kurzen Einblick in die Arbeit der Organisation UNICEF, wurde es sehr konkret, als die Kinder sich in Gruppenarbeit zusammenfanden und anhand informativer Texte f\u00fcnf unterschiedliche L\u00e4nder unter die Lupe nahmen.<\/p>\n<p>Wie sieht es in dem Land aus hinsichtlich der Einhaltung der Kinderrechte? Gibt es dort Demokratie?<\/p>\n<p>Dabei wurden nicht nur Namen fremder L\u00e4nder entdeckt, sondern auch das Leben der Kinder dort, welches unvorstellbar anders ist als hier in Passau. Kurze Pr\u00e4sentationen der Gruppenergebnisse rundeten den informativen Vormittag ab.<\/p>\n<\/div><div class='clear'><\/div>\n\t\t\t\t\t\t\t\t<\/div>\n\t\t\t\t\t\t\t<\/div>\n\t\t\t\t\t\t<\/div><div class='evo_metarow_organizer evorow evcal_evdata_row bordb evcal_evrow_sm '>\n\t\t\t\t\t\t\t<span class='evcal_evdata_icons'><i class='fa fa-address-book-o'><\/i><\/span>\n\t\t\t\t\t\t\t<div class='evcal_evdata_cell'>\t\t\t\t\t\t\t\n\t\t\t\t\t\t\t\t<h3 class='evo_h3'>Mitveranstalter \/ Partner<\/h3>\n\t\t\t\t\t\t\t\t<p class='evo_data_val evo_card_organizer_image'><img src='https:\/\/www.wochen-zur-demokratie.de\/archiv\/wp-content\/uploads\/2019\/08\/Logo-UNICEF-300x175.jpg'\/><\/p>\n\t\t\t\t\t\t\t\t<div class='evo_card_organizer'><p class='evo_data_val evo_card_organizer_name'>\n\t\t\t\t\t\t\t\t\t<span class='evo_card_organizer_name_t'><a target=\"_blank\" href='https:\/\/www.hochschulgruppe-passau.unicef.de'>UNICEF Hochschulgruppe<\/a><\/span>\n\t\t\t\t\t\t\t\t\t\n\t\t\t\t\t\t\t\t\t<\/p><\/div><div class='clear'><\/div>\t\t\t\t\t\t\t\n\t\t\t\t\t\t\t<\/div>\n\t\t\t\t\t\t<\/div>\t\t\t\t\t\t<div class='evo_metarow_ICS evorow bordb evcal_evdata_row'>\n\t\t\t\t\t\t\t<span class=\"evcal_evdata_icons\"><i class=\"fa fa-calendar\"><\/i><\/span>\n\t\t\t\t\t\t\t<div class='evcal_evdata_cell'>\n\t\t\t\t\t\t\t\t<p><a href='https:\/\/www.wochen-zur-demokratie.de\/archiv\/wp-admin\/admin-ajax.php?action=eventon_ics_download&amp;event_id=306&amp;ri=0' class='evo_ics_nCal' title='Zum Ihrem Kalender hinzuf\u00fcgen'>Zum Kalender hinzuf\u00fcgen<\/a><a href='\/\/www.google.com\/calendar\/event?action=TEMPLATE&amp;text=Kinderrechte+und+Demokratie&amp;dates=20191015T090000Z\/20191015T103000Z&amp;details=Kinderrechte+an+der+Montessori-Schule+werden+GROSS+geschrieben%21%0D%0A%0D%0AEs+scheint+so+vieles+selbstverst%C3%A4ndlich%2C+Recht+auf+Bildung%2C+gute+gesundheitliche+Versorgung%2C+Mitbestimmung+in+der+eigenen+Familie%2C+Geh%C3%B6r+finden+mit+einer+eigenen+Meinung%2C+Zeit+zum&amp;location=Montessori+Schule+Passau - ' target='_blank' class='evo_ics_gCal' title='Zum Ihrem Google-Kalender hinzuf\u00fcgen'>GoogleCal<\/a><\/p>\t\n\t\t\t\t\t\t\t<\/div>\n\t\t\t\t\t\t<\/div>\n\t\t\t\t\t\t<div class='bordb evo_metarow_socialmedia evcal_evdata_row  lastrow'><div class='evo_sm FacebookShare'><a class=\" evo_ss\" target=\"_blank\" onclick=\"javascript:window.open(this.href, '', 'left=50,top=50,width=600,height=350,toolbar=0');return false;\"\n\t\t\t\t\t\t\t\thref=\"http:\/\/www.facebook.com\/sharer.php?u=https%3A%2F%2Fwww.wochen-zur-demokratie.de%2Farchiv%2Fevents%2Fkinderrechte-und-demokratie%2F\" title=\"Diese Veranstaltung auf Facebook teilen\"><i class=\"fa fa-facebook\"><\/i><\/a><\/div><div class='evo_sm Twitter'><a class=\"tw evo_ss\" onclick=\"javascript:window.open(this.href, '', 'menubar=no,toolbar=no,resizable=yes,scrollbars=yes,height=300,width=600');return false;\" href=\"http:\/\/twitter.com\/intent\/tweet?text=Kinderrechte und Demokratie&#32;-&#32;&url=https%3A%2F%2Fwww.wochen-zur-demokratie.de%2Farchiv%2Fevents%2Fkinderrechte-und-demokratie%2F\" title=\"Diese Veranstaltung auf Twitter teilen\" rel=\"nofollow\" target=\"_blank\" data-url=\"https%3A%2F%2Fwww.wochen-zur-demokratie.de%2Farchiv%2Fevents%2Fkinderrechte-und-demokratie%2F\"><i class=\"fa fa-twitter\"><\/i><\/a><\/div><div class='evo_sm LinkedIn'><a class=\"li evo_ss\" href=\"http:\/\/www.linkedin.com\/shareArticle?mini=true&url=https%3A%2F%2Fwww.wochen-zur-demokratie.de%2Farchiv%2Fevents%2Fkinderrechte-und-demokratie%2F&title=Kinderrechte%20und%20Demokratie&summary=Kinderrechte+an+der+Montessori-Schule+werden+GROSS+geschrieben%21%0AEs+scheint+so+vieles+selbstverst%C3%A4ndlich%2C+Recht+auf+Bildung%2C+gute+gesundheitliche\" target=\"_blank\" title=\"Diese Veranstaltung auf Linkedin teilen\"><i class=\"fa fa-linkedin\"><\/i><\/a><\/div><div class='evo_sm EmailShare'><a class=\"em evo_ss\" href=\"mailto:?subject=Kinderrechte und Demokratie&body=Event Name: Kinderrechte und Demokratie%0AEvent Date: 15\/10\/2019 11:00 - 12:30%0ALink: https%3A%2F%2Fwww.wochen-zur-demokratie.de%2Farchiv%2Fevents%2Fkinderrechte-und-demokratie%2F%0A\" target=\"_blank\"><i class=\"fa fa-envelope\"><\/i><\/a><\/div><div class='clear'><\/div><div class='evcal_evdata_row evcal_close' title='Close'><\/div><\/div><div class='evo_card_row_end evcal_close' title='Close'><\/div><\/div><div class='clear end'><\/div><\/div><div style=\"background-color: #c766a4;height: 275px;\" id=\"event_416\" class=\"eventon_list_event evo_eventtop past_event event event_416_0\" data-event_id=\"416\" data-ri=\"0r\" data-time=\"1571155200-1571183400\" data-colr=\"#c766a4\" itemscope itemtype='http:\/\/schema.org\/Event'><div class=\"evo_event_schema\" style=\"display:none\" ><a itemprop='url'  href='https:\/\/www.wochen-zur-demokratie.de\/archiv\/events\/demokratie-erleben\/'><\/a><span itemprop='name'  >Demokratie erleben<\/span><meta itemprop='image' content=\"https:\/\/www.wochen-zur-demokratie.de\/archiv\/wp-content\/uploads\/2019\/08\/Nikolaschule-web.jpg\" \/><meta itemprop='description' content=\"In der Schule lernen Sch\u00fcler und Sch\u00fclerinnen f\u00fcrs Leben, und politische Bildung geh\u00f6rt dazu. Wie das Thema Demokratie in den einzelnen Jahrgangsstufen der Mittelschule St. Nikola aufgegriffen wird und welche\" \/><meta itemprop='startDate' content=\"2019-10-15T16:00\" \/><meta itemprop='endDate' content=\"2019-10-15T23:50\" \/><meta itemprop='eventStatus' content=\"on-schedule\" \/><script type=\"application\/ld+json\">{\t\"@context\": \"http:\/\/schema.org\",\n\t\t\t\t\t\t\t  \t\"@type\": \"Event\",\n\t\t\t\t\t\t\t  \t\"name\": \"Demokratie erleben\",\n\t\t\t\t\t\t\t  \t\"startDate\": \"2019-10-15T16-16-00-00\",\n\t\t\t\t\t\t\t  \t\"endDate\": \"2019-10-15T23-23-50-00\",\n\t\t\t\t\t\t\t  \t\"image\":\"https:\/\/www.wochen-zur-demokratie.de\/archiv\/wp-content\/uploads\/2019\/08\/Nikolaschule-web.jpg\",\n\t\t\t\t\t\t\t  \t\"description\":\"In der Schule lernen Sch\u00fcler und Sch\u00fclerinnen f\u00fcrs Leben, und politische Bildung geh\u00f6rt dazu. Wie das Thema Demokratie in den einzelnen Jahrgangsstufen der Mittelschule St. Nikola aufgegriffen wird und welche\"\n\t\t\t\t\t\t\t  \t\n\t\t\t\t\t\t\t }<\/script><\/div>\n\t\t\t\t<p class=\"desc_trig_outter\"><a data-gmap_status=\"null\" data-gmtrig=\"1\" data-exlk=\"0\" id=\"evc_1571155200416\" class=\"desc_trig sin_val evcal_list_a\" data-ux_val=\"3\"  ><span class='evcal_cblock ' data-bgcolor='#c766a4' data-smon='Oktober' data-syr='2019'><span class='evo_start '><em class='date'>15<\/em><em class='month'>Okt.<\/em><em class='time'>16:00<\/em><\/span><em class='clear'><\/em><\/span><span class='evcal_desc evo_info hide_eventtopdata '  data-location_status=\"false\" ><span class='evo_above_title'><\/span><span class='evcal_desc2 evcal_event_title' itemprop='name'>Demokratie erleben<\/span><span class='evo_below_title'><span class='evcal_event_subtitle' >\u00d6ffentliche Ausstellung an der Mittelschule St. Nikola<\/span><\/span><span class='evcal_desc_info' ><em class='evcal_time'>16:00<\/em> <em class=\"evcal_location\"  data-add_str=\"\"><em class=\"event_location_name\">Mittelschule St. Nikola<\/em><\/em><\/span><span class='evcal_desc3'><\/span><\/span><em class='clear'><\/em><\/a><\/p><div class='event_description evcal_eventcard ' style=\"display:none\"><div class='evo_metarow_directimg'><img class='evo_event_main_img' src='https:\/\/www.wochen-zur-demokratie.de\/archiv\/wp-content\/uploads\/2019\/08\/Nikolaschule-web.jpg' \/><\/div><div class='evo_metarow_details evorow evcal_evdata_row bordb evcal_event_details'>\n\t\t\t\t\t\t\t<div class=\"event_excerpt\" style=\"display:none\"><h3 class=\"padb5 evo_h3\">Event Details<\/h3><p>In der Schule lernen Sch\u00fcler und Sch\u00fclerinnen f\u00fcrs Leben, und politische Bildung geh\u00f6rt dazu. Wie das Thema Demokratie in den einzelnen Jahrgangsstufen der Mittelschule St. Nikola aufgegriffen wird und welche<\/p><\/div><span class='evcal_evdata_icons'><i class='fa fa-align-justify'><\/i><\/span>\n\t\t\t\t\t\t\t\n\t\t\t\t\t\t\t<div class='evcal_evdata_cell '><div class='eventon_full_description'>\n\t\t\t\t\t\t\t\t\t<h3 class='padb5 evo_h3'><span class='evcal_evdata_icons'><i class='fa fa-align-justify'><\/i><\/span>Event Details<\/h3><div class='eventon_desc_in' itemprop='description'>\n\t\t\t\t\t\t\t\t\t<p>In der Schule lernen Sch\u00fcler und Sch\u00fclerinnen f\u00fcrs Leben, und politische Bildung geh\u00f6rt dazu. Wie das Thema Demokratie in den einzelnen Jahrgangsstufen der Mittelschule St. Nikola aufgegriffen wird und welche Lernwege Lehrer mit ihren Sch\u00fclern gehen, das zeigten Ausstellungsst\u00fccke und Dokumentationen, die von den Sch\u00fclern selbst erl\u00e4utert wurden.<\/p>\n<\/div><div class='clear'><\/div>\n\t\t\t\t\t\t\t\t<\/div>\n\t\t\t\t\t\t\t<\/div>\n\t\t\t\t\t\t<\/div><div class='evo_metarow_organizer evorow evcal_evdata_row bordb evcal_evrow_sm '>\n\t\t\t\t\t\t\t<span class='evcal_evdata_icons'><i class='fa fa-address-book-o'><\/i><\/span>\n\t\t\t\t\t\t\t<div class='evcal_evdata_cell'>\t\t\t\t\t\t\t\n\t\t\t\t\t\t\t\t<h3 class='evo_h3'>Mitveranstalter \/ Partner<\/h3>\n\t\t\t\t\t\t\t\t<p class='evo_data_val evo_card_organizer_image'><img src='https:\/\/www.wochen-zur-demokratie.de\/archiv\/wp-content\/uploads\/2019\/08\/Logo-st-nikola-300x66.jpg'\/><\/p>\n\t\t\t\t\t\t\t\t<div class='evo_card_organizer'><p class='evo_data_val evo_card_organizer_name'>\n\t\t\t\t\t\t\t\t\t<span class='evo_card_organizer_name_t'>Mittelschule St. Nikola<\/span>\n\t\t\t\t\t\t\t\t\t\n\t\t\t\t\t\t\t\t\t<\/p><\/div><div class='clear'><\/div>\t\t\t\t\t\t\t\n\t\t\t\t\t\t\t<\/div>\n\t\t\t\t\t\t<\/div>\t\t\t\t\t\t<div class='evo_metarow_ICS evorow bordb evcal_evdata_row'>\n\t\t\t\t\t\t\t<span class=\"evcal_evdata_icons\"><i class=\"fa fa-calendar\"><\/i><\/span>\n\t\t\t\t\t\t\t<div class='evcal_evdata_cell'>\n\t\t\t\t\t\t\t\t<p><a href='https:\/\/www.wochen-zur-demokratie.de\/archiv\/wp-admin\/admin-ajax.php?action=eventon_ics_download&amp;event_id=416&amp;ri=0' class='evo_ics_nCal' title='Zum Ihrem Kalender hinzuf\u00fcgen'>Zum Kalender hinzuf\u00fcgen<\/a><a href='\/\/www.google.com\/calendar\/event?action=TEMPLATE&amp;text=Demokratie+erleben&amp;dates=20191015T140000Z\/20191015T215000Z&amp;details=In+der+Schule+lernen+Sch%C3%BCler+und+Sch%C3%BClerinnen+f%C3%BCrs+Leben%2C+und+politische+Bildung+geh%C3%B6rt+dazu.+Wie+das+Thema+Demokratie+in+den+einzelnen+Jahrgangsstufen+der+Mittelschule+St.+Nikola+aufgegriffen+wird+und+welche&amp;location=Mittelschule+St.+Nikola - ' target='_blank' class='evo_ics_gCal' title='Zum Ihrem Google-Kalender hinzuf\u00fcgen'>GoogleCal<\/a><\/p>\t\n\t\t\t\t\t\t\t<\/div>\n\t\t\t\t\t\t<\/div>\n\t\t\t\t\t\t<div class='bordb evo_metarow_socialmedia evcal_evdata_row  lastrow'><div class='evo_sm FacebookShare'><a class=\" evo_ss\" target=\"_blank\" onclick=\"javascript:window.open(this.href, '', 'left=50,top=50,width=600,height=350,toolbar=0');return false;\"\n\t\t\t\t\t\t\t\thref=\"http:\/\/www.facebook.com\/sharer.php?u=https%3A%2F%2Fwww.wochen-zur-demokratie.de%2Farchiv%2Fevents%2Fdemokratie-erleben%2F\" title=\"Diese Veranstaltung auf Facebook teilen\"><i class=\"fa fa-facebook\"><\/i><\/a><\/div><div class='evo_sm Twitter'><a class=\"tw evo_ss\" onclick=\"javascript:window.open(this.href, '', 'menubar=no,toolbar=no,resizable=yes,scrollbars=yes,height=300,width=600');return false;\" href=\"http:\/\/twitter.com\/intent\/tweet?text=Demokratie erleben&#32;-&#32;&url=https%3A%2F%2Fwww.wochen-zur-demokratie.de%2Farchiv%2Fevents%2Fdemokratie-erleben%2F\" title=\"Diese Veranstaltung auf Twitter teilen\" rel=\"nofollow\" target=\"_blank\" data-url=\"https%3A%2F%2Fwww.wochen-zur-demokratie.de%2Farchiv%2Fevents%2Fdemokratie-erleben%2F\"><i class=\"fa fa-twitter\"><\/i><\/a><\/div><div class='evo_sm LinkedIn'><a class=\"li evo_ss\" href=\"http:\/\/www.linkedin.com\/shareArticle?mini=true&url=https%3A%2F%2Fwww.wochen-zur-demokratie.de%2Farchiv%2Fevents%2Fdemokratie-erleben%2F&title=Demokratie%20erleben&summary=In+der+Schule+lernen+Sch%C3%BCler+und+Sch%C3%BClerinnen+f%C3%BCrs+Leben%2C+und+politische+Bildung+geh%C3%B6rt+dazu.+Wie+das\" target=\"_blank\" title=\"Diese Veranstaltung auf Linkedin teilen\"><i class=\"fa fa-linkedin\"><\/i><\/a><\/div><div class='evo_sm EmailShare'><a class=\"em evo_ss\" href=\"mailto:?subject=Demokratie erleben&body=Event Name: Demokratie erleben%0AEvent Date: 15\/10\/2019 16:00%0ALink: https%3A%2F%2Fwww.wochen-zur-demokratie.de%2Farchiv%2Fevents%2Fdemokratie-erleben%2F%0A\" target=\"_blank\"><i class=\"fa fa-envelope\"><\/i><\/a><\/div><div class='clear'><\/div><div class='evcal_evdata_row evcal_close' title='Close'><\/div><\/div><div class='evo_card_row_end evcal_close' title='Close'><\/div><\/div><div class='clear end'><\/div><\/div><div style=\"background-color: #c766a4;height: 275px;\" id=\"event_160\" class=\"eventon_list_event evo_eventtop past_event event event_160_0\" data-event_id=\"160\" data-ri=\"0r\" data-time=\"1571164200-1571175000\" data-colr=\"#c766a4\" itemscope itemtype='http:\/\/schema.org\/Event'><div class=\"evo_event_schema\" style=\"display:none\" ><a itemprop='url'  href='https:\/\/www.wochen-zur-demokratie.de\/archiv\/events\/lasst-uns-reden-wie-wir-demokratie-leben\/'><\/a><span itemprop='name'  >Lasst uns reden!<\/span><meta itemprop='image'  \/><meta itemprop='description' content=\"Der Workshop fand leider nicht statt.\" \/><meta itemprop='startDate' content=\"2019-10-15T18:30\" \/><meta itemprop='endDate' content=\"2019-10-15T21:30\" \/><meta itemprop='eventStatus' content=\"on-schedule\" \/><script type=\"application\/ld+json\">{\t\"@context\": \"http:\/\/schema.org\",\n\t\t\t\t\t\t\t  \t\"@type\": \"Event\",\n\t\t\t\t\t\t\t  \t\"name\": \"Lasst uns reden!\",\n\t\t\t\t\t\t\t  \t\"startDate\": \"2019-10-15T18-18-30-00\",\n\t\t\t\t\t\t\t  \t\"endDate\": \"2019-10-15T21-21-30-00\",\n\t\t\t\t\t\t\t  \t\"image\":\"https:\/\/www.wochen-zur-demokratie.de\/archiv\/events\/lasst-uns-reden-wie-wir-demokratie-leben\/\",\n\t\t\t\t\t\t\t  \t\"description\":\"Der Workshop fand leider nicht statt.\"\n\t\t\t\t\t\t\t  \t\n\t\t\t\t\t\t\t }<\/script><\/div>\n\t\t\t\t<p class=\"desc_trig_outter\"><a data-gmap_status=\"null\" data-exlk=\"0\" id=\"evc_1571164200160\" class=\"desc_trig sin_val evcal_list_a\" data-ux_val=\"3\"  ><span class='evcal_cblock ' data-bgcolor='#c766a4' data-smon='Oktober' data-syr='2019'><span class='evo_start '><em class='date'>15<\/em><em class='month'>Okt.<\/em><em class='time'>18:30<\/em><\/span><span class='evo_end only_time'><em class='time'>21:30<\/em><\/span><em class='clear'><\/em><\/span><span class='evcal_desc evo_info hide_eventtopdata '  data-location_status=\"false\" ><span class='evo_above_title'><\/span><span class='evcal_desc2 evcal_event_title' itemprop='name'>Lasst uns reden!<\/span><span class='evo_below_title'><span class='evcal_event_subtitle' >Wie wir Demokratie leben \u2013 Workshop<\/span><\/span><span class='evcal_desc_info' ><em class='evcal_time'>18:30 - 21:30<\/em> <em class=\"evcal_location\"  data-add_str=\"\"><em class=\"event_location_name\">Europa-B\u00fccherei<\/em><\/em><\/span><span class='evcal_desc3'><\/span><\/span><em class='clear'><\/em><\/a><\/p><div class='event_description evcal_eventcard ' style=\"display:none\"><div class='evo_metarow_details evorow evcal_evdata_row bordb evcal_event_details'>\n\t\t\t\t\t\t\t<div class=\"event_excerpt\" style=\"display:none\"><h3 class=\"padb5 evo_h3\">Event Details<\/h3><p>Der Workshop fand leider nicht statt.<\/p><\/div><span class='evcal_evdata_icons'><i class='fa fa-align-justify'><\/i><\/span>\n\t\t\t\t\t\t\t\n\t\t\t\t\t\t\t<div class='evcal_evdata_cell '><div class='eventon_full_description'>\n\t\t\t\t\t\t\t\t\t<h3 class='padb5 evo_h3'><span class='evcal_evdata_icons'><i class='fa fa-align-justify'><\/i><\/span>Event Details<\/h3><div class='eventon_desc_in' itemprop='description'>\n\t\t\t\t\t\t\t\t\t<p>Der Workshop fand leider nicht statt.<\/p>\n<\/div><div class='clear'><\/div>\n\t\t\t\t\t\t\t\t<\/div>\n\t\t\t\t\t\t\t<\/div>\n\t\t\t\t\t\t<\/div><div class='evo_metarow_organizer evorow evcal_evdata_row bordb evcal_evrow_sm '>\n\t\t\t\t\t\t\t<span class='evcal_evdata_icons'><i class='fa fa-address-book-o'><\/i><\/span>\n\t\t\t\t\t\t\t<div class='evcal_evdata_cell'>\t\t\t\t\t\t\t\n\t\t\t\t\t\t\t\t<h3 class='evo_h3'>Mitveranstalter \/ Partner<\/h3>\n\t\t\t\t\t\t\t\t\n\t\t\t\t\t\t\t\t<div class='evo_card_organizer'><p class='evo_data_val evo_card_organizer_name'>\n\t\t\t\t\t\t\t\t\t<span class='evo_card_organizer_name_t'>Gesine Hirtler-Rieger<\/span><span class='evo_card_organizer_description'>Journalistin, Trainerin f\u00fcr Biografiearbeit<\/span>\n\t\t\t\t\t\t\t\t\t\n\t\t\t\t\t\t\t\t\t<\/p><\/div><div class='clear'><\/div>\t\t\t\t\t\t\t\n\t\t\t\t\t\t\t<\/div>\n\t\t\t\t\t\t<\/div>\t\t\t\t\t\t<div class='evo_metarow_ICS evorow bordb evcal_evdata_row'>\n\t\t\t\t\t\t\t<span class=\"evcal_evdata_icons\"><i class=\"fa fa-calendar\"><\/i><\/span>\n\t\t\t\t\t\t\t<div class='evcal_evdata_cell'>\n\t\t\t\t\t\t\t\t<p><a href='https:\/\/www.wochen-zur-demokratie.de\/archiv\/wp-admin\/admin-ajax.php?action=eventon_ics_download&amp;event_id=160&amp;ri=0' class='evo_ics_nCal' title='Zum Ihrem Kalender hinzuf\u00fcgen'>Zum Kalender hinzuf\u00fcgen<\/a><a href='\/\/www.google.com\/calendar\/event?action=TEMPLATE&amp;text=Lasst+uns+reden%21&amp;dates=20191015T163000Z\/20191015T193000Z&amp;details=Der+Workshop+fand+leider+nicht+statt.&amp;location=Europa-B%C3%BCcherei - ' target='_blank' class='evo_ics_gCal' title='Zum Ihrem Google-Kalender hinzuf\u00fcgen'>GoogleCal<\/a><\/p>\t\n\t\t\t\t\t\t\t<\/div>\n\t\t\t\t\t\t<\/div>\n\t\t\t\t\t\t<div class='bordb evo_metarow_socialmedia evcal_evdata_row  lastrow'><div class='evo_sm FacebookShare'><a class=\" evo_ss\" target=\"_blank\" onclick=\"javascript:window.open(this.href, '', 'left=50,top=50,width=600,height=350,toolbar=0');return false;\"\n\t\t\t\t\t\t\t\thref=\"http:\/\/www.facebook.com\/sharer.php?u=https%3A%2F%2Fwww.wochen-zur-demokratie.de%2Farchiv%2Fevents%2Flasst-uns-reden-wie-wir-demokratie-leben%2F\" title=\"Diese Veranstaltung auf Facebook teilen\"><i class=\"fa fa-facebook\"><\/i><\/a><\/div><div class='evo_sm Twitter'><a class=\"tw evo_ss\" onclick=\"javascript:window.open(this.href, '', 'menubar=no,toolbar=no,resizable=yes,scrollbars=yes,height=300,width=600');return false;\" href=\"http:\/\/twitter.com\/intent\/tweet?text=Lasst uns reden!&#32;-&#32;&url=https%3A%2F%2Fwww.wochen-zur-demokratie.de%2Farchiv%2Fevents%2Flasst-uns-reden-wie-wir-demokratie-leben%2F\" title=\"Diese Veranstaltung auf Twitter teilen\" rel=\"nofollow\" target=\"_blank\" data-url=\"https%3A%2F%2Fwww.wochen-zur-demokratie.de%2Farchiv%2Fevents%2Flasst-uns-reden-wie-wir-demokratie-leben%2F\"><i class=\"fa fa-twitter\"><\/i><\/a><\/div><div class='evo_sm LinkedIn'><a class=\"li evo_ss\" href=\"http:\/\/www.linkedin.com\/shareArticle?mini=true&url=https%3A%2F%2Fwww.wochen-zur-demokratie.de%2Farchiv%2Fevents%2Flasst-uns-reden-wie-wir-demokratie-leben%2F&title=Lasst%20uns%20reden%21&summary=Der+Workshop+fand+leider+nicht+statt.%0A\" target=\"_blank\" title=\"Diese Veranstaltung auf Linkedin teilen\"><i class=\"fa fa-linkedin\"><\/i><\/a><\/div><div class='evo_sm EmailShare'><a class=\"em evo_ss\" href=\"mailto:?subject=Lasst uns reden!&body=Event Name: Lasst uns reden!%0AEvent Date: 15\/10\/2019 18:30 - 21:30%0ALink: https%3A%2F%2Fwww.wochen-zur-demokratie.de%2Farchiv%2Fevents%2Flasst-uns-reden-wie-wir-demokratie-leben%2F%0A\" target=\"_blank\"><i class=\"fa fa-envelope\"><\/i><\/a><\/div><div class='clear'><\/div><div class='evcal_evdata_row evcal_close' title='Close'><\/div><\/div><div class='evo_card_row_end evcal_close' title='Close'><\/div><\/div><div class='clear end'><\/div><\/div><div style=\"background-color: #c766a4;height: 275px;\" id=\"event_162\" class=\"eventon_list_event evo_eventtop past_event event event_162_0\" data-event_id=\"162\" data-ri=\"0r\" data-time=\"1571169600-1571176800\" data-colr=\"#c766a4\" itemscope itemtype='http:\/\/schema.org\/Event'><div class=\"evo_event_schema\" style=\"display:none\" ><a itemprop='url'  href='https:\/\/www.wochen-zur-demokratie.de\/archiv\/events\/gegen-stammtischparolen-und-demokratiefeinde\/'><\/a><span itemprop='name'  >Gegen Stammtischparolen und Demokratiefeinde<\/span><meta itemprop='image' content=\"https:\/\/www.wochen-zur-demokratie.de\/archiv\/wp-content\/uploads\/2019\/10\/191015-stammtisch-2.jpg\" \/><meta itemprop='description' content=\"Der Andrang und das Interesse am Workshop \u201eGegen Stammtischparolen und Demokratiefeinde von dem Verein \u201eGemeinsam leben und lernen in Europa\u201c war gro\u00df. An die 50 Teilnehmerinnen und Teilnehmer, von jung\" \/><meta itemprop='startDate' content=\"2019-10-15T20:00\" \/><meta itemprop='endDate' content=\"2019-10-15T22:00\" \/><meta itemprop='eventStatus' content=\"on-schedule\" \/><script type=\"application\/ld+json\">{\t\"@context\": \"http:\/\/schema.org\",\n\t\t\t\t\t\t\t  \t\"@type\": \"Event\",\n\t\t\t\t\t\t\t  \t\"name\": \"Gegen Stammtischparolen und Demokratiefeinde\",\n\t\t\t\t\t\t\t  \t\"startDate\": \"2019-10-15T20-20-00-00\",\n\t\t\t\t\t\t\t  \t\"endDate\": \"2019-10-15T22-22-00-00\",\n\t\t\t\t\t\t\t  \t\"image\":\"https:\/\/www.wochen-zur-demokratie.de\/archiv\/wp-content\/uploads\/2019\/10\/191015-stammtisch-2.jpg\",\n\t\t\t\t\t\t\t  \t\"description\":\"Der Andrang und das Interesse am Workshop \u201eGegen Stammtischparolen und Demokratiefeinde von dem Verein \u201eGemeinsam leben und lernen in Europa\u201c war gro\u00df. An die 50 Teilnehmerinnen und Teilnehmer, von jung\"\n\t\t\t\t\t\t\t  \t\n\t\t\t\t\t\t\t }<\/script><\/div>\n\t\t\t\t<p class=\"desc_trig_outter\"><a data-gmap_status=\"null\" data-exlk=\"0\" id=\"evc_1571169600162\" class=\"desc_trig sin_val evcal_list_a\" data-ux_val=\"3\"  ><span class='evcal_cblock ' data-bgcolor='#c766a4' data-smon='Oktober' data-syr='2019'><span class='evo_start '><em class='date'>15<\/em><em class='month'>Okt.<\/em><em class='time'>20:00<\/em><\/span><span class='evo_end only_time'><em class='time'>22:00<\/em><\/span><em class='clear'><\/em><\/span><span class='evcal_desc evo_info hide_eventtopdata '  data-location_status=\"false\" ><span class='evo_above_title'><\/span><span class='evcal_desc2 evcal_event_title' itemprop='name'>Gegen Stammtischparolen und Demokratiefeinde<\/span><span class='evo_below_title'><span class='evcal_event_subtitle' >Argumentationstraining mit Perdita Wingerter und Franz Hauber<\/span><\/span><span class='evcal_desc_info' ><em class='evcal_time'>20:00 - 22:00<\/em> <em class=\"evcal_location\"  data-add_str=\"\"><em class=\"event_location_name\">Seminarr\u00e4ume Lederergasse 1, Passau<\/em><\/em><\/span><span class='evcal_desc3'><\/span><\/span><em class='clear'><\/em><\/a><\/p><div class='event_description evcal_eventcard ' style=\"display:none\"><div class='evo_metarow_directimg'><img class='evo_event_main_img' src='https:\/\/www.wochen-zur-demokratie.de\/archiv\/wp-content\/uploads\/2019\/10\/191015-stammtisch-2.jpg' \/><\/div><div class='evo_event_images'><span class='evo_event_more_img select'><img title='' src='https:\/\/www.wochen-zur-demokratie.de\/archiv\/wp-content\/uploads\/2019\/10\/191015-stammtisch-2.jpg' data-f='https:\/\/www.wochen-zur-demokratie.de\/archiv\/wp-content\/uploads\/2019\/10\/191015-stammtisch-2.jpg'\/><\/span><span class='evo_event_more_img '><img title='' src='https:\/\/www.wochen-zur-demokratie.de\/archiv\/wp-content\/uploads\/2019\/10\/191015-stammtisch-1-150x150.jpg' data-f='https:\/\/www.wochen-zur-demokratie.de\/archiv\/wp-content\/uploads\/2019\/10\/191015-stammtisch-1.jpg' data-h='385' data-w='650'\/><\/span><\/div><div class='evo_metarow_details evorow evcal_evdata_row bordb evcal_event_details'>\n\t\t\t\t\t\t\t<div class=\"event_excerpt\" style=\"display:none\"><h3 class=\"padb5 evo_h3\">Event Details<\/h3><p>Der Andrang und das Interesse am Workshop \u201eGegen Stammtischparolen und Demokratiefeinde von dem Verein \u201eGemeinsam leben und lernen in Europa\u201c war gro\u00df. An die 50 Teilnehmerinnen und Teilnehmer, von jung<\/p><\/div><span class='evcal_evdata_icons'><i class='fa fa-align-justify'><\/i><\/span>\n\t\t\t\t\t\t\t\n\t\t\t\t\t\t\t<div class='evcal_evdata_cell shorter_desc'><div class='eventon_details_shading_bot'>\n\t\t\t\t\t\t\t\t<p class='eventon_shad_p' content='less'><span class='ev_more_text' data-txt='Weniger anzeigen'>Mehr anzeigen<\/span><span class='ev_more_arrow'><\/span><\/p>\n\t\t\t\t\t\t\t<\/div><div class='eventon_full_description'>\n\t\t\t\t\t\t\t\t\t<h3 class='padb5 evo_h3'><span class='evcal_evdata_icons'><i class='fa fa-align-justify'><\/i><\/span>Event Details<\/h3><div class='eventon_desc_in' itemprop='description'>\n\t\t\t\t\t\t\t\t\t<p>Der Andrang und das Interesse am Workshop \u201eGegen Stammtischparolen und Demokratiefeinde von dem Verein \u201eGemeinsam leben und lernen in Europa\u201c war gro\u00df. An die 50 Teilnehmerinnen und Teilnehmer, von jung bis alt, suchten sich ein Pl\u00e4tzchen und r\u00fcckten in dem gro\u00dfen Kuppelsaal des Vereins in der Lederergasse zusammen. Gemeinsam mit <strong>Franz Hauber<\/strong> zeigte <strong>Perdita Wingerter<\/strong> nicht nur typische Stammtischparolen auf, sondern machte auch ihre Gemeinsamkeiten deutlich und wie sie funktionieren. Anhand praktischer Tipps konnten die Teilnehmer und Teilnehmerinnen in kleinen Teams \u00fcben, auf Stammtischparolen richtig zu reagieren. Daf\u00fcr gaben ihnen Perdita Wingerter und Franz Hauber bestimmte <strong>Kommunikationstechniken und Entscheidungshilfen<\/strong> in die Hand. Die Trainer schafften es, den Teilnehmenden Mut zu machen und sie darin zu best\u00e4rken, ihre Stimme zu erheben und den Parolen etwas entgegenzusetzen.<\/p>\n<\/div><div class='clear'><\/div>\n\t\t\t\t\t\t\t\t<\/div>\n\t\t\t\t\t\t\t<\/div>\n\t\t\t\t\t\t<\/div><div class='evo_metarow_organizer evorow evcal_evdata_row bordb evcal_evrow_sm '>\n\t\t\t\t\t\t\t<span class='evcal_evdata_icons'><i class='fa fa-address-book-o'><\/i><\/span>\n\t\t\t\t\t\t\t<div class='evcal_evdata_cell'>\t\t\t\t\t\t\t\n\t\t\t\t\t\t\t\t<h3 class='evo_h3'>Mitveranstalter \/ Partner<\/h3>\n\t\t\t\t\t\t\t\t<p class='evo_data_val evo_card_organizer_image'><img src='https:\/\/www.wochen-zur-demokratie.de\/archiv\/wp-content\/uploads\/2019\/07\/logo-lebenundlernenineuropa.jpg'\/><\/p>\n\t\t\t\t\t\t\t\t<div class='evo_card_organizer'><p class='evo_data_val evo_card_organizer_name'>\n\t\t\t\t\t\t\t\t\t<span class='evo_card_organizer_name_t'>Gemeinsam leben und lernen in Europa e.V.<\/span>\n\t\t\t\t\t\t\t\t\t\n\t\t\t\t\t\t\t\t\t<\/p><\/div><div class='clear'><\/div>\t\t\t\t\t\t\t\n\t\t\t\t\t\t\t<\/div>\n\t\t\t\t\t\t<\/div>\t\t\t\t\t\t<div class='evo_metarow_ICS evorow bordb evcal_evdata_row'>\n\t\t\t\t\t\t\t<span class=\"evcal_evdata_icons\"><i class=\"fa fa-calendar\"><\/i><\/span>\n\t\t\t\t\t\t\t<div class='evcal_evdata_cell'>\n\t\t\t\t\t\t\t\t<p><a href='https:\/\/www.wochen-zur-demokratie.de\/archiv\/wp-admin\/admin-ajax.php?action=eventon_ics_download&amp;event_id=162&amp;ri=0' class='evo_ics_nCal' title='Zum Ihrem Kalender hinzuf\u00fcgen'>Zum Kalender hinzuf\u00fcgen<\/a><a href='\/\/www.google.com\/calendar\/event?action=TEMPLATE&amp;text=Gegen+Stammtischparolen+und+Demokratiefeinde&amp;dates=20191015T180000Z\/20191015T200000Z&amp;details=Der+Andrang+und+das+Interesse+am+Workshop+%E2%80%9EGegen+Stammtischparolen+und+Demokratiefeinde+von+dem+Verein+%E2%80%9EGemeinsam+leben+und+lernen+in+Europa%E2%80%9C+war+gro%C3%9F.+An+die+50+Teilnehmerinnen+und+Teilnehmer%2C+von+jung&amp;location=Seminarr%C3%A4ume+Lederergasse+1%2C+Passau - ' target='_blank' class='evo_ics_gCal' title='Zum Ihrem Google-Kalender hinzuf\u00fcgen'>GoogleCal<\/a><\/p>\t\n\t\t\t\t\t\t\t<\/div>\n\t\t\t\t\t\t<\/div>\n\t\t\t\t\t\t<div class='bordb evo_metarow_socialmedia evcal_evdata_row  lastrow'><div class='evo_sm FacebookShare'><a class=\" evo_ss\" target=\"_blank\" onclick=\"javascript:window.open(this.href, '', 'left=50,top=50,width=600,height=350,toolbar=0');return false;\"\n\t\t\t\t\t\t\t\thref=\"http:\/\/www.facebook.com\/sharer.php?u=https%3A%2F%2Fwww.wochen-zur-demokratie.de%2Farchiv%2Fevents%2Fgegen-stammtischparolen-und-demokratiefeinde%2F\" title=\"Diese Veranstaltung auf Facebook teilen\"><i class=\"fa fa-facebook\"><\/i><\/a><\/div><div class='evo_sm Twitter'><a class=\"tw evo_ss\" onclick=\"javascript:window.open(this.href, '', 'menubar=no,toolbar=no,resizable=yes,scrollbars=yes,height=300,width=600');return false;\" href=\"http:\/\/twitter.com\/intent\/tweet?text=Gegen Stammtischparolen und Demokratiefeinde&#32;-&#32;&url=https%3A%2F%2Fwww.wochen-zur-demokratie.de%2Farchiv%2Fevents%2Fgegen-stammtischparolen-und-demokratiefeinde%2F\" title=\"Diese Veranstaltung auf Twitter teilen\" rel=\"nofollow\" target=\"_blank\" data-url=\"https%3A%2F%2Fwww.wochen-zur-demokratie.de%2Farchiv%2Fevents%2Fgegen-stammtischparolen-und-demokratiefeinde%2F\"><i class=\"fa fa-twitter\"><\/i><\/a><\/div><div class='evo_sm LinkedIn'><a class=\"li evo_ss\" href=\"http:\/\/www.linkedin.com\/shareArticle?mini=true&url=https%3A%2F%2Fwww.wochen-zur-demokratie.de%2Farchiv%2Fevents%2Fgegen-stammtischparolen-und-demokratiefeinde%2F&title=Gegen%20Stammtischparolen%20und%20Demokratiefeinde&summary=Der+Andrang+und+das+Interesse+am+Workshop+%E2%80%9EGegen+Stammtischparolen+und+Demokratiefeinde+von+dem+Verein+%E2%80%9EGemeinsam+leben\" target=\"_blank\" title=\"Diese Veranstaltung auf Linkedin teilen\"><i class=\"fa fa-linkedin\"><\/i><\/a><\/div><div class='evo_sm EmailShare'><a class=\"em evo_ss\" href=\"mailto:?subject=Gegen Stammtischparolen und Demokratiefeinde&body=Event Name: Gegen Stammtischparolen und Demokratiefeinde%0AEvent Date: 15\/10\/2019 20:00 - 22:00%0ALink: https%3A%2F%2Fwww.wochen-zur-demokratie.de%2Farchiv%2Fevents%2Fgegen-stammtischparolen-und-demokratiefeinde%2F%0A\" target=\"_blank\"><i class=\"fa fa-envelope\"><\/i><\/a><\/div><div class='clear'><\/div><div class='evcal_evdata_row evcal_close' title='Close'><\/div><\/div><div class='evo_card_row_end evcal_close' title='Close'><\/div><\/div><div class='clear end'><\/div><\/div><div style=\"background-color: #c766a4;height: 275px;\" id=\"event_261\" class=\"eventon_list_event evo_eventtop past_event event event_261_0\" data-event_id=\"261\" data-ri=\"0r\" data-time=\"1571214600-1571230800\" data-colr=\"#c766a4\" itemscope itemtype='http:\/\/schema.org\/Event'><div class=\"evo_event_schema\" style=\"display:none\" ><a itemprop='url'  href='https:\/\/www.wochen-zur-demokratie.de\/archiv\/events\/ich-will-das-was-du-nicht-willst-2\/'><\/a><span itemprop='name'  >Ich will das, was du nicht willst<\/span><meta itemprop='image' content=\"https:\/\/www.wochen-zur-demokratie.de\/archiv\/wp-content\/uploads\/2019\/10\/191014-puppenspiel-1.jpg\" \/><meta itemprop='description' content=\"Wer bekommt im neuen Haus das gr\u00f6\u00dfte Zimmer? Diese Frage stellt sich f\u00fcr Familie K\u00f6nig, die dieser Herausforderung auf demokratische Weise gerecht werden will. Da wird diskutiert, abgestimmt, argumentiert, erneut\" \/><meta itemprop='startDate' content=\"2019-10-16T08:30\" \/><meta itemprop='endDate' content=\"2019-10-16T13:00\" \/><meta itemprop='eventStatus' content=\"on-schedule\" \/><script type=\"application\/ld+json\">{\t\"@context\": \"http:\/\/schema.org\",\n\t\t\t\t\t\t\t  \t\"@type\": \"Event\",\n\t\t\t\t\t\t\t  \t\"name\": \"Ich will das, was du nicht willst\",\n\t\t\t\t\t\t\t  \t\"startDate\": \"2019-10-16T08-08-30-00\",\n\t\t\t\t\t\t\t  \t\"endDate\": \"2019-10-16T13-13-00-00\",\n\t\t\t\t\t\t\t  \t\"image\":\"https:\/\/www.wochen-zur-demokratie.de\/archiv\/wp-content\/uploads\/2019\/10\/191014-puppenspiel-1.jpg\",\n\t\t\t\t\t\t\t  \t\"description\":\"Wer bekommt im neuen Haus das gr\u00f6\u00dfte Zimmer? Diese Frage stellt sich f\u00fcr Familie K\u00f6nig, die dieser Herausforderung auf demokratische Weise gerecht werden will. Da wird diskutiert, abgestimmt, argumentiert, erneut\"\n\t\t\t\t\t\t\t  \t\n\t\t\t\t\t\t\t }<\/script><\/div>\n\t\t\t\t<p class=\"desc_trig_outter\"><a data-gmap_status=\"null\" data-exlk=\"0\" id=\"evc_1571214600261\" class=\"desc_trig sin_val evcal_list_a\" data-ux_val=\"3\"  ><span class='evcal_cblock ' data-bgcolor='#c766a4' data-smon='Oktober' data-syr='2019'><span class='evo_start '><em class='date'>16<\/em><em class='month'>Okt.<\/em><em class='time'>08:30<\/em><\/span><span class='evo_end only_time'><em class='time'>13:00<\/em><\/span><em class='clear'><\/em><\/span><span class='evcal_desc evo_info hide_eventtopdata '  data-location_status=\"false\" ><span class='evo_above_title'><\/span><span class='evcal_desc2 evcal_event_title' itemprop='name'>Ich will das, was du nicht willst<\/span><span class='evo_below_title'><span class='evcal_event_subtitle' >Theaterst\u00fcck mit anschlie\u00dfendem Gespr\u00e4ch<\/span><\/span><span class='evcal_desc_info' ><em class='evcal_time'>08:30 - 13:00<\/em> <em class=\"evcal_location\"  data-add_str=\"\"><em class=\"event_location_name\">Pfarrsaal St. Severin \u2013 St. Gertraud<\/em><\/em><\/span><span class='evcal_desc3'><\/span><\/span><em class='clear'><\/em><\/a><\/p><div class='event_description evcal_eventcard ' style=\"display:none\"><div class='evo_metarow_directimg'><img class='evo_event_main_img' src='https:\/\/www.wochen-zur-demokratie.de\/archiv\/wp-content\/uploads\/2019\/10\/191014-puppenspiel-1.jpg' \/><\/div><div class='evo_event_images'><span class='evo_event_more_img select'><img title='' src='https:\/\/www.wochen-zur-demokratie.de\/archiv\/wp-content\/uploads\/2019\/10\/191014-puppenspiel-1.jpg' data-f='https:\/\/www.wochen-zur-demokratie.de\/archiv\/wp-content\/uploads\/2019\/10\/191014-puppenspiel-1.jpg'\/><\/span><span class='evo_event_more_img '><img title='' src='https:\/\/www.wochen-zur-demokratie.de\/archiv\/wp-content\/uploads\/2019\/07\/erfreuliches-theater-150x150.jpg' data-f='https:\/\/www.wochen-zur-demokratie.de\/archiv\/wp-content\/uploads\/2019\/07\/erfreuliches-theater.jpg' data-h='431' data-w='650'\/><\/span><\/div><div class='evo_metarow_details evorow evcal_evdata_row bordb evcal_event_details'>\n\t\t\t\t\t\t\t<div class=\"event_excerpt\" style=\"display:none\"><h3 class=\"padb5 evo_h3\">Event Details<\/h3><p>Wer bekommt im neuen Haus das gr\u00f6\u00dfte Zimmer? Diese Frage stellt sich f\u00fcr Familie K\u00f6nig, die dieser Herausforderung auf demokratische Weise gerecht werden will. Da wird diskutiert, abgestimmt, argumentiert, erneut<\/p><\/div><span class='evcal_evdata_icons'><i class='fa fa-align-justify'><\/i><\/span>\n\t\t\t\t\t\t\t\n\t\t\t\t\t\t\t<div class='evcal_evdata_cell shorter_desc'><div class='eventon_details_shading_bot'>\n\t\t\t\t\t\t\t\t<p class='eventon_shad_p' content='less'><span class='ev_more_text' data-txt='Weniger anzeigen'>Mehr anzeigen<\/span><span class='ev_more_arrow'><\/span><\/p>\n\t\t\t\t\t\t\t<\/div><div class='eventon_full_description'>\n\t\t\t\t\t\t\t\t\t<h3 class='padb5 evo_h3'><span class='evcal_evdata_icons'><i class='fa fa-align-justify'><\/i><\/span>Event Details<\/h3><div class='eventon_desc_in' itemprop='description'>\n\t\t\t\t\t\t\t\t\t<p>Wer bekommt im neuen Haus das gr\u00f6\u00dfte Zimmer? Diese Frage stellt sich f\u00fcr Familie K\u00f6nig, die dieser Herausforderung auf demokratische Weise gerecht werden will. Da wird diskutiert, abgestimmt, argumentiert, erneut abgestimmt&#8230;auch die Sch\u00fcler*nnen k\u00f6nnen Argumente einbringen, dar\u00fcber abstimmen \u2013 und sind dann (fast) alle zufrieden mit dem Ergebnis.<\/p>\n<p>Mit dem analogen Medium Puppenspiel ist es <strong>Katrin Heinke und Harald Mernitz<\/strong> gelungen, alle Kinder auf unterhaltsame Art und Weise miteinzubeziehen.<\/p>\n<p>Demokratische Grundprinzipien zum \u201eAnfassen\u201c \u2013 Die Kinder hatten ihren Spa\u00df daran!<\/p>\n<\/div><div class='clear'><\/div>\n\t\t\t\t\t\t\t\t<\/div>\n\t\t\t\t\t\t\t<\/div>\n\t\t\t\t\t\t<\/div><div class='evo_metarow_organizer evorow evcal_evdata_row bordb evcal_evrow_sm '>\n\t\t\t\t\t\t\t<span class='evcal_evdata_icons'><i class='fa fa-address-book-o'><\/i><\/span>\n\t\t\t\t\t\t\t<div class='evcal_evdata_cell'>\t\t\t\t\t\t\t\n\t\t\t\t\t\t\t\t<h3 class='evo_h3'>Mitveranstalter \/ Partner<\/h3>\n\t\t\t\t\t\t\t\t<p class='evo_data_val evo_card_organizer_image'><img src='https:\/\/www.wochen-zur-demokratie.de\/archiv\/wp-content\/uploads\/2019\/10\/Logo-TLS-erfreulichestheater-300x113.jpg'\/><\/p>\n\t\t\t\t\t\t\t\t<div class='evo_card_organizer'><p class='evo_data_val evo_card_organizer_name'>\n\t\t\t\t\t\t\t\t\t<span class='evo_card_organizer_name_t'>TLS ErfreulichesTheater<\/span>\n\t\t\t\t\t\t\t\t\t\n\t\t\t\t\t\t\t\t\t<\/p><\/div><div class='clear'><\/div>\t\t\t\t\t\t\t\n\t\t\t\t\t\t\t<\/div>\n\t\t\t\t\t\t<\/div>\t\t\t\t\t\t<div class='evo_metarow_ICS evorow bordb evcal_evdata_row'>\n\t\t\t\t\t\t\t<span class=\"evcal_evdata_icons\"><i class=\"fa fa-calendar\"><\/i><\/span>\n\t\t\t\t\t\t\t<div class='evcal_evdata_cell'>\n\t\t\t\t\t\t\t\t<p><a href='https:\/\/www.wochen-zur-demokratie.de\/archiv\/wp-admin\/admin-ajax.php?action=eventon_ics_download&amp;event_id=261&amp;ri=0' class='evo_ics_nCal' title='Zum Ihrem Kalender hinzuf\u00fcgen'>Zum Kalender hinzuf\u00fcgen<\/a><a href='\/\/www.google.com\/calendar\/event?action=TEMPLATE&amp;text=Ich+will+das%2C+was+du+nicht+willst&amp;dates=20191016T063000Z\/20191016T110000Z&amp;details=Wer+bekommt+im+neuen+Haus+das+gr%C3%B6%C3%9Fte+Zimmer%3F+Diese+Frage+stellt+sich+f%C3%BCr+Familie+K%C3%B6nig%2C+die+dieser+Herausforderung+auf+demokratische+Weise+gerecht+werden+will.+Da+wird+diskutiert%2C+abgestimmt%2C+argumentiert%2C+erneut&amp;location=Pfarrsaal+St.+Severin+%E2%80%93+St.+Gertraud - ' target='_blank' class='evo_ics_gCal' title='Zum Ihrem Google-Kalender hinzuf\u00fcgen'>GoogleCal<\/a><\/p>\t\n\t\t\t\t\t\t\t<\/div>\n\t\t\t\t\t\t<\/div>\n\t\t\t\t\t\t<div class='bordb evo_metarow_socialmedia evcal_evdata_row  lastrow'><div class='evo_sm FacebookShare'><a class=\" evo_ss\" target=\"_blank\" onclick=\"javascript:window.open(this.href, '', 'left=50,top=50,width=600,height=350,toolbar=0');return false;\"\n\t\t\t\t\t\t\t\thref=\"http:\/\/www.facebook.com\/sharer.php?u=https%3A%2F%2Fwww.wochen-zur-demokratie.de%2Farchiv%2Fevents%2Fich-will-das-was-du-nicht-willst-2%2F\" title=\"Diese Veranstaltung auf Facebook teilen\"><i class=\"fa fa-facebook\"><\/i><\/a><\/div><div class='evo_sm Twitter'><a class=\"tw evo_ss\" onclick=\"javascript:window.open(this.href, '', 'menubar=no,toolbar=no,resizable=yes,scrollbars=yes,height=300,width=600');return false;\" href=\"http:\/\/twitter.com\/intent\/tweet?text=Ich will das, was du nicht willst&#32;-&#32;&url=https%3A%2F%2Fwww.wochen-zur-demokratie.de%2Farchiv%2Fevents%2Fich-will-das-was-du-nicht-willst-2%2F\" title=\"Diese Veranstaltung auf Twitter teilen\" rel=\"nofollow\" target=\"_blank\" data-url=\"https%3A%2F%2Fwww.wochen-zur-demokratie.de%2Farchiv%2Fevents%2Fich-will-das-was-du-nicht-willst-2%2F\"><i class=\"fa fa-twitter\"><\/i><\/a><\/div><div class='evo_sm LinkedIn'><a class=\"li evo_ss\" href=\"http:\/\/www.linkedin.com\/shareArticle?mini=true&url=https%3A%2F%2Fwww.wochen-zur-demokratie.de%2Farchiv%2Fevents%2Fich-will-das-was-du-nicht-willst-2%2F&title=Ich%20will%20das%2C%20was%20du%20nicht%20willst&summary=Wer+bekommt+im+neuen+Haus+das+gr%C3%B6%C3%9Fte+Zimmer%3F+Diese+Frage+stellt+sich+f%C3%BCr+Familie+K%C3%B6nig%2C+die\" target=\"_blank\" title=\"Diese Veranstaltung auf Linkedin teilen\"><i class=\"fa fa-linkedin\"><\/i><\/a><\/div><div class='evo_sm EmailShare'><a class=\"em evo_ss\" href=\"mailto:?subject=Ich will das, was du nicht willst&body=Event Name: Ich will das, was du nicht willst%0AEvent Date: 16\/10\/2019 08:30 - 13:00%0ALink: https%3A%2F%2Fwww.wochen-zur-demokratie.de%2Farchiv%2Fevents%2Fich-will-das-was-du-nicht-willst-2%2F%0A\" target=\"_blank\"><i class=\"fa fa-envelope\"><\/i><\/a><\/div><div class='clear'><\/div><div class='evcal_evdata_row evcal_close' title='Close'><\/div><\/div><div class='evo_card_row_end evcal_close' title='Close'><\/div><\/div><div class='clear end'><\/div><\/div><div style=\"background-color: #c766a4;height: 275px;\" id=\"event_163\" class=\"eventon_list_event evo_eventtop past_event event event_163_0\" data-event_id=\"163\" data-ri=\"0r\" data-time=\"1571252400-1571257800\" data-colr=\"#c766a4\" itemscope itemtype='http:\/\/schema.org\/Event'><div class=\"evo_event_schema\" style=\"display:none\" ><a itemprop='url'  href='https:\/\/www.wochen-zur-demokratie.de\/archiv\/events\/anpassbarer-und-kostenguenstiger-wohnraum\/'><\/a><span itemprop='name'  >Anpassbarer und kosteng\u00fcnstiger Wohnraum<\/span><meta itemprop='image' content=\"https:\/\/www.wochen-zur-demokratie.de\/archiv\/wp-content\/uploads\/2019\/07\/AF-Variowohnungen-Lauffer.jpg\" \/><meta itemprop='description' content=\"Mit dem F\u00f6rderprogramm \u201eModellvorhaben zum nachhaltigen und bezahlbaren Bau von Variowohnungen\u201c des Bundesbauministeriums sollen innovative Wohnprojekte f\u00fcr Studierende und Auszubildende erprobt und erforscht werden. Es werden effiziente und zukunftsweisende Wohnkonzepte\" \/><meta itemprop='startDate' content=\"2019-10-16T19:00\" \/><meta itemprop='endDate' content=\"2019-10-16T20:30\" \/><meta itemprop='eventStatus' content=\"on-schedule\" \/><script type=\"application\/ld+json\">{\t\"@context\": \"http:\/\/schema.org\",\n\t\t\t\t\t\t\t  \t\"@type\": \"Event\",\n\t\t\t\t\t\t\t  \t\"name\": \"Anpassbarer und kosteng\u00fcnstiger Wohnraum\",\n\t\t\t\t\t\t\t  \t\"startDate\": \"2019-10-16T19-19-00-00\",\n\t\t\t\t\t\t\t  \t\"endDate\": \"2019-10-16T20-20-30-00\",\n\t\t\t\t\t\t\t  \t\"image\":\"https:\/\/www.wochen-zur-demokratie.de\/archiv\/wp-content\/uploads\/2019\/07\/AF-Variowohnungen-Lauffer.jpg\",\n\t\t\t\t\t\t\t  \t\"description\":\"Mit dem F\u00f6rderprogramm \u201eModellvorhaben zum nachhaltigen und bezahlbaren Bau von Variowohnungen\u201c des Bundesbauministeriums sollen innovative Wohnprojekte f\u00fcr Studierende und Auszubildende erprobt und erforscht werden. Es werden effiziente und zukunftsweisende Wohnkonzepte\"\n\t\t\t\t\t\t\t  \t\n\t\t\t\t\t\t\t }<\/script><\/div>\n\t\t\t\t<p class=\"desc_trig_outter\"><a data-gmap_status=\"null\" data-exlk=\"0\" id=\"evc_1571252400163\" class=\"desc_trig sin_val evcal_list_a\" data-ux_val=\"3\"  ><span class='evcal_cblock ' data-bgcolor='#c766a4' data-smon='Oktober' data-syr='2019'><span class='evo_start '><em class='date'>16<\/em><em class='month'>Okt.<\/em><em class='time'>19:00<\/em><\/span><span class='evo_end only_time'><em class='time'>20:30<\/em><\/span><em class='clear'><\/em><\/span><span class='evcal_desc evo_info hide_eventtopdata '  data-location_status=\"false\" ><span class='evo_above_title'><\/span><span class='evcal_desc2 evcal_event_title' itemprop='name'>Anpassbarer und kosteng\u00fcnstiger Wohnraum<\/span><span class='evo_below_title'><span class='evcal_event_subtitle' >Das Modellvorhaben Variowohnungen \u2013 Vortrag mit anschlie\u00dfender Diskussion<\/span><\/span><span class='evcal_desc_info' ><em class='evcal_time'>19:00 - 20:30<\/em> <em class=\"evcal_location\"  data-add_str=\"\"><em class=\"event_location_name\">Museum Moderner Kunst<\/em><\/em><\/span><span class='evcal_desc3'><\/span><\/span><em class='clear'><\/em><\/a><\/p><div class='event_description evcal_eventcard ' style=\"display:none\"><div class='evo_metarow_directimg'><img class='evo_event_main_img' src='https:\/\/www.wochen-zur-demokratie.de\/archiv\/wp-content\/uploads\/2019\/07\/AF-Variowohnungen-Lauffer.jpg' \/><\/div><div class='evo_metarow_details evorow evcal_evdata_row bordb evcal_event_details'>\n\t\t\t\t\t\t\t<div class=\"event_excerpt\" style=\"display:none\"><h3 class=\"padb5 evo_h3\">Event Details<\/h3><p>Mit dem F\u00f6rderprogramm \u201eModellvorhaben zum nachhaltigen und bezahlbaren Bau von Variowohnungen\u201c des Bundesbauministeriums sollen innovative Wohnprojekte f\u00fcr Studierende und Auszubildende erprobt und erforscht werden. Es werden effiziente und zukunftsweisende Wohnkonzepte<\/p><\/div><span class='evcal_evdata_icons'><i class='fa fa-align-justify'><\/i><\/span>\n\t\t\t\t\t\t\t\n\t\t\t\t\t\t\t<div class='evcal_evdata_cell shorter_desc'><div class='eventon_details_shading_bot'>\n\t\t\t\t\t\t\t\t<p class='eventon_shad_p' content='less'><span class='ev_more_text' data-txt='Weniger anzeigen'>Mehr anzeigen<\/span><span class='ev_more_arrow'><\/span><\/p>\n\t\t\t\t\t\t\t<\/div><div class='eventon_full_description'>\n\t\t\t\t\t\t\t\t\t<h3 class='padb5 evo_h3'><span class='evcal_evdata_icons'><i class='fa fa-align-justify'><\/i><\/span>Event Details<\/h3><div class='eventon_desc_in' itemprop='description'>\n\t\t\t\t\t\t\t\t\t<p>Mit dem F\u00f6rderprogramm \u201eModellvorhaben zum nachhaltigen und bezahlbaren Bau von Variowohnungen\u201c des Bundesbauministeriums sollen <strong>innovative Wohnprojekte f\u00fcr Studierende und Auszubildende<\/strong> erprobt und erforscht werden. Es werden effiziente und zukunftsweisende Wohnkonzepte gef\u00f6rdert, die eine Antwort auf den demografischen Wandel geben, sich mit m\u00f6glichst geringen Kosten realisieren lassen und den Anspruch <strong>individuellen Wohnens in Gemeinschaft<\/strong> ausloten. Der Vortrag vor rund 45 Teilnehmern gab einen Einblick, welche unterschiedlichen L\u00f6sungsans\u00e4tze derzeit im Rahmen des F\u00f6rder- und Forschungsprogramms umgesetzt und untersucht werden.<\/p>\n<p>Den Vortrag hielt <strong>Felix Lauffer<\/strong>, Referat \u201eForschung im Bauwesen\u201c im Bundesinstitut fu\u0308r Bau-, Stadt- und Raumforschung Bonn.<\/p>\n<\/div><div class='clear'><\/div>\n\t\t\t\t\t\t\t\t<\/div>\n\t\t\t\t\t\t\t<\/div>\n\t\t\t\t\t\t<\/div><div class='evo_metarow_organizer evorow evcal_evdata_row bordb evcal_evrow_sm '>\n\t\t\t\t\t\t\t<span class='evcal_evdata_icons'><i class='fa fa-address-book-o'><\/i><\/span>\n\t\t\t\t\t\t\t<div class='evcal_evdata_cell'>\t\t\t\t\t\t\t\n\t\t\t\t\t\t\t\t<h3 class='evo_h3'>Mitveranstalter \/ Partner<\/h3>\n\t\t\t\t\t\t\t\t<p class='evo_data_val evo_card_organizer_image'><img src='https:\/\/www.wochen-zur-demokratie.de\/archiv\/wp-content\/uploads\/2019\/07\/logo-architekturforum_passau_ev-300x59.jpg'\/><\/p>\n\t\t\t\t\t\t\t\t<div class='evo_card_organizer'><p class='evo_data_val evo_card_organizer_name'>\n\t\t\t\t\t\t\t\t\t<span class='evo_card_organizer_name_t'>Architekturforum Passau e.V<\/span>\n\t\t\t\t\t\t\t\t\t\n\t\t\t\t\t\t\t\t\t<\/p><\/div><div class='clear'><\/div>\t\t\t\t\t\t\t\n\t\t\t\t\t\t\t<\/div>\n\t\t\t\t\t\t<\/div>\t\t\t\t\t\t<div class='evo_metarow_ICS evorow bordb evcal_evdata_row'>\n\t\t\t\t\t\t\t<span class=\"evcal_evdata_icons\"><i class=\"fa fa-calendar\"><\/i><\/span>\n\t\t\t\t\t\t\t<div class='evcal_evdata_cell'>\n\t\t\t\t\t\t\t\t<p><a href='https:\/\/www.wochen-zur-demokratie.de\/archiv\/wp-admin\/admin-ajax.php?action=eventon_ics_download&amp;event_id=163&amp;ri=0' class='evo_ics_nCal' title='Zum Ihrem Kalender hinzuf\u00fcgen'>Zum Kalender hinzuf\u00fcgen<\/a><a href='\/\/www.google.com\/calendar\/event?action=TEMPLATE&amp;text=Anpassbarer+und+kosteng%C3%BCnstiger+Wohnraum&amp;dates=20191016T170000Z\/20191016T183000Z&amp;details=Mit+dem+F%C3%B6rderprogramm+%E2%80%9EModellvorhaben+zum+nachhaltigen+und+bezahlbaren+Bau+von+Variowohnungen%E2%80%9C+des+Bundesbauministeriums+sollen+innovative+Wohnprojekte+f%C3%BCr+Studierende+und+Auszubildende+erprobt+und+erforscht+werden.+Es+werden+effiziente+und+zukunftsweisende+Wohnkonzepte&amp;location=Museum+Moderner+Kunst - ' target='_blank' class='evo_ics_gCal' title='Zum Ihrem Google-Kalender hinzuf\u00fcgen'>GoogleCal<\/a><\/p>\t\n\t\t\t\t\t\t\t<\/div>\n\t\t\t\t\t\t<\/div>\n\t\t\t\t\t\t<div class='bordb evo_metarow_socialmedia evcal_evdata_row  lastrow'><div class='evo_sm FacebookShare'><a class=\" evo_ss\" target=\"_blank\" onclick=\"javascript:window.open(this.href, '', 'left=50,top=50,width=600,height=350,toolbar=0');return false;\"\n\t\t\t\t\t\t\t\thref=\"http:\/\/www.facebook.com\/sharer.php?u=https%3A%2F%2Fwww.wochen-zur-demokratie.de%2Farchiv%2Fevents%2Fanpassbarer-und-kostenguenstiger-wohnraum%2F\" title=\"Diese Veranstaltung auf Facebook teilen\"><i class=\"fa fa-facebook\"><\/i><\/a><\/div><div class='evo_sm Twitter'><a class=\"tw evo_ss\" onclick=\"javascript:window.open(this.href, '', 'menubar=no,toolbar=no,resizable=yes,scrollbars=yes,height=300,width=600');return false;\" href=\"http:\/\/twitter.com\/intent\/tweet?text=Anpassbarer und kosteng\u00fcnstiger Wohnraum&#32;-&#32;&url=https%3A%2F%2Fwww.wochen-zur-demokratie.de%2Farchiv%2Fevents%2Fanpassbarer-und-kostenguenstiger-wohnraum%2F\" title=\"Diese Veranstaltung auf Twitter teilen\" rel=\"nofollow\" target=\"_blank\" data-url=\"https%3A%2F%2Fwww.wochen-zur-demokratie.de%2Farchiv%2Fevents%2Fanpassbarer-und-kostenguenstiger-wohnraum%2F\"><i class=\"fa fa-twitter\"><\/i><\/a><\/div><div class='evo_sm LinkedIn'><a class=\"li evo_ss\" href=\"http:\/\/www.linkedin.com\/shareArticle?mini=true&url=https%3A%2F%2Fwww.wochen-zur-demokratie.de%2Farchiv%2Fevents%2Fanpassbarer-und-kostenguenstiger-wohnraum%2F&title=Anpassbarer%20und%20kosteng%C3%BCnstiger%20Wohnraum&summary=Mit+dem+F%C3%B6rderprogramm+%E2%80%9EModellvorhaben+zum+nachhaltigen+und+bezahlbaren+Bau+von+Variowohnungen%E2%80%9C+des+Bundesbauministeriums+sollen+innovative+Wohnprojekte\" target=\"_blank\" title=\"Diese Veranstaltung auf Linkedin teilen\"><i class=\"fa fa-linkedin\"><\/i><\/a><\/div><div class='evo_sm EmailShare'><a class=\"em evo_ss\" href=\"mailto:?subject=Anpassbarer und kosteng\u00fcnstiger Wohnraum&body=Event Name: Anpassbarer und kosteng\u00fcnstiger Wohnraum%0AEvent Date: 16\/10\/2019 19:00 - 20:30%0ALink: https%3A%2F%2Fwww.wochen-zur-demokratie.de%2Farchiv%2Fevents%2Fanpassbarer-und-kostenguenstiger-wohnraum%2F%0A\" target=\"_blank\"><i class=\"fa fa-envelope\"><\/i><\/a><\/div><div class='clear'><\/div><div class='evcal_evdata_row evcal_close' title='Close'><\/div><\/div><div class='evo_card_row_end evcal_close' title='Close'><\/div><\/div><div class='clear end'><\/div><\/div><div style=\"background-color: #c766a4;height: 275px;\" id=\"event_299\" class=\"eventon_list_event evo_eventtop past_event event event_299_0\" data-event_id=\"299\" data-ri=\"0r\" data-time=\"1571254200-1571259600\" data-colr=\"#c766a4\" itemscope itemtype='http:\/\/schema.org\/Event'><div class=\"evo_event_schema\" style=\"display:none\" ><a itemprop='url'  href='https:\/\/www.wochen-zur-demokratie.de\/archiv\/events\/koenig-ubu-von-alfred-jarry\/'><\/a><span itemprop='name'  >K\u00f6nig Ubu<\/span><meta itemprop='image' content=\"https:\/\/www.wochen-zur-demokratie.de\/archiv\/wp-content\/uploads\/2019\/10\/191016-ubu.jpg\" \/><meta itemprop='description' content=\"K\u00f6nig Ubu ist gefr\u00e4\u00dfig, habs\u00fcchtig, feige und grausam. Nun suchte dieses triebhafte Monstrum die Wochen zur Demokratie heim. Im Institut kam es am Mittwoch zum Showdown.      Diese 1896 uraufgef\u00fchrte Farce spielt\" \/><meta itemprop='startDate' content=\"2019-10-16T19:30\" \/><meta itemprop='endDate' content=\"2019-10-16T21:00\" \/><meta itemprop='eventStatus' content=\"on-schedule\" \/><script type=\"application\/ld+json\">{\t\"@context\": \"http:\/\/schema.org\",\n\t\t\t\t\t\t\t  \t\"@type\": \"Event\",\n\t\t\t\t\t\t\t  \t\"name\": \"K\u00f6nig Ubu\",\n\t\t\t\t\t\t\t  \t\"startDate\": \"2019-10-16T19-19-30-00\",\n\t\t\t\t\t\t\t  \t\"endDate\": \"2019-10-16T21-21-00-00\",\n\t\t\t\t\t\t\t  \t\"image\":\"https:\/\/www.wochen-zur-demokratie.de\/archiv\/wp-content\/uploads\/2019\/10\/191016-ubu.jpg\",\n\t\t\t\t\t\t\t  \t\"description\":\"K\u00f6nig Ubu ist gefr\u00e4\u00dfig, habs\u00fcchtig, feige und grausam. Nun suchte dieses triebhafte Monstrum die Wochen zur Demokratie heim. Im Institut kam es am Mittwoch zum Showdown.      Diese 1896 uraufgef\u00fchrte Farce spielt\"\n\t\t\t\t\t\t\t  \t\n\t\t\t\t\t\t\t }<\/script><\/div>\n\t\t\t\t<p class=\"desc_trig_outter\"><a data-gmap_status=\"null\" data-exlk=\"0\" id=\"evc_1571254200299\" class=\"desc_trig sin_val evcal_list_a\" data-ux_val=\"3\"  ><span class='evcal_cblock ' data-bgcolor='#c766a4' data-smon='Oktober' data-syr='2019'><span class='evo_start '><em class='date'>16<\/em><em class='month'>Okt.<\/em><em class='time'>19:30<\/em><\/span><span class='evo_end only_time'><em class='time'>21:00<\/em><\/span><em class='clear'><\/em><\/span><span class='evcal_desc evo_info hide_eventtopdata '  data-location_status=\"false\" ><span class='evo_above_title'><\/span><span class='evcal_desc2 evcal_event_title' itemprop='name'>K\u00f6nig Ubu<\/span><span class='evo_below_title'><span class='evcal_event_subtitle' >Interaktive Demokratielesung zum St\u00fcck von Alfred Jarry<\/span><\/span><span class='evcal_desc_info' ><em class='evcal_time'>19:30 - 21:00<\/em> <em class=\"evcal_location\"  data-add_str=\"\"><em class=\"event_location_name\">Institut f\u00fcr Spa\u00df und Gesellschaft, Passau<\/em><\/em><\/span><span class='evcal_desc3'><\/span><\/span><em class='clear'><\/em><\/a><\/p><div class='event_description evcal_eventcard ' style=\"display:none\"><div class='evo_metarow_directimg'><img class='evo_event_main_img' src='https:\/\/www.wochen-zur-demokratie.de\/archiv\/wp-content\/uploads\/2019\/10\/191016-ubu.jpg' \/><\/div><div class='evo_event_images'><span class='evo_event_more_img select'><img title='' src='https:\/\/www.wochen-zur-demokratie.de\/archiv\/wp-content\/uploads\/2019\/10\/191016-ubu.jpg' data-f='https:\/\/www.wochen-zur-demokratie.de\/archiv\/wp-content\/uploads\/2019\/10\/191016-ubu.jpg'\/><\/span><span class='evo_event_more_img '><img title='' src='https:\/\/www.wochen-zur-demokratie.de\/archiv\/wp-content\/uploads\/2019\/07\/Koenig-Ubu-150x150.jpg' data-f='https:\/\/www.wochen-zur-demokratie.de\/archiv\/wp-content\/uploads\/2019\/07\/Koenig-Ubu.jpg' data-h='293' data-w='650'\/><\/span><\/div><div class='evo_metarow_details evorow evcal_evdata_row bordb evcal_event_details'>\n\t\t\t\t\t\t\t<div class=\"event_excerpt\" style=\"display:none\"><h3 class=\"padb5 evo_h3\">Event Details<\/h3><p>K\u00f6nig Ubu ist gefr\u00e4\u00dfig, habs\u00fcchtig, feige und grausam. Nun suchte dieses triebhafte Monstrum die Wochen zur Demokratie heim. Im Institut kam es am Mittwoch zum Showdown.\r\n\r\n\r\nDiese 1896 uraufgef\u00fchrte Farce spielt<\/p><\/div><span class='evcal_evdata_icons'><i class='fa fa-align-justify'><\/i><\/span>\n\t\t\t\t\t\t\t\n\t\t\t\t\t\t\t<div class='evcal_evdata_cell shorter_desc'><div class='eventon_details_shading_bot'>\n\t\t\t\t\t\t\t\t<p class='eventon_shad_p' content='less'><span class='ev_more_text' data-txt='Weniger anzeigen'>Mehr anzeigen<\/span><span class='ev_more_arrow'><\/span><\/p>\n\t\t\t\t\t\t\t<\/div><div class='eventon_full_description'>\n\t\t\t\t\t\t\t\t\t<h3 class='padb5 evo_h3'><span class='evcal_evdata_icons'><i class='fa fa-align-justify'><\/i><\/span>Event Details<\/h3><div class='eventon_desc_in' itemprop='description'>\n\t\t\t\t\t\t\t\t\t<p><strong>K\u00f6nig Ubu ist gefr\u00e4\u00dfig, habs\u00fcchtig, feige und grausam. Nun suchte dieses triebhafte Monstrum die Wochen zur Demokratie heim. Im Institut kam es am Mittwoch zum Showdown.<br \/>\n<\/strong><\/p>\n<p>Diese 1896 uraufgef\u00fchrte Farce spielt in einem fiktiven Polen, einem Nirgendwo, doch Nirgendwo ist \u00fcberall. Und \u00fcberall und jederzeit ist auch Ubu. Und wenn es in Polen nicht klappt, dann wird er eben Finanzminister in Frankreich, oder kauft sich halt einen Briefkasten in Panama, wer wei\u00df.<\/p>\n<p>Es spielten: Julian Niedermeier, Olaf Sch\u00fcrmann und Mandie de Villiers<\/p>\n<p><strong><em>Julian Niedermeier<\/em><\/strong> wurde 1992 in M\u00fcnchen geboren und absolvierte von 2009 bis 2012 sein Schauspielstudium an der Fachakademie f\u00fcr Darstellende Kunst Bayern in Regensburg. Nach Gastengagements an den Landestheatern Oberpfalz und Franken-Schwaben arbeitete er f\u00fcr drei Jahre fest als Schauspieler am Landestheater Franken-Schwaben. Niedermeier hat vor der Kamera u.a. Werbespots und Spielfilme gedreht sowie den Roman \u201eMeriti \u2013 Der M\u00f6rder\u201c, mehrere St\u00fccke und Kurzgeschichten verfasst. Seit der Spielzeit 2016\/2017 ist er fest am Landestheater Niederbayern engagiert, dort war er u.a. als Alex (A Clockwork Orange), Ferdinand (Der bayerische Sturm) und als Mortimer (Arsen und Spitzenh\u00e4ubchen) zu sehen.<\/p>\n<p><strong><em>Olaf Sch\u00fcrmann<\/em><\/strong>, geboren in M\u00fcnster in Westfalen, machte seine Schauspielausbildung an der Berliner Schule f\u00fcr B\u00fchnenkunst. Nach Engagements in Castrop-Rauxel und Essen arbeitete er freischaffend an verschiedenen H\u00e4usern in Deutschland und der Schweiz. Seit der Spielzeit 2005\/06 ist er festes Mitglied am Landestheater Niederbayern, Stadttheater Landshut. Dort war er u.a. als Cyrano von Bergerac (Cyrano, Rostand), Jedermann (Jedermann, Hofmannsthal), Helge (Das Fest, Vinterberg\/Rukov), Phillipe (Ziemlich beste Freunde), Wladimir (Warten auf Godot, Beckett) sowie in vielen anderen Rollen zu sehen. Er war mehrfach auf Tournee, arbeitete f\u00fcr Film und Fernsehen sowie als Sprecher und Moderator.<\/p>\n<p><strong><em>Mandie de Villiers<\/em><\/strong> studierte Gesang an der North-West University in Potchefstroom (S\u00fcdafrika) und an der Akademie f\u00fcr Musik in Oslo (Norwegen). Als Solistin im Ensemble der Oper Kapstadt (S\u00fcdafrika) gastierte sie mit der Produktion \u201eShow Boat\u201c als Magnolia am Malm\u00f6 Opernhaus (Schweden) und Theatre du Chatelet in Paris (Frankreich). Seit 2010 ist sie in Deutschland unterwegs, gastierte im Cuvielle Theater in M\u00fcnchen und ist bis 2019 im Ensemble des Landestheater Niederbayern, Stadttheater Passau, engagiert. W\u00e4hrend dessen sang sie viele Titelpartien und Hauptrollen wie \u201eDie Kr\u00f6nung der Poppea\u201c (Poppea), \u201eArabella\u201c (Zdenka), \u201eDie Lustige Witwe\u201c (Hanna Glawari) oder \u201eWest Side Story\u201c (Maria). 2012 wurde sie vom Opernmagazin \u201aOpernwelt\u2018 als S\u00e4ngerin des Jahres f\u00fcr ihr Rolle in \u201aLuci mie die traditrici\u2018 unter der Regie von Roland Schwab nominiert.<\/p>\n<\/div><div class='clear'><\/div>\n\t\t\t\t\t\t\t\t<\/div>\n\t\t\t\t\t\t\t<\/div>\n\t\t\t\t\t\t<\/div><div class='evo_metarow_organizer evorow evcal_evdata_row bordb evcal_evrow_sm '>\n\t\t\t\t\t\t\t<span class='evcal_evdata_icons'><i class='fa fa-address-book-o'><\/i><\/span>\n\t\t\t\t\t\t\t<div class='evcal_evdata_cell'>\t\t\t\t\t\t\t\n\t\t\t\t\t\t\t\t<h3 class='evo_h3'>Mitveranstalter \/ Partner<\/h3>\n\t\t\t\t\t\t\t\t<p class='evo_data_val evo_card_organizer_image'><img src='https:\/\/www.wochen-zur-demokratie.de\/archiv\/wp-content\/uploads\/2019\/07\/logo_landestheater.jpg'\/><\/p>\n\t\t\t\t\t\t\t\t<div class='evo_card_organizer'><p class='evo_data_val evo_card_organizer_name'>\n\t\t\t\t\t\t\t\t\t<span class='evo_card_organizer_name_t'>Landestheater Niederbayern<\/span>\n\t\t\t\t\t\t\t\t\t\n\t\t\t\t\t\t\t\t\t<\/p><\/div><div class='clear'><\/div>\t\t\t\t\t\t\t\n\t\t\t\t\t\t\t<\/div>\n\t\t\t\t\t\t<\/div>\t\t\t\t\t\t<div class='evo_metarow_ICS evorow bordb evcal_evdata_row'>\n\t\t\t\t\t\t\t<span class=\"evcal_evdata_icons\"><i class=\"fa fa-calendar\"><\/i><\/span>\n\t\t\t\t\t\t\t<div class='evcal_evdata_cell'>\n\t\t\t\t\t\t\t\t<p><a href='https:\/\/www.wochen-zur-demokratie.de\/archiv\/wp-admin\/admin-ajax.php?action=eventon_ics_download&amp;event_id=299&amp;ri=0' class='evo_ics_nCal' title='Zum Ihrem Kalender hinzuf\u00fcgen'>Zum Kalender hinzuf\u00fcgen<\/a><a href='\/\/www.google.com\/calendar\/event?action=TEMPLATE&amp;text=K%C3%B6nig+Ubu&amp;dates=20191016T173000Z\/20191016T190000Z&amp;details=K%C3%B6nig+Ubu+ist+gefr%C3%A4%C3%9Fig%2C+habs%C3%BCchtig%2C+feige+und+grausam.+Nun+suchte+dieses+triebhafte+Monstrum+die+Wochen+zur+Demokratie+heim.+Im+Institut+kam+es+am+Mittwoch+zum+Showdown.%0D%0A%0D%0A%0D%0ADiese+1896+uraufgef%C3%BChrte+Farce+spielt&amp;location=Institut+f%C3%BCr+Spa%C3%9F+und+Gesellschaft%2C+Passau - ' target='_blank' class='evo_ics_gCal' title='Zum Ihrem Google-Kalender hinzuf\u00fcgen'>GoogleCal<\/a><\/p>\t\n\t\t\t\t\t\t\t<\/div>\n\t\t\t\t\t\t<\/div>\n\t\t\t\t\t\t<div class='bordb evo_metarow_socialmedia evcal_evdata_row  lastrow'><div class='evo_sm FacebookShare'><a class=\" evo_ss\" target=\"_blank\" onclick=\"javascript:window.open(this.href, '', 'left=50,top=50,width=600,height=350,toolbar=0');return false;\"\n\t\t\t\t\t\t\t\thref=\"http:\/\/www.facebook.com\/sharer.php?u=https%3A%2F%2Fwww.wochen-zur-demokratie.de%2Farchiv%2Fevents%2Fkoenig-ubu-von-alfred-jarry%2F\" title=\"Diese Veranstaltung auf Facebook teilen\"><i class=\"fa fa-facebook\"><\/i><\/a><\/div><div class='evo_sm Twitter'><a class=\"tw evo_ss\" onclick=\"javascript:window.open(this.href, '', 'menubar=no,toolbar=no,resizable=yes,scrollbars=yes,height=300,width=600');return false;\" href=\"http:\/\/twitter.com\/intent\/tweet?text=K\u00f6nig Ubu&#32;-&#32;&url=https%3A%2F%2Fwww.wochen-zur-demokratie.de%2Farchiv%2Fevents%2Fkoenig-ubu-von-alfred-jarry%2F\" title=\"Diese Veranstaltung auf Twitter teilen\" rel=\"nofollow\" target=\"_blank\" data-url=\"https%3A%2F%2Fwww.wochen-zur-demokratie.de%2Farchiv%2Fevents%2Fkoenig-ubu-von-alfred-jarry%2F\"><i class=\"fa fa-twitter\"><\/i><\/a><\/div><div class='evo_sm LinkedIn'><a class=\"li evo_ss\" href=\"http:\/\/www.linkedin.com\/shareArticle?mini=true&url=https%3A%2F%2Fwww.wochen-zur-demokratie.de%2Farchiv%2Fevents%2Fkoenig-ubu-von-alfred-jarry%2F&title=K%C3%B6nig%20Ubu&summary=K%C3%B6nig+Ubu+ist+gefr%C3%A4%C3%9Fig%2C+habs%C3%BCchtig%2C+feige+und+grausam.+Nun+suchte+dieses+triebhafte+Monstrum+die+Wochen+zur\" target=\"_blank\" title=\"Diese Veranstaltung auf Linkedin teilen\"><i class=\"fa fa-linkedin\"><\/i><\/a><\/div><div class='evo_sm EmailShare'><a class=\"em evo_ss\" href=\"mailto:?subject=K\u00f6nig Ubu&body=Event Name: K\u00f6nig Ubu%0AEvent Date: 16\/10\/2019 19:30 - 21:00%0ALink: https%3A%2F%2Fwww.wochen-zur-demokratie.de%2Farchiv%2Fevents%2Fkoenig-ubu-von-alfred-jarry%2F%0A\" target=\"_blank\"><i class=\"fa fa-envelope\"><\/i><\/a><\/div><div class='clear'><\/div><div class='evcal_evdata_row evcal_close' title='Close'><\/div><\/div><div class='evo_card_row_end evcal_close' title='Close'><\/div><\/div><div class='clear end'><\/div><\/div><div style=\"background-color: #c766a4;height: 275px;\" id=\"event_310\" class=\"eventon_list_event evo_eventtop past_event event event_310_0\" data-event_id=\"310\" data-ri=\"0r\" data-time=\"1571256900-1571266800\" data-colr=\"#c766a4\" itemscope itemtype='http:\/\/schema.org\/Event'><div class=\"evo_event_schema\" style=\"display:none\" ><a itemprop='url'  href='https:\/\/www.wochen-zur-demokratie.de\/archiv\/events\/kinder-der-utopie-2019\/'><\/a><span itemprop='name'  >Kinder der Utopie (2019)<\/span><meta itemprop='image' content=\"https:\/\/www.wochen-zur-demokratie.de\/archiv\/wp-content\/uploads\/2019\/08\/kinder-der-utopie-web.jpg\" \/><meta itemprop='description' content=\"Sechs junge Erwachsene schauen zur\u00fcck auf ihre gemeinsame Grundschulzeit in einer Inklusionsklasse. Sie reflektieren ihre Erlebnisse und Erfahrungen \u2013 und blicken in die Zukunft. Ein ber\u00fchrender und ehrlicher Dokumentarfilm\" \/><meta itemprop='startDate' content=\"2019-10-16T20:15\" \/><meta itemprop='endDate' content=\"2019-10-16T23:00\" \/><meta itemprop='eventStatus' content=\"on-schedule\" \/><script type=\"application\/ld+json\">{\t\"@context\": \"http:\/\/schema.org\",\n\t\t\t\t\t\t\t  \t\"@type\": \"Event\",\n\t\t\t\t\t\t\t  \t\"name\": \"Kinder der Utopie (2019)\",\n\t\t\t\t\t\t\t  \t\"startDate\": \"2019-10-16T20-20-15-00\",\n\t\t\t\t\t\t\t  \t\"endDate\": \"2019-10-16T23-23-00-00\",\n\t\t\t\t\t\t\t  \t\"image\":\"https:\/\/www.wochen-zur-demokratie.de\/archiv\/wp-content\/uploads\/2019\/08\/kinder-der-utopie-web.jpg\",\n\t\t\t\t\t\t\t  \t\"description\":\"Sechs junge Erwachsene schauen zur\u00fcck auf ihre gemeinsame Grundschulzeit in einer Inklusionsklasse. Sie reflektieren ihre Erlebnisse und Erfahrungen \u2013 und blicken in die Zukunft. Ein ber\u00fchrender und ehrlicher Dokumentarfilm\"\n\t\t\t\t\t\t\t  \t\n\t\t\t\t\t\t\t }<\/script><\/div>\n\t\t\t\t<p class=\"desc_trig_outter\"><a data-gmap_status=\"null\" data-exlk=\"0\" id=\"evc_1571256900310\" class=\"desc_trig sin_val evcal_list_a\" data-ux_val=\"3\"  ><span class='evcal_cblock ' data-bgcolor='#c766a4' data-smon='Oktober' data-syr='2019'><span class='evo_start '><em class='date'>16<\/em><em class='month'>Okt.<\/em><em class='time'>20:15<\/em><\/span><span class='evo_end only_time'><em class='time'>23:00<\/em><\/span><em class='clear'><\/em><\/span><span class='evcal_desc evo_info hide_eventtopdata '  data-location_status=\"false\" ><span class='evo_above_title'><\/span><span class='evcal_desc2 evcal_event_title' itemprop='name'>Kinder der Utopie (2019)<\/span><span class='evo_below_title'><span class='evcal_event_subtitle' >Filmreihe zur Demokratie #3<\/span><\/span><span class='evcal_desc_info' ><em class='evcal_time'>20:15 - 23:00<\/em> <em class=\"evcal_location\"  data-add_str=\"\"><em class=\"event_location_name\">ProLi Caf\u00e9 &amp; Kino, Passau<\/em><\/em><\/span><span class='evcal_desc3'><\/span><\/span><em class='clear'><\/em><\/a><\/p><div class='event_description evcal_eventcard ' style=\"display:none\"><div class='evo_metarow_directimg'><img class='evo_event_main_img' src='https:\/\/www.wochen-zur-demokratie.de\/archiv\/wp-content\/uploads\/2019\/08\/kinder-der-utopie-web.jpg' \/><\/div><div class='evo_metarow_details evorow evcal_evdata_row bordb evcal_event_details'>\n\t\t\t\t\t\t\t<div class=\"event_excerpt\" style=\"display:none\"><h3 class=\"padb5 evo_h3\">Event Details<\/h3><p>Sechs junge Erwachsene schauen zur\u00fcck auf ihre gemeinsame Grundschulzeit in einer Inklusionsklasse. Sie reflektieren ihre Erlebnisse und Erfahrungen \u2013 und blicken in die Zukunft. Ein ber\u00fchrender und ehrlicher Dokumentarfilm<\/p><\/div><span class='evcal_evdata_icons'><i class='fa fa-align-justify'><\/i><\/span>\n\t\t\t\t\t\t\t\n\t\t\t\t\t\t\t<div class='evcal_evdata_cell '><div class='eventon_full_description'>\n\t\t\t\t\t\t\t\t\t<h3 class='padb5 evo_h3'><span class='evcal_evdata_icons'><i class='fa fa-align-justify'><\/i><\/span>Event Details<\/h3><div class='eventon_desc_in' itemprop='description'>\n\t\t\t\t\t\t\t\t\t<p class=\"eventdaten\">Sechs junge Erwachsene schauen zur\u00fcck auf ihre gemeinsame Grundschulzeit in einer Inklusionsklasse. Sie reflektieren ihre Erlebnisse und Erfahrungen \u2013 und blicken in die Zukunft. Ein ber\u00fchrender und ehrlicher Dokumentarfilm von Hubertus Siegert.<\/p>\n<p>Im Anschluss daran entspann sich unter den rund 30 BesucherInnen ein Gespr\u00e4ch mit P\u00e4dagogInnen, die im Bereich Inklusion t\u00e4tig sind, u.a. Prof. Dr. Christina Hansen (Inhaberin des Lehrstuhls f\u00fcr Grundschulp\u00e4dagogik und -didaktik).<\/p>\n<\/div><div class='clear'><\/div>\n\t\t\t\t\t\t\t\t<\/div>\n\t\t\t\t\t\t\t<\/div>\n\t\t\t\t\t\t<\/div><div class='evo_metarow_organizer evorow evcal_evdata_row bordb evcal_evrow_sm '>\n\t\t\t\t\t\t\t<span class='evcal_evdata_icons'><i class='fa fa-address-book-o'><\/i><\/span>\n\t\t\t\t\t\t\t<div class='evcal_evdata_cell'>\t\t\t\t\t\t\t\n\t\t\t\t\t\t\t\t<h3 class='evo_h3'>Mitveranstalter \/ Partner<\/h3>\n\t\t\t\t\t\t\t\t<p class='evo_data_val evo_card_organizer_image'><img src='https:\/\/www.wochen-zur-demokratie.de\/archiv\/wp-content\/uploads\/2019\/09\/Logo-ProLi.jpg'\/><\/p>\n\t\t\t\t\t\t\t\t<div class='evo_card_organizer'><p class='evo_data_val evo_card_organizer_name'>\n\t\t\t\t\t\t\t\t\t<span class='evo_card_organizer_name_t'>ProLi Caf\u00e9 &amp; Kino<\/span>\n\t\t\t\t\t\t\t\t\t\n\t\t\t\t\t\t\t\t\t<\/p><\/div><div class='clear'><\/div>\t\t\t\t\t\t\t\n\t\t\t\t\t\t\t<\/div>\n\t\t\t\t\t\t<\/div>\t\t\t\t\t\t<div class='evo_metarow_ICS evorow bordb evcal_evdata_row'>\n\t\t\t\t\t\t\t<span class=\"evcal_evdata_icons\"><i class=\"fa fa-calendar\"><\/i><\/span>\n\t\t\t\t\t\t\t<div class='evcal_evdata_cell'>\n\t\t\t\t\t\t\t\t<p><a href='https:\/\/www.wochen-zur-demokratie.de\/archiv\/wp-admin\/admin-ajax.php?action=eventon_ics_download&amp;event_id=310&amp;ri=0' class='evo_ics_nCal' title='Zum Ihrem Kalender hinzuf\u00fcgen'>Zum Kalender hinzuf\u00fcgen<\/a><a href='\/\/www.google.com\/calendar\/event?action=TEMPLATE&amp;text=Kinder+der+Utopie+%282019%29&amp;dates=20191016T181500Z\/20191016T210000Z&amp;details=Sechs+junge+Erwachsene+schauen+zur%C3%BCck+auf+ihre+gemeinsame+Grundschulzeit+in+einer+Inklusionsklasse.+Sie+reflektieren+ihre+Erlebnisse+und+Erfahrungen+%E2%80%93+und+blicken+in+die+Zukunft.+Ein+ber%C3%BChrender+und+ehrlicher+Dokumentarfilm&amp;location=ProLi+Caf%C3%A9+%26amp%3B+Kino%2C+Passau - ' target='_blank' class='evo_ics_gCal' title='Zum Ihrem Google-Kalender hinzuf\u00fcgen'>GoogleCal<\/a><\/p>\t\n\t\t\t\t\t\t\t<\/div>\n\t\t\t\t\t\t<\/div>\n\t\t\t\t\t\t<div class='bordb evo_metarow_socialmedia evcal_evdata_row  lastrow'><div class='evo_sm FacebookShare'><a class=\" evo_ss\" target=\"_blank\" onclick=\"javascript:window.open(this.href, '', 'left=50,top=50,width=600,height=350,toolbar=0');return false;\"\n\t\t\t\t\t\t\t\thref=\"http:\/\/www.facebook.com\/sharer.php?u=https%3A%2F%2Fwww.wochen-zur-demokratie.de%2Farchiv%2Fevents%2Fkinder-der-utopie-2019%2F\" title=\"Diese Veranstaltung auf Facebook teilen\"><i class=\"fa fa-facebook\"><\/i><\/a><\/div><div class='evo_sm Twitter'><a class=\"tw evo_ss\" onclick=\"javascript:window.open(this.href, '', 'menubar=no,toolbar=no,resizable=yes,scrollbars=yes,height=300,width=600');return false;\" href=\"http:\/\/twitter.com\/intent\/tweet?text=Kinder der Utopie (2019)&#32;-&#32;&url=https%3A%2F%2Fwww.wochen-zur-demokratie.de%2Farchiv%2Fevents%2Fkinder-der-utopie-2019%2F\" title=\"Diese Veranstaltung auf Twitter teilen\" rel=\"nofollow\" target=\"_blank\" data-url=\"https%3A%2F%2Fwww.wochen-zur-demokratie.de%2Farchiv%2Fevents%2Fkinder-der-utopie-2019%2F\"><i class=\"fa fa-twitter\"><\/i><\/a><\/div><div class='evo_sm LinkedIn'><a class=\"li evo_ss\" href=\"http:\/\/www.linkedin.com\/shareArticle?mini=true&url=https%3A%2F%2Fwww.wochen-zur-demokratie.de%2Farchiv%2Fevents%2Fkinder-der-utopie-2019%2F&title=Kinder%20der%20Utopie%20%282019%29&summary=Sechs+junge+Erwachsene+schauen+zur%C3%BCck+auf+ihre+gemeinsame+Grundschulzeit+in+einer+Inklusionsklasse.+Sie+reflektieren+ihre\" target=\"_blank\" title=\"Diese Veranstaltung auf Linkedin teilen\"><i class=\"fa fa-linkedin\"><\/i><\/a><\/div><div class='evo_sm EmailShare'><a class=\"em evo_ss\" href=\"mailto:?subject=Kinder der Utopie (2019)&body=Event Name: Kinder der Utopie (2019)%0AEvent Date: 16\/10\/2019 20:15 - 23:00%0ALink: https%3A%2F%2Fwww.wochen-zur-demokratie.de%2Farchiv%2Fevents%2Fkinder-der-utopie-2019%2F%0A\" target=\"_blank\"><i class=\"fa fa-envelope\"><\/i><\/a><\/div><div class='clear'><\/div><div class='evcal_evdata_row evcal_close' title='Close'><\/div><\/div><div class='evo_card_row_end evcal_close' title='Close'><\/div><\/div><div class='clear end'><\/div><\/div><div style=\"background-color: #c766a4;height: 275px;\" id=\"event_326\" class=\"eventon_list_event evo_eventtop past_event event event_326_0\" data-event_id=\"326\" data-ri=\"0r\" data-time=\"1571301000-1571306400\" data-colr=\"#c766a4\" itemscope itemtype='http:\/\/schema.org\/Event'><div class=\"evo_event_schema\" style=\"display:none\" ><a itemprop='url'  href='https:\/\/www.wochen-zur-demokratie.de\/archiv\/events\/kinderrechte-und-demokratie-2\/'><\/a><span itemprop='name'  >Kinderrechte und Demokratie<\/span><meta itemprop='image' content=\"https:\/\/www.wochen-zur-demokratie.de\/archiv\/wp-content\/uploads\/2019\/07\/UnicefKInderrechte.jpg\" \/><meta itemprop='description' content=\"Kinderrechte an der Montessori-Schule werden GROSS geschrieben!    Es scheint so vieles selbstverst\u00e4ndlich, Recht auf Bildung, gute gesundheitliche Versorgung, Mitbestimmung in der eigenen Familie, Geh\u00f6r finden mit einer eigenen Meinung, Zeit zum\" \/><meta itemprop='startDate' content=\"2019-10-17T08:30\" \/><meta itemprop='endDate' content=\"2019-10-17T10:00\" \/><meta itemprop='eventStatus' content=\"on-schedule\" \/><script type=\"application\/ld+json\">{\t\"@context\": \"http:\/\/schema.org\",\n\t\t\t\t\t\t\t  \t\"@type\": \"Event\",\n\t\t\t\t\t\t\t  \t\"name\": \"Kinderrechte und Demokratie\",\n\t\t\t\t\t\t\t  \t\"startDate\": \"2019-10-17T08-08-30-00\",\n\t\t\t\t\t\t\t  \t\"endDate\": \"2019-10-17T10-10-00-00\",\n\t\t\t\t\t\t\t  \t\"image\":\"https:\/\/www.wochen-zur-demokratie.de\/archiv\/wp-content\/uploads\/2019\/07\/UnicefKInderrechte.jpg\",\n\t\t\t\t\t\t\t  \t\"description\":\"Kinderrechte an der Montessori-Schule werden GROSS geschrieben!    Es scheint so vieles selbstverst\u00e4ndlich, Recht auf Bildung, gute gesundheitliche Versorgung, Mitbestimmung in der eigenen Familie, Geh\u00f6r finden mit einer eigenen Meinung, Zeit zum\"\n\t\t\t\t\t\t\t  \t\n\t\t\t\t\t\t\t }<\/script><\/div>\n\t\t\t\t<p class=\"desc_trig_outter\"><a data-gmap_status=\"null\" data-exlk=\"0\" id=\"evc_1571301000326\" class=\"desc_trig sin_val evcal_list_a\" data-ux_val=\"3\"  ><span class='evcal_cblock ' data-bgcolor='#c766a4' data-smon='Oktober' data-syr='2019'><span class='evo_start '><em class='date'>17<\/em><em class='month'>Okt.<\/em><em class='time'>08:30<\/em><\/span><span class='evo_end only_time'><em class='time'>10:00<\/em><\/span><em class='clear'><\/em><\/span><span class='evcal_desc evo_info hide_eventtopdata '  data-location_status=\"false\" ><span class='evo_above_title'><\/span><span class='evcal_desc2 evcal_event_title' itemprop='name'>Kinderrechte und Demokratie<\/span><span class='evo_below_title'><span class='evcal_event_subtitle' >Ein Workshop der UNICEF Hochschulgruppe<\/span><\/span><span class='evcal_desc_info' ><em class='evcal_time'>08:30 - 10:00<\/em> <em class=\"evcal_location\"  data-add_str=\"\"><em class=\"event_location_name\">Montessori Schule Passau<\/em><\/em><\/span><span class='evcal_desc3'><\/span><\/span><em class='clear'><\/em><\/a><\/p><div class='event_description evcal_eventcard ' style=\"display:none\"><div class='evo_metarow_directimg'><img class='evo_event_main_img' src='https:\/\/www.wochen-zur-demokratie.de\/archiv\/wp-content\/uploads\/2019\/07\/UnicefKInderrechte.jpg' \/><\/div><div class='evo_metarow_details evorow evcal_evdata_row bordb evcal_event_details'>\n\t\t\t\t\t\t\t<div class=\"event_excerpt\" style=\"display:none\"><h3 class=\"padb5 evo_h3\">Event Details<\/h3><p>Kinderrechte an der Montessori-Schule werden GROSS geschrieben!\r\n\r\nEs scheint so vieles selbstverst\u00e4ndlich, Recht auf Bildung, gute gesundheitliche Versorgung, Mitbestimmung in der eigenen Familie, Geh\u00f6r finden mit einer eigenen Meinung, Zeit zum<\/p><\/div><span class='evcal_evdata_icons'><i class='fa fa-align-justify'><\/i><\/span>\n\t\t\t\t\t\t\t\n\t\t\t\t\t\t\t<div class='evcal_evdata_cell shorter_desc'><div class='eventon_details_shading_bot'>\n\t\t\t\t\t\t\t\t<p class='eventon_shad_p' content='less'><span class='ev_more_text' data-txt='Weniger anzeigen'>Mehr anzeigen<\/span><span class='ev_more_arrow'><\/span><\/p>\n\t\t\t\t\t\t\t<\/div><div class='eventon_full_description'>\n\t\t\t\t\t\t\t\t\t<h3 class='padb5 evo_h3'><span class='evcal_evdata_icons'><i class='fa fa-align-justify'><\/i><\/span>Event Details<\/h3><div class='eventon_desc_in' itemprop='description'>\n\t\t\t\t\t\t\t\t\t<p>Kinderrechte an der Montessori-Schule werden GROSS geschrieben!<\/p>\n<p>Es scheint so vieles selbstverst\u00e4ndlich, Recht auf Bildung, gute gesundheitliche Versorgung, Mitbestimmung in der eigenen Familie, Geh\u00f6r finden mit einer eigenen Meinung, Zeit zum Spielen und vieles mehr. Nach einem kurzen Einblick in die Arbeit der Organisation UNICEF, wurde es sehr konkret, als die Kinder sich in Gruppenarbeit zusammenfanden und anhand informativer Texte f\u00fcnf unterschiedliche L\u00e4nder unter die Lupe nahmen.<\/p>\n<p>Wie sieht es in dem Land aus hinsichtlich der Einhaltung der Kinderrechte? Gibt es dort Demokratie?<\/p>\n<p>Dabei wurden nicht nur Namen fremder L\u00e4nder entdeckt, sondern auch das Leben der Kinder dort, welches unvorstellbar anders ist als hier in Passau. Kurze Pr\u00e4sentationen der Gruppenergebnisse rundeten den informativen Vormittag ab.<\/p>\n<\/div><div class='clear'><\/div>\n\t\t\t\t\t\t\t\t<\/div>\n\t\t\t\t\t\t\t<\/div>\n\t\t\t\t\t\t<\/div><div class='evo_metarow_organizer evorow evcal_evdata_row bordb evcal_evrow_sm '>\n\t\t\t\t\t\t\t<span class='evcal_evdata_icons'><i class='fa fa-address-book-o'><\/i><\/span>\n\t\t\t\t\t\t\t<div class='evcal_evdata_cell'>\t\t\t\t\t\t\t\n\t\t\t\t\t\t\t\t<h3 class='evo_h3'>Mitveranstalter \/ Partner<\/h3>\n\t\t\t\t\t\t\t\t<p class='evo_data_val evo_card_organizer_image'><img src='https:\/\/www.wochen-zur-demokratie.de\/archiv\/wp-content\/uploads\/2019\/08\/Logo-UNICEF-300x175.jpg'\/><\/p>\n\t\t\t\t\t\t\t\t<div class='evo_card_organizer'><p class='evo_data_val evo_card_organizer_name'>\n\t\t\t\t\t\t\t\t\t<span class='evo_card_organizer_name_t'><a target=\"_blank\" href='https:\/\/www.hochschulgruppe-passau.unicef.de'>UNICEF Hochschulgruppe<\/a><\/span>\n\t\t\t\t\t\t\t\t\t\n\t\t\t\t\t\t\t\t\t<\/p><\/div><div class='clear'><\/div>\t\t\t\t\t\t\t\n\t\t\t\t\t\t\t<\/div>\n\t\t\t\t\t\t<\/div>\t\t\t\t\t\t<div class='evo_metarow_ICS evorow bordb evcal_evdata_row'>\n\t\t\t\t\t\t\t<span class=\"evcal_evdata_icons\"><i class=\"fa fa-calendar\"><\/i><\/span>\n\t\t\t\t\t\t\t<div class='evcal_evdata_cell'>\n\t\t\t\t\t\t\t\t<p><a href='https:\/\/www.wochen-zur-demokratie.de\/archiv\/wp-admin\/admin-ajax.php?action=eventon_ics_download&amp;event_id=326&amp;ri=0' class='evo_ics_nCal' title='Zum Ihrem Kalender hinzuf\u00fcgen'>Zum Kalender hinzuf\u00fcgen<\/a><a href='\/\/www.google.com\/calendar\/event?action=TEMPLATE&amp;text=Kinderrechte+und+Demokratie&amp;dates=20191017T063000Z\/20191017T080000Z&amp;details=Kinderrechte+an+der+Montessori-Schule+werden+GROSS+geschrieben%21%0D%0A%0D%0AEs+scheint+so+vieles+selbstverst%C3%A4ndlich%2C+Recht+auf+Bildung%2C+gute+gesundheitliche+Versorgung%2C+Mitbestimmung+in+der+eigenen+Familie%2C+Geh%C3%B6r+finden+mit+einer+eigenen+Meinung%2C+Zeit+zum&amp;location=Montessori+Schule+Passau - ' target='_blank' class='evo_ics_gCal' title='Zum Ihrem Google-Kalender hinzuf\u00fcgen'>GoogleCal<\/a><\/p>\t\n\t\t\t\t\t\t\t<\/div>\n\t\t\t\t\t\t<\/div>\n\t\t\t\t\t\t<div class='bordb evo_metarow_socialmedia evcal_evdata_row  lastrow'><div class='evo_sm FacebookShare'><a class=\" evo_ss\" target=\"_blank\" onclick=\"javascript:window.open(this.href, '', 'left=50,top=50,width=600,height=350,toolbar=0');return false;\"\n\t\t\t\t\t\t\t\thref=\"http:\/\/www.facebook.com\/sharer.php?u=https%3A%2F%2Fwww.wochen-zur-demokratie.de%2Farchiv%2Fevents%2Fkinderrechte-und-demokratie-2%2F\" title=\"Diese Veranstaltung auf Facebook teilen\"><i class=\"fa fa-facebook\"><\/i><\/a><\/div><div class='evo_sm Twitter'><a class=\"tw evo_ss\" onclick=\"javascript:window.open(this.href, '', 'menubar=no,toolbar=no,resizable=yes,scrollbars=yes,height=300,width=600');return false;\" href=\"http:\/\/twitter.com\/intent\/tweet?text=Kinderrechte und Demokratie&#32;-&#32;&url=https%3A%2F%2Fwww.wochen-zur-demokratie.de%2Farchiv%2Fevents%2Fkinderrechte-und-demokratie-2%2F\" title=\"Diese Veranstaltung auf Twitter teilen\" rel=\"nofollow\" target=\"_blank\" data-url=\"https%3A%2F%2Fwww.wochen-zur-demokratie.de%2Farchiv%2Fevents%2Fkinderrechte-und-demokratie-2%2F\"><i class=\"fa fa-twitter\"><\/i><\/a><\/div><div class='evo_sm LinkedIn'><a class=\"li evo_ss\" href=\"http:\/\/www.linkedin.com\/shareArticle?mini=true&url=https%3A%2F%2Fwww.wochen-zur-demokratie.de%2Farchiv%2Fevents%2Fkinderrechte-und-demokratie-2%2F&title=Kinderrechte%20und%20Demokratie&summary=Kinderrechte+an+der+Montessori-Schule+werden+GROSS+geschrieben%21%0AEs+scheint+so+vieles+selbstverst%C3%A4ndlich%2C+Recht+auf+Bildung%2C+gute+gesundheitliche\" target=\"_blank\" title=\"Diese Veranstaltung auf Linkedin teilen\"><i class=\"fa fa-linkedin\"><\/i><\/a><\/div><div class='evo_sm EmailShare'><a class=\"em evo_ss\" href=\"mailto:?subject=Kinderrechte und Demokratie&body=Event Name: Kinderrechte und Demokratie%0AEvent Date: 17\/10\/2019 08:30 - 10:00%0ALink: https%3A%2F%2Fwww.wochen-zur-demokratie.de%2Farchiv%2Fevents%2Fkinderrechte-und-demokratie-2%2F%0A\" target=\"_blank\"><i class=\"fa fa-envelope\"><\/i><\/a><\/div><div class='clear'><\/div><div class='evcal_evdata_row evcal_close' title='Close'><\/div><\/div><div class='evo_card_row_end evcal_close' title='Close'><\/div><\/div><div class='clear end'><\/div><\/div><div style=\"background-color: #c766a4;height: 275px;\" id=\"event_427\" class=\"eventon_list_event evo_eventtop past_event event event_427_0\" data-event_id=\"427\" data-ri=\"0r\" data-time=\"1571338800-1571346000\" data-colr=\"#c766a4\" itemscope itemtype='http:\/\/schema.org\/Event'><div class=\"evo_event_schema\" style=\"display:none\" ><a itemprop='url'  href='https:\/\/www.wochen-zur-demokratie.de\/archiv\/events\/sind-die-gelbwesten-der-beginn-einer-neuen-revolution\/'><\/a><span itemprop='name'  >Sind die \u201eGelbwesten\u201c der Beginn einer neuen Revolution?<\/span><meta itemprop='image' content=\"https:\/\/www.wochen-zur-demokratie.de\/archiv\/wp-content\/uploads\/2019\/10\/191017-paoli-2.jpg\" \/><meta itemprop='description' content=\"Das Buch \u201eSoziale Gelbsucht\u201c von Guillaume Paoli, erschienen im Verlag Matthes &amp; Seitz Berlin, ist die radikale Analyse eines radikalen Ereignisses. Im Rahmen der Wochen zur Demokratie fand die Buchpremiere\" \/><meta itemprop='startDate' content=\"2019-10-17T19:00\" \/><meta itemprop='endDate' content=\"2019-10-17T21:00\" \/><meta itemprop='eventStatus' content=\"on-schedule\" \/>\n\t\t\t\t\t\t\t\t\t<item style=\"display:none\" itemprop=\"location\" itemscope itemtype=\"http:\/\/schema.org\/Place\">\n\t\t\t\t\t\t\t\t\t\t<span itemprop=\"name\">Antiquariat und Buchhandlung Heiner Henke, Passau, Domplatz<\/span>\n\t\t\t\t\t\t\t\t\t\t<span itemprop=\"address\" itemscope itemtype=\"http:\/\/schema.org\/PostalAddress\">\n\t\t\t\t\t\t\t\t\t\t\t<item itemprop=\"streetAddress\">Luragogasse 5, 94032 Passau<\/item>\n\t\t\t\t\t\t\t\t\t\t<\/span><\/item><script type=\"application\/ld+json\">{\t\"@context\": \"http:\/\/schema.org\",\n\t\t\t\t\t\t\t  \t\"@type\": \"Event\",\n\t\t\t\t\t\t\t  \t\"name\": \"Sind die \u201eGelbwesten\u201c der Beginn einer neuen Revolution?\",\n\t\t\t\t\t\t\t  \t\"startDate\": \"2019-10-17T19-19-00-00\",\n\t\t\t\t\t\t\t  \t\"endDate\": \"2019-10-17T21-21-00-00\",\n\t\t\t\t\t\t\t  \t\"image\":\"https:\/\/www.wochen-zur-demokratie.de\/archiv\/wp-content\/uploads\/2019\/10\/191017-paoli-2.jpg\",\n\t\t\t\t\t\t\t  \t\"description\":\"Das Buch \u201eSoziale Gelbsucht\u201c von Guillaume Paoli, erschienen im Verlag Matthes &amp; Seitz Berlin, ist die radikale Analyse eines radikalen Ereignisses. Im Rahmen der Wochen zur Demokratie fand die Buchpremiere\"\n\t\t\t\t\t\t\t  \t,\"location\":{\n\t\t\t\t\t\t\t\t\t\t\"@type\":\"Place\",\n\t\t\t\t\t\t\t\t\t\t\"name\":\"Antiquariat und Buchhandlung Heiner Henke, Passau, Domplatz\",\n\t\t\t\t\t\t\t\t\t\t\"address\":{\n\t\t\t\t\t\t\t\t\t\t\t\"@type\": \"PostalAddress\"\n\t\t\t\t\t\t\t\t\t\t\t\"streetAddress\":\"Luragogasse 5, 94032 Passau\"\n\t\t\t\t\t\t\t\t\t\t}\n\t\t\t\t\t\t\t  \t\t}\n\t\t\t\t\t\t\t }<\/script><\/div>\n\t\t\t\t<p class=\"desc_trig_outter\"><a data-gmap_status=\"null\" data-gmtrig=\"1\" data-exlk=\"0\" id=\"evc_1571338800427\" class=\"desc_trig sin_val evcal_list_a\" data-ux_val=\"3\"  ><span class='evcal_cblock ' data-bgcolor='#c766a4' data-smon='Oktober' data-syr='2019'><span class='evo_start '><em class='date'>17<\/em><em class='month'>Okt.<\/em><em class='time'>19:00<\/em><\/span><span class='evo_end only_time'><em class='time'>21:00<\/em><\/span><em class='clear'><\/em><\/span><span class='evcal_desc evo_info hide_eventtopdata '  data-location_address=\"Luragogasse 5, 94032 Passau\" data-location_type=\"address\" data-location_name=\"Antiquariat und Buchhandlung Heiner Henke, Passau, Domplatz\" data-location_url=\"https:\/\/www.wochen-zur-demokratie.de\/archiv\/event-location\/antiquariat-und-buchhandlung-heiner-henke\/\" data-location_status=\"true\" ><span class='evo_above_title'><\/span><span class='evcal_desc2 evcal_event_title' itemprop='name'>Sind die \u201eGelbwesten\u201c der Beginn einer neuen Revolution?<\/span><span class='evo_below_title'><span class='evcal_event_subtitle' >Buchpremiere: \u201eSoziale Gelbsucht\u201c von und mit Guillaume Paoli<\/span><\/span><span class='evcal_desc_info' ><em class='evcal_time'>19:00 - 21:00<\/em> <em class=\"evcal_location\"  data-add_str=\"\"><em class=\"event_location_name\">Antiquariat und Buchhandlung Heiner Henke, Passau, Domplatz<\/em><\/em><\/span><span class='evcal_desc3'><\/span><\/span><em class='clear'><\/em><\/a><\/p><div class='event_description evcal_eventcard ' style=\"display:none\"><div class='evo_metarow_directimg'><img class='evo_event_main_img' src='https:\/\/www.wochen-zur-demokratie.de\/archiv\/wp-content\/uploads\/2019\/10\/191017-paoli-2.jpg' \/><\/div><div class='evo_event_images'><span class='evo_event_more_img select'><img title='' src='https:\/\/www.wochen-zur-demokratie.de\/archiv\/wp-content\/uploads\/2019\/10\/191017-paoli-2.jpg' data-f='https:\/\/www.wochen-zur-demokratie.de\/archiv\/wp-content\/uploads\/2019\/10\/191017-paoli-2.jpg'\/><\/span><span class='evo_event_more_img '><img title='' src='https:\/\/www.wochen-zur-demokratie.de\/archiv\/wp-content\/uploads\/2019\/10\/191017-paoli-4-150x150.jpg' data-f='https:\/\/www.wochen-zur-demokratie.de\/archiv\/wp-content\/uploads\/2019\/10\/191017-paoli-4.jpg' data-h='404' data-w='650'\/><\/span><span class='evo_event_more_img '><img title='' src='https:\/\/www.wochen-zur-demokratie.de\/archiv\/wp-content\/uploads\/2019\/10\/191017-paoli-3-150x150.jpg' data-f='https:\/\/www.wochen-zur-demokratie.de\/archiv\/wp-content\/uploads\/2019\/10\/191017-paoli-3.jpg' data-h='404' data-w='650'\/><\/span><span class='evo_event_more_img '><img title='' src='https:\/\/www.wochen-zur-demokratie.de\/archiv\/wp-content\/uploads\/2019\/10\/191017-paoli-1-150x150.jpg' data-f='https:\/\/www.wochen-zur-demokratie.de\/archiv\/wp-content\/uploads\/2019\/10\/191017-paoli-1.jpg' data-h='404' data-w='650'\/><\/span><\/div><div class='evo_metarow_details evorow evcal_evdata_row bordb evcal_event_details'>\n\t\t\t\t\t\t\t<div class=\"event_excerpt\" style=\"display:none\"><h3 class=\"padb5 evo_h3\">Event Details<\/h3><p>Das Buch \u201eSoziale Gelbsucht\u201c von Guillaume Paoli, erschienen im Verlag Matthes &amp; Seitz Berlin, ist die radikale Analyse eines radikalen Ereignisses. Im Rahmen der Wochen zur Demokratie fand die Buchpremiere<\/p><\/div><span class='evcal_evdata_icons'><i class='fa fa-align-justify'><\/i><\/span>\n\t\t\t\t\t\t\t\n\t\t\t\t\t\t\t<div class='evcal_evdata_cell shorter_desc'><div class='eventon_details_shading_bot'>\n\t\t\t\t\t\t\t\t<p class='eventon_shad_p' content='less'><span class='ev_more_text' data-txt='Weniger anzeigen'>Mehr anzeigen<\/span><span class='ev_more_arrow'><\/span><\/p>\n\t\t\t\t\t\t\t<\/div><div class='eventon_full_description'>\n\t\t\t\t\t\t\t\t\t<h3 class='padb5 evo_h3'><span class='evcal_evdata_icons'><i class='fa fa-align-justify'><\/i><\/span>Event Details<\/h3><div class='eventon_desc_in' itemprop='description'>\n\t\t\t\t\t\t\t\t\t<p><strong>Das Buch \u201eSoziale Gelbsucht\u201c von Guillaume Paoli, erschienen im Verlag Matthes &amp; Seitz Berlin, ist die <\/strong><strong>radikale Analyse eines radikalen Ereignisses. Im Rahmen der Wochen zur Demokratie fand die Buchpremiere vor \u00fcber 40 G\u00e4sten mit<\/strong> <strong>Lesung des Autors und anschlie\u00dfender Diskussion statt.<\/strong><\/p>\n<p><strong>Moderiert wurde der Abend von Hannes Ringlstetter.<\/strong><\/p>\n<p>Einzigartig ist die Bewegung der Gilets jaunes in vielerlei Hinsicht: Einfache Menschen aus den Peripherien haben sich selbstst\u00e4ndig vernetzt und lehnen jede Art von Repr\u00e4sentation ab. Mit ihren Aktionsmethoden sprengen sie den Rahmen des institutionalisierten Protests. Ihre Forderungen sind nicht gerade revolution\u00e4r \u2013 sie wollen einfach bessere Lebensbedingungen, mehr Gerechtigkeit, mehr Achtung. Dennoch haben sie das Land in die tiefste soziale Krise seiner j\u00fcngeren Geschichte gest\u00fcrzt. Die Neuigkeit des Ereignisses, das mit Sicherheit langfristige Folgen zeitigen wird, zeigt sich auch dadurch, dass es sich mit konventionellen Referenzen nicht interpretieren l\u00e4sst. Stehen die Gilets jaunes links oder rechts, sind sie progressiv oder konservativ? Findet eine R\u00fcckkehr des Klassenkampfs statt oder ein Aufstand der Peripherien gegen die globalisierten Zentren? Vor diesen Bruch mit ihren Gewissheiten gestellt, reagierten die meisten Zeitdiagnostiker mit Schweigen oder Verleumdung. &#8222;Soziale Gelbsucht&#8220; schaut hinter die Kulissen und zeigt, dass hinter den konfusen und widerspr\u00fcchlichen Formen der Revolte sich der Versuch zeigt, das Leben in die eigenen H\u00e4nde zu nehmen. Schlie\u00dflich geht es um die Frage: Wie l\u00e4sst sich eine Politik durchsetzen, die von der gro\u00dfen Mehrheit abgelehnt wird? Diese Frage stellt sich nicht nur in Frankreich.<\/p>\n<p><strong>Guillaume Paoli<\/strong>, 1959 in Frankreich geboren, lebt in Berlin und war Mitbegr\u00fcnder der Gl\u00fccklichen Arbeitslosen, deren Manifeste 2002 unter dem Titel \u201eMehr Zuckerbrot, weniger Peitsche\u201c erschienen, sowie Hausphilosoph im Leipziger Theater. F\u00fcr Matthes &amp; Seitz Berlin veranstaltete er in den letzten Jahren eine Diskussionsreihe im Roten Salon der Berliner Volksb\u00fchne.<\/p>\n<p>&nbsp;<\/p>\n<\/div><div class='clear'><\/div>\n\t\t\t\t\t\t\t\t<\/div>\n\t\t\t\t\t\t\t<\/div>\n\t\t\t\t\t\t<\/div><div class='evo_metarow_organizer evorow evcal_evdata_row bordb evcal_evrow_sm '>\n\t\t\t\t\t\t\t<span class='evcal_evdata_icons'><i class='fa fa-address-book-o'><\/i><\/span>\n\t\t\t\t\t\t\t<div class='evcal_evdata_cell'>\t\t\t\t\t\t\t\n\t\t\t\t\t\t\t\t<h3 class='evo_h3'>Mitveranstalter \/ Partner<\/h3>\n\t\t\t\t\t\t\t\t<p class='evo_data_val evo_card_organizer_image'><img src='https:\/\/www.wochen-zur-demokratie.de\/archiv\/wp-content\/uploads\/2019\/08\/logo-matthes-henke-300x72.jpg'\/><\/p>\n\t\t\t\t\t\t\t\t<div class='evo_card_organizer'><p class='evo_data_val evo_card_organizer_name'>\n\t\t\t\t\t\t\t\t\t<span class='evo_card_organizer_name_t'><a target=\"_blank\" href='https:\/\/antiquariat-henke.de\/'>Verlag Matthes &amp; Seitz Berlin \/ Antiquariat und Buchhandlung Heiner Henke<\/a><\/span>\n\t\t\t\t\t\t\t\t\t\n\t\t\t\t\t\t\t\t\t<\/p><\/div><div class='clear'><\/div>\t\t\t\t\t\t\t\n\t\t\t\t\t\t\t<\/div>\n\t\t\t\t\t\t<\/div>\t\t\t\t\t\t<div class='evo_metarow_ICS evorow bordb evcal_evdata_row'>\n\t\t\t\t\t\t\t<span class=\"evcal_evdata_icons\"><i class=\"fa fa-calendar\"><\/i><\/span>\n\t\t\t\t\t\t\t<div class='evcal_evdata_cell'>\n\t\t\t\t\t\t\t\t<p><a href='https:\/\/www.wochen-zur-demokratie.de\/archiv\/wp-admin\/admin-ajax.php?action=eventon_ics_download&amp;event_id=427&amp;ri=0' class='evo_ics_nCal' title='Zum Ihrem Kalender hinzuf\u00fcgen'>Zum Kalender hinzuf\u00fcgen<\/a><a href='\/\/www.google.com\/calendar\/event?action=TEMPLATE&amp;text=Sind+die+%E2%80%9EGelbwesten%E2%80%9C+der+Beginn+einer+neuen+Revolution%3F&amp;dates=20191017T170000Z\/20191017T190000Z&amp;details=Das+Buch+%E2%80%9ESoziale+Gelbsucht%E2%80%9C+von+Guillaume+Paoli%2C+erschienen+im+Verlag+Matthes+%26amp%3B+Seitz+Berlin%2C+ist+die+radikale+Analyse+eines+radikalen+Ereignisses.+Im+Rahmen+der+Wochen+zur+Demokratie+fand+die+Buchpremiere&amp;location=Antiquariat+und+Buchhandlung+Heiner+Henke%2C+Passau%2C+Domplatz - Luragogasse+5%2C+94032+Passau' target='_blank' class='evo_ics_gCal' title='Zum Ihrem Google-Kalender hinzuf\u00fcgen'>GoogleCal<\/a><\/p>\t\n\t\t\t\t\t\t\t<\/div>\n\t\t\t\t\t\t<\/div>\n\t\t\t\t\t\t<div class='bordb evo_metarow_socialmedia evcal_evdata_row  lastrow'><div class='evo_sm FacebookShare'><a class=\" evo_ss\" target=\"_blank\" onclick=\"javascript:window.open(this.href, '', 'left=50,top=50,width=600,height=350,toolbar=0');return false;\"\n\t\t\t\t\t\t\t\thref=\"http:\/\/www.facebook.com\/sharer.php?u=https%3A%2F%2Fwww.wochen-zur-demokratie.de%2Farchiv%2Fevents%2Fsind-die-gelbwesten-der-beginn-einer-neuen-revolution%2F\" title=\"Diese Veranstaltung auf Facebook teilen\"><i class=\"fa fa-facebook\"><\/i><\/a><\/div><div class='evo_sm Twitter'><a class=\"tw evo_ss\" onclick=\"javascript:window.open(this.href, '', 'menubar=no,toolbar=no,resizable=yes,scrollbars=yes,height=300,width=600');return false;\" href=\"http:\/\/twitter.com\/intent\/tweet?text=Sind die \u201eGelbwesten\u201c der Beginn einer neuen Revolution?&#32;-&#32;&url=https%3A%2F%2Fwww.wochen-zur-demokratie.de%2Farchiv%2Fevents%2Fsind-die-gelbwesten-der-beginn-einer-neuen-revolution%2F\" title=\"Diese Veranstaltung auf Twitter teilen\" rel=\"nofollow\" target=\"_blank\" data-url=\"https%3A%2F%2Fwww.wochen-zur-demokratie.de%2Farchiv%2Fevents%2Fsind-die-gelbwesten-der-beginn-einer-neuen-revolution%2F\"><i class=\"fa fa-twitter\"><\/i><\/a><\/div><div class='evo_sm LinkedIn'><a class=\"li evo_ss\" href=\"http:\/\/www.linkedin.com\/shareArticle?mini=true&url=https%3A%2F%2Fwww.wochen-zur-demokratie.de%2Farchiv%2Fevents%2Fsind-die-gelbwesten-der-beginn-einer-neuen-revolution%2F&title=Sind%20die%20%E2%80%9EGelbwesten%E2%80%9C%20der%20Beginn%20einer%20neuen%20Revolution%3F&summary=Das+Buch+%E2%80%9ESoziale+Gelbsucht%E2%80%9C+von+Guillaume+Paoli%2C+erschienen+im+Verlag+Matthes+%26amp%3B+Seitz+Berlin%2C+ist+die\" target=\"_blank\" title=\"Diese Veranstaltung auf Linkedin teilen\"><i class=\"fa fa-linkedin\"><\/i><\/a><\/div><div class='evo_sm EmailShare'><a class=\"em evo_ss\" href=\"mailto:?subject=Sind die \u201eGelbwesten\u201c der Beginn einer neuen Revolution?&body=Event Name: Sind die \u201eGelbwesten\u201c der Beginn einer neuen Revolution?%0AEvent Date: 17\/10\/2019 19:00 - 21:00%0ALink: https%3A%2F%2Fwww.wochen-zur-demokratie.de%2Farchiv%2Fevents%2Fsind-die-gelbwesten-der-beginn-einer-neuen-revolution%2F%0A\" target=\"_blank\"><i class=\"fa fa-envelope\"><\/i><\/a><\/div><div class='clear'><\/div><div class='evcal_evdata_row evcal_close' title='Close'><\/div><\/div><div class='evo_card_row_end evcal_close' title='Close'><\/div><\/div><div class='clear end'><\/div><\/div><div style=\"background-color: #c766a4;height: 275px;\" id=\"event_167\" class=\"eventon_list_event evo_eventtop past_event event event_167_0\" data-event_id=\"167\" data-ri=\"0r\" data-time=\"1571356801-1574035199\" data-colr=\"#c766a4\" itemscope itemtype='http:\/\/schema.org\/Event'><div class=\"evo_event_schema\" style=\"display:none\" ><a itemprop='url'  href='https:\/\/www.wochen-zur-demokratie.de\/archiv\/events\/bilderobjekte-rudolf-klaffenboeck\/'><\/a><span itemprop='name'  >Rudolf Klaffenb\u00f6ck \u2013 BilderObjekte<\/span><meta itemprop='image' content=\"https:\/\/www.wochen-zur-demokratie.de\/archiv\/wp-content\/uploads\/2019\/07\/klaffenboeck-brief.jpg\" \/><meta itemprop='description' content=\"Datum: Freitag, 18. Oktober \u2013 Sonntag, 17. November  Uhrzeit: Di\u2013So 13:00\u201318:00 Uhr  Ort: Sankt Anna-Kapelle  Eintritt: frei  Der Passauer K\u00fcnstler, Kabarettist und Fotograf Rudolf Klaffenb\u00f6ck ist ein Grenzg\u00e4nger, denn Abstrakt-Zeichenhaftes mischt sich mit\" \/><meta itemprop='startDate' content=\"2019-10-18\" \/><meta itemprop='endDate' content=\"2019-11-17\" \/><meta itemprop='eventStatus' content=\"on-schedule\" \/><script type=\"application\/ld+json\">{\t\"@context\": \"http:\/\/schema.org\",\n\t\t\t\t\t\t\t  \t\"@type\": \"Event\",\n\t\t\t\t\t\t\t  \t\"name\": \"Rudolf Klaffenb\u00f6ck \u2013 BilderObjekte\",\n\t\t\t\t\t\t\t  \t\"startDate\": \"2019-10-18T00-00-00-00\",\n\t\t\t\t\t\t\t  \t\"endDate\": \"2019-11-17T23-23-59-00\",\n\t\t\t\t\t\t\t  \t\"image\":\"https:\/\/www.wochen-zur-demokratie.de\/archiv\/wp-content\/uploads\/2019\/07\/klaffenboeck-brief.jpg\",\n\t\t\t\t\t\t\t  \t\"description\":\"Datum: Freitag, 18. Oktober \u2013 Sonntag, 17. November  Uhrzeit: Di\u2013So 13:00\u201318:00 Uhr  Ort: Sankt Anna-Kapelle  Eintritt: frei  Der Passauer K\u00fcnstler, Kabarettist und Fotograf Rudolf Klaffenb\u00f6ck ist ein Grenzg\u00e4nger, denn Abstrakt-Zeichenhaftes mischt sich mit\"\n\t\t\t\t\t\t\t  \t\n\t\t\t\t\t\t\t }<\/script><\/div>\n\t\t\t\t<p class=\"desc_trig_outter\"><a data-gmap_status=\"null\" data-exlk=\"0\" id=\"evc_1571356801167\" class=\"desc_trig mul_val evcal_list_a allday\" data-ux_val=\"3\"  ><span class='evcal_cblock ' data-bgcolor='#c766a4' data-smon='Oktober' data-syr='2019'><span class='evo_start '><em class='date'>18<\/em><em class='month'>Okt.<\/em><em class='time'>ganzt\u00e4gig<\/em><\/span><span class='evo_end '><em class='date'>17<\/em><em class='month'>Nov.<\/em><\/span><em class='clear'><\/em><\/span><span class='evcal_desc evo_info hide_eventtopdata '  data-location_status=\"false\" ><span class='evo_above_title'><\/span><span class='evcal_desc2 evcal_event_title' itemprop='name'>Rudolf Klaffenb\u00f6ck \u2013 BilderObjekte<\/span><span class='evo_below_title'><span class='evcal_event_subtitle' >Kunstausstellung<\/span><\/span><span class='evcal_desc_info' ><em class='evcal_time'><em class='evcal_alldayevent_text'>(ganzt\u00e4gig)<\/em><\/em> <em class=\"evcal_location\"  data-add_str=\"\"><em class=\"event_location_name\">Sankt Anna-Kapelle<\/em><\/em><\/span><span class='evcal_desc3'><\/span><\/span><em class='clear'><\/em><\/a><\/p><div class='event_description evcal_eventcard ' style=\"display:none\"><div class='evo_metarow_directimg'><img class='evo_event_main_img' src='https:\/\/www.wochen-zur-demokratie.de\/archiv\/wp-content\/uploads\/2019\/07\/klaffenboeck-brief.jpg' \/><\/div><div class='evo_metarow_details evorow evcal_evdata_row bordb evcal_event_details'>\n\t\t\t\t\t\t\t<div class=\"event_excerpt\" style=\"display:none\"><h3 class=\"padb5 evo_h3\">Event Details<\/h3><p>Datum: Freitag, 18. Oktober \u2013 Sonntag, 17. November\r\nUhrzeit: Di\u2013So 13:00\u201318:00 Uhr\r\nOrt: Sankt Anna-Kapelle\r\nEintritt: frei\r\nDer Passauer K\u00fcnstler, Kabarettist und Fotograf Rudolf Klaffenb\u00f6ck ist ein Grenzg\u00e4nger, denn Abstrakt-Zeichenhaftes mischt sich mit<\/p><\/div><span class='evcal_evdata_icons'><i class='fa fa-align-justify'><\/i><\/span>\n\t\t\t\t\t\t\t\n\t\t\t\t\t\t\t<div class='evcal_evdata_cell shorter_desc'><div class='eventon_details_shading_bot'>\n\t\t\t\t\t\t\t\t<p class='eventon_shad_p' content='less'><span class='ev_more_text' data-txt='Weniger anzeigen'>Mehr anzeigen<\/span><span class='ev_more_arrow'><\/span><\/p>\n\t\t\t\t\t\t\t<\/div><div class='eventon_full_description'>\n\t\t\t\t\t\t\t\t\t<h3 class='padb5 evo_h3'><span class='evcal_evdata_icons'><i class='fa fa-align-justify'><\/i><\/span>Event Details<\/h3><div class='eventon_desc_in' itemprop='description'>\n\t\t\t\t\t\t\t\t\t<p class=\"eventdaten\"><strong>Datum:<\/strong> Freitag, 18. Oktober \u2013 Sonntag, 17. November<br \/>\n<strong>Uhrzeit:<\/strong> Di\u2013So 13:00\u201318:00 Uhr<br \/>\n<strong>Ort:<\/strong> Sankt Anna-Kapelle<br \/>\n<strong>Eintritt:<\/strong> frei<\/p>\n<p>Der Passauer K\u00fcnstler, Kabarettist und Fotograf Rudolf Klaffenb\u00f6ck ist ein Grenzg\u00e4nger, denn <strong>Abstrakt-Zeichenhaftes mischt sich mit hintersinnigen und poetischen Botschaften<\/strong>, die explizit formuliert werden oder sich in Bilderr\u00e4tseln verstecken. Die Werke stimmten die Betrachter nachdenklich und lie\u00dfen sie schmunzeln, regten sie an und brachten sie in die Stille. Klaffenb\u00f6ck ist und bleibt ein kritischer, hintersinniger Geist.<\/p>\n<p>Abbildung: Rudolf Klaffenb\u00f6ck: \u201eBrief\u201c, Acryl und\u00a0Wachskreide auf HDF-Platte, 2018<\/p>\n<\/div><div class='clear'><\/div>\n\t\t\t\t\t\t\t\t<\/div>\n\t\t\t\t\t\t\t<\/div>\n\t\t\t\t\t\t<\/div><div class='evo_metarow_organizer evorow evcal_evdata_row bordb evcal_evrow_sm '>\n\t\t\t\t\t\t\t<span class='evcal_evdata_icons'><i class='fa fa-address-book-o'><\/i><\/span>\n\t\t\t\t\t\t\t<div class='evcal_evdata_cell'>\t\t\t\t\t\t\t\n\t\t\t\t\t\t\t\t<h3 class='evo_h3'>Mitveranstalter \/ Partner<\/h3>\n\t\t\t\t\t\t\t\t<p class='evo_data_val evo_card_organizer_image'><img src='https:\/\/www.wochen-zur-demokratie.de\/archiv\/wp-content\/uploads\/2019\/07\/logo-kunstverein-passau.jpg'\/><\/p>\n\t\t\t\t\t\t\t\t<div class='evo_card_organizer'><p class='evo_data_val evo_card_organizer_name'>\n\t\t\t\t\t\t\t\t\t<span class='evo_card_organizer_name_t'>Kunstverein Passau e. V.<\/span>\n\t\t\t\t\t\t\t\t\t\n\t\t\t\t\t\t\t\t\t<\/p><\/div><div class='clear'><\/div>\t\t\t\t\t\t\t\n\t\t\t\t\t\t\t<\/div>\n\t\t\t\t\t\t<\/div>\t\t\t\t\t\t<div class='evo_metarow_ICS evorow bordb evcal_evdata_row'>\n\t\t\t\t\t\t\t<span class=\"evcal_evdata_icons\"><i class=\"fa fa-calendar\"><\/i><\/span>\n\t\t\t\t\t\t\t<div class='evcal_evdata_cell'>\n\t\t\t\t\t\t\t\t<p><a href='https:\/\/www.wochen-zur-demokratie.de\/archiv\/wp-admin\/admin-ajax.php?action=eventon_ics_download&amp;event_id=167&amp;ri=0' class='evo_ics_nCal' title='Zum Ihrem Kalender hinzuf\u00fcgen'>Zum Kalender hinzuf\u00fcgen<\/a><a href='\/\/www.google.com\/calendar\/event?action=TEMPLATE&amp;text=Rudolf+Klaffenb%C3%B6ck+%E2%80%93+BilderObjekte&amp;dates=20191017T220000Z\/20191117T215900Z&amp;details=Datum%3A+Freitag%2C+18.+Oktober+%E2%80%93+Sonntag%2C+17.+November%0D%0AUhrzeit%3A+Di%E2%80%93So+13%3A00%E2%80%9318%3A00+Uhr%0D%0AOrt%3A+Sankt+Anna-Kapelle%0D%0AEintritt%3A+frei%0D%0ADer+Passauer+K%C3%BCnstler%2C+Kabarettist+und+Fotograf+Rudolf+Klaffenb%C3%B6ck+ist+ein+Grenzg%C3%A4nger%2C+denn+Abstrakt-Zeichenhaftes+mischt+sich+mit&amp;location=Sankt+Anna-Kapelle - ' target='_blank' class='evo_ics_gCal' title='Zum Ihrem Google-Kalender hinzuf\u00fcgen'>GoogleCal<\/a><\/p>\t\n\t\t\t\t\t\t\t<\/div>\n\t\t\t\t\t\t<\/div>\n\t\t\t\t\t\t<div class='bordb evo_metarow_socialmedia evcal_evdata_row  lastrow'><div class='evo_sm FacebookShare'><a class=\" evo_ss\" target=\"_blank\" onclick=\"javascript:window.open(this.href, '', 'left=50,top=50,width=600,height=350,toolbar=0');return false;\"\n\t\t\t\t\t\t\t\thref=\"http:\/\/www.facebook.com\/sharer.php?u=https%3A%2F%2Fwww.wochen-zur-demokratie.de%2Farchiv%2Fevents%2Fbilderobjekte-rudolf-klaffenboeck%2F\" title=\"Diese Veranstaltung auf Facebook teilen\"><i class=\"fa fa-facebook\"><\/i><\/a><\/div><div class='evo_sm Twitter'><a class=\"tw evo_ss\" onclick=\"javascript:window.open(this.href, '', 'menubar=no,toolbar=no,resizable=yes,scrollbars=yes,height=300,width=600');return false;\" href=\"http:\/\/twitter.com\/intent\/tweet?text=Rudolf Klaffenb\u00f6ck \u2013 BilderObjekte&#32;-&#32;&url=https%3A%2F%2Fwww.wochen-zur-demokratie.de%2Farchiv%2Fevents%2Fbilderobjekte-rudolf-klaffenboeck%2F\" title=\"Diese Veranstaltung auf Twitter teilen\" rel=\"nofollow\" target=\"_blank\" data-url=\"https%3A%2F%2Fwww.wochen-zur-demokratie.de%2Farchiv%2Fevents%2Fbilderobjekte-rudolf-klaffenboeck%2F\"><i class=\"fa fa-twitter\"><\/i><\/a><\/div><div class='evo_sm LinkedIn'><a class=\"li evo_ss\" href=\"http:\/\/www.linkedin.com\/shareArticle?mini=true&url=https%3A%2F%2Fwww.wochen-zur-demokratie.de%2Farchiv%2Fevents%2Fbilderobjekte-rudolf-klaffenboeck%2F&title=Rudolf%20Klaffenb%C3%B6ck%20%E2%80%93%20BilderObjekte&summary=Datum%3A+Freitag%2C+18.+Oktober+%E2%80%93+Sonntag%2C+17.+November%0AUhrzeit%3A+Di%E2%80%93So+13%3A00%E2%80%9318%3A00+Uhr%0AOrt%3A+Sankt+Anna-Kapelle\" target=\"_blank\" title=\"Diese Veranstaltung auf Linkedin teilen\"><i class=\"fa fa-linkedin\"><\/i><\/a><\/div><div class='evo_sm EmailShare'><a class=\"em evo_ss\" href=\"mailto:?subject=Rudolf Klaffenb\u00f6ck \u2013 BilderObjekte&body=Event Name: Rudolf Klaffenb\u00f6ck \u2013 BilderObjekte%0AEvent Date: 18\/10\/2019 (ganzt\u00e4gig) - 17\/11\/2019 (ganzt\u00e4gig)%0ALink: https%3A%2F%2Fwww.wochen-zur-demokratie.de%2Farchiv%2Fevents%2Fbilderobjekte-rudolf-klaffenboeck%2F%0A\" target=\"_blank\"><i class=\"fa fa-envelope\"><\/i><\/a><\/div><div class='clear'><\/div><div class='evcal_evdata_row evcal_close' title='Close'><\/div><\/div><div class='evo_card_row_end evcal_close' title='Close'><\/div><\/div><div class='clear end'><\/div><\/div><div style=\"background-color: #c766a4;height: 275px;\" id=\"event_170\" class=\"eventon_list_event evo_eventtop past_event event event_170_0\" data-event_id=\"170\" data-ri=\"0r\" data-time=\"1571425200-1571432400\" data-colr=\"#c766a4\" itemscope itemtype='http:\/\/schema.org\/Event'><div class=\"evo_event_schema\" style=\"display:none\" ><a itemprop='url'  href='https:\/\/www.wochen-zur-demokratie.de\/archiv\/events\/demokratie-knast-passt\/'><\/a><span itemprop='name'  >Demokratie & Knast \u2013 Passt!?<\/span><meta itemprop='image' content=\"https:\/\/www.wochen-zur-demokratie.de\/archiv\/wp-content\/uploads\/2019\/10\/191018-rehzi-1.jpg\" \/><meta itemprop='description' content=\"Wem nutzt es, wenn eine Verfehlung bestraft wird? Wie ergeht es den Gesch\u00e4digten einer Straftat damit? Welche Alternativen gibt es zu unserem Strafsystem, dessen Ursprung im Mittelalter, der Zeit der\" \/><meta itemprop='startDate' content=\"2019-10-18T19:00\" \/><meta itemprop='endDate' content=\"2019-10-18T21:00\" \/><meta itemprop='eventStatus' content=\"on-schedule\" \/><script type=\"application\/ld+json\">{\t\"@context\": \"http:\/\/schema.org\",\n\t\t\t\t\t\t\t  \t\"@type\": \"Event\",\n\t\t\t\t\t\t\t  \t\"name\": \"Demokratie & Knast \u2013 Passt!?\",\n\t\t\t\t\t\t\t  \t\"startDate\": \"2019-10-18T19-19-00-00\",\n\t\t\t\t\t\t\t  \t\"endDate\": \"2019-10-18T21-21-00-00\",\n\t\t\t\t\t\t\t  \t\"image\":\"https:\/\/www.wochen-zur-demokratie.de\/archiv\/wp-content\/uploads\/2019\/10\/191018-rehzi-1.jpg\",\n\t\t\t\t\t\t\t  \t\"description\":\"Wem nutzt es, wenn eine Verfehlung bestraft wird? Wie ergeht es den Gesch\u00e4digten einer Straftat damit? Welche Alternativen gibt es zu unserem Strafsystem, dessen Ursprung im Mittelalter, der Zeit der\"\n\t\t\t\t\t\t\t  \t\n\t\t\t\t\t\t\t }<\/script><\/div>\n\t\t\t\t<p class=\"desc_trig_outter\"><a data-gmap_status=\"null\" data-exlk=\"0\" id=\"evc_1571425200170\" class=\"desc_trig sin_val evcal_list_a\" data-ux_val=\"3\"  ><span class='evcal_cblock ' data-bgcolor='#c766a4' data-smon='Oktober' data-syr='2019'><span class='evo_start '><em class='date'>18<\/em><em class='month'>Okt.<\/em><em class='time'>19:00<\/em><\/span><span class='evo_end only_time'><em class='time'>21:00<\/em><\/span><em class='clear'><\/em><\/span><span class='evcal_desc evo_info hide_eventtopdata '  data-location_status=\"false\" ><span class='evo_above_title'><\/span><span class='evcal_desc2 evcal_event_title' itemprop='name'>Demokratie & Knast \u2013 Passt!?<\/span><span class='evo_below_title'><span class='evcal_event_subtitle' >Strafe und Gef\u00e4ngnis. Theorie, Kritik, Alternativen \u2013 Buchvorstellung und Diskussion<\/span><\/span><span class='evcal_desc_info' ><em class='evcal_time'>19:00 - 21:00<\/em> <em class=\"evcal_location\"  data-add_str=\"\"><em class=\"event_location_name\">Caf\u00e9 Museum, Passau, Br\u00e4ugasse<\/em><\/em><\/span><span class='evcal_desc3'><\/span><\/span><em class='clear'><\/em><\/a><\/p><div class='event_description evcal_eventcard ' style=\"display:none\"><div class='evo_metarow_directimg'><img class='evo_event_main_img' src='https:\/\/www.wochen-zur-demokratie.de\/archiv\/wp-content\/uploads\/2019\/10\/191018-rehzi-1.jpg' \/><\/div><div class='evo_event_images'><span class='evo_event_more_img select'><img title='' src='https:\/\/www.wochen-zur-demokratie.de\/archiv\/wp-content\/uploads\/2019\/10\/191018-rehzi-1.jpg' data-f='https:\/\/www.wochen-zur-demokratie.de\/archiv\/wp-content\/uploads\/2019\/10\/191018-rehzi-1.jpg'\/><\/span><span class='evo_event_more_img '><img title='' src='https:\/\/www.wochen-zur-demokratie.de\/archiv\/wp-content\/uploads\/2019\/10\/191018-rehzi-3-150x150.jpg' data-f='https:\/\/www.wochen-zur-demokratie.de\/archiv\/wp-content\/uploads\/2019\/10\/191018-rehzi-3.jpg' data-h='419' data-w='650'\/><\/span><span class='evo_event_more_img '><img title='' src='https:\/\/www.wochen-zur-demokratie.de\/archiv\/wp-content\/uploads\/2019\/10\/191018-rehzi-2-150x150.jpg' data-f='https:\/\/www.wochen-zur-demokratie.de\/archiv\/wp-content\/uploads\/2019\/10\/191018-rehzi-2.jpg' data-h='418' data-w='650'\/><\/span><\/div><div class='evo_metarow_details evorow evcal_evdata_row bordb evcal_event_details'>\n\t\t\t\t\t\t\t<div class=\"event_excerpt\" style=\"display:none\"><h3 class=\"padb5 evo_h3\">Event Details<\/h3><p>Wem nutzt es, wenn eine Verfehlung bestraft wird? Wie ergeht es den Gesch\u00e4digten einer Straftat damit? Welche Alternativen gibt es zu unserem Strafsystem, dessen Ursprung im Mittelalter, der Zeit der<\/p><\/div><span class='evcal_evdata_icons'><i class='fa fa-align-justify'><\/i><\/span>\n\t\t\t\t\t\t\t\n\t\t\t\t\t\t\t<div class='evcal_evdata_cell shorter_desc'><div class='eventon_details_shading_bot'>\n\t\t\t\t\t\t\t\t<p class='eventon_shad_p' content='less'><span class='ev_more_text' data-txt='Weniger anzeigen'>Mehr anzeigen<\/span><span class='ev_more_arrow'><\/span><\/p>\n\t\t\t\t\t\t\t<\/div><div class='eventon_full_description'>\n\t\t\t\t\t\t\t\t\t<h3 class='padb5 evo_h3'><span class='evcal_evdata_icons'><i class='fa fa-align-justify'><\/i><\/span>Event Details<\/h3><div class='eventon_desc_in' itemprop='description'>\n\t\t\t\t\t\t\t\t\t<p>Wem nutzt es, wenn eine Verfehlung bestraft wird? Wie ergeht es den Gesch\u00e4digten einer Straftat damit? Welche Alternativen gibt es zu unserem Strafsystem, dessen Ursprung im Mittelalter, der Zeit der Inquisition liegt?<\/p>\n<p>Bu\u00dfgeld, Haftstrafe, Todesstrafe \u2013 egal welche \u201e\u00fcblichen\u201c Bestrafungen angewandt werden, sie haben nicht die Kraft, um den Gesch\u00e4digten in ihrem pers\u00f6nlichen Wohlergehen Besserung zu verschaffen.<\/p>\n<p><strong>Sehr provokante Thesen<\/strong> wurden von <strong>Rehzi Malzahn<\/strong> nicht nur in den Raum gestellt, sondern mit aussagekr\u00e4ftigen Fakten und Forschungserkenntnissen untermauert.<\/p>\n<p>Wo die Strafjustiz danach fragt, welche Beweise erbracht werden m\u00fcssen um ein Strafma\u00df festzulegen, geht es bei der Methode von <em>Restorative Justice<\/em> darum, herauszufinden, was alle Beteiligten brauchen und in welcher Verantwortung es liegt sich um diese Bed\u00fcrfnisse zu k\u00fcmmern.<\/p>\n<p>Verschiedene Kommunikationssysteme, wie beispielsweise <em>healing circles<\/em>, k\u00f6nnen eine Ann\u00e4herung der Betroffenen bewirken und alle involvierten Parteien haben die Chance, daraus gest\u00e4rkt hervorzugehen.<\/p>\n<p>Entgegen der Ank\u00fcndigung, wurde es keine Buchvorstellung im \u00fcblichen Sinne, sondern vielmehr eine <strong>philosophische Betrachtung \u00fcber den Sinn von Strafe.<\/strong> Zweifel daran m\u00f6gen manche der Zuh\u00f6rer*innen schon geraume Zeit gef\u00fchlt haben.<\/p>\n<p>Die Fragen w\u00e4hrend der Diskussion f\u00fchrten nur bedingt zu Antworten, aber genau das hatte die Referentin zu Beginn vorhergesagt. Es gehe nicht um Antworten, sondern um Fragen, denen man sich allein oder im Diskurs mit anderen stellen kann. Dies ist nicht nur bei der Veranstaltung gelungen, sondern auch in Zukunft unausweichlich.<\/p>\n<p>Mehr als 50 interessierte G\u00e4ste kamen ins Museumscaf\u00e9.<\/p>\n<\/div><div class='clear'><\/div>\n\t\t\t\t\t\t\t\t<\/div>\n\t\t\t\t\t\t\t<\/div>\n\t\t\t\t\t\t<\/div><div class='evo_metarow_organizer evorow evcal_evdata_row bordb evcal_evrow_sm '>\n\t\t\t\t\t\t\t<span class='evcal_evdata_icons'><i class='fa fa-address-book-o'><\/i><\/span>\n\t\t\t\t\t\t\t<div class='evcal_evdata_cell'>\t\t\t\t\t\t\t\n\t\t\t\t\t\t\t\t<h3 class='evo_h3'>Mitveranstalter \/ Partner<\/h3>\n\t\t\t\t\t\t\t\t<p class='evo_data_val evo_card_organizer_image'><img src='https:\/\/www.wochen-zur-demokratie.de\/archiv\/wp-content\/uploads\/2019\/07\/logo-zakk.jpg'\/><\/p>\n\t\t\t\t\t\t\t\t<div class='evo_card_organizer'><p class='evo_data_val evo_card_organizer_name'>\n\t\t\t\t\t\t\t\t\t<span class='evo_card_organizer_name_t'>Zentrum f\u00fcr ambulante Kultur und Kommunikation<\/span>\n\t\t\t\t\t\t\t\t\t\n\t\t\t\t\t\t\t\t\t<\/p><\/div><div class='clear'><\/div>\t\t\t\t\t\t\t\n\t\t\t\t\t\t\t<\/div>\n\t\t\t\t\t\t<\/div>\t\t\t\t\t\t<div class='evo_metarow_ICS evorow bordb evcal_evdata_row'>\n\t\t\t\t\t\t\t<span class=\"evcal_evdata_icons\"><i class=\"fa fa-calendar\"><\/i><\/span>\n\t\t\t\t\t\t\t<div class='evcal_evdata_cell'>\n\t\t\t\t\t\t\t\t<p><a href='https:\/\/www.wochen-zur-demokratie.de\/archiv\/wp-admin\/admin-ajax.php?action=eventon_ics_download&amp;event_id=170&amp;ri=0' class='evo_ics_nCal' title='Zum Ihrem Kalender hinzuf\u00fcgen'>Zum Kalender hinzuf\u00fcgen<\/a><a href='\/\/www.google.com\/calendar\/event?action=TEMPLATE&amp;text=Demokratie+%26+Knast+%E2%80%93+Passt%21%3F&amp;dates=20191018T170000Z\/20191018T190000Z&amp;details=Wem+nutzt+es%2C+wenn+eine+Verfehlung+bestraft+wird%3F+Wie+ergeht+es+den+Gesch%C3%A4digten+einer+Straftat+damit%3F+Welche+Alternativen+gibt+es+zu+unserem+Strafsystem%2C+dessen+Ursprung+im+Mittelalter%2C+der+Zeit+der&amp;location=Caf%C3%A9+Museum%2C+Passau%2C+Br%C3%A4ugasse - ' target='_blank' class='evo_ics_gCal' title='Zum Ihrem Google-Kalender hinzuf\u00fcgen'>GoogleCal<\/a><\/p>\t\n\t\t\t\t\t\t\t<\/div>\n\t\t\t\t\t\t<\/div>\n\t\t\t\t\t\t<div class='bordb evo_metarow_socialmedia evcal_evdata_row  lastrow'><div class='evo_sm FacebookShare'><a class=\" evo_ss\" target=\"_blank\" onclick=\"javascript:window.open(this.href, '', 'left=50,top=50,width=600,height=350,toolbar=0');return false;\"\n\t\t\t\t\t\t\t\thref=\"http:\/\/www.facebook.com\/sharer.php?u=https%3A%2F%2Fwww.wochen-zur-demokratie.de%2Farchiv%2Fevents%2Fdemokratie-knast-passt%2F\" title=\"Diese Veranstaltung auf Facebook teilen\"><i class=\"fa fa-facebook\"><\/i><\/a><\/div><div class='evo_sm Twitter'><a class=\"tw evo_ss\" onclick=\"javascript:window.open(this.href, '', 'menubar=no,toolbar=no,resizable=yes,scrollbars=yes,height=300,width=600');return false;\" href=\"http:\/\/twitter.com\/intent\/tweet?text=Demokratie &#038; Knast \u2013 Passt!?&#32;-&#32;&url=https%3A%2F%2Fwww.wochen-zur-demokratie.de%2Farchiv%2Fevents%2Fdemokratie-knast-passt%2F\" title=\"Diese Veranstaltung auf Twitter teilen\" rel=\"nofollow\" target=\"_blank\" data-url=\"https%3A%2F%2Fwww.wochen-zur-demokratie.de%2Farchiv%2Fevents%2Fdemokratie-knast-passt%2F\"><i class=\"fa fa-twitter\"><\/i><\/a><\/div><div class='evo_sm LinkedIn'><a class=\"li evo_ss\" href=\"http:\/\/www.linkedin.com\/shareArticle?mini=true&url=https%3A%2F%2Fwww.wochen-zur-demokratie.de%2Farchiv%2Fevents%2Fdemokratie-knast-passt%2F&title=Demokratie%20%26%23038%3B%20Knast%20%E2%80%93%20Passt%21%3F&summary=Wem+nutzt+es%2C+wenn+eine+Verfehlung+bestraft+wird%3F+Wie+ergeht+es+den+Gesch%C3%A4digten+einer+Straftat+damit%3F\" target=\"_blank\" title=\"Diese Veranstaltung auf Linkedin teilen\"><i class=\"fa fa-linkedin\"><\/i><\/a><\/div><div class='evo_sm EmailShare'><a class=\"em evo_ss\" href=\"mailto:?subject=Demokratie %26 Knast \u2013 Passt!?&body=Event Name: Demokratie %26 Knast \u2013 Passt!?%0AEvent Date: 18\/10\/2019 19:00 - 21:00%0ALink: https%3A%2F%2Fwww.wochen-zur-demokratie.de%2Farchiv%2Fevents%2Fdemokratie-knast-passt%2F%0A\" target=\"_blank\"><i class=\"fa fa-envelope\"><\/i><\/a><\/div><div class='clear'><\/div><div class='evcal_evdata_row evcal_close' title='Close'><\/div><\/div><div class='evo_card_row_end evcal_close' title='Close'><\/div><\/div><div class='clear end'><\/div><\/div><div style=\"background-color: #c766a4;height: 275px;\" id=\"event_173\" class=\"eventon_list_event evo_eventtop past_event event event_173_0\" data-event_id=\"173\" data-ri=\"0r\" data-time=\"1571511600-1571516100\" data-colr=\"#c766a4\" itemscope itemtype='http:\/\/schema.org\/Event'><div class=\"evo_event_schema\" style=\"display:none\" ><a itemprop='url'  href='https:\/\/www.wochen-zur-demokratie.de\/archiv\/events\/erinnerung-fuer-morgen\/'><\/a><span itemprop='name'  >Erinnerung f\u00fcr morgen<\/span><meta itemprop='image' content=\"https:\/\/www.wochen-zur-demokratie.de\/archiv\/wp-content\/uploads\/2019\/10\/191019-kunze0.jpg\" \/><meta itemprop='description' content=\"Reiner Kunze las vor rund 90 G\u00e4sten aus \u201eAm Sonnenhang \u2013 Tagebuch eine Jahres\u201c und \u201eDie wunderbaren Jahre\u201c. Er berichtet in diesen zwei B\u00fcchern \u00fcber zwei Kindheiten \u2013 \u00fcber seine\" \/><meta itemprop='startDate' content=\"2019-10-19T19:00\" \/><meta itemprop='endDate' content=\"2019-10-19T20:15\" \/><meta itemprop='eventStatus' content=\"on-schedule\" \/><script type=\"application\/ld+json\">{\t\"@context\": \"http:\/\/schema.org\",\n\t\t\t\t\t\t\t  \t\"@type\": \"Event\",\n\t\t\t\t\t\t\t  \t\"name\": \"Erinnerung f\u00fcr morgen\",\n\t\t\t\t\t\t\t  \t\"startDate\": \"2019-10-19T19-19-00-00\",\n\t\t\t\t\t\t\t  \t\"endDate\": \"2019-10-19T20-20-15-00\",\n\t\t\t\t\t\t\t  \t\"image\":\"https:\/\/www.wochen-zur-demokratie.de\/archiv\/wp-content\/uploads\/2019\/10\/191019-kunze0.jpg\",\n\t\t\t\t\t\t\t  \t\"description\":\"Reiner Kunze las vor rund 90 G\u00e4sten aus \u201eAm Sonnenhang \u2013 Tagebuch eine Jahres\u201c und \u201eDie wunderbaren Jahre\u201c. Er berichtet in diesen zwei B\u00fcchern \u00fcber zwei Kindheiten \u2013 \u00fcber seine\"\n\t\t\t\t\t\t\t  \t\n\t\t\t\t\t\t\t }<\/script><\/div>\n\t\t\t\t<p class=\"desc_trig_outter\"><a data-gmap_status=\"null\" data-exlk=\"0\" id=\"evc_1571511600173\" class=\"desc_trig sin_val evcal_list_a\" data-ux_val=\"3\"  ><span class='evcal_cblock ' data-bgcolor='#c766a4' data-smon='Oktober' data-syr='2019'><span class='evo_start '><em class='date'>19<\/em><em class='month'>Okt.<\/em><em class='time'>19:00<\/em><\/span><span class='evo_end only_time'><em class='time'>20:15<\/em><\/span><em class='clear'><\/em><\/span><span class='evcal_desc evo_info hide_eventtopdata '  data-location_status=\"false\" ><span class='evo_above_title'><\/span><span class='evcal_desc2 evcal_event_title' itemprop='name'>Erinnerung f\u00fcr morgen<\/span><span class='evo_below_title'><span class='evcal_event_subtitle' >Konzertlesung mit Reiner Kunze<\/span><\/span><span class='evcal_desc_info' ><em class='evcal_time'>19:00 - 20:15<\/em> <em class=\"evcal_location\"  data-add_str=\"\"><em class=\"event_location_name\">Neustift bei Ortenburg<\/em><\/em><\/span><span class='evcal_desc3'><\/span><\/span><em class='clear'><\/em><\/a><\/p><div class='event_description evcal_eventcard ' style=\"display:none\"><div class='evo_metarow_directimg'><img class='evo_event_main_img' src='https:\/\/www.wochen-zur-demokratie.de\/archiv\/wp-content\/uploads\/2019\/10\/191019-kunze0.jpg' \/><\/div><div class='evo_event_images'><span class='evo_event_more_img select'><img title='' src='https:\/\/www.wochen-zur-demokratie.de\/archiv\/wp-content\/uploads\/2019\/10\/191019-kunze0.jpg' data-f='https:\/\/www.wochen-zur-demokratie.de\/archiv\/wp-content\/uploads\/2019\/10\/191019-kunze0.jpg'\/><\/span><span class='evo_event_more_img '><img title='' src='https:\/\/www.wochen-zur-demokratie.de\/archiv\/wp-content\/uploads\/2019\/10\/191019-kunze1-150x150.jpg' data-f='https:\/\/www.wochen-zur-demokratie.de\/archiv\/wp-content\/uploads\/2019\/10\/191019-kunze1.jpg' data-h='379' data-w='650'\/><\/span><span class='evo_event_more_img '><img title='' src='https:\/\/www.wochen-zur-demokratie.de\/archiv\/wp-content\/uploads\/2019\/10\/191019-kunze5-150x150.jpg' data-f='https:\/\/www.wochen-zur-demokratie.de\/archiv\/wp-content\/uploads\/2019\/10\/191019-kunze5.jpg' data-h='378' data-w='650'\/><\/span><span class='evo_event_more_img '><img title='' src='https:\/\/www.wochen-zur-demokratie.de\/archiv\/wp-content\/uploads\/2019\/10\/191019-kunze4-150x150.jpg' data-f='https:\/\/www.wochen-zur-demokratie.de\/archiv\/wp-content\/uploads\/2019\/10\/191019-kunze4.jpg' data-h='379' data-w='650'\/><\/span><span class='evo_event_more_img '><img title='' src='https:\/\/www.wochen-zur-demokratie.de\/archiv\/wp-content\/uploads\/2019\/10\/191019-kunze3-150x150.jpg' data-f='https:\/\/www.wochen-zur-demokratie.de\/archiv\/wp-content\/uploads\/2019\/10\/191019-kunze3.jpg' data-h='378' data-w='650'\/><\/span><span class='evo_event_more_img '><img title='' src='https:\/\/www.wochen-zur-demokratie.de\/archiv\/wp-content\/uploads\/2019\/10\/191019-kunze2-150x150.jpg' data-f='https:\/\/www.wochen-zur-demokratie.de\/archiv\/wp-content\/uploads\/2019\/10\/191019-kunze2.jpg' data-h='378' data-w='650'\/><\/span><\/div><div class='evo_metarow_details evorow evcal_evdata_row bordb evcal_event_details'>\n\t\t\t\t\t\t\t<div class=\"event_excerpt\" style=\"display:none\"><h3 class=\"padb5 evo_h3\">Event Details<\/h3><p>Reiner Kunze las vor rund 90 G\u00e4sten aus \u201eAm Sonnenhang \u2013 Tagebuch eine Jahres\u201c und \u201eDie wunderbaren Jahre\u201c. Er berichtet in diesen zwei B\u00fcchern \u00fcber zwei Kindheiten \u2013 \u00fcber seine<\/p><\/div><span class='evcal_evdata_icons'><i class='fa fa-align-justify'><\/i><\/span>\n\t\t\t\t\t\t\t\n\t\t\t\t\t\t\t<div class='evcal_evdata_cell shorter_desc'><div class='eventon_details_shading_bot'>\n\t\t\t\t\t\t\t\t<p class='eventon_shad_p' content='less'><span class='ev_more_text' data-txt='Weniger anzeigen'>Mehr anzeigen<\/span><span class='ev_more_arrow'><\/span><\/p>\n\t\t\t\t\t\t\t<\/div><div class='eventon_full_description'>\n\t\t\t\t\t\t\t\t\t<h3 class='padb5 evo_h3'><span class='evcal_evdata_icons'><i class='fa fa-align-justify'><\/i><\/span>Event Details<\/h3><div class='eventon_desc_in' itemprop='description'>\n\t\t\t\t\t\t\t\t\t<p>Reiner Kunze las vor rund 90 G\u00e4sten aus \u201eAm Sonnenhang \u2013 Tagebuch eine Jahres\u201c und \u201eDie wunderbaren Jahre\u201c. <strong>Er berichtet in diesen zwei B\u00fcchern \u00fcber zwei Kindheiten \u2013 \u00fcber seine eigene und \u00fcber Jugenderlebnisse der Generation seiner Kinder in der DDR<\/strong>.<\/p>\n<p>Reiner Kunze (*1933) wurde 1976 aus dem Schriftstellerverband der DDR ausgeschlossen. 1977 \u00fcbersiedelte er mit seiner Frau in die Bundesrepublik Deutschland. 2006 gr\u00fcndete das in Obernzell-Erlau (Niederbayern) lebende Ehepaar die Reiner und Elisabeth Kunze-Stiftung. Diese hat sich das Ziel gesetzt, aus dem Haus des Stifterehepaares eine St\u00e4tte der Zeitzeugenschaft und einen Ort des Sch\u00f6nen werden zu lassen. Das schriftstellerische Werk von Reiner Kunze wurde in 25 Sprachen \u00fcbersetzt.<\/p>\n<\/div><div class='clear'><\/div>\n\t\t\t\t\t\t\t\t<\/div>\n\t\t\t\t\t\t\t<\/div>\n\t\t\t\t\t\t<\/div><div class='evo_metarow_organizer evorow evcal_evdata_row bordb evcal_evrow_sm '>\n\t\t\t\t\t\t\t<span class='evcal_evdata_icons'><i class='fa fa-address-book-o'><\/i><\/span>\n\t\t\t\t\t\t\t<div class='evcal_evdata_cell'>\t\t\t\t\t\t\t\n\t\t\t\t\t\t\t\t<h3 class='evo_h3'>Mitveranstalter \/ Partner<\/h3>\n\t\t\t\t\t\t\t\t<p class='evo_data_val evo_card_organizer_image'><img src='https:\/\/www.wochen-zur-demokratie.de\/archiv\/wp-content\/uploads\/2019\/07\/logo-landkreis-passau.jpg'\/><\/p>\n\t\t\t\t\t\t\t\t<div class='evo_card_organizer'><p class='evo_data_val evo_card_organizer_name'>\n\t\t\t\t\t\t\t\t\t<span class='evo_card_organizer_name_t'>Landkreis Passau<\/span>\n\t\t\t\t\t\t\t\t\t\n\t\t\t\t\t\t\t\t\t<\/p><\/div><div class='clear'><\/div>\t\t\t\t\t\t\t\n\t\t\t\t\t\t\t<\/div>\n\t\t\t\t\t\t<\/div>\t\t\t\t\t\t<div class='evo_metarow_ICS evorow bordb evcal_evdata_row'>\n\t\t\t\t\t\t\t<span class=\"evcal_evdata_icons\"><i class=\"fa fa-calendar\"><\/i><\/span>\n\t\t\t\t\t\t\t<div class='evcal_evdata_cell'>\n\t\t\t\t\t\t\t\t<p><a href='https:\/\/www.wochen-zur-demokratie.de\/archiv\/wp-admin\/admin-ajax.php?action=eventon_ics_download&amp;event_id=173&amp;ri=0' class='evo_ics_nCal' title='Zum Ihrem Kalender hinzuf\u00fcgen'>Zum Kalender hinzuf\u00fcgen<\/a><a href='\/\/www.google.com\/calendar\/event?action=TEMPLATE&amp;text=Erinnerung+f%C3%BCr+morgen&amp;dates=20191019T170000Z\/20191019T181500Z&amp;details=Reiner+Kunze+las+vor+rund+90+G%C3%A4sten+aus+%E2%80%9EAm+Sonnenhang+%E2%80%93+Tagebuch+eine+Jahres%E2%80%9C+und+%E2%80%9EDie+wunderbaren+Jahre%E2%80%9C.+Er+berichtet+in+diesen+zwei+B%C3%BCchern+%C3%BCber+zwei+Kindheiten+%E2%80%93+%C3%BCber+seine&amp;location=Neustift+bei+Ortenburg - ' target='_blank' class='evo_ics_gCal' title='Zum Ihrem Google-Kalender hinzuf\u00fcgen'>GoogleCal<\/a><\/p>\t\n\t\t\t\t\t\t\t<\/div>\n\t\t\t\t\t\t<\/div>\n\t\t\t\t\t\t<div class='bordb evo_metarow_socialmedia evcal_evdata_row  lastrow'><div class='evo_sm FacebookShare'><a class=\" evo_ss\" target=\"_blank\" onclick=\"javascript:window.open(this.href, '', 'left=50,top=50,width=600,height=350,toolbar=0');return false;\"\n\t\t\t\t\t\t\t\thref=\"http:\/\/www.facebook.com\/sharer.php?u=https%3A%2F%2Fwww.wochen-zur-demokratie.de%2Farchiv%2Fevents%2Ferinnerung-fuer-morgen%2F\" title=\"Diese Veranstaltung auf Facebook teilen\"><i class=\"fa fa-facebook\"><\/i><\/a><\/div><div class='evo_sm Twitter'><a class=\"tw evo_ss\" onclick=\"javascript:window.open(this.href, '', 'menubar=no,toolbar=no,resizable=yes,scrollbars=yes,height=300,width=600');return false;\" href=\"http:\/\/twitter.com\/intent\/tweet?text=Erinnerung f\u00fcr morgen&#32;-&#32;&url=https%3A%2F%2Fwww.wochen-zur-demokratie.de%2Farchiv%2Fevents%2Ferinnerung-fuer-morgen%2F\" title=\"Diese Veranstaltung auf Twitter teilen\" rel=\"nofollow\" target=\"_blank\" data-url=\"https%3A%2F%2Fwww.wochen-zur-demokratie.de%2Farchiv%2Fevents%2Ferinnerung-fuer-morgen%2F\"><i class=\"fa fa-twitter\"><\/i><\/a><\/div><div class='evo_sm LinkedIn'><a class=\"li evo_ss\" href=\"http:\/\/www.linkedin.com\/shareArticle?mini=true&url=https%3A%2F%2Fwww.wochen-zur-demokratie.de%2Farchiv%2Fevents%2Ferinnerung-fuer-morgen%2F&title=Erinnerung%20f%C3%BCr%20morgen&summary=Reiner+Kunze+las+vor+rund+90+G%C3%A4sten+aus+%E2%80%9EAm+Sonnenhang+%E2%80%93+Tagebuch+eine+Jahres%E2%80%9C+und+%E2%80%9EDie\" target=\"_blank\" title=\"Diese Veranstaltung auf Linkedin teilen\"><i class=\"fa fa-linkedin\"><\/i><\/a><\/div><div class='evo_sm EmailShare'><a class=\"em evo_ss\" href=\"mailto:?subject=Erinnerung f\u00fcr morgen&body=Event Name: Erinnerung f\u00fcr morgen%0AEvent Date: 19\/10\/2019 19:00 - 20:15%0ALink: https%3A%2F%2Fwww.wochen-zur-demokratie.de%2Farchiv%2Fevents%2Ferinnerung-fuer-morgen%2F%0A\" target=\"_blank\"><i class=\"fa fa-envelope\"><\/i><\/a><\/div><div class='clear'><\/div><div class='evcal_evdata_row evcal_close' title='Close'><\/div><\/div><div class='evo_card_row_end evcal_close' title='Close'><\/div><\/div><div class='clear end'><\/div><\/div><div style=\"background-color: #c766a4;height: 275px;\" id=\"event_417\" class=\"eventon_list_event evo_eventtop past_event event event_417_0\" data-event_id=\"417\" data-ri=\"0r\" data-time=\"1571594400-1571608800\" data-colr=\"#c766a4\" itemscope itemtype='http:\/\/schema.org\/Event'><div class=\"evo_event_schema\" style=\"display:none\" ><a itemprop='url'  href='https:\/\/www.wochen-zur-demokratie.de\/archiv\/events\/welche-stadt-und-welche-region-passau-wollen-wir-sein\/'><\/a><span itemprop='name'  >Welche Stadt und welche Region Passau wollen wir sein?<\/span><meta itemprop='image' content=\"https:\/\/www.wochen-zur-demokratie.de\/archiv\/wp-content\/uploads\/2019\/10\/191020-institut-10.jpg\" \/><meta itemprop='description' content=\"Um die 50 G\u00e4ste fanden sich am 20. Oktober im Passauer Institut f\u00fcr Spa\u00df und Gesellschaft ein zum Abschluss der Wochen zur Demokratie. Eine bunte Bilderstrecke mit Impressionen rund um\" \/><meta itemprop='startDate' content=\"2019-10-20T18:00\" \/><meta itemprop='endDate' content=\"2019-10-20T22:00\" \/><meta itemprop='eventStatus' content=\"on-schedule\" \/><script type=\"application\/ld+json\">{\t\"@context\": \"http:\/\/schema.org\",\n\t\t\t\t\t\t\t  \t\"@type\": \"Event\",\n\t\t\t\t\t\t\t  \t\"name\": \"Welche Stadt und welche Region Passau wollen wir sein?\",\n\t\t\t\t\t\t\t  \t\"startDate\": \"2019-10-20T18-18-00-00\",\n\t\t\t\t\t\t\t  \t\"endDate\": \"2019-10-20T22-22-00-00\",\n\t\t\t\t\t\t\t  \t\"image\":\"https:\/\/www.wochen-zur-demokratie.de\/archiv\/wp-content\/uploads\/2019\/10\/191020-institut-10.jpg\",\n\t\t\t\t\t\t\t  \t\"description\":\"Um die 50 G\u00e4ste fanden sich am 20. Oktober im Passauer Institut f\u00fcr Spa\u00df und Gesellschaft ein zum Abschluss der Wochen zur Demokratie. Eine bunte Bilderstrecke mit Impressionen rund um\"\n\t\t\t\t\t\t\t  \t\n\t\t\t\t\t\t\t }<\/script><\/div>\n\t\t\t\t<p class=\"desc_trig_outter\"><a data-gmap_status=\"null\" data-exlk=\"0\" id=\"evc_1571594400417\" class=\"desc_trig sin_val evcal_list_a\" data-ux_val=\"3\"  ><span class='evcal_cblock ' data-bgcolor='#c766a4' data-smon='Oktober' data-syr='2019'><span class='evo_start '><em class='date'>20<\/em><em class='month'>Okt.<\/em><em class='time'>18:00<\/em><\/span><span class='evo_end only_time'><em class='time'>22:00<\/em><\/span><em class='clear'><\/em><\/span><span class='evcal_desc evo_info hide_eventtopdata '  data-location_status=\"false\" ><span class='evo_above_title'><\/span><span class='evcal_desc2 evcal_event_title' itemprop='name'>Welche Stadt und welche Region Passau wollen wir sein?<\/span><span class='evo_below_title'><span class='evcal_event_subtitle' >Abschlussveranstaltung der Wochen zur Demokratie \u2013 Townhall Debate und Konzert<\/span><\/span><span class='evcal_desc_info' ><em class='evcal_time'>18:00 - 22:00<\/em> <\/span><span class='evcal_desc3'><\/span><\/span><em class='clear'><\/em><\/a><\/p><div class='event_description evcal_eventcard ' style=\"display:none\"><div class='evo_metarow_directimg'><img class='evo_event_main_img' src='https:\/\/www.wochen-zur-demokratie.de\/archiv\/wp-content\/uploads\/2019\/10\/191020-institut-10.jpg' \/><\/div><div class='evo_event_images'><span class='evo_event_more_img select'><img title='' src='https:\/\/www.wochen-zur-demokratie.de\/archiv\/wp-content\/uploads\/2019\/10\/191020-institut-10.jpg' data-f='https:\/\/www.wochen-zur-demokratie.de\/archiv\/wp-content\/uploads\/2019\/10\/191020-institut-10.jpg'\/><\/span><span class='evo_event_more_img '><img title='' src='https:\/\/www.wochen-zur-demokratie.de\/archiv\/wp-content\/uploads\/2019\/10\/191020-institut-1-150x150.jpg' data-f='https:\/\/www.wochen-zur-demokratie.de\/archiv\/wp-content\/uploads\/2019\/10\/191020-institut-1.jpg' data-h='402' data-w='650'\/><\/span><span class='evo_event_more_img '><img title='' src='https:\/\/www.wochen-zur-demokratie.de\/archiv\/wp-content\/uploads\/2019\/10\/191020-institut-2-150x150.jpg' data-f='https:\/\/www.wochen-zur-demokratie.de\/archiv\/wp-content\/uploads\/2019\/10\/191020-institut-2.jpg' data-h='402' data-w='650'\/><\/span><span class='evo_event_more_img '><img title='' src='https:\/\/www.wochen-zur-demokratie.de\/archiv\/wp-content\/uploads\/2019\/10\/191020-institut-3-150x150.jpg' data-f='https:\/\/www.wochen-zur-demokratie.de\/archiv\/wp-content\/uploads\/2019\/10\/191020-institut-3.jpg' data-h='402' data-w='650'\/><\/span><span class='evo_event_more_img '><img title='' src='https:\/\/www.wochen-zur-demokratie.de\/archiv\/wp-content\/uploads\/2019\/10\/191020-institut-4-150x150.jpg' data-f='https:\/\/www.wochen-zur-demokratie.de\/archiv\/wp-content\/uploads\/2019\/10\/191020-institut-4.jpg' data-h='402' data-w='650'\/><\/span><span class='evo_event_more_img '><img title='' src='https:\/\/www.wochen-zur-demokratie.de\/archiv\/wp-content\/uploads\/2019\/10\/191020-institut-6-150x150.jpg' data-f='https:\/\/www.wochen-zur-demokratie.de\/archiv\/wp-content\/uploads\/2019\/10\/191020-institut-6.jpg' data-h='402' data-w='650'\/><\/span><span class='evo_event_more_img '><img title='' src='https:\/\/www.wochen-zur-demokratie.de\/archiv\/wp-content\/uploads\/2019\/10\/191020-institut-7-150x150.jpg' data-f='https:\/\/www.wochen-zur-demokratie.de\/archiv\/wp-content\/uploads\/2019\/10\/191020-institut-7.jpg' data-h='402' data-w='650'\/><\/span><span class='evo_event_more_img '><img title='' src='https:\/\/www.wochen-zur-demokratie.de\/archiv\/wp-content\/uploads\/2019\/10\/191020-institut-8-150x150.jpg' data-f='https:\/\/www.wochen-zur-demokratie.de\/archiv\/wp-content\/uploads\/2019\/10\/191020-institut-8.jpg' data-h='402' data-w='650'\/><\/span><span class='evo_event_more_img '><img title='' src='https:\/\/www.wochen-zur-demokratie.de\/archiv\/wp-content\/uploads\/2019\/10\/191020-institut-11-150x150.jpg' data-f='https:\/\/www.wochen-zur-demokratie.de\/archiv\/wp-content\/uploads\/2019\/10\/191020-institut-11.jpg' data-h='402' data-w='650'\/><\/span><span class='evo_event_more_img '><img title='' src='https:\/\/www.wochen-zur-demokratie.de\/archiv\/wp-content\/uploads\/2019\/10\/191020-institut-9-150x150.jpg' data-f='https:\/\/www.wochen-zur-demokratie.de\/archiv\/wp-content\/uploads\/2019\/10\/191020-institut-9.jpg' data-h='402' data-w='650'\/><\/span><span class='evo_event_more_img '><img title='' src='https:\/\/www.wochen-zur-demokratie.de\/archiv\/wp-content\/uploads\/2019\/10\/191020-institut-5-150x150.jpg' data-f='https:\/\/www.wochen-zur-demokratie.de\/archiv\/wp-content\/uploads\/2019\/10\/191020-institut-5.jpg' data-h='402' data-w='650'\/><\/span><\/div><div class='evo_metarow_details evorow evcal_evdata_row bordb evcal_event_details'>\n\t\t\t\t\t\t\t<div class=\"event_excerpt\" style=\"display:none\"><h3 class=\"padb5 evo_h3\">Event Details<\/h3><p>Um die 50 G\u00e4ste fanden sich am 20. Oktober im Passauer Institut f\u00fcr Spa\u00df und Gesellschaft ein zum Abschluss der Wochen zur Demokratie. Eine bunte Bilderstrecke mit Impressionen rund um<\/p><\/div><span class='evcal_evdata_icons'><i class='fa fa-align-justify'><\/i><\/span>\n\t\t\t\t\t\t\t\n\t\t\t\t\t\t\t<div class='evcal_evdata_cell shorter_desc'><div class='eventon_details_shading_bot'>\n\t\t\t\t\t\t\t\t<p class='eventon_shad_p' content='less'><span class='ev_more_text' data-txt='Weniger anzeigen'>Mehr anzeigen<\/span><span class='ev_more_arrow'><\/span><\/p>\n\t\t\t\t\t\t\t<\/div><div class='eventon_full_description'>\n\t\t\t\t\t\t\t\t\t<h3 class='padb5 evo_h3'><span class='evcal_evdata_icons'><i class='fa fa-align-justify'><\/i><\/span>Event Details<\/h3><div class='eventon_desc_in' itemprop='description'>\n\t\t\t\t\t\t\t\t\t<p>Um die 50 G\u00e4ste fanden sich am 20. Oktober im Passauer Institut f\u00fcr Spa\u00df und Gesellschaft ein zum <strong>Abschluss der Wochen zur Demokratie<\/strong>. Eine bunte Bilderstrecke mit Impressionen rund um die 45 vergangenen Veranstaltungen stimmte die Besucher ein und sorgte f\u00fcr ersten Gespr\u00e4chsstoff. Dann er\u00f6ffnete die Initiative den Abend mit einem R\u00fcckblick auf die formale und inhaltliche Vielfalt der Wochen zur Demokratie und dankte den Mitveranstaltern und F\u00f6rderern.<\/p>\n<p>Im folgenden moderierten Teil gaben sechs vorg\u00e4ngig ausgew\u00e4hlte Personen Statements ab zu ihren Erfahrungen im Rahmen der Wochen zur Demokratie sowie dar\u00fcber, welche Entwicklungen und Verbesserungen sie sich f\u00fcr Stadt und Landkreis w\u00fcnschen. Diese Impulse er\u00f6ffneten den Raum f\u00fcr Diskussion und f\u00fcr die M\u00f6glichkeit aller G\u00e4ste, sich in einem Schreibgespr\u00e4ch an daf\u00fcr bereitgestellten Plakatw\u00e4nden einzubringen. Die Ergebnisse dieser Ideensammlung werden dokumentiert und \u00f6ffentlich zug\u00e4nglich gemacht.<\/p>\n<p><strong>Oberb\u00fcrgermeister J\u00fcrgen Dupper<\/strong> ging in einem pers\u00f6nlichen R\u00fcckblick auf seine Wahrnehmung der Wochen zur Demokratie ein, hob die Notwendigkeit der Aktion hervor und w\u00fcnschte sich eine Fortf\u00fchrung, bei der sich die Stadt Passau gerne wieder einbringen wird. Wie bei seinem Statement zum Auftakt rief Dupper wieder einen Griechen herbei, diesmal war es Epikur und seine Aufforderung zur Ataraxie, also zur Gelassenheit und Seelenruhe.<\/p>\n<p>Auch der<strong> Zweite B\u00fcrgermeister Urban Mangold<\/strong> war anwesend. Er griff eines der diskutierten Themen auf \u2013 die rollstuhlgerechte Stadt \u2013 und vereinbarte auch gleich einen Termin mit dem Impulsgeber Christian Michel.<\/p>\n<p>Der abschlie\u00dfende Auftritt der <strong>Sturmberger Feiertagsmusi<\/strong> heizte den Besuchern kr\u00e4ftig ein und bot einen tollen Rahmen, um den Abschluss der Wochen zur Demokratie geb\u00fchrend zu feiern.<\/p>\n<\/div><div class='clear'><\/div>\n\t\t\t\t\t\t\t\t<\/div>\n\t\t\t\t\t\t\t<\/div>\n\t\t\t\t\t\t<\/div><div class='evo_metarow_organizer evorow evcal_evdata_row bordb evcal_evrow_sm '>\n\t\t\t\t\t\t\t<span class='evcal_evdata_icons'><i class='fa fa-address-book-o'><\/i><\/span>\n\t\t\t\t\t\t\t<div class='evcal_evdata_cell'>\t\t\t\t\t\t\t\n\t\t\t\t\t\t\t\t<h3 class='evo_h3'>Mitveranstalter \/ Partner<\/h3>\n\t\t\t\t\t\t\t\t<p class='evo_data_val evo_card_organizer_image'><img src='https:\/\/www.wochen-zur-demokratie.de\/archiv\/wp-content\/uploads\/2019\/08\/Logo-wzd-offenegesellschaft-300x180.jpg'\/><\/p>\n\t\t\t\t\t\t\t\t<div class='evo_card_organizer'><p class='evo_data_val evo_card_organizer_name'>\n\t\t\t\t\t\t\t\t\t<span class='evo_card_organizer_name_t'>Initiative Wochen zur Demokratie und Initiative Die Offene Gesellschaft<\/span>\n\t\t\t\t\t\t\t\t\t\n\t\t\t\t\t\t\t\t\t<\/p><\/div><div class='clear'><\/div>\t\t\t\t\t\t\t\n\t\t\t\t\t\t\t<\/div>\n\t\t\t\t\t\t<\/div>\t\t\t\t\t\t<div class='evo_metarow_ICS evorow bordb evcal_evdata_row'>\n\t\t\t\t\t\t\t<span class=\"evcal_evdata_icons\"><i class=\"fa fa-calendar\"><\/i><\/span>\n\t\t\t\t\t\t\t<div class='evcal_evdata_cell'>\n\t\t\t\t\t\t\t\t<p><a href='https:\/\/www.wochen-zur-demokratie.de\/archiv\/wp-admin\/admin-ajax.php?action=eventon_ics_download&amp;event_id=417&amp;ri=0' class='evo_ics_nCal' title='Zum Ihrem Kalender hinzuf\u00fcgen'>Zum Kalender hinzuf\u00fcgen<\/a><a href='\/\/www.google.com\/calendar\/event?action=TEMPLATE&amp;text=Welche+Stadt+und+welche+Region+Passau+wollen+wir+sein%3F&amp;dates=20191020T160000Z\/20191020T200000Z&amp;details=Um+die+50+G%C3%A4ste+fanden+sich+am+20.+Oktober+im+Passauer+Institut+f%C3%BCr+Spa%C3%9F+und+Gesellschaft+ein+zum+Abschluss+der+Wochen+zur+Demokratie.+Eine+bunte+Bilderstrecke+mit+Impressionen+rund+um&amp;location= - ' target='_blank' class='evo_ics_gCal' title='Zum Ihrem Google-Kalender hinzuf\u00fcgen'>GoogleCal<\/a><\/p>\t\n\t\t\t\t\t\t\t<\/div>\n\t\t\t\t\t\t<\/div>\n\t\t\t\t\t\t<div class='bordb evo_metarow_socialmedia evcal_evdata_row  lastrow'><div class='evo_sm FacebookShare'><a class=\" evo_ss\" target=\"_blank\" onclick=\"javascript:window.open(this.href, '', 'left=50,top=50,width=600,height=350,toolbar=0');return false;\"\n\t\t\t\t\t\t\t\thref=\"http:\/\/www.facebook.com\/sharer.php?u=https%3A%2F%2Fwww.wochen-zur-demokratie.de%2Farchiv%2Fevents%2Fwelche-stadt-und-welche-region-passau-wollen-wir-sein%2F\" title=\"Diese Veranstaltung auf Facebook teilen\"><i class=\"fa fa-facebook\"><\/i><\/a><\/div><div class='evo_sm Twitter'><a class=\"tw evo_ss\" onclick=\"javascript:window.open(this.href, '', 'menubar=no,toolbar=no,resizable=yes,scrollbars=yes,height=300,width=600');return false;\" href=\"http:\/\/twitter.com\/intent\/tweet?text=Welche Stadt und welche Region Passau wollen wir sein?&#32;-&#32;&url=https%3A%2F%2Fwww.wochen-zur-demokratie.de%2Farchiv%2Fevents%2Fwelche-stadt-und-welche-region-passau-wollen-wir-sein%2F\" title=\"Diese Veranstaltung auf Twitter teilen\" rel=\"nofollow\" target=\"_blank\" data-url=\"https%3A%2F%2Fwww.wochen-zur-demokratie.de%2Farchiv%2Fevents%2Fwelche-stadt-und-welche-region-passau-wollen-wir-sein%2F\"><i class=\"fa fa-twitter\"><\/i><\/a><\/div><div class='evo_sm LinkedIn'><a class=\"li evo_ss\" href=\"http:\/\/www.linkedin.com\/shareArticle?mini=true&url=https%3A%2F%2Fwww.wochen-zur-demokratie.de%2Farchiv%2Fevents%2Fwelche-stadt-und-welche-region-passau-wollen-wir-sein%2F&title=Welche%20Stadt%20und%20welche%20Region%20Passau%20wollen%20wir%20sein%3F&summary=Um+die+50+G%C3%A4ste+fanden+sich+am+20.+Oktober+im+Passauer+Institut+f%C3%BCr+Spa%C3%9F+und+Gesellschaft\" target=\"_blank\" title=\"Diese Veranstaltung auf Linkedin teilen\"><i class=\"fa fa-linkedin\"><\/i><\/a><\/div><div class='evo_sm EmailShare'><a class=\"em evo_ss\" href=\"mailto:?subject=Welche Stadt und welche Region Passau wollen wir sein?&body=Event Name: Welche Stadt und welche Region Passau wollen wir sein?%0AEvent Date: 20\/10\/2019 18:00 - 22:00%0ALink: https%3A%2F%2Fwww.wochen-zur-demokratie.de%2Farchiv%2Fevents%2Fwelche-stadt-und-welche-region-passau-wollen-wir-sein%2F%0A\" target=\"_blank\"><i class=\"fa fa-envelope\"><\/i><\/a><\/div><div class='clear'><\/div><div class='evcal_evdata_row evcal_close' title='Close'><\/div><\/div><div class='evo_card_row_end evcal_close' title='Close'><\/div><\/div><div class='clear end'><\/div><\/div><div style=\"background-color: #c766a4;height: 275px;\" id=\"event_420\" class=\"eventon_list_event evo_eventtop past_event event event_420_0\" data-event_id=\"420\" data-ri=\"0r\" data-time=\"1571646600-1571666400\" data-colr=\"#c766a4\" itemscope itemtype='http:\/\/schema.org\/Event'><div class=\"evo_event_schema\" style=\"display:none\" ><a itemprop='url'  href='https:\/\/www.wochen-zur-demokratie.de\/archiv\/events\/unser-morgen-gestalten-wir-heute\/'><\/a><span itemprop='name'  >Unser Morgen gestalten wir heute!<\/span><meta itemprop='image' content=\"https:\/\/www.wochen-zur-demokratie.de\/archiv\/wp-content\/uploads\/2019\/08\/GrosseJugendkonferenz.jpg\" \/><meta itemprop='description' content=\"Die Jugendkonferenz des Landkreises Passau startete mit einer kurzen Einf\u00fchrung zum Thema \u201eWelche Aufgaben und Entscheidungskompetenzen haben Gemeinden?\u201c. Anschlie\u00dfend erarbeiteten Jugendliche ihre Sicht auf ihr direktes Lebensumfeld und formulieren Verbesserungsvorschl\u00e4ge\" \/><meta itemprop='startDate' content=\"2019-10-21T08:30\" \/><meta itemprop='endDate' content=\"2019-10-21T14:00\" \/><meta itemprop='eventStatus' content=\"on-schedule\" \/><script type=\"application\/ld+json\">{\t\"@context\": \"http:\/\/schema.org\",\n\t\t\t\t\t\t\t  \t\"@type\": \"Event\",\n\t\t\t\t\t\t\t  \t\"name\": \"Unser Morgen gestalten wir heute!\",\n\t\t\t\t\t\t\t  \t\"startDate\": \"2019-10-21T08-08-30-00\",\n\t\t\t\t\t\t\t  \t\"endDate\": \"2019-10-21T14-14-00-00\",\n\t\t\t\t\t\t\t  \t\"image\":\"https:\/\/www.wochen-zur-demokratie.de\/archiv\/wp-content\/uploads\/2019\/08\/GrosseJugendkonferenz.jpg\",\n\t\t\t\t\t\t\t  \t\"description\":\"Die Jugendkonferenz des Landkreises Passau startete mit einer kurzen Einf\u00fchrung zum Thema \u201eWelche Aufgaben und Entscheidungskompetenzen haben Gemeinden?\u201c. Anschlie\u00dfend erarbeiteten Jugendliche ihre Sicht auf ihr direktes Lebensumfeld und formulieren Verbesserungsvorschl\u00e4ge\"\n\t\t\t\t\t\t\t  \t\n\t\t\t\t\t\t\t }<\/script><\/div>\n\t\t\t\t<p class=\"desc_trig_outter\"><a data-gmap_status=\"null\" data-exlk=\"0\" id=\"evc_1571646600420\" class=\"desc_trig sin_val evcal_list_a\" data-ux_val=\"3\"  ><span class='evcal_cblock ' data-bgcolor='#c766a4' data-smon='Oktober' data-syr='2019'><span class='evo_start '><em class='date'>21<\/em><em class='month'>Okt.<\/em><em class='time'>08:30<\/em><\/span><span class='evo_end only_time'><em class='time'>14:00<\/em><\/span><em class='clear'><\/em><\/span><span class='evcal_desc evo_info hide_eventtopdata '  data-location_status=\"false\" ><span class='evo_above_title'><\/span><span class='evcal_desc2 evcal_event_title' itemprop='name'>Unser Morgen gestalten wir heute!<\/span><span class='evo_below_title'><span class='evcal_event_subtitle' >Gro\u00dfe Jugendkonferenz im Landkreis Passau<\/span><\/span><span class='evcal_desc_info' ><em class='evcal_time'>08:30 - 14:00<\/em> <em class=\"evcal_location\"  data-add_str=\"\"><em class=\"event_location_name\">F\u00fcrstenzell, Maristengymnasium<\/em><\/em><\/span><span class='evcal_desc3'><\/span><\/span><em class='clear'><\/em><\/a><\/p><div class='event_description evcal_eventcard ' style=\"display:none\"><div class='evo_metarow_directimg'><img class='evo_event_main_img' src='https:\/\/www.wochen-zur-demokratie.de\/archiv\/wp-content\/uploads\/2019\/08\/GrosseJugendkonferenz.jpg' \/><\/div><div class='evo_metarow_details evorow evcal_evdata_row bordb evcal_event_details'>\n\t\t\t\t\t\t\t<div class=\"event_excerpt\" style=\"display:none\"><h3 class=\"padb5 evo_h3\">Event Details<\/h3><p>Die Jugendkonferenz des Landkreises Passau startete mit einer kurzen Einf\u00fchrung zum Thema \u201eWelche Aufgaben und Entscheidungskompetenzen haben Gemeinden?\u201c. Anschlie\u00dfend erarbeiteten Jugendliche ihre Sicht auf ihr direktes Lebensumfeld und formulieren Verbesserungsvorschl\u00e4ge<\/p><\/div><span class='evcal_evdata_icons'><i class='fa fa-align-justify'><\/i><\/span>\n\t\t\t\t\t\t\t\n\t\t\t\t\t\t\t<div class='evcal_evdata_cell shorter_desc'><div class='eventon_details_shading_bot'>\n\t\t\t\t\t\t\t\t<p class='eventon_shad_p' content='less'><span class='ev_more_text' data-txt='Weniger anzeigen'>Mehr anzeigen<\/span><span class='ev_more_arrow'><\/span><\/p>\n\t\t\t\t\t\t\t<\/div><div class='eventon_full_description'>\n\t\t\t\t\t\t\t\t\t<h3 class='padb5 evo_h3'><span class='evcal_evdata_icons'><i class='fa fa-align-justify'><\/i><\/span>Event Details<\/h3><div class='eventon_desc_in' itemprop='description'>\n\t\t\t\t\t\t\t\t\t<p>Die Jugendkonferenz des Landkreises Passau startete mit einer kurzen Einf\u00fchrung zum Thema \u201eWelche Aufgaben und Entscheidungskompetenzen haben Gemeinden?\u201c. Anschlie\u00dfend erarbeiteten Jugendliche ihre Sicht auf ihr direktes Lebensumfeld und formulieren Verbesserungsvorschl\u00e4ge f\u00fcr die Zukunft. Mittags pr\u00e4sentierten die Jugendlichen ihre Ergebnisse den politisch Verantwortlichen und gingen in einen direkten Dialog auf Augenh\u00f6he. In einer abschlie\u00dfenden Phase folgten Statements und Einsch\u00e4tzungen der politisch Verantwortlichen, was umgesetzt werden k\u00f6nnte und was eventuell schon in Bearbeitung ist.<\/p>\n<p>Es nahmen 130 Jugendliche aus dem Landkreis Passau im Alter von 13 bis 16 Jahren teil. Ebenso beteiligt waren Landrat Franz Meyer und B\u00fcrgermeister aus diversen Gemeinden mit Teilen der Verwaltung.<\/p>\n<p>&nbsp;<\/p>\n<\/div><div class='clear'><\/div>\n\t\t\t\t\t\t\t\t<\/div>\n\t\t\t\t\t\t\t<\/div>\n\t\t\t\t\t\t<\/div><div class='evo_metarow_organizer evorow evcal_evdata_row bordb evcal_evrow_sm '>\n\t\t\t\t\t\t\t<span class='evcal_evdata_icons'><i class='fa fa-address-book-o'><\/i><\/span>\n\t\t\t\t\t\t\t<div class='evcal_evdata_cell'>\t\t\t\t\t\t\t\n\t\t\t\t\t\t\t\t<h3 class='evo_h3'>Mitveranstalter \/ Partner<\/h3>\n\t\t\t\t\t\t\t\t<p class='evo_data_val evo_card_organizer_image'><img src='https:\/\/www.wochen-zur-demokratie.de\/archiv\/wp-content\/uploads\/2019\/08\/Logo-Kreisjugendring-Landkreis-300x130.jpg'\/><\/p>\n\t\t\t\t\t\t\t\t<div class='evo_card_organizer'><p class='evo_data_val evo_card_organizer_name'>\n\t\t\t\t\t\t\t\t\t<span class='evo_card_organizer_name_t'>Kreisjugendring Passau und Landkreis Passau<\/span>\n\t\t\t\t\t\t\t\t\t\n\t\t\t\t\t\t\t\t\t<\/p><\/div><div class='clear'><\/div>\t\t\t\t\t\t\t\n\t\t\t\t\t\t\t<\/div>\n\t\t\t\t\t\t<\/div>\t\t\t\t\t\t<div class='evo_metarow_ICS evorow bordb evcal_evdata_row'>\n\t\t\t\t\t\t\t<span class=\"evcal_evdata_icons\"><i class=\"fa fa-calendar\"><\/i><\/span>\n\t\t\t\t\t\t\t<div class='evcal_evdata_cell'>\n\t\t\t\t\t\t\t\t<p><a href='https:\/\/www.wochen-zur-demokratie.de\/archiv\/wp-admin\/admin-ajax.php?action=eventon_ics_download&amp;event_id=420&amp;ri=0' class='evo_ics_nCal' title='Zum Ihrem Kalender hinzuf\u00fcgen'>Zum Kalender hinzuf\u00fcgen<\/a><a href='\/\/www.google.com\/calendar\/event?action=TEMPLATE&amp;text=Unser+Morgen+gestalten+wir+heute%21&amp;dates=20191021T063000Z\/20191021T120000Z&amp;details=Die+Jugendkonferenz+des+Landkreises+Passau+startete+mit+einer+kurzen+Einf%C3%BChrung+zum+Thema+%E2%80%9EWelche+Aufgaben+und+Entscheidungskompetenzen+haben+Gemeinden%3F%E2%80%9C.+Anschlie%C3%9Fend+erarbeiteten+Jugendliche+ihre+Sicht+auf+ihr+direktes+Lebensumfeld+und+formulieren+Verbesserungsvorschl%C3%A4ge&amp;location=F%C3%BCrstenzell%2C+Maristengymnasium - ' target='_blank' class='evo_ics_gCal' title='Zum Ihrem Google-Kalender hinzuf\u00fcgen'>GoogleCal<\/a><\/p>\t\n\t\t\t\t\t\t\t<\/div>\n\t\t\t\t\t\t<\/div>\n\t\t\t\t\t\t<div class='bordb evo_metarow_socialmedia evcal_evdata_row  lastrow'><div class='evo_sm FacebookShare'><a class=\" evo_ss\" target=\"_blank\" onclick=\"javascript:window.open(this.href, '', 'left=50,top=50,width=600,height=350,toolbar=0');return false;\"\n\t\t\t\t\t\t\t\thref=\"http:\/\/www.facebook.com\/sharer.php?u=https%3A%2F%2Fwww.wochen-zur-demokratie.de%2Farchiv%2Fevents%2Funser-morgen-gestalten-wir-heute%2F\" title=\"Diese Veranstaltung auf Facebook teilen\"><i class=\"fa fa-facebook\"><\/i><\/a><\/div><div class='evo_sm Twitter'><a class=\"tw evo_ss\" onclick=\"javascript:window.open(this.href, '', 'menubar=no,toolbar=no,resizable=yes,scrollbars=yes,height=300,width=600');return false;\" href=\"http:\/\/twitter.com\/intent\/tweet?text=Unser Morgen gestalten wir heute!&#32;-&#32;&url=https%3A%2F%2Fwww.wochen-zur-demokratie.de%2Farchiv%2Fevents%2Funser-morgen-gestalten-wir-heute%2F\" title=\"Diese Veranstaltung auf Twitter teilen\" rel=\"nofollow\" target=\"_blank\" data-url=\"https%3A%2F%2Fwww.wochen-zur-demokratie.de%2Farchiv%2Fevents%2Funser-morgen-gestalten-wir-heute%2F\"><i class=\"fa fa-twitter\"><\/i><\/a><\/div><div class='evo_sm LinkedIn'><a class=\"li evo_ss\" href=\"http:\/\/www.linkedin.com\/shareArticle?mini=true&url=https%3A%2F%2Fwww.wochen-zur-demokratie.de%2Farchiv%2Fevents%2Funser-morgen-gestalten-wir-heute%2F&title=Unser%20Morgen%20gestalten%20wir%20heute%21&summary=Die+Jugendkonferenz+des+Landkreises+Passau+startete+mit+einer+kurzen+Einf%C3%BChrung+zum+Thema+%E2%80%9EWelche+Aufgaben+und+Entscheidungskompetenzen\" target=\"_blank\" title=\"Diese Veranstaltung auf Linkedin teilen\"><i class=\"fa fa-linkedin\"><\/i><\/a><\/div><div class='evo_sm EmailShare'><a class=\"em evo_ss\" href=\"mailto:?subject=Unser Morgen gestalten wir heute!&body=Event Name: Unser Morgen gestalten wir heute!%0AEvent Date: 21\/10\/2019 08:30 - 14:00%0ALink: https%3A%2F%2Fwww.wochen-zur-demokratie.de%2Farchiv%2Fevents%2Funser-morgen-gestalten-wir-heute%2F%0A\" target=\"_blank\"><i class=\"fa fa-envelope\"><\/i><\/a><\/div><div class='clear'><\/div><div class='evcal_evdata_row evcal_close' title='Close'><\/div><\/div><div class='evo_card_row_end evcal_close' title='Close'><\/div><\/div><div class='clear end'><\/div><\/div><div style=\"background-color: #c766a4;height: 275px;\" id=\"event_2175\" class=\"eventon_list_event evo_eventtop past_event event event_2175_0\" data-event_id=\"2175\" data-ri=\"0r\" data-time=\"1571680800-1571688000\" data-colr=\"#c766a4\" itemscope itemtype='http:\/\/schema.org\/Event'><div class=\"evo_event_schema\" style=\"display:none\" ><a itemprop='url'  href='https:\/\/www.wochen-zur-demokratie.de\/archiv\/events\/symbole-und-ihre-bedeutung-fuer-die-demokratie\/'><\/a><span itemprop='name'  >Symbole und ihre Bedeutung f\u00fcr die Demokratie<\/span><meta itemprop='image' content=\"https:\/\/www.wochen-zur-demokratie.de\/archiv\/wp-content\/uploads\/2019\/10\/Demokratie-im-Bild-web.jpg\" \/><meta itemprop='description' content=\"Symbole scheinen f\u00fcr die Demokratie in Deutschland keine hohe Bedeutung zu haben. Viele nehmen es sogar gelassen hin, wenn die extreme Rechte auf Demonstrationen un\u00fcbersehbar die Farben Schwarz-Rot-Gold pr\u00e4sentiert, die\" \/><meta itemprop='startDate' content=\"2019-10-21T18:00\" \/><meta itemprop='endDate' content=\"2019-10-21T20:00\" \/><meta itemprop='eventStatus' content=\"on-schedule\" \/><script type=\"application\/ld+json\">{\t\"@context\": \"http:\/\/schema.org\",\n\t\t\t\t\t\t\t  \t\"@type\": \"Event\",\n\t\t\t\t\t\t\t  \t\"name\": \"Symbole und ihre Bedeutung f\u00fcr die Demokratie\",\n\t\t\t\t\t\t\t  \t\"startDate\": \"2019-10-21T18-18-00-00\",\n\t\t\t\t\t\t\t  \t\"endDate\": \"2019-10-21T20-20-00-00\",\n\t\t\t\t\t\t\t  \t\"image\":\"https:\/\/www.wochen-zur-demokratie.de\/archiv\/wp-content\/uploads\/2019\/10\/Demokratie-im-Bild-web.jpg\",\n\t\t\t\t\t\t\t  \t\"description\":\"Symbole scheinen f\u00fcr die Demokratie in Deutschland keine hohe Bedeutung zu haben. Viele nehmen es sogar gelassen hin, wenn die extreme Rechte auf Demonstrationen un\u00fcbersehbar die Farben Schwarz-Rot-Gold pr\u00e4sentiert, die\"\n\t\t\t\t\t\t\t  \t\n\t\t\t\t\t\t\t }<\/script><\/div>\n\t\t\t\t<p class=\"desc_trig_outter\"><a data-gmap_status=\"null\" data-gmtrig=\"1\" data-exlk=\"0\" id=\"evc_15716808002175\" class=\"desc_trig sin_val evcal_list_a\" data-ux_val=\"3\"  ><span class='evcal_cblock ' data-bgcolor='#c766a4' data-smon='Oktober' data-syr='2019'><span class='evo_start '><em class='date'>21<\/em><em class='month'>Okt.<\/em><em class='time'>18:00<\/em><\/span><span class='evo_end only_time'><em class='time'>20:00<\/em><\/span><em class='clear'><\/em><\/span><span class='evcal_desc evo_info hide_eventtopdata '  data-location_status=\"false\" ><span class='evo_above_title'><\/span><span class='evcal_desc2 evcal_event_title' itemprop='name'>Symbole und ihre Bedeutung f\u00fcr die Demokratie<\/span><span class='evo_below_title'><span class='evcal_event_subtitle' >Gastvortrag zur Ringvorlesung \u201eDemokratie im Bild\u201c<\/span><\/span><span class='evcal_desc_info' ><em class='evcal_time'>18:00 - 20:00<\/em> <em class=\"evcal_location\"  data-add_str=\"\"><em class=\"event_location_name\">Universit\u00e4t Passau, Philosophicum, H\u00f6rsaal 4<\/em><\/em><\/span><span class='evcal_desc3'><\/span><\/span><em class='clear'><\/em><\/a><\/p><div class='event_description evcal_eventcard ' style=\"display:none\"><div class='evo_metarow_directimg'><img class='evo_event_main_img' src='https:\/\/www.wochen-zur-demokratie.de\/archiv\/wp-content\/uploads\/2019\/10\/Demokratie-im-Bild-web.jpg' \/><\/div><div class='evo_metarow_details evorow evcal_evdata_row bordb evcal_event_details'>\n\t\t\t\t\t\t\t<div class=\"event_excerpt\" style=\"display:none\"><h3 class=\"padb5 evo_h3\">Event Details<\/h3><p>Symbole scheinen f\u00fcr die Demokratie in Deutschland keine hohe Bedeutung zu haben. Viele nehmen es sogar gelassen hin, wenn die extreme Rechte auf Demonstrationen un\u00fcbersehbar die Farben Schwarz-Rot-Gold pr\u00e4sentiert, die<\/p><\/div><span class='evcal_evdata_icons'><i class='fa fa-align-justify'><\/i><\/span>\n\t\t\t\t\t\t\t\n\t\t\t\t\t\t\t<div class='evcal_evdata_cell shorter_desc'><div class='eventon_details_shading_bot'>\n\t\t\t\t\t\t\t\t<p class='eventon_shad_p' content='less'><span class='ev_more_text' data-txt='Weniger anzeigen'>Mehr anzeigen<\/span><span class='ev_more_arrow'><\/span><\/p>\n\t\t\t\t\t\t\t<\/div><div class='eventon_full_description'>\n\t\t\t\t\t\t\t\t\t<h3 class='padb5 evo_h3'><span class='evcal_evdata_icons'><i class='fa fa-align-justify'><\/i><\/span>Event Details<\/h3><div class='eventon_desc_in' itemprop='description'>\n\t\t\t\t\t\t\t\t\t<p>Symbole scheinen f\u00fcr die Demokratie in Deutschland keine hohe Bedeutung zu haben. Viele nehmen es sogar gelassen hin, wenn die extreme Rechte auf Demonstrationen un\u00fcbersehbar die Farben Schwarz-Rot-Gold pr\u00e4sentiert, die doch die ureigene demokratische Tradition in Deutschland symbolisieren. Wie halten wir es also mit den Symbolen unserer Demokratie? Tats\u00e4chlich sind sie hoch bedeutsam, und umso wichtiger ist es, sie in ihrer Wirkungsweise zu verstehen und richtig einzusch\u00e4tzen.<\/p>\n<p>Der Vortrag von Prof. Dr. Gerhard G\u00f6hler war \u00f6ffentlich und richtete sich insbesondere an interessierte B\u00fcrgerinnen und B\u00fcrger.<\/p>\n<p>&nbsp;<\/p>\n<\/div><div class='clear'><\/div>\n\t\t\t\t\t\t\t\t<\/div>\n\t\t\t\t\t\t\t<\/div>\n\t\t\t\t\t\t<\/div><div class='evo_metarow_organizer evorow evcal_evdata_row bordb evcal_evrow_sm '>\n\t\t\t\t\t\t\t<span class='evcal_evdata_icons'><i class='fa fa-address-book-o'><\/i><\/span>\n\t\t\t\t\t\t\t<div class='evcal_evdata_cell'>\t\t\t\t\t\t\t\n\t\t\t\t\t\t\t\t<h3 class='evo_h3'>Mitveranstalter \/ Partner<\/h3>\n\t\t\t\t\t\t\t\t<p class='evo_data_val evo_card_organizer_image'><img src='https:\/\/www.wochen-zur-demokratie.de\/archiv\/wp-content\/uploads\/2019\/10\/ethik-Uni-300x68.jpg'\/><\/p>\n\t\t\t\t\t\t\t\t<div class='evo_card_organizer'><p class='evo_data_val evo_card_organizer_name'>\n\t\t\t\t\t\t\t\t\t<span class='evo_card_organizer_name_t'>Institut f\u00fcr Angewandte Ethik, Universit\u00e4t Passau<\/span>\n\t\t\t\t\t\t\t\t\t\n\t\t\t\t\t\t\t\t\t<\/p><\/div><div class='clear'><\/div>\t\t\t\t\t\t\t\n\t\t\t\t\t\t\t<\/div>\n\t\t\t\t\t\t<\/div>\t\t\t\t\t\t<div class='evo_metarow_ICS evorow bordb evcal_evdata_row'>\n\t\t\t\t\t\t\t<span class=\"evcal_evdata_icons\"><i class=\"fa fa-calendar\"><\/i><\/span>\n\t\t\t\t\t\t\t<div class='evcal_evdata_cell'>\n\t\t\t\t\t\t\t\t<p><a href='https:\/\/www.wochen-zur-demokratie.de\/archiv\/wp-admin\/admin-ajax.php?action=eventon_ics_download&amp;event_id=2175&amp;ri=0' class='evo_ics_nCal' title='Zum Ihrem Kalender hinzuf\u00fcgen'>Zum Kalender hinzuf\u00fcgen<\/a><a href='\/\/www.google.com\/calendar\/event?action=TEMPLATE&amp;text=Symbole+und+ihre+Bedeutung+f%C3%BCr+die+Demokratie&amp;dates=20191021T160000Z\/20191021T180000Z&amp;details=Symbole+scheinen+f%C3%BCr+die+Demokratie+in+Deutschland+keine+hohe+Bedeutung+zu+haben.+Viele+nehmen+es+sogar+gelassen+hin%2C+wenn+die+extreme+Rechte+auf+Demonstrationen+un%C3%BCbersehbar+die+Farben+Schwarz-Rot-Gold+pr%C3%A4sentiert%2C+die&amp;location=Universit%C3%A4t+Passau%2C+Philosophicum%2C+H%C3%B6rsaal+4 - ' target='_blank' class='evo_ics_gCal' title='Zum Ihrem Google-Kalender hinzuf\u00fcgen'>GoogleCal<\/a><\/p>\t\n\t\t\t\t\t\t\t<\/div>\n\t\t\t\t\t\t<\/div>\n\t\t\t\t\t\t<div class='bordb evo_metarow_socialmedia evcal_evdata_row  lastrow'><div class='evo_sm FacebookShare'><a class=\" evo_ss\" target=\"_blank\" onclick=\"javascript:window.open(this.href, '', 'left=50,top=50,width=600,height=350,toolbar=0');return false;\"\n\t\t\t\t\t\t\t\thref=\"http:\/\/www.facebook.com\/sharer.php?u=https%3A%2F%2Fwww.wochen-zur-demokratie.de%2Farchiv%2Fevents%2Fsymbole-und-ihre-bedeutung-fuer-die-demokratie%2F\" title=\"Diese Veranstaltung auf Facebook teilen\"><i class=\"fa fa-facebook\"><\/i><\/a><\/div><div class='evo_sm Twitter'><a class=\"tw evo_ss\" onclick=\"javascript:window.open(this.href, '', 'menubar=no,toolbar=no,resizable=yes,scrollbars=yes,height=300,width=600');return false;\" href=\"http:\/\/twitter.com\/intent\/tweet?text=Symbole und ihre Bedeutung f\u00fcr die Demokratie&#32;-&#32;&url=https%3A%2F%2Fwww.wochen-zur-demokratie.de%2Farchiv%2Fevents%2Fsymbole-und-ihre-bedeutung-fuer-die-demokratie%2F\" title=\"Diese Veranstaltung auf Twitter teilen\" rel=\"nofollow\" target=\"_blank\" data-url=\"https%3A%2F%2Fwww.wochen-zur-demokratie.de%2Farchiv%2Fevents%2Fsymbole-und-ihre-bedeutung-fuer-die-demokratie%2F\"><i class=\"fa fa-twitter\"><\/i><\/a><\/div><div class='evo_sm LinkedIn'><a class=\"li evo_ss\" href=\"http:\/\/www.linkedin.com\/shareArticle?mini=true&url=https%3A%2F%2Fwww.wochen-zur-demokratie.de%2Farchiv%2Fevents%2Fsymbole-und-ihre-bedeutung-fuer-die-demokratie%2F&title=Symbole%20und%20ihre%20Bedeutung%20f%C3%BCr%20die%20Demokratie&summary=Symbole+scheinen+f%C3%BCr+die+Demokratie+in+Deutschland+keine+hohe+Bedeutung+zu+haben.+Viele+nehmen+es+sogar\" target=\"_blank\" title=\"Diese Veranstaltung auf Linkedin teilen\"><i class=\"fa fa-linkedin\"><\/i><\/a><\/div><div class='evo_sm EmailShare'><a class=\"em evo_ss\" href=\"mailto:?subject=Symbole und ihre Bedeutung f\u00fcr die Demokratie&body=Event Name: Symbole und ihre Bedeutung f\u00fcr die Demokratie%0AEvent Date: 21\/10\/2019 18:00 - 20:00%0ALink: https%3A%2F%2Fwww.wochen-zur-demokratie.de%2Farchiv%2Fevents%2Fsymbole-und-ihre-bedeutung-fuer-die-demokratie%2F%0A\" target=\"_blank\"><i class=\"fa fa-envelope\"><\/i><\/a><\/div><div class='clear'><\/div><div class='evcal_evdata_row evcal_close' title='Close'><\/div><\/div><div class='evo_card_row_end evcal_close' title='Close'><\/div><\/div><div class='clear end'><\/div><\/div><div style=\"background-color: #c766a4;height: 275px;\" id=\"event_2177\" class=\"eventon_list_event evo_eventtop past_event event event_2177_0\" data-event_id=\"2177\" data-ri=\"0r\" data-time=\"1571681700-1571687100\" data-colr=\"#c766a4\" itemscope itemtype='http:\/\/schema.org\/Event'><div class=\"evo_event_schema\" style=\"display:none\" ><a itemprop='url'  href='https:\/\/www.wochen-zur-demokratie.de\/archiv\/events\/die-rolle-der-universitaet-fuer-eine-nachhaltige-zukunft\/'><\/a><span itemprop='name'  >Die Rolle der Universit\u00e4t f\u00fcr eine nachhaltige Zukunft<\/span><meta itemprop='image' content=\"https:\/\/www.wochen-zur-demokratie.de\/archiv\/wp-content\/uploads\/2019\/10\/Bild-Scientists-for-Future-web.jpg\" \/><meta itemprop='description' content=\"Die \u00f6ffentliche Vorlesungsreihe \u201eScientists for Future\u201c startete am 21. Oktober an der Universit\u00e4t Passau. Ziel der Vortragsreihe ist es, wissenschaftliche Perspektiven auf aktuelle Fragen im Kontext von Klima, nachhaltiger Entwicklung\" \/><meta itemprop='startDate' content=\"2019-10-21T18:15\" \/><meta itemprop='endDate' content=\"2019-10-21T19:45\" \/><meta itemprop='eventStatus' content=\"on-schedule\" \/><script type=\"application\/ld+json\">{\t\"@context\": \"http:\/\/schema.org\",\n\t\t\t\t\t\t\t  \t\"@type\": \"Event\",\n\t\t\t\t\t\t\t  \t\"name\": \"Die Rolle der Universit\u00e4t f\u00fcr eine nachhaltige Zukunft\",\n\t\t\t\t\t\t\t  \t\"startDate\": \"2019-10-21T18-18-15-00\",\n\t\t\t\t\t\t\t  \t\"endDate\": \"2019-10-21T19-19-45-00\",\n\t\t\t\t\t\t\t  \t\"image\":\"https:\/\/www.wochen-zur-demokratie.de\/archiv\/wp-content\/uploads\/2019\/10\/Bild-Scientists-for-Future-web.jpg\",\n\t\t\t\t\t\t\t  \t\"description\":\"Die \u00f6ffentliche Vorlesungsreihe \u201eScientists for Future\u201c startete am 21. Oktober an der Universit\u00e4t Passau. Ziel der Vortragsreihe ist es, wissenschaftliche Perspektiven auf aktuelle Fragen im Kontext von Klima, nachhaltiger Entwicklung\"\n\t\t\t\t\t\t\t  \t\n\t\t\t\t\t\t\t }<\/script><\/div>\n\t\t\t\t<p class=\"desc_trig_outter\"><a data-gmap_status=\"null\" data-exlk=\"0\" id=\"evc_15716817002177\" class=\"desc_trig sin_val evcal_list_a\" data-ux_val=\"3\"  ><span class='evcal_cblock ' data-bgcolor='#c766a4' data-smon='Oktober' data-syr='2019'><span class='evo_start '><em class='date'>21<\/em><em class='month'>Okt.<\/em><em class='time'>18:15<\/em><\/span><span class='evo_end only_time'><em class='time'>19:45<\/em><\/span><em class='clear'><\/em><\/span><span class='evcal_desc evo_info hide_eventtopdata '  data-location_status=\"false\" ><span class='evo_above_title'><\/span><span class='evcal_desc2 evcal_event_title' itemprop='name'>Die Rolle der Universit\u00e4t f\u00fcr eine nachhaltige Zukunft<\/span><span class='evo_below_title'><span class='evcal_event_subtitle' >Auftaktvortrag \u201eScientists for Future\u201c<\/span><\/span><span class='evcal_desc_info' ><em class='evcal_time'>18:15 - 19:45<\/em> <em class=\"evcal_location\"  data-add_str=\"\"><em class=\"event_location_name\">Universit\u00e4t Passau, H\u00f6rsaal 11, IM-Geb\u00e4ude<\/em><\/em><\/span><span class='evcal_desc3'><\/span><\/span><em class='clear'><\/em><\/a><\/p><div class='event_description evcal_eventcard ' style=\"display:none\"><div class='evo_metarow_directimg'><img class='evo_event_main_img' src='https:\/\/www.wochen-zur-demokratie.de\/archiv\/wp-content\/uploads\/2019\/10\/Bild-Scientists-for-Future-web.jpg' \/><\/div><div class='evo_metarow_details evorow evcal_evdata_row bordb evcal_event_details'>\n\t\t\t\t\t\t\t<div class=\"event_excerpt\" style=\"display:none\"><h3 class=\"padb5 evo_h3\">Event Details<\/h3><p>Die \u00f6ffentliche Vorlesungsreihe \u201eScientists for Future\u201c startete am 21. Oktober an der Universit\u00e4t Passau. Ziel der Vortragsreihe ist es, wissenschaftliche Perspektiven auf aktuelle Fragen im Kontext von Klima, nachhaltiger Entwicklung<\/p><\/div><span class='evcal_evdata_icons'><i class='fa fa-align-justify'><\/i><\/span>\n\t\t\t\t\t\t\t\n\t\t\t\t\t\t\t<div class='evcal_evdata_cell '><div class='eventon_full_description'>\n\t\t\t\t\t\t\t\t\t<h3 class='padb5 evo_h3'><span class='evcal_evdata_icons'><i class='fa fa-align-justify'><\/i><\/span>Event Details<\/h3><div class='eventon_desc_in' itemprop='description'>\n\t\t\t\t\t\t\t\t\t<p>Die \u00f6ffentliche Vorlesungsreihe <strong>\u201eScientists for Future\u201c<\/strong> startete am 21. Oktober an der Universit\u00e4t Passau. Ziel der Vortragsreihe ist es, wissenschaftliche Perspektiven auf aktuelle Fragen im Kontext von Klima, nachhaltiger Entwicklung und Verantwortung aufzuzeigen. Im Rahmen des Auftaktvortrags ging Herr Prof. Dr. Johann St\u00f6tter (Universit\u00e4t Innsbruck) dabei insbesondere auf die Rolle, die den Universit\u00e4ten f\u00fcr eine nachhaltige Entwicklung zukommt, ein.<\/p>\n<p>&nbsp;<\/p>\n<\/div><div class='clear'><\/div>\n\t\t\t\t\t\t\t\t<\/div>\n\t\t\t\t\t\t\t<\/div>\n\t\t\t\t\t\t<\/div><div class='evo_metarow_organizer evorow evcal_evdata_row bordb evcal_evrow_sm '>\n\t\t\t\t\t\t\t<span class='evcal_evdata_icons'><i class='fa fa-address-book-o'><\/i><\/span>\n\t\t\t\t\t\t\t<div class='evcal_evdata_cell'>\t\t\t\t\t\t\t\n\t\t\t\t\t\t\t\t<h3 class='evo_h3'>Mitveranstalter \/ Partner<\/h3>\n\t\t\t\t\t\t\t\t<p class='evo_data_val evo_card_organizer_image'><img src='https:\/\/www.wochen-zur-demokratie.de\/archiv\/wp-content\/uploads\/2019\/10\/AStA-Uni-300x81.jpg'\/><\/p>\n\t\t\t\t\t\t\t\t<div class='evo_card_organizer'><p class='evo_data_val evo_card_organizer_name'>\n\t\t\t\t\t\t\t\t\t<span class='evo_card_organizer_name_t'>Asta Universit\u00e4t Passau<\/span>\n\t\t\t\t\t\t\t\t\t\n\t\t\t\t\t\t\t\t\t<\/p><\/div><div class='clear'><\/div>\t\t\t\t\t\t\t\n\t\t\t\t\t\t\t<\/div>\n\t\t\t\t\t\t<\/div>\t\t\t\t\t\t<div class='evo_metarow_ICS evorow bordb evcal_evdata_row'>\n\t\t\t\t\t\t\t<span class=\"evcal_evdata_icons\"><i class=\"fa fa-calendar\"><\/i><\/span>\n\t\t\t\t\t\t\t<div class='evcal_evdata_cell'>\n\t\t\t\t\t\t\t\t<p><a href='https:\/\/www.wochen-zur-demokratie.de\/archiv\/wp-admin\/admin-ajax.php?action=eventon_ics_download&amp;event_id=2177&amp;ri=0' class='evo_ics_nCal' title='Zum Ihrem Kalender hinzuf\u00fcgen'>Zum Kalender hinzuf\u00fcgen<\/a><a href='\/\/www.google.com\/calendar\/event?action=TEMPLATE&amp;text=Die+Rolle+der+Universit%C3%A4t+f%C3%BCr+eine+nachhaltige+Zukunft&amp;dates=20191021T161500Z\/20191021T174500Z&amp;details=Die+%C3%B6ffentliche+Vorlesungsreihe+%E2%80%9EScientists+for+Future%E2%80%9C+startete+am+21.+Oktober+an+der+Universit%C3%A4t+Passau.+Ziel+der+Vortragsreihe+ist+es%2C+wissenschaftliche+Perspektiven+auf+aktuelle+Fragen+im+Kontext+von+Klima%2C+nachhaltiger+Entwicklung&amp;location=Universit%C3%A4t+Passau%2C+H%C3%B6rsaal+11%2C+IM-Geb%C3%A4ude - ' target='_blank' class='evo_ics_gCal' title='Zum Ihrem Google-Kalender hinzuf\u00fcgen'>GoogleCal<\/a><\/p>\t\n\t\t\t\t\t\t\t<\/div>\n\t\t\t\t\t\t<\/div>\n\t\t\t\t\t\t<div class='bordb evo_metarow_socialmedia evcal_evdata_row  lastrow'><div class='evo_sm FacebookShare'><a class=\" evo_ss\" target=\"_blank\" onclick=\"javascript:window.open(this.href, '', 'left=50,top=50,width=600,height=350,toolbar=0');return false;\"\n\t\t\t\t\t\t\t\thref=\"http:\/\/www.facebook.com\/sharer.php?u=https%3A%2F%2Fwww.wochen-zur-demokratie.de%2Farchiv%2Fevents%2Fdie-rolle-der-universitaet-fuer-eine-nachhaltige-zukunft%2F\" title=\"Diese Veranstaltung auf Facebook teilen\"><i class=\"fa fa-facebook\"><\/i><\/a><\/div><div class='evo_sm Twitter'><a class=\"tw evo_ss\" onclick=\"javascript:window.open(this.href, '', 'menubar=no,toolbar=no,resizable=yes,scrollbars=yes,height=300,width=600');return false;\" href=\"http:\/\/twitter.com\/intent\/tweet?text=Die Rolle der Universit\u00e4t f\u00fcr eine nachhaltige Zukunft&#32;-&#32;&url=https%3A%2F%2Fwww.wochen-zur-demokratie.de%2Farchiv%2Fevents%2Fdie-rolle-der-universitaet-fuer-eine-nachhaltige-zukunft%2F\" title=\"Diese Veranstaltung auf Twitter teilen\" rel=\"nofollow\" target=\"_blank\" data-url=\"https%3A%2F%2Fwww.wochen-zur-demokratie.de%2Farchiv%2Fevents%2Fdie-rolle-der-universitaet-fuer-eine-nachhaltige-zukunft%2F\"><i class=\"fa fa-twitter\"><\/i><\/a><\/div><div class='evo_sm LinkedIn'><a class=\"li evo_ss\" href=\"http:\/\/www.linkedin.com\/shareArticle?mini=true&url=https%3A%2F%2Fwww.wochen-zur-demokratie.de%2Farchiv%2Fevents%2Fdie-rolle-der-universitaet-fuer-eine-nachhaltige-zukunft%2F&title=Die%20Rolle%20der%20Universit%C3%A4t%20f%C3%BCr%20eine%20nachhaltige%20Zukunft&summary=Die+%C3%B6ffentliche+Vorlesungsreihe+%E2%80%9EScientists+for+Future%E2%80%9C+startete+am+21.+Oktober+an+der+Universit%C3%A4t+Passau.+Ziel+der\" target=\"_blank\" title=\"Diese Veranstaltung auf Linkedin teilen\"><i class=\"fa fa-linkedin\"><\/i><\/a><\/div><div class='evo_sm EmailShare'><a class=\"em evo_ss\" href=\"mailto:?subject=Die Rolle der Universit\u00e4t f\u00fcr eine nachhaltige Zukunft&body=Event Name: Die Rolle der Universit\u00e4t f\u00fcr eine nachhaltige Zukunft%0AEvent Date: 21\/10\/2019 18:15 - 19:45%0ALink: https%3A%2F%2Fwww.wochen-zur-demokratie.de%2Farchiv%2Fevents%2Fdie-rolle-der-universitaet-fuer-eine-nachhaltige-zukunft%2F%0A\" target=\"_blank\"><i class=\"fa fa-envelope\"><\/i><\/a><\/div><div class='clear'><\/div><div class='evcal_evdata_row evcal_close' title='Close'><\/div><\/div><div class='evo_card_row_end evcal_close' title='Close'><\/div><\/div><div class='clear end'><\/div><\/div><div style=\"background-color: #c766a4;height: 275px;\" id=\"event_1678\" class=\"eventon_list_event evo_eventtop past_event event event_1678_0\" data-event_id=\"1678\" data-ri=\"0r\" data-time=\"1572015600-1572022800\" data-colr=\"#c766a4\" itemscope itemtype='http:\/\/schema.org\/Event'><div class=\"evo_event_schema\" style=\"display:none\" ><a itemprop='url'  href='https:\/\/www.wochen-zur-demokratie.de\/archiv\/events\/access-to-privacy\/'><\/a><span itemprop='name'  >Access to Privacy<\/span><meta itemprop='image' content=\"https:\/\/www.wochen-zur-demokratie.de\/archiv\/wp-content\/uploads\/2019\/08\/ueberwachung.jpg\" \/><meta itemprop='description' content=\"In unserer digitalisierten Gesellschaft entziehen sich viele virtuelle Prozesse dem spontanen Versta\u0308ndnis. Das gilt auch f\u00fcr die \u00dcberwachung im digitalen Raum. Hier versuchen staatliche oder o\u0308konomische Institutionen, perso\u0308nliche Daten zu\" \/><meta itemprop='startDate' content=\"2019-10-25T15:00\" \/><meta itemprop='endDate' content=\"2019-10-25T17:00\" \/><meta itemprop='eventStatus' content=\"on-schedule\" \/><script type=\"application\/ld+json\">{\t\"@context\": \"http:\/\/schema.org\",\n\t\t\t\t\t\t\t  \t\"@type\": \"Event\",\n\t\t\t\t\t\t\t  \t\"name\": \"Access to Privacy\",\n\t\t\t\t\t\t\t  \t\"startDate\": \"2019-10-25T15-15-00-00\",\n\t\t\t\t\t\t\t  \t\"endDate\": \"2019-10-25T17-17-00-00\",\n\t\t\t\t\t\t\t  \t\"image\":\"https:\/\/www.wochen-zur-demokratie.de\/archiv\/wp-content\/uploads\/2019\/08\/ueberwachung.jpg\",\n\t\t\t\t\t\t\t  \t\"description\":\"In unserer digitalisierten Gesellschaft entziehen sich viele virtuelle Prozesse dem spontanen Versta\u0308ndnis. Das gilt auch f\u00fcr die \u00dcberwachung im digitalen Raum. Hier versuchen staatliche oder o\u0308konomische Institutionen, perso\u0308nliche Daten zu\"\n\t\t\t\t\t\t\t  \t\n\t\t\t\t\t\t\t }<\/script><\/div>\n\t\t\t\t<p class=\"desc_trig_outter\"><a data-gmap_status=\"null\" data-exlk=\"0\" id=\"evc_15720156001678\" class=\"desc_trig sin_val evcal_list_a\" data-ux_val=\"3\"  ><span class='evcal_cblock ' data-bgcolor='#c766a4' data-smon='Oktober' data-syr='2019'><span class='evo_start '><em class='date'>25<\/em><em class='month'>Okt.<\/em><em class='time'>15:00<\/em><\/span><span class='evo_end only_time'><em class='time'>17:00<\/em><\/span><em class='clear'><\/em><\/span><span class='evcal_desc evo_info hide_eventtopdata '  data-location_status=\"false\" ><span class='evo_above_title'><\/span><span class='evcal_desc2 evcal_event_title' itemprop='name'>Access to Privacy<\/span><span class='evo_below_title'><span class='evcal_event_subtitle' >Digitale \u00dcberwachung in der Medienkunst \u2013 Workshop f\u00fcr kunstinteressierte junge Menschen<\/span><\/span><span class='evcal_desc_info' ><em class='evcal_time'>15:00 - 17:00<\/em> <em class=\"evcal_location\"  data-add_str=\"\"><em class=\"event_location_name\">Museum Moderner Kunst<\/em><\/em><\/span><span class='evcal_desc3'><\/span><\/span><em class='clear'><\/em><\/a><\/p><div class='event_description evcal_eventcard ' style=\"display:none\"><div class='evo_metarow_directimg'><img class='evo_event_main_img' src='https:\/\/www.wochen-zur-demokratie.de\/archiv\/wp-content\/uploads\/2019\/08\/ueberwachung.jpg' \/><\/div><div class='evo_metarow_details evorow evcal_evdata_row bordb evcal_event_details'>\n\t\t\t\t\t\t\t<div class=\"event_excerpt\" style=\"display:none\"><h3 class=\"padb5 evo_h3\">Event Details<\/h3><p>In unserer digitalisierten Gesellschaft entziehen sich viele virtuelle Prozesse dem spontanen Versta\u0308ndnis. Das gilt auch f\u00fcr die \u00dcberwachung im digitalen Raum. Hier versuchen staatliche oder o\u0308konomische Institutionen, perso\u0308nliche Daten zu<\/p><\/div><span class='evcal_evdata_icons'><i class='fa fa-align-justify'><\/i><\/span>\n\t\t\t\t\t\t\t\n\t\t\t\t\t\t\t<div class='evcal_evdata_cell shorter_desc'><div class='eventon_details_shading_bot'>\n\t\t\t\t\t\t\t\t<p class='eventon_shad_p' content='less'><span class='ev_more_text' data-txt='Weniger anzeigen'>Mehr anzeigen<\/span><span class='ev_more_arrow'><\/span><\/p>\n\t\t\t\t\t\t\t<\/div><div class='eventon_full_description'>\n\t\t\t\t\t\t\t\t\t<h3 class='padb5 evo_h3'><span class='evcal_evdata_icons'><i class='fa fa-align-justify'><\/i><\/span>Event Details<\/h3><div class='eventon_desc_in' itemprop='description'>\n\t\t\t\t\t\t\t\t\t<p>In unserer digitalisierten Gesellschaft entziehen sich viele virtuelle Prozesse dem spontanen Versta\u0308ndnis. Das gilt auch f\u00fcr die \u00dcberwachung im digitalen Raum. Hier versuchen staatliche oder o\u0308konomische Institutionen, perso\u0308nliche Daten zu erhalten und fu\u0308r eigene Zwecke weiterzuverwenden.<\/p>\n<p>Der Workshop von <strong>Alix Michell <\/strong>(Universita\u0308t Passau) bescha\u0308ftigte sich mit Arbeiten der Netzkunst, die genau diese Prozesse zu ihrem thematischen Gegenstand machen. Das schaffte einen Zugang zur Diskussion der <strong>digitalen U\u0308berwachung in einer demokratischen Gesellschaft<\/strong>.<\/p>\n<p>Der Workshop richtete sich an <strong>Jugendliche im Alter von 14 bis 18 Jahren<\/strong>.<\/p>\n<p>Alix Michell ist wissenschaftliche Mitarbeiterin am DFG-Graduiertenkolleg \u201ePrivatheit und Digitalisierung\u201c der Universit\u00e4t Passau.<\/p>\n<p>&nbsp;<\/p>\n<\/div><div class='clear'><\/div>\n\t\t\t\t\t\t\t\t<\/div>\n\t\t\t\t\t\t\t<\/div>\n\t\t\t\t\t\t<\/div><div class='evo_metarow_organizer evorow evcal_evdata_row bordb evcal_evrow_sm '>\n\t\t\t\t\t\t\t<span class='evcal_evdata_icons'><i class='fa fa-address-book-o'><\/i><\/span>\n\t\t\t\t\t\t\t<div class='evcal_evdata_cell'>\t\t\t\t\t\t\t\n\t\t\t\t\t\t\t\t<h3 class='evo_h3'>Mitveranstalter \/ Partner<\/h3>\n\t\t\t\t\t\t\t\t<p class='evo_data_val evo_card_organizer_image'><img src='https:\/\/www.wochen-zur-demokratie.de\/archiv\/wp-content\/uploads\/2019\/09\/Logo-mmk-Uni-300x45.jpg'\/><\/p>\n\t\t\t\t\t\t\t\t<div class='evo_card_organizer'><p class='evo_data_val evo_card_organizer_name'>\n\t\t\t\t\t\t\t\t\t<span class='evo_card_organizer_name_t'>Museum Moderner Kunst, Universit\u00e4t Passau<\/span>\n\t\t\t\t\t\t\t\t\t\n\t\t\t\t\t\t\t\t\t<\/p><\/div><div class='clear'><\/div>\t\t\t\t\t\t\t\n\t\t\t\t\t\t\t<\/div>\n\t\t\t\t\t\t<\/div>\t\t\t\t\t\t<div class='evo_metarow_ICS evorow bordb evcal_evdata_row'>\n\t\t\t\t\t\t\t<span class=\"evcal_evdata_icons\"><i class=\"fa fa-calendar\"><\/i><\/span>\n\t\t\t\t\t\t\t<div class='evcal_evdata_cell'>\n\t\t\t\t\t\t\t\t<p><a href='https:\/\/www.wochen-zur-demokratie.de\/archiv\/wp-admin\/admin-ajax.php?action=eventon_ics_download&amp;event_id=1678&amp;ri=0' class='evo_ics_nCal' title='Zum Ihrem Kalender hinzuf\u00fcgen'>Zum Kalender hinzuf\u00fcgen<\/a><a href='\/\/www.google.com\/calendar\/event?action=TEMPLATE&amp;text=Access+to+Privacy&amp;dates=20191025T130000Z\/20191025T150000Z&amp;details=In+unserer+digitalisierten+Gesellschaft+entziehen+sich+viele+virtuelle+Prozesse+dem+spontanen+Versta%CC%88ndnis.+Das+gilt+auch+f%C3%BCr+die+%C3%9Cberwachung+im+digitalen+Raum.+Hier+versuchen+staatliche+oder+o%CC%88konomische+Institutionen%2C+perso%CC%88nliche+Daten+zu&amp;location=Museum+Moderner+Kunst - ' target='_blank' class='evo_ics_gCal' title='Zum Ihrem Google-Kalender hinzuf\u00fcgen'>GoogleCal<\/a><\/p>\t\n\t\t\t\t\t\t\t<\/div>\n\t\t\t\t\t\t<\/div>\n\t\t\t\t\t\t<div class='bordb evo_metarow_socialmedia evcal_evdata_row  lastrow'><div class='evo_sm FacebookShare'><a class=\" evo_ss\" target=\"_blank\" onclick=\"javascript:window.open(this.href, '', 'left=50,top=50,width=600,height=350,toolbar=0');return false;\"\n\t\t\t\t\t\t\t\thref=\"http:\/\/www.facebook.com\/sharer.php?u=https%3A%2F%2Fwww.wochen-zur-demokratie.de%2Farchiv%2Fevents%2Faccess-to-privacy%2F\" title=\"Diese Veranstaltung auf Facebook teilen\"><i class=\"fa fa-facebook\"><\/i><\/a><\/div><div class='evo_sm Twitter'><a class=\"tw evo_ss\" onclick=\"javascript:window.open(this.href, '', 'menubar=no,toolbar=no,resizable=yes,scrollbars=yes,height=300,width=600');return false;\" href=\"http:\/\/twitter.com\/intent\/tweet?text=Access to Privacy&#32;-&#32;&url=https%3A%2F%2Fwww.wochen-zur-demokratie.de%2Farchiv%2Fevents%2Faccess-to-privacy%2F\" title=\"Diese Veranstaltung auf Twitter teilen\" rel=\"nofollow\" target=\"_blank\" data-url=\"https%3A%2F%2Fwww.wochen-zur-demokratie.de%2Farchiv%2Fevents%2Faccess-to-privacy%2F\"><i class=\"fa fa-twitter\"><\/i><\/a><\/div><div class='evo_sm LinkedIn'><a class=\"li evo_ss\" href=\"http:\/\/www.linkedin.com\/shareArticle?mini=true&url=https%3A%2F%2Fwww.wochen-zur-demokratie.de%2Farchiv%2Fevents%2Faccess-to-privacy%2F&title=Access%20to%20Privacy&summary=In+unserer+digitalisierten+Gesellschaft+entziehen+sich+viele+virtuelle+Prozesse+dem+spontanen+Versta%CC%88ndnis.+Das+gilt+auch+f%C3%BCr\" target=\"_blank\" title=\"Diese Veranstaltung auf Linkedin teilen\"><i class=\"fa fa-linkedin\"><\/i><\/a><\/div><div class='evo_sm EmailShare'><a class=\"em evo_ss\" href=\"mailto:?subject=Access to Privacy&body=Event Name: Access to Privacy%0AEvent Date: 25\/10\/2019 15:00 - 17:00%0ALink: https%3A%2F%2Fwww.wochen-zur-demokratie.de%2Farchiv%2Fevents%2Faccess-to-privacy%2F%0A\" target=\"_blank\"><i class=\"fa fa-envelope\"><\/i><\/a><\/div><div class='clear'><\/div><div class='evcal_evdata_row evcal_close' title='Close'><\/div><\/div><div class='evo_card_row_end evcal_close' title='Close'><\/div><\/div><div class='clear end'><\/div><\/div>\t\t\t<div class='clear'><\/div>\n\t\t\t<\/div><!-- #evcal_list-->\n\t\t\t<div class='clear'><\/div>\n\n\t\t\t\t\n\t\t\t\n\t\t\t\t\t\t<\/div><!-- .ajde_evcal_calendar-->\n\n\t\t\t[\/et_pb_text][\/et_pb_column][\/et_pb_row][\/et_pb_section][et_pb_section fb_built=&#8220;1&#8243; admin_label=&#8220;Section Veranstalter&#8220; module_id=&#8220;veranstalter&#8220; _builder_version=&#8220;3.27.2&#8243; background_color=&#8220;#ffffff&#8220; custom_padding=&#8220;0px||0px||false|false&#8220; locked=&#8220;off&#8220;][et_pb_row _builder_version=&#8220;3.26.3&#8243; width=&#8220;100%&#8220; max_width=&#8220;none&#8220; custom_padding=&#8220;0px||0px||false|false&#8220;][et_pb_column type=&#8220;4_4&#8243; _builder_version=&#8220;3.26.3&#8243;][et_pb_image src=&#8220;https:\/\/www.wochen-zur-demokratie.de\/archiv\/wp-content\/uploads\/2020\/03\/wzd_divider-veranstalter-2019-dt_1920.png&#8220; force_fullwidth=&#8220;on&#8220; src_tablet=&#8220;&#8220; src_phone=&#8220;https:\/\/www.wochen-zur-demokratie.de\/archiv\/wp-content\/uploads\/2020\/03\/wzd_divider-veranstalter-2019-ph_1080.png&#8220; src_last_edited=&#8220;on|phone&#8220; _builder_version=&#8220;4.3.2&#8243; hover_enabled=&#8220;0&#8243;][\/et_pb_image][\/et_pb_column][\/et_pb_row][et_pb_row column_structure=&#8220;1_4,1_4,1_4,1_4&#8243; use_custom_gutter=&#8220;on&#8220; gutter_width=&#8220;2&#8243; _builder_version=&#8220;3.27.2&#8243; background_enable_color=&#8220;off&#8220; custom_padding=&#8220;60px||60px|||&#8220;][et_pb_column type=&#8220;1_4&#8243; _builder_version=&#8220;3.26.3&#8243;][et_pb_image src=&#8220;https:\/\/www.wochen-zur-demokratie.de\/archiv\/wp-content\/uploads\/2019\/08\/veranstalter-passau_300.jpg&#8220; url=&#8220;https:\/\/www.passau.de\/&#8220; url_new_window=&#8220;on&#8220; admin_label=&#8220;Passau&#8220; _builder_version=&#8220;3.27.4&#8243; locked=&#8220;off&#8220;][\/et_pb_image][\/et_pb_column][et_pb_column type=&#8220;1_4&#8243; _builder_version=&#8220;3.26.3&#8243;][et_pb_image src=&#8220;https:\/\/www.wochen-zur-demokratie.de\/archiv\/wp-content\/uploads\/2019\/08\/veranstalter-landkreis-passau_300.jpg&#8220; url=&#8220;https:\/\/www.landkreis-passau.de\/&#8220; url_new_window=&#8220;on&#8220; admin_label=&#8220;LK Passau&#8220; _builder_version=&#8220;3.27.4&#8243; locked=&#8220;off&#8220;][\/et_pb_image][\/et_pb_column][et_pb_column type=&#8220;1_4&#8243; _builder_version=&#8220;3.26.3&#8243;][et_pb_image src=&#8220;https:\/\/www.wochen-zur-demokratie.de\/archiv\/wp-content\/uploads\/2019\/07\/logo-offene-gesellschaft.jpg&#8220; admin_label=&#8220;DOG&#8220; _builder_version=&#8220;4.3.2&#8243;][\/et_pb_image][\/et_pb_column][et_pb_column type=&#8220;1_4&#8243; _builder_version=&#8220;3.26.3&#8243;][et_pb_image src=&#8220;https:\/\/www.wochen-zur-demokratie.de\/archiv\/wp-content\/uploads\/2019\/08\/veranstalter-wd-passau_300.jpg&#8220; admin_label=&#8220;Wozu Demo.&#8220; _builder_version=&#8220;3.27.2&#8243;][\/et_pb_image][\/et_pb_column][\/et_pb_row][\/et_pb_section][et_pb_section fb_built=&#8220;1&#8243; admin_label=&#8220;Section F\u00f6rderer&#8220; module_id=&#8220;foerderer&#8220; _builder_version=&#8220;4.3.2&#8243; background_color=&#8220;#ffffff&#8220; custom_padding=&#8220;0px||40px||false|false&#8220; locked=&#8220;off&#8220;][et_pb_row _builder_version=&#8220;3.26.3&#8243; width=&#8220;100%&#8220; max_width=&#8220;none&#8220; custom_padding=&#8220;0px||0px||false|false&#8220;][et_pb_column type=&#8220;4_4&#8243; _builder_version=&#8220;3.26.3&#8243;][et_pb_image src=&#8220;https:\/\/www.wochen-zur-demokratie.de\/archiv\/wp-content\/uploads\/2020\/03\/wzd_divider-foerderer-2019-dt_1920.png&#8220; force_fullwidth=&#8220;on&#8220; src_tablet=&#8220;&#8220; src_phone=&#8220;https:\/\/www.wochen-zur-demokratie.de\/archiv\/wp-content\/uploads\/2020\/03\/wzd_divider-foerderer-2019-ph_1080.png&#8220; src_last_edited=&#8220;on|phone&#8220; _builder_version=&#8220;4.3.2&#8243;][\/et_pb_image][\/et_pb_column][\/et_pb_row][et_pb_row column_structure=&#8220;1_4,1_4,1_4,1_4&#8243; use_custom_gutter=&#8220;on&#8220; gutter_width=&#8220;2&#8243; make_equal=&#8220;on&#8220; _builder_version=&#8220;3.27.4&#8243; background_enable_color=&#8220;off&#8220; custom_padding=&#8220;40px||0px|||&#8220;][et_pb_column type=&#8220;1_4&#8243; module_class=&#8220;vertical-align&#8220; _builder_version=&#8220;3.27.4&#8243;][et_pb_image src=&#8220;https:\/\/www.wochen-zur-demokratie.de\/archiv\/wp-content\/uploads\/2019\/09\/logo-sparkassenstiftung.jpg&#8220; url=&#8220;https:\/\/www.sparkasse-passau.de\/de\/home\/ihre-sparkasse\/die-sparkassenstiftung.html&#8220; url_new_window=&#8220;on&#8220; align=&#8220;center&#8220; disabled_on=&#8220;off|off|off&#8220; admin_label=&#8220;Sparkasse&#8220; _builder_version=&#8220;4.3.2&#8243; width=&#8220;180px&#8220; locked=&#8220;off&#8220;][\/et_pb_image][\/et_pb_column][et_pb_column type=&#8220;1_4&#8243; module_class=&#8220;vertical-align&#8220; _builder_version=&#8220;3.27.4&#8243;][et_pb_image src=&#8220;https:\/\/www.wochen-zur-demokratie.de\/archiv\/wp-content\/uploads\/2019\/08\/foerderer-stiftung-passauer-neuer-presse_300.jpg&#8220; url=&#8220;https:\/\/www.pnp-stiftung.de\/&#8220; url_new_window=&#8220;on&#8220; align=&#8220;center&#8220; disabled_on=&#8220;off|off|off&#8220; admin_label=&#8220;PNP Stiftung&#8220; _builder_version=&#8220;4.3.2&#8243; locked=&#8220;off&#8220;][\/et_pb_image][\/et_pb_column][et_pb_column type=&#8220;1_4&#8243; module_class=&#8220;vertical-align&#8220; _builder_version=&#8220;3.27.4&#8243;][et_pb_image src=&#8220;https:\/\/www.wochen-zur-demokratie.de\/archiv\/wp-content\/uploads\/2019\/09\/Logo-FES.jpeg&#8220; url=&#8220;https:\/\/www.fes.de\/regionalbuero-regensburg&#8220; url_new_window=&#8220;on&#8220; disabled_on=&#8220;off|off|off&#8220; admin_label=&#8220;FES&#8220; _builder_version=&#8220;4.3.2&#8243; transform_translate=&#8220;40px|0px&#8220; locked=&#8220;off&#8220;][\/et_pb_image][\/et_pb_column][et_pb_column type=&#8220;1_4&#8243; module_class=&#8220;vertical-align&#8220; _builder_version=&#8220;3.27.4&#8243;][et_pb_image src=&#8220;https:\/\/www.wochen-zur-demokratie.de\/archiv\/wp-content\/uploads\/2019\/09\/Logo-maierkorduletsch-web.jpg&#8220; url=&#8220;https:\/\/www.maierkorduletsch.de\/&#8220; url_new_window=&#8220;on&#8220; disabled_on=&#8220;off|off|off&#8220; admin_label=&#8220;MaierKorduletsch&#8220; _builder_version=&#8220;4.3.2&#8243; transform_scale=&#8220;80%|80%&#8220; locked=&#8220;off&#8220;][\/et_pb_image][\/et_pb_column][\/et_pb_row][et_pb_row column_structure=&#8220;1_4,1_4,1_4,1_4&#8243; use_custom_gutter=&#8220;on&#8220; gutter_width=&#8220;2&#8243; make_equal=&#8220;on&#8220; _builder_version=&#8220;3.27.4&#8243; background_enable_color=&#8220;off&#8220; custom_padding=&#8220;1px||60px|||&#8220; locked=&#8220;off&#8220;][et_pb_column type=&#8220;1_4&#8243; module_class=&#8220;vertical-align&#8220; _builder_version=&#8220;3.27.4&#8243;][et_pb_image src=&#8220;https:\/\/www.wochen-zur-demokratie.de\/archiv\/wp-content\/uploads\/2019\/09\/logo-kultursponsoren.jpg&#8220; url_new_window=&#8220;on&#8220; admin_label=&#8220;MaierKorduletsch&#8220; _builder_version=&#8220;3.29.2&#8243; transform_scale=&#8220;80%|80%&#8220;][\/et_pb_image][\/et_pb_column][et_pb_column type=&#8220;1_4&#8243; module_class=&#8220;vertical-align&#8220; _builder_version=&#8220;3.27.4&#8243;][et_pb_image src=&#8220;https:\/\/www.wochen-zur-demokratie.de\/archiv\/wp-content\/uploads\/2019\/09\/logo_sparkasse_passau.jpg&#8220; url_new_window=&#8220;on&#8220; admin_label=&#8220;MaierKorduletsch&#8220; _builder_version=&#8220;3.29.2&#8243; transform_scale=&#8220;80%|80%&#8220;][\/et_pb_image][\/et_pb_column][et_pb_column type=&#8220;1_4&#8243; module_class=&#8220;vertical-align&#8220; _builder_version=&#8220;3.27.4&#8243;][\/et_pb_column][et_pb_column type=&#8220;1_4&#8243; module_class=&#8220;vertical-align&#8220; _builder_version=&#8220;3.27.4&#8243;][\/et_pb_column][\/et_pb_row][\/et_pb_section][et_pb_section fb_built=&#8220;1&#8243; admin_label=&#8220;Section Partner&#8220; module_id=&#8220;partner&#8220; _builder_version=&#8220;3.27.2&#8243; background_color=&#8220;#ffffff&#8220; custom_padding=&#8220;0px||0px||false|false&#8220; locked=&#8220;off&#8220;][et_pb_row _builder_version=&#8220;3.26.3&#8243; width=&#8220;100%&#8220; max_width=&#8220;none&#8220; custom_padding=&#8220;0px||0px||false|false&#8220;][et_pb_column type=&#8220;4_4&#8243; _builder_version=&#8220;3.26.3&#8243;][et_pb_image src=&#8220;https:\/\/www.wochen-zur-demokratie.de\/archiv\/wp-content\/uploads\/2020\/03\/wzd_divider-partner-2019-dt_1920.png&#8220; force_fullwidth=&#8220;on&#8220; src_tablet=&#8220;&#8220; src_phone=&#8220;https:\/\/www.wochen-zur-demokratie.de\/archiv\/wp-content\/uploads\/2020\/03\/wzd_divider-partner-2019-ph_1080.png&#8220; src_last_edited=&#8220;on|phone&#8220; admin_label=&#8220;Image Partner Divider&#8220; _builder_version=&#8220;4.3.2&#8243;][\/et_pb_image][\/et_pb_column][\/et_pb_row][\/et_pb_section][et_pb_section fb_built=&#8220;1&#8243; _builder_version=&#8220;3.26.3&#8243; locked=&#8220;off&#8220;][et_pb_row column_structure=&#8220;1_6,1_6,1_6,1_6,1_6,1_6&#8243; use_custom_gutter=&#8220;on&#8220; gutter_width=&#8220;2&#8243; make_equal=&#8220;on&#8220; _builder_version=&#8220;3.27.4&#8243; width=&#8220;90%&#8220; max_width=&#8220;1180px&#8220; custom_padding=&#8220;20px||20px||false|false&#8220;][et_pb_column type=&#8220;1_6&#8243; module_class=&#8220;vertical-align&#8220; _builder_version=&#8220;3.27.4&#8243;][et_pb_image src=&#8220;https:\/\/www.wochen-zur-demokratie.de\/archiv\/wp-content\/uploads\/2019\/07\/Logo-CineplexPassau.jpg&#8220; url=&#8220;https:\/\/www.cineplex.de\/passau\/&#8220; url_new_window=&#8220;on&#8220; align=&#8220;center&#8220; admin_label=&#8220;Cineplex&#8220; _builder_version=&#8220;3.27.4&#8243;][\/et_pb_image][\/et_pb_column][et_pb_column type=&#8220;1_6&#8243; module_class=&#8220;vertical-align&#8220; _builder_version=&#8220;3.27.4&#8243;][et_pb_image src=&#8220;https:\/\/www.wochen-zur-demokratie.de\/archiv\/wp-content\/uploads\/2019\/09\/Logo-ProLi.jpg&#8220; url=&#8220;https:\/\/proli.cafe\/&#8220; url_new_window=&#8220;on&#8220; align=&#8220;center&#8220; admin_label=&#8220;ProLi&#8220; _builder_version=&#8220;3.27.4&#8243; width=&#8220;120px&#8220; locked=&#8220;off&#8220;][\/et_pb_image][\/et_pb_column][et_pb_column type=&#8220;1_6&#8243; module_class=&#8220;vertical-align&#8220; _builder_version=&#8220;3.27.4&#8243;][et_pb_image src=&#8220;https:\/\/www.wochen-zur-demokratie.de\/archiv\/wp-content\/uploads\/2019\/09\/Logo-Uni-Passau.jpg&#8220; url=&#8220;https:\/\/www.uni-passau.de\/&#8220; url_new_window=&#8220;on&#8220; align=&#8220;center&#8220; admin_label=&#8220;Uni Passau&#8220; _builder_version=&#8220;3.27.4&#8243; locked=&#8220;off&#8220;][\/et_pb_image][\/et_pb_column][et_pb_column type=&#8220;1_6&#8243; module_class=&#8220;vertical-align&#8220; _builder_version=&#8220;3.27.4&#8243;][et_pb_image src=&#8220;https:\/\/www.wochen-zur-demokratie.de\/archiv\/wp-content\/uploads\/2019\/07\/Logo-Stadtjugendring.jpg&#8220; url=&#8220;http:\/\/www.sjr-passau.de\/cms02\/index.php?id=74&#8243; url_new_window=&#8220;on&#8220; align=&#8220;center&#8220; admin_label=&#8220;StadtJugendRing&#8220; _builder_version=&#8220;3.27.4&#8243; locked=&#8220;off&#8220;][\/et_pb_image][\/et_pb_column][et_pb_column type=&#8220;1_6&#8243; module_class=&#8220;vertical-align&#8220; _builder_version=&#8220;3.27.4&#8243;][et_pb_image src=&#8220;https:\/\/www.wochen-zur-demokratie.de\/archiv\/wp-content\/uploads\/2019\/09\/Logo-Museum-Moderner-Kunst.jpg&#8220; url=&#8220;https:\/\/www.mmk-passau.de\/&#8220; url_new_window=&#8220;on&#8220; align=&#8220;center&#8220; admin_label=&#8220;Museum MoKu&#8220; _builder_version=&#8220;3.27.4&#8243; locked=&#8220;off&#8220;][\/et_pb_image][\/et_pb_column][et_pb_column type=&#8220;1_6&#8243; module_class=&#8220;vertical-align&#8220; _builder_version=&#8220;3.27.4&#8243;][et_pb_image src=&#8220;https:\/\/www.wochen-zur-demokratie.de\/archiv\/wp-content\/uploads\/2019\/09\/Logo-Landestheater-Niederbayern.jpg&#8220; url=&#8220;https:\/\/www.landestheater-niederbayern.de\/&#8220; url_new_window=&#8220;on&#8220; align=&#8220;center&#8220; admin_label=&#8220;Landestheater&#8220; _builder_version=&#8220;3.27.4&#8243; locked=&#8220;off&#8220;][\/et_pb_image][\/et_pb_column][\/et_pb_row][et_pb_row column_structure=&#8220;1_6,1_6,1_6,1_6,1_6,1_6&#8243; use_custom_gutter=&#8220;on&#8220; gutter_width=&#8220;2&#8243; make_equal=&#8220;on&#8220; _builder_version=&#8220;3.27.4&#8243; width=&#8220;90%&#8220; max_width=&#8220;1180px&#8220; custom_padding=&#8220;20px||20px||false|false&#8220;][et_pb_column type=&#8220;1_6&#8243; module_class=&#8220;vertical-align&#8220; _builder_version=&#8220;3.27.4&#8243;][et_pb_image src=&#8220;https:\/\/www.wochen-zur-demokratie.de\/archiv\/wp-content\/uploads\/2019\/07\/Logo-LBE.jpg&#8220; url=&#8220;https:\/\/www.lbe.bayern.de\/&#8220; url_new_window=&#8220;on&#8220; align=&#8220;center&#8220; admin_label=&#8220;LBE&#8220; _builder_version=&#8220;3.27.4&#8243;][\/et_pb_image][\/et_pb_column][et_pb_column type=&#8220;1_6&#8243; module_class=&#8220;vertical-align&#8220; _builder_version=&#8220;3.27.4&#8243;][et_pb_image src=&#8220;https:\/\/www.wochen-zur-demokratie.de\/archiv\/wp-content\/uploads\/2019\/07\/logo-lebenundlernenineuropa.jpg&#8220; url=&#8220;https:\/\/gemeinsam-in-europa.de\/&#8220; url_new_window=&#8220;on&#8220; align=&#8220;center&#8220; admin_label=&#8220;Gemeinsam e.V.&#8220; _builder_version=&#8220;3.27.4&#8243; width=&#8220;140px&#8220; locked=&#8220;off&#8220;][\/et_pb_image][\/et_pb_column][et_pb_column type=&#8220;1_6&#8243; module_class=&#8220;vertical-align&#8220; _builder_version=&#8220;3.27.4&#8243;][et_pb_image src=&#8220;https:\/\/www.wochen-zur-demokratie.de\/archiv\/wp-content\/uploads\/2019\/09\/Logo-Montessouri.jpg&#8220; url=&#8220;https:\/\/www.montessori-passau.de\/&#8220; url_new_window=&#8220;on&#8220; align=&#8220;center&#8220; admin_label=&#8220;Montessori&#8220; _builder_version=&#8220;3.27.4&#8243; locked=&#8220;off&#8220;][\/et_pb_image][\/et_pb_column][et_pb_column type=&#8220;1_6&#8243; module_class=&#8220;vertical-align&#8220; _builder_version=&#8220;3.27.4&#8243;][et_pb_image src=&#8220;https:\/\/www.wochen-zur-demokratie.de\/archiv\/wp-content\/uploads\/2019\/07\/logo-wurzelwerke.jpg&#8220; url=&#8220;https:\/\/www.vereinte-wurzelwerke.de\/&#8220; url_new_window=&#8220;on&#8220; align=&#8220;center&#8220; admin_label=&#8220;Wurzelwerke&#8220; _builder_version=&#8220;3.27.4&#8243; locked=&#8220;off&#8220;][\/et_pb_image][\/et_pb_column][et_pb_column type=&#8220;1_6&#8243; module_class=&#8220;vertical-align&#8220; _builder_version=&#8220;3.27.4&#8243;][et_pb_image src=&#8220;https:\/\/www.wochen-zur-demokratie.de\/archiv\/wp-content\/uploads\/2019\/07\/logo-architekturforum_passau_ev.jpg&#8220; url=&#8220;http:\/\/www.architekturforum-passau.de\/&#8220; url_new_window=&#8220;on&#8220; align=&#8220;center&#8220; admin_label=&#8220;architekturforum&#8220; _builder_version=&#8220;3.27.4&#8243; locked=&#8220;off&#8220;][\/et_pb_image][\/et_pb_column][et_pb_column type=&#8220;1_6&#8243; module_class=&#8220;vertical-align&#8220; _builder_version=&#8220;3.27.4&#8243;][et_pb_image src=&#8220;https:\/\/www.wochen-zur-demokratie.de\/archiv\/wp-content\/uploads\/2019\/07\/logo-kunstverein-passau.jpg&#8220; url=&#8220;http:\/\/www.kunstverein-passau.de\/&#8220; url_new_window=&#8220;on&#8220; align=&#8220;center&#8220; admin_label=&#8220;Kunstverein&#8220; _builder_version=&#8220;3.27.4&#8243; width=&#8220;140px&#8220; locked=&#8220;off&#8220;][\/et_pb_image][\/et_pb_column][\/et_pb_row][et_pb_row column_structure=&#8220;1_6,1_6,1_6,1_6,1_6,1_6&#8243; use_custom_gutter=&#8220;on&#8220; gutter_width=&#8220;2&#8243; make_equal=&#8220;on&#8220; _builder_version=&#8220;3.27.4&#8243; width=&#8220;90%&#8220; max_width=&#8220;1180px&#8220; custom_padding=&#8220;20px||20px||false|false&#8220;][et_pb_column type=&#8220;1_6&#8243; module_class=&#8220;vertical-align&#8220; _builder_version=&#8220;3.27.4&#8243;][et_pb_image src=&#8220;https:\/\/www.wochen-zur-demokratie.de\/archiv\/wp-content\/uploads\/2019\/09\/logo-buecher-pustet.jpg&#8220; url=&#8220;https:\/\/www.pustet.de\/shop\/magazine\/49131\/passau.html&#8220; url_new_window=&#8220;on&#8220; align=&#8220;center&#8220; admin_label=&#8220;B\u00fccher pustet&#8220; _builder_version=&#8220;3.27.4&#8243;][\/et_pb_image][\/et_pb_column][et_pb_column type=&#8220;1_6&#8243; module_class=&#8220;vertical-align&#8220; _builder_version=&#8220;3.27.4&#8243;][et_pb_image src=&#8220;https:\/\/www.wochen-zur-demokratie.de\/archiv\/wp-content\/uploads\/2019\/09\/logo-rupprecht.jpg&#8220; url=&#8220;https:\/\/www.rupprecht.de\/shop\/magazine\/96495\/filiale_passau.html&#8220; url_new_window=&#8220;on&#8220; align=&#8220;center&#8220; admin_label=&#8220;Rupprecht&#8220; _builder_version=&#8220;3.27.4&#8243; width=&#8220;150px&#8220; locked=&#8220;off&#8220;][\/et_pb_image][\/et_pb_column][et_pb_column type=&#8220;1_6&#8243; module_class=&#8220;vertical-align&#8220; _builder_version=&#8220;3.27.4&#8243;][et_pb_image src=&#8220;https:\/\/www.wochen-zur-demokratie.de\/archiv\/wp-content\/uploads\/2019\/09\/logo-henke.jpg&#8220; url=&#8220;https:\/\/antiquariat-henke.de\/&#8220; url_new_window=&#8220;on&#8220; align=&#8220;center&#8220; admin_label=&#8220;Henke&#8220; _builder_version=&#8220;3.27.4&#8243; locked=&#8220;off&#8220;][\/et_pb_image][\/et_pb_column][et_pb_column type=&#8220;1_6&#8243; module_class=&#8220;vertical-align&#8220; _builder_version=&#8220;3.27.4&#8243;][et_pb_image src=&#8220;https:\/\/www.wochen-zur-demokratie.de\/archiv\/wp-content\/uploads\/2019\/09\/logo-matthes-seitz.jpg&#8220; url=&#8220;https:\/\/www.matthes-seitz-berlin.de\/&#8220; url_new_window=&#8220;on&#8220; align=&#8220;center&#8220; admin_label=&#8220;Matthes Seitz&#8220; _builder_version=&#8220;3.27.4&#8243; locked=&#8220;off&#8220;][\/et_pb_image][\/et_pb_column][et_pb_column type=&#8220;1_6&#8243; module_class=&#8220;vertical-align&#8220; _builder_version=&#8220;3.27.4&#8243;][et_pb_image src=&#8220;https:\/\/www.wochen-zur-demokratie.de\/archiv\/wp-content\/uploads\/2019\/09\/logo-cafe-museum.jpg&#8220; url=&#8220;https:\/\/www.cafe-museum.de\/&#8220; url_new_window=&#8220;on&#8220; align=&#8220;center&#8220; admin_label=&#8220;Cafe Museum&#8220; _builder_version=&#8220;3.27.4&#8243; width=&#8220;140px&#8220; locked=&#8220;off&#8220;][\/et_pb_image][\/et_pb_column][et_pb_column type=&#8220;1_6&#8243; module_class=&#8220;vertical-align&#8220; _builder_version=&#8220;3.27.4&#8243;][et_pb_image src=&#8220;https:\/\/www.wochen-zur-demokratie.de\/archiv\/wp-content\/uploads\/2019\/07\/Logo-BonMots.jpg&#8220; url=&#8220;https:\/\/www.cafe-museum.de\/programm-cafe-museum\/bon-mots-ein-lesereigen-fuer-sprachbegeistserte-157.html&#8220; url_new_window=&#8220;on&#8220; align=&#8220;center&#8220; admin_label=&#8220;Bon Mots&#8220; _builder_version=&#8220;3.27.4&#8243; locked=&#8220;off&#8220;][\/et_pb_image][\/et_pb_column][\/et_pb_row][et_pb_row column_structure=&#8220;1_6,1_6,1_6,1_6,1_6,1_6&#8243; use_custom_gutter=&#8220;on&#8220; gutter_width=&#8220;2&#8243; make_equal=&#8220;on&#8220; _builder_version=&#8220;3.27.4&#8243; width=&#8220;90%&#8220; max_width=&#8220;1180px&#8220; custom_padding=&#8220;20px||20px||false|false&#8220;][et_pb_column type=&#8220;1_6&#8243; module_class=&#8220;vertical-align&#8220; _builder_version=&#8220;3.27.4&#8243;][et_pb_image src=&#8220;https:\/\/www.wochen-zur-demokratie.de\/archiv\/wp-content\/uploads\/2019\/09\/logo-oberhaus.jpg&#8220; url=&#8220;https:\/\/www.oberhausmuseum.de\/&#8220; url_new_window=&#8220;on&#8220; align=&#8220;center&#8220; admin_label=&#8220;Oberhaus&#8220; _builder_version=&#8220;3.27.4&#8243; width=&#8220;140px&#8220;][\/et_pb_image][\/et_pb_column][et_pb_column type=&#8220;1_6&#8243; module_class=&#8220;vertical-align&#8220; _builder_version=&#8220;3.27.4&#8243;][et_pb_image src=&#8220;https:\/\/www.wochen-zur-demokratie.de\/archiv\/wp-content\/uploads\/2019\/08\/Logo-UNICEF.jpg&#8220; url=&#8220;https:\/\/www.unicef.de\/informieren\/ueber-uns&#8220; url_new_window=&#8220;on&#8220; align=&#8220;center&#8220; admin_label=&#8220;Unicef&#8220; _builder_version=&#8220;3.27.4&#8243; width=&#8220;150px&#8220; locked=&#8220;off&#8220;][\/et_pb_image][\/et_pb_column][et_pb_column type=&#8220;1_6&#8243; module_class=&#8220;vertical-align&#8220; _builder_version=&#8220;3.27.4&#8243;][et_pb_image src=&#8220;https:\/\/www.wochen-zur-demokratie.de\/archiv\/wp-content\/uploads\/2019\/07\/Logo-KEB-Stadt-Landkreis-Passau.jpg&#8220; url=&#8220;https:\/\/www.keb-passau.de\/&#8220; url_new_window=&#8220;on&#8220; align=&#8220;center&#8220; admin_label=&#8220;KEB&#8220; _builder_version=&#8220;3.27.4&#8243; locked=&#8220;off&#8220;][\/et_pb_image][\/et_pb_column][et_pb_column type=&#8220;1_6&#8243; module_class=&#8220;vertical-align&#8220; _builder_version=&#8220;3.27.4&#8243;][et_pb_image src=&#8220;https:\/\/www.wochen-zur-demokratie.de\/archiv\/wp-content\/uploads\/2019\/09\/logo-dioezesanrat.jpg&#8220; url=&#8220;https:\/\/www.dioezesanrat-passau.de\/&#8220; url_new_window=&#8220;on&#8220; align=&#8220;center&#8220; admin_label=&#8220;Di\u00f6zesanrat&#8220; _builder_version=&#8220;3.27.4&#8243; width=&#8220;130px&#8220; locked=&#8220;off&#8220;][\/et_pb_image][\/et_pb_column][et_pb_column type=&#8220;1_6&#8243; module_class=&#8220;vertical-align&#8220; _builder_version=&#8220;3.27.4&#8243;][et_pb_image src=&#8220;https:\/\/www.wochen-zur-demokratie.de\/archiv\/wp-content\/uploads\/2019\/07\/Logo-duftleben.jpg&#8220; url=&#8220;http:\/\/www.cafe-duftleben.de\/&#8220; url_new_window=&#8220;on&#8220; align=&#8220;center&#8220; admin_label=&#8220;Duftleben&#8220; _builder_version=&#8220;3.27.4&#8243; locked=&#8220;off&#8220;][\/et_pb_image][\/et_pb_column][et_pb_column type=&#8220;1_6&#8243; module_class=&#8220;vertical-align&#8220; _builder_version=&#8220;3.27.4&#8243;][et_pb_image src=&#8220;https:\/\/www.wochen-zur-demokratie.de\/archiv\/wp-content\/uploads\/2019\/09\/logo-asg.jpg&#8220; url=&#8220;https:\/\/asg-passau.de\/&#8220; url_new_window=&#8220;on&#8220; align=&#8220;center&#8220; admin_label=&#8220;ASG&#8220; _builder_version=&#8220;3.27.4&#8243; width=&#8220;140px&#8220; locked=&#8220;off&#8220;][\/et_pb_image][\/et_pb_column][\/et_pb_row][et_pb_row column_structure=&#8220;1_6,1_6,1_6,1_6,1_6,1_6&#8243; use_custom_gutter=&#8220;on&#8220; gutter_width=&#8220;2&#8243; make_equal=&#8220;on&#8220; _builder_version=&#8220;3.27.4&#8243; width=&#8220;90%&#8220; max_width=&#8220;1180px&#8220; custom_padding=&#8220;20px||20px||false|false&#8220;][et_pb_column type=&#8220;1_6&#8243; module_class=&#8220;vertical-align&#8220; _builder_version=&#8220;3.27.4&#8243;][et_pb_image src=&#8220;https:\/\/www.wochen-zur-demokratie.de\/archiv\/wp-content\/uploads\/2019\/07\/logo-zakk.jpg&#8220; url=&#8220;https:\/\/zakkrandaliert.wordpress.com\/kontakt\/&#8220; url_new_window=&#8220;on&#8220; align=&#8220;center&#8220; admin_label=&#8220;ZAKK&#8220; _builder_version=&#8220;3.27.4&#8243; width=&#8220;140px&#8220;][\/et_pb_image][\/et_pb_column][et_pb_column type=&#8220;1_6&#8243; module_class=&#8220;vertical-align&#8220; _builder_version=&#8220;3.27.4&#8243;][et_pb_image src=&#8220;https:\/\/www.wochen-zur-demokratie.de\/archiv\/wp-content\/uploads\/2019\/09\/logo-kjr.jpg&#8220; url=&#8220;https:\/\/www.kjr-passau.de\/&#8220; url_new_window=&#8220;on&#8220; align=&#8220;center&#8220; admin_label=&#8220;KJR&#8220; _builder_version=&#8220;3.27.4&#8243; width=&#8220;120px&#8220; locked=&#8220;off&#8220;][\/et_pb_image][\/et_pb_column][et_pb_column type=&#8220;1_6&#8243; module_class=&#8220;vertical-align&#8220; _builder_version=&#8220;3.27.4&#8243;][et_pb_image src=&#8220;https:\/\/www.wochen-zur-demokratie.de\/archiv\/wp-content\/uploads\/2019\/09\/logo-zeughaus.jpg&#8220; url=&#8220;http:\/\/www.zeughaus-passau.de\/&#8220; url_new_window=&#8220;on&#8220; align=&#8220;center&#8220; admin_label=&#8220;Zeughaus&#8220; _builder_version=&#8220;3.27.4&#8243; width=&#8220;90px&#8220; locked=&#8220;off&#8220;][\/et_pb_image][\/et_pb_column][et_pb_column type=&#8220;1_6&#8243; module_class=&#8220;vertical-align&#8220; _builder_version=&#8220;3.27.4&#8243;][et_pb_image src=&#8220;https:\/\/www.wochen-zur-demokratie.de\/archiv\/wp-content\/uploads\/2019\/08\/foerderer-renn-sued_300.jpg&#8220; url=&#8220;https:\/\/www.renn-netzwerk.de\/sued\/&#8220; url_new_window=&#8220;on&#8220; align=&#8220;center&#8220; admin_label=&#8220;Renn s\u00fcd&#8220; _builder_version=&#8220;3.27.4&#8243; locked=&#8220;off&#8220;][\/et_pb_image][\/et_pb_column][et_pb_column type=&#8220;1_6&#8243; module_class=&#8220;vertical-align&#8220; _builder_version=&#8220;3.27.4&#8243;][et_pb_image src=&#8220;https:\/\/www.wochen-zur-demokratie.de\/archiv\/wp-content\/uploads\/2019\/07\/logo-kabrettl.jpg&#8220; url=&#8220;https:\/\/plus.pnp.de\/lokales\/passau_land\/3440222_Rotes-Bayern-Es-lebe-der-Freistaat.html&#8220; url_new_window=&#8220;on&#8220; align=&#8220;center&#8220; admin_label=&#8220;Kabrettl&#8220; _builder_version=&#8220;3.27.4&#8243; locked=&#8220;off&#8220;][\/et_pb_image][\/et_pb_column][et_pb_column type=&#8220;1_6&#8243; module_class=&#8220;vertical-align&#8220; _builder_version=&#8220;3.27.4&#8243;][et_pb_image src=&#8220;https:\/\/www.wochen-zur-demokratie.de\/archiv\/wp-content\/uploads\/2019\/09\/logo-schule-tradition.jpg&#8220; url=&#8220;http:\/\/vs-st-nikola.de\/&#8220; url_new_window=&#8220;on&#8220; align=&#8220;center&#8220; admin_label=&#8220;Mittelschule St. Nikola&#8220; _builder_version=&#8220;3.27.4&#8243; locked=&#8220;off&#8220;][\/et_pb_image][\/et_pb_column][\/et_pb_row][et_pb_row column_structure=&#8220;1_6,1_6,1_6,1_6,1_6,1_6&#8243; use_custom_gutter=&#8220;on&#8220; gutter_width=&#8220;2&#8243; make_equal=&#8220;on&#8220; _builder_version=&#8220;3.27.4&#8243; width=&#8220;90%&#8220; max_width=&#8220;1180px&#8220; custom_padding=&#8220;20px||20px||false|false&#8220;][et_pb_column type=&#8220;1_6&#8243; module_class=&#8220;vertical-align&#8220; _builder_version=&#8220;3.27.4&#8243;][et_pb_image src=&#8220;https:\/\/www.wochen-zur-demokratie.de\/archiv\/wp-content\/uploads\/2019\/07\/logo-TheaterEigenart.jpg&#8220; url=&#8220;http:\/\/www.theatereigenart.de\/&#8220; url_new_window=&#8220;on&#8220; align=&#8220;center&#8220; admin_label=&#8220;EigenArt&#8220; _builder_version=&#8220;3.27.4&#8243;][\/et_pb_image][\/et_pb_column][et_pb_column type=&#8220;1_6&#8243; module_class=&#8220;vertical-align&#8220; _builder_version=&#8220;3.27.4&#8243;][et_pb_image src=&#8220;https:\/\/www.wochen-zur-demokratie.de\/archiv\/wp-content\/uploads\/2019\/09\/logo-oebv-viacampesina.jpg&#8220; url=&#8220;https:\/\/www.viacampesina.at\/&#8220; url_new_window=&#8220;on&#8220; align=&#8220;center&#8220; admin_label=&#8220;\u00d6BV&#8220; _builder_version=&#8220;3.27.4&#8243; width=&#8220;140px&#8220; locked=&#8220;off&#8220;][\/et_pb_image][\/et_pb_column][et_pb_column type=&#8220;1_6&#8243; module_class=&#8220;vertical-align&#8220; _builder_version=&#8220;3.27.4&#8243;][et_pb_image src=&#8220;https:\/\/www.wochen-zur-demokratie.de\/archiv\/wp-content\/uploads\/2019\/09\/logo-rlc.jpg&#8220; url=&#8220;https:\/\/www.srb-passau.de\/refugee-law-clinic\/&#8220; url_new_window=&#8220;on&#8220; align=&#8220;center&#8220; admin_label=&#8220;RLC&#8220; _builder_version=&#8220;3.27.4&#8243; width=&#8220;140px&#8220; locked=&#8220;off&#8220;][\/et_pb_image][\/et_pb_column][et_pb_column type=&#8220;1_6&#8243; module_class=&#8220;vertical-align&#8220; _builder_version=&#8220;3.27.4&#8243;][et_pb_image src=&#8220;https:\/\/www.wochen-zur-demokratie.de\/archiv\/wp-content\/uploads\/2019\/09\/logo-erfreuliches-theater-1.jpg&#8220; url=&#8220;http:\/\/www.erfreulichestheater.de\/&#8220; url_new_window=&#8220;on&#8220; align=&#8220;center&#8220; admin_label=&#8220;TheatErfurt&#8220; _builder_version=&#8220;3.27.4&#8243; locked=&#8220;off&#8220;][\/et_pb_image][\/et_pb_column][et_pb_column type=&#8220;1_6&#8243; module_class=&#8220;vertical-align&#8220; _builder_version=&#8220;3.27.4&#8243;][et_pb_image src=&#8220;https:\/\/www.wochen-zur-demokratie.de\/archiv\/wp-content\/uploads\/2019\/09\/logo-energienetzwerk-passau.jpg&#8220; url=&#8220;https:\/\/bewegung.taz.de\/orgas\/energienetzwerk-passau&#8220; url_new_window=&#8220;on&#8220; align=&#8220;center&#8220; admin_label=&#8220;Energienetzwerk&#8220; _builder_version=&#8220;3.27.4&#8243; width=&#8220;140px&#8220; locked=&#8220;off&#8220;][\/et_pb_image][\/et_pb_column][et_pb_column type=&#8220;1_6&#8243; module_class=&#8220;vertical-align&#8220; _builder_version=&#8220;3.27.4&#8243;][et_pb_image src=&#8220;https:\/\/www.wochen-zur-demokratie.de\/archiv\/wp-content\/uploads\/2019\/09\/logo-ausgestrahlt.jpg&#8220; url=&#8220;https:\/\/www.ausgestrahlt.de&#8220; url_new_window=&#8220;on&#8220; align=&#8220;center&#8220; admin_label=&#8220;ausgestrahlt&#8220; _builder_version=&#8220;3.27.4&#8243; locked=&#8220;off&#8220;][\/et_pb_image][\/et_pb_column][\/et_pb_row][et_pb_row column_structure=&#8220;1_6,1_6,1_6,1_6,1_6,1_6&#8243; use_custom_gutter=&#8220;on&#8220; gutter_width=&#8220;2&#8243; make_equal=&#8220;on&#8220; _builder_version=&#8220;3.27.4&#8243; width=&#8220;90%&#8220; max_width=&#8220;1180px&#8220; custom_padding=&#8220;20px||20px||false|false&#8220;][et_pb_column type=&#8220;1_6&#8243; module_class=&#8220;vertical-align&#8220; _builder_version=&#8220;3.27.4&#8243;][et_pb_image src=&#8220;https:\/\/www.wochen-zur-demokratie.de\/archiv\/wp-content\/uploads\/2019\/09\/logo-europa-buecherei.jpg&#8220; url=&#8220;http:\/\/europabuecherei.passau.de\/START.aspx&#8220; url_new_window=&#8220;on&#8220; align=&#8220;center&#8220; admin_label=&#8220;Europab\u00fccherei&#8220; _builder_version=&#8220;3.27.4&#8243; width=&#8220;140px&#8220;][\/et_pb_image][\/et_pb_column][et_pb_column type=&#8220;1_6&#8243; module_class=&#8220;vertical-align&#8220; _builder_version=&#8220;3.27.4&#8243;][et_pb_image src=&#8220;https:\/\/www.wochen-zur-demokratie.de\/archiv\/wp-content\/uploads\/2019\/09\/logo-innstadt-schule.jpg&#8220; url=&#8220;https:\/\/gs-innstadt.de\/&#8220; url_new_window=&#8220;on&#8220; align=&#8220;center&#8220; admin_label=&#8220;Innstadt Schule&#8220; _builder_version=&#8220;3.27.4&#8243; width=&#8220;140px&#8220; locked=&#8220;off&#8220;][\/et_pb_image][\/et_pb_column][et_pb_column type=&#8220;1_6&#8243; module_class=&#8220;vertical-align&#8220; _builder_version=&#8220;3.27.4&#8243;][et_pb_image src=&#8220;https:\/\/www.wochen-zur-demokratie.de\/archiv\/wp-content\/uploads\/2019\/09\/logo-studentenwerk.jpg&#8220; url=&#8220;https:\/\/stwno.de\/de\/&#8220; url_new_window=&#8220;on&#8220; align=&#8220;center&#8220; admin_label=&#8220;Studentenwerk&#8220; _builder_version=&#8220;3.27.4&#8243; locked=&#8220;off&#8220;][\/et_pb_image][\/et_pb_column][et_pb_column type=&#8220;1_6&#8243; module_class=&#8220;vertical-align&#8220; _builder_version=&#8220;3.27.4&#8243;][et_pb_image src=&#8220;https:\/\/www.wochen-zur-demokratie.de\/archiv\/wp-content\/uploads\/2019\/09\/logo-fala.jpg&#8220; url=&#8220;http:\/\/www.freiwilligen-agentur-landshut.de\/&#8220; url_new_window=&#8220;on&#8220; align=&#8220;center&#8220; admin_label=&#8220;fala&#8220; _builder_version=&#8220;3.27.4&#8243; locked=&#8220;off&#8220;][\/et_pb_image][\/et_pb_column][et_pb_column type=&#8220;1_6&#8243; module_class=&#8220;vertical-align&#8220; _builder_version=&#8220;3.27.4&#8243;][et_pb_image src=&#8220;https:\/\/www.wochen-zur-demokratie.de\/archiv\/wp-content\/uploads\/2019\/09\/logo-institut-spass.jpg&#8220; url=&#8220;https:\/\/www.facebook.com\/InstitutPassau\/&#8220; url_new_window=&#8220;on&#8220; align=&#8220;center&#8220; admin_label=&#8220;Institut&#8220; _builder_version=&#8220;3.27.4&#8243; width=&#8220;120px&#8220; locked=&#8220;off&#8220;][\/et_pb_image][\/et_pb_column][et_pb_column type=&#8220;1_6&#8243; module_class=&#8220;vertical-align&#8220; _builder_version=&#8220;3.27.4&#8243;][et_pb_image src=&#8220;https:\/\/www.wochen-zur-demokratie.de\/archiv\/wp-content\/uploads\/2019\/09\/logo-maria-ward.jpg&#8220; url=&#8220;https:\/\/www.rs-n.de\/&#8220; url_new_window=&#8220;on&#8220; align=&#8220;center&#8220; admin_label=&#8220;Maria Ward&#8220; _builder_version=&#8220;3.27.4&#8243; width=&#8220;140px&#8220; locked=&#8220;off&#8220;][\/et_pb_image][\/et_pb_column][\/et_pb_row][et_pb_row column_structure=&#8220;1_6,1_6,1_6,1_6,1_6,1_6&#8243; use_custom_gutter=&#8220;on&#8220; gutter_width=&#8220;2&#8243; make_equal=&#8220;on&#8220; _builder_version=&#8220;3.27.4&#8243; width=&#8220;90%&#8220; max_width=&#8220;1180px&#8220; custom_padding=&#8220;20px||20px||false|false&#8220;][et_pb_column type=&#8220;1_6&#8243; module_class=&#8220;vertical-align&#8220; _builder_version=&#8220;3.27.4&#8243;][et_pb_image src=&#8220;https:\/\/www.wochen-zur-demokratie.de\/archiv\/wp-content\/uploads\/2019\/09\/logo-loewenbrauerei.jpg&#8220; url=&#8220;https:\/\/www.loewenbrauerei.de\/&#8220; url_new_window=&#8220;on&#8220; align=&#8220;center&#8220; admin_label=&#8220;L\u00f6wenbrauerei&#8220; _builder_version=&#8220;3.27.4&#8243;][\/et_pb_image][\/et_pb_column][et_pb_column type=&#8220;1_6&#8243; module_class=&#8220;vertical-align&#8220; _builder_version=&#8220;3.27.4&#8243;][et_pb_image src=&#8220;https:\/\/www.wochen-zur-demokratie.de\/archiv\/wp-content\/uploads\/2019\/09\/logo-kulturmodell.jpg&#8220; url=&#8220;http:\/\/www.kulturmodell.de\/Aktuelles.aspx&#8220; url_new_window=&#8220;on&#8220; align=&#8220;center&#8220; admin_label=&#8220;Kulturmodell&#8220; _builder_version=&#8220;3.27.4&#8243; width=&#8220;120px&#8220; locked=&#8220;off&#8220;][\/et_pb_image][\/et_pb_column][et_pb_column type=&#8220;1_6&#8243; module_class=&#8220;vertical-align&#8220; _builder_version=&#8220;3.27.4&#8243;][et_pb_image src=&#8220;https:\/\/www.wochen-zur-demokratie.de\/archiv\/wp-content\/uploads\/2019\/09\/logo-nachhaltigkeit.jpg&#8220; url_new_window=&#8220;on&#8220; align=&#8220;center&#8220; admin_label=&#8220;Kulturmodell&#8220; _builder_version=&#8220;3.29.2&#8243; width=&#8220;120px&#8220; locked=&#8220;off&#8220;][\/et_pb_image][\/et_pb_column][et_pb_column type=&#8220;1_6&#8243; module_class=&#8220;vertical-align&#8220; _builder_version=&#8220;3.27.4&#8243;][et_pb_image src=&#8220;https:\/\/www.wochen-zur-demokratie.de\/archiv\/wp-content\/uploads\/2019\/09\/Reiter_Hahne_Logo_rgb.jpg&#8220; url=&#8220;https:\/\/www.reiter-hahne.de\/&#8220; url_new_window=&#8220;on&#8220; admin_label=&#8220;Reiter-Hahne&#8220; _builder_version=&#8220;3.29.2&#8243;][\/et_pb_image][\/et_pb_column][et_pb_column type=&#8220;1_6&#8243; module_class=&#8220;vertical-align&#8220; _builder_version=&#8220;3.27.4&#8243;][et_pb_image src=&#8220;https:\/\/www.wochen-zur-demokratie.de\/archiv\/wp-content\/uploads\/2019\/10\/logo-theatercafe.png&#8220; url=&#8220;http:\/\/www.cafe-aquarium.eu\/&#8220; url_new_window=&#8220;on&#8220; admin_label=&#8220;Theatercafe&#8220; _builder_version=&#8220;3.29.2&#8243;][\/et_pb_image][\/et_pb_column][et_pb_column type=&#8220;1_6&#8243; module_class=&#8220;vertical-align&#8220; _builder_version=&#8220;3.27.4&#8243;][et_pb_image src=&#8220;https:\/\/www.wochen-zur-demokratie.de\/archiv\/wp-content\/uploads\/2019\/10\/AI-Logo.png&#8220; url=&#8220;https:\/\/www.amnesty.de\/&#8220; url_new_window=&#8220;on&#8220; _builder_version=&#8220;3.29.2&#8243;][\/et_pb_image][\/et_pb_column][\/et_pb_row][\/et_pb_section][et_pb_section fb_built=&#8220;1&#8243; admin_label=&#8220;Section Medien&#8220; module_id=&#8220;medien&#8220; _builder_version=&#8220;3.27.4&#8243; background_color=&#8220;#ffffff&#8220; custom_padding=&#8220;0px||0px||false|false&#8220; locked=&#8220;off&#8220;][et_pb_row _builder_version=&#8220;3.26.3&#8243; width=&#8220;100%&#8220; max_width=&#8220;none&#8220; custom_padding=&#8220;0px||0px||false|false&#8220;][et_pb_column type=&#8220;4_4&#8243; _builder_version=&#8220;3.26.3&#8243;][et_pb_image src=&#8220;https:\/\/www.wochen-zur-demokratie.de\/archiv\/wp-content\/uploads\/2020\/02\/wzd_divider-medien-2019-dt_1920.png&#8220; force_fullwidth=&#8220;on&#8220; src_tablet=&#8220;&#8220; src_phone=&#8220;https:\/\/www.wochen-zur-demokratie.de\/archiv\/wp-content\/uploads\/2020\/02\/wzd_divider-medien-2019-ph_1080.png&#8220; src_last_edited=&#8220;on|phone&#8220; admin_label=&#8220;Image Medien Divider&#8220; _builder_version=&#8220;4.3.2&#8243;][\/et_pb_image][\/et_pb_column][\/et_pb_row][et_pb_row column_structure=&#8220;1_6,1_6,1_6,1_6,1_6,1_6&#8243; use_custom_gutter=&#8220;on&#8220; gutter_width=&#8220;2&#8243; _builder_version=&#8220;3.27.2&#8243; background_enable_color=&#8220;off&#8220; custom_padding=&#8220;60px||40px|||&#8220; locked=&#8220;off&#8220;][et_pb_column type=&#8220;1_6&#8243; _builder_version=&#8220;3.26.3&#8243;][et_pb_image src=&#8220;https:\/\/www.wochen-zur-demokratie.de\/archiv\/wp-content\/uploads\/2019\/09\/Kinospot-Trailer-2019-thumbnail.jpg&#8220; url=&#8220;https:\/\/www.youtube.com\/watch?v=AJQ2P4PvLH4%20&#8243; url_new_window=&#8220;on&#8220; align=&#8220;center&#8220; admin_label=&#8220;Kinospot&#8220; _builder_version=&#8220;3.27.4&#8243;][\/et_pb_image][et_pb_text admin_label=&#8220;K-Text&#8220; _builder_version=&#8220;3.27.4&#8243; link_option_url=&#8220;https:\/\/www.youtube.com\/watch?v=AJQ2P4PvLH4 &#8220; link_option_url_new_window=&#8220;on&#8220;]<\/p>\n<p style=\"text-align: center;\">Unser Kinospot<\/p>\n<p>[\/et_pb_text][\/et_pb_column][et_pb_column type=&#8220;1_6&#8243; _builder_version=&#8220;3.26.3&#8243;][et_pb_image src=&#8220;https:\/\/www.wochen-zur-demokratie.de\/archiv\/wp-content\/uploads\/2019\/09\/wzd-programmheft-2019-thumbnail.jpg&#8220; url=&#8220;https:\/\/www.wochen-zur-demokratie.de\/archiv\/wp-content\/uploads\/2019\/10\/wzd-programmheft-2019-c.pdf&#8220; url_new_window=&#8220;on&#8220; align=&#8220;center&#8220; admin_label=&#8220;Programmheft&#8220; _builder_version=&#8220;3.29.2&#8243;][\/et_pb_image][et_pb_text admin_label=&#8220;P-Text&#8220; _builder_version=&#8220;3.29.2&#8243; link_option_url_new_window=&#8220;on&#8220;]<\/p>\n<p style=\"text-align: center;\">Programmheft Download, <a href=\"https:\/\/www.wochen-zur-demokratie.de\/archiv\/wp-content\/uploads\/2019\/10\/wzd-programmheft-2019-c.pdf\" target=\"_blank\" rel=\"noopener noreferrer\">pdf<\/a><\/p>\n<p>[\/et_pb_text][\/et_pb_column][et_pb_column type=&#8220;1_6&#8243; _builder_version=&#8220;3.26.3&#8243;][et_pb_image src=&#8220;https:\/\/www.wochen-zur-demokratie.de\/archiv\/wp-content\/uploads\/2019\/10\/WzD_Quiz-thumb.jpg&#8220; url=&#8220;https:\/\/www.wochen-zur-demokratie.de\/archiv\/wp-content\/uploads\/2019\/10\/WzD_Quiz.pdf&#8220; url_new_window=&#8220;on&#8220; align=&#8220;center&#8220; admin_label=&#8220;Quiz&#8220; _builder_version=&#8220;3.29.2&#8243;][\/et_pb_image][et_pb_text admin_label=&#8220;Quiz-Text&#8220; _builder_version=&#8220;3.29.2&#8243; link_option_url=&#8220;https:\/\/www.wochen-zur-demokratie.de\/archiv\/wp-content\/uploads\/2019\/10\/WzD_Quiz.pdf&#8220; link_option_url_new_window=&#8220;on&#8220;]<\/p>\n<p style=\"text-align: center;\">Demokratie-Quiz<\/p>\n<p>[\/et_pb_text][\/et_pb_column][et_pb_column type=&#8220;1_6&#8243; _builder_version=&#8220;3.26.3&#8243;][et_pb_image src=&#8220;https:\/\/www.wochen-zur-demokratie.de\/archiv\/wp-content\/uploads\/2019\/09\/innside_september-190901.jpg&#8220; url=&#8220;https:\/\/www.wochen-zur-demokratie.de\/archiv\/wp-content\/uploads\/2019\/09\/innside_september-190901.pdf&#8220; url_new_window=&#8220;on&#8220; align=&#8220;center&#8220; admin_label=&#8220;INNSIDE&#8220; _builder_version=&#8220;3.27.4&#8243; locked=&#8220;off&#8220;][\/et_pb_image][et_pb_text admin_label=&#8220;I-Text&#8220; _builder_version=&#8220;3.29.2&#8243; header_text_align=&#8220;center&#8220;]<\/p>\n<p style=\"text-align: center;\">INNSIDE Stadtmagazin, <a href=\"https:\/\/www.wochen-zur-demokratie.de\/archiv\/wp-content\/uploads\/2019\/09\/innside_september-190901.pdf\" target=\"_blank\" rel=\"noopener noreferrer\">pdf<\/a><\/p>\n<p>[\/et_pb_text][\/et_pb_column][et_pb_column type=&#8220;1_6&#8243; _builder_version=&#8220;3.26.3&#8243;][et_pb_image src=&#8220;https:\/\/www.wochen-zur-demokratie.de\/archiv\/wp-content\/uploads\/2019\/09\/Pressekonferenz-190919.png&#8220; url=&#8220;https:\/\/passau.niederbayerntv.de\/mediathek\/video\/wozu-demokratie&#8220; url_new_window=&#8220;on&#8220; align=&#8220;center&#8220; admin_label=&#8220;Niederbayern TV&#8220; _builder_version=&#8220;3.29.2&#8243;][\/et_pb_image][et_pb_text admin_label=&#8220;NB TV Text&#8220; _builder_version=&#8220;3.29.2&#8243; header_text_align=&#8220;center&#8220; link_option_url=&#8220;https:\/\/passau.niederbayerntv.de\/mediathek\/video\/wozu-demokratie&#8220; link_option_url_new_window=&#8220;on&#8220;]<\/p>\n<p style=\"text-align: center;\">Niederbayern TV 19.9.19<\/p>\n<p>[\/et_pb_text][\/et_pb_column][et_pb_column type=&#8220;1_6&#8243; _builder_version=&#8220;3.26.3&#8243;][et_pb_image src=&#8220;https:\/\/www.wochen-zur-demokratie.de\/archiv\/wp-content\/uploads\/2019\/09\/WzD_PR_Oktober2019-thumbnail.jpg&#8220; url=&#8220;https:\/\/www.wochen-zur-demokratie.de\/archiv\/wp-content\/uploads\/2019\/09\/WzD_PR_Oktober2019.pdf&#8220; url_new_window=&#8220;on&#8220; admin_label=&#8220;PASTA&#8220; _builder_version=&#8220;3.29.2&#8243;][\/et_pb_image][et_pb_text admin_label=&#8220;PASTA-Text&#8220; _builder_version=&#8220;3.29.2&#8243; link_option_url=&#8220;https:\/\/www.wochen-zur-demokratie.de\/archiv\/wp-content\/uploads\/2019\/09\/WzD_PR_Oktober2019.pdf&#8220; link_option_url_new_window=&#8220;on&#8220;]<\/p>\n<p style=\"text-align: center;\">PASTA Oktober-Ausgabe 2019<\/p>\n<p>[\/et_pb_text][\/et_pb_column][\/et_pb_row][et_pb_row column_structure=&#8220;1_6,1_6,1_6,1_6,1_6,1_6&#8243; _builder_version=&#8220;3.29.2&#8243;][et_pb_column type=&#8220;1_6&#8243; _builder_version=&#8220;3.29.2&#8243;][et_pb_image src=&#8220;https:\/\/www.wochen-zur-demokratie.de\/archiv\/wp-content\/uploads\/2019\/10\/Niederbayern-TV-191004.png&#8220; url=&#8220;https:\/\/passau.niederbayerntv.de\/mediathek\/video\/demokratisch\/&#8220; url_new_window=&#8220;on&#8220; align=&#8220;center&#8220; admin_label=&#8220;Niederbayern TV Auftakt&#8220; _builder_version=&#8220;3.29.2&#8243;][\/et_pb_image][et_pb_text admin_label=&#8220;NB TV Auftakt Text&#8220; _builder_version=&#8220;3.29.2&#8243; link_option_url=&#8220;https:\/\/passau.niederbayerntv.de\/mediathek\/video\/demokratisch\/&#8220; link_option_url_new_window=&#8220;on&#8220;]<\/p>\n<p style=\"text-align: center;\">Niederbayern TV 4.10.2019<\/p>\n<p>[\/et_pb_text][\/et_pb_column][et_pb_column type=&#8220;1_6&#8243; _builder_version=&#8220;3.29.2&#8243;][et_pb_image src=&#8220;https:\/\/www.wochen-zur-demokratie.de\/archiv\/wp-content\/uploads\/2019\/10\/191008-MP_1941-thumb.jpg&#8220; url=&#8220;https:\/\/www.wochen-zur-demokratie.de\/archiv\/wp-content\/uploads\/2019\/10\/191008-MP_1941.pdf&#8220; url_new_window=&#8220;on&#8220; align=&#8220;center&#8220; admin_label=&#8220;Mein Passau&#8220; _builder_version=&#8220;3.29.2&#8243;][\/et_pb_image][et_pb_text admin_label=&#8220;Mein Passau Text&#8220; _builder_version=&#8220;3.29.2&#8243;]<\/p>\n<p style=\"text-align: center;\">Mein Passau 8.10.2019 <a href=\"https:\/\/www.wochen-zur-demokratie.de\/archiv\/wp-content\/uploads\/2019\/10\/191008-MP_1941.pdf\" target=\"_blank\" rel=\"noopener noreferrer\">pdf<\/a><\/p>\n<p>[\/et_pb_text][\/et_pb_column][et_pb_column type=&#8220;1_6&#8243; _builder_version=&#8220;3.29.2&#8243;][et_pb_image src=&#8220;https:\/\/www.wochen-zur-demokratie.de\/archiv\/wp-content\/uploads\/2019\/10\/191008-MUW-thumb.jpg&#8220; url=&#8220;https:\/\/www.muw-nachrichten.de\/mehr-demokratie-wagen\/&#8220; url_new_window=&#8220;on&#8220; align=&#8220;center&#8220; admin_label=&#8220;MuW&#8220; _builder_version=&#8220;3.29.2&#8243;][\/et_pb_image][et_pb_text admin_label=&#8220;MuW Text&#8220; _builder_version=&#8220;3.29.2&#8243; link_option_url=&#8220;https:\/\/www.muw-nachrichten.de\/mehr-demokratie-wagen\/&#8220; link_option_url_new_window=&#8220;on&#8220;]<\/p>\n<p style=\"text-align: center;\">MuW 8.10.2019<\/p>\n<p>[\/et_pb_text][\/et_pb_column][et_pb_column type=&#8220;1_6&#8243; _builder_version=&#8220;3.29.2&#8243;][et_pb_image src=&#8220;https:\/\/www.wochen-zur-demokratie.de\/archiv\/wp-content\/uploads\/2019\/10\/191009-UNTERGRIESBACH-v2-1-thumb.jpg&#8220; url=&#8220;https:\/\/www.wochen-zur-demokratie.de\/archiv\/wp-content\/uploads\/2019\/10\/191009-UNTERGRIESBACH-v2.pdf&#8220; url_new_window=&#8220;on&#8220; align=&#8220;center&#8220; admin_label=&#8220;Zulehner&#8220; _builder_version=&#8220;3.29.2&#8243;][\/et_pb_image][et_pb_text admin_label=&#8220;Zulehner-Text&#8220; _builder_version=&#8220;3.29.2&#8243;]<\/p>\n<p style=\"text-align: center;\">Vortrag Paul M. Zulehner, <a href=\"https:\/\/www.wochen-zur-demokratie.de\/archiv\/wp-content\/uploads\/2019\/10\/191009-UNTERGRIESBACH-v2.pdf\">pdf<\/a><\/p>\n<p>[\/et_pb_text][\/et_pb_column][et_pb_column type=&#8220;1_6&#8243; _builder_version=&#8220;3.29.2&#8243;][et_pb_image src=&#8220;https:\/\/www.wochen-zur-demokratie.de\/archiv\/wp-content\/uploads\/2019\/10\/191014-niederbayern-TV-thumb.jpg&#8220; url=&#8220;https:\/\/passau.niederbayerntv.de\/mediathek\/video\/gesellschaft-in-bewegung\/&#8220; url_new_window=&#8220;on&#8220; align=&#8220;center&#8220; admin_label=&#8220;NiederbTV 191014&#8243; _builder_version=&#8220;3.29.2&#8243;][\/et_pb_image][et_pb_text admin_label=&#8220;NiederbTV 191014 Text&#8220; _builder_version=&#8220;3.29.2&#8243; link_option_url=&#8220;https:\/\/passau.niederbayerntv.de\/mediathek\/video\/gesellschaft-in-bewegung\/&#8220; link_option_url_new_window=&#8220;on&#8220;]<\/p>\n<p style=\"text-align: center;\">Niederbayern TV 14.10.19<\/p>\n<p>[\/et_pb_text][\/et_pb_column][et_pb_column type=&#8220;1_6&#8243; _builder_version=&#8220;3.29.2&#8243;][et_pb_image src=&#8220;https:\/\/www.wochen-zur-demokratie.de\/archiv\/wp-content\/uploads\/2019\/10\/PM-Passau-20191016-thumb.jpg&#8220; url=&#8220;https:\/\/www.wochen-zur-demokratie.de\/archiv\/wp-content\/uploads\/2019\/10\/PM-Passau-20191016.pdf&#8220; url_new_window=&#8220;on&#8220; align=&#8220;center&#8220; admin_label=&#8220;DOG&#8220; _builder_version=&#8220;3.29.2&#8243;][\/et_pb_image][et_pb_text admin_label=&#8220;DOG Text&#8220; _builder_version=&#8220;3.29.2&#8243;]<\/p>\n<p style=\"text-align: center;\">Pressemitteilung Die Offene Gesellschaft, <a href=\"https:\/\/www.wochen-zur-demokratie.de\/archiv\/wp-content\/uploads\/2019\/10\/PM-Passau-20191016.pdf\" target=\"_blank\" rel=\"noopener noreferrer\">pdf<\/a><\/p>\n<p>[\/et_pb_text][\/et_pb_column][\/et_pb_row][et_pb_row column_structure=&#8220;1_6,1_6,1_6,1_6,1_6,1_6&#8243; _builder_version=&#8220;4.3.2&#8243;][et_pb_column type=&#8220;1_6&#8243; _builder_version=&#8220;4.3.2&#8243;][et_pb_image src=&#8220;https:\/\/www.wochen-zur-demokratie.de\/archiv\/wp-content\/uploads\/2019\/09\/pnp-feulleton-190912-thumbnail.jpg&#8220; url=&#8220;https:\/\/www.wochen-zur-demokratie.de\/archiv\/wp-content\/uploads\/2019\/09\/pnp-feulleton-wzd-190912.pdf&#8220; url_new_window=&#8220;on&#8220; admin_label=&#8220;PNP-190912&#8243; _builder_version=&#8220;4.3.2&#8243;][\/et_pb_image][et_pb_text _builder_version=&#8220;4.3.2&#8243; link_option_url=&#8220;https:\/\/www.wochen-zur-demokratie.de\/archiv\/wp-content\/uploads\/2019\/09\/pnp-feulleton-wzd-190912.pdf&#8220; link_option_url_new_window=&#8220;on&#8220;]<\/p>\n<p>PNP 12.09.19<\/p>\n<p>[\/et_pb_text][\/et_pb_column][et_pb_column type=&#8220;1_6&#8243; _builder_version=&#8220;4.3.2&#8243;][et_pb_image src=&#8220;https:\/\/www.wochen-zur-demokratie.de\/archiv\/wp-content\/uploads\/2019\/10\/191002-pnp-auftakt-thumb.jpg&#8220; url=&#8220;https:\/\/www.wochen-zur-demokratie.de\/archiv\/wp-content\/uploads\/2019\/10\/191002-pnp-auftakt.jpg&#8220; url_new_window=&#8220;on&#8220; admin_label=&#8220;PNP-191002&#8243; _builder_version=&#8220;4.3.2&#8243;][\/et_pb_image][et_pb_text _builder_version=&#8220;4.3.2&#8243; link_option_url=&#8220;https:\/\/www.wochen-zur-demokratie.de\/archiv\/wp-content\/uploads\/2019\/10\/191002-pnp-auftakt.jpg&#8220; link_option_url_new_window=&#8220;on&#8220;]<\/p>\n<p>PNP 02.10.19<\/p>\n<p>[\/et_pb_text][\/et_pb_column][et_pb_column type=&#8220;1_6&#8243; _builder_version=&#8220;4.3.2&#8243;][et_pb_image src=&#8220;https:\/\/www.wochen-zur-demokratie.de\/archiv\/wp-content\/uploads\/2019\/10\/191002-pnp-Feuilleton-thumb.jpg&#8220; url=&#8220;https:\/\/www.wochen-zur-demokratie.de\/archiv\/wp-content\/uploads\/2019\/10\/191002-pnp-Feuilleton.jpg&#8220; url_new_window=&#8220;on&#8220; admin_label=&#8220;PNP-191003&#8243; _builder_version=&#8220;4.3.2&#8243;][\/et_pb_image][et_pb_text _builder_version=&#8220;4.3.2&#8243; link_option_url=&#8220;https:\/\/www.wochen-zur-demokratie.de\/archiv\/wp-content\/uploads\/2019\/10\/191002-pnp-Feuilleton.jpg&#8220;]<\/p>\n<p>PNP 03.10.19<\/p>\n<p>[\/et_pb_text][\/et_pb_column][et_pb_column type=&#8220;1_6&#8243; _builder_version=&#8220;4.3.2&#8243;][et_pb_image src=&#8220;https:\/\/www.wochen-zur-demokratie.de\/archiv\/wp-content\/uploads\/2019\/10\/191005-pnp-thumb.jpg&#8220; url=&#8220;https:\/\/www.wochen-zur-demokratie.de\/archiv\/wp-content\/uploads\/2019\/10\/PNP_2019-10-05.pdf&#8220; url_new_window=&#8220;on&#8220; admin_label=&#8220;PNP-191005&#8243; _builder_version=&#8220;4.3.2&#8243;][\/et_pb_image][et_pb_text _builder_version=&#8220;4.3.2&#8243; link_option_url=&#8220;https:\/\/www.wochen-zur-demokratie.de\/archiv\/wp-content\/uploads\/2019\/10\/PNP_2019-10-05.pdf&#8220; link_option_url_new_window=&#8220;on&#8220;]<\/p>\n<p>PNP 05.10.19<\/p>\n<p>[\/et_pb_text][\/et_pb_column][et_pb_column type=&#8220;1_6&#8243; _builder_version=&#8220;4.3.2&#8243;][et_pb_image src=&#8220;https:\/\/www.wochen-zur-demokratie.de\/archiv\/wp-content\/uploads\/2019\/10\/191004-pnp-diskussionsrunde-thumb.jpg&#8220; url=&#8220;https:\/\/www.wochen-zur-demokratie.de\/archiv\/wp-content\/uploads\/2019\/10\/191004-pnp-diskussionsrunde.pdf&#8220; url_new_window=&#8220;on&#8220; admin_label=&#8220;PNP-191004&#8243; _builder_version=&#8220;4.3.2&#8243;][\/et_pb_image][et_pb_text _builder_version=&#8220;4.3.2&#8243; link_option_url=&#8220;https:\/\/www.wochen-zur-demokratie.de\/archiv\/wp-content\/uploads\/2019\/10\/191004-pnp-diskussionsrunde.pdf&#8220; link_option_url_new_window=&#8220;on&#8220;]<\/p>\n<p>PNP 04.10.19<\/p>\n<p>[\/et_pb_text][\/et_pb_column][et_pb_column type=&#8220;1_6&#8243; _builder_version=&#8220;4.3.2&#8243;][et_pb_image src=&#8220;https:\/\/www.wochen-zur-demokratie.de\/archiv\/wp-content\/uploads\/2019\/10\/191008-pnp-rotbayern-thumb.jpg&#8220; url=&#8220;https:\/\/www.wochen-zur-demokratie.de\/archiv\/wp-content\/uploads\/2019\/10\/191008-pnp-rotbayern.pdf&#8220; url_new_window=&#8220;on&#8220; admin_label=&#8220;PNP-191008&#8243; _builder_version=&#8220;4.3.2&#8243;][\/et_pb_image][et_pb_text _builder_version=&#8220;4.3.2&#8243; link_option_url=&#8220;https:\/\/www.wochen-zur-demokratie.de\/archiv\/wp-content\/uploads\/2019\/10\/191008-pnp-rotbayern.pdf&#8220; link_option_url_new_window=&#8220;on&#8220;]<\/p>\n<p>PNP 08.10.19<\/p>\n<p>[\/et_pb_text][\/et_pb_column][\/et_pb_row][et_pb_row column_structure=&#8220;1_6,1_6,1_6,1_6,1_6,1_6&#8243; _builder_version=&#8220;4.3.2&#8243;][et_pb_column type=&#8220;1_6&#8243; _builder_version=&#8220;4.3.2&#8243;][et_pb_image src=&#8220;https:\/\/www.wochen-zur-demokratie.de\/archiv\/wp-content\/uploads\/2019\/10\/191009-pnp-ideen-thumb.jpg&#8220; url=&#8220;https:\/\/www.wochen-zur-demokratie.de\/archiv\/wp-content\/uploads\/2019\/10\/191009-pnp-ideen.pdf&#8220; url_new_window=&#8220;on&#8220; admin_label=&#8220;PNP-191009&#8243; _builder_version=&#8220;4.3.2&#8243;][\/et_pb_image][et_pb_text _builder_version=&#8220;4.3.2&#8243; link_option_url=&#8220;https:\/\/www.wochen-zur-demokratie.de\/archiv\/wp-content\/uploads\/2019\/10\/191009-pnp-ideen.pdf&#8220; link_option_url_new_window=&#8220;on&#8220;]<\/p>\n<p>PNP 09.10.19<\/p>\n<p>[\/et_pb_text][\/et_pb_column][et_pb_column type=&#8220;1_6&#8243; _builder_version=&#8220;4.3.2&#8243;][et_pb_image src=&#8220;https:\/\/www.wochen-zur-demokratie.de\/archiv\/wp-content\/uploads\/2019\/10\/191010-pnp-demokratischessen-thumb.jpg&#8220; url=&#8220;https:\/\/www.wochen-zur-demokratie.de\/archiv\/wp-content\/uploads\/2019\/10\/191010-pnp-22.pdf&#8220; url_new_window=&#8220;on&#8220; admin_label=&#8220;PNP-191010&#8243; _builder_version=&#8220;4.3.2&#8243;][\/et_pb_image][et_pb_text _builder_version=&#8220;4.3.2&#8243; link_option_url=&#8220;https:\/\/www.wochen-zur-demokratie.de\/archiv\/wp-content\/uploads\/2019\/10\/191010-pnp-22.pdf&#8220; link_option_url_new_window=&#8220;on&#8220;]<\/p>\n<p>PNP 10.10.19<\/p>\n<p>[\/et_pb_text][\/et_pb_column][et_pb_column type=&#8220;1_6&#8243; _builder_version=&#8220;4.3.2&#8243;][et_pb_image src=&#8220;https:\/\/www.wochen-zur-demokratie.de\/archiv\/wp-content\/uploads\/2019\/10\/191011-pnp-18-thumb.jpg&#8220; url=&#8220;https:\/\/www.wochen-zur-demokratie.de\/archiv\/wp-content\/uploads\/2019\/10\/191011-pnp-18.pdf&#8220; url_new_window=&#8220;on&#8220; admin_label=&#8220;PNP-191011&#8243; _builder_version=&#8220;4.3.2&#8243;][\/et_pb_image][et_pb_text _builder_version=&#8220;4.3.2&#8243; link_option_url=&#8220;https:\/\/www.wochen-zur-demokratie.de\/archiv\/wp-content\/uploads\/2019\/10\/191011-pnp-18.pdf&#8220; link_option_url_new_window=&#8220;on&#8220;]<\/p>\n<p>PNP 11.10.19<\/p>\n<p>[\/et_pb_text][\/et_pb_column][et_pb_column type=&#8220;1_6&#8243; _builder_version=&#8220;4.3.2&#8243;][et_pb_image src=&#8220;https:\/\/www.wochen-zur-demokratie.de\/archiv\/wp-content\/uploads\/2019\/10\/191012-pnp-26-thumb.jpg&#8220; url=&#8220;https:\/\/www.wochen-zur-demokratie.de\/archiv\/wp-content\/uploads\/2019\/10\/191012-pnp-26.pdf&#8220; url_new_window=&#8220;on&#8220; admin_label=&#8220;PNP-191012&#8243; _builder_version=&#8220;4.3.2&#8243;][\/et_pb_image][et_pb_text _builder_version=&#8220;4.3.2&#8243; link_option_url=&#8220;https:\/\/www.wochen-zur-demokratie.de\/archiv\/wp-content\/uploads\/2019\/10\/191012-pnp-26.pdf&#8220; link_option_url_new_window=&#8220;on&#8220;]<\/p>\n<p>PNP 12.10.19<\/p>\n<p>[\/et_pb_text][\/et_pb_column][et_pb_column type=&#8220;1_6&#8243; _builder_version=&#8220;4.3.2&#8243;][et_pb_image src=&#8220;https:\/\/www.wochen-zur-demokratie.de\/archiv\/wp-content\/uploads\/2019\/10\/191012-pnp-27-thumb.jpg&#8220; url=&#8220;https:\/\/www.wochen-zur-demokratie.de\/archiv\/wp-content\/uploads\/2019\/10\/191012-pnp-27.pdf&#8220; url_new_window=&#8220;on&#8220; admin_label=&#8220;PNP-191012&#8243; _builder_version=&#8220;4.3.2&#8243;][\/et_pb_image][et_pb_text _builder_version=&#8220;4.3.2&#8243; link_option_url=&#8220;https:\/\/www.wochen-zur-demokratie.de\/archiv\/wp-content\/uploads\/2019\/10\/191012-pnp-27.pdf&#8220; link_option_url_new_window=&#8220;on&#8220;]<\/p>\n<p>PNP 12.10.19<\/p>\n<p>[\/et_pb_text][\/et_pb_column][et_pb_column type=&#8220;1_6&#8243; _builder_version=&#8220;4.3.2&#8243;][et_pb_image src=&#8220;https:\/\/www.wochen-zur-demokratie.de\/archiv\/wp-content\/uploads\/2019\/10\/191012-pnp-51-thumb.jpg&#8220; url=&#8220;https:\/\/www.wochen-zur-demokratie.de\/archiv\/wp-content\/uploads\/2019\/10\/191012-pnp-51.pdf&#8220; url_new_window=&#8220;on&#8220; admin_label=&#8220;PNP-191012&#8243; _builder_version=&#8220;4.3.2&#8243;][\/et_pb_image][et_pb_text _builder_version=&#8220;4.3.2&#8243; link_option_url=&#8220;https:\/\/www.wochen-zur-demokratie.de\/archiv\/wp-content\/uploads\/2019\/10\/191012-pnp-51.pdf&#8220; link_option_url_new_window=&#8220;on&#8220;]<\/p>\n<p>PNP 12.10.19<\/p>\n<p>[\/et_pb_text][\/et_pb_column][\/et_pb_row][et_pb_row column_structure=&#8220;1_6,1_6,1_6,1_6,1_6,1_6&#8243; _builder_version=&#8220;4.3.2&#8243;][et_pb_column type=&#8220;1_6&#8243; _builder_version=&#8220;4.3.2&#8243;][et_pb_image src=&#8220;https:\/\/www.wochen-zur-demokratie.de\/archiv\/wp-content\/uploads\/2019\/10\/191008-pnp-juchacz-thumb-1.jpg&#8220; url=&#8220;https:\/\/www.wochen-zur-demokratie.de\/archiv\/wp-content\/uploads\/2019\/10\/191008-pnp-juchacz.pdf&#8220; url_new_window=&#8220;on&#8220; admin_label=&#8220;PNP-191008&#8243; _builder_version=&#8220;4.3.2&#8243;][\/et_pb_image][et_pb_text _builder_version=&#8220;4.3.2&#8243; link_option_url=&#8220;https:\/\/www.wochen-zur-demokratie.de\/archiv\/wp-content\/uploads\/2019\/10\/191008-pnp-juchacz.pdf&#8220; link_option_url_new_window=&#8220;on&#8220;]<\/p>\n<p>PNP 08.10.19<\/p>\n<p>[\/et_pb_text][\/et_pb_column][et_pb_column type=&#8220;1_6&#8243; _builder_version=&#8220;4.3.2&#8243;][et_pb_image src=&#8220;https:\/\/www.wochen-zur-demokratie.de\/archiv\/wp-content\/uploads\/2019\/10\/191014-pnp-eigenart-thumb.jpg&#8220; url=&#8220;https:\/\/www.wochen-zur-demokratie.de\/archiv\/wp-content\/uploads\/2019\/10\/Theater-EigenArt-Nebensache-14.10.19-PNP.jpg&#8220; url_new_window=&#8220;on&#8220; admin_label=&#8220;PNP-191014&#8243; _builder_version=&#8220;4.3.2&#8243;][\/et_pb_image][et_pb_text _builder_version=&#8220;4.3.2&#8243; link_option_url=&#8220;https:\/\/www.wochen-zur-demokratie.de\/archiv\/wp-content\/uploads\/2019\/10\/Theater-EigenArt-Nebensache-14.10.19-PNP.jpg&#8220; link_option_url_new_window=&#8220;on&#8220;]<\/p>\n<p>PNP 14.10.19<\/p>\n<p>[\/et_pb_text][\/et_pb_column][et_pb_column type=&#8220;1_6&#8243; _builder_version=&#8220;4.3.2&#8243;][et_pb_image src=&#8220;https:\/\/www.wochen-zur-demokratie.de\/archiv\/wp-content\/uploads\/2019\/10\/191015-pnp-18-thumb.jpg&#8220; url=&#8220;https:\/\/www.wochen-zur-demokratie.de\/archiv\/wp-content\/uploads\/2019\/10\/191015-pnp-18.pdf&#8220; url_new_window=&#8220;on&#8220; admin_label=&#8220;PNP-191015&#8243; _builder_version=&#8220;4.3.2&#8243;][\/et_pb_image][et_pb_text _builder_version=&#8220;4.3.2&#8243; link_option_url=&#8220;https:\/\/www.wochen-zur-demokratie.de\/archiv\/wp-content\/uploads\/2019\/10\/191015-pnp-18.pdf&#8220; link_option_url_new_window=&#8220;on&#8220;]<\/p>\n<p>PNP 15.10.19<\/p>\n<p>[\/et_pb_text][\/et_pb_column][et_pb_column type=&#8220;1_6&#8243; _builder_version=&#8220;4.3.2&#8243;][et_pb_image src=&#8220;https:\/\/www.wochen-zur-demokratie.de\/archiv\/wp-content\/uploads\/2019\/10\/191016-pnp-20-1-thumb.jpg&#8220; url=&#8220;https:\/\/www.wochen-zur-demokratie.de\/archiv\/wp-content\/uploads\/2019\/10\/191016-pnp-20-1.pdf&#8220; url_new_window=&#8220;on&#8220; admin_label=&#8220;PNP-191016&#8243; _builder_version=&#8220;4.3.2&#8243;][\/et_pb_image][et_pb_text _builder_version=&#8220;4.3.2&#8243; link_option_url=&#8220;https:\/\/www.wochen-zur-demokratie.de\/archiv\/wp-content\/uploads\/2019\/10\/191016-pnp-20-1.pdf&#8220; link_option_url_new_window=&#8220;on&#8220;]<\/p>\n<p>PNP 16.10.19<\/p>\n<p>[\/et_pb_text][\/et_pb_column][et_pb_column type=&#8220;1_6&#8243; _builder_version=&#8220;4.3.2&#8243;][et_pb_image src=&#8220;https:\/\/www.wochen-zur-demokratie.de\/archiv\/wp-content\/uploads\/2019\/10\/191016-pnp-20-2-thumb.jpg&#8220; url=&#8220;https:\/\/www.wochen-zur-demokratie.de\/archiv\/wp-content\/uploads\/2019\/10\/191016-pnp-20-2.pdf&#8220; url_new_window=&#8220;on&#8220; admin_label=&#8220;PNP-191016&#8243; _builder_version=&#8220;4.3.2&#8243;][\/et_pb_image][et_pb_text _builder_version=&#8220;4.3.2&#8243; link_option_url=&#8220;https:\/\/www.wochen-zur-demokratie.de\/archiv\/wp-content\/uploads\/2019\/10\/191016-pnp-20-2.pdf&#8220; link_option_url_new_window=&#8220;on&#8220;]<\/p>\n<p>PNP 16.10.19<\/p>\n<p>[\/et_pb_text][\/et_pb_column][et_pb_column type=&#8220;1_6&#8243; _builder_version=&#8220;4.3.2&#8243;][et_pb_image src=&#8220;https:\/\/www.wochen-zur-demokratie.de\/archiv\/wp-content\/uploads\/2019\/10\/191017-pnp-20-thumb.jpg&#8220; url=&#8220;https:\/\/www.wochen-zur-demokratie.de\/archiv\/wp-content\/uploads\/2019\/10\/191017-pnp-20.pdf&#8220; url_new_window=&#8220;on&#8220; admin_label=&#8220;PNP-191017&#8243; _builder_version=&#8220;4.3.2&#8243;][\/et_pb_image][et_pb_text _builder_version=&#8220;4.3.2&#8243; link_option_url=&#8220;https:\/\/www.wochen-zur-demokratie.de\/archiv\/wp-content\/uploads\/2019\/10\/191017-pnp-20.pdf&#8220; link_option_url_new_window=&#8220;on&#8220;]<\/p>\n<p>PNP 17.10.19<\/p>\n<p>[\/et_pb_text][\/et_pb_column][\/et_pb_row][et_pb_row column_structure=&#8220;1_6,1_6,1_6,1_6,1_6,1_6&#8243; _builder_version=&#8220;4.3.2&#8243;][et_pb_column type=&#8220;1_6&#8243; _builder_version=&#8220;4.3.2&#8243;][et_pb_image src=&#8220;https:\/\/www.wochen-zur-demokratie.de\/archiv\/wp-content\/uploads\/2019\/10\/191018-pnp-22-thumb.jpg&#8220; url=&#8220;https:\/\/www.wochen-zur-demokratie.de\/archiv\/wp-content\/uploads\/2019\/10\/191018-pnp-22.pdf&#8220; url_new_window=&#8220;on&#8220; admin_label=&#8220;PNP-191018&#8243; _builder_version=&#8220;4.3.2&#8243;][\/et_pb_image][et_pb_text _builder_version=&#8220;4.3.2&#8243; link_option_url=&#8220;https:\/\/www.wochen-zur-demokratie.de\/archiv\/wp-content\/uploads\/2019\/10\/191018-pnp-22.pdf&#8220; link_option_url_new_window=&#8220;on&#8220;]<\/p>\n<p>PNP 18.10.19<\/p>\n<p>[\/et_pb_text][\/et_pb_column][et_pb_column type=&#8220;1_6&#8243; _builder_version=&#8220;4.3.2&#8243;][et_pb_image src=&#8220;https:\/\/www.wochen-zur-demokratie.de\/archiv\/wp-content\/uploads\/2019\/10\/191018-pnp-31-thumb.jpg&#8220; url=&#8220;https:\/\/www.wochen-zur-demokratie.de\/archiv\/wp-content\/uploads\/2019\/10\/191018-pnp-31.pdf&#8220; url_new_window=&#8220;on&#8220; admin_label=&#8220;PNP-191018&#8243; _builder_version=&#8220;4.3.2&#8243;][\/et_pb_image][et_pb_text _builder_version=&#8220;4.3.2&#8243; link_option_url=&#8220;https:\/\/www.wochen-zur-demokratie.de\/archiv\/wp-content\/uploads\/2019\/10\/191018-pnp-31.pdf&#8220; link_option_url_new_window=&#8220;on&#8220;]<\/p>\n<p>PNP 18.10.19<\/p>\n<p>[\/et_pb_text][\/et_pb_column][et_pb_column type=&#8220;1_6&#8243; _builder_version=&#8220;4.3.2&#8243;][et_pb_image src=&#8220;https:\/\/www.wochen-zur-demokratie.de\/archiv\/wp-content\/uploads\/2019\/10\/191018-pnp-40-thumb.jpg&#8220; url=&#8220;https:\/\/www.wochen-zur-demokratie.de\/archiv\/wp-content\/uploads\/2019\/10\/191018-pnp-40.pdf&#8220; url_new_window=&#8220;on&#8220; admin_label=&#8220;PNP-191019&#8243; _builder_version=&#8220;4.3.2&#8243;][\/et_pb_image][et_pb_text _builder_version=&#8220;4.3.2&#8243; link_option_url=&#8220;https:\/\/www.wochen-zur-demokratie.de\/archiv\/wp-content\/uploads\/2019\/10\/191018-pnp-40.pdf&#8220; link_option_url_new_window=&#8220;on&#8220;]<\/p>\n<p>PNP 19.10.19<\/p>\n<p>[\/et_pb_text][\/et_pb_column][et_pb_column type=&#8220;1_6&#8243; _builder_version=&#8220;4.3.2&#8243;][et_pb_image src=&#8220;https:\/\/www.wochen-zur-demokratie.de\/archiv\/wp-content\/uploads\/2019\/10\/191019-pnp28-thumb.jpg&#8220; url=&#8220;https:\/\/www.wochen-zur-demokratie.de\/archiv\/wp-content\/uploads\/2019\/10\/191019-pnp28.pdf&#8220; url_new_window=&#8220;on&#8220; admin_label=&#8220;PNP-191019&#8243; _builder_version=&#8220;4.3.2&#8243;][\/et_pb_image][et_pb_text _builder_version=&#8220;4.3.2&#8243; link_option_url=&#8220;https:\/\/www.wochen-zur-demokratie.de\/archiv\/wp-content\/uploads\/2019\/10\/191019-pnp28.pdf&#8220; link_option_url_new_window=&#8220;on&#8220;]<\/p>\n<p>PNP 19.10.19<\/p>\n<p>[\/et_pb_text][\/et_pb_column][et_pb_column type=&#8220;1_6&#8243; _builder_version=&#8220;4.3.2&#8243;][et_pb_image src=&#8220;https:\/\/www.wochen-zur-demokratie.de\/archiv\/wp-content\/uploads\/2019\/10\/191022-pnp-jugendkonferenz-thumb.jpg&#8220; url=&#8220;https:\/\/www.wochen-zur-demokratie.de\/archiv\/wp-content\/uploads\/2019\/10\/191022-pnp-jugendkonferenz.pdf&#8220; url_new_window=&#8220;on&#8220; admin_label=&#8220;PNP-191022&#8243; _builder_version=&#8220;4.3.2&#8243;][\/et_pb_image][et_pb_text _builder_version=&#8220;4.3.2&#8243; link_option_url=&#8220;https:\/\/www.wochen-zur-demokratie.de\/archiv\/wp-content\/uploads\/2019\/10\/191022-pnp-jugendkonferenz.pdf&#8220; link_option_url_new_window=&#8220;on&#8220;]<\/p>\n<p>PNP 22.10.19<\/p>\n<p>[\/et_pb_text][\/et_pb_column][et_pb_column type=&#8220;1_6&#8243; _builder_version=&#8220;4.3.2&#8243;][et_pb_image src=&#8220;https:\/\/www.wochen-zur-demokratie.de\/archiv\/wp-content\/uploads\/2019\/10\/191024-pnp-thumb.jpg&#8220; url=&#8220;https:\/\/www.wochen-zur-demokratie.de\/archiv\/wp-content\/uploads\/2019\/10\/191024-pnp.pdf&#8220; url_new_window=&#8220;on&#8220; admin_label=&#8220;PNP-191024&#8243; _builder_version=&#8220;4.3.2&#8243;][\/et_pb_image][et_pb_text _builder_version=&#8220;4.3.2&#8243; link_option_url=&#8220;https:\/\/www.wochen-zur-demokratie.de\/archiv\/wp-content\/uploads\/2019\/10\/191024-pnp.pdf&#8220; link_option_url_new_window=&#8220;on&#8220;]<\/p>\n<p>PNP 24.10.19<\/p>\n<p>[\/et_pb_text][\/et_pb_column][\/et_pb_row][et_pb_row column_structure=&#8220;1_6,1_6,1_6,1_6,1_6,1_6&#8243; _builder_version=&#8220;4.3.2&#8243;][et_pb_column type=&#8220;1_6&#8243; _builder_version=&#8220;4.3.2&#8243;][et_pb_image src=&#8220;https:\/\/www.wochen-zur-demokratie.de\/archiv\/wp-content\/uploads\/2019\/10\/191022-pnp-thumb.jpg&#8220; url=&#8220;https:\/\/www.wochen-zur-demokratie.de\/archiv\/wp-content\/uploads\/2019\/10\/191022-pnp.pdf&#8220; url_new_window=&#8220;on&#8220; admin_label=&#8220;PNP-191022&#8243; _builder_version=&#8220;4.3.2&#8243;][\/et_pb_image][et_pb_text _builder_version=&#8220;4.3.2&#8243; link_option_url=&#8220;https:\/\/www.wochen-zur-demokratie.de\/archiv\/wp-content\/uploads\/2019\/10\/191022-pnp.pdf&#8220; link_option_url_new_window=&#8220;on&#8220;]<\/p>\n<p>PNP 22.10.19<\/p>\n<p>[\/et_pb_text][\/et_pb_column][et_pb_column type=&#8220;1_6&#8243; _builder_version=&#8220;4.3.2&#8243;][\/et_pb_column][et_pb_column type=&#8220;1_6&#8243; _builder_version=&#8220;4.3.2&#8243;][\/et_pb_column][et_pb_column type=&#8220;1_6&#8243; _builder_version=&#8220;4.3.2&#8243;][\/et_pb_column][et_pb_column type=&#8220;1_6&#8243; _builder_version=&#8220;4.3.2&#8243;][\/et_pb_column][et_pb_column type=&#8220;1_6&#8243; _builder_version=&#8220;4.3.2&#8243;][\/et_pb_column][\/et_pb_row][\/et_pb_section][et_pb_section fb_built=&#8220;1&#8243; admin_label=&#8220;Section Footer&#8220; _builder_version=&#8220;3.26.3&#8243; background_color=&#8220;#ff0066&#8243; custom_padding=&#8220;0px||200px||false|false&#8220; locked=&#8220;off&#8220;][et_pb_row _builder_version=&#8220;3.26.3&#8243; width=&#8220;100%&#8220; max_width=&#8220;none&#8220; custom_padding=&#8220;0px||0px||false|false&#8220;][et_pb_column type=&#8220;4_4&#8243; _builder_version=&#8220;3.26.3&#8243;][et_pb_image src=&#8220;https:\/\/www.wochen-zur-demokratie.de\/archiv\/wp-content\/uploads\/2019\/07\/wzd-divider-programm-dt.png&#8220; force_fullwidth=&#8220;on&#8220; _builder_version=&#8220;3.27.4&#8243;][\/et_pb_image][\/et_pb_column][\/et_pb_row][et_pb_row column_structure=&#8220;1_2,1_2&#8243; custom_padding_last_edited=&#8220;on|desktop&#8220; _builder_version=&#8220;3.26.3&#8243; width=&#8220;90%&#8220; custom_padding=&#8220;50px||||false|false&#8220; custom_padding_tablet=&#8220;&#8220; custom_padding_phone=&#8220;30px||||false|false&#8220;][et_pb_column type=&#8220;1_2&#8243; _builder_version=&#8220;3.26.3&#8243;][et_pb_text admin_label=&#8220;Klimakompetenz&#8220; _builder_version=&#8220;3.27.4&#8243; text_text_color=&#8220;#ffffff&#8220;]<\/p>\n<p><strong>Klimakompetenz<\/strong><br \/> Der Aussto\u00df an Kohlendioxid (CO2), der durch die gesamte Veranstaltungsreihe inkl. An- und Abreise der Referenten anf\u00e4llt, wird ausgeglichen durch die Firma MaierKorduletsch, Partner und F\u00f6rderer der Wochen zur Demokratie.<br \/> Das Werbematerial der Wochen zur Demokratie wurde mit wenigen Ausnahmen auf 100% Recyclingpapier gedruckt.<\/p>\n<p>[\/et_pb_text][\/et_pb_column][et_pb_column type=&#8220;1_2&#8243; _builder_version=&#8220;3.26.3&#8243;][et_pb_text admin_label=&#8220;Impressum&#8220; module_class=&#8220;imprint&#8220; _builder_version=&#8220;3.27.4&#8243; text_text_color=&#8220;#ffffff&#8220; text_orientation=&#8220;right&#8220; custom_padding=&#8220;||20px||false|false&#8220; text_text_align=&#8220;right&#8220;]<\/p>\n<p><a href=\"\/impressum\">Impressum<\/a> \u00a0|\u00a0 <a href=\"\/datenschutz\">Datenschutz<\/a><br \/> <a href=\"mailto:ko&#110;t&#097;&#107;t&#064;wo&#099;he&#110;-&#122;u&#114;&#045;demo&#107;rat&#105;&#101;&#046;&#100;e\">ko&#110;t&#097;&#107;t&#064;wo&#099;he&#110;-&#122;u&#114;&#045;demo&#107;rat&#105;&#101;&#046;&#100;e<\/a><\/p>\n<p>[\/et_pb_text][et_pb_image src=&#8220;https:\/\/www.wochen-zur-demokratie.de\/archiv\/wp-content\/uploads\/2019\/09\/icon-facebook.svg&#8220; url=&#8220;https:\/\/www.facebook.com\/WozuDemokratiePassau\/&#8220; url_new_window=&#8220;on&#8220; align=&#8220;right&#8220; admin_label=&#8220;Facebook&#8220; _builder_version=&#8220;3.27.4&#8243; width=&#8220;50px&#8220; custom_css_main_element=&#8220;float:right;&#8220; transform_styles__hover_enabled=&#8220;on|hover&#8220; transform_scale__hover_enabled=&#8220;on|hover&#8220; transform_translate__hover_enabled=&#8220;on|desktop&#8220; transform_rotate__hover_enabled=&#8220;on|desktop&#8220; transform_skew__hover_enabled=&#8220;on|desktop&#8220; transform_origin__hover_enabled=&#8220;on|desktop&#8220; transform_scale__hover=&#8220;105%|105%&#8220;][\/et_pb_image][et_pb_image src=&#8220;https:\/\/www.wochen-zur-demokratie.de\/archiv\/wp-content\/uploads\/2019\/09\/icon-instagram.svg&#8220; url=&#8220;https:\/\/www.instagram.com\/wozudemokratie\/&#8220; url_new_window=&#8220;on&#8220; align=&#8220;right&#8220; admin_label=&#8220;Instagram&#8220; _builder_version=&#8220;3.27.4&#8243; width=&#8220;50px&#8220; custom_margin=&#8220;|20px|||false|false&#8220; custom_css_main_element=&#8220;float:right;&#8220; transform_styles__hover_enabled=&#8220;on|hover&#8220; transform_scale__hover_enabled=&#8220;on|hover&#8220; transform_translate__hover_enabled=&#8220;on|desktop&#8220; transform_rotate__hover_enabled=&#8220;on|desktop&#8220; transform_skew__hover_enabled=&#8220;on|desktop&#8220; transform_origin__hover_enabled=&#8220;on|desktop&#8220; transform_scale__hover=&#8220;105%|105%&#8220;][\/et_pb_image][et_pb_image src=&#8220;https:\/\/www.wochen-zur-demokratie.de\/archiv\/wp-content\/uploads\/2019\/09\/icon-youtube.svg&#8220; url=&#8220;https:\/\/www.youtube.com\/watch?v=AJQ2P4PvLH4&#8243; url_new_window=&#8220;on&#8220; align=&#8220;right&#8220; admin_label=&#8220;Youtube&#8220; _builder_version=&#8220;3.27.4&#8243; width=&#8220;50px&#8220; custom_margin=&#8220;|20px|||false|false&#8220; custom_padding=&#8220;||||false|false&#8220; custom_css_main_element=&#8220;float:right;&#8220; transform_styles__hover_enabled=&#8220;on|hover&#8220; transform_scale__hover_enabled=&#8220;on|hover&#8220; transform_translate__hover_enabled=&#8220;on|desktop&#8220; transform_rotate__hover_enabled=&#8220;on|desktop&#8220; transform_skew__hover_enabled=&#8220;on|desktop&#8220; transform_origin__hover_enabled=&#8220;on|desktop&#8220; transform_scale__hover=&#8220;105%|105%&#8220;][\/et_pb_image][\/et_pb_column][\/et_pb_row][\/et_pb_section]<\/p>\n","protected":false},"excerpt":{"rendered":"<p>[et_pb_section fb_built=&#8220;1&#8243; disabled_on=&#8220;off|off|off&#8220; admin_label=&#8220;Section Logo dt&#8220; _builder_version=&#8220;3.27.2&#8243; custom_padding=&#8220;0px||0px||false|false&#8220; locked=&#8220;off&#8220;][et_pb_row _builder_version=&#8220;3.27.2&#8243; width=&#8220;100%&#8220; max_width=&#8220;none&#8220; custom_margin=&#8220;||||false|false&#8220; custom_padding=&#8220;0px||0px||false|false&#8220;][et_pb_column type=&#8220;4_4&#8243; _builder_version=&#8220;3.27.2&#8243;][et_pb_image src=&#8220;https:\/\/www.wochen-zur-demokratie.de\/archiv\/wp-content\/uploads\/2019\/08\/wzd-video-button.png&#8220; url=&#8220;#divi-sos-1824&#8243; show_bottom_space=&#8220;off&#8220; admin_label=&#8220;Image Datum Video&#8220; _builder_version=&#8220;3.27.4&#8243; width=&#8220;26%&#8220; max_width=&#8220;430px&#8220; custom_margin=&#8220;-6vw|||48%|false|false&#8220; custom_padding=&#8220;||||false|false&#8220;][\/et_pb_image][\/et_pb_column][\/et_pb_row][\/et_pb_section][et_pb_section fb_built=&#8220;1&#8243; admin_label=&#8220;Section Programm&#8220; module_id=&#8220;programm&#8220; _builder_version=&#8220;3.27.2&#8243; background_color=&#8220;#ffffff&#8220; custom_padding=&#8220;0px||0px||false|false&#8220; locked=&#8220;off&#8220;][et_pb_row _builder_version=&#8220;3.26.3&#8243; width=&#8220;100%&#8220; max_width=&#8220;none&#8220; custom_padding=&#8220;0px||0px||false|false&#8220;][et_pb_column type=&#8220;4_4&#8243; _builder_version=&#8220;3.26.3&#8243;][et_pb_image src=&#8220;https:\/\/www.wochen-zur-demokratie.de\/archiv\/wp-content\/uploads\/2020\/02\/wzd_divider-programm-2019-dt_1920.png&#8220; show_bottom_space=&#8220;off&#8220; force_fullwidth=&#8220;on&#8220; src_tablet=&#8220;&#8220; src_phone=&#8220;https:\/\/www.wochen-zur-demokratie.de\/archiv\/wp-content\/uploads\/2020\/02\/wzd_divider-programm-2019-ph_1080.png&#8220; src_last_edited=&#8220;on|desktop&#8220; _builder_version=&#8220;4.3.2&#8243; custom_margin=&#8220;||||false|false&#8220;][\/et_pb_image][\/et_pb_column][\/et_pb_row][et_pb_row _builder_version=&#8220;4.3.2&#8243; max_width=&#8220;1180px&#8220; custom_padding=&#8220;60px||0px||false|false&#8220; locked=&#8220;off&#8220;][et_pb_column type=&#8220;4_4&#8243; _builder_version=&#8220;4.3.2&#8243;][et_pb_text [&hellip;]<\/p>\n","protected":false},"author":1,"featured_media":0,"parent":0,"menu_order":0,"comment_status":"closed","ping_status":"closed","template":"","meta":{"_et_pb_use_builder":"on","_et_pb_old_content":"","_et_gb_content_width":"","footnotes":""},"class_list":["post-2313","page","type-page","status-publish","hentry"],"_links":{"self":[{"href":"https:\/\/www.wochen-zur-demokratie.de\/archiv\/wp-json\/wp\/v2\/pages\/2313","targetHints":{"allow":["GET"]}}],"collection":[{"href":"https:\/\/www.wochen-zur-demokratie.de\/archiv\/wp-json\/wp\/v2\/pages"}],"about":[{"href":"https:\/\/www.wochen-zur-demokratie.de\/archiv\/wp-json\/wp\/v2\/types\/page"}],"author":[{"embeddable":true,"href":"https:\/\/www.wochen-zur-demokratie.de\/archiv\/wp-json\/wp\/v2\/users\/1"}],"replies":[{"embeddable":true,"href":"https:\/\/www.wochen-zur-demokratie.de\/archiv\/wp-json\/wp\/v2\/comments?post=2313"}],"version-history":[{"count":24,"href":"https:\/\/www.wochen-zur-demokratie.de\/archiv\/wp-json\/wp\/v2\/pages\/2313\/revisions"}],"predecessor-version":[{"id":2462,"href":"https:\/\/www.wochen-zur-demokratie.de\/archiv\/wp-json\/wp\/v2\/pages\/2313\/revisions\/2462"}],"wp:attachment":[{"href":"https:\/\/www.wochen-zur-demokratie.de\/archiv\/wp-json\/wp\/v2\/media?parent=2313"}],"curies":[{"name":"wp","href":"https:\/\/api.w.org\/{rel}","templated":true}]}}