{"id":3024,"date":"2021-07-05T15:05:40","date_gmt":"2021-07-05T13:05:40","guid":{"rendered":"https:\/\/www.wochen-zur-demokratie.de\/?page_id=3024"},"modified":"2021-07-05T16:16:37","modified_gmt":"2021-07-05T14:16:37","slug":"programm-2020","status":"publish","type":"page","link":"https:\/\/www.wochen-zur-demokratie.de\/archiv\/programm-2020\/","title":{"rendered":"Programm 2020"},"content":{"rendered":"<p>[et_pb_section fb_built=&#8220;1&#8243; disabled_on=&#8220;off|off|off&#8220; admin_label=&#8220;Section Logo dt&#8220; _builder_version=&#8220;3.27.2&#8243; custom_padding=&#8220;0px||0px||false|false&#8220; locked=&#8220;off&#8220;][et_pb_row _builder_version=&#8220;3.27.2&#8243; width=&#8220;100%&#8220; max_width=&#8220;none&#8220; custom_margin=&#8220;||||false|false&#8220; custom_padding=&#8220;0px||0px||false|false&#8220;][et_pb_column type=&#8220;4_4&#8243; _builder_version=&#8220;3.27.2&#8243;][et_pb_image src=&#8220;https:\/\/www.wochen-zur-demokratie.de\/archiv\/wp-content\/uploads\/2019\/08\/wzd-video-button.png&#8220; url=&#8220;#divi-sos-1824&#8243; show_bottom_space=&#8220;off&#8220; admin_label=&#8220;Image Datum Video&#8220; _builder_version=&#8220;3.27.4&#8243; width=&#8220;26%&#8220; max_width=&#8220;430px&#8220; custom_margin=&#8220;-6vw|||48%|false|false&#8220; custom_padding=&#8220;||||false|false&#8220;][\/et_pb_image][\/et_pb_column][\/et_pb_row][\/et_pb_section][et_pb_section fb_built=&#8220;1&#8243; admin_label=&#8220;Section Programm&#8220; module_id=&#8220;programm&#8220; _builder_version=&#8220;3.27.2&#8243; background_color=&#8220;#ffffff&#8220; custom_padding=&#8220;0px||0px||false|false&#8220; locked=&#8220;off&#8220;][et_pb_row _builder_version=&#8220;3.26.3&#8243; width=&#8220;100%&#8220; max_width=&#8220;none&#8220; custom_padding=&#8220;0px||0px||false|false&#8220;][et_pb_column type=&#8220;4_4&#8243; _builder_version=&#8220;3.26.3&#8243;][et_pb_image src=&#8220;https:\/\/www.wochen-zur-demokratie.de\/archiv\/wp-content\/uploads\/2021\/07\/wzd_divider-programm-2020-dt_1920.png&#8220; title_text=&#8220;wzd_divider-programm-2020-ph_1080&#8243; show_bottom_space=&#8220;off&#8220; force_fullwidth=&#8220;on&#8220; src_tablet=&#8220;https:\/\/www.wochen-zur-demokratie.de\/archiv\/wp-content\/uploads\/2021\/07\/wzd_divider-programm-2020-dt_1920.png&#8220; src_phone=&#8220;https:\/\/www.wochen-zur-demokratie.de\/archiv\/wp-content\/uploads\/2021\/07\/wzd_divider-programm-2020-ph_1080.png&#8220; src_last_edited=&#8220;on|desktop&#8220; _builder_version=&#8220;4.9.7&#8243; custom_margin=&#8220;||||false|false&#8220;][\/et_pb_image][\/et_pb_column][\/et_pb_row][et_pb_row _builder_version=&#8220;4.3.2&#8243; max_width=&#8220;1180px&#8220; custom_padding=&#8220;60px||0px||false|false&#8220; locked=&#8220;off&#8220;][et_pb_column type=&#8220;4_4&#8243; _builder_version=&#8220;4.3.2&#8243;][et_pb_text admin_label=&#8220;Einleitung&#8220; _builder_version=&#8220;4.9.7&#8243; header_font=&#8220;|600|||||||&#8220; header_font_size=&#8220;24px&#8220; custom_margin_tablet=&#8220;&#8220; custom_margin_phone=&#8220;&#8220; custom_margin_last_edited=&#8220;on|tablet&#8220; custom_padding=&#8220;||||false|false&#8220; custom_padding_tablet=&#8220;&#8220; custom_padding_phone=&#8220;&#8220; custom_padding_last_edited=&#8220;on|desktop&#8220; locked=&#8220;off&#8220;]<\/p>\n<h1>Wochen zur Demokratie 2020<\/h1>\n<p>Auch 2020 haben wir die Wochen zur Demokratie wieder gemeinsam mit Stadt und Landkreis Passau veranstaltet. Und trotz der Corona-Pandemie wirkten an die 50 F\u00f6rderer und Partner aktiv mit. \u00dcber 30 Veranstaltungen konnten wir so auf den Weg bringen. Neu in 2020 waren unser <strong>Festival-B\u00fcro<\/strong> und ein <strong>\u201eInnovationfonds f\u00fcr ein gutes Miteinander\u201c<\/strong>.<\/p>\n<p>Gemeinsam mit allen Beteiligten haben wir kritische Themen unserer Zeit aufgegriffen, Diskussionen angesto\u00dfen und neue Ideen f\u00fcr unser Zusammenleben entwickelt.<\/p>\n<p>[\/et_pb_text][\/et_pb_column][\/et_pb_row][et_pb_row _builder_version=&#8220;3.26.3&#8243; width=&#8220;100%&#8220; max_width=&#8220;1180px&#8220; custom_padding=&#8220;35px|||||&#8220;][et_pb_column type=&#8220;4_4&#8243; _builder_version=&#8220;3.26.3&#8243;][et_pb_text admin_label=&#8220;EventOn Shortcode Tiles&#8220; _builder_version=&#8220;4.9.7&#8243;]<div id='evcal_calendar_497' class='ajde_evcal_calendar boxy boxstyle0 box_4 evoEL' ><div class='evo-data' data-cyear=\"2026\" data-cmonth=\"4\" data-runajax=\"1\" data-evc_open=\"0\" data-cal_ver=\"2.7.3\" data-mapscroll=\"true\" data-mapformat=\"roadmap\" data-mapzoom=\"18\" data-mapiconurl=\"\" data-ev_cnt=\"0\" data-show_limit=\"no\" data-tiles=\"yes\" data-sort_by=\"sort_date\" data-filters_on=\"false\" data-range_start=\"1590796800\" data-range_end=\"1609286400\" data-send_unix=\"1\" data-ux_val=\"0\" data-accord=\"0\" data-rtl=\"no\"  ><\/div><div id='evcal_head' class='calendar_header evcal_nosort' ><div class='evo_cal_above_content'><\/div><div class='cal_arguments' style='display:none' data-hide_past=\"no\" data-show_et_ft_img=\"no\" data-event_order=\"ASC\" data-ft_event_priority=\"no\" data-lang=\"L1\" data-month_incre=\"0\" data-only_ft=\"no\" data-hide_ft=\"no\" data-evc_open=\"no\" data-show_limit=\"no\" data-etc_override=\"no\" data-show_limit_redir=\"0\" data-tiles=\"yes\" data-tile_height=\"275\" data-tile_bg=\"0\" data-tile_count=\"4\" data-tile_style=\"0\" data-s=\"\" data-members_only=\"no\" data-ux_val=\"0\" data-show_limit_ajax=\"no\" data-show_limit_paged=\"1\" data-hide_mult_occur=\"yes\" data-show_repeats=\"no\" data-hide_end_time=\"no\" data-eventtop_style=\"0\" data-sep_month=\"no\" data-number_of_months=\"2\" ><\/div><div class='clear'><\/div><\/div><div class='eventon_sorting_section' style='display:none'><div class='eventon_filter_line '><div class='eventon_filter' data-filter_field='event_type' data-filter_val='all' data-filter_type='tax' data-fl_o='IN'><\/div><div class='eventon_filter' data-filter_field='event_type_2' data-filter_val='all' data-filter_type='tax' data-fl_o='IN'><\/div><div class='eventon_filter' data-filter_field='event_type_3' data-filter_val='all' data-filter_type='tax' data-fl_o='IN'><\/div><div class='eventon_filter' data-filter_field='event_type_4' data-filter_val='all' data-filter_type='tax' data-fl_o='IN'><\/div><div class='eventon_filter' data-filter_field='event_type_5' data-filter_val='all' data-filter_type='tax' data-fl_o='IN'><\/div><div class='eventon_filter' data-filter_field='event_location' data-filter_val='all' data-filter_type='tax' data-fl_o='IN'><\/div><div class='eventon_filter' data-filter_field='event_organizer' data-filter_val='all' data-filter_type='tax' data-fl_o='IN'><\/div><div class='eventon_filter' data-filter_field='event_tag' data-filter_val='all' data-filter_type='tax' data-fl_o='IN'><\/div><\/div><div class='clear'><\/div><\/div><div id='eventon_loadbar_section'><div id='eventon_loadbar'><\/div><\/div><div id='evcal_list' class='eventon_events_list'><div style=\"background-color: #c766a4;height: 275px;\" id=\"event_2627\" class=\"eventon_list_event evo_eventtop past_event event event_2627_0\" data-event_id=\"2627\" data-ri=\"0r\" data-time=\"1602806401-1604188799\" data-colr=\"#c766a4\" itemscope itemtype='http:\/\/schema.org\/Event'><div class=\"evo_event_schema\" style=\"display:none\" ><a itemprop='url'  href='https:\/\/www.wochen-zur-demokratie.de\/archiv\/events\/senden-sie-uns-ihr-bild-von-demokratie\/'><\/a><span itemprop='name'  >Welches Bild von Demokratie haben Sie?<\/span><meta itemprop='image' content=\"https:\/\/www.wochen-zur-demokratie.de\/archiv\/wp-content\/uploads\/2020\/09\/prof-Heinrich-Klumpp-web.jpg\" \/><meta itemprop='description' content=\"Bis zum 12. Oktober konnten Teilnehmerinnen und Teilnehmer ihr Bild von Demokratie entwerfen \u2013 und im Rahmen eines Bilder-Wettbewerbs zu den Wochen zur Demokratie einsenden.  Beteiligen konnten sich alle, die gerne\" \/><meta itemprop='startDate' content=\"2020-10-16\" \/><meta itemprop='endDate' content=\"2020-10-31\" \/><meta itemprop='eventStatus' content=\"on-schedule\" \/>\n\t\t\t\t\t\t\t\t\t<item style=\"display:none\" itemprop=\"location\" itemscope itemtype=\"http:\/\/schema.org\/Place\">\n\t\t\t\t\t\t\t\t\t\t<span itemprop=\"name\">B\u00fcro f\u00fcr Demokratie, Passau, Unterer Sand<\/span>\n\t\t\t\t\t\t\t\t\t\t<span itemprop=\"address\" itemscope itemtype=\"http:\/\/schema.org\/PostalAddress\">\n\t\t\t\t\t\t\t\t\t\t\t<item itemprop=\"streetAddress\">Passau, Unterer Sand 2<\/item>\n\t\t\t\t\t\t\t\t\t\t<\/span><\/item><script type=\"application\/ld+json\">{\t\"@context\": \"http:\/\/schema.org\",\n\t\t\t\t\t\t\t  \t\"@type\": \"Event\",\n\t\t\t\t\t\t\t  \t\"name\": \"Welches Bild von Demokratie haben Sie?\",\n\t\t\t\t\t\t\t  \t\"startDate\": \"2020-10-16T00-00-00-00\",\n\t\t\t\t\t\t\t  \t\"endDate\": \"2020-10-31T23-23-59-00\",\n\t\t\t\t\t\t\t  \t\"image\":\"https:\/\/www.wochen-zur-demokratie.de\/archiv\/wp-content\/uploads\/2020\/09\/prof-Heinrich-Klumpp-web.jpg\",\n\t\t\t\t\t\t\t  \t\"description\":\"Bis zum 12. Oktober konnten Teilnehmerinnen und Teilnehmer ihr Bild von Demokratie entwerfen \u2013 und im Rahmen eines Bilder-Wettbewerbs zu den Wochen zur Demokratie einsenden.  Beteiligen konnten sich alle, die gerne\"\n\t\t\t\t\t\t\t  \t,\"location\":{\n\t\t\t\t\t\t\t\t\t\t\"@type\":\"Place\",\n\t\t\t\t\t\t\t\t\t\t\"name\":\"B\u00fcro f\u00fcr Demokratie, Passau, Unterer Sand\",\n\t\t\t\t\t\t\t\t\t\t\"address\":{\n\t\t\t\t\t\t\t\t\t\t\t\"@type\": \"PostalAddress\"\n\t\t\t\t\t\t\t\t\t\t\t\"streetAddress\":\"Passau, Unterer Sand 2\"\n\t\t\t\t\t\t\t\t\t\t}\n\t\t\t\t\t\t\t  \t\t}\n\t\t\t\t\t\t\t }<\/script><\/div>\n\t\t\t\t<p class=\"desc_trig_outter\"><a data-gmap_status=\"null\" data-exlk=\"0\" id=\"evc_16028064012627\" class=\"desc_trig mul_val evcal_list_a allday\" data-ux_val=\"3\"  ><span class='evcal_cblock ' data-bgcolor='#c766a4' data-smon='Oktober' data-syr='2020'><span class='evo_start '><em class='date'>16<\/em><em class='month'>Okt.<\/em><em class='time'>ganzt\u00e4gig<\/em><\/span><span class='evo_end '><em class='date'>31<\/em><\/span><em class='clear'><\/em><\/span><span class='evcal_desc evo_info hide_eventtopdata '  data-location_address=\"Passau, Unterer Sand 2\" data-location_type=\"address\" data-location_name=\"B\u00fcro f\u00fcr Demokratie, Passau, Unterer Sand\" data-location_url=\"https:\/\/www.wochen-zur-demokratie.de\/archiv\/event-location\/buero-fuer-demokratie\/\" data-location_status=\"true\" ><span class='evo_above_title'><\/span><span class='evcal_desc2 evcal_event_title' itemprop='name'>Welches Bild von Demokratie haben Sie?<\/span><span class='evo_below_title'><span class='evcal_event_subtitle' >Bilder-Wettbewerb l\u00e4uft bis zum 12. Oktober<\/span><\/span><span class='evcal_desc_info' ><em class='evcal_time'><em class='evcal_alldayevent_text'>(ganzt\u00e4gig)<\/em> <em class=\"evo_etop_timezone\">16\u201320 Uhr<\/em><\/em> <em class=\"evcal_location\"  data-add_str=\"\"><em class=\"event_location_name\">B\u00fcro f\u00fcr Demokratie, Passau, Unterer Sand<\/em><\/em><\/span><span class='evcal_desc3'><\/span><\/span><em class='clear'><\/em><\/a><\/p><div class='event_description evcal_eventcard ' style=\"display:none\"><div class='evo_metarow_directimg'><img class='evo_event_main_img' src='https:\/\/www.wochen-zur-demokratie.de\/archiv\/wp-content\/uploads\/2020\/09\/prof-Heinrich-Klumpp-web.jpg' \/><\/div><div class='evo_metarow_details evorow evcal_evdata_row bordb evcal_event_details'>\n\t\t\t\t\t\t\t<div class=\"event_excerpt\" style=\"display:none\"><h3 class=\"padb5 evo_h3\">Event Details<\/h3><p>Bis zum 12. Oktober konnten Teilnehmerinnen und Teilnehmer ihr Bild von Demokratie entwerfen \u2013 und im Rahmen eines Bilder-Wettbewerbs zu den Wochen zur Demokratie einsenden.\r\nBeteiligen konnten sich alle, die gerne<\/p><\/div><span class='evcal_evdata_icons'><i class='fa fa-align-justify'><\/i><\/span>\n\t\t\t\t\t\t\t\n\t\t\t\t\t\t\t<div class='evcal_evdata_cell shorter_desc'><div class='eventon_details_shading_bot'>\n\t\t\t\t\t\t\t\t<p class='eventon_shad_p' content='less'><span class='ev_more_text' data-txt='Weniger anzeigen'>Mehr anzeigen<\/span><span class='ev_more_arrow'><\/span><\/p>\n\t\t\t\t\t\t\t<\/div><div class='eventon_full_description'>\n\t\t\t\t\t\t\t\t\t<h3 class='padb5 evo_h3'><span class='evcal_evdata_icons'><i class='fa fa-align-justify'><\/i><\/span>Event Details<\/h3><div class='eventon_desc_in' itemprop='description'>\n\t\t\t\t\t\t\t\t\t<p>Bis zum 12. Oktober konnten Teilnehmerinnen und Teilnehmer ihr Bild von Demokratie entwerfen \u2013 und im Rahmen eines Bilder-Wettbewerbs zu den Wochen zur Demokratie einsenden.<br \/>\nBeteiligen konnten sich alle, die gerne malen oder zeichnen \u2013 und die interessiert sind, ihre Vorstellung von Demokratie in einem Bild zu fassen. Durchgef\u00fchrt wurde der Wettbewerb durch das Forschungsprojekt \u201eVisualisierung der Demokratie\u201c an der Universit\u00e4t Passau. <strong>Prof. Dr. Horst-Alfred Heinrich, Leiter des Projektes, zum Wettbewerb<\/strong>: \u201eWir gehen davon aus, dass sich in den Zeichnungen und Bildern andere Aspekte von Demokratie zeigen, die wichtig sind, aber bei den sonst \u00fcblichen Befragungen kaum zum Tragen kommen.\u201c<br \/>\nEine Jury w\u00e4hlt die besten Bilder aus, die einen Preis erhalten. Die eingesandten Zeichnungen werden w\u00e4hrend der Demokratiewochen \u00f6ffentlich ausgestellt.<\/p>\n<p>Universit\u00e4t Passau<br \/>\nLehrstuhl f\u00fcr Empirische Sozialforschung<br \/>\nDr.-Hans-Kapfinger-Stra\u00dfe 14b<br \/>\n94032 Passau<br \/>\n<a href=\"mailto:monika.hilbert@uni-passau.de\"><strong>monika.hilbert@uni-passau.de<\/strong><\/a><\/p>\n<p>Im Bild: die beiden Organisatoren des Wettbewerbs Herr Klumpp und Prof. Heinrich<\/p>\n<p>Weitere Infos <strong><a href=\"https:\/\/www.phil.uni-passau.de\/videmo\/\" target=\"_blank\" rel=\"noopener noreferrer\">hier<\/a><\/strong>.<\/p>\n<\/div><div class='clear'><\/div>\n\t\t\t\t\t\t\t\t<\/div>\n\t\t\t\t\t\t\t<\/div>\n\t\t\t\t\t\t<\/div><div class='evo_metarow_organizer evorow evcal_evdata_row bordb evcal_evrow_sm '>\n\t\t\t\t\t\t\t<span class='evcal_evdata_icons'><i class='fa fa-address-book-o'><\/i><\/span>\n\t\t\t\t\t\t\t<div class='evcal_evdata_cell'>\t\t\t\t\t\t\t\n\t\t\t\t\t\t\t\t<h3 class='evo_h3'>Mitveranstalter \/ Partner<\/h3>\n\t\t\t\t\t\t\t\t<p class='evo_data_val evo_card_organizer_image'><img src='https:\/\/www.wochen-zur-demokratie.de\/archiv\/wp-content\/uploads\/2020\/09\/kombi-wzd-uni-fordemocracy-web.jpg'\/><\/p>\n\t\t\t\t\t\t\t\t<div class='evo_card_organizer'><p class='evo_data_val evo_card_organizer_name'>\n\t\t\t\t\t\t\t\t\t<span class='evo_card_organizer_name_t'>Initiative Wochen zur Demokratie \/ Universit\u00e4t Passau \/ Forschungsverbund For Democracy<\/span>\n\t\t\t\t\t\t\t\t\t\n\t\t\t\t\t\t\t\t\t<\/p><\/div><div class='clear'><\/div>\t\t\t\t\t\t\t\n\t\t\t\t\t\t\t<\/div>\n\t\t\t\t\t\t<\/div>\t\t\t\t\t\t<div class='evo_metarow_ICS evorow bordb evcal_evdata_row'>\n\t\t\t\t\t\t\t<span class=\"evcal_evdata_icons\"><i class=\"fa fa-calendar\"><\/i><\/span>\n\t\t\t\t\t\t\t<div class='evcal_evdata_cell'>\n\t\t\t\t\t\t\t\t<p><a href='https:\/\/www.wochen-zur-demokratie.de\/archiv\/wp-admin\/admin-ajax.php?action=eventon_ics_download&amp;event_id=2627&amp;ri=0' class='evo_ics_nCal' title='Zum Ihrem Kalender hinzuf\u00fcgen'>Zum Kalender hinzuf\u00fcgen<\/a><a href='\/\/www.google.com\/calendar\/event?action=TEMPLATE&amp;text=Welches+Bild+von+Demokratie+haben+Sie%3F&amp;dates=20201015T220000Z\/20201031T215900Z&amp;details=Bis+zum+12.+Oktober+konnten+Teilnehmerinnen+und+Teilnehmer+ihr+Bild+von+Demokratie+entwerfen+%E2%80%93+und+im+Rahmen+eines+Bilder-Wettbewerbs+zu+den+Wochen+zur+Demokratie+einsenden.%0D%0ABeteiligen+konnten+sich+alle%2C+die+gerne&amp;location=B%C3%BCro+f%C3%BCr+Demokratie%2C+Passau%2C+Unterer+Sand - Passau%2C+Unterer+Sand+2' target='_blank' class='evo_ics_gCal' title='Zum Ihrem Google-Kalender hinzuf\u00fcgen'>GoogleCal<\/a><\/p>\t\n\t\t\t\t\t\t\t<\/div>\n\t\t\t\t\t\t<\/div>\n\t\t\t\t\t\t<div class='bordb evo_metarow_socialmedia evcal_evdata_row  lastrow'><div class='evo_sm FacebookShare'><a class=\" evo_ss\" target=\"_blank\" onclick=\"javascript:window.open(this.href, '', 'left=50,top=50,width=600,height=350,toolbar=0');return false;\"\n\t\t\t\t\t\t\t\thref=\"http:\/\/www.facebook.com\/sharer.php?u=https%3A%2F%2Fwww.wochen-zur-demokratie.de%2Farchiv%2Fevents%2Fsenden-sie-uns-ihr-bild-von-demokratie%2F\" title=\"Diese Veranstaltung auf Facebook teilen\"><i class=\"fa fa-facebook\"><\/i><\/a><\/div><div class='evo_sm Twitter'><a class=\"tw evo_ss\" onclick=\"javascript:window.open(this.href, '', 'menubar=no,toolbar=no,resizable=yes,scrollbars=yes,height=300,width=600');return false;\" href=\"http:\/\/twitter.com\/intent\/tweet?text=Welches Bild von Demokratie haben Sie?&#32;-&#32;&url=https%3A%2F%2Fwww.wochen-zur-demokratie.de%2Farchiv%2Fevents%2Fsenden-sie-uns-ihr-bild-von-demokratie%2F\" title=\"Diese Veranstaltung auf Twitter teilen\" rel=\"nofollow\" target=\"_blank\" data-url=\"https%3A%2F%2Fwww.wochen-zur-demokratie.de%2Farchiv%2Fevents%2Fsenden-sie-uns-ihr-bild-von-demokratie%2F\"><i class=\"fa fa-twitter\"><\/i><\/a><\/div><div class='evo_sm LinkedIn'><a class=\"li evo_ss\" href=\"http:\/\/www.linkedin.com\/shareArticle?mini=true&url=https%3A%2F%2Fwww.wochen-zur-demokratie.de%2Farchiv%2Fevents%2Fsenden-sie-uns-ihr-bild-von-demokratie%2F&title=Welches%20Bild%20von%20Demokratie%20haben%20Sie%3F&summary=Bis+zum+12.+Oktober+konnten+Teilnehmerinnen+und+Teilnehmer+ihr+Bild+von+Demokratie+entwerfen+%E2%80%93+und+im\" target=\"_blank\" title=\"Diese Veranstaltung auf Linkedin teilen\"><i class=\"fa fa-linkedin\"><\/i><\/a><\/div><div class='evo_sm EmailShare'><a class=\"em evo_ss\" href=\"mailto:?subject=Welches Bild von Demokratie haben Sie?&body=Event Name: Welches Bild von Demokratie haben Sie?%0AEvent Date: 16\/10\/2020 (ganzt\u00e4gig) - 31\/10\/2020 (ganzt\u00e4gig)%0ALink: https%3A%2F%2Fwww.wochen-zur-demokratie.de%2Farchiv%2Fevents%2Fsenden-sie-uns-ihr-bild-von-demokratie%2F%0A\" target=\"_blank\"><i class=\"fa fa-envelope\"><\/i><\/a><\/div><div class='clear'><\/div><div class='evcal_evdata_row evcal_close' title='Close'><\/div><\/div><div class='evo_card_row_end evcal_close' title='Close'><\/div><\/div><div class='clear end'><\/div><\/div><div style=\"background-color: #c766a4;height: 275px;\" id=\"event_2581\" class=\"eventon_list_event evo_eventtop past_event event event_2581_0\" data-event_id=\"2581\" data-ri=\"0r\" data-time=\"1602867600-1602878400\" data-colr=\"#c766a4\" itemscope itemtype='http:\/\/schema.org\/Event'><div class=\"evo_event_schema\" style=\"display:none\" ><a itemprop='url'  href='https:\/\/www.wochen-zur-demokratie.de\/archiv\/events\/demokratueren\/'><\/a><span itemprop='name'  >Offene DemokraT\u00dcREN<\/span><meta itemprop='image' content=\"https:\/\/www.wochen-zur-demokratie.de\/archiv\/wp-content\/uploads\/2020\/10\/auftakt1-web.jpg\" \/><meta itemprop='description' content=\"Nach bangen Blicken auf aktuelle Wetterberichte und den grauen Himmel konnte die Auftaktveranstaltung doch noch trockenen Fu\u00dfes stattfinden.    Eine besondere Gratwanderung bildete das unstete Wetter f\u00fcr die Kunstaktion des Kreativteams um\" \/><meta itemprop='startDate' content=\"2020-10-16T17:00\" \/><meta itemprop='endDate' content=\"2020-10-16T20:00\" \/><meta itemprop='eventStatus' content=\"on-schedule\" \/>\n\t\t\t\t\t\t\t\t\t<item style=\"display:none\" itemprop=\"location\" itemscope itemtype=\"http:\/\/schema.org\/Place\">\n\t\t\t\t\t\t\t\t\t\t<span itemprop=\"name\">B\u00fcro f\u00fcr Demokratie, Passau, Unterer Sand<\/span>\n\t\t\t\t\t\t\t\t\t\t<span itemprop=\"address\" itemscope itemtype=\"http:\/\/schema.org\/PostalAddress\">\n\t\t\t\t\t\t\t\t\t\t\t<item itemprop=\"streetAddress\">Passau, Unterer Sand 2<\/item>\n\t\t\t\t\t\t\t\t\t\t<\/span><\/item><script type=\"application\/ld+json\">{\t\"@context\": \"http:\/\/schema.org\",\n\t\t\t\t\t\t\t  \t\"@type\": \"Event\",\n\t\t\t\t\t\t\t  \t\"name\": \"Offene DemokraT\u00dcREN\",\n\t\t\t\t\t\t\t  \t\"startDate\": \"2020-10-16T17-17-00-00\",\n\t\t\t\t\t\t\t  \t\"endDate\": \"2020-10-16T20-20-00-00\",\n\t\t\t\t\t\t\t  \t\"image\":\"https:\/\/www.wochen-zur-demokratie.de\/archiv\/wp-content\/uploads\/2020\/10\/auftakt1-web.jpg\",\n\t\t\t\t\t\t\t  \t\"description\":\"Nach bangen Blicken auf aktuelle Wetterberichte und den grauen Himmel konnte die Auftaktveranstaltung doch noch trockenen Fu\u00dfes stattfinden.    Eine besondere Gratwanderung bildete das unstete Wetter f\u00fcr die Kunstaktion des Kreativteams um\"\n\t\t\t\t\t\t\t  \t,\"location\":{\n\t\t\t\t\t\t\t\t\t\t\"@type\":\"Place\",\n\t\t\t\t\t\t\t\t\t\t\"name\":\"B\u00fcro f\u00fcr Demokratie, Passau, Unterer Sand\",\n\t\t\t\t\t\t\t\t\t\t\"address\":{\n\t\t\t\t\t\t\t\t\t\t\t\"@type\": \"PostalAddress\"\n\t\t\t\t\t\t\t\t\t\t\t\"streetAddress\":\"Passau, Unterer Sand 2\"\n\t\t\t\t\t\t\t\t\t\t}\n\t\t\t\t\t\t\t  \t\t}\n\t\t\t\t\t\t\t }<\/script><\/div>\n\t\t\t\t<p class=\"desc_trig_outter\"><a data-gmap_status=\"null\" data-gmtrig=\"1\" data-exlk=\"0\" id=\"evc_16028676002581\" class=\"desc_trig sin_val evcal_list_a\" data-ux_val=\"3\"  ><span class='evcal_cblock ' data-bgcolor='#c766a4' data-smon='Oktober' data-syr='2020'><span class='evo_start '><em class='date'>16<\/em><em class='month'>Okt.<\/em><em class='time'>17:00<\/em><\/span><span class='evo_end only_time'><em class='time'>20:00<\/em><\/span><em class='clear'><\/em><\/span><span class='evcal_desc evo_info hide_eventtopdata '  data-location_address=\"Passau, Unterer Sand 2\" data-location_type=\"address\" data-location_name=\"B\u00fcro f\u00fcr Demokratie, Passau, Unterer Sand\" data-location_url=\"https:\/\/www.wochen-zur-demokratie.de\/archiv\/event-location\/buero-fuer-demokratie\/\" data-location_status=\"true\" ><span class='evo_above_title'><\/span><span class='evcal_desc2 evcal_event_title' itemprop='name'>Offene DemokraT\u00dcREN<\/span><span class='evo_below_title'><span class='evcal_event_subtitle' >Auftaktveranstaltung im Unteren Sand<\/span><\/span><span class='evcal_desc_info' ><em class='evcal_time'>17:00 - 20:00<\/em> <em class=\"evcal_location\"  data-add_str=\"\"><em class=\"event_location_name\">B\u00fcro f\u00fcr Demokratie, Passau, Unterer Sand<\/em><\/em><\/span><span class='evcal_desc3'><\/span><\/span><em class='clear'><\/em><\/a><\/p><div class='event_description evcal_eventcard ' style=\"display:none\"><div class='evo_metarow_directimg'><img class='evo_event_main_img' src='https:\/\/www.wochen-zur-demokratie.de\/archiv\/wp-content\/uploads\/2020\/10\/auftakt1-web.jpg' \/><\/div><div class='evo_event_images'><span class='evo_event_more_img select'><img title='' src='https:\/\/www.wochen-zur-demokratie.de\/archiv\/wp-content\/uploads\/2020\/10\/auftakt1-web.jpg' data-f='https:\/\/www.wochen-zur-demokratie.de\/archiv\/wp-content\/uploads\/2020\/10\/auftakt1-web.jpg'\/><\/span><span class='evo_event_more_img '><img title='' src='https:\/\/www.wochen-zur-demokratie.de\/archiv\/wp-content\/uploads\/2020\/10\/auftakt6-web-150x150.jpg' data-f='https:\/\/www.wochen-zur-demokratie.de\/archiv\/wp-content\/uploads\/2020\/10\/auftakt6-web.jpg' data-h='638' data-w='850'\/><\/span><span class='evo_event_more_img '><img title='' src='https:\/\/www.wochen-zur-demokratie.de\/archiv\/wp-content\/uploads\/2020\/10\/auftakt5-web-150x150.jpg' data-f='https:\/\/www.wochen-zur-demokratie.de\/archiv\/wp-content\/uploads\/2020\/10\/auftakt5-web.jpg' data-h='850' data-w='638'\/><\/span><span class='evo_event_more_img '><img title='' src='https:\/\/www.wochen-zur-demokratie.de\/archiv\/wp-content\/uploads\/2020\/10\/auftakt4-web-150x150.jpg' data-f='https:\/\/www.wochen-zur-demokratie.de\/archiv\/wp-content\/uploads\/2020\/10\/auftakt4-web.jpg' data-h='638' data-w='850'\/><\/span><span class='evo_event_more_img '><img title='' src='https:\/\/www.wochen-zur-demokratie.de\/archiv\/wp-content\/uploads\/2020\/10\/auftakt3-web-150x150.jpg' data-f='https:\/\/www.wochen-zur-demokratie.de\/archiv\/wp-content\/uploads\/2020\/10\/auftakt3-web.jpg' data-h='850' data-w='638'\/><\/span><span class='evo_event_more_img '><img title='' src='https:\/\/www.wochen-zur-demokratie.de\/archiv\/wp-content\/uploads\/2020\/10\/auftakt2-web-150x150.jpg' data-f='https:\/\/www.wochen-zur-demokratie.de\/archiv\/wp-content\/uploads\/2020\/10\/auftakt2-web.jpg' data-h='638' data-w='850'\/><\/span><span class='evo_event_more_img '><img title='' src='https:\/\/www.wochen-zur-demokratie.de\/archiv\/wp-content\/uploads\/2020\/10\/auftakt21-web-150x150.jpg' data-f='https:\/\/www.wochen-zur-demokratie.de\/archiv\/wp-content\/uploads\/2020\/10\/auftakt21-web.jpg' data-h='567' data-w='850'\/><\/span><span class='evo_event_more_img '><img title='' src='https:\/\/www.wochen-zur-demokratie.de\/archiv\/wp-content\/uploads\/2020\/10\/auftakt20-web-150x150.jpg' data-f='https:\/\/www.wochen-zur-demokratie.de\/archiv\/wp-content\/uploads\/2020\/10\/auftakt20-web.jpg' data-h='567' data-w='850'\/><\/span><span class='evo_event_more_img '><img title='' src='https:\/\/www.wochen-zur-demokratie.de\/archiv\/wp-content\/uploads\/2020\/10\/auftakt19-web-150x150.jpg' data-f='https:\/\/www.wochen-zur-demokratie.de\/archiv\/wp-content\/uploads\/2020\/10\/auftakt19-web.jpg' data-h='567' data-w='850'\/><\/span><span class='evo_event_more_img '><img title='' src='https:\/\/www.wochen-zur-demokratie.de\/archiv\/wp-content\/uploads\/2020\/10\/auftakt18-web-150x150.jpg' data-f='https:\/\/www.wochen-zur-demokratie.de\/archiv\/wp-content\/uploads\/2020\/10\/auftakt18-web.jpg' data-h='567' data-w='850'\/><\/span><span class='evo_event_more_img '><img title='' src='https:\/\/www.wochen-zur-demokratie.de\/archiv\/wp-content\/uploads\/2020\/10\/auftakt17-web-150x150.jpg' data-f='https:\/\/www.wochen-zur-demokratie.de\/archiv\/wp-content\/uploads\/2020\/10\/auftakt17-web.jpg' data-h='464' data-w='850'\/><\/span><span class='evo_event_more_img '><img title='' src='https:\/\/www.wochen-zur-demokratie.de\/archiv\/wp-content\/uploads\/2020\/10\/auftakt16-web-150x150.jpg' data-f='https:\/\/www.wochen-zur-demokratie.de\/archiv\/wp-content\/uploads\/2020\/10\/auftakt16-web.jpg' data-h='567' data-w='850'\/><\/span><span class='evo_event_more_img '><img title='' src='https:\/\/www.wochen-zur-demokratie.de\/archiv\/wp-content\/uploads\/2020\/10\/auftakt15-web-150x150.jpg' data-f='https:\/\/www.wochen-zur-demokratie.de\/archiv\/wp-content\/uploads\/2020\/10\/auftakt15-web.jpg' data-h='567' data-w='850'\/><\/span><span class='evo_event_more_img '><img title='' src='https:\/\/www.wochen-zur-demokratie.de\/archiv\/wp-content\/uploads\/2020\/10\/auftakt14-web-150x150.jpg' data-f='https:\/\/www.wochen-zur-demokratie.de\/archiv\/wp-content\/uploads\/2020\/10\/auftakt14-web.jpg' data-h='647' data-w='850'\/><\/span><span class='evo_event_more_img '><img title='' src='https:\/\/www.wochen-zur-demokratie.de\/archiv\/wp-content\/uploads\/2020\/10\/auftakt13-web-150x150.jpg' data-f='https:\/\/www.wochen-zur-demokratie.de\/archiv\/wp-content\/uploads\/2020\/10\/auftakt13-web.jpg' data-h='567' data-w='850'\/><\/span><span class='evo_event_more_img '><img title='' src='https:\/\/www.wochen-zur-demokratie.de\/archiv\/wp-content\/uploads\/2020\/10\/auftakt12-web-150x150.jpg' data-f='https:\/\/www.wochen-zur-demokratie.de\/archiv\/wp-content\/uploads\/2020\/10\/auftakt12-web.jpg' data-h='567' data-w='850'\/><\/span><span class='evo_event_more_img '><img title='' src='https:\/\/www.wochen-zur-demokratie.de\/archiv\/wp-content\/uploads\/2020\/10\/auftakt11-web-150x150.jpg' data-f='https:\/\/www.wochen-zur-demokratie.de\/archiv\/wp-content\/uploads\/2020\/10\/auftakt11-web.jpg' data-h='567' data-w='850'\/><\/span><span class='evo_event_more_img '><img title='' src='https:\/\/www.wochen-zur-demokratie.de\/archiv\/wp-content\/uploads\/2020\/10\/auftakt10-web-150x150.jpg' data-f='https:\/\/www.wochen-zur-demokratie.de\/archiv\/wp-content\/uploads\/2020\/10\/auftakt10-web.jpg' data-h='567' data-w='850'\/><\/span><span class='evo_event_more_img '><img title='' src='https:\/\/www.wochen-zur-demokratie.de\/archiv\/wp-content\/uploads\/2020\/10\/auftakt9-web-150x150.jpg' data-f='https:\/\/www.wochen-zur-demokratie.de\/archiv\/wp-content\/uploads\/2020\/10\/auftakt9-web.jpg' data-h='567' data-w='850'\/><\/span><span class='evo_event_more_img '><img title='' src='https:\/\/www.wochen-zur-demokratie.de\/archiv\/wp-content\/uploads\/2020\/10\/auftakt8-web-150x150.jpg' data-f='https:\/\/www.wochen-zur-demokratie.de\/archiv\/wp-content\/uploads\/2020\/10\/auftakt8-web.jpg' data-h='567' data-w='850'\/><\/span><span class='evo_event_more_img '><img title='' src='https:\/\/www.wochen-zur-demokratie.de\/archiv\/wp-content\/uploads\/2020\/10\/auftakt7-web-150x150.jpg' data-f='https:\/\/www.wochen-zur-demokratie.de\/archiv\/wp-content\/uploads\/2020\/10\/auftakt7-web.jpg' data-h='567' data-w='850'\/><\/span><\/div><div class='evo_metarow_details evorow evcal_evdata_row bordb evcal_event_details'>\n\t\t\t\t\t\t\t<div class=\"event_excerpt\" style=\"display:none\"><h3 class=\"padb5 evo_h3\">Event Details<\/h3><p>Nach bangen Blicken auf aktuelle Wetterberichte und den grauen Himmel konnte die Auftaktveranstaltung doch noch trockenen Fu\u00dfes stattfinden.\r\n\r\nEine besondere Gratwanderung bildete das unstete Wetter f\u00fcr die Kunstaktion des Kreativteams um<\/p><\/div><span class='evcal_evdata_icons'><i class='fa fa-align-justify'><\/i><\/span>\n\t\t\t\t\t\t\t\n\t\t\t\t\t\t\t<div class='evcal_evdata_cell shorter_desc'><div class='eventon_details_shading_bot'>\n\t\t\t\t\t\t\t\t<p class='eventon_shad_p' content='less'><span class='ev_more_text' data-txt='Weniger anzeigen'>Mehr anzeigen<\/span><span class='ev_more_arrow'><\/span><\/p>\n\t\t\t\t\t\t\t<\/div><div class='eventon_full_description'>\n\t\t\t\t\t\t\t\t\t<h3 class='padb5 evo_h3'><span class='evcal_evdata_icons'><i class='fa fa-align-justify'><\/i><\/span>Event Details<\/h3><div class='eventon_desc_in' itemprop='description'>\n\t\t\t\t\t\t\t\t\t<p>Nach bangen Blicken auf aktuelle Wetterberichte und den grauen Himmel konnte die Auftaktveranstaltung doch noch trockenen Fu\u00dfes stattfinden.<\/p>\n<p>Eine besondere Gratwanderung bildete das unstete Wetter f\u00fcr die Kunstaktion des <strong>Kreativteams um Sieglinde Weindl und Hans Prosser<\/strong>, die auf Fahrr\u00e4dern, best\u00fcckt mit gehaltvoller Fracht, farbige Spuren durch die Passauer Innenstadt zogen, begleitet von schmissiger Musik, die aus Lautsprechern kam, technisch genial von Hans Prosser auf die R\u00e4der montiert. Jedes Kunstobjekt, jede Farbspur, stand symbolisch f\u00fcr ein Schlagwort, das im Kontext brennender Fragen der Demokratie und ihrer Begleiterscheinungen steht, wie Klimawandel, Rassismus und Chancengleichheit. Rollende Kunst auf dem Weg durch unsere vertraute Umgebung! Die unersch\u00fctterlichen Radler*innen: Angela Aiginger, Severin Plankl, Hans Prosser, Steffen Schindler, Arthur Siedenburg, Sieglinde Weindl und Stefanie Zepf.<\/p>\n<p>Nach ein paar farbigen Runden brachten die Akteure ihre Gef\u00e4hrte auf dem Vorplatz des B\u00fcros zum Stehen. Einige der wundersch\u00f6n gestalteten F\u00e4sser sind im B\u00fcro f\u00fcr Demokratie noch zu bewundern.<\/p>\n<p>Ein weiteres k\u00fcnstlerisches Meisterst\u00fcck aus der Ideenschmiede Weindl\/Prosser sind zwei T\u00fcren, die f\u00fcr die Dauer des Demokratiefestivals im B\u00fcro f\u00fcr Demokratie und im Au\u00dfenbereich Passanten und B\u00fcrobesucher zum Erleben und H\u00f6ren einladen.<\/p>\n<p>Die integrierten Texte wurden eingesprochen von <strong>Christine Kiesch<\/strong>. Die K\u00fcnstlerin C K ist Mitglied des Theater Brut unter Leitung des <strong>Theaterp\u00e4dagogen Gerhard Bruckner<\/strong>, der mit seiner wertvollen Arbeit mit Christine Kiesch die Texte erarbeitet hat.<\/p>\n<p>Die Begr\u00fc\u00dfungsreden wurden gehalten von den Repr\u00e4sentanten der drei Veranstalter, <strong>OB J\u00fcrgen Dupper<\/strong> f\u00fcr die Stadt, <strong>stellv. Landr\u00e4tin Cornelia Wasner-Sommer<\/strong> f\u00fcr den Landkreis und <strong>Dr. Thomas Metten<\/strong> f\u00fcr die Initiative Wochen zur Demokratie. Ihre Inhalte reichten von aktuellen Befindlichkeiten bis zur\u00fcck in die demokratischen Gefilde der alten Griechen.<\/p>\n<p>Ein famoses musikalisches \u0152vre pr\u00e4sentierte das <strong>1. Passauer Akkordeonorchester<\/strong>. Es fand genau die w\u00e4rmenden T\u00f6ne, die die rund 60 G\u00e4ste angesichts der ungem\u00fctlichen Wetterlage ben\u00f6tigten. Das Quintett spielte mit Flei\u00df und Lust bis \u00fcber das offizielle Ende der gelungenen Auftaktveranstaltung hinaus.<\/p>\n<p><a href=\"https:\/\/www.facebook.com\/watch\/live\/?v=969129596926040&amp;ref=watch_permalink\" target=\"_blank\" rel=\"noopener noreferrer\"><strong>Zum Auftakt-Film<\/strong><\/a><\/p>\n<\/div><div class='clear'><\/div>\n\t\t\t\t\t\t\t\t<\/div>\n\t\t\t\t\t\t\t<\/div>\n\t\t\t\t\t\t<\/div><div class='evo_metarow_organizer evorow evcal_evdata_row bordb evcal_evrow_sm '>\n\t\t\t\t\t\t\t<span class='evcal_evdata_icons'><i class='fa fa-address-book-o'><\/i><\/span>\n\t\t\t\t\t\t\t<div class='evcal_evdata_cell'>\t\t\t\t\t\t\t\n\t\t\t\t\t\t\t\t<h3 class='evo_h3'>Mitveranstalter \/ Partner<\/h3>\n\t\t\t\t\t\t\t\t<p class='evo_data_val evo_card_organizer_image'><img src='https:\/\/www.wochen-zur-demokratie.de\/archiv\/wp-content\/uploads\/2022\/02\/WzD-Logo-2022-mittel-278x300.jpg'\/><\/p>\n\t\t\t\t\t\t\t\t<div class='evo_card_organizer'><p class='evo_data_val evo_card_organizer_name'>\n\t\t\t\t\t\t\t\t\t<span class='evo_card_organizer_name_t'>Initiative Wochen zur Demokratie<\/span>\n\t\t\t\t\t\t\t\t\t\n\t\t\t\t\t\t\t\t\t<\/p><\/div><div class='clear'><\/div>\t\t\t\t\t\t\t\n\t\t\t\t\t\t\t<\/div>\n\t\t\t\t\t\t<\/div>\t\t\t\t\t\t<div class='evo_metarow_ICS evorow bordb evcal_evdata_row'>\n\t\t\t\t\t\t\t<span class=\"evcal_evdata_icons\"><i class=\"fa fa-calendar\"><\/i><\/span>\n\t\t\t\t\t\t\t<div class='evcal_evdata_cell'>\n\t\t\t\t\t\t\t\t<p><a href='https:\/\/www.wochen-zur-demokratie.de\/archiv\/wp-admin\/admin-ajax.php?action=eventon_ics_download&amp;event_id=2581&amp;ri=0' class='evo_ics_nCal' title='Zum Ihrem Kalender hinzuf\u00fcgen'>Zum Kalender hinzuf\u00fcgen<\/a><a href='\/\/www.google.com\/calendar\/event?action=TEMPLATE&amp;text=Offene+DemokraT%C3%9CREN&amp;dates=20201016T150000Z\/20201016T180000Z&amp;details=Nach+bangen+Blicken+auf+aktuelle+Wetterberichte+und+den+grauen+Himmel+konnte+die+Auftaktveranstaltung+doch+noch+trockenen+Fu%C3%9Fes+stattfinden.%0D%0A%0D%0AEine+besondere+Gratwanderung+bildete+das+unstete+Wetter+f%C3%BCr+die+Kunstaktion+des+Kreativteams+um&amp;location=B%C3%BCro+f%C3%BCr+Demokratie%2C+Passau%2C+Unterer+Sand - Passau%2C+Unterer+Sand+2' target='_blank' class='evo_ics_gCal' title='Zum Ihrem Google-Kalender hinzuf\u00fcgen'>GoogleCal<\/a><\/p>\t\n\t\t\t\t\t\t\t<\/div>\n\t\t\t\t\t\t<\/div>\n\t\t\t\t\t\t<div class='bordb evo_metarow_socialmedia evcal_evdata_row  lastrow'><div class='evo_sm FacebookShare'><a class=\" evo_ss\" target=\"_blank\" onclick=\"javascript:window.open(this.href, '', 'left=50,top=50,width=600,height=350,toolbar=0');return false;\"\n\t\t\t\t\t\t\t\thref=\"http:\/\/www.facebook.com\/sharer.php?u=https%3A%2F%2Fwww.wochen-zur-demokratie.de%2Farchiv%2Fevents%2Fdemokratueren%2F\" title=\"Diese Veranstaltung auf Facebook teilen\"><i class=\"fa fa-facebook\"><\/i><\/a><\/div><div class='evo_sm Twitter'><a class=\"tw evo_ss\" onclick=\"javascript:window.open(this.href, '', 'menubar=no,toolbar=no,resizable=yes,scrollbars=yes,height=300,width=600');return false;\" href=\"http:\/\/twitter.com\/intent\/tweet?text=Offene DemokraT\u00dcREN&#32;-&#32;&url=https%3A%2F%2Fwww.wochen-zur-demokratie.de%2Farchiv%2Fevents%2Fdemokratueren%2F\" title=\"Diese Veranstaltung auf Twitter teilen\" rel=\"nofollow\" target=\"_blank\" data-url=\"https%3A%2F%2Fwww.wochen-zur-demokratie.de%2Farchiv%2Fevents%2Fdemokratueren%2F\"><i class=\"fa fa-twitter\"><\/i><\/a><\/div><div class='evo_sm LinkedIn'><a class=\"li evo_ss\" href=\"http:\/\/www.linkedin.com\/shareArticle?mini=true&url=https%3A%2F%2Fwww.wochen-zur-demokratie.de%2Farchiv%2Fevents%2Fdemokratueren%2F&title=Offene%20DemokraT%C3%9CREN&summary=Nach+bangen+Blicken+auf+aktuelle+Wetterberichte+und+den+grauen+Himmel+konnte+die+Auftaktveranstaltung+doch+noch+trockenen\" target=\"_blank\" title=\"Diese Veranstaltung auf Linkedin teilen\"><i class=\"fa fa-linkedin\"><\/i><\/a><\/div><div class='evo_sm EmailShare'><a class=\"em evo_ss\" href=\"mailto:?subject=Offene DemokraT\u00dcREN&body=Event Name: Offene DemokraT\u00dcREN%0AEvent Date: 16\/10\/2020 17:00 - 20:00%0ALink: https%3A%2F%2Fwww.wochen-zur-demokratie.de%2Farchiv%2Fevents%2Fdemokratueren%2F%0A\" target=\"_blank\"><i class=\"fa fa-envelope\"><\/i><\/a><\/div><div class='clear'><\/div><div class='evcal_evdata_row evcal_close' title='Close'><\/div><\/div><div class='evo_card_row_end evcal_close' title='Close'><\/div><\/div><div class='clear end'><\/div><\/div><div style=\"background-color: #c766a4;height: 275px;\" id=\"event_2582\" class=\"eventon_list_event evo_eventtop past_event event event_2582_0\" data-event_id=\"2582\" data-ri=\"0r\" data-time=\"1602928800-1602937800\" data-colr=\"#c766a4\" itemscope itemtype='http:\/\/schema.org\/Event'><div class=\"evo_event_schema\" style=\"display:none\" ><a itemprop='url'  href='https:\/\/www.wochen-zur-demokratie.de\/archiv\/events\/fuer-demokratie-und-menschenrechte-gegen-rassismus\/'><\/a><span itemprop='name'  >F\u00fcr Demokratie und Menschenrechte \u2013 gegen Rassismus<\/span><meta itemprop='image' content=\"https:\/\/www.wochen-zur-demokratie.de\/archiv\/wp-content\/uploads\/2020\/09\/infostand1-web.jpg\" \/><meta itemprop='description' content=\"Junge Leute auf der Stra\u00dfe! Das macht gute Laune, denn die Jugendlichen engagierten und engagieren sich und treten ein f\u00fcr eine Welt ohne Rassismus und mehr Menschenfreundlichkeit. Im Rahmen der\" \/><meta itemprop='startDate' content=\"2020-10-17T10:00\" \/><meta itemprop='endDate' content=\"2020-10-17T12:30\" \/><meta itemprop='eventStatus' content=\"on-schedule\" \/>\n\t\t\t\t\t\t\t\t\t<item style=\"display:none\" itemprop=\"location\" itemscope itemtype=\"http:\/\/schema.org\/Place\">\n\t\t\t\t\t\t\t\t\t\t<span itemprop=\"name\">Vilshofen, vor dem Rathaus<\/span>\n\t\t\t\t\t\t\t\t\t\t<span itemprop=\"address\" itemscope itemtype=\"http:\/\/schema.org\/PostalAddress\">\n\t\t\t\t\t\t\t\t\t\t\t<item itemprop=\"streetAddress\">Vilshofen, vor dem Rathaus<\/item>\n\t\t\t\t\t\t\t\t\t\t<\/span><\/item><script type=\"application\/ld+json\">{\t\"@context\": \"http:\/\/schema.org\",\n\t\t\t\t\t\t\t  \t\"@type\": \"Event\",\n\t\t\t\t\t\t\t  \t\"name\": \"F\u00fcr Demokratie und Menschenrechte \u2013 gegen Rassismus\",\n\t\t\t\t\t\t\t  \t\"startDate\": \"2020-10-17T10-10-00-00\",\n\t\t\t\t\t\t\t  \t\"endDate\": \"2020-10-17T12-12-30-00\",\n\t\t\t\t\t\t\t  \t\"image\":\"https:\/\/www.wochen-zur-demokratie.de\/archiv\/wp-content\/uploads\/2020\/09\/infostand1-web.jpg\",\n\t\t\t\t\t\t\t  \t\"description\":\"Junge Leute auf der Stra\u00dfe! Das macht gute Laune, denn die Jugendlichen engagierten und engagieren sich und treten ein f\u00fcr eine Welt ohne Rassismus und mehr Menschenfreundlichkeit. Im Rahmen der\"\n\t\t\t\t\t\t\t  \t,\"location\":{\n\t\t\t\t\t\t\t\t\t\t\"@type\":\"Place\",\n\t\t\t\t\t\t\t\t\t\t\"name\":\"Vilshofen, vor dem Rathaus\",\n\t\t\t\t\t\t\t\t\t\t\"address\":{\n\t\t\t\t\t\t\t\t\t\t\t\"@type\": \"PostalAddress\"\n\t\t\t\t\t\t\t\t\t\t\t\"streetAddress\":\"Vilshofen, vor dem Rathaus\"\n\t\t\t\t\t\t\t\t\t\t}\n\t\t\t\t\t\t\t  \t\t}\n\t\t\t\t\t\t\t }<\/script><\/div>\n\t\t\t\t<p class=\"desc_trig_outter\"><a data-gmap_status=\"null\" data-gmtrig=\"1\" data-exlk=\"0\" id=\"evc_16029288002582\" class=\"desc_trig sin_val evcal_list_a\" data-ux_val=\"3\"  ><span class='evcal_cblock ' data-bgcolor='#c766a4' data-smon='Oktober' data-syr='2020'><span class='evo_start '><em class='date'>17<\/em><em class='month'>Okt.<\/em><em class='time'>10:00<\/em><\/span><span class='evo_end only_time'><em class='time'>12:30<\/em><\/span><em class='clear'><\/em><\/span><span class='evcal_desc evo_info hide_eventtopdata '  data-location_address=\"Vilshofen, vor dem Rathaus\" data-location_type=\"address\" data-location_name=\"Vilshofen, vor dem Rathaus\" data-location_url=\"https:\/\/www.wochen-zur-demokratie.de\/archiv\/event-location\/vilshofen-vor-dem-rathaus\/\" data-location_status=\"true\" ><span class='evo_above_title'><\/span><span class='evcal_desc2 evcal_event_title' itemprop='name'>F\u00fcr Demokratie und Menschenrechte \u2013 gegen Rassismus<\/span><span class='evo_below_title'><span class='evcal_event_subtitle' >Ein Informationsstand<\/span><\/span><span class='evcal_desc_info' ><em class='evcal_time'>10:00 - 12:30<\/em> <em class=\"evcal_location\"  data-add_str=\"\"><em class=\"event_location_name\">Vilshofen, vor dem Rathaus<\/em><\/em><\/span><span class='evcal_desc3'><\/span><\/span><em class='clear'><\/em><\/a><\/p><div class='event_description evcal_eventcard ' style=\"display:none\"><div class='evo_metarow_directimg'><img class='evo_event_main_img' src='https:\/\/www.wochen-zur-demokratie.de\/archiv\/wp-content\/uploads\/2020\/09\/infostand1-web.jpg' \/><\/div><div class='evo_event_images'><span class='evo_event_more_img select'><img title='' src='https:\/\/www.wochen-zur-demokratie.de\/archiv\/wp-content\/uploads\/2020\/09\/infostand1-web.jpg' data-f='https:\/\/www.wochen-zur-demokratie.de\/archiv\/wp-content\/uploads\/2020\/09\/infostand1-web.jpg'\/><\/span><span class='evo_event_more_img '><img title='' src='https:\/\/www.wochen-zur-demokratie.de\/archiv\/wp-content\/uploads\/2020\/09\/brueckenstand2-web-150x150.jpg' data-f='https:\/\/www.wochen-zur-demokratie.de\/archiv\/wp-content\/uploads\/2020\/09\/brueckenstand2-web.jpg' data-h='309' data-w='652'\/><\/span><span class='evo_event_more_img '><img title='' src='https:\/\/www.wochen-zur-demokratie.de\/archiv\/wp-content\/uploads\/2020\/09\/Brueckenstand1-web-150x150.jpg' data-f='https:\/\/www.wochen-zur-demokratie.de\/archiv\/wp-content\/uploads\/2020\/09\/Brueckenstand1-web.jpg' data-h='675' data-w='652'\/><\/span><\/div><div class='evo_metarow_details evorow evcal_evdata_row bordb evcal_event_details'>\n\t\t\t\t\t\t\t<div class=\"event_excerpt\" style=\"display:none\"><h3 class=\"padb5 evo_h3\">Event Details<\/h3><p>Junge Leute auf der Stra\u00dfe! Das macht gute Laune, denn die Jugendlichen engagierten und engagieren sich und treten ein f\u00fcr eine Welt ohne Rassismus und mehr Menschenfreundlichkeit. Im Rahmen der<\/p><\/div><span class='evcal_evdata_icons'><i class='fa fa-align-justify'><\/i><\/span>\n\t\t\t\t\t\t\t\n\t\t\t\t\t\t\t<div class='evcal_evdata_cell shorter_desc'><div class='eventon_details_shading_bot'>\n\t\t\t\t\t\t\t\t<p class='eventon_shad_p' content='less'><span class='ev_more_text' data-txt='Weniger anzeigen'>Mehr anzeigen<\/span><span class='ev_more_arrow'><\/span><\/p>\n\t\t\t\t\t\t\t<\/div><div class='eventon_full_description'>\n\t\t\t\t\t\t\t\t\t<h3 class='padb5 evo_h3'><span class='evcal_evdata_icons'><i class='fa fa-align-justify'><\/i><\/span>Event Details<\/h3><div class='eventon_desc_in' itemprop='description'>\n\t\t\t\t\t\t\t\t\t<p>Junge Leute auf der Stra\u00dfe! Das macht gute Laune, denn die Jugendlichen engagierten und engagieren sich und treten ein f\u00fcr eine Welt ohne Rassismus und mehr Menschenfreundlichkeit. Im Rahmen der Veranstaltungsreihe ist dieser Beitrag aus Vilshofen auch als kleines Trostpflaster zu sehen, das die Organisator*innen sich selbst geben. Die f\u00fcr M\u00e4rz diesen Jahres geplanten Wochen gegen Rassismus und Menschenfeindlichkeit in Vilshofen mussten Corona bedingt ausfallen. Umso mehr freut es Vilshofen so aktive Jugendliche zu haben, deren wundersch\u00f6n gestaltete Kalender zum Thema gute Laune auf das kommende Jahr macht. Unterst\u00fctzt von den alten Hasen nat\u00fcrlich um Wolfram Plischke, Michael Fink und Lehrkr\u00e4ften der Mittelschule Vilshofen.<\/p>\n<p>Der Kalender ist ab 26. Oktober 2020 im Weltladen Vilshofen k\u00e4uflich zu erwerben.<\/p>\n<\/div><div class='clear'><\/div>\n\t\t\t\t\t\t\t\t<\/div>\n\t\t\t\t\t\t\t<\/div>\n\t\t\t\t\t\t<\/div><div class='evo_metarow_organizer evorow evcal_evdata_row bordb evcal_evrow_sm '>\n\t\t\t\t\t\t\t<span class='evcal_evdata_icons'><i class='fa fa-address-book-o'><\/i><\/span>\n\t\t\t\t\t\t\t<div class='evcal_evdata_cell'>\t\t\t\t\t\t\t\n\t\t\t\t\t\t\t\t<h3 class='evo_h3'>Mitveranstalter \/ Partner<\/h3>\n\t\t\t\t\t\t\t\t<p class='evo_data_val evo_card_organizer_image'><img src='https:\/\/www.wochen-zur-demokratie.de\/archiv\/wp-content\/uploads\/2020\/08\/logo-bru\u0308ckenfu\u0308rdenfrieden.jpg'\/><\/p>\n\t\t\t\t\t\t\t\t<div class='evo_card_organizer'><p class='evo_data_val evo_card_organizer_name'>\n\t\t\t\t\t\t\t\t\t<span class='evo_card_organizer_name_t'>Br\u00fccken f\u00fcr den Frieden<\/span>\n\t\t\t\t\t\t\t\t\t\n\t\t\t\t\t\t\t\t\t<\/p><\/div><div class='clear'><\/div>\t\t\t\t\t\t\t\n\t\t\t\t\t\t\t<\/div>\n\t\t\t\t\t\t<\/div>\t\t\t\t\t\t<div class='evo_metarow_ICS evorow bordb evcal_evdata_row'>\n\t\t\t\t\t\t\t<span class=\"evcal_evdata_icons\"><i class=\"fa fa-calendar\"><\/i><\/span>\n\t\t\t\t\t\t\t<div class='evcal_evdata_cell'>\n\t\t\t\t\t\t\t\t<p><a href='https:\/\/www.wochen-zur-demokratie.de\/archiv\/wp-admin\/admin-ajax.php?action=eventon_ics_download&amp;event_id=2582&amp;ri=0' class='evo_ics_nCal' title='Zum Ihrem Kalender hinzuf\u00fcgen'>Zum Kalender hinzuf\u00fcgen<\/a><a href='\/\/www.google.com\/calendar\/event?action=TEMPLATE&amp;text=F%C3%BCr+Demokratie+und+Menschenrechte+%E2%80%93+gegen+Rassismus&amp;dates=20201017T080000Z\/20201017T103000Z&amp;details=Junge+Leute+auf+der+Stra%C3%9Fe%21+Das+macht+gute+Laune%2C+denn+die+Jugendlichen+engagierten+und+engagieren+sich+und+treten+ein+f%C3%BCr+eine+Welt+ohne+Rassismus+und+mehr+Menschenfreundlichkeit.+Im+Rahmen+der&amp;location=Vilshofen%2C+vor+dem+Rathaus - Vilshofen%2C+vor+dem+Rathaus' target='_blank' class='evo_ics_gCal' title='Zum Ihrem Google-Kalender hinzuf\u00fcgen'>GoogleCal<\/a><\/p>\t\n\t\t\t\t\t\t\t<\/div>\n\t\t\t\t\t\t<\/div>\n\t\t\t\t\t\t<div class='bordb evo_metarow_socialmedia evcal_evdata_row  lastrow'><div class='evo_sm FacebookShare'><a class=\" evo_ss\" target=\"_blank\" onclick=\"javascript:window.open(this.href, '', 'left=50,top=50,width=600,height=350,toolbar=0');return false;\"\n\t\t\t\t\t\t\t\thref=\"http:\/\/www.facebook.com\/sharer.php?u=https%3A%2F%2Fwww.wochen-zur-demokratie.de%2Farchiv%2Fevents%2Ffuer-demokratie-und-menschenrechte-gegen-rassismus%2F\" title=\"Diese Veranstaltung auf Facebook teilen\"><i class=\"fa fa-facebook\"><\/i><\/a><\/div><div class='evo_sm Twitter'><a class=\"tw evo_ss\" onclick=\"javascript:window.open(this.href, '', 'menubar=no,toolbar=no,resizable=yes,scrollbars=yes,height=300,width=600');return false;\" href=\"http:\/\/twitter.com\/intent\/tweet?text=F\u00fcr Demokratie und Menschenrechte \u2013 gegen Rassismus&#32;-&#32;&url=https%3A%2F%2Fwww.wochen-zur-demokratie.de%2Farchiv%2Fevents%2Ffuer-demokratie-und-menschenrechte-gegen-rassismus%2F\" title=\"Diese Veranstaltung auf Twitter teilen\" rel=\"nofollow\" target=\"_blank\" data-url=\"https%3A%2F%2Fwww.wochen-zur-demokratie.de%2Farchiv%2Fevents%2Ffuer-demokratie-und-menschenrechte-gegen-rassismus%2F\"><i class=\"fa fa-twitter\"><\/i><\/a><\/div><div class='evo_sm LinkedIn'><a class=\"li evo_ss\" href=\"http:\/\/www.linkedin.com\/shareArticle?mini=true&url=https%3A%2F%2Fwww.wochen-zur-demokratie.de%2Farchiv%2Fevents%2Ffuer-demokratie-und-menschenrechte-gegen-rassismus%2F&title=F%C3%BCr%20Demokratie%20und%20Menschenrechte%20%E2%80%93%20gegen%20Rassismus&summary=Junge+Leute+auf+der+Stra%C3%9Fe%21+Das+macht+gute+Laune%2C+denn+die+Jugendlichen+engagierten+und+engagieren+sich\" target=\"_blank\" title=\"Diese Veranstaltung auf Linkedin teilen\"><i class=\"fa fa-linkedin\"><\/i><\/a><\/div><div class='evo_sm EmailShare'><a class=\"em evo_ss\" href=\"mailto:?subject=F\u00fcr Demokratie und Menschenrechte \u2013 gegen Rassismus&body=Event Name: F\u00fcr Demokratie und Menschenrechte \u2013 gegen Rassismus%0AEvent Date: 17\/10\/2020 10:00 - 12:30%0ALink: https%3A%2F%2Fwww.wochen-zur-demokratie.de%2Farchiv%2Fevents%2Ffuer-demokratie-und-menschenrechte-gegen-rassismus%2F%0A\" target=\"_blank\"><i class=\"fa fa-envelope\"><\/i><\/a><\/div><div class='clear'><\/div><div class='evcal_evdata_row evcal_close' title='Close'><\/div><\/div><div class='evo_card_row_end evcal_close' title='Close'><\/div><\/div><div class='clear end'><\/div><\/div><div style=\"background-color: #c766a4;height: 275px;\" id=\"event_2583\" class=\"eventon_list_event evo_eventtop past_event event event_2583_0\" data-event_id=\"2583\" data-ri=\"0r\" data-time=\"1602939600-1602946800\" data-colr=\"#c766a4\" itemscope itemtype='http:\/\/schema.org\/Event'><div class=\"evo_event_schema\" style=\"display:none\" ><a itemprop='url'  href='https:\/\/www.wochen-zur-demokratie.de\/archiv\/events\/bayerisch-tuerkischer-nachmittag\/'><\/a><span itemprop='name'  >Bayerisch-T\u00fcrkischer Nachmittag<\/span><meta itemprop='image' content=\"https:\/\/www.wochen-zur-demokratie.de\/archiv\/wp-content\/uploads\/2020\/09\/bay-tuerk1-web.jpg\" \/><meta itemprop='description' content=\"Die gr\u00f6\u00dfte Herausforderung bei dieser Veranstaltung oblag wom\u00f6glich dem gastgebenden Ehepaar Juli und Andreas Vesper, die es tats\u00e4chlich schafften, alle Corona-Regeln einzuhalten und so das Format \u00fcber kuriose Wege wie\" \/><meta itemprop='startDate' content=\"2020-10-17T13:00\" \/><meta itemprop='endDate' content=\"2020-10-17T15:00\" \/><meta itemprop='eventStatus' content=\"on-schedule\" \/><script type=\"application\/ld+json\">{\t\"@context\": \"http:\/\/schema.org\",\n\t\t\t\t\t\t\t  \t\"@type\": \"Event\",\n\t\t\t\t\t\t\t  \t\"name\": \"Bayerisch-T\u00fcrkischer Nachmittag\",\n\t\t\t\t\t\t\t  \t\"startDate\": \"2020-10-17T13-13-00-00\",\n\t\t\t\t\t\t\t  \t\"endDate\": \"2020-10-17T15-15-00-00\",\n\t\t\t\t\t\t\t  \t\"image\":\"https:\/\/www.wochen-zur-demokratie.de\/archiv\/wp-content\/uploads\/2020\/09\/bay-tuerk1-web.jpg\",\n\t\t\t\t\t\t\t  \t\"description\":\"Die gr\u00f6\u00dfte Herausforderung bei dieser Veranstaltung oblag wom\u00f6glich dem gastgebenden Ehepaar Juli und Andreas Vesper, die es tats\u00e4chlich schafften, alle Corona-Regeln einzuhalten und so das Format \u00fcber kuriose Wege wie\"\n\t\t\t\t\t\t\t  \t\n\t\t\t\t\t\t\t }<\/script><\/div>\n\t\t\t\t<p class=\"desc_trig_outter\"><a data-gmap_status=\"null\" data-exlk=\"0\" id=\"evc_16029396002583\" class=\"desc_trig sin_val evcal_list_a\" data-ux_val=\"3\"  ><span class='evcal_cblock ' data-bgcolor='#c766a4' data-smon='Oktober' data-syr='2020'><span class='evo_start '><em class='date'>17<\/em><em class='month'>Okt.<\/em><em class='time'>13:00<\/em><\/span><span class='evo_end only_time'><em class='time'>15:00<\/em><\/span><em class='clear'><\/em><\/span><span class='evcal_desc evo_info hide_eventtopdata '  data-location_status=\"false\" ><span class='evo_above_title'><\/span><span class='evcal_desc2 evcal_event_title' itemprop='name'>Bayerisch-T\u00fcrkischer Nachmittag<\/span><span class='evo_below_title'><span class='evcal_event_subtitle' >Kurzfilm, Erfahrungsbericht und Verk\u00f6stigung<\/span><\/span><span class='evcal_desc_info' ><em class='evcal_time'>13:00 - 15:00<\/em> <em class=\"evcal_location\"  data-add_str=\"\"><em class=\"event_location_name\">ProLi Caf\u00e9 &amp; Kino, Passau<\/em><\/em><\/span><span class='evcal_desc3'><\/span><\/span><em class='clear'><\/em><\/a><\/p><div class='event_description evcal_eventcard ' style=\"display:none\"><div class='evo_metarow_directimg'><img class='evo_event_main_img' src='https:\/\/www.wochen-zur-demokratie.de\/archiv\/wp-content\/uploads\/2020\/09\/bay-tuerk1-web.jpg' \/><\/div><div class='evo_event_images'><span class='evo_event_more_img select'><img title='' src='https:\/\/www.wochen-zur-demokratie.de\/archiv\/wp-content\/uploads\/2020\/09\/bay-tuerk1-web.jpg' data-f='https:\/\/www.wochen-zur-demokratie.de\/archiv\/wp-content\/uploads\/2020\/09\/bay-tuerk1-web.jpg'\/><\/span><span class='evo_event_more_img '><img title='' src='https:\/\/www.wochen-zur-demokratie.de\/archiv\/wp-content\/uploads\/2020\/09\/hoerst-du-mutter_still-web-150x150.jpg' data-f='https:\/\/www.wochen-zur-demokratie.de\/archiv\/wp-content\/uploads\/2020\/09\/hoerst-du-mutter_still-web.jpg' data-h='208' data-w='652'\/><\/span><\/div><div class='evo_metarow_details evorow evcal_evdata_row bordb evcal_event_details'>\n\t\t\t\t\t\t\t<div class=\"event_excerpt\" style=\"display:none\"><h3 class=\"padb5 evo_h3\">Event Details<\/h3><p>Die gr\u00f6\u00dfte Herausforderung bei dieser Veranstaltung oblag wom\u00f6glich dem gastgebenden Ehepaar Juli und Andreas Vesper, die es tats\u00e4chlich schafften, alle Corona-Regeln einzuhalten und so das Format \u00fcber kuriose Wege wie<\/p><\/div><span class='evcal_evdata_icons'><i class='fa fa-align-justify'><\/i><\/span>\n\t\t\t\t\t\t\t\n\t\t\t\t\t\t\t<div class='evcal_evdata_cell shorter_desc'><div class='eventon_details_shading_bot'>\n\t\t\t\t\t\t\t\t<p class='eventon_shad_p' content='less'><span class='ev_more_text' data-txt='Weniger anzeigen'>Mehr anzeigen<\/span><span class='ev_more_arrow'><\/span><\/p>\n\t\t\t\t\t\t\t<\/div><div class='eventon_full_description'>\n\t\t\t\t\t\t\t\t\t<h3 class='padb5 evo_h3'><span class='evcal_evdata_icons'><i class='fa fa-align-justify'><\/i><\/span>Event Details<\/h3><div class='eventon_desc_in' itemprop='description'>\n\t\t\t\t\t\t\t\t\t<p>Die gr\u00f6\u00dfte Herausforderung bei dieser Veranstaltung oblag wom\u00f6glich dem gastgebenden Ehepaar Juli und Andreas Vesper, die es tats\u00e4chlich schafften, alle Corona-Regeln einzuhalten und so das Format \u00fcber kuriose Wege wie die Aufteilung der Besucher in zwei Gruppen mit zwei Filmvorf\u00fchrungen doch noch m\u00f6glich zu machen. Zu toll war der Umstand, dass die beiden weitgereisten Passauer Ehreng\u00e4ste sich bereits in greifbarer N\u00e4he aufhielten. Tuna Kaptan pr\u00e4sentierte also seinen preisgekr\u00f6nten Kurzfilm \u201eH\u00f6rst Du, Mutter?\u201c gleich zweimal und Maximilian Popp philosophierte zwischendurch \u00fcber die kognitive Herausforderung, vor zwei Gruppen hintereinander zu referieren, ohne \u00fcber die eigenen Erz\u00e4hlungen zu stolpern. Und die waren durchaus drastisch, wo er doch die Demokratie aktuell keineswegs nur in der T\u00fcrkei gef\u00e4hrdet sieht. Bei der Frage aus dem Publikum, warum so viele Deutscht\u00fcrken Erdogan unterst\u00fctzten, konnte er auch schon mal emotional, ja w\u00fctend werden. Schlie\u00dflich seien von den drei Millionen t\u00fcrkischst\u00e4mmigen Deutschen kaum die H\u00e4lfte Sympathisanten, und man solle sich erst mal selber an der Nase fassen bei den Mengen an AfD-W\u00e4hlern im Land und der \u00fcblen Tradition rassistischer Ausgrenzung t\u00fcrkischer Mitb\u00fcrger, die nun zun\u00e4chst ohne gro\u00dfes Hinterfragen froh dar\u00fcber seien, dass ihnen ein Landsmann Selbstbewu\u00dftsein gebe.<\/p>\n<p>Tuna Kaptan konnte berichten, dass er nach vielen Kurzfilmen im kommenden Jahr mit der Realisierung seines ersten Langspielfilms beginnen wird. Die Leute von den Wochen zur Demokratie hoffen, dass dieser ins politische Konzept passen wird.<br \/>\n<strong>Am 18.11. wird \u201eH\u00f6rst du, Mutter?\u201c in der BR-Kurzfilmnacht ausgestrahlt und ist danach noch 6 Wochen in der Mediathek zu sehen.<\/strong><\/p>\n<p>Das hauseigene Catering-Team des ProLi Caf\u00e9 rundete die Gespr\u00e4che ab mit Happen aus \u201ebeider Herren L\u00e4nder\u201d; von B\u00f6rek bis t\u00fcrkischem Obatzten fanden sich h\u00f6chst exotische Leckereien auf den gereichten Tellern.<\/p>\n<\/div><div class='clear'><\/div>\n\t\t\t\t\t\t\t\t<\/div>\n\t\t\t\t\t\t\t<\/div>\n\t\t\t\t\t\t<\/div><div class='evo_metarow_organizer evorow evcal_evdata_row bordb evcal_evrow_sm '>\n\t\t\t\t\t\t\t<span class='evcal_evdata_icons'><i class='fa fa-address-book-o'><\/i><\/span>\n\t\t\t\t\t\t\t<div class='evcal_evdata_cell'>\t\t\t\t\t\t\t\n\t\t\t\t\t\t\t\t<h3 class='evo_h3'>Mitveranstalter \/ Partner<\/h3>\n\t\t\t\t\t\t\t\t<p class='evo_data_val evo_card_organizer_image'><img src='https:\/\/www.wochen-zur-demokratie.de\/archiv\/wp-content\/uploads\/2019\/09\/Logo-ProLi.jpg'\/><\/p>\n\t\t\t\t\t\t\t\t<div class='evo_card_organizer'><p class='evo_data_val evo_card_organizer_name'>\n\t\t\t\t\t\t\t\t\t<span class='evo_card_organizer_name_t'>ProLi Caf\u00e9 &amp; Kino<\/span>\n\t\t\t\t\t\t\t\t\t\n\t\t\t\t\t\t\t\t\t<\/p><\/div><div class='clear'><\/div>\t\t\t\t\t\t\t\n\t\t\t\t\t\t\t<\/div>\n\t\t\t\t\t\t<\/div>\t\t\t\t\t\t<div class='evo_metarow_ICS evorow bordb evcal_evdata_row'>\n\t\t\t\t\t\t\t<span class=\"evcal_evdata_icons\"><i class=\"fa fa-calendar\"><\/i><\/span>\n\t\t\t\t\t\t\t<div class='evcal_evdata_cell'>\n\t\t\t\t\t\t\t\t<p><a href='https:\/\/www.wochen-zur-demokratie.de\/archiv\/wp-admin\/admin-ajax.php?action=eventon_ics_download&amp;event_id=2583&amp;ri=0' class='evo_ics_nCal' title='Zum Ihrem Kalender hinzuf\u00fcgen'>Zum Kalender hinzuf\u00fcgen<\/a><a href='\/\/www.google.com\/calendar\/event?action=TEMPLATE&amp;text=Bayerisch-T%C3%BCrkischer+Nachmittag&amp;dates=20201017T110000Z\/20201017T130000Z&amp;details=Die+gr%C3%B6%C3%9Fte+Herausforderung+bei+dieser+Veranstaltung+oblag+wom%C3%B6glich+dem+gastgebenden+Ehepaar+Juli+und+Andreas+Vesper%2C+die+es+tats%C3%A4chlich+schafften%2C+alle+Corona-Regeln+einzuhalten+und+so+das+Format+%C3%BCber+kuriose+Wege+wie&amp;location=ProLi+Caf%C3%A9+%26amp%3B+Kino%2C+Passau - ' target='_blank' class='evo_ics_gCal' title='Zum Ihrem Google-Kalender hinzuf\u00fcgen'>GoogleCal<\/a><\/p>\t\n\t\t\t\t\t\t\t<\/div>\n\t\t\t\t\t\t<\/div>\n\t\t\t\t\t\t<div class='bordb evo_metarow_socialmedia evcal_evdata_row  lastrow'><div class='evo_sm FacebookShare'><a class=\" evo_ss\" target=\"_blank\" onclick=\"javascript:window.open(this.href, '', 'left=50,top=50,width=600,height=350,toolbar=0');return false;\"\n\t\t\t\t\t\t\t\thref=\"http:\/\/www.facebook.com\/sharer.php?u=https%3A%2F%2Fwww.wochen-zur-demokratie.de%2Farchiv%2Fevents%2Fbayerisch-tuerkischer-nachmittag%2F\" title=\"Diese Veranstaltung auf Facebook teilen\"><i class=\"fa fa-facebook\"><\/i><\/a><\/div><div class='evo_sm Twitter'><a class=\"tw evo_ss\" onclick=\"javascript:window.open(this.href, '', 'menubar=no,toolbar=no,resizable=yes,scrollbars=yes,height=300,width=600');return false;\" href=\"http:\/\/twitter.com\/intent\/tweet?text=Bayerisch-T\u00fcrkischer Nachmittag&#32;-&#32;&url=https%3A%2F%2Fwww.wochen-zur-demokratie.de%2Farchiv%2Fevents%2Fbayerisch-tuerkischer-nachmittag%2F\" title=\"Diese Veranstaltung auf Twitter teilen\" rel=\"nofollow\" target=\"_blank\" data-url=\"https%3A%2F%2Fwww.wochen-zur-demokratie.de%2Farchiv%2Fevents%2Fbayerisch-tuerkischer-nachmittag%2F\"><i class=\"fa fa-twitter\"><\/i><\/a><\/div><div class='evo_sm LinkedIn'><a class=\"li evo_ss\" href=\"http:\/\/www.linkedin.com\/shareArticle?mini=true&url=https%3A%2F%2Fwww.wochen-zur-demokratie.de%2Farchiv%2Fevents%2Fbayerisch-tuerkischer-nachmittag%2F&title=Bayerisch-T%C3%BCrkischer%20Nachmittag&summary=Die+gr%C3%B6%C3%9Fte+Herausforderung+bei+dieser+Veranstaltung+oblag+wom%C3%B6glich+dem+gastgebenden+Ehepaar+Juli+und+Andreas+Vesper%2C+die\" target=\"_blank\" title=\"Diese Veranstaltung auf Linkedin teilen\"><i class=\"fa fa-linkedin\"><\/i><\/a><\/div><div class='evo_sm EmailShare'><a class=\"em evo_ss\" href=\"mailto:?subject=Bayerisch-T\u00fcrkischer Nachmittag&body=Event Name: Bayerisch-T\u00fcrkischer Nachmittag%0AEvent Date: 17\/10\/2020 13:00 - 15:00%0ALink: https%3A%2F%2Fwww.wochen-zur-demokratie.de%2Farchiv%2Fevents%2Fbayerisch-tuerkischer-nachmittag%2F%0A\" target=\"_blank\"><i class=\"fa fa-envelope\"><\/i><\/a><\/div><div class='clear'><\/div><div class='evcal_evdata_row evcal_close' title='Close'><\/div><\/div><div class='evo_card_row_end evcal_close' title='Close'><\/div><\/div><div class='clear end'><\/div><\/div><div style=\"background-color: #c766a4;height: 275px;\" id=\"event_2584\" class=\"eventon_list_event evo_eventtop past_event event event_2584_0\" data-event_id=\"2584\" data-ri=\"0r\" data-time=\"1603036800-1603044000\" data-colr=\"#c766a4\" itemscope itemtype='http:\/\/schema.org\/Event'><div class=\"evo_event_schema\" style=\"display:none\" ><a itemprop='url'  href='https:\/\/www.wochen-zur-demokratie.de\/archiv\/events\/hans-well-wellbappn\/'><\/a><span itemprop='name'  >Hans Well & Wellbappn \u2013 leider abgesagt!<\/span><meta itemprop='image' content=\"https:\/\/www.wochen-zur-demokratie.de\/archiv\/wp-content\/uploads\/2020\/09\/wellbappn-web.jpg\" \/><meta itemprop='description' content=\"Wenn jemand das Erbe der Bierm\u00f6sl Blosn angetreten hat, dann die Wellbappn. Mit ihrem Vater Hans Well, einst Kopf des Trios aus dem Biermoos, stehen Sarah, Tabea und Jonas Well\" \/><meta itemprop='startDate' content=\"2020-10-18T16:00\" \/><meta itemprop='endDate' content=\"2020-10-18T18:00\" \/><meta itemprop='eventStatus' content=\"on-schedule\" \/><script type=\"application\/ld+json\">{\t\"@context\": \"http:\/\/schema.org\",\n\t\t\t\t\t\t\t  \t\"@type\": \"Event\",\n\t\t\t\t\t\t\t  \t\"name\": \"Hans Well & Wellbappn \u2013 leider abgesagt!\",\n\t\t\t\t\t\t\t  \t\"startDate\": \"2020-10-18T16-16-00-00\",\n\t\t\t\t\t\t\t  \t\"endDate\": \"2020-10-18T18-18-00-00\",\n\t\t\t\t\t\t\t  \t\"image\":\"https:\/\/www.wochen-zur-demokratie.de\/archiv\/wp-content\/uploads\/2020\/09\/wellbappn-web.jpg\",\n\t\t\t\t\t\t\t  \t\"description\":\"Wenn jemand das Erbe der Bierm\u00f6sl Blosn angetreten hat, dann die Wellbappn. Mit ihrem Vater Hans Well, einst Kopf des Trios aus dem Biermoos, stehen Sarah, Tabea und Jonas Well\"\n\t\t\t\t\t\t\t  \t\n\t\t\t\t\t\t\t }<\/script><\/div>\n\t\t\t\t<p class=\"desc_trig_outter\"><a data-gmap_status=\"null\" data-gmtrig=\"1\" data-exlk=\"0\" id=\"evc_16030368002584\" class=\"desc_trig sin_val evcal_list_a\" data-ux_val=\"3\"  ><span class='evcal_cblock ' data-bgcolor='#c766a4' data-smon='Oktober' data-syr='2020'><span class='evo_start '><em class='date'>18<\/em><em class='month'>Okt.<\/em><em class='time'>16:00<\/em><\/span><span class='evo_end only_time'><em class='time'>18:00<\/em><\/span><em class='clear'><\/em><\/span><span class='evcal_desc evo_info hide_eventtopdata '  data-location_status=\"false\" ><span class='evo_above_title'><\/span><span class='evcal_desc2 evcal_event_title' itemprop='name'>Hans Well & Wellbappn \u2013 leider abgesagt!<\/span><span class='evo_below_title'><span class='evcal_event_subtitle' >Politisches Musikkabarett der Extraklasse<\/span><\/span><span class='evcal_desc_info' ><em class='evcal_time'>16:00 - 18:00<\/em> <em class=\"evcal_location\"  data-add_str=\"\"><em class=\"event_location_name\">Kurg\u00e4stehaus Kellberg<\/em><\/em><\/span><span class='evcal_desc3'><\/span><\/span><em class='clear'><\/em><\/a><\/p><div class='event_description evcal_eventcard ' style=\"display:none\"><div class='evo_metarow_directimg'><img class='evo_event_main_img' src='https:\/\/www.wochen-zur-demokratie.de\/archiv\/wp-content\/uploads\/2020\/09\/wellbappn-web.jpg' \/><\/div><div class='evo_metarow_details evorow evcal_evdata_row bordb evcal_event_details'>\n\t\t\t\t\t\t\t<div class=\"event_excerpt\" style=\"display:none\"><h3 class=\"padb5 evo_h3\">Event Details<\/h3><p>Wenn jemand das Erbe der Bierm\u00f6sl Blosn angetreten hat, dann die Wellbappn. Mit ihrem Vater Hans Well, einst Kopf des Trios aus dem Biermoos, stehen Sarah, Tabea und Jonas Well<\/p><\/div><span class='evcal_evdata_icons'><i class='fa fa-align-justify'><\/i><\/span>\n\t\t\t\t\t\t\t\n\t\t\t\t\t\t\t<div class='evcal_evdata_cell shorter_desc'><div class='eventon_details_shading_bot'>\n\t\t\t\t\t\t\t\t<p class='eventon_shad_p' content='less'><span class='ev_more_text' data-txt='Weniger anzeigen'>Mehr anzeigen<\/span><span class='ev_more_arrow'><\/span><\/p>\n\t\t\t\t\t\t\t<\/div><div class='eventon_full_description'>\n\t\t\t\t\t\t\t\t\t<h3 class='padb5 evo_h3'><span class='evcal_evdata_icons'><i class='fa fa-align-justify'><\/i><\/span>Event Details<\/h3><div class='eventon_desc_in' itemprop='description'>\n\t\t\t\t\t\t\t\t\t<p>Wenn jemand das Erbe der Bierm\u00f6sl Blosn angetreten hat, dann die Wellbappn. Mit ihrem Vater Hans Well, einst Kopf des Trios aus dem Biermoos, stehen Sarah, Tabea und Jonas Well inzwischen auf einem Niveau, das durchaus an das der Bierm\u00f6sl Blosn zu ihren besten Zeiten heranreicht. Auch sie sind Multi-Instrumentalisten, <strong>machen bestes Musikkabarett und legen mit frechen Kommentaren und treffenden Texten den Finger in die Wunden von Politik und Gesellschaft<\/strong>. Dabei unterhalten sie noch bestens. Nach ihrem furiosen \u201eRoten Bayern\u201c-Auftritt voriges Jahr kommen sie \u2013 im Rahmen der Corona-Vorgaben \u2013 wieder nach Kellberg. Eine Anmeldung ist erforderlich!<\/p>\n<p><strong>Diese Veranstaltung mussten wir leider Corona-bedingt absagen. Wir hoffen, dass wir die Wellbappn zu einem anderen Zeitpunkt in den kommenden Monaten pr\u00e4sentieren k\u00f6nnen.<\/strong><\/p>\n<\/div><div class='clear'><\/div>\n\t\t\t\t\t\t\t\t<\/div>\n\t\t\t\t\t\t\t<\/div>\n\t\t\t\t\t\t<\/div><div class='evo_metarow_organizer evorow evcal_evdata_row bordb evcal_evrow_sm '>\n\t\t\t\t\t\t\t<span class='evcal_evdata_icons'><i class='fa fa-address-book-o'><\/i><\/span>\n\t\t\t\t\t\t\t<div class='evcal_evdata_cell'>\t\t\t\t\t\t\t\n\t\t\t\t\t\t\t\t<h3 class='evo_h3'>Mitveranstalter \/ Partner<\/h3>\n\t\t\t\t\t\t\t\t<p class='evo_data_val evo_card_organizer_image'><img src='https:\/\/www.wochen-zur-demokratie.de\/archiv\/wp-content\/uploads\/2019\/07\/logo-kabrettl-300x78.jpg'\/><\/p>\n\t\t\t\t\t\t\t\t<div class='evo_card_organizer'><p class='evo_data_val evo_card_organizer_name'>\n\t\t\t\t\t\t\t\t\t<span class='evo_card_organizer_name_t'>Kabrettl Kellberg<\/span>\n\t\t\t\t\t\t\t\t\t\n\t\t\t\t\t\t\t\t\t<\/p><\/div><div class='clear'><\/div>\t\t\t\t\t\t\t\n\t\t\t\t\t\t\t<\/div>\n\t\t\t\t\t\t<\/div>\t\t\t\t\t\t<div class='evo_metarow_ICS evorow bordb evcal_evdata_row'>\n\t\t\t\t\t\t\t<span class=\"evcal_evdata_icons\"><i class=\"fa fa-calendar\"><\/i><\/span>\n\t\t\t\t\t\t\t<div class='evcal_evdata_cell'>\n\t\t\t\t\t\t\t\t<p><a href='https:\/\/www.wochen-zur-demokratie.de\/archiv\/wp-admin\/admin-ajax.php?action=eventon_ics_download&amp;event_id=2584&amp;ri=0' class='evo_ics_nCal' title='Zum Ihrem Kalender hinzuf\u00fcgen'>Zum Kalender hinzuf\u00fcgen<\/a><a href='\/\/www.google.com\/calendar\/event?action=TEMPLATE&amp;text=Hans+Well+%26+Wellbappn+%E2%80%93+leider+abgesagt%21&amp;dates=20201018T140000Z\/20201018T160000Z&amp;details=Wenn+jemand+das+Erbe+der+Bierm%C3%B6sl+Blosn+angetreten+hat%2C+dann+die+Wellbappn.+Mit+ihrem+Vater+Hans+Well%2C+einst+Kopf+des+Trios+aus+dem+Biermoos%2C+stehen+Sarah%2C+Tabea+und+Jonas+Well&amp;location=Kurg%C3%A4stehaus+Kellberg - ' target='_blank' class='evo_ics_gCal' title='Zum Ihrem Google-Kalender hinzuf\u00fcgen'>GoogleCal<\/a><\/p>\t\n\t\t\t\t\t\t\t<\/div>\n\t\t\t\t\t\t<\/div>\n\t\t\t\t\t\t<div class='bordb evo_metarow_socialmedia evcal_evdata_row  lastrow'><div class='evo_sm FacebookShare'><a class=\" evo_ss\" target=\"_blank\" onclick=\"javascript:window.open(this.href, '', 'left=50,top=50,width=600,height=350,toolbar=0');return false;\"\n\t\t\t\t\t\t\t\thref=\"http:\/\/www.facebook.com\/sharer.php?u=https%3A%2F%2Fwww.wochen-zur-demokratie.de%2Farchiv%2Fevents%2Fhans-well-wellbappn%2F\" title=\"Diese Veranstaltung auf Facebook teilen\"><i class=\"fa fa-facebook\"><\/i><\/a><\/div><div class='evo_sm Twitter'><a class=\"tw evo_ss\" onclick=\"javascript:window.open(this.href, '', 'menubar=no,toolbar=no,resizable=yes,scrollbars=yes,height=300,width=600');return false;\" href=\"http:\/\/twitter.com\/intent\/tweet?text=Hans Well &#038; Wellbappn \u2013 leider abgesagt!&#32;-&#32;&url=https%3A%2F%2Fwww.wochen-zur-demokratie.de%2Farchiv%2Fevents%2Fhans-well-wellbappn%2F\" title=\"Diese Veranstaltung auf Twitter teilen\" rel=\"nofollow\" target=\"_blank\" data-url=\"https%3A%2F%2Fwww.wochen-zur-demokratie.de%2Farchiv%2Fevents%2Fhans-well-wellbappn%2F\"><i class=\"fa fa-twitter\"><\/i><\/a><\/div><div class='evo_sm LinkedIn'><a class=\"li evo_ss\" href=\"http:\/\/www.linkedin.com\/shareArticle?mini=true&url=https%3A%2F%2Fwww.wochen-zur-demokratie.de%2Farchiv%2Fevents%2Fhans-well-wellbappn%2F&title=Hans%20Well%20%26%23038%3B%20Wellbappn%20%E2%80%93%20leider%20abgesagt%21&summary=Wenn+jemand+das+Erbe+der+Bierm%C3%B6sl+Blosn+angetreten+hat%2C+dann+die+Wellbappn.+Mit+ihrem+Vater+Hans\" target=\"_blank\" title=\"Diese Veranstaltung auf Linkedin teilen\"><i class=\"fa fa-linkedin\"><\/i><\/a><\/div><div class='evo_sm EmailShare'><a class=\"em evo_ss\" href=\"mailto:?subject=Hans Well %26 Wellbappn \u2013 leider abgesagt!&body=Event Name: Hans Well %26 Wellbappn \u2013 leider abgesagt!%0AEvent Date: 18\/10\/2020 16:00 - 18:00%0ALink: https%3A%2F%2Fwww.wochen-zur-demokratie.de%2Farchiv%2Fevents%2Fhans-well-wellbappn%2F%0A\" target=\"_blank\"><i class=\"fa fa-envelope\"><\/i><\/a><\/div><div class='clear'><\/div><div class='evcal_evdata_row evcal_close' title='Close'><\/div><\/div><div class='evo_card_row_end evcal_close' title='Close'><\/div><\/div><div class='clear end'><\/div><\/div><div style=\"background-color: #c766a4;height: 275px;\" id=\"event_2585\" class=\"eventon_list_event evo_eventtop past_event event event_2585_0\" data-event_id=\"2585\" data-ri=\"0r\" data-time=\"1603047600-1603053000\" data-colr=\"#c766a4\" itemscope itemtype='http:\/\/schema.org\/Event'><div class=\"evo_event_schema\" style=\"display:none\" ><a itemprop='url'  href='https:\/\/www.wochen-zur-demokratie.de\/archiv\/events\/der-29-april-1945-und-75-jahre-danach\/'><\/a><span itemprop='name'  >Der 29. April 1945 \u2013  und 75 Jahre danach \u2013 Livestream!<\/span><meta itemprop='image' content=\"https:\/\/www.wochen-zur-demokratie.de\/archiv\/wp-content\/uploads\/2020\/10\/schwarzmaier-seidl1-web.jpg\" \/><meta itemprop='description' content=\"Alfred Schwarzmaier besch\u00e4ftigt sich seit vielen Jahren mit den Geschehnissen am 29. April 1945, als in seiner Heimatgemeinde Tiefenbach 42 russische Kriegsgefangene von SS-Angeh\u00f6rigen erschossen wurden. Dieses tragische Geschehen war\" \/><meta itemprop='startDate' content=\"2020-10-18T19:00\" \/><meta itemprop='endDate' content=\"2020-10-18T20:30\" \/><meta itemprop='eventStatus' content=\"on-schedule\" \/>\n\t\t\t\t\t\t\t\t\t<item style=\"display:none\" itemprop=\"location\" itemscope itemtype=\"http:\/\/schema.org\/Place\">\n\t\t\t\t\t\t\t\t\t\t<span itemprop=\"name\">Alfons-Lindner-Schule, Tiefenbach<\/span>\n\t\t\t\t\t\t\t\t\t\t<span itemprop=\"address\" itemscope itemtype=\"http:\/\/schema.org\/PostalAddress\">\n\t\t\t\t\t\t\t\t\t\t\t<item itemprop=\"streetAddress\">Tiefenbach, Alfons-Lindner-Schule, Eulenweg 2<\/item>\n\t\t\t\t\t\t\t\t\t\t<\/span><\/item><script type=\"application\/ld+json\">{\t\"@context\": \"http:\/\/schema.org\",\n\t\t\t\t\t\t\t  \t\"@type\": \"Event\",\n\t\t\t\t\t\t\t  \t\"name\": \"Der 29. April 1945 \u2013  und 75 Jahre danach \u2013 Livestream!\",\n\t\t\t\t\t\t\t  \t\"startDate\": \"2020-10-18T19-19-00-00\",\n\t\t\t\t\t\t\t  \t\"endDate\": \"2020-10-18T20-20-30-00\",\n\t\t\t\t\t\t\t  \t\"image\":\"https:\/\/www.wochen-zur-demokratie.de\/archiv\/wp-content\/uploads\/2020\/10\/schwarzmaier-seidl1-web.jpg\",\n\t\t\t\t\t\t\t  \t\"description\":\"Alfred Schwarzmaier besch\u00e4ftigt sich seit vielen Jahren mit den Geschehnissen am 29. April 1945, als in seiner Heimatgemeinde Tiefenbach 42 russische Kriegsgefangene von SS-Angeh\u00f6rigen erschossen wurden. Dieses tragische Geschehen war\"\n\t\t\t\t\t\t\t  \t,\"location\":{\n\t\t\t\t\t\t\t\t\t\t\"@type\":\"Place\",\n\t\t\t\t\t\t\t\t\t\t\"name\":\"Alfons-Lindner-Schule, Tiefenbach\",\n\t\t\t\t\t\t\t\t\t\t\"address\":{\n\t\t\t\t\t\t\t\t\t\t\t\"@type\": \"PostalAddress\"\n\t\t\t\t\t\t\t\t\t\t\t\"streetAddress\":\"Tiefenbach, Alfons-Lindner-Schule, Eulenweg 2\"\n\t\t\t\t\t\t\t\t\t\t}\n\t\t\t\t\t\t\t  \t\t}\n\t\t\t\t\t\t\t }<\/script><\/div>\n\t\t\t\t<p class=\"desc_trig_outter\"><a data-gmap_status=\"null\" data-exlk=\"0\" id=\"evc_16030476002585\" class=\"desc_trig sin_val evcal_list_a\" data-ux_val=\"3\"  ><span class='evcal_cblock ' data-bgcolor='#c766a4' data-smon='Oktober' data-syr='2020'><span class='evo_start '><em class='date'>18<\/em><em class='month'>Okt.<\/em><em class='time'>19:00<\/em><\/span><span class='evo_end only_time'><em class='time'>20:30<\/em><\/span><em class='clear'><\/em><\/span><span class='evcal_desc evo_info hide_eventtopdata '  data-location_address=\"Tiefenbach, Alfons-Lindner-Schule, Eulenweg 2\" data-location_type=\"address\" data-location_name=\"Alfons-Lindner-Schule, Tiefenbach\" data-location_url=\"https:\/\/www.wochen-zur-demokratie.de\/archiv\/event-location\/tiefenbach-alfons-lindner-schule\/\" data-location_status=\"true\" ><span class='evo_above_title'><\/span><span class='evcal_desc2 evcal_event_title' itemprop='name'>Der 29. April 1945 \u2013  und 75 Jahre danach \u2013 Livestream!<\/span><span class='evo_below_title'><span class='evcal_event_subtitle' >Buchpremiere von\/mit Alfred Schwarzmaier<\/span><\/span><span class='evcal_desc_info' ><em class='evcal_time'>19:00 - 20:30<\/em> <em class=\"evcal_location\"  data-add_str=\"\"><em class=\"event_location_name\">Alfons-Lindner-Schule, Tiefenbach<\/em><\/em><\/span><span class='evcal_desc3'><\/span><\/span><em class='clear'><\/em><\/a><\/p><div class='event_description evcal_eventcard ' style=\"display:none\"><div class='evo_metarow_directimg'><img class='evo_event_main_img' src='https:\/\/www.wochen-zur-demokratie.de\/archiv\/wp-content\/uploads\/2020\/10\/schwarzmaier-seidl1-web.jpg' \/><\/div><div class='evo_event_images'><span class='evo_event_more_img select'><img title='' src='https:\/\/www.wochen-zur-demokratie.de\/archiv\/wp-content\/uploads\/2020\/10\/schwarzmaier-seidl1-web.jpg' data-f='https:\/\/www.wochen-zur-demokratie.de\/archiv\/wp-content\/uploads\/2020\/10\/schwarzmaier-seidl1-web.jpg'\/><\/span><span class='evo_event_more_img '><img title='' src='https:\/\/www.wochen-zur-demokratie.de\/archiv\/wp-content\/uploads\/2020\/09\/Soldatenkreuz-foto-pongratz-web-150x150.jpg' data-f='https:\/\/www.wochen-zur-demokratie.de\/archiv\/wp-content\/uploads\/2020\/09\/Soldatenkreuz-foto-pongratz-web.jpg' data-h='714' data-w='652'\/><\/span><\/div><div class='evo_metarow_details evorow evcal_evdata_row bordb evcal_event_details'>\n\t\t\t\t\t\t\t<div class=\"event_excerpt\" style=\"display:none\"><h3 class=\"padb5 evo_h3\">Event Details<\/h3><p>Alfred Schwarzmaier besch\u00e4ftigt sich seit vielen Jahren mit den Geschehnissen am 29. April 1945, als in seiner Heimatgemeinde Tiefenbach 42 russische Kriegsgefangene von SS-Angeh\u00f6rigen erschossen wurden. Dieses tragische Geschehen war<\/p><\/div><span class='evcal_evdata_icons'><i class='fa fa-align-justify'><\/i><\/span>\n\t\t\t\t\t\t\t\n\t\t\t\t\t\t\t<div class='evcal_evdata_cell shorter_desc'><div class='eventon_details_shading_bot'>\n\t\t\t\t\t\t\t\t<p class='eventon_shad_p' content='less'><span class='ev_more_text' data-txt='Weniger anzeigen'>Mehr anzeigen<\/span><span class='ev_more_arrow'><\/span><\/p>\n\t\t\t\t\t\t\t<\/div><div class='eventon_full_description'>\n\t\t\t\t\t\t\t\t\t<h3 class='padb5 evo_h3'><span class='evcal_evdata_icons'><i class='fa fa-align-justify'><\/i><\/span>Event Details<\/h3><div class='eventon_desc_in' itemprop='description'>\n\t\t\t\t\t\t\t\t\t<p>Alfred Schwarzmaier besch\u00e4ftigt sich seit vielen Jahren mit den Geschehnissen am 29. April 1945, als in seiner Heimatgemeinde Tiefenbach 42 russische Kriegsgefangene von SS-Angeh\u00f6rigen erschossen wurden. Dieses tragische Geschehen war zwar in der Bev\u00f6lkerung allgemein bekannt, doch genaue, fundierte Kenntnisse lagen bis jetzt nicht vor. Nun hat sich der Autor verst\u00e4rkt bem\u00fcht, das <strong>Kriegsende in Tiefenbach<\/strong> und im Besonderen das Massaker von damals aus verschiedenen Quellen heraus verl\u00e4sslich darzustellen. (Foto: Pongratz)<\/p>\n<p>Da diese Veranstaltung leider Corona-bedingt abgesagt bzw. verschoben werden musste, haben wir sie in unserem B\u00fcro f\u00fcr Demokratie ohne Publikum inszeniert und aufgezeichnet. Die Buchbesprechung wird musikalisch umrahmt von Karin und Dr. Gotthard Seidl (Gitarren) und kann angesehen werden. Bitte klicken Sie<\/p>\n<h5><a href=\"https:\/\/youtu.be\/QpfoJ7H4TEw\" target=\"_blank\" rel=\"noopener noreferrer\"><strong>HIER<\/strong><\/a><\/h5>\n<p>Wir gehen davon aus, dass wir die Veranstaltung zu einem anderen Zeitpunkt in den kommenden Monaten nachholen k\u00f6nnen; der Termin wird hier bekannt gegeben.<\/p>\n<p><strong>\u00a0<\/strong><\/p>\n<\/div><div class='clear'><\/div>\n\t\t\t\t\t\t\t\t<\/div>\n\t\t\t\t\t\t\t<\/div>\n\t\t\t\t\t\t<\/div><div class='evo_metarow_organizer evorow evcal_evdata_row bordb evcal_evrow_sm '>\n\t\t\t\t\t\t\t<span class='evcal_evdata_icons'><i class='fa fa-address-book-o'><\/i><\/span>\n\t\t\t\t\t\t\t<div class='evcal_evdata_cell'>\t\t\t\t\t\t\t\n\t\t\t\t\t\t\t\t<h3 class='evo_h3'>Mitveranstalter \/ Partner<\/h3>\n\t\t\t\t\t\t\t\t<p class='evo_data_val evo_card_organizer_image'><img src='https:\/\/www.wochen-zur-demokratie.de\/archiv\/wp-content\/uploads\/2020\/09\/kombi-tiefenbach-web.jpg'\/><\/p>\n\t\t\t\t\t\t\t\t<div class='evo_card_organizer'><p class='evo_data_val evo_card_organizer_name'>\n\t\t\t\t\t\t\t\t\t<span class='evo_card_organizer_name_t'>Heimatkundlicher Arbeitskreis, Gemeinde Tiefenbach<\/span>\n\t\t\t\t\t\t\t\t\t\n\t\t\t\t\t\t\t\t\t<\/p><\/div><div class='clear'><\/div>\t\t\t\t\t\t\t\n\t\t\t\t\t\t\t<\/div>\n\t\t\t\t\t\t<\/div>\t\t\t\t\t\t<div class='evo_metarow_ICS evorow bordb evcal_evdata_row'>\n\t\t\t\t\t\t\t<span class=\"evcal_evdata_icons\"><i class=\"fa fa-calendar\"><\/i><\/span>\n\t\t\t\t\t\t\t<div class='evcal_evdata_cell'>\n\t\t\t\t\t\t\t\t<p><a href='https:\/\/www.wochen-zur-demokratie.de\/archiv\/wp-admin\/admin-ajax.php?action=eventon_ics_download&amp;event_id=2585&amp;ri=0' class='evo_ics_nCal' title='Zum Ihrem Kalender hinzuf\u00fcgen'>Zum Kalender hinzuf\u00fcgen<\/a><a href='\/\/www.google.com\/calendar\/event?action=TEMPLATE&amp;text=Der+29.+April+1945+%E2%80%93++und+75+Jahre+danach+%E2%80%93+Livestream%21&amp;dates=20201018T170000Z\/20201018T183000Z&amp;details=Alfred+Schwarzmaier+besch%C3%A4ftigt+sich+seit+vielen+Jahren+mit+den+Geschehnissen+am+29.+April+1945%2C+als+in+seiner+Heimatgemeinde+Tiefenbach+42+russische+Kriegsgefangene+von+SS-Angeh%C3%B6rigen+erschossen+wurden.+Dieses+tragische+Geschehen+war&amp;location=Alfons-Lindner-Schule%2C+Tiefenbach - Tiefenbach%2C+Alfons-Lindner-Schule%2C+Eulenweg+2' target='_blank' class='evo_ics_gCal' title='Zum Ihrem Google-Kalender hinzuf\u00fcgen'>GoogleCal<\/a><\/p>\t\n\t\t\t\t\t\t\t<\/div>\n\t\t\t\t\t\t<\/div>\n\t\t\t\t\t\t<div class='bordb evo_metarow_socialmedia evcal_evdata_row  lastrow'><div class='evo_sm FacebookShare'><a class=\" evo_ss\" target=\"_blank\" onclick=\"javascript:window.open(this.href, '', 'left=50,top=50,width=600,height=350,toolbar=0');return false;\"\n\t\t\t\t\t\t\t\thref=\"http:\/\/www.facebook.com\/sharer.php?u=https%3A%2F%2Fwww.wochen-zur-demokratie.de%2Farchiv%2Fevents%2Fder-29-april-1945-und-75-jahre-danach%2F\" title=\"Diese Veranstaltung auf Facebook teilen\"><i class=\"fa fa-facebook\"><\/i><\/a><\/div><div class='evo_sm Twitter'><a class=\"tw evo_ss\" onclick=\"javascript:window.open(this.href, '', 'menubar=no,toolbar=no,resizable=yes,scrollbars=yes,height=300,width=600');return false;\" href=\"http:\/\/twitter.com\/intent\/tweet?text=Der 29. April 1945 \u2013  und 75 Jahre danach \u2013 Livestream!&#32;-&#32;&url=https%3A%2F%2Fwww.wochen-zur-demokratie.de%2Farchiv%2Fevents%2Fder-29-april-1945-und-75-jahre-danach%2F\" title=\"Diese Veranstaltung auf Twitter teilen\" rel=\"nofollow\" target=\"_blank\" data-url=\"https%3A%2F%2Fwww.wochen-zur-demokratie.de%2Farchiv%2Fevents%2Fder-29-april-1945-und-75-jahre-danach%2F\"><i class=\"fa fa-twitter\"><\/i><\/a><\/div><div class='evo_sm LinkedIn'><a class=\"li evo_ss\" href=\"http:\/\/www.linkedin.com\/shareArticle?mini=true&url=https%3A%2F%2Fwww.wochen-zur-demokratie.de%2Farchiv%2Fevents%2Fder-29-april-1945-und-75-jahre-danach%2F&title=Der%2029.%20April%201945%20%E2%80%93%20%20und%2075%20Jahre%20danach%20%E2%80%93%20Livestream%21&summary=Alfred+Schwarzmaier+besch%C3%A4ftigt+sich+seit+vielen+Jahren+mit+den+Geschehnissen+am+29.+April+1945%2C+als+in\" target=\"_blank\" title=\"Diese Veranstaltung auf Linkedin teilen\"><i class=\"fa fa-linkedin\"><\/i><\/a><\/div><div class='evo_sm EmailShare'><a class=\"em evo_ss\" href=\"mailto:?subject=Der 29. April 1945 \u2013  und 75 Jahre danach \u2013 Livestream!&body=Event Name: Der 29. April 1945 \u2013  und 75 Jahre danach \u2013 Livestream!%0AEvent Date: 18\/10\/2020 19:00 - 20:30%0ALink: https%3A%2F%2Fwww.wochen-zur-demokratie.de%2Farchiv%2Fevents%2Fder-29-april-1945-und-75-jahre-danach%2F%0A\" target=\"_blank\"><i class=\"fa fa-envelope\"><\/i><\/a><\/div><div class='clear'><\/div><div class='evcal_evdata_row evcal_close' title='Close'><\/div><\/div><div class='evo_card_row_end evcal_close' title='Close'><\/div><\/div><div class='clear end'><\/div><\/div><div style=\"background-color: #c766a4;height: 275px;\" id=\"event_2629\" class=\"eventon_list_event evo_eventtop past_event event event_2629_0\" data-event_id=\"2629\" data-ri=\"0r\" data-time=\"1603116900-1603120500\" data-colr=\"#c766a4\" itemscope itemtype='http:\/\/schema.org\/Event'><div class=\"evo_event_schema\" style=\"display:none\" ><a itemprop='url'  href='https:\/\/www.wochen-zur-demokratie.de\/archiv\/events\/wir-pfeifen-auf-den-gurkenkoenig-copy\/'><\/a><span itemprop='name'  >Wir pfeifen auf den Gurkenk\u00f6nig<\/span><meta itemprop='image' content=\"https:\/\/www.wochen-zur-demokratie.de\/archiv\/wp-content\/uploads\/2020\/10\/gurkenkoenig3-web.jpg\" \/><meta itemprop='description' content=\"Geschlossene Schulveranstaltung  Eines Tages taucht bei der Familie Hogelmann ein seltsamer Gurkenk\u00f6nig auf. Seine Untertanen haben ihn abgesetzt. Sie wollen keinen Despoten, der nur an das eigene Wohlergehen denkt. Nun versucht\" \/><meta itemprop='startDate' content=\"2020-10-19T14:15\" \/><meta itemprop='endDate' content=\"2020-10-19T15:15\" \/><meta itemprop='eventStatus' content=\"on-schedule\" \/><script type=\"application\/ld+json\">{\t\"@context\": \"http:\/\/schema.org\",\n\t\t\t\t\t\t\t  \t\"@type\": \"Event\",\n\t\t\t\t\t\t\t  \t\"name\": \"Wir pfeifen auf den Gurkenk\u00f6nig\",\n\t\t\t\t\t\t\t  \t\"startDate\": \"2020-10-19T14-14-15-00\",\n\t\t\t\t\t\t\t  \t\"endDate\": \"2020-10-19T15-15-15-00\",\n\t\t\t\t\t\t\t  \t\"image\":\"https:\/\/www.wochen-zur-demokratie.de\/archiv\/wp-content\/uploads\/2020\/10\/gurkenkoenig3-web.jpg\",\n\t\t\t\t\t\t\t  \t\"description\":\"Geschlossene Schulveranstaltung  Eines Tages taucht bei der Familie Hogelmann ein seltsamer Gurkenk\u00f6nig auf. Seine Untertanen haben ihn abgesetzt. Sie wollen keinen Despoten, der nur an das eigene Wohlergehen denkt. Nun versucht\"\n\t\t\t\t\t\t\t  \t\n\t\t\t\t\t\t\t }<\/script><\/div>\n\t\t\t\t<p class=\"desc_trig_outter\"><a data-gmap_status=\"null\" data-gmtrig=\"1\" data-exlk=\"0\" id=\"evc_16031169002629\" class=\"desc_trig sin_val evcal_list_a\" data-ux_val=\"3\"  ><span class='evcal_cblock ' data-bgcolor='#c766a4' data-smon='Oktober' data-syr='2020'><span class='evo_start '><em class='date'>19<\/em><em class='month'>Okt.<\/em><em class='time'>14:15<\/em><\/span><span class='evo_end only_time'><em class='time'>15:15<\/em><\/span><em class='clear'><\/em><\/span><span class='evcal_desc evo_info hide_eventtopdata '  data-location_status=\"false\" ><span class='evo_above_title'><\/span><span class='evcal_desc2 evcal_event_title' itemprop='name'>Wir pfeifen auf den Gurkenk\u00f6nig<\/span><span class='evo_below_title'><span class='evcal_event_subtitle' >Geschlossene Schulveranstaltung: Figurentheater mit Live-Musik<\/span><\/span><span class='evcal_desc_info' ><em class='evcal_time'>14:15 - 15:15<\/em> <em class=\"evcal_location\"  data-add_str=\"\"><em class=\"event_location_name\">Realschule Neuhaus am Inn<\/em><\/em><\/span><span class='evcal_desc3'><\/span><\/span><em class='clear'><\/em><\/a><\/p><div class='event_description evcal_eventcard ' style=\"display:none\"><div class='evo_metarow_directimg'><img class='evo_event_main_img' src='https:\/\/www.wochen-zur-demokratie.de\/archiv\/wp-content\/uploads\/2020\/10\/gurkenkoenig3-web.jpg' \/><\/div><div class='evo_event_images'><span class='evo_event_more_img select'><img title='' src='https:\/\/www.wochen-zur-demokratie.de\/archiv\/wp-content\/uploads\/2020\/10\/gurkenkoenig3-web.jpg' data-f='https:\/\/www.wochen-zur-demokratie.de\/archiv\/wp-content\/uploads\/2020\/10\/gurkenkoenig3-web.jpg'\/><\/span><span class='evo_event_more_img '><img title='' src='https:\/\/www.wochen-zur-demokratie.de\/archiv\/wp-content\/uploads\/2020\/09\/gurkenkoenig1-web-150x150.jpg' data-f='https:\/\/www.wochen-zur-demokratie.de\/archiv\/wp-content\/uploads\/2020\/09\/gurkenkoenig1-web.jpg' data-h='708' data-w='652'\/><\/span><span class='evo_event_more_img '><img title='' src='https:\/\/www.wochen-zur-demokratie.de\/archiv\/wp-content\/uploads\/2020\/10\/gurkenkoenig2-web-150x150.jpg' data-f='https:\/\/www.wochen-zur-demokratie.de\/archiv\/wp-content\/uploads\/2020\/10\/gurkenkoenig2-web.jpg' data-h='496' data-w='850'\/><\/span><span class='evo_event_more_img '><img title='' src='https:\/\/www.wochen-zur-demokratie.de\/archiv\/wp-content\/uploads\/2020\/10\/gurkenkoenig1-web-150x150.jpg' data-f='https:\/\/www.wochen-zur-demokratie.de\/archiv\/wp-content\/uploads\/2020\/10\/gurkenkoenig1-web.jpg' data-h='554' data-w='850'\/><\/span><\/div><div class='evo_metarow_details evorow evcal_evdata_row bordb evcal_event_details'>\n\t\t\t\t\t\t\t<div class=\"event_excerpt\" style=\"display:none\"><h3 class=\"padb5 evo_h3\">Event Details<\/h3><p>Geschlossene Schulveranstaltung\r\nEines Tages taucht bei der Familie Hogelmann ein seltsamer Gurkenk\u00f6nig auf. Seine Untertanen haben ihn abgesetzt. Sie wollen keinen Despoten, der nur an das eigene Wohlergehen denkt. Nun versucht<\/p><\/div><span class='evcal_evdata_icons'><i class='fa fa-align-justify'><\/i><\/span>\n\t\t\t\t\t\t\t\n\t\t\t\t\t\t\t<div class='evcal_evdata_cell shorter_desc'><div class='eventon_details_shading_bot'>\n\t\t\t\t\t\t\t\t<p class='eventon_shad_p' content='less'><span class='ev_more_text' data-txt='Weniger anzeigen'>Mehr anzeigen<\/span><span class='ev_more_arrow'><\/span><\/p>\n\t\t\t\t\t\t\t<\/div><div class='eventon_full_description'>\n\t\t\t\t\t\t\t\t\t<h3 class='padb5 evo_h3'><span class='evcal_evdata_icons'><i class='fa fa-align-justify'><\/i><\/span>Event Details<\/h3><div class='eventon_desc_in' itemprop='description'>\n\t\t\t\t\t\t\t\t\t<p><strong>Geschlossene Schulveranstaltung<\/strong><br \/>\nEines Tages taucht bei der Familie Hogelmann ein seltsamer Gurkenk\u00f6nig auf. Seine Untertanen haben ihn abgesetzt. Sie wollen keinen Despoten, der nur an das eigene Wohlergehen denkt. Nun versucht er, seine Machtinteressen in der Familie Hogelmann durchzusetzen. Er manipuliert den Vater und spielt die Familienmitglieder skrupellos gegeneinander aus, bis die Kinder die Sache in die Hand nehmen.<br \/>\n<strong>Christine N\u00f6stlinger<\/strong> gewann 1973 f\u00fcr dieses Buch den <strong>Deutschen Jugendliteraturpreis<\/strong>.<br \/>\n<strong>Regie<\/strong>: Annika Pilstl und Dorothee Carls<br \/>\n<strong>SpielerInnen<\/strong>: Andra Taglinger, Manfredi Siragusa, Gerti Tr\u00f6binger<\/p>\n<\/div><div class='clear'><\/div>\n\t\t\t\t\t\t\t\t<\/div>\n\t\t\t\t\t\t\t<\/div>\n\t\t\t\t\t\t<\/div><div class='evo_metarow_organizer evorow evcal_evdata_row bordb evcal_evrow_sm '>\n\t\t\t\t\t\t\t<span class='evcal_evdata_icons'><i class='fa fa-address-book-o'><\/i><\/span>\n\t\t\t\t\t\t\t<div class='evcal_evdata_cell'>\t\t\t\t\t\t\t\n\t\t\t\t\t\t\t\t<h3 class='evo_h3'>Mitveranstalter \/ Partner<\/h3>\n\t\t\t\t\t\t\t\t<p class='evo_data_val evo_card_organizer_image'><img src='https:\/\/www.wochen-zur-demokratie.de\/archiv\/wp-content\/uploads\/2019\/09\/logo-maria-ward-264x300.jpg'\/><\/p>\n\t\t\t\t\t\t\t\t<div class='evo_card_organizer'><p class='evo_data_val evo_card_organizer_name'>\n\t\t\t\t\t\t\t\t\t<span class='evo_card_organizer_name_t'>Realschule Neuhaus am Inn<\/span><span class='evo_card_organizer_description'>Gef\u00f6rdert vom Kulturf\u00f6rderverein Neuhaus\/Inn<\/span>\n\t\t\t\t\t\t\t\t\t\n\t\t\t\t\t\t\t\t\t<\/p><\/div><div class='clear'><\/div>\t\t\t\t\t\t\t\n\t\t\t\t\t\t\t<\/div>\n\t\t\t\t\t\t<\/div>\t\t\t\t\t\t<div class='evo_metarow_ICS evorow bordb evcal_evdata_row'>\n\t\t\t\t\t\t\t<span class=\"evcal_evdata_icons\"><i class=\"fa fa-calendar\"><\/i><\/span>\n\t\t\t\t\t\t\t<div class='evcal_evdata_cell'>\n\t\t\t\t\t\t\t\t<p><a href='https:\/\/www.wochen-zur-demokratie.de\/archiv\/wp-admin\/admin-ajax.php?action=eventon_ics_download&amp;event_id=2629&amp;ri=0' class='evo_ics_nCal' title='Zum Ihrem Kalender hinzuf\u00fcgen'>Zum Kalender hinzuf\u00fcgen<\/a><a href='\/\/www.google.com\/calendar\/event?action=TEMPLATE&amp;text=Wir+pfeifen+auf+den+Gurkenk%C3%B6nig&amp;dates=20201019T121500Z\/20201019T131500Z&amp;details=Geschlossene+Schulveranstaltung%0D%0AEines+Tages+taucht+bei+der+Familie+Hogelmann+ein+seltsamer+Gurkenk%C3%B6nig+auf.+Seine+Untertanen+haben+ihn+abgesetzt.+Sie+wollen+keinen+Despoten%2C+der+nur+an+das+eigene+Wohlergehen+denkt.+Nun+versucht&amp;location=Realschule+Neuhaus+am+Inn - ' target='_blank' class='evo_ics_gCal' title='Zum Ihrem Google-Kalender hinzuf\u00fcgen'>GoogleCal<\/a><\/p>\t\n\t\t\t\t\t\t\t<\/div>\n\t\t\t\t\t\t<\/div>\n\t\t\t\t\t\t<div class='bordb evo_metarow_socialmedia evcal_evdata_row  lastrow'><div class='evo_sm FacebookShare'><a class=\" evo_ss\" target=\"_blank\" onclick=\"javascript:window.open(this.href, '', 'left=50,top=50,width=600,height=350,toolbar=0');return false;\"\n\t\t\t\t\t\t\t\thref=\"http:\/\/www.facebook.com\/sharer.php?u=https%3A%2F%2Fwww.wochen-zur-demokratie.de%2Farchiv%2Fevents%2Fwir-pfeifen-auf-den-gurkenkoenig-copy%2F\" title=\"Diese Veranstaltung auf Facebook teilen\"><i class=\"fa fa-facebook\"><\/i><\/a><\/div><div class='evo_sm Twitter'><a class=\"tw evo_ss\" onclick=\"javascript:window.open(this.href, '', 'menubar=no,toolbar=no,resizable=yes,scrollbars=yes,height=300,width=600');return false;\" href=\"http:\/\/twitter.com\/intent\/tweet?text=Wir pfeifen auf den Gurkenk\u00f6nig&#32;-&#32;&url=https%3A%2F%2Fwww.wochen-zur-demokratie.de%2Farchiv%2Fevents%2Fwir-pfeifen-auf-den-gurkenkoenig-copy%2F\" title=\"Diese Veranstaltung auf Twitter teilen\" rel=\"nofollow\" target=\"_blank\" data-url=\"https%3A%2F%2Fwww.wochen-zur-demokratie.de%2Farchiv%2Fevents%2Fwir-pfeifen-auf-den-gurkenkoenig-copy%2F\"><i class=\"fa fa-twitter\"><\/i><\/a><\/div><div class='evo_sm LinkedIn'><a class=\"li evo_ss\" href=\"http:\/\/www.linkedin.com\/shareArticle?mini=true&url=https%3A%2F%2Fwww.wochen-zur-demokratie.de%2Farchiv%2Fevents%2Fwir-pfeifen-auf-den-gurkenkoenig-copy%2F&title=Wir%20pfeifen%20auf%20den%20Gurkenk%C3%B6nig&summary=Geschlossene+Schulveranstaltung%0AEines+Tages+taucht+bei+der+Familie+Hogelmann+ein+seltsamer+Gurkenk%C3%B6nig+auf.+Seine+Untertanen+haben\" target=\"_blank\" title=\"Diese Veranstaltung auf Linkedin teilen\"><i class=\"fa fa-linkedin\"><\/i><\/a><\/div><div class='evo_sm EmailShare'><a class=\"em evo_ss\" href=\"mailto:?subject=Wir pfeifen auf den Gurkenk\u00f6nig&body=Event Name: Wir pfeifen auf den Gurkenk\u00f6nig%0AEvent Date: 19\/10\/2020 14:15 - 15:15%0ALink: https%3A%2F%2Fwww.wochen-zur-demokratie.de%2Farchiv%2Fevents%2Fwir-pfeifen-auf-den-gurkenkoenig-copy%2F%0A\" target=\"_blank\"><i class=\"fa fa-envelope\"><\/i><\/a><\/div><div class='clear'><\/div><div class='evcal_evdata_row evcal_close' title='Close'><\/div><\/div><div class='evo_card_row_end evcal_close' title='Close'><\/div><\/div><div class='clear end'><\/div><\/div><div style=\"background-color: #c766a4;height: 275px;\" id=\"event_2586\" class=\"eventon_list_event evo_eventtop past_event event event_2586_0\" data-event_id=\"2586\" data-ri=\"0r\" data-time=\"1603130400-1603134000\" data-colr=\"#c766a4\" itemscope itemtype='http:\/\/schema.org\/Event'><div class=\"evo_event_schema\" style=\"display:none\" ><a itemprop='url'  href='https:\/\/www.wochen-zur-demokratie.de\/archiv\/events\/wir-pfeifen-auf-den-gurkenkoenig\/'><\/a><span itemprop='name'  >Wir pfeifen auf den Gurkenk\u00f6nig<\/span><meta itemprop='image' content=\"https:\/\/www.wochen-zur-demokratie.de\/archiv\/wp-content\/uploads\/2020\/10\/gurkenkoenig3-web.jpg\" \/><meta itemprop='description' content=\"Eines Tages taucht bei der Familie Hogelmann ein seltsamer Despot auf...  Dem Theaterst\u00fcck liegt der phantastische gleichnamige Kinderroman aus dem Jahr 1972 zugrunde. Die \u00f6sterreichische Autorin Christine N\u00f6stlinger gewann 1973 f\u00fcr\" \/><meta itemprop='startDate' content=\"2020-10-19T18:00\" \/><meta itemprop='endDate' content=\"2020-10-19T19:00\" \/><meta itemprop='eventStatus' content=\"on-schedule\" \/><script type=\"application\/ld+json\">{\t\"@context\": \"http:\/\/schema.org\",\n\t\t\t\t\t\t\t  \t\"@type\": \"Event\",\n\t\t\t\t\t\t\t  \t\"name\": \"Wir pfeifen auf den Gurkenk\u00f6nig\",\n\t\t\t\t\t\t\t  \t\"startDate\": \"2020-10-19T18-18-00-00\",\n\t\t\t\t\t\t\t  \t\"endDate\": \"2020-10-19T19-19-00-00\",\n\t\t\t\t\t\t\t  \t\"image\":\"https:\/\/www.wochen-zur-demokratie.de\/archiv\/wp-content\/uploads\/2020\/10\/gurkenkoenig3-web.jpg\",\n\t\t\t\t\t\t\t  \t\"description\":\"Eines Tages taucht bei der Familie Hogelmann ein seltsamer Despot auf...  Dem Theaterst\u00fcck liegt der phantastische gleichnamige Kinderroman aus dem Jahr 1972 zugrunde. Die \u00f6sterreichische Autorin Christine N\u00f6stlinger gewann 1973 f\u00fcr\"\n\t\t\t\t\t\t\t  \t\n\t\t\t\t\t\t\t }<\/script><\/div>\n\t\t\t\t<p class=\"desc_trig_outter\"><a data-gmap_status=\"null\" data-gmtrig=\"1\" data-exlk=\"0\" id=\"evc_16031304002586\" class=\"desc_trig sin_val evcal_list_a\" data-ux_val=\"3\"  ><span class='evcal_cblock ' data-bgcolor='#c766a4' data-smon='Oktober' data-syr='2020'><span class='evo_start '><em class='date'>19<\/em><em class='month'>Okt.<\/em><em class='time'>18:00<\/em><\/span><span class='evo_end only_time'><em class='time'>19:00<\/em><\/span><em class='clear'><\/em><\/span><span class='evcal_desc evo_info hide_eventtopdata '  data-location_status=\"false\" ><span class='evo_above_title'><\/span><span class='evcal_desc2 evcal_event_title' itemprop='name'>Wir pfeifen auf den Gurkenk\u00f6nig<\/span><span class='evo_below_title'><span class='evcal_event_subtitle' >Figurentheater mit Live-Musik<\/span><\/span><span class='evcal_desc_info' ><em class='evcal_time'>18:00 - 19:00<\/em> <em class=\"evcal_location\"  data-add_str=\"\"><em class=\"event_location_name\">Realschule Neuhaus am Inn<\/em><\/em><\/span><span class='evcal_desc3'><\/span><\/span><em class='clear'><\/em><\/a><\/p><div class='event_description evcal_eventcard ' style=\"display:none\"><div class='evo_metarow_directimg'><img class='evo_event_main_img' src='https:\/\/www.wochen-zur-demokratie.de\/archiv\/wp-content\/uploads\/2020\/10\/gurkenkoenig3-web.jpg' \/><\/div><div class='evo_event_images'><span class='evo_event_more_img select'><img title='' src='https:\/\/www.wochen-zur-demokratie.de\/archiv\/wp-content\/uploads\/2020\/10\/gurkenkoenig3-web.jpg' data-f='https:\/\/www.wochen-zur-demokratie.de\/archiv\/wp-content\/uploads\/2020\/10\/gurkenkoenig3-web.jpg'\/><\/span><span class='evo_event_more_img '><img title='' src='https:\/\/www.wochen-zur-demokratie.de\/archiv\/wp-content\/uploads\/2020\/09\/gurkenkoenig1-web-150x150.jpg' data-f='https:\/\/www.wochen-zur-demokratie.de\/archiv\/wp-content\/uploads\/2020\/09\/gurkenkoenig1-web.jpg' data-h='708' data-w='652'\/><\/span><span class='evo_event_more_img '><img title='' src='https:\/\/www.wochen-zur-demokratie.de\/archiv\/wp-content\/uploads\/2020\/10\/gurkenkoenig2-web-150x150.jpg' data-f='https:\/\/www.wochen-zur-demokratie.de\/archiv\/wp-content\/uploads\/2020\/10\/gurkenkoenig2-web.jpg' data-h='496' data-w='850'\/><\/span><span class='evo_event_more_img '><img title='' src='https:\/\/www.wochen-zur-demokratie.de\/archiv\/wp-content\/uploads\/2020\/10\/gurkenkoenig1-web-150x150.jpg' data-f='https:\/\/www.wochen-zur-demokratie.de\/archiv\/wp-content\/uploads\/2020\/10\/gurkenkoenig1-web.jpg' data-h='554' data-w='850'\/><\/span><\/div><div class='evo_metarow_details evorow evcal_evdata_row bordb evcal_event_details'>\n\t\t\t\t\t\t\t<div class=\"event_excerpt\" style=\"display:none\"><h3 class=\"padb5 evo_h3\">Event Details<\/h3><p>Eines Tages taucht bei der Familie Hogelmann ein seltsamer Despot auf...\r\nDem Theaterst\u00fcck liegt der phantastische gleichnamige Kinderroman aus dem Jahr 1972 zugrunde. Die \u00f6sterreichische Autorin Christine N\u00f6stlinger gewann 1973 f\u00fcr<\/p><\/div><span class='evcal_evdata_icons'><i class='fa fa-align-justify'><\/i><\/span>\n\t\t\t\t\t\t\t\n\t\t\t\t\t\t\t<div class='evcal_evdata_cell '><div class='eventon_full_description'>\n\t\t\t\t\t\t\t\t\t<h3 class='padb5 evo_h3'><span class='evcal_evdata_icons'><i class='fa fa-align-justify'><\/i><\/span>Event Details<\/h3><div class='eventon_desc_in' itemprop='description'>\n\t\t\t\t\t\t\t\t\t<p>Eines Tages taucht bei der Familie Hogelmann ein seltsamer Despot auf&#8230;<br \/>\nDem Theaterst\u00fcck liegt der phantastische gleichnamige Kinderroman aus dem Jahr 1972 zugrunde. Die \u00f6sterreichische <strong>Autorin Christine N\u00f6stlinger<\/strong> gewann 1973 f\u00fcr dieses Buch den <strong>Deutschen Jugendliteraturpreis<\/strong>.<\/p>\n<p><strong>K\u00fcnstlerisches Konzept und Regie<\/strong>: Annika Pilstl und Dorothee Carls<br \/>\n<strong>Es spielten<\/strong>: Andra Taglinger, Manfredi Siragusa, Gerti Tr\u00f6binger.<\/p>\n<\/div><div class='clear'><\/div>\n\t\t\t\t\t\t\t\t<\/div>\n\t\t\t\t\t\t\t<\/div>\n\t\t\t\t\t\t<\/div><div class='evo_metarow_organizer evorow evcal_evdata_row bordb evcal_evrow_sm '>\n\t\t\t\t\t\t\t<span class='evcal_evdata_icons'><i class='fa fa-address-book-o'><\/i><\/span>\n\t\t\t\t\t\t\t<div class='evcal_evdata_cell'>\t\t\t\t\t\t\t\n\t\t\t\t\t\t\t\t<h3 class='evo_h3'>Mitveranstalter \/ Partner<\/h3>\n\t\t\t\t\t\t\t\t<p class='evo_data_val evo_card_organizer_image'><img src='https:\/\/www.wochen-zur-demokratie.de\/archiv\/wp-content\/uploads\/2020\/09\/Logo-KFV-web.jpg'\/><\/p>\n\t\t\t\t\t\t\t\t<div class='evo_card_organizer'><p class='evo_data_val evo_card_organizer_name'>\n\t\t\t\t\t\t\t\t\t<span class='evo_card_organizer_name_t'>Kulturf\u00f6rderverein Neuhaus a. Inn<\/span>\n\t\t\t\t\t\t\t\t\t\n\t\t\t\t\t\t\t\t\t<\/p><\/div><div class='clear'><\/div>\t\t\t\t\t\t\t\n\t\t\t\t\t\t\t<\/div>\n\t\t\t\t\t\t<\/div>\t\t\t\t\t\t<div class='evo_metarow_ICS evorow bordb evcal_evdata_row'>\n\t\t\t\t\t\t\t<span class=\"evcal_evdata_icons\"><i class=\"fa fa-calendar\"><\/i><\/span>\n\t\t\t\t\t\t\t<div class='evcal_evdata_cell'>\n\t\t\t\t\t\t\t\t<p><a href='https:\/\/www.wochen-zur-demokratie.de\/archiv\/wp-admin\/admin-ajax.php?action=eventon_ics_download&amp;event_id=2586&amp;ri=0' class='evo_ics_nCal' title='Zum Ihrem Kalender hinzuf\u00fcgen'>Zum Kalender hinzuf\u00fcgen<\/a><a href='\/\/www.google.com\/calendar\/event?action=TEMPLATE&amp;text=Wir+pfeifen+auf+den+Gurkenk%C3%B6nig&amp;dates=20201019T160000Z\/20201019T170000Z&amp;details=Eines+Tages+taucht+bei+der+Familie+Hogelmann+ein+seltsamer+Despot+auf...%0D%0ADem+Theaterst%C3%BCck+liegt+der+phantastische+gleichnamige+Kinderroman+aus+dem+Jahr+1972+zugrunde.+Die+%C3%B6sterreichische+Autorin+Christine+N%C3%B6stlinger+gewann+1973+f%C3%BCr&amp;location=Realschule+Neuhaus+am+Inn - ' target='_blank' class='evo_ics_gCal' title='Zum Ihrem Google-Kalender hinzuf\u00fcgen'>GoogleCal<\/a><\/p>\t\n\t\t\t\t\t\t\t<\/div>\n\t\t\t\t\t\t<\/div>\n\t\t\t\t\t\t<div class='bordb evo_metarow_socialmedia evcal_evdata_row  lastrow'><div class='evo_sm FacebookShare'><a class=\" evo_ss\" target=\"_blank\" onclick=\"javascript:window.open(this.href, '', 'left=50,top=50,width=600,height=350,toolbar=0');return false;\"\n\t\t\t\t\t\t\t\thref=\"http:\/\/www.facebook.com\/sharer.php?u=https%3A%2F%2Fwww.wochen-zur-demokratie.de%2Farchiv%2Fevents%2Fwir-pfeifen-auf-den-gurkenkoenig%2F\" title=\"Diese Veranstaltung auf Facebook teilen\"><i class=\"fa fa-facebook\"><\/i><\/a><\/div><div class='evo_sm Twitter'><a class=\"tw evo_ss\" onclick=\"javascript:window.open(this.href, '', 'menubar=no,toolbar=no,resizable=yes,scrollbars=yes,height=300,width=600');return false;\" href=\"http:\/\/twitter.com\/intent\/tweet?text=Wir pfeifen auf den Gurkenk\u00f6nig&#32;-&#32;&url=https%3A%2F%2Fwww.wochen-zur-demokratie.de%2Farchiv%2Fevents%2Fwir-pfeifen-auf-den-gurkenkoenig%2F\" title=\"Diese Veranstaltung auf Twitter teilen\" rel=\"nofollow\" target=\"_blank\" data-url=\"https%3A%2F%2Fwww.wochen-zur-demokratie.de%2Farchiv%2Fevents%2Fwir-pfeifen-auf-den-gurkenkoenig%2F\"><i class=\"fa fa-twitter\"><\/i><\/a><\/div><div class='evo_sm LinkedIn'><a class=\"li evo_ss\" href=\"http:\/\/www.linkedin.com\/shareArticle?mini=true&url=https%3A%2F%2Fwww.wochen-zur-demokratie.de%2Farchiv%2Fevents%2Fwir-pfeifen-auf-den-gurkenkoenig%2F&title=Wir%20pfeifen%20auf%20den%20Gurkenk%C3%B6nig&summary=Eines+Tages+taucht+bei+der+Familie+Hogelmann+ein+seltsamer+Despot+auf%26%238230%3B%0ADem+Theaterst%C3%BCck+liegt+der+phantastische\" target=\"_blank\" title=\"Diese Veranstaltung auf Linkedin teilen\"><i class=\"fa fa-linkedin\"><\/i><\/a><\/div><div class='evo_sm EmailShare'><a class=\"em evo_ss\" href=\"mailto:?subject=Wir pfeifen auf den Gurkenk\u00f6nig&body=Event Name: Wir pfeifen auf den Gurkenk\u00f6nig%0AEvent Date: 19\/10\/2020 18:00 - 19:00%0ALink: https%3A%2F%2Fwww.wochen-zur-demokratie.de%2Farchiv%2Fevents%2Fwir-pfeifen-auf-den-gurkenkoenig%2F%0A\" target=\"_blank\"><i class=\"fa fa-envelope\"><\/i><\/a><\/div><div class='clear'><\/div><div class='evcal_evdata_row evcal_close' title='Close'><\/div><\/div><div class='evo_card_row_end evcal_close' title='Close'><\/div><\/div><div class='clear end'><\/div><\/div><div style=\"background-color: #c766a4;height: 275px;\" id=\"event_2588\" class=\"eventon_list_event evo_eventtop past_event event event_2588_0\" data-event_id=\"2588\" data-ri=\"0r\" data-time=\"1603132200-1603137600\" data-colr=\"#c766a4\" itemscope itemtype='http:\/\/schema.org\/Event'><div class=\"evo_event_schema\" style=\"display:none\" ><a itemprop='url'  href='https:\/\/www.wochen-zur-demokratie.de\/archiv\/events\/an-was-sollen-wir-glauben\/'><\/a><span itemprop='name'  >An was sollen wir glauben?<\/span><meta itemprop='image' content=\"https:\/\/www.wochen-zur-demokratie.de\/archiv\/wp-content\/uploads\/2020\/10\/vortragverschwoerung2-web.jpg\" \/><meta itemprop='description' content=\"Bill Gates will alle chippen, Corona gibt es eigentlich nicht, Merkel will die Impfdiktatur. Immer mehr verbreiten sich abenteuerliche Geschichten und scheinbare Fakten - auch im engen Freundes- und Familienkreis.\" \/><meta itemprop='startDate' content=\"2020-10-19T18:30\" \/><meta itemprop='endDate' content=\"2020-10-19T20:00\" \/><meta itemprop='eventStatus' content=\"on-schedule\" \/><script type=\"application\/ld+json\">{\t\"@context\": \"http:\/\/schema.org\",\n\t\t\t\t\t\t\t  \t\"@type\": \"Event\",\n\t\t\t\t\t\t\t  \t\"name\": \"An was sollen wir glauben?\",\n\t\t\t\t\t\t\t  \t\"startDate\": \"2020-10-19T18-18-30-00\",\n\t\t\t\t\t\t\t  \t\"endDate\": \"2020-10-19T20-20-00-00\",\n\t\t\t\t\t\t\t  \t\"image\":\"https:\/\/www.wochen-zur-demokratie.de\/archiv\/wp-content\/uploads\/2020\/10\/vortragverschwoerung2-web.jpg\",\n\t\t\t\t\t\t\t  \t\"description\":\"Bill Gates will alle chippen, Corona gibt es eigentlich nicht, Merkel will die Impfdiktatur. Immer mehr verbreiten sich abenteuerliche Geschichten und scheinbare Fakten - auch im engen Freundes- und Familienkreis.\"\n\t\t\t\t\t\t\t  \t\n\t\t\t\t\t\t\t }<\/script><\/div>\n\t\t\t\t<p class=\"desc_trig_outter\"><a data-gmap_status=\"null\" data-exlk=\"0\" id=\"evc_16031322002588\" class=\"desc_trig sin_val evcal_list_a\" data-ux_val=\"3\"  ><span class='evcal_cblock ' data-bgcolor='#c766a4' data-smon='Oktober' data-syr='2020'><span class='evo_start '><em class='date'>19<\/em><em class='month'>Okt.<\/em><em class='time'>18:30<\/em><\/span><span class='evo_end only_time'><em class='time'>20:00<\/em><\/span><em class='clear'><\/em><\/span><span class='evcal_desc evo_info hide_eventtopdata '  data-location_status=\"false\" ><span class='evo_above_title'><\/span><span class='evcal_desc2 evcal_event_title' itemprop='name'>An was sollen wir glauben?<\/span><span class='evo_below_title'><span class='evcal_event_subtitle' >Fakten, Fakes und Verschw\u00f6rungsgeschichten. Ein Vortrag<\/span><\/span><span class='evcal_desc_info' ><em class='evcal_time'>18:30 - 20:00<\/em> <em class=\"evcal_location\"  data-add_str=\"\"><em class=\"event_location_name\">Seminarr\u00e4ume Lederergasse 1, Passau<\/em><\/em><\/span><span class='evcal_desc3'><\/span><\/span><em class='clear'><\/em><\/a><\/p><div class='event_description evcal_eventcard ' style=\"display:none\"><div class='evo_metarow_directimg'><img class='evo_event_main_img' src='https:\/\/www.wochen-zur-demokratie.de\/archiv\/wp-content\/uploads\/2020\/10\/vortragverschwoerung2-web.jpg' \/><\/div><div class='evo_event_images'><span class='evo_event_more_img select'><img title='' src='https:\/\/www.wochen-zur-demokratie.de\/archiv\/wp-content\/uploads\/2020\/10\/vortragverschwoerung2-web.jpg' data-f='https:\/\/www.wochen-zur-demokratie.de\/archiv\/wp-content\/uploads\/2020\/10\/vortragverschwoerung2-web.jpg'\/><\/span><span class='evo_event_more_img '><img title='' src='https:\/\/www.wochen-zur-demokratie.de\/archiv\/wp-content\/uploads\/2020\/09\/Fakten-Fakes-web-150x150.jpg' data-f='https:\/\/www.wochen-zur-demokratie.de\/archiv\/wp-content\/uploads\/2020\/09\/Fakten-Fakes-web.jpg' data-h='461' data-w='652'\/><\/span><span class='evo_event_more_img '><img title='' src='https:\/\/www.wochen-zur-demokratie.de\/archiv\/wp-content\/uploads\/2020\/10\/IMG_2306-150x150.jpg' data-f='https:\/\/www.wochen-zur-demokratie.de\/archiv\/wp-content\/uploads\/2020\/10\/IMG_2306-scaled.jpg' data-h='1920' data-w='2560'\/><\/span><\/div><div class='evo_metarow_details evorow evcal_evdata_row bordb evcal_event_details'>\n\t\t\t\t\t\t\t<div class=\"event_excerpt\" style=\"display:none\"><h3 class=\"padb5 evo_h3\">Event Details<\/h3><p>Bill Gates will alle chippen, Corona gibt es eigentlich nicht, Merkel will die Impfdiktatur. Immer mehr verbreiten sich abenteuerliche Geschichten und scheinbare Fakten - auch im engen Freundes- und Familienkreis.<\/p><\/div><span class='evcal_evdata_icons'><i class='fa fa-align-justify'><\/i><\/span>\n\t\t\t\t\t\t\t\n\t\t\t\t\t\t\t<div class='evcal_evdata_cell '><div class='eventon_full_description'>\n\t\t\t\t\t\t\t\t\t<h3 class='padb5 evo_h3'><span class='evcal_evdata_icons'><i class='fa fa-align-justify'><\/i><\/span>Event Details<\/h3><div class='eventon_desc_in' itemprop='description'>\n\t\t\t\t\t\t\t\t\t<p>Bill Gates will alle chippen, Corona gibt es eigentlich nicht, Merkel will die Impfdiktatur. Immer mehr verbreiten sich abenteuerliche Geschichten und scheinbare Fakten &#8211; auch im engen Freundes- und Familienkreis. <strong>Was ist real, was ist Phantasie und wie kann ich das eine vom anderen unterscheiden?<\/strong><br \/>\n<strong>Referentin Perdita Wingerter<\/strong> von \u201eGemeinsam leben und lernen in Europa e.V.\u201c versuchte hierauf ein paar Antworten zu geben. Rund 15 BesucherInnen lauschten ihren Ausf\u00fchrungen.<\/p>\n<\/div><div class='clear'><\/div>\n\t\t\t\t\t\t\t\t<\/div>\n\t\t\t\t\t\t\t<\/div>\n\t\t\t\t\t\t<\/div><div class='evo_metarow_organizer evorow evcal_evdata_row bordb evcal_evrow_sm '>\n\t\t\t\t\t\t\t<span class='evcal_evdata_icons'><i class='fa fa-address-book-o'><\/i><\/span>\n\t\t\t\t\t\t\t<div class='evcal_evdata_cell'>\t\t\t\t\t\t\t\n\t\t\t\t\t\t\t\t<h3 class='evo_h3'>Mitveranstalter \/ Partner<\/h3>\n\t\t\t\t\t\t\t\t<p class='evo_data_val evo_card_organizer_image'><img src='https:\/\/www.wochen-zur-demokratie.de\/archiv\/wp-content\/uploads\/2019\/07\/logo-lebenundlernenineuropa.jpg'\/><\/p>\n\t\t\t\t\t\t\t\t<div class='evo_card_organizer'><p class='evo_data_val evo_card_organizer_name'>\n\t\t\t\t\t\t\t\t\t<span class='evo_card_organizer_name_t'>Gemeinsam leben und lernen in Europa e.V.<\/span>\n\t\t\t\t\t\t\t\t\t\n\t\t\t\t\t\t\t\t\t<\/p><\/div><div class='clear'><\/div>\t\t\t\t\t\t\t\n\t\t\t\t\t\t\t<\/div>\n\t\t\t\t\t\t<\/div>\t\t\t\t\t\t<div class='evo_metarow_ICS evorow bordb evcal_evdata_row'>\n\t\t\t\t\t\t\t<span class=\"evcal_evdata_icons\"><i class=\"fa fa-calendar\"><\/i><\/span>\n\t\t\t\t\t\t\t<div class='evcal_evdata_cell'>\n\t\t\t\t\t\t\t\t<p><a href='https:\/\/www.wochen-zur-demokratie.de\/archiv\/wp-admin\/admin-ajax.php?action=eventon_ics_download&amp;event_id=2588&amp;ri=0' class='evo_ics_nCal' title='Zum Ihrem Kalender hinzuf\u00fcgen'>Zum Kalender hinzuf\u00fcgen<\/a><a href='\/\/www.google.com\/calendar\/event?action=TEMPLATE&amp;text=An+was+sollen+wir+glauben%3F&amp;dates=20201019T163000Z\/20201019T180000Z&amp;details=Bill+Gates+will+alle+chippen%2C+Corona+gibt+es+eigentlich+nicht%2C+Merkel+will+die+Impfdiktatur.+Immer+mehr+verbreiten+sich+abenteuerliche+Geschichten+und+scheinbare+Fakten+-+auch+im+engen+Freundes-+und+Familienkreis.&amp;location=Seminarr%C3%A4ume+Lederergasse+1%2C+Passau - ' target='_blank' class='evo_ics_gCal' title='Zum Ihrem Google-Kalender hinzuf\u00fcgen'>GoogleCal<\/a><\/p>\t\n\t\t\t\t\t\t\t<\/div>\n\t\t\t\t\t\t<\/div>\n\t\t\t\t\t\t<div class='bordb evo_metarow_socialmedia evcal_evdata_row  lastrow'><div class='evo_sm FacebookShare'><a class=\" evo_ss\" target=\"_blank\" onclick=\"javascript:window.open(this.href, '', 'left=50,top=50,width=600,height=350,toolbar=0');return false;\"\n\t\t\t\t\t\t\t\thref=\"http:\/\/www.facebook.com\/sharer.php?u=https%3A%2F%2Fwww.wochen-zur-demokratie.de%2Farchiv%2Fevents%2Fan-was-sollen-wir-glauben%2F\" title=\"Diese Veranstaltung auf Facebook teilen\"><i class=\"fa fa-facebook\"><\/i><\/a><\/div><div class='evo_sm Twitter'><a class=\"tw evo_ss\" onclick=\"javascript:window.open(this.href, '', 'menubar=no,toolbar=no,resizable=yes,scrollbars=yes,height=300,width=600');return false;\" href=\"http:\/\/twitter.com\/intent\/tweet?text=An was sollen wir glauben?&#32;-&#32;&url=https%3A%2F%2Fwww.wochen-zur-demokratie.de%2Farchiv%2Fevents%2Fan-was-sollen-wir-glauben%2F\" title=\"Diese Veranstaltung auf Twitter teilen\" rel=\"nofollow\" target=\"_blank\" data-url=\"https%3A%2F%2Fwww.wochen-zur-demokratie.de%2Farchiv%2Fevents%2Fan-was-sollen-wir-glauben%2F\"><i class=\"fa fa-twitter\"><\/i><\/a><\/div><div class='evo_sm LinkedIn'><a class=\"li evo_ss\" href=\"http:\/\/www.linkedin.com\/shareArticle?mini=true&url=https%3A%2F%2Fwww.wochen-zur-demokratie.de%2Farchiv%2Fevents%2Fan-was-sollen-wir-glauben%2F&title=An%20was%20sollen%20wir%20glauben%3F&summary=Bill+Gates+will+alle+chippen%2C+Corona+gibt+es+eigentlich+nicht%2C+Merkel+will+die+Impfdiktatur.+Immer+mehr\" target=\"_blank\" title=\"Diese Veranstaltung auf Linkedin teilen\"><i class=\"fa fa-linkedin\"><\/i><\/a><\/div><div class='evo_sm EmailShare'><a class=\"em evo_ss\" href=\"mailto:?subject=An was sollen wir glauben?&body=Event Name: An was sollen wir glauben?%0AEvent Date: 19\/10\/2020 18:30 - 20:00%0ALink: https%3A%2F%2Fwww.wochen-zur-demokratie.de%2Farchiv%2Fevents%2Fan-was-sollen-wir-glauben%2F%0A\" target=\"_blank\"><i class=\"fa fa-envelope\"><\/i><\/a><\/div><div class='clear'><\/div><div class='evcal_evdata_row evcal_close' title='Close'><\/div><\/div><div class='evo_card_row_end evcal_close' title='Close'><\/div><\/div><div class='clear end'><\/div><\/div><div style=\"background-color: #c766a4;height: 275px;\" id=\"event_2587\" class=\"eventon_list_event evo_eventtop past_event event event_2587_0\" data-event_id=\"2587\" data-ri=\"0r\" data-time=\"1603134000-1603141200\" data-colr=\"#c766a4\" itemscope itemtype='http:\/\/schema.org\/Event'><div class=\"evo_event_schema\" style=\"display:none\" ><a itemprop='url'  href='https:\/\/www.wochen-zur-demokratie.de\/archiv\/events\/woidboxer\/'><\/a><span itemprop='name'  >Woidboxer<\/span><meta itemprop='image' content=\"https:\/\/www.wochen-zur-demokratie.de\/archiv\/wp-content\/uploads\/2020\/10\/woidboxer1-web.jpg\" \/><meta itemprop='description' content=\"Mimpfm\u00f6h! Einmal mehr zeigte Babsi Dorsch ihre Palette an Facetten und begeisterte zusammen mit Darwin Schloer das Publikum im Caf\u00e8 Duftleben.  Die Texte von Florian Burgmayr wurden von Babsi Dorsch genial\" \/><meta itemprop='startDate' content=\"2020-10-19T19:00\" \/><meta itemprop='endDate' content=\"2020-10-19T21:00\" \/><meta itemprop='eventStatus' content=\"on-schedule\" \/>\n\t\t\t\t\t\t\t\t\t<item style=\"display:none\" itemprop=\"location\" itemscope itemtype=\"http:\/\/schema.org\/Place\">\n\t\t\t\t\t\t\t\t\t\t<span itemprop=\"name\">Cafe Duftleben<\/span>\n\t\t\t\t\t\t\t\t\t\t<span itemprop=\"address\" itemscope itemtype=\"http:\/\/schema.org\/PostalAddress\">\n\t\t\t\t\t\t\t\t\t\t\t<item itemprop=\"streetAddress\">94032 Passau, Theresienstra\u00dfe 22<\/item>\n\t\t\t\t\t\t\t\t\t\t<\/span><\/item><script type=\"application\/ld+json\">{\t\"@context\": \"http:\/\/schema.org\",\n\t\t\t\t\t\t\t  \t\"@type\": \"Event\",\n\t\t\t\t\t\t\t  \t\"name\": \"Woidboxer\",\n\t\t\t\t\t\t\t  \t\"startDate\": \"2020-10-19T19-19-00-00\",\n\t\t\t\t\t\t\t  \t\"endDate\": \"2020-10-19T21-21-00-00\",\n\t\t\t\t\t\t\t  \t\"image\":\"https:\/\/www.wochen-zur-demokratie.de\/archiv\/wp-content\/uploads\/2020\/10\/woidboxer1-web.jpg\",\n\t\t\t\t\t\t\t  \t\"description\":\"Mimpfm\u00f6h! Einmal mehr zeigte Babsi Dorsch ihre Palette an Facetten und begeisterte zusammen mit Darwin Schloer das Publikum im Caf\u00e8 Duftleben.  Die Texte von Florian Burgmayr wurden von Babsi Dorsch genial\"\n\t\t\t\t\t\t\t  \t,\"location\":{\n\t\t\t\t\t\t\t\t\t\t\"@type\":\"Place\",\n\t\t\t\t\t\t\t\t\t\t\"name\":\"Cafe Duftleben\",\n\t\t\t\t\t\t\t\t\t\t\"address\":{\n\t\t\t\t\t\t\t\t\t\t\t\"@type\": \"PostalAddress\"\n\t\t\t\t\t\t\t\t\t\t\t\"streetAddress\":\"94032 Passau, Theresienstra\u00dfe 22\"\n\t\t\t\t\t\t\t\t\t\t}\n\t\t\t\t\t\t\t  \t\t}\n\t\t\t\t\t\t\t }<\/script><\/div>\n\t\t\t\t<p class=\"desc_trig_outter\"><a data-gmap_status=\"null\" data-exlk=\"0\" id=\"evc_16031340002587\" class=\"desc_trig sin_val evcal_list_a\" data-ux_val=\"3\"  ><span class='evcal_cblock ' data-bgcolor='#c766a4' data-smon='Oktober' data-syr='2020'><span class='evo_start '><em class='date'>19<\/em><em class='month'>Okt.<\/em><em class='time'>19:00<\/em><\/span><span class='evo_end only_time'><em class='time'>21:00<\/em><\/span><em class='clear'><\/em><\/span><span class='evcal_desc evo_info hide_eventtopdata '  data-location_address=\"94032 Passau, Theresienstra\u00dfe 22\" data-location_type=\"address\" data-location_name=\"Cafe Duftleben\" data-location_url=\"https:\/\/www.wochen-zur-demokratie.de\/archiv\/event-location\/cafe-duftleben\/\" data-location_status=\"true\" ><span class='evo_above_title'><\/span><span class='evcal_desc2 evcal_event_title' itemprop='name'>Woidboxer<\/span><span class='evo_below_title'><span class='evcal_event_subtitle' >Von der Sprachlosigkeit und Beatbox<\/span><\/span><span class='evcal_desc_info' ><em class='evcal_time'>19:00 - 21:00<\/em> <em class=\"evcal_location\"  data-add_str=\"\"><em class=\"event_location_name\">Cafe Duftleben<\/em><\/em><\/span><span class='evcal_desc3'><\/span><\/span><em class='clear'><\/em><\/a><\/p><div class='event_description evcal_eventcard ' style=\"display:none\"><div class='evo_metarow_directimg'><img class='evo_event_main_img' src='https:\/\/www.wochen-zur-demokratie.de\/archiv\/wp-content\/uploads\/2020\/10\/woidboxer1-web.jpg' \/><\/div><div class='evo_event_images'><span class='evo_event_more_img select'><img title='' src='https:\/\/www.wochen-zur-demokratie.de\/archiv\/wp-content\/uploads\/2020\/10\/woidboxer1-web.jpg' data-f='https:\/\/www.wochen-zur-demokratie.de\/archiv\/wp-content\/uploads\/2020\/10\/woidboxer1-web.jpg'\/><\/span><span class='evo_event_more_img '><img title='' src='https:\/\/www.wochen-zur-demokratie.de\/archiv\/wp-content\/uploads\/2020\/10\/woidboxer3-web-150x150.jpg' data-f='https:\/\/www.wochen-zur-demokratie.de\/archiv\/wp-content\/uploads\/2020\/10\/woidboxer3-web.jpg' data-h='471' data-w='850'\/><\/span><span class='evo_event_more_img '><img title='' src='https:\/\/www.wochen-zur-demokratie.de\/archiv\/wp-content\/uploads\/2020\/10\/woidboxer2-web-150x150.jpg' data-f='https:\/\/www.wochen-zur-demokratie.de\/archiv\/wp-content\/uploads\/2020\/10\/woidboxer2-web.jpg' data-h='501' data-w='850'\/><\/span><\/div><div class='evo_metarow_details evorow evcal_evdata_row bordb evcal_event_details'>\n\t\t\t\t\t\t\t<div class=\"event_excerpt\" style=\"display:none\"><h3 class=\"padb5 evo_h3\">Event Details<\/h3><p>Mimpfm\u00f6h! Einmal mehr zeigte Babsi Dorsch ihre Palette an Facetten und begeisterte zusammen mit Darwin Schloer das Publikum im Caf\u00e8 Duftleben.\r\nDie Texte von Florian Burgmayr wurden von Babsi Dorsch genial<\/p><\/div><span class='evcal_evdata_icons'><i class='fa fa-align-justify'><\/i><\/span>\n\t\t\t\t\t\t\t\n\t\t\t\t\t\t\t<div class='evcal_evdata_cell shorter_desc'><div class='eventon_details_shading_bot'>\n\t\t\t\t\t\t\t\t<p class='eventon_shad_p' content='less'><span class='ev_more_text' data-txt='Weniger anzeigen'>Mehr anzeigen<\/span><span class='ev_more_arrow'><\/span><\/p>\n\t\t\t\t\t\t\t<\/div><div class='eventon_full_description'>\n\t\t\t\t\t\t\t\t\t<h3 class='padb5 evo_h3'><span class='evcal_evdata_icons'><i class='fa fa-align-justify'><\/i><\/span>Event Details<\/h3><div class='eventon_desc_in' itemprop='description'>\n\t\t\t\t\t\t\t\t\t<p><strong><u>Mimpfm\u00f6h! <\/u><\/strong>Einmal mehr zeigte Babsi Dorsch ihre Palette an Facetten und begeisterte zusammen mit Darwin Schloer das Publikum im Caf\u00e8 Duftleben.<br \/>\nDie Texte von Florian Burgmayr wurden von Babsi Dorsch genial vorgetragen und mit dem \u00fcberw\u00e4ltigendem Darwin Schloer umrahmt. Eine freudvolle Mischung aus Beatbox, dadaistischen Worten und gemeinsamer Wertsch\u00e4tzung der Demokratie machte den Abend zu einem runden, fr\u00f6hlichen Erlebnis. Rund 50 Zuh\u00f6rer*innen nutzten die Gelegenheit dieser einzigartigen Kombination zu genie\u00dfen. Genuss vom Allerfeinsten!<br \/>\n\u201eDes taugt ma!\u201d<\/p>\n<p>Die filmimpuls GbR hat den Abend im Auftrag der Friedrich Ebert Stiftung aufgezeichnet. Hier sind die zwei Varianten abrufbar:<br \/>\nKurzversion: <a href=\"https:\/\/vimeo.com\/470487652\/52372e3d9b\" target=\"_blank\" rel=\"noopener noreferrer\">https:\/\/vimeo.com\/470487652\/52372e3d9b<\/a><br \/>\nLangversion (gesamte Performance): <a href=\"https:\/\/vimeo.com\/470487732\/46ad68aee5\" target=\"_blank\" rel=\"noopener noreferrer\">https:\/\/vimeo.com\/470487732\/46ad68aee5<\/a><\/p>\n<p>Es seien \u201eB\u00fcrger\u201c, die dem Begriff Demokratie Leben einhauchen, sagt der Moderator, diese sind auch K\u00fcnstler. Barbara Dorsch rezitiert Texte aus dem literarischen mimpfm\u00f6h-Reigen von Florian Burgmayr, \u201eliebe Knospen und Knospinnen&#8230;\u201c. Darwin Schloer quittiert den von Barbara Dorsch vorgetragenen Dadaismus mit heftigem, virtuosem Beatboxing (modisch k\u00f6nnte man es vielleicht auch Popu-Up-Scatten nennen), dass man das Gef\u00fchl bekommt, ihm m\u00fcssten nach all den unglaublichen T\u00f6nen, die sein Sprechapparat erzeugt, alle Z\u00e4hne, Zunge, Lippen, Gurgel und das Zwerchfell dazu durcheinandergewirbelt und der Unterkiefer zumindest ausgerenkt sein. Er nennt sich Night-Owl, Nachteule. Ein Wesen aus dem Dunkeln, was hoffentlich in den uns bevorstehenden, d\u00fcsteren Zeiten noch \u00f6fter den Weg ins Rampenlicht finden wird &#8211; bereits jetzt ein Sound-Akrobat der Sonderklasse &#8211; Dorsch und Schloer, ein Performance-Unikat, sie scatten auch gemeinsam, Ausrufezeichnung Samma do samma do samma da samma do haid do hollodiri wozu demo do ein Wasserhahn dreht auf&#8230; platsch platsch pl\u00f6tscher pl\u00f6tsch plutsch \u2013 pleasure.<\/p>\n<\/div><div class='clear'><\/div>\n\t\t\t\t\t\t\t\t<\/div>\n\t\t\t\t\t\t\t<\/div>\n\t\t\t\t\t\t<\/div><div class='evo_metarow_organizer evorow evcal_evdata_row bordb evcal_evrow_sm '>\n\t\t\t\t\t\t\t<span class='evcal_evdata_icons'><i class='fa fa-address-book-o'><\/i><\/span>\n\t\t\t\t\t\t\t<div class='evcal_evdata_cell'>\t\t\t\t\t\t\t\n\t\t\t\t\t\t\t\t<h3 class='evo_h3'>Mitveranstalter \/ Partner<\/h3>\n\t\t\t\t\t\t\t\t<p class='evo_data_val evo_card_organizer_image'><img src='https:\/\/www.wochen-zur-demokratie.de\/archiv\/wp-content\/uploads\/2019\/07\/Logo-duftleben-300x164.jpg'\/><\/p>\n\t\t\t\t\t\t\t\t<div class='evo_card_organizer'><p class='evo_data_val evo_card_organizer_name'>\n\t\t\t\t\t\t\t\t\t<span class='evo_card_organizer_name_t'>Cafe Duftleben<\/span>\n\t\t\t\t\t\t\t\t\t\n\t\t\t\t\t\t\t\t\t<\/p><\/div><div class='clear'><\/div>\t\t\t\t\t\t\t\n\t\t\t\t\t\t\t<\/div>\n\t\t\t\t\t\t<\/div>\t\t\t\t\t\t<div class='evo_metarow_ICS evorow bordb evcal_evdata_row'>\n\t\t\t\t\t\t\t<span class=\"evcal_evdata_icons\"><i class=\"fa fa-calendar\"><\/i><\/span>\n\t\t\t\t\t\t\t<div class='evcal_evdata_cell'>\n\t\t\t\t\t\t\t\t<p><a href='https:\/\/www.wochen-zur-demokratie.de\/archiv\/wp-admin\/admin-ajax.php?action=eventon_ics_download&amp;event_id=2587&amp;ri=0' class='evo_ics_nCal' title='Zum Ihrem Kalender hinzuf\u00fcgen'>Zum Kalender hinzuf\u00fcgen<\/a><a href='\/\/www.google.com\/calendar\/event?action=TEMPLATE&amp;text=Woidboxer&amp;dates=20201019T170000Z\/20201019T190000Z&amp;details=Mimpfm%C3%B6h%21+Einmal+mehr+zeigte+Babsi+Dorsch+ihre+Palette+an+Facetten+und+begeisterte+zusammen+mit+Darwin+Schloer+das+Publikum+im+Caf%C3%A8+Duftleben.%0D%0ADie+Texte+von+Florian+Burgmayr+wurden+von+Babsi+Dorsch+genial&amp;location=Cafe+Duftleben - 94032+Passau%2C+Theresienstra%C3%9Fe+22' target='_blank' class='evo_ics_gCal' title='Zum Ihrem Google-Kalender hinzuf\u00fcgen'>GoogleCal<\/a><\/p>\t\n\t\t\t\t\t\t\t<\/div>\n\t\t\t\t\t\t<\/div>\n\t\t\t\t\t\t<div class='bordb evo_metarow_socialmedia evcal_evdata_row  lastrow'><div class='evo_sm FacebookShare'><a class=\" evo_ss\" target=\"_blank\" onclick=\"javascript:window.open(this.href, '', 'left=50,top=50,width=600,height=350,toolbar=0');return false;\"\n\t\t\t\t\t\t\t\thref=\"http:\/\/www.facebook.com\/sharer.php?u=https%3A%2F%2Fwww.wochen-zur-demokratie.de%2Farchiv%2Fevents%2Fwoidboxer%2F\" title=\"Diese Veranstaltung auf Facebook teilen\"><i class=\"fa fa-facebook\"><\/i><\/a><\/div><div class='evo_sm Twitter'><a class=\"tw evo_ss\" onclick=\"javascript:window.open(this.href, '', 'menubar=no,toolbar=no,resizable=yes,scrollbars=yes,height=300,width=600');return false;\" href=\"http:\/\/twitter.com\/intent\/tweet?text=Woidboxer&#32;-&#32;&url=https%3A%2F%2Fwww.wochen-zur-demokratie.de%2Farchiv%2Fevents%2Fwoidboxer%2F\" title=\"Diese Veranstaltung auf Twitter teilen\" rel=\"nofollow\" target=\"_blank\" data-url=\"https%3A%2F%2Fwww.wochen-zur-demokratie.de%2Farchiv%2Fevents%2Fwoidboxer%2F\"><i class=\"fa fa-twitter\"><\/i><\/a><\/div><div class='evo_sm LinkedIn'><a class=\"li evo_ss\" href=\"http:\/\/www.linkedin.com\/shareArticle?mini=true&url=https%3A%2F%2Fwww.wochen-zur-demokratie.de%2Farchiv%2Fevents%2Fwoidboxer%2F&title=Woidboxer&summary=Mimpfm%C3%B6h%21+Einmal+mehr+zeigte+Babsi+Dorsch+ihre+Palette+an+Facetten+und+begeisterte+zusammen+mit+Darwin+Schloer\" target=\"_blank\" title=\"Diese Veranstaltung auf Linkedin teilen\"><i class=\"fa fa-linkedin\"><\/i><\/a><\/div><div class='evo_sm EmailShare'><a class=\"em evo_ss\" href=\"mailto:?subject=Woidboxer&body=Event Name: Woidboxer%0AEvent Date: 19\/10\/2020 19:00 - 21:00%0ALink: https%3A%2F%2Fwww.wochen-zur-demokratie.de%2Farchiv%2Fevents%2Fwoidboxer%2F%0A\" target=\"_blank\"><i class=\"fa fa-envelope\"><\/i><\/a><\/div><div class='clear'><\/div><div class='evcal_evdata_row evcal_close' title='Close'><\/div><\/div><div class='evo_card_row_end evcal_close' title='Close'><\/div><\/div><div class='clear end'><\/div><\/div><div style=\"background-color: #c766a4;height: 275px;\" id=\"event_2630\" class=\"eventon_list_event evo_eventtop past_event event event_2630_0\" data-event_id=\"2630\" data-ri=\"0r\" data-time=\"1603152001-1603238399\" data-colr=\"#c766a4\" itemscope itemtype='http:\/\/schema.org\/Event'><div class=\"evo_event_schema\" style=\"display:none\" ><a itemprop='url'  href='https:\/\/www.wochen-zur-demokratie.de\/archiv\/events\/wir-pfeifen-auf-den-gurkenkoenig-copy-2\/'><\/a><span itemprop='name'  >Wir pfeifen auf den Gurkenk\u00f6nig<\/span><meta itemprop='image' content=\"https:\/\/www.wochen-zur-demokratie.de\/archiv\/wp-content\/uploads\/2020\/10\/gurkenkoenig3-web.jpg\" \/><meta itemprop='description' content=\"Geschlossene Schulveranstaltung  Eines Tages taucht bei der Familie Hogelmann ein seltsamer Gurkenk\u00f6nig auf. Seine Untertanen haben ihn abgesetzt. Sie wollen keinen Despoten, der nur an das eigene Wohlergehen denkt. Nun versucht\" \/><meta itemprop='startDate' content=\"2020-10-20\" \/><meta itemprop='endDate' content=\"2020-10-20\" \/><meta itemprop='eventStatus' content=\"on-schedule\" \/><script type=\"application\/ld+json\">{\t\"@context\": \"http:\/\/schema.org\",\n\t\t\t\t\t\t\t  \t\"@type\": \"Event\",\n\t\t\t\t\t\t\t  \t\"name\": \"Wir pfeifen auf den Gurkenk\u00f6nig\",\n\t\t\t\t\t\t\t  \t\"startDate\": \"2020-10-20T00-00-00-00\",\n\t\t\t\t\t\t\t  \t\"endDate\": \"2020-10-20T23-23-59-00\",\n\t\t\t\t\t\t\t  \t\"image\":\"https:\/\/www.wochen-zur-demokratie.de\/archiv\/wp-content\/uploads\/2020\/10\/gurkenkoenig3-web.jpg\",\n\t\t\t\t\t\t\t  \t\"description\":\"Geschlossene Schulveranstaltung  Eines Tages taucht bei der Familie Hogelmann ein seltsamer Gurkenk\u00f6nig auf. Seine Untertanen haben ihn abgesetzt. Sie wollen keinen Despoten, der nur an das eigene Wohlergehen denkt. Nun versucht\"\n\t\t\t\t\t\t\t  \t\n\t\t\t\t\t\t\t }<\/script><\/div>\n\t\t\t\t<p class=\"desc_trig_outter\"><a data-gmap_status=\"null\" data-exlk=\"0\" id=\"evc_16031520012630\" class=\"desc_trig sin_val evcal_list_a allday\" data-ux_val=\"3\"  ><span class='evcal_cblock ' data-bgcolor='#c766a4' data-smon='Oktober' data-syr='2020'><span class='evo_start '><em class='date'>20<\/em><em class='month'>Okt.<\/em><em class='time'>ganzt\u00e4gig<\/em><\/span><em class='clear'><\/em><\/span><span class='evcal_desc evo_info hide_eventtopdata '  data-location_status=\"false\" ><span class='evo_above_title'><\/span><span class='evcal_desc2 evcal_event_title' itemprop='name'>Wir pfeifen auf den Gurkenk\u00f6nig<\/span><span class='evo_below_title'><span class='evcal_event_subtitle' >Geschlossene Schulveranstaltung: Figurentheater mit Live-Musik<\/span><\/span><span class='evcal_desc_info' ><em class='evcal_time'><em class='evcal_alldayevent_text'>(ganzt\u00e4gig: Dienstag)<\/em><\/em> <em class=\"evcal_location\"  data-add_str=\"\"><em class=\"event_location_name\">Montessori Schule Passau<\/em><\/em><\/span><span class='evcal_desc3'><\/span><\/span><em class='clear'><\/em><\/a><\/p><div class='event_description evcal_eventcard ' style=\"display:none\"><div class='evo_metarow_directimg'><img class='evo_event_main_img' src='https:\/\/www.wochen-zur-demokratie.de\/archiv\/wp-content\/uploads\/2020\/10\/gurkenkoenig3-web.jpg' \/><\/div><div class='evo_event_images'><span class='evo_event_more_img select'><img title='' src='https:\/\/www.wochen-zur-demokratie.de\/archiv\/wp-content\/uploads\/2020\/10\/gurkenkoenig3-web.jpg' data-f='https:\/\/www.wochen-zur-demokratie.de\/archiv\/wp-content\/uploads\/2020\/10\/gurkenkoenig3-web.jpg'\/><\/span><span class='evo_event_more_img '><img title='' src='https:\/\/www.wochen-zur-demokratie.de\/archiv\/wp-content\/uploads\/2020\/09\/gurkenkoenig1-web-150x150.jpg' data-f='https:\/\/www.wochen-zur-demokratie.de\/archiv\/wp-content\/uploads\/2020\/09\/gurkenkoenig1-web.jpg' data-h='708' data-w='652'\/><\/span><span class='evo_event_more_img '><img title='' src='https:\/\/www.wochen-zur-demokratie.de\/archiv\/wp-content\/uploads\/2020\/10\/gurkenkoenig2-web-150x150.jpg' data-f='https:\/\/www.wochen-zur-demokratie.de\/archiv\/wp-content\/uploads\/2020\/10\/gurkenkoenig2-web.jpg' data-h='496' data-w='850'\/><\/span><span class='evo_event_more_img '><img title='' src='https:\/\/www.wochen-zur-demokratie.de\/archiv\/wp-content\/uploads\/2020\/10\/gurkenkoenig1-web-150x150.jpg' data-f='https:\/\/www.wochen-zur-demokratie.de\/archiv\/wp-content\/uploads\/2020\/10\/gurkenkoenig1-web.jpg' data-h='554' data-w='850'\/><\/span><\/div><div class='evo_metarow_details evorow evcal_evdata_row bordb evcal_event_details'>\n\t\t\t\t\t\t\t<div class=\"event_excerpt\" style=\"display:none\"><h3 class=\"padb5 evo_h3\">Event Details<\/h3><p>Geschlossene Schulveranstaltung\r\nEines Tages taucht bei der Familie Hogelmann ein seltsamer Gurkenk\u00f6nig auf. Seine Untertanen haben ihn abgesetzt. Sie wollen keinen Despoten, der nur an das eigene Wohlergehen denkt. Nun versucht<\/p><\/div><span class='evcal_evdata_icons'><i class='fa fa-align-justify'><\/i><\/span>\n\t\t\t\t\t\t\t\n\t\t\t\t\t\t\t<div class='evcal_evdata_cell shorter_desc'><div class='eventon_details_shading_bot'>\n\t\t\t\t\t\t\t\t<p class='eventon_shad_p' content='less'><span class='ev_more_text' data-txt='Weniger anzeigen'>Mehr anzeigen<\/span><span class='ev_more_arrow'><\/span><\/p>\n\t\t\t\t\t\t\t<\/div><div class='eventon_full_description'>\n\t\t\t\t\t\t\t\t\t<h3 class='padb5 evo_h3'><span class='evcal_evdata_icons'><i class='fa fa-align-justify'><\/i><\/span>Event Details<\/h3><div class='eventon_desc_in' itemprop='description'>\n\t\t\t\t\t\t\t\t\t<p><strong>Geschlossene Schulveranstaltung<\/strong><br \/>\nEines Tages taucht bei der Familie Hogelmann ein seltsamer Gurkenk\u00f6nig auf. Seine Untertanen haben ihn abgesetzt. Sie wollen keinen Despoten, der nur an das eigene Wohlergehen denkt. Nun versucht er, seine Machtinteressen in der Familie Hogelmann durchzusetzen. Er manipuliert den Vater und spielt die Familienmitglieder skrupellos gegeneinander aus, bis die Kinder die Sache in die Hand nehmen.<br \/>\n<strong>Christine N\u00f6stlinger<\/strong> gewann 1973 f\u00fcr dieses Buch den <strong>Deutschen Jugendliteraturpreis<\/strong>.<br \/>\n<strong>Regie<\/strong>: Annika Pilstl und Dorothee Carls<br \/>\n<strong>SpielerInnen<\/strong>: Andra Taglinger, Manfredi Siragusa, Gerti Tr\u00f6binger<\/p>\n<\/div><div class='clear'><\/div>\n\t\t\t\t\t\t\t\t<\/div>\n\t\t\t\t\t\t\t<\/div>\n\t\t\t\t\t\t<\/div><div class='evo_metarow_organizer evorow evcal_evdata_row bordb evcal_evrow_sm '>\n\t\t\t\t\t\t\t<span class='evcal_evdata_icons'><i class='fa fa-address-book-o'><\/i><\/span>\n\t\t\t\t\t\t\t<div class='evcal_evdata_cell'>\t\t\t\t\t\t\t\n\t\t\t\t\t\t\t\t<h3 class='evo_h3'>Mitveranstalter \/ Partner<\/h3>\n\t\t\t\t\t\t\t\t<p class='evo_data_val evo_card_organizer_image'><img src='https:\/\/www.wochen-zur-demokratie.de\/archiv\/wp-content\/uploads\/2024\/09\/Logo-Montessori-Schule-Passau-web.jpg'\/><\/p>\n\t\t\t\t\t\t\t\t<div class='evo_card_organizer'><p class='evo_data_val evo_card_organizer_name'>\n\t\t\t\t\t\t\t\t\t<span class='evo_card_organizer_name_t'><a target=\"_blank\" href='https:\/\/www.montessori-passau.de\/'>Montessori-Schule Passau<\/a><\/span>\n\t\t\t\t\t\t\t\t\t\n\t\t\t\t\t\t\t\t\t<\/p><\/div><div class='clear'><\/div>\t\t\t\t\t\t\t\n\t\t\t\t\t\t\t<\/div>\n\t\t\t\t\t\t<\/div>\t\t\t\t\t\t<div class='evo_metarow_ICS evorow bordb evcal_evdata_row'>\n\t\t\t\t\t\t\t<span class=\"evcal_evdata_icons\"><i class=\"fa fa-calendar\"><\/i><\/span>\n\t\t\t\t\t\t\t<div class='evcal_evdata_cell'>\n\t\t\t\t\t\t\t\t<p><a href='https:\/\/www.wochen-zur-demokratie.de\/archiv\/wp-admin\/admin-ajax.php?action=eventon_ics_download&amp;event_id=2630&amp;ri=0' class='evo_ics_nCal' title='Zum Ihrem Kalender hinzuf\u00fcgen'>Zum Kalender hinzuf\u00fcgen<\/a><a href='\/\/www.google.com\/calendar\/event?action=TEMPLATE&amp;text=Wir+pfeifen+auf+den+Gurkenk%C3%B6nig&amp;dates=20201019T220000Z\/20201020T215900Z&amp;details=Geschlossene+Schulveranstaltung%0D%0AEines+Tages+taucht+bei+der+Familie+Hogelmann+ein+seltsamer+Gurkenk%C3%B6nig+auf.+Seine+Untertanen+haben+ihn+abgesetzt.+Sie+wollen+keinen+Despoten%2C+der+nur+an+das+eigene+Wohlergehen+denkt.+Nun+versucht&amp;location=Montessori+Schule+Passau - ' target='_blank' class='evo_ics_gCal' title='Zum Ihrem Google-Kalender hinzuf\u00fcgen'>GoogleCal<\/a><\/p>\t\n\t\t\t\t\t\t\t<\/div>\n\t\t\t\t\t\t<\/div>\n\t\t\t\t\t\t<div class='bordb evo_metarow_socialmedia evcal_evdata_row  lastrow'><div class='evo_sm FacebookShare'><a class=\" evo_ss\" target=\"_blank\" onclick=\"javascript:window.open(this.href, '', 'left=50,top=50,width=600,height=350,toolbar=0');return false;\"\n\t\t\t\t\t\t\t\thref=\"http:\/\/www.facebook.com\/sharer.php?u=https%3A%2F%2Fwww.wochen-zur-demokratie.de%2Farchiv%2Fevents%2Fwir-pfeifen-auf-den-gurkenkoenig-copy-2%2F\" title=\"Diese Veranstaltung auf Facebook teilen\"><i class=\"fa fa-facebook\"><\/i><\/a><\/div><div class='evo_sm Twitter'><a class=\"tw evo_ss\" onclick=\"javascript:window.open(this.href, '', 'menubar=no,toolbar=no,resizable=yes,scrollbars=yes,height=300,width=600');return false;\" href=\"http:\/\/twitter.com\/intent\/tweet?text=Wir pfeifen auf den Gurkenk\u00f6nig&#32;-&#32;&url=https%3A%2F%2Fwww.wochen-zur-demokratie.de%2Farchiv%2Fevents%2Fwir-pfeifen-auf-den-gurkenkoenig-copy-2%2F\" title=\"Diese Veranstaltung auf Twitter teilen\" rel=\"nofollow\" target=\"_blank\" data-url=\"https%3A%2F%2Fwww.wochen-zur-demokratie.de%2Farchiv%2Fevents%2Fwir-pfeifen-auf-den-gurkenkoenig-copy-2%2F\"><i class=\"fa fa-twitter\"><\/i><\/a><\/div><div class='evo_sm LinkedIn'><a class=\"li evo_ss\" href=\"http:\/\/www.linkedin.com\/shareArticle?mini=true&url=https%3A%2F%2Fwww.wochen-zur-demokratie.de%2Farchiv%2Fevents%2Fwir-pfeifen-auf-den-gurkenkoenig-copy-2%2F&title=Wir%20pfeifen%20auf%20den%20Gurkenk%C3%B6nig&summary=Geschlossene+Schulveranstaltung%0AEines+Tages+taucht+bei+der+Familie+Hogelmann+ein+seltsamer+Gurkenk%C3%B6nig+auf.+Seine+Untertanen+haben\" target=\"_blank\" title=\"Diese Veranstaltung auf Linkedin teilen\"><i class=\"fa fa-linkedin\"><\/i><\/a><\/div><div class='evo_sm EmailShare'><a class=\"em evo_ss\" href=\"mailto:?subject=Wir pfeifen auf den Gurkenk\u00f6nig&body=Event Name: Wir pfeifen auf den Gurkenk\u00f6nig%0AEvent Date: 20\/10\/2020 (ganzt\u00e4gig)%0ALink: https%3A%2F%2Fwww.wochen-zur-demokratie.de%2Farchiv%2Fevents%2Fwir-pfeifen-auf-den-gurkenkoenig-copy-2%2F%0A\" target=\"_blank\"><i class=\"fa fa-envelope\"><\/i><\/a><\/div><div class='clear'><\/div><div class='evcal_evdata_row evcal_close' title='Close'><\/div><\/div><div class='evo_card_row_end evcal_close' title='Close'><\/div><\/div><div class='clear end'><\/div><\/div><div style=\"background-color: #c766a4;height: 275px;\" id=\"event_2625\" class=\"eventon_list_event evo_eventtop past_event event event_2625_0\" data-event_id=\"2625\" data-ri=\"0r\" data-time=\"1603152001-1604015999\" data-colr=\"#c766a4\" itemscope itemtype='http:\/\/schema.org\/Event'><div class=\"evo_event_schema\" style=\"display:none\" ><a itemprop='url'  href='https:\/\/www.wochen-zur-demokratie.de\/archiv\/events\/die-selbstwerkstatt\/'><\/a><span itemprop='name'  >Die Selbstwerkstatt<\/span><meta itemprop='image' content=\"https:\/\/www.wochen-zur-demokratie.de\/archiv\/wp-content\/uploads\/2020\/09\/repair-women-web.jpg\" \/><meta itemprop='description' content=\"Vier Nachmittage im B\u00fcro f\u00fcr Demokratie fanden unter dem Motto \u201eSchrauben, Checken, Diskutieren\u201c mit gro\u00dfem Erfolg statt. Von vielen kaputten Objekten funktionieren jetzt jede Menge wieder, einige sind noch in\" \/><meta itemprop='startDate' content=\"2020-10-20\" \/><meta itemprop='endDate' content=\"2020-10-29\" \/><meta itemprop='eventStatus' content=\"on-schedule\" \/>\n\t\t\t\t\t\t\t\t\t<item style=\"display:none\" itemprop=\"location\" itemscope itemtype=\"http:\/\/schema.org\/Place\">\n\t\t\t\t\t\t\t\t\t\t<span itemprop=\"name\">B\u00fcro f\u00fcr Demokratie, Passau, Unterer Sand<\/span>\n\t\t\t\t\t\t\t\t\t\t<span itemprop=\"address\" itemscope itemtype=\"http:\/\/schema.org\/PostalAddress\">\n\t\t\t\t\t\t\t\t\t\t\t<item itemprop=\"streetAddress\">Passau, Unterer Sand 2<\/item>\n\t\t\t\t\t\t\t\t\t\t<\/span><\/item><script type=\"application\/ld+json\">{\t\"@context\": \"http:\/\/schema.org\",\n\t\t\t\t\t\t\t  \t\"@type\": \"Event\",\n\t\t\t\t\t\t\t  \t\"name\": \"Die Selbstwerkstatt\",\n\t\t\t\t\t\t\t  \t\"startDate\": \"2020-10-20T00-00-00-00\",\n\t\t\t\t\t\t\t  \t\"endDate\": \"2020-10-29T23-23-59-00\",\n\t\t\t\t\t\t\t  \t\"image\":\"https:\/\/www.wochen-zur-demokratie.de\/archiv\/wp-content\/uploads\/2020\/09\/repair-women-web.jpg\",\n\t\t\t\t\t\t\t  \t\"description\":\"Vier Nachmittage im B\u00fcro f\u00fcr Demokratie fanden unter dem Motto \u201eSchrauben, Checken, Diskutieren\u201c mit gro\u00dfem Erfolg statt. Von vielen kaputten Objekten funktionieren jetzt jede Menge wieder, einige sind noch in\"\n\t\t\t\t\t\t\t  \t,\"location\":{\n\t\t\t\t\t\t\t\t\t\t\"@type\":\"Place\",\n\t\t\t\t\t\t\t\t\t\t\"name\":\"B\u00fcro f\u00fcr Demokratie, Passau, Unterer Sand\",\n\t\t\t\t\t\t\t\t\t\t\"address\":{\n\t\t\t\t\t\t\t\t\t\t\t\"@type\": \"PostalAddress\"\n\t\t\t\t\t\t\t\t\t\t\t\"streetAddress\":\"Passau, Unterer Sand 2\"\n\t\t\t\t\t\t\t\t\t\t}\n\t\t\t\t\t\t\t  \t\t}\n\t\t\t\t\t\t\t }<\/script><\/div>\n\t\t\t\t<p class=\"desc_trig_outter\"><a data-gmap_status=\"null\" data-exlk=\"0\" id=\"evc_16031520012625\" class=\"desc_trig mul_val evcal_list_a allday\" data-ux_val=\"3\"  ><span class='evcal_cblock ' data-bgcolor='#c766a4' data-smon='Oktober' data-syr='2020'><span class='evo_start '><em class='date'>20<\/em><em class='month'>Okt.<\/em><em class='time'>ganzt\u00e4gig<\/em><\/span><span class='evo_end '><em class='date'>29<\/em><\/span><em class='clear'><\/em><\/span><span class='evcal_desc evo_info hide_eventtopdata '  data-location_address=\"Passau, Unterer Sand 2\" data-location_type=\"address\" data-location_name=\"B\u00fcro f\u00fcr Demokratie, Passau, Unterer Sand\" data-location_url=\"https:\/\/www.wochen-zur-demokratie.de\/archiv\/event-location\/buero-fuer-demokratie\/\" data-location_status=\"true\" ><span class='evo_above_title'><\/span><span class='evcal_desc2 evcal_event_title' itemprop='name'>Die Selbstwerkstatt<\/span><span class='evo_below_title'><span class='evcal_event_subtitle' >Ein Repair Caf\u00e9 Projekt<\/span><\/span><span class='evcal_desc_info' ><em class='evcal_time'><em class='evcal_alldayevent_text'>(ganzt\u00e4gig)<\/em> <em class=\"evo_etop_timezone\">dienstags und donnerstags 16\u201320 Uhr<\/em><\/em> <em class=\"evcal_location\"  data-add_str=\"\"><em class=\"event_location_name\">B\u00fcro f\u00fcr Demokratie, Passau, Unterer Sand<\/em><\/em><\/span><span class='evcal_desc3'><\/span><\/span><em class='clear'><\/em><\/a><\/p><div class='event_description evcal_eventcard ' style=\"display:none\"><div class='evo_metarow_directimg'><img class='evo_event_main_img' src='https:\/\/www.wochen-zur-demokratie.de\/archiv\/wp-content\/uploads\/2020\/09\/repair-women-web.jpg' \/><\/div><div class='evo_event_images'><span class='evo_event_more_img select'><img title='' src='https:\/\/www.wochen-zur-demokratie.de\/archiv\/wp-content\/uploads\/2020\/09\/repair-women-web.jpg' data-f='https:\/\/www.wochen-zur-demokratie.de\/archiv\/wp-content\/uploads\/2020\/09\/repair-women-web.jpg'\/><\/span><span class='evo_event_more_img '><img title='' src='https:\/\/www.wochen-zur-demokratie.de\/archiv\/wp-content\/uploads\/2020\/10\/selbstwerkstatt5-web-150x150.jpg' data-f='https:\/\/www.wochen-zur-demokratie.de\/archiv\/wp-content\/uploads\/2020\/10\/selbstwerkstatt5-web.jpg' data-h='539' data-w='850'\/><\/span><span class='evo_event_more_img '><img title='' src='https:\/\/www.wochen-zur-demokratie.de\/archiv\/wp-content\/uploads\/2020\/10\/selbstwerkstatt4-web-150x150.jpg' data-f='https:\/\/www.wochen-zur-demokratie.de\/archiv\/wp-content\/uploads\/2020\/10\/selbstwerkstatt4-web.jpg' data-h='560' data-w='850'\/><\/span><span class='evo_event_more_img '><img title='' src='https:\/\/www.wochen-zur-demokratie.de\/archiv\/wp-content\/uploads\/2020\/10\/selbstwerkstatt3-web-150x150.jpg' data-f='https:\/\/www.wochen-zur-demokratie.de\/archiv\/wp-content\/uploads\/2020\/10\/selbstwerkstatt3-web.jpg' data-h='638' data-w='850'\/><\/span><span class='evo_event_more_img '><img title='' src='https:\/\/www.wochen-zur-demokratie.de\/archiv\/wp-content\/uploads\/2020\/10\/selbstwerkstatt2-web-150x150.jpg' data-f='https:\/\/www.wochen-zur-demokratie.de\/archiv\/wp-content\/uploads\/2020\/10\/selbstwerkstatt2-web.jpg' data-h='850' data-w='638'\/><\/span><span class='evo_event_more_img '><img title='' src='https:\/\/www.wochen-zur-demokratie.de\/archiv\/wp-content\/uploads\/2020\/10\/selbstwerkstatt1-web-150x150.jpg' data-f='https:\/\/www.wochen-zur-demokratie.de\/archiv\/wp-content\/uploads\/2020\/10\/selbstwerkstatt1-web.jpg' data-h='573' data-w='850'\/><\/span><\/div><div class='evo_metarow_details evorow evcal_evdata_row bordb evcal_event_details'>\n\t\t\t\t\t\t\t<div class=\"event_excerpt\" style=\"display:none\"><h3 class=\"padb5 evo_h3\">Event Details<\/h3><p>Vier Nachmittage im B\u00fcro f\u00fcr Demokratie fanden unter dem Motto \u201eSchrauben, Checken, Diskutieren\u201c mit gro\u00dfem Erfolg statt. Von vielen kaputten Objekten funktionieren jetzt jede Menge wieder, einige sind noch in<\/p><\/div><span class='evcal_evdata_icons'><i class='fa fa-align-justify'><\/i><\/span>\n\t\t\t\t\t\t\t\n\t\t\t\t\t\t\t<div class='evcal_evdata_cell shorter_desc'><div class='eventon_details_shading_bot'>\n\t\t\t\t\t\t\t\t<p class='eventon_shad_p' content='less'><span class='ev_more_text' data-txt='Weniger anzeigen'>Mehr anzeigen<\/span><span class='ev_more_arrow'><\/span><\/p>\n\t\t\t\t\t\t\t<\/div><div class='eventon_full_description'>\n\t\t\t\t\t\t\t\t\t<h3 class='padb5 evo_h3'><span class='evcal_evdata_icons'><i class='fa fa-align-justify'><\/i><\/span>Event Details<\/h3><div class='eventon_desc_in' itemprop='description'>\n\t\t\t\t\t\t\t\t\t<p>Vier Nachmittage im <strong>B\u00fcro f\u00fcr Demokratie<\/strong> fanden unter dem Motto \u201eSchrauben, Checken, Diskutieren\u201c mit gro\u00dfem Erfolg statt. Von vielen kaputten Objekten funktionieren jetzt jede Menge wieder, einige sind noch in Arbeit. Und das Team um Koni Schepke-Pilstl hat sich bereits verst\u00e4ndigt, um das Projekt der Selbstwerkstatt nach M\u00f6glichkeit im Passauer Raum zu verstetigen.<\/p>\n<p>Die Motivation ist, den Dingen des t\u00e4glichen Gebrauchs mit einem vel\u00e4ngerten Leben die n\u00f6tige Wertsch\u00e4tzung entgegenzubringen. Das gemeinsame T\u00fcfteln und die Erfolgserlebnisse machen auch Freude. So konnte bei einer guten Tasse Kaffee allerhand gegen eine kleine Spende in der <strong>Selbstwerkstatt<\/strong> unter Anleitung selbst repariert werden.<br \/>\n<strong>Engagierte Fachkr\u00e4fte unterst\u00fctzten bei:<\/strong><br \/>\nReparatur von Haushaltsger\u00e4ten und Fahrr\u00e4dern; beim Polstern und N\u00e4hen; bei kleinen Holzreparaturen; beim Schleifen von Messern, bei Hardware Aufr\u00fcstung, Software Updates&#8230;<\/p>\n<\/div><div class='clear'><\/div>\n\t\t\t\t\t\t\t\t<\/div>\n\t\t\t\t\t\t\t<\/div>\n\t\t\t\t\t\t<\/div><div class='evo_metarow_organizer evorow evcal_evdata_row bordb evcal_evrow_sm '>\n\t\t\t\t\t\t\t<span class='evcal_evdata_icons'><i class='fa fa-address-book-o'><\/i><\/span>\n\t\t\t\t\t\t\t<div class='evcal_evdata_cell'>\t\t\t\t\t\t\t\n\t\t\t\t\t\t\t\t<h3 class='evo_h3'>Mitveranstalter \/ Partner<\/h3>\n\t\t\t\t\t\t\t\t<p class='evo_data_val evo_card_organizer_image'><img src='https:\/\/www.wochen-zur-demokratie.de\/archiv\/wp-content\/uploads\/2022\/02\/WzD-Logo-2022-mittel-278x300.jpg'\/><\/p>\n\t\t\t\t\t\t\t\t<div class='evo_card_organizer'><p class='evo_data_val evo_card_organizer_name'>\n\t\t\t\t\t\t\t\t\t<span class='evo_card_organizer_name_t'>Initiative Wochen zur Demokratie<\/span>\n\t\t\t\t\t\t\t\t\t\n\t\t\t\t\t\t\t\t\t<\/p><\/div><div class='clear'><\/div>\t\t\t\t\t\t\t\n\t\t\t\t\t\t\t<\/div>\n\t\t\t\t\t\t<\/div>\t\t\t\t\t\t<div class='evo_metarow_ICS evorow bordb evcal_evdata_row'>\n\t\t\t\t\t\t\t<span class=\"evcal_evdata_icons\"><i class=\"fa fa-calendar\"><\/i><\/span>\n\t\t\t\t\t\t\t<div class='evcal_evdata_cell'>\n\t\t\t\t\t\t\t\t<p><a href='https:\/\/www.wochen-zur-demokratie.de\/archiv\/wp-admin\/admin-ajax.php?action=eventon_ics_download&amp;event_id=2625&amp;ri=0' class='evo_ics_nCal' title='Zum Ihrem Kalender hinzuf\u00fcgen'>Zum Kalender hinzuf\u00fcgen<\/a><a href='\/\/www.google.com\/calendar\/event?action=TEMPLATE&amp;text=Die+Selbstwerkstatt&amp;dates=20201019T220000Z\/20201029T215900Z&amp;details=Vier+Nachmittage+im+B%C3%BCro+f%C3%BCr+Demokratie+fanden+unter+dem+Motto+%E2%80%9ESchrauben%2C+Checken%2C+Diskutieren%E2%80%9C+mit+gro%C3%9Fem+Erfolg+statt.+Von+vielen+kaputten+Objekten+funktionieren+jetzt+jede+Menge+wieder%2C+einige+sind+noch+in&amp;location=B%C3%BCro+f%C3%BCr+Demokratie%2C+Passau%2C+Unterer+Sand - Passau%2C+Unterer+Sand+2' target='_blank' class='evo_ics_gCal' title='Zum Ihrem Google-Kalender hinzuf\u00fcgen'>GoogleCal<\/a><\/p>\t\n\t\t\t\t\t\t\t<\/div>\n\t\t\t\t\t\t<\/div>\n\t\t\t\t\t\t<div class='bordb evo_metarow_socialmedia evcal_evdata_row  lastrow'><div class='evo_sm FacebookShare'><a class=\" evo_ss\" target=\"_blank\" onclick=\"javascript:window.open(this.href, '', 'left=50,top=50,width=600,height=350,toolbar=0');return false;\"\n\t\t\t\t\t\t\t\thref=\"http:\/\/www.facebook.com\/sharer.php?u=https%3A%2F%2Fwww.wochen-zur-demokratie.de%2Farchiv%2Fevents%2Fdie-selbstwerkstatt%2F\" title=\"Diese Veranstaltung auf Facebook teilen\"><i class=\"fa fa-facebook\"><\/i><\/a><\/div><div class='evo_sm Twitter'><a class=\"tw evo_ss\" onclick=\"javascript:window.open(this.href, '', 'menubar=no,toolbar=no,resizable=yes,scrollbars=yes,height=300,width=600');return false;\" href=\"http:\/\/twitter.com\/intent\/tweet?text=Die Selbstwerkstatt&#32;-&#32;&url=https%3A%2F%2Fwww.wochen-zur-demokratie.de%2Farchiv%2Fevents%2Fdie-selbstwerkstatt%2F\" title=\"Diese Veranstaltung auf Twitter teilen\" rel=\"nofollow\" target=\"_blank\" data-url=\"https%3A%2F%2Fwww.wochen-zur-demokratie.de%2Farchiv%2Fevents%2Fdie-selbstwerkstatt%2F\"><i class=\"fa fa-twitter\"><\/i><\/a><\/div><div class='evo_sm LinkedIn'><a class=\"li evo_ss\" href=\"http:\/\/www.linkedin.com\/shareArticle?mini=true&url=https%3A%2F%2Fwww.wochen-zur-demokratie.de%2Farchiv%2Fevents%2Fdie-selbstwerkstatt%2F&title=Die%20Selbstwerkstatt&summary=Vier+Nachmittage+im+B%C3%BCro+f%C3%BCr+Demokratie+fanden+unter+dem+Motto+%E2%80%9ESchrauben%2C+Checken%2C+Diskutieren%E2%80%9C+mit+gro%C3%9Fem+Erfolg\" target=\"_blank\" title=\"Diese Veranstaltung auf Linkedin teilen\"><i class=\"fa fa-linkedin\"><\/i><\/a><\/div><div class='evo_sm EmailShare'><a class=\"em evo_ss\" href=\"mailto:?subject=Die Selbstwerkstatt&body=Event Name: Die Selbstwerkstatt%0AEvent Date: 20\/10\/2020 (ganzt\u00e4gig) - 29\/10\/2020 (ganzt\u00e4gig)%0ALink: https%3A%2F%2Fwww.wochen-zur-demokratie.de%2Farchiv%2Fevents%2Fdie-selbstwerkstatt%2F%0A\" target=\"_blank\"><i class=\"fa fa-envelope\"><\/i><\/a><\/div><div class='clear'><\/div><div class='evcal_evdata_row evcal_close' title='Close'><\/div><\/div><div class='evo_card_row_end evcal_close' title='Close'><\/div><\/div><div class='clear end'><\/div><\/div><div style=\"background-color: #c766a4;height: 275px;\" id=\"event_2589\" class=\"eventon_list_event evo_eventtop past_event event event_2589_0\" data-event_id=\"2589\" data-ri=\"0r\" data-time=\"1603209600-1603215000\" data-colr=\"#c766a4\" itemscope itemtype='http:\/\/schema.org\/Event'><div class=\"evo_event_schema\" style=\"display:none\" ><a itemprop='url'  href='https:\/\/www.wochen-zur-demokratie.de\/archiv\/events\/forum-verantwortung-wissenschaft-in-der-pandemie\/'><\/a><span itemprop='name'  >Forum Verantwortung:  Wissenschaft in der Pandemie<\/span><meta itemprop='image' content=\"https:\/\/www.wochen-zur-demokratie.de\/archiv\/wp-content\/uploads\/2020\/09\/QR-Code-Uni-web.jpg\" \/><meta itemprop='description' content=\"Selten stand die Wissenschaft so sehr im Zentrum der \u00f6ffentlichen Diskussion, wie w\u00e4hrend der Corona-Pandemie. Doch welche gesellschaftliche Verantwortung kommt der Wissenschaft zu? Untergr\u00e4bt der Rat von Experten demokratische Prozesse?\" \/><meta itemprop='startDate' content=\"2020-10-20T16:00\" \/><meta itemprop='endDate' content=\"2020-10-20T17:30\" \/><meta itemprop='eventStatus' content=\"on-schedule\" \/>\n\t\t\t\t\t\t\t\t\t<item style=\"display:none\" itemprop=\"location\" itemscope itemtype=\"http:\/\/schema.org\/Place\">\n\t\t\t\t\t\t\t\t\t\t<span itemprop=\"name\">online \u00fcber die Plattform Zoom<\/span>\n\t\t\t\t\t\t\t\t\t\t<span itemprop=\"address\" itemscope itemtype=\"http:\/\/schema.org\/PostalAddress\">\n\t\t\t\t\t\t\t\t\t\t\t<item itemprop=\"streetAddress\">online \u00fcber die Plattform Zoom<\/item>\n\t\t\t\t\t\t\t\t\t\t<\/span><\/item><script type=\"application\/ld+json\">{\t\"@context\": \"http:\/\/schema.org\",\n\t\t\t\t\t\t\t  \t\"@type\": \"Event\",\n\t\t\t\t\t\t\t  \t\"name\": \"Forum Verantwortung:  Wissenschaft in der Pandemie\",\n\t\t\t\t\t\t\t  \t\"startDate\": \"2020-10-20T16-16-00-00\",\n\t\t\t\t\t\t\t  \t\"endDate\": \"2020-10-20T17-17-30-00\",\n\t\t\t\t\t\t\t  \t\"image\":\"https:\/\/www.wochen-zur-demokratie.de\/archiv\/wp-content\/uploads\/2020\/09\/QR-Code-Uni-web.jpg\",\n\t\t\t\t\t\t\t  \t\"description\":\"Selten stand die Wissenschaft so sehr im Zentrum der \u00f6ffentlichen Diskussion, wie w\u00e4hrend der Corona-Pandemie. Doch welche gesellschaftliche Verantwortung kommt der Wissenschaft zu? Untergr\u00e4bt der Rat von Experten demokratische Prozesse?\"\n\t\t\t\t\t\t\t  \t,\"location\":{\n\t\t\t\t\t\t\t\t\t\t\"@type\":\"Place\",\n\t\t\t\t\t\t\t\t\t\t\"name\":\"online \u00fcber die Plattform Zoom\",\n\t\t\t\t\t\t\t\t\t\t\"address\":{\n\t\t\t\t\t\t\t\t\t\t\t\"@type\": \"PostalAddress\"\n\t\t\t\t\t\t\t\t\t\t\t\"streetAddress\":\"online \u00fcber die Plattform Zoom\"\n\t\t\t\t\t\t\t\t\t\t}\n\t\t\t\t\t\t\t  \t\t}\n\t\t\t\t\t\t\t }<\/script><\/div>\n\t\t\t\t<p class=\"desc_trig_outter\"><a data-gmap_status=\"null\" data-gmtrig=\"1\" data-exlk=\"0\" id=\"evc_16032096002589\" class=\"desc_trig sin_val evcal_list_a\" data-ux_val=\"3\"  ><span class='evcal_cblock ' data-bgcolor='#c766a4' data-smon='Oktober' data-syr='2020'><span class='evo_start '><em class='date'>20<\/em><em class='month'>Okt.<\/em><em class='time'>16:00<\/em><\/span><span class='evo_end only_time'><em class='time'>17:30<\/em><\/span><em class='clear'><\/em><\/span><span class='evcal_desc evo_info hide_eventtopdata '  data-location_address=\"online \u00fcber die Plattform Zoom\" data-location_type=\"address\" data-location_name=\"online \u00fcber die Plattform Zoom\" data-location_url=\"https:\/\/www.wochen-zur-demokratie.de\/archiv\/event-location\/online-ueber-die-plattform-zoom\/\" data-location_status=\"true\" ><span class='evo_above_title'><\/span><span class='evcal_desc2 evcal_event_title' itemprop='name'>Forum Verantwortung:  Wissenschaft in der Pandemie<\/span><span class='evo_below_title'><span class='evcal_event_subtitle' >Online-Diskussion mit Impuls-Vortr\u00e4gen<\/span><\/span><span class='evcal_desc_info' ><em class='evcal_time'>16:00 - 17:30<\/em> <em class=\"evcal_location\"  data-add_str=\"\"><em class=\"event_location_name\">online \u00fcber die Plattform Zoom<\/em><\/em><\/span><span class='evcal_desc3'><\/span><\/span><em class='clear'><\/em><\/a><\/p><div class='event_description evcal_eventcard ' style=\"display:none\"><div class='evo_metarow_directimg'><img class='evo_event_main_img' src='https:\/\/www.wochen-zur-demokratie.de\/archiv\/wp-content\/uploads\/2020\/09\/QR-Code-Uni-web.jpg' \/><\/div><div class='evo_metarow_details evorow evcal_evdata_row bordb evcal_event_details'>\n\t\t\t\t\t\t\t<div class=\"event_excerpt\" style=\"display:none\"><h3 class=\"padb5 evo_h3\">Event Details<\/h3><p>Selten stand die Wissenschaft so sehr im Zentrum der \u00f6ffentlichen Diskussion, wie w\u00e4hrend der Corona-Pandemie. Doch welche gesellschaftliche Verantwortung kommt der Wissenschaft zu? Untergr\u00e4bt der Rat von Experten demokratische Prozesse?<\/p><\/div><span class='evcal_evdata_icons'><i class='fa fa-align-justify'><\/i><\/span>\n\t\t\t\t\t\t\t\n\t\t\t\t\t\t\t<div class='evcal_evdata_cell shorter_desc'><div class='eventon_details_shading_bot'>\n\t\t\t\t\t\t\t\t<p class='eventon_shad_p' content='less'><span class='ev_more_text' data-txt='Weniger anzeigen'>Mehr anzeigen<\/span><span class='ev_more_arrow'><\/span><\/p>\n\t\t\t\t\t\t\t<\/div><div class='eventon_full_description'>\n\t\t\t\t\t\t\t\t\t<h3 class='padb5 evo_h3'><span class='evcal_evdata_icons'><i class='fa fa-align-justify'><\/i><\/span>Event Details<\/h3><div class='eventon_desc_in' itemprop='description'>\n\t\t\t\t\t\t\t\t\t<p>Selten stand die Wissenschaft so sehr im Zentrum der \u00f6ffentlichen Diskussion, wie w\u00e4hrend der Corona-Pandemie. Doch welche gesellschaftliche Verantwortung kommt der Wissenschaft zu? Untergr\u00e4bt der Rat von Experten demokratische Prozesse? Und wie k\u00f6nnen wissenschaftliche Erkenntnisse durch den Journalismus vermittelt werden?<br \/>\nDiese Fragen diskutierten: <strong>Prof. Dr. Christian Thies<\/strong> (Universit\u00e4t Passau), <strong>Walter Keilbart<\/strong> (Vorsitzender des Hochschulrates), <strong>Andreas Geroldinger<\/strong> (Leiter der Online-Redaktion Passauer Neue Presse) und <strong>Prof. Dr. Karsten Weber<\/strong> (Ostbayerische Technische Hochschule Regensburg).<br \/>\nDie Veranstaltung begleiteten rund 35 interessierte B\u00fcrger und B\u00fcrgerinnen. Moderiert wurde die Diskussion von<strong> Dr. Thomas Metten<\/strong>.<br \/>\nInformationen zum Programm <a href=\"https:\/\/www.transfer-und-innovation-ostbayern.de\/trio-forum\/veranstaltungskalender\/veranstaltung\/forum-verantwortung-wissenschaft-in-zeiten-der-pandemie\/\" target=\"_blank\" rel=\"noopener noreferrer\"><strong>hier<\/strong><\/a><\/p>\n<\/div><div class='clear'><\/div>\n\t\t\t\t\t\t\t\t<\/div>\n\t\t\t\t\t\t\t<\/div>\n\t\t\t\t\t\t<\/div><div class='evo_metarow_organizer evorow evcal_evdata_row bordb evcal_evrow_sm '>\n\t\t\t\t\t\t\t<span class='evcal_evdata_icons'><i class='fa fa-address-book-o'><\/i><\/span>\n\t\t\t\t\t\t\t<div class='evcal_evdata_cell'>\t\t\t\t\t\t\t\n\t\t\t\t\t\t\t\t<h3 class='evo_h3'>Mitveranstalter \/ Partner<\/h3>\n\t\t\t\t\t\t\t\t<p class='evo_data_val evo_card_organizer_image'><img src='https:\/\/www.wochen-zur-demokratie.de\/archiv\/wp-content\/uploads\/2022\/08\/Logos-wzd-TRIO-web.jpg'\/><\/p>\n\t\t\t\t\t\t\t\t<div class='evo_card_organizer'><p class='evo_data_val evo_card_organizer_name'>\n\t\t\t\t\t\t\t\t\t<span class='evo_card_organizer_name_t'>Initiative Wochen zur Demokratie, Hochschulverbund Transfer und Innovation Ostbayern<\/span>\n\t\t\t\t\t\t\t\t\t\n\t\t\t\t\t\t\t\t\t<\/p><\/div><div class='clear'><\/div>\t\t\t\t\t\t\t\n\t\t\t\t\t\t\t<\/div>\n\t\t\t\t\t\t<\/div>\t\t\t\t\t\t<div class='evo_metarow_ICS evorow bordb evcal_evdata_row'>\n\t\t\t\t\t\t\t<span class=\"evcal_evdata_icons\"><i class=\"fa fa-calendar\"><\/i><\/span>\n\t\t\t\t\t\t\t<div class='evcal_evdata_cell'>\n\t\t\t\t\t\t\t\t<p><a href='https:\/\/www.wochen-zur-demokratie.de\/archiv\/wp-admin\/admin-ajax.php?action=eventon_ics_download&amp;event_id=2589&amp;ri=0' class='evo_ics_nCal' title='Zum Ihrem Kalender hinzuf\u00fcgen'>Zum Kalender hinzuf\u00fcgen<\/a><a href='\/\/www.google.com\/calendar\/event?action=TEMPLATE&amp;text=Forum+Verantwortung%3A++Wissenschaft+in+der+Pandemie&amp;dates=20201020T140000Z\/20201020T153000Z&amp;details=Selten+stand+die+Wissenschaft+so+sehr+im+Zentrum+der+%C3%B6ffentlichen+Diskussion%2C+wie+w%C3%A4hrend+der+Corona-Pandemie.+Doch+welche+gesellschaftliche+Verantwortung+kommt+der+Wissenschaft+zu%3F+Untergr%C3%A4bt+der+Rat+von+Experten+demokratische+Prozesse%3F&amp;location=online+%C3%BCber+die+Plattform+Zoom - online+%C3%BCber+die+Plattform+Zoom' target='_blank' class='evo_ics_gCal' title='Zum Ihrem Google-Kalender hinzuf\u00fcgen'>GoogleCal<\/a><\/p>\t\n\t\t\t\t\t\t\t<\/div>\n\t\t\t\t\t\t<\/div>\n\t\t\t\t\t\t<div class='bordb evo_metarow_socialmedia evcal_evdata_row  lastrow'><div class='evo_sm FacebookShare'><a class=\" evo_ss\" target=\"_blank\" onclick=\"javascript:window.open(this.href, '', 'left=50,top=50,width=600,height=350,toolbar=0');return false;\"\n\t\t\t\t\t\t\t\thref=\"http:\/\/www.facebook.com\/sharer.php?u=https%3A%2F%2Fwww.wochen-zur-demokratie.de%2Farchiv%2Fevents%2Fforum-verantwortung-wissenschaft-in-der-pandemie%2F\" title=\"Diese Veranstaltung auf Facebook teilen\"><i class=\"fa fa-facebook\"><\/i><\/a><\/div><div class='evo_sm Twitter'><a class=\"tw evo_ss\" onclick=\"javascript:window.open(this.href, '', 'menubar=no,toolbar=no,resizable=yes,scrollbars=yes,height=300,width=600');return false;\" href=\"http:\/\/twitter.com\/intent\/tweet?text=Forum Verantwortung:  Wissenschaft in der Pandemie&#32;-&#32;&url=https%3A%2F%2Fwww.wochen-zur-demokratie.de%2Farchiv%2Fevents%2Fforum-verantwortung-wissenschaft-in-der-pandemie%2F\" title=\"Diese Veranstaltung auf Twitter teilen\" rel=\"nofollow\" target=\"_blank\" data-url=\"https%3A%2F%2Fwww.wochen-zur-demokratie.de%2Farchiv%2Fevents%2Fforum-verantwortung-wissenschaft-in-der-pandemie%2F\"><i class=\"fa fa-twitter\"><\/i><\/a><\/div><div class='evo_sm LinkedIn'><a class=\"li evo_ss\" href=\"http:\/\/www.linkedin.com\/shareArticle?mini=true&url=https%3A%2F%2Fwww.wochen-zur-demokratie.de%2Farchiv%2Fevents%2Fforum-verantwortung-wissenschaft-in-der-pandemie%2F&title=Forum%20Verantwortung%3A%20%20Wissenschaft%20in%20der%20Pandemie&summary=Selten+stand+die+Wissenschaft+so+sehr+im+Zentrum+der+%C3%B6ffentlichen+Diskussion%2C+wie+w%C3%A4hrend+der+Corona-Pandemie.+Doch\" target=\"_blank\" title=\"Diese Veranstaltung auf Linkedin teilen\"><i class=\"fa fa-linkedin\"><\/i><\/a><\/div><div class='evo_sm EmailShare'><a class=\"em evo_ss\" href=\"mailto:?subject=Forum Verantwortung:  Wissenschaft in der Pandemie&body=Event Name: Forum Verantwortung:  Wissenschaft in der Pandemie%0AEvent Date: 20\/10\/2020 16:00 - 17:30%0ALink: https%3A%2F%2Fwww.wochen-zur-demokratie.de%2Farchiv%2Fevents%2Fforum-verantwortung-wissenschaft-in-der-pandemie%2F%0A\" target=\"_blank\"><i class=\"fa fa-envelope\"><\/i><\/a><\/div><div class='clear'><\/div><div class='evcal_evdata_row evcal_close' title='Close'><\/div><\/div><div class='evo_card_row_end evcal_close' title='Close'><\/div><\/div><div class='clear end'><\/div><\/div><div style=\"background-color: #c766a4;height: 275px;\" id=\"event_2591\" class=\"eventon_list_event evo_eventtop past_event event event_2591_0\" data-event_id=\"2591\" data-ri=\"0r\" data-time=\"1603216800-1603224000\" data-colr=\"#c766a4\" itemscope itemtype='http:\/\/schema.org\/Event'><div class=\"evo_event_schema\" style=\"display:none\" ><a itemprop='url'  href='https:\/\/www.wochen-zur-demokratie.de\/archiv\/events\/verschwoerungsmythen-und-fake-news\/'><\/a><span itemprop='name'  >Verschw\u00f6rungsmythen  und Fake News<\/span><meta itemprop='image' content=\"https:\/\/www.wochen-zur-demokratie.de\/archiv\/wp-content\/uploads\/2020\/10\/workshopfakenews1-web.jpg\" \/><meta itemprop='description' content=\"Thematisch anschlie\u00dfend an den Vortrag vom Montag wurde in diesem Workshop darauf eingegangen, wie man mit solchen \u201eFakten\u201d umgehen kann. Was mache ich wenn ein Freund, Bekannter oder sogar ein\" \/><meta itemprop='startDate' content=\"2020-10-20T18:00\" \/><meta itemprop='endDate' content=\"2020-10-20T20:00\" \/><meta itemprop='eventStatus' content=\"on-schedule\" \/><script type=\"application\/ld+json\">{\t\"@context\": \"http:\/\/schema.org\",\n\t\t\t\t\t\t\t  \t\"@type\": \"Event\",\n\t\t\t\t\t\t\t  \t\"name\": \"Verschw\u00f6rungsmythen  und Fake News\",\n\t\t\t\t\t\t\t  \t\"startDate\": \"2020-10-20T18-18-00-00\",\n\t\t\t\t\t\t\t  \t\"endDate\": \"2020-10-20T20-20-00-00\",\n\t\t\t\t\t\t\t  \t\"image\":\"https:\/\/www.wochen-zur-demokratie.de\/archiv\/wp-content\/uploads\/2020\/10\/workshopfakenews1-web.jpg\",\n\t\t\t\t\t\t\t  \t\"description\":\"Thematisch anschlie\u00dfend an den Vortrag vom Montag wurde in diesem Workshop darauf eingegangen, wie man mit solchen \u201eFakten\u201d umgehen kann. Was mache ich wenn ein Freund, Bekannter oder sogar ein\"\n\t\t\t\t\t\t\t  \t\n\t\t\t\t\t\t\t }<\/script><\/div>\n\t\t\t\t<p class=\"desc_trig_outter\"><a data-gmap_status=\"null\" data-exlk=\"0\" id=\"evc_16032168002591\" class=\"desc_trig sin_val evcal_list_a\" data-ux_val=\"3\"  ><span class='evcal_cblock ' data-bgcolor='#c766a4' data-smon='Oktober' data-syr='2020'><span class='evo_start '><em class='date'>20<\/em><em class='month'>Okt.<\/em><em class='time'>18:00<\/em><\/span><span class='evo_end only_time'><em class='time'>20:00<\/em><\/span><em class='clear'><\/em><\/span><span class='evcal_desc evo_info hide_eventtopdata '  data-location_status=\"false\" ><span class='evo_above_title'><\/span><span class='evcal_desc2 evcal_event_title' itemprop='name'>Verschw\u00f6rungsmythen  und Fake News<\/span><span class='evo_below_title'><span class='evcal_event_subtitle' >Wie soll man damit umgehen? Ein Workshop<\/span><\/span><span class='evcal_desc_info' ><em class='evcal_time'>18:00 - 20:00<\/em> <em class=\"evcal_location\"  data-add_str=\"\"><em class=\"event_location_name\">Seminarr\u00e4ume Lederergasse 1, Passau<\/em><\/em><\/span><span class='evcal_desc3'><\/span><\/span><em class='clear'><\/em><\/a><\/p><div class='event_description evcal_eventcard ' style=\"display:none\"><div class='evo_metarow_directimg'><img class='evo_event_main_img' src='https:\/\/www.wochen-zur-demokratie.de\/archiv\/wp-content\/uploads\/2020\/10\/workshopfakenews1-web.jpg' \/><\/div><div class='evo_event_images'><span class='evo_event_more_img select'><img title='' src='https:\/\/www.wochen-zur-demokratie.de\/archiv\/wp-content\/uploads\/2020\/10\/workshopfakenews1-web.jpg' data-f='https:\/\/www.wochen-zur-demokratie.de\/archiv\/wp-content\/uploads\/2020\/10\/workshopfakenews1-web.jpg'\/><\/span><span class='evo_event_more_img '><img title='' src='https:\/\/www.wochen-zur-demokratie.de\/archiv\/wp-content\/uploads\/2020\/09\/Workshop_Verschwoerungsmythen-web-150x150.jpg' data-f='https:\/\/www.wochen-zur-demokratie.de\/archiv\/wp-content\/uploads\/2020\/09\/Workshop_Verschwoerungsmythen-web.jpg' data-h='461' data-w='652'\/><\/span><\/div><div class='evo_metarow_details evorow evcal_evdata_row bordb evcal_event_details'>\n\t\t\t\t\t\t\t<div class=\"event_excerpt\" style=\"display:none\"><h3 class=\"padb5 evo_h3\">Event Details<\/h3><p>Thematisch anschlie\u00dfend an den Vortrag vom Montag wurde in diesem Workshop darauf eingegangen, wie man mit solchen \u201eFakten\u201d umgehen kann. Was mache ich wenn ein Freund, Bekannter oder sogar ein<\/p><\/div><span class='evcal_evdata_icons'><i class='fa fa-align-justify'><\/i><\/span>\n\t\t\t\t\t\t\t\n\t\t\t\t\t\t\t<div class='evcal_evdata_cell shorter_desc'><div class='eventon_details_shading_bot'>\n\t\t\t\t\t\t\t\t<p class='eventon_shad_p' content='less'><span class='ev_more_text' data-txt='Weniger anzeigen'>Mehr anzeigen<\/span><span class='ev_more_arrow'><\/span><\/p>\n\t\t\t\t\t\t\t<\/div><div class='eventon_full_description'>\n\t\t\t\t\t\t\t\t\t<h3 class='padb5 evo_h3'><span class='evcal_evdata_icons'><i class='fa fa-align-justify'><\/i><\/span>Event Details<\/h3><div class='eventon_desc_in' itemprop='description'>\n\t\t\t\t\t\t\t\t\t<p>Thematisch anschlie\u00dfend an den Vortrag vom Montag wurde in diesem Workshop darauf eingegangen, wie man mit solchen \u201eFakten\u201d umgehen kann. Was mache ich wenn ein Freund, Bekannter oder sogar ein Familienmitglied Geschichten in den sozialen Medien wie auch im echten Leben verbreitet?<br \/>\n<strong>Die beiden Referent*innen Nils Allensdorf und Melina Scholz<\/strong> vom Verein \u201eGemeinsam leben und lernen in Europa e.V.\u201c stellten in Vertretung des kranken Michael Schimmer Tools und Methoden vor, wie man kritisch mit diesen Inhalten umgeht und wie man sich konkret gegen\u00fcber Menschen verhalten kann, die solche Fake News und Verschw\u00f6rungsgeschichten erz\u00e4hlen.<br \/>\n10 Besucher*innen nahmen an dem Workshop und den interakativen Aktionen teil.<\/p>\n<\/div><div class='clear'><\/div>\n\t\t\t\t\t\t\t\t<\/div>\n\t\t\t\t\t\t\t<\/div>\n\t\t\t\t\t\t<\/div><div class='evo_metarow_organizer evorow evcal_evdata_row bordb evcal_evrow_sm '>\n\t\t\t\t\t\t\t<span class='evcal_evdata_icons'><i class='fa fa-address-book-o'><\/i><\/span>\n\t\t\t\t\t\t\t<div class='evcal_evdata_cell'>\t\t\t\t\t\t\t\n\t\t\t\t\t\t\t\t<h3 class='evo_h3'>Mitveranstalter \/ Partner<\/h3>\n\t\t\t\t\t\t\t\t<p class='evo_data_val evo_card_organizer_image'><img src='https:\/\/www.wochen-zur-demokratie.de\/archiv\/wp-content\/uploads\/2019\/07\/logo-lebenundlernenineuropa.jpg'\/><\/p>\n\t\t\t\t\t\t\t\t<div class='evo_card_organizer'><p class='evo_data_val evo_card_organizer_name'>\n\t\t\t\t\t\t\t\t\t<span class='evo_card_organizer_name_t'>Gemeinsam leben und lernen in Europa e.V.<\/span>\n\t\t\t\t\t\t\t\t\t\n\t\t\t\t\t\t\t\t\t<\/p><\/div><div class='clear'><\/div>\t\t\t\t\t\t\t\n\t\t\t\t\t\t\t<\/div>\n\t\t\t\t\t\t<\/div>\t\t\t\t\t\t<div class='evo_metarow_ICS evorow bordb evcal_evdata_row'>\n\t\t\t\t\t\t\t<span class=\"evcal_evdata_icons\"><i class=\"fa fa-calendar\"><\/i><\/span>\n\t\t\t\t\t\t\t<div class='evcal_evdata_cell'>\n\t\t\t\t\t\t\t\t<p><a href='https:\/\/www.wochen-zur-demokratie.de\/archiv\/wp-admin\/admin-ajax.php?action=eventon_ics_download&amp;event_id=2591&amp;ri=0' class='evo_ics_nCal' title='Zum Ihrem Kalender hinzuf\u00fcgen'>Zum Kalender hinzuf\u00fcgen<\/a><a href='\/\/www.google.com\/calendar\/event?action=TEMPLATE&amp;text=Verschw%C3%B6rungsmythen++und+Fake+News&amp;dates=20201020T160000Z\/20201020T180000Z&amp;details=Thematisch+anschlie%C3%9Fend+an+den+Vortrag+vom+Montag+wurde+in+diesem+Workshop+darauf+eingegangen%2C+wie+man+mit+solchen+%E2%80%9EFakten%E2%80%9D+umgehen+kann.+Was+mache+ich+wenn+ein+Freund%2C+Bekannter+oder+sogar+ein&amp;location=Seminarr%C3%A4ume+Lederergasse+1%2C+Passau - ' target='_blank' class='evo_ics_gCal' title='Zum Ihrem Google-Kalender hinzuf\u00fcgen'>GoogleCal<\/a><\/p>\t\n\t\t\t\t\t\t\t<\/div>\n\t\t\t\t\t\t<\/div>\n\t\t\t\t\t\t<div class='bordb evo_metarow_socialmedia evcal_evdata_row  lastrow'><div class='evo_sm FacebookShare'><a class=\" evo_ss\" target=\"_blank\" onclick=\"javascript:window.open(this.href, '', 'left=50,top=50,width=600,height=350,toolbar=0');return false;\"\n\t\t\t\t\t\t\t\thref=\"http:\/\/www.facebook.com\/sharer.php?u=https%3A%2F%2Fwww.wochen-zur-demokratie.de%2Farchiv%2Fevents%2Fverschwoerungsmythen-und-fake-news%2F\" title=\"Diese Veranstaltung auf Facebook teilen\"><i class=\"fa fa-facebook\"><\/i><\/a><\/div><div class='evo_sm Twitter'><a class=\"tw evo_ss\" onclick=\"javascript:window.open(this.href, '', 'menubar=no,toolbar=no,resizable=yes,scrollbars=yes,height=300,width=600');return false;\" href=\"http:\/\/twitter.com\/intent\/tweet?text=Verschw\u00f6rungsmythen  und Fake News&#32;-&#32;&url=https%3A%2F%2Fwww.wochen-zur-demokratie.de%2Farchiv%2Fevents%2Fverschwoerungsmythen-und-fake-news%2F\" title=\"Diese Veranstaltung auf Twitter teilen\" rel=\"nofollow\" target=\"_blank\" data-url=\"https%3A%2F%2Fwww.wochen-zur-demokratie.de%2Farchiv%2Fevents%2Fverschwoerungsmythen-und-fake-news%2F\"><i class=\"fa fa-twitter\"><\/i><\/a><\/div><div class='evo_sm LinkedIn'><a class=\"li evo_ss\" href=\"http:\/\/www.linkedin.com\/shareArticle?mini=true&url=https%3A%2F%2Fwww.wochen-zur-demokratie.de%2Farchiv%2Fevents%2Fverschwoerungsmythen-und-fake-news%2F&title=Verschw%C3%B6rungsmythen%20%20und%20Fake%20News&summary=Thematisch+anschlie%C3%9Fend+an+den+Vortrag+vom+Montag+wurde+in+diesem+Workshop+darauf+eingegangen%2C+wie+man+mit\" target=\"_blank\" title=\"Diese Veranstaltung auf Linkedin teilen\"><i class=\"fa fa-linkedin\"><\/i><\/a><\/div><div class='evo_sm EmailShare'><a class=\"em evo_ss\" href=\"mailto:?subject=Verschw\u00f6rungsmythen  und Fake News&body=Event Name: Verschw\u00f6rungsmythen  und Fake News%0AEvent Date: 20\/10\/2020 18:00 - 20:00%0ALink: https%3A%2F%2Fwww.wochen-zur-demokratie.de%2Farchiv%2Fevents%2Fverschwoerungsmythen-und-fake-news%2F%0A\" target=\"_blank\"><i class=\"fa fa-envelope\"><\/i><\/a><\/div><div class='clear'><\/div><div class='evcal_evdata_row evcal_close' title='Close'><\/div><\/div><div class='evo_card_row_end evcal_close' title='Close'><\/div><\/div><div class='clear end'><\/div><\/div><div style=\"background-color: #c766a4;height: 275px;\" id=\"event_2590\" class=\"eventon_list_event evo_eventtop past_event event event_2590_0\" data-event_id=\"2590\" data-ri=\"0r\" data-time=\"1603306800-1603314000\" data-colr=\"#c766a4\" itemscope itemtype='http:\/\/schema.org\/Event'><div class=\"evo_event_schema\" style=\"display:none\" ><a itemprop='url'  href='https:\/\/www.wochen-zur-demokratie.de\/archiv\/events\/woidboxer-copy\/'><\/a><span itemprop='name'  >Der Reichsb\u00fcrger<\/span><meta itemprop='image' content=\"https:\/\/www.wochen-zur-demokratie.de\/archiv\/wp-content\/uploads\/2020\/09\/reichsbuerger2-web.jpg\" \/><meta itemprop='description' content=\"Vor ausverkauftem Haus erkl\u00e4rte ein Mann dem Publikum seine Weltsicht. Vieles davon hatte durchaus Hand und Fu\u00df, doch je l\u00e4nger der Vortrag dauerte, desto mehr schlich sich bei den rund\" \/><meta itemprop='startDate' content=\"2020-10-21T19:00\" \/><meta itemprop='endDate' content=\"2020-10-21T21:00\" \/><meta itemprop='eventStatus' content=\"on-schedule\" \/>\n\t\t\t\t\t\t\t\t\t<item style=\"display:none\" itemprop=\"location\" itemscope itemtype=\"http:\/\/schema.org\/Place\">\n\t\t\t\t\t\t\t\t\t\t<span itemprop=\"name\">Redoute, Passau<\/span>\n\t\t\t\t\t\t\t\t\t\t<span itemprop=\"address\" itemscope itemtype=\"http:\/\/schema.org\/PostalAddress\">\n\t\t\t\t\t\t\t\t\t\t\t<item itemprop=\"streetAddress\">Passau, Redoute<\/item>\n\t\t\t\t\t\t\t\t\t\t<\/span><\/item><script type=\"application\/ld+json\">{\t\"@context\": \"http:\/\/schema.org\",\n\t\t\t\t\t\t\t  \t\"@type\": \"Event\",\n\t\t\t\t\t\t\t  \t\"name\": \"Der Reichsb\u00fcrger\",\n\t\t\t\t\t\t\t  \t\"startDate\": \"2020-10-21T19-19-00-00\",\n\t\t\t\t\t\t\t  \t\"endDate\": \"2020-10-21T21-21-00-00\",\n\t\t\t\t\t\t\t  \t\"image\":\"https:\/\/www.wochen-zur-demokratie.de\/archiv\/wp-content\/uploads\/2020\/09\/reichsbuerger2-web.jpg\",\n\t\t\t\t\t\t\t  \t\"description\":\"Vor ausverkauftem Haus erkl\u00e4rte ein Mann dem Publikum seine Weltsicht. Vieles davon hatte durchaus Hand und Fu\u00df, doch je l\u00e4nger der Vortrag dauerte, desto mehr schlich sich bei den rund\"\n\t\t\t\t\t\t\t  \t,\"location\":{\n\t\t\t\t\t\t\t\t\t\t\"@type\":\"Place\",\n\t\t\t\t\t\t\t\t\t\t\"name\":\"Redoute, Passau\",\n\t\t\t\t\t\t\t\t\t\t\"address\":{\n\t\t\t\t\t\t\t\t\t\t\t\"@type\": \"PostalAddress\"\n\t\t\t\t\t\t\t\t\t\t\t\"streetAddress\":\"Passau, Redoute\"\n\t\t\t\t\t\t\t\t\t\t}\n\t\t\t\t\t\t\t  \t\t}\n\t\t\t\t\t\t\t }<\/script><\/div>\n\t\t\t\t<p class=\"desc_trig_outter\"><a data-gmap_status=\"null\" data-gmtrig=\"1\" data-exlk=\"0\" id=\"evc_16033068002590\" class=\"desc_trig sin_val evcal_list_a\" data-ux_val=\"3\"  ><span class='evcal_cblock ' data-bgcolor='#c766a4' data-smon='Oktober' data-syr='2020'><span class='evo_start '><em class='date'>21<\/em><em class='month'>Okt.<\/em><em class='time'>19:00<\/em><\/span><span class='evo_end only_time'><em class='time'>21:00<\/em><\/span><em class='clear'><\/em><\/span><span class='evcal_desc evo_info hide_eventtopdata '  data-location_address=\"Passau, Redoute\" data-location_type=\"address\" data-location_name=\"Redoute, Passau\" data-location_url=\"https:\/\/www.wochen-zur-demokratie.de\/archiv\/event-location\/passau-redoute\/\" data-location_status=\"true\" ><span class='evo_above_title'><\/span><span class='evcal_desc2 evcal_event_title' itemprop='name'>Der Reichsb\u00fcrger<\/span><span class='evo_below_title'><span class='evcal_event_subtitle' >Schauspiel von Annalena und Konstantin K\u00fcspert<\/span><\/span><span class='evcal_desc_info' ><em class='evcal_time'>19:00 - 21:00<\/em> <em class=\"evcal_location\"  data-add_str=\"\"><em class=\"event_location_name\">Redoute, Passau<\/em><\/em><\/span><span class='evcal_desc3'><\/span><\/span><em class='clear'><\/em><\/a><\/p><div class='event_description evcal_eventcard ' style=\"display:none\"><div class='evo_metarow_directimg'><img class='evo_event_main_img' src='https:\/\/www.wochen-zur-demokratie.de\/archiv\/wp-content\/uploads\/2020\/09\/reichsbuerger2-web.jpg' \/><\/div><div class='evo_event_images'><span class='evo_event_more_img select'><img title='' src='https:\/\/www.wochen-zur-demokratie.de\/archiv\/wp-content\/uploads\/2020\/09\/reichsbuerger2-web.jpg' data-f='https:\/\/www.wochen-zur-demokratie.de\/archiv\/wp-content\/uploads\/2020\/09\/reichsbuerger2-web.jpg'\/><\/span><span class='evo_event_more_img '><img title='' src='https:\/\/www.wochen-zur-demokratie.de\/archiv\/wp-content\/uploads\/2020\/09\/schuermann-web-150x150.jpg' data-f='https:\/\/www.wochen-zur-demokratie.de\/archiv\/wp-content\/uploads\/2020\/09\/schuermann-web.jpg' data-h='739' data-w='652'\/><\/span><\/div><div class='evo_metarow_details evorow evcal_evdata_row bordb evcal_event_details'>\n\t\t\t\t\t\t\t<div class=\"event_excerpt\" style=\"display:none\"><h3 class=\"padb5 evo_h3\">Event Details<\/h3><p>Vor ausverkauftem Haus erkl\u00e4rte ein Mann dem Publikum seine Weltsicht. Vieles davon hatte durchaus Hand und Fu\u00df, doch je l\u00e4nger der Vortrag dauerte, desto mehr schlich sich bei den rund<\/p><\/div><span class='evcal_evdata_icons'><i class='fa fa-align-justify'><\/i><\/span>\n\t\t\t\t\t\t\t\n\t\t\t\t\t\t\t<div class='evcal_evdata_cell shorter_desc'><div class='eventon_details_shading_bot'>\n\t\t\t\t\t\t\t\t<p class='eventon_shad_p' content='less'><span class='ev_more_text' data-txt='Weniger anzeigen'>Mehr anzeigen<\/span><span class='ev_more_arrow'><\/span><\/p>\n\t\t\t\t\t\t\t<\/div><div class='eventon_full_description'>\n\t\t\t\t\t\t\t\t\t<h3 class='padb5 evo_h3'><span class='evcal_evdata_icons'><i class='fa fa-align-justify'><\/i><\/span>Event Details<\/h3><div class='eventon_desc_in' itemprop='description'>\n\t\t\t\t\t\t\t\t\t<p>Vor ausverkauftem Haus erkl\u00e4rte ein Mann dem Publikum seine Weltsicht. Vieles davon hatte durchaus Hand und Fu\u00df, doch je l\u00e4nger der Vortrag dauerte, desto mehr schlich sich bei den rund 50 Zuh\u00f6rer*innen ein Unbehagen ein: Der Mann ist ein Reichsb\u00fcrger.<br \/>\nReichsb\u00fcrger sind Menschen, die sich aus dem Gesellschaftsvertrag zur\u00fcckziehen, die die Rechtm\u00e4\u00dfigkeit der Bundesrepublik Deutschland und ihre Gesetze nicht anerkennen. Lange als Realit\u00e4tsverweigerer abgetan, exzentrisch, aber harmlos, hat das Thema auch bei den Demonstrationen w\u00e4hrend der Corona-Pandemie eine ganz neue Brisanz bekommen.<br \/>\nOlaf Sch\u00fcrmann vom Landestheater Niederbayern spielte seine Rolle mit einer wahrhaft irritierenden Intensit\u00e4t.<strong><br \/>\n<\/strong><\/p>\n<\/div><div class='clear'><\/div>\n\t\t\t\t\t\t\t\t<\/div>\n\t\t\t\t\t\t\t<\/div>\n\t\t\t\t\t\t<\/div><div class='evo_metarow_organizer evorow evcal_evdata_row bordb evcal_evrow_sm '>\n\t\t\t\t\t\t\t<span class='evcal_evdata_icons'><i class='fa fa-address-book-o'><\/i><\/span>\n\t\t\t\t\t\t\t<div class='evcal_evdata_cell'>\t\t\t\t\t\t\t\n\t\t\t\t\t\t\t\t<h3 class='evo_h3'>Mitveranstalter \/ Partner<\/h3>\n\t\t\t\t\t\t\t\t<p class='evo_data_val evo_card_organizer_image'><img src='https:\/\/www.wochen-zur-demokratie.de\/archiv\/wp-content\/uploads\/2020\/09\/kombi-wzd-landestheater-web.jpg'\/><\/p>\n\t\t\t\t\t\t\t\t<div class='evo_card_organizer'><p class='evo_data_val evo_card_organizer_name'>\n\t\t\t\t\t\t\t\t\t<span class='evo_card_organizer_name_t'>Initiative Wochen zur Demokratie, Landestheater Niederbayern<\/span>\n\t\t\t\t\t\t\t\t\t\n\t\t\t\t\t\t\t\t\t<\/p><\/div><div class='clear'><\/div>\t\t\t\t\t\t\t\n\t\t\t\t\t\t\t<\/div>\n\t\t\t\t\t\t<\/div>\t\t\t\t\t\t<div class='evo_metarow_ICS evorow bordb evcal_evdata_row'>\n\t\t\t\t\t\t\t<span class=\"evcal_evdata_icons\"><i class=\"fa fa-calendar\"><\/i><\/span>\n\t\t\t\t\t\t\t<div class='evcal_evdata_cell'>\n\t\t\t\t\t\t\t\t<p><a href='https:\/\/www.wochen-zur-demokratie.de\/archiv\/wp-admin\/admin-ajax.php?action=eventon_ics_download&amp;event_id=2590&amp;ri=0' class='evo_ics_nCal' title='Zum Ihrem Kalender hinzuf\u00fcgen'>Zum Kalender hinzuf\u00fcgen<\/a><a href='\/\/www.google.com\/calendar\/event?action=TEMPLATE&amp;text=Der+Reichsb%C3%BCrger&amp;dates=20201021T170000Z\/20201021T190000Z&amp;details=Vor+ausverkauftem+Haus+erkl%C3%A4rte+ein+Mann+dem+Publikum+seine+Weltsicht.+Vieles+davon+hatte+durchaus+Hand+und+Fu%C3%9F%2C+doch+je+l%C3%A4nger+der+Vortrag+dauerte%2C+desto+mehr+schlich+sich+bei+den+rund&amp;location=Redoute%2C+Passau - Passau%2C+Redoute' target='_blank' class='evo_ics_gCal' title='Zum Ihrem Google-Kalender hinzuf\u00fcgen'>GoogleCal<\/a><\/p>\t\n\t\t\t\t\t\t\t<\/div>\n\t\t\t\t\t\t<\/div>\n\t\t\t\t\t\t<div class='bordb evo_metarow_socialmedia evcal_evdata_row  lastrow'><div class='evo_sm FacebookShare'><a class=\" evo_ss\" target=\"_blank\" onclick=\"javascript:window.open(this.href, '', 'left=50,top=50,width=600,height=350,toolbar=0');return false;\"\n\t\t\t\t\t\t\t\thref=\"http:\/\/www.facebook.com\/sharer.php?u=https%3A%2F%2Fwww.wochen-zur-demokratie.de%2Farchiv%2Fevents%2Fwoidboxer-copy%2F\" title=\"Diese Veranstaltung auf Facebook teilen\"><i class=\"fa fa-facebook\"><\/i><\/a><\/div><div class='evo_sm Twitter'><a class=\"tw evo_ss\" onclick=\"javascript:window.open(this.href, '', 'menubar=no,toolbar=no,resizable=yes,scrollbars=yes,height=300,width=600');return false;\" href=\"http:\/\/twitter.com\/intent\/tweet?text=Der Reichsb\u00fcrger&#32;-&#32;&url=https%3A%2F%2Fwww.wochen-zur-demokratie.de%2Farchiv%2Fevents%2Fwoidboxer-copy%2F\" title=\"Diese Veranstaltung auf Twitter teilen\" rel=\"nofollow\" target=\"_blank\" data-url=\"https%3A%2F%2Fwww.wochen-zur-demokratie.de%2Farchiv%2Fevents%2Fwoidboxer-copy%2F\"><i class=\"fa fa-twitter\"><\/i><\/a><\/div><div class='evo_sm LinkedIn'><a class=\"li evo_ss\" href=\"http:\/\/www.linkedin.com\/shareArticle?mini=true&url=https%3A%2F%2Fwww.wochen-zur-demokratie.de%2Farchiv%2Fevents%2Fwoidboxer-copy%2F&title=Der%20Reichsb%C3%BCrger&summary=Vor+ausverkauftem+Haus+erkl%C3%A4rte+ein+Mann+dem+Publikum+seine+Weltsicht.+Vieles+davon+hatte+durchaus+Hand+und\" target=\"_blank\" title=\"Diese Veranstaltung auf Linkedin teilen\"><i class=\"fa fa-linkedin\"><\/i><\/a><\/div><div class='evo_sm EmailShare'><a class=\"em evo_ss\" href=\"mailto:?subject=Der Reichsb\u00fcrger&body=Event Name: Der Reichsb\u00fcrger%0AEvent Date: 21\/10\/2020 19:00 - 21:00%0ALink: https%3A%2F%2Fwww.wochen-zur-demokratie.de%2Farchiv%2Fevents%2Fwoidboxer-copy%2F%0A\" target=\"_blank\"><i class=\"fa fa-envelope\"><\/i><\/a><\/div><div class='clear'><\/div><div class='evcal_evdata_row evcal_close' title='Close'><\/div><\/div><div class='evo_card_row_end evcal_close' title='Close'><\/div><\/div><div class='clear end'><\/div><\/div><div style=\"background-color: #c766a4;height: 275px;\" id=\"event_2593\" class=\"eventon_list_event evo_eventtop past_event event event_2593_0\" data-event_id=\"2593\" data-ri=\"0r\" data-time=\"1603386000-1603393200\" data-colr=\"#c766a4\" itemscope itemtype='http:\/\/schema.org\/Event'><div class=\"evo_event_schema\" style=\"display:none\" ><a itemprop='url'  href='https:\/\/www.wochen-zur-demokratie.de\/archiv\/events\/meet-and-greet-fuer-jugendliche-in-neuhaus-am-inn\/'><\/a><span itemprop='name'  >Meet and Greet f\u00fcr Jugendliche  in Neuhaus am Inn<\/span><meta itemprop='image' content=\"https:\/\/www.wochen-zur-demokratie.de\/archiv\/wp-content\/uploads\/2020\/09\/KJR_Neuhaus-a.-Inn-web.jpg\" \/><meta itemprop='description' content=\"Kennst du schon den neuen B\u00fcrgermeister und euren Jugendbeauftragten? Kennt er dich?  In lockerer Atmosph\u00e4re hatten die Jugendlichen die M\u00f6glichkeit sich und die geladenen Polit-Promis kennenzulernen und sich auszutauschen. Dabei konnten\" \/><meta itemprop='startDate' content=\"2020-10-22T17:00\" \/><meta itemprop='endDate' content=\"2020-10-22T19:00\" \/><meta itemprop='eventStatus' content=\"on-schedule\" \/>\n\t\t\t\t\t\t\t\t\t<item style=\"display:none\" itemprop=\"location\" itemscope itemtype=\"http:\/\/schema.org\/Place\">\n\t\t\t\t\t\t\t\t\t\t<span itemprop=\"name\">Jugendtreff im Haus des Gastes, Neuhaus am Inn<\/span>\n\t\t\t\t\t\t\t\t\t\t<span itemprop=\"address\" itemscope itemtype=\"http:\/\/schema.org\/PostalAddress\">\n\t\t\t\t\t\t\t\t\t\t\t<item itemprop=\"streetAddress\">Neuhaus am Inn, Jugendtreff im Haus des Gastes<\/item>\n\t\t\t\t\t\t\t\t\t\t<\/span><\/item><script type=\"application\/ld+json\">{\t\"@context\": \"http:\/\/schema.org\",\n\t\t\t\t\t\t\t  \t\"@type\": \"Event\",\n\t\t\t\t\t\t\t  \t\"name\": \"Meet and Greet f\u00fcr Jugendliche  in Neuhaus am Inn\",\n\t\t\t\t\t\t\t  \t\"startDate\": \"2020-10-22T17-17-00-00\",\n\t\t\t\t\t\t\t  \t\"endDate\": \"2020-10-22T19-19-00-00\",\n\t\t\t\t\t\t\t  \t\"image\":\"https:\/\/www.wochen-zur-demokratie.de\/archiv\/wp-content\/uploads\/2020\/09\/KJR_Neuhaus-a.-Inn-web.jpg\",\n\t\t\t\t\t\t\t  \t\"description\":\"Kennst du schon den neuen B\u00fcrgermeister und euren Jugendbeauftragten? Kennt er dich?  In lockerer Atmosph\u00e4re hatten die Jugendlichen die M\u00f6glichkeit sich und die geladenen Polit-Promis kennenzulernen und sich auszutauschen. Dabei konnten\"\n\t\t\t\t\t\t\t  \t,\"location\":{\n\t\t\t\t\t\t\t\t\t\t\"@type\":\"Place\",\n\t\t\t\t\t\t\t\t\t\t\"name\":\"Jugendtreff im Haus des Gastes, Neuhaus am Inn\",\n\t\t\t\t\t\t\t\t\t\t\"address\":{\n\t\t\t\t\t\t\t\t\t\t\t\"@type\": \"PostalAddress\"\n\t\t\t\t\t\t\t\t\t\t\t\"streetAddress\":\"Neuhaus am Inn, Jugendtreff im Haus des Gastes\"\n\t\t\t\t\t\t\t\t\t\t}\n\t\t\t\t\t\t\t  \t\t}\n\t\t\t\t\t\t\t }<\/script><\/div>\n\t\t\t\t<p class=\"desc_trig_outter\"><a data-gmap_status=\"null\" data-gmtrig=\"1\" data-exlk=\"0\" id=\"evc_16033860002593\" class=\"desc_trig sin_val evcal_list_a\" data-ux_val=\"3\"  ><span class='evcal_cblock ' data-bgcolor='#c766a4' data-smon='Oktober' data-syr='2020'><span class='evo_start '><em class='date'>22<\/em><em class='month'>Okt.<\/em><em class='time'>17:00<\/em><\/span><span class='evo_end only_time'><em class='time'>19:00<\/em><\/span><em class='clear'><\/em><\/span><span class='evcal_desc evo_info hide_eventtopdata '  data-location_address=\"Neuhaus am Inn, Jugendtreff im Haus des Gastes\" data-location_type=\"address\" data-location_name=\"Jugendtreff im Haus des Gastes, Neuhaus am Inn\" data-location_url=\"https:\/\/www.wochen-zur-demokratie.de\/archiv\/event-location\/neuhaus-am-inn-jugendtreff-im-haus-des-gastes\/\" data-location_status=\"true\" ><span class='evo_above_title'><\/span><span class='evcal_desc2 evcal_event_title' itemprop='name'>Meet and Greet f\u00fcr Jugendliche  in Neuhaus am Inn<\/span><span class='evo_below_title'><span class='evcal_event_subtitle' >Sit In mit \u00f6rtlichen Polit-Promis<\/span><\/span><span class='evcal_desc_info' ><em class='evcal_time'>17:00 - 19:00<\/em> <em class=\"evcal_location\"  data-add_str=\"\"><em class=\"event_location_name\">Jugendtreff im Haus des Gastes, Neuhaus am Inn<\/em><\/em><\/span><span class='evcal_desc3'><\/span><\/span><em class='clear'><\/em><\/a><\/p><div class='event_description evcal_eventcard ' style=\"display:none\"><div class='evo_metarow_directimg'><img class='evo_event_main_img' src='https:\/\/www.wochen-zur-demokratie.de\/archiv\/wp-content\/uploads\/2020\/09\/KJR_Neuhaus-a.-Inn-web.jpg' \/><\/div><div class='evo_metarow_details evorow evcal_evdata_row bordb evcal_event_details'>\n\t\t\t\t\t\t\t<div class=\"event_excerpt\" style=\"display:none\"><h3 class=\"padb5 evo_h3\">Event Details<\/h3><p>Kennst du schon den neuen B\u00fcrgermeister und euren Jugendbeauftragten? Kennt er dich?\r\nIn lockerer Atmosph\u00e4re hatten die Jugendlichen die M\u00f6glichkeit sich und die geladenen Polit-Promis kennenzulernen und sich auszutauschen. Dabei konnten<\/p><\/div><span class='evcal_evdata_icons'><i class='fa fa-align-justify'><\/i><\/span>\n\t\t\t\t\t\t\t\n\t\t\t\t\t\t\t<div class='evcal_evdata_cell '><div class='eventon_full_description'>\n\t\t\t\t\t\t\t\t\t<h3 class='padb5 evo_h3'><span class='evcal_evdata_icons'><i class='fa fa-align-justify'><\/i><\/span>Event Details<\/h3><div class='eventon_desc_in' itemprop='description'>\n\t\t\t\t\t\t\t\t\t<p>Kennst du schon den neuen B\u00fcrgermeister und euren Jugendbeauftragten? Kennt er dich?<br \/>\nIn lockerer Atmosph\u00e4re hatten die Jugendlichen die M\u00f6glichkeit sich und die geladenen Polit-Promis kennenzulernen und sich auszutauschen. Dabei konnten<strong> Ideen, W\u00fcnsche und Visionen<\/strong> f\u00fcr Neuhaus a. Inn abgeben und diskutiert werden. F\u00fcr das leibliche Wohl war bestens gesorgt.<\/p>\n<\/div><div class='clear'><\/div>\n\t\t\t\t\t\t\t\t<\/div>\n\t\t\t\t\t\t\t<\/div>\n\t\t\t\t\t\t<\/div><div class='evo_metarow_organizer evorow evcal_evdata_row bordb evcal_evrow_sm '>\n\t\t\t\t\t\t\t<span class='evcal_evdata_icons'><i class='fa fa-address-book-o'><\/i><\/span>\n\t\t\t\t\t\t\t<div class='evcal_evdata_cell'>\t\t\t\t\t\t\t\n\t\t\t\t\t\t\t\t<h3 class='evo_h3'>Mitveranstalter \/ Partner<\/h3>\n\t\t\t\t\t\t\t\t<p class='evo_data_val evo_card_organizer_image'><img src='https:\/\/www.wochen-zur-demokratie.de\/archiv\/wp-content\/uploads\/2020\/09\/kombi-neuhaus-kjr-web.jpg'\/><\/p>\n\t\t\t\t\t\t\t\t<div class='evo_card_organizer'><p class='evo_data_val evo_card_organizer_name'>\n\t\t\t\t\t\t\t\t\t<span class='evo_card_organizer_name_t'>Gemeinde Neuhaus a. Inn \/ Kreisjugendring<\/span>\n\t\t\t\t\t\t\t\t\t\n\t\t\t\t\t\t\t\t\t<\/p><\/div><div class='clear'><\/div>\t\t\t\t\t\t\t\n\t\t\t\t\t\t\t<\/div>\n\t\t\t\t\t\t<\/div>\t\t\t\t\t\t<div class='evo_metarow_ICS evorow bordb evcal_evdata_row'>\n\t\t\t\t\t\t\t<span class=\"evcal_evdata_icons\"><i class=\"fa fa-calendar\"><\/i><\/span>\n\t\t\t\t\t\t\t<div class='evcal_evdata_cell'>\n\t\t\t\t\t\t\t\t<p><a href='https:\/\/www.wochen-zur-demokratie.de\/archiv\/wp-admin\/admin-ajax.php?action=eventon_ics_download&amp;event_id=2593&amp;ri=0' class='evo_ics_nCal' title='Zum Ihrem Kalender hinzuf\u00fcgen'>Zum Kalender hinzuf\u00fcgen<\/a><a href='\/\/www.google.com\/calendar\/event?action=TEMPLATE&amp;text=Meet+and+Greet+f%C3%BCr+Jugendliche++in+Neuhaus+am+Inn&amp;dates=20201022T150000Z\/20201022T170000Z&amp;details=Kennst+du+schon+den+neuen+B%C3%BCrgermeister+und+euren+Jugendbeauftragten%3F+Kennt+er+dich%3F%0D%0AIn+lockerer+Atmosph%C3%A4re+hatten+die+Jugendlichen+die+M%C3%B6glichkeit+sich+und+die+geladenen+Polit-Promis+kennenzulernen+und+sich+auszutauschen.+Dabei+konnten&amp;location=Jugendtreff+im+Haus+des+Gastes%2C+Neuhaus+am+Inn - Neuhaus+am+Inn%2C+Jugendtreff+im+Haus+des+Gastes' target='_blank' class='evo_ics_gCal' title='Zum Ihrem Google-Kalender hinzuf\u00fcgen'>GoogleCal<\/a><\/p>\t\n\t\t\t\t\t\t\t<\/div>\n\t\t\t\t\t\t<\/div>\n\t\t\t\t\t\t<div class='bordb evo_metarow_socialmedia evcal_evdata_row  lastrow'><div class='evo_sm FacebookShare'><a class=\" evo_ss\" target=\"_blank\" onclick=\"javascript:window.open(this.href, '', 'left=50,top=50,width=600,height=350,toolbar=0');return false;\"\n\t\t\t\t\t\t\t\thref=\"http:\/\/www.facebook.com\/sharer.php?u=https%3A%2F%2Fwww.wochen-zur-demokratie.de%2Farchiv%2Fevents%2Fmeet-and-greet-fuer-jugendliche-in-neuhaus-am-inn%2F\" title=\"Diese Veranstaltung auf Facebook teilen\"><i class=\"fa fa-facebook\"><\/i><\/a><\/div><div class='evo_sm Twitter'><a class=\"tw evo_ss\" onclick=\"javascript:window.open(this.href, '', 'menubar=no,toolbar=no,resizable=yes,scrollbars=yes,height=300,width=600');return false;\" href=\"http:\/\/twitter.com\/intent\/tweet?text=Meet and Greet f\u00fcr Jugendliche  in Neuhaus am Inn&#32;-&#32;&url=https%3A%2F%2Fwww.wochen-zur-demokratie.de%2Farchiv%2Fevents%2Fmeet-and-greet-fuer-jugendliche-in-neuhaus-am-inn%2F\" title=\"Diese Veranstaltung auf Twitter teilen\" rel=\"nofollow\" target=\"_blank\" data-url=\"https%3A%2F%2Fwww.wochen-zur-demokratie.de%2Farchiv%2Fevents%2Fmeet-and-greet-fuer-jugendliche-in-neuhaus-am-inn%2F\"><i class=\"fa fa-twitter\"><\/i><\/a><\/div><div class='evo_sm LinkedIn'><a class=\"li evo_ss\" href=\"http:\/\/www.linkedin.com\/shareArticle?mini=true&url=https%3A%2F%2Fwww.wochen-zur-demokratie.de%2Farchiv%2Fevents%2Fmeet-and-greet-fuer-jugendliche-in-neuhaus-am-inn%2F&title=Meet%20and%20Greet%20f%C3%BCr%20Jugendliche%20%20in%20Neuhaus%20am%20Inn&summary=Kennst+du+schon+den+neuen+B%C3%BCrgermeister+und+euren+Jugendbeauftragten%3F+Kennt+er+dich%3F%0AIn+lockerer+Atmosph%C3%A4re+hatten\" target=\"_blank\" title=\"Diese Veranstaltung auf Linkedin teilen\"><i class=\"fa fa-linkedin\"><\/i><\/a><\/div><div class='evo_sm EmailShare'><a class=\"em evo_ss\" href=\"mailto:?subject=Meet and Greet f\u00fcr Jugendliche  in Neuhaus am Inn&body=Event Name: Meet and Greet f\u00fcr Jugendliche  in Neuhaus am Inn%0AEvent Date: 22\/10\/2020 17:00 - 19:00%0ALink: https%3A%2F%2Fwww.wochen-zur-demokratie.de%2Farchiv%2Fevents%2Fmeet-and-greet-fuer-jugendliche-in-neuhaus-am-inn%2F%0A\" target=\"_blank\"><i class=\"fa fa-envelope\"><\/i><\/a><\/div><div class='clear'><\/div><div class='evcal_evdata_row evcal_close' title='Close'><\/div><\/div><div class='evo_card_row_end evcal_close' title='Close'><\/div><\/div><div class='clear end'><\/div><\/div><div style=\"background-color: #c766a4;height: 275px;\" id=\"event_2594\" class=\"eventon_list_event evo_eventtop past_event event event_2594_0\" data-event_id=\"2594\" data-ri=\"0r\" data-time=\"1603393200-1603398600\" data-colr=\"#c766a4\" itemscope itemtype='http:\/\/schema.org\/Event'><div class=\"evo_event_schema\" style=\"display:none\" ><a itemprop='url'  href='https:\/\/www.wochen-zur-demokratie.de\/archiv\/events\/es-gibt-per-se-keine-rechte-oder-linke-architektur\/'><\/a><span itemprop='name'  >Es gibt per se keine rechte oder linke Architektur \u2013 Live-Zuschaltung<\/span><meta itemprop='image' content=\"https:\/\/www.wochen-zur-demokratie.de\/archiv\/wp-content\/uploads\/2020\/10\/trueby2-web.jpg\" \/><meta itemprop='description' content=\"Der Referent Prof. Stephan Tr\u00fcby wurde live auf der Cineplex-Kinoleinwand eingespielt; die anschlie\u00dfende Diskussionsrunde mit ihm fand ebenfalls auf diesem Wege statt.    \u201eEs gibt per se keine linke oder rechte Architektur.\" \/><meta itemprop='startDate' content=\"2020-10-22T19:00\" \/><meta itemprop='endDate' content=\"2020-10-22T20:30\" \/><meta itemprop='eventStatus' content=\"on-schedule\" \/>\n\t\t\t\t\t\t\t\t\t<item style=\"display:none\" itemprop=\"location\" itemscope itemtype=\"http:\/\/schema.org\/Place\">\n\t\t\t\t\t\t\t\t\t\t<span itemprop=\"name\">Cineplex, Passau<\/span>\n\t\t\t\t\t\t\t\t\t\t<span itemprop=\"address\" itemscope itemtype=\"http:\/\/schema.org\/PostalAddress\">\n\t\t\t\t\t\t\t\t\t\t\t<item itemprop=\"streetAddress\">Passau, Cineplex<\/item>\n\t\t\t\t\t\t\t\t\t\t<\/span><\/item><script type=\"application\/ld+json\">{\t\"@context\": \"http:\/\/schema.org\",\n\t\t\t\t\t\t\t  \t\"@type\": \"Event\",\n\t\t\t\t\t\t\t  \t\"name\": \"Es gibt per se keine rechte oder linke Architektur \u2013 Live-Zuschaltung\",\n\t\t\t\t\t\t\t  \t\"startDate\": \"2020-10-22T19-19-00-00\",\n\t\t\t\t\t\t\t  \t\"endDate\": \"2020-10-22T20-20-30-00\",\n\t\t\t\t\t\t\t  \t\"image\":\"https:\/\/www.wochen-zur-demokratie.de\/archiv\/wp-content\/uploads\/2020\/10\/trueby2-web.jpg\",\n\t\t\t\t\t\t\t  \t\"description\":\"Der Referent Prof. Stephan Tr\u00fcby wurde live auf der Cineplex-Kinoleinwand eingespielt; die anschlie\u00dfende Diskussionsrunde mit ihm fand ebenfalls auf diesem Wege statt.    \u201eEs gibt per se keine linke oder rechte Architektur.\"\n\t\t\t\t\t\t\t  \t,\"location\":{\n\t\t\t\t\t\t\t\t\t\t\"@type\":\"Place\",\n\t\t\t\t\t\t\t\t\t\t\"name\":\"Cineplex, Passau\",\n\t\t\t\t\t\t\t\t\t\t\"address\":{\n\t\t\t\t\t\t\t\t\t\t\t\"@type\": \"PostalAddress\"\n\t\t\t\t\t\t\t\t\t\t\t\"streetAddress\":\"Passau, Cineplex\"\n\t\t\t\t\t\t\t\t\t\t}\n\t\t\t\t\t\t\t  \t\t}\n\t\t\t\t\t\t\t }<\/script><\/div>\n\t\t\t\t<p class=\"desc_trig_outter\"><a data-gmap_status=\"null\" data-exlk=\"0\" id=\"evc_16033932002594\" class=\"desc_trig sin_val evcal_list_a\" data-ux_val=\"3\"  ><span class='evcal_cblock ' data-bgcolor='#c766a4' data-smon='Oktober' data-syr='2020'><span class='evo_start '><em class='date'>22<\/em><em class='month'>Okt.<\/em><em class='time'>19:00<\/em><\/span><span class='evo_end only_time'><em class='time'>20:30<\/em><\/span><em class='clear'><\/em><\/span><span class='evcal_desc evo_info hide_eventtopdata '  data-location_address=\"Passau, Cineplex\" data-location_type=\"address\" data-location_name=\"Cineplex, Passau\" data-location_url=\"https:\/\/www.wochen-zur-demokratie.de\/archiv\/event-location\/passau-cineplex\/\" data-location_status=\"true\" ><span class='evo_above_title'><\/span><span class='evcal_desc2 evcal_event_title' itemprop='name'>Es gibt per se keine rechte oder linke Architektur \u2013 Live-Zuschaltung<\/span><span class='evo_below_title'><span class='evcal_event_subtitle' >Ein Vortrag<\/span><\/span><span class='evcal_desc_info' ><em class='evcal_time'>19:00 - 20:30<\/em> <em class=\"evcal_location\"  data-add_str=\"\"><em class=\"event_location_name\">Cineplex, Passau<\/em><\/em><\/span><span class='evcal_desc3'><\/span><\/span><em class='clear'><\/em><\/a><\/p><div class='event_description evcal_eventcard ' style=\"display:none\"><div class='evo_metarow_directimg'><img class='evo_event_main_img' src='https:\/\/www.wochen-zur-demokratie.de\/archiv\/wp-content\/uploads\/2020\/10\/trueby2-web.jpg' \/><\/div><div class='evo_event_images'><span class='evo_event_more_img select'><img title='' src='https:\/\/www.wochen-zur-demokratie.de\/archiv\/wp-content\/uploads\/2020\/10\/trueby2-web.jpg' data-f='https:\/\/www.wochen-zur-demokratie.de\/archiv\/wp-content\/uploads\/2020\/10\/trueby2-web.jpg'\/><\/span><span class='evo_event_more_img '><img title='' src='https:\/\/www.wochen-zur-demokratie.de\/archiv\/wp-content\/uploads\/2020\/09\/trueby-web-150x150.jpg' data-f='https:\/\/www.wochen-zur-demokratie.de\/archiv\/wp-content\/uploads\/2020\/09\/trueby-web.jpg' data-h='434' data-w='652'\/><\/span><span class='evo_event_more_img '><img title='' src='https:\/\/www.wochen-zur-demokratie.de\/archiv\/wp-content\/uploads\/2020\/10\/trueby1-web-150x150.jpg' data-f='https:\/\/www.wochen-zur-demokratie.de\/archiv\/wp-content\/uploads\/2020\/10\/trueby1-web.jpg' data-h='603' data-w='850'\/><\/span><\/div><div class='evo_metarow_details evorow evcal_evdata_row bordb evcal_event_details'>\n\t\t\t\t\t\t\t<div class=\"event_excerpt\" style=\"display:none\"><h3 class=\"padb5 evo_h3\">Event Details<\/h3><p>Der Referent Prof. Stephan Tr\u00fcby wurde live auf der Cineplex-Kinoleinwand eingespielt; die anschlie\u00dfende Diskussionsrunde mit ihm fand ebenfalls auf diesem Wege statt.\r\n\r\n\u201eEs gibt per se keine linke oder rechte Architektur.<\/p><\/div><span class='evcal_evdata_icons'><i class='fa fa-align-justify'><\/i><\/span>\n\t\t\t\t\t\t\t\n\t\t\t\t\t\t\t<div class='evcal_evdata_cell '><div class='eventon_full_description'>\n\t\t\t\t\t\t\t\t\t<h3 class='padb5 evo_h3'><span class='evcal_evdata_icons'><i class='fa fa-align-justify'><\/i><\/span>Event Details<\/h3><div class='eventon_desc_in' itemprop='description'>\n\t\t\t\t\t\t\t\t\t<p>Der Referent Prof. Stephan Tr\u00fcby wurde live auf der Cineplex-Kinoleinwand eingespielt; die anschlie\u00dfende Diskussionsrunde mit ihm fand ebenfalls auf diesem Wege statt.<\/p>\n<p>\u201eEs gibt per se keine linke oder rechte Architektur. Das betone ich immer wieder. Aber es gibt rechte R\u00e4ume.\u201c <strong>Prof. Stephan Tr\u00fcby<\/strong> f\u00fchrte eine Debatte dar\u00fcber, ob Baukultur politisch instrumentalisiert wird.<\/p>\n<p>Rund 30 Interessierte nahmen im Kinosaal an der Diskussion teil.<\/p>\n<\/div><div class='clear'><\/div>\n\t\t\t\t\t\t\t\t<\/div>\n\t\t\t\t\t\t\t<\/div>\n\t\t\t\t\t\t<\/div><div class='evo_metarow_organizer evorow evcal_evdata_row bordb evcal_evrow_sm '>\n\t\t\t\t\t\t\t<span class='evcal_evdata_icons'><i class='fa fa-address-book-o'><\/i><\/span>\n\t\t\t\t\t\t\t<div class='evcal_evdata_cell'>\t\t\t\t\t\t\t\n\t\t\t\t\t\t\t\t<h3 class='evo_h3'>Mitveranstalter \/ Partner<\/h3>\n\t\t\t\t\t\t\t\t<p class='evo_data_val evo_card_organizer_image'><img src='https:\/\/www.wochen-zur-demokratie.de\/archiv\/wp-content\/uploads\/2019\/07\/logo-architekturforum_passau_ev-300x59.jpg'\/><\/p>\n\t\t\t\t\t\t\t\t<div class='evo_card_organizer'><p class='evo_data_val evo_card_organizer_name'>\n\t\t\t\t\t\t\t\t\t<span class='evo_card_organizer_name_t'>Architekturforum Passau e.V<\/span>\n\t\t\t\t\t\t\t\t\t\n\t\t\t\t\t\t\t\t\t<\/p><\/div><div class='clear'><\/div>\t\t\t\t\t\t\t\n\t\t\t\t\t\t\t<\/div>\n\t\t\t\t\t\t<\/div>\t\t\t\t\t\t<div class='evo_metarow_ICS evorow bordb evcal_evdata_row'>\n\t\t\t\t\t\t\t<span class=\"evcal_evdata_icons\"><i class=\"fa fa-calendar\"><\/i><\/span>\n\t\t\t\t\t\t\t<div class='evcal_evdata_cell'>\n\t\t\t\t\t\t\t\t<p><a href='https:\/\/www.wochen-zur-demokratie.de\/archiv\/wp-admin\/admin-ajax.php?action=eventon_ics_download&amp;event_id=2594&amp;ri=0' class='evo_ics_nCal' title='Zum Ihrem Kalender hinzuf\u00fcgen'>Zum Kalender hinzuf\u00fcgen<\/a><a href='\/\/www.google.com\/calendar\/event?action=TEMPLATE&amp;text=Es+gibt+per+se+keine+rechte+oder+linke+Architektur+%E2%80%93+Live-Zuschaltung&amp;dates=20201022T170000Z\/20201022T183000Z&amp;details=Der+Referent+Prof.+Stephan+Tr%C3%BCby+wurde+live+auf+der+Cineplex-Kinoleinwand+eingespielt%3B+die+anschlie%C3%9Fende+Diskussionsrunde+mit+ihm+fand+ebenfalls+auf+diesem+Wege+statt.%0D%0A%0D%0A%E2%80%9EEs+gibt+per+se+keine+linke+oder+rechte+Architektur.&amp;location=Cineplex%2C+Passau - Passau%2C+Cineplex' target='_blank' class='evo_ics_gCal' title='Zum Ihrem Google-Kalender hinzuf\u00fcgen'>GoogleCal<\/a><\/p>\t\n\t\t\t\t\t\t\t<\/div>\n\t\t\t\t\t\t<\/div>\n\t\t\t\t\t\t<div class='bordb evo_metarow_socialmedia evcal_evdata_row  lastrow'><div class='evo_sm FacebookShare'><a class=\" evo_ss\" target=\"_blank\" onclick=\"javascript:window.open(this.href, '', 'left=50,top=50,width=600,height=350,toolbar=0');return false;\"\n\t\t\t\t\t\t\t\thref=\"http:\/\/www.facebook.com\/sharer.php?u=https%3A%2F%2Fwww.wochen-zur-demokratie.de%2Farchiv%2Fevents%2Fes-gibt-per-se-keine-rechte-oder-linke-architektur%2F\" title=\"Diese Veranstaltung auf Facebook teilen\"><i class=\"fa fa-facebook\"><\/i><\/a><\/div><div class='evo_sm Twitter'><a class=\"tw evo_ss\" onclick=\"javascript:window.open(this.href, '', 'menubar=no,toolbar=no,resizable=yes,scrollbars=yes,height=300,width=600');return false;\" href=\"http:\/\/twitter.com\/intent\/tweet?text=Es gibt per se keine rechte oder linke Architektur \u2013 Live-Zuschaltung&#32;-&#32;&url=https%3A%2F%2Fwww.wochen-zur-demokratie.de%2Farchiv%2Fevents%2Fes-gibt-per-se-keine-rechte-oder-linke-architektur%2F\" title=\"Diese Veranstaltung auf Twitter teilen\" rel=\"nofollow\" target=\"_blank\" data-url=\"https%3A%2F%2Fwww.wochen-zur-demokratie.de%2Farchiv%2Fevents%2Fes-gibt-per-se-keine-rechte-oder-linke-architektur%2F\"><i class=\"fa fa-twitter\"><\/i><\/a><\/div><div class='evo_sm LinkedIn'><a class=\"li evo_ss\" href=\"http:\/\/www.linkedin.com\/shareArticle?mini=true&url=https%3A%2F%2Fwww.wochen-zur-demokratie.de%2Farchiv%2Fevents%2Fes-gibt-per-se-keine-rechte-oder-linke-architektur%2F&title=Es%20gibt%20per%20se%20keine%20rechte%20oder%20linke%20Architektur%20%E2%80%93%20Live-Zuschaltung&summary=Der+Referent+Prof.+Stephan+Tr%C3%BCby+wurde+live+auf+der+Cineplex-Kinoleinwand+eingespielt%3B+die+anschlie%C3%9Fende+Diskussionsrunde+mit+ihm\" target=\"_blank\" title=\"Diese Veranstaltung auf Linkedin teilen\"><i class=\"fa fa-linkedin\"><\/i><\/a><\/div><div class='evo_sm EmailShare'><a class=\"em evo_ss\" href=\"mailto:?subject=Es gibt per se keine rechte oder linke Architektur \u2013 Live-Zuschaltung&body=Event Name: Es gibt per se keine rechte oder linke Architektur \u2013 Live-Zuschaltung%0AEvent Date: 22\/10\/2020 19:00 - 20:30%0ALink: https%3A%2F%2Fwww.wochen-zur-demokratie.de%2Farchiv%2Fevents%2Fes-gibt-per-se-keine-rechte-oder-linke-architektur%2F%0A\" target=\"_blank\"><i class=\"fa fa-envelope\"><\/i><\/a><\/div><div class='clear'><\/div><div class='evcal_evdata_row evcal_close' title='Close'><\/div><\/div><div class='evo_card_row_end evcal_close' title='Close'><\/div><\/div><div class='clear end'><\/div><\/div><div style=\"background-color: #c766a4;height: 275px;\" id=\"event_2595\" class=\"eventon_list_event evo_eventtop past_event event event_2595_0\" data-event_id=\"2595\" data-ri=\"0r\" data-time=\"1603396800-1603404000\" data-colr=\"#c766a4\" itemscope itemtype='http:\/\/schema.org\/Event'><div class=\"evo_event_schema\" style=\"display:none\" ><a itemprop='url'  href='https:\/\/www.wochen-zur-demokratie.de\/archiv\/events\/der-jenseitige-abgrund\/'><\/a><span itemprop='name'  >Der jenseitige Abgrund<\/span><meta itemprop='image' content=\"https:\/\/www.wochen-zur-demokratie.de\/archiv\/wp-content\/uploads\/2020\/09\/Der-jenseitige-Abgrund_Demonstrant-web.jpg\" \/><meta itemprop='description' content=\"Die Regisseurin Sabine Fuchs gab sich die Ehre und fand sich im Kinosaal 8 des Cineplex ein, um mit den Besucher*innen ihr Werk von 2015 nach l\u00e4ngerer Pause, wie sie\" \/><meta itemprop='startDate' content=\"2020-10-22T20:00\" \/><meta itemprop='endDate' content=\"2020-10-22T22:00\" \/><meta itemprop='eventStatus' content=\"on-schedule\" \/>\n\t\t\t\t\t\t\t\t\t<item style=\"display:none\" itemprop=\"location\" itemscope itemtype=\"http:\/\/schema.org\/Place\">\n\t\t\t\t\t\t\t\t\t\t<span itemprop=\"name\">Cineplex, Passau<\/span>\n\t\t\t\t\t\t\t\t\t\t<span itemprop=\"address\" itemscope itemtype=\"http:\/\/schema.org\/PostalAddress\">\n\t\t\t\t\t\t\t\t\t\t\t<item itemprop=\"streetAddress\">Passau, Cineplex<\/item>\n\t\t\t\t\t\t\t\t\t\t<\/span><\/item><script type=\"application\/ld+json\">{\t\"@context\": \"http:\/\/schema.org\",\n\t\t\t\t\t\t\t  \t\"@type\": \"Event\",\n\t\t\t\t\t\t\t  \t\"name\": \"Der jenseitige Abgrund\",\n\t\t\t\t\t\t\t  \t\"startDate\": \"2020-10-22T20-20-00-00\",\n\t\t\t\t\t\t\t  \t\"endDate\": \"2020-10-22T22-22-00-00\",\n\t\t\t\t\t\t\t  \t\"image\":\"https:\/\/www.wochen-zur-demokratie.de\/archiv\/wp-content\/uploads\/2020\/09\/Der-jenseitige-Abgrund_Demonstrant-web.jpg\",\n\t\t\t\t\t\t\t  \t\"description\":\"Die Regisseurin Sabine Fuchs gab sich die Ehre und fand sich im Kinosaal 8 des Cineplex ein, um mit den Besucher*innen ihr Werk von 2015 nach l\u00e4ngerer Pause, wie sie\"\n\t\t\t\t\t\t\t  \t,\"location\":{\n\t\t\t\t\t\t\t\t\t\t\"@type\":\"Place\",\n\t\t\t\t\t\t\t\t\t\t\"name\":\"Cineplex, Passau\",\n\t\t\t\t\t\t\t\t\t\t\"address\":{\n\t\t\t\t\t\t\t\t\t\t\t\"@type\": \"PostalAddress\"\n\t\t\t\t\t\t\t\t\t\t\t\"streetAddress\":\"Passau, Cineplex\"\n\t\t\t\t\t\t\t\t\t\t}\n\t\t\t\t\t\t\t  \t\t}\n\t\t\t\t\t\t\t }<\/script><\/div>\n\t\t\t\t<p class=\"desc_trig_outter\"><a data-gmap_status=\"null\" data-exlk=\"0\" id=\"evc_16033968002595\" class=\"desc_trig sin_val evcal_list_a\" data-ux_val=\"3\"  ><span class='evcal_cblock ' data-bgcolor='#c766a4' data-smon='Oktober' data-syr='2020'><span class='evo_start '><em class='date'>22<\/em><em class='month'>Okt.<\/em><em class='time'>20:00<\/em><\/span><span class='evo_end only_time'><em class='time'>22:00<\/em><\/span><em class='clear'><\/em><\/span><span class='evcal_desc evo_info hide_eventtopdata '  data-location_address=\"Passau, Cineplex\" data-location_type=\"address\" data-location_name=\"Cineplex, Passau\" data-location_url=\"https:\/\/www.wochen-zur-demokratie.de\/archiv\/event-location\/passau-cineplex\/\" data-location_status=\"true\" ><span class='evo_above_title'><\/span><span class='evcal_desc2 evcal_event_title' itemprop='name'>Der jenseitige Abgrund<\/span><span class='evo_below_title'><span class='evcal_event_subtitle' >Filmreihe zur Demokratie #1<\/span><\/span><span class='evcal_desc_info' ><em class='evcal_time'>20:00 - 22:00<\/em> <em class=\"evcal_location\"  data-add_str=\"\"><em class=\"event_location_name\">Cineplex, Passau<\/em><\/em><\/span><span class='evcal_desc3'><\/span><\/span><em class='clear'><\/em><\/a><\/p><div class='event_description evcal_eventcard ' style=\"display:none\"><div class='evo_metarow_directimg'><img class='evo_event_main_img' src='https:\/\/www.wochen-zur-demokratie.de\/archiv\/wp-content\/uploads\/2020\/09\/Der-jenseitige-Abgrund_Demonstrant-web.jpg' \/><\/div><div class='evo_metarow_details evorow evcal_evdata_row bordb evcal_event_details'>\n\t\t\t\t\t\t\t<div class=\"event_excerpt\" style=\"display:none\"><h3 class=\"padb5 evo_h3\">Event Details<\/h3><p>Die Regisseurin Sabine Fuchs gab sich die Ehre und fand sich im Kinosaal 8 des Cineplex ein, um mit den Besucher*innen ihr Werk von 2015 nach l\u00e4ngerer Pause, wie sie<\/p><\/div><span class='evcal_evdata_icons'><i class='fa fa-align-justify'><\/i><\/span>\n\t\t\t\t\t\t\t\n\t\t\t\t\t\t\t<div class='evcal_evdata_cell shorter_desc'><div class='eventon_details_shading_bot'>\n\t\t\t\t\t\t\t\t<p class='eventon_shad_p' content='less'><span class='ev_more_text' data-txt='Weniger anzeigen'>Mehr anzeigen<\/span><span class='ev_more_arrow'><\/span><\/p>\n\t\t\t\t\t\t\t<\/div><div class='eventon_full_description'>\n\t\t\t\t\t\t\t\t\t<h3 class='padb5 evo_h3'><span class='evcal_evdata_icons'><i class='fa fa-align-justify'><\/i><\/span>Event Details<\/h3><div class='eventon_desc_in' itemprop='description'>\n\t\t\t\t\t\t\t\t\t<p>Die <strong>Regisseurin Sabine Fuchs <\/strong>gab sich die Ehre und fand sich im Kinosaal 8 des Cineplex ein, um mit den Besucher*innen ihr Werk von 2015 nach l\u00e4ngerer Pause, wie sie in de anschlie\u00dfenden Gespr\u00e4ch zugab, wieder einmal zu sichten.<\/p>\n<p>Ein Dokumentarfilm \u00fcber die globalisierungskritischen Proteste des Jahres 2001. Der jenseitige Abgrund, das ist der Ort der Utopie in Heiner M\u00fcllers Text Sisyphos. Und f\u00fcr die Utopie wollten sie k\u00e4mpfen, die AktivistInnen der globalisierungskritischen Bewegung der Jahrtausendwende, ob sie nun in Salzburg oder Seattle, in Genua oder G\u00f6teborg auf die Stra\u00dfe gegangen sind.<br \/>\nEs ist ein Film \u00fcber den Preis des Kampfes f\u00fcr diese bessere Welt \u2013 und gleichzeitig ein Film \u00fcber Erinnerung. <strong>Gin M\u00fcller<\/strong>, um die Jahrtausendwende Aktivist und Mitglied der Volxtheaterkarawane, folgt den Spuren seines damaligen Protests, der sich in \u00d6sterreich vor allem gegen das World Economic Forum in Salzburg richtete, und der in Genua mit dem tragischen Tod von <strong>Carlo Giuliani<\/strong> seinen Kulminationspunkt erfuhr.<\/p>\n<\/div><div class='clear'><\/div>\n\t\t\t\t\t\t\t\t<\/div>\n\t\t\t\t\t\t\t<\/div>\n\t\t\t\t\t\t<\/div><div class='evo_metarow_organizer evorow evcal_evdata_row bordb evcal_evrow_sm '>\n\t\t\t\t\t\t\t<span class='evcal_evdata_icons'><i class='fa fa-address-book-o'><\/i><\/span>\n\t\t\t\t\t\t\t<div class='evcal_evdata_cell'>\t\t\t\t\t\t\t\n\t\t\t\t\t\t\t\t<h3 class='evo_h3'>Mitveranstalter \/ Partner<\/h3>\n\t\t\t\t\t\t\t\t<p class='evo_data_val evo_card_organizer_image'><img src='https:\/\/www.wochen-zur-demokratie.de\/archiv\/wp-content\/uploads\/2019\/07\/Logo-CineplexPassau-300x144.jpg'\/><\/p>\n\t\t\t\t\t\t\t\t<div class='evo_card_organizer'><p class='evo_data_val evo_card_organizer_name'>\n\t\t\t\t\t\t\t\t\t<span class='evo_card_organizer_name_t'>Cineplex<\/span>\n\t\t\t\t\t\t\t\t\t\n\t\t\t\t\t\t\t\t\t<\/p><\/div><div class='clear'><\/div>\t\t\t\t\t\t\t\n\t\t\t\t\t\t\t<\/div>\n\t\t\t\t\t\t<\/div>\t\t\t\t\t\t<div class='evo_metarow_ICS evorow bordb evcal_evdata_row'>\n\t\t\t\t\t\t\t<span class=\"evcal_evdata_icons\"><i class=\"fa fa-calendar\"><\/i><\/span>\n\t\t\t\t\t\t\t<div class='evcal_evdata_cell'>\n\t\t\t\t\t\t\t\t<p><a href='https:\/\/www.wochen-zur-demokratie.de\/archiv\/wp-admin\/admin-ajax.php?action=eventon_ics_download&amp;event_id=2595&amp;ri=0' class='evo_ics_nCal' title='Zum Ihrem Kalender hinzuf\u00fcgen'>Zum Kalender hinzuf\u00fcgen<\/a><a href='\/\/www.google.com\/calendar\/event?action=TEMPLATE&amp;text=Der+jenseitige+Abgrund&amp;dates=20201022T180000Z\/20201022T200000Z&amp;details=Die+Regisseurin+Sabine+Fuchs+gab+sich+die+Ehre+und+fand+sich+im+Kinosaal+8+des+Cineplex+ein%2C+um+mit+den+Besucher%2Ainnen+ihr+Werk+von+2015+nach+l%C3%A4ngerer+Pause%2C+wie+sie&amp;location=Cineplex%2C+Passau - Passau%2C+Cineplex' target='_blank' class='evo_ics_gCal' title='Zum Ihrem Google-Kalender hinzuf\u00fcgen'>GoogleCal<\/a><\/p>\t\n\t\t\t\t\t\t\t<\/div>\n\t\t\t\t\t\t<\/div>\n\t\t\t\t\t\t<div class='bordb evo_metarow_socialmedia evcal_evdata_row  lastrow'><div class='evo_sm FacebookShare'><a class=\" evo_ss\" target=\"_blank\" onclick=\"javascript:window.open(this.href, '', 'left=50,top=50,width=600,height=350,toolbar=0');return false;\"\n\t\t\t\t\t\t\t\thref=\"http:\/\/www.facebook.com\/sharer.php?u=https%3A%2F%2Fwww.wochen-zur-demokratie.de%2Farchiv%2Fevents%2Fder-jenseitige-abgrund%2F\" title=\"Diese Veranstaltung auf Facebook teilen\"><i class=\"fa fa-facebook\"><\/i><\/a><\/div><div class='evo_sm Twitter'><a class=\"tw evo_ss\" onclick=\"javascript:window.open(this.href, '', 'menubar=no,toolbar=no,resizable=yes,scrollbars=yes,height=300,width=600');return false;\" href=\"http:\/\/twitter.com\/intent\/tweet?text=Der jenseitige Abgrund&#32;-&#32;&url=https%3A%2F%2Fwww.wochen-zur-demokratie.de%2Farchiv%2Fevents%2Fder-jenseitige-abgrund%2F\" title=\"Diese Veranstaltung auf Twitter teilen\" rel=\"nofollow\" target=\"_blank\" data-url=\"https%3A%2F%2Fwww.wochen-zur-demokratie.de%2Farchiv%2Fevents%2Fder-jenseitige-abgrund%2F\"><i class=\"fa fa-twitter\"><\/i><\/a><\/div><div class='evo_sm LinkedIn'><a class=\"li evo_ss\" href=\"http:\/\/www.linkedin.com\/shareArticle?mini=true&url=https%3A%2F%2Fwww.wochen-zur-demokratie.de%2Farchiv%2Fevents%2Fder-jenseitige-abgrund%2F&title=Der%20jenseitige%20Abgrund&summary=Die+Regisseurin+Sabine+Fuchs+gab+sich+die+Ehre+und+fand+sich+im+Kinosaal+8+des+Cineplex\" target=\"_blank\" title=\"Diese Veranstaltung auf Linkedin teilen\"><i class=\"fa fa-linkedin\"><\/i><\/a><\/div><div class='evo_sm EmailShare'><a class=\"em evo_ss\" href=\"mailto:?subject=Der jenseitige Abgrund&body=Event Name: Der jenseitige Abgrund%0AEvent Date: 22\/10\/2020 20:00 - 22:00%0ALink: https%3A%2F%2Fwww.wochen-zur-demokratie.de%2Farchiv%2Fevents%2Fder-jenseitige-abgrund%2F%0A\" target=\"_blank\"><i class=\"fa fa-envelope\"><\/i><\/a><\/div><div class='clear'><\/div><div class='evcal_evdata_row evcal_close' title='Close'><\/div><\/div><div class='evo_card_row_end evcal_close' title='Close'><\/div><\/div><div class='clear end'><\/div><\/div><div style=\"background-color: #c766a4;height: 275px;\" id=\"event_2596\" class=\"eventon_list_event evo_eventtop past_event event event_2596_0\" data-event_id=\"2596\" data-ri=\"0r\" data-time=\"1603443600-1603465200\" data-colr=\"#c766a4\" itemscope itemtype='http:\/\/schema.org\/Event'><div class=\"evo_event_schema\" style=\"display:none\" ><a itemprop='url'  href='https:\/\/www.wochen-zur-demokratie.de\/archiv\/events\/media-future-lab\/'><\/a><span itemprop='name'  >Media Future Lab \u2013 leider abgesagt bzw. verschoben!<\/span><meta itemprop='image' content=\"https:\/\/www.wochen-zur-demokratie.de\/archiv\/wp-content\/uploads\/2020\/09\/Future-Media-Lab_01-web.jpg\" \/><meta itemprop='description' content=\"Leider muss diese Veranstaltung abgesagt bzw. verschoben werden:    \u201eL\u00fcgenpresse\u201c, \u201eMeinungsmacht\u201c, \u201eFake News\u201c. Ob berechtigt oder nicht \u2013 der Journalismus, wie wir ihn bislang kannten, steckt in einer Vertrauenskrise. Im Media Future\" \/><meta itemprop='startDate' content=\"2020-10-23T09:00\" \/><meta itemprop='endDate' content=\"2020-10-23T15:00\" \/><meta itemprop='eventStatus' content=\"on-schedule\" \/>\n\t\t\t\t\t\t\t\t\t<item style=\"display:none\" itemprop=\"location\" itemscope itemtype=\"http:\/\/schema.org\/Place\">\n\t\t\t\t\t\t\t\t\t\t<span itemprop=\"name\">B\u00fcro f\u00fcr Demokratie, Passau, Unterer Sand<\/span>\n\t\t\t\t\t\t\t\t\t\t<span itemprop=\"address\" itemscope itemtype=\"http:\/\/schema.org\/PostalAddress\">\n\t\t\t\t\t\t\t\t\t\t\t<item itemprop=\"streetAddress\">Passau, Unterer Sand 2<\/item>\n\t\t\t\t\t\t\t\t\t\t<\/span><\/item><script type=\"application\/ld+json\">{\t\"@context\": \"http:\/\/schema.org\",\n\t\t\t\t\t\t\t  \t\"@type\": \"Event\",\n\t\t\t\t\t\t\t  \t\"name\": \"Media Future Lab \u2013 leider abgesagt bzw. verschoben!\",\n\t\t\t\t\t\t\t  \t\"startDate\": \"2020-10-23T09-09-00-00\",\n\t\t\t\t\t\t\t  \t\"endDate\": \"2020-10-23T15-15-00-00\",\n\t\t\t\t\t\t\t  \t\"image\":\"https:\/\/www.wochen-zur-demokratie.de\/archiv\/wp-content\/uploads\/2020\/09\/Future-Media-Lab_01-web.jpg\",\n\t\t\t\t\t\t\t  \t\"description\":\"Leider muss diese Veranstaltung abgesagt bzw. verschoben werden:    \u201eL\u00fcgenpresse\u201c, \u201eMeinungsmacht\u201c, \u201eFake News\u201c. Ob berechtigt oder nicht \u2013 der Journalismus, wie wir ihn bislang kannten, steckt in einer Vertrauenskrise. Im Media Future\"\n\t\t\t\t\t\t\t  \t,\"location\":{\n\t\t\t\t\t\t\t\t\t\t\"@type\":\"Place\",\n\t\t\t\t\t\t\t\t\t\t\"name\":\"B\u00fcro f\u00fcr Demokratie, Passau, Unterer Sand\",\n\t\t\t\t\t\t\t\t\t\t\"address\":{\n\t\t\t\t\t\t\t\t\t\t\t\"@type\": \"PostalAddress\"\n\t\t\t\t\t\t\t\t\t\t\t\"streetAddress\":\"Passau, Unterer Sand 2\"\n\t\t\t\t\t\t\t\t\t\t}\n\t\t\t\t\t\t\t  \t\t}\n\t\t\t\t\t\t\t }<\/script><\/div>\n\t\t\t\t<p class=\"desc_trig_outter\"><a data-gmap_status=\"null\" data-gmtrig=\"1\" data-exlk=\"0\" id=\"evc_16034436002596\" class=\"desc_trig sin_val evcal_list_a\" data-ux_val=\"3\"  ><span class='evcal_cblock ' data-bgcolor='#c766a4' data-smon='Oktober' data-syr='2020'><span class='evo_start '><em class='date'>23<\/em><em class='month'>Okt.<\/em><em class='time'>09:00<\/em><\/span><span class='evo_end only_time'><em class='time'>15:00<\/em><\/span><em class='clear'><\/em><\/span><span class='evcal_desc evo_info hide_eventtopdata '  data-location_address=\"Passau, Unterer Sand 2\" data-location_type=\"address\" data-location_name=\"B\u00fcro f\u00fcr Demokratie, Passau, Unterer Sand\" data-location_url=\"https:\/\/www.wochen-zur-demokratie.de\/archiv\/event-location\/buero-fuer-demokratie\/\" data-location_status=\"true\" ><span class='evo_above_title'><\/span><span class='evcal_desc2 evcal_event_title' itemprop='name'>Media Future Lab \u2013 leider abgesagt bzw. verschoben!<\/span><span class='evo_below_title'><span class='evcal_event_subtitle' >Workshop \/ Beteiligungsformat<\/span><\/span><span class='evcal_desc_info' ><em class='evcal_time'>09:00 - 15:00<\/em> <em class=\"evcal_location\"  data-add_str=\"\"><em class=\"event_location_name\">B\u00fcro f\u00fcr Demokratie, Passau, Unterer Sand<\/em><\/em><\/span><span class='evcal_desc3'><\/span><\/span><em class='clear'><\/em><\/a><\/p><div class='event_description evcal_eventcard ' style=\"display:none\"><div class='evo_metarow_directimg'><img class='evo_event_main_img' src='https:\/\/www.wochen-zur-demokratie.de\/archiv\/wp-content\/uploads\/2020\/09\/Future-Media-Lab_01-web.jpg' \/><\/div><div class='evo_event_images'><span class='evo_event_more_img select'><img title='' src='https:\/\/www.wochen-zur-demokratie.de\/archiv\/wp-content\/uploads\/2020\/09\/Future-Media-Lab_01-web.jpg' data-f='https:\/\/www.wochen-zur-demokratie.de\/archiv\/wp-content\/uploads\/2020\/09\/Future-Media-Lab_01-web.jpg'\/><\/span><span class='evo_event_more_img '><img title='' src='https:\/\/www.wochen-zur-demokratie.de\/archiv\/wp-content\/uploads\/2020\/09\/Future-Media-Lab_02-web-150x150.jpg' data-f='https:\/\/www.wochen-zur-demokratie.de\/archiv\/wp-content\/uploads\/2020\/09\/Future-Media-Lab_02-web.jpg' data-h='334' data-w='652'\/><\/span><\/div><div class='evo_metarow_details evorow evcal_evdata_row bordb evcal_event_details'>\n\t\t\t\t\t\t\t<div class=\"event_excerpt\" style=\"display:none\"><h3 class=\"padb5 evo_h3\">Event Details<\/h3><p>Leider muss diese Veranstaltung abgesagt bzw. verschoben werden:\r\n\r\n\u201eL\u00fcgenpresse\u201c, \u201eMeinungsmacht\u201c, \u201eFake News\u201c. Ob berechtigt oder nicht \u2013 der Journalismus, wie wir ihn bislang kannten, steckt in einer Vertrauenskrise. Im Media Future<\/p><\/div><span class='evcal_evdata_icons'><i class='fa fa-align-justify'><\/i><\/span>\n\t\t\t\t\t\t\t\n\t\t\t\t\t\t\t<div class='evcal_evdata_cell shorter_desc'><div class='eventon_details_shading_bot'>\n\t\t\t\t\t\t\t\t<p class='eventon_shad_p' content='less'><span class='ev_more_text' data-txt='Weniger anzeigen'>Mehr anzeigen<\/span><span class='ev_more_arrow'><\/span><\/p>\n\t\t\t\t\t\t\t<\/div><div class='eventon_full_description'>\n\t\t\t\t\t\t\t\t\t<h3 class='padb5 evo_h3'><span class='evcal_evdata_icons'><i class='fa fa-align-justify'><\/i><\/span>Event Details<\/h3><div class='eventon_desc_in' itemprop='description'>\n\t\t\t\t\t\t\t\t\t<p>Leider muss diese Veranstaltung abgesagt bzw. verschoben werden:<\/p>\n<p>\u201eL\u00fcgenpresse\u201c, \u201eMeinungsmacht\u201c, \u201eFake News\u201c. Ob berechtigt oder nicht \u2013 der Journalismus, wie wir ihn bislang kannten, steckt in einer Vertrauenskrise. Im Media Future Lab diskutieren Sie \u00fcber Kritik an Medien, entwickeln Visionen f\u00fcr ein besseres Mediensystem und \u00fcberlegen, welche praktischen Schritte notwendig sind, um diese zu erreichen. Ihre Vorschl\u00e4ge finden Geh\u00f6r: Denn im Anschluss erhalten Sie die M\u00f6glichkeit, sich im Rahmen des <strong>Forschungsprojekts For Democracy<\/strong> an einem B\u00fcrgergutachten zu beteiligen, das die teilnehmenden medienpolitischen Entscheidungstr\u00e4ger pr\u00e4sentieren.<\/p>\n<p><strong>Dauer<\/strong> 6 Std.<br \/>\n<strong>Eintritt<\/strong> frei<br \/>\n<strong>Anmeldung<\/strong> bis 20.10. an <a href=\"mailto:thomas@wochen-zur-demokratie.de\"><strong>thomas@wochen-zur-demokratie.de<\/strong><\/a><\/p>\n<\/div><div class='clear'><\/div>\n\t\t\t\t\t\t\t\t<\/div>\n\t\t\t\t\t\t\t<\/div>\n\t\t\t\t\t\t<\/div><div class='evo_metarow_organizer evorow evcal_evdata_row bordb evcal_evrow_sm '>\n\t\t\t\t\t\t\t<span class='evcal_evdata_icons'><i class='fa fa-address-book-o'><\/i><\/span>\n\t\t\t\t\t\t\t<div class='evcal_evdata_cell'>\t\t\t\t\t\t\t\n\t\t\t\t\t\t\t\t<h3 class='evo_h3'>Mitveranstalter \/ Partner<\/h3>\n\t\t\t\t\t\t\t\t<p class='evo_data_val evo_card_organizer_image'><img src='https:\/\/www.wochen-zur-demokratie.de\/archiv\/wp-content\/uploads\/2020\/08\/logo-ForDemocracy-300x169.png'\/><\/p>\n\t\t\t\t\t\t\t\t<div class='evo_card_organizer'><p class='evo_data_val evo_card_organizer_name'>\n\t\t\t\t\t\t\t\t\t<span class='evo_card_organizer_name_t'>Forschungsverbund For Democracy<\/span>\n\t\t\t\t\t\t\t\t\t\n\t\t\t\t\t\t\t\t\t<\/p><\/div><div class='clear'><\/div>\t\t\t\t\t\t\t\n\t\t\t\t\t\t\t<\/div>\n\t\t\t\t\t\t<\/div>\t\t\t\t\t\t<div class='evo_metarow_ICS evorow bordb evcal_evdata_row'>\n\t\t\t\t\t\t\t<span class=\"evcal_evdata_icons\"><i class=\"fa fa-calendar\"><\/i><\/span>\n\t\t\t\t\t\t\t<div class='evcal_evdata_cell'>\n\t\t\t\t\t\t\t\t<p><a href='https:\/\/www.wochen-zur-demokratie.de\/archiv\/wp-admin\/admin-ajax.php?action=eventon_ics_download&amp;event_id=2596&amp;ri=0' class='evo_ics_nCal' title='Zum Ihrem Kalender hinzuf\u00fcgen'>Zum Kalender hinzuf\u00fcgen<\/a><a href='\/\/www.google.com\/calendar\/event?action=TEMPLATE&amp;text=Media+Future+Lab+%E2%80%93+leider+abgesagt+bzw.+verschoben%21&amp;dates=20201023T070000Z\/20201023T130000Z&amp;details=Leider+muss+diese+Veranstaltung+abgesagt+bzw.+verschoben+werden%3A%0D%0A%0D%0A%E2%80%9EL%C3%BCgenpresse%E2%80%9C%2C+%E2%80%9EMeinungsmacht%E2%80%9C%2C+%E2%80%9EFake+News%E2%80%9C.+Ob+berechtigt+oder+nicht+%E2%80%93+der+Journalismus%2C+wie+wir+ihn+bislang+kannten%2C+steckt+in+einer+Vertrauenskrise.+Im+Media+Future&amp;location=B%C3%BCro+f%C3%BCr+Demokratie%2C+Passau%2C+Unterer+Sand - Passau%2C+Unterer+Sand+2' target='_blank' class='evo_ics_gCal' title='Zum Ihrem Google-Kalender hinzuf\u00fcgen'>GoogleCal<\/a><\/p>\t\n\t\t\t\t\t\t\t<\/div>\n\t\t\t\t\t\t<\/div>\n\t\t\t\t\t\t<div class='bordb evo_metarow_socialmedia evcal_evdata_row  lastrow'><div class='evo_sm FacebookShare'><a class=\" evo_ss\" target=\"_blank\" onclick=\"javascript:window.open(this.href, '', 'left=50,top=50,width=600,height=350,toolbar=0');return false;\"\n\t\t\t\t\t\t\t\thref=\"http:\/\/www.facebook.com\/sharer.php?u=https%3A%2F%2Fwww.wochen-zur-demokratie.de%2Farchiv%2Fevents%2Fmedia-future-lab%2F\" title=\"Diese Veranstaltung auf Facebook teilen\"><i class=\"fa fa-facebook\"><\/i><\/a><\/div><div class='evo_sm Twitter'><a class=\"tw evo_ss\" onclick=\"javascript:window.open(this.href, '', 'menubar=no,toolbar=no,resizable=yes,scrollbars=yes,height=300,width=600');return false;\" href=\"http:\/\/twitter.com\/intent\/tweet?text=Media Future Lab \u2013 leider abgesagt bzw. verschoben!&#32;-&#32;&url=https%3A%2F%2Fwww.wochen-zur-demokratie.de%2Farchiv%2Fevents%2Fmedia-future-lab%2F\" title=\"Diese Veranstaltung auf Twitter teilen\" rel=\"nofollow\" target=\"_blank\" data-url=\"https%3A%2F%2Fwww.wochen-zur-demokratie.de%2Farchiv%2Fevents%2Fmedia-future-lab%2F\"><i class=\"fa fa-twitter\"><\/i><\/a><\/div><div class='evo_sm LinkedIn'><a class=\"li evo_ss\" href=\"http:\/\/www.linkedin.com\/shareArticle?mini=true&url=https%3A%2F%2Fwww.wochen-zur-demokratie.de%2Farchiv%2Fevents%2Fmedia-future-lab%2F&title=Media%20Future%20Lab%20%E2%80%93%20leider%20abgesagt%20bzw.%20verschoben%21&summary=Leider+muss+diese+Veranstaltung+abgesagt+bzw.+verschoben+werden%3A%0A%E2%80%9EL%C3%BCgenpresse%E2%80%9C%2C+%E2%80%9EMeinungsmacht%E2%80%9C%2C+%E2%80%9EFake+News%E2%80%9C.+Ob+berechtigt+oder+nicht+%E2%80%93\" target=\"_blank\" title=\"Diese Veranstaltung auf Linkedin teilen\"><i class=\"fa fa-linkedin\"><\/i><\/a><\/div><div class='evo_sm EmailShare'><a class=\"em evo_ss\" href=\"mailto:?subject=Media Future Lab \u2013 leider abgesagt bzw. verschoben!&body=Event Name: Media Future Lab \u2013 leider abgesagt bzw. verschoben!%0AEvent Date: 23\/10\/2020 09:00 - 15:00%0ALink: https%3A%2F%2Fwww.wochen-zur-demokratie.de%2Farchiv%2Fevents%2Fmedia-future-lab%2F%0A\" target=\"_blank\"><i class=\"fa fa-envelope\"><\/i><\/a><\/div><div class='clear'><\/div><div class='evcal_evdata_row evcal_close' title='Close'><\/div><\/div><div class='evo_card_row_end evcal_close' title='Close'><\/div><\/div><div class='clear end'><\/div><\/div><div style=\"background-color: #c766a4;height: 275px;\" id=\"event_2659\" class=\"eventon_list_event evo_eventtop past_event event event_2659_0\" data-event_id=\"2659\" data-ri=\"0r\" data-time=\"1603533600-1603555200\" data-colr=\"#c766a4\" itemscope itemtype='http:\/\/schema.org\/Event'><div class=\"evo_event_schema\" style=\"display:none\" ><a itemprop='url'  href='https:\/\/www.wochen-zur-demokratie.de\/archiv\/events\/ideen-gesucht-aufruf-zur-beteiligung-eure-ideen-fuer-passau-und-region-2\/'><\/a><span itemprop='name'  >Ideen gesucht: Aufruf zur Beteiligung!<\/span><meta itemprop='image' content=\"https:\/\/www.wochen-zur-demokratie.de\/archiv\/wp-content\/uploads\/2020\/10\/ideenlabor1-web.jpg\" \/><meta itemprop='description' content=\"Erstmals gibt es zu den \u201eWochen zur Demokratie\u201c einen Innovationsfonds, um Vorhaben zu f\u00f6rdern, die das gesellschaftliche Miteinander st\u00e4rken. Damit schaffen wir einen Rahmen, der Mut machen soll, neue Ideen\" \/><meta itemprop='startDate' content=\"2020-10-24T10:00\" \/><meta itemprop='endDate' content=\"2020-10-24T16:00\" \/><meta itemprop='eventStatus' content=\"on-schedule\" \/><script type=\"application\/ld+json\">{\t\"@context\": \"http:\/\/schema.org\",\n\t\t\t\t\t\t\t  \t\"@type\": \"Event\",\n\t\t\t\t\t\t\t  \t\"name\": \"Ideen gesucht: Aufruf zur Beteiligung!\",\n\t\t\t\t\t\t\t  \t\"startDate\": \"2020-10-24T10-10-00-00\",\n\t\t\t\t\t\t\t  \t\"endDate\": \"2020-10-24T16-16-00-00\",\n\t\t\t\t\t\t\t  \t\"image\":\"https:\/\/www.wochen-zur-demokratie.de\/archiv\/wp-content\/uploads\/2020\/10\/ideenlabor1-web.jpg\",\n\t\t\t\t\t\t\t  \t\"description\":\"Erstmals gibt es zu den \u201eWochen zur Demokratie\u201c einen Innovationsfonds, um Vorhaben zu f\u00f6rdern, die das gesellschaftliche Miteinander st\u00e4rken. Damit schaffen wir einen Rahmen, der Mut machen soll, neue Ideen\"\n\t\t\t\t\t\t\t  \t\n\t\t\t\t\t\t\t }<\/script><\/div>\n\t\t\t\t<p class=\"desc_trig_outter\"><a data-gmap_status=\"null\" data-gmtrig=\"1\" data-exlk=\"0\" id=\"evc_16035336002659\" class=\"desc_trig sin_val evcal_list_a\" data-ux_val=\"3\"  ><span class='evcal_cblock ' data-bgcolor='#c766a4' data-smon='Oktober' data-syr='2020'><span class='evo_start '><em class='date'>24<\/em><em class='month'>Okt.<\/em><em class='time'>10:00<\/em><\/span><span class='evo_end only_time'><em class='time'>16:00<\/em><\/span><em class='clear'><\/em><\/span><span class='evcal_desc evo_info hide_eventtopdata '  data-location_status=\"false\" ><span class='evo_above_title'><\/span><span class='evcal_desc2 evcal_event_title' itemprop='name'>Ideen gesucht: Aufruf zur Beteiligung!<\/span><span class='evo_below_title'><span class='evcal_event_subtitle' >Innovationsfonds vergibt drei Preise im Ideenlabor<\/span><\/span><span class='evcal_desc_info' ><em class='evcal_time'>10:00 - 16:00<\/em> <em class=\"evcal_location\"  data-add_str=\"\"><em class=\"event_location_name\">INN.KUBATOR Gr\u00fcnderzentrum, Innstr. 69b<\/em><\/em><\/span><span class='evcal_desc3'><\/span><\/span><em class='clear'><\/em><\/a><\/p><div class='event_description evcal_eventcard ' style=\"display:none\"><div class='evo_metarow_directimg'><img class='evo_event_main_img' src='https:\/\/www.wochen-zur-demokratie.de\/archiv\/wp-content\/uploads\/2020\/10\/ideenlabor1-web.jpg' \/><\/div><div class='evo_event_images'><span class='evo_event_more_img select'><img title='' src='https:\/\/www.wochen-zur-demokratie.de\/archiv\/wp-content\/uploads\/2020\/10\/ideenlabor1-web.jpg' data-f='https:\/\/www.wochen-zur-demokratie.de\/archiv\/wp-content\/uploads\/2020\/10\/ideenlabor1-web.jpg'\/><\/span><span class='evo_event_more_img '><img title='' src='https:\/\/www.wochen-zur-demokratie.de\/archiv\/wp-content\/uploads\/2020\/09\/ideenlabor2-web-150x150.jpg' data-f='https:\/\/www.wochen-zur-demokratie.de\/archiv\/wp-content\/uploads\/2020\/09\/ideenlabor2-web.jpg' data-h='435' data-w='652'\/><\/span><\/div><div class='evo_metarow_details evorow evcal_evdata_row bordb evcal_event_details'>\n\t\t\t\t\t\t\t<div class=\"event_excerpt\" style=\"display:none\"><h3 class=\"padb5 evo_h3\">Event Details<\/h3><p>Erstmals gibt es zu den \u201eWochen zur Demokratie\u201c einen Innovationsfonds, um Vorhaben zu f\u00f6rdern, die das gesellschaftliche Miteinander st\u00e4rken. Damit schaffen wir einen Rahmen, der Mut machen soll, neue Ideen<\/p><\/div><span class='evcal_evdata_icons'><i class='fa fa-align-justify'><\/i><\/span>\n\t\t\t\t\t\t\t\n\t\t\t\t\t\t\t<div class='evcal_evdata_cell shorter_desc'><div class='eventon_details_shading_bot'>\n\t\t\t\t\t\t\t\t<p class='eventon_shad_p' content='less'><span class='ev_more_text' data-txt='Weniger anzeigen'>Mehr anzeigen<\/span><span class='ev_more_arrow'><\/span><\/p>\n\t\t\t\t\t\t\t<\/div><div class='eventon_full_description'>\n\t\t\t\t\t\t\t\t\t<h3 class='padb5 evo_h3'><span class='evcal_evdata_icons'><i class='fa fa-align-justify'><\/i><\/span>Event Details<\/h3><div class='eventon_desc_in' itemprop='description'>\n\t\t\t\t\t\t\t\t\t<p>Erstmals gibt es zu den \u201eWochen zur Demokratie\u201c einen Innovationsfonds, um Vorhaben zu f\u00f6rdern, die <strong>das gesellschaftliche Miteinander st\u00e4rken<\/strong>. Damit schaffen wir einen Rahmen, der Mut machen soll, neue Ideen zu entwickeln. Durch die Preisgelder m\u00f6chten wir zugleich helfen, diese Ideen in die Tat umzusetzen.<br \/>\nInsgesamt stehen drei Preise im Wert von 1.800 Euro zur Verf\u00fcgung. Die Vergabe ist an ein Ideenlabor gebunden, das am 24. Oktober im INN.KUBATOR der Uni Passau abgehalten wurde. Ziel ist, den Innovationsfonds weiter auszubauen. Unternehmen aus der Region k\u00f6nnten in den Fonds spenden, um neue Ideen zu unterst\u00fctzen und ihre gesellschaftliche Verantwortung zu erweitern.<br \/>\n<strong>Ideenlabor f\u00fcr ein gutes Miteinander<\/strong><br \/>\nVon den rund 20 Besucher*innen wurden Ideen bearbeitet, wie das Miteinander in der Stadt verbessert oder der Klimaschutz gest\u00e4rkt werden kann. Zum Ideenlabor konnte man selber<strong> Ideen einbringen und\/oder gemeinsam mit anderen weiterentwickeln<\/strong>. Als geladener Gast hielt der f\u00fcr die Gestaltung des INN.KUBATORS verantwortliche Architekt Alfons D\u00f6ringer ein mutmachendes Pl\u00e4doyer f\u00fcr kreative Wechselwirkungen.<br \/>\nBeim Abschlussfest der Wochen zur Demokratie werden die besten Vorschl\u00e4ge von einer Jury pr\u00e4miert. Mit dem Preisgeld k\u00f6nnen die Beteiligten die Realisierung ihrer Ideen angehen:<br \/>\n<strong>1. Platz: 1000 \u20ac<\/strong><br \/>\n2. Platz:\u00a0\u00a0 500 \u20ac<br \/>\n3. Platz:\u00a0\u00a0 300 \u20ac<\/p>\n<\/div><div class='clear'><\/div>\n\t\t\t\t\t\t\t\t<\/div>\n\t\t\t\t\t\t\t<\/div>\n\t\t\t\t\t\t<\/div><div class='evo_metarow_organizer evorow evcal_evdata_row bordb evcal_evrow_sm '>\n\t\t\t\t\t\t\t<span class='evcal_evdata_icons'><i class='fa fa-address-book-o'><\/i><\/span>\n\t\t\t\t\t\t\t<div class='evcal_evdata_cell'>\t\t\t\t\t\t\t\n\t\t\t\t\t\t\t\t<h3 class='evo_h3'>Mitveranstalter \/ Partner<\/h3>\n\t\t\t\t\t\t\t\t<p class='evo_data_val evo_card_organizer_image'><img src='https:\/\/www.wochen-zur-demokratie.de\/archiv\/wp-content\/uploads\/2022\/08\/Logos-wzd-TRIO-web.jpg'\/><\/p>\n\t\t\t\t\t\t\t\t<div class='evo_card_organizer'><p class='evo_data_val evo_card_organizer_name'>\n\t\t\t\t\t\t\t\t\t<span class='evo_card_organizer_name_t'>Initiative Wochen zur Demokratie, Hochschulverbund Transfer und Innovation Ostbayern<\/span>\n\t\t\t\t\t\t\t\t\t\n\t\t\t\t\t\t\t\t\t<\/p><\/div><div class='clear'><\/div>\t\t\t\t\t\t\t\n\t\t\t\t\t\t\t<\/div>\n\t\t\t\t\t\t<\/div>\t\t\t\t\t\t<div class='evo_metarow_ICS evorow bordb evcal_evdata_row'>\n\t\t\t\t\t\t\t<span class=\"evcal_evdata_icons\"><i class=\"fa fa-calendar\"><\/i><\/span>\n\t\t\t\t\t\t\t<div class='evcal_evdata_cell'>\n\t\t\t\t\t\t\t\t<p><a href='https:\/\/www.wochen-zur-demokratie.de\/archiv\/wp-admin\/admin-ajax.php?action=eventon_ics_download&amp;event_id=2659&amp;ri=0' class='evo_ics_nCal' title='Zum Ihrem Kalender hinzuf\u00fcgen'>Zum Kalender hinzuf\u00fcgen<\/a><a href='\/\/www.google.com\/calendar\/event?action=TEMPLATE&amp;text=Ideen+gesucht%3A+Aufruf+zur+Beteiligung%21&amp;dates=20201024T080000Z\/20201024T140000Z&amp;details=Erstmals+gibt+es+zu+den+%E2%80%9EWochen+zur+Demokratie%E2%80%9C+einen+Innovationsfonds%2C+um+Vorhaben+zu+f%C3%B6rdern%2C+die+das+gesellschaftliche+Miteinander+st%C3%A4rken.+Damit+schaffen+wir+einen+Rahmen%2C+der+Mut+machen+soll%2C+neue+Ideen&amp;location=INN.KUBATOR+Gr%C3%BCnderzentrum%2C+Innstr.+69b - ' target='_blank' class='evo_ics_gCal' title='Zum Ihrem Google-Kalender hinzuf\u00fcgen'>GoogleCal<\/a><\/p>\t\n\t\t\t\t\t\t\t<\/div>\n\t\t\t\t\t\t<\/div>\n\t\t\t\t\t\t<div class='bordb evo_metarow_socialmedia evcal_evdata_row  lastrow'><div class='evo_sm FacebookShare'><a class=\" evo_ss\" target=\"_blank\" onclick=\"javascript:window.open(this.href, '', 'left=50,top=50,width=600,height=350,toolbar=0');return false;\"\n\t\t\t\t\t\t\t\thref=\"http:\/\/www.facebook.com\/sharer.php?u=https%3A%2F%2Fwww.wochen-zur-demokratie.de%2Farchiv%2Fevents%2Fideen-gesucht-aufruf-zur-beteiligung-eure-ideen-fuer-passau-und-region-2%2F\" title=\"Diese Veranstaltung auf Facebook teilen\"><i class=\"fa fa-facebook\"><\/i><\/a><\/div><div class='evo_sm Twitter'><a class=\"tw evo_ss\" onclick=\"javascript:window.open(this.href, '', 'menubar=no,toolbar=no,resizable=yes,scrollbars=yes,height=300,width=600');return false;\" href=\"http:\/\/twitter.com\/intent\/tweet?text=Ideen gesucht: Aufruf zur Beteiligung!&#32;-&#32;&url=https%3A%2F%2Fwww.wochen-zur-demokratie.de%2Farchiv%2Fevents%2Fideen-gesucht-aufruf-zur-beteiligung-eure-ideen-fuer-passau-und-region-2%2F\" title=\"Diese Veranstaltung auf Twitter teilen\" rel=\"nofollow\" target=\"_blank\" data-url=\"https%3A%2F%2Fwww.wochen-zur-demokratie.de%2Farchiv%2Fevents%2Fideen-gesucht-aufruf-zur-beteiligung-eure-ideen-fuer-passau-und-region-2%2F\"><i class=\"fa fa-twitter\"><\/i><\/a><\/div><div class='evo_sm LinkedIn'><a class=\"li evo_ss\" href=\"http:\/\/www.linkedin.com\/shareArticle?mini=true&url=https%3A%2F%2Fwww.wochen-zur-demokratie.de%2Farchiv%2Fevents%2Fideen-gesucht-aufruf-zur-beteiligung-eure-ideen-fuer-passau-und-region-2%2F&title=Ideen%20gesucht%3A%20Aufruf%20zur%20Beteiligung%21&summary=Erstmals+gibt+es+zu+den+%E2%80%9EWochen+zur+Demokratie%E2%80%9C+einen+Innovationsfonds%2C+um+Vorhaben+zu+f%C3%B6rdern%2C+die+das\" target=\"_blank\" title=\"Diese Veranstaltung auf Linkedin teilen\"><i class=\"fa fa-linkedin\"><\/i><\/a><\/div><div class='evo_sm EmailShare'><a class=\"em evo_ss\" href=\"mailto:?subject=Ideen gesucht: Aufruf zur Beteiligung!&body=Event Name: Ideen gesucht: Aufruf zur Beteiligung!%0AEvent Date: 24\/10\/2020 10:00 - 16:00%0ALink: https%3A%2F%2Fwww.wochen-zur-demokratie.de%2Farchiv%2Fevents%2Fideen-gesucht-aufruf-zur-beteiligung-eure-ideen-fuer-passau-und-region-2%2F%0A\" target=\"_blank\"><i class=\"fa fa-envelope\"><\/i><\/a><\/div><div class='clear'><\/div><div class='evcal_evdata_row evcal_close' title='Close'><\/div><\/div><div class='evo_card_row_end evcal_close' title='Close'><\/div><\/div><div class='clear end'><\/div><\/div><div style=\"background-color: #c766a4;height: 275px;\" id=\"event_2597\" class=\"eventon_list_event evo_eventtop past_event event event_2597_0\" data-event_id=\"2597\" data-ri=\"0r\" data-time=\"1603566000-1603571400\" data-colr=\"#c766a4\" itemscope itemtype='http:\/\/schema.org\/Event'><div class=\"evo_event_schema\" style=\"display:none\" ><a itemprop='url'  href='https:\/\/www.wochen-zur-demokratie.de\/archiv\/events\/ideen-gesucht-aufruf-zur-beteiligung-eure-ideen-fuer-passau-und-region\/'><\/a><span itemprop='name'  >Demokratie unter Druck:  Wohin steuert Brasilien? - leider abgesagt!<\/span><meta itemprop='image' content=\"https:\/\/www.wochen-zur-demokratie.de\/archiv\/wp-content\/uploads\/2020\/09\/Foto-Costa-web.jpg\" \/><meta itemprop='description' content=\"Diese Veranstaltung muss leider abgesagt bzw. bis auf Weiteres verschoben werden.  Der Referent f\u00fcr diese Diskussionsrunde, S\u00e9rgio Costa, hat uns eine Video-Nachricht gesendet, klicken Sie HIER!    In wenigen\" \/><meta itemprop='startDate' content=\"2020-10-24T19:00\" \/><meta itemprop='endDate' content=\"2020-10-24T20:30\" \/><meta itemprop='eventStatus' content=\"on-schedule\" \/>\n\t\t\t\t\t\t\t\t\t<item style=\"display:none\" itemprop=\"location\" itemscope itemtype=\"http:\/\/schema.org\/Place\">\n\t\t\t\t\t\t\t\t\t\t<span itemprop=\"name\">St-Valentinsaal, Passau, Domplatz<\/span>\n\t\t\t\t\t\t\t\t\t\t<span itemprop=\"address\" itemscope itemtype=\"http:\/\/schema.org\/PostalAddress\">\n\t\t\t\t\t\t\t\t\t\t\t<item itemprop=\"streetAddress\">Passau, St-Valentinsaal, Domplatz, Luragogasse 4<\/item>\n\t\t\t\t\t\t\t\t\t\t<\/span><\/item><script type=\"application\/ld+json\">{\t\"@context\": \"http:\/\/schema.org\",\n\t\t\t\t\t\t\t  \t\"@type\": \"Event\",\n\t\t\t\t\t\t\t  \t\"name\": \"Demokratie unter Druck:  Wohin steuert Brasilien? - leider abgesagt!\",\n\t\t\t\t\t\t\t  \t\"startDate\": \"2020-10-24T19-19-00-00\",\n\t\t\t\t\t\t\t  \t\"endDate\": \"2020-10-24T20-20-30-00\",\n\t\t\t\t\t\t\t  \t\"image\":\"https:\/\/www.wochen-zur-demokratie.de\/archiv\/wp-content\/uploads\/2020\/09\/Foto-Costa-web.jpg\",\n\t\t\t\t\t\t\t  \t\"description\":\"Diese Veranstaltung muss leider abgesagt bzw. bis auf Weiteres verschoben werden.  Der Referent f\u00fcr diese Diskussionsrunde, S\u00e9rgio Costa, hat uns eine Video-Nachricht gesendet, klicken Sie HIER!    In wenigen\"\n\t\t\t\t\t\t\t  \t,\"location\":{\n\t\t\t\t\t\t\t\t\t\t\"@type\":\"Place\",\n\t\t\t\t\t\t\t\t\t\t\"name\":\"St-Valentinsaal, Passau, Domplatz\",\n\t\t\t\t\t\t\t\t\t\t\"address\":{\n\t\t\t\t\t\t\t\t\t\t\t\"@type\": \"PostalAddress\"\n\t\t\t\t\t\t\t\t\t\t\t\"streetAddress\":\"Passau, St-Valentinsaal, Domplatz, Luragogasse 4\"\n\t\t\t\t\t\t\t\t\t\t}\n\t\t\t\t\t\t\t  \t\t}\n\t\t\t\t\t\t\t }<\/script><\/div>\n\t\t\t\t<p class=\"desc_trig_outter\"><a data-gmap_status=\"null\" data-gmtrig=\"1\" data-exlk=\"0\" id=\"evc_16035660002597\" class=\"desc_trig sin_val evcal_list_a\" data-ux_val=\"3\"  ><span class='evcal_cblock ' data-bgcolor='#c766a4' data-smon='Oktober' data-syr='2020'><span class='evo_start '><em class='date'>24<\/em><em class='month'>Okt.<\/em><em class='time'>19:00<\/em><\/span><span class='evo_end only_time'><em class='time'>20:30<\/em><\/span><em class='clear'><\/em><\/span><span class='evcal_desc evo_info hide_eventtopdata '  data-location_address=\"Passau, St-Valentinsaal, Domplatz, Luragogasse 4\" data-location_type=\"address\" data-location_name=\"St-Valentinsaal, Passau, Domplatz\" data-location_url=\"https:\/\/www.wochen-zur-demokratie.de\/archiv\/event-location\/st-valentinsaal-domplatz\/\" data-location_status=\"true\" ><span class='evo_above_title'><\/span><span class='evcal_desc2 evcal_event_title' itemprop='name'>Demokratie unter Druck:  Wohin steuert Brasilien? - leider abgesagt!<\/span><span class='evo_below_title'><span class='evcal_event_subtitle' >S\u00e9rgio Costa hat eine Videobotschaft gesendet...<\/span><\/span><span class='evcal_desc_info' ><em class='evcal_time'>19:00 - 20:30<\/em> <em class=\"evcal_location\"  data-add_str=\"\"><em class=\"event_location_name\">St-Valentinsaal, Passau, Domplatz<\/em><\/em><\/span><span class='evcal_desc3'><\/span><\/span><em class='clear'><\/em><\/a><\/p><div class='event_description evcal_eventcard ' style=\"display:none\"><div class='evo_metarow_directimg'><img class='evo_event_main_img' src='https:\/\/www.wochen-zur-demokratie.de\/archiv\/wp-content\/uploads\/2020\/09\/Foto-Costa-web.jpg' \/><\/div><div class='evo_event_images'><span class='evo_event_more_img select'><img title='' src='https:\/\/www.wochen-zur-demokratie.de\/archiv\/wp-content\/uploads\/2020\/09\/Foto-Costa-web.jpg' data-f='https:\/\/www.wochen-zur-demokratie.de\/archiv\/wp-content\/uploads\/2020\/09\/Foto-Costa-web.jpg'\/><\/span><span class='evo_event_more_img '><img title='' src='https:\/\/www.wochen-zur-demokratie.de\/archiv\/wp-content\/uploads\/2020\/09\/brasil-demo-web-150x150.jpg' data-f='https:\/\/www.wochen-zur-demokratie.de\/archiv\/wp-content\/uploads\/2020\/09\/brasil-demo-web.jpg' data-h='346' data-w='652'\/><\/span><span class='evo_event_more_img '><img title='' src='https:\/\/www.wochen-zur-demokratie.de\/archiv\/wp-content\/uploads\/2020\/09\/brasil-demo2-web-150x150.jpg' data-f='https:\/\/www.wochen-zur-demokratie.de\/archiv\/wp-content\/uploads\/2020\/09\/brasil-demo2-web.jpg' data-h='489' data-w='652'\/><\/span><\/div><div class='evo_metarow_details evorow evcal_evdata_row bordb evcal_event_details'>\n\t\t\t\t\t\t\t<div class=\"event_excerpt\" style=\"display:none\"><h3 class=\"padb5 evo_h3\">Event Details<\/h3><p>Diese Veranstaltung muss leider abgesagt bzw. bis auf Weiteres verschoben werden.\r\nDer Referent f\u00fcr diese Diskussionsrunde, S\u00e9rgio Costa, hat uns eine Video-Nachricht gesendet, klicken Sie HIER!\r\n\r\nIn wenigen<\/p><\/div><span class='evcal_evdata_icons'><i class='fa fa-align-justify'><\/i><\/span>\n\t\t\t\t\t\t\t\n\t\t\t\t\t\t\t<div class='evcal_evdata_cell shorter_desc'><div class='eventon_details_shading_bot'>\n\t\t\t\t\t\t\t\t<p class='eventon_shad_p' content='less'><span class='ev_more_text' data-txt='Weniger anzeigen'>Mehr anzeigen<\/span><span class='ev_more_arrow'><\/span><\/p>\n\t\t\t\t\t\t\t<\/div><div class='eventon_full_description'>\n\t\t\t\t\t\t\t\t\t<h3 class='padb5 evo_h3'><span class='evcal_evdata_icons'><i class='fa fa-align-justify'><\/i><\/span>Event Details<\/h3><div class='eventon_desc_in' itemprop='description'>\n\t\t\t\t\t\t\t\t\t<p>Diese Veranstaltung muss leider abgesagt bzw. bis auf Weiteres verschoben werden.<br \/>\nDer Referent f\u00fcr diese Diskussionsrunde, S\u00e9rgio Costa, hat uns eine Video-Nachricht gesendet, klicken Sie <strong><a href=\"https:\/\/drive.google.com\/file\/d\/1m27KlZ8Fp0FZE-vfwaSoW1perz44eVkd\/view\" target=\"_blank\" rel=\"noopener noreferrer\">HIER!<\/a><\/strong><\/p>\n<p>In wenigen L\u00e4ndern wird die Demokratie gegenw\u00e4rtig so herausgefordert wie in Brasilien, das seit Januar 2019 vom pensionierten Hauptmann und Rechtsau\u00dfen-Politiker Jair Bolsonaro regiert wird. Die <strong>Bedrohungen der Menschenrechte<\/strong> und der demokratischen Ordnung sto\u00dfen auf Widerstand im Parlament, im Rechtssystem, in der \u00d6ffentlichkeit und auch in der Zivilgesellschaft. Dennoch sind die Einschr\u00e4nkungen der demokratischen und Menschenrechte im Lande bereits deutlich zu sp\u00fcren.<br \/>\nIn einem offenen Gespr\u00e4ch diskutiert der Soziologe <strong>S\u00e9rgio Costa<\/strong> die aktuelle Lage sowie die politischen Alternativen und die Zukunft der Demokratie und Menschenrechte in Brasilien.<br \/>\nModeriert wird der Abend von <strong>Nehle Franke<\/strong>.<\/p>\n<\/div><div class='clear'><\/div>\n\t\t\t\t\t\t\t\t<\/div>\n\t\t\t\t\t\t\t<\/div>\n\t\t\t\t\t\t<\/div><div class='evo_metarow_organizer evorow evcal_evdata_row bordb evcal_evrow_sm '>\n\t\t\t\t\t\t\t<span class='evcal_evdata_icons'><i class='fa fa-address-book-o'><\/i><\/span>\n\t\t\t\t\t\t\t<div class='evcal_evdata_cell'>\t\t\t\t\t\t\t\n\t\t\t\t\t\t\t\t<h3 class='evo_h3'>Mitveranstalter \/ Partner<\/h3>\n\t\t\t\t\t\t\t\t<p class='evo_data_val evo_card_organizer_image'><img src='https:\/\/www.wochen-zur-demokratie.de\/archiv\/wp-content\/uploads\/2020\/09\/kombi-antiquariat-dioezesanrat-web.jpg'\/><\/p>\n\t\t\t\t\t\t\t\t<div class='evo_card_organizer'><p class='evo_data_val evo_card_organizer_name'>\n\t\t\t\t\t\t\t\t\t<span class='evo_card_organizer_name_t'>Antiquariat Henke \/ Di\u00f6zesanrat Passau<\/span>\n\t\t\t\t\t\t\t\t\t\n\t\t\t\t\t\t\t\t\t<\/p><\/div><div class='clear'><\/div>\t\t\t\t\t\t\t\n\t\t\t\t\t\t\t<\/div>\n\t\t\t\t\t\t<\/div>\t\t\t\t\t\t<div class='evo_metarow_ICS evorow bordb evcal_evdata_row'>\n\t\t\t\t\t\t\t<span class=\"evcal_evdata_icons\"><i class=\"fa fa-calendar\"><\/i><\/span>\n\t\t\t\t\t\t\t<div class='evcal_evdata_cell'>\n\t\t\t\t\t\t\t\t<p><a href='https:\/\/www.wochen-zur-demokratie.de\/archiv\/wp-admin\/admin-ajax.php?action=eventon_ics_download&amp;event_id=2597&amp;ri=0' class='evo_ics_nCal' title='Zum Ihrem Kalender hinzuf\u00fcgen'>Zum Kalender hinzuf\u00fcgen<\/a><a href='\/\/www.google.com\/calendar\/event?action=TEMPLATE&amp;text=Demokratie+unter+Druck%3A++Wohin+steuert+Brasilien%3F+-+leider+abgesagt%21&amp;dates=20201024T170000Z\/20201024T183000Z&amp;details=Diese+Veranstaltung+muss+leider+abgesagt+bzw.+bis+auf+Weiteres+verschoben+werden.%0D%0ADer+Referent+f%C3%BCr+diese+Diskussionsrunde%2C+S%C3%A9rgio+Costa%2C+hat+uns+eine+Video-Nachricht+gesendet%2C+klicken+Sie+HIER%21%0D%0A%0D%0AIn+wenigen&amp;location=St-Valentinsaal%2C+Passau%2C+Domplatz - Passau%2C+St-Valentinsaal%2C+Domplatz%2C+Luragogasse+4' target='_blank' class='evo_ics_gCal' title='Zum Ihrem Google-Kalender hinzuf\u00fcgen'>GoogleCal<\/a><\/p>\t\n\t\t\t\t\t\t\t<\/div>\n\t\t\t\t\t\t<\/div>\n\t\t\t\t\t\t<div class='bordb evo_metarow_socialmedia evcal_evdata_row  lastrow'><div class='evo_sm FacebookShare'><a class=\" evo_ss\" target=\"_blank\" onclick=\"javascript:window.open(this.href, '', 'left=50,top=50,width=600,height=350,toolbar=0');return false;\"\n\t\t\t\t\t\t\t\thref=\"http:\/\/www.facebook.com\/sharer.php?u=https%3A%2F%2Fwww.wochen-zur-demokratie.de%2Farchiv%2Fevents%2Fideen-gesucht-aufruf-zur-beteiligung-eure-ideen-fuer-passau-und-region%2F\" title=\"Diese Veranstaltung auf Facebook teilen\"><i class=\"fa fa-facebook\"><\/i><\/a><\/div><div class='evo_sm Twitter'><a class=\"tw evo_ss\" onclick=\"javascript:window.open(this.href, '', 'menubar=no,toolbar=no,resizable=yes,scrollbars=yes,height=300,width=600');return false;\" href=\"http:\/\/twitter.com\/intent\/tweet?text=Demokratie unter Druck:  Wohin steuert Brasilien? &#8211; leider abgesagt!&#32;-&#32;&url=https%3A%2F%2Fwww.wochen-zur-demokratie.de%2Farchiv%2Fevents%2Fideen-gesucht-aufruf-zur-beteiligung-eure-ideen-fuer-passau-und-region%2F\" title=\"Diese Veranstaltung auf Twitter teilen\" rel=\"nofollow\" target=\"_blank\" data-url=\"https%3A%2F%2Fwww.wochen-zur-demokratie.de%2Farchiv%2Fevents%2Fideen-gesucht-aufruf-zur-beteiligung-eure-ideen-fuer-passau-und-region%2F\"><i class=\"fa fa-twitter\"><\/i><\/a><\/div><div class='evo_sm LinkedIn'><a class=\"li evo_ss\" href=\"http:\/\/www.linkedin.com\/shareArticle?mini=true&url=https%3A%2F%2Fwww.wochen-zur-demokratie.de%2Farchiv%2Fevents%2Fideen-gesucht-aufruf-zur-beteiligung-eure-ideen-fuer-passau-und-region%2F&title=Demokratie%20unter%20Druck%3A%20%20Wohin%20steuert%20Brasilien%3F%20%26%238211%3B%20leider%20abgesagt%21&summary=Diese+Veranstaltung+muss+leider+abgesagt+bzw.+bis+auf+Weiteres+verschoben+werden.%0ADer+Referent+f%C3%BCr+diese+Diskussionsrunde%2C\" target=\"_blank\" title=\"Diese Veranstaltung auf Linkedin teilen\"><i class=\"fa fa-linkedin\"><\/i><\/a><\/div><div class='evo_sm EmailShare'><a class=\"em evo_ss\" href=\"mailto:?subject=Demokratie unter Druck:  Wohin steuert Brasilien? %26#8211; leider abgesagt!&body=Event Name: Demokratie unter Druck:  Wohin steuert Brasilien? %26#8211; leider abgesagt!%0AEvent Date: 24\/10\/2020 19:00 - 20:30%0ALink: https%3A%2F%2Fwww.wochen-zur-demokratie.de%2Farchiv%2Fevents%2Fideen-gesucht-aufruf-zur-beteiligung-eure-ideen-fuer-passau-und-region%2F%0A\" target=\"_blank\"><i class=\"fa fa-envelope\"><\/i><\/a><\/div><div class='clear'><\/div><div class='evcal_evdata_row evcal_close' title='Close'><\/div><\/div><div class='evo_card_row_end evcal_close' title='Close'><\/div><\/div><div class='clear end'><\/div><\/div><div style=\"background-color: #c766a4;height: 275px;\" id=\"event_2599\" class=\"eventon_list_event evo_eventtop past_event event event_2599_0\" data-event_id=\"2599\" data-ri=\"0r\" data-time=\"1603645200-1603648800\" data-colr=\"#c766a4\" itemscope itemtype='http:\/\/schema.org\/Event'><div class=\"evo_event_schema\" style=\"display:none\" ><a itemprop='url'  href='https:\/\/www.wochen-zur-demokratie.de\/archiv\/events\/carl-friedrich-goerdeler-bildung-zum-widerstand\/'><\/a><span itemprop='name'  >Carl Friedrich Goerdeler \u2014 Bildung zum Widerstand<\/span><meta itemprop='image' content=\"https:\/\/www.wochen-zur-demokratie.de\/archiv\/wp-content\/uploads\/2020\/10\/goerdeler5-web.jpg\" \/><meta itemprop='description' content=\"Carl Friedrich Goerdeler war der f\u00fchrende Kopf des zivilen Widerstandes gegen Hitler. Er hat sich \u00fcber zwei Jahrzehnte hinweg intensiv mit dem Nationalsozialismus auseinandergesetzt. Die totalit\u00e4re, menschenverachtende Politik Hitlers st\u00e4rkte\" \/><meta itemprop='startDate' content=\"2020-10-25T17:00\" \/><meta itemprop='endDate' content=\"2020-10-25T18:00\" \/><meta itemprop='eventStatus' content=\"on-schedule\" \/>\n\t\t\t\t\t\t\t\t\t<item style=\"display:none\" itemprop=\"location\" itemscope itemtype=\"http:\/\/schema.org\/Place\">\n\t\t\t\t\t\t\t\t\t\t<span itemprop=\"name\">Rittersaal Schloss Obernzell<\/span>\n\t\t\t\t\t\t\t\t\t\t<span itemprop=\"address\" itemscope itemtype=\"http:\/\/schema.org\/PostalAddress\">\n\t\t\t\t\t\t\t\t\t\t\t<item itemprop=\"streetAddress\">Schloss Obernzell, Rittersaal<\/item>\n\t\t\t\t\t\t\t\t\t\t<\/span><\/item><script type=\"application\/ld+json\">{\t\"@context\": \"http:\/\/schema.org\",\n\t\t\t\t\t\t\t  \t\"@type\": \"Event\",\n\t\t\t\t\t\t\t  \t\"name\": \"Carl Friedrich Goerdeler \u2014 Bildung zum Widerstand\",\n\t\t\t\t\t\t\t  \t\"startDate\": \"2020-10-25T17-17-00-00\",\n\t\t\t\t\t\t\t  \t\"endDate\": \"2020-10-25T18-18-00-00\",\n\t\t\t\t\t\t\t  \t\"image\":\"https:\/\/www.wochen-zur-demokratie.de\/archiv\/wp-content\/uploads\/2020\/10\/goerdeler5-web.jpg\",\n\t\t\t\t\t\t\t  \t\"description\":\"Carl Friedrich Goerdeler war der f\u00fchrende Kopf des zivilen Widerstandes gegen Hitler. Er hat sich \u00fcber zwei Jahrzehnte hinweg intensiv mit dem Nationalsozialismus auseinandergesetzt. Die totalit\u00e4re, menschenverachtende Politik Hitlers st\u00e4rkte\"\n\t\t\t\t\t\t\t  \t,\"location\":{\n\t\t\t\t\t\t\t\t\t\t\"@type\":\"Place\",\n\t\t\t\t\t\t\t\t\t\t\"name\":\"Rittersaal Schloss Obernzell\",\n\t\t\t\t\t\t\t\t\t\t\"address\":{\n\t\t\t\t\t\t\t\t\t\t\t\"@type\": \"PostalAddress\"\n\t\t\t\t\t\t\t\t\t\t\t\"streetAddress\":\"Schloss Obernzell, Rittersaal\"\n\t\t\t\t\t\t\t\t\t\t}\n\t\t\t\t\t\t\t  \t\t}\n\t\t\t\t\t\t\t }<\/script><\/div>\n\t\t\t\t<p class=\"desc_trig_outter\"><a data-gmap_status=\"null\" data-exlk=\"0\" id=\"evc_16036452002599\" class=\"desc_trig sin_val evcal_list_a\" data-ux_val=\"3\"  ><span class='evcal_cblock ' data-bgcolor='#c766a4' data-smon='Oktober' data-syr='2020'><span class='evo_start '><em class='date'>25<\/em><em class='month'>Okt.<\/em><em class='time'>17:00<\/em><\/span><span class='evo_end only_time'><em class='time'>18:00<\/em><\/span><em class='clear'><\/em><\/span><span class='evcal_desc evo_info hide_eventtopdata '  data-location_address=\"Schloss Obernzell, Rittersaal\" data-location_type=\"address\" data-location_name=\"Rittersaal Schloss Obernzell\" data-location_url=\"https:\/\/www.wochen-zur-demokratie.de\/archiv\/event-location\/schloss-obernzell-rittersaal\/\" data-location_status=\"true\" ><span class='evo_above_title'><\/span><span class='evcal_desc2 evcal_event_title' itemprop='name'>Carl Friedrich Goerdeler \u2014 Bildung zum Widerstand<\/span><span class='evo_below_title'><span class='evcal_event_subtitle' >Ein Vortrag von Berthold Goerdeler<\/span><\/span><span class='evcal_desc_info' ><em class='evcal_time'>17:00 - 18:00<\/em> <em class=\"evcal_location\"  data-add_str=\"\"><em class=\"event_location_name\">Rittersaal Schloss Obernzell<\/em><\/em><\/span><span class='evcal_desc3'><\/span><\/span><em class='clear'><\/em><\/a><\/p><div class='event_description evcal_eventcard ' style=\"display:none\"><div class='evo_metarow_directimg'><img class='evo_event_main_img' src='https:\/\/www.wochen-zur-demokratie.de\/archiv\/wp-content\/uploads\/2020\/10\/goerdeler5-web.jpg' \/><\/div><div class='evo_event_images'><span class='evo_event_more_img select'><img title='' src='https:\/\/www.wochen-zur-demokratie.de\/archiv\/wp-content\/uploads\/2020\/10\/goerdeler5-web.jpg' data-f='https:\/\/www.wochen-zur-demokratie.de\/archiv\/wp-content\/uploads\/2020\/10\/goerdeler5-web.jpg'\/><\/span><span class='evo_event_more_img '><img title='' src='https:\/\/www.wochen-zur-demokratie.de\/archiv\/wp-content\/uploads\/2020\/09\/CG-sepia-web-150x150.jpg' data-f='https:\/\/www.wochen-zur-demokratie.de\/archiv\/wp-content\/uploads\/2020\/09\/CG-sepia-web.jpg' data-h='526' data-w='652'\/><\/span><span class='evo_event_more_img '><img title='' src='https:\/\/www.wochen-zur-demokratie.de\/archiv\/wp-content\/uploads\/2020\/10\/goerdeler6-web-150x150.jpg' data-f='https:\/\/www.wochen-zur-demokratie.de\/archiv\/wp-content\/uploads\/2020\/10\/goerdeler6-web.jpg' data-h='567' data-w='850'\/><\/span><span class='evo_event_more_img '><img title='' src='https:\/\/www.wochen-zur-demokratie.de\/archiv\/wp-content\/uploads\/2020\/10\/goerdeler4-web-150x150.jpg' data-f='https:\/\/www.wochen-zur-demokratie.de\/archiv\/wp-content\/uploads\/2020\/10\/goerdeler4-web.jpg' data-h='567' data-w='850'\/><\/span><span class='evo_event_more_img '><img title='' src='https:\/\/www.wochen-zur-demokratie.de\/archiv\/wp-content\/uploads\/2020\/10\/goerdeler3-web-150x150.jpg' data-f='https:\/\/www.wochen-zur-demokratie.de\/archiv\/wp-content\/uploads\/2020\/10\/goerdeler3-web.jpg' data-h='567' data-w='850'\/><\/span><span class='evo_event_more_img '><img title='' src='https:\/\/www.wochen-zur-demokratie.de\/archiv\/wp-content\/uploads\/2020\/10\/goerdeler2-web-150x150.jpg' data-f='https:\/\/www.wochen-zur-demokratie.de\/archiv\/wp-content\/uploads\/2020\/10\/goerdeler2-web.jpg' data-h='587' data-w='850'\/><\/span><span class='evo_event_more_img '><img title='' src='https:\/\/www.wochen-zur-demokratie.de\/archiv\/wp-content\/uploads\/2020\/10\/goerdeler1-web-150x150.jpg' data-f='https:\/\/www.wochen-zur-demokratie.de\/archiv\/wp-content\/uploads\/2020\/10\/goerdeler1-web.jpg' data-h='524' data-w='850'\/><\/span><\/div><div class='evo_metarow_details evorow evcal_evdata_row bordb evcal_event_details'>\n\t\t\t\t\t\t\t<div class=\"event_excerpt\" style=\"display:none\"><h3 class=\"padb5 evo_h3\">Event Details<\/h3><p>Carl Friedrich Goerdeler war der f\u00fchrende Kopf des zivilen Widerstandes gegen Hitler. Er hat sich \u00fcber zwei Jahrzehnte hinweg intensiv mit dem Nationalsozialismus auseinandergesetzt. Die totalit\u00e4re, menschenverachtende Politik Hitlers st\u00e4rkte<\/p><\/div><span class='evcal_evdata_icons'><i class='fa fa-align-justify'><\/i><\/span>\n\t\t\t\t\t\t\t\n\t\t\t\t\t\t\t<div class='evcal_evdata_cell shorter_desc'><div class='eventon_details_shading_bot'>\n\t\t\t\t\t\t\t\t<p class='eventon_shad_p' content='less'><span class='ev_more_text' data-txt='Weniger anzeigen'>Mehr anzeigen<\/span><span class='ev_more_arrow'><\/span><\/p>\n\t\t\t\t\t\t\t<\/div><div class='eventon_full_description'>\n\t\t\t\t\t\t\t\t\t<h3 class='padb5 evo_h3'><span class='evcal_evdata_icons'><i class='fa fa-align-justify'><\/i><\/span>Event Details<\/h3><div class='eventon_desc_in' itemprop='description'>\n\t\t\t\t\t\t\t\t\t<p>Carl Friedrich Goerdeler war der f\u00fchrende Kopf des zivilen Widerstandes gegen Hitler. Er hat sich \u00fcber zwei Jahrzehnte hinweg intensiv mit dem Nationalsozialismus auseinandergesetzt. Die totalit\u00e4re, menschenverachtende Politik Hitlers st\u00e4rkte in ihm die Gewissheit, dass er zum Widerstand verpflichtet ist. Bildung war f\u00fcr ihn ein entscheidendes Mittel, das zum Widerstand bef\u00e4higt.<\/p>\n<p>Nach der Einf\u00fchrung in die Biographie Carl Goerdelers durch einen Kurzfilm sprach Berthold Goerdeler, ein Enkel des von den Nationalsozialisten ermordeten Widerstandsk\u00e4mpfers. Er stellte die Bildungsarbeit Carl Goerdelers in eine Traditionslinie bis hin zu Sokrates und Platon. Er pl\u00e4dierte f\u00fcr eine Bildungsarbeit in unserer aktuellen Gesellschaft, die der Verf\u00fchrungskraft populistischer Parolen widersteht und sich f\u00fcr den Schutz einer demokratischen Grundordnung und humanistischer Werte stark macht.<\/p>\n<p>Es entwickelte sich eine angeregte Diskussion, die auf die lange nachwirkende Diskriminierung der Familien von Widerstandsk\u00e4mpfern einging, die Schwierigkeiten des Agierens in einer totalit\u00e4ren Diktatur verdeutlichte und immer wieder die gro\u00dfe Bedeutung der Entwicklung eines kritischen Geschichtsbewusstseins hervorhob.<\/p>\n<p>Der Vortrag im gro\u00dfen Rittersaal des Schlosses Obernzell war unter den geltenden Hygienevorschriften bis zum letzten Platz besetzt.<\/p>\n<\/div><div class='clear'><\/div>\n\t\t\t\t\t\t\t\t<\/div>\n\t\t\t\t\t\t\t<\/div>\n\t\t\t\t\t\t<\/div><div class='evo_metarow_organizer evorow evcal_evdata_row bordb evcal_evrow_sm '>\n\t\t\t\t\t\t\t<span class='evcal_evdata_icons'><i class='fa fa-address-book-o'><\/i><\/span>\n\t\t\t\t\t\t\t<div class='evcal_evdata_cell'>\t\t\t\t\t\t\t\n\t\t\t\t\t\t\t\t<h3 class='evo_h3'>Mitveranstalter \/ Partner<\/h3>\n\t\t\t\t\t\t\t\t<p class='evo_data_val evo_card_organizer_image'><img src='https:\/\/www.wochen-zur-demokratie.de\/archiv\/wp-content\/uploads\/2020\/08\/Logo-Kukuk-web-300x105.jpg'\/><\/p>\n\t\t\t\t\t\t\t\t<div class='evo_card_organizer'><p class='evo_data_val evo_card_organizer_name'>\n\t\t\t\t\t\t\t\t\t<span class='evo_card_organizer_name_t'>Kunst- und Kulturkreis Obernzell<\/span>\n\t\t\t\t\t\t\t\t\t\n\t\t\t\t\t\t\t\t\t<\/p><\/div><div class='clear'><\/div>\t\t\t\t\t\t\t\n\t\t\t\t\t\t\t<\/div>\n\t\t\t\t\t\t<\/div>\t\t\t\t\t\t<div class='evo_metarow_ICS evorow bordb evcal_evdata_row'>\n\t\t\t\t\t\t\t<span class=\"evcal_evdata_icons\"><i class=\"fa fa-calendar\"><\/i><\/span>\n\t\t\t\t\t\t\t<div class='evcal_evdata_cell'>\n\t\t\t\t\t\t\t\t<p><a href='https:\/\/www.wochen-zur-demokratie.de\/archiv\/wp-admin\/admin-ajax.php?action=eventon_ics_download&amp;event_id=2599&amp;ri=0' class='evo_ics_nCal' title='Zum Ihrem Kalender hinzuf\u00fcgen'>Zum Kalender hinzuf\u00fcgen<\/a><a href='\/\/www.google.com\/calendar\/event?action=TEMPLATE&amp;text=Carl+Friedrich+Goerdeler+%E2%80%94+Bildung+zum+Widerstand&amp;dates=20201025T150000Z\/20201025T160000Z&amp;details=Carl+Friedrich+Goerdeler+war+der+f%C3%BChrende+Kopf+des+zivilen+Widerstandes+gegen+Hitler.+Er+hat+sich+%C3%BCber+zwei+Jahrzehnte+hinweg+intensiv+mit+dem+Nationalsozialismus+auseinandergesetzt.+Die+totalit%C3%A4re%2C+menschenverachtende+Politik+Hitlers+st%C3%A4rkte&amp;location=Rittersaal+Schloss+Obernzell - Schloss+Obernzell%2C+Rittersaal' target='_blank' class='evo_ics_gCal' title='Zum Ihrem Google-Kalender hinzuf\u00fcgen'>GoogleCal<\/a><\/p>\t\n\t\t\t\t\t\t\t<\/div>\n\t\t\t\t\t\t<\/div>\n\t\t\t\t\t\t<div class='bordb evo_metarow_socialmedia evcal_evdata_row  lastrow'><div class='evo_sm FacebookShare'><a class=\" evo_ss\" target=\"_blank\" onclick=\"javascript:window.open(this.href, '', 'left=50,top=50,width=600,height=350,toolbar=0');return false;\"\n\t\t\t\t\t\t\t\thref=\"http:\/\/www.facebook.com\/sharer.php?u=https%3A%2F%2Fwww.wochen-zur-demokratie.de%2Farchiv%2Fevents%2Fcarl-friedrich-goerdeler-bildung-zum-widerstand%2F\" title=\"Diese Veranstaltung auf Facebook teilen\"><i class=\"fa fa-facebook\"><\/i><\/a><\/div><div class='evo_sm Twitter'><a class=\"tw evo_ss\" onclick=\"javascript:window.open(this.href, '', 'menubar=no,toolbar=no,resizable=yes,scrollbars=yes,height=300,width=600');return false;\" href=\"http:\/\/twitter.com\/intent\/tweet?text=Carl Friedrich Goerdeler \u2014 Bildung zum Widerstand&#32;-&#32;&url=https%3A%2F%2Fwww.wochen-zur-demokratie.de%2Farchiv%2Fevents%2Fcarl-friedrich-goerdeler-bildung-zum-widerstand%2F\" title=\"Diese Veranstaltung auf Twitter teilen\" rel=\"nofollow\" target=\"_blank\" data-url=\"https%3A%2F%2Fwww.wochen-zur-demokratie.de%2Farchiv%2Fevents%2Fcarl-friedrich-goerdeler-bildung-zum-widerstand%2F\"><i class=\"fa fa-twitter\"><\/i><\/a><\/div><div class='evo_sm LinkedIn'><a class=\"li evo_ss\" href=\"http:\/\/www.linkedin.com\/shareArticle?mini=true&url=https%3A%2F%2Fwww.wochen-zur-demokratie.de%2Farchiv%2Fevents%2Fcarl-friedrich-goerdeler-bildung-zum-widerstand%2F&title=Carl%20Friedrich%20Goerdeler%20%E2%80%94%20Bildung%20zum%20Widerstand&summary=Carl+Friedrich+Goerdeler+war+der+f%C3%BChrende+Kopf+des+zivilen+Widerstandes+gegen+Hitler.+Er+hat+sich+%C3%BCber\" target=\"_blank\" title=\"Diese Veranstaltung auf Linkedin teilen\"><i class=\"fa fa-linkedin\"><\/i><\/a><\/div><div class='evo_sm EmailShare'><a class=\"em evo_ss\" href=\"mailto:?subject=Carl Friedrich Goerdeler \u2014 Bildung zum Widerstand&body=Event Name: Carl Friedrich Goerdeler \u2014 Bildung zum Widerstand%0AEvent Date: 25\/10\/2020 17:00 - 18:00%0ALink: https%3A%2F%2Fwww.wochen-zur-demokratie.de%2Farchiv%2Fevents%2Fcarl-friedrich-goerdeler-bildung-zum-widerstand%2F%0A\" target=\"_blank\"><i class=\"fa fa-envelope\"><\/i><\/a><\/div><div class='clear'><\/div><div class='evcal_evdata_row evcal_close' title='Close'><\/div><\/div><div class='evo_card_row_end evcal_close' title='Close'><\/div><\/div><div class='clear end'><\/div><\/div><div style=\"background-color: #c766a4;height: 275px;\" id=\"event_2600\" class=\"eventon_list_event evo_eventtop past_event event event_2600_0\" data-event_id=\"2600\" data-ri=\"0r\" data-time=\"1603735200-1603742400\" data-colr=\"#c766a4\" itemscope itemtype='http:\/\/schema.org\/Event'><div class=\"evo_event_schema\" style=\"display:none\" ><a itemprop='url'  href='https:\/\/www.wochen-zur-demokratie.de\/archiv\/events\/was-macht-populisten-so-erfolgreich\/'><\/a><span itemprop='name'  >Was macht Populisten so erfolgreich?<\/span><meta itemprop='image' content=\"https:\/\/www.wochen-zur-demokratie.de\/archiv\/wp-content\/uploads\/2020\/10\/populismus1-web.jpg\" \/><meta itemprop='description' content=\"Die AFD in Deutschland, Trump in den USA, Bolsonaro in Brasilien oder Orban in Ungarn \u2013 Populisten sind derzeit weltweit auf dem Vormarsch. Grundlegend gehen sie davon aus, dass die\" \/><meta itemprop='startDate' content=\"2020-10-26T18:00\" \/><meta itemprop='endDate' content=\"2020-10-26T20:00\" \/><meta itemprop='eventStatus' content=\"on-schedule\" \/><script type=\"application\/ld+json\">{\t\"@context\": \"http:\/\/schema.org\",\n\t\t\t\t\t\t\t  \t\"@type\": \"Event\",\n\t\t\t\t\t\t\t  \t\"name\": \"Was macht Populisten so erfolgreich?\",\n\t\t\t\t\t\t\t  \t\"startDate\": \"2020-10-26T18-18-00-00\",\n\t\t\t\t\t\t\t  \t\"endDate\": \"2020-10-26T20-20-00-00\",\n\t\t\t\t\t\t\t  \t\"image\":\"https:\/\/www.wochen-zur-demokratie.de\/archiv\/wp-content\/uploads\/2020\/10\/populismus1-web.jpg\",\n\t\t\t\t\t\t\t  \t\"description\":\"Die AFD in Deutschland, Trump in den USA, Bolsonaro in Brasilien oder Orban in Ungarn \u2013 Populisten sind derzeit weltweit auf dem Vormarsch. Grundlegend gehen sie davon aus, dass die\"\n\t\t\t\t\t\t\t  \t\n\t\t\t\t\t\t\t }<\/script><\/div>\n\t\t\t\t<p class=\"desc_trig_outter\"><a data-gmap_status=\"null\" data-exlk=\"0\" id=\"evc_16037352002600\" class=\"desc_trig sin_val evcal_list_a\" data-ux_val=\"3\"  ><span class='evcal_cblock ' data-bgcolor='#c766a4' data-smon='Oktober' data-syr='2020'><span class='evo_start '><em class='date'>26<\/em><em class='month'>Okt.<\/em><em class='time'>18:00<\/em><\/span><span class='evo_end only_time'><em class='time'>20:00<\/em><\/span><em class='clear'><\/em><\/span><span class='evcal_desc evo_info hide_eventtopdata '  data-location_status=\"false\" ><span class='evo_above_title'><\/span><span class='evcal_desc2 evcal_event_title' itemprop='name'>Was macht Populisten so erfolgreich?<\/span><span class='evo_below_title'><span class='evcal_event_subtitle' >Ein Workshop mit Perdita Wingerter<\/span><\/span><span class='evcal_desc_info' ><em class='evcal_time'>18:00 - 20:00<\/em> <em class=\"evcal_location\"  data-add_str=\"\"><em class=\"event_location_name\">Seminarr\u00e4ume Lederergasse 1, Passau<\/em><\/em><\/span><span class='evcal_desc3'><\/span><\/span><em class='clear'><\/em><\/a><\/p><div class='event_description evcal_eventcard ' style=\"display:none\"><div class='evo_metarow_directimg'><img class='evo_event_main_img' src='https:\/\/www.wochen-zur-demokratie.de\/archiv\/wp-content\/uploads\/2020\/10\/populismus1-web.jpg' \/><\/div><div class='evo_event_images'><span class='evo_event_more_img select'><img title='' src='https:\/\/www.wochen-zur-demokratie.de\/archiv\/wp-content\/uploads\/2020\/10\/populismus1-web.jpg' data-f='https:\/\/www.wochen-zur-demokratie.de\/archiv\/wp-content\/uploads\/2020\/10\/populismus1-web.jpg'\/><\/span><span class='evo_event_more_img '><img title='' src='https:\/\/www.wochen-zur-demokratie.de\/archiv\/wp-content\/uploads\/2020\/09\/Workshop_Populisten-web-150x150.jpg' data-f='https:\/\/www.wochen-zur-demokratie.de\/archiv\/wp-content\/uploads\/2020\/09\/Workshop_Populisten-web.jpg' data-h='547' data-w='652'\/><\/span><\/div><div class='evo_metarow_details evorow evcal_evdata_row bordb evcal_event_details'>\n\t\t\t\t\t\t\t<div class=\"event_excerpt\" style=\"display:none\"><h3 class=\"padb5 evo_h3\">Event Details<\/h3><p>Die AFD in Deutschland, Trump in den USA, Bolsonaro in Brasilien oder Orban in Ungarn \u2013 Populisten sind derzeit weltweit auf dem Vormarsch. Grundlegend gehen sie davon aus, dass die<\/p><\/div><span class='evcal_evdata_icons'><i class='fa fa-align-justify'><\/i><\/span>\n\t\t\t\t\t\t\t\n\t\t\t\t\t\t\t<div class='evcal_evdata_cell shorter_desc'><div class='eventon_details_shading_bot'>\n\t\t\t\t\t\t\t\t<p class='eventon_shad_p' content='less'><span class='ev_more_text' data-txt='Weniger anzeigen'>Mehr anzeigen<\/span><span class='ev_more_arrow'><\/span><\/p>\n\t\t\t\t\t\t\t<\/div><div class='eventon_full_description'>\n\t\t\t\t\t\t\t\t\t<h3 class='padb5 evo_h3'><span class='evcal_evdata_icons'><i class='fa fa-align-justify'><\/i><\/span>Event Details<\/h3><div class='eventon_desc_in' itemprop='description'>\n\t\t\t\t\t\t\t\t\t<p>Die AFD in Deutschland, Trump in den USA, Bolsonaro in Brasilien oder Orban in Ungarn \u2013 Populisten sind derzeit weltweit auf dem Vormarsch. Grundlegend gehen sie davon aus, dass die <strong>Gesellschaft in zwei Gruppen<\/strong> getrennt ist: Sie sehen dem \u201eVolk\u201c eine korrupte Elite gegen\u00fcbergestellt, die unmoralisch handelt. Hinzu kommt eine fremdenfeindliche und antidemokratische Gesinnung.<\/p>\n<p>In Vertretung von Perdita Wingerter besch\u00e4ftigten die beiden Referent*innen <strong>Nils Allensdorf und Melina Scholz<\/strong> vom Verein \u201eGemeinsam leben und lernen in Europa e.V.\u201c sich und die rund 15 Teilnehmenden mit den Fragen, was Rechtspopulismus genau ist, an welcher Sprache man Populisten erkennt, f\u00fcr welche Ideen sie streiten und warum sie so erfolgreich sind.<\/p>\n<\/div><div class='clear'><\/div>\n\t\t\t\t\t\t\t\t<\/div>\n\t\t\t\t\t\t\t<\/div>\n\t\t\t\t\t\t<\/div><div class='evo_metarow_organizer evorow evcal_evdata_row bordb evcal_evrow_sm '>\n\t\t\t\t\t\t\t<span class='evcal_evdata_icons'><i class='fa fa-address-book-o'><\/i><\/span>\n\t\t\t\t\t\t\t<div class='evcal_evdata_cell'>\t\t\t\t\t\t\t\n\t\t\t\t\t\t\t\t<h3 class='evo_h3'>Mitveranstalter \/ Partner<\/h3>\n\t\t\t\t\t\t\t\t<p class='evo_data_val evo_card_organizer_image'><img src='https:\/\/www.wochen-zur-demokratie.de\/archiv\/wp-content\/uploads\/2019\/07\/logo-lebenundlernenineuropa.jpg'\/><\/p>\n\t\t\t\t\t\t\t\t<div class='evo_card_organizer'><p class='evo_data_val evo_card_organizer_name'>\n\t\t\t\t\t\t\t\t\t<span class='evo_card_organizer_name_t'>Gemeinsam leben und lernen in Europa e.V.<\/span>\n\t\t\t\t\t\t\t\t\t\n\t\t\t\t\t\t\t\t\t<\/p><\/div><div class='clear'><\/div>\t\t\t\t\t\t\t\n\t\t\t\t\t\t\t<\/div>\n\t\t\t\t\t\t<\/div>\t\t\t\t\t\t<div class='evo_metarow_ICS evorow bordb evcal_evdata_row'>\n\t\t\t\t\t\t\t<span class=\"evcal_evdata_icons\"><i class=\"fa fa-calendar\"><\/i><\/span>\n\t\t\t\t\t\t\t<div class='evcal_evdata_cell'>\n\t\t\t\t\t\t\t\t<p><a href='https:\/\/www.wochen-zur-demokratie.de\/archiv\/wp-admin\/admin-ajax.php?action=eventon_ics_download&amp;event_id=2600&amp;ri=0' class='evo_ics_nCal' title='Zum Ihrem Kalender hinzuf\u00fcgen'>Zum Kalender hinzuf\u00fcgen<\/a><a href='\/\/www.google.com\/calendar\/event?action=TEMPLATE&amp;text=Was+macht+Populisten+so+erfolgreich%3F&amp;dates=20201026T160000Z\/20201026T180000Z&amp;details=Die+AFD+in+Deutschland%2C+Trump+in+den+USA%2C+Bolsonaro+in+Brasilien+oder+Orban+in+Ungarn+%E2%80%93+Populisten+sind+derzeit+weltweit+auf+dem+Vormarsch.+Grundlegend+gehen+sie+davon+aus%2C+dass+die&amp;location=Seminarr%C3%A4ume+Lederergasse+1%2C+Passau - ' target='_blank' class='evo_ics_gCal' title='Zum Ihrem Google-Kalender hinzuf\u00fcgen'>GoogleCal<\/a><\/p>\t\n\t\t\t\t\t\t\t<\/div>\n\t\t\t\t\t\t<\/div>\n\t\t\t\t\t\t<div class='bordb evo_metarow_socialmedia evcal_evdata_row  lastrow'><div class='evo_sm FacebookShare'><a class=\" evo_ss\" target=\"_blank\" onclick=\"javascript:window.open(this.href, '', 'left=50,top=50,width=600,height=350,toolbar=0');return false;\"\n\t\t\t\t\t\t\t\thref=\"http:\/\/www.facebook.com\/sharer.php?u=https%3A%2F%2Fwww.wochen-zur-demokratie.de%2Farchiv%2Fevents%2Fwas-macht-populisten-so-erfolgreich%2F\" title=\"Diese Veranstaltung auf Facebook teilen\"><i class=\"fa fa-facebook\"><\/i><\/a><\/div><div class='evo_sm Twitter'><a class=\"tw evo_ss\" onclick=\"javascript:window.open(this.href, '', 'menubar=no,toolbar=no,resizable=yes,scrollbars=yes,height=300,width=600');return false;\" href=\"http:\/\/twitter.com\/intent\/tweet?text=Was macht Populisten so erfolgreich?&#32;-&#32;&url=https%3A%2F%2Fwww.wochen-zur-demokratie.de%2Farchiv%2Fevents%2Fwas-macht-populisten-so-erfolgreich%2F\" title=\"Diese Veranstaltung auf Twitter teilen\" rel=\"nofollow\" target=\"_blank\" data-url=\"https%3A%2F%2Fwww.wochen-zur-demokratie.de%2Farchiv%2Fevents%2Fwas-macht-populisten-so-erfolgreich%2F\"><i class=\"fa fa-twitter\"><\/i><\/a><\/div><div class='evo_sm LinkedIn'><a class=\"li evo_ss\" href=\"http:\/\/www.linkedin.com\/shareArticle?mini=true&url=https%3A%2F%2Fwww.wochen-zur-demokratie.de%2Farchiv%2Fevents%2Fwas-macht-populisten-so-erfolgreich%2F&title=Was%20macht%20Populisten%20so%20erfolgreich%3F&summary=Die+AFD+in+Deutschland%2C+Trump+in+den+USA%2C+Bolsonaro+in+Brasilien+oder+Orban+in+Ungarn+%E2%80%93\" target=\"_blank\" title=\"Diese Veranstaltung auf Linkedin teilen\"><i class=\"fa fa-linkedin\"><\/i><\/a><\/div><div class='evo_sm EmailShare'><a class=\"em evo_ss\" href=\"mailto:?subject=Was macht Populisten so erfolgreich?&body=Event Name: Was macht Populisten so erfolgreich?%0AEvent Date: 26\/10\/2020 18:00 - 20:00%0ALink: https%3A%2F%2Fwww.wochen-zur-demokratie.de%2Farchiv%2Fevents%2Fwas-macht-populisten-so-erfolgreich%2F%0A\" target=\"_blank\"><i class=\"fa fa-envelope\"><\/i><\/a><\/div><div class='clear'><\/div><div class='evcal_evdata_row evcal_close' title='Close'><\/div><\/div><div class='evo_card_row_end evcal_close' title='Close'><\/div><\/div><div class='clear end'><\/div><\/div><div style=\"background-color: #c766a4;height: 275px;\" id=\"event_2662\" class=\"eventon_list_event evo_eventtop past_event event event_2662_0\" data-event_id=\"2662\" data-ri=\"0r\" data-time=\"1603821600-1603832400\" data-colr=\"#c766a4\" itemscope itemtype='http:\/\/schema.org\/Event'><div class=\"evo_event_schema\" style=\"display:none\" ><a itemprop='url'  href='https:\/\/www.wochen-zur-demokratie.de\/archiv\/events\/demokratie-leben-mit-den-juengsten-unserer-gesellschaft\/'><\/a><span itemprop='name'  >Demokratie leben mit den  J\u00fcngsten unserer Gesellschaft<\/span><meta itemprop='image' content=\"https:\/\/www.wochen-zur-demokratie.de\/archiv\/wp-content\/uploads\/2020\/10\/wakiga1-web.jpg\" \/><meta itemprop='description' content=\"Wie kann es gelingen, in Familie und Kindergarten eine demokratische Alltagskultur zu leben, in der das Kind sich als wichtiger Teil einer Gemeinschaft wahrnehmen kann? Kleine Schritte dahin k\u00f6nnen sein:\" \/><meta itemprop='startDate' content=\"2020-10-27T18:00\" \/><meta itemprop='endDate' content=\"2020-10-27T21:00\" \/><meta itemprop='eventStatus' content=\"on-schedule\" \/><script type=\"application\/ld+json\">{\t\"@context\": \"http:\/\/schema.org\",\n\t\t\t\t\t\t\t  \t\"@type\": \"Event\",\n\t\t\t\t\t\t\t  \t\"name\": \"Demokratie leben mit den  J\u00fcngsten unserer Gesellschaft\",\n\t\t\t\t\t\t\t  \t\"startDate\": \"2020-10-27T18-18-00-00\",\n\t\t\t\t\t\t\t  \t\"endDate\": \"2020-10-27T21-21-00-00\",\n\t\t\t\t\t\t\t  \t\"image\":\"https:\/\/www.wochen-zur-demokratie.de\/archiv\/wp-content\/uploads\/2020\/10\/wakiga1-web.jpg\",\n\t\t\t\t\t\t\t  \t\"description\":\"Wie kann es gelingen, in Familie und Kindergarten eine demokratische Alltagskultur zu leben, in der das Kind sich als wichtiger Teil einer Gemeinschaft wahrnehmen kann? Kleine Schritte dahin k\u00f6nnen sein:\"\n\t\t\t\t\t\t\t  \t\n\t\t\t\t\t\t\t }<\/script><\/div>\n\t\t\t\t<p class=\"desc_trig_outter\"><a data-gmap_status=\"null\" data-gmtrig=\"1\" data-exlk=\"0\" id=\"evc_16038216002662\" class=\"desc_trig sin_val evcal_list_a\" data-ux_val=\"3\"  ><span class='evcal_cblock ' data-bgcolor='#c766a4' data-smon='Oktober' data-syr='2020'><span class='evo_start '><em class='date'>27<\/em><em class='month'>Okt.<\/em><em class='time'>18:00<\/em><\/span><span class='evo_end only_time'><em class='time'>21:00<\/em><\/span><em class='clear'><\/em><\/span><span class='evcal_desc evo_info hide_eventtopdata '  data-location_status=\"false\" ><span class='evo_above_title'><\/span><span class='evcal_desc2 evcal_event_title' itemprop='name'>Demokratie leben mit den  J\u00fcngsten unserer Gesellschaft<\/span><span class='evo_below_title'><span class='evcal_event_subtitle' >Ein Workshop zum gleichw\u00fcrdigen Umgang mit Kindern<\/span><\/span><span class='evcal_desc_info' ><em class='evcal_time'>18:00 - 21:00<\/em> <em class=\"evcal_location\"  data-add_str=\"\"><em class=\"event_location_name\">Hotel Passauer Wolf<\/em><\/em><\/span><span class='evcal_desc3'><\/span><\/span><em class='clear'><\/em><\/a><\/p><div class='event_description evcal_eventcard ' style=\"display:none\"><div class='evo_metarow_directimg'><img class='evo_event_main_img' src='https:\/\/www.wochen-zur-demokratie.de\/archiv\/wp-content\/uploads\/2020\/10\/wakiga1-web.jpg' \/><\/div><div class='evo_event_images'><span class='evo_event_more_img select'><img title='' src='https:\/\/www.wochen-zur-demokratie.de\/archiv\/wp-content\/uploads\/2020\/10\/wakiga1-web.jpg' data-f='https:\/\/www.wochen-zur-demokratie.de\/archiv\/wp-content\/uploads\/2020\/10\/wakiga1-web.jpg'\/><\/span><span class='evo_event_more_img '><img title='' src='https:\/\/www.wochen-zur-demokratie.de\/archiv\/wp-content\/uploads\/2020\/09\/wakiga-susanne2-web-150x150.jpg' data-f='https:\/\/www.wochen-zur-demokratie.de\/archiv\/wp-content\/uploads\/2020\/09\/wakiga-susanne2-web.jpg' data-h='501' data-w='652'\/><\/span><span class='evo_event_more_img '><img title='' src='https:\/\/www.wochen-zur-demokratie.de\/archiv\/wp-content\/uploads\/2020\/09\/wakiga-susanne-web-150x150.jpg' data-f='https:\/\/www.wochen-zur-demokratie.de\/archiv\/wp-content\/uploads\/2020\/09\/wakiga-susanne-web.jpg' data-h='545' data-w='652'\/><\/span><\/div><div class='evo_metarow_details evorow evcal_evdata_row bordb evcal_event_details'>\n\t\t\t\t\t\t\t<div class=\"event_excerpt\" style=\"display:none\"><h3 class=\"padb5 evo_h3\">Event Details<\/h3><p>Wie kann es gelingen, in Familie und Kindergarten eine demokratische Alltagskultur zu leben, in der das Kind sich als wichtiger Teil einer Gemeinschaft wahrnehmen kann? Kleine Schritte dahin k\u00f6nnen sein:<\/p><\/div><span class='evcal_evdata_icons'><i class='fa fa-align-justify'><\/i><\/span>\n\t\t\t\t\t\t\t\n\t\t\t\t\t\t\t<div class='evcal_evdata_cell shorter_desc'><div class='eventon_details_shading_bot'>\n\t\t\t\t\t\t\t\t<p class='eventon_shad_p' content='less'><span class='ev_more_text' data-txt='Weniger anzeigen'>Mehr anzeigen<\/span><span class='ev_more_arrow'><\/span><\/p>\n\t\t\t\t\t\t\t<\/div><div class='eventon_full_description'>\n\t\t\t\t\t\t\t\t\t<h3 class='padb5 evo_h3'><span class='evcal_evdata_icons'><i class='fa fa-align-justify'><\/i><\/span>Event Details<\/h3><div class='eventon_desc_in' itemprop='description'>\n\t\t\t\t\t\t\t\t\t<p>Wie kann es gelingen, in Familie und Kindergarten eine demokratische Alltagskultur zu leben, in der das Kind sich als wichtiger Teil einer Gemeinschaft wahrnehmen kann? Kleine Schritte dahin k\u00f6nnen sein: Die Pers\u00f6nlichkeit aller einzelnen Mitglieder der Gemeinschaft wahrnehmen und wertsch\u00e4tzen; Kinder in Alltagsprozesse mit einbinden und zur Mitbestimmung bef\u00e4higen; Verantwortung f\u00fcrs Handeln tragen.<br \/>\n<strong>Susanne Kayko<\/strong>, P\u00e4dagogin im Waldkindergarten und systemische Beraterin, leitete den Workshop im Hotgel Passauer Wolf, an dem rund 10 G\u00e4ste teilnahmen, mit viel Gedankenaustausch und viel Interaktion, so weit dies die schwieriger werdenden Corona-Bestimmungen zulie\u00dfen.<\/p>\n<\/div><div class='clear'><\/div>\n\t\t\t\t\t\t\t\t<\/div>\n\t\t\t\t\t\t\t<\/div>\n\t\t\t\t\t\t<\/div><div class='evo_metarow_organizer evorow evcal_evdata_row bordb evcal_evrow_sm '>\n\t\t\t\t\t\t\t<span class='evcal_evdata_icons'><i class='fa fa-address-book-o'><\/i><\/span>\n\t\t\t\t\t\t\t<div class='evcal_evdata_cell'>\t\t\t\t\t\t\t\n\t\t\t\t\t\t\t\t<h3 class='evo_h3'>Mitveranstalter \/ Partner<\/h3>\n\t\t\t\t\t\t\t\t<p class='evo_data_val evo_card_organizer_image'><img src='https:\/\/www.wochen-zur-demokratie.de\/archiv\/wp-content\/uploads\/2020\/08\/logo-waldkindergarten-300x130.png'\/><\/p>\n\t\t\t\t\t\t\t\t<div class='evo_card_organizer'><p class='evo_data_val evo_card_organizer_name'>\n\t\t\t\t\t\t\t\t\t<span class='evo_card_organizer_name_t'>Waldkindergarten Passau Kohlbruck<\/span>\n\t\t\t\t\t\t\t\t\t\n\t\t\t\t\t\t\t\t\t<\/p><\/div><div class='clear'><\/div>\t\t\t\t\t\t\t\n\t\t\t\t\t\t\t<\/div>\n\t\t\t\t\t\t<\/div>\t\t\t\t\t\t<div class='evo_metarow_ICS evorow bordb evcal_evdata_row'>\n\t\t\t\t\t\t\t<span class=\"evcal_evdata_icons\"><i class=\"fa fa-calendar\"><\/i><\/span>\n\t\t\t\t\t\t\t<div class='evcal_evdata_cell'>\n\t\t\t\t\t\t\t\t<p><a href='https:\/\/www.wochen-zur-demokratie.de\/archiv\/wp-admin\/admin-ajax.php?action=eventon_ics_download&amp;event_id=2662&amp;ri=0' class='evo_ics_nCal' title='Zum Ihrem Kalender hinzuf\u00fcgen'>Zum Kalender hinzuf\u00fcgen<\/a><a href='\/\/www.google.com\/calendar\/event?action=TEMPLATE&amp;text=Demokratie+leben+mit+den++J%C3%BCngsten+unserer+Gesellschaft&amp;dates=20201027T160000Z\/20201027T190000Z&amp;details=Wie+kann+es+gelingen%2C+in+Familie+und+Kindergarten+eine+demokratische+Alltagskultur+zu+leben%2C+in+der+das+Kind+sich+als+wichtiger+Teil+einer+Gemeinschaft+wahrnehmen+kann%3F+Kleine+Schritte+dahin+k%C3%B6nnen+sein%3A&amp;location=Hotel+Passauer+Wolf - ' target='_blank' class='evo_ics_gCal' title='Zum Ihrem Google-Kalender hinzuf\u00fcgen'>GoogleCal<\/a><\/p>\t\n\t\t\t\t\t\t\t<\/div>\n\t\t\t\t\t\t<\/div>\n\t\t\t\t\t\t<div class='bordb evo_metarow_socialmedia evcal_evdata_row  lastrow'><div class='evo_sm FacebookShare'><a class=\" evo_ss\" target=\"_blank\" onclick=\"javascript:window.open(this.href, '', 'left=50,top=50,width=600,height=350,toolbar=0');return false;\"\n\t\t\t\t\t\t\t\thref=\"http:\/\/www.facebook.com\/sharer.php?u=https%3A%2F%2Fwww.wochen-zur-demokratie.de%2Farchiv%2Fevents%2Fdemokratie-leben-mit-den-juengsten-unserer-gesellschaft%2F\" title=\"Diese Veranstaltung auf Facebook teilen\"><i class=\"fa fa-facebook\"><\/i><\/a><\/div><div class='evo_sm Twitter'><a class=\"tw evo_ss\" onclick=\"javascript:window.open(this.href, '', 'menubar=no,toolbar=no,resizable=yes,scrollbars=yes,height=300,width=600');return false;\" href=\"http:\/\/twitter.com\/intent\/tweet?text=Demokratie leben mit den  J\u00fcngsten unserer Gesellschaft&#32;-&#32;&url=https%3A%2F%2Fwww.wochen-zur-demokratie.de%2Farchiv%2Fevents%2Fdemokratie-leben-mit-den-juengsten-unserer-gesellschaft%2F\" title=\"Diese Veranstaltung auf Twitter teilen\" rel=\"nofollow\" target=\"_blank\" data-url=\"https%3A%2F%2Fwww.wochen-zur-demokratie.de%2Farchiv%2Fevents%2Fdemokratie-leben-mit-den-juengsten-unserer-gesellschaft%2F\"><i class=\"fa fa-twitter\"><\/i><\/a><\/div><div class='evo_sm LinkedIn'><a class=\"li evo_ss\" href=\"http:\/\/www.linkedin.com\/shareArticle?mini=true&url=https%3A%2F%2Fwww.wochen-zur-demokratie.de%2Farchiv%2Fevents%2Fdemokratie-leben-mit-den-juengsten-unserer-gesellschaft%2F&title=Demokratie%20leben%20mit%20den%20%20J%C3%BCngsten%20unserer%20Gesellschaft&summary=Wie+kann+es+gelingen%2C+in+Familie+und+Kindergarten+eine+demokratische+Alltagskultur+zu+leben%2C+in+der+das\" target=\"_blank\" title=\"Diese Veranstaltung auf Linkedin teilen\"><i class=\"fa fa-linkedin\"><\/i><\/a><\/div><div class='evo_sm EmailShare'><a class=\"em evo_ss\" href=\"mailto:?subject=Demokratie leben mit den  J\u00fcngsten unserer Gesellschaft&body=Event Name: Demokratie leben mit den  J\u00fcngsten unserer Gesellschaft%0AEvent Date: 27\/10\/2020 18:00 - 21:00%0ALink: https%3A%2F%2Fwww.wochen-zur-demokratie.de%2Farchiv%2Fevents%2Fdemokratie-leben-mit-den-juengsten-unserer-gesellschaft%2F%0A\" target=\"_blank\"><i class=\"fa fa-envelope\"><\/i><\/a><\/div><div class='clear'><\/div><div class='evcal_evdata_row evcal_close' title='Close'><\/div><\/div><div class='evo_card_row_end evcal_close' title='Close'><\/div><\/div><div class='clear end'><\/div><\/div><div style=\"background-color: #c766a4;height: 275px;\" id=\"event_2744\" class=\"eventon_list_event evo_eventtop past_event event event_2744_0\" data-event_id=\"2744\" data-ri=\"0r\" data-time=\"1603825200-1603832400\" data-colr=\"#c766a4\" itemscope itemtype='http:\/\/schema.org\/Event'><div class=\"evo_event_schema\" style=\"display:none\" ><a itemprop='url'  href='https:\/\/www.wochen-zur-demokratie.de\/archiv\/events\/ein-etabliertes-open-source-system-zur-buergerbeteiligung\/'><\/a><span itemprop='name'  >Ein etabliertes Open Source System zur B\u00fcrgerbeteiligung \u2013 im Caf\u00e9 Duftleben!<\/span><meta itemprop='image' content=\"https:\/\/www.wochen-zur-demokratie.de\/archiv\/wp-content\/uploads\/2020\/09\/simon-strohmenger-web.jpg\" \/><meta itemprop='description' content=\"Das Corona-Virus versetzt die Welt aktuell in einen Ausnahmezustand: Das politische Leben muss deshalb nicht erstarren. Nutzen wir die digitalen R\u00e4ume, die uns zur Verf\u00fcgung stehen! \u00dcber die Demokratie-Software Consul\" \/><meta itemprop='startDate' content=\"2020-10-27T19:00\" \/><meta itemprop='endDate' content=\"2020-10-27T21:00\" \/><meta itemprop='eventStatus' content=\"on-schedule\" \/>\n\t\t\t\t\t\t\t\t\t<item style=\"display:none\" itemprop=\"location\" itemscope itemtype=\"http:\/\/schema.org\/Place\">\n\t\t\t\t\t\t\t\t\t\t<span itemprop=\"name\">Cafe Duftleben<\/span>\n\t\t\t\t\t\t\t\t\t\t<span itemprop=\"address\" itemscope itemtype=\"http:\/\/schema.org\/PostalAddress\">\n\t\t\t\t\t\t\t\t\t\t\t<item itemprop=\"streetAddress\">94032 Passau, Theresienstra\u00dfe 22<\/item>\n\t\t\t\t\t\t\t\t\t\t<\/span><\/item><script type=\"application\/ld+json\">{\t\"@context\": \"http:\/\/schema.org\",\n\t\t\t\t\t\t\t  \t\"@type\": \"Event\",\n\t\t\t\t\t\t\t  \t\"name\": \"Ein etabliertes Open Source System zur B\u00fcrgerbeteiligung \u2013 im Caf\u00e9 Duftleben!\",\n\t\t\t\t\t\t\t  \t\"startDate\": \"2020-10-27T19-19-00-00\",\n\t\t\t\t\t\t\t  \t\"endDate\": \"2020-10-27T21-21-00-00\",\n\t\t\t\t\t\t\t  \t\"image\":\"https:\/\/www.wochen-zur-demokratie.de\/archiv\/wp-content\/uploads\/2020\/09\/simon-strohmenger-web.jpg\",\n\t\t\t\t\t\t\t  \t\"description\":\"Das Corona-Virus versetzt die Welt aktuell in einen Ausnahmezustand: Das politische Leben muss deshalb nicht erstarren. Nutzen wir die digitalen R\u00e4ume, die uns zur Verf\u00fcgung stehen! \u00dcber die Demokratie-Software Consul\"\n\t\t\t\t\t\t\t  \t,\"location\":{\n\t\t\t\t\t\t\t\t\t\t\"@type\":\"Place\",\n\t\t\t\t\t\t\t\t\t\t\"name\":\"Cafe Duftleben\",\n\t\t\t\t\t\t\t\t\t\t\"address\":{\n\t\t\t\t\t\t\t\t\t\t\t\"@type\": \"PostalAddress\"\n\t\t\t\t\t\t\t\t\t\t\t\"streetAddress\":\"94032 Passau, Theresienstra\u00dfe 22\"\n\t\t\t\t\t\t\t\t\t\t}\n\t\t\t\t\t\t\t  \t\t}\n\t\t\t\t\t\t\t }<\/script><\/div>\n\t\t\t\t<p class=\"desc_trig_outter\"><a data-gmap_status=\"null\" data-exlk=\"0\" id=\"evc_16038252002744\" class=\"desc_trig sin_val evcal_list_a\" data-ux_val=\"3\"  ><span class='evcal_cblock ' data-bgcolor='#c766a4' data-smon='Oktober' data-syr='2020'><span class='evo_start '><em class='date'>27<\/em><em class='month'>Okt.<\/em><em class='time'>19:00<\/em><\/span><span class='evo_end only_time'><em class='time'>21:00<\/em><\/span><em class='clear'><\/em><\/span><span class='evcal_desc evo_info hide_eventtopdata '  data-location_address=\"94032 Passau, Theresienstra\u00dfe 22\" data-location_type=\"address\" data-location_name=\"Cafe Duftleben\" data-location_url=\"https:\/\/www.wochen-zur-demokratie.de\/archiv\/event-location\/cafe-duftleben\/\" data-location_status=\"true\" ><span class='evo_above_title'><\/span><span class='evcal_desc2 evcal_event_title' itemprop='name'>Ein etabliertes Open Source System zur B\u00fcrgerbeteiligung \u2013 im Caf\u00e9 Duftleben!<\/span><span class='evo_below_title'><span class='evcal_event_subtitle' >Vorstellung und Diskussion<\/span><\/span><span class='evcal_desc_info' ><em class='evcal_time'>19:00 - 21:00<\/em> <em class=\"evcal_location\"  data-add_str=\"\"><em class=\"event_location_name\">Cafe Duftleben<\/em><\/em><\/span><span class='evcal_desc3'><\/span><\/span><em class='clear'><\/em><\/a><\/p><div class='event_description evcal_eventcard ' style=\"display:none\"><div class='evo_metarow_directimg'><img class='evo_event_main_img' src='https:\/\/www.wochen-zur-demokratie.de\/archiv\/wp-content\/uploads\/2020\/09\/simon-strohmenger-web.jpg' \/><\/div><div class='evo_metarow_details evorow evcal_evdata_row bordb evcal_event_details'>\n\t\t\t\t\t\t\t<div class=\"event_excerpt\" style=\"display:none\"><h3 class=\"padb5 evo_h3\">Event Details<\/h3><p>Das Corona-Virus versetzt die Welt aktuell in einen Ausnahmezustand: Das politische Leben muss deshalb nicht erstarren. Nutzen wir die digitalen R\u00e4ume, die uns zur Verf\u00fcgung stehen! \u00dcber die Demokratie-Software Consul<\/p><\/div><span class='evcal_evdata_icons'><i class='fa fa-align-justify'><\/i><\/span>\n\t\t\t\t\t\t\t\n\t\t\t\t\t\t\t<div class='evcal_evdata_cell shorter_desc'><div class='eventon_details_shading_bot'>\n\t\t\t\t\t\t\t\t<p class='eventon_shad_p' content='less'><span class='ev_more_text' data-txt='Weniger anzeigen'>Mehr anzeigen<\/span><span class='ev_more_arrow'><\/span><\/p>\n\t\t\t\t\t\t\t<\/div><div class='eventon_full_description'>\n\t\t\t\t\t\t\t\t\t<h3 class='padb5 evo_h3'><span class='evcal_evdata_icons'><i class='fa fa-align-justify'><\/i><\/span>Event Details<\/h3><div class='eventon_desc_in' itemprop='description'>\n\t\t\t\t\t\t\t\t\t<p>Das Corona-Virus versetzt die Welt aktuell in einen Ausnahmezustand: Das politische Leben muss deshalb nicht erstarren. Nutzen wir die digitalen R\u00e4ume, die uns zur Verf\u00fcgung stehen! \u00dcber die <strong>Demokratie-Software Consul<\/strong> k\u00f6nnen B\u00fcrgerinnen und B\u00fcrger ihr Miteinander digital gestalten, mitbestimmen, debattieren, Politik gestalten.<\/p>\n<p>\u00dcber 140 St\u00e4dte und Institutionen nutzen weltweit die kostenlose Open-Source-Software, auch St\u00e4dte in der Gr\u00f6\u00dfenordnung Passaus. Vor kurzem sind mit Detmold und Castrop-Rauxel die ersten deutschen St\u00e4dte mit Consul online gegangen. Es scheint nicht nur eine kurzfristige L\u00f6sung f\u00fcr die aktuelle Krise zu sein, um Politik auch von zuhause mitzugestalten, sondern eine Investition in die Zukunft und wichtige Erg\u00e4nzung zur konventionellen B\u00fcrgerbeteiligung.<\/p>\n<p>Der Projektleiter Consul <strong>Simon Strohmenger<\/strong> erl\u00e4uterte im Ausweich-Ort Caf\u00e9 Duftleben die M\u00f6glichkeiten in Passau und welche Vor- und Nachteile digitale Partizipation mit sich bringt.<\/p>\n<\/div><div class='clear'><\/div>\n\t\t\t\t\t\t\t\t<\/div>\n\t\t\t\t\t\t\t<\/div>\n\t\t\t\t\t\t<\/div><div class='evo_metarow_organizer evorow evcal_evdata_row bordb evcal_evrow_sm '>\n\t\t\t\t\t\t\t<span class='evcal_evdata_icons'><i class='fa fa-address-book-o'><\/i><\/span>\n\t\t\t\t\t\t\t<div class='evcal_evdata_cell'>\t\t\t\t\t\t\t\n\t\t\t\t\t\t\t\t<h3 class='evo_h3'>Mitveranstalter \/ Partner<\/h3>\n\t\t\t\t\t\t\t\t<p class='evo_data_val evo_card_organizer_image'><img src='https:\/\/www.wochen-zur-demokratie.de\/archiv\/wp-content\/uploads\/2020\/09\/logo-mehr-demokratie-web.jpg'\/><\/p>\n\t\t\t\t\t\t\t\t<div class='evo_card_organizer'><p class='evo_data_val evo_card_organizer_name'>\n\t\t\t\t\t\t\t\t\t<span class='evo_card_organizer_name_t'>Mehr Demokratie e.V.<\/span>\n\t\t\t\t\t\t\t\t\t\n\t\t\t\t\t\t\t\t\t<\/p><\/div><div class='clear'><\/div>\t\t\t\t\t\t\t\n\t\t\t\t\t\t\t<\/div>\n\t\t\t\t\t\t<\/div>\t\t\t\t\t\t<div class='evo_metarow_ICS evorow bordb evcal_evdata_row'>\n\t\t\t\t\t\t\t<span class=\"evcal_evdata_icons\"><i class=\"fa fa-calendar\"><\/i><\/span>\n\t\t\t\t\t\t\t<div class='evcal_evdata_cell'>\n\t\t\t\t\t\t\t\t<p><a href='https:\/\/www.wochen-zur-demokratie.de\/archiv\/wp-admin\/admin-ajax.php?action=eventon_ics_download&amp;event_id=2744&amp;ri=0' class='evo_ics_nCal' title='Zum Ihrem Kalender hinzuf\u00fcgen'>Zum Kalender hinzuf\u00fcgen<\/a><a href='\/\/www.google.com\/calendar\/event?action=TEMPLATE&amp;text=Ein+etabliertes+Open+Source+System+zur+B%C3%BCrgerbeteiligung+%E2%80%93+im+Caf%C3%A9+Duftleben%21&amp;dates=20201027T170000Z\/20201027T190000Z&amp;details=Das+Corona-Virus+versetzt+die+Welt+aktuell+in+einen+Ausnahmezustand%3A+Das+politische+Leben+muss+deshalb+nicht+erstarren.+Nutzen+wir+die+digitalen+R%C3%A4ume%2C+die+uns+zur+Verf%C3%BCgung+stehen%21+%C3%9Cber+die+Demokratie-Software+Consul&amp;location=Cafe+Duftleben - 94032+Passau%2C+Theresienstra%C3%9Fe+22' target='_blank' class='evo_ics_gCal' title='Zum Ihrem Google-Kalender hinzuf\u00fcgen'>GoogleCal<\/a><\/p>\t\n\t\t\t\t\t\t\t<\/div>\n\t\t\t\t\t\t<\/div>\n\t\t\t\t\t\t<div class='bordb evo_metarow_socialmedia evcal_evdata_row  lastrow'><div class='evo_sm FacebookShare'><a class=\" evo_ss\" target=\"_blank\" onclick=\"javascript:window.open(this.href, '', 'left=50,top=50,width=600,height=350,toolbar=0');return false;\"\n\t\t\t\t\t\t\t\thref=\"http:\/\/www.facebook.com\/sharer.php?u=https%3A%2F%2Fwww.wochen-zur-demokratie.de%2Farchiv%2Fevents%2Fein-etabliertes-open-source-system-zur-buergerbeteiligung%2F\" title=\"Diese Veranstaltung auf Facebook teilen\"><i class=\"fa fa-facebook\"><\/i><\/a><\/div><div class='evo_sm Twitter'><a class=\"tw evo_ss\" onclick=\"javascript:window.open(this.href, '', 'menubar=no,toolbar=no,resizable=yes,scrollbars=yes,height=300,width=600');return false;\" href=\"http:\/\/twitter.com\/intent\/tweet?text=Ein etabliertes Open Source System zur B\u00fcrgerbeteiligung \u2013 im Caf\u00e9 Duftleben!&#32;-&#32;&url=https%3A%2F%2Fwww.wochen-zur-demokratie.de%2Farchiv%2Fevents%2Fein-etabliertes-open-source-system-zur-buergerbeteiligung%2F\" title=\"Diese Veranstaltung auf Twitter teilen\" rel=\"nofollow\" target=\"_blank\" data-url=\"https%3A%2F%2Fwww.wochen-zur-demokratie.de%2Farchiv%2Fevents%2Fein-etabliertes-open-source-system-zur-buergerbeteiligung%2F\"><i class=\"fa fa-twitter\"><\/i><\/a><\/div><div class='evo_sm LinkedIn'><a class=\"li evo_ss\" href=\"http:\/\/www.linkedin.com\/shareArticle?mini=true&url=https%3A%2F%2Fwww.wochen-zur-demokratie.de%2Farchiv%2Fevents%2Fein-etabliertes-open-source-system-zur-buergerbeteiligung%2F&title=Ein%20etabliertes%20Open%20Source%20System%20zur%20B%C3%BCrgerbeteiligung%20%E2%80%93%20im%20Caf%C3%A9%20Duftleben%21&summary=Das+Corona-Virus+versetzt+die+Welt+aktuell+in+einen+Ausnahmezustand%3A+Das+politische+Leben+muss+deshalb+nicht+erstarren.\" target=\"_blank\" title=\"Diese Veranstaltung auf Linkedin teilen\"><i class=\"fa fa-linkedin\"><\/i><\/a><\/div><div class='evo_sm EmailShare'><a class=\"em evo_ss\" href=\"mailto:?subject=Ein etabliertes Open Source System zur B\u00fcrgerbeteiligung \u2013 im Caf\u00e9 Duftleben!&body=Event Name: Ein etabliertes Open Source System zur B\u00fcrgerbeteiligung \u2013 im Caf\u00e9 Duftleben!%0AEvent Date: 27\/10\/2020 19:00 - 21:00%0ALink: https%3A%2F%2Fwww.wochen-zur-demokratie.de%2Farchiv%2Fevents%2Fein-etabliertes-open-source-system-zur-buergerbeteiligung%2F%0A\" target=\"_blank\"><i class=\"fa fa-envelope\"><\/i><\/a><\/div><div class='clear'><\/div><div class='evcal_evdata_row evcal_close' title='Close'><\/div><\/div><div class='evo_card_row_end evcal_close' title='Close'><\/div><\/div><div class='clear end'><\/div><\/div><div style=\"background-color: #c766a4;height: 275px;\" id=\"event_2628\" class=\"eventon_list_event evo_eventtop past_event event event_2628_0\" data-event_id=\"2628\" data-ri=\"0r\" data-time=\"1603843201-1604102399\" data-colr=\"#c766a4\" itemscope itemtype='http:\/\/schema.org\/Event'><div class=\"evo_event_schema\" style=\"display:none\" ><a itemprop='url'  href='https:\/\/www.wochen-zur-demokratie.de\/archiv\/events\/junges-ideenlabor\/'><\/a><span itemprop='name'  >Junges Ideenlabor - wird verschoben!<\/span><meta itemprop='image' content=\"https:\/\/www.wochen-zur-demokratie.de\/archiv\/wp-content\/uploads\/2020\/09\/Ideenlabor_DOG_2020-web.jpg\" \/><meta itemprop='description' content=\"Achtung: Die Veranstaltung kann aufgrund der Pandemie-Situation nicht wie geplant stattfinden und wird daher verschoben. Der neue Termin wird k\u00fcnftig hier bekanntgegeben.    Die Klimakrise ist unl\u00f6sbar? Verkehrsfreie Innenstadt geht nicht? Die\" \/><meta itemprop='startDate' content=\"2020-10-28\" \/><meta itemprop='endDate' content=\"2020-10-30\" \/><meta itemprop='eventStatus' content=\"on-schedule\" \/>\n\t\t\t\t\t\t\t\t\t<item style=\"display:none\" itemprop=\"location\" itemscope itemtype=\"http:\/\/schema.org\/Place\">\n\t\t\t\t\t\t\t\t\t\t<span itemprop=\"name\">B\u00fcro f\u00fcr Demokratie, Passau, Unterer Sand<\/span>\n\t\t\t\t\t\t\t\t\t\t<span itemprop=\"address\" itemscope itemtype=\"http:\/\/schema.org\/PostalAddress\">\n\t\t\t\t\t\t\t\t\t\t\t<item itemprop=\"streetAddress\">Passau, Unterer Sand 2<\/item>\n\t\t\t\t\t\t\t\t\t\t<\/span><\/item><script type=\"application\/ld+json\">{\t\"@context\": \"http:\/\/schema.org\",\n\t\t\t\t\t\t\t  \t\"@type\": \"Event\",\n\t\t\t\t\t\t\t  \t\"name\": \"Junges Ideenlabor - wird verschoben!\",\n\t\t\t\t\t\t\t  \t\"startDate\": \"2020-10-28T00-00-00-00\",\n\t\t\t\t\t\t\t  \t\"endDate\": \"2020-10-30T23-23-59-00\",\n\t\t\t\t\t\t\t  \t\"image\":\"https:\/\/www.wochen-zur-demokratie.de\/archiv\/wp-content\/uploads\/2020\/09\/Ideenlabor_DOG_2020-web.jpg\",\n\t\t\t\t\t\t\t  \t\"description\":\"Achtung: Die Veranstaltung kann aufgrund der Pandemie-Situation nicht wie geplant stattfinden und wird daher verschoben. Der neue Termin wird k\u00fcnftig hier bekanntgegeben.    Die Klimakrise ist unl\u00f6sbar? Verkehrsfreie Innenstadt geht nicht? Die\"\n\t\t\t\t\t\t\t  \t,\"location\":{\n\t\t\t\t\t\t\t\t\t\t\"@type\":\"Place\",\n\t\t\t\t\t\t\t\t\t\t\"name\":\"B\u00fcro f\u00fcr Demokratie, Passau, Unterer Sand\",\n\t\t\t\t\t\t\t\t\t\t\"address\":{\n\t\t\t\t\t\t\t\t\t\t\t\"@type\": \"PostalAddress\"\n\t\t\t\t\t\t\t\t\t\t\t\"streetAddress\":\"Passau, Unterer Sand 2\"\n\t\t\t\t\t\t\t\t\t\t}\n\t\t\t\t\t\t\t  \t\t}\n\t\t\t\t\t\t\t }<\/script><\/div>\n\t\t\t\t<p class=\"desc_trig_outter\"><a data-gmap_status=\"null\" data-exlk=\"0\" id=\"evc_16038432012628\" class=\"desc_trig mul_val evcal_list_a allday\" data-ux_val=\"3\"  ><span class='evcal_cblock ' data-bgcolor='#c766a4' data-smon='Oktober' data-syr='2020'><span class='evo_start '><em class='date'>28<\/em><em class='month'>Okt.<\/em><em class='time'>ganzt\u00e4gig<\/em><\/span><span class='evo_end '><em class='date'>30<\/em><\/span><em class='clear'><\/em><\/span><span class='evcal_desc evo_info hide_eventtopdata '  data-location_address=\"Passau, Unterer Sand 2\" data-location_type=\"address\" data-location_name=\"B\u00fcro f\u00fcr Demokratie, Passau, Unterer Sand\" data-location_url=\"https:\/\/www.wochen-zur-demokratie.de\/archiv\/event-location\/buero-fuer-demokratie\/\" data-location_status=\"true\" ><span class='evo_above_title'><\/span><span class='evcal_desc2 evcal_event_title' itemprop='name'>Junges Ideenlabor - wird verschoben!<\/span><span class='evo_below_title'><span class='evcal_event_subtitle' >Kreative K\u00f6pfe gesucht<\/span><\/span><span class='evcal_desc_info' ><em class='evcal_time'><em class='evcal_alldayevent_text'>(ganzt\u00e4gig)<\/em> <em class=\"evo_etop_timezone\">Mittwoch 14 Uhr bis Freitag 14 Uhr<\/em><\/em> <em class=\"evcal_location\"  data-add_str=\"\"><em class=\"event_location_name\">B\u00fcro f\u00fcr Demokratie, Passau, Unterer Sand<\/em><\/em><\/span><span class='evcal_desc3'><\/span><\/span><em class='clear'><\/em><\/a><\/p><div class='event_description evcal_eventcard ' style=\"display:none\"><div class='evo_metarow_directimg'><img class='evo_event_main_img' src='https:\/\/www.wochen-zur-demokratie.de\/archiv\/wp-content\/uploads\/2020\/09\/Ideenlabor_DOG_2020-web.jpg' \/><\/div><div class='evo_metarow_details evorow evcal_evdata_row bordb evcal_event_details'>\n\t\t\t\t\t\t\t<div class=\"event_excerpt\" style=\"display:none\"><h3 class=\"padb5 evo_h3\">Event Details<\/h3><p>Achtung: Die Veranstaltung kann aufgrund der Pandemie-Situation nicht wie geplant stattfinden und wird daher verschoben. Der neue Termin wird k\u00fcnftig hier bekanntgegeben.\r\n\r\nDie Klimakrise ist unl\u00f6sbar? Verkehrsfreie Innenstadt geht nicht? Die<\/p><\/div><span class='evcal_evdata_icons'><i class='fa fa-align-justify'><\/i><\/span>\n\t\t\t\t\t\t\t\n\t\t\t\t\t\t\t<div class='evcal_evdata_cell shorter_desc'><div class='eventon_details_shading_bot'>\n\t\t\t\t\t\t\t\t<p class='eventon_shad_p' content='less'><span class='ev_more_text' data-txt='Weniger anzeigen'>Mehr anzeigen<\/span><span class='ev_more_arrow'><\/span><\/p>\n\t\t\t\t\t\t\t<\/div><div class='eventon_full_description'>\n\t\t\t\t\t\t\t\t\t<h3 class='padb5 evo_h3'><span class='evcal_evdata_icons'><i class='fa fa-align-justify'><\/i><\/span>Event Details<\/h3><div class='eventon_desc_in' itemprop='description'>\n\t\t\t\t\t\t\t\t\t<p><strong>Achtung: Die Veranstaltung kann aufgrund der Pandemie-Situation nicht wie geplant stattfinden und wird daher verschoben. Der neue Termin wird k\u00fcnftig hier bekanntgegeben.<\/strong><\/p>\n<p>Die Klimakrise ist unl\u00f6sbar? Verkehrsfreie Innenstadt geht nicht? Die aktuellen Herausforderungen sind gro\u00df, aber eines sind sie nicht: unl\u00f6sbar. Was es braucht, sind neue Ideen.<\/p>\n<p>Das \u201eJunge Ideenlabor\u201c sucht<strong> junge, kreative K\u00f6pfe zwischen 16 und 30 Jahren<\/strong>. In drei Workshop-Sessions m\u00f6chten wir das gesellschaftliche Leben in Passau neu denken \u2013 von Solidarit\u00e4t bis Stadtgestaltung. Das Schwerpunktthema: Beteiligung f\u00fcr alle. Gemeinsam erarbeiten wir L\u00f6sungen, um diese mit Politik und Verwaltung zu diskutieren. Ziel sind: Konzepte f\u00fcr die Zukunft!<\/p>\n<p><span class=\"\" lang=\"DE\">Wir bitten um vorherige Anmeldung <a class=\"\" href=\"https:\/\/www.eventbrite.de\/e\/ideenlabor-der-initiative-offene-gesellschaft-tickets-123013268999\" target=\"_blank\" rel=\"noopener noreferrer\">Eventbrite<\/a> oder per Mail an\u00a0<a class=\"\" href=\"mailto:westphal@die-offene-gesellschaft.de\">westphal@die-offene-gesellschaft.de<\/a><\/span><\/p>\n<p><strong>Termine<\/strong><br \/>\nMittwoch, 28.10. 14-17 Uhr<br \/>\nDonnerstag, 29.10. 11-17 Uhr<br \/>\nFreitag, 30.10. 11-14 Uhr<\/p>\n<\/div><div class='clear'><\/div>\n\t\t\t\t\t\t\t\t<\/div>\n\t\t\t\t\t\t\t<\/div>\n\t\t\t\t\t\t<\/div><div class='evo_metarow_organizer evorow evcal_evdata_row bordb evcal_evrow_sm '>\n\t\t\t\t\t\t\t<span class='evcal_evdata_icons'><i class='fa fa-address-book-o'><\/i><\/span>\n\t\t\t\t\t\t\t<div class='evcal_evdata_cell'>\t\t\t\t\t\t\t\n\t\t\t\t\t\t\t\t<h3 class='evo_h3'>Mitveranstalter \/ Partner<\/h3>\n\t\t\t\t\t\t\t\t<p class='evo_data_val evo_card_organizer_image'><img src='https:\/\/www.wochen-zur-demokratie.de\/archiv\/wp-content\/uploads\/2020\/09\/Logo-DOG-web-186x300.jpg'\/><\/p>\n\t\t\t\t\t\t\t\t<div class='evo_card_organizer'><p class='evo_data_val evo_card_organizer_name'>\n\t\t\t\t\t\t\t\t\t<span class='evo_card_organizer_name_t'>Initiative Die Offene Gesellschaft<\/span>\n\t\t\t\t\t\t\t\t\t\n\t\t\t\t\t\t\t\t\t<\/p><\/div><div class='clear'><\/div>\t\t\t\t\t\t\t\n\t\t\t\t\t\t\t<\/div>\n\t\t\t\t\t\t<\/div>\t\t\t\t\t\t<div class='evo_metarow_ICS evorow bordb evcal_evdata_row'>\n\t\t\t\t\t\t\t<span class=\"evcal_evdata_icons\"><i class=\"fa fa-calendar\"><\/i><\/span>\n\t\t\t\t\t\t\t<div class='evcal_evdata_cell'>\n\t\t\t\t\t\t\t\t<p><a href='https:\/\/www.wochen-zur-demokratie.de\/archiv\/wp-admin\/admin-ajax.php?action=eventon_ics_download&amp;event_id=2628&amp;ri=0' class='evo_ics_nCal' title='Zum Ihrem Kalender hinzuf\u00fcgen'>Zum Kalender hinzuf\u00fcgen<\/a><a href='\/\/www.google.com\/calendar\/event?action=TEMPLATE&amp;text=Junges+Ideenlabor+-+wird+verschoben%21&amp;dates=20201027T220000Z\/20201030T215900Z&amp;details=Achtung%3A+Die+Veranstaltung+kann+aufgrund+der+Pandemie-Situation+nicht+wie+geplant+stattfinden+und+wird+daher+verschoben.+Der+neue+Termin+wird+k%C3%BCnftig+hier+bekanntgegeben.%0D%0A%0D%0ADie+Klimakrise+ist+unl%C3%B6sbar%3F+Verkehrsfreie+Innenstadt+geht+nicht%3F+Die&amp;location=B%C3%BCro+f%C3%BCr+Demokratie%2C+Passau%2C+Unterer+Sand - Passau%2C+Unterer+Sand+2' target='_blank' class='evo_ics_gCal' title='Zum Ihrem Google-Kalender hinzuf\u00fcgen'>GoogleCal<\/a><\/p>\t\n\t\t\t\t\t\t\t<\/div>\n\t\t\t\t\t\t<\/div>\n\t\t\t\t\t\t<div class='bordb evo_metarow_socialmedia evcal_evdata_row  lastrow'><div class='evo_sm FacebookShare'><a class=\" evo_ss\" target=\"_blank\" onclick=\"javascript:window.open(this.href, '', 'left=50,top=50,width=600,height=350,toolbar=0');return false;\"\n\t\t\t\t\t\t\t\thref=\"http:\/\/www.facebook.com\/sharer.php?u=https%3A%2F%2Fwww.wochen-zur-demokratie.de%2Farchiv%2Fevents%2Fjunges-ideenlabor%2F\" title=\"Diese Veranstaltung auf Facebook teilen\"><i class=\"fa fa-facebook\"><\/i><\/a><\/div><div class='evo_sm Twitter'><a class=\"tw evo_ss\" onclick=\"javascript:window.open(this.href, '', 'menubar=no,toolbar=no,resizable=yes,scrollbars=yes,height=300,width=600');return false;\" href=\"http:\/\/twitter.com\/intent\/tweet?text=Junges Ideenlabor &#8211; wird verschoben!&#32;-&#32;&url=https%3A%2F%2Fwww.wochen-zur-demokratie.de%2Farchiv%2Fevents%2Fjunges-ideenlabor%2F\" title=\"Diese Veranstaltung auf Twitter teilen\" rel=\"nofollow\" target=\"_blank\" data-url=\"https%3A%2F%2Fwww.wochen-zur-demokratie.de%2Farchiv%2Fevents%2Fjunges-ideenlabor%2F\"><i class=\"fa fa-twitter\"><\/i><\/a><\/div><div class='evo_sm LinkedIn'><a class=\"li evo_ss\" href=\"http:\/\/www.linkedin.com\/shareArticle?mini=true&url=https%3A%2F%2Fwww.wochen-zur-demokratie.de%2Farchiv%2Fevents%2Fjunges-ideenlabor%2F&title=Junges%20Ideenlabor%20%26%238211%3B%20wird%20verschoben%21&summary=Achtung%3A+Die+Veranstaltung+kann+aufgrund+der+Pandemie-Situation+nicht+wie+geplant+stattfinden+und+wird+daher+verschoben.+Der\" target=\"_blank\" title=\"Diese Veranstaltung auf Linkedin teilen\"><i class=\"fa fa-linkedin\"><\/i><\/a><\/div><div class='evo_sm EmailShare'><a class=\"em evo_ss\" href=\"mailto:?subject=Junges Ideenlabor %26#8211; wird verschoben!&body=Event Name: Junges Ideenlabor %26#8211; wird verschoben!%0AEvent Date: 28\/10\/2020 (ganzt\u00e4gig) - 30\/10\/2020 (ganzt\u00e4gig)%0ALink: https%3A%2F%2Fwww.wochen-zur-demokratie.de%2Farchiv%2Fevents%2Fjunges-ideenlabor%2F%0A\" target=\"_blank\"><i class=\"fa fa-envelope\"><\/i><\/a><\/div><div class='clear'><\/div><div class='evcal_evdata_row evcal_close' title='Close'><\/div><\/div><div class='evo_card_row_end evcal_close' title='Close'><\/div><\/div><div class='clear end'><\/div><\/div><div style=\"background-color: #c766a4;height: 275px;\" id=\"event_2601\" class=\"eventon_list_event evo_eventtop past_event event event_2601_0\" data-event_id=\"2601\" data-ri=\"0r\" data-time=\"1603911600-1603918800\" data-colr=\"#c766a4\" itemscope itemtype='http:\/\/schema.org\/Event'><div class=\"evo_event_schema\" style=\"display:none\" ><a itemprop='url'  href='https:\/\/www.wochen-zur-demokratie.de\/archiv\/events\/bon-mots-literarische-texte-ueber-demokratie\/'><\/a><span itemprop='name'  >Bon Mots \u2013  Literarische Texte \u00fcber Demokratie<\/span><meta itemprop='image' content=\"https:\/\/www.wochen-zur-demokratie.de\/archiv\/wp-content\/uploads\/2020\/10\/bonmots1-web.jpg\" \/><meta itemprop='description' content=\"Ein tiefsinniger Abend erwartete die kleine G\u00e4steschar im Caf\u00e9 Museum. Auf Wunsch der Wochen zur Demokratie hat die Gruppe Bon Mots \u2013 Gabi Blachnik, Karl Krieg und Martin Ortmeier \u2013\" \/><meta itemprop='startDate' content=\"2020-10-28T19:00\" \/><meta itemprop='endDate' content=\"2020-10-28T21:00\" \/><meta itemprop='eventStatus' content=\"on-schedule\" \/><script type=\"application\/ld+json\">{\t\"@context\": \"http:\/\/schema.org\",\n\t\t\t\t\t\t\t  \t\"@type\": \"Event\",\n\t\t\t\t\t\t\t  \t\"name\": \"Bon Mots \u2013  Literarische Texte \u00fcber Demokratie\",\n\t\t\t\t\t\t\t  \t\"startDate\": \"2020-10-28T19-19-00-00\",\n\t\t\t\t\t\t\t  \t\"endDate\": \"2020-10-28T21-21-00-00\",\n\t\t\t\t\t\t\t  \t\"image\":\"https:\/\/www.wochen-zur-demokratie.de\/archiv\/wp-content\/uploads\/2020\/10\/bonmots1-web.jpg\",\n\t\t\t\t\t\t\t  \t\"description\":\"Ein tiefsinniger Abend erwartete die kleine G\u00e4steschar im Caf\u00e9 Museum. Auf Wunsch der Wochen zur Demokratie hat die Gruppe Bon Mots \u2013 Gabi Blachnik, Karl Krieg und Martin Ortmeier \u2013\"\n\t\t\t\t\t\t\t  \t\n\t\t\t\t\t\t\t }<\/script><\/div>\n\t\t\t\t<p class=\"desc_trig_outter\"><a data-gmap_status=\"null\" data-gmtrig=\"1\" data-exlk=\"0\" id=\"evc_16039116002601\" class=\"desc_trig sin_val evcal_list_a\" data-ux_val=\"3\"  ><span class='evcal_cblock ' data-bgcolor='#c766a4' data-smon='Oktober' data-syr='2020'><span class='evo_start '><em class='date'>28<\/em><em class='month'>Okt.<\/em><em class='time'>19:00<\/em><\/span><span class='evo_end only_time'><em class='time'>21:00<\/em><\/span><em class='clear'><\/em><\/span><span class='evcal_desc evo_info hide_eventtopdata '  data-location_status=\"false\" ><span class='evo_above_title'><\/span><span class='evcal_desc2 evcal_event_title' itemprop='name'>Bon Mots \u2013  Literarische Texte \u00fcber Demokratie<\/span><span class='evo_below_title'><span class='evcal_event_subtitle' >Ein Lesereigen mit Musik<\/span><\/span><span class='evcal_desc_info' ><em class='evcal_time'>19:00 - 21:00<\/em> <em class=\"evcal_location\"  data-add_str=\"\"><em class=\"event_location_name\">Caf\u00e9 Museum, Passau, Br\u00e4ugasse<\/em><\/em><\/span><span class='evcal_desc3'><\/span><\/span><em class='clear'><\/em><\/a><\/p><div class='event_description evcal_eventcard ' style=\"display:none\"><div class='evo_metarow_directimg'><img class='evo_event_main_img' src='https:\/\/www.wochen-zur-demokratie.de\/archiv\/wp-content\/uploads\/2020\/10\/bonmots1-web.jpg' \/><\/div><div class='evo_event_images'><span class='evo_event_more_img select'><img title='' src='https:\/\/www.wochen-zur-demokratie.de\/archiv\/wp-content\/uploads\/2020\/10\/bonmots1-web.jpg' data-f='https:\/\/www.wochen-zur-demokratie.de\/archiv\/wp-content\/uploads\/2020\/10\/bonmots1-web.jpg'\/><\/span><span class='evo_event_more_img '><img title='' src='https:\/\/www.wochen-zur-demokratie.de\/archiv\/wp-content\/uploads\/2020\/10\/bonmots2-web-150x150.jpg' data-f='https:\/\/www.wochen-zur-demokratie.de\/archiv\/wp-content\/uploads\/2020\/10\/bonmots2-web.jpg' data-h='538' data-w='850'\/><\/span><span class='evo_event_more_img '><img title='' src='https:\/\/www.wochen-zur-demokratie.de\/archiv\/wp-content\/uploads\/2020\/10\/bonmots3-web-150x150.jpg' data-f='https:\/\/www.wochen-zur-demokratie.de\/archiv\/wp-content\/uploads\/2020\/10\/bonmots3-web.jpg' data-h='519' data-w='850'\/><\/span><\/div><div class='evo_metarow_details evorow evcal_evdata_row bordb evcal_event_details'>\n\t\t\t\t\t\t\t<div class=\"event_excerpt\" style=\"display:none\"><h3 class=\"padb5 evo_h3\">Event Details<\/h3><p>Ein tiefsinniger Abend erwartete die kleine G\u00e4steschar im Caf\u00e9 Museum. Auf Wunsch der Wochen zur Demokratie hat die Gruppe Bon Mots \u2013 Gabi Blachnik, Karl Krieg und Martin Ortmeier \u2013<\/p><\/div><span class='evcal_evdata_icons'><i class='fa fa-align-justify'><\/i><\/span>\n\t\t\t\t\t\t\t\n\t\t\t\t\t\t\t<div class='evcal_evdata_cell shorter_desc'><div class='eventon_details_shading_bot'>\n\t\t\t\t\t\t\t\t<p class='eventon_shad_p' content='less'><span class='ev_more_text' data-txt='Weniger anzeigen'>Mehr anzeigen<\/span><span class='ev_more_arrow'><\/span><\/p>\n\t\t\t\t\t\t\t<\/div><div class='eventon_full_description'>\n\t\t\t\t\t\t\t\t\t<h3 class='padb5 evo_h3'><span class='evcal_evdata_icons'><i class='fa fa-align-justify'><\/i><\/span>Event Details<\/h3><div class='eventon_desc_in' itemprop='description'>\n\t\t\t\t\t\t\t\t\t<p>Ein tiefsinniger Abend erwartete die kleine G\u00e4steschar im Caf\u00e9 Museum. Auf Wunsch der Wochen zur Demokratie hat die Gruppe Bon Mots \u2013 <strong>Gabi Blachnik, Karl Krieg und Martin Ortmeier<\/strong> \u2013 ihre Lesung wieder literarischen Beitr\u00e4gen zum Thema Demokratie gewidmet. Die Passauer Allroundmusikerin Christiane \u00d6ttl, die als Klavierbegleitung eingeplant war, musste leider krankheitsbedingt absagen.<br \/>\nMartin Ortmeier w\u00e4hlte eine Passage aus dem Werk \u201eDer Anhang\u201c von Josef Martin Bauer, dessen Sohn er noch als Lehrer erleben durfte.<br \/>\nGabi Blachnik las eine Kurzgeschichte von Christoph Ransmayr, in deren Mittelpunkt die kurze demokratische Phase des Dorfes Pschemisl am Ende des 1. Weltkrieges steht.<br \/>\nKarl Krieg schloss den Lesereigen mit einem zeitgen\u00f6ssischen Text, der in seiner Eindringlichkeit die G\u00e4ste besonders herausforderte: Philippe Lan\u00e7on beschreibt in dem Auszug aus seiner Textesammlung \u201eDer Fetzen\u201d das Attentat auf die Redaktion von Charly Hebdo 2015, bei dem die Kollegen um ihn ermordert wurden und ihn selber drei Kugeln trafen.<\/p>\n<p>Markus Muckenschnabl bedankte sich im Namen der Wochen zur Demokratie abschlie\u00dfend bei den Akteuren mit Honig aus der Region.<\/p>\n<\/div><div class='clear'><\/div>\n\t\t\t\t\t\t\t\t<\/div>\n\t\t\t\t\t\t\t<\/div>\n\t\t\t\t\t\t<\/div><div class='evo_metarow_organizer evorow evcal_evdata_row bordb evcal_evrow_sm '>\n\t\t\t\t\t\t\t<span class='evcal_evdata_icons'><i class='fa fa-address-book-o'><\/i><\/span>\n\t\t\t\t\t\t\t<div class='evcal_evdata_cell'>\t\t\t\t\t\t\t\n\t\t\t\t\t\t\t\t<h3 class='evo_h3'>Mitveranstalter \/ Partner<\/h3>\n\t\t\t\t\t\t\t\t<p class='evo_data_val evo_card_organizer_image'><img src='https:\/\/www.wochen-zur-demokratie.de\/archiv\/wp-content\/uploads\/2020\/09\/kombi-cafemuseum-bonmots-web.jpg'\/><\/p>\n\t\t\t\t\t\t\t\t<div class='evo_card_organizer'><p class='evo_data_val evo_card_organizer_name'>\n\t\t\t\t\t\t\t\t\t<span class='evo_card_organizer_name_t'>Cafe Museum und \u201eBon\u00a0Mots\u201c<\/span>\n\t\t\t\t\t\t\t\t\t\n\t\t\t\t\t\t\t\t\t<\/p><\/div><div class='clear'><\/div>\t\t\t\t\t\t\t\n\t\t\t\t\t\t\t<\/div>\n\t\t\t\t\t\t<\/div>\t\t\t\t\t\t<div class='evo_metarow_ICS evorow bordb evcal_evdata_row'>\n\t\t\t\t\t\t\t<span class=\"evcal_evdata_icons\"><i class=\"fa fa-calendar\"><\/i><\/span>\n\t\t\t\t\t\t\t<div class='evcal_evdata_cell'>\n\t\t\t\t\t\t\t\t<p><a href='https:\/\/www.wochen-zur-demokratie.de\/archiv\/wp-admin\/admin-ajax.php?action=eventon_ics_download&amp;event_id=2601&amp;ri=0' class='evo_ics_nCal' title='Zum Ihrem Kalender hinzuf\u00fcgen'>Zum Kalender hinzuf\u00fcgen<\/a><a href='\/\/www.google.com\/calendar\/event?action=TEMPLATE&amp;text=Bon+Mots+%E2%80%93++Literarische+Texte+%C3%BCber+Demokratie&amp;dates=20201028T170000Z\/20201028T190000Z&amp;details=Ein+tiefsinniger+Abend+erwartete+die+kleine+G%C3%A4steschar+im+Caf%C3%A9+Museum.+Auf+Wunsch+der+Wochen+zur+Demokratie+hat+die+Gruppe+Bon+Mots+%E2%80%93+Gabi+Blachnik%2C+Karl+Krieg+und+Martin+Ortmeier+%E2%80%93&amp;location=Caf%C3%A9+Museum%2C+Passau%2C+Br%C3%A4ugasse - ' target='_blank' class='evo_ics_gCal' title='Zum Ihrem Google-Kalender hinzuf\u00fcgen'>GoogleCal<\/a><\/p>\t\n\t\t\t\t\t\t\t<\/div>\n\t\t\t\t\t\t<\/div>\n\t\t\t\t\t\t<div class='bordb evo_metarow_socialmedia evcal_evdata_row  lastrow'><div class='evo_sm FacebookShare'><a class=\" evo_ss\" target=\"_blank\" onclick=\"javascript:window.open(this.href, '', 'left=50,top=50,width=600,height=350,toolbar=0');return false;\"\n\t\t\t\t\t\t\t\thref=\"http:\/\/www.facebook.com\/sharer.php?u=https%3A%2F%2Fwww.wochen-zur-demokratie.de%2Farchiv%2Fevents%2Fbon-mots-literarische-texte-ueber-demokratie%2F\" title=\"Diese Veranstaltung auf Facebook teilen\"><i class=\"fa fa-facebook\"><\/i><\/a><\/div><div class='evo_sm Twitter'><a class=\"tw evo_ss\" onclick=\"javascript:window.open(this.href, '', 'menubar=no,toolbar=no,resizable=yes,scrollbars=yes,height=300,width=600');return false;\" href=\"http:\/\/twitter.com\/intent\/tweet?text=Bon Mots \u2013  Literarische Texte \u00fcber Demokratie&#32;-&#32;&url=https%3A%2F%2Fwww.wochen-zur-demokratie.de%2Farchiv%2Fevents%2Fbon-mots-literarische-texte-ueber-demokratie%2F\" title=\"Diese Veranstaltung auf Twitter teilen\" rel=\"nofollow\" target=\"_blank\" data-url=\"https%3A%2F%2Fwww.wochen-zur-demokratie.de%2Farchiv%2Fevents%2Fbon-mots-literarische-texte-ueber-demokratie%2F\"><i class=\"fa fa-twitter\"><\/i><\/a><\/div><div class='evo_sm LinkedIn'><a class=\"li evo_ss\" href=\"http:\/\/www.linkedin.com\/shareArticle?mini=true&url=https%3A%2F%2Fwww.wochen-zur-demokratie.de%2Farchiv%2Fevents%2Fbon-mots-literarische-texte-ueber-demokratie%2F&title=Bon%20Mots%20%E2%80%93%20%20Literarische%20Texte%20%C3%BCber%20Demokratie&summary=Ein+tiefsinniger+Abend+erwartete+die+kleine+G%C3%A4steschar+im+Caf%C3%A9+Museum.+Auf+Wunsch+der+Wochen+zur+Demokratie\" target=\"_blank\" title=\"Diese Veranstaltung auf Linkedin teilen\"><i class=\"fa fa-linkedin\"><\/i><\/a><\/div><div class='evo_sm EmailShare'><a class=\"em evo_ss\" href=\"mailto:?subject=Bon Mots \u2013  Literarische Texte \u00fcber Demokratie&body=Event Name: Bon Mots \u2013  Literarische Texte \u00fcber Demokratie%0AEvent Date: 28\/10\/2020 19:00 - 21:00%0ALink: https%3A%2F%2Fwww.wochen-zur-demokratie.de%2Farchiv%2Fevents%2Fbon-mots-literarische-texte-ueber-demokratie%2F%0A\" target=\"_blank\"><i class=\"fa fa-envelope\"><\/i><\/a><\/div><div class='clear'><\/div><div class='evcal_evdata_row evcal_close' title='Close'><\/div><\/div><div class='evo_card_row_end evcal_close' title='Close'><\/div><\/div><div class='clear end'><\/div><\/div><div style=\"background-color: #c766a4;height: 275px;\" id=\"event_2880\" class=\"eventon_list_event evo_eventtop past_event event event_2880_0\" data-event_id=\"2880\" data-ri=\"0r\" data-time=\"1603911600-1603918800\" data-colr=\"#c766a4\" itemscope itemtype='http:\/\/schema.org\/Event'><div class=\"evo_event_schema\" style=\"display:none\" ><a itemprop='url'  href='https:\/\/www.wochen-zur-demokratie.de\/archiv\/events\/kulturkampf-in-ungarn\/'><\/a><span itemprop='name'  >\u201eKulturkampf\u201c in Ungarn<\/span><meta itemprop='image' content=\"https:\/\/www.wochen-zur-demokratie.de\/archiv\/wp-content\/uploads\/2020\/10\/ungarn1-web.jpg\" \/><meta itemprop='description' content=\"Seit Anfang September halten Student*innen in Budapest die Hochschule f\u00fcr Theater- und Filmkunst besetzt. Hintergrund: Die ungarische Staatsregierung hat die Hochschule einer regierungsnahen Stiftung untergeordnet, die die Leitung ausgewechselt und\" \/><meta itemprop='startDate' content=\"2020-10-28T19:00\" \/><meta itemprop='endDate' content=\"2020-10-28T21:00\" \/><meta itemprop='eventStatus' content=\"on-schedule\" \/>\n\t\t\t\t\t\t\t\t\t<item style=\"display:none\" itemprop=\"location\" itemscope itemtype=\"http:\/\/schema.org\/Place\">\n\t\t\t\t\t\t\t\t\t\t<span itemprop=\"name\">online \u00fcber die Plattform Zoom<\/span>\n\t\t\t\t\t\t\t\t\t\t<span itemprop=\"address\" itemscope itemtype=\"http:\/\/schema.org\/PostalAddress\">\n\t\t\t\t\t\t\t\t\t\t\t<item itemprop=\"streetAddress\">online \u00fcber die Plattform Zoom<\/item>\n\t\t\t\t\t\t\t\t\t\t<\/span><\/item><script type=\"application\/ld+json\">{\t\"@context\": \"http:\/\/schema.org\",\n\t\t\t\t\t\t\t  \t\"@type\": \"Event\",\n\t\t\t\t\t\t\t  \t\"name\": \"\u201eKulturkampf\u201c in Ungarn\",\n\t\t\t\t\t\t\t  \t\"startDate\": \"2020-10-28T19-19-00-00\",\n\t\t\t\t\t\t\t  \t\"endDate\": \"2020-10-28T21-21-00-00\",\n\t\t\t\t\t\t\t  \t\"image\":\"https:\/\/www.wochen-zur-demokratie.de\/archiv\/wp-content\/uploads\/2020\/10\/ungarn1-web.jpg\",\n\t\t\t\t\t\t\t  \t\"description\":\"Seit Anfang September halten Student*innen in Budapest die Hochschule f\u00fcr Theater- und Filmkunst besetzt. Hintergrund: Die ungarische Staatsregierung hat die Hochschule einer regierungsnahen Stiftung untergeordnet, die die Leitung ausgewechselt und\"\n\t\t\t\t\t\t\t  \t,\"location\":{\n\t\t\t\t\t\t\t\t\t\t\"@type\":\"Place\",\n\t\t\t\t\t\t\t\t\t\t\"name\":\"online \u00fcber die Plattform Zoom\",\n\t\t\t\t\t\t\t\t\t\t\"address\":{\n\t\t\t\t\t\t\t\t\t\t\t\"@type\": \"PostalAddress\"\n\t\t\t\t\t\t\t\t\t\t\t\"streetAddress\":\"online \u00fcber die Plattform Zoom\"\n\t\t\t\t\t\t\t\t\t\t}\n\t\t\t\t\t\t\t  \t\t}\n\t\t\t\t\t\t\t }<\/script><\/div>\n\t\t\t\t<p class=\"desc_trig_outter\"><a data-gmap_status=\"null\" data-gmtrig=\"1\" data-exlk=\"0\" id=\"evc_16039116002880\" class=\"desc_trig sin_val evcal_list_a\" data-ux_val=\"3\"  ><span class='evcal_cblock ' data-bgcolor='#c766a4' data-smon='Oktober' data-syr='2020'><span class='evo_start '><em class='date'>28<\/em><em class='month'>Okt.<\/em><em class='time'>19:00<\/em><\/span><span class='evo_end only_time'><em class='time'>21:00<\/em><\/span><em class='clear'><\/em><\/span><span class='evcal_desc evo_info hide_eventtopdata '  data-location_address=\"online \u00fcber die Plattform Zoom\" data-location_type=\"address\" data-location_name=\"online \u00fcber die Plattform Zoom\" data-location_url=\"https:\/\/www.wochen-zur-demokratie.de\/archiv\/event-location\/online-ueber-die-plattform-zoom\/\" data-location_status=\"true\" ><span class='evo_above_title'><\/span><span class='evcal_desc2 evcal_event_title' itemprop='name'>\u201eKulturkampf\u201c in Ungarn<\/span><span class='evo_below_title'><span class='evcal_event_subtitle' >ein Online-Lagebericht<\/span><\/span><span class='evcal_desc_info' ><em class='evcal_time'>19:00 - 21:00<\/em> <em class=\"evcal_location\"  data-add_str=\"\"><em class=\"event_location_name\">online \u00fcber die Plattform Zoom<\/em><\/em><\/span><span class='evcal_desc3'><\/span><\/span><em class='clear'><\/em><\/a><\/p><div class='event_description evcal_eventcard ' style=\"display:none\"><div class='evo_metarow_directimg'><img class='evo_event_main_img' src='https:\/\/www.wochen-zur-demokratie.de\/archiv\/wp-content\/uploads\/2020\/10\/ungarn1-web.jpg' \/><\/div><div class='evo_metarow_details evorow evcal_evdata_row bordb evcal_event_details'>\n\t\t\t\t\t\t\t<div class=\"event_excerpt\" style=\"display:none\"><h3 class=\"padb5 evo_h3\">Event Details<\/h3><p>Seit Anfang September halten Student*innen in Budapest die Hochschule f\u00fcr Theater- und Filmkunst besetzt. Hintergrund: Die ungarische Staatsregierung hat die Hochschule einer regierungsnahen Stiftung untergeordnet, die die Leitung ausgewechselt und<\/p><\/div><span class='evcal_evdata_icons'><i class='fa fa-align-justify'><\/i><\/span>\n\t\t\t\t\t\t\t\n\t\t\t\t\t\t\t<div class='evcal_evdata_cell shorter_desc'><div class='eventon_details_shading_bot'>\n\t\t\t\t\t\t\t\t<p class='eventon_shad_p' content='less'><span class='ev_more_text' data-txt='Weniger anzeigen'>Mehr anzeigen<\/span><span class='ev_more_arrow'><\/span><\/p>\n\t\t\t\t\t\t\t<\/div><div class='eventon_full_description'>\n\t\t\t\t\t\t\t\t\t<h3 class='padb5 evo_h3'><span class='evcal_evdata_icons'><i class='fa fa-align-justify'><\/i><\/span>Event Details<\/h3><div class='eventon_desc_in' itemprop='description'>\n\t\t\t\t\t\t\t\t\t<p>Seit Anfang September halten Student*innen in Budapest die Hochschule f\u00fcr Theater- und Filmkunst besetzt. Hintergrund: Die ungarische Staatsregierung hat die Hochschule einer regierungsnahen Stiftung untergeordnet, die die Leitung ausgewechselt und gegen regierungsfreundliches Personal eingetauscht hat. Nun sind Lehrende und Studierende im Streik, einige halten die Universit\u00e4tsgeb\u00e4ude besetzt. Es ist ein neuer H\u00f6hepunkt im Kulturkampf, der in Ungarn tobt. Attila Vidny\u00e1nsky, der Stiftungsvorsitzende und Freund Victor Orb\u00e1ns, m\u00f6chte an der Hochschule \u201elinksliberale Tendenzen bek\u00e4mpfen\u201c. Dort seien \u201echristlicher Glaube und nationalkonservative Werte schmerzlich vermisst worden\u201c. So wie an der SZFE beschneidet die Regierung allerorten im Kulturleben Freiheit und Eigenst\u00e4ndigkeit der Kulturinstitutionen.<\/p>\n<p>In einem Zoom-Gespr\u00e4ch berichteten <strong>Prof. L\u00e1szlo Bagossy<\/strong> und der Student <strong>Jakob J. Ladanyi<\/strong> \u00fcber die Lage der Kulturschaffenden an der Hochschule im Besonderen und in Ungarn im Allgemeinen.<br \/>\nModeration: Stephan Oszv\u00e1th (Journalist) und Agnes Relle (\u00dcbersetzerin)<\/p>\n<p>Hier geht es zum Zoom-Meeting:<br \/>\n<a href=\"https:\/\/us02web.zoom.us\/j\/82652111220\" target=\"_blank\" rel=\"noopener noreferrer\"><u>https:\/\/us02web.zoom.us\/j\/82652111220<\/u><\/a><\/p>\n<p>Die Veranstaltung fand in Kooperation mit den Festspielen Europ\u00e4ischen Wochen Passau statt.<\/p>\n<\/div><div class='clear'><\/div>\n\t\t\t\t\t\t\t\t<\/div>\n\t\t\t\t\t\t\t<\/div>\n\t\t\t\t\t\t<\/div><div class='evo_metarow_organizer evorow evcal_evdata_row bordb evcal_evrow_sm '>\n\t\t\t\t\t\t\t<span class='evcal_evdata_icons'><i class='fa fa-address-book-o'><\/i><\/span>\n\t\t\t\t\t\t\t<div class='evcal_evdata_cell'>\t\t\t\t\t\t\t\n\t\t\t\t\t\t\t\t<h3 class='evo_h3'>Mitveranstalter \/ Partner<\/h3>\n\t\t\t\t\t\t\t\t<p class='evo_data_val evo_card_organizer_image'><img src='https:\/\/www.wochen-zur-demokratie.de\/archiv\/wp-content\/uploads\/2020\/10\/Logo-EW-2019-web.jpg'\/><\/p>\n\t\t\t\t\t\t\t\t<div class='evo_card_organizer'><p class='evo_data_val evo_card_organizer_name'>\n\t\t\t\t\t\t\t\t\t<span class='evo_card_organizer_name_t'>europ\u00e4ische Wochen<\/span>\n\t\t\t\t\t\t\t\t\t\n\t\t\t\t\t\t\t\t\t<\/p><\/div><div class='clear'><\/div>\t\t\t\t\t\t\t\n\t\t\t\t\t\t\t<\/div>\n\t\t\t\t\t\t<\/div>\t\t\t\t\t\t<div class='evo_metarow_ICS evorow bordb evcal_evdata_row'>\n\t\t\t\t\t\t\t<span class=\"evcal_evdata_icons\"><i class=\"fa fa-calendar\"><\/i><\/span>\n\t\t\t\t\t\t\t<div class='evcal_evdata_cell'>\n\t\t\t\t\t\t\t\t<p><a href='https:\/\/www.wochen-zur-demokratie.de\/archiv\/wp-admin\/admin-ajax.php?action=eventon_ics_download&amp;event_id=2880&amp;ri=0' class='evo_ics_nCal' title='Zum Ihrem Kalender hinzuf\u00fcgen'>Zum Kalender hinzuf\u00fcgen<\/a><a href='\/\/www.google.com\/calendar\/event?action=TEMPLATE&amp;text=%E2%80%9EKulturkampf%E2%80%9C+in+Ungarn&amp;dates=20201028T170000Z\/20201028T190000Z&amp;details=Seit+Anfang+September+halten+Student%2Ainnen+in+Budapest+die+Hochschule+f%C3%BCr+Theater-+und+Filmkunst+besetzt.+Hintergrund%3A+Die+ungarische+Staatsregierung+hat+die+Hochschule+einer+regierungsnahen+Stiftung+untergeordnet%2C+die+die+Leitung+ausgewechselt+und&amp;location=online+%C3%BCber+die+Plattform+Zoom - online+%C3%BCber+die+Plattform+Zoom' target='_blank' class='evo_ics_gCal' title='Zum Ihrem Google-Kalender hinzuf\u00fcgen'>GoogleCal<\/a><\/p>\t\n\t\t\t\t\t\t\t<\/div>\n\t\t\t\t\t\t<\/div>\n\t\t\t\t\t\t<div class='bordb evo_metarow_socialmedia evcal_evdata_row  lastrow'><div class='evo_sm FacebookShare'><a class=\" evo_ss\" target=\"_blank\" onclick=\"javascript:window.open(this.href, '', 'left=50,top=50,width=600,height=350,toolbar=0');return false;\"\n\t\t\t\t\t\t\t\thref=\"http:\/\/www.facebook.com\/sharer.php?u=https%3A%2F%2Fwww.wochen-zur-demokratie.de%2Farchiv%2Fevents%2Fkulturkampf-in-ungarn%2F\" title=\"Diese Veranstaltung auf Facebook teilen\"><i class=\"fa fa-facebook\"><\/i><\/a><\/div><div class='evo_sm Twitter'><a class=\"tw evo_ss\" onclick=\"javascript:window.open(this.href, '', 'menubar=no,toolbar=no,resizable=yes,scrollbars=yes,height=300,width=600');return false;\" href=\"http:\/\/twitter.com\/intent\/tweet?text=\u201eKulturkampf\u201c in Ungarn&#32;-&#32;&url=https%3A%2F%2Fwww.wochen-zur-demokratie.de%2Farchiv%2Fevents%2Fkulturkampf-in-ungarn%2F\" title=\"Diese Veranstaltung auf Twitter teilen\" rel=\"nofollow\" target=\"_blank\" data-url=\"https%3A%2F%2Fwww.wochen-zur-demokratie.de%2Farchiv%2Fevents%2Fkulturkampf-in-ungarn%2F\"><i class=\"fa fa-twitter\"><\/i><\/a><\/div><div class='evo_sm LinkedIn'><a class=\"li evo_ss\" href=\"http:\/\/www.linkedin.com\/shareArticle?mini=true&url=https%3A%2F%2Fwww.wochen-zur-demokratie.de%2Farchiv%2Fevents%2Fkulturkampf-in-ungarn%2F&title=%E2%80%9EKulturkampf%E2%80%9C%20in%20Ungarn&summary=Seit+Anfang+September+halten+Student%2Ainnen+in+Budapest+die+Hochschule+f%C3%BCr+Theater-+und+Filmkunst+besetzt.+Hintergrund%3A+Die\" target=\"_blank\" title=\"Diese Veranstaltung auf Linkedin teilen\"><i class=\"fa fa-linkedin\"><\/i><\/a><\/div><div class='evo_sm EmailShare'><a class=\"em evo_ss\" href=\"mailto:?subject=\u201eKulturkampf\u201c in Ungarn&body=Event Name: \u201eKulturkampf\u201c in Ungarn%0AEvent Date: 28\/10\/2020 19:00 - 21:00%0ALink: https%3A%2F%2Fwww.wochen-zur-demokratie.de%2Farchiv%2Fevents%2Fkulturkampf-in-ungarn%2F%0A\" target=\"_blank\"><i class=\"fa fa-envelope\"><\/i><\/a><\/div><div class='clear'><\/div><div class='evcal_evdata_row evcal_close' title='Close'><\/div><\/div><div class='evo_card_row_end evcal_close' title='Close'><\/div><\/div><div class='clear end'><\/div><\/div><div style=\"background-color: #c766a4;height: 275px;\" id=\"event_2602\" class=\"eventon_list_event evo_eventtop past_event event event_2602_0\" data-event_id=\"2602\" data-ri=\"0r\" data-time=\"1603994400-1604001600\" data-colr=\"#c766a4\" itemscope itemtype='http:\/\/schema.org\/Event'><div class=\"evo_event_schema\" style=\"display:none\" ><a itemprop='url'  href='https:\/\/www.wochen-zur-demokratie.de\/archiv\/events\/grundrechte-in-zeiten-von-corona\/'><\/a><span itemprop='name'  >Grundrechte in Zeiten von Corona<\/span><meta itemprop='image' content=\"https:\/\/www.wochen-zur-demokratie.de\/archiv\/wp-content\/uploads\/2020\/09\/Grundrechte-in-Zeiten-von-Corona-web.jpg\" \/><meta itemprop='description' content=\"Um die B\u00fcrger in der Corona-Krise zu sch\u00fctzen, werden auch Grundrechte eingeschr\u00e4nkt, unter anderem das Recht auf Freiz\u00fcgigkeit (Art. 11), d.h. wir d\u00fcrfen nicht mehr \u00fcberall hingehen, die Unverletzlichkeit der\" \/><meta itemprop='startDate' content=\"2020-10-29T18:00\" \/><meta itemprop='endDate' content=\"2020-10-29T20:00\" \/><meta itemprop='eventStatus' content=\"on-schedule\" \/><script type=\"application\/ld+json\">{\t\"@context\": \"http:\/\/schema.org\",\n\t\t\t\t\t\t\t  \t\"@type\": \"Event\",\n\t\t\t\t\t\t\t  \t\"name\": \"Grundrechte in Zeiten von Corona\",\n\t\t\t\t\t\t\t  \t\"startDate\": \"2020-10-29T18-18-00-00\",\n\t\t\t\t\t\t\t  \t\"endDate\": \"2020-10-29T20-20-00-00\",\n\t\t\t\t\t\t\t  \t\"image\":\"https:\/\/www.wochen-zur-demokratie.de\/archiv\/wp-content\/uploads\/2020\/09\/Grundrechte-in-Zeiten-von-Corona-web.jpg\",\n\t\t\t\t\t\t\t  \t\"description\":\"Um die B\u00fcrger in der Corona-Krise zu sch\u00fctzen, werden auch Grundrechte eingeschr\u00e4nkt, unter anderem das Recht auf Freiz\u00fcgigkeit (Art. 11), d.h. wir d\u00fcrfen nicht mehr \u00fcberall hingehen, die Unverletzlichkeit der\"\n\t\t\t\t\t\t\t  \t\n\t\t\t\t\t\t\t }<\/script><\/div>\n\t\t\t\t<p class=\"desc_trig_outter\"><a data-gmap_status=\"null\" data-exlk=\"0\" id=\"evc_16039944002602\" class=\"desc_trig sin_val evcal_list_a\" data-ux_val=\"3\"  ><span class='evcal_cblock ' data-bgcolor='#c766a4' data-smon='Oktober' data-syr='2020'><span class='evo_start '><em class='date'>29<\/em><em class='month'>Okt.<\/em><em class='time'>18:00<\/em><\/span><span class='evo_end only_time'><em class='time'>20:00<\/em><\/span><em class='clear'><\/em><\/span><span class='evcal_desc evo_info hide_eventtopdata '  data-location_status=\"false\" ><span class='evo_above_title'><\/span><span class='evcal_desc2 evcal_event_title' itemprop='name'>Grundrechte in Zeiten von Corona<\/span><span class='evo_below_title'><span class='evcal_event_subtitle' >Diskussionsrunde<\/span><\/span><span class='evcal_desc_info' ><em class='evcal_time'>18:00 - 20:00<\/em> <em class=\"evcal_location\"  data-add_str=\"\"><em class=\"event_location_name\">Seminarr\u00e4ume Lederergasse 1, Passau<\/em><\/em><\/span><span class='evcal_desc3'><\/span><\/span><em class='clear'><\/em><\/a><\/p><div class='event_description evcal_eventcard ' style=\"display:none\"><div class='evo_metarow_directimg'><img class='evo_event_main_img' src='https:\/\/www.wochen-zur-demokratie.de\/archiv\/wp-content\/uploads\/2020\/09\/Grundrechte-in-Zeiten-von-Corona-web.jpg' \/><\/div><div class='evo_metarow_details evorow evcal_evdata_row bordb evcal_event_details'>\n\t\t\t\t\t\t\t<div class=\"event_excerpt\" style=\"display:none\"><h3 class=\"padb5 evo_h3\">Event Details<\/h3><p>Um die B\u00fcrger in der Corona-Krise zu sch\u00fctzen, werden auch Grundrechte eingeschr\u00e4nkt, unter anderem das Recht auf Freiz\u00fcgigkeit (Art. 11), d.h. wir d\u00fcrfen nicht mehr \u00fcberall hingehen, die Unverletzlichkeit der<\/p><\/div><span class='evcal_evdata_icons'><i class='fa fa-align-justify'><\/i><\/span>\n\t\t\t\t\t\t\t\n\t\t\t\t\t\t\t<div class='evcal_evdata_cell shorter_desc'><div class='eventon_details_shading_bot'>\n\t\t\t\t\t\t\t\t<p class='eventon_shad_p' content='less'><span class='ev_more_text' data-txt='Weniger anzeigen'>Mehr anzeigen<\/span><span class='ev_more_arrow'><\/span><\/p>\n\t\t\t\t\t\t\t<\/div><div class='eventon_full_description'>\n\t\t\t\t\t\t\t\t\t<h3 class='padb5 evo_h3'><span class='evcal_evdata_icons'><i class='fa fa-align-justify'><\/i><\/span>Event Details<\/h3><div class='eventon_desc_in' itemprop='description'>\n\t\t\t\t\t\t\t\t\t<p>Um die B\u00fcrger in der Corona-Krise zu sch\u00fctzen, werden auch Grundrechte eingeschr\u00e4nkt, unter anderem das Recht auf Freiz\u00fcgigkeit (Art. 11), d.h. wir d\u00fcrfen nicht mehr \u00fcberall hingehen, die Unverletzlichkeit der Wohnung (Art. 13), d.h. Wohnungen von infizierten Personen d\u00fcrfen vom Amtsarzt ungefragt betreten werden oder das Recht auf Berufsfreiheit (Art. 12), d.h. im Fr\u00fchjahr 2020 mussten viele Gesch\u00e4fte und alle Gastst\u00e4tten schlie\u00dfen, sodass die Besch\u00e4ftigten ihren Beruf nicht mehr aus\u00fcben konnten.<br \/>\nSeit das Grundgesetz in Kraft ist, hat es in Deutschland noch nie<strong> solche massiven Einschr\u00e4nkungen<\/strong> der Grundrechte gegeben.<\/p>\n<p>Via Zoom wurde dar\u00fcber diskutiert, was Grundrechte \u00fcberhaupt bedeuten und ob die ergriffenen Ma\u00dfnahmen verh\u00e4ltnism\u00e4\u00dfig sind.<\/p>\n<\/div><div class='clear'><\/div>\n\t\t\t\t\t\t\t\t<\/div>\n\t\t\t\t\t\t\t<\/div>\n\t\t\t\t\t\t<\/div><div class='evo_metarow_organizer evorow evcal_evdata_row bordb evcal_evrow_sm '>\n\t\t\t\t\t\t\t<span class='evcal_evdata_icons'><i class='fa fa-address-book-o'><\/i><\/span>\n\t\t\t\t\t\t\t<div class='evcal_evdata_cell'>\t\t\t\t\t\t\t\n\t\t\t\t\t\t\t\t<h3 class='evo_h3'>Mitveranstalter \/ Partner<\/h3>\n\t\t\t\t\t\t\t\t<p class='evo_data_val evo_card_organizer_image'><img src='https:\/\/www.wochen-zur-demokratie.de\/archiv\/wp-content\/uploads\/2019\/07\/logo-lebenundlernenineuropa.jpg'\/><\/p>\n\t\t\t\t\t\t\t\t<div class='evo_card_organizer'><p class='evo_data_val evo_card_organizer_name'>\n\t\t\t\t\t\t\t\t\t<span class='evo_card_organizer_name_t'>Gemeinsam leben und lernen in Europa e.V.<\/span>\n\t\t\t\t\t\t\t\t\t\n\t\t\t\t\t\t\t\t\t<\/p><\/div><div class='clear'><\/div>\t\t\t\t\t\t\t\n\t\t\t\t\t\t\t<\/div>\n\t\t\t\t\t\t<\/div>\t\t\t\t\t\t<div class='evo_metarow_ICS evorow bordb evcal_evdata_row'>\n\t\t\t\t\t\t\t<span class=\"evcal_evdata_icons\"><i class=\"fa fa-calendar\"><\/i><\/span>\n\t\t\t\t\t\t\t<div class='evcal_evdata_cell'>\n\t\t\t\t\t\t\t\t<p><a href='https:\/\/www.wochen-zur-demokratie.de\/archiv\/wp-admin\/admin-ajax.php?action=eventon_ics_download&amp;event_id=2602&amp;ri=0' class='evo_ics_nCal' title='Zum Ihrem Kalender hinzuf\u00fcgen'>Zum Kalender hinzuf\u00fcgen<\/a><a href='\/\/www.google.com\/calendar\/event?action=TEMPLATE&amp;text=Grundrechte+in+Zeiten+von+Corona&amp;dates=20201029T160000Z\/20201029T180000Z&amp;details=Um+die+B%C3%BCrger+in+der+Corona-Krise+zu+sch%C3%BCtzen%2C+werden+auch+Grundrechte+eingeschr%C3%A4nkt%2C+unter+anderem+das+Recht+auf+Freiz%C3%BCgigkeit+%28Art.+11%29%2C+d.h.+wir+d%C3%BCrfen+nicht+mehr+%C3%BCberall+hingehen%2C+die+Unverletzlichkeit+der&amp;location=Seminarr%C3%A4ume+Lederergasse+1%2C+Passau - ' target='_blank' class='evo_ics_gCal' title='Zum Ihrem Google-Kalender hinzuf\u00fcgen'>GoogleCal<\/a><\/p>\t\n\t\t\t\t\t\t\t<\/div>\n\t\t\t\t\t\t<\/div>\n\t\t\t\t\t\t<div class='bordb evo_metarow_socialmedia evcal_evdata_row  lastrow'><div class='evo_sm FacebookShare'><a class=\" evo_ss\" target=\"_blank\" onclick=\"javascript:window.open(this.href, '', 'left=50,top=50,width=600,height=350,toolbar=0');return false;\"\n\t\t\t\t\t\t\t\thref=\"http:\/\/www.facebook.com\/sharer.php?u=https%3A%2F%2Fwww.wochen-zur-demokratie.de%2Farchiv%2Fevents%2Fgrundrechte-in-zeiten-von-corona%2F\" title=\"Diese Veranstaltung auf Facebook teilen\"><i class=\"fa fa-facebook\"><\/i><\/a><\/div><div class='evo_sm Twitter'><a class=\"tw evo_ss\" onclick=\"javascript:window.open(this.href, '', 'menubar=no,toolbar=no,resizable=yes,scrollbars=yes,height=300,width=600');return false;\" href=\"http:\/\/twitter.com\/intent\/tweet?text=Grundrechte in Zeiten von Corona&#32;-&#32;&url=https%3A%2F%2Fwww.wochen-zur-demokratie.de%2Farchiv%2Fevents%2Fgrundrechte-in-zeiten-von-corona%2F\" title=\"Diese Veranstaltung auf Twitter teilen\" rel=\"nofollow\" target=\"_blank\" data-url=\"https%3A%2F%2Fwww.wochen-zur-demokratie.de%2Farchiv%2Fevents%2Fgrundrechte-in-zeiten-von-corona%2F\"><i class=\"fa fa-twitter\"><\/i><\/a><\/div><div class='evo_sm LinkedIn'><a class=\"li evo_ss\" href=\"http:\/\/www.linkedin.com\/shareArticle?mini=true&url=https%3A%2F%2Fwww.wochen-zur-demokratie.de%2Farchiv%2Fevents%2Fgrundrechte-in-zeiten-von-corona%2F&title=Grundrechte%20in%20Zeiten%20von%20Corona&summary=Um+die+B%C3%BCrger+in+der+Corona-Krise+zu+sch%C3%BCtzen%2C+werden+auch+Grundrechte+eingeschr%C3%A4nkt%2C+unter+anderem+das+Recht\" target=\"_blank\" title=\"Diese Veranstaltung auf Linkedin teilen\"><i class=\"fa fa-linkedin\"><\/i><\/a><\/div><div class='evo_sm EmailShare'><a class=\"em evo_ss\" href=\"mailto:?subject=Grundrechte in Zeiten von Corona&body=Event Name: Grundrechte in Zeiten von Corona%0AEvent Date: 29\/10\/2020 18:00 - 20:00%0ALink: https%3A%2F%2Fwww.wochen-zur-demokratie.de%2Farchiv%2Fevents%2Fgrundrechte-in-zeiten-von-corona%2F%0A\" target=\"_blank\"><i class=\"fa fa-envelope\"><\/i><\/a><\/div><div class='clear'><\/div><div class='evcal_evdata_row evcal_close' title='Close'><\/div><\/div><div class='evo_card_row_end evcal_close' title='Close'><\/div><\/div><div class='clear end'><\/div><\/div><div style=\"background-color: #c766a4;height: 275px;\" id=\"event_2621\" class=\"eventon_list_event evo_eventtop past_event event event_2621_0\" data-event_id=\"2621\" data-ri=\"0r\" data-time=\"1603994400-1604001600\" data-colr=\"#c766a4\" itemscope itemtype='http:\/\/schema.org\/Event'><div class=\"evo_event_schema\" style=\"display:none\" ><a itemprop='url'  href='https:\/\/www.wochen-zur-demokratie.de\/archiv\/events\/theater-eigenart-nebensache\/'><\/a><span itemprop='name'  >Theater EigenArt: Nebensache<\/span><meta itemprop='image' content=\"https:\/\/www.wochen-zur-demokratie.de\/archiv\/wp-content\/uploads\/2020\/10\/nebensache2020-1-web.jpg\" \/><meta itemprop='description' content=\"In der Tat eine bewegende Geschichte, die da Gerhard Bruckner in der Rolle des gescheiterten Bauern Jakob pr\u00e4sentierte. Der bewegendste Moment war aber wom\u00f6glich der, als sich der K\u00fcnstler nach\" \/><meta itemprop='startDate' content=\"2020-10-29T18:00\" \/><meta itemprop='endDate' content=\"2020-10-29T20:00\" \/><meta itemprop='eventStatus' content=\"on-schedule\" \/>\n\t\t\t\t\t\t\t\t\t<item style=\"display:none\" itemprop=\"location\" itemscope itemtype=\"http:\/\/schema.org\/Place\">\n\t\t\t\t\t\t\t\t\t\t<span itemprop=\"name\">St-Valentinsaal, Passau, Domplatz<\/span>\n\t\t\t\t\t\t\t\t\t\t<span itemprop=\"address\" itemscope itemtype=\"http:\/\/schema.org\/PostalAddress\">\n\t\t\t\t\t\t\t\t\t\t\t<item itemprop=\"streetAddress\">Passau, St-Valentinsaal, Domplatz, Luragogasse 4<\/item>\n\t\t\t\t\t\t\t\t\t\t<\/span><\/item><script type=\"application\/ld+json\">{\t\"@context\": \"http:\/\/schema.org\",\n\t\t\t\t\t\t\t  \t\"@type\": \"Event\",\n\t\t\t\t\t\t\t  \t\"name\": \"Theater EigenArt: Nebensache\",\n\t\t\t\t\t\t\t  \t\"startDate\": \"2020-10-29T18-18-00-00\",\n\t\t\t\t\t\t\t  \t\"endDate\": \"2020-10-29T20-20-00-00\",\n\t\t\t\t\t\t\t  \t\"image\":\"https:\/\/www.wochen-zur-demokratie.de\/archiv\/wp-content\/uploads\/2020\/10\/nebensache2020-1-web.jpg\",\n\t\t\t\t\t\t\t  \t\"description\":\"In der Tat eine bewegende Geschichte, die da Gerhard Bruckner in der Rolle des gescheiterten Bauern Jakob pr\u00e4sentierte. Der bewegendste Moment war aber wom\u00f6glich der, als sich der K\u00fcnstler nach\"\n\t\t\t\t\t\t\t  \t,\"location\":{\n\t\t\t\t\t\t\t\t\t\t\"@type\":\"Place\",\n\t\t\t\t\t\t\t\t\t\t\"name\":\"St-Valentinsaal, Passau, Domplatz\",\n\t\t\t\t\t\t\t\t\t\t\"address\":{\n\t\t\t\t\t\t\t\t\t\t\t\"@type\": \"PostalAddress\"\n\t\t\t\t\t\t\t\t\t\t\t\"streetAddress\":\"Passau, St-Valentinsaal, Domplatz, Luragogasse 4\"\n\t\t\t\t\t\t\t\t\t\t}\n\t\t\t\t\t\t\t  \t\t}\n\t\t\t\t\t\t\t }<\/script><\/div>\n\t\t\t\t<p class=\"desc_trig_outter\"><a data-gmap_status=\"null\" data-exlk=\"0\" id=\"evc_16039944002621\" class=\"desc_trig sin_val evcal_list_a\" data-ux_val=\"3\"  ><span class='evcal_cblock ' data-bgcolor='#c766a4' data-smon='Oktober' data-syr='2020'><span class='evo_start '><em class='date'>29<\/em><em class='month'>Okt.<\/em><em class='time'>18:00<\/em><\/span><span class='evo_end only_time'><em class='time'>20:00<\/em><\/span><em class='clear'><\/em><\/span><span class='evcal_desc evo_info hide_eventtopdata '  data-location_address=\"Passau, St-Valentinsaal, Domplatz, Luragogasse 4\" data-location_type=\"address\" data-location_name=\"St-Valentinsaal, Passau, Domplatz\" data-location_url=\"https:\/\/www.wochen-zur-demokratie.de\/archiv\/event-location\/st-valentinsaal-domplatz\/\" data-location_status=\"true\" ><span class='evo_above_title'><\/span><span class='evcal_desc2 evcal_event_title' itemprop='name'>Theater EigenArt: Nebensache<\/span><span class='evo_below_title'><span class='evcal_event_subtitle' >Ein Landstreicher erz\u00e4hlt eine Geschichte<\/span><\/span><span class='evcal_desc_info' ><em class='evcal_time'>18:00 - 20:00<\/em> <em class=\"evcal_location\"  data-add_str=\"\"><em class=\"event_location_name\">St-Valentinsaal, Passau, Domplatz<\/em><\/em><\/span><span class='evcal_desc3'><\/span><\/span><em class='clear'><\/em><\/a><\/p><div class='event_description evcal_eventcard ' style=\"display:none\"><div class='evo_metarow_directimg'><img class='evo_event_main_img' src='https:\/\/www.wochen-zur-demokratie.de\/archiv\/wp-content\/uploads\/2020\/10\/nebensache2020-1-web.jpg' \/><\/div><div class='evo_event_images'><span class='evo_event_more_img select'><img title='' src='https:\/\/www.wochen-zur-demokratie.de\/archiv\/wp-content\/uploads\/2020\/10\/nebensache2020-1-web.jpg' data-f='https:\/\/www.wochen-zur-demokratie.de\/archiv\/wp-content\/uploads\/2020\/10\/nebensache2020-1-web.jpg'\/><\/span><span class='evo_event_more_img '><img title='' src='https:\/\/www.wochen-zur-demokratie.de\/archiv\/wp-content\/uploads\/2019\/10\/wzd-nebensache-2-150x150.jpg' data-f='https:\/\/www.wochen-zur-demokratie.de\/archiv\/wp-content\/uploads\/2019\/10\/wzd-nebensache-2.jpg' data-h='366' data-w='650'\/><\/span><span class='evo_event_more_img '><img title='' src='https:\/\/www.wochen-zur-demokratie.de\/archiv\/wp-content\/uploads\/2020\/10\/nebensache2020-2-web-150x150.jpg' data-f='https:\/\/www.wochen-zur-demokratie.de\/archiv\/wp-content\/uploads\/2020\/10\/nebensache2020-2-web.jpg' data-h='761' data-w='850'\/><\/span><\/div><div class='evo_metarow_details evorow evcal_evdata_row bordb evcal_event_details'>\n\t\t\t\t\t\t\t<div class=\"event_excerpt\" style=\"display:none\"><h3 class=\"padb5 evo_h3\">Event Details<\/h3><p>In der Tat eine bewegende Geschichte, die da Gerhard Bruckner in der Rolle des gescheiterten Bauern Jakob pr\u00e4sentierte. Der bewegendste Moment war aber wom\u00f6glich der, als sich der K\u00fcnstler nach<\/p><\/div><span class='evcal_evdata_icons'><i class='fa fa-align-justify'><\/i><\/span>\n\t\t\t\t\t\t\t\n\t\t\t\t\t\t\t<div class='evcal_evdata_cell shorter_desc'><div class='eventon_details_shading_bot'>\n\t\t\t\t\t\t\t\t<p class='eventon_shad_p' content='less'><span class='ev_more_text' data-txt='Weniger anzeigen'>Mehr anzeigen<\/span><span class='ev_more_arrow'><\/span><\/p>\n\t\t\t\t\t\t\t<\/div><div class='eventon_full_description'>\n\t\t\t\t\t\t\t\t\t<h3 class='padb5 evo_h3'><span class='evcal_evdata_icons'><i class='fa fa-align-justify'><\/i><\/span>Event Details<\/h3><div class='eventon_desc_in' itemprop='description'>\n\t\t\t\t\t\t\t\t\t<p>In der Tat eine bewegende Geschichte, die da Gerhard Bruckner in der Rolle des gescheiterten Bauern Jakob pr\u00e4sentierte. Der bewegendste Moment war aber wom\u00f6glich der, als sich der K\u00fcnstler nach dem St\u00fcck bei den verantwortlichen Partnern daf\u00fcr bedankte, dass er wieder spielen konnte, dass sie trotz aller coronabedingten Einschr\u00e4nkungen es m\u00f6glich machten, dass er wieder auftreten konnte.<\/p>\n<p>Das St\u00fcck handelt vom <strong>Leben und Scheitern eines jungen Bauern<\/strong>, von schwierigen wirtschaftlichen Bedingungen, Gl\u00fcck, Entt\u00e4uschung und seinen Sehns\u00fcchten. Der Protagonist tritt dabei in spr\u00f6den Kontakt mit den Zuschauern, die \u00fcber den Fortgang der Geschichte mitentscheiden.<br \/>\nDas St\u00fcck ist geeignet f\u00fcr Menschen ab 6 Jahren.<br \/>\nDas Theater EigenART wurde von <strong>Gerhard Bruckner<\/strong> als freies Tourneetheater mit dem Hauptzielpublikum Kinder\/Jugendliche 1995 gegr\u00fcndet.<br \/>\nGerhard Bruckner erhielt 2011 f\u00fcr seine Leistungen den Kulturpreis Bayern. Seit 2014 ist er Lehrbeauftragter f\u00fcr Schulspiel\/Szenisches Spiel im Fach Kunstp\u00e4dagogik\/\u00c4sthetische Erziehung an der Universit\u00e4t Passau.<\/p>\n<\/div><div class='clear'><\/div>\n\t\t\t\t\t\t\t\t<\/div>\n\t\t\t\t\t\t\t<\/div>\n\t\t\t\t\t\t<\/div><div class='evo_metarow_organizer evorow evcal_evdata_row bordb evcal_evrow_sm '>\n\t\t\t\t\t\t\t<span class='evcal_evdata_icons'><i class='fa fa-address-book-o'><\/i><\/span>\n\t\t\t\t\t\t\t<div class='evcal_evdata_cell'>\t\t\t\t\t\t\t\n\t\t\t\t\t\t\t\t<h3 class='evo_h3'>Mitveranstalter \/ Partner<\/h3>\n\t\t\t\t\t\t\t\t<p class='evo_data_val evo_card_organizer_image'><img src='https:\/\/www.wochen-zur-demokratie.de\/archiv\/wp-content\/uploads\/2020\/09\/kombi-CWW-KLB-KEB-web.jpg'\/><\/p>\n\t\t\t\t\t\t\t\t<div class='evo_card_organizer'><p class='evo_data_val evo_card_organizer_name'>\n\t\t\t\t\t\t\t\t\t<span class='evo_card_organizer_name_t'>Vereinte Wurzelwerke Ilztal e.V. \/ Kath. Landvolkbewegung Passau \/ Kath. Erwachsenenbildung Passau<\/span>\n\t\t\t\t\t\t\t\t\t\n\t\t\t\t\t\t\t\t\t<\/p><\/div><div class='clear'><\/div>\t\t\t\t\t\t\t\n\t\t\t\t\t\t\t<\/div>\n\t\t\t\t\t\t<\/div>\t\t\t\t\t\t<div class='evo_metarow_ICS evorow bordb evcal_evdata_row'>\n\t\t\t\t\t\t\t<span class=\"evcal_evdata_icons\"><i class=\"fa fa-calendar\"><\/i><\/span>\n\t\t\t\t\t\t\t<div class='evcal_evdata_cell'>\n\t\t\t\t\t\t\t\t<p><a href='https:\/\/www.wochen-zur-demokratie.de\/archiv\/wp-admin\/admin-ajax.php?action=eventon_ics_download&amp;event_id=2621&amp;ri=0' class='evo_ics_nCal' title='Zum Ihrem Kalender hinzuf\u00fcgen'>Zum Kalender hinzuf\u00fcgen<\/a><a href='\/\/www.google.com\/calendar\/event?action=TEMPLATE&amp;text=Theater+EigenArt%3A+Nebensache&amp;dates=20201029T160000Z\/20201029T180000Z&amp;details=In+der+Tat+eine+bewegende+Geschichte%2C+die+da+Gerhard+Bruckner+in+der+Rolle+des+gescheiterten+Bauern+Jakob+pr%C3%A4sentierte.+Der+bewegendste+Moment+war+aber+wom%C3%B6glich+der%2C+als+sich+der+K%C3%BCnstler+nach&amp;location=St-Valentinsaal%2C+Passau%2C+Domplatz - Passau%2C+St-Valentinsaal%2C+Domplatz%2C+Luragogasse+4' target='_blank' class='evo_ics_gCal' title='Zum Ihrem Google-Kalender hinzuf\u00fcgen'>GoogleCal<\/a><\/p>\t\n\t\t\t\t\t\t\t<\/div>\n\t\t\t\t\t\t<\/div>\n\t\t\t\t\t\t<div class='bordb evo_metarow_socialmedia evcal_evdata_row  lastrow'><div class='evo_sm FacebookShare'><a class=\" evo_ss\" target=\"_blank\" onclick=\"javascript:window.open(this.href, '', 'left=50,top=50,width=600,height=350,toolbar=0');return false;\"\n\t\t\t\t\t\t\t\thref=\"http:\/\/www.facebook.com\/sharer.php?u=https%3A%2F%2Fwww.wochen-zur-demokratie.de%2Farchiv%2Fevents%2Ftheater-eigenart-nebensache%2F\" title=\"Diese Veranstaltung auf Facebook teilen\"><i class=\"fa fa-facebook\"><\/i><\/a><\/div><div class='evo_sm Twitter'><a class=\"tw evo_ss\" onclick=\"javascript:window.open(this.href, '', 'menubar=no,toolbar=no,resizable=yes,scrollbars=yes,height=300,width=600');return false;\" href=\"http:\/\/twitter.com\/intent\/tweet?text=Theater EigenArt: Nebensache&#32;-&#32;&url=https%3A%2F%2Fwww.wochen-zur-demokratie.de%2Farchiv%2Fevents%2Ftheater-eigenart-nebensache%2F\" title=\"Diese Veranstaltung auf Twitter teilen\" rel=\"nofollow\" target=\"_blank\" data-url=\"https%3A%2F%2Fwww.wochen-zur-demokratie.de%2Farchiv%2Fevents%2Ftheater-eigenart-nebensache%2F\"><i class=\"fa fa-twitter\"><\/i><\/a><\/div><div class='evo_sm LinkedIn'><a class=\"li evo_ss\" href=\"http:\/\/www.linkedin.com\/shareArticle?mini=true&url=https%3A%2F%2Fwww.wochen-zur-demokratie.de%2Farchiv%2Fevents%2Ftheater-eigenart-nebensache%2F&title=Theater%20EigenArt%3A%20Nebensache&summary=In+der+Tat+eine+bewegende+Geschichte%2C+die+da+Gerhard+Bruckner+in+der+Rolle+des+gescheiterten+Bauern\" target=\"_blank\" title=\"Diese Veranstaltung auf Linkedin teilen\"><i class=\"fa fa-linkedin\"><\/i><\/a><\/div><div class='evo_sm EmailShare'><a class=\"em evo_ss\" href=\"mailto:?subject=Theater EigenArt: Nebensache&body=Event Name: Theater EigenArt: Nebensache%0AEvent Date: 29\/10\/2020 18:00 - 20:00%0ALink: https%3A%2F%2Fwww.wochen-zur-demokratie.de%2Farchiv%2Fevents%2Ftheater-eigenart-nebensache%2F%0A\" target=\"_blank\"><i class=\"fa fa-envelope\"><\/i><\/a><\/div><div class='clear'><\/div><div class='evcal_evdata_row evcal_close' title='Close'><\/div><\/div><div class='evo_card_row_end evcal_close' title='Close'><\/div><\/div><div class='clear end'><\/div><\/div><div style=\"background-color: #c766a4;height: 275px;\" id=\"event_2620\" class=\"eventon_list_event evo_eventtop past_event event event_2620_0\" data-event_id=\"2620\" data-ri=\"0r\" data-time=\"1604001600-1604008800\" data-colr=\"#c766a4\" itemscope itemtype='http:\/\/schema.org\/Event'><div class=\"evo_event_schema\" style=\"display:none\" ><a itemprop='url'  href='https:\/\/www.wochen-zur-demokratie.de\/archiv\/events\/brot-das-wunder-das-wir-taeglich-essen\/'><\/a><span itemprop='name'  >Brot \u2013 das Wunder, das wir  t\u00e4glich essen<\/span><meta itemprop='image' content=\"https:\/\/www.wochen-zur-demokratie.de\/archiv\/wp-content\/uploads\/2020\/10\/brot1-web.jpg\" \/><meta itemprop='description' content=\"Filmreihe zur Demokratie #2  Nicht nur als t\u00e4gliche Nahrung, sondern auch in Ritualen und Religion spielte das Brot eine wichtige Rolle. Ihm sind Geschichten gewidmet, Verse geschenkt und Sprichw\u00f6rter entsprungen. Tagt\u00e4glich\" \/><meta itemprop='startDate' content=\"2020-10-29T20:00\" \/><meta itemprop='endDate' content=\"2020-10-29T22:00\" \/><meta itemprop='eventStatus' content=\"on-schedule\" \/>\n\t\t\t\t\t\t\t\t\t<item style=\"display:none\" itemprop=\"location\" itemscope itemtype=\"http:\/\/schema.org\/Place\">\n\t\t\t\t\t\t\t\t\t\t<span itemprop=\"name\">Cineplex, Passau<\/span>\n\t\t\t\t\t\t\t\t\t\t<span itemprop=\"address\" itemscope itemtype=\"http:\/\/schema.org\/PostalAddress\">\n\t\t\t\t\t\t\t\t\t\t\t<item itemprop=\"streetAddress\">Passau, Cineplex<\/item>\n\t\t\t\t\t\t\t\t\t\t<\/span><\/item><script type=\"application\/ld+json\">{\t\"@context\": \"http:\/\/schema.org\",\n\t\t\t\t\t\t\t  \t\"@type\": \"Event\",\n\t\t\t\t\t\t\t  \t\"name\": \"Brot \u2013 das Wunder, das wir  t\u00e4glich essen\",\n\t\t\t\t\t\t\t  \t\"startDate\": \"2020-10-29T20-20-00-00\",\n\t\t\t\t\t\t\t  \t\"endDate\": \"2020-10-29T22-22-00-00\",\n\t\t\t\t\t\t\t  \t\"image\":\"https:\/\/www.wochen-zur-demokratie.de\/archiv\/wp-content\/uploads\/2020\/10\/brot1-web.jpg\",\n\t\t\t\t\t\t\t  \t\"description\":\"Filmreihe zur Demokratie #2  Nicht nur als t\u00e4gliche Nahrung, sondern auch in Ritualen und Religion spielte das Brot eine wichtige Rolle. Ihm sind Geschichten gewidmet, Verse geschenkt und Sprichw\u00f6rter entsprungen. Tagt\u00e4glich\"\n\t\t\t\t\t\t\t  \t,\"location\":{\n\t\t\t\t\t\t\t\t\t\t\"@type\":\"Place\",\n\t\t\t\t\t\t\t\t\t\t\"name\":\"Cineplex, Passau\",\n\t\t\t\t\t\t\t\t\t\t\"address\":{\n\t\t\t\t\t\t\t\t\t\t\t\"@type\": \"PostalAddress\"\n\t\t\t\t\t\t\t\t\t\t\t\"streetAddress\":\"Passau, Cineplex\"\n\t\t\t\t\t\t\t\t\t\t}\n\t\t\t\t\t\t\t  \t\t}\n\t\t\t\t\t\t\t }<\/script><\/div>\n\t\t\t\t<p class=\"desc_trig_outter\"><a data-gmap_status=\"null\" data-exlk=\"0\" id=\"evc_16040016002620\" class=\"desc_trig sin_val evcal_list_a\" data-ux_val=\"3\"  ><span class='evcal_cblock ' data-bgcolor='#c766a4' data-smon='Oktober' data-syr='2020'><span class='evo_start '><em class='date'>29<\/em><em class='month'>Okt.<\/em><em class='time'>20:00<\/em><\/span><span class='evo_end only_time'><em class='time'>22:00<\/em><\/span><em class='clear'><\/em><\/span><span class='evcal_desc evo_info hide_eventtopdata '  data-location_address=\"Passau, Cineplex\" data-location_type=\"address\" data-location_name=\"Cineplex, Passau\" data-location_url=\"https:\/\/www.wochen-zur-demokratie.de\/archiv\/event-location\/passau-cineplex\/\" data-location_status=\"true\" ><span class='evo_above_title'><\/span><span class='evcal_desc2 evcal_event_title' itemprop='name'>Brot \u2013 das Wunder, das wir  t\u00e4glich essen<\/span><span class='evo_below_title'><span class='evcal_event_subtitle' >Filmreihe zur Demokratie #2<\/span><\/span><span class='evcal_desc_info' ><em class='evcal_time'>20:00 - 22:00<\/em> <em class=\"evcal_location\"  data-add_str=\"\"><em class=\"event_location_name\">Cineplex, Passau<\/em><\/em><\/span><span class='evcal_desc3'><\/span><\/span><em class='clear'><\/em><\/a><\/p><div class='event_description evcal_eventcard ' style=\"display:none\"><div class='evo_metarow_directimg'><img class='evo_event_main_img' src='https:\/\/www.wochen-zur-demokratie.de\/archiv\/wp-content\/uploads\/2020\/10\/brot1-web.jpg' \/><\/div><div class='evo_event_images'><span class='evo_event_more_img select'><img title='' src='https:\/\/www.wochen-zur-demokratie.de\/archiv\/wp-content\/uploads\/2020\/10\/brot1-web.jpg' data-f='https:\/\/www.wochen-zur-demokratie.de\/archiv\/wp-content\/uploads\/2020\/10\/brot1-web.jpg'\/><\/span><span class='evo_event_more_img '><img title='' src='https:\/\/www.wochen-zur-demokratie.de\/archiv\/wp-content\/uploads\/2020\/09\/brot-05-web-150x150.jpg' data-f='https:\/\/www.wochen-zur-demokratie.de\/archiv\/wp-content\/uploads\/2020\/09\/brot-05-web.jpg' data-h='367' data-w='652'\/><\/span><span class='evo_event_more_img '><img title='' src='https:\/\/www.wochen-zur-demokratie.de\/archiv\/wp-content\/uploads\/2020\/10\/brot2-web-150x150.jpg' data-f='https:\/\/www.wochen-zur-demokratie.de\/archiv\/wp-content\/uploads\/2020\/10\/brot2-web.jpg' data-h='592' data-w='850'\/><\/span><span class='evo_event_more_img '><img title='' src='https:\/\/www.wochen-zur-demokratie.de\/archiv\/wp-content\/uploads\/2020\/09\/brot-31-web-150x150.jpg' data-f='https:\/\/www.wochen-zur-demokratie.de\/archiv\/wp-content\/uploads\/2020\/09\/brot-31-web.jpg' data-h='367' data-w='652'\/><\/span><\/div><div class='evo_metarow_details evorow evcal_evdata_row bordb evcal_event_details'>\n\t\t\t\t\t\t\t<div class=\"event_excerpt\" style=\"display:none\"><h3 class=\"padb5 evo_h3\">Event Details<\/h3><p>Filmreihe zur Demokratie #2\r\nNicht nur als t\u00e4gliche Nahrung, sondern auch in Ritualen und Religion spielte das Brot eine wichtige Rolle. Ihm sind Geschichten gewidmet, Verse geschenkt und Sprichw\u00f6rter entsprungen. Tagt\u00e4glich<\/p><\/div><span class='evcal_evdata_icons'><i class='fa fa-align-justify'><\/i><\/span>\n\t\t\t\t\t\t\t\n\t\t\t\t\t\t\t<div class='evcal_evdata_cell shorter_desc'><div class='eventon_details_shading_bot'>\n\t\t\t\t\t\t\t\t<p class='eventon_shad_p' content='less'><span class='ev_more_text' data-txt='Weniger anzeigen'>Mehr anzeigen<\/span><span class='ev_more_arrow'><\/span><\/p>\n\t\t\t\t\t\t\t<\/div><div class='eventon_full_description'>\n\t\t\t\t\t\t\t\t\t<h3 class='padb5 evo_h3'><span class='evcal_evdata_icons'><i class='fa fa-align-justify'><\/i><\/span>Event Details<\/h3><div class='eventon_desc_in' itemprop='description'>\n\t\t\t\t\t\t\t\t\t<p>Filmreihe zur Demokratie #2<br \/>\nNicht nur als t\u00e4gliche Nahrung, sondern auch in Ritualen und Religion spielte das Brot eine wichtige Rolle. Ihm sind Geschichten gewidmet, Verse geschenkt und Sprichw\u00f6rter entsprungen. Tagt\u00e4glich rollen unz\u00e4hlige Teiglinge \u00fcber die B\u00e4nder gro\u00dfer Produktionshallen, w\u00e4hrend B\u00e4cker in ihren kleinen Betrieben versuchen mit Kreativit\u00e4t und Handwerk ihr \u00dcberleben zu sichern. Der Dokumentarfilm des \u00d6sterreichers Harald Friedl zeigte Gespr\u00e4che mit Verantwortlichen, f\u00fchrte uns in die Sauerteig-Datenbank und warf einen Blick in die Zukunft: Wie geht es mit unserem Brot weiter?<br \/>\nIm Anschluss daran wurden Ausschnitte aus einem Videogespr\u00e4ch <strong class=\"\">mit dem Regisseur Harald Friedl <\/strong>gezeigt und stellte sich der Biob\u00e4cker Hans Peter Wagner f\u00fcr ein Filmgespr\u00e4ch bereit.<br \/>\nW\u00e4hrend des ganzen Films und danach herrschten Maskenzwang und Abstandsregeln.<\/p>\n<\/div><div class='clear'><\/div>\n\t\t\t\t\t\t\t\t<\/div>\n\t\t\t\t\t\t\t<\/div>\n\t\t\t\t\t\t<\/div><div class='evo_metarow_organizer evorow evcal_evdata_row bordb evcal_evrow_sm '>\n\t\t\t\t\t\t\t<span class='evcal_evdata_icons'><i class='fa fa-address-book-o'><\/i><\/span>\n\t\t\t\t\t\t\t<div class='evcal_evdata_cell'>\t\t\t\t\t\t\t\n\t\t\t\t\t\t\t\t<h3 class='evo_h3'>Mitveranstalter \/ Partner<\/h3>\n\t\t\t\t\t\t\t\t<p class='evo_data_val evo_card_organizer_image'><img src='https:\/\/www.wochen-zur-demokratie.de\/archiv\/wp-content\/uploads\/2019\/07\/Logo-CineplexPassau-300x144.jpg'\/><\/p>\n\t\t\t\t\t\t\t\t<div class='evo_card_organizer'><p class='evo_data_val evo_card_organizer_name'>\n\t\t\t\t\t\t\t\t\t<span class='evo_card_organizer_name_t'>Cineplex<\/span>\n\t\t\t\t\t\t\t\t\t\n\t\t\t\t\t\t\t\t\t<\/p><\/div><div class='clear'><\/div>\t\t\t\t\t\t\t\n\t\t\t\t\t\t\t<\/div>\n\t\t\t\t\t\t<\/div>\t\t\t\t\t\t<div class='evo_metarow_ICS evorow bordb evcal_evdata_row'>\n\t\t\t\t\t\t\t<span class=\"evcal_evdata_icons\"><i class=\"fa fa-calendar\"><\/i><\/span>\n\t\t\t\t\t\t\t<div class='evcal_evdata_cell'>\n\t\t\t\t\t\t\t\t<p><a href='https:\/\/www.wochen-zur-demokratie.de\/archiv\/wp-admin\/admin-ajax.php?action=eventon_ics_download&amp;event_id=2620&amp;ri=0' class='evo_ics_nCal' title='Zum Ihrem Kalender hinzuf\u00fcgen'>Zum Kalender hinzuf\u00fcgen<\/a><a href='\/\/www.google.com\/calendar\/event?action=TEMPLATE&amp;text=Brot+%E2%80%93+das+Wunder%2C+das+wir++t%C3%A4glich+essen&amp;dates=20201029T180000Z\/20201029T200000Z&amp;details=Filmreihe+zur+Demokratie+%232%0D%0ANicht+nur+als+t%C3%A4gliche+Nahrung%2C+sondern+auch+in+Ritualen+und+Religion+spielte+das+Brot+eine+wichtige+Rolle.+Ihm+sind+Geschichten+gewidmet%2C+Verse+geschenkt+und+Sprichw%C3%B6rter+entsprungen.+Tagt%C3%A4glich&amp;location=Cineplex%2C+Passau - Passau%2C+Cineplex' target='_blank' class='evo_ics_gCal' title='Zum Ihrem Google-Kalender hinzuf\u00fcgen'>GoogleCal<\/a><\/p>\t\n\t\t\t\t\t\t\t<\/div>\n\t\t\t\t\t\t<\/div>\n\t\t\t\t\t\t<div class='bordb evo_metarow_socialmedia evcal_evdata_row  lastrow'><div class='evo_sm FacebookShare'><a class=\" evo_ss\" target=\"_blank\" onclick=\"javascript:window.open(this.href, '', 'left=50,top=50,width=600,height=350,toolbar=0');return false;\"\n\t\t\t\t\t\t\t\thref=\"http:\/\/www.facebook.com\/sharer.php?u=https%3A%2F%2Fwww.wochen-zur-demokratie.de%2Farchiv%2Fevents%2Fbrot-das-wunder-das-wir-taeglich-essen%2F\" title=\"Diese Veranstaltung auf Facebook teilen\"><i class=\"fa fa-facebook\"><\/i><\/a><\/div><div class='evo_sm Twitter'><a class=\"tw evo_ss\" onclick=\"javascript:window.open(this.href, '', 'menubar=no,toolbar=no,resizable=yes,scrollbars=yes,height=300,width=600');return false;\" href=\"http:\/\/twitter.com\/intent\/tweet?text=Brot \u2013 das Wunder, das wir  t\u00e4glich essen&#32;-&#32;&url=https%3A%2F%2Fwww.wochen-zur-demokratie.de%2Farchiv%2Fevents%2Fbrot-das-wunder-das-wir-taeglich-essen%2F\" title=\"Diese Veranstaltung auf Twitter teilen\" rel=\"nofollow\" target=\"_blank\" data-url=\"https%3A%2F%2Fwww.wochen-zur-demokratie.de%2Farchiv%2Fevents%2Fbrot-das-wunder-das-wir-taeglich-essen%2F\"><i class=\"fa fa-twitter\"><\/i><\/a><\/div><div class='evo_sm LinkedIn'><a class=\"li evo_ss\" href=\"http:\/\/www.linkedin.com\/shareArticle?mini=true&url=https%3A%2F%2Fwww.wochen-zur-demokratie.de%2Farchiv%2Fevents%2Fbrot-das-wunder-das-wir-taeglich-essen%2F&title=Brot%20%E2%80%93%20das%20Wunder%2C%20das%20wir%20%20t%C3%A4glich%20essen&summary=Filmreihe+zur+Demokratie+%232%0ANicht+nur+als+t%C3%A4gliche+Nahrung%2C+sondern+auch+in+Ritualen+und+Religion+spielte\" target=\"_blank\" title=\"Diese Veranstaltung auf Linkedin teilen\"><i class=\"fa fa-linkedin\"><\/i><\/a><\/div><div class='evo_sm EmailShare'><a class=\"em evo_ss\" href=\"mailto:?subject=Brot \u2013 das Wunder, das wir  t\u00e4glich essen&body=Event Name: Brot \u2013 das Wunder, das wir  t\u00e4glich essen%0AEvent Date: 29\/10\/2020 20:00 - 22:00%0ALink: https%3A%2F%2Fwww.wochen-zur-demokratie.de%2Farchiv%2Fevents%2Fbrot-das-wunder-das-wir-taeglich-essen%2F%0A\" target=\"_blank\"><i class=\"fa fa-envelope\"><\/i><\/a><\/div><div class='clear'><\/div><div class='evcal_evdata_row evcal_close' title='Close'><\/div><\/div><div class='evo_card_row_end evcal_close' title='Close'><\/div><\/div><div class='clear end'><\/div><\/div><div style=\"background-color: #c766a4;height: 275px;\" id=\"event_2871\" class=\"eventon_list_event evo_eventtop past_event event event_2871_0\" data-event_id=\"2871\" data-ri=\"0r\" data-time=\"1604016001-1604102399\" data-colr=\"#c766a4\" itemscope itemtype='http:\/\/schema.org\/Event'><div class=\"evo_event_schema\" style=\"display:none\" ><a itemprop='url'  href='https:\/\/www.wochen-zur-demokratie.de\/archiv\/events\/wer-nimmt-unserem-dreck\/'><\/a><span itemprop='name'  >\u201eWer nimmt unseren Dreck?\u201c \u2013 abgesagt!<\/span><meta itemprop='image' content=\"https:\/\/www.wochen-zur-demokratie.de\/archiv\/wp-content\/uploads\/2020\/10\/Atomklo-web.jpg\" \/><meta itemprop='description' content=\"Diese Veranstaltung f\u00e4llt leider coronabedingt aus.    Die Standortfrage f\u00fcr ein Endlager f\u00fcr Atomm\u00fcll besch\u00e4ftigt seit geraumer Zeit Wissenschaftler*innen, Politiker*innen und interessierte B\u00fcrger*innen. Ende September hat die Bundesgesellschaft f\u00fcr Endlagerung mit dem\" \/><meta itemprop='startDate' content=\"2020-10-30\" \/><meta itemprop='endDate' content=\"2020-10-30\" \/><meta itemprop='eventStatus' content=\"on-schedule\" \/><script type=\"application\/ld+json\">{\t\"@context\": \"http:\/\/schema.org\",\n\t\t\t\t\t\t\t  \t\"@type\": \"Event\",\n\t\t\t\t\t\t\t  \t\"name\": \"\u201eWer nimmt unseren Dreck?\u201c \u2013 abgesagt!\",\n\t\t\t\t\t\t\t  \t\"startDate\": \"2020-10-30T00-00-00-00\",\n\t\t\t\t\t\t\t  \t\"endDate\": \"2020-10-30T23-23-59-00\",\n\t\t\t\t\t\t\t  \t\"image\":\"https:\/\/www.wochen-zur-demokratie.de\/archiv\/wp-content\/uploads\/2020\/10\/Atomklo-web.jpg\",\n\t\t\t\t\t\t\t  \t\"description\":\"Diese Veranstaltung f\u00e4llt leider coronabedingt aus.    Die Standortfrage f\u00fcr ein Endlager f\u00fcr Atomm\u00fcll besch\u00e4ftigt seit geraumer Zeit Wissenschaftler*innen, Politiker*innen und interessierte B\u00fcrger*innen. Ende September hat die Bundesgesellschaft f\u00fcr Endlagerung mit dem\"\n\t\t\t\t\t\t\t  \t\n\t\t\t\t\t\t\t }<\/script><\/div>\n\t\t\t\t<p class=\"desc_trig_outter\"><a data-gmap_status=\"null\" data-gmtrig=\"1\" data-exlk=\"0\" id=\"evc_16040160012871\" class=\"desc_trig sin_val evcal_list_a allday\" data-ux_val=\"3\"  ><span class='evcal_cblock ' data-bgcolor='#c766a4' data-smon='Oktober' data-syr='2020'><span class='evo_start '><em class='date'>30<\/em><em class='month'>Okt.<\/em><em class='time'>ganzt\u00e4gig<\/em><\/span><em class='clear'><\/em><\/span><span class='evcal_desc evo_info hide_eventtopdata '  data-location_status=\"false\" ><span class='evo_above_title'><\/span><span class='evcal_desc2 evcal_event_title' itemprop='name'>\u201eWer nimmt unseren Dreck?\u201c \u2013 abgesagt!<\/span><span class='evo_below_title'><span class='evcal_event_subtitle' >Standortsuche f\u00fcr Atomm\u00fcll auch bei uns<\/span><\/span><span class='evcal_desc_info' ><em class='evcal_time'><em class='evcal_alldayevent_text'>(ganzt\u00e4gig: Freitag)<\/em><\/em> <em class=\"evcal_location\"  data-add_str=\"\"><em class=\"event_location_name\">Nibelungenplatz, Passau<\/em><\/em><\/span><span class='evcal_desc3'><\/span><\/span><em class='clear'><\/em><\/a><\/p><div class='event_description evcal_eventcard ' style=\"display:none\"><div class='evo_metarow_directimg'><img class='evo_event_main_img' src='https:\/\/www.wochen-zur-demokratie.de\/archiv\/wp-content\/uploads\/2020\/10\/Atomklo-web.jpg' \/><\/div><div class='evo_metarow_details evorow evcal_evdata_row bordb evcal_event_details'>\n\t\t\t\t\t\t\t<div class=\"event_excerpt\" style=\"display:none\"><h3 class=\"padb5 evo_h3\">Event Details<\/h3><p>Diese Veranstaltung f\u00e4llt leider coronabedingt aus.\r\n\r\nDie Standortfrage f\u00fcr ein Endlager f\u00fcr Atomm\u00fcll besch\u00e4ftigt seit geraumer Zeit Wissenschaftler*innen, Politiker*innen und interessierte B\u00fcrger*innen. Ende September hat die Bundesgesellschaft f\u00fcr Endlagerung mit dem<\/p><\/div><span class='evcal_evdata_icons'><i class='fa fa-align-justify'><\/i><\/span>\n\t\t\t\t\t\t\t\n\t\t\t\t\t\t\t<div class='evcal_evdata_cell shorter_desc'><div class='eventon_details_shading_bot'>\n\t\t\t\t\t\t\t\t<p class='eventon_shad_p' content='less'><span class='ev_more_text' data-txt='Weniger anzeigen'>Mehr anzeigen<\/span><span class='ev_more_arrow'><\/span><\/p>\n\t\t\t\t\t\t\t<\/div><div class='eventon_full_description'>\n\t\t\t\t\t\t\t\t\t<h3 class='padb5 evo_h3'><span class='evcal_evdata_icons'><i class='fa fa-align-justify'><\/i><\/span>Event Details<\/h3><div class='eventon_desc_in' itemprop='description'>\n\t\t\t\t\t\t\t\t\t<p><strong>Diese Veranstaltung f\u00e4llt leider coronabedingt aus.<\/strong><\/p>\n<p>Die Standortfrage f\u00fcr ein Endlager f\u00fcr Atomm\u00fcll besch\u00e4ftigt seit geraumer Zeit Wissenschaftler*innen, Politiker*innen und interessierte B\u00fcrger*innen. Ende September hat die Bundesgesellschaft f\u00fcr Endlagerung mit dem \u201eZwischenbericht Teilgebiete\u201c im Herbst 2020 erstmals bekanntgegeben, welche Regionen f\u00fcr sie \u00fcberhaupt in Betracht kommen. <strong>Der Bayerische Wald, der Landkreis und die Stadt Passau sind als m\u00f6gliche Standorte aufgef\u00fchrt.<\/strong><\/p>\n<p>Auf dem Nibelungenplatz (vor der Buchhandlung Pustet) wird ein zum \u201eAtomklo\u201c umgebautes Dixie-Klo aufgestellt. In diesem wird <strong>Einblick in das Verfahren des Standortauswahlgesetzes<\/strong> und seiner Umsetzung gew\u00e4hrt. Es werden Gesichtspunkte \u00fcber m\u00f6gliche oder unm\u00f6gliche Partizipation betroffener Regionen und Fragen der Transparenz aufgeworfen.<\/p>\n<p><strong>Die Anti-Atom-Organisation <em>ausgestrahlt<\/em>.<\/strong> tritt mit dieser Aktion seit August 2020 durch Deutschland um in potenziell betroffenen Regionen auf das Thema aufmerksam zu machen.<\/p>\n<p>&nbsp;<\/p>\n<p>&nbsp;<\/p>\n<p>&nbsp;<\/p>\n<p>&nbsp;<\/p>\n<\/div><div class='clear'><\/div>\n\t\t\t\t\t\t\t\t<\/div>\n\t\t\t\t\t\t\t<\/div>\n\t\t\t\t\t\t<\/div><div class='evo_metarow_organizer evorow evcal_evdata_row bordb evcal_evrow_sm '>\n\t\t\t\t\t\t\t<span class='evcal_evdata_icons'><i class='fa fa-address-book-o'><\/i><\/span>\n\t\t\t\t\t\t\t<div class='evcal_evdata_cell'>\t\t\t\t\t\t\t\n\t\t\t\t\t\t\t\t<h3 class='evo_h3'>Mitveranstalter \/ Partner<\/h3>\n\t\t\t\t\t\t\t\t<p class='evo_data_val evo_card_organizer_image'><img src='https:\/\/www.wochen-zur-demokratie.de\/archiv\/wp-content\/uploads\/2022\/02\/WzD-Logo-2022-mittel-278x300.jpg'\/><\/p>\n\t\t\t\t\t\t\t\t<div class='evo_card_organizer'><p class='evo_data_val evo_card_organizer_name'>\n\t\t\t\t\t\t\t\t\t<span class='evo_card_organizer_name_t'>Wochen zur Demokratie<\/span>\n\t\t\t\t\t\t\t\t\t\n\t\t\t\t\t\t\t\t\t<\/p><\/div><div class='clear'><\/div>\t\t\t\t\t\t\t\n\t\t\t\t\t\t\t<\/div>\n\t\t\t\t\t\t<\/div>\t\t\t\t\t\t<div class='evo_metarow_ICS evorow bordb evcal_evdata_row'>\n\t\t\t\t\t\t\t<span class=\"evcal_evdata_icons\"><i class=\"fa fa-calendar\"><\/i><\/span>\n\t\t\t\t\t\t\t<div class='evcal_evdata_cell'>\n\t\t\t\t\t\t\t\t<p><a href='https:\/\/www.wochen-zur-demokratie.de\/archiv\/wp-admin\/admin-ajax.php?action=eventon_ics_download&amp;event_id=2871&amp;ri=0' class='evo_ics_nCal' title='Zum Ihrem Kalender hinzuf\u00fcgen'>Zum Kalender hinzuf\u00fcgen<\/a><a href='\/\/www.google.com\/calendar\/event?action=TEMPLATE&amp;text=%E2%80%9EWer+nimmt+unseren+Dreck%3F%E2%80%9C+%E2%80%93+abgesagt%21&amp;dates=20201029T220000Z\/20201030T215900Z&amp;details=Diese+Veranstaltung+f%C3%A4llt+leider+coronabedingt+aus.%0D%0A%0D%0ADie+Standortfrage+f%C3%BCr+ein+Endlager+f%C3%BCr+Atomm%C3%BCll+besch%C3%A4ftigt+seit+geraumer+Zeit+Wissenschaftler%2Ainnen%2C+Politiker%2Ainnen+und+interessierte+B%C3%BCrger%2Ainnen.+Ende+September+hat+die+Bundesgesellschaft+f%C3%BCr+Endlagerung+mit+dem&amp;location=Nibelungenplatz%2C+Passau - ' target='_blank' class='evo_ics_gCal' title='Zum Ihrem Google-Kalender hinzuf\u00fcgen'>GoogleCal<\/a><\/p>\t\n\t\t\t\t\t\t\t<\/div>\n\t\t\t\t\t\t<\/div>\n\t\t\t\t\t\t<div class='bordb evo_metarow_socialmedia evcal_evdata_row  lastrow'><div class='evo_sm FacebookShare'><a class=\" evo_ss\" target=\"_blank\" onclick=\"javascript:window.open(this.href, '', 'left=50,top=50,width=600,height=350,toolbar=0');return false;\"\n\t\t\t\t\t\t\t\thref=\"http:\/\/www.facebook.com\/sharer.php?u=https%3A%2F%2Fwww.wochen-zur-demokratie.de%2Farchiv%2Fevents%2Fwer-nimmt-unserem-dreck%2F\" title=\"Diese Veranstaltung auf Facebook teilen\"><i class=\"fa fa-facebook\"><\/i><\/a><\/div><div class='evo_sm Twitter'><a class=\"tw evo_ss\" onclick=\"javascript:window.open(this.href, '', 'menubar=no,toolbar=no,resizable=yes,scrollbars=yes,height=300,width=600');return false;\" href=\"http:\/\/twitter.com\/intent\/tweet?text=\u201eWer nimmt unseren Dreck?\u201c \u2013 abgesagt!&#32;-&#32;&url=https%3A%2F%2Fwww.wochen-zur-demokratie.de%2Farchiv%2Fevents%2Fwer-nimmt-unserem-dreck%2F\" title=\"Diese Veranstaltung auf Twitter teilen\" rel=\"nofollow\" target=\"_blank\" data-url=\"https%3A%2F%2Fwww.wochen-zur-demokratie.de%2Farchiv%2Fevents%2Fwer-nimmt-unserem-dreck%2F\"><i class=\"fa fa-twitter\"><\/i><\/a><\/div><div class='evo_sm LinkedIn'><a class=\"li evo_ss\" href=\"http:\/\/www.linkedin.com\/shareArticle?mini=true&url=https%3A%2F%2Fwww.wochen-zur-demokratie.de%2Farchiv%2Fevents%2Fwer-nimmt-unserem-dreck%2F&title=%E2%80%9EWer%20nimmt%20unseren%20Dreck%3F%E2%80%9C%20%E2%80%93%20abgesagt%21&summary=Diese+Veranstaltung+f%C3%A4llt+leider+coronabedingt+aus.%0ADie+Standortfrage+f%C3%BCr+ein+Endlager+f%C3%BCr+Atomm%C3%BCll+besch%C3%A4ftigt+seit+geraumer+Zeit\" target=\"_blank\" title=\"Diese Veranstaltung auf Linkedin teilen\"><i class=\"fa fa-linkedin\"><\/i><\/a><\/div><div class='evo_sm EmailShare'><a class=\"em evo_ss\" href=\"mailto:?subject=\u201eWer nimmt unseren Dreck?\u201c \u2013 abgesagt!&body=Event Name: \u201eWer nimmt unseren Dreck?\u201c \u2013 abgesagt!%0AEvent Date: 30\/10\/2020 (ganzt\u00e4gig)%0ALink: https%3A%2F%2Fwww.wochen-zur-demokratie.de%2Farchiv%2Fevents%2Fwer-nimmt-unserem-dreck%2F%0A\" target=\"_blank\"><i class=\"fa fa-envelope\"><\/i><\/a><\/div><div class='clear'><\/div><div class='evcal_evdata_row evcal_close' title='Close'><\/div><\/div><div class='evo_card_row_end evcal_close' title='Close'><\/div><\/div><div class='clear end'><\/div><\/div><div style=\"background-color: #c766a4;height: 275px;\" id=\"event_2622\" class=\"eventon_list_event evo_eventtop past_event event event_2622_0\" data-event_id=\"2622\" data-ri=\"0r\" data-time=\"1604084400-1604089800\" data-colr=\"#c766a4\" itemscope itemtype='http:\/\/schema.org\/Event'><div class=\"evo_event_schema\" style=\"display:none\" ><a itemprop='url'  href='https:\/\/www.wochen-zur-demokratie.de\/archiv\/events\/das-kriegsende-1945\/'><\/a><span itemprop='name'  >Das Kriegsende 1945<\/span><meta itemprop='image' content=\"https:\/\/www.wochen-zur-demokratie.de\/archiv\/wp-content\/uploads\/2020\/10\/kriegsende2-web.jpg\" \/><meta itemprop='description' content=\"Die Pfarrkirchenstiftung Neustift-Ortenburg pr\u00e4sentierte im Rahmen der Wochen zur Demokratie einen interdisziplin\u00e4ren Themenabend    Der stellvertretende Landrat Klaus Jeggle fand die richtigen Worte in seiner Begr\u00fc\u00dfungsrede und die interessierten G\u00e4ste bewiesen viel\" \/><meta itemprop='startDate' content=\"2020-10-30T19:00\" \/><meta itemprop='endDate' content=\"2020-10-30T20:30\" \/><meta itemprop='eventStatus' content=\"on-schedule\" \/><script type=\"application\/ld+json\">{\t\"@context\": \"http:\/\/schema.org\",\n\t\t\t\t\t\t\t  \t\"@type\": \"Event\",\n\t\t\t\t\t\t\t  \t\"name\": \"Das Kriegsende 1945\",\n\t\t\t\t\t\t\t  \t\"startDate\": \"2020-10-30T19-19-00-00\",\n\t\t\t\t\t\t\t  \t\"endDate\": \"2020-10-30T20-20-30-00\",\n\t\t\t\t\t\t\t  \t\"image\":\"https:\/\/www.wochen-zur-demokratie.de\/archiv\/wp-content\/uploads\/2020\/10\/kriegsende2-web.jpg\",\n\t\t\t\t\t\t\t  \t\"description\":\"Die Pfarrkirchenstiftung Neustift-Ortenburg pr\u00e4sentierte im Rahmen der Wochen zur Demokratie einen interdisziplin\u00e4ren Themenabend    Der stellvertretende Landrat Klaus Jeggle fand die richtigen Worte in seiner Begr\u00fc\u00dfungsrede und die interessierten G\u00e4ste bewiesen viel\"\n\t\t\t\t\t\t\t  \t\n\t\t\t\t\t\t\t }<\/script><\/div>\n\t\t\t\t<p class=\"desc_trig_outter\"><a data-gmap_status=\"null\" data-gmtrig=\"1\" data-exlk=\"0\" id=\"evc_16040844002622\" class=\"desc_trig sin_val evcal_list_a\" data-ux_val=\"3\"  ><span class='evcal_cblock ' data-bgcolor='#c766a4' data-smon='Oktober' data-syr='2020'><span class='evo_start '><em class='date'>30<\/em><em class='month'>Okt.<\/em><em class='time'>19:00<\/em><\/span><span class='evo_end only_time'><em class='time'>20:30<\/em><\/span><em class='clear'><\/em><\/span><span class='evcal_desc evo_info hide_eventtopdata '  data-location_status=\"false\" ><span class='evo_above_title'><\/span><span class='evcal_desc2 evcal_event_title' itemprop='name'>Das Kriegsende 1945<\/span><span class='evo_below_title'><span class='evcal_event_subtitle' >Beitr\u00e4ge zum Geschehen in Vilshofen, Ortenburg und Tiefenbach<\/span><\/span><span class='evcal_desc_info' ><em class='evcal_time'>19:00 - 20:30<\/em> <em class=\"evcal_location\"  data-add_str=\"\"><em class=\"event_location_name\">Neustift bei Ortenburg<\/em><\/em><\/span><span class='evcal_desc3'><\/span><\/span><em class='clear'><\/em><\/a><\/p><div class='event_description evcal_eventcard ' style=\"display:none\"><div class='evo_metarow_directimg'><img class='evo_event_main_img' src='https:\/\/www.wochen-zur-demokratie.de\/archiv\/wp-content\/uploads\/2020\/10\/kriegsende2-web.jpg' \/><\/div><div class='evo_event_images'><span class='evo_event_more_img select'><img title='' src='https:\/\/www.wochen-zur-demokratie.de\/archiv\/wp-content\/uploads\/2020\/10\/kriegsende2-web.jpg' data-f='https:\/\/www.wochen-zur-demokratie.de\/archiv\/wp-content\/uploads\/2020\/10\/kriegsende2-web.jpg'\/><\/span><span class='evo_event_more_img '><img title='' src='https:\/\/www.wochen-zur-demokratie.de\/archiv\/wp-content\/uploads\/2020\/09\/1502_1995_5_25-Gedenkfeier-web-150x150.jpg' data-f='https:\/\/www.wochen-zur-demokratie.de\/archiv\/wp-content\/uploads\/2020\/09\/1502_1995_5_25-Gedenkfeier-web.jpg' data-h='466' data-w='652'\/><\/span><span class='evo_event_more_img '><img title='' src='https:\/\/www.wochen-zur-demokratie.de\/archiv\/wp-content\/uploads\/2020\/09\/Chreszczeniuk-Targoni-web-150x150.jpg' data-f='https:\/\/www.wochen-zur-demokratie.de\/archiv\/wp-content\/uploads\/2020\/09\/Chreszczeniuk-Targoni-web.jpg' data-h='439' data-w='652'\/><\/span><span class='evo_event_more_img '><img title='' src='https:\/\/www.wochen-zur-demokratie.de\/archiv\/wp-content\/uploads\/2020\/10\/kriegsende7-web-150x150.jpg' data-f='https:\/\/www.wochen-zur-demokratie.de\/archiv\/wp-content\/uploads\/2020\/10\/kriegsende7-web.jpg' data-h='463' data-w='675'\/><\/span><span class='evo_event_more_img '><img title='' src='https:\/\/www.wochen-zur-demokratie.de\/archiv\/wp-content\/uploads\/2020\/10\/kriegsende6-web-150x150.jpg' data-f='https:\/\/www.wochen-zur-demokratie.de\/archiv\/wp-content\/uploads\/2020\/10\/kriegsende6-web.jpg' data-h='559' data-w='850'\/><\/span><span class='evo_event_more_img '><img title='' src='https:\/\/www.wochen-zur-demokratie.de\/archiv\/wp-content\/uploads\/2020\/10\/kriegsende5-web-150x150.jpg' data-f='https:\/\/www.wochen-zur-demokratie.de\/archiv\/wp-content\/uploads\/2020\/10\/kriegsende5-web.jpg' data-h='593' data-w='850'\/><\/span><span class='evo_event_more_img '><img title='' src='https:\/\/www.wochen-zur-demokratie.de\/archiv\/wp-content\/uploads\/2020\/10\/kriegsende4-web-150x150.jpg' data-f='https:\/\/www.wochen-zur-demokratie.de\/archiv\/wp-content\/uploads\/2020\/10\/kriegsende4-web.jpg' data-h='523' data-w='850'\/><\/span><span class='evo_event_more_img '><img title='' src='https:\/\/www.wochen-zur-demokratie.de\/archiv\/wp-content\/uploads\/2020\/10\/kriegsende3-web-150x150.jpg' data-f='https:\/\/www.wochen-zur-demokratie.de\/archiv\/wp-content\/uploads\/2020\/10\/kriegsende3-web.jpg' data-h='508' data-w='850'\/><\/span><span class='evo_event_more_img '><img title='' src='https:\/\/www.wochen-zur-demokratie.de\/archiv\/wp-content\/uploads\/2020\/10\/kriegsende1-web-150x150.jpg' data-f='https:\/\/www.wochen-zur-demokratie.de\/archiv\/wp-content\/uploads\/2020\/10\/kriegsende1-web.jpg' data-h='515' data-w='768'\/><\/span><\/div><div class='evo_metarow_details evorow evcal_evdata_row bordb evcal_event_details'>\n\t\t\t\t\t\t\t<div class=\"event_excerpt\" style=\"display:none\"><h3 class=\"padb5 evo_h3\">Event Details<\/h3><p>Die Pfarrkirchenstiftung Neustift-Ortenburg pr\u00e4sentierte im Rahmen der Wochen zur Demokratie einen interdisziplin\u00e4ren Themenabend\r\n\r\nDer stellvertretende Landrat Klaus Jeggle fand die richtigen Worte in seiner Begr\u00fc\u00dfungsrede und die interessierten G\u00e4ste bewiesen viel<\/p><\/div><span class='evcal_evdata_icons'><i class='fa fa-align-justify'><\/i><\/span>\n\t\t\t\t\t\t\t\n\t\t\t\t\t\t\t<div class='evcal_evdata_cell shorter_desc'><div class='eventon_details_shading_bot'>\n\t\t\t\t\t\t\t\t<p class='eventon_shad_p' content='less'><span class='ev_more_text' data-txt='Weniger anzeigen'>Mehr anzeigen<\/span><span class='ev_more_arrow'><\/span><\/p>\n\t\t\t\t\t\t\t<\/div><div class='eventon_full_description'>\n\t\t\t\t\t\t\t\t\t<h3 class='padb5 evo_h3'><span class='evcal_evdata_icons'><i class='fa fa-align-justify'><\/i><\/span>Event Details<\/h3><div class='eventon_desc_in' itemprop='description'>\n\t\t\t\t\t\t\t\t\t<p><b>Die Pfarrkirchenstiftung Neustift-Ortenburg pr\u00e4sentierte im Rahmen der Wochen zur Demokratie einen interdisziplin\u00e4ren Themenabend<\/b><\/p>\n<p>Der stellvertretende Landrat Klaus Jeggle fand die richtigen Worte in seiner Begr\u00fc\u00dfungsrede und die interessierten G\u00e4ste bewiesen viel Sitzfleisch bei dieser letzten Veranstaltung der Wochen zur Demokratie 2020, vielleicht sogar der letzten Veranstaltung \u00fcberhaupt f\u00fcr l\u00e4ngere Zeit. Die Referenten hatten wahrhaft Vieles zu berichten aus ihrem Themenspektrum. <strong><span style=\"font-weight: normal;\">Toni Keil und Alfons Niederhofer<\/span><\/strong> warfen einen Blick auf die Ereignisse zum Kriegsende in Vilshofen und Ortenburg<strong>.<\/strong> Unterst\u00fctzt von einer gelungen gestalteten Bildpr\u00e4sentation zeigten sie Ursachen, Folgen und Einzelschicksale auf. Nach einer L\u00fcftungspause berichtete Kulturpreistr\u00e4ger <strong><span style=\"font-weight: normal;\">Alfred Schwarzmaier<\/span><\/strong> vom Schicksal der sowjetischen Kriegsgefangenen in Tiefenbach. Er entnahm hierzu Passagen aus seinem neuen Buch \u201eDer 29. April 1945 \u2013 und 75 Jahre danach\u201c. Wirkte darin die k\u00fchle Sachlichkeit der zusammengetragenen Fakten schon bedr\u00fcckend, so entfaltete sich mit dem abschlie\u00dfenden literarischen Vortrag zum selben Thema die ganze Trag\u00f6die dieser Ereignisse: Die Kurzgeschichte \u201eSechsundvierzig\u201d von <strong><span style=\"font-weight: normal;\">Markus Muckenschnabl hatte sich bei einem Literaturwettbewerb gegen \u00fcber 300 Mitbewerber durchgesetzt<\/span><\/strong><b>.<\/b> Sprecher <strong><span style=\"font-weight: normal;\">Matthias Hofer<\/span><\/strong><b>,<\/b> dem selbst erst vor Kurzem ein Preis verliehen wurde f\u00fcr seinen Podcast \u2013 der erste Preis \u00fcberhaupt in dieser Kategorie im deutschsprachigen Raum \u2013 , las die Geschichte mit enormer Eindringlichkeit.<\/p>\n<p>Die Veranstaltung wurde moderiert von <strong><span style=\"font-weight: normal;\">Dr. Winfried Helm. Er brach eine Lanze f\u00fcr die Berechtigung, die ein belletristischer Text gegen\u00fcber faktenbasierten Aufzeichnungen hat. Denn wo wissenschaftliche Recherchen an ihre Grenzen sto\u00dfen, habe eine Erz\u00e4hlung dank dichterischer Freiheit die Chance, den vergessenen Beteiligten ein Gesicht zu verleihen. Larysa Chreszczeniuk<\/span><\/strong><b>,<\/b> Gesang, und <strong><span style=\"font-weight: normal;\">Nikolai Targoni<\/span><\/strong> am Bayan umrahmten die Veranstaltung sehr gef\u00fchlvoll mit russischen Liedern und gaben der Schwere der Thematik mit dem wundersch\u00f6nen Liebeslied Katjuscha einen freundlichen, vers\u00f6hnlichen Abschluss.<\/p>\n<p>Entscheidet man sich f\u00fcr das Fernbleiben von einer Veranstaltung, f\u00fcr die man sich angemeldet hat, so ist dies \u2013 grade jetzt \u2013 legitim. Es sollte aber der Anstand gebieten, den Veranstaltern Bescheid zu geben. Im Falle dieses Abends blieben mehrere St\u00fchle unbesetzt, obwohl die Organisatoren vielen Interessierten absagen mussten.<\/p>\n<\/div><div class='clear'><\/div>\n\t\t\t\t\t\t\t\t<\/div>\n\t\t\t\t\t\t\t<\/div>\n\t\t\t\t\t\t<\/div><div class='evo_metarow_organizer evorow evcal_evdata_row bordb evcal_evrow_sm '>\n\t\t\t\t\t\t\t<span class='evcal_evdata_icons'><i class='fa fa-address-book-o'><\/i><\/span>\n\t\t\t\t\t\t\t<div class='evcal_evdata_cell'>\t\t\t\t\t\t\t\n\t\t\t\t\t\t\t\t<h3 class='evo_h3'>Mitveranstalter \/ Partner<\/h3>\n\t\t\t\t\t\t\t\t<p class='evo_data_val evo_card_organizer_image'><img src='https:\/\/www.wochen-zur-demokratie.de\/archiv\/wp-content\/uploads\/2020\/09\/Logo-pfarrverband-ortenburg-web.jpg'\/><\/p>\n\t\t\t\t\t\t\t\t<div class='evo_card_organizer'><p class='evo_data_val evo_card_organizer_name'>\n\t\t\t\t\t\t\t\t\t<span class='evo_card_organizer_name_t'>Pfarrkirchenstiftung Neustift<\/span>\n\t\t\t\t\t\t\t\t\t\n\t\t\t\t\t\t\t\t\t<\/p><\/div><div class='clear'><\/div>\t\t\t\t\t\t\t\n\t\t\t\t\t\t\t<\/div>\n\t\t\t\t\t\t<\/div>\t\t\t\t\t\t<div class='evo_metarow_ICS evorow bordb evcal_evdata_row'>\n\t\t\t\t\t\t\t<span class=\"evcal_evdata_icons\"><i class=\"fa fa-calendar\"><\/i><\/span>\n\t\t\t\t\t\t\t<div class='evcal_evdata_cell'>\n\t\t\t\t\t\t\t\t<p><a href='https:\/\/www.wochen-zur-demokratie.de\/archiv\/wp-admin\/admin-ajax.php?action=eventon_ics_download&amp;event_id=2622&amp;ri=0' class='evo_ics_nCal' title='Zum Ihrem Kalender hinzuf\u00fcgen'>Zum Kalender hinzuf\u00fcgen<\/a><a href='\/\/www.google.com\/calendar\/event?action=TEMPLATE&amp;text=Das+Kriegsende+1945&amp;dates=20201030T170000Z\/20201030T183000Z&amp;details=Die+Pfarrkirchenstiftung+Neustift-Ortenburg+pr%C3%A4sentierte+im+Rahmen+der+Wochen+zur+Demokratie+einen+interdisziplin%C3%A4ren+Themenabend%0D%0A%0D%0ADer+stellvertretende+Landrat+Klaus+Jeggle+fand+die+richtigen+Worte+in+seiner+Begr%C3%BC%C3%9Fungsrede+und+die+interessierten+G%C3%A4ste+bewiesen+viel&amp;location=Neustift+bei+Ortenburg - ' target='_blank' class='evo_ics_gCal' title='Zum Ihrem Google-Kalender hinzuf\u00fcgen'>GoogleCal<\/a><\/p>\t\n\t\t\t\t\t\t\t<\/div>\n\t\t\t\t\t\t<\/div>\n\t\t\t\t\t\t<div class='bordb evo_metarow_socialmedia evcal_evdata_row  lastrow'><div class='evo_sm FacebookShare'><a class=\" evo_ss\" target=\"_blank\" onclick=\"javascript:window.open(this.href, '', 'left=50,top=50,width=600,height=350,toolbar=0');return false;\"\n\t\t\t\t\t\t\t\thref=\"http:\/\/www.facebook.com\/sharer.php?u=https%3A%2F%2Fwww.wochen-zur-demokratie.de%2Farchiv%2Fevents%2Fdas-kriegsende-1945%2F\" title=\"Diese Veranstaltung auf Facebook teilen\"><i class=\"fa fa-facebook\"><\/i><\/a><\/div><div class='evo_sm Twitter'><a class=\"tw evo_ss\" onclick=\"javascript:window.open(this.href, '', 'menubar=no,toolbar=no,resizable=yes,scrollbars=yes,height=300,width=600');return false;\" href=\"http:\/\/twitter.com\/intent\/tweet?text=Das Kriegsende 1945&#32;-&#32;&url=https%3A%2F%2Fwww.wochen-zur-demokratie.de%2Farchiv%2Fevents%2Fdas-kriegsende-1945%2F\" title=\"Diese Veranstaltung auf Twitter teilen\" rel=\"nofollow\" target=\"_blank\" data-url=\"https%3A%2F%2Fwww.wochen-zur-demokratie.de%2Farchiv%2Fevents%2Fdas-kriegsende-1945%2F\"><i class=\"fa fa-twitter\"><\/i><\/a><\/div><div class='evo_sm LinkedIn'><a class=\"li evo_ss\" href=\"http:\/\/www.linkedin.com\/shareArticle?mini=true&url=https%3A%2F%2Fwww.wochen-zur-demokratie.de%2Farchiv%2Fevents%2Fdas-kriegsende-1945%2F&title=Das%20Kriegsende%201945&summary=Die+Pfarrkirchenstiftung+Neustift-Ortenburg+pr%C3%A4sentierte+im+Rahmen+der+Wochen+zur+Demokratie+einen+interdisziplin%C3%A4ren+Themenabend%0ADer+stellvertretende+Landrat+Klaus\" target=\"_blank\" title=\"Diese Veranstaltung auf Linkedin teilen\"><i class=\"fa fa-linkedin\"><\/i><\/a><\/div><div class='evo_sm EmailShare'><a class=\"em evo_ss\" href=\"mailto:?subject=Das Kriegsende 1945&body=Event Name: Das Kriegsende 1945%0AEvent Date: 30\/10\/2020 19:00 - 20:30%0ALink: https%3A%2F%2Fwww.wochen-zur-demokratie.de%2Farchiv%2Fevents%2Fdas-kriegsende-1945%2F%0A\" target=\"_blank\"><i class=\"fa fa-envelope\"><\/i><\/a><\/div><div class='clear'><\/div><div class='evcal_evdata_row evcal_close' title='Close'><\/div><\/div><div class='evo_card_row_end evcal_close' title='Close'><\/div><\/div><div class='clear end'><\/div><\/div><div style=\"background-color: #c766a4;height: 275px;\" id=\"event_2623\" class=\"eventon_list_event evo_eventtop past_event event event_2623_0\" data-event_id=\"2623\" data-ri=\"0r\" data-time=\"1604167200-1604178000\" data-colr=\"#c766a4\" itemscope itemtype='http:\/\/schema.org\/Event'><div class=\"evo_event_schema\" style=\"display:none\" ><a itemprop='url'  href='https:\/\/www.wochen-zur-demokratie.de\/archiv\/events\/abschlussfest\/'><\/a><span itemprop='name'  >Abschlussfest - abgesagt!<\/span><meta itemprop='image' content=\"https:\/\/www.wochen-zur-demokratie.de\/archiv\/wp-content\/uploads\/2020\/09\/abschluss2-web.jpg\" \/><meta itemprop='description' content=\"ACHTUNG: Unser Abschlussfest muss leider entfallen. Die aktuellen Entwicklungen der Infektionszahlen in Passau und Region sind \u2013 wie in vielen anderen Regionen Deutschlands \u2013 Anlass f\u00fcr die Absage. Wir unterst\u00fctzen\" \/><meta itemprop='startDate' content=\"2020-10-31T18:00\" \/><meta itemprop='endDate' content=\"2020-10-31T21:00\" \/><meta itemprop='eventStatus' content=\"on-schedule\" \/>\n\t\t\t\t\t\t\t\t\t<item style=\"display:none\" itemprop=\"location\" itemscope itemtype=\"http:\/\/schema.org\/Place\">\n\t\t\t\t\t\t\t\t\t\t<span itemprop=\"name\">B\u00fcro f\u00fcr Demokratie, Passau, Unterer Sand<\/span>\n\t\t\t\t\t\t\t\t\t\t<span itemprop=\"address\" itemscope itemtype=\"http:\/\/schema.org\/PostalAddress\">\n\t\t\t\t\t\t\t\t\t\t\t<item itemprop=\"streetAddress\">Passau, Unterer Sand 2<\/item>\n\t\t\t\t\t\t\t\t\t\t<\/span><\/item><script type=\"application\/ld+json\">{\t\"@context\": \"http:\/\/schema.org\",\n\t\t\t\t\t\t\t  \t\"@type\": \"Event\",\n\t\t\t\t\t\t\t  \t\"name\": \"Abschlussfest - abgesagt!\",\n\t\t\t\t\t\t\t  \t\"startDate\": \"2020-10-31T18-18-00-00\",\n\t\t\t\t\t\t\t  \t\"endDate\": \"2020-10-31T21-21-00-00\",\n\t\t\t\t\t\t\t  \t\"image\":\"https:\/\/www.wochen-zur-demokratie.de\/archiv\/wp-content\/uploads\/2020\/09\/abschluss2-web.jpg\",\n\t\t\t\t\t\t\t  \t\"description\":\"ACHTUNG: Unser Abschlussfest muss leider entfallen. Die aktuellen Entwicklungen der Infektionszahlen in Passau und Region sind \u2013 wie in vielen anderen Regionen Deutschlands \u2013 Anlass f\u00fcr die Absage. Wir unterst\u00fctzen\"\n\t\t\t\t\t\t\t  \t,\"location\":{\n\t\t\t\t\t\t\t\t\t\t\"@type\":\"Place\",\n\t\t\t\t\t\t\t\t\t\t\"name\":\"B\u00fcro f\u00fcr Demokratie, Passau, Unterer Sand\",\n\t\t\t\t\t\t\t\t\t\t\"address\":{\n\t\t\t\t\t\t\t\t\t\t\t\"@type\": \"PostalAddress\"\n\t\t\t\t\t\t\t\t\t\t\t\"streetAddress\":\"Passau, Unterer Sand 2\"\n\t\t\t\t\t\t\t\t\t\t}\n\t\t\t\t\t\t\t  \t\t}\n\t\t\t\t\t\t\t }<\/script><\/div>\n\t\t\t\t<p class=\"desc_trig_outter\"><a data-gmap_status=\"null\" data-gmtrig=\"1\" data-exlk=\"0\" id=\"evc_16041672002623\" class=\"desc_trig sin_val evcal_list_a\" data-ux_val=\"3\"  ><span class='evcal_cblock ' data-bgcolor='#c766a4' data-smon='Oktober' data-syr='2020'><span class='evo_start '><em class='date'>31<\/em><em class='month'>Okt.<\/em><em class='time'>18:00<\/em><\/span><span class='evo_end only_time'><em class='time'>21:00<\/em><\/span><em class='clear'><\/em><\/span><span class='evcal_desc evo_info hide_eventtopdata '  data-location_address=\"Passau, Unterer Sand 2\" data-location_type=\"address\" data-location_name=\"B\u00fcro f\u00fcr Demokratie, Passau, Unterer Sand\" data-location_url=\"https:\/\/www.wochen-zur-demokratie.de\/archiv\/event-location\/buero-fuer-demokratie\/\" data-location_status=\"true\" ><span class='evo_above_title'><\/span><span class='evcal_desc2 evcal_event_title' itemprop='name'>Abschlussfest - abgesagt!<\/span><span class='evo_below_title'><span class='evcal_event_subtitle' >Blick zur\u00fcck \u2014 und nach vorne<\/span><\/span><span class='evcal_desc_info' ><em class='evcal_time'>18:00 - 21:00<\/em> <em class=\"evcal_location\"  data-add_str=\"\"><em class=\"event_location_name\">B\u00fcro f\u00fcr Demokratie, Passau, Unterer Sand<\/em><\/em><\/span><span class='evcal_desc3'><\/span><\/span><em class='clear'><\/em><\/a><\/p><div class='event_description evcal_eventcard ' style=\"display:none\"><div class='evo_metarow_directimg'><img class='evo_event_main_img' src='https:\/\/www.wochen-zur-demokratie.de\/archiv\/wp-content\/uploads\/2020\/09\/abschluss2-web.jpg' \/><\/div><div class='evo_event_images'><span class='evo_event_more_img select'><img title='' src='https:\/\/www.wochen-zur-demokratie.de\/archiv\/wp-content\/uploads\/2020\/09\/abschluss2-web.jpg' data-f='https:\/\/www.wochen-zur-demokratie.de\/archiv\/wp-content\/uploads\/2020\/09\/abschluss2-web.jpg'\/><\/span><span class='evo_event_more_img '><img title='' src='https:\/\/www.wochen-zur-demokratie.de\/archiv\/wp-content\/uploads\/2020\/09\/abschluss-web-150x150.jpg' data-f='https:\/\/www.wochen-zur-demokratie.de\/archiv\/wp-content\/uploads\/2020\/09\/abschluss-web.jpg' data-h='435' data-w='652'\/><\/span><span class='evo_event_more_img '><img title='' src='https:\/\/www.wochen-zur-demokratie.de\/archiv\/wp-content\/uploads\/2020\/09\/abschluss3-web-150x150.jpg' data-f='https:\/\/www.wochen-zur-demokratie.de\/archiv\/wp-content\/uploads\/2020\/09\/abschluss3-web.jpg' data-h='515' data-w='652'\/><\/span><span class='evo_event_more_img '><img title='' src='https:\/\/www.wochen-zur-demokratie.de\/archiv\/wp-content\/uploads\/2020\/09\/auftakt2-unterer-sand-web-150x150.jpg' data-f='https:\/\/www.wochen-zur-demokratie.de\/archiv\/wp-content\/uploads\/2020\/09\/auftakt2-unterer-sand-web.jpg' data-h='330' data-w='652'\/><\/span><\/div><div class='evo_metarow_details evorow evcal_evdata_row bordb evcal_event_details'>\n\t\t\t\t\t\t\t<div class=\"event_excerpt\" style=\"display:none\"><h3 class=\"padb5 evo_h3\">Event Details<\/h3><p>ACHTUNG: Unser Abschlussfest muss leider entfallen. Die aktuellen Entwicklungen der Infektionszahlen in Passau und Region sind \u2013 wie in vielen anderen Regionen Deutschlands \u2013 Anlass f\u00fcr die Absage. Wir unterst\u00fctzen<\/p><\/div><span class='evcal_evdata_icons'><i class='fa fa-align-justify'><\/i><\/span>\n\t\t\t\t\t\t\t\n\t\t\t\t\t\t\t<div class='evcal_evdata_cell shorter_desc'><div class='eventon_details_shading_bot'>\n\t\t\t\t\t\t\t\t<p class='eventon_shad_p' content='less'><span class='ev_more_text' data-txt='Weniger anzeigen'>Mehr anzeigen<\/span><span class='ev_more_arrow'><\/span><\/p>\n\t\t\t\t\t\t\t<\/div><div class='eventon_full_description'>\n\t\t\t\t\t\t\t\t\t<h3 class='padb5 evo_h3'><span class='evcal_evdata_icons'><i class='fa fa-align-justify'><\/i><\/span>Event Details<\/h3><div class='eventon_desc_in' itemprop='description'>\n\t\t\t\t\t\t\t\t\t<p><strong>ACHTUNG: Unser Abschlussfest muss leider entfallen.<\/strong> Die aktuellen Entwicklungen der Infektionszahlen in Passau und Region sind \u2013 wie in vielen anderen Regionen Deutschlands \u2013 Anlass f\u00fcr die Absage. Wir unterst\u00fctzen die aktuellen Ma\u00dfnahmen. Sie tragen wesentlich dazu bei, die Ausbreitung des Virus einzud\u00e4mmen und das Leben vor allem von Betroffenen aus Risikogruppen zu sch\u00fctzen.<\/p>\n<p>Bleibt in der n\u00e4chsten Zeit gerne online mit uns in Kontakt. In den kommenden Tagen werden wir immer wieder Beitr\u00e4ge und Videos zu Veranstaltungen und Demokratie-Themen auf unseren Webseiten ver\u00f6ffentlichen.<\/p>\n<p><strong>Urpr\u00fcngliche Ank\u00fcndigung<br \/>\n<\/strong>Zum Abschluss noch einmal Festival-Feeling! DJ (Demokratie Junkie) Mega Maze serviert maximal passende Musik auf seinen Plattentellern. Bildprojektionen an W\u00e4nden lassen die vergangenen Wochen des Festivals Revue passieren \u2014 alles inmitten von Raum und Zeit f\u00fcr gute Gespr\u00e4che, auch um Ideen f\u00fcr das n\u00e4chste Jahr zu spinnen. Zwischendurch werden mit einem dreifachen Tusch die Gewinner des Innovationsfonds Ideenwettbewerbes gekr\u00f6nt und die Preisgelder f\u00fcr die in unserem Ideenlabor entwickelten besten Vorschl\u00e4ge \u00fcberreicht.<br \/>\n<strong>Eintritt<\/strong> frei<\/p>\n<\/div><div class='clear'><\/div>\n\t\t\t\t\t\t\t\t<\/div>\n\t\t\t\t\t\t\t<\/div>\n\t\t\t\t\t\t<\/div><div class='evo_metarow_organizer evorow evcal_evdata_row bordb evcal_evrow_sm '>\n\t\t\t\t\t\t\t<span class='evcal_evdata_icons'><i class='fa fa-address-book-o'><\/i><\/span>\n\t\t\t\t\t\t\t<div class='evcal_evdata_cell'>\t\t\t\t\t\t\t\n\t\t\t\t\t\t\t\t<h3 class='evo_h3'>Mitveranstalter \/ Partner<\/h3>\n\t\t\t\t\t\t\t\t<p class='evo_data_val evo_card_organizer_image'><img src='https:\/\/www.wochen-zur-demokratie.de\/archiv\/wp-content\/uploads\/2022\/02\/WzD-Logo-2022-mittel-278x300.jpg'\/><\/p>\n\t\t\t\t\t\t\t\t<div class='evo_card_organizer'><p class='evo_data_val evo_card_organizer_name'>\n\t\t\t\t\t\t\t\t\t<span class='evo_card_organizer_name_t'>Initiative Wochen zur Demokratie<\/span>\n\t\t\t\t\t\t\t\t\t\n\t\t\t\t\t\t\t\t\t<\/p><\/div><div class='clear'><\/div>\t\t\t\t\t\t\t\n\t\t\t\t\t\t\t<\/div>\n\t\t\t\t\t\t<\/div>\t\t\t\t\t\t<div class='evo_metarow_ICS evorow bordb evcal_evdata_row'>\n\t\t\t\t\t\t\t<span class=\"evcal_evdata_icons\"><i class=\"fa fa-calendar\"><\/i><\/span>\n\t\t\t\t\t\t\t<div class='evcal_evdata_cell'>\n\t\t\t\t\t\t\t\t<p><a href='https:\/\/www.wochen-zur-demokratie.de\/archiv\/wp-admin\/admin-ajax.php?action=eventon_ics_download&amp;event_id=2623&amp;ri=0' class='evo_ics_nCal' title='Zum Ihrem Kalender hinzuf\u00fcgen'>Zum Kalender hinzuf\u00fcgen<\/a><a href='\/\/www.google.com\/calendar\/event?action=TEMPLATE&amp;text=Abschlussfest+-+abgesagt%21&amp;dates=20201031T160000Z\/20201031T190000Z&amp;details=ACHTUNG%3A+Unser+Abschlussfest+muss+leider+entfallen.+Die+aktuellen+Entwicklungen+der+Infektionszahlen+in+Passau+und+Region+sind+%E2%80%93+wie+in+vielen+anderen+Regionen+Deutschlands+%E2%80%93+Anlass+f%C3%BCr+die+Absage.+Wir+unterst%C3%BCtzen&amp;location=B%C3%BCro+f%C3%BCr+Demokratie%2C+Passau%2C+Unterer+Sand - Passau%2C+Unterer+Sand+2' target='_blank' class='evo_ics_gCal' title='Zum Ihrem Google-Kalender hinzuf\u00fcgen'>GoogleCal<\/a><\/p>\t\n\t\t\t\t\t\t\t<\/div>\n\t\t\t\t\t\t<\/div>\n\t\t\t\t\t\t<div class='bordb evo_metarow_socialmedia evcal_evdata_row  lastrow'><div class='evo_sm FacebookShare'><a class=\" evo_ss\" target=\"_blank\" onclick=\"javascript:window.open(this.href, '', 'left=50,top=50,width=600,height=350,toolbar=0');return false;\"\n\t\t\t\t\t\t\t\thref=\"http:\/\/www.facebook.com\/sharer.php?u=https%3A%2F%2Fwww.wochen-zur-demokratie.de%2Farchiv%2Fevents%2Fabschlussfest%2F\" title=\"Diese Veranstaltung auf Facebook teilen\"><i class=\"fa fa-facebook\"><\/i><\/a><\/div><div class='evo_sm Twitter'><a class=\"tw evo_ss\" onclick=\"javascript:window.open(this.href, '', 'menubar=no,toolbar=no,resizable=yes,scrollbars=yes,height=300,width=600');return false;\" href=\"http:\/\/twitter.com\/intent\/tweet?text=Abschlussfest &#8211; abgesagt!&#32;-&#32;&url=https%3A%2F%2Fwww.wochen-zur-demokratie.de%2Farchiv%2Fevents%2Fabschlussfest%2F\" title=\"Diese Veranstaltung auf Twitter teilen\" rel=\"nofollow\" target=\"_blank\" data-url=\"https%3A%2F%2Fwww.wochen-zur-demokratie.de%2Farchiv%2Fevents%2Fabschlussfest%2F\"><i class=\"fa fa-twitter\"><\/i><\/a><\/div><div class='evo_sm LinkedIn'><a class=\"li evo_ss\" href=\"http:\/\/www.linkedin.com\/shareArticle?mini=true&url=https%3A%2F%2Fwww.wochen-zur-demokratie.de%2Farchiv%2Fevents%2Fabschlussfest%2F&title=Abschlussfest%20%26%238211%3B%20abgesagt%21&summary=ACHTUNG%3A+Unser+Abschlussfest+muss+leider+entfallen.+Die+aktuellen+Entwicklungen+der+Infektionszahlen+in+Passau+und+Region+sind\" target=\"_blank\" title=\"Diese Veranstaltung auf Linkedin teilen\"><i class=\"fa fa-linkedin\"><\/i><\/a><\/div><div class='evo_sm EmailShare'><a class=\"em evo_ss\" href=\"mailto:?subject=Abschlussfest %26#8211; abgesagt!&body=Event Name: Abschlussfest %26#8211; abgesagt!%0AEvent Date: 31\/10\/2020 18:00 - 21:00%0ALink: https%3A%2F%2Fwww.wochen-zur-demokratie.de%2Farchiv%2Fevents%2Fabschlussfest%2F%0A\" target=\"_blank\"><i class=\"fa fa-envelope\"><\/i><\/a><\/div><div class='clear'><\/div><div class='evcal_evdata_row evcal_close' title='Close'><\/div><\/div><div class='evo_card_row_end evcal_close' title='Close'><\/div><\/div><div class='clear end'><\/div><\/div><div style=\"background-color: #c766a4;height: 275px;\" id=\"event_2513\" class=\"eventon_list_event evo_eventtop past_event event event_2513_0\" data-event_id=\"2513\" data-ri=\"0r\" data-time=\"1605886200-1605897000\" data-colr=\"#c766a4\" itemscope itemtype='http:\/\/schema.org\/Event'><div class=\"evo_event_schema\" style=\"display:none\" ><a itemprop='url'  href='https:\/\/www.wochen-zur-demokratie.de\/archiv\/events\/du-bist-ein-supergirl-demokratie-on-tour\/'><\/a><span itemprop='name'  >Du bist ein Supergirl \u2013  Demokratie on Tour!<\/span><meta itemprop='image' content=\"https:\/\/www.wochen-zur-demokratie.de\/archiv\/wp-content\/uploads\/2020\/12\/supergirl5-web.jpg\" \/><meta itemprop='description' content=\"Am 20.11.20 fand ein Selbstbehauptungsworkshop f\u00fcr junge M\u00e4dchen* und Frauen im Lesesaal in Aidenbach statt. Sechs M\u00e4dchen zwischen 12 und 18 Jahren aus dem M\u00e4dchentreff Aldersbach nahmen daran teil.  Nach einem\" \/><meta itemprop='startDate' content=\"2020-11-20T15:30\" \/><meta itemprop='endDate' content=\"2020-11-20T18:30\" \/><meta itemprop='eventStatus' content=\"on-schedule\" \/><script type=\"application\/ld+json\">{\t\"@context\": \"http:\/\/schema.org\",\n\t\t\t\t\t\t\t  \t\"@type\": \"Event\",\n\t\t\t\t\t\t\t  \t\"name\": \"Du bist ein Supergirl \u2013  Demokratie on Tour!\",\n\t\t\t\t\t\t\t  \t\"startDate\": \"2020-11-20T15-15-30-00\",\n\t\t\t\t\t\t\t  \t\"endDate\": \"2020-11-20T18-18-30-00\",\n\t\t\t\t\t\t\t  \t\"image\":\"https:\/\/www.wochen-zur-demokratie.de\/archiv\/wp-content\/uploads\/2020\/12\/supergirl5-web.jpg\",\n\t\t\t\t\t\t\t  \t\"description\":\"Am 20.11.20 fand ein Selbstbehauptungsworkshop f\u00fcr junge M\u00e4dchen* und Frauen im Lesesaal in Aidenbach statt. Sechs M\u00e4dchen zwischen 12 und 18 Jahren aus dem M\u00e4dchentreff Aldersbach nahmen daran teil.  Nach einem\"\n\t\t\t\t\t\t\t  \t\n\t\t\t\t\t\t\t }<\/script><\/div>\n\t\t\t\t<p class=\"desc_trig_outter\"><a data-gmap_status=\"null\" data-exlk=\"0\" id=\"evc_16058862002513\" class=\"desc_trig sin_val evcal_list_a\" data-ux_val=\"3\"  ><span class='evcal_cblock ' data-bgcolor='#c766a4' data-smon='November' data-syr='2020'><span class='evo_start '><em class='date'>20<\/em><em class='month'>Nov.<\/em><em class='time'>15:30<\/em><\/span><span class='evo_end only_time'><em class='time'>18:30<\/em><\/span><em class='clear'><\/em><\/span><span class='evcal_desc evo_info hide_eventtopdata '  data-location_status=\"false\" ><span class='evo_above_title'><\/span><span class='evcal_desc2 evcal_event_title' itemprop='name'>Du bist ein Supergirl \u2013  Demokratie on Tour!<\/span><span class='evo_below_title'><span class='evcal_event_subtitle' >Offener Workshop f\u00fcr M\u00e4dchen und junge Frauen <\/span><\/span><span class='evcal_desc_info' ><em class='evcal_time'>15:30 - 18:30<\/em> <em class=\"evcal_location\"  data-add_str=\"\"><em class=\"event_location_name\">Aldersbach, Kultur- und Begegnungszentrum<\/em><\/em><\/span><span class='evcal_desc3'><\/span><\/span><em class='clear'><\/em><\/a><\/p><div class='event_description evcal_eventcard ' style=\"display:none\"><div class='evo_metarow_directimg'><img class='evo_event_main_img' src='https:\/\/www.wochen-zur-demokratie.de\/archiv\/wp-content\/uploads\/2020\/12\/supergirl5-web.jpg' \/><\/div><div class='evo_event_images'><span class='evo_event_more_img select'><img title='' src='https:\/\/www.wochen-zur-demokratie.de\/archiv\/wp-content\/uploads\/2020\/12\/supergirl5-web.jpg' data-f='https:\/\/www.wochen-zur-demokratie.de\/archiv\/wp-content\/uploads\/2020\/12\/supergirl5-web.jpg'\/><\/span><span class='evo_event_more_img '><img title='' src='https:\/\/www.wochen-zur-demokratie.de\/archiv\/wp-content\/uploads\/2020\/12\/supergirl4-web-150x150.jpg' data-f='https:\/\/www.wochen-zur-demokratie.de\/archiv\/wp-content\/uploads\/2020\/12\/supergirl4-web.jpg' data-h='607' data-w='850'\/><\/span><span class='evo_event_more_img '><img title='' src='https:\/\/www.wochen-zur-demokratie.de\/archiv\/wp-content\/uploads\/2020\/12\/supergirl3-web-150x150.jpg' data-f='https:\/\/www.wochen-zur-demokratie.de\/archiv\/wp-content\/uploads\/2020\/12\/supergirl3-web.jpg' data-h='850' data-w='638'\/><\/span><span class='evo_event_more_img '><img title='' src='https:\/\/www.wochen-zur-demokratie.de\/archiv\/wp-content\/uploads\/2020\/12\/supergirl2-web-150x150.jpg' data-f='https:\/\/www.wochen-zur-demokratie.de\/archiv\/wp-content\/uploads\/2020\/12\/supergirl2-web.jpg' data-h='850' data-w='637'\/><\/span><span class='evo_event_more_img '><img title='' src='https:\/\/www.wochen-zur-demokratie.de\/archiv\/wp-content\/uploads\/2020\/12\/supergirl1-web-150x150.jpg' data-f='https:\/\/www.wochen-zur-demokratie.de\/archiv\/wp-content\/uploads\/2020\/12\/supergirl1-web.jpg' data-h='850' data-w='638'\/><\/span><\/div><div class='evo_metarow_details evorow evcal_evdata_row bordb evcal_event_details'>\n\t\t\t\t\t\t\t<div class=\"event_excerpt\" style=\"display:none\"><h3 class=\"padb5 evo_h3\">Event Details<\/h3><p>Am 20.11.20 fand ein Selbstbehauptungsworkshop f\u00fcr junge M\u00e4dchen* und Frauen im Lesesaal in Aidenbach statt. Sechs M\u00e4dchen zwischen 12 und 18 Jahren aus dem M\u00e4dchentreff Aldersbach nahmen daran teil.\r\nNach einem<\/p><\/div><span class='evcal_evdata_icons'><i class='fa fa-align-justify'><\/i><\/span>\n\t\t\t\t\t\t\t\n\t\t\t\t\t\t\t<div class='evcal_evdata_cell shorter_desc'><div class='eventon_details_shading_bot'>\n\t\t\t\t\t\t\t\t<p class='eventon_shad_p' content='less'><span class='ev_more_text' data-txt='Weniger anzeigen'>Mehr anzeigen<\/span><span class='ev_more_arrow'><\/span><\/p>\n\t\t\t\t\t\t\t<\/div><div class='eventon_full_description'>\n\t\t\t\t\t\t\t\t\t<h3 class='padb5 evo_h3'><span class='evcal_evdata_icons'><i class='fa fa-align-justify'><\/i><\/span>Event Details<\/h3><div class='eventon_desc_in' itemprop='description'>\n\t\t\t\t\t\t\t\t\t<p>Am 20.11.20 fand ein Selbstbehauptungsworkshop f\u00fcr junge M\u00e4dchen* und Frauen im Lesesaal in Aidenbach statt. Sechs M\u00e4dchen zwischen 12 und 18 Jahren aus dem M\u00e4dchentreff Aldersbach nahmen daran teil.<br \/>\nNach einem Warm-Up starteten wir mit \u00dcbungen, wo sich die M\u00e4dchen zu bestimmten Themen austauschen konnten. Wie reagiert man in Situationen, in denen man sich zun\u00e4chst unwohl f\u00fchlt? Oder wie geht man mit bl\u00f6den Anmachspr\u00fcchen um? Dass das f\u00fcr die Teilnehmerinnen wichtig ist, zeigt sich schnell: fast jede von Ihnen hat bereits selbst grenz\u00fcberschreitende Situationen erlebt.<br \/>\nIn Rollenspielen, die sich die M\u00e4dchen aussuchten, konnten sie Handlungsoptionen kennenlernen und austesten und bekamen von den Zuschauerinnen ein Feedback.<\/p>\n<p>Auch das Thema Demokratie fand dabei Anklang. Die M\u00e4dchen durften auf den Ortspl\u00e4nen Punkte kleben, wo sie sich besonders wohlf\u00fchlen, aber auch Orte die sie aus bestimmten Gr\u00fcnden eher meiden. Hier bekamen die beiden Gemeinden ein gutes Zeugnis: die jungen M\u00e4dchen f\u00fchlten sich in Aldersbach besonders wohl \u2013 auch in Aidenbach und Ortsteile gaben sie keine \u201eAngstr\u00e4ume\u201c an.<\/p>\n<p>Die M\u00e4dchen erhielten au\u00dferdem Tipps, wie sie sich als junge B\u00fcrgerinnen politisch einbringen k\u00f6nnen und ihre Meinung \u00f6ffentlich vertreten d\u00fcrfen und sollten. Sie waren sehr offen und engagiert. Aldersbach und Aidenbach hat wirkliche Supergirls.<\/p>\n<\/div><div class='clear'><\/div>\n\t\t\t\t\t\t\t\t<\/div>\n\t\t\t\t\t\t\t<\/div>\n\t\t\t\t\t\t<\/div><div class='evo_metarow_organizer evorow evcal_evdata_row bordb evcal_evrow_sm '>\n\t\t\t\t\t\t\t<span class='evcal_evdata_icons'><i class='fa fa-address-book-o'><\/i><\/span>\n\t\t\t\t\t\t\t<div class='evcal_evdata_cell'>\t\t\t\t\t\t\t\n\t\t\t\t\t\t\t\t<h3 class='evo_h3'>Mitveranstalter \/ Partner<\/h3>\n\t\t\t\t\t\t\t\t<p class='evo_data_val evo_card_organizer_image'><img src='https:\/\/www.wochen-zur-demokratie.de\/archiv\/wp-content\/uploads\/2020\/08\/Logo-KJR-LAGAldersbach-300x120.jpg'\/><\/p>\n\t\t\t\t\t\t\t\t<div class='evo_card_organizer'><p class='evo_data_val evo_card_organizer_name'>\n\t\t\t\t\t\t\t\t\t<span class='evo_card_organizer_name_t'>Kreisjugendring Passau im Rahmen von P\u00e4PiG \u2013 P\u00e4dagogisches Personal in Gemeinden in Zusammenarbeit mit der LAG M\u00e4dchenpolitik Bayern<\/span>\n\t\t\t\t\t\t\t\t\t\n\t\t\t\t\t\t\t\t\t<\/p><\/div><div class='clear'><\/div>\t\t\t\t\t\t\t\n\t\t\t\t\t\t\t<\/div>\n\t\t\t\t\t\t<\/div>\t\t\t\t\t\t<div class='evo_metarow_ICS evorow bordb evcal_evdata_row'>\n\t\t\t\t\t\t\t<span class=\"evcal_evdata_icons\"><i class=\"fa fa-calendar\"><\/i><\/span>\n\t\t\t\t\t\t\t<div class='evcal_evdata_cell'>\n\t\t\t\t\t\t\t\t<p><a href='https:\/\/www.wochen-zur-demokratie.de\/archiv\/wp-admin\/admin-ajax.php?action=eventon_ics_download&amp;event_id=2513&amp;ri=0' class='evo_ics_nCal' title='Zum Ihrem Kalender hinzuf\u00fcgen'>Zum Kalender hinzuf\u00fcgen<\/a><a href='\/\/www.google.com\/calendar\/event?action=TEMPLATE&amp;text=Du+bist+ein+Supergirl+%E2%80%93++Demokratie+on+Tour%21&amp;dates=20201120T133000Z\/20201120T163000Z&amp;details=Am+20.11.20+fand+ein+Selbstbehauptungsworkshop+f%C3%BCr+junge+M%C3%A4dchen%2A+und+Frauen+im+Lesesaal+in+Aidenbach+statt.+Sechs+M%C3%A4dchen+zwischen+12+und+18+Jahren+aus+dem+M%C3%A4dchentreff+Aldersbach+nahmen+daran+teil.%0D%0ANach+einem&amp;location=Aldersbach%2C+Kultur-+und+Begegnungszentrum - ' target='_blank' class='evo_ics_gCal' title='Zum Ihrem Google-Kalender hinzuf\u00fcgen'>GoogleCal<\/a><\/p>\t\n\t\t\t\t\t\t\t<\/div>\n\t\t\t\t\t\t<\/div>\n\t\t\t\t\t\t<div class='bordb evo_metarow_socialmedia evcal_evdata_row  lastrow'><div class='evo_sm FacebookShare'><a class=\" evo_ss\" target=\"_blank\" onclick=\"javascript:window.open(this.href, '', 'left=50,top=50,width=600,height=350,toolbar=0');return false;\"\n\t\t\t\t\t\t\t\thref=\"http:\/\/www.facebook.com\/sharer.php?u=https%3A%2F%2Fwww.wochen-zur-demokratie.de%2Farchiv%2Fevents%2Fdu-bist-ein-supergirl-demokratie-on-tour%2F\" title=\"Diese Veranstaltung auf Facebook teilen\"><i class=\"fa fa-facebook\"><\/i><\/a><\/div><div class='evo_sm Twitter'><a class=\"tw evo_ss\" onclick=\"javascript:window.open(this.href, '', 'menubar=no,toolbar=no,resizable=yes,scrollbars=yes,height=300,width=600');return false;\" href=\"http:\/\/twitter.com\/intent\/tweet?text=Du bist ein Supergirl \u2013  Demokratie on Tour!&#32;-&#32;&url=https%3A%2F%2Fwww.wochen-zur-demokratie.de%2Farchiv%2Fevents%2Fdu-bist-ein-supergirl-demokratie-on-tour%2F\" title=\"Diese Veranstaltung auf Twitter teilen\" rel=\"nofollow\" target=\"_blank\" data-url=\"https%3A%2F%2Fwww.wochen-zur-demokratie.de%2Farchiv%2Fevents%2Fdu-bist-ein-supergirl-demokratie-on-tour%2F\"><i class=\"fa fa-twitter\"><\/i><\/a><\/div><div class='evo_sm LinkedIn'><a class=\"li evo_ss\" href=\"http:\/\/www.linkedin.com\/shareArticle?mini=true&url=https%3A%2F%2Fwww.wochen-zur-demokratie.de%2Farchiv%2Fevents%2Fdu-bist-ein-supergirl-demokratie-on-tour%2F&title=Du%20bist%20ein%20Supergirl%20%E2%80%93%20%20Demokratie%20on%20Tour%21&summary=Am+20.11.20+fand+ein+Selbstbehauptungsworkshop+f%C3%BCr+junge+M%C3%A4dchen%2A+und+Frauen+im+Lesesaal+in+Aidenbach+statt.+Sechs\" target=\"_blank\" title=\"Diese Veranstaltung auf Linkedin teilen\"><i class=\"fa fa-linkedin\"><\/i><\/a><\/div><div class='evo_sm EmailShare'><a class=\"em evo_ss\" href=\"mailto:?subject=Du bist ein Supergirl \u2013  Demokratie on Tour!&body=Event Name: Du bist ein Supergirl \u2013  Demokratie on Tour!%0AEvent Date: 20\/11\/2020 15:30 - 18:30%0ALink: https%3A%2F%2Fwww.wochen-zur-demokratie.de%2Farchiv%2Fevents%2Fdu-bist-ein-supergirl-demokratie-on-tour%2F%0A\" target=\"_blank\"><i class=\"fa fa-envelope\"><\/i><\/a><\/div><div class='clear'><\/div><div class='evcal_evdata_row evcal_close' title='Close'><\/div><\/div><div class='evo_card_row_end evcal_close' title='Close'><\/div><\/div><div class='clear end'><\/div><\/div><div style=\"background-color: #c766a4;height: 275px;\" id=\"event_2631\" class=\"eventon_list_event evo_eventtop past_event event event_2631_0\" data-event_id=\"2631\" data-ri=\"0r\" data-time=\"1606089601-1606175999\" data-colr=\"#c766a4\" itemscope itemtype='http:\/\/schema.org\/Event'><div class=\"evo_event_schema\" style=\"display:none\" ><a itemprop='url'  href='https:\/\/www.wochen-zur-demokratie.de\/archiv\/events\/unser-morgen-gestalten-wir-heute-2\/'><\/a><span itemprop='name'  >Unser Morgen gestalten wir heute!<\/span><meta itemprop='image' content=\"https:\/\/www.wochen-zur-demokratie.de\/archiv\/wp-content\/uploads\/2020\/09\/KJR_Jugendkonferenz-1-web.jpg\" \/><meta itemprop='description' content=\"Circa 150 junge Menschen waren 2019 bei unserer ersten Jugendkonferenz mit dabei. An diesen Erfolg wollten wir ankn\u00fcpfen. Deshalb konnten auch in diesem Jahr junge Menschen Ideen und Visionen f\u00fcr\" \/><meta itemprop='startDate' content=\"2020-11-23\" \/><meta itemprop='endDate' content=\"2020-11-23\" \/><meta itemprop='eventStatus' content=\"on-schedule\" \/>\n\t\t\t\t\t\t\t\t\t<item style=\"display:none\" itemprop=\"location\" itemscope itemtype=\"http:\/\/schema.org\/Place\">\n\t\t\t\t\t\t\t\t\t\t<span itemprop=\"name\">Hutthurm, Mittelschule<\/span>\n\t\t\t\t\t\t\t\t\t\t<span itemprop=\"address\" itemscope itemtype=\"http:\/\/schema.org\/PostalAddress\">\n\t\t\t\t\t\t\t\t\t\t\t<item itemprop=\"streetAddress\">Hutthurm, Mittelschule<\/item>\n\t\t\t\t\t\t\t\t\t\t<\/span><\/item><script type=\"application\/ld+json\">{\t\"@context\": \"http:\/\/schema.org\",\n\t\t\t\t\t\t\t  \t\"@type\": \"Event\",\n\t\t\t\t\t\t\t  \t\"name\": \"Unser Morgen gestalten wir heute!\",\n\t\t\t\t\t\t\t  \t\"startDate\": \"2020-11-23T00-00-00-00\",\n\t\t\t\t\t\t\t  \t\"endDate\": \"2020-11-23T23-23-59-00\",\n\t\t\t\t\t\t\t  \t\"image\":\"https:\/\/www.wochen-zur-demokratie.de\/archiv\/wp-content\/uploads\/2020\/09\/KJR_Jugendkonferenz-1-web.jpg\",\n\t\t\t\t\t\t\t  \t\"description\":\"Circa 150 junge Menschen waren 2019 bei unserer ersten Jugendkonferenz mit dabei. An diesen Erfolg wollten wir ankn\u00fcpfen. Deshalb konnten auch in diesem Jahr junge Menschen Ideen und Visionen f\u00fcr\"\n\t\t\t\t\t\t\t  \t,\"location\":{\n\t\t\t\t\t\t\t\t\t\t\"@type\":\"Place\",\n\t\t\t\t\t\t\t\t\t\t\"name\":\"Hutthurm, Mittelschule\",\n\t\t\t\t\t\t\t\t\t\t\"address\":{\n\t\t\t\t\t\t\t\t\t\t\t\"@type\": \"PostalAddress\"\n\t\t\t\t\t\t\t\t\t\t\t\"streetAddress\":\"Hutthurm, Mittelschule\"\n\t\t\t\t\t\t\t\t\t\t}\n\t\t\t\t\t\t\t  \t\t}\n\t\t\t\t\t\t\t }<\/script><\/div>\n\t\t\t\t<p class=\"desc_trig_outter\"><a data-gmap_status=\"null\" data-exlk=\"0\" id=\"evc_16060896012631\" class=\"desc_trig sin_val evcal_list_a allday\" data-ux_val=\"3\"  ><span class='evcal_cblock ' data-bgcolor='#c766a4' data-smon='November' data-syr='2020'><span class='evo_start '><em class='date'>23<\/em><em class='month'>Nov.<\/em><em class='time'>ganzt\u00e4gig<\/em><\/span><em class='clear'><\/em><\/span><span class='evcal_desc evo_info hide_eventtopdata '  data-location_address=\"Hutthurm, Mittelschule\" data-location_type=\"address\" data-location_name=\"Hutthurm, Mittelschule\" data-location_url=\"https:\/\/www.wochen-zur-demokratie.de\/archiv\/event-location\/hutthurm-mittelschule\/\" data-location_status=\"true\" ><span class='evo_above_title'><\/span><span class='evcal_desc2 evcal_event_title' itemprop='name'>Unser Morgen gestalten wir heute!<\/span><span class='evo_below_title'><span class='evcal_event_subtitle' >Jugendkonferenz NORD<\/span><\/span><span class='evcal_desc_info' ><em class='evcal_time'><em class='evcal_alldayevent_text'>(ganzt\u00e4gig: Montag)<\/em><\/em> <em class=\"evcal_location\"  data-add_str=\"\"><em class=\"event_location_name\">Hutthurm, Mittelschule<\/em><\/em><\/span><span class='evcal_desc3'><\/span><\/span><em class='clear'><\/em><\/a><\/p><div class='event_description evcal_eventcard ' style=\"display:none\"><div class='evo_metarow_directimg'><img class='evo_event_main_img' src='https:\/\/www.wochen-zur-demokratie.de\/archiv\/wp-content\/uploads\/2020\/09\/KJR_Jugendkonferenz-1-web.jpg' \/><\/div><div class='evo_metarow_details evorow evcal_evdata_row bordb evcal_event_details'>\n\t\t\t\t\t\t\t<div class=\"event_excerpt\" style=\"display:none\"><h3 class=\"padb5 evo_h3\">Event Details<\/h3><p>Circa 150 junge Menschen waren 2019 bei unserer ersten Jugendkonferenz mit dabei. An diesen Erfolg wollten wir ankn\u00fcpfen. Deshalb konnten auch in diesem Jahr junge Menschen Ideen und Visionen f\u00fcr<\/p><\/div><span class='evcal_evdata_icons'><i class='fa fa-align-justify'><\/i><\/span>\n\t\t\t\t\t\t\t\n\t\t\t\t\t\t\t<div class='evcal_evdata_cell shorter_desc'><div class='eventon_details_shading_bot'>\n\t\t\t\t\t\t\t\t<p class='eventon_shad_p' content='less'><span class='ev_more_text' data-txt='Weniger anzeigen'>Mehr anzeigen<\/span><span class='ev_more_arrow'><\/span><\/p>\n\t\t\t\t\t\t\t<\/div><div class='eventon_full_description'>\n\t\t\t\t\t\t\t\t\t<h3 class='padb5 evo_h3'><span class='evcal_evdata_icons'><i class='fa fa-align-justify'><\/i><\/span>Event Details<\/h3><div class='eventon_desc_in' itemprop='description'>\n\t\t\t\t\t\t\t\t\t<p>Circa 150 junge Menschen waren 2019 bei unserer ersten Jugendkonferenz mit dabei. An diesen Erfolg wollten wir ankn\u00fcpfen. Deshalb konnten auch in diesem Jahr junge Menschen Ideen und Visionen f\u00fcr ihre Heimatgemeinden entwerfen und im Gespr\u00e4ch mit politisch Verantwortlichen diskutieren.<br \/>\nGemeinsam erarbeitete man Themen, die den Teilnehmer*innen wichtig sind und zu denen sie Ver\u00e4nderungen anregen m\u00f6chten. Es ging dabei um L\u00f6sungsvorschl\u00e4ge \u2013 pr\u00e4sentiert auf Augenh\u00f6he mit den Entscheidungstr\u00e4gern. Zum Abschluss folgten direkte Statements der Kommunalpolitiker, was umgesetzt werden k\u00f6nnte.<br \/>\nTeilnehmen konnten Jugendliche zwischen 13 und 16 Jahren aus dem Landkreis Passau \u00fcber ihre Schulen.<\/p>\n<\/div><div class='clear'><\/div>\n\t\t\t\t\t\t\t\t<\/div>\n\t\t\t\t\t\t\t<\/div>\n\t\t\t\t\t\t<\/div><div class='evo_metarow_organizer evorow evcal_evdata_row bordb evcal_evrow_sm '>\n\t\t\t\t\t\t\t<span class='evcal_evdata_icons'><i class='fa fa-address-book-o'><\/i><\/span>\n\t\t\t\t\t\t\t<div class='evcal_evdata_cell'>\t\t\t\t\t\t\t\n\t\t\t\t\t\t\t\t<h3 class='evo_h3'>Mitveranstalter \/ Partner<\/h3>\n\t\t\t\t\t\t\t\t<p class='evo_data_val evo_card_organizer_image'><img src='https:\/\/www.wochen-zur-demokratie.de\/archiv\/wp-content\/uploads\/2019\/08\/Logo-Kreisjugendring-Landkreis-300x130.jpg'\/><\/p>\n\t\t\t\t\t\t\t\t<div class='evo_card_organizer'><p class='evo_data_val evo_card_organizer_name'>\n\t\t\t\t\t\t\t\t\t<span class='evo_card_organizer_name_t'>Kreisjugendring Passau und Landkreis Passau<\/span>\n\t\t\t\t\t\t\t\t\t\n\t\t\t\t\t\t\t\t\t<\/p><\/div><div class='clear'><\/div>\t\t\t\t\t\t\t\n\t\t\t\t\t\t\t<\/div>\n\t\t\t\t\t\t<\/div>\t\t\t\t\t\t<div class='evo_metarow_ICS evorow bordb evcal_evdata_row'>\n\t\t\t\t\t\t\t<span class=\"evcal_evdata_icons\"><i class=\"fa fa-calendar\"><\/i><\/span>\n\t\t\t\t\t\t\t<div class='evcal_evdata_cell'>\n\t\t\t\t\t\t\t\t<p><a href='https:\/\/www.wochen-zur-demokratie.de\/archiv\/wp-admin\/admin-ajax.php?action=eventon_ics_download&amp;event_id=2631&amp;ri=0' class='evo_ics_nCal' title='Zum Ihrem Kalender hinzuf\u00fcgen'>Zum Kalender hinzuf\u00fcgen<\/a><a href='\/\/www.google.com\/calendar\/event?action=TEMPLATE&amp;text=Unser+Morgen+gestalten+wir+heute%21&amp;dates=20201122T220000Z\/20201123T215900Z&amp;details=Circa+150+junge+Menschen+waren+2019+bei+unserer+ersten+Jugendkonferenz+mit+dabei.+An+diesen+Erfolg+wollten+wir+ankn%C3%BCpfen.+Deshalb+konnten+auch+in+diesem+Jahr+junge+Menschen+Ideen+und+Visionen+f%C3%BCr&amp;location=Hutthurm%2C+Mittelschule - Hutthurm%2C+Mittelschule' target='_blank' class='evo_ics_gCal' title='Zum Ihrem Google-Kalender hinzuf\u00fcgen'>GoogleCal<\/a><\/p>\t\n\t\t\t\t\t\t\t<\/div>\n\t\t\t\t\t\t<\/div>\n\t\t\t\t\t\t<div class='bordb evo_metarow_socialmedia evcal_evdata_row  lastrow'><div class='evo_sm FacebookShare'><a class=\" evo_ss\" target=\"_blank\" onclick=\"javascript:window.open(this.href, '', 'left=50,top=50,width=600,height=350,toolbar=0');return false;\"\n\t\t\t\t\t\t\t\thref=\"http:\/\/www.facebook.com\/sharer.php?u=https%3A%2F%2Fwww.wochen-zur-demokratie.de%2Farchiv%2Fevents%2Funser-morgen-gestalten-wir-heute-2%2F\" title=\"Diese Veranstaltung auf Facebook teilen\"><i class=\"fa fa-facebook\"><\/i><\/a><\/div><div class='evo_sm Twitter'><a class=\"tw evo_ss\" onclick=\"javascript:window.open(this.href, '', 'menubar=no,toolbar=no,resizable=yes,scrollbars=yes,height=300,width=600');return false;\" href=\"http:\/\/twitter.com\/intent\/tweet?text=Unser Morgen gestalten wir heute!&#32;-&#32;&url=https%3A%2F%2Fwww.wochen-zur-demokratie.de%2Farchiv%2Fevents%2Funser-morgen-gestalten-wir-heute-2%2F\" title=\"Diese Veranstaltung auf Twitter teilen\" rel=\"nofollow\" target=\"_blank\" data-url=\"https%3A%2F%2Fwww.wochen-zur-demokratie.de%2Farchiv%2Fevents%2Funser-morgen-gestalten-wir-heute-2%2F\"><i class=\"fa fa-twitter\"><\/i><\/a><\/div><div class='evo_sm LinkedIn'><a class=\"li evo_ss\" href=\"http:\/\/www.linkedin.com\/shareArticle?mini=true&url=https%3A%2F%2Fwww.wochen-zur-demokratie.de%2Farchiv%2Fevents%2Funser-morgen-gestalten-wir-heute-2%2F&title=Unser%20Morgen%20gestalten%20wir%20heute%21&summary=Circa+150+junge+Menschen+waren+2019+bei+unserer+ersten+Jugendkonferenz+mit+dabei.+An+diesen+Erfolg+wollten\" target=\"_blank\" title=\"Diese Veranstaltung auf Linkedin teilen\"><i class=\"fa fa-linkedin\"><\/i><\/a><\/div><div class='evo_sm EmailShare'><a class=\"em evo_ss\" href=\"mailto:?subject=Unser Morgen gestalten wir heute!&body=Event Name: Unser Morgen gestalten wir heute!%0AEvent Date: 23\/11\/2020 (ganzt\u00e4gig)%0ALink: https%3A%2F%2Fwww.wochen-zur-demokratie.de%2Farchiv%2Fevents%2Funser-morgen-gestalten-wir-heute-2%2F%0A\" target=\"_blank\"><i class=\"fa fa-envelope\"><\/i><\/a><\/div><div class='clear'><\/div><div class='evcal_evdata_row evcal_close' title='Close'><\/div><\/div><div class='evo_card_row_end evcal_close' title='Close'><\/div><\/div><div class='clear end'><\/div><\/div><div style=\"background-color: #c766a4;height: 275px;\" id=\"event_2632\" class=\"eventon_list_event evo_eventtop past_event event event_2632_0\" data-event_id=\"2632\" data-ri=\"0r\" data-time=\"1606262401-1606348799\" data-colr=\"#c766a4\" itemscope itemtype='http:\/\/schema.org\/Event'><div class=\"evo_event_schema\" style=\"display:none\" ><a itemprop='url'  href='https:\/\/www.wochen-zur-demokratie.de\/archiv\/events\/unser-morgen-gestalten-wir-heute-3\/'><\/a><span itemprop='name'  >Unser Morgen gestalten wir heute!<\/span><meta itemprop='image' content=\"https:\/\/www.wochen-zur-demokratie.de\/archiv\/wp-content\/uploads\/2020\/09\/KJR_Jugendkonferenz-2-web.jpg\" \/><meta itemprop='description' content=\"Circa 150 junge Menschen waren 2019 bei unserer ersten Jugendkonferenz mit dabei. An diesen Erfolg wollten wir ankn\u00fcpfen. Deshalb konnten auch in diesem Jahr junge Menschen Ideen und Visionen f\u00fcr\" \/><meta itemprop='startDate' content=\"2020-11-25\" \/><meta itemprop='endDate' content=\"2020-11-25\" \/><meta itemprop='eventStatus' content=\"on-schedule\" \/>\n\t\t\t\t\t\t\t\t\t<item style=\"display:none\" itemprop=\"location\" itemscope itemtype=\"http:\/\/schema.org\/Place\">\n\t\t\t\t\t\t\t\t\t\t<span itemprop=\"name\">Evangelische Realschule, Ortenburg<\/span>\n\t\t\t\t\t\t\t\t\t\t<span itemprop=\"address\" itemscope itemtype=\"http:\/\/schema.org\/PostalAddress\">\n\t\t\t\t\t\t\t\t\t\t\t<item itemprop=\"streetAddress\">Ortenburg, Evang. Realschule<\/item>\n\t\t\t\t\t\t\t\t\t\t<\/span><\/item><script type=\"application\/ld+json\">{\t\"@context\": \"http:\/\/schema.org\",\n\t\t\t\t\t\t\t  \t\"@type\": \"Event\",\n\t\t\t\t\t\t\t  \t\"name\": \"Unser Morgen gestalten wir heute!\",\n\t\t\t\t\t\t\t  \t\"startDate\": \"2020-11-25T00-00-00-00\",\n\t\t\t\t\t\t\t  \t\"endDate\": \"2020-11-25T23-23-59-00\",\n\t\t\t\t\t\t\t  \t\"image\":\"https:\/\/www.wochen-zur-demokratie.de\/archiv\/wp-content\/uploads\/2020\/09\/KJR_Jugendkonferenz-2-web.jpg\",\n\t\t\t\t\t\t\t  \t\"description\":\"Circa 150 junge Menschen waren 2019 bei unserer ersten Jugendkonferenz mit dabei. An diesen Erfolg wollten wir ankn\u00fcpfen. Deshalb konnten auch in diesem Jahr junge Menschen Ideen und Visionen f\u00fcr\"\n\t\t\t\t\t\t\t  \t,\"location\":{\n\t\t\t\t\t\t\t\t\t\t\"@type\":\"Place\",\n\t\t\t\t\t\t\t\t\t\t\"name\":\"Evangelische Realschule, Ortenburg\",\n\t\t\t\t\t\t\t\t\t\t\"address\":{\n\t\t\t\t\t\t\t\t\t\t\t\"@type\": \"PostalAddress\"\n\t\t\t\t\t\t\t\t\t\t\t\"streetAddress\":\"Ortenburg, Evang. Realschule\"\n\t\t\t\t\t\t\t\t\t\t}\n\t\t\t\t\t\t\t  \t\t}\n\t\t\t\t\t\t\t }<\/script><\/div>\n\t\t\t\t<p class=\"desc_trig_outter\"><a data-gmap_status=\"null\" data-gmtrig=\"1\" data-exlk=\"0\" id=\"evc_16062624012632\" class=\"desc_trig sin_val evcal_list_a allday\" data-ux_val=\"3\"  ><span class='evcal_cblock ' data-bgcolor='#c766a4' data-smon='November' data-syr='2020'><span class='evo_start '><em class='date'>25<\/em><em class='month'>Nov.<\/em><em class='time'>ganzt\u00e4gig<\/em><\/span><em class='clear'><\/em><\/span><span class='evcal_desc evo_info hide_eventtopdata '  data-location_address=\"Ortenburg, Evang. Realschule\" data-location_type=\"address\" data-location_name=\"Evangelische Realschule, Ortenburg\" data-location_url=\"https:\/\/www.wochen-zur-demokratie.de\/archiv\/event-location\/ortenburg-evang-realschule\/\" data-location_status=\"true\" ><span class='evo_above_title'><\/span><span class='evcal_desc2 evcal_event_title' itemprop='name'>Unser Morgen gestalten wir heute!<\/span><span class='evo_below_title'><span class='evcal_event_subtitle' >Jugendkonferenz S\u00dcD<\/span><\/span><span class='evcal_desc_info' ><em class='evcal_time'><em class='evcal_alldayevent_text'>(ganzt\u00e4gig: Mittwoch)<\/em><\/em> <em class=\"evcal_location\"  data-add_str=\"\"><em class=\"event_location_name\">Evangelische Realschule, Ortenburg<\/em><\/em><\/span><span class='evcal_desc3'><\/span><\/span><em class='clear'><\/em><\/a><\/p><div class='event_description evcal_eventcard ' style=\"display:none\"><div class='evo_metarow_directimg'><img class='evo_event_main_img' src='https:\/\/www.wochen-zur-demokratie.de\/archiv\/wp-content\/uploads\/2020\/09\/KJR_Jugendkonferenz-2-web.jpg' \/><\/div><div class='evo_metarow_details evorow evcal_evdata_row bordb evcal_event_details'>\n\t\t\t\t\t\t\t<div class=\"event_excerpt\" style=\"display:none\"><h3 class=\"padb5 evo_h3\">Event Details<\/h3><p>Circa 150 junge Menschen waren 2019 bei unserer ersten Jugendkonferenz mit dabei. An diesen Erfolg wollten wir ankn\u00fcpfen. Deshalb konnten auch in diesem Jahr junge Menschen Ideen und Visionen f\u00fcr<\/p><\/div><span class='evcal_evdata_icons'><i class='fa fa-align-justify'><\/i><\/span>\n\t\t\t\t\t\t\t\n\t\t\t\t\t\t\t<div class='evcal_evdata_cell shorter_desc'><div class='eventon_details_shading_bot'>\n\t\t\t\t\t\t\t\t<p class='eventon_shad_p' content='less'><span class='ev_more_text' data-txt='Weniger anzeigen'>Mehr anzeigen<\/span><span class='ev_more_arrow'><\/span><\/p>\n\t\t\t\t\t\t\t<\/div><div class='eventon_full_description'>\n\t\t\t\t\t\t\t\t\t<h3 class='padb5 evo_h3'><span class='evcal_evdata_icons'><i class='fa fa-align-justify'><\/i><\/span>Event Details<\/h3><div class='eventon_desc_in' itemprop='description'>\n\t\t\t\t\t\t\t\t\t<p>Circa 150 junge Menschen waren 2019 bei unserer ersten Jugendkonferenz mit dabei. An diesen Erfolg wollten wir ankn\u00fcpfen. Deshalb konnten auch in diesem Jahr junge Menschen Ideen und Visionen f\u00fcr ihre Heimatgemeinden entwerfen und im Gespr\u00e4ch mit politisch Verantwortlichen diskutieren.<br \/>\nGemeinsam erarbeitete man Themen, die den Teilnehmer*innen wichtig sind und zu denen sie Ver\u00e4nderungen anregen m\u00f6chten. Es ging dabei um L\u00f6sungsvorschl\u00e4ge \u2013 pr\u00e4sentiert auf Augenh\u00f6he mit den Entscheidungstr\u00e4gern. Zum Abschluss folgten direkte Statements der Kommunalpolitiker, was umgesetzt werden k\u00f6nnte.<br \/>\nTeilnehmen konnten Jugendliche zwischen 13 und 16 Jahren aus dem Landkreis Passau \u00fcber ihre Schulen.<\/p>\n<\/div><div class='clear'><\/div>\n\t\t\t\t\t\t\t\t<\/div>\n\t\t\t\t\t\t\t<\/div>\n\t\t\t\t\t\t<\/div><div class='evo_metarow_organizer evorow evcal_evdata_row bordb evcal_evrow_sm '>\n\t\t\t\t\t\t\t<span class='evcal_evdata_icons'><i class='fa fa-address-book-o'><\/i><\/span>\n\t\t\t\t\t\t\t<div class='evcal_evdata_cell'>\t\t\t\t\t\t\t\n\t\t\t\t\t\t\t\t<h3 class='evo_h3'>Mitveranstalter \/ Partner<\/h3>\n\t\t\t\t\t\t\t\t<p class='evo_data_val evo_card_organizer_image'><img src='https:\/\/www.wochen-zur-demokratie.de\/archiv\/wp-content\/uploads\/2019\/08\/Logo-Kreisjugendring-Landkreis-300x130.jpg'\/><\/p>\n\t\t\t\t\t\t\t\t<div class='evo_card_organizer'><p class='evo_data_val evo_card_organizer_name'>\n\t\t\t\t\t\t\t\t\t<span class='evo_card_organizer_name_t'>Kreisjugendring Passau und Landkreis Passau<\/span>\n\t\t\t\t\t\t\t\t\t\n\t\t\t\t\t\t\t\t\t<\/p><\/div><div class='clear'><\/div>\t\t\t\t\t\t\t\n\t\t\t\t\t\t\t<\/div>\n\t\t\t\t\t\t<\/div>\t\t\t\t\t\t<div class='evo_metarow_ICS evorow bordb evcal_evdata_row'>\n\t\t\t\t\t\t\t<span class=\"evcal_evdata_icons\"><i class=\"fa fa-calendar\"><\/i><\/span>\n\t\t\t\t\t\t\t<div class='evcal_evdata_cell'>\n\t\t\t\t\t\t\t\t<p><a href='https:\/\/www.wochen-zur-demokratie.de\/archiv\/wp-admin\/admin-ajax.php?action=eventon_ics_download&amp;event_id=2632&amp;ri=0' class='evo_ics_nCal' title='Zum Ihrem Kalender hinzuf\u00fcgen'>Zum Kalender hinzuf\u00fcgen<\/a><a href='\/\/www.google.com\/calendar\/event?action=TEMPLATE&amp;text=Unser+Morgen+gestalten+wir+heute%21&amp;dates=20201124T220000Z\/20201125T215900Z&amp;details=Circa+150+junge+Menschen+waren+2019+bei+unserer+ersten+Jugendkonferenz+mit+dabei.+An+diesen+Erfolg+wollten+wir+ankn%C3%BCpfen.+Deshalb+konnten+auch+in+diesem+Jahr+junge+Menschen+Ideen+und+Visionen+f%C3%BCr&amp;location=Evangelische+Realschule%2C+Ortenburg - Ortenburg%2C+Evang.+Realschule' target='_blank' class='evo_ics_gCal' title='Zum Ihrem Google-Kalender hinzuf\u00fcgen'>GoogleCal<\/a><\/p>\t\n\t\t\t\t\t\t\t<\/div>\n\t\t\t\t\t\t<\/div>\n\t\t\t\t\t\t<div class='bordb evo_metarow_socialmedia evcal_evdata_row  lastrow'><div class='evo_sm FacebookShare'><a class=\" evo_ss\" target=\"_blank\" onclick=\"javascript:window.open(this.href, '', 'left=50,top=50,width=600,height=350,toolbar=0');return false;\"\n\t\t\t\t\t\t\t\thref=\"http:\/\/www.facebook.com\/sharer.php?u=https%3A%2F%2Fwww.wochen-zur-demokratie.de%2Farchiv%2Fevents%2Funser-morgen-gestalten-wir-heute-3%2F\" title=\"Diese Veranstaltung auf Facebook teilen\"><i class=\"fa fa-facebook\"><\/i><\/a><\/div><div class='evo_sm Twitter'><a class=\"tw evo_ss\" onclick=\"javascript:window.open(this.href, '', 'menubar=no,toolbar=no,resizable=yes,scrollbars=yes,height=300,width=600');return false;\" href=\"http:\/\/twitter.com\/intent\/tweet?text=Unser Morgen gestalten wir heute!&#32;-&#32;&url=https%3A%2F%2Fwww.wochen-zur-demokratie.de%2Farchiv%2Fevents%2Funser-morgen-gestalten-wir-heute-3%2F\" title=\"Diese Veranstaltung auf Twitter teilen\" rel=\"nofollow\" target=\"_blank\" data-url=\"https%3A%2F%2Fwww.wochen-zur-demokratie.de%2Farchiv%2Fevents%2Funser-morgen-gestalten-wir-heute-3%2F\"><i class=\"fa fa-twitter\"><\/i><\/a><\/div><div class='evo_sm LinkedIn'><a class=\"li evo_ss\" href=\"http:\/\/www.linkedin.com\/shareArticle?mini=true&url=https%3A%2F%2Fwww.wochen-zur-demokratie.de%2Farchiv%2Fevents%2Funser-morgen-gestalten-wir-heute-3%2F&title=Unser%20Morgen%20gestalten%20wir%20heute%21&summary=Circa+150+junge+Menschen+waren+2019+bei+unserer+ersten+Jugendkonferenz+mit+dabei.+An+diesen+Erfolg+wollten\" target=\"_blank\" title=\"Diese Veranstaltung auf Linkedin teilen\"><i class=\"fa fa-linkedin\"><\/i><\/a><\/div><div class='evo_sm EmailShare'><a class=\"em evo_ss\" href=\"mailto:?subject=Unser Morgen gestalten wir heute!&body=Event Name: Unser Morgen gestalten wir heute!%0AEvent Date: 25\/11\/2020 (ganzt\u00e4gig)%0ALink: https%3A%2F%2Fwww.wochen-zur-demokratie.de%2Farchiv%2Fevents%2Funser-morgen-gestalten-wir-heute-3%2F%0A\" target=\"_blank\"><i class=\"fa fa-envelope\"><\/i><\/a><\/div><div class='clear'><\/div><div class='evcal_evdata_row evcal_close' title='Close'><\/div><\/div><div class='evo_card_row_end evcal_close' title='Close'><\/div><\/div><div class='clear end'><\/div><\/div>\t\t\t<div class='clear'><\/div>\n\t\t\t<\/div><!-- #evcal_list-->\n\t\t\t<div class='clear'><\/div>\n\n\t\t\t\t\n\t\t\t\n\t\t\t\t\t\t<\/div><!-- .ajde_evcal_calendar-->\n\n\t\t\t[\/et_pb_text][\/et_pb_column][\/et_pb_row][\/et_pb_section][et_pb_section fb_built=&#8220;1&#8243; admin_label=&#8220;Section Veranstalter&#8220; module_id=&#8220;veranstalter&#8220; _builder_version=&#8220;3.27.2&#8243; background_color=&#8220;#ffffff&#8220; custom_padding=&#8220;0px||0px||false|false&#8220; locked=&#8220;off&#8220;][et_pb_row _builder_version=&#8220;3.26.3&#8243; width=&#8220;100%&#8220; max_width=&#8220;none&#8220; custom_padding=&#8220;0px||0px||false|false&#8220;][et_pb_column type=&#8220;4_4&#8243; _builder_version=&#8220;3.26.3&#8243;][et_pb_image src=&#8220;https:\/\/www.wochen-zur-demokratie.de\/archiv\/wp-content\/uploads\/2021\/07\/wzd_divider-veranstalter-2020-dt_1920.png&#8220; title_text=&#8220;wzd_divider-veranstalter-2020-ph_1080&#8243; force_fullwidth=&#8220;on&#8220; src_tablet=&#8220;https:\/\/www.wochen-zur-demokratie.de\/archiv\/wp-content\/uploads\/2021\/07\/wzd_divider-veranstalter-2020-dt_1920.png&#8220; src_phone=&#8220;https:\/\/www.wochen-zur-demokratie.de\/archiv\/wp-content\/uploads\/2021\/07\/wzd_divider-veranstalter-2020-ph_1080.png&#8220; src_last_edited=&#8220;on|phone&#8220; _builder_version=&#8220;4.9.7&#8243;][\/et_pb_image][\/et_pb_column][\/et_pb_row][et_pb_row column_structure=&#8220;1_4,1_4,1_4,1_4&#8243; use_custom_gutter=&#8220;on&#8220; gutter_width=&#8220;2&#8243; _builder_version=&#8220;3.27.2&#8243; background_enable_color=&#8220;off&#8220; custom_padding=&#8220;60px||60px|||&#8220; locked=&#8220;off&#8220;][et_pb_column type=&#8220;1_4&#8243; _builder_version=&#8220;3.26.3&#8243;][et_pb_image src=&#8220;https:\/\/www.wochen-zur-demokratie.de\/archiv\/wp-content\/uploads\/2019\/08\/veranstalter-passau_300.jpg&#8220; url=&#8220;https:\/\/www.passau.de\/&#8220; url_new_window=&#8220;on&#8220; admin_label=&#8220;Passau&#8220; _builder_version=&#8220;3.27.4&#8243; locked=&#8220;off&#8220;][\/et_pb_image][\/et_pb_column][et_pb_column type=&#8220;1_4&#8243; _builder_version=&#8220;3.26.3&#8243;][et_pb_image src=&#8220;https:\/\/www.wochen-zur-demokratie.de\/archiv\/wp-content\/uploads\/2019\/08\/veranstalter-landkreis-passau_300.jpg&#8220; url=&#8220;https:\/\/www.landkreis-passau.de\/&#8220; url_new_window=&#8220;on&#8220; admin_label=&#8220;LK Passau&#8220; _builder_version=&#8220;3.27.4&#8243; locked=&#8220;off&#8220;][\/et_pb_image][\/et_pb_column][et_pb_column type=&#8220;1_4&#8243; _builder_version=&#8220;3.26.3&#8243;][et_pb_image src=&#8220;https:\/\/www.wochen-zur-demokratie.de\/archiv\/wp-content\/uploads\/2020\/09\/wzd-logo-2020-gross.jpg&#8220; title_text=&#8220;wzd-logo-2020-gross&#8220; admin_label=&#8220;Wozu Demo.&#8220; _builder_version=&#8220;4.6.1&#8243; max_width=&#8220;150px&#8220; module_alignment=&#8220;center&#8220;][\/et_pb_image][\/et_pb_column][et_pb_column type=&#8220;1_4&#8243; _builder_version=&#8220;3.26.3&#8243;][et_pb_image src=&#8220;https:\/\/www.wochen-zur-demokratie.de\/archiv\/wp-content\/uploads\/2019\/07\/logo-offene-gesellschaft.jpg&#8220; disabled_on=&#8220;on|on|on&#8220; admin_label=&#8220;DOG&#8220; _builder_version=&#8220;4.4.1&#8243; disabled=&#8220;on&#8220;][\/et_pb_image][\/et_pb_column][\/et_pb_row][\/et_pb_section][et_pb_section fb_built=&#8220;1&#8243; admin_label=&#8220;Section F\u00f6rderer&#8220; module_id=&#8220;foerderer&#8220; _builder_version=&#8220;4.3.2&#8243; background_color=&#8220;#ffffff&#8220; custom_padding=&#8220;0px||40px||false|false&#8220; locked=&#8220;off&#8220;][et_pb_row _builder_version=&#8220;3.26.3&#8243; width=&#8220;100%&#8220; max_width=&#8220;none&#8220; custom_padding=&#8220;0px||0px||false|false&#8220;][et_pb_column type=&#8220;4_4&#8243; _builder_version=&#8220;3.26.3&#8243;][et_pb_image src=&#8220;https:\/\/www.wochen-zur-demokratie.de\/archiv\/wp-content\/uploads\/2021\/07\/wzd_divider-foerderer-2020-dt_1920.png&#8220; title_text=&#8220;wzd_divider-foerderer-2020-ph_1080&#8243; force_fullwidth=&#8220;on&#8220; src_tablet=&#8220;https:\/\/www.wochen-zur-demokratie.de\/archiv\/wp-content\/uploads\/2021\/07\/wzd_divider-foerderer-2020-dt_1920.png&#8220; src_phone=&#8220;https:\/\/www.wochen-zur-demokratie.de\/archiv\/wp-content\/uploads\/2021\/07\/wzd_divider-foerderer-2020-ph_1080.png&#8220; src_last_edited=&#8220;on|desktop&#8220; _builder_version=&#8220;4.9.7&#8243;][\/et_pb_image][\/et_pb_column][\/et_pb_row][et_pb_row column_structure=&#8220;1_4,1_4,1_4,1_4&#8243; use_custom_gutter=&#8220;on&#8220; gutter_width=&#8220;2&#8243; make_equal=&#8220;on&#8220; _builder_version=&#8220;3.27.4&#8243; background_enable_color=&#8220;off&#8220; custom_padding=&#8220;40px||0px|||&#8220; locked=&#8220;off&#8220;][et_pb_column type=&#8220;1_4&#8243; module_class=&#8220;vertical-align&#8220; _builder_version=&#8220;3.27.4&#8243;][et_pb_image src=&#8220;https:\/\/www.wochen-zur-demokratie.de\/archiv\/wp-content\/uploads\/2019\/09\/logo-sparkassenstiftung.jpg&#8220; url=&#8220;https:\/\/www.sparkasse-passau.de\/de\/home\/ihre-sparkasse\/die-sparkassenstiftung.html&#8220; url_new_window=&#8220;on&#8220; align=&#8220;center&#8220; disabled_on=&#8220;off|off|off&#8220; admin_label=&#8220;Stiftung Sparkasse&#8220; _builder_version=&#8220;4.4.1&#8243; width=&#8220;180px&#8220; locked=&#8220;off&#8220;][\/et_pb_image][\/et_pb_column][et_pb_column type=&#8220;1_4&#8243; module_class=&#8220;vertical-align&#8220; _builder_version=&#8220;3.27.4&#8243;][et_pb_image src=&#8220;https:\/\/www.wochen-zur-demokratie.de\/archiv\/wp-content\/uploads\/2019\/08\/foerderer-stiftung-passauer-neuer-presse_300.jpg&#8220; url=&#8220;https:\/\/www.pnp-stiftung.de\/&#8220; url_new_window=&#8220;on&#8220; align=&#8220;center&#8220; disabled_on=&#8220;off|off|off&#8220; admin_label=&#8220;PNP Stiftung&#8220; _builder_version=&#8220;4.4.1&#8243; module_alignment=&#8220;center&#8220; locked=&#8220;off&#8220;][\/et_pb_image][\/et_pb_column][et_pb_column type=&#8220;1_4&#8243; module_class=&#8220;vertical-align&#8220; _builder_version=&#8220;3.27.4&#8243;][et_pb_image src=&#8220;https:\/\/www.wochen-zur-demokratie.de\/archiv\/wp-content\/uploads\/2019\/09\/Logo-maierkorduletsch-web.jpg&#8220; url=&#8220;https:\/\/www.maierkorduletsch.de\/&#8220; url_new_window=&#8220;on&#8220; disabled_on=&#8220;off|off|off&#8220; admin_label=&#8220;MaierKorduletsch&#8220; _builder_version=&#8220;4.4.1&#8243; transform_scale=&#8220;80%|80%&#8220; locked=&#8220;off&#8220;][\/et_pb_image][\/et_pb_column][et_pb_column type=&#8220;1_4&#8243; module_class=&#8220;vertical-align&#8220; _builder_version=&#8220;3.27.4&#8243;][et_pb_image src=&#8220;https:\/\/www.wochen-zur-demokratie.de\/archiv\/wp-content\/uploads\/2020\/08\/Logo-LAG.jpg&#8220; url=&#8220;https:\/\/www.lag-passauer-land.de\/&#8220; url_new_window=&#8220;on&#8220; admin_label=&#8220;LAG&#8220; _builder_version=&#8220;4.4.1&#8243;][\/et_pb_image][\/et_pb_column][\/et_pb_row][et_pb_row column_structure=&#8220;1_4,1_4,1_4,1_4&#8243; _builder_version=&#8220;4.4.1&#8243; locked=&#8220;off&#8220;][et_pb_column type=&#8220;1_4&#8243; _builder_version=&#8220;4.4.1&#8243;][et_pb_image src=&#8220;https:\/\/www.wochen-zur-demokratie.de\/archiv\/wp-content\/uploads\/2019\/09\/logo_sparkasse_passau.jpg&#8220; url=&#8220;https:\/\/www.sparkasse-passau.de&#8220; url_new_window=&#8220;on&#8220; admin_label=&#8220;Spk Passau&#8220; _builder_version=&#8220;4.4.1&#8243;][\/et_pb_image][\/et_pb_column][et_pb_column type=&#8220;1_4&#8243; _builder_version=&#8220;4.4.1&#8243;][et_pb_image src=&#8220;https:\/\/www.wochen-zur-demokratie.de\/archiv\/wp-content\/uploads\/2020\/08\/logo-foerderfonds_demokratie.jpg&#8220; url=&#8220;https:\/\/www.foerderfonds-demokratie.de\/startseite&#8220; url_new_window=&#8220;on&#8220; align=&#8220;center&#8220; admin_label=&#8220;F\u00f6rderfonds Demokratie&#8220; _builder_version=&#8220;4.4.1&#8243; module_alignment=&#8220;center&#8220;][\/et_pb_image][\/et_pb_column][et_pb_column type=&#8220;1_4&#8243; _builder_version=&#8220;4.4.1&#8243;][et_pb_image src=&#8220;https:\/\/www.wochen-zur-demokratie.de\/archiv\/wp-content\/uploads\/2019\/09\/Logo-FES.jpeg&#8220; url=&#8220;https:\/\/www.fes.de\/regionalbuero-regensburg&#8220; url_new_window=&#8220;on&#8220; disabled_on=&#8220;off|off|off&#8220; admin_label=&#8220;FES&#8220; _builder_version=&#8220;4.4.1&#8243; transform_translate=&#8220;40px|0px&#8220; locked=&#8220;off&#8220;][\/et_pb_image][\/et_pb_column][et_pb_column type=&#8220;1_4&#8243; _builder_version=&#8220;4.4.1&#8243;][et_pb_image src=&#8220;https:\/\/www.wochen-zur-demokratie.de\/archiv\/wp-content\/uploads\/2019\/09\/logo-kultursponsoren.jpg&#8220; url=&#8220;https:\/\/kultursponsoren-landkreis-passau.de\/&#8220; url_new_window=&#8220;on&#8220; admin_label=&#8220;Kultursponsoren LK PA&#8220; _builder_version=&#8220;4.4.1&#8243;][\/et_pb_image][\/et_pb_column][\/et_pb_row][et_pb_row column_structure=&#8220;1_4,1_4,1_4,1_4&#8243; _builder_version=&#8220;4.6.5&#8243; _module_preset=&#8220;default&#8220; locked=&#8220;off&#8220;][et_pb_column type=&#8220;1_4&#8243; _builder_version=&#8220;4.6.5&#8243; _module_preset=&#8220;default&#8220;][et_pb_image src=&#8220;https:\/\/www.wochen-zur-demokratie.de\/archiv\/wp-content\/uploads\/2020\/11\/Logo-ZF_Friedrichshafen-web.jpg&#8220; title_text=&#8220;Logo-ZF_Friedrichshafen-web&#8220; url=&#8220;https:\/\/www.zf.com&#8220; url_new_window=&#8220;on&#8220; align=&#8220;center&#8220; admin_label=&#8220;ZF&#8220; _builder_version=&#8220;4.6.5&#8243; _module_preset=&#8220;default&#8220;][\/et_pb_image][\/et_pb_column][et_pb_column type=&#8220;1_4&#8243; _builder_version=&#8220;4.6.5&#8243; _module_preset=&#8220;default&#8220;][\/et_pb_column][et_pb_column type=&#8220;1_4&#8243; _builder_version=&#8220;4.6.5&#8243; _module_preset=&#8220;default&#8220;][\/et_pb_column][et_pb_column type=&#8220;1_4&#8243; _builder_version=&#8220;4.6.5&#8243; _module_preset=&#8220;default&#8220;][\/et_pb_column][\/et_pb_row][\/et_pb_section][et_pb_section fb_built=&#8220;1&#8243; admin_label=&#8220;Section Partner&#8220; module_id=&#8220;partner&#8220; _builder_version=&#8220;3.27.2&#8243; background_color=&#8220;#ffffff&#8220; custom_padding=&#8220;0px||0px||false|false&#8220; locked=&#8220;off&#8220;][et_pb_row _builder_version=&#8220;3.26.3&#8243; width=&#8220;100%&#8220; max_width=&#8220;none&#8220; custom_padding=&#8220;0px||0px||false|false&#8220;][et_pb_column type=&#8220;4_4&#8243; _builder_version=&#8220;3.26.3&#8243;][et_pb_image src=&#8220;https:\/\/www.wochen-zur-demokratie.de\/archiv\/wp-content\/uploads\/2021\/07\/wzd_divider-partner-2020-dt_1920.png&#8220; force_fullwidth=&#8220;on&#8220; src_tablet=&#8220;https:\/\/www.wochen-zur-demokratie.de\/archiv\/wp-content\/uploads\/2021\/07\/wzd_divider-partner-2020-dt_1920.png&#8220; src_phone=&#8220;https:\/\/www.wochen-zur-demokratie.de\/archiv\/wp-content\/uploads\/2021\/07\/wzd_divider-partner-2020-ph_1080.png&#8220; src_last_edited=&#8220;on|tablet&#8220; admin_label=&#8220;Image Partner Divider&#8220; _builder_version=&#8220;4.9.7&#8243; hover_enabled=&#8220;0&#8243; title_text=&#8220;wzd_divider-partner-2020-ph_1080&#8243; sticky_enabled=&#8220;0&#8243;][\/et_pb_image][\/et_pb_column][\/et_pb_row][\/et_pb_section][et_pb_section fb_built=&#8220;1&#8243; _builder_version=&#8220;3.26.3&#8243; locked=&#8220;off&#8220;][et_pb_row column_structure=&#8220;1_6,1_6,1_6,1_6,1_6,1_6&#8243; use_custom_gutter=&#8220;on&#8220; gutter_width=&#8220;2&#8243; make_equal=&#8220;on&#8220; _builder_version=&#8220;3.27.4&#8243; width=&#8220;90%&#8220; max_width=&#8220;1180px&#8220; custom_padding=&#8220;20px||20px||false|false&#8220; locked=&#8220;off&#8220;][et_pb_column type=&#8220;1_6&#8243; module_class=&#8220;vertical-align&#8220; _builder_version=&#8220;3.27.4&#8243;][et_pb_image src=&#8220;https:\/\/www.wochen-zur-demokratie.de\/archiv\/wp-content\/uploads\/2019\/07\/Logo-CineplexPassau.jpg&#8220; url=&#8220;https:\/\/www.cineplex.de\/passau\/&#8220; url_new_window=&#8220;on&#8220; align=&#8220;center&#8220; admin_label=&#8220;Cineplex&#8220; _builder_version=&#8220;3.27.4&#8243;][\/et_pb_image][\/et_pb_column][et_pb_column type=&#8220;1_6&#8243; module_class=&#8220;vertical-align&#8220; _builder_version=&#8220;3.27.4&#8243;][et_pb_image src=&#8220;https:\/\/www.wochen-zur-demokratie.de\/archiv\/wp-content\/uploads\/2019\/09\/Logo-ProLi.jpg&#8220; url=&#8220;https:\/\/proli.cafe\/&#8220; url_new_window=&#8220;on&#8220; align=&#8220;center&#8220; admin_label=&#8220;ProLi&#8220; _builder_version=&#8220;3.27.4&#8243; width=&#8220;120px&#8220; locked=&#8220;off&#8220;][\/et_pb_image][\/et_pb_column][et_pb_column type=&#8220;1_6&#8243; module_class=&#8220;vertical-align&#8220; _builder_version=&#8220;3.27.4&#8243;][et_pb_image src=&#8220;https:\/\/www.wochen-zur-demokratie.de\/archiv\/wp-content\/uploads\/2019\/09\/Logo-Uni-Passau.jpg&#8220; url=&#8220;https:\/\/www.uni-passau.de\/&#8220; url_new_window=&#8220;on&#8220; align=&#8220;center&#8220; admin_label=&#8220;Uni Passau&#8220; _builder_version=&#8220;3.27.4&#8243; locked=&#8220;off&#8220;][\/et_pb_image][\/et_pb_column][et_pb_column type=&#8220;1_6&#8243; module_class=&#8220;vertical-align&#8220; _builder_version=&#8220;3.27.4&#8243;][et_pb_image src=&#8220;https:\/\/www.wochen-zur-demokratie.de\/archiv\/wp-content\/uploads\/2019\/10\/logo-theatercafe.png&#8220; url=&#8220;http:\/\/www.cafe-aquarium.eu\/&#8220; url_new_window=&#8220;on&#8220; admin_label=&#8220;Theatercafe&#8220; _builder_version=&#8220;3.29.2&#8243;][\/et_pb_image][\/et_pb_column][et_pb_column type=&#8220;1_6&#8243; module_class=&#8220;vertical-align&#8220; _builder_version=&#8220;3.27.4&#8243;][et_pb_image src=&#8220;https:\/\/www.wochen-zur-demokratie.de\/archiv\/wp-content\/uploads\/2019\/07\/logo-lebenundlernenineuropa.jpg&#8220; url=&#8220;https:\/\/gemeinsam-in-europa.de\/&#8220; url_new_window=&#8220;on&#8220; align=&#8220;center&#8220; admin_label=&#8220;Gemeinsam e.V.&#8220; _builder_version=&#8220;3.27.4&#8243; width=&#8220;140px&#8220; locked=&#8220;off&#8220;][\/et_pb_image][\/et_pb_column][et_pb_column type=&#8220;1_6&#8243; module_class=&#8220;vertical-align&#8220; _builder_version=&#8220;3.27.4&#8243;][et_pb_image src=&#8220;https:\/\/www.wochen-zur-demokratie.de\/archiv\/wp-content\/uploads\/2019\/09\/Logo-Landestheater-Niederbayern.jpg&#8220; url=&#8220;https:\/\/www.landestheater-niederbayern.de\/&#8220; url_new_window=&#8220;on&#8220; align=&#8220;center&#8220; admin_label=&#8220;Landestheater&#8220; _builder_version=&#8220;3.27.4&#8243; locked=&#8220;off&#8220;][\/et_pb_image][\/et_pb_column][\/et_pb_row][et_pb_row column_structure=&#8220;1_6,1_6,1_6,1_6,1_6,1_6&#8243; use_custom_gutter=&#8220;on&#8220; gutter_width=&#8220;2&#8243; make_equal=&#8220;on&#8220; _builder_version=&#8220;3.27.4&#8243; width=&#8220;90%&#8220; max_width=&#8220;1180px&#8220; custom_padding=&#8220;20px||20px||false|false&#8220; locked=&#8220;off&#8220;][et_pb_column type=&#8220;1_6&#8243; module_class=&#8220;vertical-align&#8220; _builder_version=&#8220;3.27.4&#8243;][et_pb_image src=&#8220;https:\/\/www.wochen-zur-demokratie.de\/archiv\/wp-content\/uploads\/2020\/08\/Logo-Kukuk-web.jpg&#8220; url=&#8220;http:\/\/www.kukuk-obernzell.de\/Joomla\/&#8220; url_new_window=&#8220;on&#8220; admin_label=&#8220;KuKuK&#8220; _builder_version=&#8220;4.4.1&#8243;][\/et_pb_image][\/et_pb_column][et_pb_column type=&#8220;1_6&#8243; module_class=&#8220;vertical-align&#8220; _builder_version=&#8220;3.27.4&#8243;][et_pb_image src=&#8220;https:\/\/www.wochen-zur-demokratie.de\/archiv\/wp-content\/uploads\/2020\/08\/logo-LAG-Aldersbach-Aidenbach.png&#8220; url=&#8220;http:\/\/lag-maedchenpolitik-bayern.de\/&#8220; url_new_window=&#8220;on&#8220; admin_label=&#8220;LAG M\u00e4dchen&#8220; _builder_version=&#8220;4.4.1&#8243;][\/et_pb_image][\/et_pb_column][et_pb_column type=&#8220;1_6&#8243; module_class=&#8220;vertical-align&#8220; _builder_version=&#8220;3.27.4&#8243;][et_pb_image src=&#8220;https:\/\/www.wochen-zur-demokratie.de\/archiv\/wp-content\/uploads\/2019\/09\/Logo-Montessouri.jpg&#8220; url=&#8220;https:\/\/www.montessori-passau.de\/&#8220; url_new_window=&#8220;on&#8220; align=&#8220;center&#8220; admin_label=&#8220;Montessori&#8220; _builder_version=&#8220;3.27.4&#8243; locked=&#8220;off&#8220;][\/et_pb_image][\/et_pb_column][et_pb_column type=&#8220;1_6&#8243; module_class=&#8220;vertical-align&#8220; _builder_version=&#8220;3.27.4&#8243;][et_pb_image src=&#8220;https:\/\/www.wochen-zur-demokratie.de\/archiv\/wp-content\/uploads\/2019\/07\/logo-wurzelwerke.jpg&#8220; url=&#8220;https:\/\/www.vereinte-wurzelwerke.de\/&#8220; url_new_window=&#8220;on&#8220; align=&#8220;center&#8220; admin_label=&#8220;Wurzelwerke&#8220; _builder_version=&#8220;3.27.4&#8243; locked=&#8220;off&#8220;][\/et_pb_image][\/et_pb_column][et_pb_column type=&#8220;1_6&#8243; module_class=&#8220;vertical-align&#8220; _builder_version=&#8220;3.27.4&#8243;][et_pb_image src=&#8220;https:\/\/www.wochen-zur-demokratie.de\/archiv\/wp-content\/uploads\/2019\/07\/logo-architekturforum_passau_ev.jpg&#8220; url=&#8220;http:\/\/www.architekturforum-passau.de\/&#8220; url_new_window=&#8220;on&#8220; align=&#8220;center&#8220; admin_label=&#8220;architekturforum&#8220; _builder_version=&#8220;3.27.4&#8243; locked=&#8220;off&#8220;][\/et_pb_image][\/et_pb_column][et_pb_column type=&#8220;1_6&#8243; module_class=&#8220;vertical-align&#8220; _builder_version=&#8220;3.27.4&#8243;][et_pb_image src=&#8220;https:\/\/www.wochen-zur-demokratie.de\/archiv\/wp-content\/uploads\/2019\/07\/logo-TheaterEigenart.jpg&#8220; url=&#8220;http:\/\/www.theatereigenart.de\/&#8220; url_new_window=&#8220;on&#8220; align=&#8220;center&#8220; admin_label=&#8220;EigenArt&#8220; _builder_version=&#8220;3.27.4&#8243;][\/et_pb_image][\/et_pb_column][\/et_pb_row][et_pb_row column_structure=&#8220;1_6,1_6,1_6,1_6,1_6,1_6&#8243; use_custom_gutter=&#8220;on&#8220; gutter_width=&#8220;2&#8243; make_equal=&#8220;on&#8220; _builder_version=&#8220;3.27.4&#8243; width=&#8220;90%&#8220; max_width=&#8220;1180px&#8220; custom_padding=&#8220;20px||20px||false|false&#8220; locked=&#8220;off&#8220;][et_pb_column type=&#8220;1_6&#8243; module_class=&#8220;vertical-align&#8220; _builder_version=&#8220;3.27.4&#8243;][et_pb_image src=&#8220;https:\/\/www.wochen-zur-demokratie.de\/archiv\/wp-content\/uploads\/2019\/09\/logo-buecher-pustet.jpg&#8220; url=&#8220;https:\/\/www.pustet.de\/shop\/magazine\/49131\/passau.html&#8220; url_new_window=&#8220;on&#8220; align=&#8220;center&#8220; admin_label=&#8220;B\u00fccher pustet&#8220; _builder_version=&#8220;3.27.4&#8243;][\/et_pb_image][\/et_pb_column][et_pb_column type=&#8220;1_6&#8243; module_class=&#8220;vertical-align&#8220; _builder_version=&#8220;3.27.4&#8243;][et_pb_image src=&#8220;https:\/\/www.wochen-zur-demokratie.de\/archiv\/wp-content\/uploads\/2019\/09\/logo-rupprecht.jpg&#8220; url=&#8220;https:\/\/www.rupprecht.de\/shop\/magazine\/96495\/filiale_passau.html&#8220; url_new_window=&#8220;on&#8220; align=&#8220;center&#8220; admin_label=&#8220;Rupprecht&#8220; _builder_version=&#8220;3.27.4&#8243; width=&#8220;150px&#8220; locked=&#8220;off&#8220;][\/et_pb_image][\/et_pb_column][et_pb_column type=&#8220;1_6&#8243; module_class=&#8220;vertical-align&#8220; _builder_version=&#8220;3.27.4&#8243;][et_pb_image src=&#8220;https:\/\/www.wochen-zur-demokratie.de\/archiv\/wp-content\/uploads\/2019\/09\/logo-henke.jpg&#8220; url=&#8220;https:\/\/antiquariat-henke.de\/&#8220; url_new_window=&#8220;on&#8220; align=&#8220;center&#8220; admin_label=&#8220;Henke&#8220; _builder_version=&#8220;3.27.4&#8243; locked=&#8220;off&#8220;][\/et_pb_image][\/et_pb_column][et_pb_column type=&#8220;1_6&#8243; module_class=&#8220;vertical-align&#8220; _builder_version=&#8220;3.27.4&#8243;][et_pb_image src=&#8220;https:\/\/www.wochen-zur-demokratie.de\/archiv\/wp-content\/uploads\/2019\/07\/logo-kabrettl.jpg&#8220; url=&#8220;https:\/\/plus.pnp.de\/lokales\/passau_land\/3440222_Rotes-Bayern-Es-lebe-der-Freistaat.html&#8220; url_new_window=&#8220;on&#8220; align=&#8220;center&#8220; admin_label=&#8220;Kabrettl&#8220; _builder_version=&#8220;3.27.4&#8243; locked=&#8220;off&#8220;][\/et_pb_image][\/et_pb_column][et_pb_column type=&#8220;1_6&#8243; module_class=&#8220;vertical-align&#8220; _builder_version=&#8220;3.27.4&#8243;][et_pb_image src=&#8220;https:\/\/www.wochen-zur-demokratie.de\/archiv\/wp-content\/uploads\/2019\/09\/logo-cafe-museum.jpg&#8220; url=&#8220;https:\/\/www.cafe-museum.de\/&#8220; url_new_window=&#8220;on&#8220; align=&#8220;center&#8220; admin_label=&#8220;Cafe Museum&#8220; _builder_version=&#8220;3.27.4&#8243; width=&#8220;140px&#8220; locked=&#8220;off&#8220;][\/et_pb_image][\/et_pb_column][et_pb_column type=&#8220;1_6&#8243; module_class=&#8220;vertical-align&#8220; _builder_version=&#8220;3.27.4&#8243;][et_pb_image src=&#8220;https:\/\/www.wochen-zur-demokratie.de\/archiv\/wp-content\/uploads\/2019\/07\/Logo-BonMots.jpg&#8220; url=&#8220;https:\/\/www.cafe-museum.de\/programm-cafe-museum\/bon-mots-ein-lesereigen-fuer-sprachbegeistserte-157.html&#8220; url_new_window=&#8220;on&#8220; align=&#8220;center&#8220; admin_label=&#8220;Bon Mots&#8220; _builder_version=&#8220;3.27.4&#8243; locked=&#8220;off&#8220;][\/et_pb_image][\/et_pb_column][\/et_pb_row][et_pb_row column_structure=&#8220;1_6,1_6,1_6,1_6,1_6,1_6&#8243; use_custom_gutter=&#8220;on&#8220; gutter_width=&#8220;2&#8243; make_equal=&#8220;on&#8220; _builder_version=&#8220;3.27.4&#8243; width=&#8220;90%&#8220; max_width=&#8220;1180px&#8220; custom_padding=&#8220;20px||20px||false|false&#8220; locked=&#8220;off&#8220;][et_pb_column type=&#8220;1_6&#8243; module_class=&#8220;vertical-align&#8220; _builder_version=&#8220;3.27.4&#8243;][et_pb_image src=&#8220;https:\/\/www.wochen-zur-demokratie.de\/archiv\/wp-content\/uploads\/2019\/09\/logo-oberhaus.jpg&#8220; url=&#8220;https:\/\/www.oberhausmuseum.de\/&#8220; url_new_window=&#8220;on&#8220; align=&#8220;center&#8220; admin_label=&#8220;Oberhaus&#8220; _builder_version=&#8220;3.27.4&#8243; width=&#8220;140px&#8220;][\/et_pb_image][\/et_pb_column][et_pb_column type=&#8220;1_6&#8243; module_class=&#8220;vertical-align&#8220; _builder_version=&#8220;3.27.4&#8243;][et_pb_image src=&#8220;https:\/\/www.wochen-zur-demokratie.de\/archiv\/wp-content\/uploads\/2020\/08\/Logo-LMU.png&#8220; url=&#8220;https:\/\/www.uni-muenchen.de\/index.html&#8220; url_new_window=&#8220;on&#8220; admin_label=&#8220;LMU&#8220; _builder_version=&#8220;4.4.1&#8243;][\/et_pb_image][\/et_pb_column][et_pb_column type=&#8220;1_6&#8243; module_class=&#8220;vertical-align&#8220; _builder_version=&#8220;3.27.4&#8243;][et_pb_image src=&#8220;https:\/\/www.wochen-zur-demokratie.de\/archiv\/wp-content\/uploads\/2019\/07\/Logo-KEB-Stadt-Landkreis-Passau.jpg&#8220; url=&#8220;https:\/\/www.keb-passau.de\/&#8220; url_new_window=&#8220;on&#8220; align=&#8220;center&#8220; admin_label=&#8220;KEB&#8220; _builder_version=&#8220;3.27.4&#8243; locked=&#8220;off&#8220;][\/et_pb_image][\/et_pb_column][et_pb_column type=&#8220;1_6&#8243; module_class=&#8220;vertical-align&#8220; _builder_version=&#8220;3.27.4&#8243;][et_pb_image src=&#8220;https:\/\/www.wochen-zur-demokratie.de\/archiv\/wp-content\/uploads\/2019\/09\/logo-dioezesanrat.jpg&#8220; url=&#8220;https:\/\/www.dioezesanrat-passau.de\/&#8220; url_new_window=&#8220;on&#8220; align=&#8220;center&#8220; admin_label=&#8220;Di\u00f6zesanrat&#8220; _builder_version=&#8220;3.27.4&#8243; width=&#8220;130px&#8220; locked=&#8220;off&#8220;][\/et_pb_image][\/et_pb_column][et_pb_column type=&#8220;1_6&#8243; module_class=&#8220;vertical-align&#8220; _builder_version=&#8220;3.27.4&#8243;][et_pb_image src=&#8220;https:\/\/www.wochen-zur-demokratie.de\/archiv\/wp-content\/uploads\/2019\/07\/Logo-duftleben.jpg&#8220; url=&#8220;http:\/\/www.cafe-duftleben.de\/&#8220; url_new_window=&#8220;on&#8220; align=&#8220;center&#8220; admin_label=&#8220;Duftleben&#8220; _builder_version=&#8220;3.27.4&#8243; locked=&#8220;off&#8220;][\/et_pb_image][\/et_pb_column][et_pb_column type=&#8220;1_6&#8243; module_class=&#8220;vertical-align&#8220; _builder_version=&#8220;3.27.4&#8243;][et_pb_image src=&#8220;https:\/\/www.wochen-zur-demokratie.de\/archiv\/wp-content\/uploads\/2019\/09\/logo-kjr.jpg&#8220; url=&#8220;https:\/\/www.kjr-passau.de\/&#8220; url_new_window=&#8220;on&#8220; align=&#8220;center&#8220; admin_label=&#8220;KJR&#8220; _builder_version=&#8220;3.27.4&#8243; width=&#8220;120px&#8220; locked=&#8220;off&#8220;][\/et_pb_image][\/et_pb_column][\/et_pb_row][et_pb_row column_structure=&#8220;1_6,1_6,1_6,1_6,1_6,1_6&#8243; use_custom_gutter=&#8220;on&#8220; gutter_width=&#8220;2&#8243; make_equal=&#8220;on&#8220; _builder_version=&#8220;4.4.1&#8243; width=&#8220;90%&#8220; max_width=&#8220;1180px&#8220; custom_padding=&#8220;20px||20px||false|false&#8220; locked=&#8220;off&#8220;][et_pb_column type=&#8220;1_6&#8243; _builder_version=&#8220;4.4.1&#8243;][et_pb_image src=&#8220;https:\/\/www.wochen-zur-demokratie.de\/archiv\/wp-content\/uploads\/2020\/08\/logo-BBK_Ndb.jpg&#8220; url=&#8220;https:\/\/www.bbk-niederbayern.de\/&#8220; url_new_window=&#8220;on&#8220; align=&#8220;center&#8220; admin_label=&#8220;BBK&#8220; _builder_version=&#8220;4.4.1&#8243; width=&#8220;140px&#8220;][\/et_pb_image][\/et_pb_column][et_pb_column type=&#8220;1_6&#8243; _builder_version=&#8220;4.4.1&#8243;][et_pb_image src=&#8220;https:\/\/www.wochen-zur-demokratie.de\/archiv\/wp-content\/uploads\/2020\/08\/logo-bru\u0308ckenfu\u0308rdenfrieden.jpg&#8220; url=&#8220;https:\/\/www.vilshofen.de\/index.php\/vereine-parteien\/112-religi%C3%B6se-einrichtungen\/301-br%C3%BCcken-f%C3%BCr-den-frieden&#8220; url_new_window=&#8220;on&#8220; admin_label=&#8220;Br\u00fccken fdF&#8220; _builder_version=&#8220;4.4.1&#8243;][\/et_pb_image][\/et_pb_column][et_pb_column type=&#8220;1_6&#8243; _builder_version=&#8220;4.4.1&#8243;][et_pb_image src=&#8220;https:\/\/www.wochen-zur-demokratie.de\/archiv\/wp-content\/uploads\/2020\/08\/stiftung_mitarbeit_logo.jpg&#8220; url=&#8220;https:\/\/www.mitarbeit.de\/&#8220; url_new_window=&#8220;on&#8220; admin_label=&#8220;Stiftung Mitarbeit&#8220; _builder_version=&#8220;4.4.1&#8243;][\/et_pb_image][\/et_pb_column][et_pb_column type=&#8220;1_6&#8243; _builder_version=&#8220;4.4.1&#8243;][et_pb_image src=&#8220;https:\/\/www.wochen-zur-demokratie.de\/archiv\/wp-content\/uploads\/2020\/08\/logo-ForDemocracy.png&#8220; url=&#8220;https:\/\/www.fordemocracy.de\/&#8220; url_new_window=&#8220;on&#8220; admin_label=&#8220;For Democracy&#8220; _builder_version=&#8220;4.4.1&#8243;][\/et_pb_image][\/et_pb_column][et_pb_column type=&#8220;1_6&#8243; _builder_version=&#8220;4.4.1&#8243;][et_pb_image src=&#8220;https:\/\/www.wochen-zur-demokratie.de\/archiv\/wp-content\/uploads\/2020\/08\/logo-heimatkundlicher-arbeitskreis-web.jpg&#8220; admin_label=&#8220;Heim Arb Tief&#8220; _builder_version=&#8220;4.4.1&#8243;][\/et_pb_image][\/et_pb_column][et_pb_column type=&#8220;1_6&#8243; _builder_version=&#8220;4.4.1&#8243;][et_pb_image src=&#8220;https:\/\/www.wochen-zur-demokratie.de\/archiv\/wp-content\/uploads\/2020\/08\/wappen-tiefenbach.jpg&#8220; url=&#8220;https:\/\/www.gemeinde-tiefenbach.de\/&#8220; url_new_window=&#8220;on&#8220; align=&#8220;center&#8220; admin_label=&#8220;Tiefenbach&#8220; _builder_version=&#8220;4.4.1&#8243; width=&#8220;74%&#8220;][\/et_pb_image][\/et_pb_column][\/et_pb_row][et_pb_row column_structure=&#8220;1_6,1_6,1_6,1_6,1_6,1_6&#8243; use_custom_gutter=&#8220;on&#8220; gutter_width=&#8220;2&#8243; make_equal=&#8220;on&#8220; _builder_version=&#8220;4.4.1&#8243; width=&#8220;90%&#8220; max_width=&#8220;1180px&#8220; custom_padding=&#8220;20px||20px||false|false&#8220; locked=&#8220;off&#8220;][et_pb_column type=&#8220;1_6&#8243; _builder_version=&#8220;4.4.1&#8243;][et_pb_image src=&#8220;https:\/\/www.wochen-zur-demokratie.de\/archiv\/wp-content\/uploads\/2020\/08\/logo-hotelpassauerwolf.png&#8220; url=&#8220;https:\/\/www.hotel-passauer-wolf.de\/de\/index.html&#8220; url_new_window=&#8220;on&#8220; admin_label=&#8220;Hotel PW&#8220; _builder_version=&#8220;4.4.1&#8243;][\/et_pb_image][\/et_pb_column][et_pb_column type=&#8220;1_6&#8243; _builder_version=&#8220;4.4.1&#8243;][et_pb_image src=&#8220;https:\/\/www.wochen-zur-demokratie.de\/archiv\/wp-content\/uploads\/2020\/08\/logo-waldkindergarten.png&#8220; url=&#8220;https:\/\/www.waldkindergartenpassau.de\/&#8220; url_new_window=&#8220;on&#8220; admin_label=&#8220;WaKiGa&#8220; _builder_version=&#8220;4.4.1&#8243;][\/et_pb_image][\/et_pb_column][et_pb_column type=&#8220;1_6&#8243; _builder_version=&#8220;4.4.1&#8243;][et_pb_image src=&#8220;https:\/\/www.wochen-zur-demokratie.de\/archiv\/wp-content\/uploads\/2020\/08\/logo-innside-web.jpg&#8220; url=&#8220;https:\/\/innside-passau.de\/&#8220; url_new_window=&#8220;on&#8220; admin_label=&#8220;Innside&#8220; _builder_version=&#8220;4.4.1&#8243;][\/et_pb_image][\/et_pb_column][et_pb_column type=&#8220;1_6&#8243; _builder_version=&#8220;4.4.1&#8243;][et_pb_image src=&#8220;https:\/\/www.wochen-zur-demokratie.de\/archiv\/wp-content\/uploads\/2020\/08\/logo-PASTA-web.jpg&#8220; url=&#8220;https:\/\/pastaonline.de\/&#8220; url_new_window=&#8220;on&#8220; admin_label=&#8220;Pasta&#8220; _builder_version=&#8220;4.4.1&#8243;][\/et_pb_image][\/et_pb_column][et_pb_column type=&#8220;1_6&#8243; _builder_version=&#8220;4.4.1&#8243;][et_pb_image src=&#8220;https:\/\/www.wochen-zur-demokratie.de\/archiv\/wp-content\/uploads\/2020\/09\/Wappen-Bayerisches-Staatsministerium-web.jpg&#8220; title_text=&#8220;Wappen-Bayerisches-Staatsministerium-web&#8220; url=&#8220;https:\/\/www.stmas.bayern.de\/&#8220; url_new_window=&#8220;on&#8220; admin_label=&#8220;Bay Staatsmin Fam&#8220; _builder_version=&#8220;4.6.1&#8243;][\/et_pb_image][\/et_pb_column][et_pb_column type=&#8220;1_6&#8243; _builder_version=&#8220;4.4.1&#8243;][et_pb_image src=&#8220;https:\/\/www.wochen-zur-demokratie.de\/archiv\/wp-content\/uploads\/2020\/09\/logo-trio-web.jpg&#8220; title_text=&#8220;logo-trio-web&#8220; url=&#8220;https:\/\/www.transfer-und-innovation-ostbayern.de\/&#8220; url_new_window=&#8220;on&#8220; admin_label=&#8220;TRIO&#8220; _builder_version=&#8220;4.6.1&#8243; _module_preset=&#8220;default&#8220;][\/et_pb_image][\/et_pb_column][\/et_pb_row][et_pb_row column_structure=&#8220;1_6,1_6,1_6,1_6,1_6,1_6&#8243; _builder_version=&#8220;4.6.1&#8243; _module_preset=&#8220;default&#8220; locked=&#8220;off&#8220;][et_pb_column type=&#8220;1_6&#8243; _builder_version=&#8220;4.6.1&#8243; _module_preset=&#8220;default&#8220;][et_pb_image src=&#8220;https:\/\/www.wochen-zur-demokratie.de\/archiv\/wp-content\/uploads\/2020\/09\/Logo-pfarrverband-ortenburg-web.jpg&#8220; title_text=&#8220;Logo-pfarrverband-ortenburg-web&#8220; url=&#8220;https:\/\/pfarrverband-ortenburg.bistum-passau.de\/&#8220; url_new_window=&#8220;on&#8220; admin_label=&#8220;Pfarr Ortenburg&#8220; _builder_version=&#8220;4.6.1&#8243; _module_preset=&#8220;default&#8220;][\/et_pb_image][\/et_pb_column][et_pb_column type=&#8220;1_6&#8243; _builder_version=&#8220;4.6.1&#8243; _module_preset=&#8220;default&#8220;][et_pb_image src=&#8220;https:\/\/www.wochen-zur-demokratie.de\/archiv\/wp-content\/uploads\/2020\/09\/Logo-OTHRegensburg-web.jpg&#8220; title_text=&#8220;Logo-OTHRegensburg-web&#8220; url=&#8220;https:\/\/www.oth-regensburg.de\/&#8220; url_new_window=&#8220;on&#8220; admin_label=&#8220;OTH Regensburg&#8220; _builder_version=&#8220;4.6.1&#8243; _module_preset=&#8220;default&#8220;][\/et_pb_image][\/et_pb_column][et_pb_column type=&#8220;1_6&#8243; _builder_version=&#8220;4.6.1&#8243; _module_preset=&#8220;default&#8220;][et_pb_image src=&#8220;https:\/\/www.wochen-zur-demokratie.de\/archiv\/wp-content\/uploads\/2020\/09\/logo-micro-epsilon-web.jpg&#8220; title_text=&#8220;logo-micro-epsilon-web&#8220; url=&#8220;https:\/\/www.micro-epsilon.de\/&#8220; url_new_window=&#8220;on&#8220; admin_label=&#8220;Micro-Epsilon&#8220; _builder_version=&#8220;4.6.1&#8243; _module_preset=&#8220;default&#8220;][\/et_pb_image][\/et_pb_column][et_pb_column type=&#8220;1_6&#8243; _builder_version=&#8220;4.6.1&#8243; _module_preset=&#8220;default&#8220;][et_pb_image src=&#8220;https:\/\/www.wochen-zur-demokratie.de\/archiv\/wp-content\/uploads\/2020\/09\/Logo-KLB-web.jpg&#8220; title_text=&#8220;Logo-KLB-web&#8220; url=&#8220;https:\/\/klb.bistum-passau.de\/&#8220; url_new_window=&#8220;on&#8220; admin_label=&#8220;KLB&#8220; _builder_version=&#8220;4.6.1&#8243; _module_preset=&#8220;default&#8220;][\/et_pb_image][\/et_pb_column][et_pb_column type=&#8220;1_6&#8243; _builder_version=&#8220;4.6.1&#8243; _module_preset=&#8220;default&#8220;][et_pb_image src=&#8220;https:\/\/www.wochen-zur-demokratie.de\/archiv\/wp-content\/uploads\/2020\/09\/Logo-KFV-web.jpg&#8220; title_text=&#8220;Logo-KFV-web&#8220; url=&#8220;https:\/\/kulturfoerderverein-neuhaus.de\/&#8220; url_new_window=&#8220;on&#8220; admin_label=&#8220;KFV Neuhaus&#8220; _builder_version=&#8220;4.6.1&#8243; _module_preset=&#8220;default&#8220;][\/et_pb_image][\/et_pb_column][et_pb_column type=&#8220;1_6&#8243; _builder_version=&#8220;4.6.1&#8243; _module_preset=&#8220;default&#8220;][et_pb_image src=&#8220;https:\/\/www.wochen-zur-demokratie.de\/archiv\/wp-content\/uploads\/2020\/09\/Logo-Innovative_Hochschule-web.jpg&#8220; title_text=&#8220;Logo-Innovative_Hochschule-web&#8220; url=&#8220;https:\/\/www.innovative-hochschule.de\/&#8220; url_new_window=&#8220;on&#8220; admin_label=&#8220;Innov Hochschule&#8220; _builder_version=&#8220;4.6.1&#8243; _module_preset=&#8220;default&#8220;][\/et_pb_image][\/et_pb_column][\/et_pb_row][et_pb_row column_structure=&#8220;1_6,1_6,1_6,1_6,1_6,1_6&#8243; _builder_version=&#8220;4.6.1&#8243; _module_preset=&#8220;default&#8220; locked=&#8220;off&#8220;][et_pb_column type=&#8220;1_6&#8243; _builder_version=&#8220;4.6.1&#8243; _module_preset=&#8220;default&#8220;][et_pb_image src=&#8220;https:\/\/www.wochen-zur-demokratie.de\/archiv\/wp-content\/uploads\/2020\/09\/Logo-Innkubator-web.jpg&#8220; title_text=&#8220;Logo-Innkubator-web&#8220; url=&#8220;https:\/\/www.innkubator.de\/&#8220; url_new_window=&#8220;on&#8220; admin_label=&#8220;Innkubator&#8220; _builder_version=&#8220;4.6.1&#8243; _module_preset=&#8220;default&#8220;][\/et_pb_image][\/et_pb_column][et_pb_column type=&#8220;1_6&#8243; _builder_version=&#8220;4.6.1&#8243; _module_preset=&#8220;default&#8220;][et_pb_image src=&#8220;https:\/\/www.wochen-zur-demokratie.de\/archiv\/wp-content\/uploads\/2020\/09\/Logo-GWK-web.jpg&#8220; title_text=&#8220;Logo-GWK-web&#8220; url=&#8220;https:\/\/www.gwk-bonn.de\/&#8220; url_new_window=&#8220;on&#8220; admin_label=&#8220;GWK&#8220; _builder_version=&#8220;4.6.1&#8243; _module_preset=&#8220;default&#8220;][\/et_pb_image][\/et_pb_column][et_pb_column type=&#8220;1_6&#8243; _builder_version=&#8220;4.6.1&#8243; _module_preset=&#8220;default&#8220;][et_pb_image src=&#8220;https:\/\/www.wochen-zur-demokratie.de\/archiv\/wp-content\/uploads\/2020\/09\/Logo-DOG-web-186&#215;300.jpg&#8220; title_text=&#8220;Logo-DOG-web&#8220; url=&#8220;https:\/\/www.die-offene-gesellschaft.de\/&#8220; url_new_window=&#8220;on&#8220; admin_label=&#8220;DOG thumb&#8220; _builder_version=&#8220;4.6.1&#8243; _module_preset=&#8220;default&#8220; max_height=&#8220;145px&#8220;][\/et_pb_image][\/et_pb_column][et_pb_column type=&#8220;1_6&#8243; _builder_version=&#8220;4.6.1&#8243; _module_preset=&#8220;default&#8220;][et_pb_image src=&#8220;https:\/\/www.wochen-zur-demokratie.de\/archiv\/wp-content\/uploads\/2020\/09\/Logo-BMBF-web.jpg&#8220; title_text=&#8220;Logo-BMBF-web&#8220; url=&#8220;https:\/\/www.bmbf.de\/&#8220; url_new_window=&#8220;on&#8220; admin_label=&#8220;BMFBF&#8220; _builder_version=&#8220;4.6.1&#8243; _module_preset=&#8220;default&#8220;][\/et_pb_image][\/et_pb_column][et_pb_column type=&#8220;1_6&#8243; _builder_version=&#8220;4.6.1&#8243; _module_preset=&#8220;default&#8220;][et_pb_image src=&#8220;https:\/\/www.wochen-zur-demokratie.de\/archiv\/wp-content\/uploads\/2020\/09\/logo-mehr-demokratie-web.jpg&#8220; title_text=&#8220;logo-mehr-demokratie-web&#8220; url=&#8220;https:\/\/www.mehr-demokratie.de\/&#8220; url_new_window=&#8220;on&#8220; admin_label=&#8220;mehr-demokratie&#8220; _builder_version=&#8220;4.6.5&#8243; _module_preset=&#8220;default&#8220;][\/et_pb_image][\/et_pb_column][et_pb_column type=&#8220;1_6&#8243; _builder_version=&#8220;4.6.1&#8243; _module_preset=&#8220;default&#8220;][et_pb_image src=&#8220;https:\/\/www.wochen-zur-demokratie.de\/archiv\/wp-content\/uploads\/2020\/10\/Logo-EW-2019-web.jpg&#8220; title_text=&#8220;Logo-EW-2019-web&#8220; url=&#8220;http:\/\/ew-passau.de\/&#8220; url_new_window=&#8220;on&#8220; align=&#8220;center&#8220; admin_label=&#8220;eW&#8220; _builder_version=&#8220;4.6.5&#8243; _module_preset=&#8220;default&#8220;][\/et_pb_image][\/et_pb_column][\/et_pb_row][\/et_pb_section][et_pb_section fb_built=&#8220;1&#8243; admin_label=&#8220;Section Medien&#8220; module_id=&#8220;medien&#8220; _builder_version=&#8220;3.27.4&#8243; background_color=&#8220;#ffffff&#8220; custom_padding=&#8220;0px||0px||false|false&#8220; locked=&#8220;off&#8220;][et_pb_row _builder_version=&#8220;3.26.3&#8243; width=&#8220;100%&#8220; max_width=&#8220;none&#8220; custom_padding=&#8220;0px||0px||false|false&#8220;][et_pb_column type=&#8220;4_4&#8243; _builder_version=&#8220;3.26.3&#8243;][et_pb_image src=&#8220;https:\/\/www.wochen-zur-demokratie.de\/archiv\/wp-content\/uploads\/2021\/07\/wzd_divider-medien-2020-dt_1920.png&#8220; force_fullwidth=&#8220;on&#8220; src_tablet=&#8220;https:\/\/www.wochen-zur-demokratie.de\/archiv\/wp-content\/uploads\/2021\/07\/wzd_divider-medien-2020-dt_1920.png&#8220; src_phone=&#8220;https:\/\/www.wochen-zur-demokratie.de\/archiv\/wp-content\/uploads\/2021\/07\/wzd_divider-medien-2020-ph_1080.png&#8220; src_last_edited=&#8220;on|phone&#8220; admin_label=&#8220;Image Medien Divider&#8220; _builder_version=&#8220;4.9.7&#8243; hover_enabled=&#8220;0&#8243; title_text=&#8220;wzd_divider-medien-2020-ph_1080&#8243; sticky_enabled=&#8220;0&#8243;][\/et_pb_image][\/et_pb_column][\/et_pb_row][et_pb_row column_structure=&#8220;1_6,1_6,1_6,1_6,1_6,1_6&#8243; use_custom_gutter=&#8220;on&#8220; gutter_width=&#8220;2&#8243; _builder_version=&#8220;3.27.2&#8243; background_enable_color=&#8220;off&#8220; custom_padding=&#8220;60px||40px|||&#8220; locked=&#8220;off&#8220;][et_pb_column type=&#8220;1_6&#8243; _builder_version=&#8220;3.26.3&#8243;][et_pb_image src=&#8220;https:\/\/www.wochen-zur-demokratie.de\/archiv\/wp-content\/uploads\/2019\/09\/Kinospot-Trailer-2019-thumbnail.jpg&#8220; url=&#8220;https:\/\/www.youtube.com\/watch?v=zo6h3F3UuKo&#038;feature=emb_title&#8220; url_new_window=&#8220;on&#8220; align=&#8220;center&#8220; admin_label=&#8220;Kinospot&#8220; _builder_version=&#8220;4.6.5&#8243;][\/et_pb_image][et_pb_text admin_label=&#8220;K-Text&#8220; _builder_version=&#8220;4.6.5&#8243; link_option_url=&#8220;https:\/\/www.youtube.com\/watch?v=zo6h3F3UuKo&#038;feature=emb_title&#8220; link_option_url_new_window=&#8220;on&#8220;]<\/p>\n<p style=\"text-align: center;\">Unser Kinospot<\/p>\n<p>[\/et_pb_text][\/et_pb_column][et_pb_column type=&#8220;1_6&#8243; _builder_version=&#8220;3.26.3&#8243;][et_pb_image src=&#8220;https:\/\/www.wochen-zur-demokratie.de\/archiv\/wp-content\/uploads\/2019\/10\/WzD_Quiz-thumb.jpg&#8220; url=&#8220;https:\/\/www.wochen-zur-demokratie.de\/archiv\/wp-content\/uploads\/2019\/10\/WzD_Quiz.pdf&#8220; url_new_window=&#8220;on&#8220; align=&#8220;center&#8220; admin_label=&#8220;Quiz&#8220; _builder_version=&#8220;3.29.2&#8243;][\/et_pb_image][et_pb_text admin_label=&#8220;Quiz-Text&#8220; _builder_version=&#8220;3.29.2&#8243; link_option_url=&#8220;https:\/\/www.wochen-zur-demokratie.de\/archiv\/wp-content\/uploads\/2019\/10\/WzD_Quiz.pdf&#8220; link_option_url_new_window=&#8220;on&#8220;]<\/p>\n<p style=\"text-align: center;\">Demokratie-Quiz<\/p>\n<p>[\/et_pb_text][\/et_pb_column][et_pb_column type=&#8220;1_6&#8243; _builder_version=&#8220;3.26.3&#8243;][et_pb_image src=&#8220;https:\/\/www.wochen-zur-demokratie.de\/archiv\/wp-content\/uploads\/2020\/02\/200301-teaser-oma-thumb.jpg&#8220; url=&#8220;https:\/\/www.wochen-zur-demokratie.de\/archiv\/wp-content\/uploads\/2020\/02\/200301-teaser-oma.pdf&#8220; url_new_window=&#8220;on&#8220; admin_label=&#8220;Teaser-Oma&#8220; _builder_version=&#8220;4.3.2&#8243;][\/et_pb_image][et_pb_text admin_label=&#8220;Teaser-Oma-Text&#8220; _builder_version=&#8220;4.3.2&#8243; link_option_url=&#8220;https:\/\/www.wochen-zur-demokratie.de\/archiv\/wp-content\/uploads\/2020\/02\/200301-teaser-oma.pdf&#8220; link_option_url_new_window=&#8220;on&#8220;]<\/p>\n<p>Mitmach-Einladung 1<\/p>\n<p>[\/et_pb_text][\/et_pb_column][et_pb_column type=&#8220;1_6&#8243; _builder_version=&#8220;3.26.3&#8243;][et_pb_image src=&#8220;https:\/\/www.wochen-zur-demokratie.de\/archiv\/wp-content\/uploads\/2020\/02\/200301-teaser-brokkoli-thumb.jpg&#8220; url=&#8220;https:\/\/www.wochen-zur-demokratie.de\/archiv\/wp-content\/uploads\/2020\/02\/200301-teaser-brokkoli.pdf&#8220; url_new_window=&#8220;on&#8220; admin_label=&#8220;Teaser-Brokkoli&#8220; _builder_version=&#8220;4.3.2&#8243;][\/et_pb_image][et_pb_text _builder_version=&#8220;4.3.2&#8243; link_option_url=&#8220;https:\/\/www.wochen-zur-demokratie.de\/archiv\/wp-content\/uploads\/2020\/02\/200301-teaser-brokkoli.pdf&#8220; link_option_url_new_window=&#8220;on&#8220;]<\/p>\n<p>Mitmach-Einladung 2<\/p>\n<p>[\/et_pb_text][\/et_pb_column][et_pb_column type=&#8220;1_6&#8243; _builder_version=&#8220;3.26.3&#8243;][et_pb_image src=&#8220;https:\/\/www.wochen-zur-demokratie.de\/archiv\/wp-content\/uploads\/2020\/02\/200225-pnp-demokratieleben-thumb.jpg&#8220; url=&#8220;https:\/\/www.wochen-zur-demokratie.de\/archiv\/wp-content\/uploads\/2020\/02\/200225-pnp-demokratieleben.jpg&#8220; url_new_window=&#8220;on&#8220; admin_label=&#8220;PNP 25.02.2020&#8243; _builder_version=&#8220;4.3.2&#8243;][\/et_pb_image][et_pb_text admin_label=&#8220;Text PNP 25.02.2020&#8243; _builder_version=&#8220;4.3.2&#8243; link_option_url=&#8220;https:\/\/www.wochen-zur-demokratie.de\/archiv\/wp-content\/uploads\/2020\/02\/200225-pnp-demokratieleben.jpg&#8220; link_option_url_new_window=&#8220;on&#8220;]<\/p>\n<p>PNP 25.02.2020<\/p>\n<p>[\/et_pb_text][\/et_pb_column][et_pb_column type=&#8220;1_6&#8243; _builder_version=&#8220;3.26.3&#8243;][et_pb_image src=&#8220;https:\/\/www.wochen-zur-demokratie.de\/archiv\/wp-content\/uploads\/2020\/02\/200301-innside-demokratiefestival-thumb.jpg&#8220; url=&#8220;https:\/\/www.wochen-zur-demokratie.de\/archiv\/wp-content\/uploads\/2020\/02\/200301-innside-demokratiefestival.pdf&#8220; url_new_window=&#8220;on&#8220; admin_label=&#8220;InnSide M\u00e4rz 2020&#8243; _builder_version=&#8220;4.3.2&#8243;][\/et_pb_image][et_pb_text admin_label=&#8220;Text InnSide M\u00e4rz 2020&#8243; _builder_version=&#8220;4.6.5&#8243; link_option_url=&#8220;InnSide M\u00e4rz 2020&#8243; link_option_url_new_window=&#8220;on&#8220;]<\/p>\n<div class=\"et-fb-skeleton__title\"><span class=\"et-fb-editable-element et-fb-editable-element__editing\" contenteditable=\"true\" data-shortcode-id=\"9.1.5.0-1583239866163\">InnSide M\u00e4rz 2020<\/span><\/div>\n<p>[\/et_pb_text][\/et_pb_column][\/et_pb_row][et_pb_row column_structure=&#8220;1_6,1_6,1_6,1_6,1_6,1_6&#8243; _builder_version=&#8220;4.6.5&#8243;][et_pb_column type=&#8220;1_6&#8243; _builder_version=&#8220;3.29.2&#8243;][et_pb_image src=&#8220;https:\/\/www.wochen-zur-demokratie.de\/archiv\/wp-content\/uploads\/2020\/04\/200415-infobrief-lag-thumb.jpg&#8220; url=&#8220;https:\/\/www.wochen-zur-demokratie.de\/archiv\/wp-content\/uploads\/2020\/04\/200415-infobrief-lag-auszug.pdf&#8220; url_new_window=&#8220;on&#8220; admin_label=&#8220;LAG Infobrief&#8220; _builder_version=&#8220;4.4.1&#8243;][\/et_pb_image][et_pb_text admin_label=&#8220;Text LAG Infobrief&#8220; _builder_version=&#8220;4.4.1&#8243; link_option_url=&#8220;https:\/\/www.wochen-zur-demokratie.de\/archiv\/wp-content\/uploads\/2020\/04\/200415-infobrief-lag-auszug.pdf&#8220; link_option_url_new_window=&#8220;on&#8220;]<\/p>\n<p style=\"text-align: center;\">LAG Infobrief April 2020<\/p>\n<p>[\/et_pb_text][\/et_pb_column][et_pb_column type=&#8220;1_6&#8243; _builder_version=&#8220;3.29.2&#8243;][et_pb_image src=&#8220;https:\/\/www.wochen-zur-demokratie.de\/archiv\/wp-content\/uploads\/2020\/10\/2010-pasta-thumb.jpg&#8220; title_text=&#8220;2010-pasta-thumb&#8220; url=&#8220;https:\/\/www.wochen-zur-demokratie.de\/archiv\/wp-content\/uploads\/2020\/10\/2010-pasta-web.jpg&#8220; url_new_window=&#8220;on&#8220; admin_label=&#8220;PASTA Okt&#8220; _builder_version=&#8220;4.6.5&#8243; _module_preset=&#8220;default&#8220;][\/et_pb_image][et_pb_text admin_label=&#8220;Text Pasta Okt&#8220; _builder_version=&#8220;4.6.5&#8243; _module_preset=&#8220;default&#8220; link_option_url=&#8220;https:\/\/www.wochen-zur-demokratie.de\/archiv\/wp-content\/uploads\/2020\/10\/2010-pasta-web.jpg&#8220; link_option_url_new_window=&#8220;on&#8220;]<\/p>\n<p style=\"text-align: center;\"><span class=\"et-fb-editable-element et-fb-editable-element__editing\" contenteditable=\"true\" data-shortcode-id=\"9.1.5.0-1583239866163\">Pasta! Oktober 2020<\/span><\/p>\n<p>[\/et_pb_text][\/et_pb_column][et_pb_column type=&#8220;1_6&#8243; _builder_version=&#8220;3.29.2&#8243;][et_pb_image src=&#8220;https:\/\/www.wochen-zur-demokratie.de\/archiv\/wp-content\/uploads\/2020\/10\/200929-bistumsblatt-thumb.jpg&#8220; title_text=&#8220;200929-bistumsblatt-thumb&#8220; url=&#8220;https:\/\/www.wochen-zur-demokratie.de\/archiv\/wp-content\/uploads\/2020\/10\/200929-bistumsblatt-web.jpg&#8220; url_new_window=&#8220;on&#8220; admin_label=&#8220;Bistumsblatt&#8220; _builder_version=&#8220;4.6.5&#8243; _module_preset=&#8220;default&#8220;][\/et_pb_image][et_pb_text admin_label=&#8220;Text Bistumsblatt&#8220; _builder_version=&#8220;4.6.5&#8243; _module_preset=&#8220;default&#8220; link_option_url=&#8220;https:\/\/www.wochen-zur-demokratie.de\/archiv\/wp-content\/uploads\/2020\/10\/200929-bistumsblatt-web.jpg&#8220; link_option_url_new_window=&#8220;on&#8220;]<\/p>\n<p style=\"text-align: center;\">Bistumsblatt Okt. 2020<\/p>\n<p>[\/et_pb_text][\/et_pb_column][et_pb_column type=&#8220;1_6&#8243; _builder_version=&#8220;3.29.2&#8243;][et_pb_image src=&#8220;https:\/\/www.wochen-zur-demokratie.de\/archiv\/wp-content\/uploads\/2020\/10\/201002-pnp-zeichenwettbewerb-thumb.jpg&#8220; title_text=&#8220;201002-pnp-zeichenwettbewerb-thumb&#8220; url=&#8220;https:\/\/www.wochen-zur-demokratie.de\/archiv\/wp-content\/uploads\/2020\/10\/201002-pnp-zeichenwettbewerb-web.jpg&#8220; url_new_window=&#8220;on&#8220; admin_label=&#8220;PNP 02.10.20&#8243; _builder_version=&#8220;4.6.5&#8243; _module_preset=&#8220;default&#8220;][\/et_pb_image][et_pb_text admin_label=&#8220;Text PNP 02.10.20&#8243; _builder_version=&#8220;4.6.5&#8243; _module_preset=&#8220;default&#8220; link_option_url=&#8220;https:\/\/www.wochen-zur-demokratie.de\/archiv\/wp-content\/uploads\/2020\/10\/201002-pnp-zeichenwettbewerb-web.jpg&#8220; link_option_url_new_window=&#8220;on&#8220;]<\/p>\n<p style=\"text-align: center;\">PNP 02.10.20<\/p>\n<p>[\/et_pb_text][\/et_pb_column][et_pb_column type=&#8220;1_6&#8243; _builder_version=&#8220;3.29.2&#8243;][et_pb_image src=&#8220;https:\/\/www.wochen-zur-demokratie.de\/archiv\/wp-content\/uploads\/2020\/10\/201007-mw-grundkonsens-thumb.jpg&#8220; title_text=&#8220;201007-mw-grundkonsens-thumb&#8220; url=&#8220;https:\/\/www.wochen-zur-demokratie.de\/archiv\/wp-content\/uploads\/2020\/10\/201007-mw-grundkonsens-web.jpg&#8220; url_new_window=&#8220;on&#8220; admin_label=&#8220;MW 07.10.20&#8243; _builder_version=&#8220;4.6.5&#8243; _module_preset=&#8220;default&#8220;][\/et_pb_image][et_pb_text admin_label=&#8220;Text MW 07.10.20&#8243; _builder_version=&#8220;4.6.5&#8243; _module_preset=&#8220;default&#8220; link_option_url=&#8220;https:\/\/www.wochen-zur-demokratie.de\/archiv\/wp-content\/uploads\/2020\/10\/201007-mw-grundkonsens-web.jpg&#8220; link_option_url_new_window=&#8220;on&#8220;]<\/p>\n<p style=\"text-align: center;\">M&amp;W 07.10.20<\/p>\n<p>[\/et_pb_text][\/et_pb_column][et_pb_column type=&#8220;1_6&#8243; _builder_version=&#8220;3.29.2&#8243;][et_pb_image src=&#8220;https:\/\/www.wochen-zur-demokratie.de\/archiv\/wp-content\/uploads\/2020\/10\/201009-pnp-vernetzung-thumb.jpg&#8220; title_text=&#8220;201009-pnp-vernetzung-thumb&#8220; url=&#8220;https:\/\/www.wochen-zur-demokratie.de\/archiv\/wp-content\/uploads\/2020\/10\/201009-pnp-vernetzung-web.jpg&#8220; url_new_window=&#8220;on&#8220; admin_label=&#8220;PNP 09.10.20&#8243; _builder_version=&#8220;4.6.5&#8243; _module_preset=&#8220;default&#8220;][\/et_pb_image][et_pb_text admin_label=&#8220;Text PNP 09.10.20&#8243; _builder_version=&#8220;4.6.5&#8243; _module_preset=&#8220;default&#8220; link_option_url=&#8220;https:\/\/www.wochen-zur-demokratie.de\/archiv\/wp-content\/uploads\/2020\/10\/201009-pnp-vernetzung-web.jpg&#8220; link_option_url_new_window=&#8220;on&#8220;]<\/p>\n<p style=\"text-align: center;\">PNP 09.10.20<\/p>\n<p>[\/et_pb_text][\/et_pb_column][\/et_pb_row][et_pb_row column_structure=&#8220;1_6,1_6,1_6,1_6,1_6,1_6&#8243; _builder_version=&#8220;4.6.5&#8243; _module_preset=&#8220;default&#8220;][et_pb_column type=&#8220;1_6&#8243; _builder_version=&#8220;4.6.5&#8243; _module_preset=&#8220;default&#8220;][et_pb_image src=&#8220;https:\/\/www.wochen-zur-demokratie.de\/archiv\/wp-content\/uploads\/2020\/10\/201010-pnp-Feuilleton-thumb.jpg&#8220; title_text=&#8220;201010-pnp-Feuilleton-thumb&#8220; url=&#8220;https:\/\/www.wochen-zur-demokratie.de\/archiv\/wp-content\/uploads\/2020\/10\/201010-pnp-Feuilleton-web.jpg&#8220; url_new_window=&#8220;on&#8220; admin_label=&#8220;PNP Feuilleton&#8220; _builder_version=&#8220;4.6.5&#8243; _module_preset=&#8220;default&#8220;][\/et_pb_image][et_pb_text admin_label=&#8220;Text PNP Feuilleton&#8220; _builder_version=&#8220;4.6.5&#8243; _module_preset=&#8220;default&#8220; link_option_url=&#8220;https:\/\/www.wochen-zur-demokratie.de\/archiv\/wp-content\/uploads\/2020\/10\/201010-pnp-Feuilleton-web.jpg&#8220; link_option_url_new_window=&#8220;on&#8220;]<\/p>\n<p style=\"text-align: center;\">PNP Feuilleton Okt. 20<\/p>\n<p>[\/et_pb_text][\/et_pb_column][et_pb_column type=&#8220;1_6&#8243; _builder_version=&#8220;4.6.5&#8243; _module_preset=&#8220;default&#8220;][et_pb_image src=&#8220;https:\/\/www.wochen-zur-demokratie.de\/archiv\/wp-content\/uploads\/2020\/10\/201010-pnp-ideenwettbewerb-thumb.jpg&#8220; title_text=&#8220;201010-pnp-ideenwettbewerb-thumb&#8220; url=&#8220;https:\/\/www.wochen-zur-demokratie.de\/archiv\/wp-content\/uploads\/2020\/10\/201010-pnp-ideenwettbewerb-web.jpg&#8220; url_new_window=&#8220;on&#8220; admin_label=&#8220;PNP Ideen&#8220; _builder_version=&#8220;4.6.5&#8243; _module_preset=&#8220;default&#8220;][\/et_pb_image][et_pb_text admin_label=&#8220;Text PNP Ideen&#8220; _builder_version=&#8220;4.6.5&#8243; _module_preset=&#8220;default&#8220; link_option_url=&#8220;https:\/\/www.wochen-zur-demokratie.de\/archiv\/wp-content\/uploads\/2020\/10\/201010-pnp-ideenwettbewerb-web.jpg&#8220; link_option_url_new_window=&#8220;on&#8220;]<\/p>\n<p style=\"text-align: center;\">PNP Ideenwettbewerb<\/p>\n<p>[\/et_pb_text][\/et_pb_column][et_pb_column type=&#8220;1_6&#8243; _builder_version=&#8220;4.6.5&#8243; _module_preset=&#8220;default&#8220;][et_pb_image src=&#8220;https:\/\/www.wochen-zur-demokratie.de\/archiv\/wp-content\/uploads\/2020\/10\/201010-pnp-wellbappn-thumb.jpg&#8220; title_text=&#8220;201010-pnp-wellbappn-thumb&#8220; url=&#8220;https:\/\/www.wochen-zur-demokratie.de\/archiv\/wp-content\/uploads\/2020\/10\/201010-pnp-wellbappn-web.jpg&#8220; url_new_window=&#8220;on&#8220; admin_label=&#8220;PNP 10.10.20&#8243; _builder_version=&#8220;4.6.5&#8243; _module_preset=&#8220;default&#8220;][\/et_pb_image][et_pb_text admin_label=&#8220;PNP 10.10.20&#8243; _builder_version=&#8220;4.6.5&#8243; _module_preset=&#8220;default&#8220; link_option_url=&#8220;https:\/\/www.wochen-zur-demokratie.de\/archiv\/wp-content\/uploads\/2020\/10\/201010-pnp-wellbappn-web.jpg&#8220; link_option_url_new_window=&#8220;on&#8220;]<\/p>\n<p style=\"text-align: center;\">PNP 10.10.20<\/p>\n<p>[\/et_pb_text][\/et_pb_column][et_pb_column type=&#8220;1_6&#8243; _builder_version=&#8220;4.6.5&#8243; _module_preset=&#8220;default&#8220;][et_pb_image src=&#8220;https:\/\/www.wochen-zur-demokratie.de\/archiv\/wp-content\/uploads\/2020\/10\/201010-pnp-pressekonferenz-thumb.jpg&#8220; title_text=&#8220;201010-pnp-pressekonferenz-thumb&#8220; url=&#8220;https:\/\/www.wochen-zur-demokratie.de\/archiv\/wp-content\/uploads\/2020\/10\/201010-pnp-pressekonferenz-web.jpg&#8220; url_new_window=&#8220;on&#8220; admin_label=&#8220;PNP PK&#8220; _builder_version=&#8220;4.6.5&#8243; _module_preset=&#8220;default&#8220;][\/et_pb_image][et_pb_text admin_label=&#8220;Text PNP PK&#8220; _builder_version=&#8220;4.6.5&#8243; _module_preset=&#8220;default&#8220; link_option_url=&#8220;https:\/\/www.wochen-zur-demokratie.de\/archiv\/wp-content\/uploads\/2020\/10\/201010-pnp-pressekonferenz-web.jpg&#8220; link_option_url_new_window=&#8220;on&#8220;]<\/p>\n<p style=\"text-align: center;\">PNP Pressekonferenz<\/p>\n<p>[\/et_pb_text][\/et_pb_column][et_pb_column type=&#8220;1_6&#8243; _builder_version=&#8220;4.6.5&#8243; _module_preset=&#8220;default&#8220;][et_pb_image src=&#8220;https:\/\/www.wochen-zur-demokratie.de\/archiv\/wp-content\/uploads\/2020\/10\/2010-Innside-thumb.jpg&#8220; title_text=&#8220;2010-Innside-thumb&#8220; url=&#8220;https:\/\/www.wochen-zur-demokratie.de\/archiv\/wp-content\/uploads\/2020\/10\/2010-Innside-web.pdf&#8220; url_new_window=&#8220;on&#8220; admin_label=&#8220;Innside 20&#8243; _builder_version=&#8220;4.6.5&#8243; _module_preset=&#8220;default&#8220;][\/et_pb_image][et_pb_text admin_label=&#8220;Text Innside 20&#8243; _builder_version=&#8220;4.6.5&#8243; _module_preset=&#8220;default&#8220; link_option_url=&#8220;https:\/\/www.wochen-zur-demokratie.de\/archiv\/wp-content\/uploads\/2020\/10\/2010-Innside-web.pdf&#8220; link_option_url_new_window=&#8220;on&#8220;]<\/p>\n<p style=\"text-align: center;\">Innside Okt. 2020<\/p>\n<p>[\/et_pb_text][\/et_pb_column][et_pb_column type=&#8220;1_6&#8243; _builder_version=&#8220;4.6.5&#8243; _module_preset=&#8220;default&#8220;][et_pb_image src=&#8220;https:\/\/www.wochen-zur-demokratie.de\/archiv\/wp-content\/uploads\/2020\/10\/201016-pnp-auftakt-thumb.jpg&#8220; title_text=&#8220;201016-pnp-auftakt-thumb&#8220; url=&#8220;https:\/\/www.wochen-zur-demokratie.de\/archiv\/wp-content\/uploads\/2020\/10\/201016-pnp-auftakt-web.jpg&#8220; url_new_window=&#8220;on&#8220; admin_label=&#8220;PNP 16 Auftakt&#8220; _builder_version=&#8220;4.6.5&#8243; _module_preset=&#8220;default&#8220;][\/et_pb_image][et_pb_text admin_label=&#8220;Text PNP 16 Auftakt&#8220; _builder_version=&#8220;4.6.5&#8243; _module_preset=&#8220;default&#8220; link_option_url=&#8220;https:\/\/www.wochen-zur-demokratie.de\/archiv\/wp-content\/uploads\/2020\/10\/201016-pnp-auftakt-web.jpg&#8220; link_option_url_new_window=&#8220;on&#8220;]<\/p>\n<p style=\"text-align: center;\">PNP 17.10.20 Auftakt<\/p>\n<p>[\/et_pb_text][\/et_pb_column][\/et_pb_row][et_pb_row column_structure=&#8220;1_6,1_6,1_6,1_6,1_6,1_6&#8243; _builder_version=&#8220;4.6.5&#8243; _module_preset=&#8220;default&#8220;][et_pb_column type=&#8220;1_6&#8243; _builder_version=&#8220;4.6.5&#8243; _module_preset=&#8220;default&#8220;][et_pb_image src=&#8220;https:\/\/www.wochen-zur-demokratie.de\/archiv\/wp-content\/uploads\/2020\/10\/201017-pnp-baytuerknachmittag-thumb.jpg&#8220; title_text=&#8220;201017-pnp-baytuerknachmittag-thumb&#8220; url=&#8220;https:\/\/www.wochen-zur-demokratie.de\/archiv\/wp-content\/uploads\/2020\/10\/201017-pnp-baytuerknachmittag-web.jpg&#8220; url_new_window=&#8220;on&#8220; admin_label=&#8220;PNP 17 Baytuerk&#8220; _builder_version=&#8220;4.6.5&#8243; _module_preset=&#8220;default&#8220;][\/et_pb_image][et_pb_text admin_label=&#8220;Text PNP 17 Baytuerk&#8220; _builder_version=&#8220;4.6.5&#8243; _module_preset=&#8220;default&#8220; link_option_url=&#8220;https:\/\/www.wochen-zur-demokratie.de\/archiv\/wp-content\/uploads\/2020\/10\/201017-pnp-baytuerknachmittag-web.jpg&#8220; link_option_url_new_window=&#8220;on&#8220;]<\/p>\n<p style=\"text-align: center;\">PNP 19.10.20 Bayerisch-T\u00fcrkischer Nachmittag<\/p>\n<p>[\/et_pb_text][\/et_pb_column][et_pb_column type=&#8220;1_6&#8243; _builder_version=&#8220;4.6.5&#8243; _module_preset=&#8220;default&#8220;][et_pb_image src=&#8220;https:\/\/www.wochen-zur-demokratie.de\/archiv\/wp-content\/uploads\/2020\/10\/201019-pnp-gurkenkoenig-thumb.jpg&#8220; title_text=&#8220;201019-pnp-gurkenkoenig-thumb&#8220; url=&#8220;https:\/\/www.wochen-zur-demokratie.de\/archiv\/wp-content\/uploads\/2020\/10\/201019-pnp-gurkenkoenig-web.jpg&#8220; url_new_window=&#8220;on&#8220; admin_label=&#8220;PNP 19 Gurke&#8220; _builder_version=&#8220;4.6.5&#8243; _module_preset=&#8220;default&#8220;][\/et_pb_image][et_pb_text admin_label=&#8220;Text PNP 19 Gurke&#8220; _builder_version=&#8220;4.6.5&#8243; _module_preset=&#8220;default&#8220; link_option_url=&#8220;https:\/\/www.wochen-zur-demokratie.de\/archiv\/wp-content\/uploads\/2020\/10\/201019-pnp-gurkenkoenig-web.jpg&#8220; link_option_url_new_window=&#8220;on&#8220;]<\/p>\n<p style=\"text-align: center;\">PNP 21.10.20 Gurkenk\u00f6nig<\/p>\n<p>[\/et_pb_text][\/et_pb_column][et_pb_column type=&#8220;1_6&#8243; _builder_version=&#8220;4.6.5&#8243; _module_preset=&#8220;default&#8220;][et_pb_image src=&#8220;https:\/\/www.wochen-zur-demokratie.de\/archiv\/wp-content\/uploads\/2020\/10\/201019-pnp-woidboxer-thumb.jpg&#8220; title_text=&#8220;201019-pnp-woidboxer-thumb&#8220; url=&#8220;https:\/\/www.wochen-zur-demokratie.de\/archiv\/wp-content\/uploads\/2020\/10\/201019-pnp-woidboxer-web.jpg&#8220; url_new_window=&#8220;on&#8220; admin_label=&#8220;PNP 19 Woidboxer&#8220; _builder_version=&#8220;4.6.5&#8243; _module_preset=&#8220;default&#8220;][\/et_pb_image][et_pb_text admin_label=&#8220;Text PNP 19 Woidboxer&#8220; _builder_version=&#8220;4.6.5&#8243; _module_preset=&#8220;default&#8220; link_option_url=&#8220;https:\/\/www.wochen-zur-demokratie.de\/archiv\/wp-content\/uploads\/2020\/10\/201019-pnp-woidboxer-web.jpg&#8220;]<\/p>\n<p style=\"text-align: center;\">PNP 21.10.20 Woidboxer<\/p>\n<p>[\/et_pb_text][\/et_pb_column][et_pb_column type=&#8220;1_6&#8243; _builder_version=&#8220;4.6.5&#8243; _module_preset=&#8220;default&#8220;][et_pb_image src=&#8220;https:\/\/www.wochen-zur-demokratie.de\/archiv\/wp-content\/uploads\/2020\/10\/201020-pnp-forumverantwortung-thumb.jpg&#8220; title_text=&#8220;201020-pnp-forumverantwortung-thumb&#8220; url=&#8220;https:\/\/www.wochen-zur-demokratie.de\/archiv\/wp-content\/uploads\/2020\/10\/201020-pnp-forumverantwortung-web.jpg&#8220; url_new_window=&#8220;on&#8220; admin_label=&#8220;PNP 20 Forum&#8220; _builder_version=&#8220;4.6.5&#8243; _module_preset=&#8220;default&#8220;][\/et_pb_image][et_pb_text admin_label=&#8220;Text PNP 20 Forum&#8220; _builder_version=&#8220;4.6.5&#8243; _module_preset=&#8220;default&#8220; link_option_url=&#8220;https:\/\/www.wochen-zur-demokratie.de\/archiv\/wp-content\/uploads\/2020\/10\/201020-pnp-forumverantwortung-web.jpg&#8220; link_option_url_new_window=&#8220;on&#8220;]<\/p>\n<p style=\"text-align: center;\">PNP 22.10.20 Forum Verantwortung<\/p>\n<p>[\/et_pb_text][\/et_pb_column][et_pb_column type=&#8220;1_6&#8243; _builder_version=&#8220;4.6.5&#8243; _module_preset=&#8220;default&#8220;][et_pb_image src=&#8220;https:\/\/www.wochen-zur-demokratie.de\/archiv\/wp-content\/uploads\/2020\/10\/201020-pnp-selbstwerkstatt-thumb.jpg&#8220; title_text=&#8220;201020-pnp-selbstwerkstatt-thumb&#8220; url=&#8220;https:\/\/www.wochen-zur-demokratie.de\/archiv\/wp-content\/uploads\/2020\/10\/201020-pnp-selbstwerkstatt-web.jpg&#8220; url_new_window=&#8220;on&#8220; admin_label=&#8220;PNP 20 Selbstwerkstatt&#8220; _builder_version=&#8220;4.6.5&#8243; _module_preset=&#8220;default&#8220;][\/et_pb_image][et_pb_text admin_label=&#8220;Text PNP 20 Selbstwerkstatt&#8220; _builder_version=&#8220;4.6.5&#8243; _module_preset=&#8220;default&#8220; link_option_url=&#8220;https:\/\/www.wochen-zur-demokratie.de\/archiv\/wp-content\/uploads\/2020\/10\/201020-pnp-selbstwerkstatt-web.jpg&#8220; link_option_url_new_window=&#8220;on&#8220;]<\/p>\n<p style=\"text-align: center;\">PNP 22.10.20 Selbstwerkstatt<\/p>\n<p>[\/et_pb_text][\/et_pb_column][et_pb_column type=&#8220;1_6&#8243; _builder_version=&#8220;4.6.5&#8243; _module_preset=&#8220;default&#8220;][et_pb_image src=&#8220;https:\/\/www.wochen-zur-demokratie.de\/archiv\/wp-content\/uploads\/2020\/10\/201021-pnp-schwarzmaier-thumb.jpg&#8220; title_text=&#8220;201021-pnp-schwarzmaier-thumb&#8220; url=&#8220;https:\/\/www.wochen-zur-demokratie.de\/archiv\/wp-content\/uploads\/2020\/10\/201021-pnp-schwarzmaier-web.jpg&#8220; url_new_window=&#8220;on&#8220; admin_label=&#8220;PNP 23 Schwarzm&#8220; _builder_version=&#8220;4.6.5&#8243; _module_preset=&#8220;default&#8220;][\/et_pb_image][et_pb_text admin_label=&#8220;Text PNP 23 Schwarzm&#8220; _builder_version=&#8220;4.6.5&#8243; _module_preset=&#8220;default&#8220; link_option_url=&#8220;https:\/\/www.wochen-zur-demokratie.de\/archiv\/wp-content\/uploads\/2020\/10\/201021-pnp-schwarzmaier-web.jpg&#8220; link_option_url_new_window=&#8220;on&#8220;]<\/p>\n<p style=\"text-align: center;\">PNP 23.10.20 Lesung Schwarzmaier<\/p>\n<p>[\/et_pb_text][\/et_pb_column][\/et_pb_row][et_pb_row column_structure=&#8220;1_6,1_6,1_6,1_6,1_6,1_6&#8243; _builder_version=&#8220;4.6.5&#8243; _module_preset=&#8220;default&#8220;][et_pb_column type=&#8220;1_6&#8243; _builder_version=&#8220;4.6.5&#8243; _module_preset=&#8220;default&#8220;][et_pb_image src=&#8220;https:\/\/www.wochen-zur-demokratie.de\/archiv\/wp-content\/uploads\/2020\/10\/201026-pnp-rechteraeume-thumb.jpg&#8220; title_text=&#8220;201026-pnp-rechteraeume-thumb&#8220; url=&#8220;https:\/\/www.wochen-zur-demokratie.de\/archiv\/wp-content\/uploads\/2020\/10\/201026-pnp-rechteraeume-web.jpg&#8220; url_new_window=&#8220;on&#8220; admin_label=&#8220;PNP 21 Architektur&#8220; _builder_version=&#8220;4.6.5&#8243; _module_preset=&#8220;default&#8220;][\/et_pb_image][et_pb_text admin_label=&#8220;Text PNP 21 Architektur&#8220; _builder_version=&#8220;4.6.5&#8243; _module_preset=&#8220;default&#8220; link_option_url=&#8220;https:\/\/www.wochen-zur-demokratie.de\/archiv\/wp-content\/uploads\/2020\/10\/201026-pnp-rechteraeume-web.jpg&#8220; link_option_url_new_window=&#8220;on&#8220;]<\/p>\n<p style=\"text-align: center;\">PNP 26.10.20 Architektur<\/p>\n<p>[\/et_pb_text][\/et_pb_column][et_pb_column type=&#8220;1_6&#8243; _builder_version=&#8220;4.6.5&#8243; _module_preset=&#8220;default&#8220;][et_pb_image src=&#8220;https:\/\/www.wochen-zur-demokratie.de\/archiv\/wp-content\/uploads\/2020\/10\/201028-pnp-meetgreet-thumb.jpg&#8220; title_text=&#8220;201028-pnp-meetgreet-thumb&#8220; url=&#8220;https:\/\/www.wochen-zur-demokratie.de\/archiv\/wp-content\/uploads\/2020\/10\/201028-pnp-meetgreet-web.jpg&#8220; url_new_window=&#8220;on&#8220; admin_label=&#8220;PNP 26 Meet &#038; Greet&#8220; _builder_version=&#8220;4.6.5&#8243; _module_preset=&#8220;default&#8220;][\/et_pb_image][et_pb_text admin_label=&#8220;Text PNP 26 Meet &#038; Greet&#8220; _builder_version=&#8220;4.6.5&#8243; _module_preset=&#8220;default&#8220; link_option_url=&#8220;PNP 28.10.20 Meet &#038; Greet&#8220; link_option_url_new_window=&#8220;on&#8220;]<\/p>\n<p style=\"text-align: center;\">PNP 28.10.20 Meet &amp; Greet<\/p>\n<p>[\/et_pb_text][\/et_pb_column][et_pb_column type=&#8220;1_6&#8243; _builder_version=&#8220;4.6.5&#8243; _module_preset=&#8220;default&#8220;][et_pb_image src=&#8220;https:\/\/www.wochen-zur-demokratie.de\/archiv\/wp-content\/uploads\/2020\/10\/201031-pnp-bonmots-thumb.jpg&#8220; title_text=&#8220;201031-pnp-bonmots-thumb&#8220; url=&#8220;https:\/\/www.wochen-zur-demokratie.de\/archiv\/wp-content\/uploads\/2020\/10\/201031-pnp-bonmots-web.jpg&#8220; url_new_window=&#8220;on&#8220; admin_label=&#8220;PNP 28 Bon Mots&#8220; _builder_version=&#8220;4.6.5&#8243; _module_preset=&#8220;default&#8220;][\/et_pb_image][et_pb_text admin_label=&#8220;Text PNP 28 Bon Mots&#8220; _builder_version=&#8220;4.6.5&#8243; _module_preset=&#8220;default&#8220; link_option_url=&#8220;https:\/\/www.wochen-zur-demokratie.de\/archiv\/wp-content\/uploads\/2020\/10\/201031-pnp-bonmots-web.jpg&#8220; link_option_url_new_window=&#8220;on&#8220;]<\/p>\n<p style=\"text-align: center;\">PNP 31.10.20 Bon Mots<\/p>\n<p>[\/et_pb_text][\/et_pb_column][et_pb_column type=&#8220;1_6&#8243; _builder_version=&#8220;4.6.5&#8243; _module_preset=&#8220;default&#8220;][et_pb_image src=&#8220;https:\/\/www.wochen-zur-demokratie.de\/archiv\/wp-content\/uploads\/2020\/10\/201031-pnp-consul-thumb.jpg&#8220; title_text=&#8220;201031-pnp-consul-thumb&#8220; url=&#8220;https:\/\/www.wochen-zur-demokratie.de\/archiv\/wp-content\/uploads\/2020\/10\/201031-pnp-consul-web.jpg&#8220; url_new_window=&#8220;on&#8220; admin_label=&#8220;PNP 29 Consul&#8220; _builder_version=&#8220;4.6.5&#8243; _module_preset=&#8220;default&#8220;][\/et_pb_image][et_pb_text admin_label=&#8220;Text PNP 29 Consul&#8220; _builder_version=&#8220;4.6.5&#8243; _module_preset=&#8220;default&#8220; link_option_url=&#8220;https:\/\/www.wochen-zur-demokratie.de\/archiv\/wp-content\/uploads\/2020\/10\/201031-pnp-consul-web.jpg&#8220; link_option_url_new_window=&#8220;on&#8220;]<\/p>\n<p style=\"text-align: center;\">PNP 29.10.20 Consul<\/p>\n<p>[\/et_pb_text][\/et_pb_column][et_pb_column type=&#8220;1_6&#8243; _builder_version=&#8220;4.6.5&#8243; _module_preset=&#8220;default&#8220;][et_pb_image src=&#8220;https:\/\/www.wochen-zur-demokratie.de\/archiv\/wp-content\/uploads\/2020\/11\/201102-pnp-brot-thumb.jpg&#8220; title_text=&#8220;201102-pnp-brot-thumb&#8220; url=&#8220;https:\/\/www.wochen-zur-demokratie.de\/archiv\/wp-content\/uploads\/2020\/11\/201102-pnp-brot-web.jpg&#8220; url_new_window=&#8220;on&#8220; admin_label=&#8220;PNP 29 Brot&#8220; _builder_version=&#8220;4.6.5&#8243; _module_preset=&#8220;default&#8220;][\/et_pb_image][et_pb_text admin_label=&#8220;Text PNP 29 Brot&#8220; _builder_version=&#8220;4.6.5&#8243; _module_preset=&#8220;default&#8220; link_option_url=&#8220;https:\/\/www.wochen-zur-demokratie.de\/archiv\/wp-content\/uploads\/2020\/11\/201102-pnp-brot-web.jpg&#8220; link_option_url_new_window=&#8220;on&#8220;]<\/p>\n<p style=\"text-align: center;\">PNP 02.11.20 Brot-Film<\/p>\n<p>[\/et_pb_text][\/et_pb_column][et_pb_column type=&#8220;1_6&#8243; _builder_version=&#8220;4.6.5&#8243; _module_preset=&#8220;default&#8220;][et_pb_image src=&#8220;https:\/\/www.wochen-zur-demokratie.de\/archiv\/wp-content\/uploads\/2020\/11\/201106-pnp-goerdeler-thumb.jpg&#8220; title_text=&#8220;201106-pnp-goerdeler-thumb&#8220; url=&#8220;https:\/\/www.wochen-zur-demokratie.de\/archiv\/wp-content\/uploads\/2020\/11\/201106-pnp-goerdeler-web.pdf&#8220; url_new_window=&#8220;on&#8220; admin_label=&#8220;PNP 25 Goerdeler&#8220; _builder_version=&#8220;4.6.5&#8243; _module_preset=&#8220;default&#8220;][\/et_pb_image][et_pb_text admin_label=&#8220;Text PNP 25 Goerdeler&#8220; _builder_version=&#8220;4.6.5&#8243; _module_preset=&#8220;default&#8220; link_option_url=&#8220;https:\/\/www.wochen-zur-demokratie.de\/archiv\/wp-content\/uploads\/2020\/11\/201106-pnp-goerdeler-web.pdf&#8220; link_option_url_new_window=&#8220;on&#8220;]<\/p>\n<p style=\"text-align: center;\">PNP 06.11.20 Goerdeler<\/p>\n<p>[\/et_pb_text][\/et_pb_column][\/et_pb_row][et_pb_row column_structure=&#8220;1_6,1_6,1_6,1_6,1_6,1_6&#8243; _builder_version=&#8220;4.6.5&#8243; _module_preset=&#8220;default&#8220;][et_pb_column type=&#8220;1_6&#8243; _builder_version=&#8220;4.6.5&#8243; _module_preset=&#8220;default&#8220;][et_pb_image src=&#8220;https:\/\/www.wochen-zur-demokratie.de\/archiv\/wp-content\/uploads\/2020\/11\/201110-pnp-insel-thumb.jpg&#8220; title_text=&#8220;201110-pnp-insel-thumb&#8220; url=&#8220;https:\/\/www.wochen-zur-demokratie.de\/archiv\/wp-content\/uploads\/2020\/11\/201110-pnp-insel-web.jpg&#8220; url_new_window=&#8220;on&#8220; admin_label=&#8220;PNP Insel&#8220; _builder_version=&#8220;4.6.5&#8243; _module_preset=&#8220;default&#8220;][\/et_pb_image][et_pb_text admin_label=&#8220;Text PNP Insel&#8220; _builder_version=&#8220;4.6.5&#8243; _module_preset=&#8220;default&#8220; link_option_url=&#8220;https:\/\/www.wochen-zur-demokratie.de\/archiv\/wp-content\/uploads\/2020\/11\/201110-pnp-insel-web.jpg&#8220; link_option_url_new_window=&#8220;on&#8220;]<\/p>\n<p style=\"text-align: center;\">PNP 10.11.20 Insel<\/p>\n<p>[\/et_pb_text][\/et_pb_column][et_pb_column type=&#8220;1_6&#8243; _builder_version=&#8220;4.6.5&#8243; _module_preset=&#8220;default&#8220;][et_pb_image src=&#8220;https:\/\/www.wochen-zur-demokratie.de\/archiv\/wp-content\/uploads\/2020\/11\/201107-pnp-kriegsende-thumb.jpg&#8220; title_text=&#8220;201107-pnp-kriegsende-thumb&#8220; url=&#8220;https:\/\/www.wochen-zur-demokratie.de\/archiv\/wp-content\/uploads\/2020\/11\/201107-pnp-kriegsende-web.jpg&#8220; url_new_window=&#8220;on&#8220; admin_label=&#8220;PNP Kriegsende 30&#8243; _builder_version=&#8220;4.6.5&#8243; _module_preset=&#8220;default&#8220;][\/et_pb_image][et_pb_text admin_label=&#8220;Text PNP Kriegsende 30&#8243; _builder_version=&#8220;4.6.5&#8243; _module_preset=&#8220;default&#8220; link_option_url=&#8220;https:\/\/www.wochen-zur-demokratie.de\/archiv\/wp-content\/uploads\/2020\/11\/201107-pnp-kriegsende-web.jpg&#8220; link_option_url_new_window=&#8220;on&#8220;]<\/p>\n<p style=\"text-align: center;\">PNP 07.11.20 Kriegsende<\/p>\n<p>[\/et_pb_text][\/et_pb_column][et_pb_column type=&#8220;1_6&#8243; _builder_version=&#8220;4.6.5&#8243; _module_preset=&#8220;default&#8220;][et_pb_image src=&#8220;https:\/\/www.wochen-zur-demokratie.de\/archiv\/wp-content\/uploads\/2020\/11\/MP_2041-thumb.jpg&#8220; title_text=&#8220;MP_2041-thumb&#8220; url=&#8220;https:\/\/www.wochen-zur-demokratie.de\/archiv\/wp-content\/uploads\/2020\/11\/MP_2041-web.jpg&#8220; url_new_window=&#8220;on&#8220; admin_label=&#8220;MP 41&#8243; _builder_version=&#8220;4.6.5&#8243; _module_preset=&#8220;default&#8220;][\/et_pb_image][et_pb_text admin_label=&#8220;Text MP 41&#8243; _builder_version=&#8220;4.6.5&#8243; _module_preset=&#8220;default&#8220; link_option_url=&#8220;https:\/\/www.wochen-zur-demokratie.de\/archiv\/wp-content\/uploads\/2020\/11\/MP_2041-web.jpg&#8220; link_option_url_new_window=&#8220;on&#8220;]<\/p>\n<p style=\"text-align: center;\">Mein Passau 2020 Nr. 41<\/p>\n<p>[\/et_pb_text][\/et_pb_column][et_pb_column type=&#8220;1_6&#8243; _builder_version=&#8220;4.6.5&#8243; _module_preset=&#8220;default&#8220;][et_pb_image src=&#8220;https:\/\/www.wochen-zur-demokratie.de\/archiv\/wp-content\/uploads\/2020\/11\/PKB_21-1_5-6-thumb.jpg&#8220; title_text=&#8220;PKB_21-1_5-6-thumb&#8220; url=&#8220;https:\/\/www.wochen-zur-demokratie.de\/archiv\/wp-content\/uploads\/2020\/11\/PKB_21-1_5-6-web.pdf&#8220; url_new_window=&#8220;on&#8220; admin_label=&#8220;PK&#8220; _builder_version=&#8220;4.6.5&#8243; _module_preset=&#8220;default&#8220;][\/et_pb_image][et_pb_text admin_label=&#8220;Text PK&#8220; _builder_version=&#8220;4.6.5&#8243; _module_preset=&#8220;default&#8220; link_option_url=&#8220;https:\/\/www.wochen-zur-demokratie.de\/archiv\/wp-content\/uploads\/2020\/11\/PKB_21-1_5-6-web.pdf&#8220; link_option_url_new_window=&#8220;on&#8220;]<\/p>\n<p style=\"text-align: center;\">Passauer Kunstbl\u00e4tter 2020<\/p>\n<p>[\/et_pb_text][\/et_pb_column][et_pb_column type=&#8220;1_6&#8243; _builder_version=&#8220;4.6.5&#8243; _module_preset=&#8220;default&#8220;][et_pb_image src=&#8220;https:\/\/www.wochen-zur-demokratie.de\/archiv\/wp-content\/uploads\/2020\/12\/201230-pnp-selbstwerkstatt-thumb.jpg&#8220; title_text=&#8220;201230-pnp-selbstwerkstatt-thumb&#8220; url=&#8220;https:\/\/www.wochen-zur-demokratie.de\/archiv\/wp-content\/uploads\/2020\/12\/201230-pnp-selbstwerkstatt-web.jpg&#8220; url_new_window=&#8220;on&#8220; admin_label=&#8220;PNP 1230 Selbstw&#8220; _builder_version=&#8220;4.6.5&#8243; _module_preset=&#8220;default&#8220;][\/et_pb_image][et_pb_text admin_label=&#8220;Text PNP 1230 Selbstw&#8220; _builder_version=&#8220;4.6.5&#8243; _module_preset=&#8220;default&#8220; link_option_url=&#8220;https:\/\/www.wochen-zur-demokratie.de\/archiv\/wp-content\/uploads\/2020\/12\/201230-pnp-selbstwerkstatt-web.jpg&#8220; link_option_url_new_window=&#8220;on&#8220;]<\/p>\n<p style=\"text-align: center;\">PNP 30.12.20 Selbstwerkstatt<\/p>\n<p>[\/et_pb_text][\/et_pb_column][et_pb_column type=&#8220;1_6&#8243; _builder_version=&#8220;4.6.5&#8243; _module_preset=&#8220;default&#8220;][\/et_pb_column][\/et_pb_row][\/et_pb_section][et_pb_section fb_built=&#8220;1&#8243; admin_label=&#8220;Section Footer&#8220; _builder_version=&#8220;3.26.3&#8243; background_color=&#8220;#ff0066&#8243; custom_padding=&#8220;0px||200px||false|false&#8220; locked=&#8220;off&#8220;][et_pb_row _builder_version=&#8220;3.26.3&#8243; width=&#8220;100%&#8220; max_width=&#8220;none&#8220; custom_padding=&#8220;0px||0px||false|false&#8220;][et_pb_column type=&#8220;4_4&#8243; _builder_version=&#8220;3.26.3&#8243;][et_pb_image src=&#8220;https:\/\/www.wochen-zur-demokratie.de\/archiv\/wp-content\/uploads\/2019\/07\/wzd-divider-programm-dt.png&#8220; force_fullwidth=&#8220;on&#8220; _builder_version=&#8220;3.27.4&#8243;][\/et_pb_image][\/et_pb_column][\/et_pb_row][et_pb_row column_structure=&#8220;1_2,1_2&#8243; custom_padding_last_edited=&#8220;on|desktop&#8220; _builder_version=&#8220;3.26.3&#8243; width=&#8220;90%&#8220; custom_padding=&#8220;50px||||false|false&#8220; custom_padding_tablet=&#8220;&#8220; custom_padding_phone=&#8220;30px||||false|false&#8220;][et_pb_column type=&#8220;1_2&#8243; _builder_version=&#8220;3.26.3&#8243;][et_pb_text admin_label=&#8220;Klimakompetenz&#8220; _builder_version=&#8220;3.27.4&#8243; text_text_color=&#8220;#ffffff&#8220;]<\/p>\n<p><strong>Klimakompetenz<\/strong><br \/> Der Aussto\u00df an Kohlendioxid (CO2), der durch die gesamte Veranstaltungsreihe inkl. An- und Abreise der Referenten anf\u00e4llt, wird ausgeglichen durch die Firma MaierKorduletsch, Partner und F\u00f6rderer der Wochen zur Demokratie.<br \/> Das Werbematerial der Wochen zur Demokratie wurde mit wenigen Ausnahmen auf 100% Recyclingpapier gedruckt.<\/p>\n<p>[\/et_pb_text][\/et_pb_column][et_pb_column type=&#8220;1_2&#8243; _builder_version=&#8220;3.26.3&#8243;][et_pb_text admin_label=&#8220;Impressum&#8220; module_class=&#8220;imprint&#8220; _builder_version=&#8220;3.27.4&#8243; text_text_color=&#8220;#ffffff&#8220; text_orientation=&#8220;right&#8220; custom_padding=&#8220;||20px||false|false&#8220; text_text_align=&#8220;right&#8220;]<\/p>\n<p><a href=\"\/impressum\">Impressum<\/a> \u00a0|\u00a0 <a href=\"\/datenschutz\">Datenschutz<\/a><br \/> <a href=\"mailto:kont&#097;k&#116;&#064;&#119;ochen-z&#117;r-de&#109;&#111;kr&#097;tie&#046;&#100;&#101;\">kont&#097;k&#116;&#064;&#119;ochen-z&#117;r-de&#109;&#111;kr&#097;tie&#046;&#100;&#101;<\/a><\/p>\n<p>[\/et_pb_text][et_pb_image src=&#8220;https:\/\/www.wochen-zur-demokratie.de\/archiv\/wp-content\/uploads\/2019\/09\/icon-facebook.svg&#8220; url=&#8220;https:\/\/www.facebook.com\/WozuDemokratiePassau\/&#8220; url_new_window=&#8220;on&#8220; align=&#8220;right&#8220; admin_label=&#8220;Facebook&#8220; _builder_version=&#8220;3.27.4&#8243; width=&#8220;50px&#8220; custom_css_main_element=&#8220;float:right;&#8220; transform_styles__hover_enabled=&#8220;on|hover&#8220; transform_scale__hover_enabled=&#8220;on|hover&#8220; transform_translate__hover_enabled=&#8220;on|desktop&#8220; transform_rotate__hover_enabled=&#8220;on|desktop&#8220; transform_skew__hover_enabled=&#8220;on|desktop&#8220; transform_origin__hover_enabled=&#8220;on|desktop&#8220; transform_scale__hover=&#8220;105%|105%&#8220;][\/et_pb_image][et_pb_image src=&#8220;https:\/\/www.wochen-zur-demokratie.de\/archiv\/wp-content\/uploads\/2019\/09\/icon-instagram.svg&#8220; url=&#8220;https:\/\/www.instagram.com\/wozudemokratie\/&#8220; url_new_window=&#8220;on&#8220; align=&#8220;right&#8220; admin_label=&#8220;Instagram&#8220; _builder_version=&#8220;3.27.4&#8243; width=&#8220;50px&#8220; custom_margin=&#8220;|20px|||false|false&#8220; custom_css_main_element=&#8220;float:right;&#8220; transform_styles__hover_enabled=&#8220;on|hover&#8220; transform_scale__hover_enabled=&#8220;on|hover&#8220; transform_translate__hover_enabled=&#8220;on|desktop&#8220; transform_rotate__hover_enabled=&#8220;on|desktop&#8220; transform_skew__hover_enabled=&#8220;on|desktop&#8220; transform_origin__hover_enabled=&#8220;on|desktop&#8220; transform_scale__hover=&#8220;105%|105%&#8220;][\/et_pb_image][et_pb_image src=&#8220;https:\/\/www.wochen-zur-demokratie.de\/archiv\/wp-content\/uploads\/2019\/09\/icon-youtube.svg&#8220; url=&#8220;https:\/\/www.youtube.com\/watch?v=AJQ2P4PvLH4&#8243; url_new_window=&#8220;on&#8220; align=&#8220;right&#8220; admin_label=&#8220;Youtube&#8220; _builder_version=&#8220;3.27.4&#8243; width=&#8220;50px&#8220; custom_margin=&#8220;|20px|||false|false&#8220; custom_padding=&#8220;||||false|false&#8220; custom_css_main_element=&#8220;float:right;&#8220; transform_styles__hover_enabled=&#8220;on|hover&#8220; transform_scale__hover_enabled=&#8220;on|hover&#8220; transform_translate__hover_enabled=&#8220;on|desktop&#8220; transform_rotate__hover_enabled=&#8220;on|desktop&#8220; transform_skew__hover_enabled=&#8220;on|desktop&#8220; transform_origin__hover_enabled=&#8220;on|desktop&#8220; transform_scale__hover=&#8220;105%|105%&#8220;][\/et_pb_image][\/et_pb_column][\/et_pb_row][\/et_pb_section]<\/p>\n","protected":false},"excerpt":{"rendered":"<p>[et_pb_section fb_built=&#8220;1&#8243; disabled_on=&#8220;off|off|off&#8220; admin_label=&#8220;Section Logo dt&#8220; _builder_version=&#8220;3.27.2&#8243; custom_padding=&#8220;0px||0px||false|false&#8220; locked=&#8220;off&#8220;][et_pb_row _builder_version=&#8220;3.27.2&#8243; width=&#8220;100%&#8220; max_width=&#8220;none&#8220; custom_margin=&#8220;||||false|false&#8220; custom_padding=&#8220;0px||0px||false|false&#8220;][et_pb_column type=&#8220;4_4&#8243; _builder_version=&#8220;3.27.2&#8243;][et_pb_image src=&#8220;https:\/\/www.wochen-zur-demokratie.de\/archiv\/wp-content\/uploads\/2019\/08\/wzd-video-button.png&#8220; url=&#8220;#divi-sos-1824&#8243; show_bottom_space=&#8220;off&#8220; admin_label=&#8220;Image Datum Video&#8220; _builder_version=&#8220;3.27.4&#8243; width=&#8220;26%&#8220; max_width=&#8220;430px&#8220; custom_margin=&#8220;-6vw|||48%|false|false&#8220; custom_padding=&#8220;||||false|false&#8220;][\/et_pb_image][\/et_pb_column][\/et_pb_row][\/et_pb_section][et_pb_section fb_built=&#8220;1&#8243; admin_label=&#8220;Section Programm&#8220; module_id=&#8220;programm&#8220; _builder_version=&#8220;3.27.2&#8243; background_color=&#8220;#ffffff&#8220; custom_padding=&#8220;0px||0px||false|false&#8220; locked=&#8220;off&#8220;][et_pb_row _builder_version=&#8220;3.26.3&#8243; width=&#8220;100%&#8220; max_width=&#8220;none&#8220; custom_padding=&#8220;0px||0px||false|false&#8220;][et_pb_column type=&#8220;4_4&#8243; _builder_version=&#8220;3.26.3&#8243;][et_pb_image src=&#8220;https:\/\/www.wochen-zur-demokratie.de\/archiv\/wp-content\/uploads\/2021\/07\/wzd_divider-programm-2020-dt_1920.png&#8220; title_text=&#8220;wzd_divider-programm-2020-ph_1080&#8243; show_bottom_space=&#8220;off&#8220; force_fullwidth=&#8220;on&#8220; src_tablet=&#8220;https:\/\/www.wochen-zur-demokratie.de\/archiv\/wp-content\/uploads\/2021\/07\/wzd_divider-programm-2020-dt_1920.png&#8220; src_phone=&#8220;https:\/\/www.wochen-zur-demokratie.de\/archiv\/wp-content\/uploads\/2021\/07\/wzd_divider-programm-2020-ph_1080.png&#8220; src_last_edited=&#8220;on|desktop&#8220; _builder_version=&#8220;4.9.7&#8243; custom_margin=&#8220;||||false|false&#8220;][\/et_pb_image][\/et_pb_column][\/et_pb_row][et_pb_row _builder_version=&#8220;4.3.2&#8243; max_width=&#8220;1180px&#8220; custom_padding=&#8220;60px||0px||false|false&#8220; locked=&#8220;off&#8220;][et_pb_column type=&#8220;4_4&#8243; [&hellip;]<\/p>\n","protected":false},"author":1,"featured_media":0,"parent":0,"menu_order":0,"comment_status":"closed","ping_status":"closed","template":"","meta":{"_et_pb_use_builder":"on","_et_pb_old_content":"","_et_gb_content_width":"","footnotes":""},"class_list":["post-3024","page","type-page","status-publish","hentry"],"_links":{"self":[{"href":"https:\/\/www.wochen-zur-demokratie.de\/archiv\/wp-json\/wp\/v2\/pages\/3024","targetHints":{"allow":["GET"]}}],"collection":[{"href":"https:\/\/www.wochen-zur-demokratie.de\/archiv\/wp-json\/wp\/v2\/pages"}],"about":[{"href":"https:\/\/www.wochen-zur-demokratie.de\/archiv\/wp-json\/wp\/v2\/types\/page"}],"author":[{"embeddable":true,"href":"https:\/\/www.wochen-zur-demokratie.de\/archiv\/wp-json\/wp\/v2\/users\/1"}],"replies":[{"embeddable":true,"href":"https:\/\/www.wochen-zur-demokratie.de\/archiv\/wp-json\/wp\/v2\/comments?post=3024"}],"version-history":[{"count":5,"href":"https:\/\/www.wochen-zur-demokratie.de\/archiv\/wp-json\/wp\/v2\/pages\/3024\/revisions"}],"predecessor-version":[{"id":3039,"href":"https:\/\/www.wochen-zur-demokratie.de\/archiv\/wp-json\/wp\/v2\/pages\/3024\/revisions\/3039"}],"wp:attachment":[{"href":"https:\/\/www.wochen-zur-demokratie.de\/archiv\/wp-json\/wp\/v2\/media?parent=3024"}],"curies":[{"name":"wp","href":"https:\/\/api.w.org\/{rel}","templated":true}]}}