{"id":3288,"date":"2022-02-07T13:45:06","date_gmt":"2022-02-07T11:45:06","guid":{"rendered":"https:\/\/www.wochen-zur-demokratie.de\/?page_id=3288"},"modified":"2022-07-20T09:10:59","modified_gmt":"2022-07-20T07:10:59","slug":"programm-2021","status":"publish","type":"page","link":"https:\/\/www.wochen-zur-demokratie.de\/archiv\/programm-2021\/","title":{"rendered":"Programm 2021"},"content":{"rendered":"<p>[et_pb_section fb_built=&#8220;1&#8243; admin_label=&#8220;Section Programm&#8220; module_id=&#8220;programm&#8220; _builder_version=&#8220;3.27.2&#8243; background_color=&#8220;#ffffff&#8220; custom_padding=&#8220;0px||0px||false|false&#8220; global_colors_info=&#8220;{}&#8220;][et_pb_row _builder_version=&#8220;3.26.3&#8243; width=&#8220;100%&#8220; max_width=&#8220;none&#8220; custom_padding=&#8220;0px||0px||false|false&#8220; locked=&#8220;off&#8220; global_colors_info=&#8220;{}&#8220;][et_pb_column type=&#8220;4_4&#8243; _builder_version=&#8220;3.26.3&#8243; global_colors_info=&#8220;{}&#8220;][et_pb_image src=&#8220;https:\/\/www.wochen-zur-demokratie.de\/archiv\/wp-content\/uploads\/2022\/02\/wzd_divider-programm-2021-dt_1920.png&#8220; title_text=&#8220;wzd_divider-programm-2021-ph_1080&#8243; show_bottom_space=&#8220;off&#8220; force_fullwidth=&#8220;on&#8220; src_tablet=&#8220;https:\/\/www.wochen-zur-demokratie.de\/archiv\/wp-content\/uploads\/2022\/02\/wzd_divider-programm-2021-dt_1920.png&#8220; src_phone=&#8220;https:\/\/www.wochen-zur-demokratie.de\/archiv\/wp-content\/uploads\/2022\/02\/wzd_divider-programm-2021-ph_1080.png&#8220; src_last_edited=&#8220;on|desktop&#8220; _builder_version=&#8220;4.14.7&#8243; custom_margin=&#8220;||||false|false&#8220; hover_enabled=&#8220;0&#8243; global_colors_info=&#8220;{}&#8220; sticky_enabled=&#8220;0&#8243;][\/et_pb_image][\/et_pb_column][\/et_pb_row][et_pb_row _builder_version=&#8220;4.3.2&#8243; max_width=&#8220;1180px&#8220; custom_padding=&#8220;60px||0px||false|false&#8220; locked=&#8220;off&#8220; global_colors_info=&#8220;{}&#8220;][et_pb_column type=&#8220;4_4&#8243; _builder_version=&#8220;4.3.2&#8243; global_colors_info=&#8220;{}&#8220;][et_pb_text admin_label=&#8220;Einleitung&#8220; _builder_version=&#8220;4.14.7&#8243; header_font=&#8220;|600|||||||&#8220; header_font_size=&#8220;24px&#8220; custom_margin_tablet=&#8220;&#8220; custom_margin_phone=&#8220;&#8220; custom_margin_last_edited=&#8220;on|tablet&#8220; custom_padding=&#8220;||||false|false&#8220; custom_padding_tablet=&#8220;&#8220; custom_padding_phone=&#8220;&#8220; custom_padding_last_edited=&#8220;on|desktop&#8220; locked=&#8220;off&#8220; global_colors_info=&#8220;{}&#8220;]<\/p>\n<h1>Wochen zur Demokratie 2021<\/h1>\n<p>[\/et_pb_text][\/et_pb_column][\/et_pb_row][et_pb_row _builder_version=&#8220;3.26.3&#8243; width=&#8220;100%&#8220; max_width=&#8220;1180px&#8220; custom_padding=&#8220;35px|||||&#8220; global_colors_info=&#8220;{}&#8220;][et_pb_column type=&#8220;4_4&#8243; _builder_version=&#8220;3.26.3&#8243; global_colors_info=&#8220;{}&#8220;][et_pb_text admin_label=&#8220;EventOn Shortcode Tiles&#8220; _builder_version=&#8220;4.10.5&#8243; hover_enabled=&#8220;0&#8243; global_colors_info=&#8220;{}&#8220; sticky_enabled=&#8220;0&#8243;]<div id='evcal_calendar_204' class='ajde_evcal_calendar boxy boxstyle0 box_4 evoEL' ><div class='evo-data' data-cyear=\"2026\" data-cmonth=\"5\" data-runajax=\"1\" data-evc_open=\"0\" data-cal_ver=\"2.7.3\" data-mapscroll=\"true\" data-mapformat=\"roadmap\" data-mapzoom=\"18\" data-mapiconurl=\"\" data-ev_cnt=\"0\" data-show_limit=\"no\" data-tiles=\"yes\" data-sort_by=\"sort_date\" data-filters_on=\"false\" data-range_start=\"1622332800\" data-range_end=\"1640822400\" data-send_unix=\"1\" data-ux_val=\"0\" data-accord=\"0\" data-rtl=\"no\"  ><\/div><div id='evcal_head' class='calendar_header evcal_nosort' ><div class='evo_cal_above_content'><\/div><div class='cal_arguments' style='display:none' data-hide_past=\"no\" data-show_et_ft_img=\"no\" data-event_order=\"ASC\" data-ft_event_priority=\"no\" data-lang=\"L1\" data-month_incre=\"0\" data-only_ft=\"no\" data-hide_ft=\"no\" data-evc_open=\"no\" data-show_limit=\"no\" data-etc_override=\"no\" data-show_limit_redir=\"0\" data-tiles=\"yes\" data-tile_height=\"275\" data-tile_bg=\"0\" data-tile_count=\"4\" data-tile_style=\"0\" data-s=\"\" data-members_only=\"no\" data-ux_val=\"0\" data-show_limit_ajax=\"no\" data-show_limit_paged=\"1\" data-hide_mult_occur=\"yes\" data-show_repeats=\"no\" data-hide_end_time=\"no\" data-eventtop_style=\"0\" data-sep_month=\"no\" data-number_of_months=\"2\" ><\/div><div class='clear'><\/div><\/div><div class='eventon_sorting_section' style='display:none'><div class='eventon_filter_line '><div class='eventon_filter' data-filter_field='event_type' data-filter_val='all' data-filter_type='tax' data-fl_o='IN'><\/div><div class='eventon_filter' data-filter_field='event_type_2' data-filter_val='all' data-filter_type='tax' data-fl_o='IN'><\/div><div class='eventon_filter' data-filter_field='event_type_3' data-filter_val='all' data-filter_type='tax' data-fl_o='IN'><\/div><div class='eventon_filter' data-filter_field='event_type_4' data-filter_val='all' data-filter_type='tax' data-fl_o='IN'><\/div><div class='eventon_filter' data-filter_field='event_type_5' data-filter_val='all' data-filter_type='tax' data-fl_o='IN'><\/div><div class='eventon_filter' data-filter_field='event_location' data-filter_val='all' data-filter_type='tax' data-fl_o='IN'><\/div><div class='eventon_filter' data-filter_field='event_organizer' data-filter_val='all' data-filter_type='tax' data-fl_o='IN'><\/div><div class='eventon_filter' data-filter_field='event_tag' data-filter_val='all' data-filter_type='tax' data-fl_o='IN'><\/div><\/div><div class='clear'><\/div><\/div><div id='eventon_loadbar_section'><div id='eventon_loadbar'><\/div><\/div><div id='evcal_list' class='eventon_events_list'><div style=\"background-color: #c766a4;height: 275px;\" id=\"event_3121\" class=\"eventon_list_event evo_eventtop past_event event event_3121_0\" data-event_id=\"3121\" data-ri=\"0r\" data-time=\"1630515600-1633716000\" data-colr=\"#c766a4\" itemscope itemtype='http:\/\/schema.org\/Event'><div class=\"evo_event_schema\" style=\"display:none\" ><a itemprop='url'  href='https:\/\/www.wochen-zur-demokratie.de\/archiv\/events\/special-1-das-demokratiemobil\/'><\/a><span itemprop='name'  >SPECIAL 1 | Das Demokratiemobil...<\/span><meta itemprop='image' content=\"https:\/\/www.wochen-zur-demokratie.de\/archiv\/wp-content\/uploads\/2021\/09\/demokratiemobil-1-web.jpg\" \/><meta itemprop='description' content=\"Das Demokratiemobil des Kreisjugendrings brachte politische Bildung mit Spa\u00df vor allem zu jungen Menschen. Im Zentrum stand die Frage: Wie k\u00f6nnen junge Menschen in ihren Gemeinden politisch Geh\u00f6r finden und\" \/><meta itemprop='startDate' content=\"2021-9-1T17:00\" \/><meta itemprop='endDate' content=\"2021-10-8T18:00\" \/><meta itemprop='eventStatus' content=\"on-schedule\" \/><script type=\"application\/ld+json\">{\t\"@context\": \"http:\/\/schema.org\",\n\t\t\t\t\t\t\t  \t\"@type\": \"Event\",\n\t\t\t\t\t\t\t  \t\"name\": \"SPECIAL 1 | Das Demokratiemobil...\",\n\t\t\t\t\t\t\t  \t\"startDate\": \"2021-9-1T17-17-00-00\",\n\t\t\t\t\t\t\t  \t\"endDate\": \"2021-10-8T18-18-00-00\",\n\t\t\t\t\t\t\t  \t\"image\":\"https:\/\/www.wochen-zur-demokratie.de\/archiv\/wp-content\/uploads\/2021\/09\/demokratiemobil-1-web.jpg\",\n\t\t\t\t\t\t\t  \t\"description\":\"Das Demokratiemobil des Kreisjugendrings brachte politische Bildung mit Spa\u00df vor allem zu jungen Menschen. Im Zentrum stand die Frage: Wie k\u00f6nnen junge Menschen in ihren Gemeinden politisch Geh\u00f6r finden und\"\n\t\t\t\t\t\t\t  \t\n\t\t\t\t\t\t\t }<\/script><\/div>\n\t\t\t\t<p class=\"desc_trig_outter\"><a data-gmap_status=\"null\" data-gmtrig=\"1\" data-exlk=\"0\" id=\"evc_16305156003121\" class=\"desc_trig mul_val evcal_list_a\" data-ux_val=\"3\"  ><span class='evcal_cblock ' data-bgcolor='#c766a4' data-smon='September' data-syr='2021'><span class='evo_start '><em class='date'>01<\/em><em class='month'>Sept.<\/em><em class='time'><i t=\"y\">(Sept. 1)<\/i>17:00<\/em><\/span><span class='evo_end '><em class='date'>08<\/em><em class='month'>Okt.<\/em><em class='time'><i t=\"y\">(Okt. 8)<\/i>18:00<\/em><\/span><em class='clear'><\/em><\/span><span class='evcal_desc evo_info hide_eventtopdata '  data-location_status=\"false\" ><span class='evo_above_title'><\/span><span class='evcal_desc2 evcal_event_title' itemprop='name'>SPECIAL 1 | Das Demokratiemobil...<\/span><span class='evo_below_title'><span class='evcal_event_subtitle' >... tourt durch den  Landkreis Passau<\/span><\/span><span class='evcal_desc_info' ><em class='evcal_time'>(September 1) 17:00 - (Oktober 8) 18:00<\/em> <em class=\"evcal_location\"  data-add_str=\"\"><em class=\"event_location_name\">17 Orte im Landkreis Passau<\/em><\/em><\/span><span class='evcal_desc3'><\/span><\/span><em class='clear'><\/em><\/a><\/p><div class='event_description evcal_eventcard ' style=\"display:none\"><div class='evo_metarow_directimg'><img class='evo_event_main_img' src='https:\/\/www.wochen-zur-demokratie.de\/archiv\/wp-content\/uploads\/2021\/09\/demokratiemobil-1-web.jpg' \/><\/div><div class='evo_metarow_details evorow evcal_evdata_row bordb evcal_event_details'>\n\t\t\t\t\t\t\t<div class=\"event_excerpt\" style=\"display:none\"><h3 class=\"padb5 evo_h3\">Event Details<\/h3><p>Das Demokratiemobil des Kreisjugendrings brachte politische Bildung mit Spa\u00df vor allem zu jungen Menschen. Im Zentrum stand die Frage: Wie k\u00f6nnen junge Menschen in ihren Gemeinden politisch Geh\u00f6r finden und<\/p><\/div><span class='evcal_evdata_icons'><i class='fa fa-align-justify'><\/i><\/span>\n\t\t\t\t\t\t\t\n\t\t\t\t\t\t\t<div class='evcal_evdata_cell shorter_desc'><div class='eventon_details_shading_bot'>\n\t\t\t\t\t\t\t\t<p class='eventon_shad_p' content='less'><span class='ev_more_text' data-txt='Weniger anzeigen'>Mehr anzeigen<\/span><span class='ev_more_arrow'><\/span><\/p>\n\t\t\t\t\t\t\t<\/div><div class='eventon_full_description'>\n\t\t\t\t\t\t\t\t\t<h3 class='padb5 evo_h3'><span class='evcal_evdata_icons'><i class='fa fa-align-justify'><\/i><\/span>Event Details<\/h3><div class='eventon_desc_in' itemprop='description'>\n\t\t\t\t\t\t\t\t\t<p>Das Demokratiemobil des Kreisjugendrings brachte politische Bildung mit Spa\u00df vor allem zu jungen Menschen. Im Zentrum stand die Frage: Wie k\u00f6nnen junge Menschen in ihren Gemeinden politisch Geh\u00f6r finden und diese mitgestalten?<\/p>\n<p><strong>Das Demokratie-Mobil konnte zu folgenden Terminen besucht werden:<\/strong><\/p>\n<p>1.9.: 17 \u2013 20 Uhr in Aldersbach am Dorfanger<br \/>\n3.9.: 16 \u2013 19 Uhr in Rotthalm\u00fcnster am Parkplatz Wieskapelle<br \/>\n6.9.: 16 \u2013 19 Uhr in Aicha v. Wald am Sportgel\u00e4nde<br \/>\n8.9.: 15 \u2013 18 Uhr in Kirchham am Dorfplatz<br \/>\n10.9.: 16 \u2013 19 Uhr in Hutthurm am Volksfestplatz<br \/>\n13.9.: 17 \u2013 20 Uhr in Aidenbach in der Fu\u00dfg\u00e4ngerzone<br \/>\n15.9.: 15 \u2013 18 Uhr in Hauzenberg vor der Adalbert-Stifter-Halle<br \/>\n17.9.: 14 \u2013 17 Uhr in Vilshofen am Stadtplatz<br \/>\n20.9.: 16 \u2013 19 Uhr in F\u00fcrstenzell am Zentralpark<br \/>\n21.9.: 16 \u2013 19 Uhr in B\u00fcchlberg am Volksfestplatz<br \/>\n23.9.: 16 \u2013 19 Uhr in Obernzell im Schlossgarten<br \/>\n28.9.: 17 \u2013 20 Uhr in Ruhstorf am Schulplatz<br \/>\n30.9.: 17 \u2013 20 Uhr in Neuhaus a. Inn am Jugendtreff Homebase<br \/>\n1.10.: 16 \u2013 19 Uhr in Windorf am Rondell Uferpromenade<br \/>\n5.10.: 17 \u2013 20 Uhr in Tiefenbach beim Marienplatz<br \/>\n6.10.: 17 \u2013 20 Uhr in Neukirchen a. Inn am Kirchplatz<br \/>\n8.10.: 15 \u2013 18 Uhr in Neukirchen v. Wald am Schulhof<\/p>\n<p><strong> Eintritt war<\/strong> frei!<br \/>\nF\u00fcr alle ab 12 Jahren<\/p>\n<\/div><div class='clear'><\/div>\n\t\t\t\t\t\t\t\t<\/div>\n\t\t\t\t\t\t\t<\/div>\n\t\t\t\t\t\t<\/div><div class='evo_metarow_organizer evorow evcal_evdata_row bordb evcal_evrow_sm '>\n\t\t\t\t\t\t\t<span class='evcal_evdata_icons'><i class='fa fa-address-book-o'><\/i><\/span>\n\t\t\t\t\t\t\t<div class='evcal_evdata_cell'>\t\t\t\t\t\t\t\n\t\t\t\t\t\t\t\t<h3 class='evo_h3'>Mitveranstalter \/ Partner<\/h3>\n\t\t\t\t\t\t\t\t<p class='evo_data_val evo_card_organizer_image'><img src='https:\/\/www.wochen-zur-demokratie.de\/archiv\/wp-content\/uploads\/2021\/09\/kombi-demokratiemobil-landkreis-KJR.jpg'\/><\/p>\n\t\t\t\t\t\t\t\t<div class='evo_card_organizer'><p class='evo_data_val evo_card_organizer_name'>\n\t\t\t\t\t\t\t\t\t<span class='evo_card_organizer_name_t'>Kreisjugendring Passau \/ Landkreis Passau<\/span>\n\t\t\t\t\t\t\t\t\t\n\t\t\t\t\t\t\t\t\t<\/p><\/div><div class='clear'><\/div>\t\t\t\t\t\t\t\n\t\t\t\t\t\t\t<\/div>\n\t\t\t\t\t\t<\/div>\t\t\t\t\t\t<div class='evo_metarow_ICS evorow bordb evcal_evdata_row'>\n\t\t\t\t\t\t\t<span class=\"evcal_evdata_icons\"><i class=\"fa fa-calendar\"><\/i><\/span>\n\t\t\t\t\t\t\t<div class='evcal_evdata_cell'>\n\t\t\t\t\t\t\t\t<p><a href='https:\/\/www.wochen-zur-demokratie.de\/archiv\/wp-admin\/admin-ajax.php?action=eventon_ics_download&amp;event_id=3121&amp;ri=0' class='evo_ics_nCal' title='Zum Ihrem Kalender hinzuf\u00fcgen'>Zum Kalender hinzuf\u00fcgen<\/a><a href='\/\/www.google.com\/calendar\/event?action=TEMPLATE&amp;text=SPECIAL+1+%7C+Das+Demokratiemobil...&amp;dates=20210901T150000Z\/20211008T160000Z&amp;details=Das+Demokratiemobil+des+Kreisjugendrings+brachte+politische+Bildung+mit+Spa%C3%9F+vor+allem+zu+jungen+Menschen.+Im+Zentrum+stand+die+Frage%3A+Wie+k%C3%B6nnen+junge+Menschen+in+ihren+Gemeinden+politisch+Geh%C3%B6r+finden+und&amp;location=17+Orte+im+Landkreis+Passau - ' target='_blank' class='evo_ics_gCal' title='Zum Ihrem Google-Kalender hinzuf\u00fcgen'>GoogleCal<\/a><\/p>\t\n\t\t\t\t\t\t\t<\/div>\n\t\t\t\t\t\t<\/div>\n\t\t\t\t\t\t<div class='bordb evo_metarow_socialmedia evcal_evdata_row  lastrow'><div class='evo_sm FacebookShare'><a class=\" evo_ss\" target=\"_blank\" onclick=\"javascript:window.open(this.href, '', 'left=50,top=50,width=600,height=350,toolbar=0');return false;\"\n\t\t\t\t\t\t\t\thref=\"http:\/\/www.facebook.com\/sharer.php?u=https%3A%2F%2Fwww.wochen-zur-demokratie.de%2Farchiv%2Fevents%2Fspecial-1-das-demokratiemobil%2F\" title=\"Diese Veranstaltung auf Facebook teilen\"><i class=\"fa fa-facebook\"><\/i><\/a><\/div><div class='evo_sm Twitter'><a class=\"tw evo_ss\" onclick=\"javascript:window.open(this.href, '', 'menubar=no,toolbar=no,resizable=yes,scrollbars=yes,height=300,width=600');return false;\" href=\"http:\/\/twitter.com\/intent\/tweet?text=SPECIAL 1 | Das Demokratiemobil&#8230;&#32;-&#32;&url=https%3A%2F%2Fwww.wochen-zur-demokratie.de%2Farchiv%2Fevents%2Fspecial-1-das-demokratiemobil%2F\" title=\"Diese Veranstaltung auf Twitter teilen\" rel=\"nofollow\" target=\"_blank\" data-url=\"https%3A%2F%2Fwww.wochen-zur-demokratie.de%2Farchiv%2Fevents%2Fspecial-1-das-demokratiemobil%2F\"><i class=\"fa fa-twitter\"><\/i><\/a><\/div><div class='evo_sm LinkedIn'><a class=\"li evo_ss\" href=\"http:\/\/www.linkedin.com\/shareArticle?mini=true&url=https%3A%2F%2Fwww.wochen-zur-demokratie.de%2Farchiv%2Fevents%2Fspecial-1-das-demokratiemobil%2F&title=SPECIAL%201%20%7C%20Das%20Demokratiemobil%26%238230%3B&summary=Das+Demokratiemobil+des+Kreisjugendrings+brachte+politische+Bildung+mit+Spa%C3%9F+vor+allem+zu+jungen+Menschen.+Im+Zentrum\" target=\"_blank\" title=\"Diese Veranstaltung auf Linkedin teilen\"><i class=\"fa fa-linkedin\"><\/i><\/a><\/div><div class='evo_sm EmailShare'><a class=\"em evo_ss\" href=\"mailto:?subject=SPECIAL 1 | Das Demokratiemobil%26#8230;&body=Event Name: SPECIAL 1 | Das Demokratiemobil%26#8230;%0AEvent Date: 01\/09\/2021 17:00 - 08\/10\/2021 18:00%0ALink: https%3A%2F%2Fwww.wochen-zur-demokratie.de%2Farchiv%2Fevents%2Fspecial-1-das-demokratiemobil%2F%0A\" target=\"_blank\"><i class=\"fa fa-envelope\"><\/i><\/a><\/div><div class='clear'><\/div><div class='evcal_evdata_row evcal_close' title='Close'><\/div><\/div><div class='evo_card_row_end evcal_close' title='Close'><\/div><\/div><div class='clear end'><\/div><\/div><div style=\"background-color: #c766a4;height: 275px;\" id=\"event_3064\" class=\"eventon_list_event evo_eventtop past_event event event_3064_0\" data-event_id=\"3064\" data-ri=\"0r\" data-time=\"1632502800-1632510000\" data-colr=\"#c766a4\" itemscope itemtype='http:\/\/schema.org\/Event'><div class=\"evo_event_schema\" style=\"display:none\" ><a itemprop='url'  href='https:\/\/www.wochen-zur-demokratie.de\/archiv\/events\/demokrathek\/'><\/a><span itemprop='name'  >Demokrathek<\/span><meta itemprop='image' content=\"https:\/\/www.wochen-zur-demokratie.de\/archiv\/wp-content\/uploads\/2021\/09\/demokrathek1-web.jpg\" \/><meta itemprop='description' content=\"Zum Auftakt standen unsere Partner im Mittelpunkt. Wir hatten Organisationen, Vereine und Initiativen dazu eingeladen, sich mit ihrer besonderen Idee vorzustellen oder in Erinnerung zu bringen. Damit alle zu Wort\" \/><meta itemprop='startDate' content=\"2021-9-24T17:00\" \/><meta itemprop='endDate' content=\"2021-9-24T19:00\" \/><meta itemprop='eventStatus' content=\"on-schedule\" \/>\n\t\t\t\t\t\t\t\t\t<item style=\"display:none\" itemprop=\"location\" itemscope itemtype=\"http:\/\/schema.org\/Place\">\n\t\t\t\t\t\t\t\t\t\t<span itemprop=\"name\">Cineplex, Passau<\/span>\n\t\t\t\t\t\t\t\t\t\t<span itemprop=\"address\" itemscope itemtype=\"http:\/\/schema.org\/PostalAddress\">\n\t\t\t\t\t\t\t\t\t\t\t<item itemprop=\"streetAddress\">Passau, Cineplex<\/item>\n\t\t\t\t\t\t\t\t\t\t<\/span><\/item><script type=\"application\/ld+json\">{\t\"@context\": \"http:\/\/schema.org\",\n\t\t\t\t\t\t\t  \t\"@type\": \"Event\",\n\t\t\t\t\t\t\t  \t\"name\": \"Demokrathek\",\n\t\t\t\t\t\t\t  \t\"startDate\": \"2021-9-24T17-17-00-00\",\n\t\t\t\t\t\t\t  \t\"endDate\": \"2021-9-24T19-19-00-00\",\n\t\t\t\t\t\t\t  \t\"image\":\"https:\/\/www.wochen-zur-demokratie.de\/archiv\/wp-content\/uploads\/2021\/09\/demokrathek1-web.jpg\",\n\t\t\t\t\t\t\t  \t\"description\":\"Zum Auftakt standen unsere Partner im Mittelpunkt. Wir hatten Organisationen, Vereine und Initiativen dazu eingeladen, sich mit ihrer besonderen Idee vorzustellen oder in Erinnerung zu bringen. Damit alle zu Wort\"\n\t\t\t\t\t\t\t  \t,\"location\":{\n\t\t\t\t\t\t\t\t\t\t\"@type\":\"Place\",\n\t\t\t\t\t\t\t\t\t\t\"name\":\"Cineplex, Passau\",\n\t\t\t\t\t\t\t\t\t\t\"address\":{\n\t\t\t\t\t\t\t\t\t\t\t\"@type\": \"PostalAddress\"\n\t\t\t\t\t\t\t\t\t\t\t\"streetAddress\":\"Passau, Cineplex\"\n\t\t\t\t\t\t\t\t\t\t}\n\t\t\t\t\t\t\t  \t\t}\n\t\t\t\t\t\t\t }<\/script><\/div>\n\t\t\t\t<p class=\"desc_trig_outter\"><a data-gmap_status=\"null\" data-exlk=\"0\" id=\"evc_16325028003064\" class=\"desc_trig sin_val evcal_list_a\" data-ux_val=\"3\"  ><span class='evcal_cblock ' data-bgcolor='#c766a4' data-smon='September' data-syr='2021'><span class='evo_start '><em class='date'>24<\/em><em class='month'>Sept.<\/em><em class='time'>17:00<\/em><\/span><span class='evo_end only_time'><em class='time'>19:00<\/em><\/span><em class='clear'><\/em><\/span><span class='evcal_desc evo_info hide_eventtopdata '  data-location_address=\"Passau, Cineplex\" data-location_type=\"address\" data-location_name=\"Cineplex, Passau\" data-location_url=\"https:\/\/www.wochen-zur-demokratie.de\/archiv\/event-location\/passau-cineplex\/\" data-location_status=\"true\" ><span class='evo_above_title'><\/span><span class='evcal_desc2 evcal_event_title' itemprop='name'>Demokrathek<\/span><span class='evo_below_title'><span class='evcal_event_subtitle' >Ein partnerschaftlicher Auftakt<\/span><\/span><span class='evcal_desc_info' ><em class='evcal_time'>17:00 - 19:00<\/em> <em class=\"evcal_location\"  data-add_str=\"\"><em class=\"event_location_name\">Cineplex, Passau<\/em><\/em><\/span><span class='evcal_desc3'><\/span><\/span><em class='clear'><\/em><\/a><\/p><div class='event_description evcal_eventcard ' style=\"display:none\"><div class='evo_metarow_directimg'><img class='evo_event_main_img' src='https:\/\/www.wochen-zur-demokratie.de\/archiv\/wp-content\/uploads\/2021\/09\/demokrathek1-web.jpg' \/><\/div><div class='evo_event_images'><span class='evo_event_more_img select'><img title='' src='https:\/\/www.wochen-zur-demokratie.de\/archiv\/wp-content\/uploads\/2021\/09\/demokrathek1-web.jpg' data-f='https:\/\/www.wochen-zur-demokratie.de\/archiv\/wp-content\/uploads\/2021\/09\/demokrathek1-web.jpg'\/><\/span><span class='evo_event_more_img '><img title='' src='https:\/\/www.wochen-zur-demokratie.de\/archiv\/wp-content\/uploads\/2021\/10\/demokrathek12-web-150x150.jpg' data-f='https:\/\/www.wochen-zur-demokratie.de\/archiv\/wp-content\/uploads\/2021\/10\/demokrathek12-web.jpg' data-h='600' data-w='800'\/><\/span><span class='evo_event_more_img '><img title='' src='https:\/\/www.wochen-zur-demokratie.de\/archiv\/wp-content\/uploads\/2021\/09\/demokrathek2-web-150x150.jpg' data-f='https:\/\/www.wochen-zur-demokratie.de\/archiv\/wp-content\/uploads\/2021\/09\/demokrathek2-web.jpg' data-h='600' data-w='800'\/><\/span><span class='evo_event_more_img '><img title='' src='https:\/\/www.wochen-zur-demokratie.de\/archiv\/wp-content\/uploads\/2021\/09\/demokrathek11-web-150x150.jpg' data-f='https:\/\/www.wochen-zur-demokratie.de\/archiv\/wp-content\/uploads\/2021\/09\/demokrathek11-web.jpg' data-h='600' data-w='800'\/><\/span><span class='evo_event_more_img '><img title='' src='https:\/\/www.wochen-zur-demokratie.de\/archiv\/wp-content\/uploads\/2021\/09\/demokrathek10-web-150x150.jpg' data-f='https:\/\/www.wochen-zur-demokratie.de\/archiv\/wp-content\/uploads\/2021\/09\/demokrathek10-web.jpg' data-h='600' data-w='800'\/><\/span><span class='evo_event_more_img '><img title='' src='https:\/\/www.wochen-zur-demokratie.de\/archiv\/wp-content\/uploads\/2021\/09\/demokrathek9-web-150x150.jpg' data-f='https:\/\/www.wochen-zur-demokratie.de\/archiv\/wp-content\/uploads\/2021\/09\/demokrathek9-web.jpg' data-h='600' data-w='800'\/><\/span><span class='evo_event_more_img '><img title='' src='https:\/\/www.wochen-zur-demokratie.de\/archiv\/wp-content\/uploads\/2021\/09\/demokrathek8-web-150x150.jpg' data-f='https:\/\/www.wochen-zur-demokratie.de\/archiv\/wp-content\/uploads\/2021\/09\/demokrathek8-web.jpg' data-h='600' data-w='800'\/><\/span><span class='evo_event_more_img '><img title='' src='https:\/\/www.wochen-zur-demokratie.de\/archiv\/wp-content\/uploads\/2021\/09\/demokrathek7-web-150x150.jpg' data-f='https:\/\/www.wochen-zur-demokratie.de\/archiv\/wp-content\/uploads\/2021\/09\/demokrathek7-web.jpg' data-h='600' data-w='800'\/><\/span><span class='evo_event_more_img '><img title='' src='https:\/\/www.wochen-zur-demokratie.de\/archiv\/wp-content\/uploads\/2021\/09\/demokrathek6-web-150x150.jpg' data-f='https:\/\/www.wochen-zur-demokratie.de\/archiv\/wp-content\/uploads\/2021\/09\/demokrathek6-web.jpg' data-h='600' data-w='800'\/><\/span><span class='evo_event_more_img '><img title='' src='https:\/\/www.wochen-zur-demokratie.de\/archiv\/wp-content\/uploads\/2021\/09\/demokrathek5-web-150x150.jpg' data-f='https:\/\/www.wochen-zur-demokratie.de\/archiv\/wp-content\/uploads\/2021\/09\/demokrathek5-web.jpg' data-h='600' data-w='800'\/><\/span><span class='evo_event_more_img '><img title='' src='https:\/\/www.wochen-zur-demokratie.de\/archiv\/wp-content\/uploads\/2021\/09\/demokrathek4-web-150x150.jpg' data-f='https:\/\/www.wochen-zur-demokratie.de\/archiv\/wp-content\/uploads\/2021\/09\/demokrathek4-web.jpg' data-h='600' data-w='800'\/><\/span><span class='evo_event_more_img '><img title='' src='https:\/\/www.wochen-zur-demokratie.de\/archiv\/wp-content\/uploads\/2021\/09\/demokrathek3-web-150x150.jpg' data-f='https:\/\/www.wochen-zur-demokratie.de\/archiv\/wp-content\/uploads\/2021\/09\/demokrathek3-web.jpg' data-h='600' data-w='800'\/><\/span><\/div><div class='evo_metarow_details evorow evcal_evdata_row bordb evcal_event_details'>\n\t\t\t\t\t\t\t<div class=\"event_excerpt\" style=\"display:none\"><h3 class=\"padb5 evo_h3\">Event Details<\/h3><p>Zum Auftakt standen unsere Partner im Mittelpunkt. Wir hatten Organisationen, Vereine und Initiativen dazu eingeladen, sich mit ihrer besonderen Idee vorzustellen oder in Erinnerung zu bringen. Damit alle zu Wort<\/p><\/div><span class='evcal_evdata_icons'><i class='fa fa-align-justify'><\/i><\/span>\n\t\t\t\t\t\t\t\n\t\t\t\t\t\t\t<div class='evcal_evdata_cell shorter_desc'><div class='eventon_details_shading_bot'>\n\t\t\t\t\t\t\t\t<p class='eventon_shad_p' content='less'><span class='ev_more_text' data-txt='Weniger anzeigen'>Mehr anzeigen<\/span><span class='ev_more_arrow'><\/span><\/p>\n\t\t\t\t\t\t\t<\/div><div class='eventon_full_description'>\n\t\t\t\t\t\t\t\t\t<h3 class='padb5 evo_h3'><span class='evcal_evdata_icons'><i class='fa fa-align-justify'><\/i><\/span>Event Details<\/h3><div class='eventon_desc_in' itemprop='description'>\n\t\t\t\t\t\t\t\t\t<p>Zum Auftakt standen unsere Partner im Mittelpunkt. Wir hatten<strong> Organisationen, Vereine und Initiativen<\/strong> dazu eingeladen, sich mit<strong> ihrer besonderen Idee<\/strong> vorzustellen oder in Erinnerung zu bringen. Damit alle zu Wort kamen, war die Redezeit pro Partner auf knackige f\u00fcnf Minuten begrenzt.<\/p>\n<p>Im Anschluss an die etwa eineinhalbst\u00fcndige Pr\u00e4sentationsrunde gab es die M\u00f6glichkeit, bei Getr\u00e4nken in einem reservierten Bereich des Cineplex-Foyers ins Gespr\u00e4ch zu kommen, sich auszutauschen und zu diskutieren.<\/p>\n<p>Insgesamt stellten sich folgende Initiativen in 5-Minuten-Redebeitr\u00e4gen vor:<\/p>\n<ol>\n<li>Fridays for Future: Susanna Lindlein<\/li>\n<li>Br\u00fccken f\u00fcr den Frieden: Werner Geiger<\/li>\n<li>Aktion Seebr\u00fccke: Matthias Weigl, Korbinian Strohhuber<\/li>\n<li>Vereinte Wurzelwerke: Florian Fischer<\/li>\n<li>Gemeinsam leben und lernen in Europa: Jennifer Heinrich, NN (Hochschulgruppe)<\/li>\n<li>B\u00fcndnis f\u00fcr sexuelle Selbstbestimmung: Sara K\u00f6hl, Jakob Hagenberg<\/li>\n<li>Theater Brut: Gerhard Bruckner<\/li>\n<li>Amnesty international: Susanne Synek<\/li>\n<li>Selbstwerkstatt: Karin Polz<\/li>\n<li>Ideenlabor: Maria Wilhelm<\/li>\n<li>Wochen zur Demokratie: Thomas Metten<\/li>\n<\/ol>\n<p>Als Veranstaltungsort diente einmal mehr das Cineplex Passau, mit seinem gro\u00dfen athmosph\u00e4rischen Saal 1.<\/p>\n<h6><em>[Fotos: Matthias Hofer, Thomas Metten]<\/em><\/h6>\n<\/div><div class='clear'><\/div>\n\t\t\t\t\t\t\t\t<\/div>\n\t\t\t\t\t\t\t<\/div>\n\t\t\t\t\t\t<\/div><div class='evo_metarow_organizer evorow evcal_evdata_row bordb evcal_evrow_sm '>\n\t\t\t\t\t\t\t<span class='evcal_evdata_icons'><i class='fa fa-address-book-o'><\/i><\/span>\n\t\t\t\t\t\t\t<div class='evcal_evdata_cell'>\t\t\t\t\t\t\t\n\t\t\t\t\t\t\t\t<h3 class='evo_h3'>Mitveranstalter \/ Partner<\/h3>\n\t\t\t\t\t\t\t\t<p class='evo_data_val evo_card_organizer_image'><img src='https:\/\/www.wochen-zur-demokratie.de\/archiv\/wp-content\/uploads\/2022\/08\/Logos-wzd-cineplex-web.jpg'\/><\/p>\n\t\t\t\t\t\t\t\t<div class='evo_card_organizer'><p class='evo_data_val evo_card_organizer_name'>\n\t\t\t\t\t\t\t\t\t<span class='evo_card_organizer_name_t'>Initiative Wochen zur Demokratie, Cineplex Passau<\/span>\n\t\t\t\t\t\t\t\t\t\n\t\t\t\t\t\t\t\t\t<\/p><\/div><div class='clear'><\/div>\t\t\t\t\t\t\t\n\t\t\t\t\t\t\t<\/div>\n\t\t\t\t\t\t<\/div>\t\t\t\t\t\t<div class='evo_metarow_ICS evorow bordb evcal_evdata_row'>\n\t\t\t\t\t\t\t<span class=\"evcal_evdata_icons\"><i class=\"fa fa-calendar\"><\/i><\/span>\n\t\t\t\t\t\t\t<div class='evcal_evdata_cell'>\n\t\t\t\t\t\t\t\t<p><a href='https:\/\/www.wochen-zur-demokratie.de\/archiv\/wp-admin\/admin-ajax.php?action=eventon_ics_download&amp;event_id=3064&amp;ri=0' class='evo_ics_nCal' title='Zum Ihrem Kalender hinzuf\u00fcgen'>Zum Kalender hinzuf\u00fcgen<\/a><a href='\/\/www.google.com\/calendar\/event?action=TEMPLATE&amp;text=Demokrathek&amp;dates=20210924T150000Z\/20210924T170000Z&amp;details=Zum+Auftakt+standen+unsere+Partner+im+Mittelpunkt.+Wir+hatten+Organisationen%2C+Vereine+und+Initiativen+dazu+eingeladen%2C+sich+mit+ihrer+besonderen+Idee+vorzustellen+oder+in+Erinnerung+zu+bringen.+Damit+alle+zu+Wort&amp;location=Cineplex%2C+Passau - Passau%2C+Cineplex' target='_blank' class='evo_ics_gCal' title='Zum Ihrem Google-Kalender hinzuf\u00fcgen'>GoogleCal<\/a><\/p>\t\n\t\t\t\t\t\t\t<\/div>\n\t\t\t\t\t\t<\/div>\n\t\t\t\t\t\t<div class='bordb evo_metarow_socialmedia evcal_evdata_row  lastrow'><div class='evo_sm FacebookShare'><a class=\" evo_ss\" target=\"_blank\" onclick=\"javascript:window.open(this.href, '', 'left=50,top=50,width=600,height=350,toolbar=0');return false;\"\n\t\t\t\t\t\t\t\thref=\"http:\/\/www.facebook.com\/sharer.php?u=https%3A%2F%2Fwww.wochen-zur-demokratie.de%2Farchiv%2Fevents%2Fdemokrathek%2F\" title=\"Diese Veranstaltung auf Facebook teilen\"><i class=\"fa fa-facebook\"><\/i><\/a><\/div><div class='evo_sm Twitter'><a class=\"tw evo_ss\" onclick=\"javascript:window.open(this.href, '', 'menubar=no,toolbar=no,resizable=yes,scrollbars=yes,height=300,width=600');return false;\" href=\"http:\/\/twitter.com\/intent\/tweet?text=Demokrathek&#32;-&#32;&url=https%3A%2F%2Fwww.wochen-zur-demokratie.de%2Farchiv%2Fevents%2Fdemokrathek%2F\" title=\"Diese Veranstaltung auf Twitter teilen\" rel=\"nofollow\" target=\"_blank\" data-url=\"https%3A%2F%2Fwww.wochen-zur-demokratie.de%2Farchiv%2Fevents%2Fdemokrathek%2F\"><i class=\"fa fa-twitter\"><\/i><\/a><\/div><div class='evo_sm LinkedIn'><a class=\"li evo_ss\" href=\"http:\/\/www.linkedin.com\/shareArticle?mini=true&url=https%3A%2F%2Fwww.wochen-zur-demokratie.de%2Farchiv%2Fevents%2Fdemokrathek%2F&title=Demokrathek&summary=Zum+Auftakt+standen+unsere+Partner+im+Mittelpunkt.+Wir+hatten+Organisationen%2C+Vereine+und+Initiativen+dazu+eingeladen%2C+sich\" target=\"_blank\" title=\"Diese Veranstaltung auf Linkedin teilen\"><i class=\"fa fa-linkedin\"><\/i><\/a><\/div><div class='evo_sm EmailShare'><a class=\"em evo_ss\" href=\"mailto:?subject=Demokrathek&body=Event Name: Demokrathek%0AEvent Date: 24\/09\/2021 17:00 - 19:00%0ALink: https%3A%2F%2Fwww.wochen-zur-demokratie.de%2Farchiv%2Fevents%2Fdemokrathek%2F%0A\" target=\"_blank\"><i class=\"fa fa-envelope\"><\/i><\/a><\/div><div class='clear'><\/div><div class='evcal_evdata_row evcal_close' title='Close'><\/div><\/div><div class='evo_card_row_end evcal_close' title='Close'><\/div><\/div><div class='clear end'><\/div><\/div><div style=\"background-color: #c766a4;height: 275px;\" id=\"event_3094\" class=\"eventon_list_event evo_eventtop past_event event event_3094_0\" data-event_id=\"3094\" data-ri=\"0r\" data-time=\"1632855600-1632861000\" data-colr=\"#c766a4\" itemscope itemtype='http:\/\/schema.org\/Event'><div class=\"evo_event_schema\" style=\"display:none\" ><a itemprop='url'  href='https:\/\/www.wochen-zur-demokratie.de\/archiv\/events\/passau-for-choice\/'><\/a><span itemprop='name'  >Passau for choice?<\/span><meta itemprop='image' content=\"https:\/\/www.wochen-zur-demokratie.de\/archiv\/wp-content\/uploads\/2021\/09\/buendnis1-web.jpg\" \/><meta itemprop='description' content=\"Schwangerschaftsabbr\u00fcche am Klinikum Passau erm\u00f6glichen! Das forderte das B\u00fcndnis f\u00fcr sexuelle Selbstbestimmung Passau auch gestern Abend wieder in einer spannenden Infoveranstaltung im Rahmen der #wochenzurdemokratie. \u00dcber 40 G\u00e4ste fanden den\" \/><meta itemprop='startDate' content=\"2021-9-28T19:00\" \/><meta itemprop='endDate' content=\"2021-9-28T20:30\" \/><meta itemprop='eventStatus' content=\"on-schedule\" \/><script type=\"application\/ld+json\">{\t\"@context\": \"http:\/\/schema.org\",\n\t\t\t\t\t\t\t  \t\"@type\": \"Event\",\n\t\t\t\t\t\t\t  \t\"name\": \"Passau for choice?\",\n\t\t\t\t\t\t\t  \t\"startDate\": \"2021-9-28T19-19-00-00\",\n\t\t\t\t\t\t\t  \t\"endDate\": \"2021-9-28T20-20-30-00\",\n\t\t\t\t\t\t\t  \t\"image\":\"https:\/\/www.wochen-zur-demokratie.de\/archiv\/wp-content\/uploads\/2021\/09\/buendnis1-web.jpg\",\n\t\t\t\t\t\t\t  \t\"description\":\"Schwangerschaftsabbr\u00fcche am Klinikum Passau erm\u00f6glichen! Das forderte das B\u00fcndnis f\u00fcr sexuelle Selbstbestimmung Passau auch gestern Abend wieder in einer spannenden Infoveranstaltung im Rahmen der #wochenzurdemokratie. \u00dcber 40 G\u00e4ste fanden den\"\n\t\t\t\t\t\t\t  \t\n\t\t\t\t\t\t\t }<\/script><\/div>\n\t\t\t\t<p class=\"desc_trig_outter\"><a data-gmap_status=\"null\" data-gmtrig=\"1\" data-exlk=\"0\" id=\"evc_16328556003094\" class=\"desc_trig sin_val evcal_list_a\" data-ux_val=\"3\"  ><span class='evcal_cblock ' data-bgcolor='#c766a4' data-smon='September' data-syr='2021'><span class='evo_start '><em class='date'>28<\/em><em class='month'>Sept.<\/em><em class='time'>19:00<\/em><\/span><span class='evo_end only_time'><em class='time'>20:30<\/em><\/span><em class='clear'><\/em><\/span><span class='evcal_desc evo_info hide_eventtopdata '  data-location_status=\"false\" ><span class='evo_above_title'><\/span><span class='evcal_desc2 evcal_event_title' itemprop='name'>Passau for choice?<\/span><span class='evo_below_title'><span class='evcal_event_subtitle' >Vortrag zur Situation bei Schwangerschaftsabbr\u00fcchen in Passau<\/span><\/span><span class='evcal_desc_info' ><em class='evcal_time'>19:00 - 20:30<\/em> <em class=\"evcal_location\"  data-add_str=\"\"><em class=\"event_location_name\">Audimax der Universit\u00e4t Passau<\/em><\/em><\/span><span class='evcal_desc3'><\/span><\/span><em class='clear'><\/em><\/a><\/p><div class='event_description evcal_eventcard ' style=\"display:none\"><div class='evo_metarow_directimg'><img class='evo_event_main_img' src='https:\/\/www.wochen-zur-demokratie.de\/archiv\/wp-content\/uploads\/2021\/09\/buendnis1-web.jpg' \/><\/div><div class='evo_event_images'><span class='evo_event_more_img select'><img title='' src='https:\/\/www.wochen-zur-demokratie.de\/archiv\/wp-content\/uploads\/2021\/09\/buendnis1-web.jpg' data-f='https:\/\/www.wochen-zur-demokratie.de\/archiv\/wp-content\/uploads\/2021\/09\/buendnis1-web.jpg'\/><\/span><span class='evo_event_more_img '><img title='' src='https:\/\/www.wochen-zur-demokratie.de\/archiv\/wp-content\/uploads\/2021\/09\/buendnis2-web-150x150.jpg' data-f='https:\/\/www.wochen-zur-demokratie.de\/archiv\/wp-content\/uploads\/2021\/09\/buendnis2-web.jpg' data-h='519' data-w='800'\/><\/span><span class='evo_event_more_img '><img title='' src='https:\/\/www.wochen-zur-demokratie.de\/archiv\/wp-content\/uploads\/2021\/09\/buendnis5-web-150x150.jpg' data-f='https:\/\/www.wochen-zur-demokratie.de\/archiv\/wp-content\/uploads\/2021\/09\/buendnis5-web.jpg' data-h='449' data-w='800'\/><\/span><span class='evo_event_more_img '><img title='' src='https:\/\/www.wochen-zur-demokratie.de\/archiv\/wp-content\/uploads\/2021\/09\/buendnis4-web-150x150.jpg' data-f='https:\/\/www.wochen-zur-demokratie.de\/archiv\/wp-content\/uploads\/2021\/09\/buendnis4-web.jpg' data-h='514' data-w='800'\/><\/span><span class='evo_event_more_img '><img title='' src='https:\/\/www.wochen-zur-demokratie.de\/archiv\/wp-content\/uploads\/2021\/09\/buendnis3-web-150x150.jpg' data-f='https:\/\/www.wochen-zur-demokratie.de\/archiv\/wp-content\/uploads\/2021\/09\/buendnis3-web.jpg' data-h='450' data-w='800'\/><\/span><\/div><div class='evo_metarow_details evorow evcal_evdata_row bordb evcal_event_details'>\n\t\t\t\t\t\t\t<div class=\"event_excerpt\" style=\"display:none\"><h3 class=\"padb5 evo_h3\">Event Details<\/h3><p>Schwangerschaftsabbr\u00fcche am Klinikum Passau erm\u00f6glichen! Das forderte das B\u00fcndnis f\u00fcr sexuelle Selbstbestimmung Passau auch gestern Abend wieder in einer spannenden Infoveranstaltung im Rahmen der #wochenzurdemokratie. \u00dcber 40 G\u00e4ste fanden den<\/p><\/div><span class='evcal_evdata_icons'><i class='fa fa-align-justify'><\/i><\/span>\n\t\t\t\t\t\t\t\n\t\t\t\t\t\t\t<div class='evcal_evdata_cell shorter_desc'><div class='eventon_details_shading_bot'>\n\t\t\t\t\t\t\t\t<p class='eventon_shad_p' content='less'><span class='ev_more_text' data-txt='Weniger anzeigen'>Mehr anzeigen<\/span><span class='ev_more_arrow'><\/span><\/p>\n\t\t\t\t\t\t\t<\/div><div class='eventon_full_description'>\n\t\t\t\t\t\t\t\t\t<h3 class='padb5 evo_h3'><span class='evcal_evdata_icons'><i class='fa fa-align-justify'><\/i><\/span>Event Details<\/h3><div class='eventon_desc_in' itemprop='description'>\n\t\t\t\t\t\t\t\t\t<p>Schwangerschaftsabbr\u00fcche am Klinikum Passau erm\u00f6glichen! Das forderte das B\u00fcndnis f\u00fcr sexuelle Selbstbestimmung Passau auch gestern Abend wieder in einer spannenden Infoveranstaltung im Rahmen der #wochenzurdemokratie. \u00dcber 40 G\u00e4ste fanden den Weg ins Audimax an der Uni, einer in Corona-Zeiten wegen der gro\u00dfz\u00fcgigen Sitzm\u00f6glichkeiten besonders geeigneten Location.<\/p>\n<p>Der Abend war gepr\u00e4gt von informativen Vortr\u00e4gen und eindrucksvollen Filmausschnitten aus dem Dokumentarfilm \u201eMaria, Christiane, Else, Karin, Lea, Lydia, Petra S., Petra W. und der \u00a7 218\u201c von Student*innen der Humboldt-Universit\u00e4t zu Berlin. Dort erz\u00e4hlten Betroffene von ihren unterschiedlichen Erfahrungen mit Schwangerschaftsabbr\u00fcchen und dem \u00a7218 StGB, der in Deutschland Schwangerschaftsabbr\u00fcche gesetztlich regelt. Auch zur Problematik des Versorgungsnotstands in Niederbayern und zur spezifischen Lage in Passau bekamen die Teilnehmenden Einblicke.<\/p>\n<p>Die Argumentation des B\u00fcndnisses:<br \/>\nK\u00f6rperliche Selbstbestimmung ist ein grundlegendes Menschenrecht. Und trotzdem gibt es in ganz Niederbayern nur zwei Anlaufstellen f\u00fcr ungewollt Schwangere, die einen Abbruch nach den Beratungsregeln vornehmen lassen m\u00f6chten. Am Passauer Klinikum ist dies nicht m\u00f6glich mit dem Verweis auf einen Stadtratsbeschluss von 1989. Mit der Petition &#8222;Passau for choice&#8220; sammelte das B\u00fcndnis bereits 3000 Stimmen, die sich f\u00fcr die Aufhebung des Stadtratsbeschlusses aussprechen.<\/p>\n<p>Mehr Informationen und die M\u00f6glichkeit, die Petition zu unterschreiben findet man hier: <a href=\"https:\/\/sexuelle-selbstbestimmung.org\/petition\/\">https:\/\/sexuelle-selbstbestimmung.org\/petition\/<\/a> oder Donnerstags und Freitags an den Infost\u00e4nden in der Passauer Innenstadt.<\/p>\n<h6><em>[Fotos: Maria Wilhelm]<\/em><\/h6>\n<\/div><div class='clear'><\/div>\n\t\t\t\t\t\t\t\t<\/div>\n\t\t\t\t\t\t\t<\/div>\n\t\t\t\t\t\t<\/div>\t\t\t\t\t\t<div class='evo_metarow_ICS evorow bordb evcal_evdata_row'>\n\t\t\t\t\t\t\t<span class=\"evcal_evdata_icons\"><i class=\"fa fa-calendar\"><\/i><\/span>\n\t\t\t\t\t\t\t<div class='evcal_evdata_cell'>\n\t\t\t\t\t\t\t\t<p><a href='https:\/\/www.wochen-zur-demokratie.de\/archiv\/wp-admin\/admin-ajax.php?action=eventon_ics_download&amp;event_id=3094&amp;ri=0' class='evo_ics_nCal' title='Zum Ihrem Kalender hinzuf\u00fcgen'>Zum Kalender hinzuf\u00fcgen<\/a><a href='\/\/www.google.com\/calendar\/event?action=TEMPLATE&amp;text=Passau+for+choice%3F&amp;dates=20210928T170000Z\/20210928T183000Z&amp;details=Schwangerschaftsabbr%C3%BCche+am+Klinikum+Passau+erm%C3%B6glichen%21+Das+forderte+das+B%C3%BCndnis+f%C3%BCr+sexuelle+Selbstbestimmung+Passau+auch+gestern+Abend+wieder+in+einer+spannenden+Infoveranstaltung+im+Rahmen+der+%23wochenzurdemokratie.+%C3%9Cber+40+G%C3%A4ste+fanden+den&amp;location=Audimax+der+Universit%C3%A4t+Passau - ' target='_blank' class='evo_ics_gCal' title='Zum Ihrem Google-Kalender hinzuf\u00fcgen'>GoogleCal<\/a><\/p>\t\n\t\t\t\t\t\t\t<\/div>\n\t\t\t\t\t\t<\/div>\n\t\t\t\t\t\t<div class='bordb evo_metarow_socialmedia evcal_evdata_row  lastrow'><div class='evo_sm FacebookShare'><a class=\" evo_ss\" target=\"_blank\" onclick=\"javascript:window.open(this.href, '', 'left=50,top=50,width=600,height=350,toolbar=0');return false;\"\n\t\t\t\t\t\t\t\thref=\"http:\/\/www.facebook.com\/sharer.php?u=https%3A%2F%2Fwww.wochen-zur-demokratie.de%2Farchiv%2Fevents%2Fpassau-for-choice%2F\" title=\"Diese Veranstaltung auf Facebook teilen\"><i class=\"fa fa-facebook\"><\/i><\/a><\/div><div class='evo_sm Twitter'><a class=\"tw evo_ss\" onclick=\"javascript:window.open(this.href, '', 'menubar=no,toolbar=no,resizable=yes,scrollbars=yes,height=300,width=600');return false;\" href=\"http:\/\/twitter.com\/intent\/tweet?text=Passau for choice?&#32;-&#32;&url=https%3A%2F%2Fwww.wochen-zur-demokratie.de%2Farchiv%2Fevents%2Fpassau-for-choice%2F\" title=\"Diese Veranstaltung auf Twitter teilen\" rel=\"nofollow\" target=\"_blank\" data-url=\"https%3A%2F%2Fwww.wochen-zur-demokratie.de%2Farchiv%2Fevents%2Fpassau-for-choice%2F\"><i class=\"fa fa-twitter\"><\/i><\/a><\/div><div class='evo_sm LinkedIn'><a class=\"li evo_ss\" href=\"http:\/\/www.linkedin.com\/shareArticle?mini=true&url=https%3A%2F%2Fwww.wochen-zur-demokratie.de%2Farchiv%2Fevents%2Fpassau-for-choice%2F&title=Passau%20for%20choice%3F&summary=Schwangerschaftsabbr%C3%BCche+am+Klinikum+Passau+erm%C3%B6glichen%21+Das+forderte+das+B%C3%BCndnis+f%C3%BCr+sexuelle+Selbstbestimmung+Passau+auch+gestern+Abend\" target=\"_blank\" title=\"Diese Veranstaltung auf Linkedin teilen\"><i class=\"fa fa-linkedin\"><\/i><\/a><\/div><div class='evo_sm EmailShare'><a class=\"em evo_ss\" href=\"mailto:?subject=Passau for choice?&body=Event Name: Passau for choice?%0AEvent Date: 28\/09\/2021 19:00 - 20:30%0ALink: https%3A%2F%2Fwww.wochen-zur-demokratie.de%2Farchiv%2Fevents%2Fpassau-for-choice%2F%0A\" target=\"_blank\"><i class=\"fa fa-envelope\"><\/i><\/a><\/div><div class='clear'><\/div><div class='evcal_evdata_row evcal_close' title='Close'><\/div><\/div><div class='evo_card_row_end evcal_close' title='Close'><\/div><\/div><div class='clear end'><\/div><\/div><div style=\"background-color: #c766a4;height: 275px;\" id=\"event_3095\" class=\"eventon_list_event evo_eventtop past_event event event_3095_0\" data-event_id=\"3095\" data-ri=\"0r\" data-time=\"1633280400-1633285800\" data-colr=\"#c766a4\" itemscope itemtype='http:\/\/schema.org\/Event'><div class=\"evo_event_schema\" style=\"display:none\" ><a itemprop='url'  href='https:\/\/www.wochen-zur-demokratie.de\/archiv\/events\/hans-well-wellbappn-2\/'><\/a><span itemprop='name'  >Hans Well & Wellbappn<\/span><meta itemprop='image' content=\"https:\/\/www.wochen-zur-demokratie.de\/archiv\/wp-content\/uploads\/2021\/09\/wellbappn-1-web.jpg\" \/><meta itemprop='description' content=\"Wenn jemand das geistige Erbe der Bierm\u00f6sl Blosn angetreten hat, dann die Wellbappn. Mit ihrem Vater Hans Well, einst Kopf des Trios aus dem Biermoos, stehen Sarah, Tabea und Jonas\" \/><meta itemprop='startDate' content=\"2021-10-3T17:00\" \/><meta itemprop='endDate' content=\"2021-10-3T18:30\" \/><meta itemprop='eventStatus' content=\"on-schedule\" \/><script type=\"application\/ld+json\">{\t\"@context\": \"http:\/\/schema.org\",\n\t\t\t\t\t\t\t  \t\"@type\": \"Event\",\n\t\t\t\t\t\t\t  \t\"name\": \"Hans Well & Wellbappn\",\n\t\t\t\t\t\t\t  \t\"startDate\": \"2021-10-3T17-17-00-00\",\n\t\t\t\t\t\t\t  \t\"endDate\": \"2021-10-3T18-18-30-00\",\n\t\t\t\t\t\t\t  \t\"image\":\"https:\/\/www.wochen-zur-demokratie.de\/archiv\/wp-content\/uploads\/2021\/09\/wellbappn-1-web.jpg\",\n\t\t\t\t\t\t\t  \t\"description\":\"Wenn jemand das geistige Erbe der Bierm\u00f6sl Blosn angetreten hat, dann die Wellbappn. Mit ihrem Vater Hans Well, einst Kopf des Trios aus dem Biermoos, stehen Sarah, Tabea und Jonas\"\n\t\t\t\t\t\t\t  \t\n\t\t\t\t\t\t\t }<\/script><\/div>\n\t\t\t\t<p class=\"desc_trig_outter\"><a data-gmap_status=\"null\" data-gmtrig=\"1\" data-exlk=\"0\" id=\"evc_16332804003095\" class=\"desc_trig sin_val evcal_list_a\" data-ux_val=\"3\"  ><span class='evcal_cblock ' data-bgcolor='#c766a4' data-smon='Oktober' data-syr='2021'><span class='evo_start '><em class='date'>03<\/em><em class='month'>Okt.<\/em><em class='time'>17:00<\/em><\/span><span class='evo_end only_time'><em class='time'>18:30<\/em><\/span><em class='clear'><\/em><\/span><span class='evcal_desc evo_info hide_eventtopdata '  data-location_status=\"false\" ><span class='evo_above_title'><\/span><span class='evcal_desc2 evcal_event_title' itemprop='name'>Hans Well & Wellbappn<\/span><span class='evo_below_title'><span class='evcal_event_subtitle' >Politische Musiksatire der Extraklasse<\/span><\/span><span class='evcal_desc_info' ><em class='evcal_time'>17:00 - 18:30<\/em> <em class=\"evcal_location\"  data-add_str=\"\"><em class=\"event_location_name\">Kurg\u00e4stehaus Kellberg<\/em><\/em><\/span><span class='evcal_desc3'><\/span><\/span><em class='clear'><\/em><\/a><\/p><div class='event_description evcal_eventcard ' style=\"display:none\"><div class='evo_metarow_directimg'><img class='evo_event_main_img' src='https:\/\/www.wochen-zur-demokratie.de\/archiv\/wp-content\/uploads\/2021\/09\/wellbappn-1-web.jpg' \/><\/div><div class='evo_metarow_details evorow evcal_evdata_row bordb evcal_event_details'>\n\t\t\t\t\t\t\t<div class=\"event_excerpt\" style=\"display:none\"><h3 class=\"padb5 evo_h3\">Event Details<\/h3><p>Wenn jemand das geistige Erbe der Bierm\u00f6sl Blosn angetreten hat, dann die Wellbappn. Mit ihrem Vater Hans Well, einst Kopf des Trios aus dem Biermoos, stehen Sarah, Tabea und Jonas<\/p><\/div><span class='evcal_evdata_icons'><i class='fa fa-align-justify'><\/i><\/span>\n\t\t\t\t\t\t\t\n\t\t\t\t\t\t\t<div class='evcal_evdata_cell '><div class='eventon_full_description'>\n\t\t\t\t\t\t\t\t\t<h3 class='padb5 evo_h3'><span class='evcal_evdata_icons'><i class='fa fa-align-justify'><\/i><\/span>Event Details<\/h3><div class='eventon_desc_in' itemprop='description'>\n\t\t\t\t\t\t\t\t\t<p>Wenn jemand das geistige Erbe der Bierm\u00f6sl Blosn angetreten hat, dann die Wellbappn. Mit ihrem Vater Hans Well, einst Kopf des Trios aus dem Biermoos, stehen Sarah, Tabea und Jonas Well inzwischen auf einem Niveau, das durchaus an das der Bierm\u00f6sl Blosn zu ihren besten Zeiten heranreicht. Auch sie sind Multi-Instrumentalisten, <strong>machen beste musikalische Satire und legen mit frechen Kommentaren und treffenden Texten den Finger in die Wunden von Politik und Gesellschaft<\/strong>.<br \/>\n<em>[Foto: Martin Bolle]<\/em><\/p>\n<\/div><div class='clear'><\/div>\n\t\t\t\t\t\t\t\t<\/div>\n\t\t\t\t\t\t\t<\/div>\n\t\t\t\t\t\t<\/div><div class='evo_metarow_organizer evorow evcal_evdata_row bordb evcal_evrow_sm '>\n\t\t\t\t\t\t\t<span class='evcal_evdata_icons'><i class='fa fa-address-book-o'><\/i><\/span>\n\t\t\t\t\t\t\t<div class='evcal_evdata_cell'>\t\t\t\t\t\t\t\n\t\t\t\t\t\t\t\t<h3 class='evo_h3'>Mitveranstalter \/ Partner<\/h3>\n\t\t\t\t\t\t\t\t<p class='evo_data_val evo_card_organizer_image'><img src='https:\/\/www.wochen-zur-demokratie.de\/archiv\/wp-content\/uploads\/2021\/09\/Logo-Cooltur-web.jpg'\/><\/p>\n\t\t\t\t\t\t\t\t<div class='evo_card_organizer'><p class='evo_data_val evo_card_organizer_name'>\n\t\t\t\t\t\t\t\t\t<span class='evo_card_organizer_name_t'>Cooltur Kellberg e.V.<\/span>\n\t\t\t\t\t\t\t\t\t\n\t\t\t\t\t\t\t\t\t<\/p><\/div><div class='clear'><\/div>\t\t\t\t\t\t\t\n\t\t\t\t\t\t\t<\/div>\n\t\t\t\t\t\t<\/div>\t\t\t\t\t\t<div class='evo_metarow_ICS evorow bordb evcal_evdata_row'>\n\t\t\t\t\t\t\t<span class=\"evcal_evdata_icons\"><i class=\"fa fa-calendar\"><\/i><\/span>\n\t\t\t\t\t\t\t<div class='evcal_evdata_cell'>\n\t\t\t\t\t\t\t\t<p><a href='https:\/\/www.wochen-zur-demokratie.de\/archiv\/wp-admin\/admin-ajax.php?action=eventon_ics_download&amp;event_id=3095&amp;ri=0' class='evo_ics_nCal' title='Zum Ihrem Kalender hinzuf\u00fcgen'>Zum Kalender hinzuf\u00fcgen<\/a><a href='\/\/www.google.com\/calendar\/event?action=TEMPLATE&amp;text=Hans+Well+%26+Wellbappn&amp;dates=20211003T150000Z\/20211003T163000Z&amp;details=Wenn+jemand+das+geistige+Erbe+der+Bierm%C3%B6sl+Blosn+angetreten+hat%2C+dann+die+Wellbappn.+Mit+ihrem+Vater+Hans+Well%2C+einst+Kopf+des+Trios+aus+dem+Biermoos%2C+stehen+Sarah%2C+Tabea+und+Jonas&amp;location=Kurg%C3%A4stehaus+Kellberg - ' target='_blank' class='evo_ics_gCal' title='Zum Ihrem Google-Kalender hinzuf\u00fcgen'>GoogleCal<\/a><\/p>\t\n\t\t\t\t\t\t\t<\/div>\n\t\t\t\t\t\t<\/div>\n\t\t\t\t\t\t<div class='bordb evo_metarow_socialmedia evcal_evdata_row  lastrow'><div class='evo_sm FacebookShare'><a class=\" evo_ss\" target=\"_blank\" onclick=\"javascript:window.open(this.href, '', 'left=50,top=50,width=600,height=350,toolbar=0');return false;\"\n\t\t\t\t\t\t\t\thref=\"http:\/\/www.facebook.com\/sharer.php?u=https%3A%2F%2Fwww.wochen-zur-demokratie.de%2Farchiv%2Fevents%2Fhans-well-wellbappn-2%2F\" title=\"Diese Veranstaltung auf Facebook teilen\"><i class=\"fa fa-facebook\"><\/i><\/a><\/div><div class='evo_sm Twitter'><a class=\"tw evo_ss\" onclick=\"javascript:window.open(this.href, '', 'menubar=no,toolbar=no,resizable=yes,scrollbars=yes,height=300,width=600');return false;\" href=\"http:\/\/twitter.com\/intent\/tweet?text=Hans Well &#038; Wellbappn&#32;-&#32;&url=https%3A%2F%2Fwww.wochen-zur-demokratie.de%2Farchiv%2Fevents%2Fhans-well-wellbappn-2%2F\" title=\"Diese Veranstaltung auf Twitter teilen\" rel=\"nofollow\" target=\"_blank\" data-url=\"https%3A%2F%2Fwww.wochen-zur-demokratie.de%2Farchiv%2Fevents%2Fhans-well-wellbappn-2%2F\"><i class=\"fa fa-twitter\"><\/i><\/a><\/div><div class='evo_sm LinkedIn'><a class=\"li evo_ss\" href=\"http:\/\/www.linkedin.com\/shareArticle?mini=true&url=https%3A%2F%2Fwww.wochen-zur-demokratie.de%2Farchiv%2Fevents%2Fhans-well-wellbappn-2%2F&title=Hans%20Well%20%26%23038%3B%20Wellbappn&summary=Wenn+jemand+das+geistige+Erbe+der+Bierm%C3%B6sl+Blosn+angetreten+hat%2C+dann+die+Wellbappn.+Mit+ihrem+Vater\" target=\"_blank\" title=\"Diese Veranstaltung auf Linkedin teilen\"><i class=\"fa fa-linkedin\"><\/i><\/a><\/div><div class='evo_sm EmailShare'><a class=\"em evo_ss\" href=\"mailto:?subject=Hans Well %26 Wellbappn&body=Event Name: Hans Well %26 Wellbappn%0AEvent Date: 03\/10\/2021 17:00 - 18:30%0ALink: https%3A%2F%2Fwww.wochen-zur-demokratie.de%2Farchiv%2Fevents%2Fhans-well-wellbappn-2%2F%0A\" target=\"_blank\"><i class=\"fa fa-envelope\"><\/i><\/a><\/div><div class='clear'><\/div><div class='evcal_evdata_row evcal_close' title='Close'><\/div><\/div><div class='evo_card_row_end evcal_close' title='Close'><\/div><\/div><div class='clear end'><\/div><\/div><div style=\"background-color: #c766a4;height: 275px;\" id=\"event_3108\" class=\"eventon_list_event evo_eventtop past_event event event_3108_0\" data-event_id=\"3108\" data-ri=\"0r\" data-time=\"1634155200-1634162400\" data-colr=\"#c766a4\" itemscope itemtype='http:\/\/schema.org\/Event'><div class=\"evo_event_schema\" style=\"display:none\" ><a itemprop='url'  href='https:\/\/www.wochen-zur-demokratie.de\/archiv\/events\/wilder-wald\/'><\/a><span itemprop='name'  >Der wilde Wald<\/span><meta itemprop='image' content=\"https:\/\/www.wochen-zur-demokratie.de\/archiv\/wp-content\/uploads\/2021\/09\/wilderwald-1-web.jpg\" \/><meta itemprop='description' content=\"\u201eDer Wilde Wald\u201c \u2013 Die \u201eNatur Natur sein lassen!\u201c: so lautete 1970 und auch heute noch die Philosophie des Nationalparks Bayerischer Wald. Gem\u00e4\u00df dieser Philosophie greift der Mensch nicht l\u00e4nger\" \/><meta itemprop='startDate' content=\"2021-10-13T20:00\" \/><meta itemprop='endDate' content=\"2021-10-13T22:00\" \/><meta itemprop='eventStatus' content=\"on-schedule\" \/>\n\t\t\t\t\t\t\t\t\t<item style=\"display:none\" itemprop=\"location\" itemscope itemtype=\"http:\/\/schema.org\/Place\">\n\t\t\t\t\t\t\t\t\t\t<span itemprop=\"name\">Cineplex, Passau<\/span>\n\t\t\t\t\t\t\t\t\t\t<span itemprop=\"address\" itemscope itemtype=\"http:\/\/schema.org\/PostalAddress\">\n\t\t\t\t\t\t\t\t\t\t\t<item itemprop=\"streetAddress\">Passau, Cineplex<\/item>\n\t\t\t\t\t\t\t\t\t\t<\/span><\/item><script type=\"application\/ld+json\">{\t\"@context\": \"http:\/\/schema.org\",\n\t\t\t\t\t\t\t  \t\"@type\": \"Event\",\n\t\t\t\t\t\t\t  \t\"name\": \"Der wilde Wald\",\n\t\t\t\t\t\t\t  \t\"startDate\": \"2021-10-13T20-20-00-00\",\n\t\t\t\t\t\t\t  \t\"endDate\": \"2021-10-13T22-22-00-00\",\n\t\t\t\t\t\t\t  \t\"image\":\"https:\/\/www.wochen-zur-demokratie.de\/archiv\/wp-content\/uploads\/2021\/09\/wilderwald-1-web.jpg\",\n\t\t\t\t\t\t\t  \t\"description\":\"\u201eDer Wilde Wald\u201c \u2013 Die \u201eNatur Natur sein lassen!\u201c: so lautete 1970 und auch heute noch die Philosophie des Nationalparks Bayerischer Wald. Gem\u00e4\u00df dieser Philosophie greift der Mensch nicht l\u00e4nger\"\n\t\t\t\t\t\t\t  \t,\"location\":{\n\t\t\t\t\t\t\t\t\t\t\"@type\":\"Place\",\n\t\t\t\t\t\t\t\t\t\t\"name\":\"Cineplex, Passau\",\n\t\t\t\t\t\t\t\t\t\t\"address\":{\n\t\t\t\t\t\t\t\t\t\t\t\"@type\": \"PostalAddress\"\n\t\t\t\t\t\t\t\t\t\t\t\"streetAddress\":\"Passau, Cineplex\"\n\t\t\t\t\t\t\t\t\t\t}\n\t\t\t\t\t\t\t  \t\t}\n\t\t\t\t\t\t\t }<\/script><\/div>\n\t\t\t\t<p class=\"desc_trig_outter\"><a data-gmap_status=\"null\" data-gmtrig=\"1\" data-exlk=\"0\" id=\"evc_16341552003108\" class=\"desc_trig sin_val evcal_list_a\" data-ux_val=\"3\"  ><span class='evcal_cblock ' data-bgcolor='#c766a4' data-smon='Oktober' data-syr='2021'><span class='evo_start '><em class='date'>13<\/em><em class='month'>Okt.<\/em><em class='time'>20:00<\/em><\/span><span class='evo_end only_time'><em class='time'>22:00<\/em><\/span><em class='clear'><\/em><\/span><span class='evcal_desc evo_info hide_eventtopdata '  data-location_address=\"Passau, Cineplex\" data-location_type=\"address\" data-location_name=\"Cineplex, Passau\" data-location_url=\"https:\/\/www.wochen-zur-demokratie.de\/archiv\/event-location\/passau-cineplex\/\" data-location_status=\"true\" ><span class='evo_above_title'><\/span><span class='evcal_desc2 evcal_event_title' itemprop='name'>Der wilde Wald<\/span><span class='evo_below_title'><span class='evcal_event_subtitle' >Film mit Filmgespr\u00e4ch<\/span><\/span><span class='evcal_desc_info' ><em class='evcal_time'>20:00 - 22:00<\/em> <em class=\"evcal_location\"  data-add_str=\"\"><em class=\"event_location_name\">Cineplex, Passau<\/em><\/em><\/span><span class='evcal_desc3'><\/span><\/span><em class='clear'><\/em><\/a><\/p><div class='event_description evcal_eventcard ' style=\"display:none\"><div class='evo_metarow_directimg'><img class='evo_event_main_img' src='https:\/\/www.wochen-zur-demokratie.de\/archiv\/wp-content\/uploads\/2021\/09\/wilderwald-1-web.jpg' \/><\/div><div class='evo_metarow_details evorow evcal_evdata_row bordb evcal_event_details'>\n\t\t\t\t\t\t\t<div class=\"event_excerpt\" style=\"display:none\"><h3 class=\"padb5 evo_h3\">Event Details<\/h3><p>\u201eDer Wilde Wald\u201c \u2013 Die \u201eNatur Natur sein lassen!\u201c: so lautete 1970 und auch heute noch die Philosophie des Nationalparks Bayerischer Wald. Gem\u00e4\u00df dieser Philosophie greift der Mensch nicht l\u00e4nger<\/p><\/div><span class='evcal_evdata_icons'><i class='fa fa-align-justify'><\/i><\/span>\n\t\t\t\t\t\t\t\n\t\t\t\t\t\t\t<div class='evcal_evdata_cell shorter_desc'><div class='eventon_details_shading_bot'>\n\t\t\t\t\t\t\t\t<p class='eventon_shad_p' content='less'><span class='ev_more_text' data-txt='Weniger anzeigen'>Mehr anzeigen<\/span><span class='ev_more_arrow'><\/span><\/p>\n\t\t\t\t\t\t\t<\/div><div class='eventon_full_description'>\n\t\t\t\t\t\t\t\t\t<h3 class='padb5 evo_h3'><span class='evcal_evdata_icons'><i class='fa fa-align-justify'><\/i><\/span>Event Details<\/h3><div class='eventon_desc_in' itemprop='description'>\n\t\t\t\t\t\t\t\t\t<p>\u201eDer Wilde Wald\u201c \u2013 Die \u201eNatur Natur sein lassen!\u201c: so lautete 1970 und auch heute noch die Philosophie des Nationalparks Bayerischer Wald. Gem\u00e4\u00df dieser Philosophie greift der Mensch nicht l\u00e4nger in die Natur ein. So kann aus den einstigen Wirtschaftsw\u00e4ldern ein Urwald heranwachsen und damit ein einzigartiges \u00d6kosystem und Refugium der Artenvielfalt. Was heute angesichts des voranschreitenden Klimawandels und Waldsterbens in Deutschland zunehmend auf offene Ohren st\u00f6\u00dft, hat in den Gr\u00fcndungsjahren und auch danach teilweise massiven Widerstand in der Bev\u00f6lkerung vor Ort ausgel\u00f6st. Den Menschen ist es schwergefallen loszulassen und den Wald der Natur zur\u00fcckzugeben. Niemand hat es f\u00fcr m\u00f6glich gehalten, das auf diese Art und Weise ein Wald entstehen k\u00f6nnte, der viel stabiler ist als benachbarte Wirtschaftsw\u00e4lder. Ein artenreicher und kraftvoller Wald, der dem Klimawandel viel mehr trotzen kann, als ein unter konventionellen Kriterien bewirtschafteter Wald.<\/p>\n<p>Die Regisseurin Lisa Eder, selbst geb\u00fcrtig im Bayerischen Wald, hat das 50-j\u00e4hrige Jubil\u00e4um der Ernennung des Bayerischen Waldes zum 1. Nationalpark Deutschlands zum Anlass genommen und eine atemberaubende und bildstarke Dokumentation \u00fcber den Bayerischen Wald produziert.<\/p>\n<p>In unserer diesj\u00e4hrigen Filmreihe zur Demokratie nahmen wir die Entwicklungsgeschichte des Bayerischen Waldes zum Anlass, um \u00fcber die demokratischen Herausforderungen, Potentiale und Hindernisse des Umwelt- und Klimaschutzes ins Gespr\u00e4ch zu kommen. Wir freuten uns daher sehr \u00fcber das anschlie\u00dfende Filmgespr\u00e4ch mit den vier geladenen G\u00e4sten unter den zahlreichen Besucher*innen. Dies waren:<strong> Lisa Eder<\/strong> (Regisseurin des Films),\u00a0<strong>Dipl.-Ing. Michael Haug<\/strong> (ehemaliger Landschaftsplaner der Nationalparkverwaltung und Mann der ersten Stunde),<strong> J\u00fcrgen Franz Oswald<\/strong> (selbstst\u00e4ndiger Forstwirt und Arborist), <strong>Peter Langhammer<\/strong> ( freiberuflicher F\u00f6rster und \u201eNaturrebell\u201c)<\/p>\n<p><em>[Foto: Markus Muckenschnabl]<\/em><\/p>\n<\/div><div class='clear'><\/div>\n\t\t\t\t\t\t\t\t<\/div>\n\t\t\t\t\t\t\t<\/div>\n\t\t\t\t\t\t<\/div><div class='evo_metarow_organizer evorow evcal_evdata_row bordb evcal_evrow_sm '>\n\t\t\t\t\t\t\t<span class='evcal_evdata_icons'><i class='fa fa-address-book-o'><\/i><\/span>\n\t\t\t\t\t\t\t<div class='evcal_evdata_cell'>\t\t\t\t\t\t\t\n\t\t\t\t\t\t\t\t<h3 class='evo_h3'>Mitveranstalter \/ Partner<\/h3>\n\t\t\t\t\t\t\t\t<p class='evo_data_val evo_card_organizer_image'><img src='https:\/\/www.wochen-zur-demokratie.de\/archiv\/wp-content\/uploads\/2019\/07\/Logo-CineplexPassau-300x144.jpg'\/><\/p>\n\t\t\t\t\t\t\t\t<div class='evo_card_organizer'><p class='evo_data_val evo_card_organizer_name'>\n\t\t\t\t\t\t\t\t\t<span class='evo_card_organizer_name_t'>Cineplex<\/span>\n\t\t\t\t\t\t\t\t\t\n\t\t\t\t\t\t\t\t\t<\/p><\/div><div class='clear'><\/div>\t\t\t\t\t\t\t\n\t\t\t\t\t\t\t<\/div>\n\t\t\t\t\t\t<\/div>\t\t\t\t\t\t<div class='evo_metarow_ICS evorow bordb evcal_evdata_row'>\n\t\t\t\t\t\t\t<span class=\"evcal_evdata_icons\"><i class=\"fa fa-calendar\"><\/i><\/span>\n\t\t\t\t\t\t\t<div class='evcal_evdata_cell'>\n\t\t\t\t\t\t\t\t<p><a href='https:\/\/www.wochen-zur-demokratie.de\/archiv\/wp-admin\/admin-ajax.php?action=eventon_ics_download&amp;event_id=3108&amp;ri=0' class='evo_ics_nCal' title='Zum Ihrem Kalender hinzuf\u00fcgen'>Zum Kalender hinzuf\u00fcgen<\/a><a href='\/\/www.google.com\/calendar\/event?action=TEMPLATE&amp;text=Der+wilde+Wald&amp;dates=20211013T180000Z\/20211013T200000Z&amp;details=%E2%80%9EDer+Wilde+Wald%E2%80%9C+%E2%80%93+Die+%E2%80%9ENatur+Natur+sein+lassen%21%E2%80%9C%3A+so+lautete+1970+und+auch+heute+noch+die+Philosophie+des+Nationalparks+Bayerischer+Wald.+Gem%C3%A4%C3%9F+dieser+Philosophie+greift+der+Mensch+nicht+l%C3%A4nger&amp;location=Cineplex%2C+Passau - Passau%2C+Cineplex' target='_blank' class='evo_ics_gCal' title='Zum Ihrem Google-Kalender hinzuf\u00fcgen'>GoogleCal<\/a><\/p>\t\n\t\t\t\t\t\t\t<\/div>\n\t\t\t\t\t\t<\/div>\n\t\t\t\t\t\t<div class='bordb evo_metarow_socialmedia evcal_evdata_row  lastrow'><div class='evo_sm FacebookShare'><a class=\" evo_ss\" target=\"_blank\" onclick=\"javascript:window.open(this.href, '', 'left=50,top=50,width=600,height=350,toolbar=0');return false;\"\n\t\t\t\t\t\t\t\thref=\"http:\/\/www.facebook.com\/sharer.php?u=https%3A%2F%2Fwww.wochen-zur-demokratie.de%2Farchiv%2Fevents%2Fwilder-wald%2F\" title=\"Diese Veranstaltung auf Facebook teilen\"><i class=\"fa fa-facebook\"><\/i><\/a><\/div><div class='evo_sm Twitter'><a class=\"tw evo_ss\" onclick=\"javascript:window.open(this.href, '', 'menubar=no,toolbar=no,resizable=yes,scrollbars=yes,height=300,width=600');return false;\" href=\"http:\/\/twitter.com\/intent\/tweet?text=Der wilde Wald&#32;-&#32;&url=https%3A%2F%2Fwww.wochen-zur-demokratie.de%2Farchiv%2Fevents%2Fwilder-wald%2F\" title=\"Diese Veranstaltung auf Twitter teilen\" rel=\"nofollow\" target=\"_blank\" data-url=\"https%3A%2F%2Fwww.wochen-zur-demokratie.de%2Farchiv%2Fevents%2Fwilder-wald%2F\"><i class=\"fa fa-twitter\"><\/i><\/a><\/div><div class='evo_sm LinkedIn'><a class=\"li evo_ss\" href=\"http:\/\/www.linkedin.com\/shareArticle?mini=true&url=https%3A%2F%2Fwww.wochen-zur-demokratie.de%2Farchiv%2Fevents%2Fwilder-wald%2F&title=Der%20wilde%20Wald&summary=%E2%80%9EDer+Wilde+Wald%E2%80%9C+%E2%80%93+Die+%E2%80%9ENatur+Natur+sein+lassen%21%E2%80%9C%3A+so+lautete+1970+und+auch+heute+noch\" target=\"_blank\" title=\"Diese Veranstaltung auf Linkedin teilen\"><i class=\"fa fa-linkedin\"><\/i><\/a><\/div><div class='evo_sm EmailShare'><a class=\"em evo_ss\" href=\"mailto:?subject=Der wilde Wald&body=Event Name: Der wilde Wald%0AEvent Date: 13\/10\/2021 20:00 - 22:00%0ALink: https%3A%2F%2Fwww.wochen-zur-demokratie.de%2Farchiv%2Fevents%2Fwilder-wald%2F%0A\" target=\"_blank\"><i class=\"fa fa-envelope\"><\/i><\/a><\/div><div class='clear'><\/div><div class='evcal_evdata_row evcal_close' title='Close'><\/div><\/div><div class='evo_card_row_end evcal_close' title='Close'><\/div><\/div><div class='clear end'><\/div><\/div><div style=\"background-color: #c766a4;height: 275px;\" id=\"event_3123\" class=\"eventon_list_event evo_eventtop past_event event event_3123_0\" data-event_id=\"3123\" data-ri=\"0r\" data-time=\"1634752800-1634761800\" data-colr=\"#c766a4\" itemscope itemtype='http:\/\/schema.org\/Event'><div class=\"evo_event_schema\" style=\"display:none\" ><a itemprop='url'  href='https:\/\/www.wochen-zur-demokratie.de\/archiv\/events\/special-2-ideenlabor\/'><\/a><span itemprop='name'  >SPECIAL 2 | Ideenlabor f\u00fcr ein  gutes Miteinander<\/span><meta itemprop='image' content=\"https:\/\/www.wochen-zur-demokratie.de\/archiv\/wp-content\/uploads\/2021\/09\/Ideenlabor-1-web.jpg\" \/><meta itemprop='description' content=\"Ideen fu\u0308r ein gutes Miteinander  Team 'Menschenrechte' erh\u00e4lt eine Anschubfinanzierung aus dem Innovationsfonds der Wochen zur Demokratie  Im virtuellen Raum haben Teilnehmer des Ideenlabors f\u00fcr ein gutes Miteinander den Abschluss\" \/><meta itemprop='startDate' content=\"2021-10-20T18:00\" \/><meta itemprop='endDate' content=\"2021-10-20T20:30\" \/><meta itemprop='eventStatus' content=\"on-schedule\" \/><script type=\"application\/ld+json\">{\t\"@context\": \"http:\/\/schema.org\",\n\t\t\t\t\t\t\t  \t\"@type\": \"Event\",\n\t\t\t\t\t\t\t  \t\"name\": \"SPECIAL 2 | Ideenlabor f\u00fcr ein  gutes Miteinander\",\n\t\t\t\t\t\t\t  \t\"startDate\": \"2021-10-20T18-18-00-00\",\n\t\t\t\t\t\t\t  \t\"endDate\": \"2021-10-20T20-20-30-00\",\n\t\t\t\t\t\t\t  \t\"image\":\"https:\/\/www.wochen-zur-demokratie.de\/archiv\/wp-content\/uploads\/2021\/09\/Ideenlabor-1-web.jpg\",\n\t\t\t\t\t\t\t  \t\"description\":\"Ideen fu\u0308r ein gutes Miteinander  Team 'Menschenrechte' erh\u00e4lt eine Anschubfinanzierung aus dem Innovationsfonds der Wochen zur Demokratie  Im virtuellen Raum haben Teilnehmer des Ideenlabors f\u00fcr ein gutes Miteinander den Abschluss\"\n\t\t\t\t\t\t\t  \t\n\t\t\t\t\t\t\t }<\/script><\/div>\n\t\t\t\t<p class=\"desc_trig_outter\"><a data-gmap_status=\"null\" data-gmtrig=\"1\" data-exlk=\"0\" id=\"evc_16347528003123\" class=\"desc_trig sin_val evcal_list_a\" data-ux_val=\"3\"  ><span class='evcal_cblock ' data-bgcolor='#c766a4' data-smon='Oktober' data-syr='2021'><span class='evo_start '><em class='date'>20<\/em><em class='month'>Okt.<\/em><em class='time'>18:00<\/em><\/span><span class='evo_end only_time'><em class='time'>20:30<\/em><\/span><em class='clear'><\/em><\/span><span class='evcal_desc evo_info hide_eventtopdata '  data-location_status=\"false\" ><span class='evo_above_title'><\/span><span class='evcal_desc2 evcal_event_title' itemprop='name'>SPECIAL 2 | Ideenlabor f\u00fcr ein  gutes Miteinander<\/span><span class='evo_below_title'><span class='evcal_event_subtitle' >ZWEITER TERMIN<\/span><\/span><span class='evcal_desc_info' ><em class='evcal_time'>18:00 - 20:30<\/em> <em class=\"evcal_location\"  data-add_str=\"\"><em class=\"event_location_name\">INN.KUBATOR Gr\u00fcnderzentrum, Innstr. 69b<\/em><\/em><\/span><span class='evcal_desc3'><\/span><\/span><em class='clear'><\/em><\/a><\/p><div class='event_description evcal_eventcard ' style=\"display:none\"><div class='evo_metarow_directimg'><img class='evo_event_main_img' src='https:\/\/www.wochen-zur-demokratie.de\/archiv\/wp-content\/uploads\/2021\/09\/Ideenlabor-1-web.jpg' \/><\/div><div class='evo_metarow_details evorow evcal_evdata_row bordb evcal_event_details'>\n\t\t\t\t\t\t\t<div class=\"event_excerpt\" style=\"display:none\"><h3 class=\"padb5 evo_h3\">Event Details<\/h3><p>Ideen fu\u0308r ein gutes Miteinander\r\nTeam \"Menschenrechte\" erh\u00e4lt eine Anschubfinanzierung aus dem Innovationsfonds der Wochen zur Demokratie\r\nIm virtuellen Raum haben Teilnehmer des Ideenlabors f\u00fcr ein gutes Miteinander den Abschluss<\/p><\/div><span class='evcal_evdata_icons'><i class='fa fa-align-justify'><\/i><\/span>\n\t\t\t\t\t\t\t\n\t\t\t\t\t\t\t<div class='evcal_evdata_cell shorter_desc'><div class='eventon_details_shading_bot'>\n\t\t\t\t\t\t\t\t<p class='eventon_shad_p' content='less'><span class='ev_more_text' data-txt='Weniger anzeigen'>Mehr anzeigen<\/span><span class='ev_more_arrow'><\/span><\/p>\n\t\t\t\t\t\t\t<\/div><div class='eventon_full_description'>\n\t\t\t\t\t\t\t\t\t<h3 class='padb5 evo_h3'><span class='evcal_evdata_icons'><i class='fa fa-align-justify'><\/i><\/span>Event Details<\/h3><div class='eventon_desc_in' itemprop='description'>\n\t\t\t\t\t\t\t\t\t<p><strong>Ideen fu\u0308r ein gutes Miteinander<br \/>\nTeam &#8222;Menschenrechte&#8220; erh\u00e4lt eine Anschubfinanzierung aus dem Innovationsfonds der Wochen zur Demokratie<\/strong><\/p>\n<p id=\"absatz1\" class=\"em_text\">Im virtuellen Raum haben Teilnehmer des Ideenlabors f\u00fcr ein gutes Miteinander den Abschluss des Projekts gefeiert. Mit den Mitgliedern der Initiative Wochen zur Demokratie, den Innovationscoaches aus dem Hochschulverbund TRIO (Transfer und Innovation in Ostbayern) sowie der Jury blickten sie auf die gemeinsame Zeit zur\u00fcck und stellten nochmals ihre Projektideen vor. Als Gewinner erh\u00e4lt das Team &#8222;Menschenrechte&#8220; eine Anschubfinanzierung aus dem Innovationsfonds der Wochen zur Demokratie.<\/p>\n<p class=\"em_text\">Die Auswahl fand durch eine dreik\u00f6pfige Jury statt, die die vier eingereichten Ideen-Poster unabh\u00e4ngig voneinander bewertete. Als Jurymitglieder beteiligten sich Dr. Bernhard Forster, Kulturreferent der Stadt Passau, Kevin Koziol, wissenschaftlicher Mitarbeiter am Lehrstuhl f\u00fcr internationales Management und soziales Unternehmertum der Universit\u00e4t Passau, sowie Anna Kaiser, Transfermanagerin im Inn.Kubator Gr\u00fcnderzentrum.<br \/>\nIm Oktober war das Ideenlabor mit einem Ideen-Brunch im Gr\u00fcnderzentrum gestartet, wo erste Gedanken und Ideen gesammelt wurden. Anschlie\u00dfend wurden die Teilnehmer von den Innovationscoaches Maria Wilhelm (TRIO, Universit\u00e4t Passau) und Nora Li Gebhardt (TRIO, Technische Hochschule Deggendorf) losgeschickt, um mit der jeweiligen Zielgruppe und potenziellen Partnern zu sprechen. Bei der Abschlussveranstaltung stellten die j\u00fcngsten Ideenlabor-Teilnehmerinnen, Jonna (8), Romy (8) und Maite (6) ein Projekt au\u00dfer Konkurrenz vor: Als Team &#8222;Umweltfreunde&#8220; m\u00f6chten die drei Grundsch\u00fclerinnen das Bewusstsein f\u00fcr Tierwohl und Umwelt schon von klein auf und mithilfe von Aktionstagen und Integration in den Schulalltag st\u00e4rken. F\u00fcr diese Idee und erste Gespr\u00e4che mit Lehrkr\u00e4ften wurden sie mit einem Sonderpreis bedacht.<br \/>\nAuf dem vierten Platz landete &#8222;Mach mit&#8220;: Das Team besch\u00e4ftigte sich mit der fehlenden Best\u00e4ndigkeit bei sozialen Projekten und der Herausforderung f\u00fcr ausl\u00e4ndische Neub\u00fcrger, Kontakte zur Einheimischen zu kn\u00fcpfen. Marieanne Gilliat-Smiths und Sousar Tahqakhas machten selbst diese Erfahrungen und ihre L\u00f6sung besteht darin, mit einer umfassenden Marketingkampagne bereits bestehende soziale, landwirtschaftliche Projekte sichtbarer zu machen, um so Menschen unterschiedlicher Herkunft zusammenzubringen.<br \/>\n\u00dcber den dritten Platz und damit eine Anschubfinanzierung von 400 Euro darf sich das Team &#8222;Bio for All&#8220; freuen. Bernhard Senkm\u00fcller und Franziska Neukirchinger m\u00f6chten Biolebensmittel f\u00fcr alle zug\u00e4nglich machen und damit gleichzeitig regionale Produzenten wieder in den Fokus r\u00fccken. Das Payback-System in Form einer Karte soll als &#8222;belebendes Grundeinkommen&#8220; Menschen mit wenig Geld besseren Zugang zu regionalen Bioprodukten erm\u00f6glichen.<br \/>\nDer zweite Platz ging mit einem Preisgeld von 600 Euro an das Team &#8222;MobiPa&#8220;. Die beiden jungen Frauen, Astrid Heindel und Roji Maharjan, skizzierten eine App-Idee, die Menschen der Region zusammenbringt, um Fahrgemeinschaften zu bilden.<\/p>\n<p class=\"em_text\">Mit 800 Euro gef\u00f6rdert wurde das Siegerteam &#8222;Menschenrechte&#8220; mit Susanne Synek als Initiatorin. Angesichts zunehmender Demokratieverdrossenheit, Gleichg\u00fcltigkeit und Spaltung der Gesellschaft m\u00f6chte sie die Allgemeine Erkl\u00e4rung der Menschenrechte der Vereinten Nationen wieder mehr in Erinnerung rufen. Diese soll f\u00fcr alle B\u00fcrger sichtbar auf einer Stele aus Stein an einem zentralen Ort in Passau platziert werden und zum Nachdenken anregen.<\/p>\n<p>Damit die Dynamik des Ideenlabors im Alltag nicht verloren geht, soll es k\u00fcnftig um einen offenen Ideenstammtisch erg\u00e4nzt werden, der regelm\u00e4\u00dfig an unterschiedlichen Orten stattfinden soll. Infos gibt es bei maria@wochen-zur-demokratie.<\/p>\n<p>&nbsp;<\/p>\n<\/div><div class='clear'><\/div>\n\t\t\t\t\t\t\t\t<\/div>\n\t\t\t\t\t\t\t<\/div>\n\t\t\t\t\t\t<\/div><div class='evo_metarow_organizer evorow evcal_evdata_row bordb evcal_evrow_sm '>\n\t\t\t\t\t\t\t<span class='evcal_evdata_icons'><i class='fa fa-address-book-o'><\/i><\/span>\n\t\t\t\t\t\t\t<div class='evcal_evdata_cell'>\t\t\t\t\t\t\t\n\t\t\t\t\t\t\t\t<h3 class='evo_h3'>Mitveranstalter \/ Partner<\/h3>\n\t\t\t\t\t\t\t\t<p class='evo_data_val evo_card_organizer_image'><img src='https:\/\/www.wochen-zur-demokratie.de\/archiv\/wp-content\/uploads\/2022\/08\/Logos-wzd-TRIO-web.jpg'\/><\/p>\n\t\t\t\t\t\t\t\t<div class='evo_card_organizer'><p class='evo_data_val evo_card_organizer_name'>\n\t\t\t\t\t\t\t\t\t<span class='evo_card_organizer_name_t'>Initiative Wochen zur Demokratie, Hochschulverbund Transfer und Innovation Ostbayern<\/span>\n\t\t\t\t\t\t\t\t\t\n\t\t\t\t\t\t\t\t\t<\/p><\/div><div class='clear'><\/div>\t\t\t\t\t\t\t\n\t\t\t\t\t\t\t<\/div>\n\t\t\t\t\t\t<\/div>\t\t\t\t\t\t<div class='evo_metarow_ICS evorow bordb evcal_evdata_row'>\n\t\t\t\t\t\t\t<span class=\"evcal_evdata_icons\"><i class=\"fa fa-calendar\"><\/i><\/span>\n\t\t\t\t\t\t\t<div class='evcal_evdata_cell'>\n\t\t\t\t\t\t\t\t<p><a href='https:\/\/www.wochen-zur-demokratie.de\/archiv\/wp-admin\/admin-ajax.php?action=eventon_ics_download&amp;event_id=3123&amp;ri=0' class='evo_ics_nCal' title='Zum Ihrem Kalender hinzuf\u00fcgen'>Zum Kalender hinzuf\u00fcgen<\/a><a href='\/\/www.google.com\/calendar\/event?action=TEMPLATE&amp;text=SPECIAL+2+%7C+Ideenlabor+f%C3%BCr+ein++gutes+Miteinander&amp;dates=20211020T160000Z\/20211020T183000Z&amp;details=Ideen+fu%CC%88r+ein+gutes+Miteinander%0D%0ATeam+%22Menschenrechte%22+erh%C3%A4lt+eine+Anschubfinanzierung+aus+dem+Innovationsfonds+der+Wochen+zur+Demokratie%0D%0AIm+virtuellen+Raum+haben+Teilnehmer+des+Ideenlabors+f%C3%BCr+ein+gutes+Miteinander+den+Abschluss&amp;location=INN.KUBATOR+Gr%C3%BCnderzentrum%2C+Innstr.+69b - ' target='_blank' class='evo_ics_gCal' title='Zum Ihrem Google-Kalender hinzuf\u00fcgen'>GoogleCal<\/a><\/p>\t\n\t\t\t\t\t\t\t<\/div>\n\t\t\t\t\t\t<\/div>\n\t\t\t\t\t\t<div class='bordb evo_metarow_socialmedia evcal_evdata_row  lastrow'><div class='evo_sm FacebookShare'><a class=\" evo_ss\" target=\"_blank\" onclick=\"javascript:window.open(this.href, '', 'left=50,top=50,width=600,height=350,toolbar=0');return false;\"\n\t\t\t\t\t\t\t\thref=\"http:\/\/www.facebook.com\/sharer.php?u=https%3A%2F%2Fwww.wochen-zur-demokratie.de%2Farchiv%2Fevents%2Fspecial-2-ideenlabor%2F\" title=\"Diese Veranstaltung auf Facebook teilen\"><i class=\"fa fa-facebook\"><\/i><\/a><\/div><div class='evo_sm Twitter'><a class=\"tw evo_ss\" onclick=\"javascript:window.open(this.href, '', 'menubar=no,toolbar=no,resizable=yes,scrollbars=yes,height=300,width=600');return false;\" href=\"http:\/\/twitter.com\/intent\/tweet?text=SPECIAL 2 | Ideenlabor f\u00fcr ein  gutes Miteinander&#32;-&#32;&url=https%3A%2F%2Fwww.wochen-zur-demokratie.de%2Farchiv%2Fevents%2Fspecial-2-ideenlabor%2F\" title=\"Diese Veranstaltung auf Twitter teilen\" rel=\"nofollow\" target=\"_blank\" data-url=\"https%3A%2F%2Fwww.wochen-zur-demokratie.de%2Farchiv%2Fevents%2Fspecial-2-ideenlabor%2F\"><i class=\"fa fa-twitter\"><\/i><\/a><\/div><div class='evo_sm LinkedIn'><a class=\"li evo_ss\" href=\"http:\/\/www.linkedin.com\/shareArticle?mini=true&url=https%3A%2F%2Fwww.wochen-zur-demokratie.de%2Farchiv%2Fevents%2Fspecial-2-ideenlabor%2F&title=SPECIAL%202%20%7C%20Ideenlabor%20f%C3%BCr%20ein%20%20gutes%20Miteinander&summary=Ideen+fu%CC%88r+ein+gutes+Miteinander%0ATeam+%26%238222%3BMenschenrechte%26%238220%3B+erh%C3%A4lt+eine+Anschubfinanzierung+aus+dem+Innovationsfonds+der+Wochen+zur\" target=\"_blank\" title=\"Diese Veranstaltung auf Linkedin teilen\"><i class=\"fa fa-linkedin\"><\/i><\/a><\/div><div class='evo_sm EmailShare'><a class=\"em evo_ss\" href=\"mailto:?subject=SPECIAL 2 | Ideenlabor f\u00fcr ein  gutes Miteinander&body=Event Name: SPECIAL 2 | Ideenlabor f\u00fcr ein  gutes Miteinander%0AEvent Date: 20\/10\/2021 18:00 - 20:30%0ALink: https%3A%2F%2Fwww.wochen-zur-demokratie.de%2Farchiv%2Fevents%2Fspecial-2-ideenlabor%2F%0A\" target=\"_blank\"><i class=\"fa fa-envelope\"><\/i><\/a><\/div><div class='clear'><\/div><div class='evcal_evdata_row evcal_close' title='Close'><\/div><\/div><div class='evo_card_row_end evcal_close' title='Close'><\/div><\/div><div class='clear end'><\/div><\/div><div style=\"background-color: #c766a4;height: 275px;\" id=\"event_3112\" class=\"eventon_list_event evo_eventtop past_event event event_3112_0\" data-event_id=\"3112\" data-ri=\"0r\" data-time=\"1635001200-1635004200\" data-colr=\"#c766a4\" itemscope itemtype='http:\/\/schema.org\/Event'><div class=\"evo_event_schema\" style=\"display:none\" ><a itemprop='url'  href='https:\/\/www.wochen-zur-demokratie.de\/archiv\/events\/das-lied-der-grille\/'><\/a><span itemprop='name'  >Das Lied der Grille<\/span><meta itemprop='image' content=\"https:\/\/www.wochen-zur-demokratie.de\/archiv\/wp-content\/uploads\/2021\/09\/Lied_der_Grille-1-web.jpg\" \/><meta itemprop='description' content=\"Die Sonne scheint, die Wiese bl\u00fcht. Alles k\u00f6nnte so sch\u00f6n sein, w\u00e4re da nicht diese endlose Plackerei: Sammeln, sammeln, sammeln, damit die Speisekammer voll wird. Doch dann klingt eine Melodie\" \/><meta itemprop='startDate' content=\"2021-10-23T15:00\" \/><meta itemprop='endDate' content=\"2021-10-23T15:50\" \/><meta itemprop='eventStatus' content=\"on-schedule\" \/><script type=\"application\/ld+json\">{\t\"@context\": \"http:\/\/schema.org\",\n\t\t\t\t\t\t\t  \t\"@type\": \"Event\",\n\t\t\t\t\t\t\t  \t\"name\": \"Das Lied der Grille\",\n\t\t\t\t\t\t\t  \t\"startDate\": \"2021-10-23T15-15-00-00\",\n\t\t\t\t\t\t\t  \t\"endDate\": \"2021-10-23T15-15-50-00\",\n\t\t\t\t\t\t\t  \t\"image\":\"https:\/\/www.wochen-zur-demokratie.de\/archiv\/wp-content\/uploads\/2021\/09\/Lied_der_Grille-1-web.jpg\",\n\t\t\t\t\t\t\t  \t\"description\":\"Die Sonne scheint, die Wiese bl\u00fcht. Alles k\u00f6nnte so sch\u00f6n sein, w\u00e4re da nicht diese endlose Plackerei: Sammeln, sammeln, sammeln, damit die Speisekammer voll wird. Doch dann klingt eine Melodie\"\n\t\t\t\t\t\t\t  \t\n\t\t\t\t\t\t\t }<\/script><\/div>\n\t\t\t\t<p class=\"desc_trig_outter\"><a data-gmap_status=\"null\" data-gmtrig=\"1\" data-exlk=\"0\" id=\"evc_16350012003112\" class=\"desc_trig sin_val evcal_list_a\" data-ux_val=\"3\"  ><span class='evcal_cblock ' data-bgcolor='#c766a4' data-smon='Oktober' data-syr='2021'><span class='evo_start '><em class='date'>23<\/em><em class='month'>Okt.<\/em><em class='time'>15:00<\/em><\/span><span class='evo_end only_time'><em class='time'>15:50<\/em><\/span><em class='clear'><\/em><\/span><span class='evcal_desc evo_info hide_eventtopdata '  data-location_status=\"false\" ><span class='evo_above_title'><\/span><span class='evcal_desc2 evcal_event_title' itemprop='name'>Das Lied der Grille<\/span><span class='evo_below_title'><span class='evcal_event_subtitle' >Fiedeln oder Vorsorgen?  Ein Figurentheater mit Puppen, Licht und Schatten<\/span><\/span><span class='evcal_desc_info' ><em class='evcal_time'>15:00 - 15:50<\/em> <em class=\"evcal_location\"  data-add_str=\"\"><em class=\"event_location_name\">Tausendteufel, Untergriesbach, Grub 11<\/em><\/em><\/span><span class='evcal_desc3'><\/span><\/span><em class='clear'><\/em><\/a><\/p><div class='event_description evcal_eventcard ' style=\"display:none\"><div class='evo_metarow_directimg'><img class='evo_event_main_img' src='https:\/\/www.wochen-zur-demokratie.de\/archiv\/wp-content\/uploads\/2021\/09\/Lied_der_Grille-1-web.jpg' \/><\/div><div class='evo_metarow_details evorow evcal_evdata_row bordb evcal_event_details'>\n\t\t\t\t\t\t\t<div class=\"event_excerpt\" style=\"display:none\"><h3 class=\"padb5 evo_h3\">Event Details<\/h3><p>Die Sonne scheint, die Wiese bl\u00fcht. Alles k\u00f6nnte so sch\u00f6n sein, w\u00e4re da nicht diese endlose Plackerei: Sammeln, sammeln, sammeln, damit die Speisekammer voll wird. Doch dann klingt eine Melodie<\/p><\/div><span class='evcal_evdata_icons'><i class='fa fa-align-justify'><\/i><\/span>\n\t\t\t\t\t\t\t\n\t\t\t\t\t\t\t<div class='evcal_evdata_cell shorter_desc'><div class='eventon_details_shading_bot'>\n\t\t\t\t\t\t\t\t<p class='eventon_shad_p' content='less'><span class='ev_more_text' data-txt='Weniger anzeigen'>Mehr anzeigen<\/span><span class='ev_more_arrow'><\/span><\/p>\n\t\t\t\t\t\t\t<\/div><div class='eventon_full_description'>\n\t\t\t\t\t\t\t\t\t<h3 class='padb5 evo_h3'><span class='evcal_evdata_icons'><i class='fa fa-align-justify'><\/i><\/span>Event Details<\/h3><div class='eventon_desc_in' itemprop='description'>\n\t\t\t\t\t\t\t\t\t<p>Die Sonne scheint, die Wiese bl\u00fcht. Alles k\u00f6nnte so sch\u00f6n sein, w\u00e4re da nicht diese endlose Plackerei: Sammeln, sammeln, sammeln, damit die Speisekammer voll wird. Doch dann klingt eine Melodie \u00fcber die Wiese und allen wird es ganz leicht und heiter zu Mute. Was einer Grille mit ihrer Geige gelingt, ist kaum zu fassen: Alle plaudern, lachen und tanzen. Party gab es lange nicht mehr. Doch dann kommt er \u2013 der Winter. Und die Grille hat nichts gesammelt&#8230;<\/p>\n<p>Ein bewohntes Klavier erz\u00e4hlte die Geschichte vom Fiedeln oder Vorsorgen, von sch\u00f6nen K\u00fcnsten, Plackerei, leeren M\u00e4gen und vollen Speisekammern, von einem fetten Sommer und einem eisigen Winter. Und einem Freund &#8230;<\/p>\n<p><em>[Foto: Kristine Stahl]<\/em><\/p>\n<p><strong>Auszeichnung<\/strong><br \/>\nDie Jury der Kinder- und Jugendtheaterveranstalter Bayerns hat &#8222;Das Lied der Grille&#8220; auf der M\u00fcnchner KinderKulturB\u00f6rse am 5. M\u00e4rz 2015 mit dem <strong>1. Preis<\/strong> ausgezeichnet.<\/p>\n<p>Regie: Kristine Stahl<br \/>\nIdee und Spiel: <a class=\"internal-link\" title=\"Opens internal link in current window\" href=\"http:\/\/die-exen.de\/spieler\/annika-pilstl\/\" target=\"_blank\" rel=\"noopener\">Annika Pilstl<\/a><br \/>\nPuppen: <a class=\"external-link-new-window\" title=\"Marionettenbau Schneewei\u00df\" href=\"http:\/\/www.marionettenbau-schneeweiss.de\/\" target=\"_blank\" rel=\"noopener\">Udo Schneewei\u00df<\/a><br \/>\nMusik: <a class=\"external-link-new-window\" title=\"Website von Andres B\u00f6hmer\" href=\"http:\/\/andres-boehmer.de\/\" target=\"_blank\" rel=\"noopener\">Andres B\u00f6hmer<\/a><br \/>\nTechnik: Heike Pilstl<br \/>\nKlavierumbau: Enrico Sobetzko, Andreas Pilstl<\/p>\n<p>Das St\u00fcck dauerte ca. 50 Minuten<\/p>\n<\/div><div class='clear'><\/div>\n\t\t\t\t\t\t\t\t<\/div>\n\t\t\t\t\t\t\t<\/div>\n\t\t\t\t\t\t<\/div><div class='evo_metarow_organizer evorow evcal_evdata_row bordb evcal_evrow_sm '>\n\t\t\t\t\t\t\t<span class='evcal_evdata_icons'><i class='fa fa-address-book-o'><\/i><\/span>\n\t\t\t\t\t\t\t<div class='evcal_evdata_cell'>\t\t\t\t\t\t\t\n\t\t\t\t\t\t\t\t<h3 class='evo_h3'>Mitveranstalter \/ Partner<\/h3>\n\t\t\t\t\t\t\t\t<p class='evo_data_val evo_card_organizer_image'><img src='https:\/\/www.wochen-zur-demokratie.de\/archiv\/wp-content\/uploads\/2021\/09\/Logo-Kinderkulturkreisel.jpg'\/><\/p>\n\t\t\t\t\t\t\t\t<div class='evo_card_organizer'><p class='evo_data_val evo_card_organizer_name'>\n\t\t\t\t\t\t\t\t\t<span class='evo_card_organizer_name_t'>Kinderkulturkreisel e.V.<\/span>\n\t\t\t\t\t\t\t\t\t\n\t\t\t\t\t\t\t\t\t<\/p><\/div><div class='clear'><\/div>\t\t\t\t\t\t\t\n\t\t\t\t\t\t\t<\/div>\n\t\t\t\t\t\t<\/div>\t\t\t\t\t\t<div class='evo_metarow_ICS evorow bordb evcal_evdata_row'>\n\t\t\t\t\t\t\t<span class=\"evcal_evdata_icons\"><i class=\"fa fa-calendar\"><\/i><\/span>\n\t\t\t\t\t\t\t<div class='evcal_evdata_cell'>\n\t\t\t\t\t\t\t\t<p><a href='https:\/\/www.wochen-zur-demokratie.de\/archiv\/wp-admin\/admin-ajax.php?action=eventon_ics_download&amp;event_id=3112&amp;ri=0' class='evo_ics_nCal' title='Zum Ihrem Kalender hinzuf\u00fcgen'>Zum Kalender hinzuf\u00fcgen<\/a><a href='\/\/www.google.com\/calendar\/event?action=TEMPLATE&amp;text=Das+Lied+der+Grille&amp;dates=20211023T130000Z\/20211023T135000Z&amp;details=Die+Sonne+scheint%2C+die+Wiese+bl%C3%BCht.+Alles+k%C3%B6nnte+so+sch%C3%B6n+sein%2C+w%C3%A4re+da+nicht+diese+endlose+Plackerei%3A+Sammeln%2C+sammeln%2C+sammeln%2C+damit+die+Speisekammer+voll+wird.+Doch+dann+klingt+eine+Melodie&amp;location=Tausendteufel%2C+Untergriesbach%2C+Grub+11 - ' target='_blank' class='evo_ics_gCal' title='Zum Ihrem Google-Kalender hinzuf\u00fcgen'>GoogleCal<\/a><\/p>\t\n\t\t\t\t\t\t\t<\/div>\n\t\t\t\t\t\t<\/div>\n\t\t\t\t\t\t<div class='bordb evo_metarow_socialmedia evcal_evdata_row  lastrow'><div class='evo_sm FacebookShare'><a class=\" evo_ss\" target=\"_blank\" onclick=\"javascript:window.open(this.href, '', 'left=50,top=50,width=600,height=350,toolbar=0');return false;\"\n\t\t\t\t\t\t\t\thref=\"http:\/\/www.facebook.com\/sharer.php?u=https%3A%2F%2Fwww.wochen-zur-demokratie.de%2Farchiv%2Fevents%2Fdas-lied-der-grille%2F\" title=\"Diese Veranstaltung auf Facebook teilen\"><i class=\"fa fa-facebook\"><\/i><\/a><\/div><div class='evo_sm Twitter'><a class=\"tw evo_ss\" onclick=\"javascript:window.open(this.href, '', 'menubar=no,toolbar=no,resizable=yes,scrollbars=yes,height=300,width=600');return false;\" href=\"http:\/\/twitter.com\/intent\/tweet?text=Das Lied der Grille&#32;-&#32;&url=https%3A%2F%2Fwww.wochen-zur-demokratie.de%2Farchiv%2Fevents%2Fdas-lied-der-grille%2F\" title=\"Diese Veranstaltung auf Twitter teilen\" rel=\"nofollow\" target=\"_blank\" data-url=\"https%3A%2F%2Fwww.wochen-zur-demokratie.de%2Farchiv%2Fevents%2Fdas-lied-der-grille%2F\"><i class=\"fa fa-twitter\"><\/i><\/a><\/div><div class='evo_sm LinkedIn'><a class=\"li evo_ss\" href=\"http:\/\/www.linkedin.com\/shareArticle?mini=true&url=https%3A%2F%2Fwww.wochen-zur-demokratie.de%2Farchiv%2Fevents%2Fdas-lied-der-grille%2F&title=Das%20Lied%20der%20Grille&summary=Die+Sonne+scheint%2C+die+Wiese+bl%C3%BCht.+Alles+k%C3%B6nnte+so+sch%C3%B6n+sein%2C+w%C3%A4re+da+nicht+diese+endlose\" target=\"_blank\" title=\"Diese Veranstaltung auf Linkedin teilen\"><i class=\"fa fa-linkedin\"><\/i><\/a><\/div><div class='evo_sm EmailShare'><a class=\"em evo_ss\" href=\"mailto:?subject=Das Lied der Grille&body=Event Name: Das Lied der Grille%0AEvent Date: 23\/10\/2021 15:00 - 15:50%0ALink: https%3A%2F%2Fwww.wochen-zur-demokratie.de%2Farchiv%2Fevents%2Fdas-lied-der-grille%2F%0A\" target=\"_blank\"><i class=\"fa fa-envelope\"><\/i><\/a><\/div><div class='clear'><\/div><div class='evcal_evdata_row evcal_close' title='Close'><\/div><\/div><div class='evo_card_row_end evcal_close' title='Close'><\/div><\/div><div class='clear end'><\/div><\/div><div style=\"background-color: #c766a4;height: 275px;\" id=\"event_3115\" class=\"eventon_list_event evo_eventtop past_event event event_3115_0\" data-event_id=\"3115\" data-ri=\"0r\" data-time=\"1635188400-1635193800\" data-colr=\"#c766a4\" itemscope itemtype='http:\/\/schema.org\/Event'><div class=\"evo_event_schema\" style=\"display:none\" ><a itemprop='url'  href='https:\/\/www.wochen-zur-demokratie.de\/archiv\/events\/marx-wagner-nietzsche-welt-im-umbruch\/'><\/a><span itemprop='name'  >Marx, Wagner, Nietzsche:  Welt im Umbruch<\/span><meta itemprop='image' content=\"https:\/\/www.wochen-zur-demokratie.de\/archiv\/wp-content\/uploads\/2021\/09\/herfriedmuenkler-1-web.jpg\" \/><meta itemprop='description' content=\"Prof. Dr. Herfried M\u00fcnkler ist Politikwissenschaftler und lehrte u.a. viele Jahre an der Humboldt-Universit\u00e4t zu Berlin. Seine B\u00fccher, die in viele Sprachen \u00fcbersetzt sind und weltweit wahrgenommen werden, wurden mehrfach\" \/><meta itemprop='startDate' content=\"2021-10-25T19:00\" \/><meta itemprop='endDate' content=\"2021-10-25T20:30\" \/><meta itemprop='eventStatus' content=\"on-schedule\" \/><script type=\"application\/ld+json\">{\t\"@context\": \"http:\/\/schema.org\",\n\t\t\t\t\t\t\t  \t\"@type\": \"Event\",\n\t\t\t\t\t\t\t  \t\"name\": \"Marx, Wagner, Nietzsche:  Welt im Umbruch\",\n\t\t\t\t\t\t\t  \t\"startDate\": \"2021-10-25T19-19-00-00\",\n\t\t\t\t\t\t\t  \t\"endDate\": \"2021-10-25T20-20-30-00\",\n\t\t\t\t\t\t\t  \t\"image\":\"https:\/\/www.wochen-zur-demokratie.de\/archiv\/wp-content\/uploads\/2021\/09\/herfriedmuenkler-1-web.jpg\",\n\t\t\t\t\t\t\t  \t\"description\":\"Prof. Dr. Herfried M\u00fcnkler ist Politikwissenschaftler und lehrte u.a. viele Jahre an der Humboldt-Universit\u00e4t zu Berlin. Seine B\u00fccher, die in viele Sprachen \u00fcbersetzt sind und weltweit wahrgenommen werden, wurden mehrfach\"\n\t\t\t\t\t\t\t  \t\n\t\t\t\t\t\t\t }<\/script><\/div>\n\t\t\t\t<p class=\"desc_trig_outter\"><a data-gmap_status=\"null\" data-exlk=\"0\" id=\"evc_16351884003115\" class=\"desc_trig sin_val evcal_list_a\" data-ux_val=\"3\"  ><span class='evcal_cblock ' data-bgcolor='#c766a4' data-smon='Oktober' data-syr='2021'><span class='evo_start '><em class='date'>25<\/em><em class='month'>Okt.<\/em><em class='time'>19:00<\/em><\/span><span class='evo_end only_time'><em class='time'>20:30<\/em><\/span><em class='clear'><\/em><\/span><span class='evcal_desc evo_info hide_eventtopdata '  data-location_status=\"false\" ><span class='evo_above_title'><\/span><span class='evcal_desc2 evcal_event_title' itemprop='name'>Marx, Wagner, Nietzsche:  Welt im Umbruch<\/span><span class='evo_below_title'><span class='evcal_event_subtitle' >Buchvorstellung mit Herfried M\u00fcnkler<\/span><\/span><span class='evcal_desc_info' ><em class='evcal_time'>19:00 - 20:30<\/em> <em class=\"evcal_location\"  data-add_str=\"\"><em class=\"event_location_name\">Audimax der Universit\u00e4t Passau<\/em><\/em><\/span><span class='evcal_desc3'><\/span><\/span><em class='clear'><\/em><\/a><\/p><div class='event_description evcal_eventcard ' style=\"display:none\"><div class='evo_metarow_directimg'><img class='evo_event_main_img' src='https:\/\/www.wochen-zur-demokratie.de\/archiv\/wp-content\/uploads\/2021\/09\/herfriedmuenkler-1-web.jpg' \/><\/div><div class='evo_metarow_details evorow evcal_evdata_row bordb evcal_event_details'>\n\t\t\t\t\t\t\t<div class=\"event_excerpt\" style=\"display:none\"><h3 class=\"padb5 evo_h3\">Event Details<\/h3><p>Prof. Dr. Herfried M\u00fcnkler ist Politikwissenschaftler und lehrte u.a. viele Jahre an der Humboldt-Universit\u00e4t zu Berlin. Seine B\u00fccher, die in viele Sprachen \u00fcbersetzt sind und weltweit wahrgenommen werden, wurden mehrfach<\/p><\/div><span class='evcal_evdata_icons'><i class='fa fa-align-justify'><\/i><\/span>\n\t\t\t\t\t\t\t\n\t\t\t\t\t\t\t<div class='evcal_evdata_cell shorter_desc'><div class='eventon_details_shading_bot'>\n\t\t\t\t\t\t\t\t<p class='eventon_shad_p' content='less'><span class='ev_more_text' data-txt='Weniger anzeigen'>Mehr anzeigen<\/span><span class='ev_more_arrow'><\/span><\/p>\n\t\t\t\t\t\t\t<\/div><div class='eventon_full_description'>\n\t\t\t\t\t\t\t\t\t<h3 class='padb5 evo_h3'><span class='evcal_evdata_icons'><i class='fa fa-align-justify'><\/i><\/span>Event Details<\/h3><div class='eventon_desc_in' itemprop='description'>\n\t\t\t\t\t\t\t\t\t<p><strong>Prof. Dr. Herfried M\u00fcnkler <\/strong>ist Politikwissenschaftler und lehrte u.a. viele Jahre an der Humboldt-Universit\u00e4t zu Berlin. Seine B\u00fccher, die in viele Sprachen \u00fcbersetzt sind und weltweit wahrgenommen werden, wurden mehrfach ausgezeichnet und sind als Standardwerke anzusehen, so bereits seine fr\u00fchen Forschungen zu Machiavelli oder \u201eDie neuen Kriege\u201c (2002). Zusammen mit seiner Frau, Prof. Dr. Marina M\u00fcnkler, hat er \u201eDie neuen Deutschen: Ein Land vor seiner Zukunft\u201c (2016) und \u201eAbschied vom Abstieg. Eine Agenda f\u00fcr Deutschland\u201c (2019) verfasst. <strong>Herfried M\u00fcnkler bringt sich intensiv in den allgemeinen politischen gesellschaftlichen Diskurs ein<\/strong>, er ist ein ausgewiesener und sehr pr\u00e4senter Wissenschaftler sowie Berater f\u00fcr wichtige Entscheiderinnen und Entscheider.<\/p>\n<p>Sein neues Buch \u201eMarx, Wagner, Nietzsche: Welt im Umbruch\u201c befasst sich mit drei Denkern, die das das 19. und 20. Jahrhundert wesentlich beeinflusst haben. Er befasst sich mit diesen drei Zeitgenossen, ihren Parallelen und Widerspr\u00fcchen \u2013 und f\u00fchrt damit eine ganze Epoche vor Augen.<br \/>\n\u00dcber 100 G\u00e4ste folgten seinen Ausf\u00fchrungen im Audimax der Universit\u00e4t Passau.<\/p>\n<p><em>[Foto: Stefan R\u00f6hl]<\/em><\/p>\n<p><strong>Anmeldung<\/strong>: <a href=\"mailto:thomas@wochen-zur-demokratie.de\">thomas@wochen-zur-demokratie.de<\/a><br \/>\n<strong>Ort<\/strong>: Audimax, HS 10, Innstr. 31, Universit\u00e4t Passau<br \/>\n<strong>Beginn<\/strong> 19 Uhr<br \/>\n<strong>Dauer<\/strong> 90 min<br \/>\n<strong>Eintritt<\/strong> frei!<\/p>\n<\/div><div class='clear'><\/div>\n\t\t\t\t\t\t\t\t<\/div>\n\t\t\t\t\t\t\t<\/div>\n\t\t\t\t\t\t<\/div><div class='evo_metarow_organizer evorow evcal_evdata_row bordb evcal_evrow_sm '>\n\t\t\t\t\t\t\t<span class='evcal_evdata_icons'><i class='fa fa-address-book-o'><\/i><\/span>\n\t\t\t\t\t\t\t<div class='evcal_evdata_cell'>\t\t\t\t\t\t\t\n\t\t\t\t\t\t\t\t<h3 class='evo_h3'>Mitveranstalter \/ Partner<\/h3>\n\t\t\t\t\t\t\t\t<p class='evo_data_val evo_card_organizer_image'><img src='https:\/\/www.wochen-zur-demokratie.de\/archiv\/wp-content\/uploads\/2022\/08\/logos-wzd-uni-web.jpg'\/><\/p>\n\t\t\t\t\t\t\t\t<div class='evo_card_organizer'><p class='evo_data_val evo_card_organizer_name'>\n\t\t\t\t\t\t\t\t\t<span class='evo_card_organizer_name_t'>Initiative Wochen zur Demokratie, Universit\u00e4t Passau<\/span>\n\t\t\t\t\t\t\t\t\t\n\t\t\t\t\t\t\t\t\t<\/p><\/div><div class='clear'><\/div>\t\t\t\t\t\t\t\n\t\t\t\t\t\t\t<\/div>\n\t\t\t\t\t\t<\/div>\t\t\t\t\t\t<div class='evo_metarow_ICS evorow bordb evcal_evdata_row'>\n\t\t\t\t\t\t\t<span class=\"evcal_evdata_icons\"><i class=\"fa fa-calendar\"><\/i><\/span>\n\t\t\t\t\t\t\t<div class='evcal_evdata_cell'>\n\t\t\t\t\t\t\t\t<p><a href='https:\/\/www.wochen-zur-demokratie.de\/archiv\/wp-admin\/admin-ajax.php?action=eventon_ics_download&amp;event_id=3115&amp;ri=0' class='evo_ics_nCal' title='Zum Ihrem Kalender hinzuf\u00fcgen'>Zum Kalender hinzuf\u00fcgen<\/a><a href='\/\/www.google.com\/calendar\/event?action=TEMPLATE&amp;text=Marx%2C+Wagner%2C+Nietzsche%3A++Welt+im+Umbruch&amp;dates=20211025T170000Z\/20211025T183000Z&amp;details=Prof.+Dr.+Herfried+M%C3%BCnkler+ist+Politikwissenschaftler+und+lehrte+u.a.+viele+Jahre+an+der+Humboldt-Universit%C3%A4t+zu+Berlin.+Seine+B%C3%BCcher%2C+die+in+viele+Sprachen+%C3%BCbersetzt+sind+und+weltweit+wahrgenommen+werden%2C+wurden+mehrfach&amp;location=Audimax+der+Universit%C3%A4t+Passau - ' target='_blank' class='evo_ics_gCal' title='Zum Ihrem Google-Kalender hinzuf\u00fcgen'>GoogleCal<\/a><\/p>\t\n\t\t\t\t\t\t\t<\/div>\n\t\t\t\t\t\t<\/div>\n\t\t\t\t\t\t<div class='bordb evo_metarow_socialmedia evcal_evdata_row  lastrow'><div class='evo_sm FacebookShare'><a class=\" evo_ss\" target=\"_blank\" onclick=\"javascript:window.open(this.href, '', 'left=50,top=50,width=600,height=350,toolbar=0');return false;\"\n\t\t\t\t\t\t\t\thref=\"http:\/\/www.facebook.com\/sharer.php?u=https%3A%2F%2Fwww.wochen-zur-demokratie.de%2Farchiv%2Fevents%2Fmarx-wagner-nietzsche-welt-im-umbruch%2F\" title=\"Diese Veranstaltung auf Facebook teilen\"><i class=\"fa fa-facebook\"><\/i><\/a><\/div><div class='evo_sm Twitter'><a class=\"tw evo_ss\" onclick=\"javascript:window.open(this.href, '', 'menubar=no,toolbar=no,resizable=yes,scrollbars=yes,height=300,width=600');return false;\" href=\"http:\/\/twitter.com\/intent\/tweet?text=Marx, Wagner, Nietzsche:  Welt im Umbruch&#32;-&#32;&url=https%3A%2F%2Fwww.wochen-zur-demokratie.de%2Farchiv%2Fevents%2Fmarx-wagner-nietzsche-welt-im-umbruch%2F\" title=\"Diese Veranstaltung auf Twitter teilen\" rel=\"nofollow\" target=\"_blank\" data-url=\"https%3A%2F%2Fwww.wochen-zur-demokratie.de%2Farchiv%2Fevents%2Fmarx-wagner-nietzsche-welt-im-umbruch%2F\"><i class=\"fa fa-twitter\"><\/i><\/a><\/div><div class='evo_sm LinkedIn'><a class=\"li evo_ss\" href=\"http:\/\/www.linkedin.com\/shareArticle?mini=true&url=https%3A%2F%2Fwww.wochen-zur-demokratie.de%2Farchiv%2Fevents%2Fmarx-wagner-nietzsche-welt-im-umbruch%2F&title=Marx%2C%20Wagner%2C%20Nietzsche%3A%20%20Welt%20im%20Umbruch&summary=Prof.+Dr.+Herfried+M%C3%BCnkler+ist+Politikwissenschaftler+und+lehrte+u.a.+viele+Jahre+an+der+Humboldt-Universit%C3%A4t+zu+Berlin.\" target=\"_blank\" title=\"Diese Veranstaltung auf Linkedin teilen\"><i class=\"fa fa-linkedin\"><\/i><\/a><\/div><div class='evo_sm EmailShare'><a class=\"em evo_ss\" href=\"mailto:?subject=Marx, Wagner, Nietzsche:  Welt im Umbruch&body=Event Name: Marx, Wagner, Nietzsche:  Welt im Umbruch%0AEvent Date: 25\/10\/2021 19:00 - 20:30%0ALink: https%3A%2F%2Fwww.wochen-zur-demokratie.de%2Farchiv%2Fevents%2Fmarx-wagner-nietzsche-welt-im-umbruch%2F%0A\" target=\"_blank\"><i class=\"fa fa-envelope\"><\/i><\/a><\/div><div class='clear'><\/div><div class='evcal_evdata_row evcal_close' title='Close'><\/div><\/div><div class='evo_card_row_end evcal_close' title='Close'><\/div><\/div><div class='clear end'><\/div><\/div><div style=\"background-color: #c766a4;height: 275px;\" id=\"event_3116\" class=\"eventon_list_event evo_eventtop past_event event event_3116_0\" data-event_id=\"3116\" data-ri=\"0r\" data-time=\"1636052400-1636057800\" data-colr=\"#c766a4\" itemscope itemtype='http:\/\/schema.org\/Event'><div class=\"evo_event_schema\" style=\"display:none\" ><a itemprop='url'  href='https:\/\/www.wochen-zur-demokratie.de\/archiv\/events\/auslaufmodell-demokratie\/'><\/a><span itemprop='name'  >Auslaufmodell \u201eDemokratie\u201d? Veranstaltung verschoben<\/span><meta itemprop='image' content=\"https:\/\/www.wochen-zur-demokratie.de\/archiv\/wp-content\/uploads\/2021\/09\/auslaufmodell-1-web.jpg\" \/><meta itemprop='description' content=\"ACHTUNG: ABSCHLUSS-VERANSTALTUNG VERSCHOBEN!  Aus terminlichen Gr\u00fcnden muss unsere Abschlu\u00df-Veranstaltung \u201eAuslaufmodell Demokratie\u201d, die am 4.11. h\u00e4tte stattfinden\" \/><meta itemprop='startDate' content=\"2021-11-4T19:00\" \/><meta itemprop='endDate' content=\"2021-11-4T20:30\" \/><meta itemprop='eventStatus' content=\"on-schedule\" \/>\n\t\t\t\t\t\t\t\t\t<item style=\"display:none\" itemprop=\"location\" itemscope itemtype=\"http:\/\/schema.org\/Place\">\n\t\t\t\t\t\t\t\t\t\t<span itemprop=\"name\">Redoute, Passau<\/span>\n\t\t\t\t\t\t\t\t\t\t<span itemprop=\"address\" itemscope itemtype=\"http:\/\/schema.org\/PostalAddress\">\n\t\t\t\t\t\t\t\t\t\t\t<item itemprop=\"streetAddress\">Passau, Redoute<\/item>\n\t\t\t\t\t\t\t\t\t\t<\/span><\/item><script type=\"application\/ld+json\">{\t\"@context\": \"http:\/\/schema.org\",\n\t\t\t\t\t\t\t  \t\"@type\": \"Event\",\n\t\t\t\t\t\t\t  \t\"name\": \"Auslaufmodell \u201eDemokratie\u201d? Veranstaltung verschoben\",\n\t\t\t\t\t\t\t  \t\"startDate\": \"2021-11-4T19-19-00-00\",\n\t\t\t\t\t\t\t  \t\"endDate\": \"2021-11-4T20-20-30-00\",\n\t\t\t\t\t\t\t  \t\"image\":\"https:\/\/www.wochen-zur-demokratie.de\/archiv\/wp-content\/uploads\/2021\/09\/auslaufmodell-1-web.jpg\",\n\t\t\t\t\t\t\t  \t\"description\":\"ACHTUNG: ABSCHLUSS-VERANSTALTUNG VERSCHOBEN!  Aus terminlichen Gr\u00fcnden muss unsere Abschlu\u00df-Veranstaltung \u201eAuslaufmodell Demokratie\u201d, die am 4.11. h\u00e4tte stattfinden\"\n\t\t\t\t\t\t\t  \t,\"location\":{\n\t\t\t\t\t\t\t\t\t\t\"@type\":\"Place\",\n\t\t\t\t\t\t\t\t\t\t\"name\":\"Redoute, Passau\",\n\t\t\t\t\t\t\t\t\t\t\"address\":{\n\t\t\t\t\t\t\t\t\t\t\t\"@type\": \"PostalAddress\"\n\t\t\t\t\t\t\t\t\t\t\t\"streetAddress\":\"Passau, Redoute\"\n\t\t\t\t\t\t\t\t\t\t}\n\t\t\t\t\t\t\t  \t\t}\n\t\t\t\t\t\t\t }<\/script><\/div>\n\t\t\t\t<p class=\"desc_trig_outter\"><a data-gmap_status=\"null\" data-gmtrig=\"1\" data-exlk=\"0\" id=\"evc_16360524003116\" class=\"desc_trig sin_val evcal_list_a\" data-ux_val=\"3\"  ><span class='evcal_cblock ' data-bgcolor='#c766a4' data-smon='November' data-syr='2021'><span class='evo_start '><em class='date'>04<\/em><em class='month'>Nov.<\/em><em class='time'>19:00<\/em><\/span><span class='evo_end only_time'><em class='time'>20:30<\/em><\/span><em class='clear'><\/em><\/span><span class='evcal_desc evo_info hide_eventtopdata '  data-location_address=\"Passau, Redoute\" data-location_type=\"address\" data-location_name=\"Redoute, Passau\" data-location_url=\"https:\/\/www.wochen-zur-demokratie.de\/archiv\/event-location\/passau-redoute\/\" data-location_status=\"true\" ><span class='evo_above_title'><\/span><span class='evcal_desc2 evcal_event_title' itemprop='name'>Auslaufmodell \u201eDemokratie\u201d? Veranstaltung verschoben<\/span><span class='evo_below_title'><span class='evcal_event_subtitle' >Eine Fishbowl-Diskussion mit G\u00e4sten, Musik und Buffet<\/span><\/span><span class='evcal_desc_info' ><em class='evcal_time'>19:00 - 20:30<\/em> <em class=\"evcal_location\"  data-add_str=\"\"><em class=\"event_location_name\">Redoute, Passau<\/em><\/em><\/span><span class='evcal_desc3'><\/span><\/span><em class='clear'><\/em><\/a><\/p><div class='event_description evcal_eventcard ' style=\"display:none\"><div class='evo_metarow_directimg'><img class='evo_event_main_img' src='https:\/\/www.wochen-zur-demokratie.de\/archiv\/wp-content\/uploads\/2021\/09\/auslaufmodell-1-web.jpg' \/><\/div><div class='evo_metarow_details evorow evcal_evdata_row bordb evcal_event_details'>\n\t\t\t\t\t\t\t<div class=\"event_excerpt\" style=\"display:none\"><h3 class=\"padb5 evo_h3\">Event Details<\/h3><p>ACHTUNG: ABSCHLUSS-VERANSTALTUNG VERSCHOBEN!\r\nAus terminlichen Gr\u00fcnden muss unsere Abschlu\u00df-Veranstaltung \u201eAuslaufmodell Demokratie\u201d, die am 4.11. h\u00e4tte stattfinden<\/p><\/div><span class='evcal_evdata_icons'><i class='fa fa-align-justify'><\/i><\/span>\n\t\t\t\t\t\t\t\n\t\t\t\t\t\t\t<div class='evcal_evdata_cell shorter_desc'><div class='eventon_details_shading_bot'>\n\t\t\t\t\t\t\t\t<p class='eventon_shad_p' content='less'><span class='ev_more_text' data-txt='Weniger anzeigen'>Mehr anzeigen<\/span><span class='ev_more_arrow'><\/span><\/p>\n\t\t\t\t\t\t\t<\/div><div class='eventon_full_description'>\n\t\t\t\t\t\t\t\t\t<h3 class='padb5 evo_h3'><span class='evcal_evdata_icons'><i class='fa fa-align-justify'><\/i><\/span>Event Details<\/h3><div class='eventon_desc_in' itemprop='description'>\n\t\t\t\t\t\t\t\t\t<p class=\"\"><span class=\"\"><strong>ACHTUNG: ABSCHLUSS-VERANSTALTUNG VERSCHOBEN!<br \/>\n<\/strong><span class=\"evcal_desc evo_info hide_eventtopdata \" data-location_address=\"Passau, Cineplex\" data-location_type=\"address\" data-location_name=\"Passau, Cineplex\" data-location_url=\"https:\/\/www.wochen-zur-demokratie.de\/archiv\/event-location\/passau-cineplex\/\" data-location_status=\"true\"><span class=\"evo_below_title\"><span class=\"evcal_event_subtitle\">Aus terminlichen Gr\u00fcnden muss unsere Abschlu\u00df-Veranstaltung \u201e<strong>Auslaufmodell Demokratie<\/strong>\u201d, die am 4.11. h\u00e4tte stattfinden sollen, verschoben werden. Der neue Termin wird hier und in der Presse bekannt gegeben, sobald er fixiert ist.<\/span><\/span><\/span><\/span><\/p>\n<p>&nbsp;<\/p>\n<p class=\"\"><span class=\"\">Die Diskussion um die Krise der Demokratie kommt an kein Ende. Hat sie wirklich ausgedient? Wir fragen: Was brauchen wir, um Zukunft lebenswert zu gestalten? Wie soll unser gesellschaftliches Zusammenleben aussehen? Gemeinsam mit den Bu\u0308rgern und Bu\u0308rgerinnen der Region Passau und mit eingeladenen Ga\u0308sten aus Politik, Wissenschaft und Zivilgesellschaft diskutieren wir, was eine lebenswerte Zukunft ausmacht \u2013 und was wir dafu\u0308r brauchen.<br \/>\n<\/span><span class=\"\">Beteiligt sind u.a. <strong>Dr. Thomas Roebke<\/strong> (Landesnetzwerk B\u00fcrgerschaftliches Engagement), <strong>Hannah G\u00f6ppert<\/strong> (Initiative Die Offene Gesellschaft), <strong>Dr. Carolin Wiedemann<\/strong> (Journalistin und Soziologin) sowie <strong>Ilse Aigner<\/strong> (Pr\u00e4sidentin des Bayerischen Landtags). In der Diskussion soll ein kleines Manifest entstehen \u2013 fu\u0308r eine lebenswerte Gesellschaft und eine zukunftsfa\u0308hige Demokratie nach der Demokratie.<\/span><\/p>\n<p><em>[Foto: Markus Muckenschnabl]<\/em><\/p>\n<p class=\"\"><strong>Eintritt<\/strong> frei!<\/p>\n<\/div><div class='clear'><\/div>\n\t\t\t\t\t\t\t\t<\/div>\n\t\t\t\t\t\t\t<\/div>\n\t\t\t\t\t\t<\/div><div class='evo_metarow_organizer evorow evcal_evdata_row bordb evcal_evrow_sm '>\n\t\t\t\t\t\t\t<span class='evcal_evdata_icons'><i class='fa fa-address-book-o'><\/i><\/span>\n\t\t\t\t\t\t\t<div class='evcal_evdata_cell'>\t\t\t\t\t\t\t\n\t\t\t\t\t\t\t\t<h3 class='evo_h3'>Mitveranstalter \/ Partner<\/h3>\n\t\t\t\t\t\t\t\t<p class='evo_data_val evo_card_organizer_image'><img src='https:\/\/www.wochen-zur-demokratie.de\/archiv\/wp-content\/uploads\/2022\/02\/WzD-Logo-2022-mittel-278x300.jpg'\/><\/p>\n\t\t\t\t\t\t\t\t<div class='evo_card_organizer'><p class='evo_data_val evo_card_organizer_name'>\n\t\t\t\t\t\t\t\t\t<span class='evo_card_organizer_name_t'>Initiative Wochen zur Demokratie<\/span>\n\t\t\t\t\t\t\t\t\t\n\t\t\t\t\t\t\t\t\t<\/p><\/div><div class='clear'><\/div>\t\t\t\t\t\t\t\n\t\t\t\t\t\t\t<\/div>\n\t\t\t\t\t\t<\/div>\t\t\t\t\t\t<div class='evo_metarow_ICS evorow bordb evcal_evdata_row'>\n\t\t\t\t\t\t\t<span class=\"evcal_evdata_icons\"><i class=\"fa fa-calendar\"><\/i><\/span>\n\t\t\t\t\t\t\t<div class='evcal_evdata_cell'>\n\t\t\t\t\t\t\t\t<p><a href='https:\/\/www.wochen-zur-demokratie.de\/archiv\/wp-admin\/admin-ajax.php?action=eventon_ics_download&amp;event_id=3116&amp;ri=0' class='evo_ics_nCal' title='Zum Ihrem Kalender hinzuf\u00fcgen'>Zum Kalender hinzuf\u00fcgen<\/a><a href='\/\/www.google.com\/calendar\/event?action=TEMPLATE&amp;text=Auslaufmodell+%E2%80%9EDemokratie%E2%80%9D%3F+Veranstaltung+verschoben&amp;dates=20211104T170000Z\/20211104T183000Z&amp;details=ACHTUNG%3A+ABSCHLUSS-VERANSTALTUNG+VERSCHOBEN%21%0D%0AAus+terminlichen+Gr%C3%BCnden+muss+unsere+Abschlu%C3%9F-Veranstaltung+%E2%80%9EAuslaufmodell+Demokratie%E2%80%9D%2C+die+am+4.11.+h%C3%A4tte+stattfinden&amp;location=Redoute%2C+Passau - Passau%2C+Redoute' target='_blank' class='evo_ics_gCal' title='Zum Ihrem Google-Kalender hinzuf\u00fcgen'>GoogleCal<\/a><\/p>\t\n\t\t\t\t\t\t\t<\/div>\n\t\t\t\t\t\t<\/div>\n\t\t\t\t\t\t<div class='bordb evo_metarow_socialmedia evcal_evdata_row  lastrow'><div class='evo_sm FacebookShare'><a class=\" evo_ss\" target=\"_blank\" onclick=\"javascript:window.open(this.href, '', 'left=50,top=50,width=600,height=350,toolbar=0');return false;\"\n\t\t\t\t\t\t\t\thref=\"http:\/\/www.facebook.com\/sharer.php?u=https%3A%2F%2Fwww.wochen-zur-demokratie.de%2Farchiv%2Fevents%2Fauslaufmodell-demokratie%2F\" title=\"Diese Veranstaltung auf Facebook teilen\"><i class=\"fa fa-facebook\"><\/i><\/a><\/div><div class='evo_sm Twitter'><a class=\"tw evo_ss\" onclick=\"javascript:window.open(this.href, '', 'menubar=no,toolbar=no,resizable=yes,scrollbars=yes,height=300,width=600');return false;\" href=\"http:\/\/twitter.com\/intent\/tweet?text=Auslaufmodell \u201eDemokratie\u201d? Veranstaltung verschoben&#32;-&#32;&url=https%3A%2F%2Fwww.wochen-zur-demokratie.de%2Farchiv%2Fevents%2Fauslaufmodell-demokratie%2F\" title=\"Diese Veranstaltung auf Twitter teilen\" rel=\"nofollow\" target=\"_blank\" data-url=\"https%3A%2F%2Fwww.wochen-zur-demokratie.de%2Farchiv%2Fevents%2Fauslaufmodell-demokratie%2F\"><i class=\"fa fa-twitter\"><\/i><\/a><\/div><div class='evo_sm LinkedIn'><a class=\"li evo_ss\" href=\"http:\/\/www.linkedin.com\/shareArticle?mini=true&url=https%3A%2F%2Fwww.wochen-zur-demokratie.de%2Farchiv%2Fevents%2Fauslaufmodell-demokratie%2F&title=Auslaufmodell%20%E2%80%9EDemokratie%E2%80%9D%3F%20Veranstaltung%20verschoben&summary=ACHTUNG%3A+ABSCHLUSS-VERANSTALTUNG+VERSCHOBEN%21%0A\" target=\"_blank\" title=\"Diese Veranstaltung auf Linkedin teilen\"><i class=\"fa fa-linkedin\"><\/i><\/a><\/div><div class='evo_sm EmailShare'><a class=\"em evo_ss\" href=\"mailto:?subject=Auslaufmodell \u201eDemokratie\u201d? Veranstaltung verschoben&body=Event Name: Auslaufmodell \u201eDemokratie\u201d? Veranstaltung verschoben%0AEvent Date: 04\/11\/2021 19:00 - 20:30%0ALink: https%3A%2F%2Fwww.wochen-zur-demokratie.de%2Farchiv%2Fevents%2Fauslaufmodell-demokratie%2F%0A\" target=\"_blank\"><i class=\"fa fa-envelope\"><\/i><\/a><\/div><div class='clear'><\/div><div class='evcal_evdata_row evcal_close' title='Close'><\/div><\/div><div class='evo_card_row_end evcal_close' title='Close'><\/div><\/div><div class='clear end'><\/div><\/div>\t\t\t<div class='clear'><\/div>\n\t\t\t<\/div><!-- #evcal_list-->\n\t\t\t<div class='clear'><\/div>\n\n\t\t\t\t\n\t\t\t\n\t\t\t\t\t\t<\/div><!-- .ajde_evcal_calendar-->\n\n\t\t\t[\/et_pb_text][\/et_pb_column][\/et_pb_row][\/et_pb_section][et_pb_section fb_built=&#8220;1&#8243; admin_label=&#8220;Section Veranstalter&#8220; module_id=&#8220;veranstalter&#8220; _builder_version=&#8220;3.27.2&#8243; background_color=&#8220;#ffffff&#8220; custom_padding=&#8220;0px||0px||false|false&#8220; global_colors_info=&#8220;{}&#8220;][et_pb_row _builder_version=&#8220;3.26.3&#8243; width=&#8220;100%&#8220; max_width=&#8220;none&#8220; custom_padding=&#8220;0px||0px||false|false&#8220; global_colors_info=&#8220;{}&#8220;][et_pb_column type=&#8220;4_4&#8243; _builder_version=&#8220;3.26.3&#8243; global_colors_info=&#8220;{}&#8220;][et_pb_image src=&#8220;https:\/\/www.wochen-zur-demokratie.de\/archiv\/wp-content\/uploads\/2019\/08\/wzd_divider-veranstalter-dt_1920.png&#8220; force_fullwidth=&#8220;on&#8220; src_tablet=&#8220;&#8220; src_phone=&#8220;https:\/\/www.wochen-zur-demokratie.de\/archiv\/wp-content\/uploads\/2019\/08\/wzd_divider-veranstalter-ph_1080.png&#8220; src_last_edited=&#8220;on|phone&#8220; _builder_version=&#8220;3.27.2&#8243; global_colors_info=&#8220;{}&#8220;][\/et_pb_image][\/et_pb_column][\/et_pb_row][et_pb_row column_structure=&#8220;1_4,1_4,1_4,1_4&#8243; use_custom_gutter=&#8220;on&#8220; gutter_width=&#8220;2&#8243; _builder_version=&#8220;3.27.2&#8243; background_enable_color=&#8220;off&#8220; custom_padding=&#8220;60px||60px|||&#8220; global_colors_info=&#8220;{}&#8220;][et_pb_column type=&#8220;1_4&#8243; _builder_version=&#8220;3.26.3&#8243; global_colors_info=&#8220;{}&#8220;][et_pb_image src=&#8220;https:\/\/www.wochen-zur-demokratie.de\/archiv\/wp-content\/uploads\/2021\/07\/WzD-Logo-2021-mittel.jpg&#8220; title_text=&#8220;WzD-Logo-2021-mittel&#8220; admin_label=&#8220;Wozu Demo.&#8220; _builder_version=&#8220;4.9.7&#8243; max_width=&#8220;150px&#8220; module_alignment=&#8220;center&#8220; global_colors_info=&#8220;{}&#8220;][\/et_pb_image][\/et_pb_column][et_pb_column type=&#8220;1_4&#8243; _builder_version=&#8220;3.26.3&#8243; global_colors_info=&#8220;{}&#8220;][et_pb_image src=&#8220;https:\/\/www.wochen-zur-demokratie.de\/archiv\/wp-content\/uploads\/2019\/08\/veranstalter-passau_300.jpg&#8220; url=&#8220;https:\/\/www.passau.de\/&#8220; url_new_window=&#8220;on&#8220; admin_label=&#8220;Passau&#8220; _builder_version=&#8220;3.27.4&#8243; locked=&#8220;off&#8220; global_colors_info=&#8220;{}&#8220;][\/et_pb_image][\/et_pb_column][et_pb_column type=&#8220;1_4&#8243; _builder_version=&#8220;3.26.3&#8243; global_colors_info=&#8220;{}&#8220;][et_pb_image src=&#8220;https:\/\/www.wochen-zur-demokratie.de\/archiv\/wp-content\/uploads\/2019\/08\/veranstalter-landkreis-passau_300.jpg&#8220; url=&#8220;https:\/\/www.landkreis-passau.de\/&#8220; url_new_window=&#8220;on&#8220; admin_label=&#8220;LK Passau&#8220; _builder_version=&#8220;4.9.7&#8243; locked=&#8220;off&#8220; global_colors_info=&#8220;{}&#8220;][\/et_pb_image][\/et_pb_column][et_pb_column type=&#8220;1_4&#8243; _builder_version=&#8220;3.26.3&#8243; global_colors_info=&#8220;{}&#8220;][et_pb_image src=&#8220;https:\/\/www.wochen-zur-demokratie.de\/archiv\/wp-content\/uploads\/2019\/09\/Logo-Uni-Passau.jpg&#8220; title_text=&#8220;Logo-Uni-Passau&#8220; url=&#8220;https:\/\/www.uni-passau.de\/&#8220; url_new_window=&#8220;on&#8220; align=&#8220;center&#8220; admin_label=&#8220;Uni Passau&#8220; _builder_version=&#8220;4.9.7&#8243; _module_preset=&#8220;default&#8220; transform_scale=&#8220;108%|108%&#8220; global_colors_info=&#8220;{}&#8220;][\/et_pb_image][\/et_pb_column][\/et_pb_row][\/et_pb_section][et_pb_section fb_built=&#8220;1&#8243; admin_label=&#8220;Section F\u00f6rderer&#8220; module_id=&#8220;foerderer&#8220; _builder_version=&#8220;4.6.1&#8243; background_color=&#8220;#ffffff&#8220; custom_padding=&#8220;0px||50px||false|false&#8220; global_colors_info=&#8220;{}&#8220;][et_pb_row _builder_version=&#8220;3.26.3&#8243; width=&#8220;100%&#8220; max_width=&#8220;none&#8220; custom_padding=&#8220;0px||0px||false|false&#8220; global_colors_info=&#8220;{}&#8220;][et_pb_column type=&#8220;4_4&#8243; _builder_version=&#8220;3.26.3&#8243; global_colors_info=&#8220;{}&#8220;][et_pb_image src=&#8220;https:\/\/www.wochen-zur-demokratie.de\/archiv\/wp-content\/uploads\/2019\/08\/wzd_divider-foerderer-dt_1920.png&#8220; force_fullwidth=&#8220;on&#8220; src_tablet=&#8220;&#8220; src_phone=&#8220;https:\/\/www.wochen-zur-demokratie.de\/archiv\/wp-content\/uploads\/2019\/08\/wzd_divider-foerderer-ph_1080.png&#8220; src_last_edited=&#8220;on|phone&#8220; _builder_version=&#8220;3.27.2&#8243; global_colors_info=&#8220;{}&#8220;][\/et_pb_image][\/et_pb_column][\/et_pb_row][et_pb_row column_structure=&#8220;1_4,1_4,1_4,1_4&#8243; use_custom_gutter=&#8220;on&#8220; gutter_width=&#8220;2&#8243; make_equal=&#8220;on&#8220; _builder_version=&#8220;3.27.4&#8243; background_enable_color=&#8220;off&#8220; custom_padding=&#8220;40px||0px|||&#8220; global_colors_info=&#8220;{}&#8220;][et_pb_column type=&#8220;1_4&#8243; module_class=&#8220;vertical-align&#8220; _builder_version=&#8220;3.27.4&#8243; global_colors_info=&#8220;{}&#8220;][et_pb_image src=&#8220;https:\/\/www.wochen-zur-demokratie.de\/archiv\/wp-content\/uploads\/2019\/09\/logo-sparkassenstiftung.jpg&#8220; url=&#8220;https:\/\/www.sparkasse-passau.de\/de\/home\/ihre-sparkasse\/die-sparkassenstiftung.html&#8220; url_new_window=&#8220;on&#8220; align=&#8220;center&#8220; disabled_on=&#8220;off|off|off&#8220; admin_label=&#8220;Stiftung Sparkasse&#8220; _builder_version=&#8220;4.4.1&#8243; width=&#8220;180px&#8220; locked=&#8220;off&#8220; global_colors_info=&#8220;{}&#8220;][\/et_pb_image][\/et_pb_column][et_pb_column type=&#8220;1_4&#8243; module_class=&#8220;vertical-align&#8220; _builder_version=&#8220;3.27.4&#8243; global_colors_info=&#8220;{}&#8220;][et_pb_image src=&#8220;https:\/\/www.wochen-zur-demokratie.de\/archiv\/wp-content\/uploads\/2019\/08\/foerderer-stiftung-passauer-neuer-presse_300.jpg&#8220; url=&#8220;https:\/\/www.pnp-stiftung.de\/&#8220; url_new_window=&#8220;on&#8220; align=&#8220;center&#8220; disabled_on=&#8220;off|off|off&#8220; admin_label=&#8220;PNP Stiftung&#8220; _builder_version=&#8220;4.4.1&#8243; module_alignment=&#8220;center&#8220; locked=&#8220;off&#8220; global_colors_info=&#8220;{}&#8220;][\/et_pb_image][\/et_pb_column][et_pb_column type=&#8220;1_4&#8243; module_class=&#8220;vertical-align&#8220; _builder_version=&#8220;3.27.4&#8243; global_colors_info=&#8220;{}&#8220;][et_pb_image src=&#8220;https:\/\/www.wochen-zur-demokratie.de\/archiv\/wp-content\/uploads\/2019\/09\/Logo-maierkorduletsch-web.jpg&#8220; url=&#8220;https:\/\/www.maierkorduletsch.de\/&#8220; url_new_window=&#8220;on&#8220; disabled_on=&#8220;off|off|off&#8220; admin_label=&#8220;MaierKorduletsch&#8220; _builder_version=&#8220;4.4.1&#8243; transform_scale=&#8220;80%|80%&#8220; locked=&#8220;off&#8220; global_colors_info=&#8220;{}&#8220;][\/et_pb_image][\/et_pb_column][et_pb_column type=&#8220;1_4&#8243; module_class=&#8220;vertical-align&#8220; _builder_version=&#8220;3.27.4&#8243; global_colors_info=&#8220;{}&#8220;][et_pb_image src=&#8220;https:\/\/www.wochen-zur-demokratie.de\/archiv\/wp-content\/uploads\/2020\/08\/Logo-LAG.jpg&#8220; url=&#8220;https:\/\/www.lag-passauer-land.de\/&#8220; url_new_window=&#8220;on&#8220; admin_label=&#8220;LAG&#8220; _builder_version=&#8220;4.4.1&#8243; global_colors_info=&#8220;{}&#8220;][\/et_pb_image][\/et_pb_column][\/et_pb_row][et_pb_row column_structure=&#8220;1_4,1_4,1_4,1_4&#8243; _builder_version=&#8220;4.4.1&#8243; global_colors_info=&#8220;{}&#8220;][et_pb_column type=&#8220;1_4&#8243; _builder_version=&#8220;4.4.1&#8243; global_colors_info=&#8220;{}&#8220;][et_pb_image src=&#8220;https:\/\/www.wochen-zur-demokratie.de\/archiv\/wp-content\/uploads\/2019\/09\/logo_sparkasse_passau.jpg&#8220; url=&#8220;https:\/\/www.sparkasse-passau.de&#8220; url_new_window=&#8220;on&#8220; admin_label=&#8220;Spk Passau&#8220; _builder_version=&#8220;4.4.1&#8243; global_colors_info=&#8220;{}&#8220;][\/et_pb_image][\/et_pb_column][et_pb_column type=&#8220;1_4&#8243; _builder_version=&#8220;4.4.1&#8243; global_colors_info=&#8220;{}&#8220;][et_pb_image src=&#8220;https:\/\/www.wochen-zur-demokratie.de\/archiv\/wp-content\/uploads\/2020\/11\/Logo-ZF_Friedrichshafen-web.jpg&#8220; title_text=&#8220;Logo-ZF_Friedrichshafen-web&#8220; url=&#8220;https:\/\/www.zf.com&#8220; url_new_window=&#8220;on&#8220; align=&#8220;center&#8220; admin_label=&#8220;ZF&#8220; _builder_version=&#8220;4.6.5&#8243; _module_preset=&#8220;default&#8220; global_colors_info=&#8220;{}&#8220;][\/et_pb_image][\/et_pb_column][et_pb_column type=&#8220;1_4&#8243; _builder_version=&#8220;4.4.1&#8243; global_colors_info=&#8220;{}&#8220;][et_pb_image src=&#8220;https:\/\/www.wochen-zur-demokratie.de\/archiv\/wp-content\/uploads\/2019\/09\/Logo-FES.jpeg&#8220; url=&#8220;https:\/\/www.fes.de\/regionalbuero-regensburg&#8220; url_new_window=&#8220;on&#8220; disabled_on=&#8220;off|off|off&#8220; admin_label=&#8220;FES&#8220; _builder_version=&#8220;4.4.1&#8243; transform_translate=&#8220;40px|0px&#8220; locked=&#8220;off&#8220; global_colors_info=&#8220;{}&#8220;][\/et_pb_image][\/et_pb_column][et_pb_column type=&#8220;1_4&#8243; _builder_version=&#8220;4.4.1&#8243; global_colors_info=&#8220;{}&#8220;][et_pb_image src=&#8220;https:\/\/www.wochen-zur-demokratie.de\/archiv\/wp-content\/uploads\/2019\/09\/logo-kultursponsoren.jpg&#8220; url=&#8220;https:\/\/kultursponsoren-landkreis-passau.de\/&#8220; url_new_window=&#8220;on&#8220; admin_label=&#8220;Kultursponsoren LK PA&#8220; _builder_version=&#8220;4.4.1&#8243; global_colors_info=&#8220;{}&#8220;][\/et_pb_image][\/et_pb_column][\/et_pb_row][\/et_pb_section][et_pb_section fb_built=&#8220;1&#8243; admin_label=&#8220;Section Partner&#8220; module_id=&#8220;partner&#8220; _builder_version=&#8220;3.27.2&#8243; background_color=&#8220;#ffffff&#8220; custom_padding=&#8220;0px||0px||false|false&#8220; global_colors_info=&#8220;{}&#8220;][et_pb_row _builder_version=&#8220;3.26.3&#8243; width=&#8220;100%&#8220; max_width=&#8220;none&#8220; custom_padding=&#8220;0px||0px||false|false&#8220; global_colors_info=&#8220;{}&#8220;][et_pb_column type=&#8220;4_4&#8243; _builder_version=&#8220;3.26.3&#8243; global_colors_info=&#8220;{}&#8220;][et_pb_image src=&#8220;https:\/\/www.wochen-zur-demokratie.de\/archiv\/wp-content\/uploads\/2019\/08\/wzd_divider-partner-dt_1920.png&#8220; force_fullwidth=&#8220;on&#8220; src_tablet=&#8220;&#8220; src_phone=&#8220;https:\/\/www.wochen-zur-demokratie.de\/archiv\/wp-content\/uploads\/2019\/08\/wzd_divider-partner-ph_1080.png&#8220; src_last_edited=&#8220;on|desktop&#8220; admin_label=&#8220;Image Partner Divider&#8220; _builder_version=&#8220;3.27.4&#8243; global_colors_info=&#8220;{}&#8220;][\/et_pb_image][\/et_pb_column][\/et_pb_row][\/et_pb_section][et_pb_section fb_built=&#8220;1&#8243; _builder_version=&#8220;3.26.3&#8243; global_colors_info=&#8220;{}&#8220;][et_pb_row column_structure=&#8220;1_6,1_6,1_6,1_6,1_6,1_6&#8243; use_custom_gutter=&#8220;on&#8220; gutter_width=&#8220;2&#8243; make_equal=&#8220;on&#8220; _builder_version=&#8220;3.27.4&#8243; width=&#8220;90%&#8220; max_width=&#8220;1180px&#8220; custom_padding=&#8220;20px||20px||false|false&#8220; global_colors_info=&#8220;{}&#8220;][et_pb_column type=&#8220;1_6&#8243; module_class=&#8220;vertical-align&#8220; _builder_version=&#8220;3.27.4&#8243; global_colors_info=&#8220;{}&#8220;][et_pb_image src=&#8220;https:\/\/www.wochen-zur-demokratie.de\/archiv\/wp-content\/uploads\/2019\/07\/Logo-CineplexPassau.jpg&#8220; url=&#8220;https:\/\/www.cineplex.de\/passau\/&#8220; url_new_window=&#8220;on&#8220; align=&#8220;center&#8220; admin_label=&#8220;Cineplex&#8220; _builder_version=&#8220;3.27.4&#8243; global_colors_info=&#8220;{}&#8220;][\/et_pb_image][\/et_pb_column][et_pb_column type=&#8220;1_6&#8243; module_class=&#8220;vertical-align&#8220; _builder_version=&#8220;3.27.4&#8243; global_colors_info=&#8220;{}&#8220;][et_pb_image src=&#8220;https:\/\/www.wochen-zur-demokratie.de\/archiv\/wp-content\/uploads\/2019\/09\/Logo-ProLi.jpg&#8220; url=&#8220;https:\/\/proli.cafe\/&#8220; url_new_window=&#8220;on&#8220; align=&#8220;center&#8220; admin_label=&#8220;ProLi&#8220; _builder_version=&#8220;3.27.4&#8243; width=&#8220;120px&#8220; locked=&#8220;off&#8220; global_colors_info=&#8220;{}&#8220;][\/et_pb_image][\/et_pb_column][et_pb_column type=&#8220;1_6&#8243; module_class=&#8220;vertical-align&#8220; _builder_version=&#8220;3.27.4&#8243; global_colors_info=&#8220;{}&#8220;][et_pb_image src=&#8220;https:\/\/www.wochen-zur-demokratie.de\/archiv\/wp-content\/uploads\/2019\/10\/AI-Logo.png&#8220; title_text=&#8220;AI Logo&#8220; url=&#8220;https:\/\/www.amnesty.de\/mitmachen\/gruppe-finden\/gruppe-passau&#8220; url_new_window=&#8220;on&#8220; admin_label=&#8220;Amnesty International&#8220; _builder_version=&#8220;4.9.7&#8243; _module_preset=&#8220;default&#8220; global_colors_info=&#8220;{}&#8220;][\/et_pb_image][\/et_pb_column][et_pb_column type=&#8220;1_6&#8243; module_class=&#8220;vertical-align&#8220; _builder_version=&#8220;3.27.4&#8243; global_colors_info=&#8220;{}&#8220;][et_pb_image src=&#8220;https:\/\/www.wochen-zur-demokratie.de\/archiv\/wp-content\/uploads\/2019\/10\/logo-theatercafe.png&#8220; url=&#8220;http:\/\/www.cafe-aquarium.eu\/&#8220; url_new_window=&#8220;on&#8220; admin_label=&#8220;Theatercafe&#8220; _builder_version=&#8220;3.29.2&#8243; global_colors_info=&#8220;{}&#8220;][\/et_pb_image][\/et_pb_column][et_pb_column type=&#8220;1_6&#8243; module_class=&#8220;vertical-align&#8220; _builder_version=&#8220;3.27.4&#8243; global_colors_info=&#8220;{}&#8220;][et_pb_image src=&#8220;https:\/\/www.wochen-zur-demokratie.de\/archiv\/wp-content\/uploads\/2019\/07\/logo-lebenundlernenineuropa.jpg&#8220; url=&#8220;https:\/\/gemeinsam-in-europa.de\/&#8220; url_new_window=&#8220;on&#8220; align=&#8220;center&#8220; admin_label=&#8220;Gemeinsam e.V.&#8220; _builder_version=&#8220;3.27.4&#8243; width=&#8220;140px&#8220; locked=&#8220;off&#8220; global_colors_info=&#8220;{}&#8220;][\/et_pb_image][\/et_pb_column][et_pb_column type=&#8220;1_6&#8243; module_class=&#8220;vertical-align&#8220; _builder_version=&#8220;3.27.4&#8243; global_colors_info=&#8220;{}&#8220;][et_pb_image src=&#8220;https:\/\/www.wochen-zur-demokratie.de\/archiv\/wp-content\/uploads\/2019\/09\/Logo-Landestheater-Niederbayern.jpg&#8220; url=&#8220;https:\/\/www.landestheater-niederbayern.de\/&#8220; url_new_window=&#8220;on&#8220; align=&#8220;center&#8220; admin_label=&#8220;Landestheater&#8220; _builder_version=&#8220;3.27.4&#8243; locked=&#8220;off&#8220; global_colors_info=&#8220;{}&#8220;][\/et_pb_image][\/et_pb_column][\/et_pb_row][et_pb_row column_structure=&#8220;1_6,1_6,1_6,1_6,1_6,1_6&#8243; use_custom_gutter=&#8220;on&#8220; gutter_width=&#8220;2&#8243; make_equal=&#8220;on&#8220; _builder_version=&#8220;3.27.4&#8243; width=&#8220;90%&#8220; max_width=&#8220;1180px&#8220; custom_padding=&#8220;20px||20px||false|false&#8220; global_colors_info=&#8220;{}&#8220;][et_pb_column type=&#8220;1_6&#8243; module_class=&#8220;vertical-align&#8220; _builder_version=&#8220;3.27.4&#8243; global_colors_info=&#8220;{}&#8220;][et_pb_image src=&#8220;https:\/\/www.wochen-zur-demokratie.de\/archiv\/wp-content\/uploads\/2020\/08\/Logo-Kukuk-web.jpg&#8220; url=&#8220;http:\/\/www.kukuk-obernzell.de\/Joomla\/&#8220; url_new_window=&#8220;on&#8220; admin_label=&#8220;KuKuK&#8220; _builder_version=&#8220;4.4.1&#8243; global_colors_info=&#8220;{}&#8220;][\/et_pb_image][\/et_pb_column][et_pb_column type=&#8220;1_6&#8243; module_class=&#8220;vertical-align&#8220; _builder_version=&#8220;3.27.4&#8243; global_colors_info=&#8220;{}&#8220;][et_pb_image src=&#8220;https:\/\/www.wochen-zur-demokratie.de\/archiv\/wp-content\/uploads\/2020\/08\/logo-LAG-Aldersbach-Aidenbach.png&#8220; url=&#8220;http:\/\/lag-maedchenpolitik-bayern.de\/&#8220; url_new_window=&#8220;on&#8220; admin_label=&#8220;LAG M\u00e4dchen&#8220; _builder_version=&#8220;4.4.1&#8243; global_colors_info=&#8220;{}&#8220;][\/et_pb_image][\/et_pb_column][et_pb_column type=&#8220;1_6&#8243; module_class=&#8220;vertical-align&#8220; _builder_version=&#8220;3.27.4&#8243; global_colors_info=&#8220;{}&#8220;][et_pb_image src=&#8220;https:\/\/www.wochen-zur-demokratie.de\/archiv\/wp-content\/uploads\/2019\/09\/Logo-Montessouri.jpg&#8220; url=&#8220;https:\/\/www.montessori-passau.de\/&#8220; url_new_window=&#8220;on&#8220; align=&#8220;center&#8220; admin_label=&#8220;Montessori&#8220; _builder_version=&#8220;3.27.4&#8243; locked=&#8220;off&#8220; global_colors_info=&#8220;{}&#8220;][\/et_pb_image][\/et_pb_column][et_pb_column type=&#8220;1_6&#8243; module_class=&#8220;vertical-align&#8220; _builder_version=&#8220;3.27.4&#8243; global_colors_info=&#8220;{}&#8220;][et_pb_image src=&#8220;https:\/\/www.wochen-zur-demokratie.de\/archiv\/wp-content\/uploads\/2019\/07\/logo-wurzelwerke.jpg&#8220; url=&#8220;https:\/\/www.vereinte-wurzelwerke.de\/&#8220; url_new_window=&#8220;on&#8220; align=&#8220;center&#8220; admin_label=&#8220;Wurzelwerke&#8220; _builder_version=&#8220;3.27.4&#8243; locked=&#8220;off&#8220; global_colors_info=&#8220;{}&#8220;][\/et_pb_image][\/et_pb_column][et_pb_column type=&#8220;1_6&#8243; module_class=&#8220;vertical-align&#8220; _builder_version=&#8220;3.27.4&#8243; global_colors_info=&#8220;{}&#8220;][et_pb_image src=&#8220;https:\/\/www.wochen-zur-demokratie.de\/archiv\/wp-content\/uploads\/2019\/07\/logo-architekturforum_passau_ev.jpg&#8220; url=&#8220;http:\/\/www.architekturforum-passau.de\/&#8220; url_new_window=&#8220;on&#8220; align=&#8220;center&#8220; admin_label=&#8220;architekturforum&#8220; _builder_version=&#8220;3.27.4&#8243; locked=&#8220;off&#8220; global_colors_info=&#8220;{}&#8220;][\/et_pb_image][\/et_pb_column][et_pb_column type=&#8220;1_6&#8243; module_class=&#8220;vertical-align&#8220; _builder_version=&#8220;3.27.4&#8243; global_colors_info=&#8220;{}&#8220;][et_pb_image src=&#8220;https:\/\/www.wochen-zur-demokratie.de\/archiv\/wp-content\/uploads\/2019\/07\/logo-TheaterEigenart.jpg&#8220; url=&#8220;http:\/\/www.theatereigenart.de\/&#8220; url_new_window=&#8220;on&#8220; align=&#8220;center&#8220; admin_label=&#8220;EigenArt&#8220; _builder_version=&#8220;3.27.4&#8243; global_colors_info=&#8220;{}&#8220;][\/et_pb_image][\/et_pb_column][\/et_pb_row][et_pb_row column_structure=&#8220;1_6,1_6,1_6,1_6,1_6,1_6&#8243; use_custom_gutter=&#8220;on&#8220; gutter_width=&#8220;2&#8243; make_equal=&#8220;on&#8220; _builder_version=&#8220;3.27.4&#8243; width=&#8220;90%&#8220; max_width=&#8220;1180px&#8220; custom_padding=&#8220;20px||20px||false|false&#8220; global_colors_info=&#8220;{}&#8220;][et_pb_column type=&#8220;1_6&#8243; module_class=&#8220;vertical-align&#8220; _builder_version=&#8220;3.27.4&#8243; global_colors_info=&#8220;{}&#8220;][et_pb_image src=&#8220;https:\/\/www.wochen-zur-demokratie.de\/archiv\/wp-content\/uploads\/2019\/09\/logo-buecher-pustet.jpg&#8220; url=&#8220;https:\/\/www.pustet.de\/shop\/magazine\/49131\/passau.html&#8220; url_new_window=&#8220;on&#8220; align=&#8220;center&#8220; admin_label=&#8220;B\u00fccher pustet&#8220; _builder_version=&#8220;3.27.4&#8243; global_colors_info=&#8220;{}&#8220;][\/et_pb_image][\/et_pb_column][et_pb_column type=&#8220;1_6&#8243; module_class=&#8220;vertical-align&#8220; _builder_version=&#8220;3.27.4&#8243; global_colors_info=&#8220;{}&#8220;][et_pb_image src=&#8220;https:\/\/www.wochen-zur-demokratie.de\/archiv\/wp-content\/uploads\/2019\/09\/logo-rupprecht.jpg&#8220; url=&#8220;https:\/\/www.rupprecht.de\/shop\/magazine\/96495\/filiale_passau.html&#8220; url_new_window=&#8220;on&#8220; align=&#8220;center&#8220; admin_label=&#8220;Rupprecht&#8220; _builder_version=&#8220;3.27.4&#8243; width=&#8220;150px&#8220; locked=&#8220;off&#8220; global_colors_info=&#8220;{}&#8220;][\/et_pb_image][\/et_pb_column][et_pb_column type=&#8220;1_6&#8243; module_class=&#8220;vertical-align&#8220; _builder_version=&#8220;3.27.4&#8243; global_colors_info=&#8220;{}&#8220;][et_pb_image src=&#8220;https:\/\/www.wochen-zur-demokratie.de\/archiv\/wp-content\/uploads\/2019\/09\/logo-henke.jpg&#8220; url=&#8220;https:\/\/antiquariat-henke.de\/&#8220; url_new_window=&#8220;on&#8220; align=&#8220;center&#8220; admin_label=&#8220;Henke&#8220; _builder_version=&#8220;3.27.4&#8243; locked=&#8220;off&#8220; global_colors_info=&#8220;{}&#8220;][\/et_pb_image][\/et_pb_column][et_pb_column type=&#8220;1_6&#8243; module_class=&#8220;vertical-align&#8220; _builder_version=&#8220;3.27.4&#8243; global_colors_info=&#8220;{}&#8220;][et_pb_image src=&#8220;https:\/\/www.wochen-zur-demokratie.de\/archiv\/wp-content\/uploads\/2021\/09\/Logo-Cooltur-web.jpg&#8220; title_text=&#8220;Logo-Cooltur-web&#8220; url=&#8220;https:\/\/www.facebook.com\/COOLtur-Kellberg-eV-103999381919121\/&#8220; url_new_window=&#8220;on&#8220; align=&#8220;center&#8220; admin_label=&#8220;CoolTour&#8220; _builder_version=&#8220;4.10.6&#8243; locked=&#8220;off&#8220; global_colors_info=&#8220;{}&#8220;][\/et_pb_image][\/et_pb_column][et_pb_column type=&#8220;1_6&#8243; module_class=&#8220;vertical-align&#8220; _builder_version=&#8220;3.27.4&#8243; global_colors_info=&#8220;{}&#8220;][et_pb_image src=&#8220;https:\/\/www.wochen-zur-demokratie.de\/archiv\/wp-content\/uploads\/2019\/09\/logo-cafe-museum.jpg&#8220; url=&#8220;https:\/\/www.cafe-museum.de\/&#8220; url_new_window=&#8220;on&#8220; align=&#8220;center&#8220; admin_label=&#8220;Cafe Museum&#8220; _builder_version=&#8220;3.27.4&#8243; width=&#8220;140px&#8220; locked=&#8220;off&#8220; global_colors_info=&#8220;{}&#8220;][\/et_pb_image][\/et_pb_column][et_pb_column type=&#8220;1_6&#8243; module_class=&#8220;vertical-align&#8220; _builder_version=&#8220;3.27.4&#8243; global_colors_info=&#8220;{}&#8220;][et_pb_image src=&#8220;https:\/\/www.wochen-zur-demokratie.de\/archiv\/wp-content\/uploads\/2019\/07\/Logo-BonMots.jpg&#8220; url=&#8220;https:\/\/www.cafe-museum.de\/programm-cafe-museum\/bon-mots-ein-lesereigen-fuer-sprachbegeistserte-157.html&#8220; url_new_window=&#8220;on&#8220; align=&#8220;center&#8220; admin_label=&#8220;Bon Mots&#8220; _builder_version=&#8220;3.27.4&#8243; locked=&#8220;off&#8220; global_colors_info=&#8220;{}&#8220;][\/et_pb_image][\/et_pb_column][\/et_pb_row][et_pb_row column_structure=&#8220;1_6,1_6,1_6,1_6,1_6,1_6&#8243; use_custom_gutter=&#8220;on&#8220; gutter_width=&#8220;2&#8243; make_equal=&#8220;on&#8220; _builder_version=&#8220;3.27.4&#8243; width=&#8220;90%&#8220; max_width=&#8220;1180px&#8220; custom_padding=&#8220;20px||20px||false|false&#8220; global_colors_info=&#8220;{}&#8220;][et_pb_column type=&#8220;1_6&#8243; module_class=&#8220;vertical-align&#8220; _builder_version=&#8220;3.27.4&#8243; global_colors_info=&#8220;{}&#8220;][et_pb_image src=&#8220;https:\/\/www.wochen-zur-demokratie.de\/archiv\/wp-content\/uploads\/2019\/09\/logo-oberhaus.jpg&#8220; url=&#8220;https:\/\/www.oberhausmuseum.de\/&#8220; url_new_window=&#8220;on&#8220; align=&#8220;center&#8220; admin_label=&#8220;Oberhaus&#8220; _builder_version=&#8220;3.27.4&#8243; width=&#8220;140px&#8220; global_colors_info=&#8220;{}&#8220;][\/et_pb_image][\/et_pb_column][et_pb_column type=&#8220;1_6&#8243; module_class=&#8220;vertical-align&#8220; _builder_version=&#8220;3.27.4&#8243; global_colors_info=&#8220;{}&#8220;][et_pb_image src=&#8220;https:\/\/www.wochen-zur-demokratie.de\/archiv\/wp-content\/uploads\/2020\/08\/Logo-LMU.png&#8220; url=&#8220;https:\/\/www.uni-muenchen.de\/index.html&#8220; url_new_window=&#8220;on&#8220; admin_label=&#8220;LMU&#8220; _builder_version=&#8220;4.4.1&#8243; global_colors_info=&#8220;{}&#8220;][\/et_pb_image][\/et_pb_column][et_pb_column type=&#8220;1_6&#8243; module_class=&#8220;vertical-align&#8220; _builder_version=&#8220;3.27.4&#8243; global_colors_info=&#8220;{}&#8220;][et_pb_image src=&#8220;https:\/\/www.wochen-zur-demokratie.de\/archiv\/wp-content\/uploads\/2019\/07\/Logo-KEB-Stadt-Landkreis-Passau.jpg&#8220; url=&#8220;https:\/\/www.keb-passau.de\/&#8220; url_new_window=&#8220;on&#8220; align=&#8220;center&#8220; admin_label=&#8220;KEB&#8220; _builder_version=&#8220;3.27.4&#8243; locked=&#8220;off&#8220; global_colors_info=&#8220;{}&#8220;][\/et_pb_image][\/et_pb_column][et_pb_column type=&#8220;1_6&#8243; module_class=&#8220;vertical-align&#8220; _builder_version=&#8220;3.27.4&#8243; global_colors_info=&#8220;{}&#8220;][et_pb_image src=&#8220;https:\/\/www.wochen-zur-demokratie.de\/archiv\/wp-content\/uploads\/2019\/09\/logo-dioezesanrat.jpg&#8220; url=&#8220;https:\/\/www.dioezesanrat-passau.de\/&#8220; url_new_window=&#8220;on&#8220; align=&#8220;center&#8220; admin_label=&#8220;Di\u00f6zesanrat&#8220; _builder_version=&#8220;3.27.4&#8243; width=&#8220;130px&#8220; locked=&#8220;off&#8220; global_colors_info=&#8220;{}&#8220;][\/et_pb_image][\/et_pb_column][et_pb_column type=&#8220;1_6&#8243; module_class=&#8220;vertical-align&#8220; _builder_version=&#8220;3.27.4&#8243; global_colors_info=&#8220;{}&#8220;][et_pb_image src=&#8220;https:\/\/www.wochen-zur-demokratie.de\/archiv\/wp-content\/uploads\/2019\/07\/Logo-duftleben.jpg&#8220; url=&#8220;http:\/\/www.cafe-duftleben.de\/&#8220; url_new_window=&#8220;on&#8220; align=&#8220;center&#8220; admin_label=&#8220;Duftleben&#8220; _builder_version=&#8220;3.27.4&#8243; locked=&#8220;off&#8220; global_colors_info=&#8220;{}&#8220;][\/et_pb_image][\/et_pb_column][et_pb_column type=&#8220;1_6&#8243; module_class=&#8220;vertical-align&#8220; _builder_version=&#8220;3.27.4&#8243; global_colors_info=&#8220;{}&#8220;][et_pb_image src=&#8220;https:\/\/www.wochen-zur-demokratie.de\/archiv\/wp-content\/uploads\/2019\/09\/logo-kjr.jpg&#8220; url=&#8220;https:\/\/www.kjr-passau.de\/&#8220; url_new_window=&#8220;on&#8220; align=&#8220;center&#8220; admin_label=&#8220;KJR&#8220; _builder_version=&#8220;3.27.4&#8243; width=&#8220;120px&#8220; locked=&#8220;off&#8220; global_colors_info=&#8220;{}&#8220;][\/et_pb_image][\/et_pb_column][\/et_pb_row][et_pb_row column_structure=&#8220;1_6,1_6,1_6,1_6,1_6,1_6&#8243; use_custom_gutter=&#8220;on&#8220; gutter_width=&#8220;2&#8243; make_equal=&#8220;on&#8220; _builder_version=&#8220;4.4.1&#8243; width=&#8220;90%&#8220; max_width=&#8220;1180px&#8220; custom_padding=&#8220;20px||20px||false|false&#8220; global_colors_info=&#8220;{}&#8220;][et_pb_column type=&#8220;1_6&#8243; _builder_version=&#8220;4.4.1&#8243; global_colors_info=&#8220;{}&#8220;][et_pb_image src=&#8220;https:\/\/www.wochen-zur-demokratie.de\/archiv\/wp-content\/uploads\/2020\/08\/logo-BBK_Ndb.jpg&#8220; url=&#8220;https:\/\/www.bbk-niederbayern.de\/&#8220; url_new_window=&#8220;on&#8220; align=&#8220;center&#8220; admin_label=&#8220;BBK&#8220; _builder_version=&#8220;4.4.1&#8243; width=&#8220;140px&#8220; global_colors_info=&#8220;{}&#8220;][\/et_pb_image][\/et_pb_column][et_pb_column type=&#8220;1_6&#8243; _builder_version=&#8220;4.4.1&#8243; global_colors_info=&#8220;{}&#8220;][et_pb_image src=&#8220;https:\/\/www.wochen-zur-demokratie.de\/archiv\/wp-content\/uploads\/2020\/08\/logo-bru\u0308ckenfu\u0308rdenfrieden.jpg&#8220; url=&#8220;https:\/\/www.vilshofen.de\/index.php\/vereine-parteien\/112-religi%C3%B6se-einrichtungen\/301-br%C3%BCcken-f%C3%BCr-den-frieden&#8220; url_new_window=&#8220;on&#8220; admin_label=&#8220;Br\u00fccken fdF&#8220; _builder_version=&#8220;4.4.1&#8243; global_colors_info=&#8220;{}&#8220;][\/et_pb_image][\/et_pb_column][et_pb_column type=&#8220;1_6&#8243; _builder_version=&#8220;4.4.1&#8243; global_colors_info=&#8220;{}&#8220;][et_pb_image src=&#8220;https:\/\/www.wochen-zur-demokratie.de\/archiv\/wp-content\/uploads\/2020\/08\/stiftung_mitarbeit_logo.jpg&#8220; url=&#8220;https:\/\/www.mitarbeit.de\/&#8220; url_new_window=&#8220;on&#8220; admin_label=&#8220;Stiftung Mitarbeit&#8220; _builder_version=&#8220;4.4.1&#8243; global_colors_info=&#8220;{}&#8220;][\/et_pb_image][\/et_pb_column][et_pb_column type=&#8220;1_6&#8243; _builder_version=&#8220;4.4.1&#8243; global_colors_info=&#8220;{}&#8220;][et_pb_image src=&#8220;https:\/\/www.wochen-zur-demokratie.de\/archiv\/wp-content\/uploads\/2020\/08\/logo-ForDemocracy.png&#8220; url=&#8220;https:\/\/www.fordemocracy.de\/&#8220; url_new_window=&#8220;on&#8220; admin_label=&#8220;For Democracy&#8220; _builder_version=&#8220;4.4.1&#8243; global_colors_info=&#8220;{}&#8220;][\/et_pb_image][\/et_pb_column][et_pb_column type=&#8220;1_6&#8243; _builder_version=&#8220;4.4.1&#8243; global_colors_info=&#8220;{}&#8220;][et_pb_image src=&#8220;https:\/\/www.wochen-zur-demokratie.de\/archiv\/wp-content\/uploads\/2020\/08\/logo-heimatkundlicher-arbeitskreis-web.jpg&#8220; admin_label=&#8220;Heim Arb Tief&#8220; _builder_version=&#8220;4.4.1&#8243; global_colors_info=&#8220;{}&#8220;][\/et_pb_image][\/et_pb_column][et_pb_column type=&#8220;1_6&#8243; _builder_version=&#8220;4.4.1&#8243; global_colors_info=&#8220;{}&#8220;][et_pb_image src=&#8220;https:\/\/www.wochen-zur-demokratie.de\/archiv\/wp-content\/uploads\/2020\/08\/wappen-tiefenbach.jpg&#8220; url=&#8220;https:\/\/www.gemeinde-tiefenbach.de\/&#8220; url_new_window=&#8220;on&#8220; align=&#8220;center&#8220; admin_label=&#8220;Tiefenbach&#8220; _builder_version=&#8220;4.4.1&#8243; width=&#8220;74%&#8220; global_colors_info=&#8220;{}&#8220;][\/et_pb_image][\/et_pb_column][\/et_pb_row][et_pb_row column_structure=&#8220;1_6,1_6,1_6,1_6,1_6,1_6&#8243; use_custom_gutter=&#8220;on&#8220; gutter_width=&#8220;2&#8243; make_equal=&#8220;on&#8220; _builder_version=&#8220;4.4.1&#8243; width=&#8220;90%&#8220; max_width=&#8220;1180px&#8220; custom_padding=&#8220;20px||20px||false|false&#8220; global_colors_info=&#8220;{}&#8220;][et_pb_column type=&#8220;1_6&#8243; _builder_version=&#8220;4.4.1&#8243; global_colors_info=&#8220;{}&#8220;][et_pb_image src=&#8220;https:\/\/www.wochen-zur-demokratie.de\/archiv\/wp-content\/uploads\/2020\/08\/logo-hotelpassauerwolf.png&#8220; url=&#8220;https:\/\/www.hotel-passauer-wolf.de\/de\/index.html&#8220; url_new_window=&#8220;on&#8220; admin_label=&#8220;Hotel PW&#8220; _builder_version=&#8220;4.4.1&#8243; global_colors_info=&#8220;{}&#8220;][\/et_pb_image][\/et_pb_column][et_pb_column type=&#8220;1_6&#8243; _builder_version=&#8220;4.4.1&#8243; global_colors_info=&#8220;{}&#8220;][et_pb_image src=&#8220;https:\/\/www.wochen-zur-demokratie.de\/archiv\/wp-content\/uploads\/2020\/08\/logo-waldkindergarten.png&#8220; url=&#8220;https:\/\/www.waldkindergartenpassau.de\/&#8220; url_new_window=&#8220;on&#8220; admin_label=&#8220;WaKiGa&#8220; _builder_version=&#8220;4.4.1&#8243; global_colors_info=&#8220;{}&#8220;][\/et_pb_image][\/et_pb_column][et_pb_column type=&#8220;1_6&#8243; _builder_version=&#8220;4.4.1&#8243; global_colors_info=&#8220;{}&#8220;][et_pb_image src=&#8220;https:\/\/www.wochen-zur-demokratie.de\/archiv\/wp-content\/uploads\/2020\/08\/logo-innside-web.jpg&#8220; url=&#8220;https:\/\/innside-passau.de\/&#8220; url_new_window=&#8220;on&#8220; admin_label=&#8220;Innside&#8220; _builder_version=&#8220;4.4.1&#8243; global_colors_info=&#8220;{}&#8220;][\/et_pb_image][\/et_pb_column][et_pb_column type=&#8220;1_6&#8243; _builder_version=&#8220;4.4.1&#8243; global_colors_info=&#8220;{}&#8220;][et_pb_image src=&#8220;https:\/\/www.wochen-zur-demokratie.de\/archiv\/wp-content\/uploads\/2020\/08\/logo-PASTA-web.jpg&#8220; url=&#8220;https:\/\/pastaonline.de\/&#8220; url_new_window=&#8220;on&#8220; admin_label=&#8220;Pasta&#8220; _builder_version=&#8220;4.4.1&#8243; global_colors_info=&#8220;{}&#8220;][\/et_pb_image][\/et_pb_column][et_pb_column type=&#8220;1_6&#8243; _builder_version=&#8220;4.4.1&#8243; global_colors_info=&#8220;{}&#8220;][et_pb_image src=&#8220;https:\/\/www.wochen-zur-demokratie.de\/archiv\/wp-content\/uploads\/2020\/09\/Wappen-Bayerisches-Staatsministerium-web.jpg&#8220; title_text=&#8220;Wappen-Bayerisches-Staatsministerium-web&#8220; url=&#8220;https:\/\/www.stmas.bayern.de\/&#8220; url_new_window=&#8220;on&#8220; admin_label=&#8220;Bay Staatsmin Fam&#8220; _builder_version=&#8220;4.6.1&#8243; global_colors_info=&#8220;{}&#8220;][\/et_pb_image][\/et_pb_column][et_pb_column type=&#8220;1_6&#8243; _builder_version=&#8220;4.4.1&#8243; global_colors_info=&#8220;{}&#8220;][et_pb_image src=&#8220;https:\/\/www.wochen-zur-demokratie.de\/archiv\/wp-content\/uploads\/2020\/09\/logo-trio-web.jpg&#8220; title_text=&#8220;logo-trio-web&#8220; url=&#8220;https:\/\/www.transfer-und-innovation-ostbayern.de\/&#8220; url_new_window=&#8220;on&#8220; admin_label=&#8220;TRIO&#8220; _builder_version=&#8220;4.6.1&#8243; _module_preset=&#8220;default&#8220; global_colors_info=&#8220;{}&#8220;][\/et_pb_image][\/et_pb_column][\/et_pb_row][et_pb_row column_structure=&#8220;1_6,1_6,1_6,1_6,1_6,1_6&#8243; _builder_version=&#8220;4.6.1&#8243; _module_preset=&#8220;default&#8220; global_colors_info=&#8220;{}&#8220;][et_pb_column type=&#8220;1_6&#8243; _builder_version=&#8220;4.6.1&#8243; _module_preset=&#8220;default&#8220; global_colors_info=&#8220;{}&#8220;][et_pb_image src=&#8220;https:\/\/www.wochen-zur-demokratie.de\/archiv\/wp-content\/uploads\/2020\/09\/Logo-pfarrverband-ortenburg-web.jpg&#8220; title_text=&#8220;Logo-pfarrverband-ortenburg-web&#8220; url=&#8220;https:\/\/pfarrverband-ortenburg.bistum-passau.de\/&#8220; url_new_window=&#8220;on&#8220; admin_label=&#8220;Pfarr Ortenburg&#8220; _builder_version=&#8220;4.6.1&#8243; _module_preset=&#8220;default&#8220; global_colors_info=&#8220;{}&#8220;][\/et_pb_image][\/et_pb_column][et_pb_column type=&#8220;1_6&#8243; _builder_version=&#8220;4.6.1&#8243; _module_preset=&#8220;default&#8220; global_colors_info=&#8220;{}&#8220;][et_pb_image src=&#8220;https:\/\/www.wochen-zur-demokratie.de\/archiv\/wp-content\/uploads\/2020\/09\/Logo-OTHRegensburg-web.jpg&#8220; title_text=&#8220;Logo-OTHRegensburg-web&#8220; url=&#8220;https:\/\/www.oth-regensburg.de\/&#8220; url_new_window=&#8220;on&#8220; admin_label=&#8220;OTH Regensburg&#8220; _builder_version=&#8220;4.6.1&#8243; _module_preset=&#8220;default&#8220; global_colors_info=&#8220;{}&#8220;][\/et_pb_image][\/et_pb_column][et_pb_column type=&#8220;1_6&#8243; _builder_version=&#8220;4.6.1&#8243; _module_preset=&#8220;default&#8220; global_colors_info=&#8220;{}&#8220;][et_pb_image src=&#8220;https:\/\/www.wochen-zur-demokratie.de\/archiv\/wp-content\/uploads\/2020\/09\/logo-micro-epsilon-web.jpg&#8220; title_text=&#8220;logo-micro-epsilon-web&#8220; url=&#8220;https:\/\/www.micro-epsilon.de\/&#8220; url_new_window=&#8220;on&#8220; admin_label=&#8220;Micro-Epsilon&#8220; _builder_version=&#8220;4.6.1&#8243; _module_preset=&#8220;default&#8220; global_colors_info=&#8220;{}&#8220;][\/et_pb_image][\/et_pb_column][et_pb_column type=&#8220;1_6&#8243; _builder_version=&#8220;4.6.1&#8243; _module_preset=&#8220;default&#8220; global_colors_info=&#8220;{}&#8220;][et_pb_image src=&#8220;https:\/\/www.wochen-zur-demokratie.de\/archiv\/wp-content\/uploads\/2020\/09\/Logo-KLB-web.jpg&#8220; title_text=&#8220;Logo-KLB-web&#8220; url=&#8220;https:\/\/klb.bistum-passau.de\/&#8220; url_new_window=&#8220;on&#8220; admin_label=&#8220;KLB&#8220; _builder_version=&#8220;4.6.1&#8243; _module_preset=&#8220;default&#8220; global_colors_info=&#8220;{}&#8220;][\/et_pb_image][\/et_pb_column][et_pb_column type=&#8220;1_6&#8243; _builder_version=&#8220;4.6.1&#8243; _module_preset=&#8220;default&#8220; global_colors_info=&#8220;{}&#8220;][et_pb_image src=&#8220;https:\/\/www.wochen-zur-demokratie.de\/archiv\/wp-content\/uploads\/2020\/09\/Logo-KFV-web.jpg&#8220; title_text=&#8220;Logo-KFV-web&#8220; url=&#8220;https:\/\/kulturfoerderverein-neuhaus.de\/&#8220; url_new_window=&#8220;on&#8220; admin_label=&#8220;KFV Neuhaus&#8220; _builder_version=&#8220;4.6.1&#8243; _module_preset=&#8220;default&#8220; global_colors_info=&#8220;{}&#8220;][\/et_pb_image][\/et_pb_column][et_pb_column type=&#8220;1_6&#8243; _builder_version=&#8220;4.6.1&#8243; _module_preset=&#8220;default&#8220; global_colors_info=&#8220;{}&#8220;][et_pb_image src=&#8220;https:\/\/www.wochen-zur-demokratie.de\/archiv\/wp-content\/uploads\/2020\/09\/Logo-Innovative_Hochschule-web.jpg&#8220; title_text=&#8220;Logo-Innovative_Hochschule-web&#8220; url=&#8220;https:\/\/www.innovative-hochschule.de\/&#8220; url_new_window=&#8220;on&#8220; admin_label=&#8220;Innov Hochschule&#8220; _builder_version=&#8220;4.6.1&#8243; _module_preset=&#8220;default&#8220; global_colors_info=&#8220;{}&#8220;][\/et_pb_image][\/et_pb_column][\/et_pb_row][et_pb_row column_structure=&#8220;1_6,1_6,1_6,1_6,1_6,1_6&#8243; _builder_version=&#8220;4.6.1&#8243; _module_preset=&#8220;default&#8220; global_colors_info=&#8220;{}&#8220;][et_pb_column type=&#8220;1_6&#8243; _builder_version=&#8220;4.6.1&#8243; _module_preset=&#8220;default&#8220; global_colors_info=&#8220;{}&#8220;][et_pb_image src=&#8220;https:\/\/www.wochen-zur-demokratie.de\/archiv\/wp-content\/uploads\/2020\/09\/Logo-Innkubator-web.jpg&#8220; title_text=&#8220;Logo-Innkubator-web&#8220; url=&#8220;https:\/\/www.innkubator.de\/&#8220; url_new_window=&#8220;on&#8220; admin_label=&#8220;Innkubator&#8220; _builder_version=&#8220;4.6.1&#8243; _module_preset=&#8220;default&#8220; global_colors_info=&#8220;{}&#8220;][\/et_pb_image][\/et_pb_column][et_pb_column type=&#8220;1_6&#8243; _builder_version=&#8220;4.6.1&#8243; _module_preset=&#8220;default&#8220; global_colors_info=&#8220;{}&#8220;][et_pb_image src=&#8220;https:\/\/www.wochen-zur-demokratie.de\/archiv\/wp-content\/uploads\/2020\/09\/Logo-GWK-web.jpg&#8220; title_text=&#8220;Logo-GWK-web&#8220; url=&#8220;https:\/\/www.gwk-bonn.de\/&#8220; url_new_window=&#8220;on&#8220; admin_label=&#8220;GWK&#8220; _builder_version=&#8220;4.6.1&#8243; _module_preset=&#8220;default&#8220; global_colors_info=&#8220;{}&#8220;][\/et_pb_image][\/et_pb_column][et_pb_column type=&#8220;1_6&#8243; _builder_version=&#8220;4.6.1&#8243; _module_preset=&#8220;default&#8220; global_colors_info=&#8220;{}&#8220;][et_pb_image src=&#8220;https:\/\/www.wochen-zur-demokratie.de\/archiv\/wp-content\/uploads\/2020\/09\/Logo-DOG-web-186&#215;300.jpg&#8220; title_text=&#8220;Logo-DOG-web&#8220; url=&#8220;https:\/\/www.die-offene-gesellschaft.de\/&#8220; url_new_window=&#8220;on&#8220; admin_label=&#8220;DOG thumb&#8220; _builder_version=&#8220;4.6.1&#8243; _module_preset=&#8220;default&#8220; max_height=&#8220;145px&#8220; global_colors_info=&#8220;{}&#8220;][\/et_pb_image][\/et_pb_column][et_pb_column type=&#8220;1_6&#8243; _builder_version=&#8220;4.6.1&#8243; _module_preset=&#8220;default&#8220; global_colors_info=&#8220;{}&#8220;][et_pb_image src=&#8220;https:\/\/www.wochen-zur-demokratie.de\/archiv\/wp-content\/uploads\/2020\/09\/Logo-BMBF-web.jpg&#8220; title_text=&#8220;Logo-BMBF-web&#8220; url=&#8220;https:\/\/www.bmbf.de\/&#8220; url_new_window=&#8220;on&#8220; admin_label=&#8220;BMFBF&#8220; _builder_version=&#8220;4.6.1&#8243; _module_preset=&#8220;default&#8220; global_colors_info=&#8220;{}&#8220;][\/et_pb_image][\/et_pb_column][et_pb_column type=&#8220;1_6&#8243; _builder_version=&#8220;4.6.1&#8243; _module_preset=&#8220;default&#8220; global_colors_info=&#8220;{}&#8220;][et_pb_image src=&#8220;https:\/\/www.wochen-zur-demokratie.de\/archiv\/wp-content\/uploads\/2020\/09\/logo-mehr-demokratie-web.jpg&#8220; title_text=&#8220;logo-mehr-demokratie-web&#8220; url=&#8220;https:\/\/www.mehr-demokratie.de\/&#8220; url_new_window=&#8220;on&#8220; admin_label=&#8220;mehr-demokratie&#8220; _builder_version=&#8220;4.6.5&#8243; _module_preset=&#8220;default&#8220; global_colors_info=&#8220;{}&#8220;][\/et_pb_image][\/et_pb_column][et_pb_column type=&#8220;1_6&#8243; _builder_version=&#8220;4.6.1&#8243; _module_preset=&#8220;default&#8220; global_colors_info=&#8220;{}&#8220;][et_pb_image src=&#8220;https:\/\/www.wochen-zur-demokratie.de\/archiv\/wp-content\/uploads\/2020\/10\/Logo-EW-2019-web.jpg&#8220; title_text=&#8220;Logo-EW-2019-web&#8220; url=&#8220;http:\/\/ew-passau.de\/&#8220; url_new_window=&#8220;on&#8220; align=&#8220;center&#8220; admin_label=&#8220;eW&#8220; _builder_version=&#8220;4.6.5&#8243; _module_preset=&#8220;default&#8220; global_colors_info=&#8220;{}&#8220;][\/et_pb_image][\/et_pb_column][\/et_pb_row][\/et_pb_section][et_pb_section fb_built=&#8220;1&#8243; admin_label=&#8220;Section Medien&#8220; module_id=&#8220;medien&#8220; _builder_version=&#8220;3.27.4&#8243; background_color=&#8220;#ffffff&#8220; custom_padding=&#8220;0px||0px||false|false&#8220; global_colors_info=&#8220;{}&#8220;][et_pb_row _builder_version=&#8220;3.26.3&#8243; width=&#8220;100%&#8220; max_width=&#8220;none&#8220; custom_padding=&#8220;0px||0px||false|false&#8220; global_colors_info=&#8220;{}&#8220;][et_pb_column type=&#8220;4_4&#8243; _builder_version=&#8220;3.26.3&#8243; global_colors_info=&#8220;{}&#8220;][et_pb_image src=&#8220;https:\/\/www.wochen-zur-demokratie.de\/archiv\/wp-content\/uploads\/2019\/09\/wzd_divider-medien-dt_1920.png&#8220; force_fullwidth=&#8220;on&#8220; src_tablet=&#8220;&#8220; src_phone=&#8220;https:\/\/www.wochen-zur-demokratie.de\/archiv\/wp-content\/uploads\/2019\/09\/wzd_divider-medien-ph_1080.png&#8220; src_last_edited=&#8220;on|desktop&#8220; admin_label=&#8220;Image Medien Divider&#8220; _builder_version=&#8220;3.27.4&#8243; global_colors_info=&#8220;{}&#8220;][\/et_pb_image][\/et_pb_column][\/et_pb_row][et_pb_row column_structure=&#8220;1_6,1_6,1_6,1_6,1_6,1_6&#8243; use_custom_gutter=&#8220;on&#8220; gutter_width=&#8220;2&#8243; _builder_version=&#8220;3.27.2&#8243; background_enable_color=&#8220;off&#8220; custom_padding=&#8220;60px||40px|||&#8220; locked=&#8220;off&#8220; global_colors_info=&#8220;{}&#8220;][et_pb_column type=&#8220;1_6&#8243; _builder_version=&#8220;3.26.3&#8243; global_colors_info=&#8220;{}&#8220;][et_pb_image src=&#8220;https:\/\/www.wochen-zur-demokratie.de\/archiv\/wp-content\/uploads\/2021\/07\/210521-PNP-Preisverleihung-thumb.jpg&#8220; title_text=&#8220;210521-PNP-Preisverleihung-thumb&#8220; url=&#8220;https:\/\/www.wochen-zur-demokratie.de\/archiv\/wp-content\/uploads\/2021\/07\/210521-PNP-Preisverleihung-web.jpg&#8220; url_new_window=&#8220;on&#8220; align=&#8220;center&#8220; admin_label=&#8220;PNP-Mai&#8220; _builder_version=&#8220;4.9.7&#8243; global_colors_info=&#8220;{}&#8220;][\/et_pb_image][et_pb_text admin_label=&#8220;Text-PNP-Mai&#8220; _builder_version=&#8220;4.10.7&#8243; link_option_url=&#8220;https:\/\/www.youtube.com\/watch?v=zo6h3F3UuKo&#038;feature=emb_title&#8220; link_option_url_new_window=&#8220;on&#8220; global_colors_info=&#8220;{}&#8220;]<\/p>\n<p style=\"text-align: center;\">PNP 21.05.21<br \/>Preisverleihung<\/p>\n<p>[\/et_pb_text][et_pb_image src=&#8220;https:\/\/www.wochen-zur-demokratie.de\/archiv\/wp-content\/uploads\/2021\/10\/211001-pnp-weigl-thumb.jpg&#8220; title_text=&#8220;211001-pnp-weigl-thumb&#8220; url=&#8220;https:\/\/www.wochen-zur-demokratie.de\/archiv\/wp-content\/uploads\/2021\/10\/211001-pnp-weigl-web.pdf&#8220; url_new_window=&#8220;on&#8220; admin_label=&#8220;PNP-1001&#8243; _builder_version=&#8220;4.10.7&#8243; _module_preset=&#8220;default&#8220; global_colors_info=&#8220;{}&#8220;][\/et_pb_image][et_pb_text admin_label=&#8220;Text-PNP-1001&#8243; _builder_version=&#8220;4.10.7&#8243; _module_preset=&#8220;default&#8220; link_option_url=&#8220;https:\/\/www.wochen-zur-demokratie.de\/archiv\/wp-content\/uploads\/2021\/10\/211001-pnp-weigl-web.pdf&#8220; link_option_url_new_window=&#8220;on&#8220; global_colors_info=&#8220;{}&#8220;]<\/p>\n<p style=\"text-align: center;\">PNP 1.10.21<br \/>Kommentar<\/p>\n<p>[\/et_pb_text][et_pb_image src=&#8220;https:\/\/www.wochen-zur-demokratie.de\/archiv\/wp-content\/uploads\/2021\/11\/211030-pnp-streit-thumb.jpg&#8220; title_text=&#8220;211030-pnp-streit-thumb&#8220; url=&#8220;https:\/\/www.wochen-zur-demokratie.de\/archiv\/wp-content\/uploads\/2021\/11\/211030-pnp-streit-web.pdf&#8220; url_new_window=&#8220;on&#8220; admin_label=&#8220;PNP Auftakt-Streit&#8220; _builder_version=&#8220;4.10.7&#8243; _module_preset=&#8220;default&#8220; global_colors_info=&#8220;{}&#8220;][\/et_pb_image][et_pb_text admin_label=&#8220;Text PNP Auftakt-Streit&#8220; _builder_version=&#8220;4.10.7&#8243; _module_preset=&#8220;default&#8220; link_option_url=&#8220;https:\/\/www.wochen-zur-demokratie.de\/archiv\/wp-content\/uploads\/2021\/11\/211030-pnp-streit-web.pdf&#8220; link_option_url_new_window=&#8220;on&#8220; global_colors_info=&#8220;{}&#8220;]<\/p>\n<p style=\"text-align: center;\">PNP 30.10.21<br \/>Auftakt-Streit<\/p>\n<p>[\/et_pb_text][\/et_pb_column][et_pb_column type=&#8220;1_6&#8243; _builder_version=&#8220;3.26.3&#8243; global_colors_info=&#8220;{}&#8220;][et_pb_image src=&#8220;https:\/\/www.wochen-zur-demokratie.de\/archiv\/wp-content\/uploads\/2021\/07\/2106-innside-thumb.jpg&#8220; title_text=&#8220;2106-innside-thumb&#8220; url=&#8220;https:\/\/www.wochen-zur-demokratie.de\/archiv\/wp-content\/uploads\/2021\/07\/2106-innside-web.jpg&#8220; url_new_window=&#8220;on&#8220; align=&#8220;center&#8220; admin_label=&#8220;Innside-Juni&#8220; _builder_version=&#8220;4.9.7&#8243; global_colors_info=&#8220;{}&#8220;][\/et_pb_image][et_pb_text admin_label=&#8220;Text-Innside-Juni&#8220; _builder_version=&#8220;4.10.7&#8243; link_option_url=&#8220;https:\/\/www.wochen-zur-demokratie.de\/archiv\/wp-content\/uploads\/2019\/10\/WzD_Quiz.pdf&#8220; link_option_url_new_window=&#8220;on&#8220; global_colors_info=&#8220;{}&#8220;]<\/p>\n<p style=\"text-align: center;\">INNSIDE<br \/>Juni 2021<\/p>\n<p>[\/et_pb_text][et_pb_image src=&#8220;https:\/\/www.wochen-zur-demokratie.de\/archiv\/wp-content\/uploads\/2021\/10\/211006-pnp-nachgefragt-thumb.jpg&#8220; title_text=&#8220;211006-pnp-nachgefragt-thumb&#8220; url=&#8220;https:\/\/www.wochen-zur-demokratie.de\/archiv\/wp-content\/uploads\/2021\/10\/211006-pnp-nachgefragt-web.pdf&#8220; url_new_window=&#8220;on&#8220; admin_label=&#8220;PNP-plus-1006&#8243; _builder_version=&#8220;4.10.7&#8243; _module_preset=&#8220;default&#8220; global_colors_info=&#8220;{}&#8220;][\/et_pb_image][et_pb_text admin_label=&#8220;Text PNP-plus&#8220; _builder_version=&#8220;4.10.7&#8243; _module_preset=&#8220;default&#8220; link_option_url=&#8220;https:\/\/www.wochen-zur-demokratie.de\/archiv\/wp-content\/uploads\/2021\/10\/211006-pnp-nachgefragt-web.pdf&#8220; link_option_url_new_window=&#8220;on&#8220; global_colors_info=&#8220;{}&#8220;]<\/p>\n<p style=\"text-align: center;\">PNP-Plus 6.10.21<br \/>Nachgefragt<\/p>\n<p>[\/et_pb_text][et_pb_image src=&#8220;https:\/\/www.wochen-zur-demokratie.de\/archiv\/wp-content\/uploads\/2022\/01\/211221-pnp-ideenlabor-thumb.jpg&#8220; title_text=&#8220;211221-pnp-ideenlabor-thumb&#8220; url=&#8220;https:\/\/www.wochen-zur-demokratie.de\/archiv\/wp-content\/uploads\/2022\/01\/211221-pnp-ideenlabor-web.pdf&#8220; url_new_window=&#8220;on&#8220; admin_label=&#8220;PNP Anschub&#8220; _builder_version=&#8220;4.10.7&#8243; _module_preset=&#8220;default&#8220; global_colors_info=&#8220;{}&#8220;][\/et_pb_image][et_pb_text admin_label=&#8220;Text PNP Anschub&#8220; _builder_version=&#8220;4.10.7&#8243; _module_preset=&#8220;default&#8220; link_option_url=&#8220;https:\/\/www.wochen-zur-demokratie.de\/archiv\/wp-content\/uploads\/2022\/01\/211221-pnp-ideenlabor-web.pdf&#8220; link_option_url_new_window=&#8220;on&#8220; global_colors_info=&#8220;{}&#8220;]<\/p>\n<p style=\"text-align: center;\">PNP 21.12.21<br \/>Anschubfinanzierung<\/p>\n<p>[\/et_pb_text][\/et_pb_column][et_pb_column type=&#8220;1_6&#8243; _builder_version=&#8220;3.26.3&#8243; global_colors_info=&#8220;{}&#8220;][et_pb_image src=&#8220;https:\/\/www.wochen-zur-demokratie.de\/archiv\/wp-content\/uploads\/2021\/09\/210901-innside-thumb.jpg&#8220; title_text=&#8220;210901-innside-thumb&#8220; url=&#8220;https:\/\/www.wochen-zur-demokratie.de\/archiv\/wp-content\/uploads\/2021\/09\/210901-innside.pdf&#8220; url_new_window=&#8220;on&#8220; admin_label=&#8220;Innside-Sept&#8220; _builder_version=&#8220;4.10.6&#8243; _module_preset=&#8220;default&#8220; global_colors_info=&#8220;{}&#8220;][\/et_pb_image][et_pb_text admin_label=&#8220;Text-Innside-Sept&#8220; _builder_version=&#8220;4.10.7&#8243; _module_preset=&#8220;default&#8220; link_option_url=&#8220;https:\/\/www.wochen-zur-demokratie.de\/archiv\/wp-content\/uploads\/2021\/09\/210901-innside.pdf&#8220; link_option_url_new_window=&#8220;on&#8220; global_colors_info=&#8220;{}&#8220;]<\/p>\n<p style=\"text-align: center;\">INNSIDE<br \/>September 2021<\/p>\n<p>[\/et_pb_text][et_pb_image src=&#8220;https:\/\/www.wochen-zur-demokratie.de\/archiv\/wp-content\/uploads\/2021\/10\/211006-pnp-wellbappn-thumb.jpg&#8220; title_text=&#8220;211006-pnp-wellbappn-thumb&#8220; url=&#8220;https:\/\/www.wochen-zur-demokratie.de\/archiv\/wp-content\/uploads\/2021\/10\/211006-pnp-wellbappn-web.pdf&#8220; url_new_window=&#8220;on&#8220; admin_label=&#8220;PNP Wellbappn&#8220; _builder_version=&#8220;4.10.7&#8243; _module_preset=&#8220;default&#8220; global_colors_info=&#8220;{}&#8220;][\/et_pb_image][et_pb_text admin_label=&#8220;Text PNP Wellbappn&#8220; _builder_version=&#8220;4.10.7&#8243; _module_preset=&#8220;default&#8220; link_option_url=&#8220;https:\/\/www.wochen-zur-demokratie.de\/archiv\/wp-content\/uploads\/2021\/10\/211006-pnp-wellbappn-web.pdf&#8220; link_option_url_new_window=&#8220;on&#8220; global_colors_info=&#8220;{}&#8220;]<\/p>\n<p style=\"text-align: center;\">PNP 6.10.21<br \/>Wellbappn<\/p>\n<p>[\/et_pb_text][\/et_pb_column][et_pb_column type=&#8220;1_6&#8243; _builder_version=&#8220;3.26.3&#8243; global_colors_info=&#8220;{}&#8220;][et_pb_image src=&#8220;https:\/\/www.wochen-zur-demokratie.de\/archiv\/wp-content\/uploads\/2021\/09\/210920-pnp-interview-thumb.jpg&#8220; title_text=&#8220;210920-pnp-interview-thumb&#8220; url=&#8220;https:\/\/www.wochen-zur-demokratie.de\/archiv\/wp-content\/uploads\/2021\/09\/210920-pnp-interview.jpg&#8220; url_new_window=&#8220;on&#8220; admin_label=&#8220;PNP-0920&#8243; _builder_version=&#8220;4.10.7&#8243; _module_preset=&#8220;default&#8220; global_colors_info=&#8220;{}&#8220;][\/et_pb_image][et_pb_text admin_label=&#8220;Text-PNP-0920&#8243; _builder_version=&#8220;4.10.7&#8243; _module_preset=&#8220;default&#8220; global_colors_info=&#8220;{}&#8220;]<\/p>\n<p style=\"text-align: center;\">PNP 20.9.21<br \/>Interview<\/p>\n<p>[\/et_pb_text][et_pb_image src=&#8220;https:\/\/www.wochen-zur-demokratie.de\/archiv\/wp-content\/uploads\/2021\/10\/211013-pnp-ideenlabor-thumb.jpg&#8220; title_text=&#8220;211013-pnp-ideenlabor-thumb&#8220; url=&#8220;https:\/\/www.wochen-zur-demokratie.de\/archiv\/wp-content\/uploads\/2021\/10\/211013-pnp-ideenlabor-web.pdf&#8220; url_new_window=&#8220;on&#8220; admin_label=&#8220;PNP Ideenlabor&#8220; _builder_version=&#8220;4.10.7&#8243; _module_preset=&#8220;default&#8220; global_colors_info=&#8220;{}&#8220;][\/et_pb_image][et_pb_text admin_label=&#8220;Text PNP Ideenlabor&#8220; _builder_version=&#8220;4.10.7&#8243; _module_preset=&#8220;default&#8220; link_option_url=&#8220;https:\/\/www.wochen-zur-demokratie.de\/archiv\/wp-content\/uploads\/2021\/10\/211013-pnp-ideenlabor-web.pdf&#8220; link_option_url_new_window=&#8220;on&#8220; global_colors_info=&#8220;{}&#8220;]<\/p>\n<p style=\"text-align: center;\">PNP 13.10.21<br \/>Ideenlabor<\/p>\n<p>[\/et_pb_text][\/et_pb_column][et_pb_column type=&#8220;1_6&#8243; _builder_version=&#8220;3.26.3&#8243; global_colors_info=&#8220;{}&#8220;][et_pb_image src=&#8220;https:\/\/www.wochen-zur-demokratie.de\/archiv\/wp-content\/uploads\/2021\/10\/210923-pnp-passau-stadt-land-mitgestalten-thumb.jpg&#8220; title_text=&#8220;210923-pnp-passau-stadt-land-mitgestalten-thumb&#8220; url=&#8220;https:\/\/www.wochen-zur-demokratie.de\/archiv\/wp-content\/uploads\/2021\/10\/210923-pnp-passau-stadt-land-mitgestalten-web.pdf&#8220; url_new_window=&#8220;on&#8220; admin_label=&#8220;PNP-0923&#8243; _builder_version=&#8220;4.10.7&#8243; _module_preset=&#8220;default&#8220; global_colors_info=&#8220;{}&#8220;][\/et_pb_image][et_pb_text admin_label=&#8220;Text-PNP-0923&#8243; _builder_version=&#8220;4.10.7&#8243; _module_preset=&#8220;default&#8220; link_option_url=&#8220;https:\/\/www.wochen-zur-demokratie.de\/archiv\/wp-content\/uploads\/2021\/10\/210923-pnp-passau-stadt-land-mitgestalten-web.pdf&#8220; link_option_url_new_window=&#8220;on&#8220; global_colors_info=&#8220;{}&#8220;]<\/p>\n<p style=\"text-align: center;\">PNP 23.09.21<br \/>Feuilleton<\/p>\n<p>[\/et_pb_text][et_pb_image src=&#8220;https:\/\/www.wochen-zur-demokratie.de\/archiv\/wp-content\/uploads\/2021\/10\/211015-pnp-derwildewald-thumb.jpg&#8220; title_text=&#8220;211015-pnp-derwildewald-thumb&#8220; url=&#8220;https:\/\/www.wochen-zur-demokratie.de\/archiv\/wp-content\/uploads\/2021\/10\/211015-pnp-derwildewald-web.pdf&#8220; url_new_window=&#8220;on&#8220; admin_label=&#8220;PNP wilder Wald&#8220; _builder_version=&#8220;4.10.7&#8243; _module_preset=&#8220;default&#8220; global_colors_info=&#8220;{}&#8220;][\/et_pb_image][et_pb_text admin_label=&#8220;Text PNP wilder Wald&#8220; _builder_version=&#8220;4.10.7&#8243; _module_preset=&#8220;default&#8220; link_option_url=&#8220;https:\/\/www.wochen-zur-demokratie.de\/archiv\/wp-content\/uploads\/2021\/10\/211015-pnp-derwildewald-web.pdf&#8220; link_option_url_new_window=&#8220;on&#8220; global_colors_info=&#8220;{}&#8220;]<\/p>\n<p style=\"text-align: center;\">PNP 15.10.21<br \/>Der wilde Wald<\/p>\n<p>[\/et_pb_text][\/et_pb_column][et_pb_column type=&#8220;1_6&#8243; _builder_version=&#8220;3.26.3&#8243; global_colors_info=&#8220;{}&#8220;][et_pb_image src=&#8220;https:\/\/www.wochen-zur-demokratie.de\/archiv\/wp-content\/uploads\/2021\/10\/210930-pnp-demokrathek-thumb.jpg&#8220; title_text=&#8220;210930-pnp-demokrathek-thumb&#8220; url=&#8220;https:\/\/www.wochen-zur-demokratie.de\/archiv\/wp-content\/uploads\/2021\/10\/210930-pnp-demokrathek-web.pdf&#8220; url_new_window=&#8220;on&#8220; admin_label=&#8220;PNP-0930&#8243; _builder_version=&#8220;4.10.7&#8243; _module_preset=&#8220;default&#8220; global_colors_info=&#8220;{}&#8220;][\/et_pb_image][et_pb_text admin_label=&#8220;Text-PNP-0930&#8243; _builder_version=&#8220;4.10.7&#8243; _module_preset=&#8220;default&#8220; link_option_url=&#8220;https:\/\/www.wochen-zur-demokratie.de\/archiv\/wp-content\/uploads\/2021\/10\/210930-pnp-demokrathek-web.pdf&#8220; link_option_url_new_window=&#8220;on&#8220; global_colors_info=&#8220;{}&#8220;]<\/p>\n<p style=\"text-align: center;\">PNP 30.9.21<br \/>Demokrathek<\/p>\n<p>[\/et_pb_text][et_pb_image src=&#8220;https:\/\/www.wochen-zur-demokratie.de\/archiv\/wp-content\/uploads\/2021\/10\/211027-pnp-muenkler-thumb.jpg&#8220; title_text=&#8220;211027-pnp-muenkler-thumb&#8220; url=&#8220;https:\/\/www.wochen-zur-demokratie.de\/archiv\/wp-content\/uploads\/2021\/10\/211027-pnp-muenkler-web.pdf&#8220; url_new_window=&#8220;on&#8220; admin_label=&#8220;PNP M\u00fcnkler&#8220; _builder_version=&#8220;4.10.7&#8243; _module_preset=&#8220;default&#8220; global_colors_info=&#8220;{}&#8220;][\/et_pb_image][et_pb_text admin_label=&#8220;Text PNP M\u00fcnkler&#8220; _builder_version=&#8220;4.10.7&#8243; _module_preset=&#8220;default&#8220; link_option_url=&#8220;https:\/\/www.wochen-zur-demokratie.de\/archiv\/wp-content\/uploads\/2021\/10\/211027-pnp-muenkler-web.pdf&#8220; link_option_url_new_window=&#8220;on&#8220; global_colors_info=&#8220;{}&#8220;]<\/p>\n<p style=\"text-align: center;\">PNP 27.10.21<br \/>Interview M\u00fcnkler<\/p>\n<p>[\/et_pb_text][\/et_pb_column][\/et_pb_row][\/et_pb_section][et_pb_section fb_built=&#8220;1&#8243; admin_label=&#8220;Section Footer&#8220; _builder_version=&#8220;3.26.3&#8243; background_color=&#8220;#ff0066&#8243; custom_padding=&#8220;0px||200px||false|false&#8220; locked=&#8220;off&#8220; global_colors_info=&#8220;{}&#8220;][et_pb_row _builder_version=&#8220;3.26.3&#8243; width=&#8220;100%&#8220; max_width=&#8220;none&#8220; custom_padding=&#8220;0px||0px||false|false&#8220; global_colors_info=&#8220;{}&#8220;][et_pb_column type=&#8220;4_4&#8243; _builder_version=&#8220;3.26.3&#8243; global_colors_info=&#8220;{}&#8220;][et_pb_image src=&#8220;https:\/\/www.wochen-zur-demokratie.de\/archiv\/wp-content\/uploads\/2019\/07\/wzd-divider-programm-dt.png&#8220; force_fullwidth=&#8220;on&#8220; _builder_version=&#8220;3.27.4&#8243; global_colors_info=&#8220;{}&#8220;][\/et_pb_image][\/et_pb_column][\/et_pb_row][et_pb_row column_structure=&#8220;1_2,1_2&#8243; custom_padding_last_edited=&#8220;on|desktop&#8220; _builder_version=&#8220;3.26.3&#8243; width=&#8220;90%&#8220; custom_padding=&#8220;50px||||false|false&#8220; custom_padding_tablet=&#8220;&#8220; custom_padding_phone=&#8220;30px||||false|false&#8220; global_colors_info=&#8220;{}&#8220;][et_pb_column type=&#8220;1_2&#8243; _builder_version=&#8220;3.26.3&#8243; global_colors_info=&#8220;{}&#8220;][et_pb_text admin_label=&#8220;Klimakompetenz&#8220; _builder_version=&#8220;3.27.4&#8243; text_text_color=&#8220;#ffffff&#8220; global_colors_info=&#8220;{}&#8220;]<\/p>\n<p><strong>Klimakompetenz<\/strong><br \/> Der Aussto\u00df an Kohlendioxid (CO2), der durch die gesamte Veranstaltungsreihe inkl. An- und Abreise der Referenten anf\u00e4llt, wird ausgeglichen durch die Firma MaierKorduletsch, Partner und F\u00f6rderer der Wochen zur Demokratie.<br \/> Das Werbematerial der Wochen zur Demokratie wurde mit wenigen Ausnahmen auf 100% Recyclingpapier gedruckt.<\/p>\n<p>[\/et_pb_text][\/et_pb_column][et_pb_column type=&#8220;1_2&#8243; _builder_version=&#8220;3.26.3&#8243; global_colors_info=&#8220;{}&#8220;][et_pb_text admin_label=&#8220;Impressum&#8220; module_class=&#8220;imprint&#8220; _builder_version=&#8220;3.27.4&#8243; text_text_color=&#8220;#ffffff&#8220; text_orientation=&#8220;right&#8220; custom_padding=&#8220;||20px||false|false&#8220; text_text_align=&#8220;right&#8220; global_colors_info=&#8220;{}&#8220;]<\/p>\n<p><a href=\"\/impressum\">Impressum<\/a> \u00a0|\u00a0 <a href=\"\/datenschutz\">Datenschutz<\/a><br \/> <a href=\"mailto:&#107;o&#110;t&#097;&#107;t&#064;w&#111;ch&#101;&#110;&#045;zu&#114;&#045;&#100;&#101;&#109;&#111;&#107;&#114;&#097;t&#105;e.&#100;e\">&#107;o&#110;t&#097;&#107;t&#064;w&#111;ch&#101;&#110;&#045;zu&#114;&#045;&#100;&#101;&#109;&#111;&#107;&#114;&#097;t&#105;e.&#100;e<\/a><\/p>\n<p>[\/et_pb_text][et_pb_image src=&#8220;https:\/\/www.wochen-zur-demokratie.de\/archiv\/wp-content\/uploads\/2019\/09\/icon-facebook.svg&#8220; url=&#8220;https:\/\/www.facebook.com\/WozuDemokratiePassau\/&#8220; url_new_window=&#8220;on&#8220; align=&#8220;right&#8220; admin_label=&#8220;Facebook&#8220; _builder_version=&#8220;3.27.4&#8243; width=&#8220;50px&#8220; custom_css_main_element=&#8220;float:right;&#8220; global_colors_info=&#8220;{}&#8220; transform_styles__hover_enabled=&#8220;on|hover&#8220; transform_scale__hover_enabled=&#8220;on|hover&#8220; transform_translate__hover_enabled=&#8220;on|desktop&#8220; transform_rotate__hover_enabled=&#8220;on|desktop&#8220; transform_skew__hover_enabled=&#8220;on|desktop&#8220; transform_origin__hover_enabled=&#8220;on|desktop&#8220; transform_scale__hover=&#8220;105%|105%&#8220;][\/et_pb_image][et_pb_image src=&#8220;https:\/\/www.wochen-zur-demokratie.de\/archiv\/wp-content\/uploads\/2019\/09\/icon-instagram.svg&#8220; url=&#8220;https:\/\/www.instagram.com\/wozudemokratie\/&#8220; url_new_window=&#8220;on&#8220; align=&#8220;right&#8220; admin_label=&#8220;Instagram&#8220; _builder_version=&#8220;3.27.4&#8243; width=&#8220;50px&#8220; custom_margin=&#8220;|20px|||false|false&#8220; custom_css_main_element=&#8220;float:right;&#8220; global_colors_info=&#8220;{}&#8220; transform_styles__hover_enabled=&#8220;on|hover&#8220; transform_scale__hover_enabled=&#8220;on|hover&#8220; transform_translate__hover_enabled=&#8220;on|desktop&#8220; transform_rotate__hover_enabled=&#8220;on|desktop&#8220; transform_skew__hover_enabled=&#8220;on|desktop&#8220; transform_origin__hover_enabled=&#8220;on|desktop&#8220; transform_scale__hover=&#8220;105%|105%&#8220;][\/et_pb_image][et_pb_image src=&#8220;https:\/\/www.wochen-zur-demokratie.de\/archiv\/wp-content\/uploads\/2019\/09\/icon-youtube.svg&#8220; url=&#8220;https:\/\/www.youtube.com\/watch?v=AJQ2P4PvLH4&#8243; url_new_window=&#8220;on&#8220; align=&#8220;right&#8220; admin_label=&#8220;Youtube&#8220; _builder_version=&#8220;3.27.4&#8243; width=&#8220;50px&#8220; custom_margin=&#8220;|20px|||false|false&#8220; custom_padding=&#8220;||||false|false&#8220; custom_css_main_element=&#8220;float:right;&#8220; global_colors_info=&#8220;{}&#8220; transform_styles__hover_enabled=&#8220;on|hover&#8220; transform_scale__hover_enabled=&#8220;on|hover&#8220; transform_translate__hover_enabled=&#8220;on|desktop&#8220; transform_rotate__hover_enabled=&#8220;on|desktop&#8220; transform_skew__hover_enabled=&#8220;on|desktop&#8220; transform_origin__hover_enabled=&#8220;on|desktop&#8220; transform_scale__hover=&#8220;105%|105%&#8220;][\/et_pb_image][\/et_pb_column][\/et_pb_row][\/et_pb_section]<\/p>\n","protected":false},"excerpt":{"rendered":"<p>[et_pb_section fb_built=&#8220;1&#8243; admin_label=&#8220;Section Programm&#8220; module_id=&#8220;programm&#8220; _builder_version=&#8220;3.27.2&#8243; background_color=&#8220;#ffffff&#8220; custom_padding=&#8220;0px||0px||false|false&#8220; global_colors_info=&#8220;{}&#8220;][et_pb_row _builder_version=&#8220;3.26.3&#8243; width=&#8220;100%&#8220; max_width=&#8220;none&#8220; custom_padding=&#8220;0px||0px||false|false&#8220; locked=&#8220;off&#8220; global_colors_info=&#8220;{}&#8220;][et_pb_column type=&#8220;4_4&#8243; _builder_version=&#8220;3.26.3&#8243; global_colors_info=&#8220;{}&#8220;][et_pb_image src=&#8220;https:\/\/www.wochen-zur-demokratie.de\/archiv\/wp-content\/uploads\/2022\/02\/wzd_divider-programm-2021-dt_1920.png&#8220; title_text=&#8220;wzd_divider-programm-2021-ph_1080&#8243; show_bottom_space=&#8220;off&#8220; force_fullwidth=&#8220;on&#8220; src_tablet=&#8220;https:\/\/www.wochen-zur-demokratie.de\/archiv\/wp-content\/uploads\/2022\/02\/wzd_divider-programm-2021-dt_1920.png&#8220; src_phone=&#8220;https:\/\/www.wochen-zur-demokratie.de\/archiv\/wp-content\/uploads\/2022\/02\/wzd_divider-programm-2021-ph_1080.png&#8220; src_last_edited=&#8220;on|desktop&#8220; _builder_version=&#8220;4.14.7&#8243; custom_margin=&#8220;||||false|false&#8220; hover_enabled=&#8220;0&#8243; global_colors_info=&#8220;{}&#8220; sticky_enabled=&#8220;0&#8243;][\/et_pb_image][\/et_pb_column][\/et_pb_row][et_pb_row _builder_version=&#8220;4.3.2&#8243; max_width=&#8220;1180px&#8220; custom_padding=&#8220;60px||0px||false|false&#8220; locked=&#8220;off&#8220; global_colors_info=&#8220;{}&#8220;][et_pb_column type=&#8220;4_4&#8243; _builder_version=&#8220;4.3.2&#8243; global_colors_info=&#8220;{}&#8220;][et_pb_text admin_label=&#8220;Einleitung&#8220; _builder_version=&#8220;4.14.7&#8243; header_font=&#8220;|600|||||||&#8220; header_font_size=&#8220;24px&#8220; custom_margin_tablet=&#8220;&#8220; custom_margin_phone=&#8220;&#8220; custom_margin_last_edited=&#8220;on|tablet&#8220; custom_padding=&#8220;||||false|false&#8220; custom_padding_tablet=&#8220;&#8220; custom_padding_phone=&#8220;&#8220; custom_padding_last_edited=&#8220;on|desktop&#8220; locked=&#8220;off&#8220; global_colors_info=&#8220;{}&#8220;] Wochen zur Demokratie 2021 [&hellip;]<\/p>\n","protected":false},"author":1,"featured_media":0,"parent":0,"menu_order":0,"comment_status":"closed","ping_status":"closed","template":"","meta":{"_et_pb_use_builder":"on","_et_pb_old_content":"","_et_gb_content_width":"","footnotes":""},"class_list":["post-3288","page","type-page","status-publish","hentry"],"_links":{"self":[{"href":"https:\/\/www.wochen-zur-demokratie.de\/archiv\/wp-json\/wp\/v2\/pages\/3288","targetHints":{"allow":["GET"]}}],"collection":[{"href":"https:\/\/www.wochen-zur-demokratie.de\/archiv\/wp-json\/wp\/v2\/pages"}],"about":[{"href":"https:\/\/www.wochen-zur-demokratie.de\/archiv\/wp-json\/wp\/v2\/types\/page"}],"author":[{"embeddable":true,"href":"https:\/\/www.wochen-zur-demokratie.de\/archiv\/wp-json\/wp\/v2\/users\/1"}],"replies":[{"embeddable":true,"href":"https:\/\/www.wochen-zur-demokratie.de\/archiv\/wp-json\/wp\/v2\/comments?post=3288"}],"version-history":[{"count":8,"href":"https:\/\/www.wochen-zur-demokratie.de\/archiv\/wp-json\/wp\/v2\/pages\/3288\/revisions"}],"predecessor-version":[{"id":3361,"href":"https:\/\/www.wochen-zur-demokratie.de\/archiv\/wp-json\/wp\/v2\/pages\/3288\/revisions\/3361"}],"wp:attachment":[{"href":"https:\/\/www.wochen-zur-demokratie.de\/archiv\/wp-json\/wp\/v2\/media?parent=3288"}],"curies":[{"name":"wp","href":"https:\/\/api.w.org\/{rel}","templated":true}]}}