{"id":5258,"date":"2024-04-26T10:09:25","date_gmt":"2024-04-26T08:09:25","guid":{"rendered":"https:\/\/www.wochen-zur-demokratie.de\/?page_id=5258"},"modified":"2024-07-22T11:50:02","modified_gmt":"2024-07-22T09:50:02","slug":"programm-2023","status":"publish","type":"page","link":"https:\/\/www.wochen-zur-demokratie.de\/archiv\/programm-2023\/","title":{"rendered":"Programm 2023"},"content":{"rendered":"<p>[et_pb_section fb_built=&#8220;1&#8243; admin_label=&#8220;Section Programm&#8220; module_id=&#8220;programm&#8220; _builder_version=&#8220;4.22.2&#8243; background_color=&#8220;#ffffff&#8220; custom_padding=&#8220;0px||0px||false|false&#8220; global_colors_info=&#8220;{}&#8220;][et_pb_row _builder_version=&#8220;4.16&#8243; width=&#8220;100%&#8220; max_width=&#8220;none&#8220; custom_padding=&#8220;0px||0px||false|false&#8220; global_colors_info=&#8220;{}&#8220;][et_pb_column type=&#8220;4_4&#8243; _builder_version=&#8220;4.16&#8243; global_colors_info=&#8220;{}&#8220;][et_pb_image src=&#8220;https:\/\/www.wochen-zur-demokratie.de\/archiv\/wp-content\/uploads\/2019\/08\/wzd_divider-programm-dt_1920.png&#8220; force_fullwidth=&#8220;on&#8220; src_tablet=&#8220;&#8220; src_phone=&#8220;https:\/\/www.wochen-zur-demokratie.de\/archiv\/wp-content\/uploads\/2019\/08\/wzd_divider-programm-ph_1080.png&#8220; src_last_edited=&#8220;on|phone&#8220; admin_label=&#8220;Image PROGRAMM&#8220; _builder_version=&#8220;4.17.6&#8243; global_colors_info=&#8220;{}&#8220;][\/et_pb_image][\/et_pb_column][\/et_pb_row][et_pb_row _builder_version=&#8220;4.22.2&#8243; width=&#8220;100%&#8220; max_width=&#8220;1180px&#8220; custom_padding=&#8220;35px||120px||false|false&#8220; global_colors_info=&#8220;{}&#8220;][et_pb_column type=&#8220;4_4&#8243; _builder_version=&#8220;4.16&#8243; global_colors_info=&#8220;{}&#8220;][et_pb_text admin_label=&#8220;Programmpunkte-Unterzeile&#8220; _builder_version=&#8220;4.25.0&#8243; hover_enabled=&#8220;0&#8243; global_colors_info=&#8220;{}&#8220; sticky_enabled=&#8220;0&#8243;]<\/p>\n<p>Alle Veranstaltungen von 2023<\/p>\n<div id='evcal_calendar_175' class='ajde_evcal_calendar boxy boxstyle0 box_4 evoEL' ><div class='evo-data' data-cyear=\"2026\" data-cmonth=\"4\" data-runajax=\"1\" data-evc_open=\"0\" data-cal_ver=\"2.7.3\" data-mapscroll=\"true\" data-mapformat=\"roadmap\" data-mapzoom=\"18\" data-mapiconurl=\"\" data-ev_cnt=\"0\" data-show_limit=\"no\" data-tiles=\"yes\" data-sort_by=\"sort_date\" data-filters_on=\"false\" data-range_start=\"1672531200\" data-range_end=\"1703980800\" data-send_unix=\"1\" data-ux_val=\"0\" data-accord=\"0\" data-rtl=\"no\"  ><\/div><div id='evcal_head' class='calendar_header evcal_nosort' ><div class='evo_cal_above_content'><\/div><div class='cal_arguments' style='display:none' data-hide_past=\"no\" data-show_et_ft_img=\"no\" data-event_order=\"ASC\" data-ft_event_priority=\"no\" data-lang=\"L1\" data-month_incre=\"0\" data-only_ft=\"no\" data-hide_ft=\"no\" data-evc_open=\"no\" data-show_limit=\"no\" data-etc_override=\"no\" data-show_limit_redir=\"0\" data-tiles=\"yes\" data-tile_height=\"275\" data-tile_bg=\"0\" data-tile_count=\"4\" data-tile_style=\"0\" data-s=\"\" data-members_only=\"no\" data-ux_val=\"0\" data-show_limit_ajax=\"no\" data-show_limit_paged=\"1\" data-hide_mult_occur=\"yes\" data-show_repeats=\"no\" data-hide_end_time=\"no\" data-eventtop_style=\"0\" data-sep_month=\"no\" data-number_of_months=\"2\" ><\/div><div class='clear'><\/div><\/div><div class='eventon_sorting_section' style='display:none'><div class='eventon_filter_line '><div class='eventon_filter' data-filter_field='event_type' data-filter_val='all' data-filter_type='tax' data-fl_o='IN'><\/div><div class='eventon_filter' data-filter_field='event_type_2' data-filter_val='all' data-filter_type='tax' data-fl_o='IN'><\/div><div class='eventon_filter' data-filter_field='event_type_3' data-filter_val='all' data-filter_type='tax' data-fl_o='IN'><\/div><div class='eventon_filter' data-filter_field='event_type_4' data-filter_val='all' data-filter_type='tax' data-fl_o='IN'><\/div><div class='eventon_filter' data-filter_field='event_type_5' data-filter_val='all' data-filter_type='tax' data-fl_o='IN'><\/div><div class='eventon_filter' data-filter_field='event_location' data-filter_val='all' data-filter_type='tax' data-fl_o='IN'><\/div><div class='eventon_filter' data-filter_field='event_organizer' data-filter_val='all' data-filter_type='tax' data-fl_o='IN'><\/div><div class='eventon_filter' data-filter_field='event_tag' data-filter_val='all' data-filter_type='tax' data-fl_o='IN'><\/div><\/div><div class='clear'><\/div><\/div><div id='eventon_loadbar_section'><div id='eventon_loadbar'><\/div><\/div><div id='evcal_list' class='eventon_events_list'><div style=\"background-color: #a10066;height: 275px;\" id=\"event_4013\" class=\"eventon_list_event evo_eventtop past_event event event_4013_0\" data-event_id=\"4013\" data-ri=\"0r\" data-time=\"1699142401-1700611199\" data-colr=\"#a10066\" itemscope itemtype='http:\/\/schema.org\/Event'><div class=\"evo_event_schema\" style=\"display:none\" ><a itemprop='url'  href='https:\/\/www.wochen-zur-demokratie.de\/archiv\/events\/grenzueberschreitungen\/'><\/a><span itemprop='name'  >Grenz\u00fcberschreitungen<\/span><meta itemprop='image' content=\"https:\/\/www.wochen-zur-demokratie.de\/archiv\/wp-content\/uploads\/2023\/09\/VA-grenzueberschreitungen1-web.jpg\" \/><meta itemprop='description' content=\"Es ist Aufgabe der Presse, die Zeit und ihren Wandel, die Auseinandersetzung und manchmal auch den Kampf um den richtigen Weg zu dokumentieren \u2013 in Text, Bild und Ton. Nicht\" \/><meta itemprop='startDate' content=\"2023-11-5\" \/><meta itemprop='endDate' content=\"2023-11-21\" \/><meta itemprop='eventStatus' content=\"on-schedule\" \/>\n\t\t\t\t\t\t\t\t\t<item style=\"display:none\" itemprop=\"location\" itemscope itemtype=\"http:\/\/schema.org\/Place\">\n\t\t\t\t\t\t\t\t\t\t<span itemprop=\"name\">Agon Ausstellungsr\u00e4ume | H\u00f6llgasse (Ecke Steiningergasse) Passau<\/span>\n\t\t\t\t\t\t\t\t\t\t<span itemprop=\"address\" itemscope itemtype=\"http:\/\/schema.org\/PostalAddress\">\n\t\t\t\t\t\t\t\t\t\t\t<item itemprop=\"streetAddress\">H\u00f6llgasse (Ecke Steiningergasse), Passau<\/item>\n\t\t\t\t\t\t\t\t\t\t<\/span><\/item><script type=\"application\/ld+json\">{\t\"@context\": \"http:\/\/schema.org\",\n\t\t\t\t\t\t\t  \t\"@type\": \"Event\",\n\t\t\t\t\t\t\t  \t\"name\": \"Grenz\u00fcberschreitungen\",\n\t\t\t\t\t\t\t  \t\"startDate\": \"2023-11-5T00-00-00-00\",\n\t\t\t\t\t\t\t  \t\"endDate\": \"2023-11-21T23-23-59-00\",\n\t\t\t\t\t\t\t  \t\"image\":\"https:\/\/www.wochen-zur-demokratie.de\/archiv\/wp-content\/uploads\/2023\/09\/VA-grenzueberschreitungen1-web.jpg\",\n\t\t\t\t\t\t\t  \t\"description\":\"Es ist Aufgabe der Presse, die Zeit und ihren Wandel, die Auseinandersetzung und manchmal auch den Kampf um den richtigen Weg zu dokumentieren \u2013 in Text, Bild und Ton. Nicht\"\n\t\t\t\t\t\t\t  \t,\"location\":{\n\t\t\t\t\t\t\t\t\t\t\"@type\":\"Place\",\n\t\t\t\t\t\t\t\t\t\t\"name\":\"Agon Ausstellungsr\u00e4ume | H\u00f6llgasse (Ecke Steiningergasse) Passau\",\n\t\t\t\t\t\t\t\t\t\t\"address\":{\n\t\t\t\t\t\t\t\t\t\t\t\"@type\": \"PostalAddress\"\n\t\t\t\t\t\t\t\t\t\t\t\"streetAddress\":\"H\u00f6llgasse (Ecke Steiningergasse), Passau\"\n\t\t\t\t\t\t\t\t\t\t}\n\t\t\t\t\t\t\t  \t\t}\n\t\t\t\t\t\t\t }<\/script><\/div>\n\t\t\t\t<p class=\"desc_trig_outter\"><a data-gmap_status=\"null\" data-gmtrig=\"1\" data-exlk=\"0\" id=\"evc_16991424014013\" class=\"desc_trig mul_val evcal_list_a allday\" data-ux_val=\"3\"  ><span class='evcal_cblock ' data-bgcolor='#a10066' data-smon='November' data-syr='2023'><span class='evo_start '><em class='date'>05<\/em><em class='month'>Nov.<\/em><em class='time'>ganzt\u00e4gig<\/em><\/span><span class='evo_end '><em class='date'>21<\/em><\/span><em class='clear'><\/em><\/span><span class='evcal_desc evo_info hide_eventtopdata '  data-location_address=\"H\u00f6llgasse (Ecke Steiningergasse), Passau\" data-location_type=\"address\" data-location_name=\"Agon Ausstellungsr\u00e4ume | H\u00f6llgasse (Ecke Steiningergasse) Passau\" data-location_url=\"https:\/\/www.wochen-zur-demokratie.de\/archiv\/event-location\/agon-ausstellungsraeume-hoellgasse-ecke-steiningergasse-passau\/\" data-location_status=\"true\" ><span class='evo_above_title'><\/span><span class='evcal_desc2 evcal_event_title' itemprop='name'>Grenz\u00fcberschreitungen<\/span><span class='evo_below_title'><span class='evcal_event_subtitle' >Pressefotografien der 80er Jahre von Dirk Wildt<\/span><\/span><span class='evcal_desc_info' ><em class='evcal_time'><em class='evcal_alldayevent_text'>(ganzt\u00e4gig)<\/em> <em class=\"evo_etop_timezone\">t\u00e4glich 10\u201313 Uhr, 15\u201319 Uhr<\/em><\/em> <em class=\"evcal_location\"  data-add_str=\"\"><em class=\"event_location_name\">Agon Ausstellungsr\u00e4ume | H\u00f6llgasse (Ecke Steiningergasse) Passau<\/em><\/em><\/span><span class='evcal_desc3'><\/span><\/span><em class='clear'><\/em><\/a><\/p><div class='event_description evcal_eventcard ' style=\"display:none\"><div class='evo_metarow_directimg'><img class='evo_event_main_img' src='https:\/\/www.wochen-zur-demokratie.de\/archiv\/wp-content\/uploads\/2023\/09\/VA-grenzueberschreitungen1-web.jpg' \/><\/div><div class='evo_event_images'><span class='evo_event_more_img select'><img title='' src='https:\/\/www.wochen-zur-demokratie.de\/archiv\/wp-content\/uploads\/2023\/09\/VA-grenzueberschreitungen1-web.jpg' data-f='https:\/\/www.wochen-zur-demokratie.de\/archiv\/wp-content\/uploads\/2023\/09\/VA-grenzueberschreitungen1-web.jpg'\/><\/span><span class='evo_event_more_img '><img title='' src='https:\/\/www.wochen-zur-demokratie.de\/archiv\/wp-content\/uploads\/2023\/09\/VA-grenzueberschreitungen2-web-150x150.jpg' data-f='https:\/\/www.wochen-zur-demokratie.de\/archiv\/wp-content\/uploads\/2023\/09\/VA-grenzueberschreitungen2-web.jpg' data-h='600' data-w='800'\/><\/span><span class='evo_event_more_img '><img title='' src='https:\/\/www.wochen-zur-demokratie.de\/archiv\/wp-content\/uploads\/2023\/09\/VA-grenzueberschreitungen3-web-150x150.jpg' data-f='https:\/\/www.wochen-zur-demokratie.de\/archiv\/wp-content\/uploads\/2023\/09\/VA-grenzueberschreitungen3-web.jpg' data-h='600' data-w='800'\/><\/span><span class='evo_event_more_img '><img title='' src='https:\/\/www.wochen-zur-demokratie.de\/archiv\/wp-content\/uploads\/2023\/11\/VA-grenzueberschreitungen-vernissage4-web-150x150.jpg' data-f='https:\/\/www.wochen-zur-demokratie.de\/archiv\/wp-content\/uploads\/2023\/11\/VA-grenzueberschreitungen-vernissage4-web.jpg' data-h='533' data-w='800'\/><\/span><span class='evo_event_more_img '><img title='' src='https:\/\/www.wochen-zur-demokratie.de\/archiv\/wp-content\/uploads\/2023\/11\/VA-grenzueberschreitungen-vernissage3-web-150x150.jpg' data-f='https:\/\/www.wochen-zur-demokratie.de\/archiv\/wp-content\/uploads\/2023\/11\/VA-grenzueberschreitungen-vernissage3-web.jpg' data-h='540' data-w='800'\/><\/span><span class='evo_event_more_img '><img title='' src='https:\/\/www.wochen-zur-demokratie.de\/archiv\/wp-content\/uploads\/2023\/11\/VA-grenzueberschreitungen-vernissage2-web-150x150.jpg' data-f='https:\/\/www.wochen-zur-demokratie.de\/archiv\/wp-content\/uploads\/2023\/11\/VA-grenzueberschreitungen-vernissage2-web.jpg' data-h='600' data-w='800'\/><\/span><span class='evo_event_more_img '><img title='' src='https:\/\/www.wochen-zur-demokratie.de\/archiv\/wp-content\/uploads\/2023\/11\/VA-grenzueberschreitungen-vernissage1-web-150x150.jpg' data-f='https:\/\/www.wochen-zur-demokratie.de\/archiv\/wp-content\/uploads\/2023\/11\/VA-grenzueberschreitungen-vernissage1-web.jpg' data-h='600' data-w='800'\/><\/span><span class='evo_event_more_img '><img title='' src='https:\/\/www.wochen-zur-demokratie.de\/archiv\/wp-content\/uploads\/2023\/11\/VA-grenzueberschreitungen-vernissage5-web-150x150.jpg' data-f='https:\/\/www.wochen-zur-demokratie.de\/archiv\/wp-content\/uploads\/2023\/11\/VA-grenzueberschreitungen-vernissage5-web.jpg' data-h='600' data-w='800'\/><\/span><\/div><div class='evo_metarow_details evorow evcal_evdata_row bordb evcal_event_details'>\n\t\t\t\t\t\t\t<div class=\"event_excerpt\" style=\"display:none\"><h3 class=\"padb5 evo_h3\">Event Details<\/h3><p>Es ist Aufgabe der Presse, die Zeit und ihren Wandel, die Auseinandersetzung und manchmal auch den Kampf um den richtigen Weg zu dokumentieren \u2013 in Text, Bild und Ton. Nicht<\/p><\/div><span class='evcal_evdata_icons'><i class='fa fa-align-justify'><\/i><\/span>\n\t\t\t\t\t\t\t\n\t\t\t\t\t\t\t<div class='evcal_evdata_cell shorter_desc'><div class='eventon_details_shading_bot'>\n\t\t\t\t\t\t\t\t<p class='eventon_shad_p' content='less'><span class='ev_more_text' data-txt='Weniger anzeigen'>Mehr anzeigen<\/span><span class='ev_more_arrow'><\/span><\/p>\n\t\t\t\t\t\t\t<\/div><div class='eventon_full_description'>\n\t\t\t\t\t\t\t\t\t<h3 class='padb5 evo_h3'><span class='evcal_evdata_icons'><i class='fa fa-align-justify'><\/i><\/span>Event Details<\/h3><div class='eventon_desc_in' itemprop='description'>\n\t\t\t\t\t\t\t\t\t<p><strong>Es ist Aufgabe der Presse, die Zeit und ihren Wandel, die Auseinandersetzung und manchmal auch den Kampf um den richtigen Weg zu dokumentieren<\/strong> \u2013 in Text, Bild und Ton. Nicht immer passt es allen. Bei gewaltt\u00e4tigen Demonstrationen in West-Berlin wurden 1988 Pressefotograf*innen und Filmteams von der Polizei verpr\u00fcgelt. Aktuell stellt eine rechtsextreme Partei im Bundestag den \u00d6ffentlich-Rechtlichen Rundfunk in Frage, Querdenker*innen drohen Journalist*innen nicht nur mit Gewalt, sie schlagen auch zu. Wenn keine Presse vor Ort sein soll, dann soll es keine unabh\u00e4ngigen Bilder und Berichte geben. Eine freie Presse ist immer in Gefahr \u2013 selbst in unserem Land.<br \/>\nAuch Pressefotograf*innen wissen nicht, was und wann etwas passieren wird: Wer macht eine Pressekonferenz, wann startet ein geheimer Atomm\u00fcll-Transport, wo wird ein leerstehendes Haus besetzt? Am 9. November 1989 um 18 Uhr wusste <strong>Dirk Wildt<\/strong> noch nicht, dass er drei Stunden sp\u00e4ter am Ost-Berliner Grenz\u00fcbergang Sonnenallee stehen w\u00fcrde, an dem er Weltgeschichte erleben und mit seiner Kamera f\u00fcr viele andere dokumentieren durfte: die Mauer\u00f6ffnung der DDR.<br \/>\nVon 1982 bis 1991 hat er knapp 30.000 Fotos gemacht. F\u00fcr diese Ausstellung kamen 220 in die engere Auswahl und 42 werden nun als Exponate im Ausstellungsraum der K\u00fcnstlergruppe Agon gezeigt.\u00a0 Als besonderer Gast, Zeitzeuge und Gespr\u00e4chspartner bei der Vernissage stellte <strong>der Bundestagsabgeordnete Erhard Grundl<\/strong> die Ausstellung in den Kontext der aktuellen Erinnerungskultur, der auch seine Arbeit entscheidend pr\u00e4gt. DieVernissage fand am Samstag, 04. November als erfolgreiche Satellitenveranstaltung im Rahmen der WoZu Demokratie mit hundert G\u00e4sten statt.<\/p>\n<p><strong>Ort<\/strong>: AGON-Ausstellungsr\u00e4ume | H\u00f6llgasse (Ecke Steiningergasse), Passau<br \/>\n<strong>Ausstellungsdauer:<\/strong> 05. \u2013 21. November<strong><br \/>\n<\/strong><strong>\u00d6ffnungszeiten<\/strong>: t\u00e4glich von 10 bis 13 Uhr und von 15 bis 19 Uhr<br \/>\n<strong>Eintritt<\/strong> frei<\/p>\n<p>Vernissagen-Fotos: 1, 2 Dionys Asenkerschbaumer \/ 3, 4, 5 Matthias Weigl<\/p>\n<\/div><div class='clear'><\/div>\n\t\t\t\t\t\t\t\t<\/div>\n\t\t\t\t\t\t\t<\/div>\n\t\t\t\t\t\t<\/div><div class='evo_metarow_organizer evorow evcal_evdata_row bordb evcal_evrow_sm '>\n\t\t\t\t\t\t\t<span class='evcal_evdata_icons'><i class='fa fa-address-book-o'><\/i><\/span>\n\t\t\t\t\t\t\t<div class='evcal_evdata_cell'>\t\t\t\t\t\t\t\n\t\t\t\t\t\t\t\t<h3 class='evo_h3'>Mitveranstalter \/ Partner<\/h3>\n\t\t\t\t\t\t\t\t<p class='evo_data_val evo_card_organizer_image'><img src='https:\/\/www.wochen-zur-demokratie.de\/archiv\/wp-content\/uploads\/2023\/09\/logo-agon-web.jpg'\/><\/p>\n\t\t\t\t\t\t\t\t<div class='evo_card_organizer'><p class='evo_data_val evo_card_organizer_name'>\n\t\t\t\t\t\t\t\t\t<span class='evo_card_organizer_name_t'>Agon K\u00fcnstlergruppe<\/span>\n\t\t\t\t\t\t\t\t\t\n\t\t\t\t\t\t\t\t\t<\/p><\/div><div class='clear'><\/div>\t\t\t\t\t\t\t\n\t\t\t\t\t\t\t<\/div>\n\t\t\t\t\t\t<\/div>\t\t\t\t\t\t<div class='evo_metarow_ICS evorow bordb evcal_evdata_row'>\n\t\t\t\t\t\t\t<span class=\"evcal_evdata_icons\"><i class=\"fa fa-calendar\"><\/i><\/span>\n\t\t\t\t\t\t\t<div class='evcal_evdata_cell'>\n\t\t\t\t\t\t\t\t<p><a href='https:\/\/www.wochen-zur-demokratie.de\/archiv\/wp-admin\/admin-ajax.php?action=eventon_ics_download&amp;event_id=4013&amp;ri=0' class='evo_ics_nCal' title='Zum Ihrem Kalender hinzuf\u00fcgen'>Zum Kalender hinzuf\u00fcgen<\/a><a href='\/\/www.google.com\/calendar\/event?action=TEMPLATE&amp;text=Grenz%C3%BCberschreitungen&amp;dates=20231104T220000Z\/20231121T215900Z&amp;details=Es+ist+Aufgabe+der+Presse%2C+die+Zeit+und+ihren+Wandel%2C+die+Auseinandersetzung+und+manchmal+auch+den+Kampf+um+den+richtigen+Weg+zu+dokumentieren+%E2%80%93+in+Text%2C+Bild+und+Ton.+Nicht&amp;location=Agon+Ausstellungsr%C3%A4ume+%7C+H%C3%B6llgasse+%28Ecke+Steiningergasse%29+Passau - H%C3%B6llgasse+%28Ecke+Steiningergasse%29%2C+Passau' target='_blank' class='evo_ics_gCal' title='Zum Ihrem Google-Kalender hinzuf\u00fcgen'>GoogleCal<\/a><\/p>\t\n\t\t\t\t\t\t\t<\/div>\n\t\t\t\t\t\t<\/div>\n\t\t\t\t\t\t<div class='bordb evo_metarow_socialmedia evcal_evdata_row  lastrow'><div class='evo_sm FacebookShare'><a class=\" evo_ss\" target=\"_blank\" onclick=\"javascript:window.open(this.href, '', 'left=50,top=50,width=600,height=350,toolbar=0');return false;\"\n\t\t\t\t\t\t\t\thref=\"http:\/\/www.facebook.com\/sharer.php?u=https%3A%2F%2Fwww.wochen-zur-demokratie.de%2Farchiv%2Fevents%2Fgrenzueberschreitungen%2F\" title=\"Diese Veranstaltung auf Facebook teilen\"><i class=\"fa fa-facebook\"><\/i><\/a><\/div><div class='evo_sm Twitter'><a class=\"tw evo_ss\" onclick=\"javascript:window.open(this.href, '', 'menubar=no,toolbar=no,resizable=yes,scrollbars=yes,height=300,width=600');return false;\" href=\"http:\/\/twitter.com\/intent\/tweet?text=Grenz\u00fcberschreitungen&#32;-&#32;&url=https%3A%2F%2Fwww.wochen-zur-demokratie.de%2Farchiv%2Fevents%2Fgrenzueberschreitungen%2F\" title=\"Diese Veranstaltung auf Twitter teilen\" rel=\"nofollow\" target=\"_blank\" data-url=\"https%3A%2F%2Fwww.wochen-zur-demokratie.de%2Farchiv%2Fevents%2Fgrenzueberschreitungen%2F\"><i class=\"fa fa-twitter\"><\/i><\/a><\/div><div class='evo_sm LinkedIn'><a class=\"li evo_ss\" href=\"http:\/\/www.linkedin.com\/shareArticle?mini=true&url=https%3A%2F%2Fwww.wochen-zur-demokratie.de%2Farchiv%2Fevents%2Fgrenzueberschreitungen%2F&title=Grenz%C3%BCberschreitungen&summary=Es+ist+Aufgabe+der+Presse%2C+die+Zeit+und+ihren+Wandel%2C+die+Auseinandersetzung+und+manchmal+auch+den\" target=\"_blank\" title=\"Diese Veranstaltung auf Linkedin teilen\"><i class=\"fa fa-linkedin\"><\/i><\/a><\/div><div class='evo_sm EmailShare'><a class=\"em evo_ss\" href=\"mailto:?subject=Grenz\u00fcberschreitungen&body=Event Name: Grenz\u00fcberschreitungen%0AEvent Date: 05\/11\/2023 (ganzt\u00e4gig) - 21\/11\/2023 (ganzt\u00e4gig)%0ALink: https%3A%2F%2Fwww.wochen-zur-demokratie.de%2Farchiv%2Fevents%2Fgrenzueberschreitungen%2F%0A\" target=\"_blank\"><i class=\"fa fa-envelope\"><\/i><\/a><\/div><div class='clear'><\/div><div class='evcal_evdata_row evcal_close' title='Close'><\/div><\/div><div class='evo_card_row_end evcal_close' title='Close'><\/div><\/div><div class='clear end'><\/div><\/div><div style=\"background-color: #a10066;height: 275px;\" id=\"event_4020\" class=\"eventon_list_event evo_eventtop past_event event event_4020_0\" data-event_id=\"4020\" data-ri=\"0r\" data-time=\"1699552800-1699567200\" data-colr=\"#a10066\" itemscope itemtype='http:\/\/schema.org\/Event'><div class=\"evo_event_schema\" style=\"display:none\" ><a itemprop='url'  href='https:\/\/www.wochen-zur-demokratie.de\/archiv\/events\/lyrik-in-fremden-zungen\/'><\/a><span itemprop='name'  >Rhythm in lyrics<\/span><meta itemprop='image' content=\"https:\/\/www.wochen-zur-demokratie.de\/archiv\/wp-content\/uploads\/2024\/01\/VA-Poetry-Slam-5.jpg\" \/><meta itemprop='description' content=\"Poetry Slam - das moderne Forum der Dichtkunst, jung, schnell, offen, direkt. Gesprochene Poesie, selbstverfasste Texte in unterschiedlichen, individuell gepr\u00e4gten Stilrichtungen trafen im studio12 auf ein kritisches, aktives Publikum. Auf\" \/><meta itemprop='startDate' content=\"2023-11-9T18:00\" \/><meta itemprop='endDate' content=\"2023-11-9T22:00\" \/><meta itemprop='eventStatus' content=\"on-schedule\" \/><script type=\"application\/ld+json\">{\t\"@context\": \"http:\/\/schema.org\",\n\t\t\t\t\t\t\t  \t\"@type\": \"Event\",\n\t\t\t\t\t\t\t  \t\"name\": \"Rhythm in lyrics\",\n\t\t\t\t\t\t\t  \t\"startDate\": \"2023-11-9T18-18-00-00\",\n\t\t\t\t\t\t\t  \t\"endDate\": \"2023-11-9T22-22-00-00\",\n\t\t\t\t\t\t\t  \t\"image\":\"https:\/\/www.wochen-zur-demokratie.de\/archiv\/wp-content\/uploads\/2024\/01\/VA-Poetry-Slam-5.jpg\",\n\t\t\t\t\t\t\t  \t\"description\":\"Poetry Slam - das moderne Forum der Dichtkunst, jung, schnell, offen, direkt. Gesprochene Poesie, selbstverfasste Texte in unterschiedlichen, individuell gepr\u00e4gten Stilrichtungen trafen im studio12 auf ein kritisches, aktives Publikum. Auf\"\n\t\t\t\t\t\t\t  \t\n\t\t\t\t\t\t\t }<\/script><\/div>\n\t\t\t\t<p class=\"desc_trig_outter\"><a data-gmap_status=\"null\" data-gmtrig=\"1\" data-exlk=\"0\" id=\"evc_16995528004020\" class=\"desc_trig sin_val evcal_list_a\" data-ux_val=\"3\"  ><span class='evcal_cblock ' data-bgcolor='#a10066' data-smon='November' data-syr='2023'><span class='evo_start '><em class='date'>09<\/em><em class='month'>Nov.<\/em><em class='time'>18:00<\/em><\/span><span class='evo_end only_time'><em class='time'>22:00<\/em><\/span><em class='clear'><\/em><\/span><span class='evcal_desc evo_info hide_eventtopdata '  data-location_status=\"false\" ><span class='evo_above_title'><\/span><span class='evcal_desc2 evcal_event_title' itemprop='name'>Rhythm in lyrics<\/span><span class='evo_below_title'><span class='evcal_event_subtitle' >Multilingualer Poetry Slam im Studio12<\/span><\/span><span class='evcal_desc_info' ><em class='evcal_time'>18:00 - 22:00<\/em> <em class=\"evcal_location\"  data-add_str=\"\"><em class=\"event_location_name\">Studio12, Passau, Innpromenade<\/em><\/em><\/span><span class='evcal_desc3'><\/span><\/span><em class='clear'><\/em><\/a><\/p><div class='event_description evcal_eventcard ' style=\"display:none\"><div class='evo_metarow_directimg'><img class='evo_event_main_img' src='https:\/\/www.wochen-zur-demokratie.de\/archiv\/wp-content\/uploads\/2024\/01\/VA-Poetry-Slam-5.jpg' \/><\/div><div class='evo_event_images'><span class='evo_event_more_img select'><img title='' src='https:\/\/www.wochen-zur-demokratie.de\/archiv\/wp-content\/uploads\/2024\/01\/VA-Poetry-Slam-5.jpg' data-f='https:\/\/www.wochen-zur-demokratie.de\/archiv\/wp-content\/uploads\/2024\/01\/VA-Poetry-Slam-5.jpg'\/><\/span><span class='evo_event_more_img '><img title='' src='https:\/\/www.wochen-zur-demokratie.de\/archiv\/wp-content\/uploads\/2024\/01\/VA-Poetry-Slam-4-150x150.jpg' data-f='https:\/\/www.wochen-zur-demokratie.de\/archiv\/wp-content\/uploads\/2024\/01\/VA-Poetry-Slam-4.jpg' data-h='604' data-w='800'\/><\/span><span class='evo_event_more_img '><img title='' src='https:\/\/www.wochen-zur-demokratie.de\/archiv\/wp-content\/uploads\/2024\/01\/VA-Poetry-Slam-3-150x150.jpg' data-f='https:\/\/www.wochen-zur-demokratie.de\/archiv\/wp-content\/uploads\/2024\/01\/VA-Poetry-Slam-3.jpg' data-h='580' data-w='800'\/><\/span><span class='evo_event_more_img '><img title='' src='https:\/\/www.wochen-zur-demokratie.de\/archiv\/wp-content\/uploads\/2024\/01\/VA-Poetry-Slam-2-150x150.jpg' data-f='https:\/\/www.wochen-zur-demokratie.de\/archiv\/wp-content\/uploads\/2024\/01\/VA-Poetry-Slam-2.jpg' data-h='533' data-w='800'\/><\/span><span class='evo_event_more_img '><img title='' src='https:\/\/www.wochen-zur-demokratie.de\/archiv\/wp-content\/uploads\/2024\/01\/VA-Poetry-Slam-1-150x150.jpg' data-f='https:\/\/www.wochen-zur-demokratie.de\/archiv\/wp-content\/uploads\/2024\/01\/VA-Poetry-Slam-1.jpg' data-h='534' data-w='800'\/><\/span><\/div><div class='evo_metarow_details evorow evcal_evdata_row bordb evcal_event_details'>\n\t\t\t\t\t\t\t<div class=\"event_excerpt\" style=\"display:none\"><h3 class=\"padb5 evo_h3\">Event Details<\/h3><p>Poetry Slam - das moderne Forum der Dichtkunst, jung, schnell, offen, direkt. Gesprochene Poesie, selbstverfasste Texte in unterschiedlichen, individuell gepr\u00e4gten Stilrichtungen trafen im studio12 auf ein kritisches, aktives Publikum. Auf<\/p><\/div><span class='evcal_evdata_icons'><i class='fa fa-align-justify'><\/i><\/span>\n\t\t\t\t\t\t\t\n\t\t\t\t\t\t\t<div class='evcal_evdata_cell shorter_desc'><div class='eventon_details_shading_bot'>\n\t\t\t\t\t\t\t\t<p class='eventon_shad_p' content='less'><span class='ev_more_text' data-txt='Weniger anzeigen'>Mehr anzeigen<\/span><span class='ev_more_arrow'><\/span><\/p>\n\t\t\t\t\t\t\t<\/div><div class='eventon_full_description'>\n\t\t\t\t\t\t\t\t\t<h3 class='padb5 evo_h3'><span class='evcal_evdata_icons'><i class='fa fa-align-justify'><\/i><\/span>Event Details<\/h3><div class='eventon_desc_in' itemprop='description'>\n\t\t\t\t\t\t\t\t\t<p>Poetry Slam &#8211; das moderne Forum der Dichtkunst, jung, schnell, offen, direkt. Gesprochene Poesie, selbstverfasste Texte in unterschiedlichen, individuell gepr\u00e4gten Stilrichtungen trafen im studio12 auf ein kritisches, aktives Publikum. Auf einer offenen B\u00fchne performten Poetryslammer:innen in eigener Vortragsart und eigenem Rhythmus. Sie performten zum Teil in deutsch <strong>und<\/strong> in ihrer Herkunftssprache, unter anderem in franz\u00f6sisch und arabisch. Durch direkte Ansprache des Publikums, Beteiligung im Bewertungsprozess sowie die M\u00f6glichkeit f\u00fcr eine offene Debatte zu speziellen Themenbereichen entstand eine Atmoph\u00e4re der Teilhabe aller auf Augenh\u00f6he.<br \/>\nDas &#8222;studio12 &#8211; Musik Caf\u00e9 Bar Kunst und Kultur&#8220; bietete dazu den geeigneten Rahmen.<\/p>\n<p><a href=\"https:\/\/www.wochen-zur-demokratie.de\/archiv\/wp-content\/uploads\/2024\/01\/231114-pnp-WzD-Poetryslam.pdf\" target=\"_blank\" rel=\"noopener\"><em>Zum Pressebericht<\/em><\/a><\/p>\n<p><em>\u201cSlam is the lighthouse for the democratization of art.\u201d<\/em><br \/>\n<em>\u201eSlam ist das Paradebeispiel f\u00fcr die Demokratisierung der Kunst.\u201c<\/em>\u2013\u00a0Bob Holman<\/p>\n<p>Mit:<br \/>\n<strong>Julia Gais<\/strong> in Co-Autorenschaft mit Sch\u00fcler*innen<br \/>\n<strong>Anna Sophia<\/strong>, Sch\u00fclerin<br \/>\n<strong>V\u00e9ronique Coiffet<\/strong>, Lehrbeauftragte und Lektorin f\u00fcr Franz\u00f6sisch<br \/>\n<strong>Ahmad Alkhalil<\/strong>, syrischer Journalist (die deutsche \u00dcbersetzung wird von <strong>Matthias Hofer<\/strong> vorgetragen)<br \/>\n<strong>Kira \u201eKijo\u201d Josephine<\/strong><br \/>\n<strong>Hannah<\/strong>, Studentin f\u00fcr Medien und Kommunikation<br \/>\nDie Veranstaltung wurde moderiert von der Lyrikerin <strong>Natascha Huber. <\/strong><\/p>\n<p><strong>Ort<\/strong>: Studio12, Gottfried-Sch\u00e4ffer-Stra\u00dfe 12, Passau<br \/>\n<strong>Zeit<\/strong>: Donnerstag, 09. November 2023, 18 Uhr<br \/>\n<strong>Eintritt<\/strong> frei<\/p>\n<\/div><div class='clear'><\/div>\n\t\t\t\t\t\t\t\t<\/div>\n\t\t\t\t\t\t\t<\/div>\n\t\t\t\t\t\t<\/div><div class='evo_metarow_organizer evorow evcal_evdata_row bordb evcal_evrow_sm '>\n\t\t\t\t\t\t\t<span class='evcal_evdata_icons'><i class='fa fa-address-book-o'><\/i><\/span>\n\t\t\t\t\t\t\t<div class='evcal_evdata_cell'>\t\t\t\t\t\t\t\n\t\t\t\t\t\t\t\t<h3 class='evo_h3'>Mitveranstalter \/ Partner<\/h3>\n\t\t\t\t\t\t\t\t<p class='evo_data_val evo_card_organizer_image'><img src='https:\/\/www.wochen-zur-demokratie.de\/archiv\/wp-content\/uploads\/2022\/08\/logo-studio12-web.jpg'\/><\/p>\n\t\t\t\t\t\t\t\t<div class='evo_card_organizer'><p class='evo_data_val evo_card_organizer_name'>\n\t\t\t\t\t\t\t\t\t<span class='evo_card_organizer_name_t'>Studio12<\/span>\n\t\t\t\t\t\t\t\t\t\n\t\t\t\t\t\t\t\t\t<\/p><\/div><div class='clear'><\/div>\t\t\t\t\t\t\t\n\t\t\t\t\t\t\t<\/div>\n\t\t\t\t\t\t<\/div>\t\t\t\t\t\t<div class='evo_metarow_ICS evorow bordb evcal_evdata_row'>\n\t\t\t\t\t\t\t<span class=\"evcal_evdata_icons\"><i class=\"fa fa-calendar\"><\/i><\/span>\n\t\t\t\t\t\t\t<div class='evcal_evdata_cell'>\n\t\t\t\t\t\t\t\t<p><a href='https:\/\/www.wochen-zur-demokratie.de\/archiv\/wp-admin\/admin-ajax.php?action=eventon_ics_download&amp;event_id=4020&amp;ri=0' class='evo_ics_nCal' title='Zum Ihrem Kalender hinzuf\u00fcgen'>Zum Kalender hinzuf\u00fcgen<\/a><a href='\/\/www.google.com\/calendar\/event?action=TEMPLATE&amp;text=Rhythm+in+lyrics&amp;dates=20231109T160000Z\/20231109T200000Z&amp;details=Poetry+Slam+-+das+moderne+Forum+der+Dichtkunst%2C+jung%2C+schnell%2C+offen%2C+direkt.+Gesprochene+Poesie%2C+selbstverfasste+Texte+in+unterschiedlichen%2C+individuell+gepr%C3%A4gten+Stilrichtungen+trafen+im+studio12+auf+ein+kritisches%2C+aktives+Publikum.+Auf&amp;location=Studio12%2C+Passau%2C+Innpromenade - ' target='_blank' class='evo_ics_gCal' title='Zum Ihrem Google-Kalender hinzuf\u00fcgen'>GoogleCal<\/a><\/p>\t\n\t\t\t\t\t\t\t<\/div>\n\t\t\t\t\t\t<\/div>\n\t\t\t\t\t\t<div class='bordb evo_metarow_socialmedia evcal_evdata_row  lastrow'><div class='evo_sm FacebookShare'><a class=\" evo_ss\" target=\"_blank\" onclick=\"javascript:window.open(this.href, '', 'left=50,top=50,width=600,height=350,toolbar=0');return false;\"\n\t\t\t\t\t\t\t\thref=\"http:\/\/www.facebook.com\/sharer.php?u=https%3A%2F%2Fwww.wochen-zur-demokratie.de%2Farchiv%2Fevents%2Flyrik-in-fremden-zungen%2F\" title=\"Diese Veranstaltung auf Facebook teilen\"><i class=\"fa fa-facebook\"><\/i><\/a><\/div><div class='evo_sm Twitter'><a class=\"tw evo_ss\" onclick=\"javascript:window.open(this.href, '', 'menubar=no,toolbar=no,resizable=yes,scrollbars=yes,height=300,width=600');return false;\" href=\"http:\/\/twitter.com\/intent\/tweet?text=Rhythm in lyrics&#32;-&#32;&url=https%3A%2F%2Fwww.wochen-zur-demokratie.de%2Farchiv%2Fevents%2Flyrik-in-fremden-zungen%2F\" title=\"Diese Veranstaltung auf Twitter teilen\" rel=\"nofollow\" target=\"_blank\" data-url=\"https%3A%2F%2Fwww.wochen-zur-demokratie.de%2Farchiv%2Fevents%2Flyrik-in-fremden-zungen%2F\"><i class=\"fa fa-twitter\"><\/i><\/a><\/div><div class='evo_sm LinkedIn'><a class=\"li evo_ss\" href=\"http:\/\/www.linkedin.com\/shareArticle?mini=true&url=https%3A%2F%2Fwww.wochen-zur-demokratie.de%2Farchiv%2Fevents%2Flyrik-in-fremden-zungen%2F&title=Rhythm%20in%20lyrics&summary=Poetry+Slam+%26%238211%3B+das+moderne+Forum+der+Dichtkunst%2C+jung%2C+schnell%2C+offen%2C+direkt.+Gesprochene+Poesie%2C+selbstverfasste+Texte\" target=\"_blank\" title=\"Diese Veranstaltung auf Linkedin teilen\"><i class=\"fa fa-linkedin\"><\/i><\/a><\/div><div class='evo_sm EmailShare'><a class=\"em evo_ss\" href=\"mailto:?subject=Rhythm in lyrics&body=Event Name: Rhythm in lyrics%0AEvent Date: 09\/11\/2023 18:00 - 22:00%0ALink: https%3A%2F%2Fwww.wochen-zur-demokratie.de%2Farchiv%2Fevents%2Flyrik-in-fremden-zungen%2F%0A\" target=\"_blank\"><i class=\"fa fa-envelope\"><\/i><\/a><\/div><div class='clear'><\/div><div class='evcal_evdata_row evcal_close' title='Close'><\/div><\/div><div class='evo_card_row_end evcal_close' title='Close'><\/div><\/div><div class='clear end'><\/div><\/div><div style=\"background-color: #a10066;height: 275px;\" id=\"event_4008\" class=\"eventon_list_event evo_eventtop past_event event event_4008_0\" data-event_id=\"4008\" data-ri=\"0r\" data-time=\"1699635600-1699650000\" data-colr=\"#a10066\" itemscope itemtype='http:\/\/schema.org\/Event'><div class=\"evo_event_schema\" style=\"display:none\" ><a itemprop='url'  href='https:\/\/www.wochen-zur-demokratie.de\/archiv\/events\/reparaturcafe-demokratiecafe\/'><\/a><span itemprop='name'  >Reparaturcaf\u00e9 & Demokratiecaf\u00e9<\/span><meta itemprop='image' content=\"https:\/\/www.wochen-zur-demokratie.de\/archiv\/wp-content\/uploads\/2023\/09\/VA-demokratiecafe1-web.jpg\" \/><meta itemprop='description' content=\"Kann man demokratische Prozesse zum Laufen bringen so wie man kaputte Gegenst\u00e4nde reparieren kann? Versuchen wir es einfach! Selbstwerkstatt e.V. und das Journalismus-Projekt Emerenz machen deshalb am Freitag, 10. November,\" \/><meta itemprop='startDate' content=\"2023-11-10T17:00\" \/><meta itemprop='endDate' content=\"2023-11-10T21:00\" \/><meta itemprop='eventStatus' content=\"on-schedule\" \/><script type=\"application\/ld+json\">{\t\"@context\": \"http:\/\/schema.org\",\n\t\t\t\t\t\t\t  \t\"@type\": \"Event\",\n\t\t\t\t\t\t\t  \t\"name\": \"Reparaturcaf\u00e9 & Demokratiecaf\u00e9\",\n\t\t\t\t\t\t\t  \t\"startDate\": \"2023-11-10T17-17-00-00\",\n\t\t\t\t\t\t\t  \t\"endDate\": \"2023-11-10T21-21-00-00\",\n\t\t\t\t\t\t\t  \t\"image\":\"https:\/\/www.wochen-zur-demokratie.de\/archiv\/wp-content\/uploads\/2023\/09\/VA-demokratiecafe1-web.jpg\",\n\t\t\t\t\t\t\t  \t\"description\":\"Kann man demokratische Prozesse zum Laufen bringen so wie man kaputte Gegenst\u00e4nde reparieren kann? Versuchen wir es einfach! Selbstwerkstatt e.V. und das Journalismus-Projekt Emerenz machen deshalb am Freitag, 10. November,\"\n\t\t\t\t\t\t\t  \t\n\t\t\t\t\t\t\t }<\/script><\/div>\n\t\t\t\t<p class=\"desc_trig_outter\"><a data-gmap_status=\"null\" data-gmtrig=\"1\" data-exlk=\"0\" id=\"evc_16996356004008\" class=\"desc_trig sin_val evcal_list_a\" data-ux_val=\"3\"  ><span class='evcal_cblock ' data-bgcolor='#a10066' data-smon='November' data-syr='2023'><span class='evo_start '><em class='date'>10<\/em><em class='month'>Nov.<\/em><em class='time'>17:00<\/em><\/span><span class='evo_end only_time'><em class='time'>21:00<\/em><\/span><em class='clear'><\/em><\/span><span class='evcal_desc evo_info hide_eventtopdata '  data-location_status=\"false\" ><span class='evo_above_title'><\/span><span class='evcal_desc2 evcal_event_title' itemprop='name'>Reparaturcaf\u00e9 & Demokratiecaf\u00e9<\/span><span class='evo_below_title'><span class='evcal_event_subtitle' >Selbstwerkstatt und Emerenz laden ein zu Kaffee, Kuchen und Eigeninitiative<\/span><\/span><span class='evcal_desc_info' ><em class='evcal_time'>17:00 - 21:00<\/em> <em class=\"evcal_location\"  data-add_str=\"\"><em class=\"event_location_name\">Montessori Schule Passau<\/em><\/em><\/span><span class='evcal_desc3'><\/span><\/span><em class='clear'><\/em><\/a><\/p><div class='event_description evcal_eventcard ' style=\"display:none\"><div class='evo_metarow_directimg'><img class='evo_event_main_img' src='https:\/\/www.wochen-zur-demokratie.de\/archiv\/wp-content\/uploads\/2023\/09\/VA-demokratiecafe1-web.jpg' \/><\/div><div class='evo_event_images'><span class='evo_event_more_img select'><img title='' src='https:\/\/www.wochen-zur-demokratie.de\/archiv\/wp-content\/uploads\/2023\/09\/VA-demokratiecafe1-web.jpg' data-f='https:\/\/www.wochen-zur-demokratie.de\/archiv\/wp-content\/uploads\/2023\/09\/VA-demokratiecafe1-web.jpg'\/><\/span><span class='evo_event_more_img '><img title='' src='https:\/\/www.wochen-zur-demokratie.de\/archiv\/wp-content\/uploads\/2023\/09\/VA-demokratiecafe2-web-150x150.jpg' data-f='https:\/\/www.wochen-zur-demokratie.de\/archiv\/wp-content\/uploads\/2023\/09\/VA-demokratiecafe2-web.jpg' data-h='533' data-w='800'\/><\/span><span class='evo_event_more_img '><img title='' src='https:\/\/www.wochen-zur-demokratie.de\/archiv\/wp-content\/uploads\/2023\/09\/VA-demokratiecafe3-web-150x150.jpg' data-f='https:\/\/www.wochen-zur-demokratie.de\/archiv\/wp-content\/uploads\/2023\/09\/VA-demokratiecafe3-web.jpg' data-h='524' data-w='800'\/><\/span><\/div><div class='evo_metarow_details evorow evcal_evdata_row bordb evcal_event_details'>\n\t\t\t\t\t\t\t<div class=\"event_excerpt\" style=\"display:none\"><h3 class=\"padb5 evo_h3\">Event Details<\/h3><p>Kann man demokratische Prozesse zum Laufen bringen so wie man kaputte Gegenst\u00e4nde reparieren kann? Versuchen wir es einfach! Selbstwerkstatt e.V. und das Journalismus-Projekt Emerenz machen deshalb am Freitag, 10. November,<\/p><\/div><span class='evcal_evdata_icons'><i class='fa fa-align-justify'><\/i><\/span>\n\t\t\t\t\t\t\t\n\t\t\t\t\t\t\t<div class='evcal_evdata_cell shorter_desc'><div class='eventon_details_shading_bot'>\n\t\t\t\t\t\t\t\t<p class='eventon_shad_p' content='less'><span class='ev_more_text' data-txt='Weniger anzeigen'>Mehr anzeigen<\/span><span class='ev_more_arrow'><\/span><\/p>\n\t\t\t\t\t\t\t<\/div><div class='eventon_full_description'>\n\t\t\t\t\t\t\t\t\t<h3 class='padb5 evo_h3'><span class='evcal_evdata_icons'><i class='fa fa-align-justify'><\/i><\/span>Event Details<\/h3><div class='eventon_desc_in' itemprop='description'>\n\t\t\t\t\t\t\t\t\t<p><strong>Kann man demokratische Prozesse zum Laufen bringen so wie man kaputte Gegenst\u00e4nde reparieren kann?<\/strong> Versuchen wir es einfach! Selbstwerkstatt e.V. und das Journalismus-Projekt Emerenz machen deshalb am Freitag, 10. November, von 17 bis 21 Uhr, gemeinsame Sache: W\u00e4hrend die Selbstwerkstatt ein Reparaturcaf\u00e9 veranstaltet, findet zeitgleich ein Demokratiecaf\u00e9 von und mit Emerenz statt. Nat\u00fcrlich bei Kaffee, Kuchen und kleinen Snacks.<\/p>\n<p>Seit ihrem Start 2020 reparieren in der <strong>Selbstwerkstatt<\/strong> regelm\u00e4\u00dfig Besucher*innen und ehrenamtliche Reparateur*innen gemeinsam kaputte Gegenst\u00e4nde. Hilfe zur Selbsthilfe ist das Motto. Jede und jeder darf mitmachen, Fragen stellen, Ideen \u00e4u\u00dfern \u2013 und auch bei den Gegenst\u00e4nden werden keine Unterschiede gemacht: Ein altes, billiges Ger\u00e4t wird genauso sorgf\u00e4ltig inspiziert und repariert wie ein neues, teures Ger\u00e4t.<\/p>\n<p>Im <strong>Demokratiecaf\u00e9<\/strong> gehen wir auf die gleiche Weise an gesellschaftliche Anliegen und demokratische Prozesse heran. Egal, welche Themen und Probleme mitgebracht werden, gemeinsam entwickeln wir Ideen f\u00fcr L\u00f6sungen. Auch hier ist Hilfe zur Selbsthilfe angesagt, statt auf die Initiative von Politik oder Verwaltung zu warten. Als Inspiration hat Emerenz die Menschen eingeladen, deren Geschichten das Journalismus-Projekt erz\u00e4hlt: Menschen, die durch ihre Ideen und ihr Engagement die Gesellschaft ein St\u00fcckchen besser machen.<\/p>\n<p>Eine Anmeldung ist nicht notwendig, im Fall der Selbstwerkstatt aber sinnvoll, damit das richtige Werkzeug bereitliegt. Kurze E-Mail an <a href=\"mailto:reparieren@selbstwerkstatt.org\"><strong>reparieren@selbstwerkstatt.org<\/strong><\/a> gen\u00fcgt.<\/p>\n<p><strong>Ort<\/strong>: Montessori-Schule, Spitalhofstra\u00dfe 37a, Passau<br \/>\n<strong>Zeit<\/strong>: Freitag, 10. November 2023, 17.00 \u2013 21.00 Uhr<br \/>\n<strong>Eintritt<\/strong> frei<\/p>\n<p><strong>Ansprechpartnerin<\/strong>: Karin Polz<\/p>\n<p><strong>Homepages\/Social Media<\/strong>:<\/p>\n<p><a href=\"http:\/\/www.selbstwerkstatt.org\" target=\"_blank\" rel=\"noopener\">www.selbstwerkstatt.org<\/a><\/p>\n<p><a href=\"https:\/\/www.instagram.com\/selbstwerkstatt_passau\/\" target=\"_blank\" rel=\"noopener\">https:\/\/www.instagram.com\/selbstwerkstatt_passau\/<\/a><\/p>\n<p><a href=\"https:\/\/www.facebook.com\/Selbstwerkstatt\" target=\"_blank\" rel=\"noopener\">https:\/\/www.facebook.com\/Selbstwerkstatt<\/a><\/p>\n<p><a href=\"http:\/\/www.emerenz-magazin.de\" target=\"_blank\" rel=\"noopener\">www.emerenz-magazin.de<\/a><\/p>\n<p><a href=\"https:\/\/www.instagram.com\/emere.nz\/\" target=\"_blank\" rel=\"noopener\">https:\/\/www.instagram.com\/emere.nz\/<\/a><\/p>\n<p><a href=\"https:\/\/www.facebook.com\/EmerenzMagazin\/\" target=\"_blank\" rel=\"noopener\">https:\/\/www.facebook.com\/EmerenzMagazin\/<\/a><\/p>\n<\/div><div class='clear'><\/div>\n\t\t\t\t\t\t\t\t<\/div>\n\t\t\t\t\t\t\t<\/div>\n\t\t\t\t\t\t<\/div><div class='evo_metarow_organizer evorow evcal_evdata_row bordb evcal_evrow_sm '>\n\t\t\t\t\t\t\t<span class='evcal_evdata_icons'><i class='fa fa-address-book-o'><\/i><\/span>\n\t\t\t\t\t\t\t<div class='evcal_evdata_cell'>\t\t\t\t\t\t\t\n\t\t\t\t\t\t\t\t<h3 class='evo_h3'>Mitveranstalter \/ Partner<\/h3>\n\t\t\t\t\t\t\t\t<p class='evo_data_val evo_card_organizer_image'><img src='https:\/\/www.wochen-zur-demokratie.de\/archiv\/wp-content\/uploads\/2023\/09\/logo-selbstwerkstatt-emerenz-web.jpg'\/><\/p>\n\t\t\t\t\t\t\t\t<div class='evo_card_organizer'><p class='evo_data_val evo_card_organizer_name'>\n\t\t\t\t\t\t\t\t\t<span class='evo_card_organizer_name_t'>Selbstwerkstatt Emerenz<\/span>\n\t\t\t\t\t\t\t\t\t\n\t\t\t\t\t\t\t\t\t<\/p><\/div><div class='clear'><\/div>\t\t\t\t\t\t\t\n\t\t\t\t\t\t\t<\/div>\n\t\t\t\t\t\t<\/div>\t\t\t\t\t\t<div class='evo_metarow_ICS evorow bordb evcal_evdata_row'>\n\t\t\t\t\t\t\t<span class=\"evcal_evdata_icons\"><i class=\"fa fa-calendar\"><\/i><\/span>\n\t\t\t\t\t\t\t<div class='evcal_evdata_cell'>\n\t\t\t\t\t\t\t\t<p><a href='https:\/\/www.wochen-zur-demokratie.de\/archiv\/wp-admin\/admin-ajax.php?action=eventon_ics_download&amp;event_id=4008&amp;ri=0' class='evo_ics_nCal' title='Zum Ihrem Kalender hinzuf\u00fcgen'>Zum Kalender hinzuf\u00fcgen<\/a><a href='\/\/www.google.com\/calendar\/event?action=TEMPLATE&amp;text=Reparaturcaf%C3%A9+%26+Demokratiecaf%C3%A9&amp;dates=20231110T150000Z\/20231110T190000Z&amp;details=Kann+man+demokratische+Prozesse+zum+Laufen+bringen+so+wie+man+kaputte+Gegenst%C3%A4nde+reparieren+kann%3F+Versuchen+wir+es+einfach%21+Selbstwerkstatt+e.V.+und+das+Journalismus-Projekt+Emerenz+machen+deshalb+am+Freitag%2C+10.+November%2C&amp;location=Montessori+Schule+Passau - ' target='_blank' class='evo_ics_gCal' title='Zum Ihrem Google-Kalender hinzuf\u00fcgen'>GoogleCal<\/a><\/p>\t\n\t\t\t\t\t\t\t<\/div>\n\t\t\t\t\t\t<\/div>\n\t\t\t\t\t\t<div class='bordb evo_metarow_socialmedia evcal_evdata_row  lastrow'><div class='evo_sm FacebookShare'><a class=\" evo_ss\" target=\"_blank\" onclick=\"javascript:window.open(this.href, '', 'left=50,top=50,width=600,height=350,toolbar=0');return false;\"\n\t\t\t\t\t\t\t\thref=\"http:\/\/www.facebook.com\/sharer.php?u=https%3A%2F%2Fwww.wochen-zur-demokratie.de%2Farchiv%2Fevents%2Freparaturcafe-demokratiecafe%2F\" title=\"Diese Veranstaltung auf Facebook teilen\"><i class=\"fa fa-facebook\"><\/i><\/a><\/div><div class='evo_sm Twitter'><a class=\"tw evo_ss\" onclick=\"javascript:window.open(this.href, '', 'menubar=no,toolbar=no,resizable=yes,scrollbars=yes,height=300,width=600');return false;\" href=\"http:\/\/twitter.com\/intent\/tweet?text=Reparaturcaf\u00e9 &#038; Demokratiecaf\u00e9&#32;-&#32;&url=https%3A%2F%2Fwww.wochen-zur-demokratie.de%2Farchiv%2Fevents%2Freparaturcafe-demokratiecafe%2F\" title=\"Diese Veranstaltung auf Twitter teilen\" rel=\"nofollow\" target=\"_blank\" data-url=\"https%3A%2F%2Fwww.wochen-zur-demokratie.de%2Farchiv%2Fevents%2Freparaturcafe-demokratiecafe%2F\"><i class=\"fa fa-twitter\"><\/i><\/a><\/div><div class='evo_sm LinkedIn'><a class=\"li evo_ss\" href=\"http:\/\/www.linkedin.com\/shareArticle?mini=true&url=https%3A%2F%2Fwww.wochen-zur-demokratie.de%2Farchiv%2Fevents%2Freparaturcafe-demokratiecafe%2F&title=Reparaturcaf%C3%A9%20%26%23038%3B%20Demokratiecaf%C3%A9&summary=Kann+man+demokratische+Prozesse+zum+Laufen+bringen+so+wie+man+kaputte+Gegenst%C3%A4nde+reparieren+kann%3F+Versuchen+wir\" target=\"_blank\" title=\"Diese Veranstaltung auf Linkedin teilen\"><i class=\"fa fa-linkedin\"><\/i><\/a><\/div><div class='evo_sm EmailShare'><a class=\"em evo_ss\" href=\"mailto:?subject=Reparaturcaf\u00e9 %26 Demokratiecaf\u00e9&body=Event Name: Reparaturcaf\u00e9 %26 Demokratiecaf\u00e9%0AEvent Date: 10\/11\/2023 17:00 - 21:00%0ALink: https%3A%2F%2Fwww.wochen-zur-demokratie.de%2Farchiv%2Fevents%2Freparaturcafe-demokratiecafe%2F%0A\" target=\"_blank\"><i class=\"fa fa-envelope\"><\/i><\/a><\/div><div class='clear'><\/div><div class='evcal_evdata_row evcal_close' title='Close'><\/div><\/div><div class='evo_card_row_end evcal_close' title='Close'><\/div><\/div><div class='clear end'><\/div><\/div><div style=\"background-color: #a10066;height: 275px;\" id=\"event_4016\" class=\"eventon_list_event evo_eventtop past_event event event_4016_0\" data-event_id=\"4016\" data-ri=\"0r\" data-time=\"1699647300-1699657200\" data-colr=\"#a10066\" itemscope itemtype='http:\/\/schema.org\/Event'><div class=\"evo_event_schema\" style=\"display:none\" ><a itemprop='url'  href='https:\/\/www.wochen-zur-demokratie.de\/archiv\/events\/klaenge-des-verschweigens\/'><\/a><span itemprop='name'  >Kl\u00e4nge des Verschweigens<\/span><meta itemprop='image' content=\"https:\/\/www.wochen-zur-demokratie.de\/archiv\/wp-content\/uploads\/2024\/01\/VA-klaenge4-web.jpg\" \/><meta itemprop='description' content=\"In seinem Dokumentarfilm erkundet Klaus Stanjek das Familiengeheimnis rund um seinen Onkel Willi Heckmann. Sein Onkel Willi war Berufsmusiker und trat \u00fcber f\u00fcnf Jahrzehnte lang in ganz Deutschland auf, u.a.\" \/><meta itemprop='startDate' content=\"2023-11-10T20:15\" \/><meta itemprop='endDate' content=\"2023-11-10T23:00\" \/><meta itemprop='eventStatus' content=\"on-schedule\" \/><script type=\"application\/ld+json\">{\t\"@context\": \"http:\/\/schema.org\",\n\t\t\t\t\t\t\t  \t\"@type\": \"Event\",\n\t\t\t\t\t\t\t  \t\"name\": \"Kl\u00e4nge des Verschweigens\",\n\t\t\t\t\t\t\t  \t\"startDate\": \"2023-11-10T20-20-15-00\",\n\t\t\t\t\t\t\t  \t\"endDate\": \"2023-11-10T23-23-00-00\",\n\t\t\t\t\t\t\t  \t\"image\":\"https:\/\/www.wochen-zur-demokratie.de\/archiv\/wp-content\/uploads\/2024\/01\/VA-klaenge4-web.jpg\",\n\t\t\t\t\t\t\t  \t\"description\":\"In seinem Dokumentarfilm erkundet Klaus Stanjek das Familiengeheimnis rund um seinen Onkel Willi Heckmann. Sein Onkel Willi war Berufsmusiker und trat \u00fcber f\u00fcnf Jahrzehnte lang in ganz Deutschland auf, u.a.\"\n\t\t\t\t\t\t\t  \t\n\t\t\t\t\t\t\t }<\/script><\/div>\n\t\t\t\t<p class=\"desc_trig_outter\"><a data-gmap_status=\"null\" data-gmtrig=\"1\" data-exlk=\"0\" id=\"evc_16996473004016\" class=\"desc_trig sin_val evcal_list_a\" data-ux_val=\"3\"  ><span class='evcal_cblock ' data-bgcolor='#a10066' data-smon='November' data-syr='2023'><span class='evo_start '><em class='date'>10<\/em><em class='month'>Nov.<\/em><em class='time'>20:15<\/em><\/span><span class='evo_end only_time'><em class='time'>23:00<\/em><\/span><em class='clear'><\/em><\/span><span class='evcal_desc evo_info hide_eventtopdata '  data-location_status=\"false\" ><span class='evo_above_title'><\/span><span class='evcal_desc2 evcal_event_title' itemprop='name'>Kl\u00e4nge des Verschweigens<\/span><span class='evo_below_title'><span class='evcal_event_subtitle' >Ein detektivischer Dokumentarfilm von Klaus Stanjek<\/span><\/span><span class='evcal_desc_info' ><em class='evcal_time'>20:15 - 23:00<\/em> <em class=\"evcal_location\"  data-add_str=\"\"><em class=\"event_location_name\">ProLi Caf\u00e9 &amp; Kino, Passau<\/em><\/em><\/span><span class='evcal_desc3'><\/span><\/span><em class='clear'><\/em><\/a><\/p><div class='event_description evcal_eventcard ' style=\"display:none\"><div class='evo_metarow_directimg'><img class='evo_event_main_img' src='https:\/\/www.wochen-zur-demokratie.de\/archiv\/wp-content\/uploads\/2024\/01\/VA-klaenge4-web.jpg' \/><\/div><div class='evo_event_images'><span class='evo_event_more_img select'><img title='' src='https:\/\/www.wochen-zur-demokratie.de\/archiv\/wp-content\/uploads\/2024\/01\/VA-klaenge4-web.jpg' data-f='https:\/\/www.wochen-zur-demokratie.de\/archiv\/wp-content\/uploads\/2024\/01\/VA-klaenge4-web.jpg'\/><\/span><span class='evo_event_more_img '><img title='' src='https:\/\/www.wochen-zur-demokratie.de\/archiv\/wp-content\/uploads\/2023\/09\/VA-klaenge2-web-150x150.jpg' data-f='https:\/\/www.wochen-zur-demokratie.de\/archiv\/wp-content\/uploads\/2023\/09\/VA-klaenge2-web.jpg' data-h='450' data-w='800'\/><\/span><span class='evo_event_more_img '><img title='' src='https:\/\/www.wochen-zur-demokratie.de\/archiv\/wp-content\/uploads\/2023\/09\/VA-klaenge1-web-150x150.jpg' data-f='https:\/\/www.wochen-zur-demokratie.de\/archiv\/wp-content\/uploads\/2023\/09\/VA-klaenge1-web.jpg' data-h='398' data-w='800'\/><\/span><span class='evo_event_more_img '><img title='' src='https:\/\/www.wochen-zur-demokratie.de\/archiv\/wp-content\/uploads\/2024\/01\/VA-klaenge6-web-150x150.jpg' data-f='https:\/\/www.wochen-zur-demokratie.de\/archiv\/wp-content\/uploads\/2024\/01\/VA-klaenge6-web.jpg' data-h='519' data-w='800'\/><\/span><span class='evo_event_more_img '><img title='' src='https:\/\/www.wochen-zur-demokratie.de\/archiv\/wp-content\/uploads\/2024\/01\/VA-klaenge5-web-150x150.jpg' data-f='https:\/\/www.wochen-zur-demokratie.de\/archiv\/wp-content\/uploads\/2024\/01\/VA-klaenge5-web.jpg' data-h='361' data-w='800'\/><\/span><\/div><div class='evo_metarow_details evorow evcal_evdata_row bordb evcal_event_details'>\n\t\t\t\t\t\t\t<div class=\"event_excerpt\" style=\"display:none\"><h3 class=\"padb5 evo_h3\">Event Details<\/h3><p>In seinem Dokumentarfilm erkundet Klaus Stanjek das Familiengeheimnis rund um seinen Onkel Willi Heckmann. Sein Onkel Willi war Berufsmusiker und trat \u00fcber f\u00fcnf Jahrzehnte lang in ganz Deutschland auf, u.a.<\/p><\/div><span class='evcal_evdata_icons'><i class='fa fa-align-justify'><\/i><\/span>\n\t\t\t\t\t\t\t\n\t\t\t\t\t\t\t<div class='evcal_evdata_cell shorter_desc'><div class='eventon_details_shading_bot'>\n\t\t\t\t\t\t\t\t<p class='eventon_shad_p' content='less'><span class='ev_more_text' data-txt='Weniger anzeigen'>Mehr anzeigen<\/span><span class='ev_more_arrow'><\/span><\/p>\n\t\t\t\t\t\t\t<\/div><div class='eventon_full_description'>\n\t\t\t\t\t\t\t\t\t<h3 class='padb5 evo_h3'><span class='evcal_evdata_icons'><i class='fa fa-align-justify'><\/i><\/span>Event Details<\/h3><div class='eventon_desc_in' itemprop='description'>\n\t\t\t\t\t\t\t\t\t<p><strong>In seinem Dokumentarfilm erkundet Klaus Stanjek das Familiengeheimnis rund um seinen Onkel Willi Heckmann.<\/strong> Sein <em>Onkel Willi<\/em> war Berufsmusiker und trat \u00fcber f\u00fcnf Jahrzehnte lang in ganz Deutschland auf, u.a. auch in Passau. Er war stets gut gelaunt und bei allen beliebt. In seiner Familie galt er jedoch als schwarzes Schaf, \u00fcber dessen Leben wenig gesprochen wurde. Erst mit 40 Jahren erfuhr Stanjek, dass sein Onkel aufgrund seiner sexuellen Orientierung acht Jahre im KZ verbracht hatte. Wie ist es dazu gekommen? Wie hat er es geschafft, die Inhaftierung zu \u00fcberleben? Warum wurde in der Familie nie dar\u00fcber gesprochen? Diesen und anderen Fragen geht Stanjek in seinem Film nach. Er nimmt die Zuschauer mit auf eine Spurensuche, die nicht nur Licht auf das Leben seines Onkels und seiner Familie wirft, sondern auch<strong> Hinweise auf den gesamtgesellschaftlichen Umgang mit Nationalsozialismus, KZ-Inhaftierung und Homosexualit\u00e4t<\/strong> gibt.<\/p>\n<p>Der mehrfach preisgekr\u00f6nte Film beeindruckt nicht nur durch den Mut, dieses innerfamili\u00e4re Thema auf die Leinwand zu bringen, sondern vor allem durch seine kreative und abwechslungsreiche, teils animierte Filmsprache. Diese verleiht dem famili\u00e4ren Verschweigen jenen Klang, der Willi Heckmann als Lebenselixier diente.<\/p>\n<p>Der <strong>Regisseur Klaus Stanjek<\/strong> stand im Anschluss an den Film f\u00fcr Fragen und Diskussion zur Verf\u00fcgung.<\/p>\n<p><em><a href=\"https:\/\/www.wochen-zur-demokratie.de\/archiv\/wp-content\/uploads\/2024\/01\/231117-pnp-WzD-Willi.jpg\" target=\"_blank\" rel=\"noopener\">Zum Pressebericht<\/a><\/em><\/p>\n<p><strong>Beginn<\/strong>: 20.15 Uhr<br \/>\n<strong>Ort<\/strong>: ProLi Kino, Passau<br \/>\n<a href=\"https:\/\/www.cineplex.de\/film\/klaenge-des-verschweigens\/262174\/passau\/\" target=\"_blank\" rel=\"noopener\"><strong>Eintritt online<\/strong><\/a>: Parkett 9 \u20ac \/ Loge 11 \u20ac \/ Premium 14 \u20ac<br \/>\n<strong>Eintritt Kassenpreis<\/strong>: Parkett 10 \u20ac \/ Loge 12 \u20ac \/ Premium 15 \u20ac<\/p>\n<\/div><div class='clear'><\/div>\n\t\t\t\t\t\t\t\t<\/div>\n\t\t\t\t\t\t\t<\/div>\n\t\t\t\t\t\t<\/div><div class='evo_metarow_organizer evorow evcal_evdata_row bordb evcal_evrow_sm '>\n\t\t\t\t\t\t\t<span class='evcal_evdata_icons'><i class='fa fa-address-book-o'><\/i><\/span>\n\t\t\t\t\t\t\t<div class='evcal_evdata_cell'>\t\t\t\t\t\t\t\n\t\t\t\t\t\t\t\t<h3 class='evo_h3'>Mitveranstalter \/ Partner<\/h3>\n\t\t\t\t\t\t\t\t<p class='evo_data_val evo_card_organizer_image'><img src='https:\/\/www.wochen-zur-demokratie.de\/archiv\/wp-content\/uploads\/2023\/09\/Logos-Bistum-LGBTQ-DGB-hoch-300x180.jpg'\/><\/p>\n\t\t\t\t\t\t\t\t<div class='evo_card_organizer'><p class='evo_data_val evo_card_organizer_name'>\n\t\t\t\t\t\t\t\t\t<span class='evo_card_organizer_name_t'>LGBTQ+Stammtisch | Bistum Passau | DGB Passau<\/span>\n\t\t\t\t\t\t\t\t\t\n\t\t\t\t\t\t\t\t\t<\/p><\/div><div class='clear'><\/div>\t\t\t\t\t\t\t\n\t\t\t\t\t\t\t<\/div>\n\t\t\t\t\t\t<\/div>\t\t\t\t\t\t<div class='evo_metarow_ICS evorow bordb evcal_evdata_row'>\n\t\t\t\t\t\t\t<span class=\"evcal_evdata_icons\"><i class=\"fa fa-calendar\"><\/i><\/span>\n\t\t\t\t\t\t\t<div class='evcal_evdata_cell'>\n\t\t\t\t\t\t\t\t<p><a href='https:\/\/www.wochen-zur-demokratie.de\/archiv\/wp-admin\/admin-ajax.php?action=eventon_ics_download&amp;event_id=4016&amp;ri=0' class='evo_ics_nCal' title='Zum Ihrem Kalender hinzuf\u00fcgen'>Zum Kalender hinzuf\u00fcgen<\/a><a href='\/\/www.google.com\/calendar\/event?action=TEMPLATE&amp;text=Kl%C3%A4nge+des+Verschweigens&amp;dates=20231110T181500Z\/20231110T210000Z&amp;details=In+seinem+Dokumentarfilm+erkundet+Klaus+Stanjek+das+Familiengeheimnis+rund+um+seinen+Onkel+Willi+Heckmann.+Sein+Onkel+Willi+war+Berufsmusiker+und+trat+%C3%BCber+f%C3%BCnf+Jahrzehnte+lang+in+ganz+Deutschland+auf%2C+u.a.&amp;location=ProLi+Caf%C3%A9+%26amp%3B+Kino%2C+Passau - ' target='_blank' class='evo_ics_gCal' title='Zum Ihrem Google-Kalender hinzuf\u00fcgen'>GoogleCal<\/a><\/p>\t\n\t\t\t\t\t\t\t<\/div>\n\t\t\t\t\t\t<\/div>\n\t\t\t\t\t\t<div class='bordb evo_metarow_socialmedia evcal_evdata_row  lastrow'><div class='evo_sm FacebookShare'><a class=\" evo_ss\" target=\"_blank\" onclick=\"javascript:window.open(this.href, '', 'left=50,top=50,width=600,height=350,toolbar=0');return false;\"\n\t\t\t\t\t\t\t\thref=\"http:\/\/www.facebook.com\/sharer.php?u=https%3A%2F%2Fwww.wochen-zur-demokratie.de%2Farchiv%2Fevents%2Fklaenge-des-verschweigens%2F\" title=\"Diese Veranstaltung auf Facebook teilen\"><i class=\"fa fa-facebook\"><\/i><\/a><\/div><div class='evo_sm Twitter'><a class=\"tw evo_ss\" onclick=\"javascript:window.open(this.href, '', 'menubar=no,toolbar=no,resizable=yes,scrollbars=yes,height=300,width=600');return false;\" href=\"http:\/\/twitter.com\/intent\/tweet?text=Kl\u00e4nge des Verschweigens&#32;-&#32;&url=https%3A%2F%2Fwww.wochen-zur-demokratie.de%2Farchiv%2Fevents%2Fklaenge-des-verschweigens%2F\" title=\"Diese Veranstaltung auf Twitter teilen\" rel=\"nofollow\" target=\"_blank\" data-url=\"https%3A%2F%2Fwww.wochen-zur-demokratie.de%2Farchiv%2Fevents%2Fklaenge-des-verschweigens%2F\"><i class=\"fa fa-twitter\"><\/i><\/a><\/div><div class='evo_sm LinkedIn'><a class=\"li evo_ss\" href=\"http:\/\/www.linkedin.com\/shareArticle?mini=true&url=https%3A%2F%2Fwww.wochen-zur-demokratie.de%2Farchiv%2Fevents%2Fklaenge-des-verschweigens%2F&title=Kl%C3%A4nge%20des%20Verschweigens&summary=In+seinem+Dokumentarfilm+erkundet+Klaus+Stanjek+das+Familiengeheimnis+rund+um+seinen+Onkel+Willi+Heckmann.+Sein+Onkel\" target=\"_blank\" title=\"Diese Veranstaltung auf Linkedin teilen\"><i class=\"fa fa-linkedin\"><\/i><\/a><\/div><div class='evo_sm EmailShare'><a class=\"em evo_ss\" href=\"mailto:?subject=Kl\u00e4nge des Verschweigens&body=Event Name: Kl\u00e4nge des Verschweigens%0AEvent Date: 10\/11\/2023 20:15 - 23:00%0ALink: https%3A%2F%2Fwww.wochen-zur-demokratie.de%2Farchiv%2Fevents%2Fklaenge-des-verschweigens%2F%0A\" target=\"_blank\"><i class=\"fa fa-envelope\"><\/i><\/a><\/div><div class='clear'><\/div><div class='evcal_evdata_row evcal_close' title='Close'><\/div><\/div><div class='evo_card_row_end evcal_close' title='Close'><\/div><\/div><div class='clear end'><\/div><\/div><div style=\"background-color: #a10066;height: 275px;\" id=\"event_4018\" class=\"eventon_list_event evo_eventtop past_event event event_4018_0\" data-event_id=\"4018\" data-ri=\"0r\" data-time=\"1699707600-1699714800\" data-colr=\"#a10066\" itemscope itemtype='http:\/\/schema.org\/Event'><div class=\"evo_event_schema\" style=\"display:none\" ><a itemprop='url'  href='https:\/\/www.wochen-zur-demokratie.de\/archiv\/events\/philosophischer-spaziergang-durch-die-passauer-altstadt\/'><\/a><span itemprop='name'  >Philosophischer Spaziergang durch die Passauer Altstadt<\/span><meta itemprop='image' content=\"https:\/\/www.wochen-zur-demokratie.de\/archiv\/wp-content\/uploads\/2024\/01\/VA-spaziergang3-web.jpg\" \/><meta itemprop='description' content=\"Bereits in der griechischen Antike wurde das Philosophieren in einer Gruppe und nicht zuletzt auch im Gehen (\u201eperipatos\u201c) bzw. an \u00f6ffentlichen Pl\u00e4tzen (\u201eagora\u201c) betrieben. Diese alte Tradition soll in einer\" \/><meta itemprop='startDate' content=\"2023-11-11T13:00\" \/><meta itemprop='endDate' content=\"2023-11-11T15:00\" \/><meta itemprop='eventStatus' content=\"on-schedule\" \/><script type=\"application\/ld+json\">{\t\"@context\": \"http:\/\/schema.org\",\n\t\t\t\t\t\t\t  \t\"@type\": \"Event\",\n\t\t\t\t\t\t\t  \t\"name\": \"Philosophischer Spaziergang durch die Passauer Altstadt\",\n\t\t\t\t\t\t\t  \t\"startDate\": \"2023-11-11T13-13-00-00\",\n\t\t\t\t\t\t\t  \t\"endDate\": \"2023-11-11T15-15-00-00\",\n\t\t\t\t\t\t\t  \t\"image\":\"https:\/\/www.wochen-zur-demokratie.de\/archiv\/wp-content\/uploads\/2024\/01\/VA-spaziergang3-web.jpg\",\n\t\t\t\t\t\t\t  \t\"description\":\"Bereits in der griechischen Antike wurde das Philosophieren in einer Gruppe und nicht zuletzt auch im Gehen (\u201eperipatos\u201c) bzw. an \u00f6ffentlichen Pl\u00e4tzen (\u201eagora\u201c) betrieben. Diese alte Tradition soll in einer\"\n\t\t\t\t\t\t\t  \t\n\t\t\t\t\t\t\t }<\/script><\/div>\n\t\t\t\t<p class=\"desc_trig_outter\"><a data-gmap_status=\"null\" data-gmtrig=\"1\" data-exlk=\"0\" id=\"evc_16997076004018\" class=\"desc_trig sin_val evcal_list_a\" data-ux_val=\"3\"  ><span class='evcal_cblock ' data-bgcolor='#a10066' data-smon='November' data-syr='2023'><span class='evo_start '><em class='date'>11<\/em><em class='month'>Nov.<\/em><em class='time'>13:00<\/em><\/span><span class='evo_end only_time'><em class='time'>15:00<\/em><\/span><em class='clear'><\/em><\/span><span class='evcal_desc evo_info hide_eventtopdata '  data-location_status=\"false\" ><span class='evo_above_title'><\/span><span class='evcal_desc2 evcal_event_title' itemprop='name'>Philosophischer Spaziergang durch die Passauer Altstadt<\/span><span class='evo_below_title'><span class='evcal_event_subtitle' >Gemeinsames Flanieren, Beobachten & Reflektieren an ausgew\u00e4hlten Orten<\/span><\/span><span class='evcal_desc_info' ><em class='evcal_time'>13:00 - 15:00<\/em> <em class=\"evcal_location\"  data-add_str=\"\"><em class=\"event_location_name\">Brunnen am Residenzplatz, Passau<\/em><\/em><\/span><span class='evcal_desc3'><\/span><\/span><em class='clear'><\/em><\/a><\/p><div class='event_description evcal_eventcard ' style=\"display:none\"><div class='evo_metarow_directimg'><img class='evo_event_main_img' src='https:\/\/www.wochen-zur-demokratie.de\/archiv\/wp-content\/uploads\/2024\/01\/VA-spaziergang3-web.jpg' \/><\/div><div class='evo_event_images'><span class='evo_event_more_img select'><img title='' src='https:\/\/www.wochen-zur-demokratie.de\/archiv\/wp-content\/uploads\/2024\/01\/VA-spaziergang3-web.jpg' data-f='https:\/\/www.wochen-zur-demokratie.de\/archiv\/wp-content\/uploads\/2024\/01\/VA-spaziergang3-web.jpg'\/><\/span><span class='evo_event_more_img '><img title='' src='https:\/\/www.wochen-zur-demokratie.de\/archiv\/wp-content\/uploads\/2023\/09\/VA-spaziergang-Wobser-web-150x150.jpg' data-f='https:\/\/www.wochen-zur-demokratie.de\/archiv\/wp-content\/uploads\/2023\/09\/VA-spaziergang-Wobser-web.jpg' data-h='400' data-w='800'\/><\/span><span class='evo_event_more_img '><img title='' src='https:\/\/www.wochen-zur-demokratie.de\/archiv\/wp-content\/uploads\/2024\/01\/VA-spaziergang4-web-150x150.jpg' data-f='https:\/\/www.wochen-zur-demokratie.de\/archiv\/wp-content\/uploads\/2024\/01\/VA-spaziergang4-web.jpg' data-h='600' data-w='800'\/><\/span><\/div><div class='evo_metarow_details evorow evcal_evdata_row bordb evcal_event_details'>\n\t\t\t\t\t\t\t<div class=\"event_excerpt\" style=\"display:none\"><h3 class=\"padb5 evo_h3\">Event Details<\/h3><p>Bereits in der griechischen Antike wurde das Philosophieren in einer Gruppe und nicht zuletzt auch im Gehen (\u201eperipatos\u201c) bzw. an \u00f6ffentlichen Pl\u00e4tzen (\u201eagora\u201c) betrieben. Diese alte Tradition soll in einer<\/p><\/div><span class='evcal_evdata_icons'><i class='fa fa-align-justify'><\/i><\/span>\n\t\t\t\t\t\t\t\n\t\t\t\t\t\t\t<div class='evcal_evdata_cell shorter_desc'><div class='eventon_details_shading_bot'>\n\t\t\t\t\t\t\t\t<p class='eventon_shad_p' content='less'><span class='ev_more_text' data-txt='Weniger anzeigen'>Mehr anzeigen<\/span><span class='ev_more_arrow'><\/span><\/p>\n\t\t\t\t\t\t\t<\/div><div class='eventon_full_description'>\n\t\t\t\t\t\t\t\t\t<h3 class='padb5 evo_h3'><span class='evcal_evdata_icons'><i class='fa fa-align-justify'><\/i><\/span>Event Details<\/h3><div class='eventon_desc_in' itemprop='description'>\n\t\t\t\t\t\t\t\t\t<p>Bereits in der griechischen Antike wurde das Philosophieren in einer Gruppe und nicht zuletzt auch im Gehen (\u201eperipatos\u201c) bzw. an \u00f6ffentlichen Pl\u00e4tzen (\u201eagora\u201c) betrieben. Diese alte Tradition soll in einer kleinen Gruppe aufgegriffen und erneuert werden, indem <strong>ein gemeinsamer Spaziergang an ausgew\u00e4hlte Orte der Passauer Altstadt<\/strong> f\u00fchrt. Die Orte sollen wahrgenommen und in politischen, \u00e4sthetischen oder \u00f6kologischen Hinsichten miteinander gezielt \u201ebedacht\u201c werden: Wof\u00fcr steht der Rathausplatz \u2013 und wof\u00fcr sollte er stehen? Welche Eindr\u00fccke erzeugt der starke Kontrast aus den dynamischen Fl\u00fcssen und dem Dom? Wie w\u00fcrde sich akustisch und visuell die Atmosph\u00e4re in der Altstadt ver\u00e4ndern \u2013 wenn man den Autoverkehr los w\u00e4re? In einem dialogischen Austausch dar\u00fcber wird die Demokratie, die ihren Ursprung auch in Athen (\u201epolis\u201c) hat, philosophisch lebendig. Als gezielte Impulse dienten u.a. Zitate, Gedichte, Anekdoten. Eine Fachexpertise ist nicht notwendig, nur das Sich-Einlassen auf die miteinander geteilte Situation, in denen neuartige Perspektiven auf bekannte Orte unseres Alltags gewonnen werden sollen. Jede*r ist als \u201eFlaneur*in\u201c willkommen!<\/p>\n<p><strong>Dr. Florian Wobser<\/strong> lehrt und forscht als Philosoph mit dem Schwerpunkt Didaktik an der Universit\u00e4t Passau u.a. zu performativen Aspekten des Philosophierens in der \u00d6ffentlichkeit.<\/p>\n<p><em><a href=\"https:\/\/www.wochen-zur-demokratie.de\/archiv\/wp-content\/uploads\/2024\/01\/231114-pnp-WzD-Spaziergang.pdf\" target=\"_blank\" rel=\"noopener\">Zum Pressebericht<\/a><\/em><\/p>\n<p><strong>Treffpunkt<\/strong>: Brunnen am Residenzplatz, Passau<br \/>\n<strong>Zeit<\/strong>: Samstag, 11. November 2023, 13.00 \u2013 15.00 Uhr<br \/>\n<strong>Eintritt<\/strong> frei<\/p>\n<\/div><div class='clear'><\/div>\n\t\t\t\t\t\t\t\t<\/div>\n\t\t\t\t\t\t\t<\/div>\n\t\t\t\t\t\t<\/div>\t\t\t\t\t\t<div class='evo_metarow_ICS evorow bordb evcal_evdata_row'>\n\t\t\t\t\t\t\t<span class=\"evcal_evdata_icons\"><i class=\"fa fa-calendar\"><\/i><\/span>\n\t\t\t\t\t\t\t<div class='evcal_evdata_cell'>\n\t\t\t\t\t\t\t\t<p><a href='https:\/\/www.wochen-zur-demokratie.de\/archiv\/wp-admin\/admin-ajax.php?action=eventon_ics_download&amp;event_id=4018&amp;ri=0' class='evo_ics_nCal' title='Zum Ihrem Kalender hinzuf\u00fcgen'>Zum Kalender hinzuf\u00fcgen<\/a><a href='\/\/www.google.com\/calendar\/event?action=TEMPLATE&amp;text=Philosophischer+Spaziergang+durch+die+Passauer+Altstadt&amp;dates=20231111T110000Z\/20231111T130000Z&amp;details=Bereits+in+der+griechischen+Antike+wurde+das+Philosophieren+in+einer+Gruppe+und+nicht+zuletzt+auch+im+Gehen+%28%E2%80%9Eperipatos%E2%80%9C%29+bzw.+an+%C3%B6ffentlichen+Pl%C3%A4tzen+%28%E2%80%9Eagora%E2%80%9C%29+betrieben.+Diese+alte+Tradition+soll+in+einer&amp;location=Brunnen+am+Residenzplatz%2C+Passau - ' target='_blank' class='evo_ics_gCal' title='Zum Ihrem Google-Kalender hinzuf\u00fcgen'>GoogleCal<\/a><\/p>\t\n\t\t\t\t\t\t\t<\/div>\n\t\t\t\t\t\t<\/div>\n\t\t\t\t\t\t<div class='bordb evo_metarow_socialmedia evcal_evdata_row  lastrow'><div class='evo_sm FacebookShare'><a class=\" evo_ss\" target=\"_blank\" onclick=\"javascript:window.open(this.href, '', 'left=50,top=50,width=600,height=350,toolbar=0');return false;\"\n\t\t\t\t\t\t\t\thref=\"http:\/\/www.facebook.com\/sharer.php?u=https%3A%2F%2Fwww.wochen-zur-demokratie.de%2Farchiv%2Fevents%2Fphilosophischer-spaziergang-durch-die-passauer-altstadt%2F\" title=\"Diese Veranstaltung auf Facebook teilen\"><i class=\"fa fa-facebook\"><\/i><\/a><\/div><div class='evo_sm Twitter'><a class=\"tw evo_ss\" onclick=\"javascript:window.open(this.href, '', 'menubar=no,toolbar=no,resizable=yes,scrollbars=yes,height=300,width=600');return false;\" href=\"http:\/\/twitter.com\/intent\/tweet?text=Philosophischer Spaziergang durch die Passauer Altstadt&#32;-&#32;&url=https%3A%2F%2Fwww.wochen-zur-demokratie.de%2Farchiv%2Fevents%2Fphilosophischer-spaziergang-durch-die-passauer-altstadt%2F\" title=\"Diese Veranstaltung auf Twitter teilen\" rel=\"nofollow\" target=\"_blank\" data-url=\"https%3A%2F%2Fwww.wochen-zur-demokratie.de%2Farchiv%2Fevents%2Fphilosophischer-spaziergang-durch-die-passauer-altstadt%2F\"><i class=\"fa fa-twitter\"><\/i><\/a><\/div><div class='evo_sm LinkedIn'><a class=\"li evo_ss\" href=\"http:\/\/www.linkedin.com\/shareArticle?mini=true&url=https%3A%2F%2Fwww.wochen-zur-demokratie.de%2Farchiv%2Fevents%2Fphilosophischer-spaziergang-durch-die-passauer-altstadt%2F&title=Philosophischer%20Spaziergang%20durch%20die%20Passauer%20Altstadt&summary=Bereits+in+der+griechischen+Antike+wurde+das+Philosophieren+in+einer+Gruppe+und+nicht+zuletzt+auch+im\" target=\"_blank\" title=\"Diese Veranstaltung auf Linkedin teilen\"><i class=\"fa fa-linkedin\"><\/i><\/a><\/div><div class='evo_sm EmailShare'><a class=\"em evo_ss\" href=\"mailto:?subject=Philosophischer Spaziergang durch die Passauer Altstadt&body=Event Name: Philosophischer Spaziergang durch die Passauer Altstadt%0AEvent Date: 11\/11\/2023 13:00 - 15:00%0ALink: https%3A%2F%2Fwww.wochen-zur-demokratie.de%2Farchiv%2Fevents%2Fphilosophischer-spaziergang-durch-die-passauer-altstadt%2F%0A\" target=\"_blank\"><i class=\"fa fa-envelope\"><\/i><\/a><\/div><div class='clear'><\/div><div class='evcal_evdata_row evcal_close' title='Close'><\/div><\/div><div class='evo_card_row_end evcal_close' title='Close'><\/div><\/div><div class='clear end'><\/div><\/div><div style=\"background-color: #a10066;height: 275px;\" id=\"event_3983\" class=\"eventon_list_event evo_eventtop past_event event event_3983_0\" data-event_id=\"3983\" data-ri=\"0r\" data-time=\"1699718400-1699723800\" data-colr=\"#a10066\" itemscope itemtype='http:\/\/schema.org\/Event'><div class=\"evo_event_schema\" style=\"display:none\" ><a itemprop='url'  href='https:\/\/www.wochen-zur-demokratie.de\/archiv\/events\/die-sozialen-verheissungen-des-internets\/'><\/a><span itemprop='name'  >Die sozialen Verhei\u00dfungen des Internets<\/span><meta itemprop='image' content=\"https:\/\/www.wochen-zur-demokratie.de\/archiv\/wp-content\/uploads\/2023\/09\/VA-digitalisierung1-web.jpg\" \/><meta itemprop='description' content=\"Die Digitalisierung unseres Alltags wird mit neuen Chancen in Verbindung gebracht, die sich allen Nutzerinnen und Nutzern in gleicher Weise zu bieten scheinen. Von einem ortunabh\u00e4ngigen Austausch, neuen Bildungszug\u00e4ngen oder\" \/><meta itemprop='startDate' content=\"2023-11-11T16:00\" \/><meta itemprop='endDate' content=\"2023-11-11T17:30\" \/><meta itemprop='eventStatus' content=\"on-schedule\" \/>\n\t\t\t\t\t\t\t\t\t<item style=\"display:none\" itemprop=\"location\" itemscope itemtype=\"http:\/\/schema.org\/Place\">\n\t\t\t\t\t\t\t\t\t\t<span itemprop=\"name\">Uni Live \u2013 Campus trifft Stadt<\/span>\n\t\t\t\t\t\t\t\t\t\t<span itemprop=\"address\" itemscope itemtype=\"http:\/\/schema.org\/PostalAddress\">\n\t\t\t\t\t\t\t\t\t\t\t<item itemprop=\"streetAddress\">Zugang \u00fcber Gr. Klingergasse 2a<\/item>\n\t\t\t\t\t\t\t\t\t\t<\/span><\/item><script type=\"application\/ld+json\">{\t\"@context\": \"http:\/\/schema.org\",\n\t\t\t\t\t\t\t  \t\"@type\": \"Event\",\n\t\t\t\t\t\t\t  \t\"name\": \"Die sozialen Verhei\u00dfungen des Internets\",\n\t\t\t\t\t\t\t  \t\"startDate\": \"2023-11-11T16-16-00-00\",\n\t\t\t\t\t\t\t  \t\"endDate\": \"2023-11-11T17-17-30-00\",\n\t\t\t\t\t\t\t  \t\"image\":\"https:\/\/www.wochen-zur-demokratie.de\/archiv\/wp-content\/uploads\/2023\/09\/VA-digitalisierung1-web.jpg\",\n\t\t\t\t\t\t\t  \t\"description\":\"Die Digitalisierung unseres Alltags wird mit neuen Chancen in Verbindung gebracht, die sich allen Nutzerinnen und Nutzern in gleicher Weise zu bieten scheinen. Von einem ortunabh\u00e4ngigen Austausch, neuen Bildungszug\u00e4ngen oder\"\n\t\t\t\t\t\t\t  \t,\"location\":{\n\t\t\t\t\t\t\t\t\t\t\"@type\":\"Place\",\n\t\t\t\t\t\t\t\t\t\t\"name\":\"Uni Live \u2013 Campus trifft Stadt\",\n\t\t\t\t\t\t\t\t\t\t\"address\":{\n\t\t\t\t\t\t\t\t\t\t\t\"@type\": \"PostalAddress\"\n\t\t\t\t\t\t\t\t\t\t\t\"streetAddress\":\"Zugang \u00fcber Gr. Klingergasse 2a\"\n\t\t\t\t\t\t\t\t\t\t}\n\t\t\t\t\t\t\t  \t\t}\n\t\t\t\t\t\t\t }<\/script><\/div>\n\t\t\t\t<p class=\"desc_trig_outter\"><a data-gmap_status=\"null\" data-exlk=\"0\" id=\"evc_16997184003983\" class=\"desc_trig sin_val evcal_list_a\" data-ux_val=\"3\"  ><span class='evcal_cblock ' data-bgcolor='#a10066' data-smon='November' data-syr='2023'><span class='evo_start '><em class='date'>11<\/em><em class='month'>Nov.<\/em><em class='time'>16:00<\/em><\/span><span class='evo_end only_time'><em class='time'>17:30<\/em><\/span><em class='clear'><\/em><\/span><span class='evcal_desc evo_info hide_eventtopdata '  data-location_address=\"Zugang \u00fcber Gr. Klingergasse 2a\" data-location_type=\"address\" data-location_name=\"Uni Live \u2013 Campus trifft Stadt\" data-location_url=\"https:\/\/www.wochen-zur-demokratie.de\/archiv\/event-location\/uni-live-campus-trifft-stadt\/\" data-location_status=\"true\" ><span class='evo_above_title'><\/span><span class='evcal_desc2 evcal_event_title' itemprop='name'>Die sozialen Verhei\u00dfungen des Internets<\/span><span class='evo_below_title'><span class='evcal_event_subtitle' >Warum gesellschaftliche Ungleichheit im Digitalisierungs-Zeitalter zunimmt \u2013 Vortrag & Diskussion<\/span><\/span><span class='evcal_desc_info' ><em class='evcal_time'>16:00 - 17:30<\/em> <em class=\"evcal_location\"  data-add_str=\"\"><em class=\"event_location_name\">Uni Live \u2013 Campus trifft Stadt<\/em><\/em><\/span><span class='evcal_desc3'><\/span><\/span><em class='clear'><\/em><\/a><\/p><div class='event_description evcal_eventcard ' style=\"display:none\"><div class='evo_metarow_directimg'><img class='evo_event_main_img' src='https:\/\/www.wochen-zur-demokratie.de\/archiv\/wp-content\/uploads\/2023\/09\/VA-digitalisierung1-web.jpg' \/><\/div><div class='evo_event_images'><span class='evo_event_more_img select'><img title='' src='https:\/\/www.wochen-zur-demokratie.de\/archiv\/wp-content\/uploads\/2023\/09\/VA-digitalisierung1-web.jpg' data-f='https:\/\/www.wochen-zur-demokratie.de\/archiv\/wp-content\/uploads\/2023\/09\/VA-digitalisierung1-web.jpg'\/><\/span><span class='evo_event_more_img '><img title='' src='https:\/\/www.wochen-zur-demokratie.de\/archiv\/wp-content\/uploads\/2023\/09\/VA-Digitalisierung-Scheffer-Portrait-web-150x150.jpg' data-f='https:\/\/www.wochen-zur-demokratie.de\/archiv\/wp-content\/uploads\/2023\/09\/VA-Digitalisierung-Scheffer-Portrait-web.jpg' data-h='440' data-w='800'\/><\/span><span class='evo_event_more_img '><img title='' src='https:\/\/www.wochen-zur-demokratie.de\/archiv\/wp-content\/uploads\/2023\/09\/VA-digitalisierung3-web-150x150.jpg' data-f='https:\/\/www.wochen-zur-demokratie.de\/archiv\/wp-content\/uploads\/2023\/09\/VA-digitalisierung3-web.jpg' data-h='533' data-w='800'\/><\/span><span class='evo_event_more_img '><img title='' src='https:\/\/www.wochen-zur-demokratie.de\/archiv\/wp-content\/uploads\/2023\/09\/VA-digitalisierung2-web-150x150.jpg' data-f='https:\/\/www.wochen-zur-demokratie.de\/archiv\/wp-content\/uploads\/2023\/09\/VA-digitalisierung2-web.jpg' data-h='533' data-w='800'\/><\/span><\/div><div class='evo_metarow_details evorow evcal_evdata_row bordb evcal_event_details'>\n\t\t\t\t\t\t\t<div class=\"event_excerpt\" style=\"display:none\"><h3 class=\"padb5 evo_h3\">Event Details<\/h3><p>Die Digitalisierung unseres Alltags wird mit neuen Chancen in Verbindung gebracht, die sich allen Nutzerinnen und Nutzern in gleicher Weise zu bieten scheinen. Von einem ortunabh\u00e4ngigen Austausch, neuen Bildungszug\u00e4ngen oder<\/p><\/div><span class='evcal_evdata_icons'><i class='fa fa-align-justify'><\/i><\/span>\n\t\t\t\t\t\t\t\n\t\t\t\t\t\t\t<div class='evcal_evdata_cell shorter_desc'><div class='eventon_details_shading_bot'>\n\t\t\t\t\t\t\t\t<p class='eventon_shad_p' content='less'><span class='ev_more_text' data-txt='Weniger anzeigen'>Mehr anzeigen<\/span><span class='ev_more_arrow'><\/span><\/p>\n\t\t\t\t\t\t\t<\/div><div class='eventon_full_description'>\n\t\t\t\t\t\t\t\t\t<h3 class='padb5 evo_h3'><span class='evcal_evdata_icons'><i class='fa fa-align-justify'><\/i><\/span>Event Details<\/h3><div class='eventon_desc_in' itemprop='description'>\n\t\t\t\t\t\t\t\t\t<p>Die Digitalisierung unseres Alltags wird mit neuen Chancen in Verbindung gebracht, die sich allen Nutzerinnen und Nutzern in gleicher Weise zu bieten scheinen. Von einem ortunabh\u00e4ngigen Austausch, neuen Bildungszug\u00e4ngen oder zahlreichen kostenfreien Angeboten haben nicht zuletzt w\u00e4hrend der Corona-Pandemie weite Bev\u00f6lkerungsteile profitieren k\u00f6nnen. <strong>Ist die Digitalisierung damit auch das Werkzeug, das besonders die benachteiligten Bev\u00f6lkerungsschichten bef\u00e4higen kann?<\/strong> Im Zeichen einer wachsenden sozialen Ungleichheit erscheint diese Frage gerade in Deutschland von besonderer Relevanz. Der <strong>Vortrag<\/strong> machte mit Blick auf die versteckten Kosten einer Teilhabe auf das Gegenteil aufmerksam: Entgegen der vorherrschenden Euphorie um die zahlreichen digitalen M\u00f6glichkeiten zeichnet sich ab, dass in der aufziehenden Daten\u00f6konomie ausgerechnet die benachteiligten Bev\u00f6lkerungsteile mit weitreichenden Einschr\u00e4nkungen konfrontiert werden. Anschlie\u00dfend war das Publikum eingeladen, ihre eigenen Eindr\u00fccke zu teilen und in ein gemeinsames Gespr\u00e4ch einzusteigen.<\/p>\n<p><strong>PD Dr. J\u00f6rg Scheffer<\/strong> lehrt und forscht als Geograph an der Universit\u00e4t Passau u.a. zu digitalen R\u00e4umen und den sozialen Implikationen der Digitalisierung.<\/p>\n<p><a href=\"https:\/\/www.wochen-zur-demokratie.de\/archiv\/wp-content\/uploads\/2024\/01\/231117-pnp-WzD-Scheffer.jpg\" target=\"_blank\" rel=\"noopener\">Zum Pressebericht<\/a><\/p>\n<p><strong>Ort<\/strong>: Veranstaltungsraum Uni Live \u2013 Campus trifft Stadt, Zugang \u00fcber Gr. Klingergasse 2a, Passau<br \/>\n<strong>Zeit<\/strong>: Samstag, 11. November 2023, 16.00 \u2013 17.30 Uhr<br \/>\n<strong>Eintritt<\/strong> frei<\/p>\n<\/div><div class='clear'><\/div>\n\t\t\t\t\t\t\t\t<\/div>\n\t\t\t\t\t\t\t<\/div>\n\t\t\t\t\t\t<\/div><div class='evo_metarow_organizer evorow evcal_evdata_row bordb evcal_evrow_sm '>\n\t\t\t\t\t\t\t<span class='evcal_evdata_icons'><i class='fa fa-address-book-o'><\/i><\/span>\n\t\t\t\t\t\t\t<div class='evcal_evdata_cell'>\t\t\t\t\t\t\t\n\t\t\t\t\t\t\t\t<h3 class='evo_h3'>Mitveranstalter \/ Partner<\/h3>\n\t\t\t\t\t\t\t\t<p class='evo_data_val evo_card_organizer_image'><img src='https:\/\/www.wochen-zur-demokratie.de\/archiv\/wp-content\/uploads\/2019\/09\/Logo-Uni-Passau-300x79.jpg'\/><\/p>\n\t\t\t\t\t\t\t\t<div class='evo_card_organizer'><p class='evo_data_val evo_card_organizer_name'>\n\t\t\t\t\t\t\t\t\t<span class='evo_card_organizer_name_t'>Universit\u00e4t Passau<\/span>\n\t\t\t\t\t\t\t\t\t\n\t\t\t\t\t\t\t\t\t<\/p><\/div><div class='clear'><\/div>\t\t\t\t\t\t\t\n\t\t\t\t\t\t\t<\/div>\n\t\t\t\t\t\t<\/div>\t\t\t\t\t\t<div class='evo_metarow_ICS evorow bordb evcal_evdata_row'>\n\t\t\t\t\t\t\t<span class=\"evcal_evdata_icons\"><i class=\"fa fa-calendar\"><\/i><\/span>\n\t\t\t\t\t\t\t<div class='evcal_evdata_cell'>\n\t\t\t\t\t\t\t\t<p><a href='https:\/\/www.wochen-zur-demokratie.de\/archiv\/wp-admin\/admin-ajax.php?action=eventon_ics_download&amp;event_id=3983&amp;ri=0' class='evo_ics_nCal' title='Zum Ihrem Kalender hinzuf\u00fcgen'>Zum Kalender hinzuf\u00fcgen<\/a><a href='\/\/www.google.com\/calendar\/event?action=TEMPLATE&amp;text=Die+sozialen+Verhei%C3%9Fungen+des+Internets&amp;dates=20231111T140000Z\/20231111T153000Z&amp;details=Die+Digitalisierung+unseres+Alltags+wird+mit+neuen+Chancen+in+Verbindung+gebracht%2C+die+sich+allen+Nutzerinnen+und+Nutzern+in+gleicher+Weise+zu+bieten+scheinen.+Von+einem+ortunabh%C3%A4ngigen+Austausch%2C+neuen+Bildungszug%C3%A4ngen+oder&amp;location=Uni+Live+%E2%80%93+Campus+trifft+Stadt - Zugang+%C3%BCber+Gr.+Klingergasse+2a' target='_blank' class='evo_ics_gCal' title='Zum Ihrem Google-Kalender hinzuf\u00fcgen'>GoogleCal<\/a><\/p>\t\n\t\t\t\t\t\t\t<\/div>\n\t\t\t\t\t\t<\/div>\n\t\t\t\t\t\t<div class='bordb evo_metarow_socialmedia evcal_evdata_row  lastrow'><div class='evo_sm FacebookShare'><a class=\" evo_ss\" target=\"_blank\" onclick=\"javascript:window.open(this.href, '', 'left=50,top=50,width=600,height=350,toolbar=0');return false;\"\n\t\t\t\t\t\t\t\thref=\"http:\/\/www.facebook.com\/sharer.php?u=https%3A%2F%2Fwww.wochen-zur-demokratie.de%2Farchiv%2Fevents%2Fdie-sozialen-verheissungen-des-internets%2F\" title=\"Diese Veranstaltung auf Facebook teilen\"><i class=\"fa fa-facebook\"><\/i><\/a><\/div><div class='evo_sm Twitter'><a class=\"tw evo_ss\" onclick=\"javascript:window.open(this.href, '', 'menubar=no,toolbar=no,resizable=yes,scrollbars=yes,height=300,width=600');return false;\" href=\"http:\/\/twitter.com\/intent\/tweet?text=Die sozialen Verhei\u00dfungen des Internets&#32;-&#32;&url=https%3A%2F%2Fwww.wochen-zur-demokratie.de%2Farchiv%2Fevents%2Fdie-sozialen-verheissungen-des-internets%2F\" title=\"Diese Veranstaltung auf Twitter teilen\" rel=\"nofollow\" target=\"_blank\" data-url=\"https%3A%2F%2Fwww.wochen-zur-demokratie.de%2Farchiv%2Fevents%2Fdie-sozialen-verheissungen-des-internets%2F\"><i class=\"fa fa-twitter\"><\/i><\/a><\/div><div class='evo_sm LinkedIn'><a class=\"li evo_ss\" href=\"http:\/\/www.linkedin.com\/shareArticle?mini=true&url=https%3A%2F%2Fwww.wochen-zur-demokratie.de%2Farchiv%2Fevents%2Fdie-sozialen-verheissungen-des-internets%2F&title=Die%20sozialen%20Verhei%C3%9Fungen%20des%20Internets&summary=Die+Digitalisierung+unseres+Alltags+wird+mit+neuen+Chancen+in+Verbindung+gebracht%2C+die+sich+allen+Nutzerinnen+und\" target=\"_blank\" title=\"Diese Veranstaltung auf Linkedin teilen\"><i class=\"fa fa-linkedin\"><\/i><\/a><\/div><div class='evo_sm EmailShare'><a class=\"em evo_ss\" href=\"mailto:?subject=Die sozialen Verhei\u00dfungen des Internets&body=Event Name: Die sozialen Verhei\u00dfungen des Internets%0AEvent Date: 11\/11\/2023 16:00 - 17:30%0ALink: https%3A%2F%2Fwww.wochen-zur-demokratie.de%2Farchiv%2Fevents%2Fdie-sozialen-verheissungen-des-internets%2F%0A\" target=\"_blank\"><i class=\"fa fa-envelope\"><\/i><\/a><\/div><div class='clear'><\/div><div class='evcal_evdata_row evcal_close' title='Close'><\/div><\/div><div class='evo_card_row_end evcal_close' title='Close'><\/div><\/div><div class='clear end'><\/div><\/div><div style=\"background-color: #a10066;height: 275px;\" id=\"event_4011\" class=\"eventon_list_event evo_eventtop past_event event event_4011_0\" data-event_id=\"4011\" data-ri=\"0r\" data-time=\"1699732800-1699743600\" data-colr=\"#a10066\" itemscope itemtype='http:\/\/schema.org\/Event'><div class=\"evo_event_schema\" style=\"display:none\" ><a itemprop='url'  href='https:\/\/www.wochen-zur-demokratie.de\/archiv\/events\/konzert-fluse\/'><\/a><span itemprop='name'  >Konzert \u201eFluse\u201c<\/span><meta itemprop='image' content=\"https:\/\/www.wochen-zur-demokratie.de\/archiv\/wp-content\/uploads\/2024\/01\/VA-fluse4-web.jpg\" \/><meta itemprop='description' content=\"Mit seinem politisch getr\u00e4nkten Textmaterial dreht Fluse am Hahn der Zeit, damit der fortschreitenden W\u00fcstenbildung im Bereich deutschsprachiger Musik ein immergr\u00fcnes Habitat entgegengestellt wird. Halb Kunst, halb aktivistisches Projekt, bringt\" \/><meta itemprop='startDate' content=\"2023-11-11T20:00\" \/><meta itemprop='endDate' content=\"2023-11-11T23:00\" \/><meta itemprop='eventStatus' content=\"on-schedule\" \/><script type=\"application\/ld+json\">{\t\"@context\": \"http:\/\/schema.org\",\n\t\t\t\t\t\t\t  \t\"@type\": \"Event\",\n\t\t\t\t\t\t\t  \t\"name\": \"Konzert \u201eFluse\u201c\",\n\t\t\t\t\t\t\t  \t\"startDate\": \"2023-11-11T20-20-00-00\",\n\t\t\t\t\t\t\t  \t\"endDate\": \"2023-11-11T23-23-00-00\",\n\t\t\t\t\t\t\t  \t\"image\":\"https:\/\/www.wochen-zur-demokratie.de\/archiv\/wp-content\/uploads\/2024\/01\/VA-fluse4-web.jpg\",\n\t\t\t\t\t\t\t  \t\"description\":\"Mit seinem politisch getr\u00e4nkten Textmaterial dreht Fluse am Hahn der Zeit, damit der fortschreitenden W\u00fcstenbildung im Bereich deutschsprachiger Musik ein immergr\u00fcnes Habitat entgegengestellt wird. Halb Kunst, halb aktivistisches Projekt, bringt\"\n\t\t\t\t\t\t\t  \t\n\t\t\t\t\t\t\t }<\/script><\/div>\n\t\t\t\t<p class=\"desc_trig_outter\"><a data-gmap_status=\"null\" data-gmtrig=\"1\" data-exlk=\"0\" id=\"evc_16997328004011\" class=\"desc_trig sin_val evcal_list_a\" data-ux_val=\"3\"  ><span class='evcal_cblock ' data-bgcolor='#a10066' data-smon='November' data-syr='2023'><span class='evo_start '><em class='date'>11<\/em><em class='month'>Nov.<\/em><em class='time'>20:00<\/em><\/span><span class='evo_end only_time'><em class='time'>23:00<\/em><\/span><em class='clear'><\/em><\/span><span class='evcal_desc evo_info hide_eventtopdata '  data-location_status=\"false\" ><span class='evo_above_title'><\/span><span class='evcal_desc2 evcal_event_title' itemprop='name'>Konzert \u201eFluse\u201c<\/span><span class='evo_below_title'><span class='evcal_event_subtitle' >Tanzbarer Indie-Folk mit politischen Texten<\/span><\/span><span class='evcal_desc_info' ><em class='evcal_time'>20:00 - 23:00<\/em> <em class=\"evcal_location\"  data-add_str=\"\"><em class=\"event_location_name\">Caf\u00e9 Museum, Passau, Br\u00e4ugasse<\/em><\/em><\/span><span class='evcal_desc3'><\/span><\/span><em class='clear'><\/em><\/a><\/p><div class='event_description evcal_eventcard ' style=\"display:none\"><div class='evo_metarow_directimg'><img class='evo_event_main_img' src='https:\/\/www.wochen-zur-demokratie.de\/archiv\/wp-content\/uploads\/2024\/01\/VA-fluse4-web.jpg' \/><\/div><div class='evo_event_images'><span class='evo_event_more_img select'><img title='' src='https:\/\/www.wochen-zur-demokratie.de\/archiv\/wp-content\/uploads\/2024\/01\/VA-fluse4-web.jpg' data-f='https:\/\/www.wochen-zur-demokratie.de\/archiv\/wp-content\/uploads\/2024\/01\/VA-fluse4-web.jpg'\/><\/span><span class='evo_event_more_img '><img title='' src='https:\/\/www.wochen-zur-demokratie.de\/archiv\/wp-content\/uploads\/2023\/09\/VA-fluse2-web-150x150.jpg' data-f='https:\/\/www.wochen-zur-demokratie.de\/archiv\/wp-content\/uploads\/2023\/09\/VA-fluse2-web.jpg' data-h='533' data-w='800'\/><\/span><span class='evo_event_more_img '><img title='' src='https:\/\/www.wochen-zur-demokratie.de\/archiv\/wp-content\/uploads\/2023\/09\/VA-fluse3-web-150x150.jpg' data-f='https:\/\/www.wochen-zur-demokratie.de\/archiv\/wp-content\/uploads\/2023\/09\/VA-fluse3-web.jpg' data-h='550' data-w='800'\/><\/span><span class='evo_event_more_img '><img title='' src='https:\/\/www.wochen-zur-demokratie.de\/archiv\/wp-content\/uploads\/2023\/09\/VA-fluse1-web-150x150.jpg' data-f='https:\/\/www.wochen-zur-demokratie.de\/archiv\/wp-content\/uploads\/2023\/09\/VA-fluse1-web.jpg' data-h='533' data-w='800'\/><\/span><\/div><div class='evo_metarow_details evorow evcal_evdata_row bordb evcal_event_details'>\n\t\t\t\t\t\t\t<div class=\"event_excerpt\" style=\"display:none\"><h3 class=\"padb5 evo_h3\">Event Details<\/h3><p>Mit seinem politisch getr\u00e4nkten Textmaterial dreht Fluse am Hahn der Zeit, damit der fortschreitenden W\u00fcstenbildung im Bereich deutschsprachiger Musik ein immergr\u00fcnes Habitat entgegengestellt wird. Halb Kunst, halb aktivistisches Projekt, bringt<\/p><\/div><span class='evcal_evdata_icons'><i class='fa fa-align-justify'><\/i><\/span>\n\t\t\t\t\t\t\t\n\t\t\t\t\t\t\t<div class='evcal_evdata_cell shorter_desc'><div class='eventon_details_shading_bot'>\n\t\t\t\t\t\t\t\t<p class='eventon_shad_p' content='less'><span class='ev_more_text' data-txt='Weniger anzeigen'>Mehr anzeigen<\/span><span class='ev_more_arrow'><\/span><\/p>\n\t\t\t\t\t\t\t<\/div><div class='eventon_full_description'>\n\t\t\t\t\t\t\t\t\t<h3 class='padb5 evo_h3'><span class='evcal_evdata_icons'><i class='fa fa-align-justify'><\/i><\/span>Event Details<\/h3><div class='eventon_desc_in' itemprop='description'>\n\t\t\t\t\t\t\t\t\t<p><strong>Mit seinem politisch getr\u00e4nkten Textmaterial dreht Fluse am Hahn der Zeit<\/strong>, damit der fortschreitenden W\u00fcstenbildung im Bereich deutschsprachiger Musik ein immergr\u00fcnes Habitat entgegengestellt wird. Halb Kunst, halb aktivistisches Projekt, bringt Fluse <strong>urmenschliche Tanzwut mit humanit\u00e4rer Angriffslust<\/strong> zupfend in Einklang. Fluse hat vor kurzem seine aktuelle EP \u201eArgentinien\u201c ver\u00f6ffentlicht, die es \u00fcberall online anzuh\u00f6ren gibt.<\/p>\n<p><strong>Die Band<br \/>\n<\/strong>Johannes F\u00e4\u00dfler \u2013 git, voc<br \/>\nJohannes Bomhard \u2013 git<br \/>\nJohannes Engelhard \u2013 bass<br \/>\nAngela Requena Fuentes \u2013 drums<\/p>\n<p><em><a href=\"https:\/\/www.wochen-zur-demokratie.de\/archiv\/wp-content\/uploads\/2024\/01\/231114-pnp-WzD-Fluse.jpg\" target=\"_blank\" rel=\"noopener\">Zum Pressebericht<\/a><\/em><\/p>\n<p><strong>Ort<\/strong>: Caf\u00e9 Museum, Br\u00e4ugasse 17, Passau<br \/>\n<strong>Zeit<\/strong>: Samstag, 11. November 2023, 20.00 \u2013 23.00 Uhr<br \/>\n<strong>Eintritt<\/strong> frei. Spenden erw\u00fcnscht<\/p>\n<\/div><div class='clear'><\/div>\n\t\t\t\t\t\t\t\t<\/div>\n\t\t\t\t\t\t\t<\/div>\n\t\t\t\t\t\t<\/div><div class='evo_metarow_organizer evorow evcal_evdata_row bordb evcal_evrow_sm '>\n\t\t\t\t\t\t\t<span class='evcal_evdata_icons'><i class='fa fa-address-book-o'><\/i><\/span>\n\t\t\t\t\t\t\t<div class='evcal_evdata_cell'>\t\t\t\t\t\t\t\n\t\t\t\t\t\t\t\t<h3 class='evo_h3'>Mitveranstalter \/ Partner<\/h3>\n\t\t\t\t\t\t\t\t\n\t\t\t\t\t\t\t\t<div class='evo_card_organizer'><p class='evo_data_val evo_card_organizer_name'>\n\t\t\t\t\t\t\t\t\t<span class='evo_card_organizer_name_t'>Caf\u00e9 Museum<\/span>\n\t\t\t\t\t\t\t\t\t\n\t\t\t\t\t\t\t\t\t<\/p><\/div><div class='clear'><\/div>\t\t\t\t\t\t\t\n\t\t\t\t\t\t\t<\/div>\n\t\t\t\t\t\t<\/div>\t\t\t\t\t\t<div class='evo_metarow_ICS evorow bordb evcal_evdata_row'>\n\t\t\t\t\t\t\t<span class=\"evcal_evdata_icons\"><i class=\"fa fa-calendar\"><\/i><\/span>\n\t\t\t\t\t\t\t<div class='evcal_evdata_cell'>\n\t\t\t\t\t\t\t\t<p><a href='https:\/\/www.wochen-zur-demokratie.de\/archiv\/wp-admin\/admin-ajax.php?action=eventon_ics_download&amp;event_id=4011&amp;ri=0' class='evo_ics_nCal' title='Zum Ihrem Kalender hinzuf\u00fcgen'>Zum Kalender hinzuf\u00fcgen<\/a><a href='\/\/www.google.com\/calendar\/event?action=TEMPLATE&amp;text=Konzert+%E2%80%9EFluse%E2%80%9C&amp;dates=20231111T180000Z\/20231111T210000Z&amp;details=Mit+seinem+politisch+getr%C3%A4nkten+Textmaterial+dreht+Fluse+am+Hahn+der+Zeit%2C+damit+der+fortschreitenden+W%C3%BCstenbildung+im+Bereich+deutschsprachiger+Musik+ein+immergr%C3%BCnes+Habitat+entgegengestellt+wird.+Halb+Kunst%2C+halb+aktivistisches+Projekt%2C+bringt&amp;location=Caf%C3%A9+Museum%2C+Passau%2C+Br%C3%A4ugasse - ' target='_blank' class='evo_ics_gCal' title='Zum Ihrem Google-Kalender hinzuf\u00fcgen'>GoogleCal<\/a><\/p>\t\n\t\t\t\t\t\t\t<\/div>\n\t\t\t\t\t\t<\/div>\n\t\t\t\t\t\t<div class='bordb evo_metarow_socialmedia evcal_evdata_row  lastrow'><div class='evo_sm FacebookShare'><a class=\" evo_ss\" target=\"_blank\" onclick=\"javascript:window.open(this.href, '', 'left=50,top=50,width=600,height=350,toolbar=0');return false;\"\n\t\t\t\t\t\t\t\thref=\"http:\/\/www.facebook.com\/sharer.php?u=https%3A%2F%2Fwww.wochen-zur-demokratie.de%2Farchiv%2Fevents%2Fkonzert-fluse%2F\" title=\"Diese Veranstaltung auf Facebook teilen\"><i class=\"fa fa-facebook\"><\/i><\/a><\/div><div class='evo_sm Twitter'><a class=\"tw evo_ss\" onclick=\"javascript:window.open(this.href, '', 'menubar=no,toolbar=no,resizable=yes,scrollbars=yes,height=300,width=600');return false;\" href=\"http:\/\/twitter.com\/intent\/tweet?text=Konzert \u201eFluse\u201c&#32;-&#32;&url=https%3A%2F%2Fwww.wochen-zur-demokratie.de%2Farchiv%2Fevents%2Fkonzert-fluse%2F\" title=\"Diese Veranstaltung auf Twitter teilen\" rel=\"nofollow\" target=\"_blank\" data-url=\"https%3A%2F%2Fwww.wochen-zur-demokratie.de%2Farchiv%2Fevents%2Fkonzert-fluse%2F\"><i class=\"fa fa-twitter\"><\/i><\/a><\/div><div class='evo_sm LinkedIn'><a class=\"li evo_ss\" href=\"http:\/\/www.linkedin.com\/shareArticle?mini=true&url=https%3A%2F%2Fwww.wochen-zur-demokratie.de%2Farchiv%2Fevents%2Fkonzert-fluse%2F&title=Konzert%20%E2%80%9EFluse%E2%80%9C&summary=Mit+seinem+politisch+getr%C3%A4nkten+Textmaterial+dreht+Fluse+am+Hahn+der+Zeit%2C+damit+der+fortschreitenden+W%C3%BCstenbildung+im\" target=\"_blank\" title=\"Diese Veranstaltung auf Linkedin teilen\"><i class=\"fa fa-linkedin\"><\/i><\/a><\/div><div class='evo_sm EmailShare'><a class=\"em evo_ss\" href=\"mailto:?subject=Konzert \u201eFluse\u201c&body=Event Name: Konzert \u201eFluse\u201c%0AEvent Date: 11\/11\/2023 20:00 - 23:00%0ALink: https%3A%2F%2Fwww.wochen-zur-demokratie.de%2Farchiv%2Fevents%2Fkonzert-fluse%2F%0A\" target=\"_blank\"><i class=\"fa fa-envelope\"><\/i><\/a><\/div><div class='clear'><\/div><div class='evcal_evdata_row evcal_close' title='Close'><\/div><\/div><div class='evo_card_row_end evcal_close' title='Close'><\/div><\/div><div class='clear end'><\/div><\/div><div style=\"background-color: #a10066;height: 275px;\" id=\"event_4022\" class=\"eventon_list_event evo_eventtop past_event event event_4022_0\" data-event_id=\"4022\" data-ri=\"0r\" data-time=\"1699786800-1699794000\" data-colr=\"#a10066\" itemscope itemtype='http:\/\/schema.org\/Event'><div class=\"evo_event_schema\" style=\"display:none\" ><a itemprop='url'  href='https:\/\/www.wochen-zur-demokratie.de\/archiv\/events\/verdraengt-die-erinnerung-an-die-nationalsozialistischen-euthanasie-morde\/'><\/a><span itemprop='name'  >Verdr\u00e4ngt \u2013 Die Erinnerung an die nationalsozialistischen \u201eEuthanasie\u201c-Morde<\/span><meta itemprop='image' content=\"https:\/\/www.wochen-zur-demokratie.de\/archiv\/wp-content\/uploads\/2023\/07\/ZE_Verdraengt_Pressebilder-web.jpg\" \/><meta itemprop='description' content=\"Die Marginalisierung der von den Nationalsozialisten ermordeten psychisch kranken und geistig behinderten Menschen h\u00e4lt bis heute an. Gleichzeitig intensiviert sich die Erinnerungsarbeit mit wachsender Entfernung von den Ereignissen. Der pr\u00e4sentierte\" \/><meta itemprop='startDate' content=\"2023-11-12T11:00\" \/><meta itemprop='endDate' content=\"2023-11-12T13:00\" \/><meta itemprop='eventStatus' content=\"on-schedule\" \/><script type=\"application\/ld+json\">{\t\"@context\": \"http:\/\/schema.org\",\n\t\t\t\t\t\t\t  \t\"@type\": \"Event\",\n\t\t\t\t\t\t\t  \t\"name\": \"Verdr\u00e4ngt \u2013 Die Erinnerung an die nationalsozialistischen \u201eEuthanasie\u201c-Morde\",\n\t\t\t\t\t\t\t  \t\"startDate\": \"2023-11-12T11-11-00-00\",\n\t\t\t\t\t\t\t  \t\"endDate\": \"2023-11-12T13-13-00-00\",\n\t\t\t\t\t\t\t  \t\"image\":\"https:\/\/www.wochen-zur-demokratie.de\/archiv\/wp-content\/uploads\/2023\/07\/ZE_Verdraengt_Pressebilder-web.jpg\",\n\t\t\t\t\t\t\t  \t\"description\":\"Die Marginalisierung der von den Nationalsozialisten ermordeten psychisch kranken und geistig behinderten Menschen h\u00e4lt bis heute an. Gleichzeitig intensiviert sich die Erinnerungsarbeit mit wachsender Entfernung von den Ereignissen. Der pr\u00e4sentierte\"\n\t\t\t\t\t\t\t  \t\n\t\t\t\t\t\t\t }<\/script><\/div>\n\t\t\t\t<p class=\"desc_trig_outter\"><a data-gmap_status=\"null\" data-exlk=\"0\" id=\"evc_16997868004022\" class=\"desc_trig sin_val evcal_list_a\" data-ux_val=\"3\"  ><span class='evcal_cblock ' data-bgcolor='#a10066' data-smon='November' data-syr='2023'><span class='evo_start '><em class='date'>12<\/em><em class='month'>Nov.<\/em><em class='time'>11:00<\/em><\/span><span class='evo_end only_time'><em class='time'>13:00<\/em><\/span><em class='clear'><\/em><\/span><span class='evcal_desc evo_info hide_eventtopdata '  data-location_status=\"false\" ><span class='evo_above_title'><\/span><span class='evcal_desc2 evcal_event_title' itemprop='name'>Verdr\u00e4ngt \u2013 Die Erinnerung an die nationalsozialistischen \u201eEuthanasie\u201c-Morde<\/span><span class='evo_below_title'><span class='evcal_event_subtitle' >Buchpr\u00e4sentation und Gespr\u00e4chsrunde mit Akteuren<\/span><\/span><span class='evcal_desc_info' ><em class='evcal_time'>11:00 - 13:00<\/em> <em class=\"evcal_location\"  data-add_str=\"\"><em class=\"event_location_name\">Langlebenhof, Alte Rieser Str. 19, Passau<\/em><\/em><\/span><span class='evcal_desc3'><\/span><\/span><em class='clear'><\/em><\/a><\/p><div class='event_description evcal_eventcard ' style=\"display:none\"><div class='evo_metarow_directimg'><img class='evo_event_main_img' src='https:\/\/www.wochen-zur-demokratie.de\/archiv\/wp-content\/uploads\/2023\/07\/ZE_Verdraengt_Pressebilder-web.jpg' \/><\/div><div class='evo_event_images'><span class='evo_event_more_img select'><img title='' src='https:\/\/www.wochen-zur-demokratie.de\/archiv\/wp-content\/uploads\/2023\/07\/ZE_Verdraengt_Pressebilder-web.jpg' data-f='https:\/\/www.wochen-zur-demokratie.de\/archiv\/wp-content\/uploads\/2023\/07\/ZE_Verdraengt_Pressebilder-web.jpg'\/><\/span><span class='evo_event_more_img '><img title='' src='https:\/\/www.wochen-zur-demokratie.de\/archiv\/wp-content\/uploads\/2024\/01\/VA-verdraengt11-web-150x150.jpg' data-f='https:\/\/www.wochen-zur-demokratie.de\/archiv\/wp-content\/uploads\/2024\/01\/VA-verdraengt11-web.jpg' data-h='533' data-w='800'\/><\/span><span class='evo_event_more_img '><img title='' src='https:\/\/www.wochen-zur-demokratie.de\/archiv\/wp-content\/uploads\/2024\/01\/VA-verdraengt10-web-150x150.jpg' data-f='https:\/\/www.wochen-zur-demokratie.de\/archiv\/wp-content\/uploads\/2024\/01\/VA-verdraengt10-web.jpg' data-h='533' data-w='800'\/><\/span><span class='evo_event_more_img '><img title='' src='https:\/\/www.wochen-zur-demokratie.de\/archiv\/wp-content\/uploads\/2024\/01\/VA-verdraengt9-web-150x150.jpg' data-f='https:\/\/www.wochen-zur-demokratie.de\/archiv\/wp-content\/uploads\/2024\/01\/VA-verdraengt9-web.jpg' data-h='533' data-w='800'\/><\/span><span class='evo_event_more_img '><img title='' src='https:\/\/www.wochen-zur-demokratie.de\/archiv\/wp-content\/uploads\/2024\/01\/VA-verdraengt8-web-150x150.jpg' data-f='https:\/\/www.wochen-zur-demokratie.de\/archiv\/wp-content\/uploads\/2024\/01\/VA-verdraengt8-web.jpg' data-h='533' data-w='800'\/><\/span><\/div><div class='evo_metarow_details evorow evcal_evdata_row bordb evcal_event_details'>\n\t\t\t\t\t\t\t<div class=\"event_excerpt\" style=\"display:none\"><h3 class=\"padb5 evo_h3\">Event Details<\/h3><p>Die Marginalisierung der von den Nationalsozialisten ermordeten psychisch kranken und geistig behinderten Menschen h\u00e4lt bis heute an. Gleichzeitig intensiviert sich die Erinnerungsarbeit mit wachsender Entfernung von den Ereignissen. Der pr\u00e4sentierte<\/p><\/div><span class='evcal_evdata_icons'><i class='fa fa-align-justify'><\/i><\/span>\n\t\t\t\t\t\t\t\n\t\t\t\t\t\t\t<div class='evcal_evdata_cell shorter_desc'><div class='eventon_details_shading_bot'>\n\t\t\t\t\t\t\t\t<p class='eventon_shad_p' content='less'><span class='ev_more_text' data-txt='Weniger anzeigen'>Mehr anzeigen<\/span><span class='ev_more_arrow'><\/span><\/p>\n\t\t\t\t\t\t\t<\/div><div class='eventon_full_description'>\n\t\t\t\t\t\t\t\t\t<h3 class='padb5 evo_h3'><span class='evcal_evdata_icons'><i class='fa fa-align-justify'><\/i><\/span>Event Details<\/h3><div class='eventon_desc_in' itemprop='description'>\n\t\t\t\t\t\t\t\t\t<p>Die Marginalisierung der von den Nationalsozialisten ermordeten psychisch kranken und geistig behinderten Menschen h\u00e4lt bis heute an. Gleichzeitig intensiviert sich die Erinnerungsarbeit mit wachsender Entfernung von den Ereignissen. Der pr\u00e4sentierte Band besch\u00e4ftigt sich mit der verschlungenen Rezeptionsgeschichte der NS-\u201eEuthanasie\u201c. Dabei liegt der Schwerpunkt auf den vielf\u00e4ltigen Initiativen, die aktuell an diese Verbrechen erinnern. Das popul\u00e4rwissenschaftlich ausgerichtete Buch bietet mit Fallstudien, Gespr\u00e4chen, Portr\u00e4ts und reichem Bildmaterial einen diskursiven und visuellen Zugang zum Thema. Neben dem pers\u00f6nlichen, gesellschaftlichen, politischen, wissenschaftlichen und k\u00fcnstlerischen Umgang mit den \u201eEuthanasie\u201c-Verbrechen kommen <strong>grundlegende ethische Fragen um den \u201eWert des Lebens\u201c<\/strong> zur Sprache. Der Band wurde durch die beiden Herausgeber J\u00f6rg Skriebeleit und Winfried Helm vorgestellt.<\/p>\n<p>Die Besch\u00e4ftigung mit dem Themenkomplex Eugenik und \u201eEuthanasie\u201c macht deutlich, dass es Kontinuit\u00e4ten der Ausgrenzung gibt, die bis in die Gegenwart wirksam sind. Die sich an die Buchvorstellung anschlie\u00dfende Gespr\u00e4chsrunde machte kulturelle <strong>Initiativen sichtbar, die dieser Ausgrenzung begegnen und sich um Inklusion von Menschen mit geistiger Behinderung bem\u00fchen<\/strong>. Am Gespr\u00e4ch beteiligten sich Akteure aus Theater, Musik, Bildender Kunst und Literatur.<br \/>\nDie Sonntagsmatinee wurde musikalisch begleitet von <strong>Christiane \u00d6ttl<\/strong>.<br \/>\nAm Veranstaltungsort befindet sich die Lebensgemeinschaft Langlebenhof gGmbH, die ein Wohnheim f\u00fcr erwachsene Menschen mit geistig und k\u00f6rperlicher Beeintr\u00e4chtigung betreibt.<br \/>\nMitveranstalter war das Zentrum Erinnerungskultur der Universit\u00e4t Regensburg, an dem das Buchprojekt durchgef\u00fchrt wurde.<\/p>\n<p><strong>Prof. Dr. J\u00f6rg Skriebeleit<\/strong> ist Kulturwissenschaftler und Historiker. Er leitet die KZ-Gedenkst\u00e4tte Flossenb\u00fcrg und ist Honorarprofessor an der Universit\u00e4t Regensburg. Dort ist er einer der Gr\u00fcndungsdirektoren des Zentrums Erinnerungskultur.<br \/>\n<strong>Dr. Winfried Helm<\/strong> ist freiberuflicher Kulturwissenschaftler und Ausstellungsmacher mit B\u00fcro in Passau.<\/p>\n<p><a href=\"https:\/\/www.wochen-zur-demokratie.de\/archiv\/wp-content\/uploads\/2024\/01\/231114-pnp-WzD-Verdraengt.pdf\" target=\"_blank\" rel=\"noopener\"><em>Zum Pressebericht<\/em><\/a><\/p>\n<p><strong>Ort<\/strong>: Langlebenhof, Alte Rieser Str. 19, Passau<br \/>\n<strong>Zeit<\/strong>: Sonntag, 12. November 2023, 11.00 \u2013 13.00 Uhr<br \/>\n<strong>Eintritt<\/strong> frei<\/p>\n<\/div><div class='clear'><\/div>\n\t\t\t\t\t\t\t\t<\/div>\n\t\t\t\t\t\t\t<\/div>\n\t\t\t\t\t\t<\/div><div class='evo_metarow_organizer evorow evcal_evdata_row bordb evcal_evrow_sm '>\n\t\t\t\t\t\t\t<span class='evcal_evdata_icons'><i class='fa fa-address-book-o'><\/i><\/span>\n\t\t\t\t\t\t\t<div class='evcal_evdata_cell'>\t\t\t\t\t\t\t\n\t\t\t\t\t\t\t\t<h3 class='evo_h3'>Mitveranstalter \/ Partner<\/h3>\n\t\t\t\t\t\t\t\t<p class='evo_data_val evo_card_organizer_image'><img src='https:\/\/www.wochen-zur-demokratie.de\/archiv\/wp-content\/uploads\/2023\/09\/Logos-ZE-Aronia-web-300x105.jpg'\/><\/p>\n\t\t\t\t\t\t\t\t<div class='evo_card_organizer'><p class='evo_data_val evo_card_organizer_name'>\n\t\t\t\t\t\t\t\t\t<span class='evo_card_organizer_name_t'>Zentrum Erinnerungskultur | Lebensgemeinschaft Langlebenhof<\/span>\n\t\t\t\t\t\t\t\t\t\n\t\t\t\t\t\t\t\t\t<\/p><\/div><div class='clear'><\/div>\t\t\t\t\t\t\t\n\t\t\t\t\t\t\t<\/div>\n\t\t\t\t\t\t<\/div>\t\t\t\t\t\t<div class='evo_metarow_ICS evorow bordb evcal_evdata_row'>\n\t\t\t\t\t\t\t<span class=\"evcal_evdata_icons\"><i class=\"fa fa-calendar\"><\/i><\/span>\n\t\t\t\t\t\t\t<div class='evcal_evdata_cell'>\n\t\t\t\t\t\t\t\t<p><a href='https:\/\/www.wochen-zur-demokratie.de\/archiv\/wp-admin\/admin-ajax.php?action=eventon_ics_download&amp;event_id=4022&amp;ri=0' class='evo_ics_nCal' title='Zum Ihrem Kalender hinzuf\u00fcgen'>Zum Kalender hinzuf\u00fcgen<\/a><a href='\/\/www.google.com\/calendar\/event?action=TEMPLATE&amp;text=Verdr%C3%A4ngt+%E2%80%93+Die+Erinnerung+an+die+nationalsozialistischen+%E2%80%9EEuthanasie%E2%80%9C-Morde&amp;dates=20231112T090000Z\/20231112T110000Z&amp;details=Die+Marginalisierung+der+von+den+Nationalsozialisten+ermordeten+psychisch+kranken+und+geistig+behinderten+Menschen+h%C3%A4lt+bis+heute+an.+Gleichzeitig+intensiviert+sich+die+Erinnerungsarbeit+mit+wachsender+Entfernung+von+den+Ereignissen.+Der+pr%C3%A4sentierte&amp;location=Langlebenhof%2C+Alte+Rieser+Str.+19%2C+Passau - ' target='_blank' class='evo_ics_gCal' title='Zum Ihrem Google-Kalender hinzuf\u00fcgen'>GoogleCal<\/a><\/p>\t\n\t\t\t\t\t\t\t<\/div>\n\t\t\t\t\t\t<\/div>\n\t\t\t\t\t\t<div class='bordb evo_metarow_socialmedia evcal_evdata_row  lastrow'><div class='evo_sm FacebookShare'><a class=\" evo_ss\" target=\"_blank\" onclick=\"javascript:window.open(this.href, '', 'left=50,top=50,width=600,height=350,toolbar=0');return false;\"\n\t\t\t\t\t\t\t\thref=\"http:\/\/www.facebook.com\/sharer.php?u=https%3A%2F%2Fwww.wochen-zur-demokratie.de%2Farchiv%2Fevents%2Fverdraengt-die-erinnerung-an-die-nationalsozialistischen-euthanasie-morde%2F\" title=\"Diese Veranstaltung auf Facebook teilen\"><i class=\"fa fa-facebook\"><\/i><\/a><\/div><div class='evo_sm Twitter'><a class=\"tw evo_ss\" onclick=\"javascript:window.open(this.href, '', 'menubar=no,toolbar=no,resizable=yes,scrollbars=yes,height=300,width=600');return false;\" href=\"http:\/\/twitter.com\/intent\/tweet?text=Verdr\u00e4ngt \u2013 Die Erinnerung an die nationalsozialistischen \u201eEuthanasie\u201c-Morde&#32;-&#32;&url=https%3A%2F%2Fwww.wochen-zur-demokratie.de%2Farchiv%2Fevents%2Fverdraengt-die-erinnerung-an-die-nationalsozialistischen-euthanasie-morde%2F\" title=\"Diese Veranstaltung auf Twitter teilen\" rel=\"nofollow\" target=\"_blank\" data-url=\"https%3A%2F%2Fwww.wochen-zur-demokratie.de%2Farchiv%2Fevents%2Fverdraengt-die-erinnerung-an-die-nationalsozialistischen-euthanasie-morde%2F\"><i class=\"fa fa-twitter\"><\/i><\/a><\/div><div class='evo_sm LinkedIn'><a class=\"li evo_ss\" href=\"http:\/\/www.linkedin.com\/shareArticle?mini=true&url=https%3A%2F%2Fwww.wochen-zur-demokratie.de%2Farchiv%2Fevents%2Fverdraengt-die-erinnerung-an-die-nationalsozialistischen-euthanasie-morde%2F&title=Verdr%C3%A4ngt%20%E2%80%93%20Die%20Erinnerung%20an%20die%20nationalsozialistischen%20%E2%80%9EEuthanasie%E2%80%9C-Morde&summary=Die+Marginalisierung+der+von+den+Nationalsozialisten+ermordeten+psychisch+kranken+und+geistig+behinderten+Menschen+h%C3%A4lt+bis+heute\" target=\"_blank\" title=\"Diese Veranstaltung auf Linkedin teilen\"><i class=\"fa fa-linkedin\"><\/i><\/a><\/div><div class='evo_sm EmailShare'><a class=\"em evo_ss\" href=\"mailto:?subject=Verdr\u00e4ngt \u2013 Die Erinnerung an die nationalsozialistischen \u201eEuthanasie\u201c-Morde&body=Event Name: Verdr\u00e4ngt \u2013 Die Erinnerung an die nationalsozialistischen \u201eEuthanasie\u201c-Morde%0AEvent Date: 12\/11\/2023 11:00 - 13:00%0ALink: https%3A%2F%2Fwww.wochen-zur-demokratie.de%2Farchiv%2Fevents%2Fverdraengt-die-erinnerung-an-die-nationalsozialistischen-euthanasie-morde%2F%0A\" target=\"_blank\"><i class=\"fa fa-envelope\"><\/i><\/a><\/div><div class='clear'><\/div><div class='evcal_evdata_row evcal_close' title='Close'><\/div><\/div><div class='evo_card_row_end evcal_close' title='Close'><\/div><\/div><div class='clear end'><\/div><\/div><div style=\"background-color: #a10066;height: 275px;\" id=\"event_4029\" class=\"eventon_list_event evo_eventtop past_event event event_4029_0\" data-event_id=\"4029\" data-ri=\"0r\" data-time=\"1699808400-1699819200\" data-colr=\"#a10066\" itemscope itemtype='http:\/\/schema.org\/Event'><div class=\"evo_event_schema\" style=\"display:none\" ><a itemprop='url'  href='https:\/\/www.wochen-zur-demokratie.de\/archiv\/events\/erinnern-wir-uns-gemeinsam\/'><\/a><span itemprop='name'  >Erinnern wir uns gemeinsam<\/span><meta itemprop='image' content=\"https:\/\/www.wochen-zur-demokratie.de\/archiv\/wp-content\/uploads\/2024\/01\/VA-Abschluss-1-web.jpg\" \/><meta itemprop='description' content=\"Wurden wir unserem Anspruch und dem Schwerpunktthema \u201eErinnerungskultur\u201d in den letzten Tagen gerecht? Konnten wir mit unserem kompakten Programm neue und gelegentlich auch unterhaltsame Sichtweisen aufzeigen? Konnten wir ein bisschen\" \/><meta itemprop='startDate' content=\"2023-11-12T17:00\" \/><meta itemprop='endDate' content=\"2023-11-12T20:00\" \/><meta itemprop='eventStatus' content=\"on-schedule\" \/><script type=\"application\/ld+json\">{\t\"@context\": \"http:\/\/schema.org\",\n\t\t\t\t\t\t\t  \t\"@type\": \"Event\",\n\t\t\t\t\t\t\t  \t\"name\": \"Erinnern wir uns gemeinsam\",\n\t\t\t\t\t\t\t  \t\"startDate\": \"2023-11-12T17-17-00-00\",\n\t\t\t\t\t\t\t  \t\"endDate\": \"2023-11-12T20-20-00-00\",\n\t\t\t\t\t\t\t  \t\"image\":\"https:\/\/www.wochen-zur-demokratie.de\/archiv\/wp-content\/uploads\/2024\/01\/VA-Abschluss-1-web.jpg\",\n\t\t\t\t\t\t\t  \t\"description\":\"Wurden wir unserem Anspruch und dem Schwerpunktthema \u201eErinnerungskultur\u201d in den letzten Tagen gerecht? Konnten wir mit unserem kompakten Programm neue und gelegentlich auch unterhaltsame Sichtweisen aufzeigen? Konnten wir ein bisschen\"\n\t\t\t\t\t\t\t  \t\n\t\t\t\t\t\t\t }<\/script><\/div>\n\t\t\t\t<p class=\"desc_trig_outter\"><a data-gmap_status=\"null\" data-exlk=\"0\" id=\"evc_16998084004029\" class=\"desc_trig sin_val evcal_list_a\" data-ux_val=\"3\"  ><span class='evcal_cblock ' data-bgcolor='#a10066' data-smon='November' data-syr='2023'><span class='evo_start '><em class='date'>12<\/em><em class='month'>Nov.<\/em><em class='time'>17:00<\/em><\/span><span class='evo_end only_time'><em class='time'>20:00<\/em><\/span><em class='clear'><\/em><\/span><span class='evcal_desc evo_info hide_eventtopdata '  data-location_status=\"false\" ><span class='evo_above_title'><\/span><span class='evcal_desc2 evcal_event_title' itemprop='name'>Erinnern wir uns gemeinsam<\/span><span class='evo_below_title'><span class='evcal_event_subtitle' >Abschlussveranstaltung von WoZu Demokratie<\/span><\/span><span class='evcal_desc_info' ><em class='evcal_time'>17:00 - 20:00<\/em> <em class=\"evcal_location\"  data-add_str=\"\"><em class=\"event_location_name\">Theatercaf\u00e9, Unterer Sand, Passau<\/em><\/em><\/span><span class='evcal_desc3'><\/span><\/span><em class='clear'><\/em><\/a><\/p><div class='event_description evcal_eventcard ' style=\"display:none\"><div class='evo_metarow_directimg'><img class='evo_event_main_img' src='https:\/\/www.wochen-zur-demokratie.de\/archiv\/wp-content\/uploads\/2024\/01\/VA-Abschluss-1-web.jpg' \/><\/div><div class='evo_event_images'><span class='evo_event_more_img select'><img title='' src='https:\/\/www.wochen-zur-demokratie.de\/archiv\/wp-content\/uploads\/2024\/01\/VA-Abschluss-1-web.jpg' data-f='https:\/\/www.wochen-zur-demokratie.de\/archiv\/wp-content\/uploads\/2024\/01\/VA-Abschluss-1-web.jpg'\/><\/span><span class='evo_event_more_img '><img title='' src='https:\/\/www.wochen-zur-demokratie.de\/archiv\/wp-content\/uploads\/2024\/01\/VA-Abschluss-2-web-150x150.jpg' data-f='https:\/\/www.wochen-zur-demokratie.de\/archiv\/wp-content\/uploads\/2024\/01\/VA-Abschluss-2-web.jpg' data-h='533' data-w='800'\/><\/span><span class='evo_event_more_img '><img title='' src='https:\/\/www.wochen-zur-demokratie.de\/archiv\/wp-content\/uploads\/2024\/01\/VA-Abschluss-4-web-150x150.jpg' data-f='https:\/\/www.wochen-zur-demokratie.de\/archiv\/wp-content\/uploads\/2024\/01\/VA-Abschluss-4-web.jpg' data-h='533' data-w='800'\/><\/span><span class='evo_event_more_img '><img title='' src='https:\/\/www.wochen-zur-demokratie.de\/archiv\/wp-content\/uploads\/2024\/01\/VA-Abschluss-3-web-150x150.jpg' data-f='https:\/\/www.wochen-zur-demokratie.de\/archiv\/wp-content\/uploads\/2024\/01\/VA-Abschluss-3-web.jpg' data-h='533' data-w='800'\/><\/span><\/div><div class='evo_metarow_details evorow evcal_evdata_row bordb evcal_event_details'>\n\t\t\t\t\t\t\t<div class=\"event_excerpt\" style=\"display:none\"><h3 class=\"padb5 evo_h3\">Event Details<\/h3><p>Wurden wir unserem Anspruch und dem Schwerpunktthema \u201eErinnerungskultur\u201d in den letzten Tagen gerecht? Konnten wir mit unserem kompakten Programm neue und gelegentlich auch unterhaltsame Sichtweisen aufzeigen? Konnten wir ein bisschen<\/p><\/div><span class='evcal_evdata_icons'><i class='fa fa-align-justify'><\/i><\/span>\n\t\t\t\t\t\t\t\n\t\t\t\t\t\t\t<div class='evcal_evdata_cell shorter_desc'><div class='eventon_details_shading_bot'>\n\t\t\t\t\t\t\t\t<p class='eventon_shad_p' content='less'><span class='ev_more_text' data-txt='Weniger anzeigen'>Mehr anzeigen<\/span><span class='ev_more_arrow'><\/span><\/p>\n\t\t\t\t\t\t\t<\/div><div class='eventon_full_description'>\n\t\t\t\t\t\t\t\t\t<h3 class='padb5 evo_h3'><span class='evcal_evdata_icons'><i class='fa fa-align-justify'><\/i><\/span>Event Details<\/h3><div class='eventon_desc_in' itemprop='description'>\n\t\t\t\t\t\t\t\t\t<p>Wurden wir unserem Anspruch und dem Schwerpunktthema \u201eErinnerungskultur\u201d in den letzten Tagen gerecht? Konnten wir mit unserem kompakten Programm neue und gelegentlich auch unterhaltsame Sichtweisen aufzeigen? Konnten wir ein bisschen Optimismus, Elan und frische Ideen generieren? Ein lockerer Austausch unter Beteiligten, Sympathisanten und Freunden brachte manche Antwort auf diese Fragen. Der <strong>Austausch bei gutem Essen und Trinken<\/strong> bildete jedenfalls den Abschluss der diesj\u00e4hrigen Wochen zur Demokratie. Diese endeten zwar offiziell an diesem Sonntag, aber die Veranstaltungen hallen hoffentlich nach, insbesondere die Ausstellung \u201eGrenz\u00fcberschreitungen\u201d. Denn sie lief noch bis Ende November weiter in den R\u00e4umen der AGON K\u00fcnstlergruppe in der H\u00f6llgasse. Dabei traf man stets entweder auf ein Mitglied von WoZu Demokratie oder gar auf den ehemaligen Pressefotografen pers\u00f6nlich. Denn Dirk Wildt \u00fcbernahm einige \u201eSchichten\u201d.<br \/>\nDoch zun\u00e4chst hoch die Gl\u00e4ser auf das f\u00fcnfte Demokratiefestival!<br \/>\nAls H\u00f6hepunkt des Abends kamen vier der hochwertigen Fotografien aus der Ausstellung \u201eGrenz\u00fcberschreitungen\u201d zur Versteigerung. Erhard Steinhaus \u00fcbernahm die Aufgabe des Auktionators.<\/p>\n<p><strong>Ort<\/strong>: Theatercaf\u00e9, Unterer Sand, Passau<br \/>\n<strong>Zeit<\/strong>: Sonntag, 12. November 2023, 17.00 \u2013 20.00 Uhr<br \/>\n<strong>Eintritt<\/strong> frei<\/p>\n<\/div><div class='clear'><\/div>\n\t\t\t\t\t\t\t\t<\/div>\n\t\t\t\t\t\t\t<\/div>\n\t\t\t\t\t\t<\/div><div class='evo_metarow_organizer evorow evcal_evdata_row bordb evcal_evrow_sm '>\n\t\t\t\t\t\t\t<span class='evcal_evdata_icons'><i class='fa fa-address-book-o'><\/i><\/span>\n\t\t\t\t\t\t\t<div class='evcal_evdata_cell'>\t\t\t\t\t\t\t\n\t\t\t\t\t\t\t\t<h3 class='evo_h3'>Mitveranstalter \/ Partner<\/h3>\n\t\t\t\t\t\t\t\t<p class='evo_data_val evo_card_organizer_image'><img src='https:\/\/www.wochen-zur-demokratie.de\/archiv\/wp-content\/uploads\/2019\/10\/logo-theatercafe-300x105.png'\/><\/p>\n\t\t\t\t\t\t\t\t<div class='evo_card_organizer'><p class='evo_data_val evo_card_organizer_name'>\n\t\t\t\t\t\t\t\t\t<span class='evo_card_organizer_name_t'>Theatercaf\u00e9, Unterer Sand 2, Passau<\/span>\n\t\t\t\t\t\t\t\t\t\n\t\t\t\t\t\t\t\t\t<\/p><\/div><div class='clear'><\/div>\t\t\t\t\t\t\t\n\t\t\t\t\t\t\t<\/div>\n\t\t\t\t\t\t<\/div>\t\t\t\t\t\t<div class='evo_metarow_ICS evorow bordb evcal_evdata_row'>\n\t\t\t\t\t\t\t<span class=\"evcal_evdata_icons\"><i class=\"fa fa-calendar\"><\/i><\/span>\n\t\t\t\t\t\t\t<div class='evcal_evdata_cell'>\n\t\t\t\t\t\t\t\t<p><a href='https:\/\/www.wochen-zur-demokratie.de\/archiv\/wp-admin\/admin-ajax.php?action=eventon_ics_download&amp;event_id=4029&amp;ri=0' class='evo_ics_nCal' title='Zum Ihrem Kalender hinzuf\u00fcgen'>Zum Kalender hinzuf\u00fcgen<\/a><a href='\/\/www.google.com\/calendar\/event?action=TEMPLATE&amp;text=Erinnern+wir+uns+gemeinsam&amp;dates=20231112T150000Z\/20231112T180000Z&amp;details=Wurden+wir+unserem+Anspruch+und+dem+Schwerpunktthema+%E2%80%9EErinnerungskultur%E2%80%9D+in+den+letzten+Tagen+gerecht%3F+Konnten+wir+mit+unserem+kompakten+Programm+neue+und+gelegentlich+auch+unterhaltsame+Sichtweisen+aufzeigen%3F+Konnten+wir+ein+bisschen&amp;location=Theatercaf%C3%A9%2C+Unterer+Sand%2C+Passau - ' target='_blank' class='evo_ics_gCal' title='Zum Ihrem Google-Kalender hinzuf\u00fcgen'>GoogleCal<\/a><\/p>\t\n\t\t\t\t\t\t\t<\/div>\n\t\t\t\t\t\t<\/div>\n\t\t\t\t\t\t<div class='bordb evo_metarow_socialmedia evcal_evdata_row  lastrow'><div class='evo_sm FacebookShare'><a class=\" evo_ss\" target=\"_blank\" onclick=\"javascript:window.open(this.href, '', 'left=50,top=50,width=600,height=350,toolbar=0');return false;\"\n\t\t\t\t\t\t\t\thref=\"http:\/\/www.facebook.com\/sharer.php?u=https%3A%2F%2Fwww.wochen-zur-demokratie.de%2Farchiv%2Fevents%2Ferinnern-wir-uns-gemeinsam%2F\" title=\"Diese Veranstaltung auf Facebook teilen\"><i class=\"fa fa-facebook\"><\/i><\/a><\/div><div class='evo_sm Twitter'><a class=\"tw evo_ss\" onclick=\"javascript:window.open(this.href, '', 'menubar=no,toolbar=no,resizable=yes,scrollbars=yes,height=300,width=600');return false;\" href=\"http:\/\/twitter.com\/intent\/tweet?text=Erinnern wir uns gemeinsam&#32;-&#32;&url=https%3A%2F%2Fwww.wochen-zur-demokratie.de%2Farchiv%2Fevents%2Ferinnern-wir-uns-gemeinsam%2F\" title=\"Diese Veranstaltung auf Twitter teilen\" rel=\"nofollow\" target=\"_blank\" data-url=\"https%3A%2F%2Fwww.wochen-zur-demokratie.de%2Farchiv%2Fevents%2Ferinnern-wir-uns-gemeinsam%2F\"><i class=\"fa fa-twitter\"><\/i><\/a><\/div><div class='evo_sm LinkedIn'><a class=\"li evo_ss\" href=\"http:\/\/www.linkedin.com\/shareArticle?mini=true&url=https%3A%2F%2Fwww.wochen-zur-demokratie.de%2Farchiv%2Fevents%2Ferinnern-wir-uns-gemeinsam%2F&title=Erinnern%20wir%20uns%20gemeinsam&summary=Wurden+wir+unserem+Anspruch+und+dem+Schwerpunktthema+%E2%80%9EErinnerungskultur%E2%80%9D+in+den+letzten+Tagen+gerecht%3F+Konnten+wir+mit\" target=\"_blank\" title=\"Diese Veranstaltung auf Linkedin teilen\"><i class=\"fa fa-linkedin\"><\/i><\/a><\/div><div class='evo_sm EmailShare'><a class=\"em evo_ss\" href=\"mailto:?subject=Erinnern wir uns gemeinsam&body=Event Name: Erinnern wir uns gemeinsam%0AEvent Date: 12\/11\/2023 17:00 - 20:00%0ALink: https%3A%2F%2Fwww.wochen-zur-demokratie.de%2Farchiv%2Fevents%2Ferinnern-wir-uns-gemeinsam%2F%0A\" target=\"_blank\"><i class=\"fa fa-envelope\"><\/i><\/a><\/div><div class='clear'><\/div><div class='evcal_evdata_row evcal_close' title='Close'><\/div><\/div><div class='evo_card_row_end evcal_close' title='Close'><\/div><\/div><div class='clear end'><\/div><\/div>\t\t\t<div class='clear'><\/div>\n\t\t\t<\/div><!-- #evcal_list-->\n\t\t\t<div class='clear'><\/div>\n\n\t\t\t\t\n\t\t\t\n\t\t\t\t\t\t<\/div><!-- .ajde_evcal_calendar-->\n\n\t\t\t\n<p>[\/et_pb_text][\/et_pb_column][\/et_pb_row][\/et_pb_section][et_pb_section fb_built=&#8220;1&#8243; admin_label=&#8220;Section Veranstalter&#8220; module_id=&#8220;veranstalter&#8220; _builder_version=&#8220;4.16&#8243; background_color=&#8220;#ffffff&#8220; custom_padding=&#8220;0px||0px||false|false&#8220; global_colors_info=&#8220;{}&#8220;][et_pb_row _builder_version=&#8220;4.16&#8243; width=&#8220;100%&#8220; max_width=&#8220;none&#8220; custom_padding=&#8220;0px||0px||false|false&#8220; global_colors_info=&#8220;{}&#8220;][et_pb_column type=&#8220;4_4&#8243; _builder_version=&#8220;4.16&#8243; global_colors_info=&#8220;{}&#8220;][et_pb_image src=&#8220;https:\/\/www.wochen-zur-demokratie.de\/archiv\/wp-content\/uploads\/2019\/08\/wzd_divider-veranstalter-dt_1920.png&#8220; force_fullwidth=&#8220;on&#8220; src_tablet=&#8220;&#8220; src_phone=&#8220;https:\/\/www.wochen-zur-demokratie.de\/archiv\/wp-content\/uploads\/2019\/08\/wzd_divider-veranstalter-ph_1080.png&#8220; src_last_edited=&#8220;on|phone&#8220; disabled_on=&#8220;on|on|on&#8220; admin_label=&#8220;Image VERANSTALTER&#8220; _builder_version=&#8220;4.17.6&#8243; disabled=&#8220;on&#8220; global_colors_info=&#8220;{}&#8220;][\/et_pb_image][\/et_pb_column][\/et_pb_row][et_pb_row column_structure=&#8220;1_4,1_4,1_4,1_4&#8243; use_custom_gutter=&#8220;on&#8220; gutter_width=&#8220;2&#8243; disabled_on=&#8220;on|on|on&#8220; _builder_version=&#8220;4.17.6&#8243; background_enable_color=&#8220;off&#8220; custom_padding=&#8220;60px||60px|||&#8220; disabled=&#8220;on&#8220; global_colors_info=&#8220;{}&#8220;][et_pb_column type=&#8220;1_4&#8243; _builder_version=&#8220;4.16&#8243; global_colors_info=&#8220;{}&#8220;][et_pb_image src=&#8220;https:\/\/www.wochen-zur-demokratie.de\/archiv\/wp-content\/uploads\/2022\/02\/WzD-Logo-2022-mittel.jpg&#8220; title_text=&#8220;WzD-Logo-2022-mittel&#8220; disabled_on=&#8220;on|on|on&#8220; admin_label=&#8220;Wozu Demo.&#8220; _builder_version=&#8220;4.17.6&#8243; max_width=&#8220;150px&#8220; module_alignment=&#8220;center&#8220; disabled=&#8220;on&#8220; global_colors_info=&#8220;{}&#8220;][\/et_pb_image][\/et_pb_column][et_pb_column type=&#8220;1_4&#8243; _builder_version=&#8220;4.16&#8243; global_colors_info=&#8220;{}&#8220;][\/et_pb_column][et_pb_column type=&#8220;1_4&#8243; _builder_version=&#8220;4.16&#8243; global_colors_info=&#8220;{}&#8220;][\/et_pb_column][et_pb_column type=&#8220;1_4&#8243; _builder_version=&#8220;4.16&#8243; global_colors_info=&#8220;{}&#8220;][\/et_pb_column][\/et_pb_row][\/et_pb_section][et_pb_section fb_built=&#8220;1&#8243; admin_label=&#8220;Section Partner \u00f6ff Hand&#8220; _builder_version=&#8220;4.16&#8243; _module_preset=&#8220;default&#8220; global_colors_info=&#8220;{}&#8220;][et_pb_row _builder_version=&#8220;4.16&#8243; _module_preset=&#8220;default&#8220; positioning=&#8220;none&#8220; width=&#8220;100%&#8220; max_width=&#8220;2560px&#8220; global_colors_info=&#8220;{}&#8220;][et_pb_column type=&#8220;4_4&#8243; _builder_version=&#8220;4.16&#8243; _module_preset=&#8220;default&#8220; global_colors_info=&#8220;{}&#8220;][et_pb_image src=&#8220;https:\/\/www.wochen-zur-demokratie.de\/archiv\/wp-content\/uploads\/2022\/07\/programm-partneroeffhand300-scaled.jpg&#8220; title_text=&#8220;hand_2&#8243; force_fullwidth=&#8220;on&#8220; src_tablet=&#8220;&#8220; src_phone=&#8220;https:\/\/www.wochen-zur-demokratie.de\/archiv\/wp-content\/uploads\/2022\/07\/hand_2.jpg&#8220; src_last_edited=&#8220;on|phone&#8220; admin_label=&#8220;Balken Pd\u00d6H&#8220; _builder_version=&#8220;4.17.6&#8243; global_colors_info=&#8220;{}&#8220;][\/et_pb_image][\/et_pb_column][\/et_pb_row][et_pb_row column_structure=&#8220;1_4,1_4,1_4,1_4&#8243; _builder_version=&#8220;4.16&#8243; _module_preset=&#8220;default&#8220; global_colors_info=&#8220;{}&#8220;][et_pb_column type=&#8220;1_4&#8243; _builder_version=&#8220;4.16&#8243; _module_preset=&#8220;default&#8220; global_colors_info=&#8220;{}&#8220;][et_pb_image src=&#8220;https:\/\/www.wochen-zur-demokratie.de\/archiv\/wp-content\/uploads\/2022\/07\/Logo-Uni-Passau300-300.jpg&#8220; title_text=&#8220;Logo-Uni-Passau300-300&#8243; url=&#8220;https:\/\/www.uni-passau.de\/&#8220; url_new_window=&#8220;on&#8220; align=&#8220;center&#8220; admin_label=&#8220;Uni Passau&#8220; _builder_version=&#8220;4.16&#8243; _module_preset=&#8220;default&#8220; transform_scale=&#8220;108%|108%&#8220; global_colors_info=&#8220;{}&#8220;][\/et_pb_image][\/et_pb_column][et_pb_column type=&#8220;1_4&#8243; _builder_version=&#8220;4.16&#8243; _module_preset=&#8220;default&#8220; global_colors_info=&#8220;{}&#8220;][et_pb_image src=&#8220;https:\/\/www.wochen-zur-demokratie.de\/archiv\/wp-content\/uploads\/2022\/09\/Logo-Landkreis-Passau-web.jpg&#8220; title_text=&#8220;Logo-Landkreis-Passau-web&#8220; url=&#8220;https:\/\/www.landkreis-passau.de\/&#8220; url_new_window=&#8220;on&#8220; disabled_on=&#8220;off|off|off&#8220; admin_label=&#8220;LK Passau&#8220; _builder_version=&#8220;4.21.0&#8243; locked=&#8220;off&#8220; global_colors_info=&#8220;{}&#8220;][\/et_pb_image][\/et_pb_column][et_pb_column type=&#8220;1_4&#8243; _builder_version=&#8220;4.16&#8243; _module_preset=&#8220;default&#8220; global_colors_info=&#8220;{}&#8220;][et_pb_image src=&#8220;https:\/\/www.wochen-zur-demokratie.de\/archiv\/wp-content\/uploads\/2019\/08\/veranstalter-passau_300.jpg&#8220; url=&#8220;https:\/\/www.passau.de\/&#8220; url_new_window=&#8220;on&#8220; disabled_on=&#8220;off|off|off&#8220; admin_label=&#8220;Passau&#8220; _builder_version=&#8220;4.21.0&#8243; locked=&#8220;off&#8220; global_colors_info=&#8220;{}&#8220;][\/et_pb_image][\/et_pb_column][et_pb_column type=&#8220;1_4&#8243; _builder_version=&#8220;4.16&#8243; _module_preset=&#8220;default&#8220; global_colors_info=&#8220;{}&#8220;][\/et_pb_column][\/et_pb_row][\/et_pb_section][et_pb_section fb_built=&#8220;1&#8243; admin_label=&#8220;Section F\u00f6rderer&#8220; module_id=&#8220;foerderer&#8220; _builder_version=&#8220;4.16&#8243; background_color=&#8220;#ffffff&#8220; custom_padding=&#8220;0px||50px||false|false&#8220; global_colors_info=&#8220;{}&#8220;][et_pb_row _builder_version=&#8220;4.16&#8243; width=&#8220;100%&#8220; max_width=&#8220;none&#8220; custom_padding=&#8220;0px||0px||false|false&#8220; global_colors_info=&#8220;{}&#8220;][et_pb_column type=&#8220;4_4&#8243; _builder_version=&#8220;4.16&#8243; global_colors_info=&#8220;{}&#8220;][et_pb_image src=&#8220;https:\/\/www.wochen-zur-demokratie.de\/archiv\/wp-content\/uploads\/2019\/08\/wzd_divider-foerderer-dt_1920.png&#8220; force_fullwidth=&#8220;on&#8220; src_tablet=&#8220;&#8220; src_phone=&#8220;https:\/\/www.wochen-zur-demokratie.de\/archiv\/wp-content\/uploads\/2019\/08\/wzd_divider-foerderer-ph_1080.png&#8220; src_last_edited=&#8220;on|phone&#8220; admin_label=&#8220;Image F\u00d6RDERER&#8220; _builder_version=&#8220;4.17.6&#8243; global_colors_info=&#8220;{}&#8220;][\/et_pb_image][\/et_pb_column][\/et_pb_row][et_pb_row column_structure=&#8220;1_4,1_4,1_4,1_4&#8243; use_custom_gutter=&#8220;on&#8220; gutter_width=&#8220;2&#8243; make_equal=&#8220;on&#8220; _builder_version=&#8220;4.16&#8243; background_enable_color=&#8220;off&#8220; custom_padding=&#8220;40px||0px|||&#8220; global_colors_info=&#8220;{}&#8220;][et_pb_column type=&#8220;1_4&#8243; module_class=&#8220;vertical-align&#8220; _builder_version=&#8220;4.16&#8243; global_colors_info=&#8220;{}&#8220;][et_pb_image src=&#8220;https:\/\/www.wochen-zur-demokratie.de\/archiv\/wp-content\/uploads\/2022\/08\/Logo-Wertebuendnis-web.jpg&#8220; title_text=&#8220;Logo-Wertebuendnis-web&#8220; url=&#8220;https:\/\/www.wertebuendnis-bayern.de\/&#8220; url_new_window=&#8220;on&#8220; admin_label=&#8220;Werteb\u00fcndnis&#8220; _builder_version=&#8220;4.17.6&#8243; _module_preset=&#8220;default&#8220; global_colors_info=&#8220;{}&#8220;][\/et_pb_image][\/et_pb_column][et_pb_column type=&#8220;1_4&#8243; module_class=&#8220;vertical-align&#8220; _builder_version=&#8220;4.16&#8243; global_colors_info=&#8220;{}&#8220;][et_pb_image src=&#8220;https:\/\/www.wochen-zur-demokratie.de\/archiv\/wp-content\/uploads\/2019\/09\/logo-kultursponsoren.jpg&#8220; url=&#8220;https:\/\/kultursponsoren-landkreis-passau.de\/&#8220; url_new_window=&#8220;on&#8220; disabled_on=&#8220;off|off|off&#8220; admin_label=&#8220;Kultursponsoren LK PA&#8220; _builder_version=&#8220;4.21.0&#8243; global_colors_info=&#8220;{}&#8220;][\/et_pb_image][\/et_pb_column][et_pb_column type=&#8220;1_4&#8243; module_class=&#8220;vertical-align&#8220; _builder_version=&#8220;4.16&#8243; global_colors_info=&#8220;{}&#8220;][et_pb_image src=&#8220;https:\/\/www.wochen-zur-demokratie.de\/archiv\/wp-content\/uploads\/2019\/09\/logo-sparkassenstiftung.jpg&#8220; title_text=&#8220;logo-sparkassenstiftung&#8220; url_new_window=&#8220;on&#8220; disabled_on=&#8220;off|off|off&#8220; admin_label=&#8220;Sparkassenstiftung&#8220; _builder_version=&#8220;4.21.0&#8243; _module_preset=&#8220;default&#8220; global_colors_info=&#8220;{}&#8220;][\/et_pb_image][\/et_pb_column][et_pb_column type=&#8220;1_4&#8243; module_class=&#8220;vertical-align&#8220; _builder_version=&#8220;4.16&#8243; global_colors_info=&#8220;{}&#8220;][et_pb_image src=&#8220;https:\/\/www.wochen-zur-demokratie.de\/archiv\/wp-content\/uploads\/2020\/08\/Logo-LAG.jpg&#8220; title_text=&#8220;Logo-LAG&#8220; url=&#8220;https:\/\/www.lag-passauer-land.de\/&#8220; url_new_window=&#8220;on&#8220; disabled_on=&#8220;off|off|off&#8220; admin_label=&#8220;LAG&#8220; _builder_version=&#8220;4.21.0&#8243; _module_preset=&#8220;default&#8220; global_colors_info=&#8220;{}&#8220;][\/et_pb_image][\/et_pb_column][\/et_pb_row][et_pb_row column_structure=&#8220;1_4,1_4,1_4,1_4&#8243; _builder_version=&#8220;4.16&#8243; global_colors_info=&#8220;{}&#8220;][et_pb_column type=&#8220;1_4&#8243; _builder_version=&#8220;4.16&#8243; global_colors_info=&#8220;{}&#8220;][\/et_pb_column][et_pb_column type=&#8220;1_4&#8243; _builder_version=&#8220;4.16&#8243; global_colors_info=&#8220;{}&#8220;][\/et_pb_column][et_pb_column type=&#8220;1_4&#8243; _builder_version=&#8220;4.16&#8243; global_colors_info=&#8220;{}&#8220;][\/et_pb_column][et_pb_column type=&#8220;1_4&#8243; _builder_version=&#8220;4.16&#8243; global_colors_info=&#8220;{}&#8220;][\/et_pb_column][\/et_pb_row][\/et_pb_section][et_pb_section fb_built=&#8220;1&#8243; admin_label=&#8220;Section Partner&#8220; module_id=&#8220;partner&#8220; _builder_version=&#8220;4.16&#8243; background_color=&#8220;#ffffff&#8220; custom_padding=&#8220;0px||0px||false|false&#8220; global_colors_info=&#8220;{}&#8220;][et_pb_row _builder_version=&#8220;4.16&#8243; width=&#8220;100%&#8220; max_width=&#8220;none&#8220; custom_padding=&#8220;0px||0px||false|false&#8220; global_colors_info=&#8220;{}&#8220;][et_pb_column type=&#8220;4_4&#8243; _builder_version=&#8220;4.16&#8243; global_colors_info=&#8220;{}&#8220;][et_pb_image src=&#8220;https:\/\/www.wochen-zur-demokratie.de\/archiv\/wp-content\/uploads\/2019\/08\/wzd_divider-partner-dt_1920.png&#8220; force_fullwidth=&#8220;on&#8220; src_tablet=&#8220;&#8220; src_phone=&#8220;https:\/\/www.wochen-zur-demokratie.de\/archiv\/wp-content\/uploads\/2019\/08\/wzd_divider-partner-ph_1080.png&#8220; src_last_edited=&#8220;on|desktop&#8220; admin_label=&#8220;Image Partner Divider&#8220; _builder_version=&#8220;4.16&#8243; global_colors_info=&#8220;{}&#8220;][\/et_pb_image][\/et_pb_column][\/et_pb_row][\/et_pb_section][et_pb_section fb_built=&#8220;1&#8243; _builder_version=&#8220;4.16&#8243; global_colors_info=&#8220;{}&#8220;][et_pb_row column_structure=&#8220;1_6,1_6,1_6,1_6,1_6,1_6&#8243; use_custom_gutter=&#8220;on&#8220; gutter_width=&#8220;2&#8243; make_equal=&#8220;on&#8220; _builder_version=&#8220;4.16&#8243; width=&#8220;90%&#8220; max_width=&#8220;1180px&#8220; custom_padding=&#8220;20px||20px||false|false&#8220; global_colors_info=&#8220;{}&#8220;][et_pb_column type=&#8220;1_6&#8243; module_class=&#8220;vertical-align&#8220; _builder_version=&#8220;4.16&#8243; global_colors_info=&#8220;{}&#8220;][et_pb_image src=&#8220;https:\/\/www.wochen-zur-demokratie.de\/archiv\/wp-content\/uploads\/2019\/07\/Logo-CineplexPassau.jpg&#8220; url=&#8220;https:\/\/www.cineplex.de\/passau\/&#8220; url_new_window=&#8220;on&#8220; align=&#8220;center&#8220; admin_label=&#8220;Cineplex&#8220; _builder_version=&#8220;4.16&#8243; global_colors_info=&#8220;{}&#8220;][\/et_pb_image][\/et_pb_column][et_pb_column type=&#8220;1_6&#8243; module_class=&#8220;vertical-align&#8220; _builder_version=&#8220;4.16&#8243; global_colors_info=&#8220;{}&#8220;][et_pb_image src=&#8220;https:\/\/www.wochen-zur-demokratie.de\/archiv\/wp-content\/uploads\/2019\/09\/Logo-ProLi.jpg&#8220; url=&#8220;https:\/\/proli.cafe\/&#8220; url_new_window=&#8220;on&#8220; align=&#8220;center&#8220; admin_label=&#8220;ProLi&#8220; _builder_version=&#8220;4.16&#8243; width=&#8220;120px&#8220; locked=&#8220;off&#8220; global_colors_info=&#8220;{}&#8220;][\/et_pb_image][\/et_pb_column][et_pb_column type=&#8220;1_6&#8243; module_class=&#8220;vertical-align&#8220; _builder_version=&#8220;4.16&#8243; global_colors_info=&#8220;{}&#8220;][et_pb_image src=&#8220;https:\/\/www.wochen-zur-demokratie.de\/archiv\/wp-content\/uploads\/2022\/07\/Logo-Bayern2-web.jpg&#8220; title_text=&#8220;Logo-Bayern2-web&#8220; url=&#8220;https:\/\/www.br.de\/radio\/bayern2\/index.html&#8220; url_new_window=&#8220;on&#8220; admin_label=&#8220;Bayern 2&#8243; _builder_version=&#8220;4.16&#8243; _module_preset=&#8220;default&#8220; global_colors_info=&#8220;{}&#8220;][\/et_pb_image][\/et_pb_column][et_pb_column type=&#8220;1_6&#8243; module_class=&#8220;vertical-align&#8220; _builder_version=&#8220;4.16&#8243; global_colors_info=&#8220;{}&#8220;][et_pb_image src=&#8220;https:\/\/www.wochen-zur-demokratie.de\/archiv\/wp-content\/uploads\/2019\/10\/AI-Logo.png&#8220; title_text=&#8220;AI Logo&#8220; url=&#8220;https:\/\/www.amnesty.de\/mitmachen\/gruppe-finden\/gruppe-passau&#8220; url_new_window=&#8220;on&#8220; admin_label=&#8220;Amnesty International&#8220; _builder_version=&#8220;4.16&#8243; _module_preset=&#8220;default&#8220; global_colors_info=&#8220;{}&#8220;][\/et_pb_image][\/et_pb_column][et_pb_column type=&#8220;1_6&#8243; module_class=&#8220;vertical-align&#8220; _builder_version=&#8220;4.16&#8243; global_colors_info=&#8220;{}&#8220;][et_pb_image src=&#8220;https:\/\/www.wochen-zur-demokratie.de\/archiv\/wp-content\/uploads\/2019\/10\/logo-theatercafe.png&#8220; url=&#8220;http:\/\/www.cafe-aquarium.eu\/&#8220; url_new_window=&#8220;on&#8220; admin_label=&#8220;Theatercafe&#8220; _builder_version=&#8220;4.16&#8243; global_colors_info=&#8220;{}&#8220;][\/et_pb_image][\/et_pb_column][et_pb_column type=&#8220;1_6&#8243; module_class=&#8220;vertical-align&#8220; _builder_version=&#8220;4.16&#8243; global_colors_info=&#8220;{}&#8220;][et_pb_image src=&#8220;https:\/\/www.wochen-zur-demokratie.de\/archiv\/wp-content\/uploads\/2019\/07\/logo-lebenundlernenineuropa.jpg&#8220; url=&#8220;https:\/\/gemeinsam-in-europa.de\/&#8220; url_new_window=&#8220;on&#8220; align=&#8220;center&#8220; admin_label=&#8220;Gemeinsam e.V.&#8220; _builder_version=&#8220;4.16&#8243; width=&#8220;140px&#8220; locked=&#8220;off&#8220; global_colors_info=&#8220;{}&#8220;][\/et_pb_image][\/et_pb_column][\/et_pb_row][et_pb_row column_structure=&#8220;1_6,1_6,1_6,1_6,1_6,1_6&#8243; use_custom_gutter=&#8220;on&#8220; gutter_width=&#8220;2&#8243; make_equal=&#8220;on&#8220; _builder_version=&#8220;4.16&#8243; width=&#8220;90%&#8220; max_width=&#8220;1180px&#8220; custom_padding=&#8220;20px||20px||false|false&#8220; global_colors_info=&#8220;{}&#8220;][et_pb_column type=&#8220;1_6&#8243; module_class=&#8220;vertical-align&#8220; _builder_version=&#8220;4.16&#8243; global_colors_info=&#8220;{}&#8220;][et_pb_image src=&#8220;https:\/\/www.wochen-zur-demokratie.de\/archiv\/wp-content\/uploads\/2020\/08\/Logo-Kukuk-web.jpg&#8220; url=&#8220;http:\/\/www.kukuk-obernzell.de\/Joomla\/&#8220; url_new_window=&#8220;on&#8220; admin_label=&#8220;KuKuK&#8220; _builder_version=&#8220;4.16&#8243; global_colors_info=&#8220;{}&#8220;][\/et_pb_image][\/et_pb_column][et_pb_column type=&#8220;1_6&#8243; module_class=&#8220;vertical-align&#8220; _builder_version=&#8220;4.16&#8243; global_colors_info=&#8220;{}&#8220;][et_pb_image src=&#8220;https:\/\/www.wochen-zur-demokratie.de\/archiv\/wp-content\/uploads\/2020\/08\/logo-LAG-Aldersbach-Aidenbach.png&#8220; url=&#8220;http:\/\/lag-maedchenpolitik-bayern.de\/&#8220; url_new_window=&#8220;on&#8220; admin_label=&#8220;LAG M\u00e4dchen&#8220; _builder_version=&#8220;4.16&#8243; global_colors_info=&#8220;{}&#8220;][\/et_pb_image][\/et_pb_column][et_pb_column type=&#8220;1_6&#8243; module_class=&#8220;vertical-align&#8220; _builder_version=&#8220;4.16&#8243; global_colors_info=&#8220;{}&#8220;][et_pb_image src=&#8220;https:\/\/www.wochen-zur-demokratie.de\/archiv\/wp-content\/uploads\/2019\/09\/Logo-Montessouri.jpg&#8220; url=&#8220;https:\/\/www.montessori-passau.de\/&#8220; url_new_window=&#8220;on&#8220; align=&#8220;center&#8220; admin_label=&#8220;Montessori&#8220; _builder_version=&#8220;4.16&#8243; locked=&#8220;off&#8220; global_colors_info=&#8220;{}&#8220;][\/et_pb_image][\/et_pb_column][et_pb_column type=&#8220;1_6&#8243; module_class=&#8220;vertical-align&#8220; _builder_version=&#8220;4.16&#8243; global_colors_info=&#8220;{}&#8220;][et_pb_image src=&#8220;https:\/\/www.wochen-zur-demokratie.de\/archiv\/wp-content\/uploads\/2019\/07\/logo-wurzelwerke.jpg&#8220; url=&#8220;https:\/\/www.vereinte-wurzelwerke.de\/&#8220; url_new_window=&#8220;on&#8220; align=&#8220;center&#8220; admin_label=&#8220;Wurzelwerke&#8220; _builder_version=&#8220;4.16&#8243; locked=&#8220;off&#8220; global_colors_info=&#8220;{}&#8220;][\/et_pb_image][\/et_pb_column][et_pb_column type=&#8220;1_6&#8243; module_class=&#8220;vertical-align&#8220; _builder_version=&#8220;4.16&#8243; global_colors_info=&#8220;{}&#8220;][et_pb_image src=&#8220;https:\/\/www.wochen-zur-demokratie.de\/archiv\/wp-content\/uploads\/2019\/07\/logo-architekturforum_passau_ev.jpg&#8220; url=&#8220;http:\/\/www.architekturforum-passau.de\/&#8220; url_new_window=&#8220;on&#8220; align=&#8220;center&#8220; admin_label=&#8220;architekturforum&#8220; _builder_version=&#8220;4.16&#8243; locked=&#8220;off&#8220; global_colors_info=&#8220;{}&#8220;][\/et_pb_image][\/et_pb_column][et_pb_column type=&#8220;1_6&#8243; module_class=&#8220;vertical-align&#8220; _builder_version=&#8220;4.16&#8243; global_colors_info=&#8220;{}&#8220;][et_pb_image src=&#8220;https:\/\/www.wochen-zur-demokratie.de\/archiv\/wp-content\/uploads\/2019\/09\/Logo-Landestheater-Niederbayern.jpg&#8220; url=&#8220;https:\/\/www.landestheater-niederbayern.de\/&#8220; url_new_window=&#8220;on&#8220; align=&#8220;center&#8220; admin_label=&#8220;Landestheater&#8220; _builder_version=&#8220;4.16&#8243; locked=&#8220;off&#8220; global_colors_info=&#8220;{}&#8220;][\/et_pb_image][\/et_pb_column][\/et_pb_row][et_pb_row column_structure=&#8220;1_6,1_6,1_6,1_6,1_6,1_6&#8243; use_custom_gutter=&#8220;on&#8220; gutter_width=&#8220;2&#8243; make_equal=&#8220;on&#8220; _builder_version=&#8220;4.16&#8243; width=&#8220;90%&#8220; max_width=&#8220;1180px&#8220; custom_padding=&#8220;20px||20px||false|false&#8220; global_colors_info=&#8220;{}&#8220;][et_pb_column type=&#8220;1_6&#8243; module_class=&#8220;vertical-align&#8220; _builder_version=&#8220;4.16&#8243; global_colors_info=&#8220;{}&#8220;][et_pb_image src=&#8220;https:\/\/www.wochen-zur-demokratie.de\/archiv\/wp-content\/uploads\/2019\/09\/logo-buecher-pustet.jpg&#8220; url=&#8220;https:\/\/www.pustet.de\/shop\/magazine\/49131\/passau.html&#8220; url_new_window=&#8220;on&#8220; align=&#8220;center&#8220; admin_label=&#8220;B\u00fccher pustet&#8220; _builder_version=&#8220;4.16&#8243; global_colors_info=&#8220;{}&#8220;][\/et_pb_image][\/et_pb_column][et_pb_column type=&#8220;1_6&#8243; module_class=&#8220;vertical-align&#8220; _builder_version=&#8220;4.16&#8243; global_colors_info=&#8220;{}&#8220;][et_pb_image src=&#8220;https:\/\/www.wochen-zur-demokratie.de\/archiv\/wp-content\/uploads\/2019\/09\/logo-rupprecht.jpg&#8220; url=&#8220;https:\/\/www.rupprecht.de\/shop\/magazine\/96495\/filiale_passau.html&#8220; url_new_window=&#8220;on&#8220; align=&#8220;center&#8220; admin_label=&#8220;Rupprecht&#8220; _builder_version=&#8220;4.16&#8243; width=&#8220;150px&#8220; locked=&#8220;off&#8220; global_colors_info=&#8220;{}&#8220;][\/et_pb_image][\/et_pb_column][et_pb_column type=&#8220;1_6&#8243; module_class=&#8220;vertical-align&#8220; _builder_version=&#8220;4.16&#8243; global_colors_info=&#8220;{}&#8220;][et_pb_image src=&#8220;https:\/\/www.wochen-zur-demokratie.de\/archiv\/wp-content\/uploads\/2019\/07\/logo-TheaterEigenart.jpg&#8220; url=&#8220;http:\/\/www.theatereigenart.de\/&#8220; url_new_window=&#8220;on&#8220; align=&#8220;center&#8220; admin_label=&#8220;EigenArt&#8220; _builder_version=&#8220;4.16&#8243; global_colors_info=&#8220;{}&#8220;][\/et_pb_image][\/et_pb_column][et_pb_column type=&#8220;1_6&#8243; module_class=&#8220;vertical-align&#8220; _builder_version=&#8220;4.16&#8243; global_colors_info=&#8220;{}&#8220;][et_pb_image src=&#8220;https:\/\/www.wochen-zur-demokratie.de\/archiv\/wp-content\/uploads\/2021\/09\/Logo-Cooltur-web.jpg&#8220; title_text=&#8220;Logo-Cooltur-web&#8220; url=&#8220;https:\/\/www.facebook.com\/COOLtur-Kellberg-eV-103999381919121\/&#8220; url_new_window=&#8220;on&#8220; align=&#8220;center&#8220; admin_label=&#8220;CoolTour&#8220; _builder_version=&#8220;4.16&#8243; locked=&#8220;off&#8220; global_colors_info=&#8220;{}&#8220;][\/et_pb_image][\/et_pb_column][et_pb_column type=&#8220;1_6&#8243; module_class=&#8220;vertical-align&#8220; _builder_version=&#8220;4.16&#8243; global_colors_info=&#8220;{}&#8220;][et_pb_image src=&#8220;https:\/\/www.wochen-zur-demokratie.de\/archiv\/wp-content\/uploads\/2019\/09\/logo-cafe-museum.jpg&#8220; url=&#8220;https:\/\/www.cafe-museum.de\/&#8220; url_new_window=&#8220;on&#8220; align=&#8220;center&#8220; admin_label=&#8220;Cafe Museum&#8220; _builder_version=&#8220;4.16&#8243; width=&#8220;140px&#8220; locked=&#8220;off&#8220; global_colors_info=&#8220;{}&#8220;][\/et_pb_image][\/et_pb_column][et_pb_column type=&#8220;1_6&#8243; module_class=&#8220;vertical-align&#8220; _builder_version=&#8220;4.16&#8243; global_colors_info=&#8220;{}&#8220;][et_pb_image src=&#8220;https:\/\/www.wochen-zur-demokratie.de\/archiv\/wp-content\/uploads\/2019\/07\/Logo-BonMots.jpg&#8220; url=&#8220;https:\/\/www.cafe-museum.de\/programm-cafe-museum\/bon-mots-ein-lesereigen-fuer-sprachbegeistserte-157.html&#8220; url_new_window=&#8220;on&#8220; align=&#8220;center&#8220; admin_label=&#8220;Bon Mots&#8220; _builder_version=&#8220;4.16&#8243; locked=&#8220;off&#8220; global_colors_info=&#8220;{}&#8220;][\/et_pb_image][\/et_pb_column][\/et_pb_row][et_pb_row column_structure=&#8220;1_6,1_6,1_6,1_6,1_6,1_6&#8243; use_custom_gutter=&#8220;on&#8220; gutter_width=&#8220;2&#8243; make_equal=&#8220;on&#8220; _builder_version=&#8220;4.16&#8243; width=&#8220;90%&#8220; max_width=&#8220;1180px&#8220; custom_padding=&#8220;20px||20px||false|false&#8220; global_colors_info=&#8220;{}&#8220;][et_pb_column type=&#8220;1_6&#8243; module_class=&#8220;vertical-align&#8220; _builder_version=&#8220;4.16&#8243; global_colors_info=&#8220;{}&#8220;][et_pb_image src=&#8220;https:\/\/www.wochen-zur-demokratie.de\/archiv\/wp-content\/uploads\/2019\/09\/logo-oberhaus.jpg&#8220; url=&#8220;https:\/\/www.oberhausmuseum.de\/&#8220; url_new_window=&#8220;on&#8220; align=&#8220;center&#8220; admin_label=&#8220;Oberhaus&#8220; _builder_version=&#8220;4.16&#8243; width=&#8220;140px&#8220; global_colors_info=&#8220;{}&#8220;][\/et_pb_image][\/et_pb_column][et_pb_column type=&#8220;1_6&#8243; module_class=&#8220;vertical-align&#8220; _builder_version=&#8220;4.16&#8243; global_colors_info=&#8220;{}&#8220;][et_pb_image src=&#8220;https:\/\/www.wochen-zur-demokratie.de\/archiv\/wp-content\/uploads\/2019\/09\/logo-henke.jpg&#8220; url=&#8220;https:\/\/antiquariat-henke.de\/&#8220; url_new_window=&#8220;on&#8220; align=&#8220;center&#8220; admin_label=&#8220;Henke&#8220; _builder_version=&#8220;4.16&#8243; locked=&#8220;off&#8220; global_colors_info=&#8220;{}&#8220;][\/et_pb_image][\/et_pb_column][et_pb_column type=&#8220;1_6&#8243; module_class=&#8220;vertical-align&#8220; _builder_version=&#8220;4.16&#8243; global_colors_info=&#8220;{}&#8220;][et_pb_image src=&#8220;https:\/\/www.wochen-zur-demokratie.de\/archiv\/wp-content\/uploads\/2020\/08\/Logo-LMU.png&#8220; url=&#8220;https:\/\/www.uni-muenchen.de\/index.html&#8220; url_new_window=&#8220;on&#8220; admin_label=&#8220;LMU&#8220; _builder_version=&#8220;4.16&#8243; global_colors_info=&#8220;{}&#8220;][\/et_pb_image][\/et_pb_column][et_pb_column type=&#8220;1_6&#8243; module_class=&#8220;vertical-align&#8220; _builder_version=&#8220;4.16&#8243; global_colors_info=&#8220;{}&#8220;][et_pb_image src=&#8220;https:\/\/www.wochen-zur-demokratie.de\/archiv\/wp-content\/uploads\/2019\/09\/logo-dioezesanrat.jpg&#8220; url=&#8220;https:\/\/www.dioezesanrat-passau.de\/&#8220; url_new_window=&#8220;on&#8220; align=&#8220;center&#8220; admin_label=&#8220;Di\u00f6zesanrat&#8220; _builder_version=&#8220;4.16&#8243; width=&#8220;130px&#8220; locked=&#8220;off&#8220; global_colors_info=&#8220;{}&#8220;][\/et_pb_image][\/et_pb_column][et_pb_column type=&#8220;1_6&#8243; module_class=&#8220;vertical-align&#8220; _builder_version=&#8220;4.16&#8243; global_colors_info=&#8220;{}&#8220;][et_pb_image src=&#8220;https:\/\/www.wochen-zur-demokratie.de\/archiv\/wp-content\/uploads\/2019\/07\/Logo-KEB-Stadt-Landkreis-Passau.jpg&#8220; url=&#8220;https:\/\/www.keb-passau.de\/&#8220; url_new_window=&#8220;on&#8220; align=&#8220;center&#8220; admin_label=&#8220;KEB&#8220; _builder_version=&#8220;4.16&#8243; locked=&#8220;off&#8220; global_colors_info=&#8220;{}&#8220;][\/et_pb_image][\/et_pb_column][et_pb_column type=&#8220;1_6&#8243; module_class=&#8220;vertical-align&#8220; _builder_version=&#8220;4.16&#8243; global_colors_info=&#8220;{}&#8220;][et_pb_image src=&#8220;https:\/\/www.wochen-zur-demokratie.de\/archiv\/wp-content\/uploads\/2019\/09\/logo-kjr.jpg&#8220; url=&#8220;https:\/\/www.kjr-passau.de\/&#8220; url_new_window=&#8220;on&#8220; align=&#8220;center&#8220; admin_label=&#8220;KJR&#8220; _builder_version=&#8220;4.16&#8243; width=&#8220;120px&#8220; locked=&#8220;off&#8220; global_colors_info=&#8220;{}&#8220;][\/et_pb_image][\/et_pb_column][\/et_pb_row][et_pb_row column_structure=&#8220;1_6,1_6,1_6,1_6,1_6,1_6&#8243; use_custom_gutter=&#8220;on&#8220; gutter_width=&#8220;2&#8243; make_equal=&#8220;on&#8220; _builder_version=&#8220;4.16&#8243; width=&#8220;90%&#8220; max_width=&#8220;1180px&#8220; custom_padding=&#8220;20px||20px||false|false&#8220; global_colors_info=&#8220;{}&#8220;][et_pb_column type=&#8220;1_6&#8243; _builder_version=&#8220;4.16&#8243; global_colors_info=&#8220;{}&#8220;][et_pb_image src=&#8220;https:\/\/www.wochen-zur-demokratie.de\/archiv\/wp-content\/uploads\/2019\/07\/Logo-duftleben.jpg&#8220; url=&#8220;http:\/\/www.cafe-duftleben.de\/&#8220; url_new_window=&#8220;on&#8220; align=&#8220;center&#8220; admin_label=&#8220;Duftleben&#8220; _builder_version=&#8220;4.16&#8243; locked=&#8220;off&#8220; global_colors_info=&#8220;{}&#8220;][\/et_pb_image][\/et_pb_column][et_pb_column type=&#8220;1_6&#8243; _builder_version=&#8220;4.16&#8243; global_colors_info=&#8220;{}&#8220;][et_pb_image src=&#8220;https:\/\/www.wochen-zur-demokratie.de\/archiv\/wp-content\/uploads\/2022\/11\/logo-brueckenfuerdenfrieden-web.jpg&#8220; title_text=&#8220;logo-brueckenfuerdenfrieden-web&#8220; url=&#8220;https:\/\/www.vilshofen.de\/index.php\/vereine-parteien\/112-religi%C3%B6se-einrichtungen\/301-br%C3%BCcken-f%C3%BCr-den-frieden&#8220; url_new_window=&#8220;on&#8220; admin_label=&#8220;Br\u00fccken fdF&#8220; _builder_version=&#8220;4.17.6&#8243; global_colors_info=&#8220;{}&#8220;][\/et_pb_image][\/et_pb_column][et_pb_column type=&#8220;1_6&#8243; _builder_version=&#8220;4.16&#8243; global_colors_info=&#8220;{}&#8220;][et_pb_image src=&#8220;https:\/\/www.wochen-zur-demokratie.de\/archiv\/wp-content\/uploads\/2020\/08\/stiftung_mitarbeit_logo.jpg&#8220; url=&#8220;https:\/\/www.mitarbeit.de\/&#8220; url_new_window=&#8220;on&#8220; admin_label=&#8220;Stiftung Mitarbeit&#8220; _builder_version=&#8220;4.16&#8243; global_colors_info=&#8220;{}&#8220;][\/et_pb_image][\/et_pb_column][et_pb_column type=&#8220;1_6&#8243; _builder_version=&#8220;4.16&#8243; global_colors_info=&#8220;{}&#8220;][et_pb_image src=&#8220;https:\/\/www.wochen-zur-demokratie.de\/archiv\/wp-content\/uploads\/2020\/08\/logo-ForDemocracy.png&#8220; url=&#8220;https:\/\/www.fordemocracy.de\/&#8220; url_new_window=&#8220;on&#8220; admin_label=&#8220;For Democracy&#8220; _builder_version=&#8220;4.16&#8243; global_colors_info=&#8220;{}&#8220;][\/et_pb_image][\/et_pb_column][et_pb_column type=&#8220;1_6&#8243; _builder_version=&#8220;4.16&#8243; global_colors_info=&#8220;{}&#8220;][et_pb_image src=&#8220;https:\/\/www.wochen-zur-demokratie.de\/archiv\/wp-content\/uploads\/2020\/08\/logo-heimatkundlicher-arbeitskreis-web.jpg&#8220; admin_label=&#8220;Heim Arb Tief&#8220; _builder_version=&#8220;4.16&#8243; global_colors_info=&#8220;{}&#8220;][\/et_pb_image][\/et_pb_column][et_pb_column type=&#8220;1_6&#8243; _builder_version=&#8220;4.16&#8243; global_colors_info=&#8220;{}&#8220;][et_pb_image src=&#8220;https:\/\/www.wochen-zur-demokratie.de\/archiv\/wp-content\/uploads\/2020\/08\/wappen-tiefenbach.jpg&#8220; url=&#8220;https:\/\/www.gemeinde-tiefenbach.de\/&#8220; url_new_window=&#8220;on&#8220; align=&#8220;center&#8220; admin_label=&#8220;Tiefenbach&#8220; _builder_version=&#8220;4.16&#8243; width=&#8220;74%&#8220; global_colors_info=&#8220;{}&#8220;][\/et_pb_image][\/et_pb_column][\/et_pb_row][et_pb_row column_structure=&#8220;1_6,1_6,1_6,1_6,1_6,1_6&#8243; use_custom_gutter=&#8220;on&#8220; gutter_width=&#8220;2&#8243; make_equal=&#8220;on&#8220; _builder_version=&#8220;4.16&#8243; width=&#8220;90%&#8220; max_width=&#8220;1180px&#8220; custom_padding=&#8220;20px||20px||false|false&#8220; global_colors_info=&#8220;{}&#8220;][et_pb_column type=&#8220;1_6&#8243; _builder_version=&#8220;4.16&#8243; global_colors_info=&#8220;{}&#8220;][et_pb_image src=&#8220;https:\/\/www.wochen-zur-demokratie.de\/archiv\/wp-content\/uploads\/2020\/08\/logo-BBK_Ndb.jpg&#8220; url=&#8220;https:\/\/www.bbk-niederbayern.de\/&#8220; url_new_window=&#8220;on&#8220; align=&#8220;center&#8220; admin_label=&#8220;BBK&#8220; _builder_version=&#8220;4.16&#8243; width=&#8220;140px&#8220; global_colors_info=&#8220;{}&#8220;][\/et_pb_image][\/et_pb_column][et_pb_column type=&#8220;1_6&#8243; _builder_version=&#8220;4.16&#8243; global_colors_info=&#8220;{}&#8220;][et_pb_image src=&#8220;https:\/\/www.wochen-zur-demokratie.de\/archiv\/wp-content\/uploads\/2020\/08\/logo-waldkindergarten.png&#8220; url=&#8220;https:\/\/www.waldkindergartenpassau.de\/&#8220; url_new_window=&#8220;on&#8220; admin_label=&#8220;WaKiGa&#8220; _builder_version=&#8220;4.16&#8243; global_colors_info=&#8220;{}&#8220;][\/et_pb_image][\/et_pb_column][et_pb_column type=&#8220;1_6&#8243; _builder_version=&#8220;4.16&#8243; global_colors_info=&#8220;{}&#8220;][et_pb_image src=&#8220;https:\/\/www.wochen-zur-demokratie.de\/archiv\/wp-content\/uploads\/2020\/08\/logo-innside-web.jpg&#8220; url=&#8220;https:\/\/innside-passau.de\/&#8220; url_new_window=&#8220;on&#8220; admin_label=&#8220;Innside&#8220; _builder_version=&#8220;4.16&#8243; global_colors_info=&#8220;{}&#8220;][\/et_pb_image][\/et_pb_column][et_pb_column type=&#8220;1_6&#8243; _builder_version=&#8220;4.16&#8243; global_colors_info=&#8220;{}&#8220;][et_pb_image src=&#8220;https:\/\/www.wochen-zur-demokratie.de\/archiv\/wp-content\/uploads\/2020\/08\/logo-PASTA-web.jpg&#8220; url=&#8220;https:\/\/pastaonline.de\/&#8220; url_new_window=&#8220;on&#8220; admin_label=&#8220;Pasta&#8220; _builder_version=&#8220;4.16&#8243; global_colors_info=&#8220;{}&#8220;][\/et_pb_image][\/et_pb_column][et_pb_column type=&#8220;1_6&#8243; _builder_version=&#8220;4.16&#8243; global_colors_info=&#8220;{}&#8220;][et_pb_image src=&#8220;https:\/\/www.wochen-zur-demokratie.de\/archiv\/wp-content\/uploads\/2020\/09\/Wappen-Bayerisches-Staatsministerium-web.jpg&#8220; title_text=&#8220;Wappen-Bayerisches-Staatsministerium-web&#8220; url=&#8220;https:\/\/www.stmas.bayern.de\/&#8220; url_new_window=&#8220;on&#8220; admin_label=&#8220;Bay Staatsmin Fam&#8220; _builder_version=&#8220;4.16&#8243; global_colors_info=&#8220;{}&#8220;][\/et_pb_image][\/et_pb_column][et_pb_column type=&#8220;1_6&#8243; _builder_version=&#8220;4.16&#8243; global_colors_info=&#8220;{}&#8220;][et_pb_image src=&#8220;https:\/\/www.wochen-zur-demokratie.de\/archiv\/wp-content\/uploads\/2020\/09\/logo-trio-web.jpg&#8220; title_text=&#8220;logo-trio-web&#8220; url=&#8220;https:\/\/www.transfer-und-innovation-ostbayern.de\/&#8220; url_new_window=&#8220;on&#8220; admin_label=&#8220;TRIO&#8220; _builder_version=&#8220;4.16&#8243; _module_preset=&#8220;default&#8220; global_colors_info=&#8220;{}&#8220;][\/et_pb_image][\/et_pb_column][\/et_pb_row][et_pb_row column_structure=&#8220;1_6,1_6,1_6,1_6,1_6,1_6&#8243; _builder_version=&#8220;4.16&#8243; _module_preset=&#8220;default&#8220; global_colors_info=&#8220;{}&#8220;][et_pb_column type=&#8220;1_6&#8243; _builder_version=&#8220;4.16&#8243; _module_preset=&#8220;default&#8220; global_colors_info=&#8220;{}&#8220;][et_pb_image src=&#8220;https:\/\/www.wochen-zur-demokratie.de\/archiv\/wp-content\/uploads\/2020\/08\/logo-hotelpassauerwolf.png&#8220; url=&#8220;https:\/\/www.hotel-passauer-wolf.de\/de\/index.html&#8220; url_new_window=&#8220;on&#8220; admin_label=&#8220;Hotel PW&#8220; _builder_version=&#8220;4.16&#8243; global_colors_info=&#8220;{}&#8220;][\/et_pb_image][\/et_pb_column][et_pb_column type=&#8220;1_6&#8243; _builder_version=&#8220;4.16&#8243; _module_preset=&#8220;default&#8220; global_colors_info=&#8220;{}&#8220;][et_pb_image src=&#8220;https:\/\/www.wochen-zur-demokratie.de\/archiv\/wp-content\/uploads\/2020\/09\/Logo-OTHRegensburg-web.jpg&#8220; title_text=&#8220;Logo-OTHRegensburg-web&#8220; url=&#8220;https:\/\/www.oth-regensburg.de\/&#8220; url_new_window=&#8220;on&#8220; admin_label=&#8220;OTH Regensburg&#8220; _builder_version=&#8220;4.16&#8243; _module_preset=&#8220;default&#8220; global_colors_info=&#8220;{}&#8220;][\/et_pb_image][\/et_pb_column][et_pb_column type=&#8220;1_6&#8243; _builder_version=&#8220;4.16&#8243; _module_preset=&#8220;default&#8220; global_colors_info=&#8220;{}&#8220;][et_pb_image src=&#8220;https:\/\/www.wochen-zur-demokratie.de\/archiv\/wp-content\/uploads\/2020\/09\/logo-micro-epsilon-web.jpg&#8220; title_text=&#8220;logo-micro-epsilon-web&#8220; url=&#8220;https:\/\/www.micro-epsilon.de\/&#8220; url_new_window=&#8220;on&#8220; admin_label=&#8220;Micro-Epsilon&#8220; _builder_version=&#8220;4.16&#8243; _module_preset=&#8220;default&#8220; global_colors_info=&#8220;{}&#8220;][\/et_pb_image][\/et_pb_column][et_pb_column type=&#8220;1_6&#8243; _builder_version=&#8220;4.16&#8243; _module_preset=&#8220;default&#8220; global_colors_info=&#8220;{}&#8220;][et_pb_image src=&#8220;https:\/\/www.wochen-zur-demokratie.de\/archiv\/wp-content\/uploads\/2020\/09\/Logo-KLB-web.jpg&#8220; title_text=&#8220;Logo-KLB-web&#8220; url=&#8220;https:\/\/klb.bistum-passau.de\/&#8220; url_new_window=&#8220;on&#8220; admin_label=&#8220;KLB&#8220; _builder_version=&#8220;4.16&#8243; _module_preset=&#8220;default&#8220; global_colors_info=&#8220;{}&#8220;][\/et_pb_image][\/et_pb_column][et_pb_column type=&#8220;1_6&#8243; _builder_version=&#8220;4.16&#8243; _module_preset=&#8220;default&#8220; global_colors_info=&#8220;{}&#8220;][et_pb_image src=&#8220;https:\/\/www.wochen-zur-demokratie.de\/archiv\/wp-content\/uploads\/2020\/09\/Logo-KFV-web.jpg&#8220; title_text=&#8220;Logo-KFV-web&#8220; url=&#8220;https:\/\/kulturfoerderverein-neuhaus.de\/&#8220; url_new_window=&#8220;on&#8220; admin_label=&#8220;KFV Neuhaus&#8220; _builder_version=&#8220;4.16&#8243; _module_preset=&#8220;default&#8220; global_colors_info=&#8220;{}&#8220;][\/et_pb_image][\/et_pb_column][et_pb_column type=&#8220;1_6&#8243; _builder_version=&#8220;4.16&#8243; _module_preset=&#8220;default&#8220; global_colors_info=&#8220;{}&#8220;][et_pb_image src=&#8220;https:\/\/www.wochen-zur-demokratie.de\/archiv\/wp-content\/uploads\/2020\/09\/Logo-Innovative_Hochschule-web.jpg&#8220; title_text=&#8220;Logo-Innovative_Hochschule-web&#8220; url=&#8220;https:\/\/www.innovative-hochschule.de\/&#8220; url_new_window=&#8220;on&#8220; admin_label=&#8220;Innov Hochschule&#8220; _builder_version=&#8220;4.16&#8243; _module_preset=&#8220;default&#8220; global_colors_info=&#8220;{}&#8220;][\/et_pb_image][\/et_pb_column][\/et_pb_row][et_pb_row column_structure=&#8220;1_6,1_6,1_6,1_6,1_6,1_6&#8243; _builder_version=&#8220;4.16&#8243; _module_preset=&#8220;default&#8220; global_colors_info=&#8220;{}&#8220;][et_pb_column type=&#8220;1_6&#8243; _builder_version=&#8220;4.16&#8243; _module_preset=&#8220;default&#8220; global_colors_info=&#8220;{}&#8220;][et_pb_image src=&#8220;https:\/\/www.wochen-zur-demokratie.de\/archiv\/wp-content\/uploads\/2020\/09\/Logo-pfarrverband-ortenburg-web.jpg&#8220; title_text=&#8220;Logo-pfarrverband-ortenburg-web&#8220; url=&#8220;https:\/\/pfarrverband-ortenburg.bistum-passau.de\/&#8220; url_new_window=&#8220;on&#8220; admin_label=&#8220;Pfarr Ortenburg&#8220; _builder_version=&#8220;4.16&#8243; _module_preset=&#8220;default&#8220; global_colors_info=&#8220;{}&#8220;][\/et_pb_image][\/et_pb_column][et_pb_column type=&#8220;1_6&#8243; _builder_version=&#8220;4.16&#8243; _module_preset=&#8220;default&#8220; global_colors_info=&#8220;{}&#8220;][et_pb_image src=&#8220;https:\/\/www.wochen-zur-demokratie.de\/archiv\/wp-content\/uploads\/2020\/09\/Logo-GWK-web.jpg&#8220; title_text=&#8220;Logo-GWK-web&#8220; url=&#8220;https:\/\/www.gwk-bonn.de\/&#8220; url_new_window=&#8220;on&#8220; admin_label=&#8220;GWK&#8220; _builder_version=&#8220;4.16&#8243; _module_preset=&#8220;default&#8220; global_colors_info=&#8220;{}&#8220;][\/et_pb_image][\/et_pb_column][et_pb_column type=&#8220;1_6&#8243; _builder_version=&#8220;4.16&#8243; _module_preset=&#8220;default&#8220; global_colors_info=&#8220;{}&#8220;][et_pb_image src=&#8220;https:\/\/www.wochen-zur-demokratie.de\/archiv\/wp-content\/uploads\/2020\/09\/Logo-DOG-web-186&#215;300.jpg&#8220; title_text=&#8220;Logo-DOG-web&#8220; url=&#8220;https:\/\/www.die-offene-gesellschaft.de\/&#8220; url_new_window=&#8220;on&#8220; admin_label=&#8220;DOG thumb&#8220; _builder_version=&#8220;4.16&#8243; _module_preset=&#8220;default&#8220; max_height=&#8220;145px&#8220; global_colors_info=&#8220;{}&#8220;][\/et_pb_image][\/et_pb_column][et_pb_column type=&#8220;1_6&#8243; _builder_version=&#8220;4.16&#8243; _module_preset=&#8220;default&#8220; global_colors_info=&#8220;{}&#8220;][et_pb_image src=&#8220;https:\/\/www.wochen-zur-demokratie.de\/archiv\/wp-content\/uploads\/2020\/09\/Logo-BMBF-web.jpg&#8220; title_text=&#8220;Logo-BMBF-web&#8220; url=&#8220;https:\/\/www.bmbf.de\/&#8220; url_new_window=&#8220;on&#8220; admin_label=&#8220;BMFBF&#8220; _builder_version=&#8220;4.16&#8243; _module_preset=&#8220;default&#8220; global_colors_info=&#8220;{}&#8220;][\/et_pb_image][\/et_pb_column][et_pb_column type=&#8220;1_6&#8243; _builder_version=&#8220;4.16&#8243; _module_preset=&#8220;default&#8220; global_colors_info=&#8220;{}&#8220;][et_pb_image src=&#8220;https:\/\/www.wochen-zur-demokratie.de\/archiv\/wp-content\/uploads\/2020\/09\/logo-mehr-demokratie-web.jpg&#8220; title_text=&#8220;logo-mehr-demokratie-web&#8220; url=&#8220;https:\/\/www.mehr-demokratie.de\/&#8220; url_new_window=&#8220;on&#8220; admin_label=&#8220;mehr-demokratie&#8220; _builder_version=&#8220;4.16&#8243; _module_preset=&#8220;default&#8220; global_colors_info=&#8220;{}&#8220;][\/et_pb_image][\/et_pb_column][et_pb_column type=&#8220;1_6&#8243; _builder_version=&#8220;4.16&#8243; _module_preset=&#8220;default&#8220; global_colors_info=&#8220;{}&#8220;][et_pb_image src=&#8220;https:\/\/www.wochen-zur-demokratie.de\/archiv\/wp-content\/uploads\/2020\/10\/Logo-EW-2019-web.jpg&#8220; title_text=&#8220;Logo-EW-2019-web&#8220; url=&#8220;http:\/\/ew-passau.de\/&#8220; url_new_window=&#8220;on&#8220; align=&#8220;center&#8220; admin_label=&#8220;eW&#8220; _builder_version=&#8220;4.16&#8243; _module_preset=&#8220;default&#8220; global_colors_info=&#8220;{}&#8220;][\/et_pb_image][\/et_pb_column][\/et_pb_row][et_pb_row column_structure=&#8220;1_6,1_6,1_6,1_6,1_6,1_6&#8243; _builder_version=&#8220;4.16&#8243; _module_preset=&#8220;default&#8220; global_colors_info=&#8220;{}&#8220;][et_pb_column type=&#8220;1_6&#8243; _builder_version=&#8220;4.16&#8243; _module_preset=&#8220;default&#8220; global_colors_info=&#8220;{}&#8220;][et_pb_image src=&#8220;https:\/\/www.wochen-zur-demokratie.de\/archiv\/wp-content\/uploads\/2020\/09\/Logo-Innkubator-web.jpg&#8220; title_text=&#8220;Logo-Innkubator-web&#8220; url=&#8220;https:\/\/www.innkubator.de\/&#8220; url_new_window=&#8220;on&#8220; admin_label=&#8220;Innkubator&#8220; _builder_version=&#8220;4.16&#8243; _module_preset=&#8220;default&#8220; global_colors_info=&#8220;{}&#8220;][\/et_pb_image][\/et_pb_column][et_pb_column type=&#8220;1_6&#8243; _builder_version=&#8220;4.16&#8243; _module_preset=&#8220;default&#8220; global_colors_info=&#8220;{}&#8220;][et_pb_image src=&#8220;https:\/\/www.wochen-zur-demokratie.de\/archiv\/wp-content\/uploads\/2020\/08\/logo-HubertHuber-sehrklein.png&#8220; url=&#8220;https:\/\/www.huberthuber.de\/&#8220; url_new_window=&#8220;on&#8220; align=&#8220;center&#8220; disabled_on=&#8220;off|off|off&#8220; admin_label=&#8220;Hubert Huber&#8220; _builder_version=&#8220;4.16&#8243; global_colors_info=&#8220;{}&#8220;][\/et_pb_image][\/et_pb_column][et_pb_column type=&#8220;1_6&#8243; _builder_version=&#8220;4.16&#8243; _module_preset=&#8220;default&#8220; global_colors_info=&#8220;{}&#8220;][et_pb_image src=&#8220;https:\/\/www.wochen-zur-demokratie.de\/archiv\/wp-content\/uploads\/2019\/09\/logo-asg.jpg&#8220; url=&#8220;https:\/\/asg-passau.de\/&#8220; url_new_window=&#8220;on&#8220; align=&#8220;center&#8220; disabled_on=&#8220;off|off|off&#8220; admin_label=&#8220;ASG&#8220; _builder_version=&#8220;4.16&#8243; width=&#8220;140px&#8220; locked=&#8220;off&#8220; global_colors_info=&#8220;{}&#8220;][\/et_pb_image][\/et_pb_column][et_pb_column type=&#8220;1_6&#8243; _builder_version=&#8220;4.16&#8243; _module_preset=&#8220;default&#8220; global_colors_info=&#8220;{}&#8220;][et_pb_image src=&#8220;https:\/\/www.wochen-zur-demokratie.de\/archiv\/wp-content\/uploads\/2019\/09\/logo-zeughaus.jpg&#8220; url=&#8220;http:\/\/www.zeughaus-passau.de\/&#8220; url_new_window=&#8220;on&#8220; align=&#8220;center&#8220; disabled_on=&#8220;off|off|off&#8220; admin_label=&#8220;Zeughaus&#8220; _builder_version=&#8220;4.16&#8243; width=&#8220;90px&#8220; locked=&#8220;off&#8220; global_colors_info=&#8220;{}&#8220;][\/et_pb_image][\/et_pb_column][et_pb_column type=&#8220;1_6&#8243; _builder_version=&#8220;4.16&#8243; _module_preset=&#8220;default&#8220; global_colors_info=&#8220;{}&#8220;][et_pb_image src=&#8220;https:\/\/www.wochen-zur-demokratie.de\/archiv\/wp-content\/uploads\/2019\/07\/Logo-Stadtjugendring.jpg&#8220; url=&#8220;http:\/\/www.sjr-passau.de\/cms02\/index.php?id=74&#8243; url_new_window=&#8220;on&#8220; align=&#8220;center&#8220; disabled_on=&#8220;off|off|off&#8220; admin_label=&#8220;StadtJugendRing&#8220; _builder_version=&#8220;4.16&#8243; locked=&#8220;off&#8220; global_colors_info=&#8220;{}&#8220;][\/et_pb_image][\/et_pb_column][et_pb_column type=&#8220;1_6&#8243; _builder_version=&#8220;4.16&#8243; _module_preset=&#8220;default&#8220; global_colors_info=&#8220;{}&#8220;][et_pb_image src=&#8220;https:\/\/www.wochen-zur-demokratie.de\/archiv\/wp-content\/uploads\/2019\/07\/logo-zakk.jpg&#8220; url=&#8220;https:\/\/zakkrandaliert.wordpress.com\/kontakt\/&#8220; url_new_window=&#8220;on&#8220; align=&#8220;center&#8220; disabled_on=&#8220;off|off|off&#8220; admin_label=&#8220;ZAKK&#8220; _builder_version=&#8220;4.16&#8243; width=&#8220;140px&#8220; global_colors_info=&#8220;{}&#8220;][\/et_pb_image][\/et_pb_column][\/et_pb_row][et_pb_row column_structure=&#8220;1_6,1_6,1_6,1_6,1_6,1_6&#8243; use_custom_gutter=&#8220;on&#8220; gutter_width=&#8220;2&#8243; make_equal=&#8220;on&#8220; _builder_version=&#8220;4.16&#8243; width=&#8220;90%&#8220; max_width=&#8220;1180px&#8220; custom_padding=&#8220;20px||20px||false|false&#8220; global_colors_info=&#8220;{}&#8220;][et_pb_column type=&#8220;1_6&#8243; _builder_version=&#8220;4.16&#8243; global_colors_info=&#8220;{}&#8220;][et_pb_image src=&#8220;https:\/\/www.wochen-zur-demokratie.de\/archiv\/wp-content\/uploads\/2019\/09\/logo_sparkasse_passau.jpg&#8220; title_text=&#8220;logo_sparkasse_passau&#8220; url=&#8220;https:\/\/www.sparkasse-passau.de\/de\/home.html&#8220; url_new_window=&#8220;on&#8220; admin_label=&#8220;Spk Passau&#8220; _builder_version=&#8220;4.17.6&#8243; _module_preset=&#8220;default&#8220; global_colors_info=&#8220;{}&#8220;][\/et_pb_image][\/et_pb_column][et_pb_column type=&#8220;1_6&#8243; _builder_version=&#8220;4.16&#8243; global_colors_info=&#8220;{}&#8220;][et_pb_image src=&#8220;https:\/\/www.wochen-zur-demokratie.de\/archiv\/wp-content\/uploads\/2019\/09\/logo-sparkassenstiftung.jpg&#8220; title_text=&#8220;logo-sparkassenstiftung&#8220; url=&#8220;https:\/\/www.sparkasse-passau.de\/de\/home\/ihre-sparkasse\/die-sparkassenstiftung.html&#8220; url_new_window=&#8220;on&#8220; admin_label=&#8220;Spk Stiftung&#8220; _builder_version=&#8220;4.17.6&#8243; _module_preset=&#8220;default&#8220; global_colors_info=&#8220;{}&#8220;][\/et_pb_image][\/et_pb_column][et_pb_column type=&#8220;1_6&#8243; _builder_version=&#8220;4.16&#8243; global_colors_info=&#8220;{}&#8220;][et_pb_image src=&#8220;https:\/\/www.wochen-zur-demokratie.de\/archiv\/wp-content\/uploads\/2019\/09\/Logo-maierkorduletsch-web.jpg&#8220; title_text=&#8220;Logo-maierkorduletsch-web&#8220; url=&#8220;https:\/\/www.maierkorduletsch.de\/&#8220; url_new_window=&#8220;on&#8220; admin_label=&#8220;Maier Korduletsch&#8220; _builder_version=&#8220;4.17.6&#8243; _module_preset=&#8220;default&#8220; global_colors_info=&#8220;{}&#8220;][\/et_pb_image][\/et_pb_column][et_pb_column type=&#8220;1_6&#8243; _builder_version=&#8220;4.16&#8243; global_colors_info=&#8220;{}&#8220;][et_pb_image src=&#8220;https:\/\/www.wochen-zur-demokratie.de\/archiv\/wp-content\/uploads\/2019\/09\/Logo-FES.jpeg&#8220; title_text=&#8220;Logo-FES&#8220; url=&#8220;https:\/\/www.fes.de\/fes-in-bayern\/ueber-uns\/regensburg&#8220; url_new_window=&#8220;on&#8220; admin_label=&#8220;FES&#8220; _builder_version=&#8220;4.17.6&#8243; _module_preset=&#8220;default&#8220; global_colors_info=&#8220;{}&#8220;][\/et_pb_image][\/et_pb_column][et_pb_column type=&#8220;1_6&#8243; _builder_version=&#8220;4.16&#8243; global_colors_info=&#8220;{}&#8220;][et_pb_image src=&#8220;https:\/\/www.wochen-zur-demokratie.de\/archiv\/wp-content\/uploads\/2020\/08\/logo-foerderfonds_demokratie.jpg&#8220; title_text=&#8220;logo-foerderfonds_demokratie&#8220; url=&#8220;https:\/\/www.foerderfonds-demokratie.de\/startseite&#8220; url_new_window=&#8220;on&#8220; admin_label=&#8220;F\u00f6rderfonds D&#8220; _builder_version=&#8220;4.17.6&#8243; _module_preset=&#8220;default&#8220; global_colors_info=&#8220;{}&#8220;][\/et_pb_image][\/et_pb_column][et_pb_column type=&#8220;1_6&#8243; _builder_version=&#8220;4.16&#8243; global_colors_info=&#8220;{}&#8220;][et_pb_image src=&#8220;https:\/\/www.wochen-zur-demokratie.de\/archiv\/wp-content\/uploads\/2019\/08\/foerderer-stiftung-passauer-neuer-presse_300.jpg&#8220; title_text=&#8220;foerderer-stiftung-passauer-neuer-presse_300&#8243; url=&#8220;https:\/\/www.pnp-stiftung.de\/&#8220; url_new_window=&#8220;on&#8220; admin_label=&#8220;Stiftung PNP&#8220; _builder_version=&#8220;4.17.6&#8243; _module_preset=&#8220;default&#8220; global_colors_info=&#8220;{}&#8220;][\/et_pb_image][\/et_pb_column][\/et_pb_row][et_pb_row column_structure=&#8220;1_6,1_6,1_6,1_6,1_6,1_6&#8243; _builder_version=&#8220;4.17.6&#8243; _module_preset=&#8220;default&#8220; global_colors_info=&#8220;{}&#8220;][et_pb_column type=&#8220;1_6&#8243; _builder_version=&#8220;4.17.6&#8243; _module_preset=&#8220;default&#8220; global_colors_info=&#8220;{}&#8220;][et_pb_image src=&#8220;https:\/\/www.wochen-zur-demokratie.de\/archiv\/wp-content\/uploads\/2022\/08\/salutogenese-logo-web.jpg&#8220; title_text=&#8220;salutogenese-logo-web&#8220; url=&#8220;https:\/\/www.salutogenese-sued.de\/&#8220; url_new_window=&#8220;on&#8220; admin_label=&#8220;Salutogenese&#8220; _builder_version=&#8220;4.17.6&#8243; _module_preset=&#8220;default&#8220; global_colors_info=&#8220;{}&#8220;][\/et_pb_image][\/et_pb_column][et_pb_column type=&#8220;1_6&#8243; _builder_version=&#8220;4.17.6&#8243; _module_preset=&#8220;default&#8220; global_colors_info=&#8220;{}&#8220;][et_pb_image src=&#8220;https:\/\/www.wochen-zur-demokratie.de\/archiv\/wp-content\/uploads\/2022\/08\/Logo-Hilfe-fuer-Aleppo-web.jpg&#8220; title_text=&#8220;Logo-Hilfe-fuer-Aleppo-web&#8220; url=&#8220;http:\/\/www.hilfe-fuer-aleppo.de\/&#8220; url_new_window=&#8220;on&#8220; admin_label=&#8220;Hilfe Aleppo&#8220; _builder_version=&#8220;4.17.6&#8243; _module_preset=&#8220;default&#8220; global_colors_info=&#8220;{}&#8220;][\/et_pb_image][\/et_pb_column][et_pb_column type=&#8220;1_6&#8243; _builder_version=&#8220;4.17.6&#8243; _module_preset=&#8220;default&#8220; global_colors_info=&#8220;{}&#8220;][et_pb_image src=&#8220;https:\/\/www.wochen-zur-demokratie.de\/archiv\/wp-content\/uploads\/2022\/08\/Peace-of-Art-Logo-web.jpg&#8220; title_text=&#8220;Peace-of-Art-Logo-web&#8220; url=&#8220;https:\/\/www.reiner-kunze.com&#8220; url_new_window=&#8220;on&#8220; admin_label=&#8220;Peace of Art&#8220; _builder_version=&#8220;4.17.6&#8243; _module_preset=&#8220;default&#8220; global_colors_info=&#8220;{}&#8220;][\/et_pb_image][\/et_pb_column][et_pb_column type=&#8220;1_6&#8243; _builder_version=&#8220;4.17.6&#8243; _module_preset=&#8220;default&#8220; global_colors_info=&#8220;{}&#8220;][et_pb_image src=&#8220;https:\/\/www.wochen-zur-demokratie.de\/archiv\/wp-content\/uploads\/2022\/08\/logo-studio12-web.jpg&#8220; title_text=&#8220;logo-studio12-web&#8220; url=&#8220;https:\/\/studio12.world\/&#8220; url_new_window=&#8220;on&#8220; admin_label=&#8220;Studio12&#8243; _builder_version=&#8220;4.17.6&#8243; _module_preset=&#8220;default&#8220; global_colors_info=&#8220;{}&#8220;][\/et_pb_image][\/et_pb_column][et_pb_column type=&#8220;1_6&#8243; _builder_version=&#8220;4.17.6&#8243; _module_preset=&#8220;default&#8220; global_colors_info=&#8220;{}&#8220;][et_pb_image src=&#8220;https:\/\/www.wochen-zur-demokratie.de\/archiv\/wp-content\/uploads\/2022\/08\/MaHood-Logo-web.jpg&#8220; title_text=&#8220;MaHood-Logo-web&#8220; admin_label=&#8220;MaHood&#8220; _builder_version=&#8220;4.17.6&#8243; _module_preset=&#8220;default&#8220; global_colors_info=&#8220;{}&#8220;][\/et_pb_image][\/et_pb_column][et_pb_column type=&#8220;1_6&#8243; _builder_version=&#8220;4.17.6&#8243; _module_preset=&#8220;default&#8220; global_colors_info=&#8220;{}&#8220;][et_pb_image src=&#8220;https:\/\/www.wochen-zur-demokratie.de\/archiv\/wp-content\/uploads\/2022\/08\/Logo-Wertebuendnis-web.jpg&#8220; title_text=&#8220;Logo-Wertebuendnis-web&#8220; url=&#8220;https:\/\/www.wertebuendnis-bayern.de\/&#8220; url_new_window=&#8220;on&#8220; admin_label=&#8220;Werteb\u00fcndnis&#8220; _builder_version=&#8220;4.17.6&#8243; _module_preset=&#8220;default&#8220; global_colors_info=&#8220;{}&#8220;][\/et_pb_image][\/et_pb_column][\/et_pb_row][et_pb_row column_structure=&#8220;1_6,1_6,1_6,1_6,1_6,1_6&#8243; use_custom_gutter=&#8220;on&#8220; gutter_width=&#8220;2&#8243; make_equal=&#8220;on&#8220; _builder_version=&#8220;4.16&#8243; width=&#8220;90%&#8220; max_width=&#8220;1180px&#8220; custom_padding=&#8220;20px||20px||false|false&#8220; global_colors_info=&#8220;{}&#8220;][et_pb_column type=&#8220;1_6&#8243; module_class=&#8220;vertical-align&#8220; _builder_version=&#8220;4.16&#8243; global_colors_info=&#8220;{}&#8220;][et_pb_image src=&#8220;https:\/\/www.wochen-zur-demokratie.de\/archiv\/wp-content\/uploads\/2019\/09\/logo-studentenwerk.jpg&#8220; url=&#8220;https:\/\/stwno.de\/de\/&#8220; url_new_window=&#8220;on&#8220; align=&#8220;center&#8220; disabled_on=&#8220;off|off|off&#8220; admin_label=&#8220;Studentenwerk&#8220; _builder_version=&#8220;4.17.6&#8243; locked=&#8220;off&#8220; global_colors_info=&#8220;{}&#8220;][\/et_pb_image][\/et_pb_column][et_pb_column type=&#8220;1_6&#8243; module_class=&#8220;vertical-align&#8220; _builder_version=&#8220;4.16&#8243; global_colors_info=&#8220;{}&#8220;][et_pb_image src=&#8220;https:\/\/www.wochen-zur-demokratie.de\/archiv\/wp-content\/uploads\/2022\/08\/Logo-Kunze-Stiftung-web.jpg&#8220; title_text=&#8220;Logo-Kunze-Stiftung-web&#8220; url=&#8220;https:\/\/www.reiner-kunze.com&#8220; url_new_window=&#8220;on&#8220; admin_label=&#8220;RuE Kunze-Stiftung&#8220; _builder_version=&#8220;4.17.6&#8243; _module_preset=&#8220;default&#8220; global_colors_info=&#8220;{}&#8220;][\/et_pb_image][\/et_pb_column][et_pb_column type=&#8220;1_6&#8243; module_class=&#8220;vertical-align&#8220; _builder_version=&#8220;4.16&#8243; global_colors_info=&#8220;{}&#8220;][et_pb_image src=&#8220;https:\/\/www.wochen-zur-demokratie.de\/archiv\/wp-content\/uploads\/2019\/09\/Logo-Museum-Moderner-Kunst.jpg&#8220; url=&#8220;https:\/\/www.mmk-passau.de\/&#8220; url_new_window=&#8220;on&#8220; align=&#8220;center&#8220; disabled_on=&#8220;off|off|off&#8220; admin_label=&#8220;Museum MoKu&#8220; _builder_version=&#8220;4.17.6&#8243; locked=&#8220;off&#8220; global_colors_info=&#8220;{}&#8220;][\/et_pb_image][\/et_pb_column][et_pb_column type=&#8220;1_6&#8243; module_class=&#8220;vertical-align&#8220; _builder_version=&#8220;4.16&#8243; global_colors_info=&#8220;{}&#8220;][et_pb_image src=&#8220;https:\/\/www.wochen-zur-demokratie.de\/archiv\/wp-content\/uploads\/2019\/08\/foerderer-renn-sued_300.jpg&#8220; url=&#8220;https:\/\/www.renn-netzwerk.de\/sued\/&#8220; url_new_window=&#8220;on&#8220; align=&#8220;center&#8220; disabled_on=&#8220;off|off|off&#8220; admin_label=&#8220;Renn s\u00fcd&#8220; _builder_version=&#8220;4.17.6&#8243; locked=&#8220;off&#8220; global_colors_info=&#8220;{}&#8220;][\/et_pb_image][\/et_pb_column][et_pb_column type=&#8220;1_6&#8243; module_class=&#8220;vertical-align&#8220; _builder_version=&#8220;4.16&#8243; global_colors_info=&#8220;{}&#8220;][et_pb_image src=&#8220;https:\/\/www.wochen-zur-demokratie.de\/archiv\/wp-content\/uploads\/2019\/08\/Logo-UNICEF.jpg&#8220; url=&#8220;https:\/\/www.unicef.de\/informieren\/ueber-uns&#8220; url_new_window=&#8220;on&#8220; align=&#8220;center&#8220; disabled_on=&#8220;off|off|off&#8220; admin_label=&#8220;Unicef&#8220; _builder_version=&#8220;4.17.6&#8243; width=&#8220;150px&#8220; locked=&#8220;off&#8220; global_colors_info=&#8220;{}&#8220;][\/et_pb_image][\/et_pb_column][et_pb_column type=&#8220;1_6&#8243; module_class=&#8220;vertical-align&#8220; _builder_version=&#8220;4.16&#8243; global_colors_info=&#8220;{}&#8220;][et_pb_image src=&#8220;https:\/\/www.wochen-zur-demokratie.de\/archiv\/wp-content\/uploads\/2019\/09\/logo-schule-tradition.jpg&#8220; url=&#8220;http:\/\/vs-st-nikola.de\/&#8220; url_new_window=&#8220;on&#8220; align=&#8220;center&#8220; disabled_on=&#8220;off|off|off&#8220; admin_label=&#8220;Mittelschule St. Nikola&#8220; _builder_version=&#8220;4.17.6&#8243; locked=&#8220;off&#8220; global_colors_info=&#8220;{}&#8220;][\/et_pb_image][\/et_pb_column][\/et_pb_row][et_pb_row column_structure=&#8220;1_6,1_6,1_6,1_6,1_6,1_6&#8243; use_custom_gutter=&#8220;on&#8220; gutter_width=&#8220;2&#8243; make_equal=&#8220;on&#8220; _builder_version=&#8220;4.17.6&#8243; width=&#8220;90%&#8220; max_width=&#8220;1180px&#8220; custom_padding=&#8220;20px||20px||false|false&#8220; global_colors_info=&#8220;{}&#8220;][et_pb_column type=&#8220;1_6&#8243; module_class=&#8220;vertical-align&#8220; _builder_version=&#8220;4.16&#8243; global_colors_info=&#8220;{}&#8220;][et_pb_image src=&#8220;https:\/\/www.wochen-zur-demokratie.de\/archiv\/wp-content\/uploads\/2019\/09\/logo-matthes-seitz.jpg&#8220; url=&#8220;https:\/\/www.matthes-seitz-berlin.de\/&#8220; url_new_window=&#8220;on&#8220; align=&#8220;center&#8220; disabled_on=&#8220;off|off|off&#8220; admin_label=&#8220;Matthes Seitz&#8220; _builder_version=&#8220;4.17.6&#8243; locked=&#8220;off&#8220; global_colors_info=&#8220;{}&#8220;][\/et_pb_image][\/et_pb_column][et_pb_column type=&#8220;1_6&#8243; module_class=&#8220;vertical-align&#8220; _builder_version=&#8220;4.16&#8243; global_colors_info=&#8220;{}&#8220;][et_pb_image src=&#8220;https:\/\/www.wochen-zur-demokratie.de\/archiv\/wp-content\/uploads\/2019\/09\/logo-oebv-viacampesina.jpg&#8220; url=&#8220;https:\/\/www.viacampesina.at\/&#8220; url_new_window=&#8220;on&#8220; align=&#8220;center&#8220; disabled_on=&#8220;off|off|off&#8220; admin_label=&#8220;\u00d6BV&#8220; _builder_version=&#8220;4.17.6&#8243; width=&#8220;140px&#8220; locked=&#8220;off&#8220; global_colors_info=&#8220;{}&#8220;][\/et_pb_image][\/et_pb_column][et_pb_column type=&#8220;1_6&#8243; module_class=&#8220;vertical-align&#8220; _builder_version=&#8220;4.16&#8243; global_colors_info=&#8220;{}&#8220;][et_pb_image src=&#8220;https:\/\/www.wochen-zur-demokratie.de\/archiv\/wp-content\/uploads\/2019\/09\/logo-rlc.jpg&#8220; url=&#8220;https:\/\/www.srb-passau.de\/refugee-law-clinic\/&#8220; url_new_window=&#8220;on&#8220; align=&#8220;center&#8220; disabled_on=&#8220;off|off|off&#8220; admin_label=&#8220;RLC&#8220; _builder_version=&#8220;4.17.6&#8243; width=&#8220;140px&#8220; locked=&#8220;off&#8220; global_colors_info=&#8220;{}&#8220;][\/et_pb_image][\/et_pb_column][et_pb_column type=&#8220;1_6&#8243; module_class=&#8220;vertical-align&#8220; _builder_version=&#8220;4.16&#8243; global_colors_info=&#8220;{}&#8220;][et_pb_image src=&#8220;https:\/\/www.wochen-zur-demokratie.de\/archiv\/wp-content\/uploads\/2019\/09\/logo-erfreuliches-theater-1.jpg&#8220; url=&#8220;http:\/\/www.erfreulichestheater.de\/&#8220; url_new_window=&#8220;on&#8220; align=&#8220;center&#8220; disabled_on=&#8220;off|off|off&#8220; admin_label=&#8220;TheatErfurt&#8220; _builder_version=&#8220;4.17.6&#8243; locked=&#8220;off&#8220; global_colors_info=&#8220;{}&#8220;][\/et_pb_image][\/et_pb_column][et_pb_column type=&#8220;1_6&#8243; module_class=&#8220;vertical-align&#8220; _builder_version=&#8220;4.16&#8243; global_colors_info=&#8220;{}&#8220;][et_pb_image src=&#8220;https:\/\/www.wochen-zur-demokratie.de\/archiv\/wp-content\/uploads\/2022\/09\/GymUG.jpg&#8220; title_text=&#8220;GymUG&#8220; url=&#8220;https:\/\/www.gymnasium-untergriesbach.de\/&#8220; url_new_window=&#8220;on&#8220; admin_label=&#8220;G Untergriesbach&#8220; _builder_version=&#8220;4.17.6&#8243; _module_preset=&#8220;default&#8220; global_colors_info=&#8220;{}&#8220;][\/et_pb_image][\/et_pb_column][et_pb_column type=&#8220;1_6&#8243; module_class=&#8220;vertical-align&#8220; _builder_version=&#8220;4.16&#8243; global_colors_info=&#8220;{}&#8220;][et_pb_image src=&#8220;https:\/\/www.wochen-zur-demokratie.de\/archiv\/wp-content\/uploads\/2019\/09\/logo-ausgestrahlt.jpg&#8220; url=&#8220;https:\/\/www.ausgestrahlt.de&#8220; url_new_window=&#8220;on&#8220; align=&#8220;center&#8220; disabled_on=&#8220;off|off|off&#8220; admin_label=&#8220;ausgestrahlt&#8220; _builder_version=&#8220;4.17.6&#8243; locked=&#8220;off&#8220; global_colors_info=&#8220;{}&#8220;][\/et_pb_image][\/et_pb_column][\/et_pb_row][et_pb_row column_structure=&#8220;1_6,1_6,1_6,1_6,1_6,1_6&#8243; use_custom_gutter=&#8220;on&#8220; gutter_width=&#8220;2&#8243; make_equal=&#8220;on&#8220; _builder_version=&#8220;4.16&#8243; width=&#8220;90%&#8220; max_width=&#8220;1180px&#8220; custom_padding=&#8220;20px||20px||false|false&#8220; global_colors_info=&#8220;{}&#8220;][et_pb_column type=&#8220;1_6&#8243; module_class=&#8220;vertical-align&#8220; _builder_version=&#8220;4.16&#8243; global_colors_info=&#8220;{}&#8220;][et_pb_image src=&#8220;https:\/\/www.wochen-zur-demokratie.de\/archiv\/wp-content\/uploads\/2019\/09\/logo-europa-buecherei.jpg&#8220; url=&#8220;http:\/\/europabuecherei.passau.de\/START.aspx&#8220; url_new_window=&#8220;on&#8220; align=&#8220;center&#8220; disabled_on=&#8220;off|off|off&#8220; admin_label=&#8220;Europab\u00fccherei&#8220; _builder_version=&#8220;4.17.6&#8243; width=&#8220;140px&#8220; global_colors_info=&#8220;{}&#8220;][\/et_pb_image][\/et_pb_column][et_pb_column type=&#8220;1_6&#8243; module_class=&#8220;vertical-align&#8220; _builder_version=&#8220;4.16&#8243; global_colors_info=&#8220;{}&#8220;][et_pb_image src=&#8220;https:\/\/www.wochen-zur-demokratie.de\/archiv\/wp-content\/uploads\/2021\/09\/logo-sexuelleselbstbestimmung.jpg&#8220; title_text=&#8220;logo-sexuelleselbstbestimmung&#8220; url=&#8220;https:\/\/sexuelle-selbstbestimmung.org\/&#8220; url_new_window=&#8220;on&#8220; admin_label=&#8220;B\u00fcndnis sexSelbst&#8220; _builder_version=&#8220;4.17.6&#8243; _module_preset=&#8220;default&#8220; global_colors_info=&#8220;{}&#8220;][\/et_pb_image][\/et_pb_column][et_pb_column type=&#8220;1_6&#8243; module_class=&#8220;vertical-align&#8220; _builder_version=&#8220;4.16&#8243; global_colors_info=&#8220;{}&#8220;][et_pb_image src=&#8220;https:\/\/www.wochen-zur-demokratie.de\/archiv\/wp-content\/uploads\/2019\/07\/logo-kunstverein-passau.jpg&#8220; url=&#8220;http:\/\/www.kunstverein-passau.de\/&#8220; url_new_window=&#8220;on&#8220; align=&#8220;center&#8220; disabled_on=&#8220;off|off|off&#8220; admin_label=&#8220;Kunstverein&#8220; _builder_version=&#8220;4.17.6&#8243; width=&#8220;140px&#8220; locked=&#8220;off&#8220; global_colors_info=&#8220;{}&#8220;][\/et_pb_image][\/et_pb_column][et_pb_column type=&#8220;1_6&#8243; module_class=&#8220;vertical-align&#8220; _builder_version=&#8220;4.16&#8243; global_colors_info=&#8220;{}&#8220;][et_pb_image src=&#8220;https:\/\/www.wochen-zur-demokratie.de\/archiv\/wp-content\/uploads\/2019\/09\/logo-fala.jpg&#8220; url=&#8220;http:\/\/www.freiwilligen-agentur-landshut.de\/&#8220; url_new_window=&#8220;on&#8220; align=&#8220;center&#8220; disabled_on=&#8220;off|off|off&#8220; admin_label=&#8220;fala&#8220; _builder_version=&#8220;4.17.6&#8243; locked=&#8220;off&#8220; global_colors_info=&#8220;{}&#8220;][\/et_pb_image][\/et_pb_column][et_pb_column type=&#8220;1_6&#8243; module_class=&#8220;vertical-align&#8220; _builder_version=&#8220;4.16&#8243; global_colors_info=&#8220;{}&#8220;][et_pb_image src=&#8220;https:\/\/www.wochen-zur-demokratie.de\/archiv\/wp-content\/uploads\/2019\/09\/logo-institut-spass.jpg&#8220; url=&#8220;https:\/\/www.facebook.com\/InstitutPassau\/&#8220; url_new_window=&#8220;on&#8220; align=&#8220;center&#8220; disabled_on=&#8220;off|off|off&#8220; admin_label=&#8220;Institut&#8220; _builder_version=&#8220;4.17.6&#8243; width=&#8220;120px&#8220; locked=&#8220;off&#8220; global_colors_info=&#8220;{}&#8220;][\/et_pb_image][\/et_pb_column][et_pb_column type=&#8220;1_6&#8243; module_class=&#8220;vertical-align&#8220; _builder_version=&#8220;4.16&#8243; global_colors_info=&#8220;{}&#8220;][et_pb_image src=&#8220;https:\/\/www.wochen-zur-demokratie.de\/archiv\/wp-content\/uploads\/2019\/09\/logo-maria-ward.jpg&#8220; url=&#8220;https:\/\/www.rs-n.de\/&#8220; url_new_window=&#8220;on&#8220; align=&#8220;center&#8220; disabled_on=&#8220;off|off|off&#8220; admin_label=&#8220;Maria Ward&#8220; _builder_version=&#8220;4.17.6&#8243; width=&#8220;140px&#8220; locked=&#8220;off&#8220; global_colors_info=&#8220;{}&#8220;][\/et_pb_image][\/et_pb_column][\/et_pb_row][et_pb_row column_structure=&#8220;1_6,1_6,1_6,1_6,1_6,1_6&#8243; use_custom_gutter=&#8220;on&#8220; gutter_width=&#8220;2&#8243; make_equal=&#8220;on&#8220; _builder_version=&#8220;4.16&#8243; width=&#8220;90%&#8220; max_width=&#8220;1180px&#8220; custom_padding=&#8220;20px||20px||false|false&#8220; global_colors_info=&#8220;{}&#8220;][et_pb_column type=&#8220;1_6&#8243; module_class=&#8220;vertical-align&#8220; _builder_version=&#8220;4.16&#8243; global_colors_info=&#8220;{}&#8220;][et_pb_image src=&#8220;https:\/\/www.wochen-zur-demokratie.de\/archiv\/wp-content\/uploads\/2022\/09\/logo-die-exen-web.jpg&#8220; title_text=&#8220;logo-die-exen-web&#8220; url=&#8220;https:\/\/die-exen.de\/&#8220; url_new_window=&#8220;on&#8220; admin_label=&#8220;Exen&#8220; _builder_version=&#8220;4.17.6&#8243; _module_preset=&#8220;default&#8220; global_colors_info=&#8220;{}&#8220;][\/et_pb_image][\/et_pb_column][et_pb_column type=&#8220;1_6&#8243; module_class=&#8220;vertical-align&#8220; _builder_version=&#8220;4.16&#8243; global_colors_info=&#8220;{}&#8220;][et_pb_image src=&#8220;https:\/\/www.wochen-zur-demokratie.de\/archiv\/wp-content\/uploads\/2019\/09\/logo-kulturmodell.jpg&#8220; url=&#8220;http:\/\/www.kulturmodell.de\/Aktuelles.aspx&#8220; url_new_window=&#8220;on&#8220; align=&#8220;center&#8220; disabled_on=&#8220;off|off|off&#8220; admin_label=&#8220;Kulturmodell&#8220; _builder_version=&#8220;4.17.6&#8243; width=&#8220;120px&#8220; locked=&#8220;off&#8220; global_colors_info=&#8220;{}&#8220;][\/et_pb_image][\/et_pb_column][et_pb_column type=&#8220;1_6&#8243; module_class=&#8220;vertical-align&#8220; _builder_version=&#8220;4.16&#8243; global_colors_info=&#8220;{}&#8220;][et_pb_image src=&#8220;https:\/\/www.wochen-zur-demokratie.de\/archiv\/wp-content\/uploads\/2022\/09\/logo-innstadtschule-web.jpg&#8220; title_text=&#8220;logo-innstadtschule-web&#8220; url=&#8220;https:\/\/gs-innstadt.de\/&#8220; url_new_window=&#8220;on&#8220; admin_label=&#8220;Innstadtschule&#8220; _builder_version=&#8220;4.17.6&#8243; _module_preset=&#8220;default&#8220; global_colors_info=&#8220;{}&#8220;][\/et_pb_image][\/et_pb_column][et_pb_column type=&#8220;1_6&#8243; module_class=&#8220;vertical-align&#8220; _builder_version=&#8220;4.16&#8243; global_colors_info=&#8220;{}&#8220;][et_pb_image src=&#8220;https:\/\/www.wochen-zur-demokratie.de\/archiv\/wp-content\/uploads\/2019\/09\/Reiter_Hahne_Logo_rgb.jpg&#8220; url=&#8220;https:\/\/www.reiter-hahne.de\/&#8220; url_new_window=&#8220;on&#8220; disabled_on=&#8220;off|off|off&#8220; admin_label=&#8220;Reiter-Hahne&#8220; _builder_version=&#8220;4.17.6&#8243; global_colors_info=&#8220;{}&#8220;][\/et_pb_image][\/et_pb_column][et_pb_column type=&#8220;1_6&#8243; module_class=&#8220;vertical-align&#8220; _builder_version=&#8220;4.16&#8243; global_colors_info=&#8220;{}&#8220;][et_pb_image src=&#8220;https:\/\/www.wochen-zur-demokratie.de\/archiv\/wp-content\/uploads\/2019\/07\/Logo-LBE.jpg&#8220; url=&#8220;https:\/\/www.lbe.bayern.de\/&#8220; url_new_window=&#8220;on&#8220; align=&#8220;center&#8220; disabled_on=&#8220;off|off|off&#8220; admin_label=&#8220;LBE&#8220; _builder_version=&#8220;4.17.6&#8243; global_colors_info=&#8220;{}&#8220;][\/et_pb_image][\/et_pb_column][et_pb_column type=&#8220;1_6&#8243; module_class=&#8220;vertical-align&#8220; _builder_version=&#8220;4.16&#8243; global_colors_info=&#8220;{}&#8220;][et_pb_image src=&#8220;https:\/\/www.wochen-zur-demokratie.de\/archiv\/wp-content\/uploads\/2021\/09\/Logo-Kinderkulturkreisel.jpg&#8220; title_text=&#8220;Logo-Kinderkulturkreisel&#8220; admin_label=&#8220;Kultur Kreisel&#8220; _builder_version=&#8220;4.17.6&#8243; _module_preset=&#8220;default&#8220; global_colors_info=&#8220;{}&#8220;][\/et_pb_image][\/et_pb_column][\/et_pb_row][et_pb_row column_structure=&#8220;1_6,1_6,1_6,1_6,1_6,1_6&#8243; _builder_version=&#8220;4.17.6&#8243; _module_preset=&#8220;default&#8220; global_colors_info=&#8220;{}&#8220;][et_pb_column type=&#8220;1_6&#8243; _builder_version=&#8220;4.17.6&#8243; _module_preset=&#8220;default&#8220; global_colors_info=&#8220;{}&#8220;][et_pb_image src=&#8220;https:\/\/www.wochen-zur-demokratie.de\/archiv\/wp-content\/uploads\/2021\/09\/logo-DemokratieMobil-web.jpg&#8220; title_text=&#8220;logo-DemokratieMobil-web&#8220; url=&#8220;https:\/\/kjr-passau.de\/jugendpflege\/jugendpolitik-und-partizipation#demokratiemobil&#8220; url_new_window=&#8220;on&#8220; admin_label=&#8220;Demokratiemobil&#8220; _builder_version=&#8220;4.17.6&#8243; _module_preset=&#8220;default&#8220; global_colors_info=&#8220;{}&#8220;][\/et_pb_image][\/et_pb_column][et_pb_column type=&#8220;1_6&#8243; _builder_version=&#8220;4.17.6&#8243; _module_preset=&#8220;default&#8220; global_colors_info=&#8220;{}&#8220;][et_pb_image src=&#8220;https:\/\/www.wochen-zur-demokratie.de\/archiv\/wp-content\/uploads\/2022\/09\/Logo-VOH-web.jpg&#8220; title_text=&#8220;Logo-VOH-web&#8220; url=&#8220;https:\/\/www.ostbairische-heimatforschung.de\/&#8220; url_new_window=&#8220;on&#8220; admin_label=&#8220;Verein OBHforschung&#8220; _builder_version=&#8220;4.17.6&#8243; _module_preset=&#8220;default&#8220; global_colors_info=&#8220;{}&#8220;][\/et_pb_image][\/et_pb_column][et_pb_column type=&#8220;1_6&#8243; _builder_version=&#8220;4.17.6&#8243; _module_preset=&#8220;default&#8220; global_colors_info=&#8220;{}&#8220;][et_pb_image src=&#8220;https:\/\/www.wochen-zur-demokratie.de\/archiv\/wp-content\/uploads\/2020\/11\/Logo-ZF_Friedrichshafen-web.jpg&#8220; title_text=&#8220;Logo-ZF_Friedrichshafen-web&#8220; url=&#8220;https:\/\/www.zf.com\/mobile\/en\/homepage\/homepage.html&#8220; url_new_window=&#8220;on&#8220; admin_label=&#8220;ZF&#8220; _builder_version=&#8220;4.17.6&#8243; _module_preset=&#8220;default&#8220; global_colors_info=&#8220;{}&#8220;][\/et_pb_image][\/et_pb_column][et_pb_column type=&#8220;1_6&#8243; _builder_version=&#8220;4.17.6&#8243; _module_preset=&#8220;default&#8220; global_colors_info=&#8220;{}&#8220;][et_pb_image src=&#8220;https:\/\/www.wochen-zur-demokratie.de\/archiv\/wp-content\/uploads\/2022\/09\/Logo-buendnis-web.jpg&#8220; title_text=&#8220;Logo-buendnis-web&#8220; url=&#8220;https:\/\/www.bayerisches-buendnis-fuer-toleranz.de\/&#8220; url_new_window=&#8220;on&#8220; admin_label=&#8220;Bay B\u00fcndnis Tol&#8220; _builder_version=&#8220;4.17.6&#8243; _module_preset=&#8220;default&#8220; global_colors_info=&#8220;{}&#8220;][\/et_pb_image][\/et_pb_column][et_pb_column type=&#8220;1_6&#8243; _builder_version=&#8220;4.17.6&#8243; _module_preset=&#8220;default&#8220; global_colors_info=&#8220;{}&#8220;][et_pb_image src=&#8220;https:\/\/www.wochen-zur-demokratie.de\/archiv\/wp-content\/uploads\/2022\/09\/Logo-FFF-web.jpg&#8220; title_text=&#8220;Logo-FFF-web&#8220; url=&#8220;https:\/\/fridaysforfuture.de\/ortsgruppen\/passau\/&#8220; url_new_window=&#8220;on&#8220; admin_label=&#8220;FFF Passau&#8220; _builder_version=&#8220;4.17.6&#8243; _module_preset=&#8220;default&#8220; global_colors_info=&#8220;{}&#8220;][\/et_pb_image][\/et_pb_column][et_pb_column type=&#8220;1_6&#8243; _builder_version=&#8220;4.17.6&#8243; _module_preset=&#8220;default&#8220; global_colors_info=&#8220;{}&#8220;][et_pb_image src=&#8220;https:\/\/www.wochen-zur-demokratie.de\/archiv\/wp-content\/uploads\/2022\/09\/Logo-Support_Ukraine-web.jpg&#8220; title_text=&#8220;Logo-Support_Ukraine-web&#8220; url=&#8220;https:\/\/supportukrainepassau.com\/&#8220; url_new_window=&#8220;on&#8220; admin_label=&#8220;Support Ukraine&#8220; _builder_version=&#8220;4.17.6&#8243; _module_preset=&#8220;default&#8220; global_colors_info=&#8220;{}&#8220;][\/et_pb_image][\/et_pb_column][\/et_pb_row][et_pb_row column_structure=&#8220;1_6,1_6,1_6,1_6,1_6,1_6&#8243; _builder_version=&#8220;4.17.6&#8243; _module_preset=&#8220;default&#8220; global_colors_info=&#8220;{}&#8220;][et_pb_column type=&#8220;1_6&#8243; _builder_version=&#8220;4.17.6&#8243; _module_preset=&#8220;default&#8220; global_colors_info=&#8220;{}&#8220;][et_pb_image src=&#8220;https:\/\/www.wochen-zur-demokratie.de\/archiv\/wp-content\/uploads\/2022\/09\/Logo-Chancengestalten-web.jpg&#8220; title_text=&#8220;Logo-Chancengestalten-web&#8220; url=&#8220;https:\/\/chancengestalten-passau.org\/startseite.html&#8220; url_new_window=&#8220;on&#8220; admin_label=&#8220;Chancengestalten&#8220; _builder_version=&#8220;4.17.6&#8243; _module_preset=&#8220;default&#8220; global_colors_info=&#8220;{}&#8220;][\/et_pb_image][\/et_pb_column][et_pb_column type=&#8220;1_6&#8243; _builder_version=&#8220;4.17.6&#8243; _module_preset=&#8220;default&#8220; global_colors_info=&#8220;{}&#8220;][et_pb_image src=&#8220;https:\/\/www.wochen-zur-demokratie.de\/archiv\/wp-content\/uploads\/2022\/09\/Logo-Selbstwerkstatt-web.jpg&#8220; title_text=&#8220;Logo-Selbstwerkstatt-web&#8220; url=&#8220;https:\/\/www.selbstwerkstatt.org\/&#8220; url_new_window=&#8220;on&#8220; admin_label=&#8220;Selbstwerkstatt&#8220; _builder_version=&#8220;4.17.6&#8243; _module_preset=&#8220;default&#8220; global_colors_info=&#8220;{}&#8220;][\/et_pb_image][\/et_pb_column][et_pb_column type=&#8220;1_6&#8243; _builder_version=&#8220;4.17.6&#8243; _module_preset=&#8220;default&#8220; global_colors_info=&#8220;{}&#8220;][et_pb_image src=&#8220;https:\/\/www.wochen-zur-demokratie.de\/archiv\/wp-content\/uploads\/2022\/09\/Logo-Freisaat-web.jpg&#8220; title_text=&#8220;Logo-Freisaat-web&#8220; admin_label=&#8220;Freisaat&#8220; _builder_version=&#8220;4.17.6&#8243; _module_preset=&#8220;default&#8220; global_colors_info=&#8220;{}&#8220;][\/et_pb_image][\/et_pb_column][et_pb_column type=&#8220;1_6&#8243; _builder_version=&#8220;4.17.6&#8243; _module_preset=&#8220;default&#8220; global_colors_info=&#8220;{}&#8220;][et_pb_image src=&#8220;https:\/\/www.wochen-zur-demokratie.de\/archiv\/wp-content\/uploads\/2022\/09\/logo-cafe-unterhaus-web.jpg&#8220; title_text=&#8220;logo-cafe-unterhaus-web&#8220; admin_label=&#8220;Unterhaus&#8220; _builder_version=&#8220;4.17.6&#8243; _module_preset=&#8220;default&#8220; global_colors_info=&#8220;{}&#8220;][\/et_pb_image][\/et_pb_column][et_pb_column type=&#8220;1_6&#8243; _builder_version=&#8220;4.17.6&#8243; _module_preset=&#8220;default&#8220; global_colors_info=&#8220;{}&#8220;][et_pb_image src=&#8220;https:\/\/www.wochen-zur-demokratie.de\/archiv\/wp-content\/uploads\/2022\/09\/logo-theater-troebinger-web.jpg&#8220; title_text=&#8220;logo-theater-troebinger-web&#8220; url=&#8220;https:\/\/www.theater-troebinger.at\/&#8220; url_new_window=&#8220;on&#8220; admin_label=&#8220;Tr\u00f6binger&#8220; _builder_version=&#8220;4.17.6&#8243; _module_preset=&#8220;default&#8220; global_colors_info=&#8220;{}&#8220;][\/et_pb_image][\/et_pb_column][et_pb_column type=&#8220;1_6&#8243; _builder_version=&#8220;4.17.6&#8243; _module_preset=&#8220;default&#8220; global_colors_info=&#8220;{}&#8220;][et_pb_image src=&#8220;https:\/\/www.wochen-zur-demokratie.de\/archiv\/wp-content\/uploads\/2019\/09\/logo-loewenbrauerei.jpg&#8220; url=&#8220;https:\/\/www.loewenbrauerei.de\/&#8220; url_new_window=&#8220;on&#8220; align=&#8220;center&#8220; disabled_on=&#8220;on|on|on&#8220; admin_label=&#8220;L\u00f6wenbrauerei&#8220; _builder_version=&#8220;4.17.6&#8243; disabled=&#8220;on&#8220; global_colors_info=&#8220;{}&#8220;][\/et_pb_image][\/et_pb_column][\/et_pb_row][\/et_pb_section][et_pb_section fb_built=&#8220;1&#8243; admin_label=&#8220;Section Medien&#8220; module_id=&#8220;medien&#8220; _builder_version=&#8220;4.16&#8243; background_color=&#8220;#ffffff&#8220; custom_padding=&#8220;0px||0px||false|false&#8220; global_colors_info=&#8220;{}&#8220;][et_pb_row _builder_version=&#8220;4.16&#8243; width=&#8220;100%&#8220; max_width=&#8220;none&#8220; custom_padding=&#8220;0px||0px||false|false&#8220; global_colors_info=&#8220;{}&#8220;][et_pb_column type=&#8220;4_4&#8243; _builder_version=&#8220;4.16&#8243; global_colors_info=&#8220;{}&#8220;][et_pb_image src=&#8220;https:\/\/www.wochen-zur-demokratie.de\/archiv\/wp-content\/uploads\/2019\/09\/wzd_divider-medien-dt_1920.png&#8220; force_fullwidth=&#8220;on&#8220; src_tablet=&#8220;&#8220; src_phone=&#8220;https:\/\/www.wochen-zur-demokratie.de\/archiv\/wp-content\/uploads\/2019\/09\/wzd_divider-medien-ph_1080.png&#8220; src_last_edited=&#8220;on|desktop&#8220; admin_label=&#8220;Image Medien Divider&#8220; _builder_version=&#8220;4.16&#8243; global_colors_info=&#8220;{}&#8220;][\/et_pb_image][\/et_pb_column][\/et_pb_row][et_pb_row column_structure=&#8220;1_6,1_6,1_6,1_6,1_6,1_6&#8243; use_custom_gutter=&#8220;on&#8220; gutter_width=&#8220;2&#8243; _builder_version=&#8220;4.16&#8243; background_enable_color=&#8220;off&#8220; custom_padding=&#8220;60px||40px|||&#8220; locked=&#8220;off&#8220; global_colors_info=&#8220;{}&#8220;][et_pb_column type=&#8220;1_6&#8243; _builder_version=&#8220;4.16&#8243; global_colors_info=&#8220;{}&#8220;][et_pb_image src=&#8220;https:\/\/www.wochen-zur-demokratie.de\/archiv\/wp-content\/uploads\/2022\/04\/220406-pnp-nachgefragt-thumb.jpg&#8220; title_text=&#8220;220406-pnp-nachgefragt-thumb&#8220; url=&#8220;https:\/\/www.wochen-zur-demokratie.de\/archiv\/wp-content\/uploads\/2022\/04\/220406-pnp-nachgefragt-web.jpg&#8220; url_new_window=&#8220;on&#8220; align=&#8220;center&#8220; admin_label=&#8220;PNP-0406&#8243; _builder_version=&#8220;4.16&#8243; global_colors_info=&#8220;{}&#8220;][\/et_pb_image][et_pb_text admin_label=&#8220;Text-PNP-0406&#8243; _builder_version=&#8220;4.16&#8243; link_option_url=&#8220;https:\/\/www.wochen-zur-demokratie.de\/archiv\/wp-content\/uploads\/2022\/04\/220406-pnp-nachgefragt-web.jpg&#8220; link_option_url_new_window=&#8220;on&#8220; global_colors_info=&#8220;{}&#8220;]<\/p>\n<p style=\"text-align: center;\">PNP 06.04.22<br \/>Nachgefragt<\/p>\n<p>[\/et_pb_text][et_pb_image src=&#8220;https:\/\/www.wochen-zur-demokratie.de\/archiv\/wp-content\/uploads\/2022\/10\/221020-pnp-nationalismusankuendigung-thumb.jpg&#8220; title_text=&#8220;221020-pnp-nationalismusankuendigung-thumb&#8220; url=&#8220;https:\/\/www.wochen-zur-demokratie.de\/archiv\/wp-content\/uploads\/2022\/10\/221020-pnp-nationalismusankuendigung-web-scaled.jpg&#8220; url_new_window=&#8220;on&#8220; admin_label=&#8220;PNP Ank Nationalism&#8220; _builder_version=&#8220;4.17.6&#8243; _module_preset=&#8220;default&#8220; global_colors_info=&#8220;{}&#8220;][\/et_pb_image][et_pb_text admin_label=&#8220;Text Ank Nationalism&#8220; _builder_version=&#8220;4.17.6&#8243; _module_preset=&#8220;default&#8220; link_option_url=&#8220;https:\/\/www.wochen-zur-demokratie.de\/archiv\/wp-content\/uploads\/2022\/10\/221020-pnp-nationalismusankuendigung-web-scaled.jpg&#8220; link_option_url_new_window=&#8220;on&#8220; global_colors_info=&#8220;{}&#8220;]<\/p>\n<p style=\"text-align: center;\">PNP 21.10.2022<br \/>Ank\u00fcndigung: Nationalismus<\/p>\n<p>[\/et_pb_text][et_pb_image src=&#8220;https:\/\/www.wochen-zur-demokratie.de\/archiv\/wp-content\/uploads\/2022\/10\/221029-pnp-nabelschnur-thumb.jpg&#8220; title_text=&#8220;221029-pnp-nabelschnur-thumb&#8220; url=&#8220;https:\/\/www.wochen-zur-demokratie.de\/archiv\/wp-content\/uploads\/2022\/10\/221029-pnp-nabelschnur-web.pdf&#8220; url_new_window=&#8220;on&#8220; admin_label=&#8220;PNP Nabelschnur&#8220; _builder_version=&#8220;4.17.6&#8243; _module_preset=&#8220;default&#8220; global_colors_info=&#8220;{}&#8220;][\/et_pb_image][et_pb_text admin_label=&#8220;Text PNP Nabelschnur&#8220; _builder_version=&#8220;4.17.6&#8243; _module_preset=&#8220;default&#8220; link_option_url=&#8220;https:\/\/www.wochen-zur-demokratie.de\/archiv\/wp-content\/uploads\/2022\/10\/221029-pnp-nabelschnur-web.pdf&#8220; link_option_url_new_window=&#8220;on&#8220; global_colors_info=&#8220;{}&#8220;]<\/p>\n<p style=\"text-align: center;\">PNP 29.10.2022<br \/>Nabelschnur<\/p>\n<p>[\/et_pb_text][\/et_pb_column][et_pb_column type=&#8220;1_6&#8243; _builder_version=&#8220;4.16&#8243; global_colors_info=&#8220;{}&#8220;][et_pb_image src=&#8220;https:\/\/www.wochen-zur-demokratie.de\/archiv\/wp-content\/uploads\/2022\/06\/220620-pnp-demokra-tisch-thumb.jpg&#8220; title_text=&#8220;220620-pnp-demokra-tisch-thumb&#8220; url=&#8220;https:\/\/www.wochen-zur-demokratie.de\/archiv\/wp-content\/uploads\/2022\/06\/220620-pnp-demokra-tisch-web.pdf&#8220; url_new_window=&#8220;on&#8220; admin_label=&#8220;PNP-220620&#8243; _builder_version=&#8220;4.16&#8243; _module_preset=&#8220;default&#8220; global_colors_info=&#8220;{}&#8220;][\/et_pb_image][et_pb_text admin_label=&#8220;Text-PNP-220620&#8243; _builder_version=&#8220;4.16&#8243; _module_preset=&#8220;default&#8220; link_option_url=&#8220;https:\/\/www.wochen-zur-demokratie.de\/archiv\/wp-content\/uploads\/2022\/06\/220620-pnp-demokra-tisch-web.pdf&#8220; link_option_url_new_window=&#8220;on&#8220; global_colors_info=&#8220;{}&#8220;]<\/p>\n<p style=\"text-align: center;\">PNP 20.06.22<br \/>Demokra-Tisch<\/p>\n<p>[\/et_pb_text][et_pb_image src=&#8220;https:\/\/www.wochen-zur-demokratie.de\/archiv\/wp-content\/uploads\/2022\/10\/221022-pnp-ausstellung-hausdergenerationen-thumb.jpg&#8220; title_text=&#8220;221022-pnp-ausstellung-hausdergenerationen-thumb&#8220; url=&#8220;https:\/\/www.wochen-zur-demokratie.de\/archiv\/wp-content\/uploads\/2022\/10\/221022-pnp-ausstellung-hausdergenerationen-web.pdf&#8220; url_new_window=&#8220;on&#8220; admin_label=&#8220;PNP Ausstellung&#8220; _builder_version=&#8220;4.17.6&#8243; _module_preset=&#8220;default&#8220; global_colors_info=&#8220;{}&#8220;][\/et_pb_image][et_pb_text admin_label=&#8220;Text PNP Ausstellung&#8220; _builder_version=&#8220;4.17.6&#8243; _module_preset=&#8220;default&#8220; link_option_url=&#8220;https:\/\/www.wochen-zur-demokratie.de\/archiv\/wp-content\/uploads\/2022\/10\/221022-pnp-ausstellung-hausdergenerationen-web.pdf&#8220; link_option_url_new_window=&#8220;on&#8220; global_colors_info=&#8220;{}&#8220;]<\/p>\n<p style=\"text-align: center;\">PNP 22.10.2022<br \/>Ausstellung ver-<br \/>schiedener Kulturen<\/p>\n<p>[\/et_pb_text][et_pb_image src=&#8220;https:\/\/www.wochen-zur-demokratie.de\/archiv\/wp-content\/uploads\/2022\/11\/221101-pnp-lipp-thumb.jpg&#8220; title_text=&#8220;221101-pnp-lipp-thumb&#8220; url=&#8220;https:\/\/www.wochen-zur-demokratie.de\/archiv\/wp-content\/uploads\/2022\/11\/221101-pnp-lipp-web.pdf&#8220; url_new_window=&#8220;on&#8220; admin_label=&#8220;PNP Lipp&#8220; _builder_version=&#8220;4.17.6&#8243; _module_preset=&#8220;default&#8220; global_colors_info=&#8220;{}&#8220;][\/et_pb_image][et_pb_text admin_label=&#8220;Text PNP Lipp&#8220; _builder_version=&#8220;4.17.6&#8243; _module_preset=&#8220;default&#8220; link_option_url=&#8220;https:\/\/www.wochen-zur-demokratie.de\/archiv\/wp-content\/uploads\/2022\/11\/221101-pnp-lipp-web.pdf&#8220; link_option_url_new_window=&#8220;on&#8220; global_colors_info=&#8220;{}&#8220;]<\/p>\n<p style=\"text-align: center;\">PNP 01.11.2022<br \/>Au\u00dfen gr\u00fcn&#8230;<\/p>\n<p>[\/et_pb_text][\/et_pb_column][et_pb_column type=&#8220;1_6&#8243; _builder_version=&#8220;4.16&#8243; global_colors_info=&#8220;{}&#8220;][et_pb_image src=&#8220;https:\/\/www.wochen-zur-demokratie.de\/archiv\/wp-content\/uploads\/2022\/10\/221001-innside-thumb.jpg&#8220; title_text=&#8220;221001-innside-thumb&#8220; url=&#8220;https:\/\/www.wochen-zur-demokratie.de\/archiv\/wp-content\/uploads\/2022\/10\/221001-innside-web.pdf&#8220; url_new_window=&#8220;on&#8220; admin_label=&#8220;Innside 221001&#8243; _builder_version=&#8220;4.17.6&#8243; _module_preset=&#8220;default&#8220; global_colors_info=&#8220;{}&#8220;][\/et_pb_image][et_pb_text admin_label=&#8220;Text Inns 221001&#8243; _builder_version=&#8220;4.17.6&#8243; _module_preset=&#8220;default&#8220; link_option_url=&#8220;https:\/\/www.wochen-zur-demokratie.de\/archiv\/wp-content\/uploads\/2022\/10\/221001-innside-web.pdf&#8220; link_option_url_new_window=&#8220;on&#8220; global_colors_info=&#8220;{}&#8220;]<\/p>\n<p style=\"text-align: center;\">Innside 01.10.2022<br \/>Demokrathek<\/p>\n<p>[\/et_pb_text][et_pb_image src=&#8220;https:\/\/www.wochen-zur-demokratie.de\/archiv\/wp-content\/uploads\/2022\/10\/221022-pnp-nationalismus-thumb.jpg&#8220; title_text=&#8220;221022-pnp-nationalismus-thumb&#8220; url=&#8220;https:\/\/www.wochen-zur-demokratie.de\/archiv\/wp-content\/uploads\/2022\/10\/221022-pnp-nationalismus-web.pdf&#8220; url_new_window=&#8220;on&#8220; admin_label=&#8220;PNP Talk Nationalism&#8220; _builder_version=&#8220;4.17.6&#8243; _module_preset=&#8220;default&#8220; global_colors_info=&#8220;{}&#8220;][\/et_pb_image][et_pb_text admin_label=&#8220;Text Talk Nationalism&#8220; _builder_version=&#8220;4.17.6&#8243; _module_preset=&#8220;default&#8220; link_option_url=&#8220;https:\/\/www.wochen-zur-demokratie.de\/archiv\/wp-content\/uploads\/2022\/10\/221022-pnp-nationalismus-web.pdf&#8220; link_option_url_new_window=&#8220;on&#8220; global_colors_info=&#8220;{}&#8220;]<\/p>\n<p style=\"text-align: center;\">PNP 22.10.2022<br \/>Talkrunde Nationalismus<\/p>\n<p>[\/et_pb_text][et_pb_image src=&#8220;https:\/\/www.wochen-zur-demokratie.de\/archiv\/wp-content\/uploads\/2022\/11\/221105-pnp-abschluss-thumb.jpg&#8220; title_text=&#8220;221105-pnp-abschluss-thumb&#8220; url=&#8220;https:\/\/www.wochen-zur-demokratie.de\/archiv\/wp-content\/uploads\/2022\/11\/221105-pnp-abschluss-web.pdf&#8220; url_new_window=&#8220;on&#8220; admin_label=&#8220;PNP Abschluss&#8220; _builder_version=&#8220;4.17.6&#8243; _module_preset=&#8220;default&#8220; global_colors_info=&#8220;{}&#8220;][\/et_pb_image][et_pb_text admin_label=&#8220;Text PNP Abschluss&#8220; _builder_version=&#8220;4.17.6&#8243; _module_preset=&#8220;default&#8220; link_option_url=&#8220;https:\/\/www.wochen-zur-demokratie.de\/archiv\/wp-content\/uploads\/2022\/11\/221105-pnp-abschluss-web.pdf&#8220; link_option_url_new_window=&#8220;on&#8220; global_colors_info=&#8220;{}&#8220;]<\/p>\n<p style=\"text-align: center;\">PNP 05.11.2022<br \/>Abschlussfeier<\/p>\n<p>[\/et_pb_text][\/et_pb_column][et_pb_column type=&#8220;1_6&#8243; _builder_version=&#8220;4.16&#8243; global_colors_info=&#8220;{}&#8220;][et_pb_image src=&#8220;https:\/\/www.wochen-zur-demokratie.de\/archiv\/wp-content\/uploads\/2022\/10\/221013-pnp-feuilleton-thumb.jpg&#8220; title_text=&#8220;221013-pnp-feuilleton-thumb&#8220; url=&#8220;https:\/\/www.wochen-zur-demokratie.de\/archiv\/wp-content\/uploads\/2022\/10\/221013-pnp-feuilleton-web-1.pdf&#8220; url_new_window=&#8220;on&#8220; admin_label=&#8220;PNP-221013&#8243; _builder_version=&#8220;4.17.6&#8243; _module_preset=&#8220;default&#8220; global_colors_info=&#8220;{}&#8220;][\/et_pb_image][et_pb_text admin_label=&#8220;Text PNP 221013&#8243; _builder_version=&#8220;4.17.6&#8243; _module_preset=&#8220;default&#8220; link_option_url=&#8220;https:\/\/www.wochen-zur-demokratie.de\/archiv\/wp-content\/uploads\/2022\/10\/221013-pnp-feuilleton-web-1.pdf&#8220; link_option_url_new_window=&#8220;on&#8220; global_colors_info=&#8220;{}&#8220;]<\/p>\n<p style=\"text-align: center;\">PNP 13.10.2022<br \/>Feuilleton<\/p>\n<p>[\/et_pb_text][et_pb_image src=&#8220;https:\/\/www.wochen-zur-demokratie.de\/archiv\/wp-content\/uploads\/2022\/10\/221024-pnp-markomartin-thumb.jpg&#8220; title_text=&#8220;221024-pnp-markomartin-thumb&#8220; url=&#8220;https:\/\/www.wochen-zur-demokratie.de\/archiv\/wp-content\/uploads\/2022\/10\/221024-pnp-markomartin-web.pdf&#8220; url_new_window=&#8220;on&#8220; admin_label=&#8220;PNP Marko M&#8220; _builder_version=&#8220;4.17.6&#8243; _module_preset=&#8220;default&#8220; global_colors_info=&#8220;{}&#8220;][\/et_pb_image][et_pb_text admin_label=&#8220;Text PNP Marko M&#8220; _builder_version=&#8220;4.17.6&#8243; _module_preset=&#8220;default&#8220; link_option_url=&#8220;https:\/\/www.wochen-zur-demokratie.de\/archiv\/wp-content\/uploads\/2022\/10\/221024-pnp-markomartin-web.pdf&#8220; link_option_url_new_window=&#8220;on&#8220; global_colors_info=&#8220;{}&#8220;]<\/p>\n<p style=\"text-align: center;\">PNP 24.10.2022<br \/>Marko <br \/>Martin<\/p>\n<p>[\/et_pb_text][et_pb_image src=&#8220;https:\/\/www.wochen-zur-demokratie.de\/archiv\/wp-content\/uploads\/2022\/11\/221105-pnp-workshop-asg-thumb.jpg&#8220; title_text=&#8220;221105-pnp-workshop-asg-thumb&#8220; url=&#8220;https:\/\/www.wochen-zur-demokratie.de\/archiv\/wp-content\/uploads\/2022\/11\/221105-pnp-workshop-asg-web.pdf&#8220; url_new_window=&#8220;on&#8220; admin_label=&#8220;PNP Workshop ASG&#8220; _builder_version=&#8220;4.17.6&#8243; _module_preset=&#8220;default&#8220; global_colors_info=&#8220;{}&#8220;][\/et_pb_image][et_pb_text admin_label=&#8220;Text PNP Workshop&#8220; _builder_version=&#8220;4.17.6&#8243; _module_preset=&#8220;default&#8220; link_option_url=&#8220;https:\/\/www.wochen-zur-demokratie.de\/archiv\/wp-content\/uploads\/2022\/11\/221105-pnp-workshop-asg-web.pdf&#8220; link_option_url_new_window=&#8220;on&#8220; global_colors_info=&#8220;{}&#8220;]<\/p>\n<p style=\"text-align: center;\">PNP 05.11.2022<br \/>Workshop ASG<\/p>\n<p>[\/et_pb_text][\/et_pb_column][et_pb_column type=&#8220;1_6&#8243; _builder_version=&#8220;4.16&#8243; global_colors_info=&#8220;{}&#8220;][et_pb_image src=&#8220;https:\/\/www.wochen-zur-demokratie.de\/archiv\/wp-content\/uploads\/2022\/10\/221017-pnp-demokratalk-thumb.jpg&#8220; title_text=&#8220;221017-pnp-demokratalk-thumb&#8220; url=&#8220;https:\/\/www.wochen-zur-demokratie.de\/archiv\/wp-content\/uploads\/2022\/10\/221017-pnp-demokratalk-web.pdf&#8220; url_new_window=&#8220;on&#8220; admin_label=&#8220;PNP 221017&#8243; _builder_version=&#8220;4.17.6&#8243; _module_preset=&#8220;default&#8220; global_colors_info=&#8220;{}&#8220;][\/et_pb_image][et_pb_text admin_label=&#8220;Text PNP 221017&#8243; _builder_version=&#8220;4.17.6&#8243; _module_preset=&#8220;default&#8220; link_option_url=&#8220;https:\/\/www.wochen-zur-demokratie.de\/archiv\/wp-content\/uploads\/2022\/10\/221017-pnp-demokratalk-web.pdf&#8220; link_option_url_new_window=&#8220;on&#8220; global_colors_info=&#8220;{}&#8220;]<\/p>\n<p style=\"text-align: center;\">PNP 17.10.2022<br \/>DemokraTalk<\/p>\n<p>[\/et_pb_text][et_pb_image src=&#8220;https:\/\/www.wochen-zur-demokratie.de\/archiv\/wp-content\/uploads\/2022\/10\/221024-pnp-stadtdemokratie-thumb.jpg&#8220; title_text=&#8220;221024-pnp-stadtdemokratie-thumb&#8220; url=&#8220;https:\/\/www.wochen-zur-demokratie.de\/archiv\/wp-content\/uploads\/2022\/10\/221024-pnp-stadtdemokratie-web.pdf&#8220; url_new_window=&#8220;on&#8220; admin_label=&#8220;PNP Basisdemo&#8220; _builder_version=&#8220;4.17.6&#8243; _module_preset=&#8220;default&#8220; global_colors_info=&#8220;{}&#8220;][\/et_pb_image][et_pb_text admin_label=&#8220;Text PNP Basisdemo&#8220; _builder_version=&#8220;4.17.6&#8243; _module_preset=&#8220;default&#8220; link_option_url=&#8220;https:\/\/www.wochen-zur-demokratie.de\/archiv\/wp-content\/uploads\/2022\/10\/221024-pnp-stadtdemokratie-web.pdf&#8220; link_option_url_new_window=&#8220;on&#8220; global_colors_info=&#8220;{}&#8220;]<\/p>\n<p style=\"text-align: center;\">PNP 24.10.2022<br \/>Basis-<br \/>demokratie<\/p>\n<p>[\/et_pb_text][et_pb_image src=&#8220;https:\/\/www.wochen-zur-demokratie.de\/archiv\/wp-content\/uploads\/2023\/06\/230601-pnp-passau-stadt-land-thumb.jpg&#8220; title_text=&#8220;230601-pnp-passau-stadt-land-thumb&#8220; url=&#8220;https:\/\/www.wochen-zur-demokratie.de\/archiv\/wp-content\/uploads\/2023\/06\/230601-pnp-passau-stadt-land.pdf&#8220; url_new_window=&#8220;on&#8220; admin_label=&#8220;PNP PassauLand&#8220; _builder_version=&#8220;4.17.6&#8243; _module_preset=&#8220;default&#8220; global_colors_info=&#8220;{}&#8220;][\/et_pb_image][et_pb_text admin_label=&#8220;Text PNP PassauLand&#8220; _builder_version=&#8220;4.17.6&#8243; _module_preset=&#8220;default&#8220; link_option_url=&#8220;https:\/\/www.wochen-zur-demokratie.de\/archiv\/wp-content\/uploads\/2023\/06\/230601-pnp-passau-stadt-land.pdf&#8220; link_option_url_new_window=&#8220;on&#8220; global_colors_info=&#8220;{}&#8220;]<\/p>\n<p style=\"text-align: center;\">PNP 01.06.2023<br \/>Schrumpf-Demokratie<\/p>\n<p>[\/et_pb_text][\/et_pb_column][et_pb_column type=&#8220;1_6&#8243; _builder_version=&#8220;4.16&#8243; global_colors_info=&#8220;{}&#8220;][et_pb_image src=&#8220;https:\/\/www.wochen-zur-demokratie.de\/archiv\/wp-content\/uploads\/2022\/10\/221021-pnp-mattheis-thumb.jpg&#8220; title_text=&#8220;221021-pnp-mattheis-thumb&#8220; url=&#8220;https:\/\/www.wochen-zur-demokratie.de\/archiv\/wp-content\/uploads\/2022\/10\/221021-pnp-mattheis-web.pdf&#8220; url_new_window=&#8220;on&#8220; admin_label=&#8220;PNP Mattheis&#8220; _builder_version=&#8220;4.17.6&#8243; _module_preset=&#8220;default&#8220; global_colors_info=&#8220;{}&#8220;][\/et_pb_image][et_pb_text admin_label=&#8220;Text PNP Mattheis&#8220; _builder_version=&#8220;4.17.6&#8243; _module_preset=&#8220;default&#8220; link_option_url=&#8220;https:\/\/www.wochen-zur-demokratie.de\/archiv\/wp-content\/uploads\/2022\/10\/221021-pnp-mattheis-web.pdf&#8220; link_option_url_new_window=&#8220;on&#8220; global_colors_info=&#8220;{}&#8220;]<\/p>\n<p style=\"text-align: center;\">PNP 21.10.2022<br \/>Nazi vor der Haust\u00fcr<\/p>\n<p>[\/et_pb_text][et_pb_image src=&#8220;https:\/\/www.wochen-zur-demokratie.de\/archiv\/wp-content\/uploads\/2022\/10\/221027-pnp-zulehner-thumb.jpg&#8220; title_text=&#8220;221027-pnp-zulehner-thumb&#8220; url=&#8220;https:\/\/www.wochen-zur-demokratie.de\/archiv\/wp-content\/uploads\/2022\/10\/221027-pnp-zulehner-web.pdf&#8220; url_new_window=&#8220;on&#8220; admin_label=&#8220;PNP Zulehner&#8220; _builder_version=&#8220;4.17.6&#8243; _module_preset=&#8220;default&#8220; global_colors_info=&#8220;{}&#8220;][\/et_pb_image][et_pb_text admin_label=&#8220;Text PNP Zulehner&#8220; _builder_version=&#8220;4.17.6&#8243; _module_preset=&#8220;default&#8220; link_option_url=&#8220;https:\/\/www.wochen-zur-demokratie.de\/archiv\/wp-content\/uploads\/2022\/10\/221027-pnp-zulehner-web.pdf&#8220; link_option_url_new_window=&#8220;on&#8220; global_colors_info=&#8220;{}&#8220;]<\/p>\n<p style=\"text-align: center;\">PNP 27.10.2022<br \/>Vortrag <br \/>Paul Zulehner<\/p>\n<p>[\/et_pb_text][\/et_pb_column][\/et_pb_row][et_pb_row column_structure=&#8220;1_6,1_6,1_6,1_6,1_6,1_6&#8243; _builder_version=&#8220;4.16&#8243; _module_preset=&#8220;default&#8220; global_colors_info=&#8220;{}&#8220;][et_pb_column type=&#8220;1_6&#8243; _builder_version=&#8220;4.16&#8243; _module_preset=&#8220;default&#8220; global_colors_info=&#8220;{}&#8220;][\/et_pb_column][et_pb_column type=&#8220;1_6&#8243; _builder_version=&#8220;4.16&#8243; _module_preset=&#8220;default&#8220; global_colors_info=&#8220;{}&#8220;][\/et_pb_column][et_pb_column type=&#8220;1_6&#8243; _builder_version=&#8220;4.16&#8243; _module_preset=&#8220;default&#8220; global_colors_info=&#8220;{}&#8220;][\/et_pb_column][et_pb_column type=&#8220;1_6&#8243; _builder_version=&#8220;4.16&#8243; _module_preset=&#8220;default&#8220; global_colors_info=&#8220;{}&#8220;][\/et_pb_column][et_pb_column type=&#8220;1_6&#8243; _builder_version=&#8220;4.16&#8243; _module_preset=&#8220;default&#8220; global_colors_info=&#8220;{}&#8220;][\/et_pb_column][et_pb_column type=&#8220;1_6&#8243; _builder_version=&#8220;4.16&#8243; _module_preset=&#8220;default&#8220; global_colors_info=&#8220;{}&#8220;][\/et_pb_column][\/et_pb_row][\/et_pb_section][et_pb_section fb_built=&#8220;1&#8243; admin_label=&#8220;Section Footer&#8220; _builder_version=&#8220;4.16&#8243; background_color=&#8220;#ff0066&#8243; custom_padding=&#8220;0px||200px||false|false&#8220; locked=&#8220;off&#8220; global_colors_info=&#8220;{}&#8220;][et_pb_row _builder_version=&#8220;4.16&#8243; width=&#8220;100%&#8220; max_width=&#8220;none&#8220; custom_padding=&#8220;0px||0px||false|false&#8220; global_colors_info=&#8220;{}&#8220;][et_pb_column type=&#8220;4_4&#8243; _builder_version=&#8220;4.16&#8243; global_colors_info=&#8220;{}&#8220;][et_pb_image src=&#8220;https:\/\/www.wochen-zur-demokratie.de\/archiv\/wp-content\/uploads\/2019\/07\/wzd-divider-programm-dt.png&#8220; force_fullwidth=&#8220;on&#8220; _builder_version=&#8220;4.16&#8243; global_colors_info=&#8220;{}&#8220;][\/et_pb_image][\/et_pb_column][\/et_pb_row][et_pb_row column_structure=&#8220;1_2,1_2&#8243; custom_padding_last_edited=&#8220;on|desktop&#8220; _builder_version=&#8220;4.16&#8243; width=&#8220;90%&#8220; custom_padding=&#8220;50px||||false|false&#8220; custom_padding_tablet=&#8220;&#8220; custom_padding_phone=&#8220;30px||||false|false&#8220; global_colors_info=&#8220;{}&#8220;][et_pb_column type=&#8220;1_2&#8243; _builder_version=&#8220;4.16&#8243; global_colors_info=&#8220;{}&#8220;][et_pb_text admin_label=&#8220;Klimakompetenz&#8220; _builder_version=&#8220;4.17.6&#8243; text_text_color=&#8220;#ffffff&#8220; global_colors_info=&#8220;{}&#8220;]<\/p>\n<p><strong>Klimakompetenz<\/strong><br \/>Das Werbematerial der Wochen zur Demokratie wurde mit wenigen Ausnahmen auf 100% Recyclingpapier gedruckt.<\/p>\n<p>[\/et_pb_text][\/et_pb_column][et_pb_column type=&#8220;1_2&#8243; _builder_version=&#8220;4.16&#8243; global_colors_info=&#8220;{}&#8220;][et_pb_text admin_label=&#8220;Impressum&#8220; module_class=&#8220;imprint&#8220; _builder_version=&#8220;4.16&#8243; text_text_color=&#8220;#ffffff&#8220; text_orientation=&#8220;right&#8220; custom_padding=&#8220;||20px||false|false&#8220; text_text_align=&#8220;right&#8220; global_colors_info=&#8220;{}&#8220;]<\/p>\n<p><a href=\"\/impressum\">Impressum<\/a> \u00a0|\u00a0 <a href=\"\/datenschutz\">Datenschutz<\/a><br \/> <a href=\"mailto:k&#111;nta&#107;t&#064;&#119;&#111;&#099;&#104;&#101;n-&#122;ur-de&#109;o&#107;&#114;&#097;ti&#101;.&#100;&#101;\">k&#111;nta&#107;t&#064;&#119;&#111;&#099;&#104;&#101;n-&#122;ur-de&#109;o&#107;&#114;&#097;ti&#101;.&#100;&#101;<\/a><\/p>\n<p>[\/et_pb_text][et_pb_image src=&#8220;https:\/\/www.wochen-zur-demokratie.de\/archiv\/wp-content\/uploads\/2019\/09\/icon-facebook.svg&#8220; url=&#8220;https:\/\/www.facebook.com\/WozuDemokratiePassau\/&#8220; url_new_window=&#8220;on&#8220; align=&#8220;right&#8220; admin_label=&#8220;Facebook&#8220; _builder_version=&#8220;4.16&#8243; width=&#8220;50px&#8220; custom_css_main_element=&#8220;float:right;&#8220; global_colors_info=&#8220;{}&#8220; transform_styles__hover_enabled=&#8220;on|hover&#8220; transform_scale__hover_enabled=&#8220;on|hover&#8220; transform_translate__hover_enabled=&#8220;on|desktop&#8220; transform_rotate__hover_enabled=&#8220;on|desktop&#8220; transform_skew__hover_enabled=&#8220;on|desktop&#8220; transform_origin__hover_enabled=&#8220;on|desktop&#8220; transform_scale__hover=&#8220;105%|105%&#8220;][\/et_pb_image][et_pb_image src=&#8220;https:\/\/www.wochen-zur-demokratie.de\/archiv\/wp-content\/uploads\/2019\/09\/icon-instagram.svg&#8220; url=&#8220;https:\/\/www.instagram.com\/wozudemokratie\/&#8220; url_new_window=&#8220;on&#8220; align=&#8220;right&#8220; admin_label=&#8220;Instagram&#8220; _builder_version=&#8220;4.16&#8243; width=&#8220;50px&#8220; custom_margin=&#8220;|20px|||false|false&#8220; custom_css_main_element=&#8220;float:right;&#8220; global_colors_info=&#8220;{}&#8220; transform_styles__hover_enabled=&#8220;on|hover&#8220; transform_scale__hover_enabled=&#8220;on|hover&#8220; transform_translate__hover_enabled=&#8220;on|desktop&#8220; transform_rotate__hover_enabled=&#8220;on|desktop&#8220; transform_skew__hover_enabled=&#8220;on|desktop&#8220; transform_origin__hover_enabled=&#8220;on|desktop&#8220; transform_scale__hover=&#8220;105%|105%&#8220;][\/et_pb_image][et_pb_image src=&#8220;https:\/\/www.wochen-zur-demokratie.de\/archiv\/wp-content\/uploads\/2019\/09\/icon-youtube.svg&#8220; url=&#8220;https:\/\/www.youtube.com\/watch?v=AJQ2P4PvLH4&#8243; url_new_window=&#8220;on&#8220; align=&#8220;right&#8220; admin_label=&#8220;Youtube&#8220; _builder_version=&#8220;4.16&#8243; width=&#8220;50px&#8220; custom_margin=&#8220;|20px|||false|false&#8220; custom_padding=&#8220;||||false|false&#8220; custom_css_main_element=&#8220;float:right;&#8220; global_colors_info=&#8220;{}&#8220; transform_styles__hover_enabled=&#8220;on|hover&#8220; transform_scale__hover_enabled=&#8220;on|hover&#8220; transform_translate__hover_enabled=&#8220;on|desktop&#8220; transform_rotate__hover_enabled=&#8220;on|desktop&#8220; transform_skew__hover_enabled=&#8220;on|desktop&#8220; transform_origin__hover_enabled=&#8220;on|desktop&#8220; transform_scale__hover=&#8220;105%|105%&#8220;][\/et_pb_image][\/et_pb_column][\/et_pb_row][\/et_pb_section]<\/p>\n","protected":false},"excerpt":{"rendered":"<p>[et_pb_section fb_built=&#8220;1&#8243; admin_label=&#8220;Section Programm&#8220; module_id=&#8220;programm&#8220; _builder_version=&#8220;4.22.2&#8243; background_color=&#8220;#ffffff&#8220; custom_padding=&#8220;0px||0px||false|false&#8220; global_colors_info=&#8220;{}&#8220;][et_pb_row _builder_version=&#8220;4.16&#8243; width=&#8220;100%&#8220; max_width=&#8220;none&#8220; custom_padding=&#8220;0px||0px||false|false&#8220; global_colors_info=&#8220;{}&#8220;][et_pb_column type=&#8220;4_4&#8243; _builder_version=&#8220;4.16&#8243; global_colors_info=&#8220;{}&#8220;][et_pb_image src=&#8220;https:\/\/www.wochen-zur-demokratie.de\/archiv\/wp-content\/uploads\/2019\/08\/wzd_divider-programm-dt_1920.png&#8220; force_fullwidth=&#8220;on&#8220; src_tablet=&#8220;&#8220; src_phone=&#8220;https:\/\/www.wochen-zur-demokratie.de\/archiv\/wp-content\/uploads\/2019\/08\/wzd_divider-programm-ph_1080.png&#8220; src_last_edited=&#8220;on|phone&#8220; admin_label=&#8220;Image PROGRAMM&#8220; _builder_version=&#8220;4.17.6&#8243; global_colors_info=&#8220;{}&#8220;][\/et_pb_image][\/et_pb_column][\/et_pb_row][et_pb_row _builder_version=&#8220;4.22.2&#8243; width=&#8220;100%&#8220; max_width=&#8220;1180px&#8220; custom_padding=&#8220;35px||120px||false|false&#8220; global_colors_info=&#8220;{}&#8220;][et_pb_column type=&#8220;4_4&#8243; _builder_version=&#8220;4.16&#8243; global_colors_info=&#8220;{}&#8220;][et_pb_text admin_label=&#8220;Programmpunkte-Unterzeile&#8220; _builder_version=&#8220;4.25.0&#8243; hover_enabled=&#8220;0&#8243; global_colors_info=&#8220;{}&#8220; sticky_enabled=&#8220;0&#8243;] Alle Veranstaltungen von 2023 [\/et_pb_text][\/et_pb_column][\/et_pb_row][\/et_pb_section][et_pb_section fb_built=&#8220;1&#8243; admin_label=&#8220;Section Veranstalter&#8220; module_id=&#8220;veranstalter&#8220; _builder_version=&#8220;4.16&#8243; background_color=&#8220;#ffffff&#8220; custom_padding=&#8220;0px||0px||false|false&#8220; global_colors_info=&#8220;{}&#8220;][et_pb_row _builder_version=&#8220;4.16&#8243; width=&#8220;100%&#8220; max_width=&#8220;none&#8220; [&hellip;]<\/p>\n","protected":false},"author":1,"featured_media":0,"parent":0,"menu_order":-1,"comment_status":"closed","ping_status":"closed","template":"","meta":{"_et_pb_use_builder":"on","_et_pb_old_content":"","_et_gb_content_width":"","footnotes":""},"class_list":["post-5258","page","type-page","status-publish","hentry"],"_links":{"self":[{"href":"https:\/\/www.wochen-zur-demokratie.de\/archiv\/wp-json\/wp\/v2\/pages\/5258","targetHints":{"allow":["GET"]}}],"collection":[{"href":"https:\/\/www.wochen-zur-demokratie.de\/archiv\/wp-json\/wp\/v2\/pages"}],"about":[{"href":"https:\/\/www.wochen-zur-demokratie.de\/archiv\/wp-json\/wp\/v2\/types\/page"}],"author":[{"embeddable":true,"href":"https:\/\/www.wochen-zur-demokratie.de\/archiv\/wp-json\/wp\/v2\/users\/1"}],"replies":[{"embeddable":true,"href":"https:\/\/www.wochen-zur-demokratie.de\/archiv\/wp-json\/wp\/v2\/comments?post=5258"}],"version-history":[{"count":5,"href":"https:\/\/www.wochen-zur-demokratie.de\/archiv\/wp-json\/wp\/v2\/pages\/5258\/revisions"}],"predecessor-version":[{"id":5345,"href":"https:\/\/www.wochen-zur-demokratie.de\/archiv\/wp-json\/wp\/v2\/pages\/5258\/revisions\/5345"}],"wp:attachment":[{"href":"https:\/\/www.wochen-zur-demokratie.de\/archiv\/wp-json\/wp\/v2\/media?parent=5258"}],"curies":[{"name":"wp","href":"https:\/\/api.w.org\/{rel}","templated":true}]}}